{"id":33,"date":"2022-05-19T11:42:23","date_gmt":"2022-05-19T09:42:23","guid":{"rendered":"https:\/\/letsrebold.com\/?page_id=33"},"modified":"2025-04-14T15:16:03","modified_gmt":"2025-04-14T13:16:03","slug":"blog","status":"publish","type":"page","link":"https:\/\/letsrebold.com\/es\/blog\/","title":{"rendered":"Trendcast &#038; Blog"},"content":{"rendered":"\n<div id=\"exitodestacados-block_afe7752e32b2ac808c2230cb49451bdd\" class=\"insightsdestacados\">\n    <section class=\"meta active\">\n        <div class=\"container\">\n            <h1 class=\"meta_title\">Trendcast &#038; Blog<\/h1>\n            <div class=\"swiper-news\">\n                <div class=\"swiper\">\n                    <div class=\"swiper-wrapper\">\n                        \n                                                    <\/div>\n                <\/div>\n                                <a class=\"swiper-button-prev\" style=\"display:none\" href=\"#\" id=\"prev-blog\"><span class=\"ico-left\">Anterior<\/span><\/a>\n                <a class=\"swiper-button-next\" href=\"#\"><span class=\"ico-right\">Siguiente<\/span><\/a>\n                                <div class=\"swiper-pagination\"><\/div>\n            <\/div>\n\n        <\/div>\n    <\/section>\n<\/div>\n<script type=\"text\/javascript\">\n    \/*jQuery(\"#prev-blog\").show();*\/\n    setTimeout(function(){\n        jQuery(\"#prev-blog\").show();\n    }, 1000); \/\/run this after 3 seconds\n<\/script>\n\n\n\n\n<div id=\"filtro-block_3d08cfbe472828fe5481a86a73a3c101\" class=\"filtro\">\n    <section class=\"works totop active\">\n        <form class=\"container \" method=\"GET\" action=\"\" id=\"formfilter\">\n            <div class=\"filters \">\n                <div class=\"field field-small field-clean\">\n                    <select id=\"service\" name=\"service\">\n                        <option value=\"\">Servicio<\/option>\n                                                                                <option value=\"rebold-communication\" >Rebold Communication<\/option>\n                                                                                <option value=\"rebold-content\" >Rebold Content<\/option>\n                                                                                <option value=\"rebold-creative\" >Rebold Creative<\/option>\n                                                                                <option value=\"rebold-marketing\" >Rebold Marketing<\/option>\n                                                                                <option value=\"rebold-shakers\" >Rebold Shakers<\/option>\n                                            <\/select>\n                <\/div>\n\n                \n                <div class=\"field field-small field-clean\">\n                    <select id=\"topic\" name=\"topic\">\n                        <option value=\"\">Temas<\/option>\n                                                                                <option value=\"10-claves\" >10 claves<\/option>\n                                                                                <option value=\"1st-party-data\" >1st party data<\/option>\n                                                                                <option value=\"2017-consumer-shopping-data\" >2017 consumer shopping data<\/option>\n                                                                                <option value=\"2017-holiday-media-plan\" >2017 holiday media plan<\/option>\n                                                                                <option value=\"2018-media-buyers\" >2018 media buyers<\/option>\n                                                                                <option value=\"2018-media-buying-trends\" >2018 media buying trends<\/option>\n                                                                                <option value=\"2018-media-planning\" >2018 media planning<\/option>\n                                                                                <option value=\"2018-media-trends\" >2018 media trends<\/option>\n                                                                                <option value=\"2018-programmatic-marketing\" >2018 programmatic marketing<\/option>\n                                                                                <option value=\"2018-programmatic-media\" >2018 programmatic media<\/option>\n                                                                                <option value=\"2018-programmatic-media-buying-trends\" >2018 programmatic media buying trends<\/option>\n                                                                                <option value=\"2020\" >2020<\/option>\n                                                                                <option value=\"5g\" >5g<\/option>\n                                                                                <option value=\"abm-para-generar-leads\" >ABM para generar leads<\/option>\n                                                                                <option value=\"acciones\" >acciones<\/option>\n                                                                                <option value=\"account-based-marketing\" >Account Based Marketing<\/option>\n                                                                                <option value=\"activacion\" >Activacion<\/option>\n                                                                                <option value=\"ad-fraud\" >ad fraud<\/option>\n                                                                                <option value=\"ad-fraud-programmatic\" >ad fraud programmatic<\/option>\n                                                                                <option value=\"ad-inventory\" >ad inventory<\/option>\n                                                                                <option value=\"ad-network\" >ad network<\/option>\n                                                                                <option value=\"ad-hoc\" >ad-hoc<\/option>\n                                                                                <option value=\"ad-tech\" >ad-tech<\/option>\n                                                                                <option value=\"ad-tech-lumascape\" >ad-tech lumascape<\/option>\n                                                                                <option value=\"ad-tech-programmatic\" >ad-tech programmatic<\/option>\n                                                                                <option value=\"ads-txt\" >ads.txt<\/option>\n                                                                                <option value=\"ads-txt-programmatic\" >ads.txt programmatic<\/option>\n                                                                                <option value=\"adtech-amp\" >Adtech &amp;amp<\/option>\n                                                                                <option value=\"advertising\" >advertising<\/option>\n                                                                                <option value=\"advertising-data\" >advertising data<\/option>\n                                                                                <option value=\"advertising-on-instagram\" >Advertising on Instagram<\/option>\n                                                                                <option value=\"aepd\" >AEPD<\/option>\n                                                                                <option value=\"afinidad\" >afinidad<\/option>\n                                                                                <option value=\"agencia-de-marketing-de-contenidos\" >agencia de marketing de contenidos<\/option>\n                                                                                <option value=\"agencias\" >agencias<\/option>\n                                                                                <option value=\"ai\" >AI<\/option>\n                                                                                <option value=\"ai-media-buying\" >AI media buying<\/option>\n                                                                                <option value=\"amazon\" >Amazon<\/option>\n                                                                                <option value=\"amazon-aap\" >Amazon AAP<\/option>\n                                                                                <option value=\"amazon-advertising\" >Amazon advertising<\/option>\n                                                                                <option value=\"amazon-dsp\" >Amazon DSP<\/option>\n                                                                                <option value=\"amazon-programmatic-media-buying\" >Amazon programmatic media buying<\/option>\n                                                                                <option value=\"amazon-vendor-y-amazon-seller\" >Amazon Vendor y Amazon Seller<\/option>\n                                                                                <option value=\"amec\" >AMEC<\/option>\n                                                                                <option value=\"amor\" >amor<\/option>\n                                                                                <option value=\"analisis\" >An\u00e1lisis<\/option>\n                                                                                <option value=\"analisis-de-campanas\" >an\u00e1lisis de campa\u00f1as<\/option>\n                                                                                <option value=\"analisis-de-campanas-de-instagram\" >An\u00e1lisis de campa\u00f1as de Instagram<\/option>\n                                                                                <option value=\"analisis-de-datos\" >An\u00e1lisis de datos<\/option>\n                                                                                <option value=\"analitica\" >anal\u00edtica<\/option>\n                                                                                <option value=\"analitica-web\" >Anal\u00edtica Web<\/option>\n                                                                                <option value=\"analizar\" >analizar<\/option>\n                                                                                <option value=\"analizar-la-competencia-en-facebook\" >analizar la competencia en Facebook<\/option>\n                                                                                <option value=\"analysis\" >Analysis<\/option>\n                                                                                <option value=\"analytics\" >analytics<\/option>\n                                                                                <option value=\"anunciante\" >anunciante<\/option>\n                                                                                <option value=\"anunciantes\" >anunciantes<\/option>\n                                                                                <option value=\"anuncios\" >anuncios<\/option>\n                                                                                <option value=\"anuncios-de-navidad\" >Anuncios de Navidad<\/option>\n                                                                                <option value=\"artificial\" >artificial<\/option>\n                                                                                <option value=\"asilo\" >asilo<\/option>\n                                                                                <option value=\"atapuerca\" >Atapuerca<\/option>\n                                                                                <option value=\"atencion\" >atencion<\/option>\n                                                                                <option value=\"atencion-al-cliente\" >atenci\u00f3n al cliente<\/option>\n                                                                                <option value=\"auction-bidding-strategies\" >auction bidding strategies<\/option>\n                                                                                <option value=\"audiecia\" >audiecia<\/option>\n                                                                                <option value=\"audiencia\" >audiencia<\/option>\n                                                                                <option value=\"audiencias\" >audiencias<\/option>\n                                                                                <option value=\"audio-ads\" >Audio Ads<\/option>\n                                                                                <option value=\"automocion\" >automoci\u00f3n<\/option>\n                                                                                <option value=\"autonomia\" >autonom\u00eda<\/option>\n                                                                                <option value=\"avatares-para-viajar-en-el-futuro\" >avatares para viajar en el futuro<\/option>\n                                                                                <option value=\"awareness\" >awareness<\/option>\n                                                                                <option value=\"banca\" >banca<\/option>\n                                                                                <option value=\"bbdd-de-email-marketing\" >BBDD de Email Marketing<\/option>\n                                                                                <option value=\"beneficios-de-google-my-business\" >Beneficios de Google My Business<\/option>\n                                                                                <option value=\"benefits-of-blockchain\" >benefits of blockchain<\/option>\n                                                                                <option value=\"best-dsp\" >best dsp<\/option>\n                                                                                <option value=\"bidding-transparency\" >bidding transparency<\/option>\n                                                                                <option value=\"blackfriday\" >blackfriday<\/option>\n                                                                                <option value=\"blockchain-in-advertising\" >blockchain in advertising<\/option>\n                                                                                <option value=\"blockchain-innovation\" >blockchain innovation<\/option>\n                                                                                <option value=\"blockchain-programmatic\" >blockchain programmatic<\/option>\n                                                                                <option value=\"blockchain-technology\" >blockchain technology<\/option>\n                                                                                <option value=\"brand\" >brand<\/option>\n                                                                                <option value=\"branded-content\" >branded content<\/option>\n                                                                                <option value=\"branding\" >Branding<\/option>\n                                                                                <option value=\"branding-en-redes-sociales\" >Branding en redes sociales<\/option>\n                                                                                <option value=\"brandwatch\" >brandwatch<\/option>\n                                                                                <option value=\"bringing-programmatic-in-house\" >bringing programmatic in-house<\/option>\n                                                                                <option value=\"burgos\" >Burgos<\/option>\n                                                                                <option value=\"calculos\" >calculos<\/option>\n                                                                                <option value=\"campanas-de-email-para-el-black-friday\" >Campa\u00f1as de Email para el Black Friday<\/option>\n                                                                                <option value=\"campanas-de-publicidad-en-youtube\" >campa\u00f1as de publicidad en YouTube<\/option>\n                                                                                <option value=\"campanas-dsa-en-google-ads\" >campa\u00f1as DSA en Google Ads<\/option>\n                                                                                <option value=\"casa\" >casa<\/option>\n                                                                                <option value=\"celebracion\" >celebraci\u00f3n<\/option>\n                                                                                <option value=\"censura\" >censura<\/option>\n                                                                                <option value=\"cfo\" >CFO<\/option>\n                                                                                <option value=\"challenges-to-in-housing\" >challenges to in-housing<\/option>\n                                                                                <option value=\"chatbots\" >Chatbots<\/option>\n                                                                                <option value=\"china\" >China<\/option>\n                                                                                <option value=\"chocolates\" >chocolates<\/option>\n                                                                                <option value=\"ciudades\" >ciudades<\/option>\n                                                                                <option value=\"clientes\" >clientes<\/option>\n                                                                                <option value=\"clubhouse\" >Clubhouse<\/option>\n                                                                                <option value=\"coche-electrico-en-espana\" >coche el\u00e9ctrico en Espa\u00f1a<\/option>\n                                                                                <option value=\"coches-electricos\" >coches el\u00e9ctricos<\/option>\n                                                                                <option value=\"cognitive-marketing\" >Cognitive Marketing<\/option>\n                                                                                <option value=\"comercial\" >comercial<\/option>\n                                                                                <option value=\"communication\" >Communication<\/option>\n                                                                                <option value=\"como-posicionarse-en-la-primera-pagina-de-google\" >como posicionarse en la primera p\u00e1gina de Google<\/option>\n                                                                                <option value=\"competencia\" >competencia<\/option>\n                                                                                <option value=\"comportamiento\" >comportamiento<\/option>\n                                                                                <option value=\"comportamiento-del-consumidor-black-friday-navidad\" >comportamiento del consumidor black friday navidad<\/option>\n                                                                                <option value=\"compradores\" >compradores<\/option>\n                                                                                <option value=\"comprar\" >comprar<\/option>\n                                                                                <option value=\"comprar-navidenas\" >comprar navide\u00f1as<\/option>\n                                                                                <option value=\"compras\" >compras<\/option>\n                                                                                <option value=\"compras-de-navidad\" >compras de Navidad<\/option>\n                                                                                <option value=\"compras-navidenas\" >compras navide\u00f1as<\/option>\n                                                                                <option value=\"comprasonline\" >comprasonline<\/option>\n                                                                                <option value=\"comprometido-socialmente\" >Comprometido socialmente<\/option>\n                                                                                <option value=\"comuicacion\" >comuicaci\u00f3n<\/option>\n                                                                                <option value=\"comunicacion\" >comunicacion<\/option>\n                                                                                <option value=\"comunidades-de-marca\" >Comunidades de marca<\/option>\n                                                                                <option value=\"comunidades-de-marca-en-discord\" >comunidades de marca en Discord<\/option>\n                                                                                <option value=\"comunidades-de-twitter\" >comunidades de Twitter<\/option>\n                                                                                <option value=\"conectividad\" >conectividad<\/option>\n                                                                                <option value=\"confinamiento\" >confinamiento<\/option>\n                                                                                <option value=\"conseguir-leads-a-traves-de-la-web\" >conseguir leads a trav\u00e9s de la web<\/option>\n                                                                                <option value=\"consultoria\" >consultoria<\/option>\n                                                                                <option value=\"consultoria-y-relaciones-publicas-digitales\" >Consultor\u00eda y relaciones p\u00fablicas digitales<\/option>\n                                                                                <option value=\"consumer\" >consumer<\/option>\n                                                                                <option value=\"consumidor\" >consumidor<\/option>\n                                                                                <option value=\"consumidores\" >consumidores<\/option>\n                                                                                <option value=\"consumo\" >Consumo<\/option>\n                                                                                <option value=\"contenido\" >contenido<\/option>\n                                                                                <option value=\"contenidos\" >contenidos<\/option>\n                                                                                <option value=\"contenidos-de-baja-calidad\" >Contenidos de baja calidad<\/option>\n                                                                                <option value=\"contratar-una-agencia-de-medios-digitales\" >contratar una agencia de medios digitales<\/option>\n                                                                                <option value=\"conversion\" >Conversi\u00f3n<\/option>\n                                                                                <option value=\"cookies\" >cookies<\/option>\n                                                                                <option value=\"coronavirus\" >Coronavirus<\/option>\n                                                                                <option value=\"corporativo\" >corporativo<\/option>\n                                                                                <option value=\"costumbres\" >costumbres<\/option>\n                                                                                <option value=\"coubtry-manager\" >coubtry manager<\/option>\n                                                                                <option value=\"covid-19\" >COVID-19<\/option>\n                                                                                <option value=\"cpa\" >CPA<\/option>\n                                                                                <option value=\"crecimiento-twitter\" >Crecimiento Twitter<\/option>\n                                                                                <option value=\"crisis\" >crisis<\/option>\n                                                                                <option value=\"crisis-reputacional\" >crisis reputacional<\/option>\n                                                                                <option value=\"cto\" >CTO<\/option>\n                                                                                <option value=\"cuatificacion\" >cuatificaci\u00f3n<\/option>\n                                                                                <option value=\"curacion-de-contenidos-e-infoxicacion\" >curaci\u00f3n de contenidos e infoxicaci\u00f3n<\/option>\n                                                                                <option value=\"custom-data-solutions\" >custom data solutions<\/option>\n                                                                                <option value=\"cybermonday\" >Cybermonday<\/option>\n                                                                                <option value=\"dashboards\" >dashboards<\/option>\n                                                                                <option value=\"data\" >data<\/option>\n                                                                                <option value=\"data-lake\" >data lake<\/option>\n                                                                                <option value=\"data-lake-advantages\" >data lake advantages<\/option>\n                                                                                <option value=\"data-lake-analytics\" >data lake analytics<\/option>\n                                                                                <option value=\"data-lake-programmatic-media\" >data lake programmatic media<\/option>\n                                                                                <option value=\"data-lake-real-time\" >data lake real time<\/option>\n                                                                                <option value=\"data-science\" >data science<\/option>\n                                                                                <option value=\"data-science-en-un-ecommerce\" >data science en un ecommerce<\/option>\n                                                                                <option value=\"datos\" >datos<\/option>\n                                                                                <option value=\"dco\" >DCO<\/option>\n                                                                                <option value=\"decisiones\" >decisiones<\/option>\n                                                                                <option value=\"deporte\" >Deporte<\/option>\n                                                                                <option value=\"derechos\" >derechos<\/option>\n                                                                                <option value=\"design-thinking-vs-design-feeling\" >Design Thinking vs Design Feeling<\/option>\n                                                                                <option value=\"diferencias-entre-ux-y-ui\" >diferencias entre ux y ui<\/option>\n                                                                                <option value=\"digital\" >Digital<\/option>\n                                                                                <option value=\"digital-ad-buying\" >Digital ad buying<\/option>\n                                                                                <option value=\"digital-advertising\" >Digital Advertising<\/option>\n                                                                                <option value=\"digital-advertising-on-social-media\" >digital advertising on social media<\/option>\n                                                                                <option value=\"digital-buying\" >digital buying<\/option>\n                                                                                <option value=\"digital-buying-methods\" >digital buying methods<\/option>\n                                                                                <option value=\"digital-fundraising-hub\" >Digital Fundraising Hub<\/option>\n                                                                                <option value=\"digital-influencer-marketing\" >digital influencer marketing<\/option>\n                                                                                <option value=\"digital-marketing\" >Digital Marketing<\/option>\n                                                                                <option value=\"digital-marketing-data\" >digital marketing data<\/option>\n                                                                                <option value=\"digital-media\" >digital media<\/option>\n                                                                                <option value=\"digital-media-buying\" >Digital media buying<\/option>\n                                                                                <option value=\"digital-media-buying-auction\" >digital media buying auction<\/option>\n                                                                                <option value=\"digital-media-news\" >digital media news<\/option>\n                                                                                <option value=\"digitalizacion-de-los-habitos-de-consumo\" >digitalizaci\u00f3n de los h\u00e1bitos de consumo<\/option>\n                                                                                <option value=\"dircom\" >dircom<\/option>\n                                                                                <option value=\"discriminacion\" >discriminacion<\/option>\n                                                                                <option value=\"diutados\" >diutados<\/option>\n                                                                                <option value=\"diversidad\" >Diversidad<\/option>\n                                                                                <option value=\"dmp\" >DMP<\/option>\n                                                                                <option value=\"dooh\" >DOOH<\/option>\n                                                                                <option value=\"down-madrid\" >Down Madrid<\/option>\n                                                                                <option value=\"dsp\" >DSP<\/option>\n                                                                                <option value=\"dsp-buying\" >dsp buying<\/option>\n                                                                                <option value=\"dynamic-creative-optimization\" >Dynamic Creative Optimization<\/option>\n                                                                                <option value=\"e-privacy\" >e-privacy<\/option>\n                                                                                <option value=\"e-sports\" >e-sports<\/option>\n                                                                                <option value=\"ecommerce\" >Ecommerce<\/option>\n                                                                                <option value=\"efecto\" >efecto<\/option>\n                                                                                <option value=\"eic\" >EIC<\/option>\n                                                                                <option value=\"ejemplos-de-anuncios-rich-media\" >ejemplos de anuncios Rich Media<\/option>\n                                                                                <option value=\"ejemplos-de-rebranding\" >ejemplos de rebranding<\/option>\n                                                                                <option value=\"el-mundial\" >el mundial<\/option>\n                                                                                <option value=\"el-mundial-2018\" >el mundial 2018<\/option>\n                                                                                <option value=\"elegir-una-agencia-seo\" >elegir una agencia SEO<\/option>\n                                                                                <option value=\"emarketer\" >emarketer<\/option>\n                                                                                <option value=\"emisiones\" >emisiones<\/option>\n                                                                                <option value=\"empatia\" >Empat\u00eda<\/option>\n                                                                                <option value=\"empresas\" >empresas<\/option>\n                                                                                <option value=\"empresasolidaria\" >empresasolidaria<\/option>\n                                                                                <option value=\"energia\" >energia<\/option>\n                                                                                <option value=\"engagement\" >engagement<\/option>\n                                                                                <option value=\"engagement-onsite\" >engagement onsite<\/option>\n                                                                                <option value=\"entorno-regulatorio\" >entorno regulatorio<\/option>\n                                                                                <option value=\"equipo\" >equipo<\/option>\n                                                                                <option value=\"errores-seo\" >errores SEO<\/option>\n                                                                                <option value=\"errores-seo-en-ecommerce\" >errores SEO en ecommerce<\/option>\n                                                                                <option value=\"esic\" >ESIC<\/option>\n                                                                                <option value=\"espana\" >espa\u00f1a<\/option>\n                                                                                <option value=\"especializacion\" >especializaci\u00f3n<\/option>\n                                                                                <option value=\"espectadores\" >espectadores<\/option>\n                                                                                <option value=\"esports\" >esports<\/option>\n                                                                                <option value=\"esports-amp\" >Esports &amp;amp<\/option>\n                                                                                <option value=\"estrategia\" >estrategia<\/option>\n                                                                                <option value=\"estrategia-abm-para-saas\" >Estrategia ABM para Saas<\/option>\n                                                                                <option value=\"estrategia-de-marketing-digital-360\" >estrategia de marketing digital 360<\/option>\n                                                                                <option value=\"estrategia-de-marketing-gaming\" >estrategia de marketing gaming<\/option>\n                                                                                <option value=\"estrategia-digital\" >Estrategia digital<\/option>\n                                                                                <option value=\"estrategias-de-comunicacion\" >estrategias de comunicaci\u00f3n<\/option>\n                                                                                <option value=\"estrategias-digitales-para-concesionarios\" >estrategias digitales para concesionarios<\/option>\n                                                                                <option value=\"estrategias-para-el-black-friday-y-cybermonday\" >Estrategias para el Black Friday y Cybermonday<\/option>\n                                                                                <option value=\"estrategias360\" >estrategias360<\/option>\n                                                                                <option value=\"estudio\" >estudio<\/option>\n                                                                                <option value=\"estudios\" >Estudios<\/option>\n                                                                                <option value=\"evaluacin\" >evaluaci\u00b4n<\/option>\n                                                                                <option value=\"evaluacion\" >evaluaci\u00f3n<\/option>\n                                                                                <option value=\"eventos\" >eventos<\/option>\n                                                                                <option value=\"evolucion\" >Evoluci\u00f3n<\/option>\n                                                                                <option value=\"exterior\" >exterior<\/option>\n                                                                                <option value=\"facebook\" >Facebook<\/option>\n                                                                                <option value=\"facebook-video-ads\" >Facebook video ads<\/option>\n                                                                                <option value=\"febrero\" >febrero<\/option>\n                                                                                <option value=\"feed\" >feed<\/option>\n                                                                                <option value=\"femenino\" >femenino<\/option>\n                                                                                <option value=\"fidelizar-clientes-con-marketing-automation\" >fidelizar clientes con marketing automation<\/option>\n                                                                                <option value=\"fifa-programatica\" >fifa program\u00e1tica<\/option>\n                                                                                <option value=\"financiero\" >Financiero<\/option>\n                                                                                <option value=\"finanzas\" >finanzas<\/option>\n                                                                                <option value=\"first-party-data\" >First Party Data<\/option>\n                                                                                <option value=\"first-price-auction\" >first price auction<\/option>\n                                                                                <option value=\"first-price-auction-programmatic\" >first price auction programmatic<\/option>\n                                                                                <option value=\"flores\" >flores<\/option>\n                                                                                <option value=\"formulas\" >formulas<\/option>\n                                                                                <option value=\"foro-social-media-amp\" >Foro Social Media &amp;amp<\/option>\n                                                                                <option value=\"fragmentacion\" >fragmentaci\u00f3n<\/option>\n                                                                                <option value=\"frontera\" >frontera<\/option>\n                                                                                <option value=\"fundacion\" >Fundaci\u00f3n<\/option>\n                                                                                <option value=\"fundaciones\" >fundaciones<\/option>\n                                                                                <option value=\"fusion\" >Fusi\u00f3n<\/option>\n                                                                                <option value=\"fusion-antevenio-y-rebold\" >Fusi\u00f3n Antevenio y Rebold<\/option>\n                                                                                <option value=\"futbol\" >f\u00fatbol<\/option>\n                                                                                <option value=\"futbol-americano\" >futbol americano<\/option>\n                                                                                <option value=\"gaming\" >Gaming<\/option>\n                                                                                <option value=\"gamming\" >Gamming<\/option>\n                                                                                <option value=\"gdpr\" >GDPR<\/option>\n                                                                                <option value=\"gdpr-blockchain\" >GDPR blockchain<\/option>\n                                                                                <option value=\"gdpr-digital-advertising\" >GDPR Digital Advertising<\/option>\n                                                                                <option value=\"gdpr-media-buying\" >GDPR media buying<\/option>\n                                                                                <option value=\"gdpr-personal-data\" >GDPR personal data<\/option>\n                                                                                <option value=\"gdpr-privacy-rules\" >GDPR privacy rules<\/option>\n                                                                                <option value=\"gdpr-programmatic\" >GDPR programmatic<\/option>\n                                                                                <option value=\"general\" >General<\/option>\n                                                                                <option value=\"generar-leads-linkedin\" >Generar leads Linkedin<\/option>\n                                                                                <option value=\"generation-z\" >generation z<\/option>\n                                                                                <option value=\"geolocalizacion\" >Geolocalizaci\u00f3n<\/option>\n                                                                                <option value=\"geotargeting\" >geotargeting<\/option>\n                                                                                <option value=\"global\" >global<\/option>\n                                                                                <option value=\"gobierno\" >gobierno<\/option>\n                                                                                <option value=\"google\" >Google<\/option>\n                                                                                <option value=\"google-analytics-4\" >Google Analytics 4<\/option>\n                                                                                <option value=\"google-my-business-para-hotel\" >google my business para hotel<\/option>\n                                                                                <option value=\"habitos\" >h\u00e1bitos<\/option>\n                                                                                <option value=\"habitos-de-consumo\" >h\u00e1bitos de consumo<\/option>\n                                                                                <option value=\"happyfication\" >Happyfication<\/option>\n                                                                                <option value=\"header-bidding\" >header bidding<\/option>\n                                                                                <option value=\"header-bidding-auction\" >header bidding auction<\/option>\n                                                                                <option value=\"herramientas\" >herramientas<\/option>\n                                                                                <option value=\"herramientas-de-social-listening\" >herramientas de social listening<\/option>\n                                                                                <option value=\"hiperlocalizacion\" >hiperlocalizaci\u00f3n<\/option>\n                                                                                <option value=\"holiday-shopping\" >holiday shopping<\/option>\n                                                                                <option value=\"iab\" >IAB<\/option>\n                                                                                <option value=\"imagen-de-marca-desescalada\" >imagen de marca desescalada<\/option>\n                                                                                <option value=\"impacto\" >impacto<\/option>\n                                                                                <option value=\"in-house-programmatic\" >in house programmatic<\/option>\n                                                                                <option value=\"in-house\" >in-house<\/option>\n                                                                                <option value=\"in-housing-programmatic\" >in-housing programmatic<\/option>\n                                                                                <option value=\"inbound-marketing\" >Inbound Marketing<\/option>\n                                                                                <option value=\"inbound-marketing-vs-outbound-marketing\" >Inbound marketing vs Outbound marketing<\/option>\n                                                                                <option value=\"influencer\" >influencer<\/option>\n                                                                                <option value=\"influencer-advertising\" >Influencer advertising<\/option>\n                                                                                <option value=\"influencer-advertising-101\" >influencer advertising 101<\/option>\n                                                                                <option value=\"influencer-marketing\" >Influencer Marketing<\/option>\n                                                                                <option value=\"influencer-marketing-and-programmatic\" >influencer marketing and programmatic<\/option>\n                                                                                <option value=\"influencers\" >Influencers<\/option>\n                                                                                <option value=\"influencers-on-social\" >influencers on social<\/option>\n                                                                                <option value=\"influencers-y-ongs\" >influencers y ongs<\/option>\n                                                                                <option value=\"influencia\" >influencia<\/option>\n                                                                                <option value=\"infografia\" >Infograf\u00eda<\/option>\n                                                                                <option value=\"informe\" >informe<\/option>\n                                                                                <option value=\"informes\" >informes<\/option>\n                                                                                <option value=\"innovacion\" >Innovaci\u00f3n<\/option>\n                                                                                <option value=\"insghts\" >insghts<\/option>\n                                                                                <option value=\"insights\" >Insights<\/option>\n                                                                                <option value=\"instagram\" >instagram<\/option>\n                                                                                <option value=\"instagram-stories\" >Instagram stories<\/option>\n                                                                                <option value=\"inteligencia\" >Inteligencia<\/option>\n                                                                                <option value=\"inteligencia-artificial\" >Inteligencia Artificial<\/option>\n                                                                                <option value=\"inteligencia-artificial-en-marketing\" >inteligencia artificial en marketing<\/option>\n                                                                                <option value=\"intelligence\" >Intelligence<\/option>\n                                                                                <option value=\"intencion-de-busqueda-en-seo\" >Intenci\u00f3n de b\u00fasqueda en SEO<\/option>\n                                                                                <option value=\"interacciones\" >interacciones<\/option>\n                                                                                <option value=\"interfaces\" >interfaces<\/option>\n                                                                                <option value=\"internauta\" >internauta<\/option>\n                                                                                <option value=\"invencibles\" >invencibles<\/option>\n                                                                                <option value=\"inversion\" >Inversi\u00f3n<\/option>\n                                                                                <option value=\"investigacion\" >Investigaci\u00f3n<\/option>\n                                                                                <option value=\"investigacion-de-mercado\" >Investigaci\u00f3n de Mercado<\/option>\n                                                                                <option value=\"ispd\" >ISPd<\/option>\n                                                                                <option value=\"juguetes\" >juguetes<\/option>\n                                                                                <option value=\"junta-directiva-iab\" >Junta Directiva IAB<\/option>\n                                                                                <option value=\"kantar\" >Kantar<\/option>\n                                                                                <option value=\"kpis\" >KPIS<\/option>\n                                                                                <option value=\"kpis-de-compra-programatica\" >KPIs de compra program\u00e1tica<\/option>\n                                                                                <option value=\"kpis-de-marketing-de-influencers\" >KPIs de marketing de influencers<\/option>\n                                                                                <option value=\"la-copa-mundial-2018\" >la copa mundial 2018<\/option>\n                                                                                <option value=\"lead-generation\" >Lead Generation<\/option>\n                                                                                <option value=\"leads\" >leads<\/option>\n                                                                                <option value=\"lgpd\" >LGPD<\/option>\n                                                                                <option value=\"lgtbi\" >LGTBI<\/option>\n                                                                                <option value=\"likes\" >Likes<\/option>\n                                                                                <option value=\"loyalty\" >Loyalty<\/option>\n                                                                                <option value=\"marca\" >marca<\/option>\n                                                                                <option value=\"marcas\" >marcas<\/option>\n                                                                                <option value=\"marcas-que-conectan-emocionalmente-con-el-consumidor\" >marcas que conectan emocionalmente con el consumidor<\/option>\n                                                                                <option value=\"marcas-y-el-lenguaje-inclusivo\" >marcas y el lenguaje inclusivo<\/option>\n                                                                                <option value=\"mariposa\" >mariposa<\/option>\n                                                                                <option value=\"marketing\" >marketing<\/option>\n                                                                                <option value=\"marketing-digital\" >Marketing Digital<\/option>\n                                                                                <option value=\"marketing-digital-para-el-sector-restauracion-y-hosteleria\" >marketing digital para el sector restauraci\u00f3n y hosteler\u00eda<\/option>\n                                                                                <option value=\"marketing-digital-para-el-sector-travel\" >marketing digital para el sector travel<\/option>\n                                                                                <option value=\"marketing-digital-sin-cookies\" >marketing digital sin cookies<\/option>\n                                                                                <option value=\"marketing-omnicanal\" >marketing omnicanal<\/option>\n                                                                                <option value=\"marketing-para-jovenes\" >marketing para j\u00f3venes<\/option>\n                                                                                <option value=\"marketing-relacional\" >marketing relacional<\/option>\n                                                                                <option value=\"marketplaces\" >Marketplaces<\/option>\n                                                                                <option value=\"markting\" >markting<\/option>\n                                                                                <option value=\"martech\" >Martech<\/option>\n                                                                                <option value=\"matematicas\" >matematicas<\/option>\n                                                                                <option value=\"materia\" >materia<\/option>\n                                                                                <option value=\"matriz\" >matriz<\/option>\n                                                                                <option value=\"media\" >media<\/option>\n                                                                                <option value=\"media-buying-trends\" >media buying trends<\/option>\n                                                                                <option value=\"media-intelligence\" >Media Intelligence<\/option>\n                                                                                <option value=\"media-monitoring\" >Media Monitoring<\/option>\n                                                                                <option value=\"medicion\" >medici\u00f3n<\/option>\n                                                                                <option value=\"medioambiente\" >medioambiente<\/option>\n                                                                                <option value=\"medios\" >medios<\/option>\n                                                                                <option value=\"medios-digitales\" >medios digitales<\/option>\n                                                                                <option value=\"medios-propios\" >medios propios<\/option>\n                                                                                <option value=\"mensaje\" >mensaje<\/option>\n                                                                                <option value=\"mercado\" >mercado<\/option>\n                                                                                <option value=\"metaverso-de-facebook\" >Metaverso de Facebook<\/option>\n                                                                                <option value=\"metodo-aida-en-marketing\" >m\u00e9todo AIDA en marketing<\/option>\n                                                                                <option value=\"metodologia\" >metodolog\u00eda<\/option>\n                                                                                <option value=\"metrics\" >metrics<\/option>\n                                                                                <option value=\"microinfluencer\" >microinfluencer<\/option>\n                                                                                <option value=\"migracion\" >migracion<\/option>\n                                                                                <option value=\"millenials\" >millenials<\/option>\n                                                                                <option value=\"mobile\" >Mobile<\/option>\n                                                                                <option value=\"mobile-marketing\" >mobile Marketing<\/option>\n                                                                                <option value=\"mobile-programmatic\" >mobile programmatic<\/option>\n                                                                                <option value=\"mobile-video\" >mobile video<\/option>\n                                                                                <option value=\"mobile-video-advertising\" >mobile video advertising<\/option>\n                                                                                <option value=\"mobile-video-programmatic\" >mobile video programmatic<\/option>\n                                                                                <option value=\"moda-sostenible-para-frenar-el-cambio-climatico\" >moda sostenible para frenar el cambio clim\u00e1tico<\/option>\n                                                                                <option value=\"modelizacion\" >modelizaci\u00f3n<\/option>\n                                                                                <option value=\"modelling\" >modelling<\/option>\n                                                                                <option value=\"monitorizacion\" >monitorizaci\u00f3n<\/option>\n                                                                                <option value=\"movil\" >movil<\/option>\n                                                                                <option value=\"mujer\" >Mujer<\/option>\n                                                                                <option value=\"muros-de-pago\" >muros de pago<\/option>\n                                                                                <option value=\"narizroja\" >narizroja<\/option>\n                                                                                <option value=\"nativa\" >nativa<\/option>\n                                                                                <option value=\"native-programmatic-buying\" >native programmatic buying<\/option>\n                                                                                <option value=\"navidad\" >Navidad<\/option>\n                                                                                <option value=\"navidad-2017\" >Navidad 2017<\/option>\n                                                                                <option value=\"navidena\" >Navide\u00f1a<\/option>\n                                                                                <option value=\"negocio\" >negocio<\/option>\n                                                                                <option value=\"neuromarketing\" >Neuromarketing<\/option>\n                                                                                <option value=\"nichos-de-mercado-relevantes\" >Nichos de mercado relevantes<\/option>\n                                                                                <option value=\"nombramieto\" >nombramieto<\/option>\n                                                                                <option value=\"nota-de-prensa\" >Nota de prensa<\/option>\n                                                                                <option value=\"notas-de-prensa\" >Notas de Prensa<\/option>\n                                                                                <option value=\"noticias\" >Noticias<\/option>\n                                                                                <option value=\"nuevos-intereses-y-comportamientos\" >nuevos intereses y comportamientos<\/option>\n                                                                                <option value=\"numeros\" >numeros<\/option>\n                                                                                <option value=\"objetivos\" >objetivos<\/option>\n                                                                                <option value=\"ods-en-el-plan-de-marketing\" >ODS en el plan de marketing<\/option>\n                                                                                <option value=\"ofertas\" >ofertas<\/option>\n                                                                                <option value=\"online\" >Online<\/option>\n                                                                                <option value=\"online-video-advertising\" >online video advertising<\/option>\n                                                                                <option value=\"onsite\" >onsite<\/option>\n                                                                                <option value=\"opinion\" >opini\u00f3n<\/option>\n                                                                                <option value=\"oportunidad\" >oportunidad<\/option>\n                                                                                <option value=\"optimizacion\" >optimizaci\u00f3n<\/option>\n                                                                                <option value=\"optimizando\" >optimizando<\/option>\n                                                                                <option value=\"optimizar\" >optimizar<\/option>\n                                                                                <option value=\"optimizar-imagenes-para-seo\" >Optimizar im\u00e1genes para SEO<\/option>\n                                                                                <option value=\"optimizar-patrocinio-deportivo\" >optimizar patrocinio deportivo<\/option>\n                                                                                <option value=\"orgullo\" >Orgullo<\/option>\n                                                                                <option value=\"oscars\" >Oscars<\/option>\n                                                                                <option value=\"pandemia\" >pandemia<\/option>\n                                                                                <option value=\"parade\" >parade<\/option>\n                                                                                <option value=\"pareja\" >pareja<\/option>\n                                                                                <option value=\"patrocinio\" >patrocinio<\/option>\n                                                                                <option value=\"patrocinio-de-esports\" >patrocinio de esports<\/option>\n                                                                                <option value=\"performance-marketing\" >Performance Marketing<\/option>\n                                                                                <option value=\"performance-max-campaigns\" >Performance max campaigns<\/option>\n                                                                                <option value=\"perfumes\" >perfumes<\/option>\n                                                                                <option value=\"personalizacion\" >personalizaci\u00f3n<\/option>\n                                                                                <option value=\"piel\" >piel<\/option>\n                                                                                <option value=\"pinterest\" >pinterest<\/option>\n                                                                                <option value=\"plan-estrategico-para-una-campana-publicitaria\" >plan estrat\u00e9gico para una campa\u00f1a publicitaria<\/option>\n                                                                                <option value=\"planificacion\" >planificaci\u00f3n<\/option>\n                                                                                <option value=\"planificacion-estrategica\" >Planificaci\u00f3n estrat\u00e9gica<\/option>\n                                                                                <option value=\"podcast-corporativo-vs-podcast-de-marca\" >podcast corporativo vs. podcast de marca<\/option>\n                                                                                <option value=\"politicos\" >pol\u00edticos<\/option>\n                                                                                <option value=\"positiva\" >positiva<\/option>\n                                                                                <option value=\"positivos\" >positivos<\/option>\n                                                                                <option value=\"practicas\" >Pr\u00e1cticas<\/option>\n                                                                                <option value=\"prensa\" >Prensa<\/option>\n                                                                                <option value=\"preparar-tu-ecommerce-para-el-black-friday\" >preparar tu ecommerce para el Black Friday<\/option>\n                                                                                <option value=\"price-floor-programmatic\" >price floor programmatic<\/option>\n                                                                                <option value=\"privacidad\" >Privacidad<\/option>\n                                                                                <option value=\"private-deals-programmatic\" >private deals programmatic<\/option>\n                                                                                <option value=\"private-marketplace\" >private marketplace<\/option>\n                                                                                <option value=\"productos\" >Productos<\/option>\n                                                                                <option value=\"products\" >Products<\/option>\n                                                                                <option value=\"profesionales\" >profesionales<\/option>\n                                                                                <option value=\"profesionalizacion\" >profesionalizaci\u00f3n<\/option>\n                                                                                <option value=\"programatica\" >program\u00e1tica<\/option>\n                                                                                <option value=\"programmatic\" >programmatic<\/option>\n                                                                                <option value=\"programmatic-101\" >programmatic 101<\/option>\n                                                                                <option value=\"programmatic-ad-buying\" >programmatic ad buying<\/option>\n                                                                                <option value=\"programmatic-advertising\" >programmatic advertising<\/option>\n                                                                                <option value=\"programmatic-auction\" >programmatic auction<\/option>\n                                                                                <option value=\"programmatic-buying\" >Programmatic Buying<\/option>\n                                                                                <option value=\"programmatic-buying-101\" >programmatic buying 101<\/option>\n                                                                                <option value=\"programmatic-creative\" >programmatic creative<\/option>\n                                                                                <option value=\"programmatic-data\" >programmatic data<\/option>\n                                                                                <option value=\"programmatic-data-science\" >Programmatic Data Science<\/option>\n                                                                                <option value=\"programmatic-dco\" >programmatic DCO<\/option>\n                                                                                <option value=\"programmatic-display\" >programmatic display<\/option>\n                                                                                <option value=\"programmatic-in-housing\" >programmatic in-housing<\/option>\n                                                                                <option value=\"programmatic-in-sourcing\" >programmatic in-sourcing<\/option>\n                                                                                <option value=\"programmatic-inventory\" >Programmatic Inventory<\/option>\n                                                                                <option value=\"programmatic-media-buying\" >programmatic media buying<\/option>\n                                                                                <option value=\"programmatic-players\" >programmatic players<\/option>\n                                                                                <option value=\"programmatic-transparency\" >programmatic transparency<\/option>\n                                                                                <option value=\"programmatic-trends\" >programmatic trends<\/option>\n                                                                                <option value=\"programmatic-video\" >Programmatic video<\/option>\n                                                                                <option value=\"programmatic-video-ads\" >programmatic video ads<\/option>\n                                                                                <option value=\"programmatic-video-trend-2018\" >programmatic video trend 2018<\/option>\n                                                                                <option value=\"programmatic-ways-to-in-house\" >programmatic ways to in-house<\/option>\n                                                                                <option value=\"proteccion-de-datos\" >Proteccion de datos<\/option>\n                                                                                <option value=\"proyecto\" >Proyecto<\/option>\n                                                                                <option value=\"publicidad\" >publicidad<\/option>\n                                                                                <option value=\"publicidad-de-audio-digital\" >Publicidad de audio digital<\/option>\n                                                                                <option value=\"publicidad-digital\" >publicidad digital<\/option>\n                                                                                <option value=\"publicidad-nativa\" >publicidad nativa<\/option>\n                                                                                <option value=\"publicidad-para-la-copa-mundial-2018\" >publicidad para la copa mundial 2018<\/option>\n                                                                                <option value=\"publicidad-programatica\" >Publicidad Program\u00e1tica<\/option>\n                                                                                <option value=\"publicidad-programatica-2022\" >Publicidad program\u00e1tica 2022<\/option>\n                                                                                <option value=\"reacciones\" >reacciones<\/option>\n                                                                                <option value=\"reactivacion\" >reactivaci\u00f3n<\/option>\n                                                                                <option value=\"realidad-aumentada\" >realidad aumentada<\/option>\n                                                                                <option value=\"rebold\" >Rebold<\/option>\n                                                                                <option value=\"rebold-cares\" >Rebold Cares<\/option>\n                                                                                <option value=\"reboldcares\" >reboldcares<\/option>\n                                                                                <option value=\"reconocimiento-de-logos-en-social-listening\" >reconocimiento de logos en social listening<\/option>\n                                                                                <option value=\"reddit\" >reddit<\/option>\n                                                                                <option value=\"redes\" >redes<\/option>\n                                                                                <option value=\"redes-sociales\" >redes sociales<\/option>\n                                                                                <option value=\"reforzar\" >reforzar<\/option>\n                                                                                <option value=\"regalos\" >regalos<\/option>\n                                                                                <option value=\"relaciones-publicas\" >Relaciones p\u00fablicas<\/option>\n                                                                                <option value=\"remoto\" >remoto<\/option>\n                                                                                <option value=\"rentabilizar\" >rentabilizar<\/option>\n                                                                                <option value=\"reportes\" >reportes<\/option>\n                                                                                <option value=\"reputacion\" >reputaci\u00f3n<\/option>\n                                                                                <option value=\"reputacion-corporativa\" >Reputaci\u00f3n Corporativa<\/option>\n                                                                                <option value=\"reputacional\" >reputacional<\/option>\n                                                                                <option value=\"responsabilidad\" >responsabilidad<\/option>\n                                                                                <option value=\"resultados\" >resultados<\/option>\n                                                                                <option value=\"retail-media\" >Retail media<\/option>\n                                                                                <option value=\"retorno-economimco\" >retorno econ\u00f3mimco<\/option>\n                                                                                <option value=\"retuit\" >retuit<\/option>\n                                                                                <option value=\"rich-media\" >Rich Media<\/option>\n                                                                                <option value=\"roi\" >ROI<\/option>\n                                                                                <option value=\"rrss\" >rrss<\/option>\n                                                                                <option value=\"rtb\" >RTB<\/option>\n                                                                                <option value=\"san-valentin\" >san valentin<\/option>\n                                                                                <option value=\"search\" >Search<\/option>\n                                                                                <option value=\"sector-energetico\" >sector energ\u00e9tico<\/option>\n                                                                                <option value=\"segmentacion-geografica\" >segmentacion geografica<\/option>\n                                                                                <option value=\"seguimiento-de-presencia-de-marca\" >seguimiento de presencia de marca<\/option>\n                                                                                <option value=\"sem\" >SEM<\/option>\n                                                                                <option value=\"seo\" >SEO<\/option>\n                                                                                <option value=\"sin-categorizar\" >Sin categorizar<\/option>\n                                                                                <option value=\"sindrome-de-down\" >S\u00edndrome de down<\/option>\n                                                                                <option value=\"sintesi\" >S\u00edntesi<\/option>\n                                                                                <option value=\"situacion\" >situacion<\/option>\n                                                                                <option value=\"smart-speakers\" >Smart speakers<\/option>\n                                                                                <option value=\"smart-tv\" >smart tv<\/option>\n                                                                                <option value=\"smartphones\" >smartphones<\/option>\n                                                                                <option value=\"sms-marketing\" >SMS Marketing<\/option>\n                                                                                <option value=\"sms-marketing-para-ecommerce\" >SMS marketing para ecommerce<\/option>\n                                                                                <option value=\"snapchat\" >snapchat<\/option>\n                                                                                <option value=\"social-ads\" >Social Ads<\/option>\n                                                                                <option value=\"social-advertising-with-influencers\" >social advertising with influencers<\/option>\n                                                                                <option value=\"social-gaming-marketing\" >Social Gaming Marketing<\/option>\n                                                                                <option value=\"social-influencers\" >social influencers<\/option>\n                                                                                <option value=\"social-listening\" >Social Listening<\/option>\n                                                                                <option value=\"social-listening-para-optimizar-estrategias\" >social listening para optimizar estrategias<\/option>\n                                                                                <option value=\"social-media\" >Social Media<\/option>\n                                                                                <option value=\"social-selling\" >social selling<\/option>\n                                                                                <option value=\"social-selling-index\" >Social Selling Index<\/option>\n                                                                                <option value=\"sociedad\" >sociedad<\/option>\n                                                                                <option value=\"solidaridad\" >solidaridad<\/option>\n                                                                                <option value=\"solidarios\" >solidarios<\/option>\n                                                                                <option value=\"sonar\" >so\u00f1ar<\/option>\n                                                                                <option value=\"sostenibilidad\" >sostenibilidad<\/option>\n                                                                                <option value=\"spain\" >Spain<\/option>\n                                                                                <option value=\"stakeholder\" >Stakeholder<\/option>\n                                                                                <option value=\"stakeholders\" >stakeholders<\/option>\n                                                                                <option value=\"streaming\" >streaming<\/option>\n                                                                                <option value=\"super-bowl\" >Super Bowl<\/option>\n                                                                                <option value=\"superbowl\" >Superbowl<\/option>\n                                                                                <option value=\"tablets\" >tablets<\/option>\n                                                                                <option value=\"target\" >target<\/option>\n                                                                                <option value=\"targets\" >targets<\/option>\n                                                                                <option value=\"tecnologia\" >Tecnologia<\/option>\n                                                                                <option value=\"tecnologia-de-marketing\" >Tecnolog\u00eda de Marketing<\/option>\n                                                                                <option value=\"telecomunicaciones\" >telecomunicaciones<\/option>\n                                                                                <option value=\"teletrabajo\" >Teletrabajo<\/option>\n                                                                                <option value=\"television\" >televisi\u00f3n<\/option>\n                                                                                <option value=\"tematicas\" >tematicas<\/option>\n                                                                                <option value=\"temporada-de-compras\" >temporada de compras<\/option>\n                                                                                <option value=\"tendencia-gaming-2021\" >tendencia gaming 2021<\/option>\n                                                                                <option value=\"tendencias\" >tendencias<\/option>\n                                                                                <option value=\"tendencias-2020\" >tendencias 2020<\/option>\n                                                                                <option value=\"tendencias-de-comunicacion-2022\" >Tendencias de comunicaci\u00f3n 2022<\/option>\n                                                                                <option value=\"tendencias-de-marketing-y-publicidad-2021\" >tendencias de marketing y publicidad 2021<\/option>\n                                                                                <option value=\"tendencias-inteligencia-artificial\" >Tendencias Inteligencia Artificial<\/option>\n                                                                                <option value=\"tendencias-marketing-2022\" >Tendencias marketing 2022<\/option>\n                                                                                <option value=\"tiktok\" >tiktok<\/option>\n                                                                                <option value=\"tiktok-y-la-nueva-era-digital\" >TikTok y la nueva era digital<\/option>\n                                                                                <option value=\"tipos-de-campanas-sem\" >tipos de campa\u00f1as SEM<\/option>\n                                                                                <option value=\"tipos-de-podcast-populares-que-puedes-asociar-a-tu-marca\" >tipos de podcast populares que puedes asociar a tu marca<\/option>\n                                                                                <option value=\"touchpoint\" >touchpoint<\/option>\n                                                                                <option value=\"touchpoints\" >touchpoints<\/option>\n                                                                                <option value=\"trabajar\" >trabajar<\/option>\n                                                                                <option value=\"trabajo\" >trabajo<\/option>\n                                                                                <option value=\"transformacion\" >transformaci\u00f3n<\/option>\n                                                                                <option value=\"transformacion-digital\" >Transformaci\u00f3n Digital<\/option>\n                                                                                <option value=\"transparencia\" >transparencia<\/option>\n                                                                                <option value=\"tuit\" >tuit<\/option>\n                                                                                <option value=\"twiter\" >twiter<\/option>\n                                                                                <option value=\"twitter\" >Twitter<\/option>\n                                                                                <option value=\"usuarios\" >usuarios<\/option>\n                                                                                <option value=\"vacaciones\" >vacaciones<\/option>\n                                                                                <option value=\"validacion\" >validaci\u00f3n<\/option>\n                                                                                <option value=\"valores\" >valores<\/option>\n                                                                                <option value=\"ventajas\" >ventajas<\/option>\n                                                                                <option value=\"video\" >video<\/option>\n                                                                                <option value=\"videojuegos\" >Videojuegos<\/option>\n                                                                                <option value=\"voz\" >Voz<\/option>\n                                                                                <option value=\"vuelta-al-cole-2020\" >Vuelta al cole 2020<\/option>\n                                                                                <option value=\"woman-business-rebold\" >Woman Business Rebold<\/option>\n                                                                                <option value=\"ymyl\" >YMYL<\/option>\n                                                                                <option value=\"yoigo\" >Yoigo<\/option>\n                                                                                <option value=\"youtube-ads-leaderboard\" >Youtube Ads Leaderboard<\/option>\n                                            <\/select>\n                <\/div>\n                <!-- \/\/Quitado por solicitud de cliente\n                <div class=\"field field-small field-clean field-search\">\n                                        <input type=\"text\" name=\"search\" placeholder=\"Buscar\" value=\"\">\n\n                <\/div>\n\n\n                <button type=\"submit\">\n                    <span class=\"ico-small ico-search\"><\/span>\n                <\/button>\n                -->\n\n                                <button class=\"hidden\" type=\"reset\" id=\"resetform\" onclick=\"location.href='https:\/\/letsrebold.com\/es\/blog\/acceso-consigue-cuatro-nominaciones-en-los-premios-internacionales-de-medicion-amec-2014\/';\">\n                    Limpiar filtros <span class=\"ico-small ico-clear\"><\/span>\n                <\/button>\n            <\/div>\n        <\/form>\n\n                                    <div id=\"page_0\" class=\"\">\n                <div class=\"container posts\">\n                                                                        <article class=\"post rebold-marketing\">\n                                <a class=\"post_image\" href=\"https:\/\/letsrebold.com\/es\/blog\/user-generated-content-estrategia-voz-tu-audiencia\/\"><img loading=\"lazy\" decoding=\"async\" width=\"850\" height=\"566\" src=\"https:\/\/letsrebold.com\/wp-content\/uploads\/2024\/09\/\u00bfQue-es-User-Generated-Content.jpg\" class=\"attachment-img-header size-img-header wp-post-image\" alt=\"\u00bfQu\u00e9 es User Generated Content?\" srcset=\"https:\/\/letsrebold.com\/wp-content\/uploads\/2024\/09\/\u00bfQue-es-User-Generated-Content.jpg 850w, https:\/\/letsrebold.com\/wp-content\/uploads\/2024\/09\/\u00bfQue-es-User-Generated-Content-300x200.jpg 300w, https:\/\/letsrebold.com\/wp-content\/uploads\/2024\/09\/\u00bfQue-es-User-Generated-Content-768x511.jpg 768w\" sizes=\"auto, (max-width: 850px) 100vw, 850px\" \/><\/a>\n                                <h2 class=\"post_meta\">\n                                                                                <a style=\"color: #e0094b\" class=\"post_tag\" href=\"?service=rebold-marketing\">Rebold Marketing<\/a>\n                                                                                                                    <\/h2>\n                                <h3 class=\"post_title\"><a href=\"https:\/\/letsrebold.com\/es\/blog\/user-generated-content-estrategia-voz-tu-audiencia\/\">User Generated Content: la estrategia que da voz a tu audiencia<\/a><\/h3>\n                                <a class=\"post_link\" href=\"https:\/\/letsrebold.com\/es\/blog\/user-generated-content-estrategia-voz-tu-audiencia\/\"><span>Leer m\u00e1s<\/span> <span class=\"ico-right\">M\u00e1s informaci\u00f3n<\/span><\/a>\n                            <\/article>\n                                                                        <article class=\"post rebold-marketing\">\n                                <a class=\"post_image\" href=\"https:\/\/letsrebold.com\/es\/blog\/como-hacer-un-visual-thinking\/\"><img loading=\"lazy\" decoding=\"async\" width=\"850\" height=\"566\" src=\"https:\/\/letsrebold.com\/wp-content\/uploads\/2024\/09\/\u00bfComo-hacer-un-visual-thinking.jpg\" class=\"attachment-img-header size-img-header wp-post-image\" alt=\"\u00bfC\u00f3mo hacer un visual thinking?\" srcset=\"https:\/\/letsrebold.com\/wp-content\/uploads\/2024\/09\/\u00bfComo-hacer-un-visual-thinking.jpg 850w, https:\/\/letsrebold.com\/wp-content\/uploads\/2024\/09\/\u00bfComo-hacer-un-visual-thinking-300x200.jpg 300w, https:\/\/letsrebold.com\/wp-content\/uploads\/2024\/09\/\u00bfComo-hacer-un-visual-thinking-768x511.jpg 768w\" sizes=\"auto, (max-width: 850px) 100vw, 850px\" \/><\/a>\n                                <h2 class=\"post_meta\">\n                                                                                <a style=\"color: #e0094b\" class=\"post_tag\" href=\"?service=rebold-marketing\">Rebold Marketing<\/a>\n                                                                                                                    <\/h2>\n                                <h3 class=\"post_title\"><a href=\"https:\/\/letsrebold.com\/es\/blog\/como-hacer-un-visual-thinking\/\">C\u00f3mo hacer un Visual Thinking: despierta tu potencial creativo<\/a><\/h3>\n                                <a class=\"post_link\" href=\"https:\/\/letsrebold.com\/es\/blog\/como-hacer-un-visual-thinking\/\"><span>Leer m\u00e1s<\/span> <span class=\"ico-right\">M\u00e1s informaci\u00f3n<\/span><\/a>\n                            <\/article>\n                                                                        <article class=\"post rebold-marketing\">\n                                <a class=\"post_image\" href=\"https:\/\/letsrebold.com\/es\/blog\/utms-google-herramienta-clave-analisis-campanas\/\"><img loading=\"lazy\" decoding=\"async\" width=\"850\" height=\"566\" src=\"https:\/\/letsrebold.com\/wp-content\/uploads\/2024\/09\/Usuario-navega-por-Internet.jpg\" class=\"attachment-img-header size-img-header wp-post-image\" alt=\"Usuario navega por Internet\" srcset=\"https:\/\/letsrebold.com\/wp-content\/uploads\/2024\/09\/Usuario-navega-por-Internet.jpg 850w, https:\/\/letsrebold.com\/wp-content\/uploads\/2024\/09\/Usuario-navega-por-Internet-300x200.jpg 300w, https:\/\/letsrebold.com\/wp-content\/uploads\/2024\/09\/Usuario-navega-por-Internet-768x511.jpg 768w\" sizes=\"auto, (max-width: 850px) 100vw, 850px\" \/><\/a>\n                                <h2 class=\"post_meta\">\n                                                                                <a style=\"color: #e0094b\" class=\"post_tag\" href=\"?service=rebold-marketing\">Rebold Marketing<\/a>\n                                                                                                                    <\/h2>\n                                <h3 class=\"post_title\"><a href=\"https:\/\/letsrebold.com\/es\/blog\/utms-google-herramienta-clave-analisis-campanas\/\">UTMs de Google: la herramienta clave para el an\u00e1lisis de campa\u00f1as<\/a><\/h3>\n                                <a class=\"post_link\" href=\"https:\/\/letsrebold.com\/es\/blog\/utms-google-herramienta-clave-analisis-campanas\/\"><span>Leer m\u00e1s<\/span> <span class=\"ico-right\">M\u00e1s informaci\u00f3n<\/span><\/a>\n                            <\/article>\n                                                                        <article class=\"post rebold-marketing\">\n                                <a class=\"post_image\" href=\"https:\/\/letsrebold.com\/es\/blog\/impulsa-ventas-aida-funnel-inbound-marketing\/\"><img loading=\"lazy\" decoding=\"async\" width=\"850\" height=\"548\" src=\"https:\/\/letsrebold.com\/wp-content\/uploads\/2024\/09\/Aplicando-el-metodo-AIDA-en-el-departamento-de-marketing.jpg\" class=\"attachment-img-header size-img-header wp-post-image\" alt=\"m\u00e9todo AIDA en marketing\" srcset=\"https:\/\/letsrebold.com\/wp-content\/uploads\/2024\/09\/Aplicando-el-metodo-AIDA-en-el-departamento-de-marketing.jpg 850w, https:\/\/letsrebold.com\/wp-content\/uploads\/2024\/09\/Aplicando-el-metodo-AIDA-en-el-departamento-de-marketing-300x193.jpg 300w, https:\/\/letsrebold.com\/wp-content\/uploads\/2024\/09\/Aplicando-el-metodo-AIDA-en-el-departamento-de-marketing-768x495.jpg 768w\" sizes=\"auto, (max-width: 850px) 100vw, 850px\" \/><\/a>\n                                <h2 class=\"post_meta\">\n                                                                                <a style=\"color: #e0094b\" class=\"post_tag\" href=\"?service=rebold-marketing\">Rebold Marketing<\/a>\n                                                                                                                    <\/h2>\n                                <h3 class=\"post_title\"><a href=\"https:\/\/letsrebold.com\/es\/blog\/impulsa-ventas-aida-funnel-inbound-marketing\/\">Impulsa tus ventas con AIDA funnel en inbound marketing<\/a><\/h3>\n                                <a class=\"post_link\" href=\"https:\/\/letsrebold.com\/es\/blog\/impulsa-ventas-aida-funnel-inbound-marketing\/\"><span>Leer m\u00e1s<\/span> <span class=\"ico-right\">M\u00e1s informaci\u00f3n<\/span><\/a>\n                            <\/article>\n                                                                        <article class=\"post rebold-marketing\">\n                                <a class=\"post_image\" href=\"https:\/\/letsrebold.com\/es\/blog\/big-data-en-marketing-transformando-datos-decisiones-inteligencia\/\"><img loading=\"lazy\" decoding=\"async\" width=\"1061\" height=\"600\" src=\"https:\/\/letsrebold.com\/wp-content\/uploads\/2024\/09\/Big-Data-en-marketing-1061x600.jpg\" class=\"attachment-img-header size-img-header wp-post-image\" alt=\"Big Data en marketing\" srcset=\"https:\/\/letsrebold.com\/wp-content\/uploads\/2024\/09\/Big-Data-en-marketing-1061x600.jpg 1061w, https:\/\/letsrebold.com\/wp-content\/uploads\/2024\/09\/Big-Data-en-marketing-360x204.jpg 360w\" sizes=\"auto, (max-width: 1061px) 100vw, 1061px\" \/><\/a>\n                                <h2 class=\"post_meta\">\n                                                                                <a style=\"color: #e0094b\" class=\"post_tag\" href=\"?service=rebold-marketing\">Rebold Marketing<\/a>\n                                                                                                                    <\/h2>\n                                <h3 class=\"post_title\"><a href=\"https:\/\/letsrebold.com\/es\/blog\/big-data-en-marketing-transformando-datos-decisiones-inteligencia\/\">Big Data en Marketing: Transformando Informaci\u00f3n en Decisiones Estrat\u00e9gicas<\/a><\/h3>\n                                <a class=\"post_link\" href=\"https:\/\/letsrebold.com\/es\/blog\/big-data-en-marketing-transformando-datos-decisiones-inteligencia\/\"><span>Leer m\u00e1s<\/span> <span class=\"ico-right\">M\u00e1s informaci\u00f3n<\/span><\/a>\n                            <\/article>\n                                                                        <article class=\"post rebold-marketing\">\n                                <a class=\"post_image\" href=\"https:\/\/letsrebold.com\/es\/blog\/cadena-valor-porter-impacto-negocio\/\"><img loading=\"lazy\" decoding=\"async\" width=\"850\" height=\"566\" src=\"https:\/\/letsrebold.com\/wp-content\/uploads\/2024\/09\/Soporte-al-cliente-para-mejorar-la-experiencia-del-usuario.jpg\" class=\"attachment-img-header size-img-header wp-post-image\" alt=\"La importancia del soporte al cliente en la cadena de valor de Porter\" srcset=\"https:\/\/letsrebold.com\/wp-content\/uploads\/2024\/09\/Soporte-al-cliente-para-mejorar-la-experiencia-del-usuario.jpg 850w, https:\/\/letsrebold.com\/wp-content\/uploads\/2024\/09\/Soporte-al-cliente-para-mejorar-la-experiencia-del-usuario-300x200.jpg 300w, https:\/\/letsrebold.com\/wp-content\/uploads\/2024\/09\/Soporte-al-cliente-para-mejorar-la-experiencia-del-usuario-768x511.jpg 768w\" sizes=\"auto, (max-width: 850px) 100vw, 850px\" \/><\/a>\n                                <h2 class=\"post_meta\">\n                                                                                <a style=\"color: #e0094b\" class=\"post_tag\" href=\"?service=rebold-marketing\">Rebold Marketing<\/a>\n                                                                                                                    <\/h2>\n                                <h3 class=\"post_title\"><a href=\"https:\/\/letsrebold.com\/es\/blog\/cadena-valor-porter-impacto-negocio\/\">Cadena de valor de Porter: desglosando su impacto en tu negocio<\/a><\/h3>\n                                <a class=\"post_link\" href=\"https:\/\/letsrebold.com\/es\/blog\/cadena-valor-porter-impacto-negocio\/\"><span>Leer m\u00e1s<\/span> <span class=\"ico-right\">M\u00e1s informaci\u00f3n<\/span><\/a>\n                            <\/article>\n                                    <\/div>\n                                    <nav class=\"links links-right\" id=\"loadmore_0\">\n                        <div class=\"container\">\n                            <a href=\"#\" class=\"loadmore\" value=\"0\"><span>Cargar m\u00e1s<\/span> <span class=\"ico-right\"><\/span><\/a>\n                        <\/div>\n                    <\/nav>\n                            <\/div>\n                                <div id=\"page_1\" class=\"d-none\">\n                <div class=\"container posts\">\n                                                                        <article class=\"post rebold-marketing\">\n                                <a class=\"post_image\" href=\"https:\/\/letsrebold.com\/es\/blog\/customer-lifetime-value-convierte-clientes-en-ingresos-recurrentes\/\"><img loading=\"lazy\" decoding=\"async\" width=\"850\" height=\"566\" src=\"https:\/\/letsrebold.com\/wp-content\/uploads\/2024\/09\/Analizando-resultados-del-CLTV.jpg\" class=\"attachment-img-header size-img-header wp-post-image\" alt=\"Analizando resultados del CLTV\" srcset=\"https:\/\/letsrebold.com\/wp-content\/uploads\/2024\/09\/Analizando-resultados-del-CLTV.jpg 850w, https:\/\/letsrebold.com\/wp-content\/uploads\/2024\/09\/Analizando-resultados-del-CLTV-300x200.jpg 300w, https:\/\/letsrebold.com\/wp-content\/uploads\/2024\/09\/Analizando-resultados-del-CLTV-768x511.jpg 768w\" sizes=\"auto, (max-width: 850px) 100vw, 850px\" \/><\/a>\n                                <h2 class=\"post_meta\">\n                                                                                <a style=\"color: #e0094b\" class=\"post_tag\" href=\"?service=rebold-marketing\">Rebold Marketing<\/a>\n                                                                                                                    <\/h2>\n                                <h3 class=\"post_title\"><a href=\"https:\/\/letsrebold.com\/es\/blog\/customer-lifetime-value-convierte-clientes-en-ingresos-recurrentes\/\">Customer Lifetime Value: convierte clientes en ingresos recurrentes<\/a><\/h3>\n                                <a class=\"post_link\" href=\"https:\/\/letsrebold.com\/es\/blog\/customer-lifetime-value-convierte-clientes-en-ingresos-recurrentes\/\"><span>Leer m\u00e1s<\/span> <span class=\"ico-right\">M\u00e1s informaci\u00f3n<\/span><\/a>\n                            <\/article>\n                                                                        <article class=\"post rebold-marketing\">\n                                <a class=\"post_image\" href=\"https:\/\/letsrebold.com\/es\/blog\/que-es-employer-branding-y-como-puede-beneficiar-tu-empresa\/\"><img loading=\"lazy\" decoding=\"async\" width=\"850\" height=\"566\" src=\"https:\/\/letsrebold.com\/wp-content\/uploads\/2024\/09\/Que-es-employer-branding.jpg\" class=\"attachment-img-header size-img-header wp-post-image\" alt=\"Qu\u00e9 es employer branding?\" srcset=\"https:\/\/letsrebold.com\/wp-content\/uploads\/2024\/09\/Que-es-employer-branding.jpg 850w, https:\/\/letsrebold.com\/wp-content\/uploads\/2024\/09\/Que-es-employer-branding-300x200.jpg 300w, https:\/\/letsrebold.com\/wp-content\/uploads\/2024\/09\/Que-es-employer-branding-768x511.jpg 768w\" sizes=\"auto, (max-width: 850px) 100vw, 850px\" \/><\/a>\n                                <h2 class=\"post_meta\">\n                                                                                <a style=\"color: #e0094b\" class=\"post_tag\" href=\"?service=rebold-marketing\">Rebold Marketing<\/a>\n                                                                                                                    <\/h2>\n                                <h3 class=\"post_title\"><a href=\"https:\/\/letsrebold.com\/es\/blog\/que-es-employer-branding-y-como-puede-beneficiar-tu-empresa\/\">\u00bfQu\u00e9 es el employer branding y c\u00f3mo puede beneficiar a tu empresa?<\/a><\/h3>\n                                <a class=\"post_link\" href=\"https:\/\/letsrebold.com\/es\/blog\/que-es-employer-branding-y-como-puede-beneficiar-tu-empresa\/\"><span>Leer m\u00e1s<\/span> <span class=\"ico-right\">M\u00e1s informaci\u00f3n<\/span><\/a>\n                            <\/article>\n                                                                        <article class=\"post rebold-marketing\">\n                                <a class=\"post_image\" href=\"https:\/\/letsrebold.com\/es\/blog\/tipos-kpis-ejemplos\/\"><img loading=\"lazy\" decoding=\"async\" width=\"850\" height=\"478\" src=\"https:\/\/letsrebold.com\/wp-content\/uploads\/2024\/09\/Mujer-analizando-los-tipos-de-KPIs.jpg\" class=\"attachment-img-header size-img-header wp-post-image\" alt=\"Mujer analizando los tipos de KPIs\" srcset=\"https:\/\/letsrebold.com\/wp-content\/uploads\/2024\/09\/Mujer-analizando-los-tipos-de-KPIs.jpg 850w, https:\/\/letsrebold.com\/wp-content\/uploads\/2024\/09\/Mujer-analizando-los-tipos-de-KPIs-300x169.jpg 300w, https:\/\/letsrebold.com\/wp-content\/uploads\/2024\/09\/Mujer-analizando-los-tipos-de-KPIs-768x432.jpg 768w\" sizes=\"auto, (max-width: 850px) 100vw, 850px\" \/><\/a>\n                                <h2 class=\"post_meta\">\n                                                                                <a style=\"color: #e0094b\" class=\"post_tag\" href=\"?service=rebold-marketing\">Rebold Marketing<\/a>\n                                                                                                                    <\/h2>\n                                <h3 class=\"post_title\"><a href=\"https:\/\/letsrebold.com\/es\/blog\/tipos-kpis-ejemplos\/\">Descubre cu\u00e1les son los tipos de KPIs: Ejemplos de empresas<\/a><\/h3>\n                                <a class=\"post_link\" href=\"https:\/\/letsrebold.com\/es\/blog\/tipos-kpis-ejemplos\/\"><span>Leer m\u00e1s<\/span> <span class=\"ico-right\">M\u00e1s informaci\u00f3n<\/span><\/a>\n                            <\/article>\n                                                                        <article class=\"post rebold-marketing\">\n                                <a class=\"post_image\" href=\"https:\/\/letsrebold.com\/es\/blog\/descubre-que-es-imagen-corporativa-eleva-tu-presencia-sector\/\"><img loading=\"lazy\" decoding=\"async\" width=\"850\" height=\"600\" src=\"https:\/\/letsrebold.com\/wp-content\/uploads\/2024\/09\/\u00bfQue-es-la-imagen-corporativa-850x600.jpg\" class=\"attachment-img-header size-img-header wp-post-image\" alt=\"\u00bfQu\u00e9 es la imagen corporativa?\" \/><\/a>\n                                <h2 class=\"post_meta\">\n                                                                                <a style=\"color: #e0094b\" class=\"post_tag\" href=\"?service=rebold-marketing\">Rebold Marketing<\/a>\n                                                                                                                    <\/h2>\n                                <h3 class=\"post_title\"><a href=\"https:\/\/letsrebold.com\/es\/blog\/descubre-que-es-imagen-corporativa-eleva-tu-presencia-sector\/\">Descubre qu\u00e9 es la imagen corporativa: eleva tu presencia en el sector<\/a><\/h3>\n                                <a class=\"post_link\" href=\"https:\/\/letsrebold.com\/es\/blog\/descubre-que-es-imagen-corporativa-eleva-tu-presencia-sector\/\"><span>Leer m\u00e1s<\/span> <span class=\"ico-right\">M\u00e1s informaci\u00f3n<\/span><\/a>\n                            <\/article>\n                                                                        <article class=\"post rebold-marketing\">\n                                <a class=\"post_image\" href=\"https:\/\/letsrebold.com\/es\/blog\/comunicacion-efectiva-si-quieres-comunicar-empieza-entretener\/\"><img loading=\"lazy\" decoding=\"async\" width=\"1061\" height=\"600\" src=\"https:\/\/letsrebold.com\/wp-content\/uploads\/2024\/09\/Comunicacion-efectiva-en-el-entorno-laboral-1061x600.jpg\" class=\"attachment-img-header size-img-header wp-post-image\" alt=\"Comunicaci\u00f3n efectiva en el entorno laboral\" srcset=\"https:\/\/letsrebold.com\/wp-content\/uploads\/2024\/09\/Comunicacion-efectiva-en-el-entorno-laboral-1061x600.jpg 1061w, https:\/\/letsrebold.com\/wp-content\/uploads\/2024\/09\/Comunicacion-efectiva-en-el-entorno-laboral-360x204.jpg 360w\" sizes=\"auto, (max-width: 1061px) 100vw, 1061px\" \/><\/a>\n                                <h2 class=\"post_meta\">\n                                                                                <a style=\"color: #e0094b\" class=\"post_tag\" href=\"?service=rebold-marketing\">Rebold Marketing<\/a>\n                                                                                                                    <\/h2>\n                                <h3 class=\"post_title\"><a href=\"https:\/\/letsrebold.com\/es\/blog\/comunicacion-efectiva-si-quieres-comunicar-empieza-entretener\/\">Comunicaci\u00f3n efectiva: Si quieres comunicar, empieza por entretener<\/a><\/h3>\n                                <a class=\"post_link\" href=\"https:\/\/letsrebold.com\/es\/blog\/comunicacion-efectiva-si-quieres-comunicar-empieza-entretener\/\"><span>Leer m\u00e1s<\/span> <span class=\"ico-right\">M\u00e1s informaci\u00f3n<\/span><\/a>\n                            <\/article>\n                                                                        <article class=\"post rebold-marketing\">\n                                <a class=\"post_image\" href=\"https:\/\/letsrebold.com\/es\/blog\/detras-de-cada-gran-marca-hay-un-brand-manager-que-es-y-que-hace\/\"><img loading=\"lazy\" decoding=\"async\" width=\"1061\" height=\"600\" src=\"https:\/\/letsrebold.com\/wp-content\/uploads\/2024\/09\/\u00bfQue-es-un-Brand-Manager_-1061x600.jpg\" class=\"attachment-img-header size-img-header wp-post-image\" alt=\"\u00bfQu\u00e9 es un Brand Manager?\" srcset=\"https:\/\/letsrebold.com\/wp-content\/uploads\/2024\/09\/\u00bfQue-es-un-Brand-Manager_-1061x600.jpg 1061w, https:\/\/letsrebold.com\/wp-content\/uploads\/2024\/09\/\u00bfQue-es-un-Brand-Manager_-360x204.jpg 360w\" sizes=\"auto, (max-width: 1061px) 100vw, 1061px\" \/><\/a>\n                                <h2 class=\"post_meta\">\n                                                                                <a style=\"color: #e0094b\" class=\"post_tag\" href=\"?service=rebold-marketing\">Rebold Marketing<\/a>\n                                                                                                                    <\/h2>\n                                <h3 class=\"post_title\"><a href=\"https:\/\/letsrebold.com\/es\/blog\/detras-de-cada-gran-marca-hay-un-brand-manager-que-es-y-que-hace\/\">Detr\u00e1s de cada gran marca hay un Brand Manager: \u00bfQu\u00e9 es y qu\u00e9 hace?<\/a><\/h3>\n                                <a class=\"post_link\" href=\"https:\/\/letsrebold.com\/es\/blog\/detras-de-cada-gran-marca-hay-un-brand-manager-que-es-y-que-hace\/\"><span>Leer m\u00e1s<\/span> <span class=\"ico-right\">M\u00e1s informaci\u00f3n<\/span><\/a>\n                            <\/article>\n                                    <\/div>\n                                    <nav class=\"links links-right\" id=\"loadmore_1\">\n                        <div class=\"container\">\n                            <a href=\"#\" class=\"loadmore\" value=\"1\"><span>Cargar m\u00e1s<\/span> <span class=\"ico-right\"><\/span><\/a>\n                        <\/div>\n                    <\/nav>\n                            <\/div>\n                                <div id=\"page_2\" class=\"d-none\">\n                <div class=\"container posts\">\n                                                                        <article class=\"post \">\n                                <a class=\"post_image\" href=\"https:\/\/letsrebold.com\/es\/blog\/como-usar-metodologia-smart-resultados-tangibles\/\"><img loading=\"lazy\" decoding=\"async\" width=\"1061\" height=\"600\" src=\"https:\/\/letsrebold.com\/wp-content\/uploads\/2024\/06\/jason-goodman-vbxyFxlgpjM-unsplash-1061x600.jpg\" class=\"attachment-img-header size-img-header wp-post-image\" alt=\"\u00bfQu\u00e9 es la metodolog\u00eda SMART?\" srcset=\"https:\/\/letsrebold.com\/wp-content\/uploads\/2024\/06\/jason-goodman-vbxyFxlgpjM-unsplash-1061x600.jpg 1061w, https:\/\/letsrebold.com\/wp-content\/uploads\/2024\/06\/jason-goodman-vbxyFxlgpjM-unsplash-360x204.jpg 360w\" sizes=\"auto, (max-width: 1061px) 100vw, 1061px\" \/><\/a>\n                                <h2 class=\"post_meta\">\n                                                                                                            <\/h2>\n                                <h3 class=\"post_title\"><a href=\"https:\/\/letsrebold.com\/es\/blog\/como-usar-metodologia-smart-resultados-tangibles\/\">Metodolog\u00eda SMART: Convierte tus objetivos en metas tangibles<\/a><\/h3>\n                                <a class=\"post_link\" href=\"https:\/\/letsrebold.com\/es\/blog\/como-usar-metodologia-smart-resultados-tangibles\/\"><span>Leer m\u00e1s<\/span> <span class=\"ico-right\">M\u00e1s informaci\u00f3n<\/span><\/a>\n                            <\/article>\n                                                                        <article class=\"post rebold-marketing\">\n                                <a class=\"post_image\" href=\"https:\/\/letsrebold.com\/es\/blog\/como-el-customer-journey-optimiza-tu-estrategia-de-marketing\/\"><img loading=\"lazy\" decoding=\"async\" width=\"1061\" height=\"600\" src=\"https:\/\/letsrebold.com\/wp-content\/uploads\/2024\/06\/john-schnobrich-2FPjlAyMQTA-unsplash-1061x600.jpg\" class=\"attachment-img-header size-img-header wp-post-image\" alt=\"Etapas del customer journey\" srcset=\"https:\/\/letsrebold.com\/wp-content\/uploads\/2024\/06\/john-schnobrich-2FPjlAyMQTA-unsplash-1061x600.jpg 1061w, https:\/\/letsrebold.com\/wp-content\/uploads\/2024\/06\/john-schnobrich-2FPjlAyMQTA-unsplash-360x204.jpg 360w\" sizes=\"auto, (max-width: 1061px) 100vw, 1061px\" \/><\/a>\n                                <h2 class=\"post_meta\">\n                                                                                <a style=\"color: #e0094b\" class=\"post_tag\" href=\"?service=rebold-marketing\">Rebold Marketing<\/a>\n                                                                                                                                <a class=\"post_tag\" href=\"?topic=social-media\">Social Media<\/a>\n                                                                            <\/h2>\n                                <h3 class=\"post_title\"><a href=\"https:\/\/letsrebold.com\/es\/blog\/como-el-customer-journey-optimiza-tu-estrategia-de-marketing\/\">C\u00f3mo el customer journey optimiza tu estrategia de marketing<\/a><\/h3>\n                                <a class=\"post_link\" href=\"https:\/\/letsrebold.com\/es\/blog\/como-el-customer-journey-optimiza-tu-estrategia-de-marketing\/\"><span>Leer m\u00e1s<\/span> <span class=\"ico-right\">M\u00e1s informaci\u00f3n<\/span><\/a>\n                            <\/article>\n                                                                        <article class=\"post rebold-marketing\">\n                                <a class=\"post_image\" href=\"https:\/\/letsrebold.com\/es\/blog\/zero-click-content-que-es-como-usarlo\/\"><img loading=\"lazy\" decoding=\"async\" width=\"1061\" height=\"600\" src=\"https:\/\/letsrebold.com\/wp-content\/uploads\/2024\/01\/zero-click-content-blog-1061x600.jpg\" class=\"attachment-img-header size-img-header wp-post-image\" alt=\"zero click content SEO\" srcset=\"https:\/\/letsrebold.com\/wp-content\/uploads\/2024\/01\/zero-click-content-blog-1061x600.jpg 1061w, https:\/\/letsrebold.com\/wp-content\/uploads\/2024\/01\/zero-click-content-blog-300x169.jpg 300w, https:\/\/letsrebold.com\/wp-content\/uploads\/2024\/01\/zero-click-content-blog-360x204.jpg 360w\" sizes=\"auto, (max-width: 1061px) 100vw, 1061px\" \/><\/a>\n                                <h2 class=\"post_meta\">\n                                                                                <a style=\"color: #e0094b\" class=\"post_tag\" href=\"?service=rebold-marketing\">Rebold Marketing<\/a>\n                                                                                                                                <a class=\"post_tag\" href=\"?topic=seo\">SEO<\/a>\n                                                                            <\/h2>\n                                <h3 class=\"post_title\"><a href=\"https:\/\/letsrebold.com\/es\/blog\/zero-click-content-que-es-como-usarlo\/\">\u00bfC\u00f3mo utilizar el Zero- Click Content y por qu\u00e9 deber\u00edas usarlo?<\/a><\/h3>\n                                <a class=\"post_link\" href=\"https:\/\/letsrebold.com\/es\/blog\/zero-click-content-que-es-como-usarlo\/\"><span>Leer m\u00e1s<\/span> <span class=\"ico-right\">M\u00e1s informaci\u00f3n<\/span><\/a>\n                            <\/article>\n                                                                        <article class=\"post rebold-marketing\">\n                                <a class=\"post_image\" href=\"https:\/\/letsrebold.com\/es\/blog\/posicionamiento-seo-y-zero-click-search\/\"><img loading=\"lazy\" decoding=\"async\" width=\"1061\" height=\"600\" src=\"https:\/\/letsrebold.com\/wp-content\/uploads\/2024\/01\/posicionamiento-seo-zero-click-search-blog-1061x600.jpg\" class=\"attachment-img-header size-img-header wp-post-image\" alt=\"Posicionamiento SEO zero click search\" srcset=\"https:\/\/letsrebold.com\/wp-content\/uploads\/2024\/01\/posicionamiento-seo-zero-click-search-blog-1061x600.jpg 1061w, https:\/\/letsrebold.com\/wp-content\/uploads\/2024\/01\/posicionamiento-seo-zero-click-search-blog-300x169.jpg 300w, https:\/\/letsrebold.com\/wp-content\/uploads\/2024\/01\/posicionamiento-seo-zero-click-search-blog-360x204.jpg 360w\" sizes=\"auto, (max-width: 1061px) 100vw, 1061px\" \/><\/a>\n                                <h2 class=\"post_meta\">\n                                                                                <a style=\"color: #e0094b\" class=\"post_tag\" href=\"?service=rebold-marketing\">Rebold Marketing<\/a>\n                                                                                                                                <a class=\"post_tag\" href=\"?topic=seo\">SEO<\/a>\n                                                                            <\/h2>\n                                <h3 class=\"post_title\"><a href=\"https:\/\/letsrebold.com\/es\/blog\/posicionamiento-seo-y-zero-click-search\/\">Los Zero- Click Search y c\u00f3mo afecta a tu posicionamiento<\/a><\/h3>\n                                <a class=\"post_link\" href=\"https:\/\/letsrebold.com\/es\/blog\/posicionamiento-seo-y-zero-click-search\/\"><span>Leer m\u00e1s<\/span> <span class=\"ico-right\">M\u00e1s informaci\u00f3n<\/span><\/a>\n                            <\/article>\n                                                                        <article class=\"post rebold-marketing\">\n                                <a class=\"post_image\" href=\"https:\/\/letsrebold.com\/es\/blog\/inversion-publicitaria-retail-media\/\"><img loading=\"lazy\" decoding=\"async\" width=\"1061\" height=\"600\" src=\"https:\/\/letsrebold.com\/wp-content\/uploads\/2024\/01\/por-que-el-retail-media-esta-ganando-impulso-blog-1061x600.jpg\" class=\"attachment-img-header size-img-header wp-post-image\" alt=\"inversi\u00f3n publicitaria retail media\" srcset=\"https:\/\/letsrebold.com\/wp-content\/uploads\/2024\/01\/por-que-el-retail-media-esta-ganando-impulso-blog-1061x600.jpg 1061w, https:\/\/letsrebold.com\/wp-content\/uploads\/2024\/01\/por-que-el-retail-media-esta-ganando-impulso-blog-300x169.jpg 300w, https:\/\/letsrebold.com\/wp-content\/uploads\/2024\/01\/por-que-el-retail-media-esta-ganando-impulso-blog-360x204.jpg 360w\" sizes=\"auto, (max-width: 1061px) 100vw, 1061px\" \/><\/a>\n                                <h2 class=\"post_meta\">\n                                                                                <a style=\"color: #e0094b\" class=\"post_tag\" href=\"?service=rebold-marketing\">Rebold Marketing<\/a>\n                                                                                                                                <a class=\"post_tag\" href=\"?topic=retail-media\">Retail media<\/a>\n                                                                            <\/h2>\n                                <h3 class=\"post_title\"><a href=\"https:\/\/letsrebold.com\/es\/blog\/inversion-publicitaria-retail-media\/\">\u00bfPor qu\u00e9 el retail media est\u00e1 ganando impulso y hay m\u00e1s inversi\u00f3n publicitaria?<\/a><\/h3>\n                                <a class=\"post_link\" href=\"https:\/\/letsrebold.com\/es\/blog\/inversion-publicitaria-retail-media\/\"><span>Leer m\u00e1s<\/span> <span class=\"ico-right\">M\u00e1s informaci\u00f3n<\/span><\/a>\n                            <\/article>\n                                                                        <article class=\"post rebold-marketing\">\n                                <a class=\"post_image\" href=\"https:\/\/letsrebold.com\/es\/blog\/marketing-contenidos-con-inteligencia-artificial\/\"><img loading=\"lazy\" decoding=\"async\" width=\"1061\" height=\"600\" src=\"https:\/\/letsrebold.com\/wp-content\/uploads\/2024\/01\/nuevos-angulos-en-el-marketing-de-contenidos-con-IA-driven-blog-1-1061x600.jpg\" class=\"attachment-img-header size-img-header wp-post-image\" alt=\"marketing de contenidos ia driven\" srcset=\"https:\/\/letsrebold.com\/wp-content\/uploads\/2024\/01\/nuevos-angulos-en-el-marketing-de-contenidos-con-IA-driven-blog-1-1061x600.jpg 1061w, https:\/\/letsrebold.com\/wp-content\/uploads\/2024\/01\/nuevos-angulos-en-el-marketing-de-contenidos-con-IA-driven-blog-1-300x169.jpg 300w, https:\/\/letsrebold.com\/wp-content\/uploads\/2024\/01\/nuevos-angulos-en-el-marketing-de-contenidos-con-IA-driven-blog-1-360x204.jpg 360w\" sizes=\"auto, (max-width: 1061px) 100vw, 1061px\" \/><\/a>\n                                <h2 class=\"post_meta\">\n                                                                                <a style=\"color: #e0094b\" class=\"post_tag\" href=\"?service=rebold-marketing\">Rebold Marketing<\/a>\n                                                                                                                                <a class=\"post_tag\" href=\"?topic=inteligencia-artificial\">Inteligencia Artificial<\/a>\n                                                                            <\/h2>\n                                <h3 class=\"post_title\"><a href=\"https:\/\/letsrebold.com\/es\/blog\/marketing-contenidos-con-inteligencia-artificial\/\">Nuevos \u00e1ngulos en el marketing de contenidos con la IA Driven<\/a><\/h3>\n                                <a class=\"post_link\" href=\"https:\/\/letsrebold.com\/es\/blog\/marketing-contenidos-con-inteligencia-artificial\/\"><span>Leer m\u00e1s<\/span> <span class=\"ico-right\">M\u00e1s informaci\u00f3n<\/span><\/a>\n                            <\/article>\n                                    <\/div>\n                                    <nav class=\"links links-right\" id=\"loadmore_2\">\n                        <div class=\"container\">\n                            <a href=\"#\" class=\"loadmore\" value=\"2\"><span>Cargar m\u00e1s<\/span> <span class=\"ico-right\"><\/span><\/a>\n                        <\/div>\n                    <\/nav>\n                            <\/div>\n                                <div id=\"page_3\" class=\"d-none\">\n                <div class=\"container posts\">\n                                                                        <article class=\"post rebold-marketing\">\n                                <a class=\"post_image\" href=\"https:\/\/letsrebold.com\/es\/blog\/allbound-marketing-una-estrategia-ganadora-para-negocios-digitales\/\"><img loading=\"lazy\" decoding=\"async\" width=\"1061\" height=\"600\" src=\"https:\/\/letsrebold.com\/wp-content\/uploads\/2024\/01\/Allbound-marketing-una-estrategia-ganadora-para-negocios-digitales-blog-1061x600.jpg\" class=\"attachment-img-header size-img-header wp-post-image\" alt=\"allbound marketing negocios digitales\" srcset=\"https:\/\/letsrebold.com\/wp-content\/uploads\/2024\/01\/Allbound-marketing-una-estrategia-ganadora-para-negocios-digitales-blog-1061x600.jpg 1061w, https:\/\/letsrebold.com\/wp-content\/uploads\/2024\/01\/Allbound-marketing-una-estrategia-ganadora-para-negocios-digitales-blog-300x169.jpg 300w, https:\/\/letsrebold.com\/wp-content\/uploads\/2024\/01\/Allbound-marketing-una-estrategia-ganadora-para-negocios-digitales-blog-360x204.jpg 360w\" sizes=\"auto, (max-width: 1061px) 100vw, 1061px\" \/><\/a>\n                                <h2 class=\"post_meta\">\n                                                                                <a style=\"color: #e0094b\" class=\"post_tag\" href=\"?service=rebold-marketing\">Rebold Marketing<\/a>\n                                                                                                                                <a class=\"post_tag\" href=\"?topic=planificacion-estrategica\">Planificaci\u00f3n estrat\u00e9gica<\/a>\n                                                                            <\/h2>\n                                <h3 class=\"post_title\"><a href=\"https:\/\/letsrebold.com\/es\/blog\/allbound-marketing-una-estrategia-ganadora-para-negocios-digitales\/\">Allbound marketing: una estrategia ganadora para negocios digitales<\/a><\/h3>\n                                <a class=\"post_link\" href=\"https:\/\/letsrebold.com\/es\/blog\/allbound-marketing-una-estrategia-ganadora-para-negocios-digitales\/\"><span>Leer m\u00e1s<\/span> <span class=\"ico-right\">M\u00e1s informaci\u00f3n<\/span><\/a>\n                            <\/article>\n                                                                        <article class=\"post rebold-marketing\">\n                                <a class=\"post_image\" href=\"https:\/\/letsrebold.com\/es\/blog\/calendario-marketing-2024\/\"><img loading=\"lazy\" decoding=\"async\" width=\"1061\" height=\"600\" src=\"https:\/\/letsrebold.com\/wp-content\/uploads\/2024\/01\/Calendario-Marketing-2024-portada-blog-rebold-1061x600.jpg\" class=\"attachment-img-header size-img-header wp-post-image\" alt=\"calendario de marketing 2024\" srcset=\"https:\/\/letsrebold.com\/wp-content\/uploads\/2024\/01\/Calendario-Marketing-2024-portada-blog-rebold-1061x600.jpg 1061w, https:\/\/letsrebold.com\/wp-content\/uploads\/2024\/01\/Calendario-Marketing-2024-portada-blog-rebold-300x169.jpg 300w, https:\/\/letsrebold.com\/wp-content\/uploads\/2024\/01\/Calendario-Marketing-2024-portada-blog-rebold-360x204.jpg 360w\" sizes=\"auto, (max-width: 1061px) 100vw, 1061px\" \/><\/a>\n                                <h2 class=\"post_meta\">\n                                                                                <a style=\"color: #e0094b\" class=\"post_tag\" href=\"?service=rebold-marketing\">Rebold Marketing<\/a>\n                                                                                                                                <a class=\"post_tag\" href=\"?topic=digital-marketing\">Digital Marketing<\/a>\n                                                                            <\/h2>\n                                <h3 class=\"post_title\"><a href=\"https:\/\/letsrebold.com\/es\/blog\/calendario-marketing-2024\/\">Calendario de Marketing 2024: conecta con tu audiencia los 366 d\u00edas y potencia tu creatividad<\/a><\/h3>\n                                <a class=\"post_link\" href=\"https:\/\/letsrebold.com\/es\/blog\/calendario-marketing-2024\/\"><span>Leer m\u00e1s<\/span> <span class=\"ico-right\">M\u00e1s informaci\u00f3n<\/span><\/a>\n                            <\/article>\n                                                                        <article class=\"post rebold-marketing\">\n                                <a class=\"post_image\" href=\"https:\/\/letsrebold.com\/es\/blog\/tendencias-en-redes-sociales-en-2024\/\"><img loading=\"lazy\" decoding=\"async\" width=\"1061\" height=\"600\" src=\"https:\/\/letsrebold.com\/wp-content\/uploads\/2023\/12\/que-ocurrira-social-media-en-2024-1061x600.jpg\" class=\"attachment-img-header size-img-header wp-post-image\" alt=\"tendencias en redes sociales en 2024\" srcset=\"https:\/\/letsrebold.com\/wp-content\/uploads\/2023\/12\/que-ocurrira-social-media-en-2024-1061x600.jpg 1061w, https:\/\/letsrebold.com\/wp-content\/uploads\/2023\/12\/que-ocurrira-social-media-en-2024-300x169.jpg 300w, https:\/\/letsrebold.com\/wp-content\/uploads\/2023\/12\/que-ocurrira-social-media-en-2024-360x204.jpg 360w\" sizes=\"auto, (max-width: 1061px) 100vw, 1061px\" \/><\/a>\n                                <h2 class=\"post_meta\">\n                                                                                <a style=\"color: #e0094b\" class=\"post_tag\" href=\"?service=rebold-marketing\">Rebold Marketing<\/a>\n                                                                                                                                <a class=\"post_tag\" href=\"?topic=social-media\">Social Media<\/a>\n                                                                            <\/h2>\n                                <h3 class=\"post_title\"><a href=\"https:\/\/letsrebold.com\/es\/blog\/tendencias-en-redes-sociales-en-2024\/\">\u00bfQu\u00e9 ocurrir\u00e1 en social media en 2024?<\/a><\/h3>\n                                <a class=\"post_link\" href=\"https:\/\/letsrebold.com\/es\/blog\/tendencias-en-redes-sociales-en-2024\/\"><span>Leer m\u00e1s<\/span> <span class=\"ico-right\">M\u00e1s informaci\u00f3n<\/span><\/a>\n                            <\/article>\n                                                                        <article class=\"post rebold-marketing\">\n                                <a class=\"post_image\" href=\"https:\/\/letsrebold.com\/es\/blog\/tendencias-esports-y-gaming-para-2024\/\"><img loading=\"lazy\" decoding=\"async\" width=\"1061\" height=\"600\" src=\"https:\/\/letsrebold.com\/wp-content\/uploads\/2023\/12\/la-audiencia-de-los-esports-gaming-para-2024-1061x600.jpg\" class=\"attachment-img-header size-img-header wp-post-image\" alt=\"tendencias esports y gaming para 2024\" srcset=\"https:\/\/letsrebold.com\/wp-content\/uploads\/2023\/12\/la-audiencia-de-los-esports-gaming-para-2024-1061x600.jpg 1061w, https:\/\/letsrebold.com\/wp-content\/uploads\/2023\/12\/la-audiencia-de-los-esports-gaming-para-2024-300x169.jpg 300w, https:\/\/letsrebold.com\/wp-content\/uploads\/2023\/12\/la-audiencia-de-los-esports-gaming-para-2024-360x204.jpg 360w\" sizes=\"auto, (max-width: 1061px) 100vw, 1061px\" \/><\/a>\n                                <h2 class=\"post_meta\">\n                                                                                <a style=\"color: #e0094b\" class=\"post_tag\" href=\"?service=rebold-marketing\">Rebold Marketing<\/a>\n                                                                                                                                <a class=\"post_tag\" href=\"?topic=estrategia-de-marketing-gaming\">estrategia de marketing gaming<\/a>\n                                                                            <\/h2>\n                                <h3 class=\"post_title\"><a href=\"https:\/\/letsrebold.com\/es\/blog\/tendencias-esports-y-gaming-para-2024\/\">Las tendencias en esports &#038; gaming para 2024<\/a><\/h3>\n                                <a class=\"post_link\" href=\"https:\/\/letsrebold.com\/es\/blog\/tendencias-esports-y-gaming-para-2024\/\"><span>Leer m\u00e1s<\/span> <span class=\"ico-right\">M\u00e1s informaci\u00f3n<\/span><\/a>\n                            <\/article>\n                                                                        <article class=\"post rebold-marketing\">\n                                <a class=\"post_image\" href=\"https:\/\/letsrebold.com\/es\/blog\/lo-que-se-viene-marketing-digital-2024-tendencias-y-predicciones\/\"><img loading=\"lazy\" decoding=\"async\" width=\"1061\" height=\"600\" src=\"https:\/\/letsrebold.com\/wp-content\/uploads\/2023\/12\/Lo-que-se-viene-en-marketing-digital-2024-blog-1061x600.jpg\" class=\"attachment-img-header size-img-header wp-post-image\" alt=\"tendencias marketing digital 2024\" srcset=\"https:\/\/letsrebold.com\/wp-content\/uploads\/2023\/12\/Lo-que-se-viene-en-marketing-digital-2024-blog-1061x600.jpg 1061w, https:\/\/letsrebold.com\/wp-content\/uploads\/2023\/12\/Lo-que-se-viene-en-marketing-digital-2024-blog-300x169.jpg 300w, https:\/\/letsrebold.com\/wp-content\/uploads\/2023\/12\/Lo-que-se-viene-en-marketing-digital-2024-blog-360x204.jpg 360w\" sizes=\"auto, (max-width: 1061px) 100vw, 1061px\" \/><\/a>\n                                <h2 class=\"post_meta\">\n                                                                                <a style=\"color: #e0094b\" class=\"post_tag\" href=\"?service=rebold-marketing\">Rebold Marketing<\/a>\n                                                                                                                                <a class=\"post_tag\" href=\"?topic=marketing-digital\">Marketing Digital<\/a>\n                                                                            <\/h2>\n                                <h3 class=\"post_title\"><a href=\"https:\/\/letsrebold.com\/es\/blog\/lo-que-se-viene-marketing-digital-2024-tendencias-y-predicciones\/\">Lo que se viene en marketing digital: tendencias y predicciones<\/a><\/h3>\n                                <a class=\"post_link\" href=\"https:\/\/letsrebold.com\/es\/blog\/lo-que-se-viene-marketing-digital-2024-tendencias-y-predicciones\/\"><span>Leer m\u00e1s<\/span> <span class=\"ico-right\">M\u00e1s informaci\u00f3n<\/span><\/a>\n                            <\/article>\n                                                                        <article class=\"post rebold-marketing\">\n                                <a class=\"post_image\" href=\"https:\/\/letsrebold.com\/es\/blog\/estrategias-de-marketing-para-superar-la-cuesta-de-enero\/\"><img loading=\"lazy\" decoding=\"async\" width=\"1061\" height=\"600\" src=\"https:\/\/letsrebold.com\/wp-content\/uploads\/2023\/12\/Estrategias-de-Marketing-para-superar-la-cuesta-de-Enero-blog-1061x600.jpg\" class=\"attachment-img-header size-img-header wp-post-image\" alt=\"estrategias de marketing y cuesta de enero\" srcset=\"https:\/\/letsrebold.com\/wp-content\/uploads\/2023\/12\/Estrategias-de-Marketing-para-superar-la-cuesta-de-Enero-blog-1061x600.jpg 1061w, https:\/\/letsrebold.com\/wp-content\/uploads\/2023\/12\/Estrategias-de-Marketing-para-superar-la-cuesta-de-Enero-blog-300x169.jpg 300w, https:\/\/letsrebold.com\/wp-content\/uploads\/2023\/12\/Estrategias-de-Marketing-para-superar-la-cuesta-de-Enero-blog-360x204.jpg 360w\" sizes=\"auto, (max-width: 1061px) 100vw, 1061px\" \/><\/a>\n                                <h2 class=\"post_meta\">\n                                                                                <a style=\"color: #e0094b\" class=\"post_tag\" href=\"?service=rebold-marketing\">Rebold Marketing<\/a>\n                                                                                                                                <a class=\"post_tag\" href=\"?topic=estrategia-de-marketing-digital-360\">estrategia de marketing digital 360<\/a>\n                                                                            <\/h2>\n                                <h3 class=\"post_title\"><a href=\"https:\/\/letsrebold.com\/es\/blog\/estrategias-de-marketing-para-superar-la-cuesta-de-enero\/\">Estrategias de marketing para superar la cuesta de enero<\/a><\/h3>\n                                <a class=\"post_link\" href=\"https:\/\/letsrebold.com\/es\/blog\/estrategias-de-marketing-para-superar-la-cuesta-de-enero\/\"><span>Leer m\u00e1s<\/span> <span class=\"ico-right\">M\u00e1s informaci\u00f3n<\/span><\/a>\n                            <\/article>\n                                    <\/div>\n                                    <nav class=\"links links-right\" id=\"loadmore_3\">\n                        <div class=\"container\">\n                            <a href=\"#\" class=\"loadmore\" value=\"3\"><span>Cargar m\u00e1s<\/span> <span class=\"ico-right\"><\/span><\/a>\n                        <\/div>\n                    <\/nav>\n                            <\/div>\n                                <div id=\"page_4\" class=\"d-none\">\n                <div class=\"container posts\">\n                                                                        <article class=\"post rebold-communication\">\n                                <a class=\"post_image\" href=\"https:\/\/letsrebold.com\/es\/blog\/sostenibilidad-ambiental-y-cambio-climatico-en-medios-de-comunicacion\/\"><img loading=\"lazy\" decoding=\"async\" width=\"1061\" height=\"600\" src=\"https:\/\/letsrebold.com\/wp-content\/uploads\/2023\/12\/Sostenibilidad-y-cambio-climatico-en-los-medios-de-comunicacion-blog-1061x600.jpg\" class=\"attachment-img-header size-img-header wp-post-image\" alt=\"Sostenibilidad ambiental y cambio clim\u00e1tico en medios de comunicaci\u00f3n\" srcset=\"https:\/\/letsrebold.com\/wp-content\/uploads\/2023\/12\/Sostenibilidad-y-cambio-climatico-en-los-medios-de-comunicacion-blog-1061x600.jpg 1061w, https:\/\/letsrebold.com\/wp-content\/uploads\/2023\/12\/Sostenibilidad-y-cambio-climatico-en-los-medios-de-comunicacion-blog-300x169.jpg 300w, https:\/\/letsrebold.com\/wp-content\/uploads\/2023\/12\/Sostenibilidad-y-cambio-climatico-en-los-medios-de-comunicacion-blog-360x204.jpg 360w\" sizes=\"auto, (max-width: 1061px) 100vw, 1061px\" \/><\/a>\n                                <h2 class=\"post_meta\">\n                                                                                <a style=\"color: #5ac4bb\" class=\"post_tag\" href=\"?service=rebold-communication\">Rebold Communication<\/a>\n                                                                                                                                <a class=\"post_tag\" href=\"?topic=media-intelligence\">Media Intelligence<\/a>\n                                                                            <\/h2>\n                                <h3 class=\"post_title\"><a href=\"https:\/\/letsrebold.com\/es\/blog\/sostenibilidad-ambiental-y-cambio-climatico-en-medios-de-comunicacion\/\">Sostenibilidad ambiental y cambio clim\u00e1tico en los medios de comunicaci\u00f3n<\/a><\/h3>\n                                <a class=\"post_link\" href=\"https:\/\/letsrebold.com\/es\/blog\/sostenibilidad-ambiental-y-cambio-climatico-en-medios-de-comunicacion\/\"><span>Leer m\u00e1s<\/span> <span class=\"ico-right\">M\u00e1s informaci\u00f3n<\/span><\/a>\n                            <\/article>\n                                                                        <article class=\"post rebold-marketing\">\n                                <a class=\"post_image\" href=\"https:\/\/letsrebold.com\/es\/blog\/anuncios-navidenos-que-despertaran-tu-lado-mas-creativo\/\"><img loading=\"lazy\" decoding=\"async\" width=\"1061\" height=\"600\" src=\"https:\/\/letsrebold.com\/wp-content\/uploads\/2023\/12\/Anuncios-navidenos-que-despertaran-tu-lado-mas-creativo-blog-1061x600.jpg\" class=\"attachment-img-header size-img-header wp-post-image\" alt=\"anuncios navide\u00f1os que despertar\u00e1n tu lado m\u00e1s creativo\" srcset=\"https:\/\/letsrebold.com\/wp-content\/uploads\/2023\/12\/Anuncios-navidenos-que-despertaran-tu-lado-mas-creativo-blog-1061x600.jpg 1061w, https:\/\/letsrebold.com\/wp-content\/uploads\/2023\/12\/Anuncios-navidenos-que-despertaran-tu-lado-mas-creativo-blog-300x169.jpg 300w, https:\/\/letsrebold.com\/wp-content\/uploads\/2023\/12\/Anuncios-navidenos-que-despertaran-tu-lado-mas-creativo-blog-360x204.jpg 360w\" sizes=\"auto, (max-width: 1061px) 100vw, 1061px\" \/><\/a>\n                                <h2 class=\"post_meta\">\n                                                                                <a style=\"color: #e0094b\" class=\"post_tag\" href=\"?service=rebold-marketing\">Rebold Marketing<\/a>\n                                                                                                                                <a class=\"post_tag\" href=\"?topic=marketing-digital\">Marketing Digital<\/a>\n                                                                            <\/h2>\n                                <h3 class=\"post_title\"><a href=\"https:\/\/letsrebold.com\/es\/blog\/anuncios-navidenos-que-despertaran-tu-lado-mas-creativo\/\">Anuncios navide\u00f1os que despertar\u00e1n tu lado m\u00e1s creativo<\/a><\/h3>\n                                <a class=\"post_link\" href=\"https:\/\/letsrebold.com\/es\/blog\/anuncios-navidenos-que-despertaran-tu-lado-mas-creativo\/\"><span>Leer m\u00e1s<\/span> <span class=\"ico-right\">M\u00e1s informaci\u00f3n<\/span><\/a>\n                            <\/article>\n                                                                        <article class=\"post rebold-marketing\">\n                                <a class=\"post_image\" href=\"https:\/\/letsrebold.com\/es\/blog\/sostenibilidad-empresarial-como-ventaja-competitiva\/\"><img loading=\"lazy\" decoding=\"async\" width=\"1061\" height=\"600\" src=\"https:\/\/letsrebold.com\/wp-content\/uploads\/2023\/11\/La-sostenibilidad-empresarial-como-ventaja-competitiva-blog-1061x600.jpg\" class=\"attachment-img-header size-img-header wp-post-image\" alt=\"sostenibilidad empresarial como ventaja competitiva\" srcset=\"https:\/\/letsrebold.com\/wp-content\/uploads\/2023\/11\/La-sostenibilidad-empresarial-como-ventaja-competitiva-blog-1061x600.jpg 1061w, https:\/\/letsrebold.com\/wp-content\/uploads\/2023\/11\/La-sostenibilidad-empresarial-como-ventaja-competitiva-blog-300x169.jpg 300w, https:\/\/letsrebold.com\/wp-content\/uploads\/2023\/11\/La-sostenibilidad-empresarial-como-ventaja-competitiva-blog-360x204.jpg 360w\" sizes=\"auto, (max-width: 1061px) 100vw, 1061px\" \/><\/a>\n                                <h2 class=\"post_meta\">\n                                                                                <a style=\"color: #e0094b\" class=\"post_tag\" href=\"?service=rebold-marketing\">Rebold Marketing<\/a>\n                                                                                                                                <a class=\"post_tag\" href=\"?topic=sostenibilidad\">sostenibilidad<\/a>\n                                                                            <\/h2>\n                                <h3 class=\"post_title\"><a href=\"https:\/\/letsrebold.com\/es\/blog\/sostenibilidad-empresarial-como-ventaja-competitiva\/\">La sostenibilidad empresarial como ventaja competitiva<\/a><\/h3>\n                                <a class=\"post_link\" href=\"https:\/\/letsrebold.com\/es\/blog\/sostenibilidad-empresarial-como-ventaja-competitiva\/\"><span>Leer m\u00e1s<\/span> <span class=\"ico-right\">M\u00e1s informaci\u00f3n<\/span><\/a>\n                            <\/article>\n                                                                        <article class=\"post rebold-marketing\">\n                                <a class=\"post_image\" href=\"https:\/\/letsrebold.com\/es\/blog\/internacionalizacion-en-retail-media\/\"><img loading=\"lazy\" decoding=\"async\" width=\"1061\" height=\"600\" src=\"https:\/\/letsrebold.com\/wp-content\/uploads\/2023\/11\/Retail-media-para-internacionalizar-tu-negocio-blog-1061x600.jpg\" class=\"attachment-img-header size-img-header wp-post-image\" alt=\"internacionalizaci\u00f3n en retail media\" srcset=\"https:\/\/letsrebold.com\/wp-content\/uploads\/2023\/11\/Retail-media-para-internacionalizar-tu-negocio-blog-1061x600.jpg 1061w, https:\/\/letsrebold.com\/wp-content\/uploads\/2023\/11\/Retail-media-para-internacionalizar-tu-negocio-blog-300x169.jpg 300w, https:\/\/letsrebold.com\/wp-content\/uploads\/2023\/11\/Retail-media-para-internacionalizar-tu-negocio-blog-360x204.jpg 360w\" sizes=\"auto, (max-width: 1061px) 100vw, 1061px\" \/><\/a>\n                                <h2 class=\"post_meta\">\n                                                                                <a style=\"color: #e0094b\" class=\"post_tag\" href=\"?service=rebold-marketing\">Rebold Marketing<\/a>\n                                                                                                                                <a class=\"post_tag\" href=\"?topic=performance-marketing\">Performance Marketing<\/a>\n                                                                            <\/h2>\n                                <h3 class=\"post_title\"><a href=\"https:\/\/letsrebold.com\/es\/blog\/internacionalizacion-en-retail-media\/\">C\u00f3mo el retail media ayuda a internacionalizar tu marca<\/a><\/h3>\n                                <a class=\"post_link\" href=\"https:\/\/letsrebold.com\/es\/blog\/internacionalizacion-en-retail-media\/\"><span>Leer m\u00e1s<\/span> <span class=\"ico-right\">M\u00e1s informaci\u00f3n<\/span><\/a>\n                            <\/article>\n                                                                        <article class=\"post rebold-marketing\">\n                                <a class=\"post_image\" href=\"https:\/\/letsrebold.com\/es\/blog\/resenas-google-y-otros-touchpoints-gestion-de-reputacion-de-instituciones-educativas\/\"><img loading=\"lazy\" decoding=\"async\" width=\"1061\" height=\"600\" src=\"https:\/\/letsrebold.com\/wp-content\/uploads\/2023\/11\/Resenas-de-Google-y-otros-touchpoints-blog-1061x600.jpg\" class=\"attachment-img-header size-img-header wp-post-image\" alt=\"marketing educativo rese\u00f1as Google y gesti\u00f3n de reputaci\u00f3n\" srcset=\"https:\/\/letsrebold.com\/wp-content\/uploads\/2023\/11\/Resenas-de-Google-y-otros-touchpoints-blog-1061x600.jpg 1061w, https:\/\/letsrebold.com\/wp-content\/uploads\/2023\/11\/Resenas-de-Google-y-otros-touchpoints-blog-300x169.jpg 300w, https:\/\/letsrebold.com\/wp-content\/uploads\/2023\/11\/Resenas-de-Google-y-otros-touchpoints-blog-360x204.jpg 360w\" sizes=\"auto, (max-width: 1061px) 100vw, 1061px\" \/><\/a>\n                                <h2 class=\"post_meta\">\n                                                                                <a style=\"color: #e0094b\" class=\"post_tag\" href=\"?service=rebold-marketing\">Rebold Marketing<\/a>\n                                                                                                                                <a class=\"post_tag\" href=\"?topic=seo\">SEO<\/a>\n                                                                            <\/h2>\n                                <h3 class=\"post_title\"><a href=\"https:\/\/letsrebold.com\/es\/blog\/resenas-google-y-otros-touchpoints-gestion-de-reputacion-de-instituciones-educativas\/\">Rese\u00f1as de Google y otros touchpoints en la gesti\u00f3n de reputaci\u00f3n de las instituciones educativas<\/a><\/h3>\n                                <a class=\"post_link\" href=\"https:\/\/letsrebold.com\/es\/blog\/resenas-google-y-otros-touchpoints-gestion-de-reputacion-de-instituciones-educativas\/\"><span>Leer m\u00e1s<\/span> <span class=\"ico-right\">M\u00e1s informaci\u00f3n<\/span><\/a>\n                            <\/article>\n                                                                        <article class=\"post rebold-marketing\">\n                                <a class=\"post_image\" href=\"https:\/\/letsrebold.com\/es\/blog\/retail-media-onsite-vs-offsite-cual-elegir-para-tu-marca\/\"><img loading=\"lazy\" decoding=\"async\" width=\"1061\" height=\"600\" src=\"https:\/\/letsrebold.com\/wp-content\/uploads\/2023\/11\/Retail-media-onsite-u-offsite-blog-1061x600.jpg\" class=\"attachment-img-header size-img-header wp-post-image\" alt=\"Retail Media onsite vs offsite\" srcset=\"https:\/\/letsrebold.com\/wp-content\/uploads\/2023\/11\/Retail-media-onsite-u-offsite-blog-1061x600.jpg 1061w, https:\/\/letsrebold.com\/wp-content\/uploads\/2023\/11\/Retail-media-onsite-u-offsite-blog-300x169.jpg 300w, https:\/\/letsrebold.com\/wp-content\/uploads\/2023\/11\/Retail-media-onsite-u-offsite-blog-360x204.jpg 360w\" sizes=\"auto, (max-width: 1061px) 100vw, 1061px\" \/><\/a>\n                                <h2 class=\"post_meta\">\n                                                                                <a style=\"color: #e0094b\" class=\"post_tag\" href=\"?service=rebold-marketing\">Rebold Marketing<\/a>\n                                                                                                                                <a class=\"post_tag\" href=\"?topic=performance-marketing\">Performance Marketing<\/a>\n                                                                            <\/h2>\n                                <h3 class=\"post_title\"><a href=\"https:\/\/letsrebold.com\/es\/blog\/retail-media-onsite-vs-offsite-cual-elegir-para-tu-marca\/\">Retail media onsite u offsite, \u00bfcu\u00e1l puedes elegir para tu marca?<\/a><\/h3>\n                                <a class=\"post_link\" href=\"https:\/\/letsrebold.com\/es\/blog\/retail-media-onsite-vs-offsite-cual-elegir-para-tu-marca\/\"><span>Leer m\u00e1s<\/span> <span class=\"ico-right\">M\u00e1s informaci\u00f3n<\/span><\/a>\n                            <\/article>\n                                    <\/div>\n                                    <nav class=\"links links-right\" id=\"loadmore_4\">\n                        <div class=\"container\">\n                            <a href=\"#\" class=\"loadmore\" value=\"4\"><span>Cargar m\u00e1s<\/span> <span class=\"ico-right\"><\/span><\/a>\n                        <\/div>\n                    <\/nav>\n                            <\/div>\n                                <div id=\"page_5\" class=\"d-none\">\n                <div class=\"container posts\">\n                                                                        <article class=\"post rebold-marketing\">\n                                <a class=\"post_image\" href=\"https:\/\/letsrebold.com\/es\/blog\/benchmarking-en-marketing-educativo-beneficios-y-estrategias\/\"><img loading=\"lazy\" decoding=\"async\" width=\"1061\" height=\"600\" src=\"https:\/\/letsrebold.com\/wp-content\/uploads\/2023\/11\/beneficios-y-estrategias-del-benchmarking-en-el-marketing-educativo-blog-1061x600.jpg\" class=\"attachment-img-header size-img-header wp-post-image\" alt=\"beneficios y estrategias del benchmarking en el marketing educativo\" srcset=\"https:\/\/letsrebold.com\/wp-content\/uploads\/2023\/11\/beneficios-y-estrategias-del-benchmarking-en-el-marketing-educativo-blog-1061x600.jpg 1061w, https:\/\/letsrebold.com\/wp-content\/uploads\/2023\/11\/beneficios-y-estrategias-del-benchmarking-en-el-marketing-educativo-blog-300x169.jpg 300w, https:\/\/letsrebold.com\/wp-content\/uploads\/2023\/11\/beneficios-y-estrategias-del-benchmarking-en-el-marketing-educativo-blog-360x204.jpg 360w\" sizes=\"auto, (max-width: 1061px) 100vw, 1061px\" \/><\/a>\n                                <h2 class=\"post_meta\">\n                                                                                <a style=\"color: #e0094b\" class=\"post_tag\" href=\"?service=rebold-marketing\">Rebold Marketing<\/a>\n                                                                                                                                <a class=\"post_tag\" href=\"?topic=estrategia-digital\">Estrategia digital<\/a>\n                                                                            <\/h2>\n                                <h3 class=\"post_title\"><a href=\"https:\/\/letsrebold.com\/es\/blog\/benchmarking-en-marketing-educativo-beneficios-y-estrategias\/\">Beneficios y estrategias del benchmarking en el marketing educativo<\/a><\/h3>\n                                <a class=\"post_link\" href=\"https:\/\/letsrebold.com\/es\/blog\/benchmarking-en-marketing-educativo-beneficios-y-estrategias\/\"><span>Leer m\u00e1s<\/span> <span class=\"ico-right\">M\u00e1s informaci\u00f3n<\/span><\/a>\n                            <\/article>\n                                                                        <article class=\"post rebold-marketing\">\n                                <a class=\"post_image\" href=\"https:\/\/letsrebold.com\/es\/blog\/diferencias-estrategicas-retail-media-para-marcas-endemicas-y-no-endemicas\/\"><img loading=\"lazy\" decoding=\"async\" width=\"1061\" height=\"600\" src=\"https:\/\/letsrebold.com\/wp-content\/uploads\/2023\/11\/diferencias-estrategicas-en-retail-media-blog-1061x600.jpg\" class=\"attachment-img-header size-img-header wp-post-image\" alt=\"diferencias estrat\u00e9gicas en retail media para marcas end\u00e9micas y marcas no end\u00e9micas\" srcset=\"https:\/\/letsrebold.com\/wp-content\/uploads\/2023\/11\/diferencias-estrategicas-en-retail-media-blog-1061x600.jpg 1061w, https:\/\/letsrebold.com\/wp-content\/uploads\/2023\/11\/diferencias-estrategicas-en-retail-media-blog-300x169.jpg 300w, https:\/\/letsrebold.com\/wp-content\/uploads\/2023\/11\/diferencias-estrategicas-en-retail-media-blog-360x204.jpg 360w\" sizes=\"auto, (max-width: 1061px) 100vw, 1061px\" \/><\/a>\n                                <h2 class=\"post_meta\">\n                                                                                <a style=\"color: #e0094b\" class=\"post_tag\" href=\"?service=rebold-marketing\">Rebold Marketing<\/a>\n                                                                                                                                <a class=\"post_tag\" href=\"?topic=performance-marketing\">Performance Marketing<\/a>\n                                                                            <\/h2>\n                                <h3 class=\"post_title\"><a href=\"https:\/\/letsrebold.com\/es\/blog\/diferencias-estrategicas-retail-media-para-marcas-endemicas-y-no-endemicas\/\">Diferencias estrat\u00e9gicas en retail media para marcas end\u00e9micas y no end\u00e9micas<\/a><\/h3>\n                                <a class=\"post_link\" href=\"https:\/\/letsrebold.com\/es\/blog\/diferencias-estrategicas-retail-media-para-marcas-endemicas-y-no-endemicas\/\"><span>Leer m\u00e1s<\/span> <span class=\"ico-right\">M\u00e1s informaci\u00f3n<\/span><\/a>\n                            <\/article>\n                                                                        <article class=\"post rebold-marketing\">\n                                <a class=\"post_image\" href=\"https:\/\/letsrebold.com\/es\/blog\/seo-y-marketing-de-contenidos-tendencias-2024\/\"><img loading=\"lazy\" decoding=\"async\" width=\"1061\" height=\"600\" src=\"https:\/\/letsrebold.com\/wp-content\/uploads\/2023\/11\/SEO-y-marketing-de-contenidos-blog-1061x600.jpg\" class=\"attachment-img-header size-img-header wp-post-image\" alt=\"tendencias de SEO y marketing de contenidos 2024\" srcset=\"https:\/\/letsrebold.com\/wp-content\/uploads\/2023\/11\/SEO-y-marketing-de-contenidos-blog-1061x600.jpg 1061w, https:\/\/letsrebold.com\/wp-content\/uploads\/2023\/11\/SEO-y-marketing-de-contenidos-blog-300x169.jpg 300w, https:\/\/letsrebold.com\/wp-content\/uploads\/2023\/11\/SEO-y-marketing-de-contenidos-blog-360x204.jpg 360w\" sizes=\"auto, (max-width: 1061px) 100vw, 1061px\" \/><\/a>\n                                <h2 class=\"post_meta\">\n                                                                                <a style=\"color: #e0094b\" class=\"post_tag\" href=\"?service=rebold-marketing\">Rebold Marketing<\/a>\n                                                                                                                                <a class=\"post_tag\" href=\"?topic=seo\">SEO<\/a>\n                                                                            <\/h2>\n                                <h3 class=\"post_title\"><a href=\"https:\/\/letsrebold.com\/es\/blog\/seo-y-marketing-de-contenidos-tendencias-2024\/\">SEO y marketing de contenidos: tendencias 2024<\/a><\/h3>\n                                <a class=\"post_link\" href=\"https:\/\/letsrebold.com\/es\/blog\/seo-y-marketing-de-contenidos-tendencias-2024\/\"><span>Leer m\u00e1s<\/span> <span class=\"ico-right\">M\u00e1s informaci\u00f3n<\/span><\/a>\n                            <\/article>\n                                                                        <article class=\"post rebold-marketing\">\n                                <a class=\"post_image\" href=\"https:\/\/letsrebold.com\/es\/blog\/retail-media-off-site-que-es-y-como-ayuda-a-marcas\/\"><img loading=\"lazy\" decoding=\"async\" width=\"1061\" height=\"600\" src=\"https:\/\/letsrebold.com\/wp-content\/uploads\/2023\/11\/Retail-Media-Offsite-blog-1061x600.jpg\" class=\"attachment-img-header size-img-header wp-post-image\" alt=\"Retail media off site: qu\u00e9 es y c\u00f3mo puede ayudar a las marcas\" srcset=\"https:\/\/letsrebold.com\/wp-content\/uploads\/2023\/11\/Retail-Media-Offsite-blog-1061x600.jpg 1061w, https:\/\/letsrebold.com\/wp-content\/uploads\/2023\/11\/Retail-Media-Offsite-blog-300x169.jpg 300w, https:\/\/letsrebold.com\/wp-content\/uploads\/2023\/11\/Retail-Media-Offsite-blog-360x204.jpg 360w\" sizes=\"auto, (max-width: 1061px) 100vw, 1061px\" \/><\/a>\n                                <h2 class=\"post_meta\">\n                                                                                <a style=\"color: #e0094b\" class=\"post_tag\" href=\"?service=rebold-marketing\">Rebold Marketing<\/a>\n                                                                                                                                <a class=\"post_tag\" href=\"?topic=performance-marketing\">Performance Marketing<\/a>\n                                                                            <\/h2>\n                                <h3 class=\"post_title\"><a href=\"https:\/\/letsrebold.com\/es\/blog\/retail-media-off-site-que-es-y-como-ayuda-a-marcas\/\">Retail media offsite: qu\u00e9 es y c\u00f3mo puede ayudar a las marcas<\/a><\/h3>\n                                <a class=\"post_link\" href=\"https:\/\/letsrebold.com\/es\/blog\/retail-media-off-site-que-es-y-como-ayuda-a-marcas\/\"><span>Leer m\u00e1s<\/span> <span class=\"ico-right\">M\u00e1s informaci\u00f3n<\/span><\/a>\n                            <\/article>\n                                                                        <article class=\"post rebold-marketing\">\n                                <a class=\"post_image\" href=\"https:\/\/letsrebold.com\/es\/blog\/tendencias-de-branded-content-2024\/\"><img loading=\"lazy\" decoding=\"async\" width=\"1061\" height=\"600\" src=\"https:\/\/letsrebold.com\/wp-content\/uploads\/2023\/11\/cuales-son-las-tendencias-en-branded-content-para-2024-blog-1061x600.jpg\" class=\"attachment-img-header size-img-header wp-post-image\" alt=\"Tendencias de branded content para el 2024\" srcset=\"https:\/\/letsrebold.com\/wp-content\/uploads\/2023\/11\/cuales-son-las-tendencias-en-branded-content-para-2024-blog-1061x600.jpg 1061w, https:\/\/letsrebold.com\/wp-content\/uploads\/2023\/11\/cuales-son-las-tendencias-en-branded-content-para-2024-blog-300x169.jpg 300w, https:\/\/letsrebold.com\/wp-content\/uploads\/2023\/11\/cuales-son-las-tendencias-en-branded-content-para-2024-blog-360x204.jpg 360w\" sizes=\"auto, (max-width: 1061px) 100vw, 1061px\" \/><\/a>\n                                <h2 class=\"post_meta\">\n                                                                                <a style=\"color: #e0094b\" class=\"post_tag\" href=\"?service=rebold-marketing\">Rebold Marketing<\/a>\n                                                                                                                                <a class=\"post_tag\" href=\"?topic=branded-content\">branded content<\/a>\n                                                                            <\/h2>\n                                <h3 class=\"post_title\"><a href=\"https:\/\/letsrebold.com\/es\/blog\/tendencias-de-branded-content-2024\/\">\u00bfCu\u00e1les son las tendencias en branded content para 2024?<\/a><\/h3>\n                                <a class=\"post_link\" href=\"https:\/\/letsrebold.com\/es\/blog\/tendencias-de-branded-content-2024\/\"><span>Leer m\u00e1s<\/span> <span class=\"ico-right\">M\u00e1s informaci\u00f3n<\/span><\/a>\n                            <\/article>\n                                                                        <article class=\"post rebold-marketing\">\n                                <a class=\"post_image\" href=\"https:\/\/letsrebold.com\/es\/blog\/kpis-retail-media-estrategia-correcta\/\"><img loading=\"lazy\" decoding=\"async\" width=\"1061\" height=\"600\" src=\"https:\/\/letsrebold.com\/wp-content\/uploads\/2023\/10\/KPIs-de-retail-media-para-saber-si-tu-estrategia-es-la-correcta-blog-1061x600.jpg\" class=\"attachment-img-header size-img-header wp-post-image\" alt=\"KPIs de retail media para saber si tu estrategia es la correcta\" srcset=\"https:\/\/letsrebold.com\/wp-content\/uploads\/2023\/10\/KPIs-de-retail-media-para-saber-si-tu-estrategia-es-la-correcta-blog-1061x600.jpg 1061w, https:\/\/letsrebold.com\/wp-content\/uploads\/2023\/10\/KPIs-de-retail-media-para-saber-si-tu-estrategia-es-la-correcta-blog-300x169.jpg 300w, https:\/\/letsrebold.com\/wp-content\/uploads\/2023\/10\/KPIs-de-retail-media-para-saber-si-tu-estrategia-es-la-correcta-blog-360x204.jpg 360w\" sizes=\"auto, (max-width: 1061px) 100vw, 1061px\" \/><\/a>\n                                <h2 class=\"post_meta\">\n                                                                                <a style=\"color: #e0094b\" class=\"post_tag\" href=\"?service=rebold-marketing\">Rebold Marketing<\/a>\n                                                                                                                                <a class=\"post_tag\" href=\"?topic=performance-marketing\">Performance Marketing<\/a>\n                                                                            <\/h2>\n                                <h3 class=\"post_title\"><a href=\"https:\/\/letsrebold.com\/es\/blog\/kpis-retail-media-estrategia-correcta\/\">KPIs de retail media para saber si tu estrategia es la correcta<\/a><\/h3>\n                                <a class=\"post_link\" href=\"https:\/\/letsrebold.com\/es\/blog\/kpis-retail-media-estrategia-correcta\/\"><span>Leer m\u00e1s<\/span> <span class=\"ico-right\">M\u00e1s informaci\u00f3n<\/span><\/a>\n                            <\/article>\n                                    <\/div>\n                                    <nav class=\"links links-right\" id=\"loadmore_5\">\n                        <div class=\"container\">\n                            <a href=\"#\" class=\"loadmore\" value=\"5\"><span>Cargar m\u00e1s<\/span> <span class=\"ico-right\"><\/span><\/a>\n                        <\/div>\n                    <\/nav>\n                            <\/div>\n                                <div id=\"page_6\" class=\"d-none\">\n                <div class=\"container posts\">\n                                                                        <article class=\"post rebold-marketing\">\n                                <a class=\"post_image\" href=\"https:\/\/letsrebold.com\/es\/blog\/marketing-turistico-y-parques-tematicos-como-herramienta-de-comunicacion-cultural\/\"><img loading=\"lazy\" decoding=\"async\" width=\"1061\" height=\"600\" src=\"https:\/\/letsrebold.com\/wp-content\/uploads\/2023\/10\/El-marketing-turistico-y-los-parques-tematicos-como-herramienta-de-comunicacion-cultural-blog-1061x600.jpg\" class=\"attachment-img-header size-img-header wp-post-image\" alt=\"El marketing turi\u0301stico y los parques tema\u0301ticos como herramienta de comunicacio\u0301n cultural\" srcset=\"https:\/\/letsrebold.com\/wp-content\/uploads\/2023\/10\/El-marketing-turistico-y-los-parques-tematicos-como-herramienta-de-comunicacion-cultural-blog-1061x600.jpg 1061w, https:\/\/letsrebold.com\/wp-content\/uploads\/2023\/10\/El-marketing-turistico-y-los-parques-tematicos-como-herramienta-de-comunicacion-cultural-blog-300x169.jpg 300w, https:\/\/letsrebold.com\/wp-content\/uploads\/2023\/10\/El-marketing-turistico-y-los-parques-tematicos-como-herramienta-de-comunicacion-cultural-blog-360x204.jpg 360w\" sizes=\"auto, (max-width: 1061px) 100vw, 1061px\" \/><\/a>\n                                <h2 class=\"post_meta\">\n                                                                                <a style=\"color: #e0094b\" class=\"post_tag\" href=\"?service=rebold-marketing\">Rebold Marketing<\/a>\n                                                                                                                                <a class=\"post_tag\" href=\"?topic=marketing-digital\">Marketing Digital<\/a>\n                                                                            <\/h2>\n                                <h3 class=\"post_title\"><a href=\"https:\/\/letsrebold.com\/es\/blog\/marketing-turistico-y-parques-tematicos-como-herramienta-de-comunicacion-cultural\/\">El marketing tur\u00edstico y los parques tem\u00e1ticos como herramienta de comunicaci\u00f3n cultural<\/a><\/h3>\n                                <a class=\"post_link\" href=\"https:\/\/letsrebold.com\/es\/blog\/marketing-turistico-y-parques-tematicos-como-herramienta-de-comunicacion-cultural\/\"><span>Leer m\u00e1s<\/span> <span class=\"ico-right\">M\u00e1s informaci\u00f3n<\/span><\/a>\n                            <\/article>\n                                                                        <article class=\"post rebold-marketing\">\n                                <a class=\"post_image\" href=\"https:\/\/letsrebold.com\/es\/blog\/canales-efectivos-paid-media-para-conectar-con-visitantes-parques-tematicos\/\"><img loading=\"lazy\" decoding=\"async\" width=\"1061\" height=\"600\" src=\"https:\/\/letsrebold.com\/wp-content\/uploads\/2023\/10\/Canales-efectivos-de-paid-media-para-conectar-con-los-visitantes-de-parques-tematicos-blog-1061x600.jpg\" class=\"attachment-img-header size-img-header wp-post-image\" alt=\"estrategias paid media en parques tematicos\" srcset=\"https:\/\/letsrebold.com\/wp-content\/uploads\/2023\/10\/Canales-efectivos-de-paid-media-para-conectar-con-los-visitantes-de-parques-tematicos-blog-1061x600.jpg 1061w, https:\/\/letsrebold.com\/wp-content\/uploads\/2023\/10\/Canales-efectivos-de-paid-media-para-conectar-con-los-visitantes-de-parques-tematicos-blog-300x169.jpg 300w, https:\/\/letsrebold.com\/wp-content\/uploads\/2023\/10\/Canales-efectivos-de-paid-media-para-conectar-con-los-visitantes-de-parques-tematicos-blog-360x204.jpg 360w\" sizes=\"auto, (max-width: 1061px) 100vw, 1061px\" \/><\/a>\n                                <h2 class=\"post_meta\">\n                                                                                <a style=\"color: #e0094b\" class=\"post_tag\" href=\"?service=rebold-marketing\">Rebold Marketing<\/a>\n                                                                                                                                <a class=\"post_tag\" href=\"?topic=performance-marketing\">Performance Marketing<\/a>\n                                                                            <\/h2>\n                                <h3 class=\"post_title\"><a href=\"https:\/\/letsrebold.com\/es\/blog\/canales-efectivos-paid-media-para-conectar-con-visitantes-parques-tematicos\/\">Canales efectivos de paid media para conectar con los visitantes de parques tem\u00e1ticos<\/a><\/h3>\n                                <a class=\"post_link\" href=\"https:\/\/letsrebold.com\/es\/blog\/canales-efectivos-paid-media-para-conectar-con-visitantes-parques-tematicos\/\"><span>Leer m\u00e1s<\/span> <span class=\"ico-right\">M\u00e1s informaci\u00f3n<\/span><\/a>\n                            <\/article>\n                                                                        <article class=\"post rebold-marketing\">\n                                <a class=\"post_image\" href=\"https:\/\/letsrebold.com\/es\/blog\/halloween-fecha-clave-para-impulsar-negocios-digitales\/\"><img loading=\"lazy\" decoding=\"async\" width=\"1061\" height=\"600\" src=\"https:\/\/letsrebold.com\/wp-content\/uploads\/2023\/10\/Halloween-o-como-hacer-un-impulso-de-miedo-en-los-negocios-digitales-blog-1061x600.jpg\" class=\"attachment-img-header size-img-header wp-post-image\" alt=\"negocios digitales y halloween\" srcset=\"https:\/\/letsrebold.com\/wp-content\/uploads\/2023\/10\/Halloween-o-como-hacer-un-impulso-de-miedo-en-los-negocios-digitales-blog-1061x600.jpg 1061w, https:\/\/letsrebold.com\/wp-content\/uploads\/2023\/10\/Halloween-o-como-hacer-un-impulso-de-miedo-en-los-negocios-digitales-blog-300x169.jpg 300w, https:\/\/letsrebold.com\/wp-content\/uploads\/2023\/10\/Halloween-o-como-hacer-un-impulso-de-miedo-en-los-negocios-digitales-blog-360x204.jpg 360w\" sizes=\"auto, (max-width: 1061px) 100vw, 1061px\" \/><\/a>\n                                <h2 class=\"post_meta\">\n                                                                                <a style=\"color: #e0094b\" class=\"post_tag\" href=\"?service=rebold-marketing\">Rebold Marketing<\/a>\n                                                                                                                                <a class=\"post_tag\" href=\"?topic=performance-marketing\">Performance Marketing<\/a>\n                                                                            <\/h2>\n                                <h3 class=\"post_title\"><a href=\"https:\/\/letsrebold.com\/es\/blog\/halloween-fecha-clave-para-impulsar-negocios-digitales\/\">Por qu\u00e9 Halloween se ha convertido en fecha clave para impulsar los negocios digitales<\/a><\/h3>\n                                <a class=\"post_link\" href=\"https:\/\/letsrebold.com\/es\/blog\/halloween-fecha-clave-para-impulsar-negocios-digitales\/\"><span>Leer m\u00e1s<\/span> <span class=\"ico-right\">M\u00e1s informaci\u00f3n<\/span><\/a>\n                            <\/article>\n                                                                        <article class=\"post rebold-marketing\">\n                                <a class=\"post_image\" href=\"https:\/\/letsrebold.com\/es\/blog\/influencer-marketing-y-segmentacion-generacional-industria-entretenimiento\/\"><img loading=\"lazy\" decoding=\"async\" width=\"1061\" height=\"600\" src=\"https:\/\/letsrebold.com\/wp-content\/uploads\/2023\/10\/influencer-marketing-y-segmentacion-generacional-en-la-industria-del-entretenimiento-blog-1061x600.jpg\" class=\"attachment-img-header size-img-header wp-post-image\" alt=\"influencer marketing y segmentaci\u00f3n en parques tem\u00e1ticos\" srcset=\"https:\/\/letsrebold.com\/wp-content\/uploads\/2023\/10\/influencer-marketing-y-segmentacion-generacional-en-la-industria-del-entretenimiento-blog-1061x600.jpg 1061w, https:\/\/letsrebold.com\/wp-content\/uploads\/2023\/10\/influencer-marketing-y-segmentacion-generacional-en-la-industria-del-entretenimiento-blog-300x169.jpg 300w, https:\/\/letsrebold.com\/wp-content\/uploads\/2023\/10\/influencer-marketing-y-segmentacion-generacional-en-la-industria-del-entretenimiento-blog-360x204.jpg 360w\" sizes=\"auto, (max-width: 1061px) 100vw, 1061px\" \/><\/a>\n                                <h2 class=\"post_meta\">\n                                                                                <a style=\"color: #e0094b\" class=\"post_tag\" href=\"?service=rebold-marketing\">Rebold Marketing<\/a>\n                                                                                                                                <a class=\"post_tag\" href=\"?topic=influencer-marketing\">Influencer Marketing<\/a>\n                                                                            <\/h2>\n                                <h3 class=\"post_title\"><a href=\"https:\/\/letsrebold.com\/es\/blog\/influencer-marketing-y-segmentacion-generacional-industria-entretenimiento\/\">Influencer marketing y segmentaci\u00f3n generacional en la industria del entretenimiento<\/a><\/h3>\n                                <a class=\"post_link\" href=\"https:\/\/letsrebold.com\/es\/blog\/influencer-marketing-y-segmentacion-generacional-industria-entretenimiento\/\"><span>Leer m\u00e1s<\/span> <span class=\"ico-right\">M\u00e1s informaci\u00f3n<\/span><\/a>\n                            <\/article>\n                                                                        <article class=\"post rebold-marketing\">\n                                <a class=\"post_image\" href=\"https:\/\/letsrebold.com\/es\/blog\/branded-content-storytelling-impulsar-visitas-en-parques-tematicos-y-de-atracciones\/\"><img loading=\"lazy\" decoding=\"async\" width=\"1061\" height=\"600\" src=\"https:\/\/letsrebold.com\/wp-content\/uploads\/2023\/10\/Branded-Content-y-storytelling-para-impulsar-las-visitas-en-parques-tematicos-blog-1061x600.jpg\" class=\"attachment-img-header size-img-header wp-post-image\" alt=\"estrategias branded content en parques tematicos\" srcset=\"https:\/\/letsrebold.com\/wp-content\/uploads\/2023\/10\/Branded-Content-y-storytelling-para-impulsar-las-visitas-en-parques-tematicos-blog-1061x600.jpg 1061w, https:\/\/letsrebold.com\/wp-content\/uploads\/2023\/10\/Branded-Content-y-storytelling-para-impulsar-las-visitas-en-parques-tematicos-blog-300x169.jpg 300w, https:\/\/letsrebold.com\/wp-content\/uploads\/2023\/10\/Branded-Content-y-storytelling-para-impulsar-las-visitas-en-parques-tematicos-blog-360x204.jpg 360w\" sizes=\"auto, (max-width: 1061px) 100vw, 1061px\" \/><\/a>\n                                <h2 class=\"post_meta\">\n                                                                                <a style=\"color: #e0094b\" class=\"post_tag\" href=\"?service=rebold-marketing\">Rebold Marketing<\/a>\n                                                                                                                                <a class=\"post_tag\" href=\"?topic=branded-content\">branded content<\/a>\n                                                                            <\/h2>\n                                <h3 class=\"post_title\"><a href=\"https:\/\/letsrebold.com\/es\/blog\/branded-content-storytelling-impulsar-visitas-en-parques-tematicos-y-de-atracciones\/\">Branded content y storytelling para impulsar las visitas en los parques tem\u00e1ticos y de atracciones<\/a><\/h3>\n                                <a class=\"post_link\" href=\"https:\/\/letsrebold.com\/es\/blog\/branded-content-storytelling-impulsar-visitas-en-parques-tematicos-y-de-atracciones\/\"><span>Leer m\u00e1s<\/span> <span class=\"ico-right\">M\u00e1s informaci\u00f3n<\/span><\/a>\n                            <\/article>\n                                                                        <article class=\"post rebold-marketing\">\n                                <a class=\"post_image\" href=\"https:\/\/letsrebold.com\/es\/blog\/estrategias-comunicacion-y-marketing-digital-peak-season-2023\/\"><img loading=\"lazy\" decoding=\"async\" width=\"1061\" height=\"600\" src=\"https:\/\/letsrebold.com\/wp-content\/uploads\/2023\/10\/Prepara-tu-estrategia-de-comunicacion-y-marketing-digital-para-la-Peak-Season-2023-blog-1061x600.jpg\" class=\"attachment-img-header size-img-header wp-post-image\" alt=\"comunicaci\u00f3n y marketing digital en peak season\" srcset=\"https:\/\/letsrebold.com\/wp-content\/uploads\/2023\/10\/Prepara-tu-estrategia-de-comunicacion-y-marketing-digital-para-la-Peak-Season-2023-blog-1061x600.jpg 1061w, https:\/\/letsrebold.com\/wp-content\/uploads\/2023\/10\/Prepara-tu-estrategia-de-comunicacion-y-marketing-digital-para-la-Peak-Season-2023-blog-300x169.jpg 300w, https:\/\/letsrebold.com\/wp-content\/uploads\/2023\/10\/Prepara-tu-estrategia-de-comunicacion-y-marketing-digital-para-la-Peak-Season-2023-blog-360x204.jpg 360w\" sizes=\"auto, (max-width: 1061px) 100vw, 1061px\" \/><\/a>\n                                <h2 class=\"post_meta\">\n                                                                                <a style=\"color: #e0094b\" class=\"post_tag\" href=\"?service=rebold-marketing\">Rebold Marketing<\/a>\n                                                                                                                                <a class=\"post_tag\" href=\"?topic=planificacion-estrategica\">Planificaci\u00f3n estrat\u00e9gica<\/a>\n                                                                            <\/h2>\n                                <h3 class=\"post_title\"><a href=\"https:\/\/letsrebold.com\/es\/blog\/estrategias-comunicacion-y-marketing-digital-peak-season-2023\/\">Prepara tu estrategia de comunicaci\u00f3n y marketing digital para la Peak Season 2023<\/a><\/h3>\n                                <a class=\"post_link\" href=\"https:\/\/letsrebold.com\/es\/blog\/estrategias-comunicacion-y-marketing-digital-peak-season-2023\/\"><span>Leer m\u00e1s<\/span> <span class=\"ico-right\">M\u00e1s informaci\u00f3n<\/span><\/a>\n                            <\/article>\n                                    <\/div>\n                                    <nav class=\"links links-right\" id=\"loadmore_6\">\n                        <div class=\"container\">\n                            <a href=\"#\" class=\"loadmore\" value=\"6\"><span>Cargar m\u00e1s<\/span> <span class=\"ico-right\"><\/span><\/a>\n                        <\/div>\n                    <\/nav>\n                            <\/div>\n                                <div id=\"page_7\" class=\"d-none\">\n                <div class=\"container posts\">\n                                                                        <article class=\"post rebold-marketing\">\n                                <a class=\"post_image\" href=\"https:\/\/letsrebold.com\/es\/blog\/marketing-digital-y-parques-tematicos-estrategias-visibilidad-y-reputacion-de-marca\/\"><img loading=\"lazy\" decoding=\"async\" width=\"1061\" height=\"600\" src=\"https:\/\/letsrebold.com\/wp-content\/uploads\/2023\/10\/marketing-digital-para-parques-tematicos-blog-1061x600.jpg\" class=\"attachment-img-header size-img-header wp-post-image\" alt=\"marketing digital y parques tem\u00e1ticos\" srcset=\"https:\/\/letsrebold.com\/wp-content\/uploads\/2023\/10\/marketing-digital-para-parques-tematicos-blog-1061x600.jpg 1061w, https:\/\/letsrebold.com\/wp-content\/uploads\/2023\/10\/marketing-digital-para-parques-tematicos-blog-300x169.jpg 300w, https:\/\/letsrebold.com\/wp-content\/uploads\/2023\/10\/marketing-digital-para-parques-tematicos-blog-360x204.jpg 360w\" sizes=\"auto, (max-width: 1061px) 100vw, 1061px\" \/><\/a>\n                                <h2 class=\"post_meta\">\n                                                                                <a style=\"color: #e0094b\" class=\"post_tag\" href=\"?service=rebold-marketing\">Rebold Marketing<\/a>\n                                                                                                                                <a class=\"post_tag\" href=\"?topic=marketing-digital\">Marketing Digital<\/a>\n                                                                            <\/h2>\n                                <h3 class=\"post_title\"><a href=\"https:\/\/letsrebold.com\/es\/blog\/marketing-digital-y-parques-tematicos-estrategias-visibilidad-y-reputacion-de-marca\/\">Marketing digital para parques tem\u00e1ticos: estrategias de visibilidad y reputaci\u00f3n de marca<\/a><\/h3>\n                                <a class=\"post_link\" href=\"https:\/\/letsrebold.com\/es\/blog\/marketing-digital-y-parques-tematicos-estrategias-visibilidad-y-reputacion-de-marca\/\"><span>Leer m\u00e1s<\/span> <span class=\"ico-right\">M\u00e1s informaci\u00f3n<\/span><\/a>\n                            <\/article>\n                                                                        <article class=\"post rebold-marketing\">\n                                <a class=\"post_image\" href=\"https:\/\/letsrebold.com\/es\/blog\/retail-media-on-site-que-es-y-por-que-puede-ayudar-a-las-marcas\/\"><img loading=\"lazy\" decoding=\"async\" width=\"1061\" height=\"600\" src=\"https:\/\/letsrebold.com\/wp-content\/uploads\/2023\/10\/Retail-media-on-site-blog-1061x600.jpg\" class=\"attachment-img-header size-img-header wp-post-image\" alt=\"retail media on site\" srcset=\"https:\/\/letsrebold.com\/wp-content\/uploads\/2023\/10\/Retail-media-on-site-blog-1061x600.jpg 1061w, https:\/\/letsrebold.com\/wp-content\/uploads\/2023\/10\/Retail-media-on-site-blog-300x169.jpg 300w, https:\/\/letsrebold.com\/wp-content\/uploads\/2023\/10\/Retail-media-on-site-blog-360x204.jpg 360w\" sizes=\"auto, (max-width: 1061px) 100vw, 1061px\" \/><\/a>\n                                <h2 class=\"post_meta\">\n                                                                                <a style=\"color: #e0094b\" class=\"post_tag\" href=\"?service=rebold-marketing\">Rebold Marketing<\/a>\n                                                                                                                                <a class=\"post_tag\" href=\"?topic=advertising-data\">advertising data<\/a>\n                                                                            <\/h2>\n                                <h3 class=\"post_title\"><a href=\"https:\/\/letsrebold.com\/es\/blog\/retail-media-on-site-que-es-y-por-que-puede-ayudar-a-las-marcas\/\">Retail media onsite: qu\u00e9 es y por qu\u00e9 puede ayudar a las marcas<\/a><\/h3>\n                                <a class=\"post_link\" href=\"https:\/\/letsrebold.com\/es\/blog\/retail-media-on-site-que-es-y-por-que-puede-ayudar-a-las-marcas\/\"><span>Leer m\u00e1s<\/span> <span class=\"ico-right\">M\u00e1s informaci\u00f3n<\/span><\/a>\n                            <\/article>\n                                                                        <article class=\"post rebold-marketing\">\n                                <a class=\"post_image\" href=\"https:\/\/letsrebold.com\/es\/blog\/canales-digitales-de-marketing\/\"><img loading=\"lazy\" decoding=\"async\" width=\"1061\" height=\"600\" src=\"https:\/\/letsrebold.com\/wp-content\/uploads\/2023\/10\/Los-canales-digitales-del-momento-para-enriquecer-tu-estrategia-de-marketing-1061x600.jpg\" class=\"attachment-img-header size-img-header wp-post-image\" alt=\"canales digitales de marketing\" srcset=\"https:\/\/letsrebold.com\/wp-content\/uploads\/2023\/10\/Los-canales-digitales-del-momento-para-enriquecer-tu-estrategia-de-marketing-1061x600.jpg 1061w, https:\/\/letsrebold.com\/wp-content\/uploads\/2023\/10\/Los-canales-digitales-del-momento-para-enriquecer-tu-estrategia-de-marketing-300x169.jpg 300w, https:\/\/letsrebold.com\/wp-content\/uploads\/2023\/10\/Los-canales-digitales-del-momento-para-enriquecer-tu-estrategia-de-marketing-360x204.jpg 360w\" sizes=\"auto, (max-width: 1061px) 100vw, 1061px\" \/><\/a>\n                                <h2 class=\"post_meta\">\n                                                                                <a style=\"color: #e0094b\" class=\"post_tag\" href=\"?service=rebold-marketing\">Rebold Marketing<\/a>\n                                                                                                                                <a class=\"post_tag\" href=\"?topic=marketing-digital\">Marketing Digital<\/a>\n                                                                            <\/h2>\n                                <h3 class=\"post_title\"><a href=\"https:\/\/letsrebold.com\/es\/blog\/canales-digitales-de-marketing\/\">Los canales digitales del momento para enriquecer tu estrategia de marketing<\/a><\/h3>\n                                <a class=\"post_link\" href=\"https:\/\/letsrebold.com\/es\/blog\/canales-digitales-de-marketing\/\"><span>Leer m\u00e1s<\/span> <span class=\"ico-right\">M\u00e1s informaci\u00f3n<\/span><\/a>\n                            <\/article>\n                                                                        <article class=\"post rebold-marketing\">\n                                <a class=\"post_image\" href=\"https:\/\/letsrebold.com\/es\/blog\/inteligencia-artificial-modelos-comunicativos\/\"><img loading=\"lazy\" decoding=\"async\" width=\"1061\" height=\"600\" src=\"https:\/\/letsrebold.com\/wp-content\/uploads\/2023\/10\/Del-panico-de-la-IA-a-las-soluciones-del-marketing-5-0-blog-1061x600.jpg\" class=\"attachment-img-header size-img-header wp-post-image\" alt=\"inteligencia artificial y marketing 5.0\" srcset=\"https:\/\/letsrebold.com\/wp-content\/uploads\/2023\/10\/Del-panico-de-la-IA-a-las-soluciones-del-marketing-5-0-blog-1061x600.jpg 1061w, https:\/\/letsrebold.com\/wp-content\/uploads\/2023\/10\/Del-panico-de-la-IA-a-las-soluciones-del-marketing-5-0-blog-300x169.jpg 300w, https:\/\/letsrebold.com\/wp-content\/uploads\/2023\/10\/Del-panico-de-la-IA-a-las-soluciones-del-marketing-5-0-blog-360x204.jpg 360w\" sizes=\"auto, (max-width: 1061px) 100vw, 1061px\" \/><\/a>\n                                <h2 class=\"post_meta\">\n                                                                                <a style=\"color: #e0094b\" class=\"post_tag\" href=\"?service=rebold-marketing\">Rebold Marketing<\/a>\n                                                                                                                                <a class=\"post_tag\" href=\"?topic=inteligencia-artificial\">Inteligencia Artificial<\/a>\n                                                                            <\/h2>\n                                <h3 class=\"post_title\"><a href=\"https:\/\/letsrebold.com\/es\/blog\/inteligencia-artificial-modelos-comunicativos\/\">Del p\u00e1nico de la IA a las nuevas soluciones del marketing 5.0<\/a><\/h3>\n                                <a class=\"post_link\" href=\"https:\/\/letsrebold.com\/es\/blog\/inteligencia-artificial-modelos-comunicativos\/\"><span>Leer m\u00e1s<\/span> <span class=\"ico-right\">M\u00e1s informaci\u00f3n<\/span><\/a>\n                            <\/article>\n                                                                        <article class=\"post rebold-marketing\">\n                                <a class=\"post_image\" href=\"https:\/\/letsrebold.com\/es\/blog\/retail-media-networks-peak-season\/\"><img loading=\"lazy\" decoding=\"async\" width=\"1061\" height=\"600\" src=\"https:\/\/letsrebold.com\/wp-content\/uploads\/2023\/10\/Como-llegar-a-audiencias-mas-cualificadas-a-traves-del-RMN-1061x600.jpg\" class=\"attachment-img-header size-img-header wp-post-image\" alt=\"retail media networks llegar a mas audiencias en peak season\" srcset=\"https:\/\/letsrebold.com\/wp-content\/uploads\/2023\/10\/Como-llegar-a-audiencias-mas-cualificadas-a-traves-del-RMN-1061x600.jpg 1061w, https:\/\/letsrebold.com\/wp-content\/uploads\/2023\/10\/Como-llegar-a-audiencias-mas-cualificadas-a-traves-del-RMN-300x169.jpg 300w, https:\/\/letsrebold.com\/wp-content\/uploads\/2023\/10\/Como-llegar-a-audiencias-mas-cualificadas-a-traves-del-RMN-360x204.jpg 360w\" sizes=\"auto, (max-width: 1061px) 100vw, 1061px\" \/><\/a>\n                                <h2 class=\"post_meta\">\n                                                                                <a style=\"color: #e0094b\" class=\"post_tag\" href=\"?service=rebold-marketing\">Rebold Marketing<\/a>\n                                                                                                                                <a class=\"post_tag\" href=\"?topic=performance-marketing\">Performance Marketing<\/a>\n                                                                            <\/h2>\n                                <h3 class=\"post_title\"><a href=\"https:\/\/letsrebold.com\/es\/blog\/retail-media-networks-peak-season\/\">Peak Season 2023: las Retail Media Networks para llegar a audiencias (m\u00e1s) cualificadas<\/a><\/h3>\n                                <a class=\"post_link\" href=\"https:\/\/letsrebold.com\/es\/blog\/retail-media-networks-peak-season\/\"><span>Leer m\u00e1s<\/span> <span class=\"ico-right\">M\u00e1s informaci\u00f3n<\/span><\/a>\n                            <\/article>\n                                                                        <article class=\"post rebold-marketing\">\n                                <a class=\"post_image\" href=\"https:\/\/letsrebold.com\/es\/blog\/rebold-fortalecera-la-estrategia-digital-de-volvo-trucks\/\"><img loading=\"lazy\" decoding=\"async\" width=\"1061\" height=\"600\" src=\"https:\/\/letsrebold.com\/wp-content\/uploads\/2023\/09\/Rebold_Volvo-Portada-1-1061x600.jpg\" class=\"attachment-img-header size-img-header wp-post-image\" alt=\"Rebold refuerza el conocimiento de marca de Volvo Trucks\" srcset=\"https:\/\/letsrebold.com\/wp-content\/uploads\/2023\/09\/Rebold_Volvo-Portada-1-1061x600.jpg 1061w, https:\/\/letsrebold.com\/wp-content\/uploads\/2023\/09\/Rebold_Volvo-Portada-1-300x169.jpg 300w, https:\/\/letsrebold.com\/wp-content\/uploads\/2023\/09\/Rebold_Volvo-Portada-1-360x204.jpg 360w\" sizes=\"auto, (max-width: 1061px) 100vw, 1061px\" \/><\/a>\n                                <h2 class=\"post_meta\">\n                                                                                <a style=\"color: #e0094b\" class=\"post_tag\" href=\"?service=rebold-marketing\">Rebold Marketing<\/a>\n                                                                                                                                <a class=\"post_tag\" href=\"?topic=estrategia-digital\">Estrategia digital<\/a>\n                                                                            <\/h2>\n                                <h3 class=\"post_title\"><a href=\"https:\/\/letsrebold.com\/es\/blog\/rebold-fortalecera-la-estrategia-digital-de-volvo-trucks\/\">Rebold fortalecer\u00e1 la estrategia digital de Volvo Trucks<\/a><\/h3>\n                                <a class=\"post_link\" href=\"https:\/\/letsrebold.com\/es\/blog\/rebold-fortalecera-la-estrategia-digital-de-volvo-trucks\/\"><span>Leer m\u00e1s<\/span> <span class=\"ico-right\">M\u00e1s informaci\u00f3n<\/span><\/a>\n                            <\/article>\n                                    <\/div>\n                                    <nav class=\"links links-right\" id=\"loadmore_7\">\n                        <div class=\"container\">\n                            <a href=\"#\" class=\"loadmore\" value=\"7\"><span>Cargar m\u00e1s<\/span> <span class=\"ico-right\"><\/span><\/a>\n                        <\/div>\n                    <\/nav>\n                            <\/div>\n                                <div id=\"page_8\" class=\"d-none\">\n                <div class=\"container posts\">\n                                                                        <article class=\"post rebold-communication\">\n                                <a class=\"post_image\" href=\"https:\/\/letsrebold.com\/es\/blog\/estrategias-en-redes-sociales\/\"><img loading=\"lazy\" decoding=\"async\" width=\"1061\" height=\"600\" src=\"https:\/\/letsrebold.com\/wp-content\/uploads\/2023\/09\/Las-redes-sociales-como-motor-de-cambio-en-el-sector-turistico-2023-1061x600.jpg\" class=\"attachment-img-header size-img-header wp-post-image\" alt=\"sector turismo estrategia redes sociales\" srcset=\"https:\/\/letsrebold.com\/wp-content\/uploads\/2023\/09\/Las-redes-sociales-como-motor-de-cambio-en-el-sector-turistico-2023-1061x600.jpg 1061w, https:\/\/letsrebold.com\/wp-content\/uploads\/2023\/09\/Las-redes-sociales-como-motor-de-cambio-en-el-sector-turistico-2023-300x169.jpg 300w, https:\/\/letsrebold.com\/wp-content\/uploads\/2023\/09\/Las-redes-sociales-como-motor-de-cambio-en-el-sector-turistico-2023-360x204.jpg 360w\" sizes=\"auto, (max-width: 1061px) 100vw, 1061px\" \/><\/a>\n                                <h2 class=\"post_meta\">\n                                                                                <a style=\"color: #5ac4bb\" class=\"post_tag\" href=\"?service=rebold-communication\">Rebold Communication<\/a>\n                                                                                                                                <a class=\"post_tag\" href=\"?topic=consumer\">consumer<\/a>\n                                                                            <\/h2>\n                                <h3 class=\"post_title\"><a href=\"https:\/\/letsrebold.com\/es\/blog\/estrategias-en-redes-sociales\/\">Las redes sociales como motor de cambio en el sector tur\u00edstico 2023<\/a><\/h3>\n                                <a class=\"post_link\" href=\"https:\/\/letsrebold.com\/es\/blog\/estrategias-en-redes-sociales\/\"><span>Leer m\u00e1s<\/span> <span class=\"ico-right\">M\u00e1s informaci\u00f3n<\/span><\/a>\n                            <\/article>\n                                                                        <article class=\"post rebold-communication\">\n                                <a class=\"post_image\" href=\"https:\/\/letsrebold.com\/es\/blog\/audiencias-competiciones-femeninas-frente-masculinas\/\"><img loading=\"lazy\" decoding=\"async\" width=\"1061\" height=\"600\" src=\"https:\/\/letsrebold.com\/wp-content\/uploads\/2023\/09\/La-cobertura-mediatica-de-las-competiciones-femeninas-frente-a-las-masculinas-1061x600.jpg\" class=\"attachment-img-header size-img-header wp-post-image\" alt=\"estudio rebold y apple tree audiencias competiciones femeninas frente masculinas\" srcset=\"https:\/\/letsrebold.com\/wp-content\/uploads\/2023\/09\/La-cobertura-mediatica-de-las-competiciones-femeninas-frente-a-las-masculinas-1061x600.jpg 1061w, https:\/\/letsrebold.com\/wp-content\/uploads\/2023\/09\/La-cobertura-mediatica-de-las-competiciones-femeninas-frente-a-las-masculinas-300x169.jpg 300w, https:\/\/letsrebold.com\/wp-content\/uploads\/2023\/09\/La-cobertura-mediatica-de-las-competiciones-femeninas-frente-a-las-masculinas-360x204.jpg 360w\" sizes=\"auto, (max-width: 1061px) 100vw, 1061px\" \/><\/a>\n                                <h2 class=\"post_meta\">\n                                                                                <a style=\"color: #5ac4bb\" class=\"post_tag\" href=\"?service=rebold-communication\">Rebold Communication<\/a>\n                                                                                                                                <a class=\"post_tag\" href=\"?topic=audiencias\">audiencias<\/a>\n                                                                            <\/h2>\n                                <h3 class=\"post_title\"><a href=\"https:\/\/letsrebold.com\/es\/blog\/audiencias-competiciones-femeninas-frente-masculinas\/\">La cobertura medi\u00e1tica de las competiciones femeninas frente a las masculinas<\/a><\/h3>\n                                <a class=\"post_link\" href=\"https:\/\/letsrebold.com\/es\/blog\/audiencias-competiciones-femeninas-frente-masculinas\/\"><span>Leer m\u00e1s<\/span> <span class=\"ico-right\">M\u00e1s informaci\u00f3n<\/span><\/a>\n                            <\/article>\n                                                                        <article class=\"post rebold-marketing\">\n                                <a class=\"post_image\" href=\"https:\/\/letsrebold.com\/es\/blog\/foodies-influencer-marketing\/\"><img loading=\"lazy\" decoding=\"async\" width=\"1061\" height=\"600\" src=\"https:\/\/letsrebold.com\/wp-content\/uploads\/2023\/09\/El-influencer-foodie-como-reactivador-en-el-sector-de-la-restauracion-1061x600.jpg\" class=\"attachment-img-header size-img-header wp-post-image\" alt=\"influencer marketing foodie\" srcset=\"https:\/\/letsrebold.com\/wp-content\/uploads\/2023\/09\/El-influencer-foodie-como-reactivador-en-el-sector-de-la-restauracion-1061x600.jpg 1061w, https:\/\/letsrebold.com\/wp-content\/uploads\/2023\/09\/El-influencer-foodie-como-reactivador-en-el-sector-de-la-restauracion-300x169.jpg 300w, https:\/\/letsrebold.com\/wp-content\/uploads\/2023\/09\/El-influencer-foodie-como-reactivador-en-el-sector-de-la-restauracion-360x204.jpg 360w\" sizes=\"auto, (max-width: 1061px) 100vw, 1061px\" \/><\/a>\n                                <h2 class=\"post_meta\">\n                                                                                <a style=\"color: #e0094b\" class=\"post_tag\" href=\"?service=rebold-marketing\">Rebold Marketing<\/a>\n                                                                                                                                <a class=\"post_tag\" href=\"?topic=influencer-marketing\">Influencer Marketing<\/a>\n                                                                            <\/h2>\n                                <h3 class=\"post_title\"><a href=\"https:\/\/letsrebold.com\/es\/blog\/foodies-influencer-marketing\/\">El influencer foodie como reactivador en el sector de la restauraci\u00f3n<\/a><\/h3>\n                                <a class=\"post_link\" href=\"https:\/\/letsrebold.com\/es\/blog\/foodies-influencer-marketing\/\"><span>Leer m\u00e1s<\/span> <span class=\"ico-right\">M\u00e1s informaci\u00f3n<\/span><\/a>\n                            <\/article>\n                                                                        <article class=\"post rebold-communication\">\n                                <a class=\"post_image\" href=\"https:\/\/letsrebold.com\/es\/blog\/oliva-la-plataforma-inteligente-de-clasificacion-de-contenidos-desarrollada-con-el-apoyo-del-cdti-y-el-feder\/\"><img loading=\"lazy\" decoding=\"async\" width=\"1061\" height=\"600\" src=\"https:\/\/letsrebold.com\/wp-content\/uploads\/2023\/08\/OLIVA-blog-post-1061x600.jpg\" class=\"attachment-img-header size-img-header wp-post-image\" alt=\"OLIVA la plataforma inteligente de clasificaci\u00f3n de contenidos blog post\" srcset=\"https:\/\/letsrebold.com\/wp-content\/uploads\/2023\/08\/OLIVA-blog-post-1061x600.jpg 1061w, https:\/\/letsrebold.com\/wp-content\/uploads\/2023\/08\/OLIVA-blog-post-300x169.jpg 300w, https:\/\/letsrebold.com\/wp-content\/uploads\/2023\/08\/OLIVA-blog-post-360x204.jpg 360w\" sizes=\"auto, (max-width: 1061px) 100vw, 1061px\" \/><\/a>\n                                <h2 class=\"post_meta\">\n                                                                                <a style=\"color: #5ac4bb\" class=\"post_tag\" href=\"?service=rebold-communication\">Rebold Communication<\/a>\n                                                                                                                                <a class=\"post_tag\" href=\"?topic=innovacion\">Innovaci\u00f3n<\/a>\n                                                                            <\/h2>\n                                <h3 class=\"post_title\"><a href=\"https:\/\/letsrebold.com\/es\/blog\/oliva-la-plataforma-inteligente-de-clasificacion-de-contenidos-desarrollada-con-el-apoyo-del-cdti-y-el-feder\/\">Oliva: la plataforma inteligente de clasificaci\u00f3n de contenidos desarrollada con el apoyo del CDTI y el FEDER<\/a><\/h3>\n                                <a class=\"post_link\" href=\"https:\/\/letsrebold.com\/es\/blog\/oliva-la-plataforma-inteligente-de-clasificacion-de-contenidos-desarrollada-con-el-apoyo-del-cdti-y-el-feder\/\"><span>Leer m\u00e1s<\/span> <span class=\"ico-right\">M\u00e1s informaci\u00f3n<\/span><\/a>\n                            <\/article>\n                                                                        <article class=\"post rebold-marketing\">\n                                <a class=\"post_image\" href=\"https:\/\/letsrebold.com\/es\/blog\/marcas-que-han-sabido-conectar-con-la-generacion-z\/\"><img loading=\"lazy\" decoding=\"async\" width=\"1061\" height=\"600\" src=\"https:\/\/letsrebold.com\/wp-content\/uploads\/2023\/09\/Marcas-que-han-sabido-conectar-con-la-GenZ-1061x600.jpg\" class=\"attachment-img-header size-img-header wp-post-image\" alt=\"generacion z marcas y campa\u00f1as de marketing digital\" srcset=\"https:\/\/letsrebold.com\/wp-content\/uploads\/2023\/09\/Marcas-que-han-sabido-conectar-con-la-GenZ-1061x600.jpg 1061w, https:\/\/letsrebold.com\/wp-content\/uploads\/2023\/09\/Marcas-que-han-sabido-conectar-con-la-GenZ-300x169.jpg 300w, https:\/\/letsrebold.com\/wp-content\/uploads\/2023\/09\/Marcas-que-han-sabido-conectar-con-la-GenZ-360x204.jpg 360w\" sizes=\"auto, (max-width: 1061px) 100vw, 1061px\" \/><\/a>\n                                <h2 class=\"post_meta\">\n                                                                                <a style=\"color: #e0094b\" class=\"post_tag\" href=\"?service=rebold-marketing\">Rebold Marketing<\/a>\n                                                                                                                                <a class=\"post_tag\" href=\"?topic=marketing-digital\">Marketing Digital<\/a>\n                                                                            <\/h2>\n                                <h3 class=\"post_title\"><a href=\"https:\/\/letsrebold.com\/es\/blog\/marcas-que-han-sabido-conectar-con-la-generacion-z\/\">Marcas que han sabido conectar con la GenZ<\/a><\/h3>\n                                <a class=\"post_link\" href=\"https:\/\/letsrebold.com\/es\/blog\/marcas-que-han-sabido-conectar-con-la-generacion-z\/\"><span>Leer m\u00e1s<\/span> <span class=\"ico-right\">M\u00e1s informaci\u00f3n<\/span><\/a>\n                            <\/article>\n                                                                        <article class=\"post rebold-marketing\">\n                                <a class=\"post_image\" href=\"https:\/\/letsrebold.com\/es\/blog\/marketing-educativo-y-alfabetizacion-digital\/\"><img loading=\"lazy\" decoding=\"async\" width=\"1061\" height=\"600\" src=\"https:\/\/letsrebold.com\/wp-content\/uploads\/2023\/08\/Por-que-el-sector-educativo-digital-facilita-el-desarrollo-sostenible-1061x600.jpg\" class=\"attachment-img-header size-img-header wp-post-image\" alt=\"marketing educativo y alfabetizaci\u00f3n digital\" srcset=\"https:\/\/letsrebold.com\/wp-content\/uploads\/2023\/08\/Por-que-el-sector-educativo-digital-facilita-el-desarrollo-sostenible-1061x600.jpg 1061w, https:\/\/letsrebold.com\/wp-content\/uploads\/2023\/08\/Por-que-el-sector-educativo-digital-facilita-el-desarrollo-sostenible-300x169.jpg 300w, https:\/\/letsrebold.com\/wp-content\/uploads\/2023\/08\/Por-que-el-sector-educativo-digital-facilita-el-desarrollo-sostenible-360x204.jpg 360w\" sizes=\"auto, (max-width: 1061px) 100vw, 1061px\" \/><\/a>\n                                <h2 class=\"post_meta\">\n                                                                                <a style=\"color: #e0094b\" class=\"post_tag\" href=\"?service=rebold-marketing\">Rebold Marketing<\/a>\n                                                                                                                                <a class=\"post_tag\" href=\"?topic=sostenibilidad\">sostenibilidad<\/a>\n                                                                            <\/h2>\n                                <h3 class=\"post_title\"><a href=\"https:\/\/letsrebold.com\/es\/blog\/marketing-educativo-y-alfabetizacion-digital\/\">Por qu\u00e9 el sector educativo digital facilita el desarrollo sostenible<\/a><\/h3>\n                                <a class=\"post_link\" href=\"https:\/\/letsrebold.com\/es\/blog\/marketing-educativo-y-alfabetizacion-digital\/\"><span>Leer m\u00e1s<\/span> <span class=\"ico-right\">M\u00e1s informaci\u00f3n<\/span><\/a>\n                            <\/article>\n                                    <\/div>\n                                    <nav class=\"links links-right\" id=\"loadmore_8\">\n                        <div class=\"container\">\n                            <a href=\"#\" class=\"loadmore\" value=\"8\"><span>Cargar m\u00e1s<\/span> <span class=\"ico-right\"><\/span><\/a>\n                        <\/div>\n                    <\/nav>\n                            <\/div>\n                                <div id=\"page_9\" class=\"d-none\">\n                <div class=\"container posts\">\n                                                                        <article class=\"post rebold-marketing\">\n                                <a class=\"post_image\" href=\"https:\/\/letsrebold.com\/es\/blog\/generacion-z-marcas-conectar\/\"><img loading=\"lazy\" decoding=\"async\" width=\"1061\" height=\"600\" src=\"https:\/\/letsrebold.com\/wp-content\/uploads\/2023\/08\/Lifestyle-actitudes-y-comportamiento-de-la-GenZ-1061x600.jpg\" class=\"attachment-img-header size-img-header wp-post-image\" alt=\"lifestyle, actitudes y comportamiento de la generacion z\" srcset=\"https:\/\/letsrebold.com\/wp-content\/uploads\/2023\/08\/Lifestyle-actitudes-y-comportamiento-de-la-GenZ-1061x600.jpg 1061w, https:\/\/letsrebold.com\/wp-content\/uploads\/2023\/08\/Lifestyle-actitudes-y-comportamiento-de-la-GenZ-300x169.jpg 300w, https:\/\/letsrebold.com\/wp-content\/uploads\/2023\/08\/Lifestyle-actitudes-y-comportamiento-de-la-GenZ-360x204.jpg 360w\" sizes=\"auto, (max-width: 1061px) 100vw, 1061px\" \/><\/a>\n                                <h2 class=\"post_meta\">\n                                                                                <a style=\"color: #e0094b\" class=\"post_tag\" href=\"?service=rebold-marketing\">Rebold Marketing<\/a>\n                                                                                                                                <a class=\"post_tag\" href=\"?topic=nuevos-intereses-y-comportamientos\">nuevos intereses y comportamientos<\/a>\n                                                                            <\/h2>\n                                <h3 class=\"post_title\"><a href=\"https:\/\/letsrebold.com\/es\/blog\/generacion-z-marcas-conectar\/\">Lifestyle, actitudes y comportamiento de la GenZ<\/a><\/h3>\n                                <a class=\"post_link\" href=\"https:\/\/letsrebold.com\/es\/blog\/generacion-z-marcas-conectar\/\"><span>Leer m\u00e1s<\/span> <span class=\"ico-right\">M\u00e1s informaci\u00f3n<\/span><\/a>\n                            <\/article>\n                                                                        <article class=\"post rebold-marketing\">\n                                <a class=\"post_image\" href=\"https:\/\/letsrebold.com\/es\/blog\/marketing-social-sector-retail\/\"><img loading=\"lazy\" decoding=\"async\" width=\"1061\" height=\"600\" src=\"https:\/\/letsrebold.com\/wp-content\/uploads\/2023\/08\/El-marketing-social-para-el-desarrollo-de-marcas-y-personas-en-el-sector-retail-1061x600.jpg\" class=\"attachment-img-header size-img-header wp-post-image\" alt=\"marketing social sector retail\" srcset=\"https:\/\/letsrebold.com\/wp-content\/uploads\/2023\/08\/El-marketing-social-para-el-desarrollo-de-marcas-y-personas-en-el-sector-retail-1061x600.jpg 1061w, https:\/\/letsrebold.com\/wp-content\/uploads\/2023\/08\/El-marketing-social-para-el-desarrollo-de-marcas-y-personas-en-el-sector-retail-300x169.jpg 300w, https:\/\/letsrebold.com\/wp-content\/uploads\/2023\/08\/El-marketing-social-para-el-desarrollo-de-marcas-y-personas-en-el-sector-retail-360x204.jpg 360w\" sizes=\"auto, (max-width: 1061px) 100vw, 1061px\" \/><\/a>\n                                <h2 class=\"post_meta\">\n                                                                                <a style=\"color: #e0094b\" class=\"post_tag\" href=\"?service=rebold-marketing\">Rebold Marketing<\/a>\n                                                                                                                                <a class=\"post_tag\" href=\"?topic=sostenibilidad\">sostenibilidad<\/a>\n                                                                            <\/h2>\n                                <h3 class=\"post_title\"><a href=\"https:\/\/letsrebold.com\/es\/blog\/marketing-social-sector-retail\/\">El marketing social para el desarrollo de marcas y personas en el sector retail<\/a><\/h3>\n                                <a class=\"post_link\" href=\"https:\/\/letsrebold.com\/es\/blog\/marketing-social-sector-retail\/\"><span>Leer m\u00e1s<\/span> <span class=\"ico-right\">M\u00e1s informaci\u00f3n<\/span><\/a>\n                            <\/article>\n                                                                        <article class=\"post rebold-marketing\">\n                                <a class=\"post_image\" href=\"https:\/\/letsrebold.com\/es\/blog\/la-vuelta-al-cole-marketing-omnicanal-roi\/\"><img loading=\"lazy\" decoding=\"async\" width=\"1061\" height=\"600\" src=\"https:\/\/letsrebold.com\/wp-content\/uploads\/2023\/08\/Como-la-vuelta-al-cole-y-el-marketing-omnicanal-pueden-impulsar-tu-ROI-1061x600.jpg\" class=\"attachment-img-header size-img-header wp-post-image\" alt=\"vuelta al cole campa\u00f1a digital omnicanal\" srcset=\"https:\/\/letsrebold.com\/wp-content\/uploads\/2023\/08\/Como-la-vuelta-al-cole-y-el-marketing-omnicanal-pueden-impulsar-tu-ROI-1061x600.jpg 1061w, https:\/\/letsrebold.com\/wp-content\/uploads\/2023\/08\/Como-la-vuelta-al-cole-y-el-marketing-omnicanal-pueden-impulsar-tu-ROI-300x169.jpg 300w, https:\/\/letsrebold.com\/wp-content\/uploads\/2023\/08\/Como-la-vuelta-al-cole-y-el-marketing-omnicanal-pueden-impulsar-tu-ROI-360x204.jpg 360w\" sizes=\"auto, (max-width: 1061px) 100vw, 1061px\" \/><\/a>\n                                <h2 class=\"post_meta\">\n                                                                                <a style=\"color: #e0094b\" class=\"post_tag\" href=\"?service=rebold-marketing\">Rebold Marketing<\/a>\n                                                                                                                                <a class=\"post_tag\" href=\"?topic=estrategia-de-marketing-digital-360\">estrategia de marketing digital 360<\/a>\n                                                                            <\/h2>\n                                <h3 class=\"post_title\"><a href=\"https:\/\/letsrebold.com\/es\/blog\/la-vuelta-al-cole-marketing-omnicanal-roi\/\">La vuelta al cole y el marketing omnicanal pueden impulsar el ROI de tu negocio<\/a><\/h3>\n                                <a class=\"post_link\" href=\"https:\/\/letsrebold.com\/es\/blog\/la-vuelta-al-cole-marketing-omnicanal-roi\/\"><span>Leer m\u00e1s<\/span> <span class=\"ico-right\">M\u00e1s informaci\u00f3n<\/span><\/a>\n                            <\/article>\n                                                                        <article class=\"post rebold-marketing\">\n                                <a class=\"post_image\" href=\"https:\/\/letsrebold.com\/es\/blog\/marcas-en-transicion-energetica-para-el-desarrollo-sostenibilidad\/\"><img loading=\"lazy\" decoding=\"async\" width=\"1061\" height=\"600\" src=\"https:\/\/letsrebold.com\/wp-content\/uploads\/2023\/08\/Marcas-en-transicion-energetica-para-el-desarrollo-sostenible-1061x600.jpg\" class=\"attachment-img-header size-img-header wp-post-image\" alt=\"ejemplos de marcas en transici\u00f3n energ\u00e9tica y sostenibilidad\" srcset=\"https:\/\/letsrebold.com\/wp-content\/uploads\/2023\/08\/Marcas-en-transicion-energetica-para-el-desarrollo-sostenible-1061x600.jpg 1061w, https:\/\/letsrebold.com\/wp-content\/uploads\/2023\/08\/Marcas-en-transicion-energetica-para-el-desarrollo-sostenible-300x169.jpg 300w, https:\/\/letsrebold.com\/wp-content\/uploads\/2023\/08\/Marcas-en-transicion-energetica-para-el-desarrollo-sostenible-360x204.jpg 360w\" sizes=\"auto, (max-width: 1061px) 100vw, 1061px\" \/><\/a>\n                                <h2 class=\"post_meta\">\n                                                                                <a style=\"color: #e0094b\" class=\"post_tag\" href=\"?service=rebold-marketing\">Rebold Marketing<\/a>\n                                                                                                                                <a class=\"post_tag\" href=\"?topic=sostenibilidad\">sostenibilidad<\/a>\n                                                                            <\/h2>\n                                <h3 class=\"post_title\"><a href=\"https:\/\/letsrebold.com\/es\/blog\/marcas-en-transicion-energetica-para-el-desarrollo-sostenibilidad\/\">Marcas en transici\u00f3n energ\u00e9tica para el desarrollo sostenible<\/a><\/h3>\n                                <a class=\"post_link\" href=\"https:\/\/letsrebold.com\/es\/blog\/marcas-en-transicion-energetica-para-el-desarrollo-sostenibilidad\/\"><span>Leer m\u00e1s<\/span> <span class=\"ico-right\">M\u00e1s informaci\u00f3n<\/span><\/a>\n                            <\/article>\n                                                                        <article class=\"post rebold-marketing\">\n                                <a class=\"post_image\" href=\"https:\/\/letsrebold.com\/es\/blog\/comportamiento-del-consumidor-sector-alimentacion\/\"><img loading=\"lazy\" decoding=\"async\" width=\"1061\" height=\"600\" src=\"https:\/\/letsrebold.com\/wp-content\/uploads\/2023\/08\/Como-han-evolucionado-los-habitos-de-consumo-de-las-personas-en-el-sector-alimentacion-1061x600.jpg\" class=\"attachment-img-header size-img-header wp-post-image\" alt=\"El comportamiento del consumidor en el sector alimentaci\u00f3n\" srcset=\"https:\/\/letsrebold.com\/wp-content\/uploads\/2023\/08\/Como-han-evolucionado-los-habitos-de-consumo-de-las-personas-en-el-sector-alimentacion-1061x600.jpg 1061w, https:\/\/letsrebold.com\/wp-content\/uploads\/2023\/08\/Como-han-evolucionado-los-habitos-de-consumo-de-las-personas-en-el-sector-alimentacion-300x169.jpg 300w, https:\/\/letsrebold.com\/wp-content\/uploads\/2023\/08\/Como-han-evolucionado-los-habitos-de-consumo-de-las-personas-en-el-sector-alimentacion-360x204.jpg 360w\" sizes=\"auto, (max-width: 1061px) 100vw, 1061px\" \/><\/a>\n                                <h2 class=\"post_meta\">\n                                                                                <a style=\"color: #e0094b\" class=\"post_tag\" href=\"?service=rebold-marketing\">Rebold Marketing<\/a>\n                                                                                                                                <a class=\"post_tag\" href=\"?topic=nuevos-intereses-y-comportamientos\">nuevos intereses y comportamientos<\/a>\n                                                                            <\/h2>\n                                <h3 class=\"post_title\"><a href=\"https:\/\/letsrebold.com\/es\/blog\/comportamiento-del-consumidor-sector-alimentacion\/\">C\u00f3mo han evolucionado los h\u00e1bitos de consumo de las personas en el sector alimentaci\u00f3n<\/a><\/h3>\n                                <a class=\"post_link\" href=\"https:\/\/letsrebold.com\/es\/blog\/comportamiento-del-consumidor-sector-alimentacion\/\"><span>Leer m\u00e1s<\/span> <span class=\"ico-right\">M\u00e1s informaci\u00f3n<\/span><\/a>\n                            <\/article>\n                                                                        <article class=\"post rebold-marketing\">\n                                <a class=\"post_image\" href=\"https:\/\/letsrebold.com\/es\/blog\/marketing-digital-vuelta-cole\/\"><img loading=\"lazy\" decoding=\"async\" width=\"1061\" height=\"600\" src=\"https:\/\/letsrebold.com\/wp-content\/uploads\/2023\/08\/Como-la-vuelta-al-cole-puede-inspirar-tu-proxima-campana-de-marketing-digital-1061x600.jpg\" class=\"attachment-img-header size-img-header wp-post-image\" alt=\"marketing digital y la vuelta al cole\" srcset=\"https:\/\/letsrebold.com\/wp-content\/uploads\/2023\/08\/Como-la-vuelta-al-cole-puede-inspirar-tu-proxima-campana-de-marketing-digital-1061x600.jpg 1061w, https:\/\/letsrebold.com\/wp-content\/uploads\/2023\/08\/Como-la-vuelta-al-cole-puede-inspirar-tu-proxima-campana-de-marketing-digital-300x169.jpg 300w, https:\/\/letsrebold.com\/wp-content\/uploads\/2023\/08\/Como-la-vuelta-al-cole-puede-inspirar-tu-proxima-campana-de-marketing-digital-360x204.jpg 360w\" sizes=\"auto, (max-width: 1061px) 100vw, 1061px\" \/><\/a>\n                                <h2 class=\"post_meta\">\n                                                                                <a style=\"color: #e0094b\" class=\"post_tag\" href=\"?service=rebold-marketing\">Rebold Marketing<\/a>\n                                                                                                                                <a class=\"post_tag\" href=\"?topic=marketing-digital\">Marketing Digital<\/a>\n                                                                            <\/h2>\n                                <h3 class=\"post_title\"><a href=\"https:\/\/letsrebold.com\/es\/blog\/marketing-digital-vuelta-cole\/\">C\u00f3mo la vuelta al cole puede inspirar tu pr\u00f3xima campa\u00f1a de marketing digital<\/a><\/h3>\n                                <a class=\"post_link\" href=\"https:\/\/letsrebold.com\/es\/blog\/marketing-digital-vuelta-cole\/\"><span>Leer m\u00e1s<\/span> <span class=\"ico-right\">M\u00e1s informaci\u00f3n<\/span><\/a>\n                            <\/article>\n                                    <\/div>\n                                    <nav class=\"links links-right\" id=\"loadmore_9\">\n                        <div class=\"container\">\n                            <a href=\"#\" class=\"loadmore\" value=\"9\"><span>Cargar m\u00e1s<\/span> <span class=\"ico-right\"><\/span><\/a>\n                        <\/div>\n                    <\/nav>\n                            <\/div>\n                                <div id=\"page_10\" class=\"d-none\">\n                <div class=\"container posts\">\n                                                                        <article class=\"post rebold-marketing\">\n                                <a class=\"post_image\" href=\"https:\/\/letsrebold.com\/es\/blog\/datos-cuantitativos-y-cualitativos-para-planificadores-de-medios\/\"><img loading=\"lazy\" decoding=\"async\" width=\"1061\" height=\"600\" src=\"https:\/\/letsrebold.com\/wp-content\/uploads\/2023\/07\/portada-POV-anagram-datos-hoy-1061x600.jpg\" class=\"attachment-img-header size-img-header wp-post-image\" alt=\"datos cuantitativos cualitativos planificacion de medios\" srcset=\"https:\/\/letsrebold.com\/wp-content\/uploads\/2023\/07\/portada-POV-anagram-datos-hoy-1061x600.jpg 1061w, https:\/\/letsrebold.com\/wp-content\/uploads\/2023\/07\/portada-POV-anagram-datos-hoy-300x169.jpg 300w, https:\/\/letsrebold.com\/wp-content\/uploads\/2023\/07\/portada-POV-anagram-datos-hoy-360x204.jpg 360w\" sizes=\"auto, (max-width: 1061px) 100vw, 1061px\" \/><\/a>\n                                <h2 class=\"post_meta\">\n                                                                                <a style=\"color: #e0094b\" class=\"post_tag\" href=\"?service=rebold-marketing\">Rebold Marketing<\/a>\n                                                                                                                                <a class=\"post_tag\" href=\"?topic=analisis-de-datos\">An\u00e1lisis de datos<\/a>\n                                                                            <\/h2>\n                                <h3 class=\"post_title\"><a href=\"https:\/\/letsrebold.com\/es\/blog\/datos-cuantitativos-y-cualitativos-para-planificadores-de-medios\/\">Datos cuantitativos y cualitativos: por qu\u00e9 los planificadores de medios necesitan ambos<\/a><\/h3>\n                                <a class=\"post_link\" href=\"https:\/\/letsrebold.com\/es\/blog\/datos-cuantitativos-y-cualitativos-para-planificadores-de-medios\/\"><span>Leer m\u00e1s<\/span> <span class=\"ico-right\">M\u00e1s informaci\u00f3n<\/span><\/a>\n                            <\/article>\n                                                                        <article class=\"post rebold-marketing\">\n                                <a class=\"post_image\" href=\"https:\/\/letsrebold.com\/es\/blog\/desaparicion-de-anuncios-texto-expandido-google-ads\/\"><img loading=\"lazy\" decoding=\"async\" width=\"1061\" height=\"600\" src=\"https:\/\/letsrebold.com\/wp-content\/uploads\/2023\/07\/Como-adaptarse-a-la-desaparicion-de-los-anuncios-de-texto-expandido-de-Google-1061x600.jpg\" class=\"attachment-img-header size-img-header wp-post-image\" alt=\"C\u00f3mo adaptarse a la desaparici\u00f3n de los anuncios de texto expandido de Google\" srcset=\"https:\/\/letsrebold.com\/wp-content\/uploads\/2023\/07\/Como-adaptarse-a-la-desaparicion-de-los-anuncios-de-texto-expandido-de-Google-1061x600.jpg 1061w, https:\/\/letsrebold.com\/wp-content\/uploads\/2023\/07\/Como-adaptarse-a-la-desaparicion-de-los-anuncios-de-texto-expandido-de-Google-300x169.jpg 300w, https:\/\/letsrebold.com\/wp-content\/uploads\/2023\/07\/Como-adaptarse-a-la-desaparicion-de-los-anuncios-de-texto-expandido-de-Google-360x204.jpg 360w\" sizes=\"auto, (max-width: 1061px) 100vw, 1061px\" \/><\/a>\n                                <h2 class=\"post_meta\">\n                                                                                <a style=\"color: #e0094b\" class=\"post_tag\" href=\"?service=rebold-marketing\">Rebold Marketing<\/a>\n                                                                                                                                <a class=\"post_tag\" href=\"?topic=publicidad-digital\">publicidad digital<\/a>\n                                                                            <\/h2>\n                                <h3 class=\"post_title\"><a href=\"https:\/\/letsrebold.com\/es\/blog\/desaparicion-de-anuncios-texto-expandido-google-ads\/\">C\u00f3mo adaptarse a la desaparici\u00f3n de los anuncios de texto expandido de Google<\/a><\/h3>\n                                <a class=\"post_link\" href=\"https:\/\/letsrebold.com\/es\/blog\/desaparicion-de-anuncios-texto-expandido-google-ads\/\"><span>Leer m\u00e1s<\/span> <span class=\"ico-right\">M\u00e1s informaci\u00f3n<\/span><\/a>\n                            <\/article>\n                                                                        <article class=\"post rebold-marketing\">\n                                <a class=\"post_image\" href=\"https:\/\/letsrebold.com\/es\/blog\/el-deinfluencing-en-tiktok\/\"><img loading=\"lazy\" decoding=\"async\" width=\"1061\" height=\"600\" src=\"https:\/\/letsrebold.com\/wp-content\/uploads\/2023\/07\/que-es-deinfluencing-1061x600.jpg\" class=\"attachment-img-header size-img-header wp-post-image\" alt=\"que es el deinfluencing\" srcset=\"https:\/\/letsrebold.com\/wp-content\/uploads\/2023\/07\/que-es-deinfluencing-1061x600.jpg 1061w, https:\/\/letsrebold.com\/wp-content\/uploads\/2023\/07\/que-es-deinfluencing-300x169.jpg 300w, https:\/\/letsrebold.com\/wp-content\/uploads\/2023\/07\/que-es-deinfluencing-360x204.jpg 360w\" sizes=\"auto, (max-width: 1061px) 100vw, 1061px\" \/><\/a>\n                                <h2 class=\"post_meta\">\n                                                                                <a style=\"color: #e0094b\" class=\"post_tag\" href=\"?service=rebold-marketing\">Rebold Marketing<\/a>\n                                                                                                                                <a class=\"post_tag\" href=\"?topic=influencer-marketing\">Influencer Marketing<\/a>\n                                                                            <\/h2>\n                                <h3 class=\"post_title\"><a href=\"https:\/\/letsrebold.com\/es\/blog\/el-deinfluencing-en-tiktok\/\">\u00bfQu\u00e9 es el deinfluencing en TikTok y por qu\u00e9 deber\u00eda importarte?<\/a><\/h3>\n                                <a class=\"post_link\" href=\"https:\/\/letsrebold.com\/es\/blog\/el-deinfluencing-en-tiktok\/\"><span>Leer m\u00e1s<\/span> <span class=\"ico-right\">M\u00e1s informaci\u00f3n<\/span><\/a>\n                            <\/article>\n                                                                        <article class=\"post rebold-marketing\">\n                                <a class=\"post_image\" href=\"https:\/\/letsrebold.com\/es\/blog\/prompt-engineering-compentencia-esencial-para-marketing-ia\/\"><img loading=\"lazy\" decoding=\"async\" width=\"1061\" height=\"600\" src=\"https:\/\/letsrebold.com\/wp-content\/uploads\/2023\/07\/ingenieria-de-prompts-1061x600.jpg\" class=\"attachment-img-header size-img-header wp-post-image\" alt=\"ingenier\u00eda de prompts\" srcset=\"https:\/\/letsrebold.com\/wp-content\/uploads\/2023\/07\/ingenieria-de-prompts-1061x600.jpg 1061w, https:\/\/letsrebold.com\/wp-content\/uploads\/2023\/07\/ingenieria-de-prompts-300x169.jpg 300w, https:\/\/letsrebold.com\/wp-content\/uploads\/2023\/07\/ingenieria-de-prompts-360x204.jpg 360w\" sizes=\"auto, (max-width: 1061px) 100vw, 1061px\" \/><\/a>\n                                <h2 class=\"post_meta\">\n                                                                                <a style=\"color: #e0094b\" class=\"post_tag\" href=\"?service=rebold-marketing\">Rebold Marketing<\/a>\n                                                                                                                                <a class=\"post_tag\" href=\"?topic=ai\">AI<\/a>\n                                                                            <\/h2>\n                                <h3 class=\"post_title\"><a href=\"https:\/\/letsrebold.com\/es\/blog\/prompt-engineering-compentencia-esencial-para-marketing-ia\/\">Prompt engineering: competencia clave para el marketing en la era de la IA<\/a><\/h3>\n                                <a class=\"post_link\" href=\"https:\/\/letsrebold.com\/es\/blog\/prompt-engineering-compentencia-esencial-para-marketing-ia\/\"><span>Leer m\u00e1s<\/span> <span class=\"ico-right\">M\u00e1s informaci\u00f3n<\/span><\/a>\n                            <\/article>\n                                                                        <article class=\"post rebold-marketing\">\n                                <a class=\"post_image\" href=\"https:\/\/letsrebold.com\/es\/blog\/eleccion-de-canales-en-una-campana-enfocada-a-lead-generation\/\"><img loading=\"lazy\" decoding=\"async\" width=\"1061\" height=\"600\" src=\"https:\/\/letsrebold.com\/wp-content\/uploads\/2023\/07\/La-importancia-de-la-eleccion-de-los-canales-en-una-campana-de-lead-generation-1061x600.jpg\" class=\"attachment-img-header size-img-header wp-post-image\" alt=\"canales en campa\u00f1a lead generation\" srcset=\"https:\/\/letsrebold.com\/wp-content\/uploads\/2023\/07\/La-importancia-de-la-eleccion-de-los-canales-en-una-campana-de-lead-generation-1061x600.jpg 1061w, https:\/\/letsrebold.com\/wp-content\/uploads\/2023\/07\/La-importancia-de-la-eleccion-de-los-canales-en-una-campana-de-lead-generation-300x169.jpg 300w, https:\/\/letsrebold.com\/wp-content\/uploads\/2023\/07\/La-importancia-de-la-eleccion-de-los-canales-en-una-campana-de-lead-generation-360x204.jpg 360w\" sizes=\"auto, (max-width: 1061px) 100vw, 1061px\" \/><\/a>\n                                <h2 class=\"post_meta\">\n                                                                                <a style=\"color: #e0094b\" class=\"post_tag\" href=\"?service=rebold-marketing\">Rebold Marketing<\/a>\n                                                                                                                                <a class=\"post_tag\" href=\"?topic=performance-marketing\">Performance Marketing<\/a>\n                                                                            <\/h2>\n                                <h3 class=\"post_title\"><a href=\"https:\/\/letsrebold.com\/es\/blog\/eleccion-de-canales-en-una-campana-enfocada-a-lead-generation\/\">La importancia de la elecci\u00f3n de los canales en una campa\u00f1a de lead generation<\/a><\/h3>\n                                <a class=\"post_link\" href=\"https:\/\/letsrebold.com\/es\/blog\/eleccion-de-canales-en-una-campana-enfocada-a-lead-generation\/\"><span>Leer m\u00e1s<\/span> <span class=\"ico-right\">M\u00e1s informaci\u00f3n<\/span><\/a>\n                            <\/article>\n                                                                        <article class=\"post rebold-marketing\">\n                                <a class=\"post_image\" href=\"https:\/\/letsrebold.com\/es\/blog\/publicidad-digital-sostenible-sostenibilidad-empresarial\/\"><img loading=\"lazy\" decoding=\"async\" width=\"1061\" height=\"600\" src=\"https:\/\/letsrebold.com\/wp-content\/uploads\/2023\/06\/Recomendaciones-para-una-publicidad-sostenible-y-eficaz-BLOG-1061x600.jpg\" class=\"attachment-img-header size-img-header wp-post-image\" alt=\"sostenibilidad empresarial\" srcset=\"https:\/\/letsrebold.com\/wp-content\/uploads\/2023\/06\/Recomendaciones-para-una-publicidad-sostenible-y-eficaz-BLOG-1061x600.jpg 1061w, https:\/\/letsrebold.com\/wp-content\/uploads\/2023\/06\/Recomendaciones-para-una-publicidad-sostenible-y-eficaz-BLOG-300x169.jpg 300w, https:\/\/letsrebold.com\/wp-content\/uploads\/2023\/06\/Recomendaciones-para-una-publicidad-sostenible-y-eficaz-BLOG-360x204.jpg 360w\" sizes=\"auto, (max-width: 1061px) 100vw, 1061px\" \/><\/a>\n                                <h2 class=\"post_meta\">\n                                                                                <a style=\"color: #e0094b\" class=\"post_tag\" href=\"?service=rebold-marketing\">Rebold Marketing<\/a>\n                                                                                                                                <a class=\"post_tag\" href=\"?topic=sostenibilidad\">sostenibilidad<\/a>\n                                                                            <\/h2>\n                                <h3 class=\"post_title\"><a href=\"https:\/\/letsrebold.com\/es\/blog\/publicidad-digital-sostenible-sostenibilidad-empresarial\/\">Recomendaciones para una publicidad digital sostenible y eficaz<\/a><\/h3>\n                                <a class=\"post_link\" href=\"https:\/\/letsrebold.com\/es\/blog\/publicidad-digital-sostenible-sostenibilidad-empresarial\/\"><span>Leer m\u00e1s<\/span> <span class=\"ico-right\">M\u00e1s informaci\u00f3n<\/span><\/a>\n                            <\/article>\n                                    <\/div>\n                                    <nav class=\"links links-right\" id=\"loadmore_10\">\n                        <div class=\"container\">\n                            <a href=\"#\" class=\"loadmore\" value=\"10\"><span>Cargar m\u00e1s<\/span> <span class=\"ico-right\"><\/span><\/a>\n                        <\/div>\n                    <\/nav>\n                            <\/div>\n                                <div id=\"page_11\" class=\"d-none\">\n                <div class=\"container posts\">\n                                                                        <article class=\"post rebold-marketing\">\n                                <a class=\"post_image\" href=\"https:\/\/letsrebold.com\/es\/blog\/metricas-estrategias-de-influencer-marketing\/\"><img loading=\"lazy\" decoding=\"async\" width=\"1061\" height=\"600\" src=\"https:\/\/letsrebold.com\/wp-content\/uploads\/2023\/07\/Blog-POV-Diana-Jimenez-blog-2-1061x600.jpg\" class=\"attachment-img-header size-img-header wp-post-image\" alt=\"\" srcset=\"https:\/\/letsrebold.com\/wp-content\/uploads\/2023\/07\/Blog-POV-Diana-Jimenez-blog-2-1061x600.jpg 1061w, https:\/\/letsrebold.com\/wp-content\/uploads\/2023\/07\/Blog-POV-Diana-Jimenez-blog-2-300x169.jpg 300w, https:\/\/letsrebold.com\/wp-content\/uploads\/2023\/07\/Blog-POV-Diana-Jimenez-blog-2-360x204.jpg 360w\" sizes=\"auto, (max-width: 1061px) 100vw, 1061px\" \/><\/a>\n                                <h2 class=\"post_meta\">\n                                                                                <a style=\"color: #e0094b\" class=\"post_tag\" href=\"?service=rebold-marketing\">Rebold Marketing<\/a>\n                                                                                                                                <a class=\"post_tag\" href=\"?topic=influencer-marketing\">Influencer Marketing<\/a>\n                                                                            <\/h2>\n                                <h3 class=\"post_title\"><a href=\"https:\/\/letsrebold.com\/es\/blog\/metricas-estrategias-de-influencer-marketing\/\">M\u00e9tricas que debes tomar en cuenta para tus estrategias de influencer marketing<\/a><\/h3>\n                                <a class=\"post_link\" href=\"https:\/\/letsrebold.com\/es\/blog\/metricas-estrategias-de-influencer-marketing\/\"><span>Leer m\u00e1s<\/span> <span class=\"ico-right\">M\u00e1s informaci\u00f3n<\/span><\/a>\n                            <\/article>\n                                                                        <article class=\"post rebold-marketing\">\n                                <a class=\"post_image\" href=\"https:\/\/letsrebold.com\/es\/blog\/ia-y-copywriting-coexistencia-o-suplantacion\/\"><img loading=\"lazy\" decoding=\"async\" width=\"1061\" height=\"600\" src=\"https:\/\/letsrebold.com\/wp-content\/uploads\/2023\/06\/IA-y-copywriting-coexistencia-o-suplantacion-1061x600.jpg\" class=\"attachment-img-header size-img-header wp-post-image\" alt=\"inteligencia artificial copywriting\" srcset=\"https:\/\/letsrebold.com\/wp-content\/uploads\/2023\/06\/IA-y-copywriting-coexistencia-o-suplantacion-1061x600.jpg 1061w, https:\/\/letsrebold.com\/wp-content\/uploads\/2023\/06\/IA-y-copywriting-coexistencia-o-suplantacion-300x169.jpg 300w, https:\/\/letsrebold.com\/wp-content\/uploads\/2023\/06\/IA-y-copywriting-coexistencia-o-suplantacion-360x204.jpg 360w\" sizes=\"auto, (max-width: 1061px) 100vw, 1061px\" \/><\/a>\n                                <h2 class=\"post_meta\">\n                                                                                <a style=\"color: #e0094b\" class=\"post_tag\" href=\"?service=rebold-marketing\">Rebold Marketing<\/a>\n                                                                                                                                <a class=\"post_tag\" href=\"?topic=ai\">AI<\/a>\n                                                                            <\/h2>\n                                <h3 class=\"post_title\"><a href=\"https:\/\/letsrebold.com\/es\/blog\/ia-y-copywriting-coexistencia-o-suplantacion\/\">IA y copywriting: \u00bfcoexistencia o suplantaci\u00f3n?<\/a><\/h3>\n                                <a class=\"post_link\" href=\"https:\/\/letsrebold.com\/es\/blog\/ia-y-copywriting-coexistencia-o-suplantacion\/\"><span>Leer m\u00e1s<\/span> <span class=\"ico-right\">M\u00e1s informaci\u00f3n<\/span><\/a>\n                            <\/article>\n                                                                        <article class=\"post rebold-marketing\">\n                                <a class=\"post_image\" href=\"https:\/\/letsrebold.com\/es\/blog\/marketing-educativo-imagen-marca-honesta\/\"><img loading=\"lazy\" decoding=\"async\" width=\"610\" height=\"343\" src=\"https:\/\/letsrebold.com\/wp-content\/uploads\/2023\/06\/Conecta-con-el-alumnado-a-traves-de-una-imagen-de-marca-honesta.jpg\" class=\"attachment-img-header size-img-header wp-post-image\" alt=\"marketing educativo\" srcset=\"https:\/\/letsrebold.com\/wp-content\/uploads\/2023\/06\/Conecta-con-el-alumnado-a-traves-de-una-imagen-de-marca-honesta.jpg 610w, https:\/\/letsrebold.com\/wp-content\/uploads\/2023\/06\/Conecta-con-el-alumnado-a-traves-de-una-imagen-de-marca-honesta-300x169.jpg 300w\" sizes=\"auto, (max-width: 610px) 100vw, 610px\" \/><\/a>\n                                <h2 class=\"post_meta\">\n                                                                                <a style=\"color: #e0094b\" class=\"post_tag\" href=\"?service=rebold-marketing\">Rebold Marketing<\/a>\n                                                                                                                                <a class=\"post_tag\" href=\"?topic=branding\">Branding<\/a>\n                                                                            <\/h2>\n                                <h3 class=\"post_title\"><a href=\"https:\/\/letsrebold.com\/es\/blog\/marketing-educativo-imagen-marca-honesta\/\">Conecta con el alumnado a trav\u00e9s de una imagen de marca honesta<\/a><\/h3>\n                                <a class=\"post_link\" href=\"https:\/\/letsrebold.com\/es\/blog\/marketing-educativo-imagen-marca-honesta\/\"><span>Leer m\u00e1s<\/span> <span class=\"ico-right\">M\u00e1s informaci\u00f3n<\/span><\/a>\n                            <\/article>\n                                                                        <article class=\"post rebold-marketing\">\n                                <a class=\"post_image\" href=\"https:\/\/letsrebold.com\/es\/blog\/el-futuro-del-fundraising-desafios-y-compromiso-con-los-donantes\/\"><img loading=\"lazy\" decoding=\"async\" width=\"1061\" height=\"600\" src=\"https:\/\/letsrebold.com\/wp-content\/uploads\/2023\/06\/POV-Javier-Navarro-Blog-Portada-1-1061x600.jpg\" class=\"attachment-img-header size-img-header wp-post-image\" alt=\"recaudacion de fondos por javier navarro head of business growth rebold\" srcset=\"https:\/\/letsrebold.com\/wp-content\/uploads\/2023\/06\/POV-Javier-Navarro-Blog-Portada-1-1061x600.jpg 1061w, https:\/\/letsrebold.com\/wp-content\/uploads\/2023\/06\/POV-Javier-Navarro-Blog-Portada-1-300x169.jpg 300w, https:\/\/letsrebold.com\/wp-content\/uploads\/2023\/06\/POV-Javier-Navarro-Blog-Portada-1-360x204.jpg 360w\" sizes=\"auto, (max-width: 1061px) 100vw, 1061px\" \/><\/a>\n                                <h2 class=\"post_meta\">\n                                                                                <a style=\"color: #e0094b\" class=\"post_tag\" href=\"?service=rebold-marketing\">Rebold Marketing<\/a>\n                                                                                                                                <a class=\"post_tag\" href=\"?topic=sostenibilidad\">sostenibilidad<\/a>\n                                                                            <\/h2>\n                                <h3 class=\"post_title\"><a href=\"https:\/\/letsrebold.com\/es\/blog\/el-futuro-del-fundraising-desafios-y-compromiso-con-los-donantes\/\">El futuro del fundraising: C\u00f3mo superar los desaf\u00edos y generar compromiso con los donantes en un mundo hiperconectado<\/a><\/h3>\n                                <a class=\"post_link\" href=\"https:\/\/letsrebold.com\/es\/blog\/el-futuro-del-fundraising-desafios-y-compromiso-con-los-donantes\/\"><span>Leer m\u00e1s<\/span> <span class=\"ico-right\">M\u00e1s informaci\u00f3n<\/span><\/a>\n                            <\/article>\n                                                                        <article class=\"post rebold-marketing\">\n                                <a class=\"post_image\" href=\"https:\/\/letsrebold.com\/es\/blog\/estudio-rebold-ong-espana\/\"><img loading=\"lazy\" decoding=\"async\" width=\"610\" height=\"343\" src=\"https:\/\/letsrebold.com\/wp-content\/uploads\/2023\/06\/La-realidad-del-compromiso-social-en-Espana.jpg\" class=\"attachment-img-header size-img-header wp-post-image\" alt=\"compromiso social ong espa\u00f1a estudio de rebold\" srcset=\"https:\/\/letsrebold.com\/wp-content\/uploads\/2023\/06\/La-realidad-del-compromiso-social-en-Espana.jpg 610w, https:\/\/letsrebold.com\/wp-content\/uploads\/2023\/06\/La-realidad-del-compromiso-social-en-Espana-300x169.jpg 300w\" sizes=\"auto, (max-width: 610px) 100vw, 610px\" \/><\/a>\n                                <h2 class=\"post_meta\">\n                                                                                <a style=\"color: #e0094b\" class=\"post_tag\" href=\"?service=rebold-marketing\">Rebold Marketing<\/a>\n                                                                                                                                <a class=\"post_tag\" href=\"?topic=sostenibilidad\">sostenibilidad<\/a>\n                                                                            <\/h2>\n                                <h3 class=\"post_title\"><a href=\"https:\/\/letsrebold.com\/es\/blog\/estudio-rebold-ong-espana\/\">La realidad del compromiso social en Espa\u00f1a<\/a><\/h3>\n                                <a class=\"post_link\" href=\"https:\/\/letsrebold.com\/es\/blog\/estudio-rebold-ong-espana\/\"><span>Leer m\u00e1s<\/span> <span class=\"ico-right\">M\u00e1s informaci\u00f3n<\/span><\/a>\n                            <\/article>\n                                                                        <article class=\"post rebold-marketing\">\n                                <a class=\"post_image\" href=\"https:\/\/letsrebold.com\/es\/blog\/publicidad-programatica-sector-educativo\/\"><img loading=\"lazy\" decoding=\"async\" width=\"1061\" height=\"600\" src=\"https:\/\/letsrebold.com\/wp-content\/uploads\/2023\/06\/La-publicidad-programatica-en-el-sector-de-la-educacion-1-1061x600.jpg\" class=\"attachment-img-header size-img-header wp-post-image\" alt=\"publicidad programatica\" srcset=\"https:\/\/letsrebold.com\/wp-content\/uploads\/2023\/06\/La-publicidad-programatica-en-el-sector-de-la-educacion-1-1061x600.jpg 1061w, https:\/\/letsrebold.com\/wp-content\/uploads\/2023\/06\/La-publicidad-programatica-en-el-sector-de-la-educacion-1-300x169.jpg 300w, https:\/\/letsrebold.com\/wp-content\/uploads\/2023\/06\/La-publicidad-programatica-en-el-sector-de-la-educacion-1-360x204.jpg 360w\" sizes=\"auto, (max-width: 1061px) 100vw, 1061px\" \/><\/a>\n                                <h2 class=\"post_meta\">\n                                                                                <a style=\"color: #e0094b\" class=\"post_tag\" href=\"?service=rebold-marketing\">Rebold Marketing<\/a>\n                                                                                                                                <a class=\"post_tag\" href=\"?topic=publicidad-programatica\">Publicidad Program\u00e1tica<\/a>\n                                                                            <\/h2>\n                                <h3 class=\"post_title\"><a href=\"https:\/\/letsrebold.com\/es\/blog\/publicidad-programatica-sector-educativo\/\">La publicidad program\u00e1tica en el sector de la educaci\u00f3n<\/a><\/h3>\n                                <a class=\"post_link\" href=\"https:\/\/letsrebold.com\/es\/blog\/publicidad-programatica-sector-educativo\/\"><span>Leer m\u00e1s<\/span> <span class=\"ico-right\">M\u00e1s informaci\u00f3n<\/span><\/a>\n                            <\/article>\n                                    <\/div>\n                                    <nav class=\"links links-right\" id=\"loadmore_11\">\n                        <div class=\"container\">\n                            <a href=\"#\" class=\"loadmore\" value=\"11\"><span>Cargar m\u00e1s<\/span> <span class=\"ico-right\"><\/span><\/a>\n                        <\/div>\n                    <\/nav>\n                            <\/div>\n                                <div id=\"page_12\" class=\"d-none\">\n                <div class=\"container posts\">\n                                                                        <article class=\"post rebold-marketing\">\n                                <a class=\"post_image\" href=\"https:\/\/letsrebold.com\/es\/blog\/enfoques-para-una-inversion-sostenible\/\"><img loading=\"lazy\" decoding=\"async\" width=\"610\" height=\"343\" src=\"https:\/\/letsrebold.com\/wp-content\/uploads\/2023\/06\/Enfoques-para-una-inversion-social-y-sostenible.jpg\" class=\"attachment-img-header size-img-header wp-post-image\" alt=\"marketing inversion sostenible\" srcset=\"https:\/\/letsrebold.com\/wp-content\/uploads\/2023\/06\/Enfoques-para-una-inversion-social-y-sostenible.jpg 610w, https:\/\/letsrebold.com\/wp-content\/uploads\/2023\/06\/Enfoques-para-una-inversion-social-y-sostenible-300x169.jpg 300w\" sizes=\"auto, (max-width: 610px) 100vw, 610px\" \/><\/a>\n                                <h2 class=\"post_meta\">\n                                                                                <a style=\"color: #e0094b\" class=\"post_tag\" href=\"?service=rebold-marketing\">Rebold Marketing<\/a>\n                                                                                                                                <a class=\"post_tag\" href=\"?topic=sostenibilidad\">sostenibilidad<\/a>\n                                                                            <\/h2>\n                                <h3 class=\"post_title\"><a href=\"https:\/\/letsrebold.com\/es\/blog\/enfoques-para-una-inversion-sostenible\/\">Enfoques para una inversi\u00f3n social y sostenible<\/a><\/h3>\n                                <a class=\"post_link\" href=\"https:\/\/letsrebold.com\/es\/blog\/enfoques-para-una-inversion-sostenible\/\"><span>Leer m\u00e1s<\/span> <span class=\"ico-right\">M\u00e1s informaci\u00f3n<\/span><\/a>\n                            <\/article>\n                                                                        <article class=\"post rebold-marketing\">\n                                <a class=\"post_image\" href=\"https:\/\/letsrebold.com\/es\/blog\/neuromarketing-para-llegar-a-las-audiencias-en-el-sector-educativo\/\"><img loading=\"lazy\" decoding=\"async\" width=\"610\" height=\"343\" src=\"https:\/\/letsrebold.com\/wp-content\/uploads\/2023\/06\/1El-uso-del-neuromarketing-para-llegar-a-las-audiencias-en-el-sector-educativo.jpg\" class=\"attachment-img-header size-img-header wp-post-image\" alt=\"\" srcset=\"https:\/\/letsrebold.com\/wp-content\/uploads\/2023\/06\/1El-uso-del-neuromarketing-para-llegar-a-las-audiencias-en-el-sector-educativo.jpg 610w, https:\/\/letsrebold.com\/wp-content\/uploads\/2023\/06\/1El-uso-del-neuromarketing-para-llegar-a-las-audiencias-en-el-sector-educativo-300x169.jpg 300w\" sizes=\"auto, (max-width: 610px) 100vw, 610px\" \/><\/a>\n                                <h2 class=\"post_meta\">\n                                                                                <a style=\"color: #e0094b\" class=\"post_tag\" href=\"?service=rebold-marketing\">Rebold Marketing<\/a>\n                                                                                                                                <a class=\"post_tag\" href=\"?topic=nuevos-intereses-y-comportamientos\">nuevos intereses y comportamientos<\/a>\n                                                                            <\/h2>\n                                <h3 class=\"post_title\"><a href=\"https:\/\/letsrebold.com\/es\/blog\/neuromarketing-para-llegar-a-las-audiencias-en-el-sector-educativo\/\">El uso del neuromarketing para llegar a las audiencias en el sector educativo<\/a><\/h3>\n                                <a class=\"post_link\" href=\"https:\/\/letsrebold.com\/es\/blog\/neuromarketing-para-llegar-a-las-audiencias-en-el-sector-educativo\/\"><span>Leer m\u00e1s<\/span> <span class=\"ico-right\">M\u00e1s informaci\u00f3n<\/span><\/a>\n                            <\/article>\n                                                                        <article class=\"post rebold-marketing, strategic-creativity\">\n                                <a class=\"post_image\" href=\"https:\/\/letsrebold.com\/es\/blog\/el-arte-de-la-direccion\/\"><img loading=\"lazy\" decoding=\"async\" width=\"610\" height=\"343\" src=\"https:\/\/letsrebold.com\/wp-content\/uploads\/2023\/06\/1El-arte-de-la-direccion.jpg\" class=\"attachment-img-header size-img-header wp-post-image\" alt=\"\" srcset=\"https:\/\/letsrebold.com\/wp-content\/uploads\/2023\/06\/1El-arte-de-la-direccion.jpg 610w, https:\/\/letsrebold.com\/wp-content\/uploads\/2023\/06\/1El-arte-de-la-direccion-300x169.jpg 300w\" sizes=\"auto, (max-width: 610px) 100vw, 610px\" \/><\/a>\n                                <h2 class=\"post_meta\">\n                                                                                <a style=\"color: #e0094b\" class=\"post_tag\" href=\"?service=rebold-marketing\">Rebold Marketing<\/a>\n                                                                                                                                <a class=\"post_tag\" href=\"?topic=publicidad\">publicidad<\/a>\n                                                                            <\/h2>\n                                <h3 class=\"post_title\"><a href=\"https:\/\/letsrebold.com\/es\/blog\/el-arte-de-la-direccion\/\">El arte de la direcci\u00f3n\u00a0\u00a0<\/a><\/h3>\n                                <a class=\"post_link\" href=\"https:\/\/letsrebold.com\/es\/blog\/el-arte-de-la-direccion\/\"><span>Leer m\u00e1s<\/span> <span class=\"ico-right\">M\u00e1s informaci\u00f3n<\/span><\/a>\n                            <\/article>\n                                                                        <article class=\"post rebold-marketing\">\n                                <a class=\"post_image\" href=\"https:\/\/letsrebold.com\/es\/blog\/marketing-para-ongs\/\"><img loading=\"lazy\" decoding=\"async\" width=\"1061\" height=\"600\" src=\"https:\/\/letsrebold.com\/wp-content\/uploads\/2023\/06\/Cuales-son-las-oportunidades-y-ventajas-del-marketing-digital-para-las-ONGs-1061x600.jpg\" class=\"attachment-img-header size-img-header wp-post-image\" alt=\"marketing para ONGs\" srcset=\"https:\/\/letsrebold.com\/wp-content\/uploads\/2023\/06\/Cuales-son-las-oportunidades-y-ventajas-del-marketing-digital-para-las-ONGs-1061x600.jpg 1061w, https:\/\/letsrebold.com\/wp-content\/uploads\/2023\/06\/Cuales-son-las-oportunidades-y-ventajas-del-marketing-digital-para-las-ONGs-300x169.jpg 300w, https:\/\/letsrebold.com\/wp-content\/uploads\/2023\/06\/Cuales-son-las-oportunidades-y-ventajas-del-marketing-digital-para-las-ONGs-360x204.jpg 360w\" sizes=\"auto, (max-width: 1061px) 100vw, 1061px\" \/><\/a>\n                                <h2 class=\"post_meta\">\n                                                                                <a style=\"color: #e0094b\" class=\"post_tag\" href=\"?service=rebold-marketing\">Rebold Marketing<\/a>\n                                                                                                                                <a class=\"post_tag\" href=\"?topic=marketing-digital\">Marketing Digital<\/a>\n                                                                            <\/h2>\n                                <h3 class=\"post_title\"><a href=\"https:\/\/letsrebold.com\/es\/blog\/marketing-para-ongs\/\">Cu\u00e1les son las oportunidades y ventajas del marketing digital para las ONG<\/a><\/h3>\n                                <a class=\"post_link\" href=\"https:\/\/letsrebold.com\/es\/blog\/marketing-para-ongs\/\"><span>Leer m\u00e1s<\/span> <span class=\"ico-right\">M\u00e1s informaci\u00f3n<\/span><\/a>\n                            <\/article>\n                                                                        <article class=\"post rebold-marketing\">\n                                <a class=\"post_image\" href=\"https:\/\/letsrebold.com\/es\/blog\/performance-marketing\/\"><img loading=\"lazy\" decoding=\"async\" width=\"1061\" height=\"600\" src=\"https:\/\/letsrebold.com\/wp-content\/uploads\/2023\/05\/Aumenta-la-visibilidad-y-las-conversiones-con-el-performance-marketing-1061x600.jpg\" class=\"attachment-img-header size-img-header wp-post-image\" alt=\"performance marketing\" srcset=\"https:\/\/letsrebold.com\/wp-content\/uploads\/2023\/05\/Aumenta-la-visibilidad-y-las-conversiones-con-el-performance-marketing-1061x600.jpg 1061w, https:\/\/letsrebold.com\/wp-content\/uploads\/2023\/05\/Aumenta-la-visibilidad-y-las-conversiones-con-el-performance-marketing-300x169.jpg 300w, https:\/\/letsrebold.com\/wp-content\/uploads\/2023\/05\/Aumenta-la-visibilidad-y-las-conversiones-con-el-performance-marketing-360x204.jpg 360w\" sizes=\"auto, (max-width: 1061px) 100vw, 1061px\" \/><\/a>\n                                <h2 class=\"post_meta\">\n                                                                                <a style=\"color: #e0094b\" class=\"post_tag\" href=\"?service=rebold-marketing\">Rebold Marketing<\/a>\n                                                                                                                                <a class=\"post_tag\" href=\"?topic=performance-marketing\">Performance Marketing<\/a>\n                                                                            <\/h2>\n                                <h3 class=\"post_title\"><a href=\"https:\/\/letsrebold.com\/es\/blog\/performance-marketing\/\">Aumenta la visibilidad y las conversiones con el performance marketing<\/a><\/h3>\n                                <a class=\"post_link\" href=\"https:\/\/letsrebold.com\/es\/blog\/performance-marketing\/\"><span>Leer m\u00e1s<\/span> <span class=\"ico-right\">M\u00e1s informaci\u00f3n<\/span><\/a>\n                            <\/article>\n                                                                        <article class=\"post rebold-marketing\">\n                                <a class=\"post_image\" href=\"https:\/\/letsrebold.com\/es\/blog\/comportamientos-generacionales-de-compra-lo-que-los-profesionales-del-marketing-deben-saber\/\"><img loading=\"lazy\" decoding=\"async\" width=\"1061\" height=\"600\" src=\"https:\/\/letsrebold.com\/wp-content\/uploads\/2023\/06\/comportamientoconsumidor-1061x600.jpg\" class=\"attachment-img-header size-img-header wp-post-image\" alt=\"comportamiento consumidor generacional\" srcset=\"https:\/\/letsrebold.com\/wp-content\/uploads\/2023\/06\/comportamientoconsumidor-1061x600.jpg 1061w, https:\/\/letsrebold.com\/wp-content\/uploads\/2023\/06\/comportamientoconsumidor-300x169.jpg 300w, https:\/\/letsrebold.com\/wp-content\/uploads\/2023\/06\/comportamientoconsumidor-360x204.jpg 360w\" sizes=\"auto, (max-width: 1061px) 100vw, 1061px\" \/><\/a>\n                                <h2 class=\"post_meta\">\n                                                                                <a style=\"color: #e0094b\" class=\"post_tag\" href=\"?service=rebold-marketing\">Rebold Marketing<\/a>\n                                                                                                                                <a class=\"post_tag\" href=\"?topic=audiencia\">audiencia<\/a>\n                                                                            <\/h2>\n                                <h3 class=\"post_title\"><a href=\"https:\/\/letsrebold.com\/es\/blog\/comportamientos-generacionales-de-compra-lo-que-los-profesionales-del-marketing-deben-saber\/\">Comportamientos generacionales de compra: lo que los profesionales del marketing deben saber<\/a><\/h3>\n                                <a class=\"post_link\" href=\"https:\/\/letsrebold.com\/es\/blog\/comportamientos-generacionales-de-compra-lo-que-los-profesionales-del-marketing-deben-saber\/\"><span>Leer m\u00e1s<\/span> <span class=\"ico-right\">M\u00e1s informaci\u00f3n<\/span><\/a>\n                            <\/article>\n                                    <\/div>\n                                    <nav class=\"links links-right\" id=\"loadmore_12\">\n                        <div class=\"container\">\n                            <a href=\"#\" class=\"loadmore\" value=\"12\"><span>Cargar m\u00e1s<\/span> <span class=\"ico-right\"><\/span><\/a>\n                        <\/div>\n                    <\/nav>\n                            <\/div>\n                                <div id=\"page_13\" class=\"d-none\">\n                <div class=\"container posts\">\n                                                                        <article class=\"post rebold-marketing\">\n                                <a class=\"post_image\" href=\"https:\/\/letsrebold.com\/es\/blog\/webinar-bold-conversations-marketing-educativo-retos-y-oportunidades-para-llenar-el-aula\/\"><img loading=\"lazy\" decoding=\"async\" width=\"1061\" height=\"600\" src=\"https:\/\/letsrebold.com\/wp-content\/uploads\/2023\/05\/Webinar-Educacion-Bold-Conversations_blogrebold-1061x600.png\" class=\"attachment-img-header size-img-header wp-post-image\" alt=\"webinar educaci\u00f3n y marketing digital bold conversations\" srcset=\"https:\/\/letsrebold.com\/wp-content\/uploads\/2023\/05\/Webinar-Educacion-Bold-Conversations_blogrebold-1061x600.png 1061w, https:\/\/letsrebold.com\/wp-content\/uploads\/2023\/05\/Webinar-Educacion-Bold-Conversations_blogrebold-300x169.png 300w, https:\/\/letsrebold.com\/wp-content\/uploads\/2023\/05\/Webinar-Educacion-Bold-Conversations_blogrebold-360x204.png 360w\" sizes=\"auto, (max-width: 1061px) 100vw, 1061px\" \/><\/a>\n                                <h2 class=\"post_meta\">\n                                                                                <a style=\"color: #e0094b\" class=\"post_tag\" href=\"?service=rebold-marketing\">Rebold Marketing<\/a>\n                                                                                                                                <a class=\"post_tag\" href=\"?topic=digital-marketing\">Digital Marketing<\/a>\n                                                                            <\/h2>\n                                <h3 class=\"post_title\"><a href=\"https:\/\/letsrebold.com\/es\/blog\/webinar-bold-conversations-marketing-educativo-retos-y-oportunidades-para-llenar-el-aula\/\">Webinar Bold Conversations &#8211; Marketing educativo: retos y oportunidades para llenar el aula<\/a><\/h3>\n                                <a class=\"post_link\" href=\"https:\/\/letsrebold.com\/es\/blog\/webinar-bold-conversations-marketing-educativo-retos-y-oportunidades-para-llenar-el-aula\/\"><span>Leer m\u00e1s<\/span> <span class=\"ico-right\">M\u00e1s informaci\u00f3n<\/span><\/a>\n                            <\/article>\n                                                                        <article class=\"post rebold-marketing\">\n                                <a class=\"post_image\" href=\"https:\/\/letsrebold.com\/es\/blog\/el-metaverso-una-nueva-frontera-para-el-marketing-digital-y-las-conexiones-humanas\/\"><img loading=\"lazy\" decoding=\"async\" width=\"1061\" height=\"600\" src=\"https:\/\/letsrebold.com\/wp-content\/uploads\/2023\/05\/Metaoffice-latam-1061x600.jpg\" class=\"attachment-img-header size-img-header wp-post-image\" alt=\"metaoffice rebold latam\" srcset=\"https:\/\/letsrebold.com\/wp-content\/uploads\/2023\/05\/Metaoffice-latam-1061x600.jpg 1061w, https:\/\/letsrebold.com\/wp-content\/uploads\/2023\/05\/Metaoffice-latam-300x169.jpg 300w, https:\/\/letsrebold.com\/wp-content\/uploads\/2023\/05\/Metaoffice-latam-360x204.jpg 360w\" sizes=\"auto, (max-width: 1061px) 100vw, 1061px\" \/><\/a>\n                                <h2 class=\"post_meta\">\n                                                                                <a style=\"color: #e0094b\" class=\"post_tag\" href=\"?service=rebold-marketing\">Rebold Marketing<\/a>\n                                                                                                                    <\/h2>\n                                <h3 class=\"post_title\"><a href=\"https:\/\/letsrebold.com\/es\/blog\/el-metaverso-una-nueva-frontera-para-el-marketing-digital-y-las-conexiones-humanas\/\">El metaverso: una nueva frontera para el marketing digital y las conexiones humanas<\/a><\/h3>\n                                <a class=\"post_link\" href=\"https:\/\/letsrebold.com\/es\/blog\/el-metaverso-una-nueva-frontera-para-el-marketing-digital-y-las-conexiones-humanas\/\"><span>Leer m\u00e1s<\/span> <span class=\"ico-right\">M\u00e1s informaci\u00f3n<\/span><\/a>\n                            <\/article>\n                                                                        <article class=\"post rebold-marketing\">\n                                <a class=\"post_image\" href=\"https:\/\/letsrebold.com\/es\/blog\/planificacion-estrategica-digital-en-el-sector-educativo\/\"><img loading=\"lazy\" decoding=\"async\" width=\"1061\" height=\"600\" src=\"https:\/\/letsrebold.com\/wp-content\/uploads\/2023\/05\/Educacion-y-planificacion-estrategica-1061x600.jpg\" class=\"attachment-img-header size-img-header wp-post-image\" alt=\"planificacion estrategica educacion marketing\" srcset=\"https:\/\/letsrebold.com\/wp-content\/uploads\/2023\/05\/Educacion-y-planificacion-estrategica-1061x600.jpg 1061w, https:\/\/letsrebold.com\/wp-content\/uploads\/2023\/05\/Educacion-y-planificacion-estrategica-300x169.jpg 300w, https:\/\/letsrebold.com\/wp-content\/uploads\/2023\/05\/Educacion-y-planificacion-estrategica-360x204.jpg 360w\" sizes=\"auto, (max-width: 1061px) 100vw, 1061px\" \/><\/a>\n                                <h2 class=\"post_meta\">\n                                                                                <a style=\"color: #e0094b\" class=\"post_tag\" href=\"?service=rebold-marketing\">Rebold Marketing<\/a>\n                                                                                                                                <a class=\"post_tag\" href=\"?topic=performance-marketing\">Performance Marketing<\/a>\n                                                                            <\/h2>\n                                <h3 class=\"post_title\"><a href=\"https:\/\/letsrebold.com\/es\/blog\/planificacion-estrategica-digital-en-el-sector-educativo\/\">La planificaci\u00f3n estrat\u00e9gica digital en el sector educativo<\/a><\/h3>\n                                <a class=\"post_link\" href=\"https:\/\/letsrebold.com\/es\/blog\/planificacion-estrategica-digital-en-el-sector-educativo\/\"><span>Leer m\u00e1s<\/span> <span class=\"ico-right\">M\u00e1s informaci\u00f3n<\/span><\/a>\n                            <\/article>\n                                                                        <article class=\"post rebold-marketing\">\n                                <a class=\"post_image\" href=\"https:\/\/letsrebold.com\/es\/blog\/marketing-educativo-y-la-ia\/\"><img loading=\"lazy\" decoding=\"async\" width=\"1061\" height=\"600\" src=\"https:\/\/letsrebold.com\/wp-content\/uploads\/2023\/05\/Webinar-ART1-IA-y-marketing-educativo-1061x600.jpg\" class=\"attachment-img-header size-img-header wp-post-image\" alt=\"marketing IA educaci\u00f3n\" srcset=\"https:\/\/letsrebold.com\/wp-content\/uploads\/2023\/05\/Webinar-ART1-IA-y-marketing-educativo-1061x600.jpg 1061w, https:\/\/letsrebold.com\/wp-content\/uploads\/2023\/05\/Webinar-ART1-IA-y-marketing-educativo-300x169.jpg 300w, https:\/\/letsrebold.com\/wp-content\/uploads\/2023\/05\/Webinar-ART1-IA-y-marketing-educativo-360x204.jpg 360w\" sizes=\"auto, (max-width: 1061px) 100vw, 1061px\" \/><\/a>\n                                <h2 class=\"post_meta\">\n                                                                                <a style=\"color: #e0094b\" class=\"post_tag\" href=\"?service=rebold-marketing\">Rebold Marketing<\/a>\n                                                                                                                                <a class=\"post_tag\" href=\"?topic=performance-marketing\">Performance Marketing<\/a>\n                                                                            <\/h2>\n                                <h3 class=\"post_title\"><a href=\"https:\/\/letsrebold.com\/es\/blog\/marketing-educativo-y-la-ia\/\">IA y marketing educativo: un buen t\u00e1ndem para atraer m\u00e1s estudiantes<\/a><\/h3>\n                                <a class=\"post_link\" href=\"https:\/\/letsrebold.com\/es\/blog\/marketing-educativo-y-la-ia\/\"><span>Leer m\u00e1s<\/span> <span class=\"ico-right\">M\u00e1s informaci\u00f3n<\/span><\/a>\n                            <\/article>\n                                                                        <article class=\"post rebold-communication\">\n                                <a class=\"post_image\" href=\"https:\/\/letsrebold.com\/es\/blog\/panel-de-audiencias-2022-television\/\"><img loading=\"lazy\" decoding=\"async\" width=\"1061\" height=\"600\" src=\"https:\/\/letsrebold.com\/wp-content\/uploads\/2023\/04\/P4-TV-blog-post-Panel-de-audiencias-2022-1061x600.jpg\" class=\"attachment-img-header size-img-header wp-post-image\" alt=\"audiencias television\" srcset=\"https:\/\/letsrebold.com\/wp-content\/uploads\/2023\/04\/P4-TV-blog-post-Panel-de-audiencias-2022-1061x600.jpg 1061w, https:\/\/letsrebold.com\/wp-content\/uploads\/2023\/04\/P4-TV-blog-post-Panel-de-audiencias-2022-300x169.jpg 300w, https:\/\/letsrebold.com\/wp-content\/uploads\/2023\/04\/P4-TV-blog-post-Panel-de-audiencias-2022-360x204.jpg 360w\" sizes=\"auto, (max-width: 1061px) 100vw, 1061px\" \/><\/a>\n                                <h2 class=\"post_meta\">\n                                                                                <a style=\"color: #5ac4bb\" class=\"post_tag\" href=\"?service=rebold-communication\">Rebold Communication<\/a>\n                                                                                                                                <a class=\"post_tag\" href=\"?topic=media-intelligence\">Media Intelligence<\/a>\n                                                                            <\/h2>\n                                <h3 class=\"post_title\"><a href=\"https:\/\/letsrebold.com\/es\/blog\/panel-de-audiencias-2022-television\/\">La televisi\u00f3n profundiza su p\u00e9rdida de audiencia<\/a><\/h3>\n                                <a class=\"post_link\" href=\"https:\/\/letsrebold.com\/es\/blog\/panel-de-audiencias-2022-television\/\"><span>Leer m\u00e1s<\/span> <span class=\"ico-right\">M\u00e1s informaci\u00f3n<\/span><\/a>\n                            <\/article>\n                                                                        <article class=\"post rebold-marketing\">\n                                <a class=\"post_image\" href=\"https:\/\/letsrebold.com\/es\/blog\/el-desafio-del-marketing-educativo-en-la-era-digital-nuevos-retos-y-oportunidades\/\"><img loading=\"lazy\" decoding=\"async\" width=\"1061\" height=\"600\" src=\"https:\/\/letsrebold.com\/wp-content\/uploads\/2023\/05\/Eduardo-Marketing-educativo-1061x600.jpg\" class=\"attachment-img-header size-img-header wp-post-image\" alt=\"Eduardo V\u00e1zquez y desaf\u00edo del marketing educativo en la era digital\" srcset=\"https:\/\/letsrebold.com\/wp-content\/uploads\/2023\/05\/Eduardo-Marketing-educativo-1061x600.jpg 1061w, https:\/\/letsrebold.com\/wp-content\/uploads\/2023\/05\/Eduardo-Marketing-educativo-300x169.jpg 300w, https:\/\/letsrebold.com\/wp-content\/uploads\/2023\/05\/Eduardo-Marketing-educativo-360x204.jpg 360w\" sizes=\"auto, (max-width: 1061px) 100vw, 1061px\" \/><\/a>\n                                <h2 class=\"post_meta\">\n                                                                                <a style=\"color: #e0094b\" class=\"post_tag\" href=\"?service=rebold-marketing\">Rebold Marketing<\/a>\n                                                                                                                                <a class=\"post_tag\" href=\"?topic=performance-marketing\">Performance Marketing<\/a>\n                                                                            <\/h2>\n                                <h3 class=\"post_title\"><a href=\"https:\/\/letsrebold.com\/es\/blog\/el-desafio-del-marketing-educativo-en-la-era-digital-nuevos-retos-y-oportunidades\/\">El desaf\u00edo del marketing educativo en la era digital: nuevos retos y oportunidades<\/a><\/h3>\n                                <a class=\"post_link\" href=\"https:\/\/letsrebold.com\/es\/blog\/el-desafio-del-marketing-educativo-en-la-era-digital-nuevos-retos-y-oportunidades\/\"><span>Leer m\u00e1s<\/span> <span class=\"ico-right\">M\u00e1s informaci\u00f3n<\/span><\/a>\n                            <\/article>\n                                    <\/div>\n                                    <nav class=\"links links-right\" id=\"loadmore_13\">\n                        <div class=\"container\">\n                            <a href=\"#\" class=\"loadmore\" value=\"13\"><span>Cargar m\u00e1s<\/span> <span class=\"ico-right\"><\/span><\/a>\n                        <\/div>\n                    <\/nav>\n                            <\/div>\n                                <div id=\"page_14\" class=\"d-none\">\n                <div class=\"container posts\">\n                                                                        <article class=\"post rebold-marketing\">\n                                <a class=\"post_image\" href=\"https:\/\/letsrebold.com\/es\/blog\/historia-de-internet\/\"><img loading=\"lazy\" decoding=\"async\" width=\"1061\" height=\"600\" src=\"https:\/\/letsrebold.com\/wp-content\/uploads\/2023\/05\/El-impacto-de-internet-y-las-IAs-en-el-crecimiento-de-las-marcas-1061x600.jpg\" class=\"attachment-img-header size-img-header wp-post-image\" alt=\"D\u00eda Mundial de Internet: historia de internet\" srcset=\"https:\/\/letsrebold.com\/wp-content\/uploads\/2023\/05\/El-impacto-de-internet-y-las-IAs-en-el-crecimiento-de-las-marcas-1061x600.jpg 1061w, https:\/\/letsrebold.com\/wp-content\/uploads\/2023\/05\/El-impacto-de-internet-y-las-IAs-en-el-crecimiento-de-las-marcas-300x169.jpg 300w, https:\/\/letsrebold.com\/wp-content\/uploads\/2023\/05\/El-impacto-de-internet-y-las-IAs-en-el-crecimiento-de-las-marcas-360x204.jpg 360w\" sizes=\"auto, (max-width: 1061px) 100vw, 1061px\" \/><\/a>\n                                <h2 class=\"post_meta\">\n                                                                                <a style=\"color: #e0094b\" class=\"post_tag\" href=\"?service=rebold-marketing\">Rebold Marketing<\/a>\n                                                                                                                                <a class=\"post_tag\" href=\"?topic=inteligencia-artificial\">Inteligencia Artificial<\/a>\n                                                                            <\/h2>\n                                <h3 class=\"post_title\"><a href=\"https:\/\/letsrebold.com\/es\/blog\/historia-de-internet\/\">El impacto de Internet y las IAs en el crecimiento de las marcas<\/a><\/h3>\n                                <a class=\"post_link\" href=\"https:\/\/letsrebold.com\/es\/blog\/historia-de-internet\/\"><span>Leer m\u00e1s<\/span> <span class=\"ico-right\">M\u00e1s informaci\u00f3n<\/span><\/a>\n                            <\/article>\n                                                                        <article class=\"post rebold-communication\">\n                                <a class=\"post_image\" href=\"https:\/\/letsrebold.com\/es\/blog\/por-que-es-importante-el-analisis-cualitativo-de-las-audiencias-de-los-medios\/\"><img loading=\"lazy\" decoding=\"async\" width=\"1061\" height=\"600\" src=\"https:\/\/letsrebold.com\/wp-content\/uploads\/2023\/05\/Alfredo-Orte-Panel-de-Audiencias-1061x600.jpg\" class=\"attachment-img-header size-img-header wp-post-image\" alt=\"\" srcset=\"https:\/\/letsrebold.com\/wp-content\/uploads\/2023\/05\/Alfredo-Orte-Panel-de-Audiencias-1061x600.jpg 1061w, https:\/\/letsrebold.com\/wp-content\/uploads\/2023\/05\/Alfredo-Orte-Panel-de-Audiencias-300x169.jpg 300w, https:\/\/letsrebold.com\/wp-content\/uploads\/2023\/05\/Alfredo-Orte-Panel-de-Audiencias-360x204.jpg 360w\" sizes=\"auto, (max-width: 1061px) 100vw, 1061px\" \/><\/a>\n                                <h2 class=\"post_meta\">\n                                                                                <a style=\"color: #5ac4bb\" class=\"post_tag\" href=\"?service=rebold-communication\">Rebold Communication<\/a>\n                                                                                                                                <a class=\"post_tag\" href=\"?topic=media-intelligence\">Media Intelligence<\/a>\n                                                                            <\/h2>\n                                <h3 class=\"post_title\"><a href=\"https:\/\/letsrebold.com\/es\/blog\/por-que-es-importante-el-analisis-cualitativo-de-las-audiencias-de-los-medios\/\">Por qu\u00e9 es importante el an\u00e1lisis cualitativo de las audiencias de los medios<\/a><\/h3>\n                                <a class=\"post_link\" href=\"https:\/\/letsrebold.com\/es\/blog\/por-que-es-importante-el-analisis-cualitativo-de-las-audiencias-de-los-medios\/\"><span>Leer m\u00e1s<\/span> <span class=\"ico-right\">M\u00e1s informaci\u00f3n<\/span><\/a>\n                            <\/article>\n                                                                        <article class=\"post rebold-communication\">\n                                <a class=\"post_image\" href=\"https:\/\/letsrebold.com\/es\/blog\/audiencias-de-radio-en-2022\/\"><img loading=\"lazy\" decoding=\"async\" width=\"1061\" height=\"600\" src=\"https:\/\/letsrebold.com\/wp-content\/uploads\/2023\/04\/Estudio-de-audiencias-P3-Evolucion-de-la-audiencia-en-radio-1061x600.jpg\" class=\"attachment-img-header size-img-header wp-post-image\" alt=\"audiencias de radio 2022\" srcset=\"https:\/\/letsrebold.com\/wp-content\/uploads\/2023\/04\/Estudio-de-audiencias-P3-Evolucion-de-la-audiencia-en-radio-1061x600.jpg 1061w, https:\/\/letsrebold.com\/wp-content\/uploads\/2023\/04\/Estudio-de-audiencias-P3-Evolucion-de-la-audiencia-en-radio-300x169.jpg 300w, https:\/\/letsrebold.com\/wp-content\/uploads\/2023\/04\/Estudio-de-audiencias-P3-Evolucion-de-la-audiencia-en-radio-360x204.jpg 360w\" sizes=\"auto, (max-width: 1061px) 100vw, 1061px\" \/><\/a>\n                                <h2 class=\"post_meta\">\n                                                                                <a style=\"color: #5ac4bb\" class=\"post_tag\" href=\"?service=rebold-communication\">Rebold Communication<\/a>\n                                                                                                                                <a class=\"post_tag\" href=\"?topic=media-intelligence\">Media Intelligence<\/a>\n                                                                            <\/h2>\n                                <h3 class=\"post_title\"><a href=\"https:\/\/letsrebold.com\/es\/blog\/audiencias-de-radio-en-2022\/\">Audiencias de radio en 2022: los espacios informativos aumentan oyentes<\/a><\/h3>\n                                <a class=\"post_link\" href=\"https:\/\/letsrebold.com\/es\/blog\/audiencias-de-radio-en-2022\/\"><span>Leer m\u00e1s<\/span> <span class=\"ico-right\">M\u00e1s informaci\u00f3n<\/span><\/a>\n                            <\/article>\n                                                                        <article class=\"post rebold-marketing\">\n                                <a class=\"post_image\" href=\"https:\/\/letsrebold.com\/es\/blog\/como-crear-contenido-de-video-en-tiktok\/\"><img loading=\"lazy\" decoding=\"async\" width=\"1061\" height=\"600\" src=\"https:\/\/letsrebold.com\/wp-content\/uploads\/2023\/04\/Como-crear-contenido-de-video-de-alta-calidad-para-anuncios-en-TikTok-1061x600.jpg\" class=\"attachment-img-header size-img-header wp-post-image\" alt=\"crear contenido de v\u00eddeo en TikTok\" srcset=\"https:\/\/letsrebold.com\/wp-content\/uploads\/2023\/04\/Como-crear-contenido-de-video-de-alta-calidad-para-anuncios-en-TikTok-1061x600.jpg 1061w, https:\/\/letsrebold.com\/wp-content\/uploads\/2023\/04\/Como-crear-contenido-de-video-de-alta-calidad-para-anuncios-en-TikTok-300x169.jpg 300w, https:\/\/letsrebold.com\/wp-content\/uploads\/2023\/04\/Como-crear-contenido-de-video-de-alta-calidad-para-anuncios-en-TikTok-360x204.jpg 360w\" sizes=\"auto, (max-width: 1061px) 100vw, 1061px\" \/><\/a>\n                                <h2 class=\"post_meta\">\n                                                                                <a style=\"color: #e0094b\" class=\"post_tag\" href=\"?service=rebold-marketing\">Rebold Marketing<\/a>\n                                                                                                                                <a class=\"post_tag\" href=\"?topic=performance-marketing\">Performance Marketing<\/a>\n                                                                            <\/h2>\n                                <h3 class=\"post_title\"><a href=\"https:\/\/letsrebold.com\/es\/blog\/como-crear-contenido-de-video-en-tiktok\/\">C\u00f3mo crear contenido de v\u00eddeo de alta calidad para anuncios en TikTok<\/a><\/h3>\n                                <a class=\"post_link\" href=\"https:\/\/letsrebold.com\/es\/blog\/como-crear-contenido-de-video-en-tiktok\/\"><span>Leer m\u00e1s<\/span> <span class=\"ico-right\">M\u00e1s informaci\u00f3n<\/span><\/a>\n                            <\/article>\n                                                                        <article class=\"post rebold-communication\">\n                                <a class=\"post_image\" href=\"https:\/\/letsrebold.com\/es\/blog\/prensa-escrita-panel-de-audiencias-2022\/\"><img loading=\"lazy\" decoding=\"async\" width=\"1061\" height=\"600\" src=\"https:\/\/letsrebold.com\/wp-content\/uploads\/2023\/05\/P2-Panel-de-audiencias-2022-1061x600.jpg\" class=\"attachment-img-header size-img-header wp-post-image\" alt=\"notoriedad revistas prensa escrita\" srcset=\"https:\/\/letsrebold.com\/wp-content\/uploads\/2023\/05\/P2-Panel-de-audiencias-2022-1061x600.jpg 1061w, https:\/\/letsrebold.com\/wp-content\/uploads\/2023\/05\/P2-Panel-de-audiencias-2022-300x169.jpg 300w, https:\/\/letsrebold.com\/wp-content\/uploads\/2023\/05\/P2-Panel-de-audiencias-2022-360x204.jpg 360w\" sizes=\"auto, (max-width: 1061px) 100vw, 1061px\" \/><\/a>\n                                <h2 class=\"post_meta\">\n                                                                                <a style=\"color: #5ac4bb\" class=\"post_tag\" href=\"?service=rebold-communication\">Rebold Communication<\/a>\n                                                                                                                                <a class=\"post_tag\" href=\"?topic=media-intelligence\">Media Intelligence<\/a>\n                                                                            <\/h2>\n                                <h3 class=\"post_title\"><a href=\"https:\/\/letsrebold.com\/es\/blog\/prensa-escrita-panel-de-audiencias-2022\/\">La notoriedad de la prensa escrita aument\u00f3 en 2022<\/a><\/h3>\n                                <a class=\"post_link\" href=\"https:\/\/letsrebold.com\/es\/blog\/prensa-escrita-panel-de-audiencias-2022\/\"><span>Leer m\u00e1s<\/span> <span class=\"ico-right\">M\u00e1s informaci\u00f3n<\/span><\/a>\n                            <\/article>\n                                                                        <article class=\"post rebold-marketing\">\n                                <a class=\"post_image\" href=\"https:\/\/letsrebold.com\/es\/blog\/inteligencia-artificial-banca-digital\/\"><img loading=\"lazy\" decoding=\"async\" width=\"1061\" height=\"600\" src=\"https:\/\/letsrebold.com\/wp-content\/uploads\/2023\/03\/Como-la-inteligencia-artificial-esta-transformando-la-banca-digital-1061x600.jpg\" class=\"attachment-img-header size-img-header wp-post-image\" alt=\"inteligencia artificial y banca digital\" srcset=\"https:\/\/letsrebold.com\/wp-content\/uploads\/2023\/03\/Como-la-inteligencia-artificial-esta-transformando-la-banca-digital-1061x600.jpg 1061w, https:\/\/letsrebold.com\/wp-content\/uploads\/2023\/03\/Como-la-inteligencia-artificial-esta-transformando-la-banca-digital-300x169.jpg 300w, https:\/\/letsrebold.com\/wp-content\/uploads\/2023\/03\/Como-la-inteligencia-artificial-esta-transformando-la-banca-digital-360x204.jpg 360w\" sizes=\"auto, (max-width: 1061px) 100vw, 1061px\" \/><\/a>\n                                <h2 class=\"post_meta\">\n                                                                                <a style=\"color: #e0094b\" class=\"post_tag\" href=\"?service=rebold-marketing\">Rebold Marketing<\/a>\n                                                                                                                                <a class=\"post_tag\" href=\"?topic=inteligencia-artificial\">Inteligencia Artificial<\/a>\n                                                                            <\/h2>\n                                <h3 class=\"post_title\"><a href=\"https:\/\/letsrebold.com\/es\/blog\/inteligencia-artificial-banca-digital\/\">C\u00f3mo la inteligencia artificial est\u00e1 transformando la banca digital<\/a><\/h3>\n                                <a class=\"post_link\" href=\"https:\/\/letsrebold.com\/es\/blog\/inteligencia-artificial-banca-digital\/\"><span>Leer m\u00e1s<\/span> <span class=\"ico-right\">M\u00e1s informaci\u00f3n<\/span><\/a>\n                            <\/article>\n                                    <\/div>\n                                    <nav class=\"links links-right\" id=\"loadmore_14\">\n                        <div class=\"container\">\n                            <a href=\"#\" class=\"loadmore\" value=\"14\"><span>Cargar m\u00e1s<\/span> <span class=\"ico-right\"><\/span><\/a>\n                        <\/div>\n                    <\/nav>\n                            <\/div>\n                                <div id=\"page_15\" class=\"d-none\">\n                <div class=\"container posts\">\n                                                                        <article class=\"post rebold-communication\">\n                                <a class=\"post_image\" href=\"https:\/\/letsrebold.com\/es\/blog\/audiencia-de-medios-digitales\/\"><img loading=\"lazy\" decoding=\"async\" width=\"1061\" height=\"600\" src=\"https:\/\/letsrebold.com\/wp-content\/uploads\/2023\/04\/Panel-de-audiencias-2022-post-part-1-audiencias-1061x600.jpg\" class=\"attachment-img-header size-img-header wp-post-image\" alt=\"medios digitales panel audiencias 2022\" srcset=\"https:\/\/letsrebold.com\/wp-content\/uploads\/2023\/04\/Panel-de-audiencias-2022-post-part-1-audiencias-1061x600.jpg 1061w, https:\/\/letsrebold.com\/wp-content\/uploads\/2023\/04\/Panel-de-audiencias-2022-post-part-1-audiencias-300x169.jpg 300w, https:\/\/letsrebold.com\/wp-content\/uploads\/2023\/04\/Panel-de-audiencias-2022-post-part-1-audiencias-360x204.jpg 360w\" sizes=\"auto, (max-width: 1061px) 100vw, 1061px\" \/><\/a>\n                                <h2 class=\"post_meta\">\n                                                                                <a style=\"color: #5ac4bb\" class=\"post_tag\" href=\"?service=rebold-communication\">Rebold Communication<\/a>\n                                                                                                                                <a class=\"post_tag\" href=\"?topic=media-intelligence\">Media Intelligence<\/a>\n                                                                            <\/h2>\n                                <h3 class=\"post_title\"><a href=\"https:\/\/letsrebold.com\/es\/blog\/audiencia-de-medios-digitales\/\">An\u00e1lisis estrat\u00e9gico de las audiencias online en 2022<\/a><\/h3>\n                                <a class=\"post_link\" href=\"https:\/\/letsrebold.com\/es\/blog\/audiencia-de-medios-digitales\/\"><span>Leer m\u00e1s<\/span> <span class=\"ico-right\">M\u00e1s informaci\u00f3n<\/span><\/a>\n                            <\/article>\n                                                                        <article class=\"post rebold-marketing\">\n                                <a class=\"post_image\" href=\"https:\/\/letsrebold.com\/es\/blog\/tendencias-de-marketing-inmersivo\/\"><img loading=\"lazy\" decoding=\"async\" width=\"1061\" height=\"600\" src=\"https:\/\/letsrebold.com\/wp-content\/uploads\/2023\/03\/X-tendencias-de-marketing-inmersivo-que-haran-crecer-tu-marca-en-2023-1061x600.jpg\" class=\"attachment-img-header size-img-header wp-post-image\" alt=\"tendencias de marketing inmersivo\" srcset=\"https:\/\/letsrebold.com\/wp-content\/uploads\/2023\/03\/X-tendencias-de-marketing-inmersivo-que-haran-crecer-tu-marca-en-2023-1061x600.jpg 1061w, https:\/\/letsrebold.com\/wp-content\/uploads\/2023\/03\/X-tendencias-de-marketing-inmersivo-que-haran-crecer-tu-marca-en-2023-300x169.jpg 300w, https:\/\/letsrebold.com\/wp-content\/uploads\/2023\/03\/X-tendencias-de-marketing-inmersivo-que-haran-crecer-tu-marca-en-2023-360x204.jpg 360w\" sizes=\"auto, (max-width: 1061px) 100vw, 1061px\" \/><\/a>\n                                <h2 class=\"post_meta\">\n                                                                                <a style=\"color: #e0094b\" class=\"post_tag\" href=\"?service=rebold-marketing\">Rebold Marketing<\/a>\n                                                                                                                                <a class=\"post_tag\" href=\"?topic=tecnologia-de-marketing\">Tecnolog\u00eda de Marketing<\/a>\n                                                                            <\/h2>\n                                <h3 class=\"post_title\"><a href=\"https:\/\/letsrebold.com\/es\/blog\/tendencias-de-marketing-inmersivo\/\">6 tendencias de marketing inmersivo que har\u00e1n crecer tu marca en 2023<\/a><\/h3>\n                                <a class=\"post_link\" href=\"https:\/\/letsrebold.com\/es\/blog\/tendencias-de-marketing-inmersivo\/\"><span>Leer m\u00e1s<\/span> <span class=\"ico-right\">M\u00e1s informaci\u00f3n<\/span><\/a>\n                            <\/article>\n                                                                        <article class=\"post rebold-marketing\">\n                                <a class=\"post_image\" href=\"https:\/\/letsrebold.com\/es\/blog\/estrategia-de-contenidos-con-ai\/\"><img loading=\"lazy\" decoding=\"async\" width=\"1061\" height=\"600\" src=\"https:\/\/letsrebold.com\/wp-content\/uploads\/2023\/03\/Como-utilizar-la-AI-para-tu-estrategia-de-contenidos-1061x600.jpg\" class=\"attachment-img-header size-img-header wp-post-image\" alt=\"estrategia de contenidos con AI\" srcset=\"https:\/\/letsrebold.com\/wp-content\/uploads\/2023\/03\/Como-utilizar-la-AI-para-tu-estrategia-de-contenidos-1061x600.jpg 1061w, https:\/\/letsrebold.com\/wp-content\/uploads\/2023\/03\/Como-utilizar-la-AI-para-tu-estrategia-de-contenidos-300x169.jpg 300w, https:\/\/letsrebold.com\/wp-content\/uploads\/2023\/03\/Como-utilizar-la-AI-para-tu-estrategia-de-contenidos-360x204.jpg 360w\" sizes=\"auto, (max-width: 1061px) 100vw, 1061px\" \/><\/a>\n                                <h2 class=\"post_meta\">\n                                                                                <a style=\"color: #e0094b\" class=\"post_tag\" href=\"?service=rebold-marketing\">Rebold Marketing<\/a>\n                                                                                                                                <a class=\"post_tag\" href=\"?topic=tendencias-inteligencia-artificial\">Tendencias Inteligencia Artificial<\/a>\n                                                                            <\/h2>\n                                <h3 class=\"post_title\"><a href=\"https:\/\/letsrebold.com\/es\/blog\/estrategia-de-contenidos-con-ai\/\">C\u00f3mo utilizar la AI para tu estrategia de contenidos<\/a><\/h3>\n                                <a class=\"post_link\" href=\"https:\/\/letsrebold.com\/es\/blog\/estrategia-de-contenidos-con-ai\/\"><span>Leer m\u00e1s<\/span> <span class=\"ico-right\">M\u00e1s informaci\u00f3n<\/span><\/a>\n                            <\/article>\n                                                                        <article class=\"post rebold-marketing\">\n                                <a class=\"post_image\" href=\"https:\/\/letsrebold.com\/es\/blog\/tendencias-de-tiktok-en-2023\/\"><img loading=\"lazy\" decoding=\"async\" width=\"1061\" height=\"600\" src=\"https:\/\/letsrebold.com\/wp-content\/uploads\/2023\/03\/Las-tendencias-emergentes-en-TikTok-que-estan-cambiando-el-marketing-en-2023-1061x600.jpg\" class=\"attachment-img-header size-img-header wp-post-image\" alt=\"tendencias TikTok que est\u00e1n cambiando el marketing en 2023\" srcset=\"https:\/\/letsrebold.com\/wp-content\/uploads\/2023\/03\/Las-tendencias-emergentes-en-TikTok-que-estan-cambiando-el-marketing-en-2023-1061x600.jpg 1061w, https:\/\/letsrebold.com\/wp-content\/uploads\/2023\/03\/Las-tendencias-emergentes-en-TikTok-que-estan-cambiando-el-marketing-en-2023-300x169.jpg 300w, https:\/\/letsrebold.com\/wp-content\/uploads\/2023\/03\/Las-tendencias-emergentes-en-TikTok-que-estan-cambiando-el-marketing-en-2023-360x204.jpg 360w\" sizes=\"auto, (max-width: 1061px) 100vw, 1061px\" \/><\/a>\n                                <h2 class=\"post_meta\">\n                                                                                <a style=\"color: #e0094b\" class=\"post_tag\" href=\"?service=rebold-marketing\">Rebold Marketing<\/a>\n                                                                                                                                <a class=\"post_tag\" href=\"?topic=social-media\">Social Media<\/a>\n                                                                            <\/h2>\n                                <h3 class=\"post_title\"><a href=\"https:\/\/letsrebold.com\/es\/blog\/tendencias-de-tiktok-en-2023\/\">Las tendencias emergentes en TikTok que est\u00e1n cambiando el marketing en 2023<\/a><\/h3>\n                                <a class=\"post_link\" href=\"https:\/\/letsrebold.com\/es\/blog\/tendencias-de-tiktok-en-2023\/\"><span>Leer m\u00e1s<\/span> <span class=\"ico-right\">M\u00e1s informaci\u00f3n<\/span><\/a>\n                            <\/article>\n                                                                        <article class=\"post rebold-marketing\">\n                                <a class=\"post_image\" href=\"https:\/\/letsrebold.com\/es\/blog\/como-la-ia-esta-revolucionando-la-creatividad-en-el-marketing\/\"><img loading=\"lazy\" decoding=\"async\" width=\"1061\" height=\"600\" src=\"https:\/\/letsrebold.com\/wp-content\/uploads\/2023\/04\/IA-para-la-creatividad-es-una-buena-idea-1061x600.jpg\" class=\"attachment-img-header size-img-header wp-post-image\" alt=\"\" srcset=\"https:\/\/letsrebold.com\/wp-content\/uploads\/2023\/04\/IA-para-la-creatividad-es-una-buena-idea-1061x600.jpg 1061w, https:\/\/letsrebold.com\/wp-content\/uploads\/2023\/04\/IA-para-la-creatividad-es-una-buena-idea-300x169.jpg 300w, https:\/\/letsrebold.com\/wp-content\/uploads\/2023\/04\/IA-para-la-creatividad-es-una-buena-idea-360x204.jpg 360w\" sizes=\"auto, (max-width: 1061px) 100vw, 1061px\" \/><\/a>\n                                <h2 class=\"post_meta\">\n                                                                                <a style=\"color: #e0094b\" class=\"post_tag\" href=\"?service=rebold-marketing\">Rebold Marketing<\/a>\n                                                                                                                                <a class=\"post_tag\" href=\"?topic=inteligencia-artificial\">Inteligencia Artificial<\/a>\n                                                                            <\/h2>\n                                <h3 class=\"post_title\"><a href=\"https:\/\/letsrebold.com\/es\/blog\/como-la-ia-esta-revolucionando-la-creatividad-en-el-marketing\/\">C\u00f3mo la IA est\u00e1 revolucionando la creatividad en el marketing<\/a><\/h3>\n                                <a class=\"post_link\" href=\"https:\/\/letsrebold.com\/es\/blog\/como-la-ia-esta-revolucionando-la-creatividad-en-el-marketing\/\"><span>Leer m\u00e1s<\/span> <span class=\"ico-right\">M\u00e1s informaci\u00f3n<\/span><\/a>\n                            <\/article>\n                                                                        <article class=\"post rebold-marketing\">\n                                <a class=\"post_image\" href=\"https:\/\/letsrebold.com\/es\/blog\/retail-media-impactar-etapas-funnel\/\"><img loading=\"lazy\" decoding=\"async\" width=\"1061\" height=\"600\" src=\"https:\/\/letsrebold.com\/wp-content\/uploads\/2023\/04\/como-utilizar-retail-media-para-llegar-a-tu-audiencia-etapas-del-funnel-1061x600.jpg\" class=\"attachment-img-header size-img-header wp-post-image\" alt=\"C\u00f3mo utilizar Retail Media para llegar a tu audiencia en las diferentes etapas del funnel\" srcset=\"https:\/\/letsrebold.com\/wp-content\/uploads\/2023\/04\/como-utilizar-retail-media-para-llegar-a-tu-audiencia-etapas-del-funnel-1061x600.jpg 1061w, https:\/\/letsrebold.com\/wp-content\/uploads\/2023\/04\/como-utilizar-retail-media-para-llegar-a-tu-audiencia-etapas-del-funnel-300x169.jpg 300w, https:\/\/letsrebold.com\/wp-content\/uploads\/2023\/04\/como-utilizar-retail-media-para-llegar-a-tu-audiencia-etapas-del-funnel-360x204.jpg 360w\" sizes=\"auto, (max-width: 1061px) 100vw, 1061px\" \/><\/a>\n                                <h2 class=\"post_meta\">\n                                                                                <a style=\"color: #e0094b\" class=\"post_tag\" href=\"?service=rebold-marketing\">Rebold Marketing<\/a>\n                                                                                                                                <a class=\"post_tag\" href=\"?topic=audiencias\">audiencias<\/a>\n                                                                            <\/h2>\n                                <h3 class=\"post_title\"><a href=\"https:\/\/letsrebold.com\/es\/blog\/retail-media-impactar-etapas-funnel\/\">C\u00f3mo utilizar el Retail Media para llegar a tu audiencia en diferentes etapas del funnel<\/a><\/h3>\n                                <a class=\"post_link\" href=\"https:\/\/letsrebold.com\/es\/blog\/retail-media-impactar-etapas-funnel\/\"><span>Leer m\u00e1s<\/span> <span class=\"ico-right\">M\u00e1s informaci\u00f3n<\/span><\/a>\n                            <\/article>\n                                    <\/div>\n                                    <nav class=\"links links-right\" id=\"loadmore_15\">\n                        <div class=\"container\">\n                            <a href=\"#\" class=\"loadmore\" value=\"15\"><span>Cargar m\u00e1s<\/span> <span class=\"ico-right\"><\/span><\/a>\n                        <\/div>\n                    <\/nav>\n                            <\/div>\n                                <div id=\"page_16\" class=\"d-none\">\n                <div class=\"container posts\">\n                                                                        <article class=\"post rebold-marketing\">\n                                <a class=\"post_image\" href=\"https:\/\/letsrebold.com\/es\/blog\/videomarketing-en-el-ecommerce\/\"><img loading=\"lazy\" decoding=\"async\" width=\"1061\" height=\"600\" src=\"https:\/\/letsrebold.com\/wp-content\/uploads\/2023\/03\/tendencias-videomarketing-ecommerce-1061x600.jpg\" class=\"attachment-img-header size-img-header wp-post-image\" alt=\"Tendencias videomarketing ecommerce\" srcset=\"https:\/\/letsrebold.com\/wp-content\/uploads\/2023\/03\/tendencias-videomarketing-ecommerce-1061x600.jpg 1061w, https:\/\/letsrebold.com\/wp-content\/uploads\/2023\/03\/tendencias-videomarketing-ecommerce-300x169.jpg 300w, https:\/\/letsrebold.com\/wp-content\/uploads\/2023\/03\/tendencias-videomarketing-ecommerce-360x204.jpg 360w\" sizes=\"auto, (max-width: 1061px) 100vw, 1061px\" \/><\/a>\n                                <h2 class=\"post_meta\">\n                                                                                <a style=\"color: #e0094b\" class=\"post_tag\" href=\"?service=rebold-marketing\">Rebold Marketing<\/a>\n                                                                                                                                <a class=\"post_tag\" href=\"?topic=branding\">Branding<\/a>\n                                                                            <\/h2>\n                                <h3 class=\"post_title\"><a href=\"https:\/\/letsrebold.com\/es\/blog\/videomarketing-en-el-ecommerce\/\">Las tendencias actuales del videomarketing en el ecommerce<\/a><\/h3>\n                                <a class=\"post_link\" href=\"https:\/\/letsrebold.com\/es\/blog\/videomarketing-en-el-ecommerce\/\"><span>Leer m\u00e1s<\/span> <span class=\"ico-right\">M\u00e1s informaci\u00f3n<\/span><\/a>\n                            <\/article>\n                                                                        <article class=\"post rebold-marketing\">\n                                <a class=\"post_image\" href=\"https:\/\/letsrebold.com\/es\/blog\/tv-conectada-en-la-estrategia-de-marketing\/\"><img loading=\"lazy\" decoding=\"async\" width=\"1061\" height=\"600\" src=\"https:\/\/letsrebold.com\/wp-content\/uploads\/2023\/04\/TV-conectada_-como-integrarla-en-tu-proxima-campana-de-marketing-1061x600.jpg\" class=\"attachment-img-header size-img-header wp-post-image\" alt=\"\" srcset=\"https:\/\/letsrebold.com\/wp-content\/uploads\/2023\/04\/TV-conectada_-como-integrarla-en-tu-proxima-campana-de-marketing-1061x600.jpg 1061w, https:\/\/letsrebold.com\/wp-content\/uploads\/2023\/04\/TV-conectada_-como-integrarla-en-tu-proxima-campana-de-marketing-300x169.jpg 300w, https:\/\/letsrebold.com\/wp-content\/uploads\/2023\/04\/TV-conectada_-como-integrarla-en-tu-proxima-campana-de-marketing-360x204.jpg 360w\" sizes=\"auto, (max-width: 1061px) 100vw, 1061px\" \/><\/a>\n                                <h2 class=\"post_meta\">\n                                                                                <a style=\"color: #e0094b\" class=\"post_tag\" href=\"?service=rebold-marketing\">Rebold Marketing<\/a>\n                                                                                                                    <\/h2>\n                                <h3 class=\"post_title\"><a href=\"https:\/\/letsrebold.com\/es\/blog\/tv-conectada-en-la-estrategia-de-marketing\/\">TV conectada: c\u00f3mo integrarla en tu pr\u00f3xima campa\u00f1a de marketing<\/a><\/h3>\n                                <a class=\"post_link\" href=\"https:\/\/letsrebold.com\/es\/blog\/tv-conectada-en-la-estrategia-de-marketing\/\"><span>Leer m\u00e1s<\/span> <span class=\"ico-right\">M\u00e1s informaci\u00f3n<\/span><\/a>\n                            <\/article>\n                                                                        <article class=\"post rebold-marketing\">\n                                <a class=\"post_image\" href=\"https:\/\/letsrebold.com\/es\/blog\/como-medir-experiencias-inmersivas\/\"><img loading=\"lazy\" decoding=\"async\" width=\"1061\" height=\"600\" src=\"https:\/\/letsrebold.com\/wp-content\/uploads\/2023\/03\/metricas-experiencias-inmersivas-1061x600.png\" class=\"attachment-img-header size-img-header wp-post-image\" alt=\"m\u00e9tricas experiencias inmersivas\" srcset=\"https:\/\/letsrebold.com\/wp-content\/uploads\/2023\/03\/metricas-experiencias-inmersivas-1061x600.png 1061w, https:\/\/letsrebold.com\/wp-content\/uploads\/2023\/03\/metricas-experiencias-inmersivas-360x204.png 360w\" sizes=\"auto, (max-width: 1061px) 100vw, 1061px\" \/><\/a>\n                                <h2 class=\"post_meta\">\n                                                                                <a style=\"color: #e0094b\" class=\"post_tag\" href=\"?service=rebold-marketing\">Rebold Marketing<\/a>\n                                                                                                                                <a class=\"post_tag\" href=\"?topic=realidad-aumentada\">realidad aumentada<\/a>\n                                                                            <\/h2>\n                                <h3 class=\"post_title\"><a href=\"https:\/\/letsrebold.com\/es\/blog\/como-medir-experiencias-inmersivas\/\">Experiencias inmersivas: C\u00f3mo medir el \u00e9xito en tu estrategia de marketing<\/a><\/h3>\n                                <a class=\"post_link\" href=\"https:\/\/letsrebold.com\/es\/blog\/como-medir-experiencias-inmersivas\/\"><span>Leer m\u00e1s<\/span> <span class=\"ico-right\">M\u00e1s informaci\u00f3n<\/span><\/a>\n                            <\/article>\n                                                                        <article class=\"post rebold-marketing\">\n                                <a class=\"post_image\" href=\"https:\/\/letsrebold.com\/es\/blog\/formatos-retail-media\/\"><img loading=\"lazy\" decoding=\"async\" width=\"1061\" height=\"600\" src=\"https:\/\/letsrebold.com\/wp-content\/uploads\/2023\/03\/formatos-retail-media-idoneos-1061x600.jpg\" class=\"attachment-img-header size-img-header wp-post-image\" alt=\"formatos retail media\" srcset=\"https:\/\/letsrebold.com\/wp-content\/uploads\/2023\/03\/formatos-retail-media-idoneos-1061x600.jpg 1061w, https:\/\/letsrebold.com\/wp-content\/uploads\/2023\/03\/formatos-retail-media-idoneos-300x169.jpg 300w, https:\/\/letsrebold.com\/wp-content\/uploads\/2023\/03\/formatos-retail-media-idoneos-360x204.jpg 360w\" sizes=\"auto, (max-width: 1061px) 100vw, 1061px\" \/><\/a>\n                                <h2 class=\"post_meta\">\n                                                                                <a style=\"color: #e0094b\" class=\"post_tag\" href=\"?service=rebold-marketing\">Rebold Marketing<\/a>\n                                                                                                                                <a class=\"post_tag\" href=\"?topic=performance-marketing\">Performance Marketing<\/a>\n                                                                            <\/h2>\n                                <h3 class=\"post_title\"><a href=\"https:\/\/letsrebold.com\/es\/blog\/formatos-retail-media\/\">\u00bfCu\u00e1les son los formatos de retail media m\u00e1s id\u00f3neos para tu negocio?<\/a><\/h3>\n                                <a class=\"post_link\" href=\"https:\/\/letsrebold.com\/es\/blog\/formatos-retail-media\/\"><span>Leer m\u00e1s<\/span> <span class=\"ico-right\">M\u00e1s informaci\u00f3n<\/span><\/a>\n                            <\/article>\n                                                                        <article class=\"post rebold-marketing\">\n                                <a class=\"post_image\" href=\"https:\/\/letsrebold.com\/es\/blog\/full-funnel-marketing\/\"><img loading=\"lazy\" decoding=\"async\" width=\"1061\" height=\"600\" src=\"https:\/\/letsrebold.com\/wp-content\/uploads\/2023\/03\/estrategias-full-funnel-marketing-1061x600.jpg\" class=\"attachment-img-header size-img-header wp-post-image\" alt=\"estrategias full funnel\" srcset=\"https:\/\/letsrebold.com\/wp-content\/uploads\/2023\/03\/estrategias-full-funnel-marketing-1061x600.jpg 1061w, https:\/\/letsrebold.com\/wp-content\/uploads\/2023\/03\/estrategias-full-funnel-marketing-300x169.jpg 300w, https:\/\/letsrebold.com\/wp-content\/uploads\/2023\/03\/estrategias-full-funnel-marketing-360x204.jpg 360w\" sizes=\"auto, (max-width: 1061px) 100vw, 1061px\" \/><\/a>\n                                <h2 class=\"post_meta\">\n                                                                                <a style=\"color: #e0094b\" class=\"post_tag\" href=\"?service=rebold-marketing\">Rebold Marketing<\/a>\n                                                                                                                    <\/h2>\n                                <h3 class=\"post_title\"><a href=\"https:\/\/letsrebold.com\/es\/blog\/full-funnel-marketing\/\">C\u00f3mo implementar estrategias full funnel marketing en tu empresa y aumentar tus conversiones<\/a><\/h3>\n                                <a class=\"post_link\" href=\"https:\/\/letsrebold.com\/es\/blog\/full-funnel-marketing\/\"><span>Leer m\u00e1s<\/span> <span class=\"ico-right\">M\u00e1s informaci\u00f3n<\/span><\/a>\n                            <\/article>\n                                                                        <article class=\"post rebold-marketing\">\n                                <a class=\"post_image\" href=\"https:\/\/letsrebold.com\/es\/blog\/conecta-con-la-generacion-alfa\/\"><img loading=\"lazy\" decoding=\"async\" width=\"1061\" height=\"600\" src=\"https:\/\/letsrebold.com\/wp-content\/uploads\/2023\/03\/conectar-generacion-alfa-1061x600.png\" class=\"attachment-img-header size-img-header wp-post-image\" alt=\"conectar generaci\u00f3n alfa\" srcset=\"https:\/\/letsrebold.com\/wp-content\/uploads\/2023\/03\/conectar-generacion-alfa-1061x600.png 1061w, https:\/\/letsrebold.com\/wp-content\/uploads\/2023\/03\/conectar-generacion-alfa-360x204.png 360w\" sizes=\"auto, (max-width: 1061px) 100vw, 1061px\" \/><\/a>\n                                <h2 class=\"post_meta\">\n                                                                                <a style=\"color: #e0094b\" class=\"post_tag\" href=\"?service=rebold-marketing\">Rebold Marketing<\/a>\n                                                                                                                    <\/h2>\n                                <h3 class=\"post_title\"><a href=\"https:\/\/letsrebold.com\/es\/blog\/conecta-con-la-generacion-alfa\/\">Conecta con la generaci\u00f3n Alfa: la generaci\u00f3n 100% digital<\/a><\/h3>\n                                <a class=\"post_link\" href=\"https:\/\/letsrebold.com\/es\/blog\/conecta-con-la-generacion-alfa\/\"><span>Leer m\u00e1s<\/span> <span class=\"ico-right\">M\u00e1s informaci\u00f3n<\/span><\/a>\n                            <\/article>\n                                    <\/div>\n                                    <nav class=\"links links-right\" id=\"loadmore_16\">\n                        <div class=\"container\">\n                            <a href=\"#\" class=\"loadmore\" value=\"16\"><span>Cargar m\u00e1s<\/span> <span class=\"ico-right\"><\/span><\/a>\n                        <\/div>\n                    <\/nav>\n                            <\/div>\n                                <div id=\"page_17\" class=\"d-none\">\n                <div class=\"container posts\">\n                                                                        <article class=\"post rebold-marketing\">\n                                <a class=\"post_image\" href=\"https:\/\/letsrebold.com\/es\/blog\/tv-conectada-e-hipersegmentacion\/\"><img loading=\"lazy\" decoding=\"async\" width=\"1061\" height=\"600\" src=\"https:\/\/letsrebold.com\/wp-content\/uploads\/2023\/03\/TV-conectada-e-hipersegmentaciOn-1061x600.jpg\" class=\"attachment-img-header size-img-header wp-post-image\" alt=\"TV conectada e hipersegmentaci\u00f3n\" srcset=\"https:\/\/letsrebold.com\/wp-content\/uploads\/2023\/03\/TV-conectada-e-hipersegmentaciOn-1061x600.jpg 1061w, https:\/\/letsrebold.com\/wp-content\/uploads\/2023\/03\/TV-conectada-e-hipersegmentaciOn-360x204.jpg 360w\" sizes=\"auto, (max-width: 1061px) 100vw, 1061px\" \/><\/a>\n                                <h2 class=\"post_meta\">\n                                                                                <a style=\"color: #e0094b\" class=\"post_tag\" href=\"?service=rebold-marketing\">Rebold Marketing<\/a>\n                                                                                                                                <a class=\"post_tag\" href=\"?topic=performance-marketing\">Performance Marketing<\/a>\n                                                                            <\/h2>\n                                <h3 class=\"post_title\"><a href=\"https:\/\/letsrebold.com\/es\/blog\/tv-conectada-e-hipersegmentacion\/\">TV conectada e hipersegmentaci\u00f3n: Consejos para llegar a tu audiencia con anuncios efectivos<\/a><\/h3>\n                                <a class=\"post_link\" href=\"https:\/\/letsrebold.com\/es\/blog\/tv-conectada-e-hipersegmentacion\/\"><span>Leer m\u00e1s<\/span> <span class=\"ico-right\">M\u00e1s informaci\u00f3n<\/span><\/a>\n                            <\/article>\n                                                                        <article class=\"post rebold-marketing\">\n                                <a class=\"post_image\" href=\"https:\/\/letsrebold.com\/es\/blog\/video-product-placement\/\"><img loading=\"lazy\" decoding=\"async\" width=\"1061\" height=\"600\" src=\"https:\/\/letsrebold.com\/wp-content\/uploads\/2023\/02\/Video-Product-Placement-1-1061x600.jpg\" class=\"attachment-img-header size-img-header wp-post-image\" alt=\"Video Product Placement\" srcset=\"https:\/\/letsrebold.com\/wp-content\/uploads\/2023\/02\/Video-Product-Placement-1-1061x600.jpg 1061w, https:\/\/letsrebold.com\/wp-content\/uploads\/2023\/02\/Video-Product-Placement-1-360x204.jpg 360w\" sizes=\"auto, (max-width: 1061px) 100vw, 1061px\" \/><\/a>\n                                <h2 class=\"post_meta\">\n                                                                                <a style=\"color: #e0094b\" class=\"post_tag\" href=\"?service=rebold-marketing\">Rebold Marketing<\/a>\n                                                                                                                                <a class=\"post_tag\" href=\"?topic=branded-content\">branded content<\/a>\n                                                                            <\/h2>\n                                <h3 class=\"post_title\"><a href=\"https:\/\/letsrebold.com\/es\/blog\/video-product-placement\/\">Video Product Placement y su impacto en la percepci\u00f3n del consumidor<\/a><\/h3>\n                                <a class=\"post_link\" href=\"https:\/\/letsrebold.com\/es\/blog\/video-product-placement\/\"><span>Leer m\u00e1s<\/span> <span class=\"ico-right\">M\u00e1s informaci\u00f3n<\/span><\/a>\n                            <\/article>\n                                                                        <article class=\"post rebold-marketing\">\n                                <a class=\"post_image\" href=\"https:\/\/letsrebold.com\/es\/blog\/la-industria-digital-va-muy-rapido-corres-a-la-misma-velocidad\/\"><img loading=\"lazy\" decoding=\"async\" width=\"1061\" height=\"600\" src=\"https:\/\/letsrebold.com\/wp-content\/uploads\/2023\/03\/la-industria-digital-va-muy-rapido-1061x600.jpg\" class=\"attachment-img-header size-img-header wp-post-image\" alt=\"\" srcset=\"https:\/\/letsrebold.com\/wp-content\/uploads\/2023\/03\/la-industria-digital-va-muy-rapido-1061x600.jpg 1061w, https:\/\/letsrebold.com\/wp-content\/uploads\/2023\/03\/la-industria-digital-va-muy-rapido-360x204.jpg 360w\" sizes=\"auto, (max-width: 1061px) 100vw, 1061px\" \/><\/a>\n                                <h2 class=\"post_meta\">\n                                                                                <a style=\"color: #e0094b\" class=\"post_tag\" href=\"?service=rebold-marketing\">Rebold Marketing<\/a>\n                                                                                                                                <a class=\"post_tag\" href=\"?topic=tendencias\">tendencias<\/a>\n                                                                            <\/h2>\n                                <h3 class=\"post_title\"><a href=\"https:\/\/letsrebold.com\/es\/blog\/la-industria-digital-va-muy-rapido-corres-a-la-misma-velocidad\/\">La industria digital va muy r\u00e1pido, \u00bfcorres a la misma velocidad?<\/a><\/h3>\n                                <a class=\"post_link\" href=\"https:\/\/letsrebold.com\/es\/blog\/la-industria-digital-va-muy-rapido-corres-a-la-misma-velocidad\/\"><span>Leer m\u00e1s<\/span> <span class=\"ico-right\">M\u00e1s informaci\u00f3n<\/span><\/a>\n                            <\/article>\n                                                                        <article class=\"post rebold-marketing\">\n                                <a class=\"post_image\" href=\"https:\/\/letsrebold.com\/es\/blog\/impulsar-el-talento-femenino-tambien-es-una-cuestion-de-justicia\/\"><img loading=\"lazy\" decoding=\"async\" width=\"1061\" height=\"600\" src=\"https:\/\/letsrebold.com\/wp-content\/uploads\/2023\/03\/rebold-isdp18624_retoc-1061x600.png\" class=\"attachment-img-header size-img-header wp-post-image\" alt=\"\" srcset=\"https:\/\/letsrebold.com\/wp-content\/uploads\/2023\/03\/rebold-isdp18624_retoc-1061x600.png 1061w, https:\/\/letsrebold.com\/wp-content\/uploads\/2023\/03\/rebold-isdp18624_retoc-360x204.png 360w\" sizes=\"auto, (max-width: 1061px) 100vw, 1061px\" \/><\/a>\n                                <h2 class=\"post_meta\">\n                                                                                <a style=\"color: #e0094b\" class=\"post_tag\" href=\"?service=rebold-marketing\">Rebold Marketing<\/a>\n                                                                                                                                <a class=\"post_tag\" href=\"?topic=mujer\">Mujer<\/a>\n                                                                            <\/h2>\n                                <h3 class=\"post_title\"><a href=\"https:\/\/letsrebold.com\/es\/blog\/impulsar-el-talento-femenino-tambien-es-una-cuestion-de-justicia\/\">\u201cImpulsar el talento femenino tambi\u00e9n es una cuesti\u00f3n de justicia\u201d<\/a><\/h3>\n                                <a class=\"post_link\" href=\"https:\/\/letsrebold.com\/es\/blog\/impulsar-el-talento-femenino-tambien-es-una-cuestion-de-justicia\/\"><span>Leer m\u00e1s<\/span> <span class=\"ico-right\">M\u00e1s informaci\u00f3n<\/span><\/a>\n                            <\/article>\n                                                                        <article class=\"post rebold-marketing\">\n                                <a class=\"post_image\" href=\"https:\/\/letsrebold.com\/es\/blog\/4-usos-de-chatgpt-para-marketing-que-todavia-no-te-han-contado\/\"><img loading=\"lazy\" decoding=\"async\" width=\"1061\" height=\"600\" src=\"https:\/\/letsrebold.com\/wp-content\/uploads\/2023\/03\/chat-gpt-post-1061x600.jpg\" class=\"attachment-img-header size-img-header wp-post-image\" alt=\"chat gpt usos\" srcset=\"https:\/\/letsrebold.com\/wp-content\/uploads\/2023\/03\/chat-gpt-post-1061x600.jpg 1061w, https:\/\/letsrebold.com\/wp-content\/uploads\/2023\/03\/chat-gpt-post-360x204.jpg 360w\" sizes=\"auto, (max-width: 1061px) 100vw, 1061px\" \/><\/a>\n                                <h2 class=\"post_meta\">\n                                                                                <a style=\"color: #e0094b\" class=\"post_tag\" href=\"?service=rebold-marketing\">Rebold Marketing<\/a>\n                                                                                                                                <a class=\"post_tag\" href=\"?topic=ai\">AI<\/a>\n                                                                            <\/h2>\n                                <h3 class=\"post_title\"><a href=\"https:\/\/letsrebold.com\/es\/blog\/4-usos-de-chatgpt-para-marketing-que-todavia-no-te-han-contado\/\">Los usos de ChatGPT para marketing que todav\u00eda no te han contado<\/a><\/h3>\n                                <a class=\"post_link\" href=\"https:\/\/letsrebold.com\/es\/blog\/4-usos-de-chatgpt-para-marketing-que-todavia-no-te-han-contado\/\"><span>Leer m\u00e1s<\/span> <span class=\"ico-right\">M\u00e1s informaci\u00f3n<\/span><\/a>\n                            <\/article>\n                                                                        <article class=\"post rebold-marketing\">\n                                <a class=\"post_image\" href=\"https:\/\/letsrebold.com\/es\/blog\/inteligencia-artificial-aplicada-a-paid-media\/\"><img loading=\"lazy\" decoding=\"async\" width=\"1061\" height=\"600\" src=\"https:\/\/letsrebold.com\/wp-content\/uploads\/2023\/03\/paid-media-y-inteligencia-artificial-1061x600.jpg\" class=\"attachment-img-header size-img-header wp-post-image\" alt=\"ai en paid media\" srcset=\"https:\/\/letsrebold.com\/wp-content\/uploads\/2023\/03\/paid-media-y-inteligencia-artificial-1061x600.jpg 1061w, https:\/\/letsrebold.com\/wp-content\/uploads\/2023\/03\/paid-media-y-inteligencia-artificial-360x204.jpg 360w\" sizes=\"auto, (max-width: 1061px) 100vw, 1061px\" \/><\/a>\n                                <h2 class=\"post_meta\">\n                                                                                <a style=\"color: #e0094b\" class=\"post_tag\" href=\"?service=rebold-marketing\">Rebold Marketing<\/a>\n                                                                                                                                <a class=\"post_tag\" href=\"?topic=inteligencia-artificial\">Inteligencia Artificial<\/a>\n                                                                            <\/h2>\n                                <h3 class=\"post_title\"><a href=\"https:\/\/letsrebold.com\/es\/blog\/inteligencia-artificial-aplicada-a-paid-media\/\">C\u00f3mo incrementar el ROI de tus campa\u00f1as de paid media aplicando inteligencia artificial<\/a><\/h3>\n                                <a class=\"post_link\" href=\"https:\/\/letsrebold.com\/es\/blog\/inteligencia-artificial-aplicada-a-paid-media\/\"><span>Leer m\u00e1s<\/span> <span class=\"ico-right\">M\u00e1s informaci\u00f3n<\/span><\/a>\n                            <\/article>\n                                    <\/div>\n                                    <nav class=\"links links-right\" id=\"loadmore_17\">\n                        <div class=\"container\">\n                            <a href=\"#\" class=\"loadmore\" value=\"17\"><span>Cargar m\u00e1s<\/span> <span class=\"ico-right\"><\/span><\/a>\n                        <\/div>\n                    <\/nav>\n                            <\/div>\n                                <div id=\"page_18\" class=\"d-none\">\n                <div class=\"container posts\">\n                                                                        <article class=\"post rebold-marketing\">\n                                <a class=\"post_image\" href=\"https:\/\/letsrebold.com\/es\/blog\/como-esta-alterando-la-inteligencia-artificial-las-4ps-del-marketing\/\"><img loading=\"lazy\" decoding=\"async\" width=\"1061\" height=\"600\" src=\"https:\/\/letsrebold.com\/wp-content\/uploads\/2023\/02\/4ps-ai-marketing-1-1061x600.jpg\" class=\"attachment-img-header size-img-header wp-post-image\" alt=\"\" srcset=\"https:\/\/letsrebold.com\/wp-content\/uploads\/2023\/02\/4ps-ai-marketing-1-1061x600.jpg 1061w, https:\/\/letsrebold.com\/wp-content\/uploads\/2023\/02\/4ps-ai-marketing-1-360x204.jpg 360w\" sizes=\"auto, (max-width: 1061px) 100vw, 1061px\" \/><\/a>\n                                <h2 class=\"post_meta\">\n                                                                                <a style=\"color: #e0094b\" class=\"post_tag\" href=\"?service=rebold-marketing\">Rebold Marketing<\/a>\n                                                                                                                                <a class=\"post_tag\" href=\"?topic=ai\">AI<\/a>\n                                                                            <\/h2>\n                                <h3 class=\"post_title\"><a href=\"https:\/\/letsrebold.com\/es\/blog\/como-esta-alterando-la-inteligencia-artificial-las-4ps-del-marketing\/\">\u00bfC\u00f3mo est\u00e1 alterando la inteligencia artificial las 4Ps del marketing?<\/a><\/h3>\n                                <a class=\"post_link\" href=\"https:\/\/letsrebold.com\/es\/blog\/como-esta-alterando-la-inteligencia-artificial-las-4ps-del-marketing\/\"><span>Leer m\u00e1s<\/span> <span class=\"ico-right\">M\u00e1s informaci\u00f3n<\/span><\/a>\n                            <\/article>\n                                                                        <article class=\"post rebold-marketing\">\n                                <a class=\"post_image\" href=\"https:\/\/letsrebold.com\/es\/blog\/personalizacion-y-automatizacion-la-combinacion-perfecta\/\"><img loading=\"lazy\" decoding=\"async\" width=\"1061\" height=\"600\" src=\"https:\/\/letsrebold.com\/wp-content\/uploads\/2023\/02\/automatizacion-y-personalizacion-1-1061x600.jpg\" class=\"attachment-img-header size-img-header wp-post-image\" alt=\"\" srcset=\"https:\/\/letsrebold.com\/wp-content\/uploads\/2023\/02\/automatizacion-y-personalizacion-1-1061x600.jpg 1061w, https:\/\/letsrebold.com\/wp-content\/uploads\/2023\/02\/automatizacion-y-personalizacion-1-360x204.jpg 360w\" sizes=\"auto, (max-width: 1061px) 100vw, 1061px\" \/><\/a>\n                                <h2 class=\"post_meta\">\n                                                                                <a style=\"color: #e0094b\" class=\"post_tag\" href=\"?service=rebold-marketing\">Rebold Marketing<\/a>\n                                                                                                                                <a class=\"post_tag\" href=\"?topic=innovacion\">Innovaci\u00f3n<\/a>\n                                                                            <\/h2>\n                                <h3 class=\"post_title\"><a href=\"https:\/\/letsrebold.com\/es\/blog\/personalizacion-y-automatizacion-la-combinacion-perfecta\/\">Personalizaci\u00f3n y automatizaci\u00f3n: la combinaci\u00f3n perfecta<\/a><\/h3>\n                                <a class=\"post_link\" href=\"https:\/\/letsrebold.com\/es\/blog\/personalizacion-y-automatizacion-la-combinacion-perfecta\/\"><span>Leer m\u00e1s<\/span> <span class=\"ico-right\">M\u00e1s informaci\u00f3n<\/span><\/a>\n                            <\/article>\n                                                                        <article class=\"post rebold-shakers\">\n                                <a class=\"post_image\" href=\"https:\/\/letsrebold.com\/es\/blog\/claves-social-gaming-marketing\/\"><img loading=\"lazy\" decoding=\"async\" width=\"1061\" height=\"600\" src=\"https:\/\/letsrebold.com\/wp-content\/uploads\/2023\/02\/incorporar-ocial-Gaming-Marketing-en-tu-marca-1061x600.jpg\" class=\"attachment-img-header size-img-header wp-post-image\" alt=\"Social Gaming Marketing\" srcset=\"https:\/\/letsrebold.com\/wp-content\/uploads\/2023\/02\/incorporar-ocial-Gaming-Marketing-en-tu-marca-1061x600.jpg 1061w, https:\/\/letsrebold.com\/wp-content\/uploads\/2023\/02\/incorporar-ocial-Gaming-Marketing-en-tu-marca-360x204.jpg 360w\" sizes=\"auto, (max-width: 1061px) 100vw, 1061px\" \/><\/a>\n                                <h2 class=\"post_meta\">\n                                                                                <a style=\"color: #7d38ed\" class=\"post_tag\" href=\"?service=rebold-shakers\">Rebold Shakers<\/a>\n                                                                                                                                <a class=\"post_tag\" href=\"?topic=social-gaming-marketing\">Social Gaming Marketing<\/a>\n                                                                            <\/h2>\n                                <h3 class=\"post_title\"><a href=\"https:\/\/letsrebold.com\/es\/blog\/claves-social-gaming-marketing\/\">3 claves para incorporar el Social Gaming Marketing en tu marca<\/a><\/h3>\n                                <a class=\"post_link\" href=\"https:\/\/letsrebold.com\/es\/blog\/claves-social-gaming-marketing\/\"><span>Leer m\u00e1s<\/span> <span class=\"ico-right\">M\u00e1s informaci\u00f3n<\/span><\/a>\n                            <\/article>\n                                                                        <article class=\"post rebold-marketing\">\n                                <a class=\"post_image\" href=\"https:\/\/letsrebold.com\/es\/blog\/implementar-cro-para-optimizar-conversion-web\/\"><img loading=\"lazy\" decoding=\"async\" width=\"1061\" height=\"600\" src=\"https:\/\/letsrebold.com\/wp-content\/uploads\/2023\/01\/Como-implementar-el-CRO-para-optimizar-la-conversacion-web-1061x600.jpg\" class=\"attachment-img-header size-img-header wp-post-image\" alt=\"cro para la optimizar la conversacion web\" srcset=\"https:\/\/letsrebold.com\/wp-content\/uploads\/2023\/01\/Como-implementar-el-CRO-para-optimizar-la-conversacion-web-1061x600.jpg 1061w, https:\/\/letsrebold.com\/wp-content\/uploads\/2023\/01\/Como-implementar-el-CRO-para-optimizar-la-conversacion-web-360x204.jpg 360w\" sizes=\"auto, (max-width: 1061px) 100vw, 1061px\" \/><\/a>\n                                <h2 class=\"post_meta\">\n                                                                                <a style=\"color: #e0094b\" class=\"post_tag\" href=\"?service=rebold-marketing\">Rebold Marketing<\/a>\n                                                                                                                                <a class=\"post_tag\" href=\"?topic=performance-marketing\">Performance Marketing<\/a>\n                                                                            <\/h2>\n                                <h3 class=\"post_title\"><a href=\"https:\/\/letsrebold.com\/es\/blog\/implementar-cro-para-optimizar-conversion-web\/\">C\u00f3mo implementar la CRO para incrementar la conversi\u00f3n web<\/a><\/h3>\n                                <a class=\"post_link\" href=\"https:\/\/letsrebold.com\/es\/blog\/implementar-cro-para-optimizar-conversion-web\/\"><span>Leer m\u00e1s<\/span> <span class=\"ico-right\">M\u00e1s informaci\u00f3n<\/span><\/a>\n                            <\/article>\n                                                                        <article class=\"post rebold-marketing\">\n                                <a class=\"post_image\" href=\"https:\/\/letsrebold.com\/es\/blog\/tendencias-de-marketing-2023\/\"><img loading=\"lazy\" decoding=\"async\" width=\"1061\" height=\"600\" src=\"https:\/\/letsrebold.com\/wp-content\/uploads\/2023\/02\/estudio-trends-zoom-in-1061x600.jpg\" class=\"attachment-img-header size-img-header wp-post-image\" alt=\"estudio trends zoom in 2023\" srcset=\"https:\/\/letsrebold.com\/wp-content\/uploads\/2023\/02\/estudio-trends-zoom-in-1061x600.jpg 1061w, https:\/\/letsrebold.com\/wp-content\/uploads\/2023\/02\/estudio-trends-zoom-in-360x204.jpg 360w\" sizes=\"auto, (max-width: 1061px) 100vw, 1061px\" \/><\/a>\n                                <h2 class=\"post_meta\">\n                                                                                <a style=\"color: #e0094b\" class=\"post_tag\" href=\"?service=rebold-marketing\">Rebold Marketing<\/a>\n                                                                                                                                <a class=\"post_tag\" href=\"?topic=innovacion\">Innovaci\u00f3n<\/a>\n                                                                            <\/h2>\n                                <h3 class=\"post_title\"><a href=\"https:\/\/letsrebold.com\/es\/blog\/tendencias-de-marketing-2023\/\">Trends Zoom In: las tendencias de marketing que debes seguir de cerca<\/a><\/h3>\n                                <a class=\"post_link\" href=\"https:\/\/letsrebold.com\/es\/blog\/tendencias-de-marketing-2023\/\"><span>Leer m\u00e1s<\/span> <span class=\"ico-right\">M\u00e1s informaci\u00f3n<\/span><\/a>\n                            <\/article>\n                                                                        <article class=\"post rebold-marketing\">\n                                <a class=\"post_image\" href=\"https:\/\/letsrebold.com\/es\/blog\/la-razon-de-la-intuicion\/\"><img loading=\"lazy\" decoding=\"async\" width=\"1061\" height=\"600\" src=\"https:\/\/letsrebold.com\/wp-content\/uploads\/2023\/02\/La-razo\u0301n-de-la-intuicio\u0301n--1061x600.jpg\" class=\"attachment-img-header size-img-header wp-post-image\" alt=\"\" srcset=\"https:\/\/letsrebold.com\/wp-content\/uploads\/2023\/02\/La-razo\u0301n-de-la-intuicio\u0301n--1061x600.jpg 1061w, https:\/\/letsrebold.com\/wp-content\/uploads\/2023\/02\/La-razo\u0301n-de-la-intuicio\u0301n--360x204.jpg 360w\" sizes=\"auto, (max-width: 1061px) 100vw, 1061px\" \/><\/a>\n                                <h2 class=\"post_meta\">\n                                                                                <a style=\"color: #e0094b\" class=\"post_tag\" href=\"?service=rebold-marketing\">Rebold Marketing<\/a>\n                                                                                                                                <a class=\"post_tag\" href=\"?topic=innovacion\">Innovaci\u00f3n<\/a>\n                                                                            <\/h2>\n                                <h3 class=\"post_title\"><a href=\"https:\/\/letsrebold.com\/es\/blog\/la-razon-de-la-intuicion\/\">La raz\u00f3n de la intuici\u00f3n<\/a><\/h3>\n                                <a class=\"post_link\" href=\"https:\/\/letsrebold.com\/es\/blog\/la-razon-de-la-intuicion\/\"><span>Leer m\u00e1s<\/span> <span class=\"ico-right\">M\u00e1s informaci\u00f3n<\/span><\/a>\n                            <\/article>\n                                    <\/div>\n                                    <nav class=\"links links-right\" id=\"loadmore_18\">\n                        <div class=\"container\">\n                            <a href=\"#\" class=\"loadmore\" value=\"18\"><span>Cargar m\u00e1s<\/span> <span class=\"ico-right\"><\/span><\/a>\n                        <\/div>\n                    <\/nav>\n                            <\/div>\n                                <div id=\"page_19\" class=\"d-none\">\n                <div class=\"container posts\">\n                                                                        <article class=\"post rebold-marketing, strategic-creativity\">\n                                <a class=\"post_image\" href=\"https:\/\/letsrebold.com\/es\/blog\/industria-creatividad-y-migracion\/\"><img loading=\"lazy\" decoding=\"async\" width=\"1061\" height=\"600\" src=\"https:\/\/letsrebold.com\/wp-content\/uploads\/2023\/02\/Jorge-sanz-blog-1061x600.jpg\" class=\"attachment-img-header size-img-header wp-post-image\" alt=\"\" srcset=\"https:\/\/letsrebold.com\/wp-content\/uploads\/2023\/02\/Jorge-sanz-blog-1061x600.jpg 1061w, https:\/\/letsrebold.com\/wp-content\/uploads\/2023\/02\/Jorge-sanz-blog-360x204.jpg 360w\" sizes=\"auto, (max-width: 1061px) 100vw, 1061px\" \/><\/a>\n                                <h2 class=\"post_meta\">\n                                                                                <a style=\"color: #e0094b\" class=\"post_tag\" href=\"?service=rebold-marketing\">Rebold Marketing<\/a>\n                                                                                                                    <\/h2>\n                                <h3 class=\"post_title\"><a href=\"https:\/\/letsrebold.com\/es\/blog\/industria-creatividad-y-migracion\/\">Industria, creatividad y migraci\u00f3n<\/a><\/h3>\n                                <a class=\"post_link\" href=\"https:\/\/letsrebold.com\/es\/blog\/industria-creatividad-y-migracion\/\"><span>Leer m\u00e1s<\/span> <span class=\"ico-right\">M\u00e1s informaci\u00f3n<\/span><\/a>\n                            <\/article>\n                                                                        <article class=\"post rebold-marketing\">\n                                <a class=\"post_image\" href=\"https:\/\/letsrebold.com\/es\/blog\/retail-media\/\"><img loading=\"lazy\" decoding=\"async\" width=\"1061\" height=\"600\" src=\"https:\/\/letsrebold.com\/wp-content\/uploads\/2023\/02\/Retail-media-o-el-giro-de-tuerca-publicitario-1061x600.jpg\" class=\"attachment-img-header size-img-header wp-post-image\" alt=\"\" srcset=\"https:\/\/letsrebold.com\/wp-content\/uploads\/2023\/02\/Retail-media-o-el-giro-de-tuerca-publicitario-1061x600.jpg 1061w, https:\/\/letsrebold.com\/wp-content\/uploads\/2023\/02\/Retail-media-o-el-giro-de-tuerca-publicitario-360x204.jpg 360w\" sizes=\"auto, (max-width: 1061px) 100vw, 1061px\" \/><\/a>\n                                <h2 class=\"post_meta\">\n                                                                                <a style=\"color: #e0094b\" class=\"post_tag\" href=\"?service=rebold-marketing\">Rebold Marketing<\/a>\n                                                                                                                                <a class=\"post_tag\" href=\"?topic=publicidad-digital\">publicidad digital<\/a>\n                                                                            <\/h2>\n                                <h3 class=\"post_title\"><a href=\"https:\/\/letsrebold.com\/es\/blog\/retail-media\/\">Retail media o el giro de tuerca (publicitario) del ecommerce<\/a><\/h3>\n                                <a class=\"post_link\" href=\"https:\/\/letsrebold.com\/es\/blog\/retail-media\/\"><span>Leer m\u00e1s<\/span> <span class=\"ico-right\">M\u00e1s informaci\u00f3n<\/span><\/a>\n                            <\/article>\n                                                                        <article class=\"post rebold-marketing\">\n                                <a class=\"post_image\" href=\"https:\/\/letsrebold.com\/es\/blog\/rsc-vs-msc-responsabilidad-social-corporativa-marketing-social-corporativo\/\"><img loading=\"lazy\" decoding=\"async\" width=\"1061\" height=\"600\" src=\"https:\/\/letsrebold.com\/wp-content\/uploads\/2023\/01\/responsabilidad-social-corporativa-1061x600.jpg\" class=\"attachment-img-header size-img-header wp-post-image\" alt=\"responsabilidad social corporativa\" srcset=\"https:\/\/letsrebold.com\/wp-content\/uploads\/2023\/01\/responsabilidad-social-corporativa-1061x600.jpg 1061w, https:\/\/letsrebold.com\/wp-content\/uploads\/2023\/01\/responsabilidad-social-corporativa-360x204.jpg 360w\" sizes=\"auto, (max-width: 1061px) 100vw, 1061px\" \/><\/a>\n                                <h2 class=\"post_meta\">\n                                                                                <a style=\"color: #e0094b\" class=\"post_tag\" href=\"?service=rebold-marketing\">Rebold Marketing<\/a>\n                                                                                                                    <\/h2>\n                                <h3 class=\"post_title\"><a href=\"https:\/\/letsrebold.com\/es\/blog\/rsc-vs-msc-responsabilidad-social-corporativa-marketing-social-corporativo\/\">\u00bfResponsabilidad Social Corporativa o Marketing Social Corporativo?<\/a><\/h3>\n                                <a class=\"post_link\" href=\"https:\/\/letsrebold.com\/es\/blog\/rsc-vs-msc-responsabilidad-social-corporativa-marketing-social-corporativo\/\"><span>Leer m\u00e1s<\/span> <span class=\"ico-right\">M\u00e1s informaci\u00f3n<\/span><\/a>\n                            <\/article>\n                                                                        <article class=\"post rebold-marketing\">\n                                <a class=\"post_image\" href=\"https:\/\/letsrebold.com\/es\/blog\/realidad-virtual-en-las-redes-sociales\/\"><img loading=\"lazy\" decoding=\"async\" width=\"1061\" height=\"600\" src=\"https:\/\/letsrebold.com\/wp-content\/uploads\/2023\/01\/realidad-aumentada-y-la-realidad-virtual-en-las-redes-sociales-1061x600.jpg\" class=\"attachment-img-header size-img-header wp-post-image\" alt=\"realidad virtual y realidad aumentada en redes sociales\" srcset=\"https:\/\/letsrebold.com\/wp-content\/uploads\/2023\/01\/realidad-aumentada-y-la-realidad-virtual-en-las-redes-sociales-1061x600.jpg 1061w, https:\/\/letsrebold.com\/wp-content\/uploads\/2023\/01\/realidad-aumentada-y-la-realidad-virtual-en-las-redes-sociales-360x204.jpg 360w\" sizes=\"auto, (max-width: 1061px) 100vw, 1061px\" \/><\/a>\n                                <h2 class=\"post_meta\">\n                                                                                <a style=\"color: #e0094b\" class=\"post_tag\" href=\"?service=rebold-marketing\">Rebold Marketing<\/a>\n                                                                                                                                <a class=\"post_tag\" href=\"?topic=rrss\">rrss<\/a>\n                                                                            <\/h2>\n                                <h3 class=\"post_title\"><a href=\"https:\/\/letsrebold.com\/es\/blog\/realidad-virtual-en-las-redes-sociales\/\">\u00bfC\u00f3mo influir\u00e1 la realidad aumentada y la realidad virtual en las redes sociales?<\/a><\/h3>\n                                <a class=\"post_link\" href=\"https:\/\/letsrebold.com\/es\/blog\/realidad-virtual-en-las-redes-sociales\/\"><span>Leer m\u00e1s<\/span> <span class=\"ico-right\">M\u00e1s informaci\u00f3n<\/span><\/a>\n                            <\/article>\n                                                                        <article class=\"post rebold-marketing\">\n                                <a class=\"post_image\" href=\"https:\/\/letsrebold.com\/es\/blog\/aplicaciones-de-ai-para-marketing\/\"><img loading=\"lazy\" decoding=\"async\" width=\"1061\" height=\"600\" src=\"https:\/\/letsrebold.com\/wp-content\/uploads\/2023\/01\/X-apps-de-AI-que-todo-marketero-debe-conocer-1061x600.jpg\" class=\"attachment-img-header size-img-header wp-post-image\" alt=\"aplicaciones de AI para marketing\" srcset=\"https:\/\/letsrebold.com\/wp-content\/uploads\/2023\/01\/X-apps-de-AI-que-todo-marketero-debe-conocer-1061x600.jpg 1061w, https:\/\/letsrebold.com\/wp-content\/uploads\/2023\/01\/X-apps-de-AI-que-todo-marketero-debe-conocer-360x204.jpg 360w\" sizes=\"auto, (max-width: 1061px) 100vw, 1061px\" \/><\/a>\n                                <h2 class=\"post_meta\">\n                                                                                <a style=\"color: #e0094b\" class=\"post_tag\" href=\"?service=rebold-marketing\">Rebold Marketing<\/a>\n                                                                                                                                <a class=\"post_tag\" href=\"?topic=ai\">AI<\/a>\n                                                                            <\/h2>\n                                <h3 class=\"post_title\"><a href=\"https:\/\/letsrebold.com\/es\/blog\/aplicaciones-de-ai-para-marketing\/\">6 apps de AI que todx marketer debe conocer&#8230; \u00a1Y usar en 2023!<\/a><\/h3>\n                                <a class=\"post_link\" href=\"https:\/\/letsrebold.com\/es\/blog\/aplicaciones-de-ai-para-marketing\/\"><span>Leer m\u00e1s<\/span> <span class=\"ico-right\">M\u00e1s informaci\u00f3n<\/span><\/a>\n                            <\/article>\n                                                                        <article class=\"post rebold-marketing\">\n                                <a class=\"post_image\" href=\"https:\/\/letsrebold.com\/es\/blog\/calendario-de-marketing-2023-conecta-con-tu-audiencia\/\"><img loading=\"lazy\" decoding=\"async\" width=\"1061\" height=\"600\" src=\"https:\/\/letsrebold.com\/wp-content\/uploads\/2023\/01\/calendario_marketing_2023_blog-1061x600.jpg\" class=\"attachment-img-header size-img-header wp-post-image\" alt=\"Calendario de Marketing 2023\" srcset=\"https:\/\/letsrebold.com\/wp-content\/uploads\/2023\/01\/calendario_marketing_2023_blog-1061x600.jpg 1061w, https:\/\/letsrebold.com\/wp-content\/uploads\/2023\/01\/calendario_marketing_2023_blog-360x204.jpg 360w\" sizes=\"auto, (max-width: 1061px) 100vw, 1061px\" \/><\/a>\n                                <h2 class=\"post_meta\">\n                                                                                <a style=\"color: #e0094b\" class=\"post_tag\" href=\"?service=rebold-marketing\">Rebold Marketing<\/a>\n                                                                                                                                <a class=\"post_tag\" href=\"?topic=branded-content\">branded content<\/a>\n                                                                            <\/h2>\n                                <h3 class=\"post_title\"><a href=\"https:\/\/letsrebold.com\/es\/blog\/calendario-de-marketing-2023-conecta-con-tu-audiencia\/\">Calendario de Marketing 2023: Conecta con tu audiencia los 365 d\u00edas<\/a><\/h3>\n                                <a class=\"post_link\" href=\"https:\/\/letsrebold.com\/es\/blog\/calendario-de-marketing-2023-conecta-con-tu-audiencia\/\"><span>Leer m\u00e1s<\/span> <span class=\"ico-right\">M\u00e1s informaci\u00f3n<\/span><\/a>\n                            <\/article>\n                                    <\/div>\n                                    <nav class=\"links links-right\" id=\"loadmore_19\">\n                        <div class=\"container\">\n                            <a href=\"#\" class=\"loadmore\" value=\"19\"><span>Cargar m\u00e1s<\/span> <span class=\"ico-right\"><\/span><\/a>\n                        <\/div>\n                    <\/nav>\n                            <\/div>\n                                <div id=\"page_20\" class=\"d-none\">\n                <div class=\"container posts\">\n                                                                        <article class=\"post rebold-marketing\">\n                                <a class=\"post_image\" href=\"https:\/\/letsrebold.com\/es\/blog\/ejemplos-de-marketing-de-realidad-virtual\/\"><img loading=\"lazy\" decoding=\"async\" width=\"1061\" height=\"600\" src=\"https:\/\/letsrebold.com\/wp-content\/uploads\/2023\/01\/5-ejemplos-de-marketing-de-realidad-virtual-1061x600.jpg\" class=\"attachment-img-header size-img-header wp-post-image\" alt=\"\" srcset=\"https:\/\/letsrebold.com\/wp-content\/uploads\/2023\/01\/5-ejemplos-de-marketing-de-realidad-virtual-1061x600.jpg 1061w, https:\/\/letsrebold.com\/wp-content\/uploads\/2023\/01\/5-ejemplos-de-marketing-de-realidad-virtual-360x204.jpg 360w\" sizes=\"auto, (max-width: 1061px) 100vw, 1061px\" \/><\/a>\n                                <h2 class=\"post_meta\">\n                                                                                <a style=\"color: #e0094b\" class=\"post_tag\" href=\"?service=rebold-marketing\">Rebold Marketing<\/a>\n                                                                                                                                <a class=\"post_tag\" href=\"?topic=innovacion\">Innovaci\u00f3n<\/a>\n                                                                            <\/h2>\n                                <h3 class=\"post_title\"><a href=\"https:\/\/letsrebold.com\/es\/blog\/ejemplos-de-marketing-de-realidad-virtual\/\">5 ejemplos de realidad virtual aplicados al marketing<\/a><\/h3>\n                                <a class=\"post_link\" href=\"https:\/\/letsrebold.com\/es\/blog\/ejemplos-de-marketing-de-realidad-virtual\/\"><span>Leer m\u00e1s<\/span> <span class=\"ico-right\">M\u00e1s informaci\u00f3n<\/span><\/a>\n                            <\/article>\n                                                                        <article class=\"post rebold-marketing\">\n                                <a class=\"post_image\" href=\"https:\/\/letsrebold.com\/es\/blog\/adaptarse-a-la-inteligencia-artificial\/\"><img loading=\"lazy\" decoding=\"async\" width=\"1061\" height=\"600\" src=\"https:\/\/letsrebold.com\/wp-content\/uploads\/2023\/01\/Como-tu-marca-puede-adaptarse-a-la-evolucion-de-la-Inteligencia-Artificial-1061x600.jpg\" class=\"attachment-img-header size-img-header wp-post-image\" alt=\"inteligencia artificial\" srcset=\"https:\/\/letsrebold.com\/wp-content\/uploads\/2023\/01\/Como-tu-marca-puede-adaptarse-a-la-evolucion-de-la-Inteligencia-Artificial-1061x600.jpg 1061w, https:\/\/letsrebold.com\/wp-content\/uploads\/2023\/01\/Como-tu-marca-puede-adaptarse-a-la-evolucion-de-la-Inteligencia-Artificial-360x204.jpg 360w\" sizes=\"auto, (max-width: 1061px) 100vw, 1061px\" \/><\/a>\n                                <h2 class=\"post_meta\">\n                                                                                <a style=\"color: #e0094b\" class=\"post_tag\" href=\"?service=rebold-marketing\">Rebold Marketing<\/a>\n                                                                                                                                <a class=\"post_tag\" href=\"?topic=inteligencia-artificial\">Inteligencia Artificial<\/a>\n                                                                            <\/h2>\n                                <h3 class=\"post_title\"><a href=\"https:\/\/letsrebold.com\/es\/blog\/adaptarse-a-la-inteligencia-artificial\/\">C\u00f3mo tu marca puede adaptarse a la evoluci\u00f3n de la Inteligencia Artificial<\/a><\/h3>\n                                <a class=\"post_link\" href=\"https:\/\/letsrebold.com\/es\/blog\/adaptarse-a-la-inteligencia-artificial\/\"><span>Leer m\u00e1s<\/span> <span class=\"ico-right\">M\u00e1s informaci\u00f3n<\/span><\/a>\n                            <\/article>\n                                                                        <article class=\"post rebold-marketing\">\n                                <a class=\"post_image\" href=\"https:\/\/letsrebold.com\/es\/blog\/publicidad-en-el-metaverso\/\"><img loading=\"lazy\" decoding=\"async\" width=\"1061\" height=\"600\" src=\"https:\/\/letsrebold.com\/wp-content\/uploads\/2022\/12\/Publicidad-en-el-metaverso-1061x600.jpg\" class=\"attachment-img-header size-img-header wp-post-image\" alt=\"Publicidad en el Metaverso\" srcset=\"https:\/\/letsrebold.com\/wp-content\/uploads\/2022\/12\/Publicidad-en-el-metaverso-1061x600.jpg 1061w, https:\/\/letsrebold.com\/wp-content\/uploads\/2022\/12\/Publicidad-en-el-metaverso-360x204.jpg 360w\" sizes=\"auto, (max-width: 1061px) 100vw, 1061px\" \/><\/a>\n                                <h2 class=\"post_meta\">\n                                                                                <a style=\"color: #e0094b\" class=\"post_tag\" href=\"?service=rebold-marketing\">Rebold Marketing<\/a>\n                                                                                                                                <a class=\"post_tag\" href=\"?topic=innovacion\">Innovaci\u00f3n<\/a>\n                                                                            <\/h2>\n                                <h3 class=\"post_title\"><a href=\"https:\/\/letsrebold.com\/es\/blog\/publicidad-en-el-metaverso\/\">Publicidad en el metaverso: C\u00f3mo se har\u00e1n las campa\u00f1as publicitarias en el metaverso<\/a><\/h3>\n                                <a class=\"post_link\" href=\"https:\/\/letsrebold.com\/es\/blog\/publicidad-en-el-metaverso\/\"><span>Leer m\u00e1s<\/span> <span class=\"ico-right\">M\u00e1s informaci\u00f3n<\/span><\/a>\n                            <\/article>\n                                                                        <article class=\"post rebold-marketing\">\n                                <a class=\"post_image\" href=\"https:\/\/letsrebold.com\/es\/blog\/la-transparencia-clave-para-que-las-marcas-conecten-con-las-personas\/\"><img loading=\"lazy\" decoding=\"async\" width=\"1061\" height=\"600\" src=\"https:\/\/letsrebold.com\/wp-content\/uploads\/2023\/01\/Stocksy_txp824cf0c5d4Z300_OriginalDelivery_427939-1061x600.jpg\" class=\"attachment-img-header size-img-header wp-post-image\" alt=\"\" srcset=\"https:\/\/letsrebold.com\/wp-content\/uploads\/2023\/01\/Stocksy_txp824cf0c5d4Z300_OriginalDelivery_427939-1061x600.jpg 1061w, https:\/\/letsrebold.com\/wp-content\/uploads\/2023\/01\/Stocksy_txp824cf0c5d4Z300_OriginalDelivery_427939-360x204.jpg 360w\" sizes=\"auto, (max-width: 1061px) 100vw, 1061px\" \/><\/a>\n                                <h2 class=\"post_meta\">\n                                                                                <a style=\"color: #e0094b\" class=\"post_tag\" href=\"?service=rebold-marketing\">Rebold Marketing<\/a>\n                                                                                                                                <a class=\"post_tag\" href=\"?topic=estudios\">Estudios<\/a>\n                                                                            <\/h2>\n                                <h3 class=\"post_title\"><a href=\"https:\/\/letsrebold.com\/es\/blog\/la-transparencia-clave-para-que-las-marcas-conecten-con-las-personas\/\">La transparencia, clave para que las marcas conecten con las personas<\/a><\/h3>\n                                <a class=\"post_link\" href=\"https:\/\/letsrebold.com\/es\/blog\/la-transparencia-clave-para-que-las-marcas-conecten-con-las-personas\/\"><span>Leer m\u00e1s<\/span> <span class=\"ico-right\">M\u00e1s informaci\u00f3n<\/span><\/a>\n                            <\/article>\n                                                                        <article class=\"post rebold-communication\">\n                                <a class=\"post_image\" href=\"https:\/\/letsrebold.com\/es\/blog\/retailers-de-alimentacion-en-redes-sociales\/\"><img loading=\"lazy\" decoding=\"async\" width=\"1061\" height=\"600\" src=\"https:\/\/letsrebold.com\/wp-content\/uploads\/2022\/12\/top-retailers-redes-sociales-1061x600.jpg\" class=\"attachment-img-header size-img-header wp-post-image\" alt=\"top retailers redes sociales\" srcset=\"https:\/\/letsrebold.com\/wp-content\/uploads\/2022\/12\/top-retailers-redes-sociales-1061x600.jpg 1061w, https:\/\/letsrebold.com\/wp-content\/uploads\/2022\/12\/top-retailers-redes-sociales-360x204.jpg 360w\" sizes=\"auto, (max-width: 1061px) 100vw, 1061px\" \/><\/a>\n                                <h2 class=\"post_meta\">\n                                                                                <a style=\"color: #5ac4bb\" class=\"post_tag\" href=\"?service=rebold-communication\">Rebold Communication<\/a>\n                                                                                                                                <a class=\"post_tag\" href=\"?topic=social-media\">Social Media<\/a>\n                                                                            <\/h2>\n                                <h3 class=\"post_title\"><a href=\"https:\/\/letsrebold.com\/es\/blog\/retailers-de-alimentacion-en-redes-sociales\/\">Las mejores pr\u00e1cticas de los retailers de alimentaci\u00f3n en redes sociales, \u00a1al descubierto!<\/a><\/h3>\n                                <a class=\"post_link\" href=\"https:\/\/letsrebold.com\/es\/blog\/retailers-de-alimentacion-en-redes-sociales\/\"><span>Leer m\u00e1s<\/span> <span class=\"ico-right\">M\u00e1s informaci\u00f3n<\/span><\/a>\n                            <\/article>\n                                                                        <article class=\"post rebold-marketing\">\n                                <a class=\"post_image\" href=\"https:\/\/letsrebold.com\/es\/blog\/marketing-circular\/\"><img loading=\"lazy\" decoding=\"async\" width=\"1061\" height=\"600\" src=\"https:\/\/letsrebold.com\/wp-content\/uploads\/2022\/11\/Marketing-circular-1061x600.jpg\" class=\"attachment-img-header size-img-header wp-post-image\" alt=\"marketing circular\" srcset=\"https:\/\/letsrebold.com\/wp-content\/uploads\/2022\/11\/Marketing-circular-1061x600.jpg 1061w, https:\/\/letsrebold.com\/wp-content\/uploads\/2022\/11\/Marketing-circular-360x204.jpg 360w\" sizes=\"auto, (max-width: 1061px) 100vw, 1061px\" \/><\/a>\n                                <h2 class=\"post_meta\">\n                                                                                <a style=\"color: #e0094b\" class=\"post_tag\" href=\"?service=rebold-marketing\">Rebold Marketing<\/a>\n                                                                                                                                <a class=\"post_tag\" href=\"?topic=sostenibilidad\">sostenibilidad<\/a>\n                                                                            <\/h2>\n                                <h3 class=\"post_title\"><a href=\"https:\/\/letsrebold.com\/es\/blog\/marketing-circular\/\">Marketing circular: qu\u00e9 es y por qu\u00e9 debes incorporarlo a tu estrategia<\/a><\/h3>\n                                <a class=\"post_link\" href=\"https:\/\/letsrebold.com\/es\/blog\/marketing-circular\/\"><span>Leer m\u00e1s<\/span> <span class=\"ico-right\">M\u00e1s informaci\u00f3n<\/span><\/a>\n                            <\/article>\n                                    <\/div>\n                                    <nav class=\"links links-right\" id=\"loadmore_20\">\n                        <div class=\"container\">\n                            <a href=\"#\" class=\"loadmore\" value=\"20\"><span>Cargar m\u00e1s<\/span> <span class=\"ico-right\"><\/span><\/a>\n                        <\/div>\n                    <\/nav>\n                            <\/div>\n                                <div id=\"page_21\" class=\"d-none\">\n                <div class=\"container posts\">\n                                                                        <article class=\"post rebold-marketing\">\n                                <a class=\"post_image\" href=\"https:\/\/letsrebold.com\/es\/blog\/storytelling-b2b\/\"><img loading=\"lazy\" decoding=\"async\" width=\"640\" height=\"388\" src=\"https:\/\/letsrebold.com\/wp-content\/uploads\/2022\/12\/1203616122764123.7LsSDlPtGlSJpEiGk25K_height640-1.png\" class=\"attachment-img-header size-img-header wp-post-image\" alt=\"Storytelling B2B\" srcset=\"https:\/\/letsrebold.com\/wp-content\/uploads\/2022\/12\/1203616122764123.7LsSDlPtGlSJpEiGk25K_height640-1.png 640w, https:\/\/letsrebold.com\/wp-content\/uploads\/2022\/12\/1203616122764123.7LsSDlPtGlSJpEiGk25K_height640-1-300x182.png 300w, https:\/\/letsrebold.com\/wp-content\/uploads\/2022\/12\/1203616122764123.7LsSDlPtGlSJpEiGk25K_height640-1-578x351.png 578w\" sizes=\"auto, (max-width: 640px) 100vw, 640px\" \/><\/a>\n                                <h2 class=\"post_meta\">\n                                                                                <a style=\"color: #e0094b\" class=\"post_tag\" href=\"?service=rebold-marketing\">Rebold Marketing<\/a>\n                                                                                                                                <a class=\"post_tag\" href=\"?topic=branded-content\">branded content<\/a>\n                                                                            <\/h2>\n                                <h3 class=\"post_title\"><a href=\"https:\/\/letsrebold.com\/es\/blog\/storytelling-b2b\/\">C\u00f3mo cautivar a clientes B2B con un buen storytelling: gu\u00eda con ejemplos<\/a><\/h3>\n                                <a class=\"post_link\" href=\"https:\/\/letsrebold.com\/es\/blog\/storytelling-b2b\/\"><span>Leer m\u00e1s<\/span> <span class=\"ico-right\">M\u00e1s informaci\u00f3n<\/span><\/a>\n                            <\/article>\n                                                                        <article class=\"post rebold-marketing\">\n                                <a class=\"post_image\" href=\"https:\/\/letsrebold.com\/es\/blog\/algoritmos-verdes\/\"><img loading=\"lazy\" decoding=\"async\" width=\"1061\" height=\"600\" src=\"https:\/\/letsrebold.com\/wp-content\/uploads\/2022\/12\/Los-algoritmos-verdes-en-la-IA-y-su-influencia-en-el-desarrollo-de-negocios-sostenibles-1061x600.jpg\" class=\"attachment-img-header size-img-header wp-post-image\" alt=\"algoritmos verdes\" srcset=\"https:\/\/letsrebold.com\/wp-content\/uploads\/2022\/12\/Los-algoritmos-verdes-en-la-IA-y-su-influencia-en-el-desarrollo-de-negocios-sostenibles-1061x600.jpg 1061w, https:\/\/letsrebold.com\/wp-content\/uploads\/2022\/12\/Los-algoritmos-verdes-en-la-IA-y-su-influencia-en-el-desarrollo-de-negocios-sostenibles-360x204.jpg 360w\" sizes=\"auto, (max-width: 1061px) 100vw, 1061px\" \/><\/a>\n                                <h2 class=\"post_meta\">\n                                                                                <a style=\"color: #e0094b\" class=\"post_tag\" href=\"?service=rebold-marketing\">Rebold Marketing<\/a>\n                                                                                                                                <a class=\"post_tag\" href=\"?topic=innovacion\">Innovaci\u00f3n<\/a>\n                                                                            <\/h2>\n                                <h3 class=\"post_title\"><a href=\"https:\/\/letsrebold.com\/es\/blog\/algoritmos-verdes\/\">Los algoritmos verdes en la IA y su influencia en el desarrollo de negocios sostenibles<\/a><\/h3>\n                                <a class=\"post_link\" href=\"https:\/\/letsrebold.com\/es\/blog\/algoritmos-verdes\/\"><span>Leer m\u00e1s<\/span> <span class=\"ico-right\">M\u00e1s informaci\u00f3n<\/span><\/a>\n                            <\/article>\n                                                                        <article class=\"post rebold-marketing\">\n                                <a class=\"post_image\" href=\"https:\/\/letsrebold.com\/es\/blog\/el-metaverso-en-2023\/\"><img loading=\"lazy\" decoding=\"async\" width=\"1061\" height=\"600\" src=\"https:\/\/letsrebold.com\/wp-content\/uploads\/2022\/11\/Que-nuevos-territorios-conquistara-el-metaverso-en-2023--1061x600.jpg\" class=\"attachment-img-header size-img-header wp-post-image\" alt=\"\" srcset=\"https:\/\/letsrebold.com\/wp-content\/uploads\/2022\/11\/Que-nuevos-territorios-conquistara-el-metaverso-en-2023--1061x600.jpg 1061w, https:\/\/letsrebold.com\/wp-content\/uploads\/2022\/11\/Que-nuevos-territorios-conquistara-el-metaverso-en-2023--360x204.jpg 360w\" sizes=\"auto, (max-width: 1061px) 100vw, 1061px\" \/><\/a>\n                                <h2 class=\"post_meta\">\n                                                                                <a style=\"color: #e0094b\" class=\"post_tag\" href=\"?service=rebold-marketing\">Rebold Marketing<\/a>\n                                                                                                                                <a class=\"post_tag\" href=\"?topic=innovacion\">Innovaci\u00f3n<\/a>\n                                                                            <\/h2>\n                                <h3 class=\"post_title\"><a href=\"https:\/\/letsrebold.com\/es\/blog\/el-metaverso-en-2023\/\">\u00bfQu\u00e9 nuevos territorios conquistar\u00e1 el metaverso en 2023?<\/a><\/h3>\n                                <a class=\"post_link\" href=\"https:\/\/letsrebold.com\/es\/blog\/el-metaverso-en-2023\/\"><span>Leer m\u00e1s<\/span> <span class=\"ico-right\">M\u00e1s informaci\u00f3n<\/span><\/a>\n                            <\/article>\n                                                                        <article class=\"post rebold-marketing\">\n                                <a class=\"post_image\" href=\"https:\/\/letsrebold.com\/es\/blog\/marketing-en-momentos-de-inflacion\/\"><img loading=\"lazy\" decoding=\"async\" width=\"1061\" height=\"600\" src=\"https:\/\/letsrebold.com\/wp-content\/uploads\/2022\/12\/BC-img-1-3-1061x600.jpg\" class=\"attachment-img-header size-img-header wp-post-image\" alt=\"bold conversations como crecer en entornos de crisis\" srcset=\"https:\/\/letsrebold.com\/wp-content\/uploads\/2022\/12\/BC-img-1-3-1061x600.jpg 1061w, https:\/\/letsrebold.com\/wp-content\/uploads\/2022\/12\/BC-img-1-3-360x204.jpg 360w\" sizes=\"auto, (max-width: 1061px) 100vw, 1061px\" \/><\/a>\n                                <h2 class=\"post_meta\">\n                                                                                <a style=\"color: #e0094b\" class=\"post_tag\" href=\"?service=rebold-marketing\">Rebold Marketing<\/a>\n                                                                                                                                <a class=\"post_tag\" href=\"?topic=estudios\">Estudios<\/a>\n                                                                            <\/h2>\n                                <h3 class=\"post_title\"><a href=\"https:\/\/letsrebold.com\/es\/blog\/marketing-en-momentos-de-inflacion\/\">Bold Conversations plantea estrategias de marketing para crecer en \u00e9pocas de crisis<\/a><\/h3>\n                                <a class=\"post_link\" href=\"https:\/\/letsrebold.com\/es\/blog\/marketing-en-momentos-de-inflacion\/\"><span>Leer m\u00e1s<\/span> <span class=\"ico-right\">M\u00e1s informaci\u00f3n<\/span><\/a>\n                            <\/article>\n                                                                        <article class=\"post rebold-marketing\">\n                                <a class=\"post_image\" href=\"https:\/\/letsrebold.com\/es\/blog\/informe-marcas-e-inflacion\/\"><img loading=\"lazy\" decoding=\"async\" width=\"1061\" height=\"600\" src=\"https:\/\/letsrebold.com\/wp-content\/uploads\/2022\/11\/Marcas-e-inflacion-como-crecer-contra-corriente-1-1061x600.jpg\" class=\"attachment-img-header size-img-header wp-post-image\" alt=\"marcas e inflaci\u00f3n crecer contra corriente\" srcset=\"https:\/\/letsrebold.com\/wp-content\/uploads\/2022\/11\/Marcas-e-inflacion-como-crecer-contra-corriente-1-1061x600.jpg 1061w, https:\/\/letsrebold.com\/wp-content\/uploads\/2022\/11\/Marcas-e-inflacion-como-crecer-contra-corriente-1-360x204.jpg 360w\" sizes=\"auto, (max-width: 1061px) 100vw, 1061px\" \/><\/a>\n                                <h2 class=\"post_meta\">\n                                                                                <a style=\"color: #e0094b\" class=\"post_tag\" href=\"?service=rebold-marketing\">Rebold Marketing<\/a>\n                                                                                                                                <a class=\"post_tag\" href=\"?topic=estudios\">Estudios<\/a>\n                                                                            <\/h2>\n                                <h3 class=\"post_title\"><a href=\"https:\/\/letsrebold.com\/es\/blog\/informe-marcas-e-inflacion\/\">Marcas e inflaci\u00f3n: c\u00f3mo crecer contra corriente<\/a><\/h3>\n                                <a class=\"post_link\" href=\"https:\/\/letsrebold.com\/es\/blog\/informe-marcas-e-inflacion\/\"><span>Leer m\u00e1s<\/span> <span class=\"ico-right\">M\u00e1s informaci\u00f3n<\/span><\/a>\n                            <\/article>\n                                                                        <article class=\"post rebold-marketing\">\n                                <a class=\"post_image\" href=\"https:\/\/letsrebold.com\/es\/blog\/economia-circular-y-decision-de-compra\/\"><img loading=\"lazy\" decoding=\"async\" width=\"1061\" height=\"600\" src=\"https:\/\/letsrebold.com\/wp-content\/uploads\/2022\/11\/formas-en-que-la-economia-circular-influye-en-la-decision-de-compra-de-las-personas-1061x600.jpg\" class=\"attachment-img-header size-img-header wp-post-image\" alt=\"como la econom\u00eda circular influye en las personas\" srcset=\"https:\/\/letsrebold.com\/wp-content\/uploads\/2022\/11\/formas-en-que-la-economia-circular-influye-en-la-decision-de-compra-de-las-personas-1061x600.jpg 1061w, https:\/\/letsrebold.com\/wp-content\/uploads\/2022\/11\/formas-en-que-la-economia-circular-influye-en-la-decision-de-compra-de-las-personas-360x204.jpg 360w\" sizes=\"auto, (max-width: 1061px) 100vw, 1061px\" \/><\/a>\n                                <h2 class=\"post_meta\">\n                                                                                <a style=\"color: #e0094b\" class=\"post_tag\" href=\"?service=rebold-marketing\">Rebold Marketing<\/a>\n                                                                                                                                <a class=\"post_tag\" href=\"?topic=sostenibilidad\">sostenibilidad<\/a>\n                                                                            <\/h2>\n                                <h3 class=\"post_title\"><a href=\"https:\/\/letsrebold.com\/es\/blog\/economia-circular-y-decision-de-compra\/\">5 formas en que la econom\u00eda circular influye en la decisi\u00f3n de compra de las personas<\/a><\/h3>\n                                <a class=\"post_link\" href=\"https:\/\/letsrebold.com\/es\/blog\/economia-circular-y-decision-de-compra\/\"><span>Leer m\u00e1s<\/span> <span class=\"ico-right\">M\u00e1s informaci\u00f3n<\/span><\/a>\n                            <\/article>\n                                    <\/div>\n                                    <nav class=\"links links-right\" id=\"loadmore_21\">\n                        <div class=\"container\">\n                            <a href=\"#\" class=\"loadmore\" value=\"21\"><span>Cargar m\u00e1s<\/span> <span class=\"ico-right\"><\/span><\/a>\n                        <\/div>\n                    <\/nav>\n                            <\/div>\n                                <div id=\"page_22\" class=\"d-none\">\n                <div class=\"container posts\">\n                                                                        <article class=\"post rebold-marketing\">\n                                <a class=\"post_image\" href=\"https:\/\/letsrebold.com\/es\/blog\/estrategia-de-paid-media-para-el-black-friday\/\"><img loading=\"lazy\" decoding=\"async\" width=\"1061\" height=\"600\" src=\"https:\/\/letsrebold.com\/wp-content\/uploads\/2022\/11\/Los-mejores-canales-para-optimizar-estrategia-de-paid-media-para-el-Black-Friday-1061x600.jpg\" class=\"attachment-img-header size-img-header wp-post-image\" alt=\"canales de paid en Black Friday\" srcset=\"https:\/\/letsrebold.com\/wp-content\/uploads\/2022\/11\/Los-mejores-canales-para-optimizar-estrategia-de-paid-media-para-el-Black-Friday-1061x600.jpg 1061w, https:\/\/letsrebold.com\/wp-content\/uploads\/2022\/11\/Los-mejores-canales-para-optimizar-estrategia-de-paid-media-para-el-Black-Friday-360x204.jpg 360w\" sizes=\"auto, (max-width: 1061px) 100vw, 1061px\" \/><\/a>\n                                <h2 class=\"post_meta\">\n                                                                                <a style=\"color: #e0094b\" class=\"post_tag\" href=\"?service=rebold-marketing\">Rebold Marketing<\/a>\n                                                                                                                                <a class=\"post_tag\" href=\"?topic=performance-marketing\">Performance Marketing<\/a>\n                                                                            <\/h2>\n                                <h3 class=\"post_title\"><a href=\"https:\/\/letsrebold.com\/es\/blog\/estrategia-de-paid-media-para-el-black-friday\/\">Los mejores canales para optimizar estrategia de paid media para el Black Friday<\/a><\/h3>\n                                <a class=\"post_link\" href=\"https:\/\/letsrebold.com\/es\/blog\/estrategia-de-paid-media-para-el-black-friday\/\"><span>Leer m\u00e1s<\/span> <span class=\"ico-right\">M\u00e1s informaci\u00f3n<\/span><\/a>\n                            <\/article>\n                                                                        <article class=\"post rebold-marketing\">\n                                <a class=\"post_image\" href=\"https:\/\/letsrebold.com\/es\/blog\/campanas-de-black-friday-exitosas\/\"><img loading=\"lazy\" decoding=\"async\" width=\"1061\" height=\"600\" src=\"https:\/\/letsrebold.com\/wp-content\/uploads\/2022\/11\/Las-campan\u0303as-ma\u0301s-exitosas-de-Black-Friday-de-todos-los-tiempos-1061x600.jpg\" class=\"attachment-img-header size-img-header wp-post-image\" alt=\"campa\u00f1as de black friday exitosas\" srcset=\"https:\/\/letsrebold.com\/wp-content\/uploads\/2022\/11\/Las-campan\u0303as-ma\u0301s-exitosas-de-Black-Friday-de-todos-los-tiempos-1061x600.jpg 1061w, https:\/\/letsrebold.com\/wp-content\/uploads\/2022\/11\/Las-campan\u0303as-ma\u0301s-exitosas-de-Black-Friday-de-todos-los-tiempos-360x204.jpg 360w\" sizes=\"auto, (max-width: 1061px) 100vw, 1061px\" \/><\/a>\n                                <h2 class=\"post_meta\">\n                                                                                <a style=\"color: #e0094b\" class=\"post_tag\" href=\"?service=rebold-marketing\">Rebold Marketing<\/a>\n                                                                                                                                <a class=\"post_tag\" href=\"?topic=marketing-digital\">Marketing Digital<\/a>\n                                                                            <\/h2>\n                                <h3 class=\"post_title\"><a href=\"https:\/\/letsrebold.com\/es\/blog\/campanas-de-black-friday-exitosas\/\">Las campa\u00f1as m\u00e1s exitosas de Black Friday de todos los tiempos<\/a><\/h3>\n                                <a class=\"post_link\" href=\"https:\/\/letsrebold.com\/es\/blog\/campanas-de-black-friday-exitosas\/\"><span>Leer m\u00e1s<\/span> <span class=\"ico-right\">M\u00e1s informaci\u00f3n<\/span><\/a>\n                            <\/article>\n                                                                        <article class=\"post rebold-marketing\">\n                                <a class=\"post_image\" href=\"https:\/\/letsrebold.com\/es\/blog\/email-marketing-en-black-friday\/\"><img loading=\"lazy\" decoding=\"async\" width=\"1061\" height=\"600\" src=\"https:\/\/letsrebold.com\/wp-content\/uploads\/2022\/11\/El-kit-esencial-para-una-campana-de-email-marketing-exitosa-en-Black-Friday-1061x600.jpg\" class=\"attachment-img-header size-img-header wp-post-image\" alt=\"kit esencial de una campa\u00f1a de marketing exitosa\" srcset=\"https:\/\/letsrebold.com\/wp-content\/uploads\/2022\/11\/El-kit-esencial-para-una-campana-de-email-marketing-exitosa-en-Black-Friday-1061x600.jpg 1061w, https:\/\/letsrebold.com\/wp-content\/uploads\/2022\/11\/El-kit-esencial-para-una-campana-de-email-marketing-exitosa-en-Black-Friday-360x204.jpg 360w\" sizes=\"auto, (max-width: 1061px) 100vw, 1061px\" \/><\/a>\n                                <h2 class=\"post_meta\">\n                                                                                <a style=\"color: #e0094b\" class=\"post_tag\" href=\"?service=rebold-marketing\">Rebold Marketing<\/a>\n                                                                                                                                <a class=\"post_tag\" href=\"?topic=performance-marketing\">Performance Marketing<\/a>\n                                                                            <\/h2>\n                                <h3 class=\"post_title\"><a href=\"https:\/\/letsrebold.com\/es\/blog\/email-marketing-en-black-friday\/\">El kit esencial para una campa\u00f1a de email marketing efectiva en Black Friday<\/a><\/h3>\n                                <a class=\"post_link\" href=\"https:\/\/letsrebold.com\/es\/blog\/email-marketing-en-black-friday\/\"><span>Leer m\u00e1s<\/span> <span class=\"ico-right\">M\u00e1s informaci\u00f3n<\/span><\/a>\n                            <\/article>\n                                                                        <article class=\"post rebold-marketing\">\n                                <a class=\"post_image\" href=\"https:\/\/letsrebold.com\/es\/blog\/metaverso-y-beauty\/\"><img loading=\"lazy\" decoding=\"async\" width=\"1061\" height=\"600\" src=\"https:\/\/letsrebold.com\/wp-content\/uploads\/2022\/10\/woman-wearing-virtual-reality-simulator-1061x600.jpg\" class=\"attachment-img-header size-img-header wp-post-image\" alt=\"metaverso y beauty\" srcset=\"https:\/\/letsrebold.com\/wp-content\/uploads\/2022\/10\/woman-wearing-virtual-reality-simulator-1061x600.jpg 1061w, https:\/\/letsrebold.com\/wp-content\/uploads\/2022\/10\/woman-wearing-virtual-reality-simulator-300x169.jpg 300w, https:\/\/letsrebold.com\/wp-content\/uploads\/2022\/10\/woman-wearing-virtual-reality-simulator-360x204.jpg 360w\" sizes=\"auto, (max-width: 1061px) 100vw, 1061px\" \/><\/a>\n                                <h2 class=\"post_meta\">\n                                                                                <a style=\"color: #e0094b\" class=\"post_tag\" href=\"?service=rebold-marketing\">Rebold Marketing<\/a>\n                                                                                                                                <a class=\"post_tag\" href=\"?topic=innovacion\">Innovaci\u00f3n<\/a>\n                                                                            <\/h2>\n                                <h3 class=\"post_title\"><a href=\"https:\/\/letsrebold.com\/es\/blog\/metaverso-y-beauty\/\">Metaverso y beauty: c\u00f3mo las marcas conectan con sus clientes en entornos disruptivos<\/a><\/h3>\n                                <a class=\"post_link\" href=\"https:\/\/letsrebold.com\/es\/blog\/metaverso-y-beauty\/\"><span>Leer m\u00e1s<\/span> <span class=\"ico-right\">M\u00e1s informaci\u00f3n<\/span><\/a>\n                            <\/article>\n                                                                        <article class=\"post rebold-marketing\">\n                                <a class=\"post_image\" href=\"https:\/\/letsrebold.com\/es\/blog\/el-metaverso-lleno-de-preguntas-y-de-oportunidades\/\"><img loading=\"lazy\" decoding=\"async\" width=\"1061\" height=\"600\" src=\"https:\/\/letsrebold.com\/wp-content\/uploads\/2022\/10\/Header-Entrevista-Andres-Joannon-1061x600.png\" class=\"attachment-img-header size-img-header wp-post-image\" alt=\"\" srcset=\"https:\/\/letsrebold.com\/wp-content\/uploads\/2022\/10\/Header-Entrevista-Andres-Joannon-1061x600.png 1061w, https:\/\/letsrebold.com\/wp-content\/uploads\/2022\/10\/Header-Entrevista-Andres-Joannon-360x204.png 360w\" sizes=\"auto, (max-width: 1061px) 100vw, 1061px\" \/><\/a>\n                                <h2 class=\"post_meta\">\n                                                                                <a style=\"color: #e0094b\" class=\"post_tag\" href=\"?service=rebold-marketing\">Rebold Marketing<\/a>\n                                                                                                                                <a class=\"post_tag\" href=\"?topic=innovacion\">Innovaci\u00f3n<\/a>\n                                                                            <\/h2>\n                                <h3 class=\"post_title\"><a href=\"https:\/\/letsrebold.com\/es\/blog\/el-metaverso-lleno-de-preguntas-y-de-oportunidades\/\">El Metaverso: lleno de preguntas\u2026 y de oportunidades<\/a><\/h3>\n                                <a class=\"post_link\" href=\"https:\/\/letsrebold.com\/es\/blog\/el-metaverso-lleno-de-preguntas-y-de-oportunidades\/\"><span>Leer m\u00e1s<\/span> <span class=\"ico-right\">M\u00e1s informaci\u00f3n<\/span><\/a>\n                            <\/article>\n                                                                        <article class=\"post rebold-marketing\">\n                                <a class=\"post_image\" href=\"https:\/\/letsrebold.com\/es\/blog\/content-para-black-friday\/\"><img loading=\"lazy\" decoding=\"async\" width=\"1061\" height=\"600\" src=\"https:\/\/letsrebold.com\/wp-content\/uploads\/2022\/10\/Black-Friday-en-entornos-de-inflacion-1061x600.jpg\" class=\"attachment-img-header size-img-header wp-post-image\" alt=\"black friday en inflaci\u00f3n\" srcset=\"https:\/\/letsrebold.com\/wp-content\/uploads\/2022\/10\/Black-Friday-en-entornos-de-inflacion-1061x600.jpg 1061w, https:\/\/letsrebold.com\/wp-content\/uploads\/2022\/10\/Black-Friday-en-entornos-de-inflacion-360x204.jpg 360w\" sizes=\"auto, (max-width: 1061px) 100vw, 1061px\" \/><\/a>\n                                <h2 class=\"post_meta\">\n                                                                                <a style=\"color: #e0094b\" class=\"post_tag\" href=\"?service=rebold-marketing\">Rebold Marketing<\/a>\n                                                                                                                                <a class=\"post_tag\" href=\"?topic=branded-content\">branded content<\/a>\n                                                                            <\/h2>\n                                <h3 class=\"post_title\"><a href=\"https:\/\/letsrebold.com\/es\/blog\/content-para-black-friday\/\">Tendencias de content para el Black Friday que puedes aplicar en cualquier \u00e9poca del a\u00f1o<\/a><\/h3>\n                                <a class=\"post_link\" href=\"https:\/\/letsrebold.com\/es\/blog\/content-para-black-friday\/\"><span>Leer m\u00e1s<\/span> <span class=\"ico-right\">M\u00e1s informaci\u00f3n<\/span><\/a>\n                            <\/article>\n                                    <\/div>\n                                    <nav class=\"links links-right\" id=\"loadmore_22\">\n                        <div class=\"container\">\n                            <a href=\"#\" class=\"loadmore\" value=\"22\"><span>Cargar m\u00e1s<\/span> <span class=\"ico-right\"><\/span><\/a>\n                        <\/div>\n                    <\/nav>\n                            <\/div>\n                                <div id=\"page_23\" class=\"d-none\">\n                <div class=\"container posts\">\n                                                                        <article class=\"post rebold-marketing\">\n                                <a class=\"post_image\" href=\"https:\/\/letsrebold.com\/es\/blog\/black-friday-en-inflacion\/\"><img loading=\"lazy\" decoding=\"async\" width=\"1061\" height=\"600\" src=\"https:\/\/letsrebold.com\/wp-content\/uploads\/2022\/10\/Black-Friday-en-entornos-de-inflacion-2-1061x600.jpg\" class=\"attachment-img-header size-img-header wp-post-image\" alt=\"\" srcset=\"https:\/\/letsrebold.com\/wp-content\/uploads\/2022\/10\/Black-Friday-en-entornos-de-inflacion-2-1061x600.jpg 1061w, https:\/\/letsrebold.com\/wp-content\/uploads\/2022\/10\/Black-Friday-en-entornos-de-inflacion-2-360x204.jpg 360w\" sizes=\"auto, (max-width: 1061px) 100vw, 1061px\" \/><\/a>\n                                <h2 class=\"post_meta\">\n                                                                                <a style=\"color: #e0094b\" class=\"post_tag\" href=\"?service=rebold-marketing\">Rebold Marketing<\/a>\n                                                                                                                                <a class=\"post_tag\" href=\"?topic=marketing-digital\">Marketing Digital<\/a>\n                                                                            <\/h2>\n                                <h3 class=\"post_title\"><a href=\"https:\/\/letsrebold.com\/es\/blog\/black-friday-en-inflacion\/\">Black Friday en entornos de inflaci\u00f3n: haz un plan de marketing realista<\/a><\/h3>\n                                <a class=\"post_link\" href=\"https:\/\/letsrebold.com\/es\/blog\/black-friday-en-inflacion\/\"><span>Leer m\u00e1s<\/span> <span class=\"ico-right\">M\u00e1s informaci\u00f3n<\/span><\/a>\n                            <\/article>\n                                                                        <article class=\"post rebold-communication\">\n                                <a class=\"post_image\" href=\"https:\/\/letsrebold.com\/es\/blog\/barometro-de-redes-sociales-sector-beauty\/\"><img loading=\"lazy\" decoding=\"async\" width=\"1061\" height=\"600\" src=\"https:\/\/letsrebold.com\/wp-content\/uploads\/2022\/10\/barometrobelleza-portada-1061x600.jpg\" class=\"attachment-img-header size-img-header wp-post-image\" alt=\"\" srcset=\"https:\/\/letsrebold.com\/wp-content\/uploads\/2022\/10\/barometrobelleza-portada-1061x600.jpg 1061w, https:\/\/letsrebold.com\/wp-content\/uploads\/2022\/10\/barometrobelleza-portada-360x204.jpg 360w\" sizes=\"auto, (max-width: 1061px) 100vw, 1061px\" \/><\/a>\n                                <h2 class=\"post_meta\">\n                                                                                <a style=\"color: #5ac4bb\" class=\"post_tag\" href=\"?service=rebold-communication\">Rebold Communication<\/a>\n                                                                                                                                <a class=\"post_tag\" href=\"?topic=estudios\">Estudios<\/a>\n                                                                            <\/h2>\n                                <h3 class=\"post_title\"><a href=\"https:\/\/letsrebold.com\/es\/blog\/barometro-de-redes-sociales-sector-beauty\/\">\u00bfC\u00f3mo se comportan las marcas beauty en Redes Sociales? Desc\u00fabrelo en nuestro bar\u00f3metro<\/a><\/h3>\n                                <a class=\"post_link\" href=\"https:\/\/letsrebold.com\/es\/blog\/barometro-de-redes-sociales-sector-beauty\/\"><span>Leer m\u00e1s<\/span> <span class=\"ico-right\">M\u00e1s informaci\u00f3n<\/span><\/a>\n                            <\/article>\n                                                                        <article class=\"post rebold-marketing\">\n                                <a class=\"post_image\" href=\"https:\/\/letsrebold.com\/es\/blog\/asus-renueva-con-rebold-chile\/\"><img loading=\"lazy\" decoding=\"async\" width=\"1061\" height=\"600\" src=\"https:\/\/letsrebold.com\/wp-content\/uploads\/2022\/10\/01_Post-ASUSjpg-1061x600.jpg\" class=\"attachment-img-header size-img-header wp-post-image\" alt=\"\" srcset=\"https:\/\/letsrebold.com\/wp-content\/uploads\/2022\/10\/01_Post-ASUSjpg-1061x600.jpg 1061w, https:\/\/letsrebold.com\/wp-content\/uploads\/2022\/10\/01_Post-ASUSjpg-360x204.jpg 360w\" sizes=\"auto, (max-width: 1061px) 100vw, 1061px\" \/><\/a>\n                                <h2 class=\"post_meta\">\n                                                                                <a style=\"color: #e0094b\" class=\"post_tag\" href=\"?service=rebold-marketing\">Rebold Marketing<\/a>\n                                                                                                                                <a class=\"post_tag\" href=\"?topic=social-media\">Social Media<\/a>\n                                                                            <\/h2>\n                                <h3 class=\"post_title\"><a href=\"https:\/\/letsrebold.com\/es\/blog\/asus-renueva-con-rebold-chile\/\">ASUS vuelve a apostar por Rebold Chile<\/a><\/h3>\n                                <a class=\"post_link\" href=\"https:\/\/letsrebold.com\/es\/blog\/asus-renueva-con-rebold-chile\/\"><span>Leer m\u00e1s<\/span> <span class=\"ico-right\">M\u00e1s informaci\u00f3n<\/span><\/a>\n                            <\/article>\n                                                                        <article class=\"post rebold-marketing\">\n                                <a class=\"post_image\" href=\"https:\/\/letsrebold.com\/es\/blog\/tendencias-esports-gaming-para-2023\/\"><img loading=\"lazy\" decoding=\"async\" width=\"1061\" height=\"600\" src=\"https:\/\/letsrebold.com\/wp-content\/uploads\/2022\/10\/claves-en-esports-y-gaming-para-2023-2-1061x600.jpg\" class=\"attachment-img-header size-img-header wp-post-image\" alt=\"tendencias de esports y gaming 2023\" srcset=\"https:\/\/letsrebold.com\/wp-content\/uploads\/2022\/10\/claves-en-esports-y-gaming-para-2023-2-1061x600.jpg 1061w, https:\/\/letsrebold.com\/wp-content\/uploads\/2022\/10\/claves-en-esports-y-gaming-para-2023-2-360x204.jpg 360w\" sizes=\"auto, (max-width: 1061px) 100vw, 1061px\" \/><\/a>\n                                <h2 class=\"post_meta\">\n                                                                                <a style=\"color: #e0094b\" class=\"post_tag\" href=\"?service=rebold-marketing\">Rebold Marketing<\/a>\n                                                                                                                                <a class=\"post_tag\" href=\"?topic=esports\">esports<\/a>\n                                                                            <\/h2>\n                                <h3 class=\"post_title\"><a href=\"https:\/\/letsrebold.com\/es\/blog\/tendencias-esports-gaming-para-2023\/\">Se vienen cositas: No te pierdas las claves en esports y gaming para 2023<\/a><\/h3>\n                                <a class=\"post_link\" href=\"https:\/\/letsrebold.com\/es\/blog\/tendencias-esports-gaming-para-2023\/\"><span>Leer m\u00e1s<\/span> <span class=\"ico-right\">M\u00e1s informaci\u00f3n<\/span><\/a>\n                            <\/article>\n                                                                        <article class=\"post rebold-marketing\">\n                                <a class=\"post_image\" href=\"https:\/\/letsrebold.com\/es\/blog\/tendencias-en-redes-sociales-en-2023\/\"><img loading=\"lazy\" decoding=\"async\" width=\"1061\" height=\"600\" src=\"https:\/\/letsrebold.com\/wp-content\/uploads\/2022\/10\/Las-tendencias-en-redes-sociales-en-2023-1061x600.jpg\" class=\"attachment-img-header size-img-header wp-post-image\" alt=\"Tendencias en redes sociales en 2023\" srcset=\"https:\/\/letsrebold.com\/wp-content\/uploads\/2022\/10\/Las-tendencias-en-redes-sociales-en-2023-1061x600.jpg 1061w, https:\/\/letsrebold.com\/wp-content\/uploads\/2022\/10\/Las-tendencias-en-redes-sociales-en-2023-360x204.jpg 360w\" sizes=\"auto, (max-width: 1061px) 100vw, 1061px\" \/><\/a>\n                                <h2 class=\"post_meta\">\n                                                                                <a style=\"color: #e0094b\" class=\"post_tag\" href=\"?service=rebold-marketing\">Rebold Marketing<\/a>\n                                                                                                                                <a class=\"post_tag\" href=\"?topic=social-media\">Social Media<\/a>\n                                                                            <\/h2>\n                                <h3 class=\"post_title\"><a href=\"https:\/\/letsrebold.com\/es\/blog\/tendencias-en-redes-sociales-en-2023\/\">Redes Sociales en 2023: Ent\u00e9rate antes que nadie y triunfa<\/a><\/h3>\n                                <a class=\"post_link\" href=\"https:\/\/letsrebold.com\/es\/blog\/tendencias-en-redes-sociales-en-2023\/\"><span>Leer m\u00e1s<\/span> <span class=\"ico-right\">M\u00e1s informaci\u00f3n<\/span><\/a>\n                            <\/article>\n                                                                        <article class=\"post rebold-marketing\">\n                                <a class=\"post_image\" href=\"https:\/\/letsrebold.com\/es\/blog\/marketing-y-publicidad-en-recesion\/\"><img loading=\"lazy\" decoding=\"async\" width=\"1061\" height=\"600\" src=\"https:\/\/letsrebold.com\/wp-content\/uploads\/2022\/10\/5-razones-por-las-que-el-marketing-y-la-publicidad-son-importantes-en-recesio\u0301n-1061x600.jpg\" class=\"attachment-img-header size-img-header wp-post-image\" alt=\"Marketing y publicidad en recesi\u00f3n\" srcset=\"https:\/\/letsrebold.com\/wp-content\/uploads\/2022\/10\/5-razones-por-las-que-el-marketing-y-la-publicidad-son-importantes-en-recesio\u0301n-1061x600.jpg 1061w, https:\/\/letsrebold.com\/wp-content\/uploads\/2022\/10\/5-razones-por-las-que-el-marketing-y-la-publicidad-son-importantes-en-recesio\u0301n-360x204.jpg 360w\" sizes=\"auto, (max-width: 1061px) 100vw, 1061px\" \/><\/a>\n                                <h2 class=\"post_meta\">\n                                                                                <a style=\"color: #e0094b\" class=\"post_tag\" href=\"?service=rebold-marketing\">Rebold Marketing<\/a>\n                                                                                                                                <a class=\"post_tag\" href=\"?topic=marketing-digital\">Marketing Digital<\/a>\n                                                                            <\/h2>\n                                <h3 class=\"post_title\"><a href=\"https:\/\/letsrebold.com\/es\/blog\/marketing-y-publicidad-en-recesion\/\">5 razones por las que el marketing y la publicidad son importantes en recesi\u00f3n<\/a><\/h3>\n                                <a class=\"post_link\" href=\"https:\/\/letsrebold.com\/es\/blog\/marketing-y-publicidad-en-recesion\/\"><span>Leer m\u00e1s<\/span> <span class=\"ico-right\">M\u00e1s informaci\u00f3n<\/span><\/a>\n                            <\/article>\n                                    <\/div>\n                                    <nav class=\"links links-right\" id=\"loadmore_23\">\n                        <div class=\"container\">\n                            <a href=\"#\" class=\"loadmore\" value=\"23\"><span>Cargar m\u00e1s<\/span> <span class=\"ico-right\"><\/span><\/a>\n                        <\/div>\n                    <\/nav>\n                            <\/div>\n                                <div id=\"page_24\" class=\"d-none\">\n                <div class=\"container posts\">\n                                                                        <article class=\"post rebold-marketing\">\n                                <a class=\"post_image\" href=\"https:\/\/letsrebold.com\/es\/blog\/tendencias-de-marketing-digital-para-2023\/\"><img loading=\"lazy\" decoding=\"async\" width=\"1061\" height=\"600\" src=\"https:\/\/letsrebold.com\/wp-content\/uploads\/2022\/10\/marketing-digital-publicidad-trends-2023-1-1061x600.jpg\" class=\"attachment-img-header size-img-header wp-post-image\" alt=\"Tendencias de marketing digital para 2023\" srcset=\"https:\/\/letsrebold.com\/wp-content\/uploads\/2022\/10\/marketing-digital-publicidad-trends-2023-1-1061x600.jpg 1061w, https:\/\/letsrebold.com\/wp-content\/uploads\/2022\/10\/marketing-digital-publicidad-trends-2023-1-360x204.jpg 360w\" sizes=\"auto, (max-width: 1061px) 100vw, 1061px\" \/><\/a>\n                                <h2 class=\"post_meta\">\n                                                                                <a style=\"color: #e0094b\" class=\"post_tag\" href=\"?service=rebold-marketing\">Rebold Marketing<\/a>\n                                                                                                                                <a class=\"post_tag\" href=\"?topic=marketing-digital\">Marketing Digital<\/a>\n                                                                            <\/h2>\n                                <h3 class=\"post_title\"><a href=\"https:\/\/letsrebold.com\/es\/blog\/tendencias-de-marketing-digital-para-2023\/\">Marketing digital y publicidad en 2023: Tendencias que debes seguir para no quedarte atr\u00e1s<\/a><\/h3>\n                                <a class=\"post_link\" href=\"https:\/\/letsrebold.com\/es\/blog\/tendencias-de-marketing-digital-para-2023\/\"><span>Leer m\u00e1s<\/span> <span class=\"ico-right\">M\u00e1s informaci\u00f3n<\/span><\/a>\n                            <\/article>\n                                                                        <article class=\"post rebold-marketing\">\n                                <a class=\"post_image\" href=\"https:\/\/letsrebold.com\/es\/blog\/black-friday-2022-tips-ventas\/\"><img loading=\"lazy\" decoding=\"async\" width=\"989\" height=\"600\" src=\"https:\/\/letsrebold.com\/wp-content\/uploads\/2022\/10\/Black-friday-en-2022-ideas-y-tips-de-marketing-para-venderlo-todo-989x600.jpg\" class=\"attachment-img-header size-img-header wp-post-image\" alt=\"Black friday 2022\" srcset=\"https:\/\/letsrebold.com\/wp-content\/uploads\/2022\/10\/Black-friday-en-2022-ideas-y-tips-de-marketing-para-venderlo-todo-989x600.jpg 989w, https:\/\/letsrebold.com\/wp-content\/uploads\/2022\/10\/Black-friday-en-2022-ideas-y-tips-de-marketing-para-venderlo-todo-300x182.jpg 300w, https:\/\/letsrebold.com\/wp-content\/uploads\/2022\/10\/Black-friday-en-2022-ideas-y-tips-de-marketing-para-venderlo-todo-768x466.jpg 768w, https:\/\/letsrebold.com\/wp-content\/uploads\/2022\/10\/Black-friday-en-2022-ideas-y-tips-de-marketing-para-venderlo-todo-1024x622.jpg 1024w, https:\/\/letsrebold.com\/wp-content\/uploads\/2022\/10\/Black-friday-en-2022-ideas-y-tips-de-marketing-para-venderlo-todo-336x204.jpg 336w, https:\/\/letsrebold.com\/wp-content\/uploads\/2022\/10\/Black-friday-en-2022-ideas-y-tips-de-marketing-para-venderlo-todo-360x219.jpg 360w, https:\/\/letsrebold.com\/wp-content\/uploads\/2022\/10\/Black-friday-en-2022-ideas-y-tips-de-marketing-para-venderlo-todo-578x351.jpg 578w, https:\/\/letsrebold.com\/wp-content\/uploads\/2022\/10\/Black-friday-en-2022-ideas-y-tips-de-marketing-para-venderlo-todo-629x382.jpg 629w, https:\/\/letsrebold.com\/wp-content\/uploads\/2022\/10\/Black-friday-en-2022-ideas-y-tips-de-marketing-para-venderlo-todo.jpg 1440w\" sizes=\"auto, (max-width: 989px) 100vw, 989px\" \/><\/a>\n                                <h2 class=\"post_meta\">\n                                                                                <a style=\"color: #e0094b\" class=\"post_tag\" href=\"?service=rebold-marketing\">Rebold Marketing<\/a>\n                                                                                                                                <a class=\"post_tag\" href=\"?topic=marketing-digital\">Marketing Digital<\/a>\n                                                                            <\/h2>\n                                <h3 class=\"post_title\"><a href=\"https:\/\/letsrebold.com\/es\/blog\/black-friday-2022-tips-ventas\/\">Black Friday en 2022: ideas y tips de marketing para venderlo todo<\/a><\/h3>\n                                <a class=\"post_link\" href=\"https:\/\/letsrebold.com\/es\/blog\/black-friday-2022-tips-ventas\/\"><span>Leer m\u00e1s<\/span> <span class=\"ico-right\">M\u00e1s informaci\u00f3n<\/span><\/a>\n                            <\/article>\n                                                                        <article class=\"post rebold-marketing\">\n                                <a class=\"post_image\" href=\"https:\/\/letsrebold.com\/es\/blog\/decisiones-de-marketing-en-recesion\/\"><img loading=\"lazy\" decoding=\"async\" width=\"989\" height=\"600\" src=\"https:\/\/letsrebold.com\/wp-content\/uploads\/2022\/09\/7-decisiones-que-debe-tomar-un-marketeer-989x600.jpg\" class=\"attachment-img-header size-img-header wp-post-image\" alt=\"decisiones de marketing en recesi\u00f3n\" srcset=\"https:\/\/letsrebold.com\/wp-content\/uploads\/2022\/09\/7-decisiones-que-debe-tomar-un-marketeer-989x600.jpg 989w, https:\/\/letsrebold.com\/wp-content\/uploads\/2022\/09\/7-decisiones-que-debe-tomar-un-marketeer-300x182.jpg 300w, https:\/\/letsrebold.com\/wp-content\/uploads\/2022\/09\/7-decisiones-que-debe-tomar-un-marketeer-768x466.jpg 768w, https:\/\/letsrebold.com\/wp-content\/uploads\/2022\/09\/7-decisiones-que-debe-tomar-un-marketeer-1024x622.jpg 1024w, https:\/\/letsrebold.com\/wp-content\/uploads\/2022\/09\/7-decisiones-que-debe-tomar-un-marketeer-336x204.jpg 336w, https:\/\/letsrebold.com\/wp-content\/uploads\/2022\/09\/7-decisiones-que-debe-tomar-un-marketeer-360x219.jpg 360w, https:\/\/letsrebold.com\/wp-content\/uploads\/2022\/09\/7-decisiones-que-debe-tomar-un-marketeer-578x351.jpg 578w, https:\/\/letsrebold.com\/wp-content\/uploads\/2022\/09\/7-decisiones-que-debe-tomar-un-marketeer-629x382.jpg 629w, https:\/\/letsrebold.com\/wp-content\/uploads\/2022\/09\/7-decisiones-que-debe-tomar-un-marketeer.jpg 1440w\" sizes=\"auto, (max-width: 989px) 100vw, 989px\" \/><\/a>\n                                <h2 class=\"post_meta\">\n                                                                                <a style=\"color: #e0094b\" class=\"post_tag\" href=\"?service=rebold-marketing\">Rebold Marketing<\/a>\n                                                                                                                                <a class=\"post_tag\" href=\"?topic=marketing-digital\">Marketing Digital<\/a>\n                                                                            <\/h2>\n                                <h3 class=\"post_title\"><a href=\"https:\/\/letsrebold.com\/es\/blog\/decisiones-de-marketing-en-recesion\/\">Marketing en \u00e9poca de recesi\u00f3n: 7 decisiones que debe tomar un marketeer<\/a><\/h3>\n                                <a class=\"post_link\" href=\"https:\/\/letsrebold.com\/es\/blog\/decisiones-de-marketing-en-recesion\/\"><span>Leer m\u00e1s<\/span> <span class=\"ico-right\">M\u00e1s informaci\u00f3n<\/span><\/a>\n                            <\/article>\n                                                                        <article class=\"post rebold-marketing\">\n                                <a class=\"post_image\" href=\"https:\/\/letsrebold.com\/es\/blog\/modelos-de-negocio-metaverso\/\"><img loading=\"lazy\" decoding=\"async\" width=\"989\" height=\"600\" src=\"https:\/\/letsrebold.com\/wp-content\/uploads\/2022\/09\/modelos-de-negocio-metaverso-989x600.jpg\" class=\"attachment-img-header size-img-header wp-post-image\" alt=\"modelos de negocio en el metaverso\" srcset=\"https:\/\/letsrebold.com\/wp-content\/uploads\/2022\/09\/modelos-de-negocio-metaverso-989x600.jpg 989w, https:\/\/letsrebold.com\/wp-content\/uploads\/2022\/09\/modelos-de-negocio-metaverso-300x182.jpg 300w, https:\/\/letsrebold.com\/wp-content\/uploads\/2022\/09\/modelos-de-negocio-metaverso-768x466.jpg 768w, https:\/\/letsrebold.com\/wp-content\/uploads\/2022\/09\/modelos-de-negocio-metaverso-1024x622.jpg 1024w, https:\/\/letsrebold.com\/wp-content\/uploads\/2022\/09\/modelos-de-negocio-metaverso-336x204.jpg 336w, https:\/\/letsrebold.com\/wp-content\/uploads\/2022\/09\/modelos-de-negocio-metaverso-360x219.jpg 360w, https:\/\/letsrebold.com\/wp-content\/uploads\/2022\/09\/modelos-de-negocio-metaverso-578x351.jpg 578w, https:\/\/letsrebold.com\/wp-content\/uploads\/2022\/09\/modelos-de-negocio-metaverso-629x382.jpg 629w, https:\/\/letsrebold.com\/wp-content\/uploads\/2022\/09\/modelos-de-negocio-metaverso.jpg 1440w\" sizes=\"auto, (max-width: 989px) 100vw, 989px\" \/><\/a>\n                                <h2 class=\"post_meta\">\n                                                                                <a style=\"color: #e0094b\" class=\"post_tag\" href=\"?service=rebold-marketing\">Rebold Marketing<\/a>\n                                                                                                                                <a class=\"post_tag\" href=\"?topic=innovacion\">Innovaci\u00f3n<\/a>\n                                                                            <\/h2>\n                                <h3 class=\"post_title\"><a href=\"https:\/\/letsrebold.com\/es\/blog\/modelos-de-negocio-metaverso\/\">\u00bfSe puede vivir del metaverso? Conoce los nuevos modelos de negocio<\/a><\/h3>\n                                <a class=\"post_link\" href=\"https:\/\/letsrebold.com\/es\/blog\/modelos-de-negocio-metaverso\/\"><span>Leer m\u00e1s<\/span> <span class=\"ico-right\">M\u00e1s informaci\u00f3n<\/span><\/a>\n                            <\/article>\n                                                                        <article class=\"post rebold-marketing\">\n                                <a class=\"post_image\" href=\"https:\/\/letsrebold.com\/es\/blog\/ejemplos-de-movilidad-compartida\/\"><img loading=\"lazy\" decoding=\"async\" width=\"989\" height=\"600\" src=\"https:\/\/letsrebold.com\/wp-content\/uploads\/2022\/09\/Ejemplos-de-movilidad-compartida-en-la-ciudad-989x600.jpg\" class=\"attachment-img-header size-img-header wp-post-image\" alt=\"movilidad sostenible en ciudad\" srcset=\"https:\/\/letsrebold.com\/wp-content\/uploads\/2022\/09\/Ejemplos-de-movilidad-compartida-en-la-ciudad-989x600.jpg 989w, https:\/\/letsrebold.com\/wp-content\/uploads\/2022\/09\/Ejemplos-de-movilidad-compartida-en-la-ciudad-300x182.jpg 300w, https:\/\/letsrebold.com\/wp-content\/uploads\/2022\/09\/Ejemplos-de-movilidad-compartida-en-la-ciudad-768x466.jpg 768w, https:\/\/letsrebold.com\/wp-content\/uploads\/2022\/09\/Ejemplos-de-movilidad-compartida-en-la-ciudad-1024x622.jpg 1024w, https:\/\/letsrebold.com\/wp-content\/uploads\/2022\/09\/Ejemplos-de-movilidad-compartida-en-la-ciudad-336x204.jpg 336w, https:\/\/letsrebold.com\/wp-content\/uploads\/2022\/09\/Ejemplos-de-movilidad-compartida-en-la-ciudad-360x219.jpg 360w, https:\/\/letsrebold.com\/wp-content\/uploads\/2022\/09\/Ejemplos-de-movilidad-compartida-en-la-ciudad-578x351.jpg 578w, https:\/\/letsrebold.com\/wp-content\/uploads\/2022\/09\/Ejemplos-de-movilidad-compartida-en-la-ciudad-629x382.jpg 629w, https:\/\/letsrebold.com\/wp-content\/uploads\/2022\/09\/Ejemplos-de-movilidad-compartida-en-la-ciudad.jpg 1440w\" sizes=\"auto, (max-width: 989px) 100vw, 989px\" \/><\/a>\n                                <h2 class=\"post_meta\">\n                                                                                <a style=\"color: #e0094b\" class=\"post_tag\" href=\"?service=rebold-marketing\">Rebold Marketing<\/a>\n                                                                                                                                <a class=\"post_tag\" href=\"?topic=energia\">energia<\/a>\n                                                                            <\/h2>\n                                <h3 class=\"post_title\"><a href=\"https:\/\/letsrebold.com\/es\/blog\/ejemplos-de-movilidad-compartida\/\">Ejemplos de movilidad compartida en la ciudad<\/a><\/h3>\n                                <a class=\"post_link\" href=\"https:\/\/letsrebold.com\/es\/blog\/ejemplos-de-movilidad-compartida\/\"><span>Leer m\u00e1s<\/span> <span class=\"ico-right\">M\u00e1s informaci\u00f3n<\/span><\/a>\n                            <\/article>\n                                                                        <article class=\"post rebold-marketing\">\n                                <a class=\"post_image\" href=\"https:\/\/letsrebold.com\/es\/blog\/aplicaciones-web-3-0-blockchain\/\"><img loading=\"lazy\" decoding=\"async\" width=\"989\" height=\"600\" src=\"https:\/\/letsrebold.com\/wp-content\/uploads\/2022\/09\/aplicaciones-de-Web-blockchain-989x600.jpg\" class=\"attachment-img-header size-img-header wp-post-image\" alt=\"Web 3.0 &amp; blockchain\" srcset=\"https:\/\/letsrebold.com\/wp-content\/uploads\/2022\/09\/aplicaciones-de-Web-blockchain-989x600.jpg 989w, https:\/\/letsrebold.com\/wp-content\/uploads\/2022\/09\/aplicaciones-de-Web-blockchain-300x182.jpg 300w, https:\/\/letsrebold.com\/wp-content\/uploads\/2022\/09\/aplicaciones-de-Web-blockchain-768x466.jpg 768w, https:\/\/letsrebold.com\/wp-content\/uploads\/2022\/09\/aplicaciones-de-Web-blockchain-1024x622.jpg 1024w, https:\/\/letsrebold.com\/wp-content\/uploads\/2022\/09\/aplicaciones-de-Web-blockchain-336x204.jpg 336w, https:\/\/letsrebold.com\/wp-content\/uploads\/2022\/09\/aplicaciones-de-Web-blockchain-360x219.jpg 360w, https:\/\/letsrebold.com\/wp-content\/uploads\/2022\/09\/aplicaciones-de-Web-blockchain-578x351.jpg 578w, https:\/\/letsrebold.com\/wp-content\/uploads\/2022\/09\/aplicaciones-de-Web-blockchain-629x382.jpg 629w, https:\/\/letsrebold.com\/wp-content\/uploads\/2022\/09\/aplicaciones-de-Web-blockchain.jpg 1440w\" sizes=\"auto, (max-width: 989px) 100vw, 989px\" \/><\/a>\n                                <h2 class=\"post_meta\">\n                                                                                <a style=\"color: #e0094b\" class=\"post_tag\" href=\"?service=rebold-marketing\">Rebold Marketing<\/a>\n                                                                                                                                <a class=\"post_tag\" href=\"?topic=innovacion\">Innovaci\u00f3n<\/a>\n                                                                            <\/h2>\n                                <h3 class=\"post_title\"><a href=\"https:\/\/letsrebold.com\/es\/blog\/aplicaciones-web-3-0-blockchain\/\">5 aplicaciones de Web 3.0 &#038; blockchain que no debes perder de vista<\/a><\/h3>\n                                <a class=\"post_link\" href=\"https:\/\/letsrebold.com\/es\/blog\/aplicaciones-web-3-0-blockchain\/\"><span>Leer m\u00e1s<\/span> <span class=\"ico-right\">M\u00e1s informaci\u00f3n<\/span><\/a>\n                            <\/article>\n                                    <\/div>\n                                    <nav class=\"links links-right\" id=\"loadmore_24\">\n                        <div class=\"container\">\n                            <a href=\"#\" class=\"loadmore\" value=\"24\"><span>Cargar m\u00e1s<\/span> <span class=\"ico-right\"><\/span><\/a>\n                        <\/div>\n                    <\/nav>\n                            <\/div>\n                                <div id=\"page_25\" class=\"d-none\">\n                <div class=\"container posts\">\n                                                                        <article class=\"post rebold-marketing\">\n                                <a class=\"post_image\" href=\"https:\/\/letsrebold.com\/es\/blog\/publicidad-inteligencia-artificial\/\"><img loading=\"lazy\" decoding=\"async\" width=\"989\" height=\"600\" src=\"https:\/\/letsrebold.com\/wp-content\/uploads\/2022\/09\/publicidad-se-puede-beneficiar-de-la-inteligencia-artificial.-2jpg-989x600.jpg\" class=\"attachment-img-header size-img-header wp-post-image\" alt=\"publicidad e inteligencia artificial\" srcset=\"https:\/\/letsrebold.com\/wp-content\/uploads\/2022\/09\/publicidad-se-puede-beneficiar-de-la-inteligencia-artificial.-2jpg-989x600.jpg 989w, https:\/\/letsrebold.com\/wp-content\/uploads\/2022\/09\/publicidad-se-puede-beneficiar-de-la-inteligencia-artificial.-2jpg-300x182.jpg 300w, https:\/\/letsrebold.com\/wp-content\/uploads\/2022\/09\/publicidad-se-puede-beneficiar-de-la-inteligencia-artificial.-2jpg-768x466.jpg 768w, https:\/\/letsrebold.com\/wp-content\/uploads\/2022\/09\/publicidad-se-puede-beneficiar-de-la-inteligencia-artificial.-2jpg-1024x622.jpg 1024w, https:\/\/letsrebold.com\/wp-content\/uploads\/2022\/09\/publicidad-se-puede-beneficiar-de-la-inteligencia-artificial.-2jpg-336x204.jpg 336w, https:\/\/letsrebold.com\/wp-content\/uploads\/2022\/09\/publicidad-se-puede-beneficiar-de-la-inteligencia-artificial.-2jpg-360x219.jpg 360w, https:\/\/letsrebold.com\/wp-content\/uploads\/2022\/09\/publicidad-se-puede-beneficiar-de-la-inteligencia-artificial.-2jpg-578x351.jpg 578w, https:\/\/letsrebold.com\/wp-content\/uploads\/2022\/09\/publicidad-se-puede-beneficiar-de-la-inteligencia-artificial.-2jpg-629x382.jpg 629w, https:\/\/letsrebold.com\/wp-content\/uploads\/2022\/09\/publicidad-se-puede-beneficiar-de-la-inteligencia-artificial.-2jpg.jpg 1440w\" sizes=\"auto, (max-width: 989px) 100vw, 989px\" \/><\/a>\n                                <h2 class=\"post_meta\">\n                                                                                <a style=\"color: #e0094b\" class=\"post_tag\" href=\"?service=rebold-marketing\">Rebold Marketing<\/a>\n                                                                                                                                <a class=\"post_tag\" href=\"?topic=inteligencia-artificial\">Inteligencia Artificial<\/a>\n                                                                            <\/h2>\n                                <h3 class=\"post_title\"><a href=\"https:\/\/letsrebold.com\/es\/blog\/publicidad-inteligencia-artificial\/\">C\u00f3mo la publicidad puede beneficiarse de la inteligencia artificial: 7 aplicaciones pr\u00e1cticas<\/a><\/h3>\n                                <a class=\"post_link\" href=\"https:\/\/letsrebold.com\/es\/blog\/publicidad-inteligencia-artificial\/\"><span>Leer m\u00e1s<\/span> <span class=\"ico-right\">M\u00e1s informaci\u00f3n<\/span><\/a>\n                            <\/article>\n                                                                        <article class=\"post rebold-marketing\">\n                                <a class=\"post_image\" href=\"https:\/\/letsrebold.com\/es\/blog\/turista-digital\/\"><img loading=\"lazy\" decoding=\"async\" width=\"989\" height=\"600\" src=\"https:\/\/letsrebold.com\/wp-content\/uploads\/2022\/09\/como-se-comporta-el-nuevo-turista-digital-989x600.jpg\" class=\"attachment-img-header size-img-header wp-post-image\" alt=\"nuevo turista digital\" srcset=\"https:\/\/letsrebold.com\/wp-content\/uploads\/2022\/09\/como-se-comporta-el-nuevo-turista-digital-989x600.jpg 989w, https:\/\/letsrebold.com\/wp-content\/uploads\/2022\/09\/como-se-comporta-el-nuevo-turista-digital-300x182.jpg 300w, https:\/\/letsrebold.com\/wp-content\/uploads\/2022\/09\/como-se-comporta-el-nuevo-turista-digital-768x466.jpg 768w, https:\/\/letsrebold.com\/wp-content\/uploads\/2022\/09\/como-se-comporta-el-nuevo-turista-digital-1024x622.jpg 1024w, https:\/\/letsrebold.com\/wp-content\/uploads\/2022\/09\/como-se-comporta-el-nuevo-turista-digital-336x204.jpg 336w, https:\/\/letsrebold.com\/wp-content\/uploads\/2022\/09\/como-se-comporta-el-nuevo-turista-digital-360x219.jpg 360w, https:\/\/letsrebold.com\/wp-content\/uploads\/2022\/09\/como-se-comporta-el-nuevo-turista-digital-578x351.jpg 578w, https:\/\/letsrebold.com\/wp-content\/uploads\/2022\/09\/como-se-comporta-el-nuevo-turista-digital-629x382.jpg 629w, https:\/\/letsrebold.com\/wp-content\/uploads\/2022\/09\/como-se-comporta-el-nuevo-turista-digital.jpg 1440w\" sizes=\"auto, (max-width: 989px) 100vw, 989px\" \/><\/a>\n                                <h2 class=\"post_meta\">\n                                                                                <a style=\"color: #e0094b\" class=\"post_tag\" href=\"?service=rebold-marketing\">Rebold Marketing<\/a>\n                                                                                                                                <a class=\"post_tag\" href=\"?topic=marketing-digital\">Marketing Digital<\/a>\n                                                                            <\/h2>\n                                <h3 class=\"post_title\"><a href=\"https:\/\/letsrebold.com\/es\/blog\/turista-digital\/\">C\u00f3mo se comporta el nuevo turista digital<\/a><\/h3>\n                                <a class=\"post_link\" href=\"https:\/\/letsrebold.com\/es\/blog\/turista-digital\/\"><span>Leer m\u00e1s<\/span> <span class=\"ico-right\">M\u00e1s informaci\u00f3n<\/span><\/a>\n                            <\/article>\n                                                                        <article class=\"post rebold-marketing\">\n                                <a class=\"post_image\" href=\"https:\/\/letsrebold.com\/es\/blog\/autoconsumo-energetico\/\"><img loading=\"lazy\" decoding=\"async\" width=\"989\" height=\"600\" src=\"https:\/\/letsrebold.com\/wp-content\/uploads\/2022\/09\/autoconsumo-energetico-989x600.jpg\" class=\"attachment-img-header size-img-header wp-post-image\" alt=\"Autoconsumo energ\u00e9tico\" srcset=\"https:\/\/letsrebold.com\/wp-content\/uploads\/2022\/09\/autoconsumo-energetico-989x600.jpg 989w, https:\/\/letsrebold.com\/wp-content\/uploads\/2022\/09\/autoconsumo-energetico-300x182.jpg 300w, https:\/\/letsrebold.com\/wp-content\/uploads\/2022\/09\/autoconsumo-energetico-768x466.jpg 768w, https:\/\/letsrebold.com\/wp-content\/uploads\/2022\/09\/autoconsumo-energetico-1024x622.jpg 1024w, https:\/\/letsrebold.com\/wp-content\/uploads\/2022\/09\/autoconsumo-energetico-336x204.jpg 336w, https:\/\/letsrebold.com\/wp-content\/uploads\/2022\/09\/autoconsumo-energetico-360x219.jpg 360w, https:\/\/letsrebold.com\/wp-content\/uploads\/2022\/09\/autoconsumo-energetico-578x351.jpg 578w, https:\/\/letsrebold.com\/wp-content\/uploads\/2022\/09\/autoconsumo-energetico-629x382.jpg 629w, https:\/\/letsrebold.com\/wp-content\/uploads\/2022\/09\/autoconsumo-energetico.jpg 1440w\" sizes=\"auto, (max-width: 989px) 100vw, 989px\" \/><\/a>\n                                <h2 class=\"post_meta\">\n                                                                                <a style=\"color: #e0094b\" class=\"post_tag\" href=\"?service=rebold-marketing\">Rebold Marketing<\/a>\n                                                                                                                                <a class=\"post_tag\" href=\"?topic=energia\">energia<\/a>\n                                                                            <\/h2>\n                                <h3 class=\"post_title\"><a href=\"https:\/\/letsrebold.com\/es\/blog\/autoconsumo-energetico\/\">Autoconsumo, almacenamiento y renovables t\u00e9rmicas, claves para alcanzar al nuevo consumidor<\/a><\/h3>\n                                <a class=\"post_link\" href=\"https:\/\/letsrebold.com\/es\/blog\/autoconsumo-energetico\/\"><span>Leer m\u00e1s<\/span> <span class=\"ico-right\">M\u00e1s informaci\u00f3n<\/span><\/a>\n                            <\/article>\n                                                                        <article class=\"post rebold-marketing\">\n                                <a class=\"post_image\" href=\"https:\/\/letsrebold.com\/es\/blog\/aplicar-la-ia-al-marketing\/\"><img loading=\"lazy\" decoding=\"async\" width=\"989\" height=\"600\" src=\"https:\/\/letsrebold.com\/wp-content\/uploads\/2022\/08\/aplicar-la-ia-al-marketing-989x600.jpg\" class=\"attachment-img-header size-img-header wp-post-image\" alt=\"inteligencia artificial aplicada\" srcset=\"https:\/\/letsrebold.com\/wp-content\/uploads\/2022\/08\/aplicar-la-ia-al-marketing-989x600.jpg 989w, https:\/\/letsrebold.com\/wp-content\/uploads\/2022\/08\/aplicar-la-ia-al-marketing-300x182.jpg 300w, https:\/\/letsrebold.com\/wp-content\/uploads\/2022\/08\/aplicar-la-ia-al-marketing-768x466.jpg 768w, https:\/\/letsrebold.com\/wp-content\/uploads\/2022\/08\/aplicar-la-ia-al-marketing-1024x622.jpg 1024w, https:\/\/letsrebold.com\/wp-content\/uploads\/2022\/08\/aplicar-la-ia-al-marketing-336x204.jpg 336w, https:\/\/letsrebold.com\/wp-content\/uploads\/2022\/08\/aplicar-la-ia-al-marketing-360x219.jpg 360w, https:\/\/letsrebold.com\/wp-content\/uploads\/2022\/08\/aplicar-la-ia-al-marketing-578x351.jpg 578w, https:\/\/letsrebold.com\/wp-content\/uploads\/2022\/08\/aplicar-la-ia-al-marketing-629x382.jpg 629w, https:\/\/letsrebold.com\/wp-content\/uploads\/2022\/08\/aplicar-la-ia-al-marketing.jpg 1440w\" sizes=\"auto, (max-width: 989px) 100vw, 989px\" \/><\/a>\n                                <h2 class=\"post_meta\">\n                                                                                <a style=\"color: #e0094b\" class=\"post_tag\" href=\"?service=rebold-marketing\">Rebold Marketing<\/a>\n                                                                                                                                <a class=\"post_tag\" href=\"?topic=ai\">AI<\/a>\n                                                                            <\/h2>\n                                <h3 class=\"post_title\"><a href=\"https:\/\/letsrebold.com\/es\/blog\/aplicar-la-ia-al-marketing\/\">Ventajas de aplicar la IA al marketing<\/a><\/h3>\n                                <a class=\"post_link\" href=\"https:\/\/letsrebold.com\/es\/blog\/aplicar-la-ia-al-marketing\/\"><span>Leer m\u00e1s<\/span> <span class=\"ico-right\">M\u00e1s informaci\u00f3n<\/span><\/a>\n                            <\/article>\n                                                                        <article class=\"post rebold-marketing\">\n                                <a class=\"post_image\" href=\"https:\/\/letsrebold.com\/es\/blog\/ejemplo-marcas-transicion-energetica\/\"><img loading=\"lazy\" decoding=\"async\" width=\"989\" height=\"600\" src=\"https:\/\/letsrebold.com\/wp-content\/uploads\/2022\/08\/ejemplo-marcas-transicion-energetica-989x600.jpg\" class=\"attachment-img-header size-img-header wp-post-image\" alt=\"ejemplo de marcas en transici\u00f3n energ\u00e9tica\" srcset=\"https:\/\/letsrebold.com\/wp-content\/uploads\/2022\/08\/ejemplo-marcas-transicion-energetica-989x600.jpg 989w, https:\/\/letsrebold.com\/wp-content\/uploads\/2022\/08\/ejemplo-marcas-transicion-energetica-300x182.jpg 300w, https:\/\/letsrebold.com\/wp-content\/uploads\/2022\/08\/ejemplo-marcas-transicion-energetica-768x466.jpg 768w, https:\/\/letsrebold.com\/wp-content\/uploads\/2022\/08\/ejemplo-marcas-transicion-energetica-1024x622.jpg 1024w, https:\/\/letsrebold.com\/wp-content\/uploads\/2022\/08\/ejemplo-marcas-transicion-energetica-336x204.jpg 336w, https:\/\/letsrebold.com\/wp-content\/uploads\/2022\/08\/ejemplo-marcas-transicion-energetica-360x219.jpg 360w, https:\/\/letsrebold.com\/wp-content\/uploads\/2022\/08\/ejemplo-marcas-transicion-energetica-578x351.jpg 578w, https:\/\/letsrebold.com\/wp-content\/uploads\/2022\/08\/ejemplo-marcas-transicion-energetica-629x382.jpg 629w, https:\/\/letsrebold.com\/wp-content\/uploads\/2022\/08\/ejemplo-marcas-transicion-energetica.jpg 1440w\" sizes=\"auto, (max-width: 989px) 100vw, 989px\" \/><\/a>\n                                <h2 class=\"post_meta\">\n                                                                                <a style=\"color: #e0094b\" class=\"post_tag\" href=\"?service=rebold-marketing\">Rebold Marketing<\/a>\n                                                                                                                                <a class=\"post_tag\" href=\"?topic=energia\">energia<\/a>\n                                                                            <\/h2>\n                                <h3 class=\"post_title\"><a href=\"https:\/\/letsrebold.com\/es\/blog\/ejemplo-marcas-transicion-energetica\/\">5 marcas que saben vender la transici\u00f3n energ\u00e9tica<\/a><\/h3>\n                                <a class=\"post_link\" href=\"https:\/\/letsrebold.com\/es\/blog\/ejemplo-marcas-transicion-energetica\/\"><span>Leer m\u00e1s<\/span> <span class=\"ico-right\">M\u00e1s informaci\u00f3n<\/span><\/a>\n                            <\/article>\n                                                                        <article class=\"post rebold-marketing\">\n                                <a class=\"post_image\" href=\"https:\/\/letsrebold.com\/es\/blog\/vender-en-los-metaversos\/\"><img loading=\"lazy\" decoding=\"async\" width=\"730\" height=\"600\" src=\"https:\/\/letsrebold.com\/wp-content\/uploads\/2022\/08\/tech-technology-vr-vr-headset-headset-boy-1629858-pxhere.com_-730x600.jpg\" class=\"attachment-img-header size-img-header wp-post-image\" alt=\"Vender en metaveros\" srcset=\"https:\/\/letsrebold.com\/wp-content\/uploads\/2022\/08\/tech-technology-vr-vr-headset-headset-boy-1629858-pxhere.com_-730x600.jpg 730w, https:\/\/letsrebold.com\/wp-content\/uploads\/2022\/08\/tech-technology-vr-vr-headset-headset-boy-1629858-pxhere.com_-300x247.jpg 300w, https:\/\/letsrebold.com\/wp-content\/uploads\/2022\/08\/tech-technology-vr-vr-headset-headset-boy-1629858-pxhere.com_-768x631.jpg 768w, https:\/\/letsrebold.com\/wp-content\/uploads\/2022\/08\/tech-technology-vr-vr-headset-headset-boy-1629858-pxhere.com_-1024x842.jpg 1024w, https:\/\/letsrebold.com\/wp-content\/uploads\/2022\/08\/tech-technology-vr-vr-headset-headset-boy-1629858-pxhere.com_-248x204.jpg 248w, https:\/\/letsrebold.com\/wp-content\/uploads\/2022\/08\/tech-technology-vr-vr-headset-headset-boy-1629858-pxhere.com_-360x296.jpg 360w, https:\/\/letsrebold.com\/wp-content\/uploads\/2022\/08\/tech-technology-vr-vr-headset-headset-boy-1629858-pxhere.com_-427x351.jpg 427w, https:\/\/letsrebold.com\/wp-content\/uploads\/2022\/08\/tech-technology-vr-vr-headset-headset-boy-1629858-pxhere.com_-465x382.jpg 465w, https:\/\/letsrebold.com\/wp-content\/uploads\/2022\/08\/tech-technology-vr-vr-headset-headset-boy-1629858-pxhere.com_.jpg 1095w\" sizes=\"auto, (max-width: 730px) 100vw, 730px\" \/><\/a>\n                                <h2 class=\"post_meta\">\n                                                                                <a style=\"color: #e0094b\" class=\"post_tag\" href=\"?service=rebold-marketing\">Rebold Marketing<\/a>\n                                                                                                                                <a class=\"post_tag\" href=\"?topic=ecommerce\">Ecommerce<\/a>\n                                                                            <\/h2>\n                                <h3 class=\"post_title\"><a href=\"https:\/\/letsrebold.com\/es\/blog\/vender-en-los-metaversos\/\">Claves para vender en los metaversos<\/a><\/h3>\n                                <a class=\"post_link\" href=\"https:\/\/letsrebold.com\/es\/blog\/vender-en-los-metaversos\/\"><span>Leer m\u00e1s<\/span> <span class=\"ico-right\">M\u00e1s informaci\u00f3n<\/span><\/a>\n                            <\/article>\n                                    <\/div>\n                                    <nav class=\"links links-right\" id=\"loadmore_25\">\n                        <div class=\"container\">\n                            <a href=\"#\" class=\"loadmore\" value=\"25\"><span>Cargar m\u00e1s<\/span> <span class=\"ico-right\"><\/span><\/a>\n                        <\/div>\n                    <\/nav>\n                            <\/div>\n                                <div id=\"page_26\" class=\"d-none\">\n                <div class=\"container posts\">\n                                                                        <article class=\"post rebold-marketing\">\n                                <a class=\"post_image\" href=\"https:\/\/letsrebold.com\/es\/blog\/estrategia-de-marketing-en-las-fotovoltaicas\/\"><img loading=\"lazy\" decoding=\"async\" width=\"989\" height=\"600\" src=\"https:\/\/letsrebold.com\/wp-content\/uploads\/2022\/08\/estrategia-de-marketing-en-las-fotovoltaicas-989x600.jpg\" class=\"attachment-img-header size-img-header wp-post-image\" alt=\"estrategia de marketing en las fotovoltaicas\" srcset=\"https:\/\/letsrebold.com\/wp-content\/uploads\/2022\/08\/estrategia-de-marketing-en-las-fotovoltaicas-989x600.jpg 989w, https:\/\/letsrebold.com\/wp-content\/uploads\/2022\/08\/estrategia-de-marketing-en-las-fotovoltaicas-300x182.jpg 300w, https:\/\/letsrebold.com\/wp-content\/uploads\/2022\/08\/estrategia-de-marketing-en-las-fotovoltaicas-768x466.jpg 768w, https:\/\/letsrebold.com\/wp-content\/uploads\/2022\/08\/estrategia-de-marketing-en-las-fotovoltaicas-1024x622.jpg 1024w, https:\/\/letsrebold.com\/wp-content\/uploads\/2022\/08\/estrategia-de-marketing-en-las-fotovoltaicas-336x204.jpg 336w, https:\/\/letsrebold.com\/wp-content\/uploads\/2022\/08\/estrategia-de-marketing-en-las-fotovoltaicas-360x219.jpg 360w, https:\/\/letsrebold.com\/wp-content\/uploads\/2022\/08\/estrategia-de-marketing-en-las-fotovoltaicas-578x351.jpg 578w, https:\/\/letsrebold.com\/wp-content\/uploads\/2022\/08\/estrategia-de-marketing-en-las-fotovoltaicas-629x382.jpg 629w, https:\/\/letsrebold.com\/wp-content\/uploads\/2022\/08\/estrategia-de-marketing-en-las-fotovoltaicas.jpg 1440w\" sizes=\"auto, (max-width: 989px) 100vw, 989px\" \/><\/a>\n                                <h2 class=\"post_meta\">\n                                                                                <a style=\"color: #e0094b\" class=\"post_tag\" href=\"?service=rebold-marketing\">Rebold Marketing<\/a>\n                                                                                                                                <a class=\"post_tag\" href=\"?topic=innovacion\">Innovaci\u00f3n<\/a>\n                                                                            <\/h2>\n                                <h3 class=\"post_title\"><a href=\"https:\/\/letsrebold.com\/es\/blog\/estrategia-de-marketing-en-las-fotovoltaicas\/\">5 t\u00e1cticas para desplegar una estrategia de marketing en el sector de las fotovoltaicas<\/a><\/h3>\n                                <a class=\"post_link\" href=\"https:\/\/letsrebold.com\/es\/blog\/estrategia-de-marketing-en-las-fotovoltaicas\/\"><span>Leer m\u00e1s<\/span> <span class=\"ico-right\">M\u00e1s informaci\u00f3n<\/span><\/a>\n                            <\/article>\n                                                                        <article class=\"post rebold-marketing\">\n                                <a class=\"post_image\" href=\"https:\/\/letsrebold.com\/es\/blog\/programas-de-ayuda-a-la-eficiencia-energetica\/\"><img loading=\"lazy\" decoding=\"async\" width=\"989\" height=\"600\" src=\"https:\/\/letsrebold.com\/wp-content\/uploads\/2022\/08\/programas-de-ayuda-a-la-eficiencia-energetica-989x600.jpg\" class=\"attachment-img-header size-img-header wp-post-image\" alt=\"programas de ayuda a la eficiencia energ\u00e9tica\" srcset=\"https:\/\/letsrebold.com\/wp-content\/uploads\/2022\/08\/programas-de-ayuda-a-la-eficiencia-energetica-989x600.jpg 989w, https:\/\/letsrebold.com\/wp-content\/uploads\/2022\/08\/programas-de-ayuda-a-la-eficiencia-energetica-300x182.jpg 300w, https:\/\/letsrebold.com\/wp-content\/uploads\/2022\/08\/programas-de-ayuda-a-la-eficiencia-energetica-768x466.jpg 768w, https:\/\/letsrebold.com\/wp-content\/uploads\/2022\/08\/programas-de-ayuda-a-la-eficiencia-energetica-1024x622.jpg 1024w, https:\/\/letsrebold.com\/wp-content\/uploads\/2022\/08\/programas-de-ayuda-a-la-eficiencia-energetica-336x204.jpg 336w, https:\/\/letsrebold.com\/wp-content\/uploads\/2022\/08\/programas-de-ayuda-a-la-eficiencia-energetica-360x219.jpg 360w, https:\/\/letsrebold.com\/wp-content\/uploads\/2022\/08\/programas-de-ayuda-a-la-eficiencia-energetica-578x351.jpg 578w, https:\/\/letsrebold.com\/wp-content\/uploads\/2022\/08\/programas-de-ayuda-a-la-eficiencia-energetica-629x382.jpg 629w, https:\/\/letsrebold.com\/wp-content\/uploads\/2022\/08\/programas-de-ayuda-a-la-eficiencia-energetica.jpg 1440w\" sizes=\"auto, (max-width: 989px) 100vw, 989px\" \/><\/a>\n                                <h2 class=\"post_meta\">\n                                                                                <a style=\"color: #e0094b\" class=\"post_tag\" href=\"?service=rebold-marketing\">Rebold Marketing<\/a>\n                                                                                                                                <a class=\"post_tag\" href=\"?topic=transformacion-digital\">Transformaci\u00f3n Digital<\/a>\n                                                                            <\/h2>\n                                <h3 class=\"post_title\"><a href=\"https:\/\/letsrebold.com\/es\/blog\/programas-de-ayuda-a-la-eficiencia-energetica\/\">Descubre los programas de ayuda a la eficiencia energ\u00e9tica<\/a><\/h3>\n                                <a class=\"post_link\" href=\"https:\/\/letsrebold.com\/es\/blog\/programas-de-ayuda-a-la-eficiencia-energetica\/\"><span>Leer m\u00e1s<\/span> <span class=\"ico-right\">M\u00e1s informaci\u00f3n<\/span><\/a>\n                            <\/article>\n                                                                        <article class=\"post rebold-marketing\">\n                                <a class=\"post_image\" href=\"https:\/\/letsrebold.com\/es\/blog\/tecnologias-de-movilidad-sostenible\/\"><img loading=\"lazy\" decoding=\"async\" width=\"989\" height=\"600\" src=\"https:\/\/letsrebold.com\/wp-content\/uploads\/2022\/08\/5-tecnologi\u0301as-de-futuro-sostenible-989x600.jpg\" class=\"attachment-img-header size-img-header wp-post-image\" alt=\"tecnologi\u0301as-de-futuro-sostenible\" srcset=\"https:\/\/letsrebold.com\/wp-content\/uploads\/2022\/08\/5-tecnologi\u0301as-de-futuro-sostenible-989x600.jpg 989w, https:\/\/letsrebold.com\/wp-content\/uploads\/2022\/08\/5-tecnologi\u0301as-de-futuro-sostenible-300x182.jpg 300w, https:\/\/letsrebold.com\/wp-content\/uploads\/2022\/08\/5-tecnologi\u0301as-de-futuro-sostenible-768x466.jpg 768w, https:\/\/letsrebold.com\/wp-content\/uploads\/2022\/08\/5-tecnologi\u0301as-de-futuro-sostenible-1024x622.jpg 1024w, https:\/\/letsrebold.com\/wp-content\/uploads\/2022\/08\/5-tecnologi\u0301as-de-futuro-sostenible-336x204.jpg 336w, https:\/\/letsrebold.com\/wp-content\/uploads\/2022\/08\/5-tecnologi\u0301as-de-futuro-sostenible-360x219.jpg 360w, https:\/\/letsrebold.com\/wp-content\/uploads\/2022\/08\/5-tecnologi\u0301as-de-futuro-sostenible-578x351.jpg 578w, https:\/\/letsrebold.com\/wp-content\/uploads\/2022\/08\/5-tecnologi\u0301as-de-futuro-sostenible-629x382.jpg 629w, https:\/\/letsrebold.com\/wp-content\/uploads\/2022\/08\/5-tecnologi\u0301as-de-futuro-sostenible.jpg 1440w\" sizes=\"auto, (max-width: 989px) 100vw, 989px\" \/><\/a>\n                                <h2 class=\"post_meta\">\n                                                                                <a style=\"color: #e0094b\" class=\"post_tag\" href=\"?service=rebold-marketing\">Rebold Marketing<\/a>\n                                                                                                                                <a class=\"post_tag\" href=\"?topic=transformacion-digital\">Transformaci\u00f3n Digital<\/a>\n                                                                            <\/h2>\n                                <h3 class=\"post_title\"><a href=\"https:\/\/letsrebold.com\/es\/blog\/tecnologias-de-movilidad-sostenible\/\">5 tecnolog\u00edas de futuro para la movilidad sostenible<\/a><\/h3>\n                                <a class=\"post_link\" href=\"https:\/\/letsrebold.com\/es\/blog\/tecnologias-de-movilidad-sostenible\/\"><span>Leer m\u00e1s<\/span> <span class=\"ico-right\">M\u00e1s informaci\u00f3n<\/span><\/a>\n                            <\/article>\n                                                                        <article class=\"post media-strategy-research, rebold-marketing\">\n                                <a class=\"post_image\" href=\"https:\/\/letsrebold.com\/es\/blog\/web-3-0\/\"><img loading=\"lazy\" decoding=\"async\" width=\"989\" height=\"600\" src=\"https:\/\/letsrebold.com\/wp-content\/uploads\/2022\/08\/NFT-989x600.jpg\" class=\"attachment-img-header size-img-header wp-post-image\" alt=\"NFT\" srcset=\"https:\/\/letsrebold.com\/wp-content\/uploads\/2022\/08\/NFT-989x600.jpg 989w, https:\/\/letsrebold.com\/wp-content\/uploads\/2022\/08\/NFT-300x182.jpg 300w, https:\/\/letsrebold.com\/wp-content\/uploads\/2022\/08\/NFT-768x466.jpg 768w, https:\/\/letsrebold.com\/wp-content\/uploads\/2022\/08\/NFT-1024x622.jpg 1024w, https:\/\/letsrebold.com\/wp-content\/uploads\/2022\/08\/NFT-336x204.jpg 336w, https:\/\/letsrebold.com\/wp-content\/uploads\/2022\/08\/NFT-360x219.jpg 360w, https:\/\/letsrebold.com\/wp-content\/uploads\/2022\/08\/NFT-578x351.jpg 578w, https:\/\/letsrebold.com\/wp-content\/uploads\/2022\/08\/NFT-629x382.jpg 629w, https:\/\/letsrebold.com\/wp-content\/uploads\/2022\/08\/NFT.jpg 1440w\" sizes=\"auto, (max-width: 989px) 100vw, 989px\" \/><\/a>\n                                <h2 class=\"post_meta\">\n                                                                                <a style=\"color: #e0094b\" class=\"post_tag\" href=\"?service=rebold-marketing\">Rebold Marketing<\/a>\n                                                                                                                                <a class=\"post_tag\" href=\"?topic=transformacion-digital\">Transformaci\u00f3n Digital<\/a>\n                                                                            <\/h2>\n                                <h3 class=\"post_title\"><a href=\"https:\/\/letsrebold.com\/es\/blog\/web-3-0\/\">Conoce la web 3.0 y por qu\u00e9 es importante para tu negocio<\/a><\/h3>\n                                <a class=\"post_link\" href=\"https:\/\/letsrebold.com\/es\/blog\/web-3-0\/\"><span>Leer m\u00e1s<\/span> <span class=\"ico-right\">M\u00e1s informaci\u00f3n<\/span><\/a>\n                            <\/article>\n                                                                        <article class=\"post rebold-marketing\">\n                                <a class=\"post_image\" href=\"https:\/\/letsrebold.com\/es\/blog\/customer-journey-y-el-iot\/\"><img loading=\"lazy\" decoding=\"async\" width=\"989\" height=\"600\" src=\"https:\/\/letsrebold.com\/wp-content\/uploads\/2022\/08\/oo1-989x600.jpg\" class=\"attachment-img-header size-img-header wp-post-image\" alt=\"customer journey y el IoT\" srcset=\"https:\/\/letsrebold.com\/wp-content\/uploads\/2022\/08\/oo1-989x600.jpg 989w, https:\/\/letsrebold.com\/wp-content\/uploads\/2022\/08\/oo1-300x182.jpg 300w, https:\/\/letsrebold.com\/wp-content\/uploads\/2022\/08\/oo1-768x466.jpg 768w, https:\/\/letsrebold.com\/wp-content\/uploads\/2022\/08\/oo1-1024x622.jpg 1024w, https:\/\/letsrebold.com\/wp-content\/uploads\/2022\/08\/oo1-336x204.jpg 336w, https:\/\/letsrebold.com\/wp-content\/uploads\/2022\/08\/oo1-360x219.jpg 360w, https:\/\/letsrebold.com\/wp-content\/uploads\/2022\/08\/oo1-578x351.jpg 578w, https:\/\/letsrebold.com\/wp-content\/uploads\/2022\/08\/oo1-629x382.jpg 629w, https:\/\/letsrebold.com\/wp-content\/uploads\/2022\/08\/oo1.jpg 1440w\" sizes=\"auto, (max-width: 989px) 100vw, 989px\" \/><\/a>\n                                <h2 class=\"post_meta\">\n                                                                                <a style=\"color: #e0094b\" class=\"post_tag\" href=\"?service=rebold-marketing\">Rebold Marketing<\/a>\n                                                                                                                                <a class=\"post_tag\" href=\"?topic=inbound-marketing\">Inbound Marketing<\/a>\n                                                                            <\/h2>\n                                <h3 class=\"post_title\"><a href=\"https:\/\/letsrebold.com\/es\/blog\/customer-journey-y-el-iot\/\">C\u00f3mo mejorar el customer journey gracias al internet de las cosas (IoT)<\/a><\/h3>\n                                <a class=\"post_link\" href=\"https:\/\/letsrebold.com\/es\/blog\/customer-journey-y-el-iot\/\"><span>Leer m\u00e1s<\/span> <span class=\"ico-right\">M\u00e1s informaci\u00f3n<\/span><\/a>\n                            <\/article>\n                                                                        <article class=\"post rebold-marketing\">\n                                <a class=\"post_image\" href=\"https:\/\/letsrebold.com\/es\/blog\/social-media-en-la-era-del-blockchain\/\"><img loading=\"lazy\" decoding=\"async\" width=\"989\" height=\"600\" src=\"https:\/\/letsrebold.com\/wp-content\/uploads\/2022\/08\/o-989x600.jpg\" class=\"attachment-img-header size-img-header wp-post-image\" alt=\"Social Media en la era del blockchain: oportunidades y desaf\u00edos\" srcset=\"https:\/\/letsrebold.com\/wp-content\/uploads\/2022\/08\/o-989x600.jpg 989w, https:\/\/letsrebold.com\/wp-content\/uploads\/2022\/08\/o-300x182.jpg 300w, https:\/\/letsrebold.com\/wp-content\/uploads\/2022\/08\/o-768x466.jpg 768w, https:\/\/letsrebold.com\/wp-content\/uploads\/2022\/08\/o-1024x622.jpg 1024w, https:\/\/letsrebold.com\/wp-content\/uploads\/2022\/08\/o-336x204.jpg 336w, https:\/\/letsrebold.com\/wp-content\/uploads\/2022\/08\/o-360x219.jpg 360w, https:\/\/letsrebold.com\/wp-content\/uploads\/2022\/08\/o-578x351.jpg 578w, https:\/\/letsrebold.com\/wp-content\/uploads\/2022\/08\/o-629x382.jpg 629w, https:\/\/letsrebold.com\/wp-content\/uploads\/2022\/08\/o.jpg 1440w\" sizes=\"auto, (max-width: 989px) 100vw, 989px\" \/><\/a>\n                                <h2 class=\"post_meta\">\n                                                                                <a style=\"color: #e0094b\" class=\"post_tag\" href=\"?service=rebold-marketing\">Rebold Marketing<\/a>\n                                                                                                                                <a class=\"post_tag\" href=\"?topic=blockchain-innovation\">blockchain innovation<\/a>\n                                                                            <\/h2>\n                                <h3 class=\"post_title\"><a href=\"https:\/\/letsrebold.com\/es\/blog\/social-media-en-la-era-del-blockchain\/\">Social Media marketing en la era del Blockchain: oportunidades y desaf\u00edos<\/a><\/h3>\n                                <a class=\"post_link\" href=\"https:\/\/letsrebold.com\/es\/blog\/social-media-en-la-era-del-blockchain\/\"><span>Leer m\u00e1s<\/span> <span class=\"ico-right\">M\u00e1s informaci\u00f3n<\/span><\/a>\n                            <\/article>\n                                    <\/div>\n                                    <nav class=\"links links-right\" id=\"loadmore_26\">\n                        <div class=\"container\">\n                            <a href=\"#\" class=\"loadmore\" value=\"26\"><span>Cargar m\u00e1s<\/span> <span class=\"ico-right\"><\/span><\/a>\n                        <\/div>\n                    <\/nav>\n                            <\/div>\n                                <div id=\"page_27\" class=\"d-none\">\n                <div class=\"container posts\">\n                                                                        <article class=\"post rebold-marketing\">\n                                <a class=\"post_image\" href=\"https:\/\/letsrebold.com\/es\/blog\/industria-4-0-transformacion\/\"><img loading=\"lazy\" decoding=\"async\" width=\"989\" height=\"600\" src=\"https:\/\/letsrebold.com\/wp-content\/uploads\/2022\/08\/industria-4-0-transformacion-digital-989x600.jpg\" class=\"attachment-img-header size-img-header wp-post-image\" alt=\"industria 4.0 transformacion digital\" srcset=\"https:\/\/letsrebold.com\/wp-content\/uploads\/2022\/08\/industria-4-0-transformacion-digital-989x600.jpg 989w, https:\/\/letsrebold.com\/wp-content\/uploads\/2022\/08\/industria-4-0-transformacion-digital-300x182.jpg 300w, https:\/\/letsrebold.com\/wp-content\/uploads\/2022\/08\/industria-4-0-transformacion-digital-768x466.jpg 768w, https:\/\/letsrebold.com\/wp-content\/uploads\/2022\/08\/industria-4-0-transformacion-digital-1024x622.jpg 1024w, https:\/\/letsrebold.com\/wp-content\/uploads\/2022\/08\/industria-4-0-transformacion-digital-336x204.jpg 336w, https:\/\/letsrebold.com\/wp-content\/uploads\/2022\/08\/industria-4-0-transformacion-digital-360x219.jpg 360w, https:\/\/letsrebold.com\/wp-content\/uploads\/2022\/08\/industria-4-0-transformacion-digital-578x351.jpg 578w, https:\/\/letsrebold.com\/wp-content\/uploads\/2022\/08\/industria-4-0-transformacion-digital-629x382.jpg 629w, https:\/\/letsrebold.com\/wp-content\/uploads\/2022\/08\/industria-4-0-transformacion-digital.jpg 1440w\" sizes=\"auto, (max-width: 989px) 100vw, 989px\" \/><\/a>\n                                <h2 class=\"post_meta\">\n                                                                                <a style=\"color: #e0094b\" class=\"post_tag\" href=\"?service=rebold-marketing\">Rebold Marketing<\/a>\n                                                                                                                                <a class=\"post_tag\" href=\"?topic=transformacion-digital\">Transformaci\u00f3n Digital<\/a>\n                                                                            <\/h2>\n                                <h3 class=\"post_title\"><a href=\"https:\/\/letsrebold.com\/es\/blog\/industria-4-0-transformacion\/\">La Industria 4.0 ya est\u00e1 aqu\u00ed: descubre c\u00f3mo es su transformaci\u00f3n digital<\/a><\/h3>\n                                <a class=\"post_link\" href=\"https:\/\/letsrebold.com\/es\/blog\/industria-4-0-transformacion\/\"><span>Leer m\u00e1s<\/span> <span class=\"ico-right\">M\u00e1s informaci\u00f3n<\/span><\/a>\n                            <\/article>\n                                                                        <article class=\"post rebold-marketing\">\n                                <a class=\"post_image\" href=\"https:\/\/letsrebold.com\/es\/blog\/experiencias-de-compra-en-el-metaverso\/\"><img loading=\"lazy\" decoding=\"async\" width=\"989\" height=\"600\" src=\"https:\/\/letsrebold.com\/wp-content\/uploads\/2022\/08\/experiencias-de-compra-en-el-metaverso-1-989x600.jpg\" class=\"attachment-img-header size-img-header wp-post-image\" alt=\"\" srcset=\"https:\/\/letsrebold.com\/wp-content\/uploads\/2022\/08\/experiencias-de-compra-en-el-metaverso-1-989x600.jpg 989w, https:\/\/letsrebold.com\/wp-content\/uploads\/2022\/08\/experiencias-de-compra-en-el-metaverso-1-300x182.jpg 300w, https:\/\/letsrebold.com\/wp-content\/uploads\/2022\/08\/experiencias-de-compra-en-el-metaverso-1-768x466.jpg 768w, https:\/\/letsrebold.com\/wp-content\/uploads\/2022\/08\/experiencias-de-compra-en-el-metaverso-1-1024x622.jpg 1024w, https:\/\/letsrebold.com\/wp-content\/uploads\/2022\/08\/experiencias-de-compra-en-el-metaverso-1-336x204.jpg 336w, https:\/\/letsrebold.com\/wp-content\/uploads\/2022\/08\/experiencias-de-compra-en-el-metaverso-1-360x219.jpg 360w, https:\/\/letsrebold.com\/wp-content\/uploads\/2022\/08\/experiencias-de-compra-en-el-metaverso-1-578x351.jpg 578w, https:\/\/letsrebold.com\/wp-content\/uploads\/2022\/08\/experiencias-de-compra-en-el-metaverso-1-629x382.jpg 629w, https:\/\/letsrebold.com\/wp-content\/uploads\/2022\/08\/experiencias-de-compra-en-el-metaverso-1.jpg 1440w\" sizes=\"auto, (max-width: 989px) 100vw, 989px\" \/><\/a>\n                                <h2 class=\"post_meta\">\n                                                                                <a style=\"color: #e0094b\" class=\"post_tag\" href=\"?service=rebold-marketing\">Rebold Marketing<\/a>\n                                                                                                                                <a class=\"post_tag\" href=\"?topic=ecommerce\">Ecommerce<\/a>\n                                                                            <\/h2>\n                                <h3 class=\"post_title\"><a href=\"https:\/\/letsrebold.com\/es\/blog\/experiencias-de-compra-en-el-metaverso\/\">Crear experiencias de compra en el metaverso: el gran desaf\u00edo de los ecommerce<\/a><\/h3>\n                                <a class=\"post_link\" href=\"https:\/\/letsrebold.com\/es\/blog\/experiencias-de-compra-en-el-metaverso\/\"><span>Leer m\u00e1s<\/span> <span class=\"ico-right\">M\u00e1s informaci\u00f3n<\/span><\/a>\n                            <\/article>\n                                                                        <article class=\"post rebold-marketing, strategic-creativity\">\n                                <a class=\"post_image\" href=\"https:\/\/letsrebold.com\/es\/blog\/metodologias-agile\/\"><img loading=\"lazy\" decoding=\"async\" width=\"989\" height=\"600\" src=\"https:\/\/letsrebold.com\/wp-content\/uploads\/2022\/07\/metodologias-agile-eficiencia-989x600.jpg\" class=\"attachment-img-header size-img-header wp-post-image\" alt=\"metodologias agile\" srcset=\"https:\/\/letsrebold.com\/wp-content\/uploads\/2022\/07\/metodologias-agile-eficiencia-989x600.jpg 989w, https:\/\/letsrebold.com\/wp-content\/uploads\/2022\/07\/metodologias-agile-eficiencia-300x182.jpg 300w, https:\/\/letsrebold.com\/wp-content\/uploads\/2022\/07\/metodologias-agile-eficiencia-768x466.jpg 768w, https:\/\/letsrebold.com\/wp-content\/uploads\/2022\/07\/metodologias-agile-eficiencia-1024x622.jpg 1024w, https:\/\/letsrebold.com\/wp-content\/uploads\/2022\/07\/metodologias-agile-eficiencia-336x204.jpg 336w, https:\/\/letsrebold.com\/wp-content\/uploads\/2022\/07\/metodologias-agile-eficiencia-360x219.jpg 360w, https:\/\/letsrebold.com\/wp-content\/uploads\/2022\/07\/metodologias-agile-eficiencia-578x351.jpg 578w, https:\/\/letsrebold.com\/wp-content\/uploads\/2022\/07\/metodologias-agile-eficiencia-629x382.jpg 629w, https:\/\/letsrebold.com\/wp-content\/uploads\/2022\/07\/metodologias-agile-eficiencia.jpg 1440w\" sizes=\"auto, (max-width: 989px) 100vw, 989px\" \/><\/a>\n                                <h2 class=\"post_meta\">\n                                                                                <a style=\"color: #e0094b\" class=\"post_tag\" href=\"?service=rebold-marketing\">Rebold Marketing<\/a>\n                                                                                                                                <a class=\"post_tag\" href=\"?topic=herramientas\">herramientas<\/a>\n                                                                            <\/h2>\n                                <h3 class=\"post_title\"><a href=\"https:\/\/letsrebold.com\/es\/blog\/metodologias-agile\/\">5 metodolog\u00edas agile para competir con eficiencia<\/a><\/h3>\n                                <a class=\"post_link\" href=\"https:\/\/letsrebold.com\/es\/blog\/metodologias-agile\/\"><span>Leer m\u00e1s<\/span> <span class=\"ico-right\">M\u00e1s informaci\u00f3n<\/span><\/a>\n                            <\/article>\n                                                                        <article class=\"post rebold-communication\">\n                                <a class=\"post_image\" href=\"https:\/\/letsrebold.com\/es\/blog\/gfk-dam-y-comscore\/\"><img loading=\"lazy\" decoding=\"async\" width=\"900\" height=\"600\" src=\"https:\/\/letsrebold.com\/wp-content\/uploads\/2022\/07\/headway-F2KRf_QfCqw-unsplash-900x600.jpg\" class=\"attachment-img-header size-img-header wp-post-image\" alt=\"\" srcset=\"https:\/\/letsrebold.com\/wp-content\/uploads\/2022\/07\/headway-F2KRf_QfCqw-unsplash-900x600.jpg 900w, https:\/\/letsrebold.com\/wp-content\/uploads\/2022\/07\/headway-F2KRf_QfCqw-unsplash-300x200.jpg 300w, https:\/\/letsrebold.com\/wp-content\/uploads\/2022\/07\/headway-F2KRf_QfCqw-unsplash-768x512.jpg 768w, https:\/\/letsrebold.com\/wp-content\/uploads\/2022\/07\/headway-F2KRf_QfCqw-unsplash-1024x683.jpg 1024w, https:\/\/letsrebold.com\/wp-content\/uploads\/2022\/07\/headway-F2KRf_QfCqw-unsplash-306x204.jpg 306w, https:\/\/letsrebold.com\/wp-content\/uploads\/2022\/07\/headway-F2KRf_QfCqw-unsplash-360x240.jpg 360w, https:\/\/letsrebold.com\/wp-content\/uploads\/2022\/07\/headway-F2KRf_QfCqw-unsplash-527x351.jpg 527w, https:\/\/letsrebold.com\/wp-content\/uploads\/2022\/07\/headway-F2KRf_QfCqw-unsplash-573x382.jpg 573w, https:\/\/letsrebold.com\/wp-content\/uploads\/2022\/07\/headway-F2KRf_QfCqw-unsplash-1536x1024.jpg 1536w, https:\/\/letsrebold.com\/wp-content\/uploads\/2022\/07\/headway-F2KRf_QfCqw-unsplash-2048x1365.jpg 2048w\" sizes=\"auto, (max-width: 900px) 100vw, 900px\" \/><\/a>\n                                <h2 class=\"post_meta\">\n                                                                                <a style=\"color: #5ac4bb\" class=\"post_tag\" href=\"?service=rebold-communication\">Rebold Communication<\/a>\n                                                                                                                                <a class=\"post_tag\" href=\"?topic=audiencias\">audiencias<\/a>\n                                                                            <\/h2>\n                                <h3 class=\"post_title\"><a href=\"https:\/\/letsrebold.com\/es\/blog\/gfk-dam-y-comscore\/\">GfK DAM vs Comscore: \u00bfpreparadx para explicar los vaivenes de las audiencias en tus an\u00e1lisis de comunicaci\u00f3n?<\/a><\/h3>\n                                <a class=\"post_link\" href=\"https:\/\/letsrebold.com\/es\/blog\/gfk-dam-y-comscore\/\"><span>Leer m\u00e1s<\/span> <span class=\"ico-right\">M\u00e1s informaci\u00f3n<\/span><\/a>\n                            <\/article>\n                                                                        <article class=\"post media-strategy-research, rebold-marketing\">\n                                <a class=\"post_image\" href=\"https:\/\/letsrebold.com\/es\/blog\/cliente-tiempo-real\/\"><img loading=\"lazy\" decoding=\"async\" width=\"900\" height=\"600\" src=\"https:\/\/letsrebold.com\/wp-content\/uploads\/2022\/07\/aron-visuals-BXOXnQ26B7o-unsplash-900x600.jpg\" class=\"attachment-img-header size-img-header wp-post-image\" alt=\"\" srcset=\"https:\/\/letsrebold.com\/wp-content\/uploads\/2022\/07\/aron-visuals-BXOXnQ26B7o-unsplash-900x600.jpg 900w, https:\/\/letsrebold.com\/wp-content\/uploads\/2022\/07\/aron-visuals-BXOXnQ26B7o-unsplash-300x200.jpg 300w, https:\/\/letsrebold.com\/wp-content\/uploads\/2022\/07\/aron-visuals-BXOXnQ26B7o-unsplash-768x512.jpg 768w, https:\/\/letsrebold.com\/wp-content\/uploads\/2022\/07\/aron-visuals-BXOXnQ26B7o-unsplash-1024x683.jpg 1024w, https:\/\/letsrebold.com\/wp-content\/uploads\/2022\/07\/aron-visuals-BXOXnQ26B7o-unsplash-306x204.jpg 306w, https:\/\/letsrebold.com\/wp-content\/uploads\/2022\/07\/aron-visuals-BXOXnQ26B7o-unsplash-360x240.jpg 360w, https:\/\/letsrebold.com\/wp-content\/uploads\/2022\/07\/aron-visuals-BXOXnQ26B7o-unsplash-527x351.jpg 527w, https:\/\/letsrebold.com\/wp-content\/uploads\/2022\/07\/aron-visuals-BXOXnQ26B7o-unsplash-573x382.jpg 573w, https:\/\/letsrebold.com\/wp-content\/uploads\/2022\/07\/aron-visuals-BXOXnQ26B7o-unsplash-1536x1024.jpg 1536w, https:\/\/letsrebold.com\/wp-content\/uploads\/2022\/07\/aron-visuals-BXOXnQ26B7o-unsplash-2048x1365.jpg 2048w\" sizes=\"auto, (max-width: 900px) 100vw, 900px\" \/><\/a>\n                                <h2 class=\"post_meta\">\n                                                                                <a style=\"color: #e0094b\" class=\"post_tag\" href=\"?service=rebold-marketing\">Rebold Marketing<\/a>\n                                                                                                                                <a class=\"post_tag\" href=\"?topic=inteligencia-artificial\">Inteligencia Artificial<\/a>\n                                                                            <\/h2>\n                                <h3 class=\"post_title\"><a href=\"https:\/\/letsrebold.com\/es\/blog\/cliente-tiempo-real\/\">El cliente en tiempo real: c\u00f3mo ofrecerle lo que necesita<\/a><\/h3>\n                                <a class=\"post_link\" href=\"https:\/\/letsrebold.com\/es\/blog\/cliente-tiempo-real\/\"><span>Leer m\u00e1s<\/span> <span class=\"ico-right\">M\u00e1s informaci\u00f3n<\/span><\/a>\n                            <\/article>\n                                                                        <article class=\"post rebold-marketing\">\n                                <a class=\"post_image\" href=\"https:\/\/letsrebold.com\/es\/blog\/apps-movilidad-rural-para-combatir-la-despoblacion\/\"><img loading=\"lazy\" decoding=\"async\" width=\"989\" height=\"600\" src=\"https:\/\/letsrebold.com\/wp-content\/uploads\/2022\/07\/rebold-blog-map-989x600.jpg\" class=\"attachment-img-header size-img-header wp-post-image\" alt=\"apps movilidad rural\" srcset=\"https:\/\/letsrebold.com\/wp-content\/uploads\/2022\/07\/rebold-blog-map-989x600.jpg 989w, https:\/\/letsrebold.com\/wp-content\/uploads\/2022\/07\/rebold-blog-map-300x182.jpg 300w, https:\/\/letsrebold.com\/wp-content\/uploads\/2022\/07\/rebold-blog-map-768x466.jpg 768w, https:\/\/letsrebold.com\/wp-content\/uploads\/2022\/07\/rebold-blog-map-1024x622.jpg 1024w, https:\/\/letsrebold.com\/wp-content\/uploads\/2022\/07\/rebold-blog-map-336x204.jpg 336w, https:\/\/letsrebold.com\/wp-content\/uploads\/2022\/07\/rebold-blog-map-360x219.jpg 360w, https:\/\/letsrebold.com\/wp-content\/uploads\/2022\/07\/rebold-blog-map-578x351.jpg 578w, https:\/\/letsrebold.com\/wp-content\/uploads\/2022\/07\/rebold-blog-map-629x382.jpg 629w, https:\/\/letsrebold.com\/wp-content\/uploads\/2022\/07\/rebold-blog-map.jpg 1440w\" sizes=\"auto, (max-width: 989px) 100vw, 989px\" \/><\/a>\n                                <h2 class=\"post_meta\">\n                                                                                <a style=\"color: #e0094b\" class=\"post_tag\" href=\"?service=rebold-marketing\">Rebold Marketing<\/a>\n                                                                                                                                <a class=\"post_tag\" href=\"?topic=marketing-digital\">Marketing Digital<\/a>\n                                                                            <\/h2>\n                                <h3 class=\"post_title\"><a href=\"https:\/\/letsrebold.com\/es\/blog\/apps-movilidad-rural-para-combatir-la-despoblacion\/\">Apps de movilidad rural para combatir la despoblaci\u00f3n<\/a><\/h3>\n                                <a class=\"post_link\" href=\"https:\/\/letsrebold.com\/es\/blog\/apps-movilidad-rural-para-combatir-la-despoblacion\/\"><span>Leer m\u00e1s<\/span> <span class=\"ico-right\">M\u00e1s informaci\u00f3n<\/span><\/a>\n                            <\/article>\n                                    <\/div>\n                                    <nav class=\"links links-right\" id=\"loadmore_27\">\n                        <div class=\"container\">\n                            <a href=\"#\" class=\"loadmore\" value=\"27\"><span>Cargar m\u00e1s<\/span> <span class=\"ico-right\"><\/span><\/a>\n                        <\/div>\n                    <\/nav>\n                            <\/div>\n                                <div id=\"page_28\" class=\"d-none\">\n                <div class=\"container posts\">\n                                                                        <article class=\"post rebold-marketing\">\n                                <a class=\"post_image\" href=\"https:\/\/letsrebold.com\/es\/blog\/machine-learning-en-las-redes-sociales\/\"><img loading=\"lazy\" decoding=\"async\" width=\"989\" height=\"600\" src=\"https:\/\/letsrebold.com\/wp-content\/uploads\/2022\/07\/rebold-blog-algorithm-989x600.jpg\" class=\"attachment-img-header size-img-header wp-post-image\" alt=\"machine learning en redes sociales\" srcset=\"https:\/\/letsrebold.com\/wp-content\/uploads\/2022\/07\/rebold-blog-algorithm-989x600.jpg 989w, https:\/\/letsrebold.com\/wp-content\/uploads\/2022\/07\/rebold-blog-algorithm-300x182.jpg 300w, https:\/\/letsrebold.com\/wp-content\/uploads\/2022\/07\/rebold-blog-algorithm-768x466.jpg 768w, https:\/\/letsrebold.com\/wp-content\/uploads\/2022\/07\/rebold-blog-algorithm-1024x622.jpg 1024w, https:\/\/letsrebold.com\/wp-content\/uploads\/2022\/07\/rebold-blog-algorithm-336x204.jpg 336w, https:\/\/letsrebold.com\/wp-content\/uploads\/2022\/07\/rebold-blog-algorithm-360x219.jpg 360w, https:\/\/letsrebold.com\/wp-content\/uploads\/2022\/07\/rebold-blog-algorithm-578x351.jpg 578w, https:\/\/letsrebold.com\/wp-content\/uploads\/2022\/07\/rebold-blog-algorithm-629x382.jpg 629w, https:\/\/letsrebold.com\/wp-content\/uploads\/2022\/07\/rebold-blog-algorithm.jpg 1440w\" sizes=\"auto, (max-width: 989px) 100vw, 989px\" \/><\/a>\n                                <h2 class=\"post_meta\">\n                                                                                <a style=\"color: #e0094b\" class=\"post_tag\" href=\"?service=rebold-marketing\">Rebold Marketing<\/a>\n                                                                                                                                <a class=\"post_tag\" href=\"?topic=social-media\">Social Media<\/a>\n                                                                            <\/h2>\n                                <h3 class=\"post_title\"><a href=\"https:\/\/letsrebold.com\/es\/blog\/machine-learning-en-las-redes-sociales\/\">C\u00f3mo funcionan los algoritmos de machine learning en las redes sociales<\/a><\/h3>\n                                <a class=\"post_link\" href=\"https:\/\/letsrebold.com\/es\/blog\/machine-learning-en-las-redes-sociales\/\"><span>Leer m\u00e1s<\/span> <span class=\"ico-right\">M\u00e1s informaci\u00f3n<\/span><\/a>\n                            <\/article>\n                                                                        <article class=\"post rebold-marketing, rebold-shakers\">\n                                <a class=\"post_image\" href=\"https:\/\/letsrebold.com\/es\/blog\/rebold-eleva-su-marca-nuevo-posicionamiento-nuevas-oportunidades\/\"><img loading=\"lazy\" decoding=\"async\" width=\"989\" height=\"600\" src=\"https:\/\/letsrebold.com\/wp-content\/uploads\/2022\/07\/rebrand-intro-image-header-989x600.jpg\" class=\"attachment-img-header size-img-header wp-post-image\" alt=\"Rebold inicia una nueva era\" srcset=\"https:\/\/letsrebold.com\/wp-content\/uploads\/2022\/07\/rebrand-intro-image-header-989x600.jpg 989w, https:\/\/letsrebold.com\/wp-content\/uploads\/2022\/07\/rebrand-intro-image-header-300x182.jpg 300w, https:\/\/letsrebold.com\/wp-content\/uploads\/2022\/07\/rebrand-intro-image-header-768x466.jpg 768w, https:\/\/letsrebold.com\/wp-content\/uploads\/2022\/07\/rebrand-intro-image-header-1024x622.jpg 1024w, https:\/\/letsrebold.com\/wp-content\/uploads\/2022\/07\/rebrand-intro-image-header-336x204.jpg 336w, https:\/\/letsrebold.com\/wp-content\/uploads\/2022\/07\/rebrand-intro-image-header-360x219.jpg 360w, https:\/\/letsrebold.com\/wp-content\/uploads\/2022\/07\/rebrand-intro-image-header-578x351.jpg 578w, https:\/\/letsrebold.com\/wp-content\/uploads\/2022\/07\/rebrand-intro-image-header-629x382.jpg 629w, https:\/\/letsrebold.com\/wp-content\/uploads\/2022\/07\/rebrand-intro-image-header.jpg 1440w\" sizes=\"auto, (max-width: 989px) 100vw, 989px\" \/><\/a>\n                                <h2 class=\"post_meta\">\n                                                                                <a style=\"color: #e0094b\" class=\"post_tag\" href=\"?service=rebold-marketing\">Rebold Marketing<\/a>\n                                                                                                                                <a class=\"post_tag\" href=\"?topic=branding\">Branding<\/a>\n                                                                            <\/h2>\n                                <h3 class=\"post_title\"><a href=\"https:\/\/letsrebold.com\/es\/blog\/rebold-eleva-su-marca-nuevo-posicionamiento-nuevas-oportunidades\/\">Rebold eleva su marca: nuevo posicionamiento, nuevas oportunidades<\/a><\/h3>\n                                <a class=\"post_link\" href=\"https:\/\/letsrebold.com\/es\/blog\/rebold-eleva-su-marca-nuevo-posicionamiento-nuevas-oportunidades\/\"><span>Leer m\u00e1s<\/span> <span class=\"ico-right\">M\u00e1s informaci\u00f3n<\/span><\/a>\n                            <\/article>\n                                                                        <article class=\"post rebold-marketing\">\n                                <a class=\"post_image\" href=\"https:\/\/letsrebold.com\/es\/blog\/marketing-de-experiencias\/\"><img loading=\"lazy\" decoding=\"async\" width=\"989\" height=\"600\" src=\"https:\/\/letsrebold.com\/wp-content\/uploads\/2022\/07\/rebold-blog-mktexpt-989x600.jpg\" class=\"attachment-img-header size-img-header wp-post-image\" alt=\"\" srcset=\"https:\/\/letsrebold.com\/wp-content\/uploads\/2022\/07\/rebold-blog-mktexpt-989x600.jpg 989w, https:\/\/letsrebold.com\/wp-content\/uploads\/2022\/07\/rebold-blog-mktexpt-300x182.jpg 300w, https:\/\/letsrebold.com\/wp-content\/uploads\/2022\/07\/rebold-blog-mktexpt-768x466.jpg 768w, https:\/\/letsrebold.com\/wp-content\/uploads\/2022\/07\/rebold-blog-mktexpt-1024x622.jpg 1024w, https:\/\/letsrebold.com\/wp-content\/uploads\/2022\/07\/rebold-blog-mktexpt-336x204.jpg 336w, https:\/\/letsrebold.com\/wp-content\/uploads\/2022\/07\/rebold-blog-mktexpt-360x219.jpg 360w, https:\/\/letsrebold.com\/wp-content\/uploads\/2022\/07\/rebold-blog-mktexpt-578x351.jpg 578w, https:\/\/letsrebold.com\/wp-content\/uploads\/2022\/07\/rebold-blog-mktexpt-629x382.jpg 629w, https:\/\/letsrebold.com\/wp-content\/uploads\/2022\/07\/rebold-blog-mktexpt.jpg 1440w\" sizes=\"auto, (max-width: 989px) 100vw, 989px\" \/><\/a>\n                                <h2 class=\"post_meta\">\n                                                                                <a style=\"color: #e0094b\" class=\"post_tag\" href=\"?service=rebold-marketing\">Rebold Marketing<\/a>\n                                                                                                                                <a class=\"post_tag\" href=\"?topic=marketing-digital\">Marketing Digital<\/a>\n                                                                            <\/h2>\n                                <h3 class=\"post_title\"><a href=\"https:\/\/letsrebold.com\/es\/blog\/marketing-de-experiencias\/\">Del marketing de servicios al marketing de experiencias<\/a><\/h3>\n                                <a class=\"post_link\" href=\"https:\/\/letsrebold.com\/es\/blog\/marketing-de-experiencias\/\"><span>Leer m\u00e1s<\/span> <span class=\"ico-right\">M\u00e1s informaci\u00f3n<\/span><\/a>\n                            <\/article>\n                                                                        <article class=\"post rebold-marketing\">\n                                <a class=\"post_image\" href=\"https:\/\/letsrebold.com\/es\/blog\/realidad-virtual-y-realidad-aumentada-en-marketing\/\"><img loading=\"lazy\" decoding=\"async\" width=\"989\" height=\"600\" src=\"https:\/\/letsrebold.com\/wp-content\/uploads\/2022\/07\/3Realidad-virtual-y-realidad-aumentada-989x600.jpg\" class=\"attachment-img-header size-img-header wp-post-image\" alt=\"Realidad virtual y realidad aumentada: c\u00f3mo est\u00e1n cambiando las reglas del marketing digital\" srcset=\"https:\/\/letsrebold.com\/wp-content\/uploads\/2022\/07\/3Realidad-virtual-y-realidad-aumentada-989x600.jpg 989w, https:\/\/letsrebold.com\/wp-content\/uploads\/2022\/07\/3Realidad-virtual-y-realidad-aumentada-300x182.jpg 300w, https:\/\/letsrebold.com\/wp-content\/uploads\/2022\/07\/3Realidad-virtual-y-realidad-aumentada-768x466.jpg 768w, https:\/\/letsrebold.com\/wp-content\/uploads\/2022\/07\/3Realidad-virtual-y-realidad-aumentada-1024x622.jpg 1024w, https:\/\/letsrebold.com\/wp-content\/uploads\/2022\/07\/3Realidad-virtual-y-realidad-aumentada-336x204.jpg 336w, https:\/\/letsrebold.com\/wp-content\/uploads\/2022\/07\/3Realidad-virtual-y-realidad-aumentada-360x219.jpg 360w, https:\/\/letsrebold.com\/wp-content\/uploads\/2022\/07\/3Realidad-virtual-y-realidad-aumentada-578x351.jpg 578w, https:\/\/letsrebold.com\/wp-content\/uploads\/2022\/07\/3Realidad-virtual-y-realidad-aumentada-629x382.jpg 629w, https:\/\/letsrebold.com\/wp-content\/uploads\/2022\/07\/3Realidad-virtual-y-realidad-aumentada.jpg 1440w\" sizes=\"auto, (max-width: 989px) 100vw, 989px\" \/><\/a>\n                                <h2 class=\"post_meta\">\n                                                                                <a style=\"color: #e0094b\" class=\"post_tag\" href=\"?service=rebold-marketing\">Rebold Marketing<\/a>\n                                                                                                                                <a class=\"post_tag\" href=\"?topic=innovacion\">Innovaci\u00f3n<\/a>\n                                                                            <\/h2>\n                                <h3 class=\"post_title\"><a href=\"https:\/\/letsrebold.com\/es\/blog\/realidad-virtual-y-realidad-aumentada-en-marketing\/\">Realidad virtual y realidad aumentada: c\u00f3mo est\u00e1n cambiando las reglas del marketing digital<\/a><\/h3>\n                                <a class=\"post_link\" href=\"https:\/\/letsrebold.com\/es\/blog\/realidad-virtual-y-realidad-aumentada-en-marketing\/\"><span>Leer m\u00e1s<\/span> <span class=\"ico-right\">M\u00e1s informaci\u00f3n<\/span><\/a>\n                            <\/article>\n                                                                        <article class=\"post rebold-marketing\">\n                                <a class=\"post_image\" href=\"https:\/\/letsrebold.com\/es\/blog\/transicion-energetica-europa\/\"><img loading=\"lazy\" decoding=\"async\" width=\"989\" height=\"600\" src=\"https:\/\/letsrebold.com\/wp-content\/uploads\/2022\/06\/transicion-energetica-europa-989x600.jpg\" class=\"attachment-img-header size-img-header wp-post-image\" alt=\"La transici\u00f3n energ\u00e9tica en europa\" srcset=\"https:\/\/letsrebold.com\/wp-content\/uploads\/2022\/06\/transicion-energetica-europa-989x600.jpg 989w, https:\/\/letsrebold.com\/wp-content\/uploads\/2022\/06\/transicion-energetica-europa-300x182.jpg 300w, https:\/\/letsrebold.com\/wp-content\/uploads\/2022\/06\/transicion-energetica-europa-768x466.jpg 768w, https:\/\/letsrebold.com\/wp-content\/uploads\/2022\/06\/transicion-energetica-europa-1024x622.jpg 1024w, https:\/\/letsrebold.com\/wp-content\/uploads\/2022\/06\/transicion-energetica-europa-336x204.jpg 336w, https:\/\/letsrebold.com\/wp-content\/uploads\/2022\/06\/transicion-energetica-europa-360x219.jpg 360w, https:\/\/letsrebold.com\/wp-content\/uploads\/2022\/06\/transicion-energetica-europa-578x351.jpg 578w, https:\/\/letsrebold.com\/wp-content\/uploads\/2022\/06\/transicion-energetica-europa-629x382.jpg 629w, https:\/\/letsrebold.com\/wp-content\/uploads\/2022\/06\/transicion-energetica-europa.jpg 1440w\" sizes=\"auto, (max-width: 989px) 100vw, 989px\" \/><\/a>\n                                <h2 class=\"post_meta\">\n                                                                                <a style=\"color: #e0094b\" class=\"post_tag\" href=\"?service=rebold-marketing\">Rebold Marketing<\/a>\n                                                                                                                                <a class=\"post_tag\" href=\"?topic=innovacion\">Innovaci\u00f3n<\/a>\n                                                                            <\/h2>\n                                <h3 class=\"post_title\"><a href=\"https:\/\/letsrebold.com\/es\/blog\/transicion-energetica-europa\/\">Descubriendo los nuevos modelos de transici\u00f3n energ\u00e9tica en Europa<\/a><\/h3>\n                                <a class=\"post_link\" href=\"https:\/\/letsrebold.com\/es\/blog\/transicion-energetica-europa\/\"><span>Leer m\u00e1s<\/span> <span class=\"ico-right\">M\u00e1s informaci\u00f3n<\/span><\/a>\n                            <\/article>\n                                                                        <article class=\"post rebold-marketing\">\n                                <a class=\"post_image\" href=\"https:\/\/letsrebold.com\/es\/blog\/desafios-sector-automocion-coche-sin-conductor\/\"><img loading=\"lazy\" decoding=\"async\" width=\"989\" height=\"600\" src=\"https:\/\/letsrebold.com\/wp-content\/uploads\/2022\/06\/desafios-sector-automocion-coche-sin-conductor-989x600.jpg\" class=\"attachment-img-header size-img-header wp-post-image\" alt=\"Los coches sin conductor, los nuevos desaf\u00edos del sector automoci\u00f3n\" srcset=\"https:\/\/letsrebold.com\/wp-content\/uploads\/2022\/06\/desafios-sector-automocion-coche-sin-conductor-989x600.jpg 989w, https:\/\/letsrebold.com\/wp-content\/uploads\/2022\/06\/desafios-sector-automocion-coche-sin-conductor-300x182.jpg 300w, https:\/\/letsrebold.com\/wp-content\/uploads\/2022\/06\/desafios-sector-automocion-coche-sin-conductor-768x466.jpg 768w, https:\/\/letsrebold.com\/wp-content\/uploads\/2022\/06\/desafios-sector-automocion-coche-sin-conductor-1024x622.jpg 1024w, https:\/\/letsrebold.com\/wp-content\/uploads\/2022\/06\/desafios-sector-automocion-coche-sin-conductor-336x204.jpg 336w, https:\/\/letsrebold.com\/wp-content\/uploads\/2022\/06\/desafios-sector-automocion-coche-sin-conductor-360x219.jpg 360w, https:\/\/letsrebold.com\/wp-content\/uploads\/2022\/06\/desafios-sector-automocion-coche-sin-conductor-578x351.jpg 578w, https:\/\/letsrebold.com\/wp-content\/uploads\/2022\/06\/desafios-sector-automocion-coche-sin-conductor-629x382.jpg 629w, https:\/\/letsrebold.com\/wp-content\/uploads\/2022\/06\/desafios-sector-automocion-coche-sin-conductor.jpg 1440w\" sizes=\"auto, (max-width: 989px) 100vw, 989px\" \/><\/a>\n                                <h2 class=\"post_meta\">\n                                                                                <a style=\"color: #e0094b\" class=\"post_tag\" href=\"?service=rebold-marketing\">Rebold Marketing<\/a>\n                                                                                                                                <a class=\"post_tag\" href=\"?topic=tecnologia\">Tecnologia<\/a>\n                                                                            <\/h2>\n                                <h3 class=\"post_title\"><a href=\"https:\/\/letsrebold.com\/es\/blog\/desafios-sector-automocion-coche-sin-conductor\/\">Los nuevos desaf\u00edos del sector automoci\u00f3n: el coche sin conductor<\/a><\/h3>\n                                <a class=\"post_link\" href=\"https:\/\/letsrebold.com\/es\/blog\/desafios-sector-automocion-coche-sin-conductor\/\"><span>Leer m\u00e1s<\/span> <span class=\"ico-right\">M\u00e1s informaci\u00f3n<\/span><\/a>\n                            <\/article>\n                                    <\/div>\n                                    <nav class=\"links links-right\" id=\"loadmore_28\">\n                        <div class=\"container\">\n                            <a href=\"#\" class=\"loadmore\" value=\"28\"><span>Cargar m\u00e1s<\/span> <span class=\"ico-right\"><\/span><\/a>\n                        <\/div>\n                    <\/nav>\n                            <\/div>\n                                <div id=\"page_29\" class=\"d-none\">\n                <div class=\"container posts\">\n                                                                        <article class=\"post rebold-marketing\">\n                                <a class=\"post_image\" href=\"https:\/\/letsrebold.com\/es\/blog\/inteligencia-artificial-investigacion-mercados\/\"><img loading=\"lazy\" decoding=\"async\" width=\"989\" height=\"600\" src=\"https:\/\/letsrebold.com\/wp-content\/uploads\/2022\/06\/inteligencia-artificial-investigacion-mercados-989x600.jpg\" class=\"attachment-img-header size-img-header wp-post-image\" alt=\"inteligencia artificial en la investigaci\u00f3n de mercados\" srcset=\"https:\/\/letsrebold.com\/wp-content\/uploads\/2022\/06\/inteligencia-artificial-investigacion-mercados-989x600.jpg 989w, https:\/\/letsrebold.com\/wp-content\/uploads\/2022\/06\/inteligencia-artificial-investigacion-mercados-300x182.jpg 300w, https:\/\/letsrebold.com\/wp-content\/uploads\/2022\/06\/inteligencia-artificial-investigacion-mercados-768x466.jpg 768w, https:\/\/letsrebold.com\/wp-content\/uploads\/2022\/06\/inteligencia-artificial-investigacion-mercados-1024x622.jpg 1024w, https:\/\/letsrebold.com\/wp-content\/uploads\/2022\/06\/inteligencia-artificial-investigacion-mercados-336x204.jpg 336w, https:\/\/letsrebold.com\/wp-content\/uploads\/2022\/06\/inteligencia-artificial-investigacion-mercados-360x219.jpg 360w, https:\/\/letsrebold.com\/wp-content\/uploads\/2022\/06\/inteligencia-artificial-investigacion-mercados-578x351.jpg 578w, https:\/\/letsrebold.com\/wp-content\/uploads\/2022\/06\/inteligencia-artificial-investigacion-mercados-629x382.jpg 629w, https:\/\/letsrebold.com\/wp-content\/uploads\/2022\/06\/inteligencia-artificial-investigacion-mercados.jpg 1440w\" sizes=\"auto, (max-width: 989px) 100vw, 989px\" \/><\/a>\n                                <h2 class=\"post_meta\">\n                                                                                <a style=\"color: #e0094b\" class=\"post_tag\" href=\"?service=rebold-marketing\">Rebold Marketing<\/a>\n                                                                                                                                <a class=\"post_tag\" href=\"?topic=inteligencia-artificial\">Inteligencia Artificial<\/a>\n                                                                            <\/h2>\n                                <h3 class=\"post_title\"><a href=\"https:\/\/letsrebold.com\/es\/blog\/inteligencia-artificial-investigacion-mercados\/\">C\u00f3mo beneficiarnos de la inteligencia artificial en la investigaci\u00f3n de mercados<\/a><\/h3>\n                                <a class=\"post_link\" href=\"https:\/\/letsrebold.com\/es\/blog\/inteligencia-artificial-investigacion-mercados\/\"><span>Leer m\u00e1s<\/span> <span class=\"ico-right\">M\u00e1s informaci\u00f3n<\/span><\/a>\n                            <\/article>\n                                                                        <article class=\"post rebold-marketing\">\n                                <a class=\"post_image\" href=\"https:\/\/letsrebold.com\/es\/blog\/tendencias-del-sector-viajes-2022\/\"><img loading=\"lazy\" decoding=\"async\" width=\"989\" height=\"600\" src=\"https:\/\/letsrebold.com\/wp-content\/uploads\/2022\/06\/tendencias-del-sector-viajes-2022-989x600.jpg\" class=\"attachment-img-header size-img-header wp-post-image\" alt=\"Estudio descifrando el sector viajes 2022: tendencias del sector de viajes\" srcset=\"https:\/\/letsrebold.com\/wp-content\/uploads\/2022\/06\/tendencias-del-sector-viajes-2022-989x600.jpg 989w, https:\/\/letsrebold.com\/wp-content\/uploads\/2022\/06\/tendencias-del-sector-viajes-2022-300x182.jpg 300w, https:\/\/letsrebold.com\/wp-content\/uploads\/2022\/06\/tendencias-del-sector-viajes-2022-768x466.jpg 768w, https:\/\/letsrebold.com\/wp-content\/uploads\/2022\/06\/tendencias-del-sector-viajes-2022-1024x622.jpg 1024w, https:\/\/letsrebold.com\/wp-content\/uploads\/2022\/06\/tendencias-del-sector-viajes-2022-336x204.jpg 336w, https:\/\/letsrebold.com\/wp-content\/uploads\/2022\/06\/tendencias-del-sector-viajes-2022-360x219.jpg 360w, https:\/\/letsrebold.com\/wp-content\/uploads\/2022\/06\/tendencias-del-sector-viajes-2022-578x351.jpg 578w, https:\/\/letsrebold.com\/wp-content\/uploads\/2022\/06\/tendencias-del-sector-viajes-2022-629x382.jpg 629w, https:\/\/letsrebold.com\/wp-content\/uploads\/2022\/06\/tendencias-del-sector-viajes-2022.jpg 1440w\" sizes=\"auto, (max-width: 989px) 100vw, 989px\" \/><\/a>\n                                <h2 class=\"post_meta\">\n                                                                                <a style=\"color: #e0094b\" class=\"post_tag\" href=\"?service=rebold-marketing\">Rebold Marketing<\/a>\n                                                                                                                                <a class=\"post_tag\" href=\"?topic=estudios\">Estudios<\/a>\n                                                                            <\/h2>\n                                <h3 class=\"post_title\"><a href=\"https:\/\/letsrebold.com\/es\/blog\/tendencias-del-sector-viajes-2022\/\">Descifrando el sector de viajes 2022: 7 tendencias que gu\u00edan los viajes del presente y futuro<\/a><\/h3>\n                                <a class=\"post_link\" href=\"https:\/\/letsrebold.com\/es\/blog\/tendencias-del-sector-viajes-2022\/\"><span>Leer m\u00e1s<\/span> <span class=\"ico-right\">M\u00e1s informaci\u00f3n<\/span><\/a>\n                            <\/article>\n                                                                        <article class=\"post rebold-shakers\">\n                                <a class=\"post_image\" href=\"https:\/\/letsrebold.com\/es\/blog\/influencer-marketing-en-el-metaverso\/\"><img loading=\"lazy\" decoding=\"async\" width=\"989\" height=\"600\" src=\"https:\/\/letsrebold.com\/wp-content\/uploads\/2022\/06\/influencer-marketing-en-el-metaverso-1-989x600.jpg\" class=\"attachment-img-header size-img-header wp-post-image\" alt=\"influencer marketing en el metaverso\" srcset=\"https:\/\/letsrebold.com\/wp-content\/uploads\/2022\/06\/influencer-marketing-en-el-metaverso-1-989x600.jpg 989w, https:\/\/letsrebold.com\/wp-content\/uploads\/2022\/06\/influencer-marketing-en-el-metaverso-1-300x182.jpg 300w, https:\/\/letsrebold.com\/wp-content\/uploads\/2022\/06\/influencer-marketing-en-el-metaverso-1-768x466.jpg 768w, https:\/\/letsrebold.com\/wp-content\/uploads\/2022\/06\/influencer-marketing-en-el-metaverso-1-1024x622.jpg 1024w, https:\/\/letsrebold.com\/wp-content\/uploads\/2022\/06\/influencer-marketing-en-el-metaverso-1-336x204.jpg 336w, https:\/\/letsrebold.com\/wp-content\/uploads\/2022\/06\/influencer-marketing-en-el-metaverso-1-360x219.jpg 360w, https:\/\/letsrebold.com\/wp-content\/uploads\/2022\/06\/influencer-marketing-en-el-metaverso-1-578x351.jpg 578w, https:\/\/letsrebold.com\/wp-content\/uploads\/2022\/06\/influencer-marketing-en-el-metaverso-1-629x382.jpg 629w, https:\/\/letsrebold.com\/wp-content\/uploads\/2022\/06\/influencer-marketing-en-el-metaverso-1.jpg 1440w\" sizes=\"auto, (max-width: 989px) 100vw, 989px\" \/><\/a>\n                                <h2 class=\"post_meta\">\n                                                                                <a style=\"color: #7d38ed\" class=\"post_tag\" href=\"?service=rebold-shakers\">Rebold Shakers<\/a>\n                                                                                                                                <a class=\"post_tag\" href=\"?topic=influencer-marketing\">Influencer Marketing<\/a>\n                                                                            <\/h2>\n                                <h3 class=\"post_title\"><a href=\"https:\/\/letsrebold.com\/es\/blog\/influencer-marketing-en-el-metaverso\/\">Influencer marketing en el metaverso: nuevos retos y oportunidades<\/a><\/h3>\n                                <a class=\"post_link\" href=\"https:\/\/letsrebold.com\/es\/blog\/influencer-marketing-en-el-metaverso\/\"><span>Leer m\u00e1s<\/span> <span class=\"ico-right\">M\u00e1s informaci\u00f3n<\/span><\/a>\n                            <\/article>\n                                                                        <article class=\"post rebold-marketing\">\n                                <a class=\"post_image\" href=\"https:\/\/letsrebold.com\/es\/blog\/smart-cities-los-nuevos-destinos-inteligentes\/\"><img loading=\"lazy\" decoding=\"async\" width=\"989\" height=\"600\" src=\"https:\/\/letsrebold.com\/wp-content\/uploads\/2022\/05\/smart-cities-los-nuevos-destinos-inteligentes-989x600.jpg\" class=\"attachment-img-header size-img-header wp-post-image\" alt=\"smart cities como canal publicitario\" srcset=\"https:\/\/letsrebold.com\/wp-content\/uploads\/2022\/05\/smart-cities-los-nuevos-destinos-inteligentes-989x600.jpg 989w, https:\/\/letsrebold.com\/wp-content\/uploads\/2022\/05\/smart-cities-los-nuevos-destinos-inteligentes-300x182.jpg 300w, https:\/\/letsrebold.com\/wp-content\/uploads\/2022\/05\/smart-cities-los-nuevos-destinos-inteligentes-768x466.jpg 768w, https:\/\/letsrebold.com\/wp-content\/uploads\/2022\/05\/smart-cities-los-nuevos-destinos-inteligentes-1024x622.jpg 1024w, https:\/\/letsrebold.com\/wp-content\/uploads\/2022\/05\/smart-cities-los-nuevos-destinos-inteligentes-336x204.jpg 336w, https:\/\/letsrebold.com\/wp-content\/uploads\/2022\/05\/smart-cities-los-nuevos-destinos-inteligentes-360x219.jpg 360w, https:\/\/letsrebold.com\/wp-content\/uploads\/2022\/05\/smart-cities-los-nuevos-destinos-inteligentes-578x351.jpg 578w, https:\/\/letsrebold.com\/wp-content\/uploads\/2022\/05\/smart-cities-los-nuevos-destinos-inteligentes-629x382.jpg 629w, https:\/\/letsrebold.com\/wp-content\/uploads\/2022\/05\/smart-cities-los-nuevos-destinos-inteligentes.jpg 1440w\" sizes=\"auto, (max-width: 989px) 100vw, 989px\" \/><\/a>\n                                <h2 class=\"post_meta\">\n                                                                                <a style=\"color: #e0094b\" class=\"post_tag\" href=\"?service=rebold-marketing\">Rebold Marketing<\/a>\n                                                                                                                                <a class=\"post_tag\" href=\"?topic=martech\">Martech<\/a>\n                                                                            <\/h2>\n                                <h3 class=\"post_title\"><a href=\"https:\/\/letsrebold.com\/es\/blog\/smart-cities-los-nuevos-destinos-inteligentes\/\">Las smart cities: los nuevos destinos inteligentes como canal publicitario<\/a><\/h3>\n                                <a class=\"post_link\" href=\"https:\/\/letsrebold.com\/es\/blog\/smart-cities-los-nuevos-destinos-inteligentes\/\"><span>Leer m\u00e1s<\/span> <span class=\"ico-right\">M\u00e1s informaci\u00f3n<\/span><\/a>\n                            <\/article>\n                                                                        <article class=\"post rebold-marketing\">\n                                <a class=\"post_image\" href=\"https:\/\/letsrebold.com\/es\/blog\/perfil-del-viajero-actual-espacios-conectar\/\"><img loading=\"lazy\" decoding=\"async\" width=\"989\" height=\"600\" src=\"https:\/\/letsrebold.com\/wp-content\/uploads\/2022\/05\/perfil-del-viajero-actual-espacios-conectar-989x600.jpg\" class=\"attachment-img-header size-img-header wp-post-image\" alt=\"Descifrando el sector viajes 2022: conoce el comportamiento del viajero actual y c\u00f3mo conectar con \u00e9l\" srcset=\"https:\/\/letsrebold.com\/wp-content\/uploads\/2022\/05\/perfil-del-viajero-actual-espacios-conectar-989x600.jpg 989w, https:\/\/letsrebold.com\/wp-content\/uploads\/2022\/05\/perfil-del-viajero-actual-espacios-conectar-300x182.jpg 300w, https:\/\/letsrebold.com\/wp-content\/uploads\/2022\/05\/perfil-del-viajero-actual-espacios-conectar-768x466.jpg 768w, https:\/\/letsrebold.com\/wp-content\/uploads\/2022\/05\/perfil-del-viajero-actual-espacios-conectar-1024x622.jpg 1024w, https:\/\/letsrebold.com\/wp-content\/uploads\/2022\/05\/perfil-del-viajero-actual-espacios-conectar-336x204.jpg 336w, https:\/\/letsrebold.com\/wp-content\/uploads\/2022\/05\/perfil-del-viajero-actual-espacios-conectar-360x219.jpg 360w, https:\/\/letsrebold.com\/wp-content\/uploads\/2022\/05\/perfil-del-viajero-actual-espacios-conectar-578x351.jpg 578w, https:\/\/letsrebold.com\/wp-content\/uploads\/2022\/05\/perfil-del-viajero-actual-espacios-conectar-629x382.jpg 629w, https:\/\/letsrebold.com\/wp-content\/uploads\/2022\/05\/perfil-del-viajero-actual-espacios-conectar.jpg 1440w\" sizes=\"auto, (max-width: 989px) 100vw, 989px\" \/><\/a>\n                                <h2 class=\"post_meta\">\n                                                                                <a style=\"color: #e0094b\" class=\"post_tag\" href=\"?service=rebold-marketing\">Rebold Marketing<\/a>\n                                                                                                                                <a class=\"post_tag\" href=\"?topic=marketing-digital\">Marketing Digital<\/a>\n                                                                            <\/h2>\n                                <h3 class=\"post_title\"><a href=\"https:\/\/letsrebold.com\/es\/blog\/perfil-del-viajero-actual-espacios-conectar\/\">Descrifrando el sector de viajes 2022: conoce el comportamiento del viajero actual y d\u00f3nde conectar con \u00e9l<\/a><\/h3>\n                                <a class=\"post_link\" href=\"https:\/\/letsrebold.com\/es\/blog\/perfil-del-viajero-actual-espacios-conectar\/\"><span>Leer m\u00e1s<\/span> <span class=\"ico-right\">M\u00e1s informaci\u00f3n<\/span><\/a>\n                            <\/article>\n                                                                        <article class=\"post rebold-marketing\">\n                                <a class=\"post_image\" href=\"https:\/\/letsrebold.com\/es\/blog\/superconsumidor-claves-para-entender-su-comportamiento\/\"><img loading=\"lazy\" decoding=\"async\" width=\"989\" height=\"600\" src=\"https:\/\/letsrebold.com\/wp-content\/uploads\/2022\/05\/superconsumidor-claves-para-entender-su-comportamiento-989x600.jpg\" class=\"attachment-img-header size-img-header wp-post-image\" alt=\"Todas las claves que necesitas para entender al superconsumidor\" srcset=\"https:\/\/letsrebold.com\/wp-content\/uploads\/2022\/05\/superconsumidor-claves-para-entender-su-comportamiento-989x600.jpg 989w, https:\/\/letsrebold.com\/wp-content\/uploads\/2022\/05\/superconsumidor-claves-para-entender-su-comportamiento-300x182.jpg 300w, https:\/\/letsrebold.com\/wp-content\/uploads\/2022\/05\/superconsumidor-claves-para-entender-su-comportamiento-768x466.jpg 768w, https:\/\/letsrebold.com\/wp-content\/uploads\/2022\/05\/superconsumidor-claves-para-entender-su-comportamiento-1024x622.jpg 1024w, https:\/\/letsrebold.com\/wp-content\/uploads\/2022\/05\/superconsumidor-claves-para-entender-su-comportamiento-336x204.jpg 336w, https:\/\/letsrebold.com\/wp-content\/uploads\/2022\/05\/superconsumidor-claves-para-entender-su-comportamiento-360x219.jpg 360w, https:\/\/letsrebold.com\/wp-content\/uploads\/2022\/05\/superconsumidor-claves-para-entender-su-comportamiento-578x351.jpg 578w, https:\/\/letsrebold.com\/wp-content\/uploads\/2022\/05\/superconsumidor-claves-para-entender-su-comportamiento-629x382.jpg 629w, https:\/\/letsrebold.com\/wp-content\/uploads\/2022\/05\/superconsumidor-claves-para-entender-su-comportamiento.jpg 1440w\" sizes=\"auto, (max-width: 989px) 100vw, 989px\" \/><\/a>\n                                <h2 class=\"post_meta\">\n                                                                                <a style=\"color: #e0094b\" class=\"post_tag\" href=\"?service=rebold-marketing\">Rebold Marketing<\/a>\n                                                                                                                                <a class=\"post_tag\" href=\"?topic=marketing-digital\">Marketing Digital<\/a>\n                                                                            <\/h2>\n                                <h3 class=\"post_title\"><a href=\"https:\/\/letsrebold.com\/es\/blog\/superconsumidor-claves-para-entender-su-comportamiento\/\">El superconsumidor: todas las claves que necesitas para comprender su comportamiento<\/a><\/h3>\n                                <a class=\"post_link\" href=\"https:\/\/letsrebold.com\/es\/blog\/superconsumidor-claves-para-entender-su-comportamiento\/\"><span>Leer m\u00e1s<\/span> <span class=\"ico-right\">M\u00e1s informaci\u00f3n<\/span><\/a>\n                            <\/article>\n                                    <\/div>\n                                    <nav class=\"links links-right\" id=\"loadmore_29\">\n                        <div class=\"container\">\n                            <a href=\"#\" class=\"loadmore\" value=\"29\"><span>Cargar m\u00e1s<\/span> <span class=\"ico-right\"><\/span><\/a>\n                        <\/div>\n                    <\/nav>\n                            <\/div>\n                                <div id=\"page_30\" class=\"d-none\">\n                <div class=\"container posts\">\n                                                                        <article class=\"post rebold-marketing\">\n                                <a class=\"post_image\" href=\"https:\/\/letsrebold.com\/es\/blog\/estrategias-de-performance-marketing\/\"><img loading=\"lazy\" decoding=\"async\" width=\"989\" height=\"600\" src=\"https:\/\/letsrebold.com\/wp-content\/uploads\/2022\/05\/estrategias-de-performance-marketing-989x600.jpg\" class=\"attachment-img-header size-img-header wp-post-image\" alt=\"Estrategias de performance marketing para potenciar tu marca\" srcset=\"https:\/\/letsrebold.com\/wp-content\/uploads\/2022\/05\/estrategias-de-performance-marketing-989x600.jpg 989w, https:\/\/letsrebold.com\/wp-content\/uploads\/2022\/05\/estrategias-de-performance-marketing-300x182.jpg 300w, https:\/\/letsrebold.com\/wp-content\/uploads\/2022\/05\/estrategias-de-performance-marketing-768x466.jpg 768w, https:\/\/letsrebold.com\/wp-content\/uploads\/2022\/05\/estrategias-de-performance-marketing-1024x622.jpg 1024w, https:\/\/letsrebold.com\/wp-content\/uploads\/2022\/05\/estrategias-de-performance-marketing-336x204.jpg 336w, https:\/\/letsrebold.com\/wp-content\/uploads\/2022\/05\/estrategias-de-performance-marketing-360x219.jpg 360w, https:\/\/letsrebold.com\/wp-content\/uploads\/2022\/05\/estrategias-de-performance-marketing-578x351.jpg 578w, https:\/\/letsrebold.com\/wp-content\/uploads\/2022\/05\/estrategias-de-performance-marketing-629x382.jpg 629w, https:\/\/letsrebold.com\/wp-content\/uploads\/2022\/05\/estrategias-de-performance-marketing.jpg 1440w\" sizes=\"auto, (max-width: 989px) 100vw, 989px\" \/><\/a>\n                                <h2 class=\"post_meta\">\n                                                                                <a style=\"color: #e0094b\" class=\"post_tag\" href=\"?service=rebold-marketing\">Rebold Marketing<\/a>\n                                                                                                                                <a class=\"post_tag\" href=\"?topic=performance-marketing\">Performance Marketing<\/a>\n                                                                            <\/h2>\n                                <h3 class=\"post_title\"><a href=\"https:\/\/letsrebold.com\/es\/blog\/estrategias-de-performance-marketing\/\">5 estrategias de performance marketing que potenciar\u00e1n tu marca<\/a><\/h3>\n                                <a class=\"post_link\" href=\"https:\/\/letsrebold.com\/es\/blog\/estrategias-de-performance-marketing\/\"><span>Leer m\u00e1s<\/span> <span class=\"ico-right\">M\u00e1s informaci\u00f3n<\/span><\/a>\n                            <\/article>\n                                                                        <article class=\"post rebold-marketing\">\n                                <a class=\"post_image\" href=\"https:\/\/letsrebold.com\/es\/blog\/factores-impacto-sector-viajes-2022\/\"><img loading=\"lazy\" decoding=\"async\" width=\"989\" height=\"600\" src=\"https:\/\/letsrebold.com\/wp-content\/uploads\/2022\/05\/factores-impacto-sector-viajes-2022-989x600.jpg\" class=\"attachment-img-header size-img-header wp-post-image\" alt=\"Descifrando el sector viajes 2022: contexto y factores de impacto\" srcset=\"https:\/\/letsrebold.com\/wp-content\/uploads\/2022\/05\/factores-impacto-sector-viajes-2022-989x600.jpg 989w, https:\/\/letsrebold.com\/wp-content\/uploads\/2022\/05\/factores-impacto-sector-viajes-2022-300x182.jpg 300w, https:\/\/letsrebold.com\/wp-content\/uploads\/2022\/05\/factores-impacto-sector-viajes-2022-768x466.jpg 768w, https:\/\/letsrebold.com\/wp-content\/uploads\/2022\/05\/factores-impacto-sector-viajes-2022-1024x622.jpg 1024w, https:\/\/letsrebold.com\/wp-content\/uploads\/2022\/05\/factores-impacto-sector-viajes-2022-336x204.jpg 336w, https:\/\/letsrebold.com\/wp-content\/uploads\/2022\/05\/factores-impacto-sector-viajes-2022-360x219.jpg 360w, https:\/\/letsrebold.com\/wp-content\/uploads\/2022\/05\/factores-impacto-sector-viajes-2022-578x351.jpg 578w, https:\/\/letsrebold.com\/wp-content\/uploads\/2022\/05\/factores-impacto-sector-viajes-2022-629x382.jpg 629w, https:\/\/letsrebold.com\/wp-content\/uploads\/2022\/05\/factores-impacto-sector-viajes-2022.jpg 1440w\" sizes=\"auto, (max-width: 989px) 100vw, 989px\" \/><\/a>\n                                <h2 class=\"post_meta\">\n                                                                                <a style=\"color: #e0094b\" class=\"post_tag\" href=\"?service=rebold-marketing\">Rebold Marketing<\/a>\n                                                                                                                                <a class=\"post_tag\" href=\"?topic=estudios\">Estudios<\/a>\n                                                                            <\/h2>\n                                <h3 class=\"post_title\"><a href=\"https:\/\/letsrebold.com\/es\/blog\/factores-impacto-sector-viajes-2022\/\">Descifrando el sector de viajes 2022: contexto y factores que debes tener en cuenta en tu estrategia digital<\/a><\/h3>\n                                <a class=\"post_link\" href=\"https:\/\/letsrebold.com\/es\/blog\/factores-impacto-sector-viajes-2022\/\"><span>Leer m\u00e1s<\/span> <span class=\"ico-right\">M\u00e1s informaci\u00f3n<\/span><\/a>\n                            <\/article>\n                                                                        <article class=\"post content-seo, rebold-marketing\">\n                                <a class=\"post_image\" href=\"https:\/\/letsrebold.com\/es\/blog\/inbound-marketing-para-el-sector-energetico\/\"><img loading=\"lazy\" decoding=\"async\" width=\"989\" height=\"600\" src=\"https:\/\/letsrebold.com\/wp-content\/uploads\/2022\/05\/inbound-marketing-para-el-sector-energetico-989x600.jpg\" class=\"attachment-img-header size-img-header wp-post-image\" alt=\"estrategia de inbound marketing en el sector energetico\" srcset=\"https:\/\/letsrebold.com\/wp-content\/uploads\/2022\/05\/inbound-marketing-para-el-sector-energetico-989x600.jpg 989w, https:\/\/letsrebold.com\/wp-content\/uploads\/2022\/05\/inbound-marketing-para-el-sector-energetico-300x182.jpg 300w, https:\/\/letsrebold.com\/wp-content\/uploads\/2022\/05\/inbound-marketing-para-el-sector-energetico-768x466.jpg 768w, https:\/\/letsrebold.com\/wp-content\/uploads\/2022\/05\/inbound-marketing-para-el-sector-energetico-1024x622.jpg 1024w, https:\/\/letsrebold.com\/wp-content\/uploads\/2022\/05\/inbound-marketing-para-el-sector-energetico-336x204.jpg 336w, https:\/\/letsrebold.com\/wp-content\/uploads\/2022\/05\/inbound-marketing-para-el-sector-energetico-360x219.jpg 360w, https:\/\/letsrebold.com\/wp-content\/uploads\/2022\/05\/inbound-marketing-para-el-sector-energetico-578x351.jpg 578w, https:\/\/letsrebold.com\/wp-content\/uploads\/2022\/05\/inbound-marketing-para-el-sector-energetico-629x382.jpg 629w, https:\/\/letsrebold.com\/wp-content\/uploads\/2022\/05\/inbound-marketing-para-el-sector-energetico.jpg 1440w\" sizes=\"auto, (max-width: 989px) 100vw, 989px\" \/><\/a>\n                                <h2 class=\"post_meta\">\n                                                                                <a style=\"color: #e0094b\" class=\"post_tag\" href=\"?service=rebold-marketing\">Rebold Marketing<\/a>\n                                                                                                                                <a class=\"post_tag\" href=\"?topic=inbound-marketing\">Inbound Marketing<\/a>\n                                                                            <\/h2>\n                                <h3 class=\"post_title\"><a href=\"https:\/\/letsrebold.com\/es\/blog\/inbound-marketing-para-el-sector-energetico\/\">Inbound Marketing en el sector energ\u00e9tico: claves para una estrategia de \u00e9xito<\/a><\/h3>\n                                <a class=\"post_link\" href=\"https:\/\/letsrebold.com\/es\/blog\/inbound-marketing-para-el-sector-energetico\/\"><span>Leer m\u00e1s<\/span> <span class=\"ico-right\">M\u00e1s informaci\u00f3n<\/span><\/a>\n                            <\/article>\n                                                                        <article class=\"post rebold-marketing\">\n                                <a class=\"post_image\" href=\"https:\/\/letsrebold.com\/es\/blog\/branding-emocional-y-neuromarketing\/\"><img loading=\"lazy\" decoding=\"async\" width=\"989\" height=\"600\" src=\"https:\/\/letsrebold.com\/wp-content\/uploads\/2022\/05\/branding-emocional-y-neuromarketing-989x600.jpg\" class=\"attachment-img-header size-img-header wp-post-image\" alt=\"branding emocional y neuromarketing\" srcset=\"https:\/\/letsrebold.com\/wp-content\/uploads\/2022\/05\/branding-emocional-y-neuromarketing-989x600.jpg 989w, https:\/\/letsrebold.com\/wp-content\/uploads\/2022\/05\/branding-emocional-y-neuromarketing-300x182.jpg 300w, https:\/\/letsrebold.com\/wp-content\/uploads\/2022\/05\/branding-emocional-y-neuromarketing-768x466.jpg 768w, https:\/\/letsrebold.com\/wp-content\/uploads\/2022\/05\/branding-emocional-y-neuromarketing-1024x622.jpg 1024w, https:\/\/letsrebold.com\/wp-content\/uploads\/2022\/05\/branding-emocional-y-neuromarketing-336x204.jpg 336w, https:\/\/letsrebold.com\/wp-content\/uploads\/2022\/05\/branding-emocional-y-neuromarketing-360x219.jpg 360w, https:\/\/letsrebold.com\/wp-content\/uploads\/2022\/05\/branding-emocional-y-neuromarketing-578x351.jpg 578w, https:\/\/letsrebold.com\/wp-content\/uploads\/2022\/05\/branding-emocional-y-neuromarketing-629x382.jpg 629w, https:\/\/letsrebold.com\/wp-content\/uploads\/2022\/05\/branding-emocional-y-neuromarketing.jpg 1440w\" sizes=\"auto, (max-width: 989px) 100vw, 989px\" \/><\/a>\n                                <h2 class=\"post_meta\">\n                                                                                <a style=\"color: #e0094b\" class=\"post_tag\" href=\"?service=rebold-marketing\">Rebold Marketing<\/a>\n                                                                                                                                <a class=\"post_tag\" href=\"?topic=innovacion\">Innovaci\u00f3n<\/a>\n                                                                            <\/h2>\n                                <h3 class=\"post_title\"><a href=\"https:\/\/letsrebold.com\/es\/blog\/branding-emocional-y-neuromarketing\/\">Branding emocional y neuromarketing: el combo perfecto para tus estrategias<\/a><\/h3>\n                                <a class=\"post_link\" href=\"https:\/\/letsrebold.com\/es\/blog\/branding-emocional-y-neuromarketing\/\"><span>Leer m\u00e1s<\/span> <span class=\"ico-right\">M\u00e1s informaci\u00f3n<\/span><\/a>\n                            <\/article>\n                                                                        <article class=\"post rebold-marketing\">\n                                <a class=\"post_image\" href=\"https:\/\/letsrebold.com\/es\/blog\/experiencia-de-cliente-digital\/\"><img loading=\"lazy\" decoding=\"async\" width=\"989\" height=\"600\" src=\"https:\/\/letsrebold.com\/wp-content\/uploads\/2022\/05\/experiencia-de-cliente-digital-989x600.jpg\" class=\"attachment-img-header size-img-header wp-post-image\" alt=\"Diferenciarse en la era digital gracias a la experiencia de cliente\" srcset=\"https:\/\/letsrebold.com\/wp-content\/uploads\/2022\/05\/experiencia-de-cliente-digital-989x600.jpg 989w, https:\/\/letsrebold.com\/wp-content\/uploads\/2022\/05\/experiencia-de-cliente-digital-300x182.jpg 300w, https:\/\/letsrebold.com\/wp-content\/uploads\/2022\/05\/experiencia-de-cliente-digital-768x466.jpg 768w, https:\/\/letsrebold.com\/wp-content\/uploads\/2022\/05\/experiencia-de-cliente-digital-1024x622.jpg 1024w, https:\/\/letsrebold.com\/wp-content\/uploads\/2022\/05\/experiencia-de-cliente-digital-336x204.jpg 336w, https:\/\/letsrebold.com\/wp-content\/uploads\/2022\/05\/experiencia-de-cliente-digital-360x219.jpg 360w, https:\/\/letsrebold.com\/wp-content\/uploads\/2022\/05\/experiencia-de-cliente-digital-578x351.jpg 578w, https:\/\/letsrebold.com\/wp-content\/uploads\/2022\/05\/experiencia-de-cliente-digital-629x382.jpg 629w, https:\/\/letsrebold.com\/wp-content\/uploads\/2022\/05\/experiencia-de-cliente-digital.jpg 1440w\" sizes=\"auto, (max-width: 989px) 100vw, 989px\" \/><\/a>\n                                <h2 class=\"post_meta\">\n                                                                                <a style=\"color: #e0094b\" class=\"post_tag\" href=\"?service=rebold-marketing\">Rebold Marketing<\/a>\n                                                                                                                                <a class=\"post_tag\" href=\"?topic=marketing-digital\">Marketing Digital<\/a>\n                                                                            <\/h2>\n                                <h3 class=\"post_title\"><a href=\"https:\/\/letsrebold.com\/es\/blog\/experiencia-de-cliente-digital\/\">Diferenciarse en la era digital gracias a la experiencia de cliente<\/a><\/h3>\n                                <a class=\"post_link\" href=\"https:\/\/letsrebold.com\/es\/blog\/experiencia-de-cliente-digital\/\"><span>Leer m\u00e1s<\/span> <span class=\"ico-right\">M\u00e1s informaci\u00f3n<\/span><\/a>\n                            <\/article>\n                                                                        <article class=\"post rebold-marketing\">\n                                <a class=\"post_image\" href=\"https:\/\/letsrebold.com\/es\/blog\/como-afectan-los-ods-a-los-diferentes-sectores\/\"><img loading=\"lazy\" decoding=\"async\" width=\"989\" height=\"600\" src=\"https:\/\/letsrebold.com\/wp-content\/uploads\/2022\/05\/como-afectan-los-ods-a-los-diferentes-sectores-989x600.jpg\" class=\"attachment-img-header size-img-header wp-post-image\" alt=\"ODS diferentes sectores\" srcset=\"https:\/\/letsrebold.com\/wp-content\/uploads\/2022\/05\/como-afectan-los-ods-a-los-diferentes-sectores-989x600.jpg 989w, https:\/\/letsrebold.com\/wp-content\/uploads\/2022\/05\/como-afectan-los-ods-a-los-diferentes-sectores-300x182.jpg 300w, https:\/\/letsrebold.com\/wp-content\/uploads\/2022\/05\/como-afectan-los-ods-a-los-diferentes-sectores-768x466.jpg 768w, https:\/\/letsrebold.com\/wp-content\/uploads\/2022\/05\/como-afectan-los-ods-a-los-diferentes-sectores-1024x622.jpg 1024w, https:\/\/letsrebold.com\/wp-content\/uploads\/2022\/05\/como-afectan-los-ods-a-los-diferentes-sectores-336x204.jpg 336w, https:\/\/letsrebold.com\/wp-content\/uploads\/2022\/05\/como-afectan-los-ods-a-los-diferentes-sectores-360x219.jpg 360w, https:\/\/letsrebold.com\/wp-content\/uploads\/2022\/05\/como-afectan-los-ods-a-los-diferentes-sectores-578x351.jpg 578w, https:\/\/letsrebold.com\/wp-content\/uploads\/2022\/05\/como-afectan-los-ods-a-los-diferentes-sectores-629x382.jpg 629w, https:\/\/letsrebold.com\/wp-content\/uploads\/2022\/05\/como-afectan-los-ods-a-los-diferentes-sectores.jpg 1440w\" sizes=\"auto, (max-width: 989px) 100vw, 989px\" \/><\/a>\n                                <h2 class=\"post_meta\">\n                                                                                <a style=\"color: #e0094b\" class=\"post_tag\" href=\"?service=rebold-marketing\">Rebold Marketing<\/a>\n                                                                                                                                <a class=\"post_tag\" href=\"?topic=marketing-digital\">Marketing Digital<\/a>\n                                                                            <\/h2>\n                                <h3 class=\"post_title\"><a href=\"https:\/\/letsrebold.com\/es\/blog\/como-afectan-los-ods-a-los-diferentes-sectores\/\">C\u00f3mo afectan los ODS a los diferentes sectores<\/a><\/h3>\n                                <a class=\"post_link\" href=\"https:\/\/letsrebold.com\/es\/blog\/como-afectan-los-ods-a-los-diferentes-sectores\/\"><span>Leer m\u00e1s<\/span> <span class=\"ico-right\">M\u00e1s informaci\u00f3n<\/span><\/a>\n                            <\/article>\n                                    <\/div>\n                                    <nav class=\"links links-right\" id=\"loadmore_30\">\n                        <div class=\"container\">\n                            <a href=\"#\" class=\"loadmore\" value=\"30\"><span>Cargar m\u00e1s<\/span> <span class=\"ico-right\"><\/span><\/a>\n                        <\/div>\n                    <\/nav>\n                            <\/div>\n                                <div id=\"page_31\" class=\"d-none\">\n                <div class=\"container posts\">\n                                                                        <article class=\"post rebold-marketing\">\n                                <a class=\"post_image\" href=\"https:\/\/letsrebold.com\/es\/blog\/iot-e-hiperconexion\/\"><img loading=\"lazy\" decoding=\"async\" width=\"989\" height=\"600\" src=\"https:\/\/letsrebold.com\/wp-content\/uploads\/2022\/05\/iot-e-hiperconexion-989x600.jpg\" class=\"attachment-img-header size-img-header wp-post-image\" alt=\"revolucion iot y futuro hiperconectado\" srcset=\"https:\/\/letsrebold.com\/wp-content\/uploads\/2022\/05\/iot-e-hiperconexion-989x600.jpg 989w, https:\/\/letsrebold.com\/wp-content\/uploads\/2022\/05\/iot-e-hiperconexion-300x182.jpg 300w, https:\/\/letsrebold.com\/wp-content\/uploads\/2022\/05\/iot-e-hiperconexion-768x466.jpg 768w, https:\/\/letsrebold.com\/wp-content\/uploads\/2022\/05\/iot-e-hiperconexion-1024x622.jpg 1024w, https:\/\/letsrebold.com\/wp-content\/uploads\/2022\/05\/iot-e-hiperconexion-336x204.jpg 336w, https:\/\/letsrebold.com\/wp-content\/uploads\/2022\/05\/iot-e-hiperconexion-360x219.jpg 360w, https:\/\/letsrebold.com\/wp-content\/uploads\/2022\/05\/iot-e-hiperconexion-578x351.jpg 578w, https:\/\/letsrebold.com\/wp-content\/uploads\/2022\/05\/iot-e-hiperconexion-629x382.jpg 629w, https:\/\/letsrebold.com\/wp-content\/uploads\/2022\/05\/iot-e-hiperconexion.jpg 1440w\" sizes=\"auto, (max-width: 989px) 100vw, 989px\" \/><\/a>\n                                <h2 class=\"post_meta\">\n                                                                                <a style=\"color: #e0094b\" class=\"post_tag\" href=\"?service=rebold-marketing\">Rebold Marketing<\/a>\n                                                                                                                                <a class=\"post_tag\" href=\"?topic=marketing-digital\">Marketing Digital<\/a>\n                                                                            <\/h2>\n                                <h3 class=\"post_title\"><a href=\"https:\/\/letsrebold.com\/es\/blog\/iot-e-hiperconexion\/\">La revoluci\u00f3n IoT: descubriendo el futuro hiperconectado<\/a><\/h3>\n                                <a class=\"post_link\" href=\"https:\/\/letsrebold.com\/es\/blog\/iot-e-hiperconexion\/\"><span>Leer m\u00e1s<\/span> <span class=\"ico-right\">M\u00e1s informaci\u00f3n<\/span><\/a>\n                            <\/article>\n                                                                        <article class=\"post rebold-marketing\">\n                                <a class=\"post_image\" href=\"https:\/\/letsrebold.com\/es\/blog\/transicion-energetica\/\"><img loading=\"lazy\" decoding=\"async\" width=\"989\" height=\"600\" src=\"https:\/\/letsrebold.com\/wp-content\/uploads\/2022\/05\/transicion-energetica-989x600.jpg\" class=\"attachment-img-header size-img-header wp-post-image\" alt=\"claves transicion energetica\" srcset=\"https:\/\/letsrebold.com\/wp-content\/uploads\/2022\/05\/transicion-energetica-989x600.jpg 989w, https:\/\/letsrebold.com\/wp-content\/uploads\/2022\/05\/transicion-energetica-300x182.jpg 300w, https:\/\/letsrebold.com\/wp-content\/uploads\/2022\/05\/transicion-energetica-768x466.jpg 768w, https:\/\/letsrebold.com\/wp-content\/uploads\/2022\/05\/transicion-energetica-1024x622.jpg 1024w, https:\/\/letsrebold.com\/wp-content\/uploads\/2022\/05\/transicion-energetica-336x204.jpg 336w, https:\/\/letsrebold.com\/wp-content\/uploads\/2022\/05\/transicion-energetica-360x219.jpg 360w, https:\/\/letsrebold.com\/wp-content\/uploads\/2022\/05\/transicion-energetica-578x351.jpg 578w, https:\/\/letsrebold.com\/wp-content\/uploads\/2022\/05\/transicion-energetica-629x382.jpg 629w, https:\/\/letsrebold.com\/wp-content\/uploads\/2022\/05\/transicion-energetica.jpg 1440w\" sizes=\"auto, (max-width: 989px) 100vw, 989px\" \/><\/a>\n                                <h2 class=\"post_meta\">\n                                                                                <a style=\"color: #e0094b\" class=\"post_tag\" href=\"?service=rebold-marketing\">Rebold Marketing<\/a>\n                                                                                                                                <a class=\"post_tag\" href=\"?topic=innovacion\">Innovaci\u00f3n<\/a>\n                                                                            <\/h2>\n                                <h3 class=\"post_title\"><a href=\"https:\/\/letsrebold.com\/es\/blog\/transicion-energetica\/\">Las 4 claves de la transici\u00f3n energ\u00e9tica que debes conocer<\/a><\/h3>\n                                <a class=\"post_link\" href=\"https:\/\/letsrebold.com\/es\/blog\/transicion-energetica\/\"><span>Leer m\u00e1s<\/span> <span class=\"ico-right\">M\u00e1s informaci\u00f3n<\/span><\/a>\n                            <\/article>\n                                                                        <article class=\"post rebold-marketing\">\n                                <a class=\"post_image\" href=\"https:\/\/letsrebold.com\/es\/blog\/de-la-propiedad-al-paas\/\"><img loading=\"lazy\" decoding=\"async\" width=\"989\" height=\"600\" src=\"https:\/\/letsrebold.com\/wp-content\/uploads\/2022\/05\/de-la-propiedad-al-paas-989x600.jpg\" class=\"attachment-img-header size-img-header wp-post-image\" alt=\"PAAS platform as a service\" srcset=\"https:\/\/letsrebold.com\/wp-content\/uploads\/2022\/05\/de-la-propiedad-al-paas-989x600.jpg 989w, https:\/\/letsrebold.com\/wp-content\/uploads\/2022\/05\/de-la-propiedad-al-paas-300x182.jpg 300w, https:\/\/letsrebold.com\/wp-content\/uploads\/2022\/05\/de-la-propiedad-al-paas-768x466.jpg 768w, https:\/\/letsrebold.com\/wp-content\/uploads\/2022\/05\/de-la-propiedad-al-paas-1024x622.jpg 1024w, https:\/\/letsrebold.com\/wp-content\/uploads\/2022\/05\/de-la-propiedad-al-paas-336x204.jpg 336w, https:\/\/letsrebold.com\/wp-content\/uploads\/2022\/05\/de-la-propiedad-al-paas-360x219.jpg 360w, https:\/\/letsrebold.com\/wp-content\/uploads\/2022\/05\/de-la-propiedad-al-paas-578x351.jpg 578w, https:\/\/letsrebold.com\/wp-content\/uploads\/2022\/05\/de-la-propiedad-al-paas-629x382.jpg 629w, https:\/\/letsrebold.com\/wp-content\/uploads\/2022\/05\/de-la-propiedad-al-paas.jpg 1440w\" sizes=\"auto, (max-width: 989px) 100vw, 989px\" \/><\/a>\n                                <h2 class=\"post_meta\">\n                                                                                <a style=\"color: #e0094b\" class=\"post_tag\" href=\"?service=rebold-marketing\">Rebold Marketing<\/a>\n                                                                                                                                <a class=\"post_tag\" href=\"?topic=marketing-digital\">Marketing Digital<\/a>\n                                                                            <\/h2>\n                                <h3 class=\"post_title\"><a href=\"https:\/\/letsrebold.com\/es\/blog\/de-la-propiedad-al-paas\/\">De la propiedad al PAAS, platform as a service<\/a><\/h3>\n                                <a class=\"post_link\" href=\"https:\/\/letsrebold.com\/es\/blog\/de-la-propiedad-al-paas\/\"><span>Leer m\u00e1s<\/span> <span class=\"ico-right\">M\u00e1s informaci\u00f3n<\/span><\/a>\n                            <\/article>\n                                                                        <article class=\"post rebold-marketing\">\n                                <a class=\"post_image\" href=\"https:\/\/letsrebold.com\/es\/blog\/marketing-nft\/\"><img loading=\"lazy\" decoding=\"async\" width=\"989\" height=\"600\" src=\"https:\/\/letsrebold.com\/wp-content\/uploads\/2022\/05\/marketing-nft-989x600.jpg\" class=\"attachment-img-header size-img-header wp-post-image\" alt=\"marketing nft\" srcset=\"https:\/\/letsrebold.com\/wp-content\/uploads\/2022\/05\/marketing-nft-989x600.jpg 989w, https:\/\/letsrebold.com\/wp-content\/uploads\/2022\/05\/marketing-nft-300x182.jpg 300w, https:\/\/letsrebold.com\/wp-content\/uploads\/2022\/05\/marketing-nft-768x466.jpg 768w, https:\/\/letsrebold.com\/wp-content\/uploads\/2022\/05\/marketing-nft-1024x622.jpg 1024w, https:\/\/letsrebold.com\/wp-content\/uploads\/2022\/05\/marketing-nft-336x204.jpg 336w, https:\/\/letsrebold.com\/wp-content\/uploads\/2022\/05\/marketing-nft-360x219.jpg 360w, https:\/\/letsrebold.com\/wp-content\/uploads\/2022\/05\/marketing-nft-578x351.jpg 578w, https:\/\/letsrebold.com\/wp-content\/uploads\/2022\/05\/marketing-nft-629x382.jpg 629w, https:\/\/letsrebold.com\/wp-content\/uploads\/2022\/05\/marketing-nft.jpg 1440w\" sizes=\"auto, (max-width: 989px) 100vw, 989px\" \/><\/a>\n                                <h2 class=\"post_meta\">\n                                                                                <a style=\"color: #e0094b\" class=\"post_tag\" href=\"?service=rebold-marketing\">Rebold Marketing<\/a>\n                                                                                                                                <a class=\"post_tag\" href=\"?topic=innovacion\">Innovaci\u00f3n<\/a>\n                                                                            <\/h2>\n                                <h3 class=\"post_title\"><a href=\"https:\/\/letsrebold.com\/es\/blog\/marketing-nft\/\">C\u00f3mo crear una estrategia de marketing NFT con \u00e9xito<\/a><\/h3>\n                                <a class=\"post_link\" href=\"https:\/\/letsrebold.com\/es\/blog\/marketing-nft\/\"><span>Leer m\u00e1s<\/span> <span class=\"ico-right\">M\u00e1s informaci\u00f3n<\/span><\/a>\n                            <\/article>\n                                                                        <article class=\"post \">\n                                <a class=\"post_image\" href=\"https:\/\/letsrebold.com\/es\/blog\/robots-y-avatares-para-viajar-en-el-futuro\/\"><img loading=\"lazy\" decoding=\"async\" width=\"989\" height=\"600\" src=\"https:\/\/letsrebold.com\/wp-content\/uploads\/2022\/04\/robots-y-avatares-para-viajar-en-el-futuro-989x600.jpg\" class=\"attachment-img-header size-img-header wp-post-image\" alt=\"Robots y avatares para viajar en el futuro\" srcset=\"https:\/\/letsrebold.com\/wp-content\/uploads\/2022\/04\/robots-y-avatares-para-viajar-en-el-futuro-989x600.jpg 989w, https:\/\/letsrebold.com\/wp-content\/uploads\/2022\/04\/robots-y-avatares-para-viajar-en-el-futuro-300x182.jpg 300w, https:\/\/letsrebold.com\/wp-content\/uploads\/2022\/04\/robots-y-avatares-para-viajar-en-el-futuro-768x466.jpg 768w, https:\/\/letsrebold.com\/wp-content\/uploads\/2022\/04\/robots-y-avatares-para-viajar-en-el-futuro-1024x622.jpg 1024w, https:\/\/letsrebold.com\/wp-content\/uploads\/2022\/04\/robots-y-avatares-para-viajar-en-el-futuro-336x204.jpg 336w, https:\/\/letsrebold.com\/wp-content\/uploads\/2022\/04\/robots-y-avatares-para-viajar-en-el-futuro-360x219.jpg 360w, https:\/\/letsrebold.com\/wp-content\/uploads\/2022\/04\/robots-y-avatares-para-viajar-en-el-futuro-578x351.jpg 578w, https:\/\/letsrebold.com\/wp-content\/uploads\/2022\/04\/robots-y-avatares-para-viajar-en-el-futuro-629x382.jpg 629w, https:\/\/letsrebold.com\/wp-content\/uploads\/2022\/04\/robots-y-avatares-para-viajar-en-el-futuro.jpg 1440w\" sizes=\"auto, (max-width: 989px) 100vw, 989px\" \/><\/a>\n                                <h2 class=\"post_meta\">\n                                                                                                                        <a class=\"post_tag\" href=\"?topic=adtech-amp\">Adtech &amp;amp<\/a>\n                                                                            <\/h2>\n                                <h3 class=\"post_title\"><a href=\"https:\/\/letsrebold.com\/es\/blog\/robots-y-avatares-para-viajar-en-el-futuro\/\">Robots y avatares para viajar en el futuro<\/a><\/h3>\n                                <a class=\"post_link\" href=\"https:\/\/letsrebold.com\/es\/blog\/robots-y-avatares-para-viajar-en-el-futuro\/\"><span>Leer m\u00e1s<\/span> <span class=\"ico-right\">M\u00e1s informaci\u00f3n<\/span><\/a>\n                            <\/article>\n                                                                        <article class=\"post rebold-marketing, zero-party-data\">\n                                <a class=\"post_image\" href=\"https:\/\/letsrebold.com\/es\/blog\/zero-party-data\/\"><img loading=\"lazy\" decoding=\"async\" width=\"989\" height=\"600\" src=\"https:\/\/letsrebold.com\/wp-content\/uploads\/2022\/04\/zero-party-data-989x600.jpg\" class=\"attachment-img-header size-img-header wp-post-image\" alt=\"zero party data y sus beneficios\" srcset=\"https:\/\/letsrebold.com\/wp-content\/uploads\/2022\/04\/zero-party-data-989x600.jpg 989w, https:\/\/letsrebold.com\/wp-content\/uploads\/2022\/04\/zero-party-data-300x182.jpg 300w, https:\/\/letsrebold.com\/wp-content\/uploads\/2022\/04\/zero-party-data-768x466.jpg 768w, https:\/\/letsrebold.com\/wp-content\/uploads\/2022\/04\/zero-party-data-1024x622.jpg 1024w, https:\/\/letsrebold.com\/wp-content\/uploads\/2022\/04\/zero-party-data-336x204.jpg 336w, https:\/\/letsrebold.com\/wp-content\/uploads\/2022\/04\/zero-party-data-360x219.jpg 360w, https:\/\/letsrebold.com\/wp-content\/uploads\/2022\/04\/zero-party-data-578x351.jpg 578w, https:\/\/letsrebold.com\/wp-content\/uploads\/2022\/04\/zero-party-data-629x382.jpg 629w, https:\/\/letsrebold.com\/wp-content\/uploads\/2022\/04\/zero-party-data.jpg 1440w\" sizes=\"auto, (max-width: 989px) 100vw, 989px\" \/><\/a>\n                                <h2 class=\"post_meta\">\n                                                                                <a style=\"color: #e0094b\" class=\"post_tag\" href=\"?service=rebold-marketing\">Rebold Marketing<\/a>\n                                                                                                                                <a class=\"post_tag\" href=\"?topic=data\">data<\/a>\n                                                                            <\/h2>\n                                <h3 class=\"post_title\"><a href=\"https:\/\/letsrebold.com\/es\/blog\/zero-party-data\/\">Zero party data: qu\u00e9 es y qu\u00e9 beneficios tiene para el marketing<\/a><\/h3>\n                                <a class=\"post_link\" href=\"https:\/\/letsrebold.com\/es\/blog\/zero-party-data\/\"><span>Leer m\u00e1s<\/span> <span class=\"ico-right\">M\u00e1s informaci\u00f3n<\/span><\/a>\n                            <\/article>\n                                    <\/div>\n                                    <nav class=\"links links-right\" id=\"loadmore_31\">\n                        <div class=\"container\">\n                            <a href=\"#\" class=\"loadmore\" value=\"31\"><span>Cargar m\u00e1s<\/span> <span class=\"ico-right\"><\/span><\/a>\n                        <\/div>\n                    <\/nav>\n                            <\/div>\n                                <div id=\"page_32\" class=\"d-none\">\n                <div class=\"container posts\">\n                                                                        <article class=\"post rebold-marketing\">\n                                <a class=\"post_image\" href=\"https:\/\/letsrebold.com\/es\/blog\/design-thinking-lean-startup-y-agile-para-empresas\/\"><img loading=\"lazy\" decoding=\"async\" width=\"989\" height=\"600\" src=\"https:\/\/letsrebold.com\/wp-content\/uploads\/2022\/04\/design-thinking-lean-startup-agile-para-empresas-1-989x600.jpg\" class=\"attachment-img-header size-img-header wp-post-image\" alt=\"\" srcset=\"https:\/\/letsrebold.com\/wp-content\/uploads\/2022\/04\/design-thinking-lean-startup-agile-para-empresas-1-989x600.jpg 989w, https:\/\/letsrebold.com\/wp-content\/uploads\/2022\/04\/design-thinking-lean-startup-agile-para-empresas-1-300x182.jpg 300w, https:\/\/letsrebold.com\/wp-content\/uploads\/2022\/04\/design-thinking-lean-startup-agile-para-empresas-1-768x466.jpg 768w, https:\/\/letsrebold.com\/wp-content\/uploads\/2022\/04\/design-thinking-lean-startup-agile-para-empresas-1-1024x622.jpg 1024w, https:\/\/letsrebold.com\/wp-content\/uploads\/2022\/04\/design-thinking-lean-startup-agile-para-empresas-1-336x204.jpg 336w, https:\/\/letsrebold.com\/wp-content\/uploads\/2022\/04\/design-thinking-lean-startup-agile-para-empresas-1-360x219.jpg 360w, https:\/\/letsrebold.com\/wp-content\/uploads\/2022\/04\/design-thinking-lean-startup-agile-para-empresas-1-578x351.jpg 578w, https:\/\/letsrebold.com\/wp-content\/uploads\/2022\/04\/design-thinking-lean-startup-agile-para-empresas-1-629x382.jpg 629w, https:\/\/letsrebold.com\/wp-content\/uploads\/2022\/04\/design-thinking-lean-startup-agile-para-empresas-1.jpg 1440w\" sizes=\"auto, (max-width: 989px) 100vw, 989px\" \/><\/a>\n                                <h2 class=\"post_meta\">\n                                                                                <a style=\"color: #e0094b\" class=\"post_tag\" href=\"?service=rebold-marketing\">Rebold Marketing<\/a>\n                                                                                                                                <a class=\"post_tag\" href=\"?topic=marketing-digital\">Marketing Digital<\/a>\n                                                                            <\/h2>\n                                <h3 class=\"post_title\"><a href=\"https:\/\/letsrebold.com\/es\/blog\/design-thinking-lean-startup-y-agile-para-empresas\/\">Design thinking, Lean startup y agile para potenciar las empresas del futuro<\/a><\/h3>\n                                <a class=\"post_link\" href=\"https:\/\/letsrebold.com\/es\/blog\/design-thinking-lean-startup-y-agile-para-empresas\/\"><span>Leer m\u00e1s<\/span> <span class=\"ico-right\">M\u00e1s informaci\u00f3n<\/span><\/a>\n                            <\/article>\n                                                                        <article class=\"post rebold-communication\">\n                                <a class=\"post_image\" href=\"https:\/\/letsrebold.com\/es\/blog\/big-data-y-smart-data\/\"><img loading=\"lazy\" decoding=\"async\" width=\"989\" height=\"600\" src=\"https:\/\/letsrebold.com\/wp-content\/uploads\/2022\/04\/big-data-y-smart-data-989x600.jpg\" class=\"attachment-img-header size-img-header wp-post-image\" alt=\"del big data al smart data\" srcset=\"https:\/\/letsrebold.com\/wp-content\/uploads\/2022\/04\/big-data-y-smart-data-989x600.jpg 989w, https:\/\/letsrebold.com\/wp-content\/uploads\/2022\/04\/big-data-y-smart-data-300x182.jpg 300w, https:\/\/letsrebold.com\/wp-content\/uploads\/2022\/04\/big-data-y-smart-data-768x466.jpg 768w, https:\/\/letsrebold.com\/wp-content\/uploads\/2022\/04\/big-data-y-smart-data-1024x622.jpg 1024w, https:\/\/letsrebold.com\/wp-content\/uploads\/2022\/04\/big-data-y-smart-data-336x204.jpg 336w, https:\/\/letsrebold.com\/wp-content\/uploads\/2022\/04\/big-data-y-smart-data-360x219.jpg 360w, https:\/\/letsrebold.com\/wp-content\/uploads\/2022\/04\/big-data-y-smart-data-578x351.jpg 578w, https:\/\/letsrebold.com\/wp-content\/uploads\/2022\/04\/big-data-y-smart-data-629x382.jpg 629w, https:\/\/letsrebold.com\/wp-content\/uploads\/2022\/04\/big-data-y-smart-data.jpg 1440w\" sizes=\"auto, (max-width: 989px) 100vw, 989px\" \/><\/a>\n                                <h2 class=\"post_meta\">\n                                                                                <a style=\"color: #5ac4bb\" class=\"post_tag\" href=\"?service=rebold-communication\">Rebold Communication<\/a>\n                                                                                                                                <a class=\"post_tag\" href=\"?topic=innovacion\">Innovaci\u00f3n<\/a>\n                                                                            <\/h2>\n                                <h3 class=\"post_title\"><a href=\"https:\/\/letsrebold.com\/es\/blog\/big-data-y-smart-data\/\">Del Big Data al Smart Data: la ciencia de los datos que necesita tu negocio<\/a><\/h3>\n                                <a class=\"post_link\" href=\"https:\/\/letsrebold.com\/es\/blog\/big-data-y-smart-data\/\"><span>Leer m\u00e1s<\/span> <span class=\"ico-right\">M\u00e1s informaci\u00f3n<\/span><\/a>\n                            <\/article>\n                                                                        <article class=\"post rebold-marketing\">\n                                <a class=\"post_image\" href=\"https:\/\/letsrebold.com\/es\/blog\/blockchain-en-energias-renovables\/\"><img loading=\"lazy\" decoding=\"async\" width=\"989\" height=\"600\" src=\"https:\/\/letsrebold.com\/wp-content\/uploads\/2022\/04\/blockchain-en-energias-renovables-989x600.jpg\" class=\"attachment-img-header size-img-header wp-post-image\" alt=\"blockchain en energias renovables\" srcset=\"https:\/\/letsrebold.com\/wp-content\/uploads\/2022\/04\/blockchain-en-energias-renovables-989x600.jpg 989w, https:\/\/letsrebold.com\/wp-content\/uploads\/2022\/04\/blockchain-en-energias-renovables-300x182.jpg 300w, https:\/\/letsrebold.com\/wp-content\/uploads\/2022\/04\/blockchain-en-energias-renovables-768x466.jpg 768w, https:\/\/letsrebold.com\/wp-content\/uploads\/2022\/04\/blockchain-en-energias-renovables-1024x622.jpg 1024w, https:\/\/letsrebold.com\/wp-content\/uploads\/2022\/04\/blockchain-en-energias-renovables-336x204.jpg 336w, https:\/\/letsrebold.com\/wp-content\/uploads\/2022\/04\/blockchain-en-energias-renovables-360x219.jpg 360w, https:\/\/letsrebold.com\/wp-content\/uploads\/2022\/04\/blockchain-en-energias-renovables-578x351.jpg 578w, https:\/\/letsrebold.com\/wp-content\/uploads\/2022\/04\/blockchain-en-energias-renovables-629x382.jpg 629w, https:\/\/letsrebold.com\/wp-content\/uploads\/2022\/04\/blockchain-en-energias-renovables.jpg 1440w\" sizes=\"auto, (max-width: 989px) 100vw, 989px\" \/><\/a>\n                                <h2 class=\"post_meta\">\n                                                                                <a style=\"color: #e0094b\" class=\"post_tag\" href=\"?service=rebold-marketing\">Rebold Marketing<\/a>\n                                                                                                                                <a class=\"post_tag\" href=\"?topic=transformacion-digital\">Transformaci\u00f3n Digital<\/a>\n                                                                            <\/h2>\n                                <h3 class=\"post_title\"><a href=\"https:\/\/letsrebold.com\/es\/blog\/blockchain-en-energias-renovables\/\">\u00bfC\u00f3mo puede el blockchain revolucionar el Sector de las energ\u00edas renovables?<\/a><\/h3>\n                                <a class=\"post_link\" href=\"https:\/\/letsrebold.com\/es\/blog\/blockchain-en-energias-renovables\/\"><span>Leer m\u00e1s<\/span> <span class=\"ico-right\">M\u00e1s informaci\u00f3n<\/span><\/a>\n                            <\/article>\n                                                                        <article class=\"post media-intelligence, rebold-communication\">\n                                <a class=\"post_image\" href=\"https:\/\/letsrebold.com\/es\/blog\/design-thinking-vs-design-feeling\/\"><img loading=\"lazy\" decoding=\"async\" width=\"989\" height=\"600\" src=\"https:\/\/letsrebold.com\/wp-content\/uploads\/2022\/04\/design-thinking-vs-design-feeling-989x600.jpg\" class=\"attachment-img-header size-img-header wp-post-image\" alt=\"design thinking vs design feeling\" srcset=\"https:\/\/letsrebold.com\/wp-content\/uploads\/2022\/04\/design-thinking-vs-design-feeling-989x600.jpg 989w, https:\/\/letsrebold.com\/wp-content\/uploads\/2022\/04\/design-thinking-vs-design-feeling-300x182.jpg 300w, https:\/\/letsrebold.com\/wp-content\/uploads\/2022\/04\/design-thinking-vs-design-feeling-768x466.jpg 768w, https:\/\/letsrebold.com\/wp-content\/uploads\/2022\/04\/design-thinking-vs-design-feeling-1024x622.jpg 1024w, https:\/\/letsrebold.com\/wp-content\/uploads\/2022\/04\/design-thinking-vs-design-feeling-336x204.jpg 336w, https:\/\/letsrebold.com\/wp-content\/uploads\/2022\/04\/design-thinking-vs-design-feeling-360x219.jpg 360w, https:\/\/letsrebold.com\/wp-content\/uploads\/2022\/04\/design-thinking-vs-design-feeling-578x351.jpg 578w, https:\/\/letsrebold.com\/wp-content\/uploads\/2022\/04\/design-thinking-vs-design-feeling-629x382.jpg 629w, https:\/\/letsrebold.com\/wp-content\/uploads\/2022\/04\/design-thinking-vs-design-feeling.jpg 1440w\" sizes=\"auto, (max-width: 989px) 100vw, 989px\" \/><\/a>\n                                <h2 class=\"post_meta\">\n                                                                                <a style=\"color: #5ac4bb\" class=\"post_tag\" href=\"?service=rebold-communication\">Rebold Communication<\/a>\n                                                                                                                                <a class=\"post_tag\" href=\"?topic=branding\">Branding<\/a>\n                                                                            <\/h2>\n                                <h3 class=\"post_title\"><a href=\"https:\/\/letsrebold.com\/es\/blog\/design-thinking-vs-design-feeling\/\">Del design thinking al design feeling: crea experiencias memorables para tus clientes<\/a><\/h3>\n                                <a class=\"post_link\" href=\"https:\/\/letsrebold.com\/es\/blog\/design-thinking-vs-design-feeling\/\"><span>Leer m\u00e1s<\/span> <span class=\"ico-right\">M\u00e1s informaci\u00f3n<\/span><\/a>\n                            <\/article>\n                                                                        <article class=\"post rebold-marketing\">\n                                <a class=\"post_image\" href=\"https:\/\/letsrebold.com\/es\/blog\/evolucion-modelos-de-negocio-turisticos\/\"><img loading=\"lazy\" decoding=\"async\" width=\"989\" height=\"600\" src=\"https:\/\/letsrebold.com\/wp-content\/uploads\/2022\/04\/evolucion-modelos-de-negocio-turisticos-989x600.jpg\" class=\"attachment-img-header size-img-header wp-post-image\" alt=\"modelos de negocio turisticos evolucion\" srcset=\"https:\/\/letsrebold.com\/wp-content\/uploads\/2022\/04\/evolucion-modelos-de-negocio-turisticos-989x600.jpg 989w, https:\/\/letsrebold.com\/wp-content\/uploads\/2022\/04\/evolucion-modelos-de-negocio-turisticos-300x182.jpg 300w, https:\/\/letsrebold.com\/wp-content\/uploads\/2022\/04\/evolucion-modelos-de-negocio-turisticos-768x466.jpg 768w, https:\/\/letsrebold.com\/wp-content\/uploads\/2022\/04\/evolucion-modelos-de-negocio-turisticos-1024x622.jpg 1024w, https:\/\/letsrebold.com\/wp-content\/uploads\/2022\/04\/evolucion-modelos-de-negocio-turisticos-336x204.jpg 336w, https:\/\/letsrebold.com\/wp-content\/uploads\/2022\/04\/evolucion-modelos-de-negocio-turisticos-360x219.jpg 360w, https:\/\/letsrebold.com\/wp-content\/uploads\/2022\/04\/evolucion-modelos-de-negocio-turisticos-578x351.jpg 578w, https:\/\/letsrebold.com\/wp-content\/uploads\/2022\/04\/evolucion-modelos-de-negocio-turisticos-629x382.jpg 629w, https:\/\/letsrebold.com\/wp-content\/uploads\/2022\/04\/evolucion-modelos-de-negocio-turisticos.jpg 1440w\" sizes=\"auto, (max-width: 989px) 100vw, 989px\" \/><\/a>\n                                <h2 class=\"post_meta\">\n                                                                                <a style=\"color: #e0094b\" class=\"post_tag\" href=\"?service=rebold-marketing\">Rebold Marketing<\/a>\n                                                                                                                                <a class=\"post_tag\" href=\"?topic=marketing-digital\">Marketing Digital<\/a>\n                                                                            <\/h2>\n                                <h3 class=\"post_title\"><a href=\"https:\/\/letsrebold.com\/es\/blog\/evolucion-modelos-de-negocio-turisticos\/\">Disrupci\u00f3n vs evoluci\u00f3n en los modelos de negocio tur\u00edsticos<\/a><\/h3>\n                                <a class=\"post_link\" href=\"https:\/\/letsrebold.com\/es\/blog\/evolucion-modelos-de-negocio-turisticos\/\"><span>Leer m\u00e1s<\/span> <span class=\"ico-right\">M\u00e1s informaci\u00f3n<\/span><\/a>\n                            <\/article>\n                                                                        <article class=\"post media-strategy-research, rebold-marketing\">\n                                <a class=\"post_image\" href=\"https:\/\/letsrebold.com\/es\/blog\/experiencia-phygital-conectar-clientes\/\"><img loading=\"lazy\" decoding=\"async\" width=\"989\" height=\"600\" src=\"https:\/\/letsrebold.com\/wp-content\/uploads\/2022\/04\/experiencia-phygital-conectar-clientes-989x600.jpg\" class=\"attachment-img-header size-img-header wp-post-image\" alt=\"Experiencia Phygital, conecta con tus clientes on y offline\" srcset=\"https:\/\/letsrebold.com\/wp-content\/uploads\/2022\/04\/experiencia-phygital-conectar-clientes-989x600.jpg 989w, https:\/\/letsrebold.com\/wp-content\/uploads\/2022\/04\/experiencia-phygital-conectar-clientes-300x182.jpg 300w, https:\/\/letsrebold.com\/wp-content\/uploads\/2022\/04\/experiencia-phygital-conectar-clientes-768x466.jpg 768w, https:\/\/letsrebold.com\/wp-content\/uploads\/2022\/04\/experiencia-phygital-conectar-clientes-1024x622.jpg 1024w, https:\/\/letsrebold.com\/wp-content\/uploads\/2022\/04\/experiencia-phygital-conectar-clientes-336x204.jpg 336w, https:\/\/letsrebold.com\/wp-content\/uploads\/2022\/04\/experiencia-phygital-conectar-clientes-360x219.jpg 360w, https:\/\/letsrebold.com\/wp-content\/uploads\/2022\/04\/experiencia-phygital-conectar-clientes-578x351.jpg 578w, https:\/\/letsrebold.com\/wp-content\/uploads\/2022\/04\/experiencia-phygital-conectar-clientes-629x382.jpg 629w, https:\/\/letsrebold.com\/wp-content\/uploads\/2022\/04\/experiencia-phygital-conectar-clientes.jpg 1440w\" sizes=\"auto, (max-width: 989px) 100vw, 989px\" \/><\/a>\n                                <h2 class=\"post_meta\">\n                                                                                <a style=\"color: #e0094b\" class=\"post_tag\" href=\"?service=rebold-marketing\">Rebold Marketing<\/a>\n                                                                                                                                <a class=\"post_tag\" href=\"?topic=adtech-amp\">Adtech &amp;amp<\/a>\n                                                                            <\/h2>\n                                <h3 class=\"post_title\"><a href=\"https:\/\/letsrebold.com\/es\/blog\/experiencia-phygital-conectar-clientes\/\">Experiencia Phygital: Aprende a conectar con tus clientes on y offline<\/a><\/h3>\n                                <a class=\"post_link\" href=\"https:\/\/letsrebold.com\/es\/blog\/experiencia-phygital-conectar-clientes\/\"><span>Leer m\u00e1s<\/span> <span class=\"ico-right\">M\u00e1s informaci\u00f3n<\/span><\/a>\n                            <\/article>\n                                    <\/div>\n                                    <nav class=\"links links-right\" id=\"loadmore_32\">\n                        <div class=\"container\">\n                            <a href=\"#\" class=\"loadmore\" value=\"32\"><span>Cargar m\u00e1s<\/span> <span class=\"ico-right\"><\/span><\/a>\n                        <\/div>\n                    <\/nav>\n                            <\/div>\n                                <div id=\"page_33\" class=\"d-none\">\n                <div class=\"container posts\">\n                                                                        <article class=\"post \">\n                                <a class=\"post_image\" href=\"https:\/\/letsrebold.com\/es\/blog\/marcas-y-medios-en-la-crisis-de-ucrania\/\"><img loading=\"lazy\" decoding=\"async\" width=\"989\" height=\"600\" src=\"https:\/\/letsrebold.com\/wp-content\/uploads\/2022\/04\/marcas-y-medios-en-la-crisis-de-ucrania-989x600.jpg\" class=\"attachment-img-header size-img-header wp-post-image\" alt=\"marcas y medios en la crisis de ucrania\" srcset=\"https:\/\/letsrebold.com\/wp-content\/uploads\/2022\/04\/marcas-y-medios-en-la-crisis-de-ucrania-989x600.jpg 989w, https:\/\/letsrebold.com\/wp-content\/uploads\/2022\/04\/marcas-y-medios-en-la-crisis-de-ucrania-300x182.jpg 300w, https:\/\/letsrebold.com\/wp-content\/uploads\/2022\/04\/marcas-y-medios-en-la-crisis-de-ucrania-768x466.jpg 768w, https:\/\/letsrebold.com\/wp-content\/uploads\/2022\/04\/marcas-y-medios-en-la-crisis-de-ucrania-1024x622.jpg 1024w, https:\/\/letsrebold.com\/wp-content\/uploads\/2022\/04\/marcas-y-medios-en-la-crisis-de-ucrania-336x204.jpg 336w, https:\/\/letsrebold.com\/wp-content\/uploads\/2022\/04\/marcas-y-medios-en-la-crisis-de-ucrania-360x219.jpg 360w, https:\/\/letsrebold.com\/wp-content\/uploads\/2022\/04\/marcas-y-medios-en-la-crisis-de-ucrania-578x351.jpg 578w, https:\/\/letsrebold.com\/wp-content\/uploads\/2022\/04\/marcas-y-medios-en-la-crisis-de-ucrania-629x382.jpg 629w, https:\/\/letsrebold.com\/wp-content\/uploads\/2022\/04\/marcas-y-medios-en-la-crisis-de-ucrania.jpg 1440w\" sizes=\"auto, (max-width: 989px) 100vw, 989px\" \/><\/a>\n                                <h2 class=\"post_meta\">\n                                                                                                                        <a class=\"post_tag\" href=\"?topic=estudios\">Estudios<\/a>\n                                                                            <\/h2>\n                                <h3 class=\"post_title\"><a href=\"https:\/\/letsrebold.com\/es\/blog\/marcas-y-medios-en-la-crisis-de-ucrania\/\">Descubre qu\u00e9 esperan los consumidores sobre el papel de las marcas y medios en la crisis de Ucrania<\/a><\/h3>\n                                <a class=\"post_link\" href=\"https:\/\/letsrebold.com\/es\/blog\/marcas-y-medios-en-la-crisis-de-ucrania\/\"><span>Leer m\u00e1s<\/span> <span class=\"ico-right\">M\u00e1s informaci\u00f3n<\/span><\/a>\n                            <\/article>\n                                                                        <article class=\"post rebold-marketing\">\n                                <a class=\"post_image\" href=\"https:\/\/letsrebold.com\/es\/blog\/metaverso-y-turismo-oportunidades-sector\/\"><img loading=\"lazy\" decoding=\"async\" width=\"989\" height=\"600\" src=\"https:\/\/letsrebold.com\/wp-content\/uploads\/2022\/04\/metaverso-y-turismo-oportunidades-sector-989x600.jpg\" class=\"attachment-img-header size-img-header wp-post-image\" alt=\"metaverso y turismo\" srcset=\"https:\/\/letsrebold.com\/wp-content\/uploads\/2022\/04\/metaverso-y-turismo-oportunidades-sector-989x600.jpg 989w, https:\/\/letsrebold.com\/wp-content\/uploads\/2022\/04\/metaverso-y-turismo-oportunidades-sector-300x182.jpg 300w, https:\/\/letsrebold.com\/wp-content\/uploads\/2022\/04\/metaverso-y-turismo-oportunidades-sector-768x466.jpg 768w, https:\/\/letsrebold.com\/wp-content\/uploads\/2022\/04\/metaverso-y-turismo-oportunidades-sector-1024x622.jpg 1024w, https:\/\/letsrebold.com\/wp-content\/uploads\/2022\/04\/metaverso-y-turismo-oportunidades-sector-336x204.jpg 336w, https:\/\/letsrebold.com\/wp-content\/uploads\/2022\/04\/metaverso-y-turismo-oportunidades-sector-360x219.jpg 360w, https:\/\/letsrebold.com\/wp-content\/uploads\/2022\/04\/metaverso-y-turismo-oportunidades-sector-578x351.jpg 578w, https:\/\/letsrebold.com\/wp-content\/uploads\/2022\/04\/metaverso-y-turismo-oportunidades-sector-629x382.jpg 629w, https:\/\/letsrebold.com\/wp-content\/uploads\/2022\/04\/metaverso-y-turismo-oportunidades-sector.jpg 1440w\" sizes=\"auto, (max-width: 989px) 100vw, 989px\" \/><\/a>\n                                <h2 class=\"post_meta\">\n                                                                                <a style=\"color: #e0094b\" class=\"post_tag\" href=\"?service=rebold-marketing\">Rebold Marketing<\/a>\n                                                                                                                                <a class=\"post_tag\" href=\"?topic=adtech-amp\">Adtech &amp;amp<\/a>\n                                                                            <\/h2>\n                                <h3 class=\"post_title\"><a href=\"https:\/\/letsrebold.com\/es\/blog\/metaverso-y-turismo-oportunidades-sector\/\">Metaverso y turismo: Oportunidades para revolucionar el sector<\/a><\/h3>\n                                <a class=\"post_link\" href=\"https:\/\/letsrebold.com\/es\/blog\/metaverso-y-turismo-oportunidades-sector\/\"><span>Leer m\u00e1s<\/span> <span class=\"ico-right\">M\u00e1s informaci\u00f3n<\/span><\/a>\n                            <\/article>\n                                                                        <article class=\"post media-strategy-research, rebold-marketing\">\n                                <a class=\"post_image\" href=\"https:\/\/letsrebold.com\/es\/blog\/preocupaciones-de-consumidores-crisis-de-ucrania\/\"><img loading=\"lazy\" decoding=\"async\" width=\"989\" height=\"600\" src=\"https:\/\/letsrebold.com\/wp-content\/uploads\/2022\/04\/preocupaciones-de-consumidores-crisis-de-ucrania-989x600.jpg\" class=\"attachment-img-header size-img-header wp-post-image\" alt=\"preocupaciones consumidores ucrania\" srcset=\"https:\/\/letsrebold.com\/wp-content\/uploads\/2022\/04\/preocupaciones-de-consumidores-crisis-de-ucrania-989x600.jpg 989w, https:\/\/letsrebold.com\/wp-content\/uploads\/2022\/04\/preocupaciones-de-consumidores-crisis-de-ucrania-300x182.jpg 300w, https:\/\/letsrebold.com\/wp-content\/uploads\/2022\/04\/preocupaciones-de-consumidores-crisis-de-ucrania-768x466.jpg 768w, https:\/\/letsrebold.com\/wp-content\/uploads\/2022\/04\/preocupaciones-de-consumidores-crisis-de-ucrania-1024x622.jpg 1024w, https:\/\/letsrebold.com\/wp-content\/uploads\/2022\/04\/preocupaciones-de-consumidores-crisis-de-ucrania-336x204.jpg 336w, https:\/\/letsrebold.com\/wp-content\/uploads\/2022\/04\/preocupaciones-de-consumidores-crisis-de-ucrania-360x219.jpg 360w, https:\/\/letsrebold.com\/wp-content\/uploads\/2022\/04\/preocupaciones-de-consumidores-crisis-de-ucrania-578x351.jpg 578w, https:\/\/letsrebold.com\/wp-content\/uploads\/2022\/04\/preocupaciones-de-consumidores-crisis-de-ucrania-629x382.jpg 629w, https:\/\/letsrebold.com\/wp-content\/uploads\/2022\/04\/preocupaciones-de-consumidores-crisis-de-ucrania.jpg 1440w\" sizes=\"auto, (max-width: 989px) 100vw, 989px\" \/><\/a>\n                                <h2 class=\"post_meta\">\n                                                                                <a style=\"color: #e0094b\" class=\"post_tag\" href=\"?service=rebold-marketing\">Rebold Marketing<\/a>\n                                                                                                                                <a class=\"post_tag\" href=\"?topic=estudios\">Estudios<\/a>\n                                                                            <\/h2>\n                                <h3 class=\"post_title\"><a href=\"https:\/\/letsrebold.com\/es\/blog\/preocupaciones-de-consumidores-crisis-de-ucrania\/\">Descubre c\u00f3mo la crisis de Ucrania est\u00e1 afectando a las preocupaciones y miedos de los usuarios<\/a><\/h3>\n                                <a class=\"post_link\" href=\"https:\/\/letsrebold.com\/es\/blog\/preocupaciones-de-consumidores-crisis-de-ucrania\/\"><span>Leer m\u00e1s<\/span> <span class=\"ico-right\">M\u00e1s informaci\u00f3n<\/span><\/a>\n                            <\/article>\n                                                                        <article class=\"post rebold-marketing\">\n                                <a class=\"post_image\" href=\"https:\/\/letsrebold.com\/es\/blog\/marketing-predictivo-que-es\/\"><img loading=\"lazy\" decoding=\"async\" width=\"989\" height=\"600\" src=\"https:\/\/letsrebold.com\/wp-content\/uploads\/2022\/04\/marketing-predictivo-que-es-989x600.jpg\" class=\"attachment-img-header size-img-header wp-post-image\" alt=\"marketing predictivo\" srcset=\"https:\/\/letsrebold.com\/wp-content\/uploads\/2022\/04\/marketing-predictivo-que-es-989x600.jpg 989w, https:\/\/letsrebold.com\/wp-content\/uploads\/2022\/04\/marketing-predictivo-que-es-300x182.jpg 300w, https:\/\/letsrebold.com\/wp-content\/uploads\/2022\/04\/marketing-predictivo-que-es-768x466.jpg 768w, https:\/\/letsrebold.com\/wp-content\/uploads\/2022\/04\/marketing-predictivo-que-es-1024x622.jpg 1024w, https:\/\/letsrebold.com\/wp-content\/uploads\/2022\/04\/marketing-predictivo-que-es-336x204.jpg 336w, https:\/\/letsrebold.com\/wp-content\/uploads\/2022\/04\/marketing-predictivo-que-es-360x219.jpg 360w, https:\/\/letsrebold.com\/wp-content\/uploads\/2022\/04\/marketing-predictivo-que-es-578x351.jpg 578w, https:\/\/letsrebold.com\/wp-content\/uploads\/2022\/04\/marketing-predictivo-que-es-629x382.jpg 629w, https:\/\/letsrebold.com\/wp-content\/uploads\/2022\/04\/marketing-predictivo-que-es.jpg 1440w\" sizes=\"auto, (max-width: 989px) 100vw, 989px\" \/><\/a>\n                                <h2 class=\"post_meta\">\n                                                                                <a style=\"color: #e0094b\" class=\"post_tag\" href=\"?service=rebold-marketing\">Rebold Marketing<\/a>\n                                                                                                                                <a class=\"post_tag\" href=\"?topic=marketing-digital\">Marketing Digital<\/a>\n                                                                            <\/h2>\n                                <h3 class=\"post_title\"><a href=\"https:\/\/letsrebold.com\/es\/blog\/marketing-predictivo-que-es\/\">Marketing predictivo: qu\u00e9 es y c\u00f3mo puedes aplicarlo a tu marca<\/a><\/h3>\n                                <a class=\"post_link\" href=\"https:\/\/letsrebold.com\/es\/blog\/marketing-predictivo-que-es\/\"><span>Leer m\u00e1s<\/span> <span class=\"ico-right\">M\u00e1s informaci\u00f3n<\/span><\/a>\n                            <\/article>\n                                                                        <article class=\"post rebold-marketing\">\n                                <a class=\"post_image\" href=\"https:\/\/letsrebold.com\/es\/blog\/ley-de-rendimiento-acelerado-de-kurzweil\/\"><img loading=\"lazy\" decoding=\"async\" width=\"989\" height=\"600\" src=\"https:\/\/letsrebold.com\/wp-content\/uploads\/2022\/04\/ley-de-rendimiento-acelerado-de-kurzweil-989x600.jpg\" class=\"attachment-img-header size-img-header wp-post-image\" alt=\"Ley de rendimiento acelerado de Kurzweil\" srcset=\"https:\/\/letsrebold.com\/wp-content\/uploads\/2022\/04\/ley-de-rendimiento-acelerado-de-kurzweil-989x600.jpg 989w, https:\/\/letsrebold.com\/wp-content\/uploads\/2022\/04\/ley-de-rendimiento-acelerado-de-kurzweil-300x182.jpg 300w, https:\/\/letsrebold.com\/wp-content\/uploads\/2022\/04\/ley-de-rendimiento-acelerado-de-kurzweil-768x466.jpg 768w, https:\/\/letsrebold.com\/wp-content\/uploads\/2022\/04\/ley-de-rendimiento-acelerado-de-kurzweil-1024x622.jpg 1024w, https:\/\/letsrebold.com\/wp-content\/uploads\/2022\/04\/ley-de-rendimiento-acelerado-de-kurzweil-336x204.jpg 336w, https:\/\/letsrebold.com\/wp-content\/uploads\/2022\/04\/ley-de-rendimiento-acelerado-de-kurzweil-360x219.jpg 360w, https:\/\/letsrebold.com\/wp-content\/uploads\/2022\/04\/ley-de-rendimiento-acelerado-de-kurzweil-578x351.jpg 578w, https:\/\/letsrebold.com\/wp-content\/uploads\/2022\/04\/ley-de-rendimiento-acelerado-de-kurzweil-629x382.jpg 629w, https:\/\/letsrebold.com\/wp-content\/uploads\/2022\/04\/ley-de-rendimiento-acelerado-de-kurzweil.jpg 1440w\" sizes=\"auto, (max-width: 989px) 100vw, 989px\" \/><\/a>\n                                <h2 class=\"post_meta\">\n                                                                                <a style=\"color: #e0094b\" class=\"post_tag\" href=\"?service=rebold-marketing\">Rebold Marketing<\/a>\n                                                                                                                                <a class=\"post_tag\" href=\"?topic=marketing-digital\">Marketing Digital<\/a>\n                                                                            <\/h2>\n                                <h3 class=\"post_title\"><a href=\"https:\/\/letsrebold.com\/es\/blog\/ley-de-rendimiento-acelerado-de-kurzweil\/\">La ley de rendimiento acelerado de Kurzweil y c\u00f3mo aplicarla a tu plan estrat\u00e9gico<\/a><\/h3>\n                                <a class=\"post_link\" href=\"https:\/\/letsrebold.com\/es\/blog\/ley-de-rendimiento-acelerado-de-kurzweil\/\"><span>Leer m\u00e1s<\/span> <span class=\"ico-right\">M\u00e1s informaci\u00f3n<\/span><\/a>\n                            <\/article>\n                                                                        <article class=\"post rebold-marketing\">\n                                <a class=\"post_image\" href=\"https:\/\/letsrebold.com\/es\/blog\/customer-experience\/\"><img loading=\"lazy\" decoding=\"async\" width=\"989\" height=\"600\" src=\"https:\/\/letsrebold.com\/wp-content\/uploads\/2022\/03\/customer-experience-989x600.jpg\" class=\"attachment-img-header size-img-header wp-post-image\" alt=\"customer experience, estrategia disruptiva\" srcset=\"https:\/\/letsrebold.com\/wp-content\/uploads\/2022\/03\/customer-experience-989x600.jpg 989w, https:\/\/letsrebold.com\/wp-content\/uploads\/2022\/03\/customer-experience-300x182.jpg 300w, https:\/\/letsrebold.com\/wp-content\/uploads\/2022\/03\/customer-experience-768x466.jpg 768w, https:\/\/letsrebold.com\/wp-content\/uploads\/2022\/03\/customer-experience-1024x622.jpg 1024w, https:\/\/letsrebold.com\/wp-content\/uploads\/2022\/03\/customer-experience-336x204.jpg 336w, https:\/\/letsrebold.com\/wp-content\/uploads\/2022\/03\/customer-experience-360x219.jpg 360w, https:\/\/letsrebold.com\/wp-content\/uploads\/2022\/03\/customer-experience-578x351.jpg 578w, https:\/\/letsrebold.com\/wp-content\/uploads\/2022\/03\/customer-experience-629x382.jpg 629w, https:\/\/letsrebold.com\/wp-content\/uploads\/2022\/03\/customer-experience.jpg 1440w\" sizes=\"auto, (max-width: 989px) 100vw, 989px\" \/><\/a>\n                                <h2 class=\"post_meta\">\n                                                                                <a style=\"color: #e0094b\" class=\"post_tag\" href=\"?service=rebold-marketing\">Rebold Marketing<\/a>\n                                                                                                                                <a class=\"post_tag\" href=\"?topic=marketing-digital\">Marketing Digital<\/a>\n                                                                            <\/h2>\n                                <h3 class=\"post_title\"><a href=\"https:\/\/letsrebold.com\/es\/blog\/customer-experience\/\">Customer experience: ingredientes indispensables para una estrategia disruptiva<\/a><\/h3>\n                                <a class=\"post_link\" href=\"https:\/\/letsrebold.com\/es\/blog\/customer-experience\/\"><span>Leer m\u00e1s<\/span> <span class=\"ico-right\">M\u00e1s informaci\u00f3n<\/span><\/a>\n                            <\/article>\n                                    <\/div>\n                                    <nav class=\"links links-right\" id=\"loadmore_33\">\n                        <div class=\"container\">\n                            <a href=\"#\" class=\"loadmore\" value=\"33\"><span>Cargar m\u00e1s<\/span> <span class=\"ico-right\"><\/span><\/a>\n                        <\/div>\n                    <\/nav>\n                            <\/div>\n                                <div id=\"page_34\" class=\"d-none\">\n                <div class=\"container posts\">\n                                                                        <article class=\"post media-strategy-research, rebold-marketing\">\n                                <a class=\"post_image\" href=\"https:\/\/letsrebold.com\/es\/blog\/tendencias-en-diseno-en-redes-sociales\/\"><img loading=\"lazy\" decoding=\"async\" width=\"989\" height=\"600\" src=\"https:\/\/letsrebold.com\/wp-content\/uploads\/2022\/03\/tendencias-en-diseno-en-redes-sociales-989x600.jpg\" class=\"attachment-img-header size-img-header wp-post-image\" alt=\"tendencias dise\u00f1o en redes sociales\" srcset=\"https:\/\/letsrebold.com\/wp-content\/uploads\/2022\/03\/tendencias-en-diseno-en-redes-sociales-989x600.jpg 989w, https:\/\/letsrebold.com\/wp-content\/uploads\/2022\/03\/tendencias-en-diseno-en-redes-sociales-300x182.jpg 300w, https:\/\/letsrebold.com\/wp-content\/uploads\/2022\/03\/tendencias-en-diseno-en-redes-sociales-768x466.jpg 768w, https:\/\/letsrebold.com\/wp-content\/uploads\/2022\/03\/tendencias-en-diseno-en-redes-sociales-1024x622.jpg 1024w, https:\/\/letsrebold.com\/wp-content\/uploads\/2022\/03\/tendencias-en-diseno-en-redes-sociales-336x204.jpg 336w, https:\/\/letsrebold.com\/wp-content\/uploads\/2022\/03\/tendencias-en-diseno-en-redes-sociales-360x219.jpg 360w, https:\/\/letsrebold.com\/wp-content\/uploads\/2022\/03\/tendencias-en-diseno-en-redes-sociales-578x351.jpg 578w, https:\/\/letsrebold.com\/wp-content\/uploads\/2022\/03\/tendencias-en-diseno-en-redes-sociales-629x382.jpg 629w, https:\/\/letsrebold.com\/wp-content\/uploads\/2022\/03\/tendencias-en-diseno-en-redes-sociales.jpg 1440w\" sizes=\"auto, (max-width: 989px) 100vw, 989px\" \/><\/a>\n                                <h2 class=\"post_meta\">\n                                                                                <a style=\"color: #e0094b\" class=\"post_tag\" href=\"?service=rebold-marketing\">Rebold Marketing<\/a>\n                                                                                                                                <a class=\"post_tag\" href=\"?topic=social-media\">Social Media<\/a>\n                                                                            <\/h2>\n                                <h3 class=\"post_title\"><a href=\"https:\/\/letsrebold.com\/es\/blog\/tendencias-en-diseno-en-redes-sociales\/\">Tendencias en dise\u00f1o en Redes Sociales para que tu marca se diferencie<\/a><\/h3>\n                                <a class=\"post_link\" href=\"https:\/\/letsrebold.com\/es\/blog\/tendencias-en-diseno-en-redes-sociales\/\"><span>Leer m\u00e1s<\/span> <span class=\"ico-right\">M\u00e1s informaci\u00f3n<\/span><\/a>\n                            <\/article>\n                                                                        <article class=\"post rebold-marketing\">\n                                <a class=\"post_image\" href=\"https:\/\/letsrebold.com\/es\/blog\/estrategia-abm-para-generar-leads\/\"><img loading=\"lazy\" decoding=\"async\" width=\"989\" height=\"600\" src=\"https:\/\/letsrebold.com\/wp-content\/uploads\/2022\/03\/estrategia-abm-para-generar-leads-989x600.jpg\" class=\"attachment-img-header size-img-header wp-post-image\" alt=\"estrategia ABM para generar leads\" srcset=\"https:\/\/letsrebold.com\/wp-content\/uploads\/2022\/03\/estrategia-abm-para-generar-leads-989x600.jpg 989w, https:\/\/letsrebold.com\/wp-content\/uploads\/2022\/03\/estrategia-abm-para-generar-leads-300x182.jpg 300w, https:\/\/letsrebold.com\/wp-content\/uploads\/2022\/03\/estrategia-abm-para-generar-leads-768x466.jpg 768w, https:\/\/letsrebold.com\/wp-content\/uploads\/2022\/03\/estrategia-abm-para-generar-leads-1024x622.jpg 1024w, https:\/\/letsrebold.com\/wp-content\/uploads\/2022\/03\/estrategia-abm-para-generar-leads-336x204.jpg 336w, https:\/\/letsrebold.com\/wp-content\/uploads\/2022\/03\/estrategia-abm-para-generar-leads-360x219.jpg 360w, https:\/\/letsrebold.com\/wp-content\/uploads\/2022\/03\/estrategia-abm-para-generar-leads-578x351.jpg 578w, https:\/\/letsrebold.com\/wp-content\/uploads\/2022\/03\/estrategia-abm-para-generar-leads-629x382.jpg 629w, https:\/\/letsrebold.com\/wp-content\/uploads\/2022\/03\/estrategia-abm-para-generar-leads.jpg 1440w\" sizes=\"auto, (max-width: 989px) 100vw, 989px\" \/><\/a>\n                                <h2 class=\"post_meta\">\n                                                                                <a style=\"color: #e0094b\" class=\"post_tag\" href=\"?service=rebold-marketing\">Rebold Marketing<\/a>\n                                                                                                                                <a class=\"post_tag\" href=\"?topic=abm-para-generar-leads\">ABM para generar leads<\/a>\n                                                                            <\/h2>\n                                <h3 class=\"post_title\"><a href=\"https:\/\/letsrebold.com\/es\/blog\/estrategia-abm-para-generar-leads\/\">Descubre c\u00f3mo una buena estrategia de ABM puede ayudarte a generar nuevos leads<\/a><\/h3>\n                                <a class=\"post_link\" href=\"https:\/\/letsrebold.com\/es\/blog\/estrategia-abm-para-generar-leads\/\"><span>Leer m\u00e1s<\/span> <span class=\"ico-right\">M\u00e1s informaci\u00f3n<\/span><\/a>\n                            <\/article>\n                                                                        <article class=\"post content-seo, rebold-marketing\">\n                                <a class=\"post_image\" href=\"https:\/\/letsrebold.com\/es\/blog\/optimizar-imagenes-para-seo\/\"><img loading=\"lazy\" decoding=\"async\" width=\"989\" height=\"600\" src=\"https:\/\/letsrebold.com\/wp-content\/uploads\/2022\/03\/optimizar-imagenes-para-seo-989x600.jpg\" class=\"attachment-img-header size-img-header wp-post-image\" alt=\"gu\u00eda seo im\u00e1genes\" srcset=\"https:\/\/letsrebold.com\/wp-content\/uploads\/2022\/03\/optimizar-imagenes-para-seo-989x600.jpg 989w, https:\/\/letsrebold.com\/wp-content\/uploads\/2022\/03\/optimizar-imagenes-para-seo-300x182.jpg 300w, https:\/\/letsrebold.com\/wp-content\/uploads\/2022\/03\/optimizar-imagenes-para-seo-768x466.jpg 768w, https:\/\/letsrebold.com\/wp-content\/uploads\/2022\/03\/optimizar-imagenes-para-seo-1024x622.jpg 1024w, https:\/\/letsrebold.com\/wp-content\/uploads\/2022\/03\/optimizar-imagenes-para-seo-336x204.jpg 336w, https:\/\/letsrebold.com\/wp-content\/uploads\/2022\/03\/optimizar-imagenes-para-seo-360x219.jpg 360w, https:\/\/letsrebold.com\/wp-content\/uploads\/2022\/03\/optimizar-imagenes-para-seo-578x351.jpg 578w, https:\/\/letsrebold.com\/wp-content\/uploads\/2022\/03\/optimizar-imagenes-para-seo-629x382.jpg 629w, https:\/\/letsrebold.com\/wp-content\/uploads\/2022\/03\/optimizar-imagenes-para-seo.jpg 1440w\" sizes=\"auto, (max-width: 989px) 100vw, 989px\" \/><\/a>\n                                <h2 class=\"post_meta\">\n                                                                                <a style=\"color: #e0094b\" class=\"post_tag\" href=\"?service=rebold-marketing\">Rebold Marketing<\/a>\n                                                                                                                                <a class=\"post_tag\" href=\"?topic=optimizar-imagenes-para-seo\">Optimizar im\u00e1genes para SEO<\/a>\n                                                                            <\/h2>\n                                <h3 class=\"post_title\"><a href=\"https:\/\/letsrebold.com\/es\/blog\/optimizar-imagenes-para-seo\/\">Gu\u00eda completa para optimizar las im\u00e1genes de tu web para SEO<\/a><\/h3>\n                                <a class=\"post_link\" href=\"https:\/\/letsrebold.com\/es\/blog\/optimizar-imagenes-para-seo\/\"><span>Leer m\u00e1s<\/span> <span class=\"ico-right\">M\u00e1s informaci\u00f3n<\/span><\/a>\n                            <\/article>\n                                                                        <article class=\"post rebold-marketing\">\n                                <a class=\"post_image\" href=\"https:\/\/letsrebold.com\/es\/blog\/factores-clave-para-fidelizar-clientes\/\"><img loading=\"lazy\" decoding=\"async\" width=\"989\" height=\"600\" src=\"https:\/\/letsrebold.com\/wp-content\/uploads\/2022\/03\/factores-clave-para-fidelizar-clientes-989x600.jpg\" class=\"attachment-img-header size-img-header wp-post-image\" alt=\"Factores que influyen en la fidelizaci\u00f3n de tus clientes\" srcset=\"https:\/\/letsrebold.com\/wp-content\/uploads\/2022\/03\/factores-clave-para-fidelizar-clientes-989x600.jpg 989w, https:\/\/letsrebold.com\/wp-content\/uploads\/2022\/03\/factores-clave-para-fidelizar-clientes-300x182.jpg 300w, https:\/\/letsrebold.com\/wp-content\/uploads\/2022\/03\/factores-clave-para-fidelizar-clientes-768x466.jpg 768w, https:\/\/letsrebold.com\/wp-content\/uploads\/2022\/03\/factores-clave-para-fidelizar-clientes-1024x622.jpg 1024w, https:\/\/letsrebold.com\/wp-content\/uploads\/2022\/03\/factores-clave-para-fidelizar-clientes-336x204.jpg 336w, https:\/\/letsrebold.com\/wp-content\/uploads\/2022\/03\/factores-clave-para-fidelizar-clientes-360x219.jpg 360w, https:\/\/letsrebold.com\/wp-content\/uploads\/2022\/03\/factores-clave-para-fidelizar-clientes-578x351.jpg 578w, https:\/\/letsrebold.com\/wp-content\/uploads\/2022\/03\/factores-clave-para-fidelizar-clientes-629x382.jpg 629w, https:\/\/letsrebold.com\/wp-content\/uploads\/2022\/03\/factores-clave-para-fidelizar-clientes.jpg 1440w\" sizes=\"auto, (max-width: 989px) 100vw, 989px\" \/><\/a>\n                                <h2 class=\"post_meta\">\n                                                                                <a style=\"color: #e0094b\" class=\"post_tag\" href=\"?service=rebold-marketing\">Rebold Marketing<\/a>\n                                                                                                                                <a class=\"post_tag\" href=\"?topic=loyalty\">Loyalty<\/a>\n                                                                            <\/h2>\n                                <h3 class=\"post_title\"><a href=\"https:\/\/letsrebold.com\/es\/blog\/factores-clave-para-fidelizar-clientes\/\">Los 8 factores clave que influyen en la fidelizaci\u00f3n de tus clientes<\/a><\/h3>\n                                <a class=\"post_link\" href=\"https:\/\/letsrebold.com\/es\/blog\/factores-clave-para-fidelizar-clientes\/\"><span>Leer m\u00e1s<\/span> <span class=\"ico-right\">M\u00e1s informaci\u00f3n<\/span><\/a>\n                            <\/article>\n                                                                        <article class=\"post media-intelligence, rebold-communication\">\n                                <a class=\"post_image\" href=\"https:\/\/letsrebold.com\/es\/blog\/estrategia-de-branding-en-redes-sociales\/\"><img loading=\"lazy\" decoding=\"async\" width=\"989\" height=\"600\" src=\"https:\/\/letsrebold.com\/wp-content\/uploads\/2022\/03\/estrategia-de-branding-en-redes-sociales-989x600.jpg\" class=\"attachment-img-header size-img-header wp-post-image\" alt=\"Consejos para triunfar con tu estrategia de branding en redes sociales\" srcset=\"https:\/\/letsrebold.com\/wp-content\/uploads\/2022\/03\/estrategia-de-branding-en-redes-sociales-989x600.jpg 989w, https:\/\/letsrebold.com\/wp-content\/uploads\/2022\/03\/estrategia-de-branding-en-redes-sociales-300x182.jpg 300w, https:\/\/letsrebold.com\/wp-content\/uploads\/2022\/03\/estrategia-de-branding-en-redes-sociales-768x466.jpg 768w, https:\/\/letsrebold.com\/wp-content\/uploads\/2022\/03\/estrategia-de-branding-en-redes-sociales-1024x622.jpg 1024w, https:\/\/letsrebold.com\/wp-content\/uploads\/2022\/03\/estrategia-de-branding-en-redes-sociales-336x204.jpg 336w, https:\/\/letsrebold.com\/wp-content\/uploads\/2022\/03\/estrategia-de-branding-en-redes-sociales-360x219.jpg 360w, https:\/\/letsrebold.com\/wp-content\/uploads\/2022\/03\/estrategia-de-branding-en-redes-sociales-578x351.jpg 578w, https:\/\/letsrebold.com\/wp-content\/uploads\/2022\/03\/estrategia-de-branding-en-redes-sociales-629x382.jpg 629w, https:\/\/letsrebold.com\/wp-content\/uploads\/2022\/03\/estrategia-de-branding-en-redes-sociales.jpg 1440w\" sizes=\"auto, (max-width: 989px) 100vw, 989px\" \/><\/a>\n                                <h2 class=\"post_meta\">\n                                                                                <a style=\"color: #5ac4bb\" class=\"post_tag\" href=\"?service=rebold-communication\">Rebold Communication<\/a>\n                                                                                                                                <a class=\"post_tag\" href=\"?topic=branding\">Branding<\/a>\n                                                                            <\/h2>\n                                <h3 class=\"post_title\"><a href=\"https:\/\/letsrebold.com\/es\/blog\/estrategia-de-branding-en-redes-sociales\/\">5 consejos para triunfar con tu estrategia de branding en redes sociales<\/a><\/h3>\n                                <a class=\"post_link\" href=\"https:\/\/letsrebold.com\/es\/blog\/estrategia-de-branding-en-redes-sociales\/\"><span>Leer m\u00e1s<\/span> <span class=\"ico-right\">M\u00e1s informaci\u00f3n<\/span><\/a>\n                            <\/article>\n                                                                        <article class=\"post rebold-marketing\">\n                                <a class=\"post_image\" href=\"https:\/\/letsrebold.com\/es\/blog\/usar-amazon-afiliados\/\"><img loading=\"lazy\" decoding=\"async\" width=\"989\" height=\"600\" src=\"https:\/\/letsrebold.com\/wp-content\/uploads\/2022\/03\/usar-amazon-afiliados-989x600.jpg\" class=\"attachment-img-header size-img-header wp-post-image\" alt=\"Qu\u00e9 es Amazon afiliados y c\u00f3mo empezar a utilizarlo\" srcset=\"https:\/\/letsrebold.com\/wp-content\/uploads\/2022\/03\/usar-amazon-afiliados-989x600.jpg 989w, https:\/\/letsrebold.com\/wp-content\/uploads\/2022\/03\/usar-amazon-afiliados-300x182.jpg 300w, https:\/\/letsrebold.com\/wp-content\/uploads\/2022\/03\/usar-amazon-afiliados-768x466.jpg 768w, https:\/\/letsrebold.com\/wp-content\/uploads\/2022\/03\/usar-amazon-afiliados-1024x622.jpg 1024w, https:\/\/letsrebold.com\/wp-content\/uploads\/2022\/03\/usar-amazon-afiliados-336x204.jpg 336w, https:\/\/letsrebold.com\/wp-content\/uploads\/2022\/03\/usar-amazon-afiliados-360x219.jpg 360w, https:\/\/letsrebold.com\/wp-content\/uploads\/2022\/03\/usar-amazon-afiliados-578x351.jpg 578w, https:\/\/letsrebold.com\/wp-content\/uploads\/2022\/03\/usar-amazon-afiliados-629x382.jpg 629w, https:\/\/letsrebold.com\/wp-content\/uploads\/2022\/03\/usar-amazon-afiliados.jpg 1440w\" sizes=\"auto, (max-width: 989px) 100vw, 989px\" \/><\/a>\n                                <h2 class=\"post_meta\">\n                                                                                <a style=\"color: #e0094b\" class=\"post_tag\" href=\"?service=rebold-marketing\">Rebold Marketing<\/a>\n                                                                                                                                <a class=\"post_tag\" href=\"?topic=amazon\">Amazon<\/a>\n                                                                            <\/h2>\n                                <h3 class=\"post_title\"><a href=\"https:\/\/letsrebold.com\/es\/blog\/usar-amazon-afiliados\/\">Descubre qu\u00e9 es Amazon afiliados y c\u00f3mo empezar a utilizarlo paso a paso en tu negocio<\/a><\/h3>\n                                <a class=\"post_link\" href=\"https:\/\/letsrebold.com\/es\/blog\/usar-amazon-afiliados\/\"><span>Leer m\u00e1s<\/span> <span class=\"ico-right\">M\u00e1s informaci\u00f3n<\/span><\/a>\n                            <\/article>\n                                    <\/div>\n                                    <nav class=\"links links-right\" id=\"loadmore_34\">\n                        <div class=\"container\">\n                            <a href=\"#\" class=\"loadmore\" value=\"34\"><span>Cargar m\u00e1s<\/span> <span class=\"ico-right\"><\/span><\/a>\n                        <\/div>\n                    <\/nav>\n                            <\/div>\n                                <div id=\"page_35\" class=\"d-none\">\n                <div class=\"container posts\">\n                                                                        <article class=\"post rebold-marketing\">\n                                <a class=\"post_image\" href=\"https:\/\/letsrebold.com\/es\/blog\/checklist-de-google-my-business\/\"><img loading=\"lazy\" decoding=\"async\" width=\"989\" height=\"600\" src=\"https:\/\/letsrebold.com\/wp-content\/uploads\/2022\/03\/checklist-de-google-my-business-989x600.jpg\" class=\"attachment-img-header size-img-header wp-post-image\" alt=\"Checklist para optimizar Google My Business\" srcset=\"https:\/\/letsrebold.com\/wp-content\/uploads\/2022\/03\/checklist-de-google-my-business-989x600.jpg 989w, https:\/\/letsrebold.com\/wp-content\/uploads\/2022\/03\/checklist-de-google-my-business-300x182.jpg 300w, https:\/\/letsrebold.com\/wp-content\/uploads\/2022\/03\/checklist-de-google-my-business-768x466.jpg 768w, https:\/\/letsrebold.com\/wp-content\/uploads\/2022\/03\/checklist-de-google-my-business-1024x622.jpg 1024w, https:\/\/letsrebold.com\/wp-content\/uploads\/2022\/03\/checklist-de-google-my-business-336x204.jpg 336w, https:\/\/letsrebold.com\/wp-content\/uploads\/2022\/03\/checklist-de-google-my-business-360x219.jpg 360w, https:\/\/letsrebold.com\/wp-content\/uploads\/2022\/03\/checklist-de-google-my-business-578x351.jpg 578w, https:\/\/letsrebold.com\/wp-content\/uploads\/2022\/03\/checklist-de-google-my-business-629x382.jpg 629w, https:\/\/letsrebold.com\/wp-content\/uploads\/2022\/03\/checklist-de-google-my-business.jpg 1440w\" sizes=\"auto, (max-width: 989px) 100vw, 989px\" \/><\/a>\n                                <h2 class=\"post_meta\">\n                                                                                <a style=\"color: #e0094b\" class=\"post_tag\" href=\"?service=rebold-marketing\">Rebold Marketing<\/a>\n                                                                                                                                <a class=\"post_tag\" href=\"?topic=marketing-digital\">Marketing Digital<\/a>\n                                                                            <\/h2>\n                                <h3 class=\"post_title\"><a href=\"https:\/\/letsrebold.com\/es\/blog\/checklist-de-google-my-business\/\">Esta es la checklist para optimizar Google My Business que debes cumplir<\/a><\/h3>\n                                <a class=\"post_link\" href=\"https:\/\/letsrebold.com\/es\/blog\/checklist-de-google-my-business\/\"><span>Leer m\u00e1s<\/span> <span class=\"ico-right\">M\u00e1s informaci\u00f3n<\/span><\/a>\n                            <\/article>\n                                                                        <article class=\"post media-strategy-research, rebold-marketing\">\n                                <a class=\"post_image\" href=\"https:\/\/letsrebold.com\/es\/blog\/redes-sociales-en-2022\/\"><img loading=\"lazy\" decoding=\"async\" width=\"989\" height=\"600\" src=\"https:\/\/letsrebold.com\/wp-content\/uploads\/2022\/03\/redes-sociales-en-2022-1-989x600.jpg\" class=\"attachment-img-header size-img-header wp-post-image\" alt=\"Evoluci\u00f3n de redes sociales para 2022\" srcset=\"https:\/\/letsrebold.com\/wp-content\/uploads\/2022\/03\/redes-sociales-en-2022-1-989x600.jpg 989w, https:\/\/letsrebold.com\/wp-content\/uploads\/2022\/03\/redes-sociales-en-2022-1-300x182.jpg 300w, https:\/\/letsrebold.com\/wp-content\/uploads\/2022\/03\/redes-sociales-en-2022-1-768x466.jpg 768w, https:\/\/letsrebold.com\/wp-content\/uploads\/2022\/03\/redes-sociales-en-2022-1-1024x622.jpg 1024w, https:\/\/letsrebold.com\/wp-content\/uploads\/2022\/03\/redes-sociales-en-2022-1-336x204.jpg 336w, https:\/\/letsrebold.com\/wp-content\/uploads\/2022\/03\/redes-sociales-en-2022-1-360x219.jpg 360w, https:\/\/letsrebold.com\/wp-content\/uploads\/2022\/03\/redes-sociales-en-2022-1-578x351.jpg 578w, https:\/\/letsrebold.com\/wp-content\/uploads\/2022\/03\/redes-sociales-en-2022-1-629x382.jpg 629w, https:\/\/letsrebold.com\/wp-content\/uploads\/2022\/03\/redes-sociales-en-2022-1.jpg 1440w\" sizes=\"auto, (max-width: 989px) 100vw, 989px\" \/><\/a>\n                                <h2 class=\"post_meta\">\n                                                                                <a style=\"color: #e0094b\" class=\"post_tag\" href=\"?service=rebold-marketing\">Rebold Marketing<\/a>\n                                                                                                                                <a class=\"post_tag\" href=\"?topic=social-media\">Social Media<\/a>\n                                                                            <\/h2>\n                                <h3 class=\"post_title\"><a href=\"https:\/\/letsrebold.com\/es\/blog\/redes-sociales-en-2022\/\">La evoluci\u00f3n que se espera de las redes sociales para el 2022<\/a><\/h3>\n                                <a class=\"post_link\" href=\"https:\/\/letsrebold.com\/es\/blog\/redes-sociales-en-2022\/\"><span>Leer m\u00e1s<\/span> <span class=\"ico-right\">M\u00e1s informaci\u00f3n<\/span><\/a>\n                            <\/article>\n                                                                        <article class=\"post emailing-databases, rebold-marketing\">\n                                <a class=\"post_image\" href=\"https:\/\/letsrebold.com\/es\/blog\/optimizar-la-base-de-datos\/\"><img loading=\"lazy\" decoding=\"async\" width=\"989\" height=\"600\" src=\"https:\/\/letsrebold.com\/wp-content\/uploads\/2022\/03\/optimizar-la-base-de-datos-989x600.jpg\" class=\"attachment-img-header size-img-header wp-post-image\" alt=\"Optimizar base de datos de clientes\" srcset=\"https:\/\/letsrebold.com\/wp-content\/uploads\/2022\/03\/optimizar-la-base-de-datos-989x600.jpg 989w, https:\/\/letsrebold.com\/wp-content\/uploads\/2022\/03\/optimizar-la-base-de-datos-300x182.jpg 300w, https:\/\/letsrebold.com\/wp-content\/uploads\/2022\/03\/optimizar-la-base-de-datos-768x466.jpg 768w, https:\/\/letsrebold.com\/wp-content\/uploads\/2022\/03\/optimizar-la-base-de-datos-1024x622.jpg 1024w, https:\/\/letsrebold.com\/wp-content\/uploads\/2022\/03\/optimizar-la-base-de-datos-336x204.jpg 336w, https:\/\/letsrebold.com\/wp-content\/uploads\/2022\/03\/optimizar-la-base-de-datos-360x219.jpg 360w, https:\/\/letsrebold.com\/wp-content\/uploads\/2022\/03\/optimizar-la-base-de-datos-578x351.jpg 578w, https:\/\/letsrebold.com\/wp-content\/uploads\/2022\/03\/optimizar-la-base-de-datos-629x382.jpg 629w, https:\/\/letsrebold.com\/wp-content\/uploads\/2022\/03\/optimizar-la-base-de-datos.jpg 1440w\" sizes=\"auto, (max-width: 989px) 100vw, 989px\" \/><\/a>\n                                <h2 class=\"post_meta\">\n                                                                                <a style=\"color: #e0094b\" class=\"post_tag\" href=\"?service=rebold-marketing\">Rebold Marketing<\/a>\n                                                                                                                                <a class=\"post_tag\" href=\"?topic=bbdd-de-email-marketing\">BBDD de Email Marketing<\/a>\n                                                                            <\/h2>\n                                <h3 class=\"post_title\"><a href=\"https:\/\/letsrebold.com\/es\/blog\/optimizar-la-base-de-datos\/\">C\u00f3mo optimizar y sacar el m\u00e1ximo partido a tu base de datos de clientes<\/a><\/h3>\n                                <a class=\"post_link\" href=\"https:\/\/letsrebold.com\/es\/blog\/optimizar-la-base-de-datos\/\"><span>Leer m\u00e1s<\/span> <span class=\"ico-right\">M\u00e1s informaci\u00f3n<\/span><\/a>\n                            <\/article>\n                                                                        <article class=\"post rebold-marketing\">\n                                <a class=\"post_image\" href=\"https:\/\/letsrebold.com\/es\/blog\/b2b-marketplace\/\"><img loading=\"lazy\" decoding=\"async\" width=\"989\" height=\"600\" src=\"https:\/\/letsrebold.com\/wp-content\/uploads\/2022\/03\/b2b-marketplace-989x600.jpg\" class=\"attachment-img-header size-img-header wp-post-image\" alt=\"Qu\u00e9 es un B2B marketplace y por qu\u00e9 deber\u00edas formar parte de \u00e9l\" srcset=\"https:\/\/letsrebold.com\/wp-content\/uploads\/2022\/03\/b2b-marketplace-989x600.jpg 989w, https:\/\/letsrebold.com\/wp-content\/uploads\/2022\/03\/b2b-marketplace-300x182.jpg 300w, https:\/\/letsrebold.com\/wp-content\/uploads\/2022\/03\/b2b-marketplace-768x466.jpg 768w, https:\/\/letsrebold.com\/wp-content\/uploads\/2022\/03\/b2b-marketplace-1024x622.jpg 1024w, https:\/\/letsrebold.com\/wp-content\/uploads\/2022\/03\/b2b-marketplace-336x204.jpg 336w, https:\/\/letsrebold.com\/wp-content\/uploads\/2022\/03\/b2b-marketplace-360x219.jpg 360w, https:\/\/letsrebold.com\/wp-content\/uploads\/2022\/03\/b2b-marketplace-578x351.jpg 578w, https:\/\/letsrebold.com\/wp-content\/uploads\/2022\/03\/b2b-marketplace-629x382.jpg 629w, https:\/\/letsrebold.com\/wp-content\/uploads\/2022\/03\/b2b-marketplace.jpg 1440w\" sizes=\"auto, (max-width: 989px) 100vw, 989px\" \/><\/a>\n                                <h2 class=\"post_meta\">\n                                                                                <a style=\"color: #e0094b\" class=\"post_tag\" href=\"?service=rebold-marketing\">Rebold Marketing<\/a>\n                                                                                                                                <a class=\"post_tag\" href=\"?topic=marketplaces\">Marketplaces<\/a>\n                                                                            <\/h2>\n                                <h3 class=\"post_title\"><a href=\"https:\/\/letsrebold.com\/es\/blog\/b2b-marketplace\/\">Conoce qu\u00e9 es un B2B Marketplace y por qu\u00e9 tu negocio deber\u00eda formar parte de \u00e9l<\/a><\/h3>\n                                <a class=\"post_link\" href=\"https:\/\/letsrebold.com\/es\/blog\/b2b-marketplace\/\"><span>Leer m\u00e1s<\/span> <span class=\"ico-right\">M\u00e1s informaci\u00f3n<\/span><\/a>\n                            <\/article>\n                                                                        <article class=\"post rebold-marketing\">\n                                <a class=\"post_image\" href=\"https:\/\/letsrebold.com\/es\/blog\/usabilidad-web-y-el-neuromarketing\/\"><img loading=\"lazy\" decoding=\"async\" width=\"989\" height=\"600\" src=\"https:\/\/letsrebold.com\/wp-content\/uploads\/2022\/03\/usabilidad-web-y-el-neuromarketing-989x600.jpg\" class=\"attachment-img-header size-img-header wp-post-image\" alt=\"Usabilidad web y neuromarketing\" srcset=\"https:\/\/letsrebold.com\/wp-content\/uploads\/2022\/03\/usabilidad-web-y-el-neuromarketing-989x600.jpg 989w, https:\/\/letsrebold.com\/wp-content\/uploads\/2022\/03\/usabilidad-web-y-el-neuromarketing-300x182.jpg 300w, https:\/\/letsrebold.com\/wp-content\/uploads\/2022\/03\/usabilidad-web-y-el-neuromarketing-768x466.jpg 768w, https:\/\/letsrebold.com\/wp-content\/uploads\/2022\/03\/usabilidad-web-y-el-neuromarketing-1024x622.jpg 1024w, https:\/\/letsrebold.com\/wp-content\/uploads\/2022\/03\/usabilidad-web-y-el-neuromarketing-336x204.jpg 336w, https:\/\/letsrebold.com\/wp-content\/uploads\/2022\/03\/usabilidad-web-y-el-neuromarketing-360x219.jpg 360w, https:\/\/letsrebold.com\/wp-content\/uploads\/2022\/03\/usabilidad-web-y-el-neuromarketing-578x351.jpg 578w, https:\/\/letsrebold.com\/wp-content\/uploads\/2022\/03\/usabilidad-web-y-el-neuromarketing-629x382.jpg 629w, https:\/\/letsrebold.com\/wp-content\/uploads\/2022\/03\/usabilidad-web-y-el-neuromarketing.jpg 1440w\" sizes=\"auto, (max-width: 989px) 100vw, 989px\" \/><\/a>\n                                <h2 class=\"post_meta\">\n                                                                                <a style=\"color: #e0094b\" class=\"post_tag\" href=\"?service=rebold-marketing\">Rebold Marketing<\/a>\n                                                                                                                                <a class=\"post_tag\" href=\"?topic=marketing-digital\">Marketing Digital<\/a>\n                                                                            <\/h2>\n                                <h3 class=\"post_title\"><a href=\"https:\/\/letsrebold.com\/es\/blog\/usabilidad-web-y-el-neuromarketing\/\">Usabilidad web y neuromarketing: comb\u00ednalos y convierte usuarios en clientes<\/a><\/h3>\n                                <a class=\"post_link\" href=\"https:\/\/letsrebold.com\/es\/blog\/usabilidad-web-y-el-neuromarketing\/\"><span>Leer m\u00e1s<\/span> <span class=\"ico-right\">M\u00e1s informaci\u00f3n<\/span><\/a>\n                            <\/article>\n                                                                        <article class=\"post media-strategy-research, rebold-marketing\">\n                                <a class=\"post_image\" href=\"https:\/\/letsrebold.com\/es\/blog\/formatos-de-rich-media\/\"><img loading=\"lazy\" decoding=\"async\" width=\"989\" height=\"600\" src=\"https:\/\/letsrebold.com\/wp-content\/uploads\/2022\/03\/formatos-de-rich-media-989x600.jpg\" class=\"attachment-img-header size-img-header wp-post-image\" alt=\"Diferentes formatos de Rich Media y cu\u00e1l tiene mayores beneficios\" srcset=\"https:\/\/letsrebold.com\/wp-content\/uploads\/2022\/03\/formatos-de-rich-media-989x600.jpg 989w, https:\/\/letsrebold.com\/wp-content\/uploads\/2022\/03\/formatos-de-rich-media-300x182.jpg 300w, https:\/\/letsrebold.com\/wp-content\/uploads\/2022\/03\/formatos-de-rich-media-768x466.jpg 768w, https:\/\/letsrebold.com\/wp-content\/uploads\/2022\/03\/formatos-de-rich-media-1024x622.jpg 1024w, https:\/\/letsrebold.com\/wp-content\/uploads\/2022\/03\/formatos-de-rich-media-336x204.jpg 336w, https:\/\/letsrebold.com\/wp-content\/uploads\/2022\/03\/formatos-de-rich-media-360x219.jpg 360w, https:\/\/letsrebold.com\/wp-content\/uploads\/2022\/03\/formatos-de-rich-media-578x351.jpg 578w, https:\/\/letsrebold.com\/wp-content\/uploads\/2022\/03\/formatos-de-rich-media-629x382.jpg 629w, https:\/\/letsrebold.com\/wp-content\/uploads\/2022\/03\/formatos-de-rich-media.jpg 1440w\" sizes=\"auto, (max-width: 989px) 100vw, 989px\" \/><\/a>\n                                <h2 class=\"post_meta\">\n                                                                                <a style=\"color: #e0094b\" class=\"post_tag\" href=\"?service=rebold-marketing\">Rebold Marketing<\/a>\n                                                                                                                                <a class=\"post_tag\" href=\"?topic=rich-media\">Rich Media<\/a>\n                                                                            <\/h2>\n                                <h3 class=\"post_title\"><a href=\"https:\/\/letsrebold.com\/es\/blog\/formatos-de-rich-media\/\">Descubre los diferentes formatos de Rich Media y cu\u00e1l tiene mayores beneficios en cada momento<\/a><\/h3>\n                                <a class=\"post_link\" href=\"https:\/\/letsrebold.com\/es\/blog\/formatos-de-rich-media\/\"><span>Leer m\u00e1s<\/span> <span class=\"ico-right\">M\u00e1s informaci\u00f3n<\/span><\/a>\n                            <\/article>\n                                    <\/div>\n                                    <nav class=\"links links-right\" id=\"loadmore_35\">\n                        <div class=\"container\">\n                            <a href=\"#\" class=\"loadmore\" value=\"35\"><span>Cargar m\u00e1s<\/span> <span class=\"ico-right\"><\/span><\/a>\n                        <\/div>\n                    <\/nav>\n                            <\/div>\n                                <div id=\"page_36\" class=\"d-none\">\n                <div class=\"container posts\">\n                                                                        <article class=\"post rebold-marketing\">\n                                <a class=\"post_image\" href=\"https:\/\/letsrebold.com\/es\/blog\/inbound-marketing-2022\/\"><img loading=\"lazy\" decoding=\"async\" width=\"989\" height=\"600\" src=\"https:\/\/letsrebold.com\/wp-content\/uploads\/2022\/02\/inbound-marketing-2022-1-989x600.jpg\" class=\"attachment-img-header size-img-header wp-post-image\" alt=\"\" srcset=\"https:\/\/letsrebold.com\/wp-content\/uploads\/2022\/02\/inbound-marketing-2022-1-989x600.jpg 989w, https:\/\/letsrebold.com\/wp-content\/uploads\/2022\/02\/inbound-marketing-2022-1-300x182.jpg 300w, https:\/\/letsrebold.com\/wp-content\/uploads\/2022\/02\/inbound-marketing-2022-1-768x466.jpg 768w, https:\/\/letsrebold.com\/wp-content\/uploads\/2022\/02\/inbound-marketing-2022-1-1024x622.jpg 1024w, https:\/\/letsrebold.com\/wp-content\/uploads\/2022\/02\/inbound-marketing-2022-1-336x204.jpg 336w, https:\/\/letsrebold.com\/wp-content\/uploads\/2022\/02\/inbound-marketing-2022-1-360x219.jpg 360w, https:\/\/letsrebold.com\/wp-content\/uploads\/2022\/02\/inbound-marketing-2022-1-578x351.jpg 578w, https:\/\/letsrebold.com\/wp-content\/uploads\/2022\/02\/inbound-marketing-2022-1-629x382.jpg 629w, https:\/\/letsrebold.com\/wp-content\/uploads\/2022\/02\/inbound-marketing-2022-1.jpg 1440w\" sizes=\"auto, (max-width: 989px) 100vw, 989px\" \/><\/a>\n                                <h2 class=\"post_meta\">\n                                                                                <a style=\"color: #e0094b\" class=\"post_tag\" href=\"?service=rebold-marketing\">Rebold Marketing<\/a>\n                                                                                                                                <a class=\"post_tag\" href=\"?topic=inbound-marketing\">Inbound Marketing<\/a>\n                                                                            <\/h2>\n                                <h3 class=\"post_title\"><a href=\"https:\/\/letsrebold.com\/es\/blog\/inbound-marketing-2022\/\">Todo lo que debes saber para crear tu estrategia de Inbound Marketing en este 2022<\/a><\/h3>\n                                <a class=\"post_link\" href=\"https:\/\/letsrebold.com\/es\/blog\/inbound-marketing-2022\/\"><span>Leer m\u00e1s<\/span> <span class=\"ico-right\">M\u00e1s informaci\u00f3n<\/span><\/a>\n                            <\/article>\n                                                                        <article class=\"post content-seo, rebold-marketing\">\n                                <a class=\"post_image\" href=\"https:\/\/letsrebold.com\/es\/blog\/tipos-de-seo\/\"><img loading=\"lazy\" decoding=\"async\" width=\"989\" height=\"600\" src=\"https:\/\/letsrebold.com\/wp-content\/uploads\/2022\/02\/tipos-de-seo-989x600.jpg\" class=\"attachment-img-header size-img-header wp-post-image\" alt=\"Diferentes tipos de SEO: white hat SEO, grey hat SEO\" srcset=\"https:\/\/letsrebold.com\/wp-content\/uploads\/2022\/02\/tipos-de-seo-989x600.jpg 989w, https:\/\/letsrebold.com\/wp-content\/uploads\/2022\/02\/tipos-de-seo-300x182.jpg 300w, https:\/\/letsrebold.com\/wp-content\/uploads\/2022\/02\/tipos-de-seo-768x466.jpg 768w, https:\/\/letsrebold.com\/wp-content\/uploads\/2022\/02\/tipos-de-seo-1024x622.jpg 1024w, https:\/\/letsrebold.com\/wp-content\/uploads\/2022\/02\/tipos-de-seo-336x204.jpg 336w, https:\/\/letsrebold.com\/wp-content\/uploads\/2022\/02\/tipos-de-seo-360x219.jpg 360w, https:\/\/letsrebold.com\/wp-content\/uploads\/2022\/02\/tipos-de-seo-578x351.jpg 578w, https:\/\/letsrebold.com\/wp-content\/uploads\/2022\/02\/tipos-de-seo-629x382.jpg 629w, https:\/\/letsrebold.com\/wp-content\/uploads\/2022\/02\/tipos-de-seo.jpg 1440w\" sizes=\"auto, (max-width: 989px) 100vw, 989px\" \/><\/a>\n                                <h2 class=\"post_meta\">\n                                                                                <a style=\"color: #e0094b\" class=\"post_tag\" href=\"?service=rebold-marketing\">Rebold Marketing<\/a>\n                                                                                                                                <a class=\"post_tag\" href=\"?topic=seo\">SEO<\/a>\n                                                                            <\/h2>\n                                <h3 class=\"post_title\"><a href=\"https:\/\/letsrebold.com\/es\/blog\/tipos-de-seo\/\">White Hat SEO vs. Grey Hat SEO: Descubre los diferentes tipos de SEO y cu\u00e1l es mejor para tu negocio<\/a><\/h3>\n                                <a class=\"post_link\" href=\"https:\/\/letsrebold.com\/es\/blog\/tipos-de-seo\/\"><span>Leer m\u00e1s<\/span> <span class=\"ico-right\">M\u00e1s informaci\u00f3n<\/span><\/a>\n                            <\/article>\n                                                                        <article class=\"post rebold-marketing\">\n                                <a class=\"post_image\" href=\"https:\/\/letsrebold.com\/es\/blog\/estrategia-abm-para-b2b\/\"><img loading=\"lazy\" decoding=\"async\" width=\"989\" height=\"600\" src=\"https:\/\/letsrebold.com\/wp-content\/uploads\/2022\/02\/estrategia-abm-para-b2b-989x600.jpg\" class=\"attachment-img-header size-img-header wp-post-image\" alt=\"Ejemplos de estrategia ABM si tienes un B2B\" srcset=\"https:\/\/letsrebold.com\/wp-content\/uploads\/2022\/02\/estrategia-abm-para-b2b-989x600.jpg 989w, https:\/\/letsrebold.com\/wp-content\/uploads\/2022\/02\/estrategia-abm-para-b2b-300x182.jpg 300w, https:\/\/letsrebold.com\/wp-content\/uploads\/2022\/02\/estrategia-abm-para-b2b-768x466.jpg 768w, https:\/\/letsrebold.com\/wp-content\/uploads\/2022\/02\/estrategia-abm-para-b2b-1024x622.jpg 1024w, https:\/\/letsrebold.com\/wp-content\/uploads\/2022\/02\/estrategia-abm-para-b2b-336x204.jpg 336w, https:\/\/letsrebold.com\/wp-content\/uploads\/2022\/02\/estrategia-abm-para-b2b-360x219.jpg 360w, https:\/\/letsrebold.com\/wp-content\/uploads\/2022\/02\/estrategia-abm-para-b2b-578x351.jpg 578w, https:\/\/letsrebold.com\/wp-content\/uploads\/2022\/02\/estrategia-abm-para-b2b-629x382.jpg 629w, https:\/\/letsrebold.com\/wp-content\/uploads\/2022\/02\/estrategia-abm-para-b2b.jpg 1440w\" sizes=\"auto, (max-width: 989px) 100vw, 989px\" \/><\/a>\n                                <h2 class=\"post_meta\">\n                                                                                <a style=\"color: #e0094b\" class=\"post_tag\" href=\"?service=rebold-marketing\">Rebold Marketing<\/a>\n                                                                                                                                <a class=\"post_tag\" href=\"?topic=marketing-digital\">Marketing Digital<\/a>\n                                                                            <\/h2>\n                                <h3 class=\"post_title\"><a href=\"https:\/\/letsrebold.com\/es\/blog\/estrategia-abm-para-b2b\/\">4 ejemplos de una estrategia ABM si tienes un B2B<\/a><\/h3>\n                                <a class=\"post_link\" href=\"https:\/\/letsrebold.com\/es\/blog\/estrategia-abm-para-b2b\/\"><span>Leer m\u00e1s<\/span> <span class=\"ico-right\">M\u00e1s informaci\u00f3n<\/span><\/a>\n                            <\/article>\n                                                                        <article class=\"post rebold-marketing\">\n                                <a class=\"post_image\" href=\"https:\/\/letsrebold.com\/es\/blog\/que-es-d2c\/\"><img loading=\"lazy\" decoding=\"async\" width=\"989\" height=\"600\" src=\"https:\/\/letsrebold.com\/wp-content\/uploads\/2022\/02\/que-es-d2c-989x600.jpg\" class=\"attachment-img-header size-img-header wp-post-image\" alt=\"Qu\u00e9 es el D2C y c\u00f3mo te ayuda a conectar con el cliente\" srcset=\"https:\/\/letsrebold.com\/wp-content\/uploads\/2022\/02\/que-es-d2c-989x600.jpg 989w, https:\/\/letsrebold.com\/wp-content\/uploads\/2022\/02\/que-es-d2c-300x182.jpg 300w, https:\/\/letsrebold.com\/wp-content\/uploads\/2022\/02\/que-es-d2c-768x466.jpg 768w, https:\/\/letsrebold.com\/wp-content\/uploads\/2022\/02\/que-es-d2c-1024x622.jpg 1024w, https:\/\/letsrebold.com\/wp-content\/uploads\/2022\/02\/que-es-d2c-336x204.jpg 336w, https:\/\/letsrebold.com\/wp-content\/uploads\/2022\/02\/que-es-d2c-360x219.jpg 360w, https:\/\/letsrebold.com\/wp-content\/uploads\/2022\/02\/que-es-d2c-578x351.jpg 578w, https:\/\/letsrebold.com\/wp-content\/uploads\/2022\/02\/que-es-d2c-629x382.jpg 629w, https:\/\/letsrebold.com\/wp-content\/uploads\/2022\/02\/que-es-d2c.jpg 1440w\" sizes=\"auto, (max-width: 989px) 100vw, 989px\" \/><\/a>\n                                <h2 class=\"post_meta\">\n                                                                                <a style=\"color: #e0094b\" class=\"post_tag\" href=\"?service=rebold-marketing\">Rebold Marketing<\/a>\n                                                                                                                                <a class=\"post_tag\" href=\"?topic=ecommerce\">Ecommerce<\/a>\n                                                                            <\/h2>\n                                <h3 class=\"post_title\"><a href=\"https:\/\/letsrebold.com\/es\/blog\/que-es-d2c\/\">\u00bfQu\u00e9 es el D2C y c\u00f3mo puede ayudarte a conectar con el cliente?<\/a><\/h3>\n                                <a class=\"post_link\" href=\"https:\/\/letsrebold.com\/es\/blog\/que-es-d2c\/\"><span>Leer m\u00e1s<\/span> <span class=\"ico-right\">M\u00e1s informaci\u00f3n<\/span><\/a>\n                            <\/article>\n                                                                        <article class=\"post rebold-marketing\">\n                                <a class=\"post_image\" href=\"https:\/\/letsrebold.com\/es\/blog\/consejos-para-crear-infografias\/\"><img loading=\"lazy\" decoding=\"async\" width=\"989\" height=\"600\" src=\"https:\/\/letsrebold.com\/wp-content\/uploads\/2022\/02\/consejos-para-crear-infografias-989x600.jpg\" class=\"attachment-img-header size-img-header wp-post-image\" alt=\"Consejos para crear las mejores infograf\u00edas\" srcset=\"https:\/\/letsrebold.com\/wp-content\/uploads\/2022\/02\/consejos-para-crear-infografias-989x600.jpg 989w, https:\/\/letsrebold.com\/wp-content\/uploads\/2022\/02\/consejos-para-crear-infografias-300x182.jpg 300w, https:\/\/letsrebold.com\/wp-content\/uploads\/2022\/02\/consejos-para-crear-infografias-768x466.jpg 768w, https:\/\/letsrebold.com\/wp-content\/uploads\/2022\/02\/consejos-para-crear-infografias-1024x622.jpg 1024w, https:\/\/letsrebold.com\/wp-content\/uploads\/2022\/02\/consejos-para-crear-infografias-336x204.jpg 336w, https:\/\/letsrebold.com\/wp-content\/uploads\/2022\/02\/consejos-para-crear-infografias-360x219.jpg 360w, https:\/\/letsrebold.com\/wp-content\/uploads\/2022\/02\/consejos-para-crear-infografias-578x351.jpg 578w, https:\/\/letsrebold.com\/wp-content\/uploads\/2022\/02\/consejos-para-crear-infografias-629x382.jpg 629w, https:\/\/letsrebold.com\/wp-content\/uploads\/2022\/02\/consejos-para-crear-infografias.jpg 1440w\" sizes=\"auto, (max-width: 989px) 100vw, 989px\" \/><\/a>\n                                <h2 class=\"post_meta\">\n                                                                                <a style=\"color: #e0094b\" class=\"post_tag\" href=\"?service=rebold-marketing\">Rebold Marketing<\/a>\n                                                                                                                                <a class=\"post_tag\" href=\"?topic=marketing-digital\">Marketing Digital<\/a>\n                                                                            <\/h2>\n                                <h3 class=\"post_title\"><a href=\"https:\/\/letsrebold.com\/es\/blog\/consejos-para-crear-infografias\/\">8 consejos para crear las mejores infograf\u00edas para tu negocio<\/a><\/h3>\n                                <a class=\"post_link\" href=\"https:\/\/letsrebold.com\/es\/blog\/consejos-para-crear-infografias\/\"><span>Leer m\u00e1s<\/span> <span class=\"ico-right\">M\u00e1s informaci\u00f3n<\/span><\/a>\n                            <\/article>\n                                                                        <article class=\"post media-strategy-research, rebold-marketing\">\n                                <a class=\"post_image\" href=\"https:\/\/letsrebold.com\/es\/blog\/anadir-live-shopping-a-tu-estrategia\/\"><img loading=\"lazy\" decoding=\"async\" width=\"989\" height=\"600\" src=\"https:\/\/letsrebold.com\/wp-content\/uploads\/2022\/02\/anadir-live-shopping-a-tu-estrategia-1-989x600.jpg\" class=\"attachment-img-header size-img-header wp-post-image\" alt=\"Qu\u00e9 necesitas saber sobre el Live Shopping si quieres a\u00f1adirlo a tu estrategia.\" srcset=\"https:\/\/letsrebold.com\/wp-content\/uploads\/2022\/02\/anadir-live-shopping-a-tu-estrategia-1-989x600.jpg 989w, https:\/\/letsrebold.com\/wp-content\/uploads\/2022\/02\/anadir-live-shopping-a-tu-estrategia-1-300x182.jpg 300w, https:\/\/letsrebold.com\/wp-content\/uploads\/2022\/02\/anadir-live-shopping-a-tu-estrategia-1-768x466.jpg 768w, https:\/\/letsrebold.com\/wp-content\/uploads\/2022\/02\/anadir-live-shopping-a-tu-estrategia-1-1024x622.jpg 1024w, https:\/\/letsrebold.com\/wp-content\/uploads\/2022\/02\/anadir-live-shopping-a-tu-estrategia-1-336x204.jpg 336w, https:\/\/letsrebold.com\/wp-content\/uploads\/2022\/02\/anadir-live-shopping-a-tu-estrategia-1-360x219.jpg 360w, https:\/\/letsrebold.com\/wp-content\/uploads\/2022\/02\/anadir-live-shopping-a-tu-estrategia-1-578x351.jpg 578w, https:\/\/letsrebold.com\/wp-content\/uploads\/2022\/02\/anadir-live-shopping-a-tu-estrategia-1-629x382.jpg 629w, https:\/\/letsrebold.com\/wp-content\/uploads\/2022\/02\/anadir-live-shopping-a-tu-estrategia-1.jpg 1440w\" sizes=\"auto, (max-width: 989px) 100vw, 989px\" \/><\/a>\n                                <h2 class=\"post_meta\">\n                                                                                <a style=\"color: #e0094b\" class=\"post_tag\" href=\"?service=rebold-marketing\">Rebold Marketing<\/a>\n                                                                                                                                <a class=\"post_tag\" href=\"?topic=social-media\">Social Media<\/a>\n                                                                            <\/h2>\n                                <h3 class=\"post_title\"><a href=\"https:\/\/letsrebold.com\/es\/blog\/anadir-live-shopping-a-tu-estrategia\/\">Descubre todo lo que necesitas saber sobre el Live Shopping si quieres a\u00f1adirlo a tu estrategia<\/a><\/h3>\n                                <a class=\"post_link\" href=\"https:\/\/letsrebold.com\/es\/blog\/anadir-live-shopping-a-tu-estrategia\/\"><span>Leer m\u00e1s<\/span> <span class=\"ico-right\">M\u00e1s informaci\u00f3n<\/span><\/a>\n                            <\/article>\n                                    <\/div>\n                                    <nav class=\"links links-right\" id=\"loadmore_36\">\n                        <div class=\"container\">\n                            <a href=\"#\" class=\"loadmore\" value=\"36\"><span>Cargar m\u00e1s<\/span> <span class=\"ico-right\"><\/span><\/a>\n                        <\/div>\n                    <\/nav>\n                            <\/div>\n                                <div id=\"page_37\" class=\"d-none\">\n                <div class=\"container posts\">\n                                                                        <article class=\"post \">\n                                <a class=\"post_image\" href=\"https:\/\/letsrebold.com\/es\/blog\/campanas-gaming-mas-exito-ano-pasado\/\"><img loading=\"lazy\" decoding=\"async\" width=\"989\" height=\"600\" src=\"https:\/\/letsrebold.com\/wp-content\/uploads\/2022\/02\/campanas-gaming-mas-exito-ano-pasado-989x600.jpg\" class=\"attachment-img-header size-img-header wp-post-image\" alt=\"Campa\u00f1as gaming con m\u00e1s \u00e9xito del 2021\" srcset=\"https:\/\/letsrebold.com\/wp-content\/uploads\/2022\/02\/campanas-gaming-mas-exito-ano-pasado-989x600.jpg 989w, https:\/\/letsrebold.com\/wp-content\/uploads\/2022\/02\/campanas-gaming-mas-exito-ano-pasado-300x182.jpg 300w, https:\/\/letsrebold.com\/wp-content\/uploads\/2022\/02\/campanas-gaming-mas-exito-ano-pasado-768x466.jpg 768w, https:\/\/letsrebold.com\/wp-content\/uploads\/2022\/02\/campanas-gaming-mas-exito-ano-pasado-1024x622.jpg 1024w, https:\/\/letsrebold.com\/wp-content\/uploads\/2022\/02\/campanas-gaming-mas-exito-ano-pasado-336x204.jpg 336w, https:\/\/letsrebold.com\/wp-content\/uploads\/2022\/02\/campanas-gaming-mas-exito-ano-pasado-360x219.jpg 360w, https:\/\/letsrebold.com\/wp-content\/uploads\/2022\/02\/campanas-gaming-mas-exito-ano-pasado-578x351.jpg 578w, https:\/\/letsrebold.com\/wp-content\/uploads\/2022\/02\/campanas-gaming-mas-exito-ano-pasado-629x382.jpg 629w, https:\/\/letsrebold.com\/wp-content\/uploads\/2022\/02\/campanas-gaming-mas-exito-ano-pasado.jpg 1440w\" sizes=\"auto, (max-width: 989px) 100vw, 989px\" \/><\/a>\n                                <h2 class=\"post_meta\">\n                                                                                                                        <a class=\"post_tag\" href=\"?topic=esports-amp\">Esports &amp;amp<\/a>\n                                                                            <\/h2>\n                                <h3 class=\"post_title\"><a href=\"https:\/\/letsrebold.com\/es\/blog\/campanas-gaming-mas-exito-ano-pasado\/\">Estas son las 8 campa\u00f1as gaming que m\u00e1s \u00e9xito tuvieron el a\u00f1o pasado<\/a><\/h3>\n                                <a class=\"post_link\" href=\"https:\/\/letsrebold.com\/es\/blog\/campanas-gaming-mas-exito-ano-pasado\/\"><span>Leer m\u00e1s<\/span> <span class=\"ico-right\">M\u00e1s informaci\u00f3n<\/span><\/a>\n                            <\/article>\n                                                                        <article class=\"post rebold-marketing\">\n                                <a class=\"post_image\" href=\"https:\/\/letsrebold.com\/es\/blog\/branding-vs-performance\/\"><img loading=\"lazy\" decoding=\"async\" width=\"989\" height=\"600\" src=\"https:\/\/letsrebold.com\/wp-content\/uploads\/2022\/02\/branding-vs-performance-989x600.jpg\" class=\"attachment-img-header size-img-header wp-post-image\" alt=\"Branding vs. performance: c\u00f3mo integrarlos en tu estrategia\" srcset=\"https:\/\/letsrebold.com\/wp-content\/uploads\/2022\/02\/branding-vs-performance-989x600.jpg 989w, https:\/\/letsrebold.com\/wp-content\/uploads\/2022\/02\/branding-vs-performance-300x182.jpg 300w, https:\/\/letsrebold.com\/wp-content\/uploads\/2022\/02\/branding-vs-performance-768x466.jpg 768w, https:\/\/letsrebold.com\/wp-content\/uploads\/2022\/02\/branding-vs-performance-1024x622.jpg 1024w, https:\/\/letsrebold.com\/wp-content\/uploads\/2022\/02\/branding-vs-performance-336x204.jpg 336w, https:\/\/letsrebold.com\/wp-content\/uploads\/2022\/02\/branding-vs-performance-360x219.jpg 360w, https:\/\/letsrebold.com\/wp-content\/uploads\/2022\/02\/branding-vs-performance-578x351.jpg 578w, https:\/\/letsrebold.com\/wp-content\/uploads\/2022\/02\/branding-vs-performance-629x382.jpg 629w, https:\/\/letsrebold.com\/wp-content\/uploads\/2022\/02\/branding-vs-performance.jpg 1440w\" sizes=\"auto, (max-width: 989px) 100vw, 989px\" \/><\/a>\n                                <h2 class=\"post_meta\">\n                                                                                <a style=\"color: #e0094b\" class=\"post_tag\" href=\"?service=rebold-marketing\">Rebold Marketing<\/a>\n                                                                                                                                <a class=\"post_tag\" href=\"?topic=marketing-digital\">Marketing Digital<\/a>\n                                                                            <\/h2>\n                                <h3 class=\"post_title\"><a href=\"https:\/\/letsrebold.com\/es\/blog\/branding-vs-performance\/\">Branding vs. Performance: cu\u00e1l es la diferencia y c\u00f3mo puedes integrarlos en tu estrategia<\/a><\/h3>\n                                <a class=\"post_link\" href=\"https:\/\/letsrebold.com\/es\/blog\/branding-vs-performance\/\"><span>Leer m\u00e1s<\/span> <span class=\"ico-right\">M\u00e1s informaci\u00f3n<\/span><\/a>\n                            <\/article>\n                                                                        <article class=\"post rebold-marketing\">\n                                <a class=\"post_image\" href=\"https:\/\/letsrebold.com\/es\/blog\/puntos-clave-para-ecommerce-2022\/\"><img loading=\"lazy\" decoding=\"async\" width=\"989\" height=\"600\" src=\"https:\/\/letsrebold.com\/wp-content\/uploads\/2022\/02\/puntos-clave-para-ecommerce-2022-989x600.jpg\" class=\"attachment-img-header size-img-header wp-post-image\" alt=\"Puntos clave para que tu ecommerce triunfe en 2022\" srcset=\"https:\/\/letsrebold.com\/wp-content\/uploads\/2022\/02\/puntos-clave-para-ecommerce-2022-989x600.jpg 989w, https:\/\/letsrebold.com\/wp-content\/uploads\/2022\/02\/puntos-clave-para-ecommerce-2022-300x182.jpg 300w, https:\/\/letsrebold.com\/wp-content\/uploads\/2022\/02\/puntos-clave-para-ecommerce-2022-768x466.jpg 768w, https:\/\/letsrebold.com\/wp-content\/uploads\/2022\/02\/puntos-clave-para-ecommerce-2022-1024x622.jpg 1024w, https:\/\/letsrebold.com\/wp-content\/uploads\/2022\/02\/puntos-clave-para-ecommerce-2022-336x204.jpg 336w, https:\/\/letsrebold.com\/wp-content\/uploads\/2022\/02\/puntos-clave-para-ecommerce-2022-360x219.jpg 360w, https:\/\/letsrebold.com\/wp-content\/uploads\/2022\/02\/puntos-clave-para-ecommerce-2022-578x351.jpg 578w, https:\/\/letsrebold.com\/wp-content\/uploads\/2022\/02\/puntos-clave-para-ecommerce-2022-629x382.jpg 629w, https:\/\/letsrebold.com\/wp-content\/uploads\/2022\/02\/puntos-clave-para-ecommerce-2022.jpg 1440w\" sizes=\"auto, (max-width: 989px) 100vw, 989px\" \/><\/a>\n                                <h2 class=\"post_meta\">\n                                                                                <a style=\"color: #e0094b\" class=\"post_tag\" href=\"?service=rebold-marketing\">Rebold Marketing<\/a>\n                                                                                                                                <a class=\"post_tag\" href=\"?topic=ecommerce\">Ecommerce<\/a>\n                                                                            <\/h2>\n                                <h3 class=\"post_title\"><a href=\"https:\/\/letsrebold.com\/es\/blog\/puntos-clave-para-ecommerce-2022\/\">Puntos clave para que tu ecommerce triunfe este 2022<\/a><\/h3>\n                                <a class=\"post_link\" href=\"https:\/\/letsrebold.com\/es\/blog\/puntos-clave-para-ecommerce-2022\/\"><span>Leer m\u00e1s<\/span> <span class=\"ico-right\">M\u00e1s informaci\u00f3n<\/span><\/a>\n                            <\/article>\n                                                                        <article class=\"post estudios-de-reputacion, rebold-communication\">\n                                <a class=\"post_image\" href=\"https:\/\/letsrebold.com\/es\/blog\/comunidades-de-marca-en-discord\/\"><img loading=\"lazy\" decoding=\"async\" width=\"944\" height=\"600\" src=\"https:\/\/letsrebold.com\/wp-content\/uploads\/2022\/06\/comunidades-de-marca-en-discord-inicio-944x600.jpg\" class=\"attachment-img-header size-img-header wp-post-image\" alt=\"Mejores comunidades de marca en Discord\" srcset=\"https:\/\/letsrebold.com\/wp-content\/uploads\/2022\/06\/comunidades-de-marca-en-discord-inicio-944x600.jpg 944w, https:\/\/letsrebold.com\/wp-content\/uploads\/2022\/06\/comunidades-de-marca-en-discord-inicio-300x191.jpg 300w, https:\/\/letsrebold.com\/wp-content\/uploads\/2022\/06\/comunidades-de-marca-en-discord-inicio-768x488.jpg 768w, https:\/\/letsrebold.com\/wp-content\/uploads\/2022\/06\/comunidades-de-marca-en-discord-inicio-1024x651.jpg 1024w, https:\/\/letsrebold.com\/wp-content\/uploads\/2022\/06\/comunidades-de-marca-en-discord-inicio-321x204.jpg 321w, https:\/\/letsrebold.com\/wp-content\/uploads\/2022\/06\/comunidades-de-marca-en-discord-inicio-360x229.jpg 360w, https:\/\/letsrebold.com\/wp-content\/uploads\/2022\/06\/comunidades-de-marca-en-discord-inicio-552x351.jpg 552w, https:\/\/letsrebold.com\/wp-content\/uploads\/2022\/06\/comunidades-de-marca-en-discord-inicio-601x382.jpg 601w, https:\/\/letsrebold.com\/wp-content\/uploads\/2022\/06\/comunidades-de-marca-en-discord-inicio.jpg 1200w\" sizes=\"auto, (max-width: 944px) 100vw, 944px\" \/><\/a>\n                                <h2 class=\"post_meta\">\n                                                                                <a style=\"color: #5ac4bb\" class=\"post_tag\" href=\"?service=rebold-communication\">Rebold Communication<\/a>\n                                                                                                                                <a class=\"post_tag\" href=\"?topic=comunidades-de-marca\">Comunidades de marca<\/a>\n                                                                            <\/h2>\n                                <h3 class=\"post_title\"><a href=\"https:\/\/letsrebold.com\/es\/blog\/comunidades-de-marca-en-discord\/\">Descubre las mejores comunidades de marca en Discord<\/a><\/h3>\n                                <a class=\"post_link\" href=\"https:\/\/letsrebold.com\/es\/blog\/comunidades-de-marca-en-discord\/\"><span>Leer m\u00e1s<\/span> <span class=\"ico-right\">M\u00e1s informaci\u00f3n<\/span><\/a>\n                            <\/article>\n                                                                        <article class=\"post rebold-shakers\">\n                                <a class=\"post_image\" href=\"https:\/\/letsrebold.com\/es\/blog\/ejemplos-de-publicidad-en-metaverso\/\"><img loading=\"lazy\" decoding=\"async\" width=\"989\" height=\"600\" src=\"https:\/\/letsrebold.com\/wp-content\/uploads\/2022\/02\/ejemplos-de-publicidad-en-metaverso-989x600.jpg\" class=\"attachment-img-header size-img-header wp-post-image\" alt=\"Ejemplos de publicidad en Metaverso\" srcset=\"https:\/\/letsrebold.com\/wp-content\/uploads\/2022\/02\/ejemplos-de-publicidad-en-metaverso-989x600.jpg 989w, https:\/\/letsrebold.com\/wp-content\/uploads\/2022\/02\/ejemplos-de-publicidad-en-metaverso-300x182.jpg 300w, https:\/\/letsrebold.com\/wp-content\/uploads\/2022\/02\/ejemplos-de-publicidad-en-metaverso-768x466.jpg 768w, https:\/\/letsrebold.com\/wp-content\/uploads\/2022\/02\/ejemplos-de-publicidad-en-metaverso-1024x622.jpg 1024w, https:\/\/letsrebold.com\/wp-content\/uploads\/2022\/02\/ejemplos-de-publicidad-en-metaverso-336x204.jpg 336w, https:\/\/letsrebold.com\/wp-content\/uploads\/2022\/02\/ejemplos-de-publicidad-en-metaverso-360x219.jpg 360w, https:\/\/letsrebold.com\/wp-content\/uploads\/2022\/02\/ejemplos-de-publicidad-en-metaverso-578x351.jpg 578w, https:\/\/letsrebold.com\/wp-content\/uploads\/2022\/02\/ejemplos-de-publicidad-en-metaverso-629x382.jpg 629w, https:\/\/letsrebold.com\/wp-content\/uploads\/2022\/02\/ejemplos-de-publicidad-en-metaverso.jpg 1440w\" sizes=\"auto, (max-width: 989px) 100vw, 989px\" \/><\/a>\n                                <h2 class=\"post_meta\">\n                                                                                <a style=\"color: #7d38ed\" class=\"post_tag\" href=\"?service=rebold-shakers\">Rebold Shakers<\/a>\n                                                                                                                                <a class=\"post_tag\" href=\"?topic=innovacion\">Innovaci\u00f3n<\/a>\n                                                                            <\/h2>\n                                <h3 class=\"post_title\"><a href=\"https:\/\/letsrebold.com\/es\/blog\/ejemplos-de-publicidad-en-metaverso\/\">Publicidad en Metaverso: Ejemplos para llevar a tu marca a otra dimensi\u00f3n<\/a><\/h3>\n                                <a class=\"post_link\" href=\"https:\/\/letsrebold.com\/es\/blog\/ejemplos-de-publicidad-en-metaverso\/\"><span>Leer m\u00e1s<\/span> <span class=\"ico-right\">M\u00e1s informaci\u00f3n<\/span><\/a>\n                            <\/article>\n                                                                        <article class=\"post rebold-marketing\">\n                                <a class=\"post_image\" href=\"https:\/\/letsrebold.com\/es\/blog\/tendencias-en-el-mercado-publicitario-2022\/\"><img loading=\"lazy\" decoding=\"async\" width=\"989\" height=\"600\" src=\"https:\/\/letsrebold.com\/wp-content\/uploads\/2022\/02\/tendencias-en-el-mercado-publicitario-2022-989x600.jpg\" class=\"attachment-img-header size-img-header wp-post-image\" alt=\"Tendencias en el mercado publicitario 2022\" srcset=\"https:\/\/letsrebold.com\/wp-content\/uploads\/2022\/02\/tendencias-en-el-mercado-publicitario-2022-989x600.jpg 989w, https:\/\/letsrebold.com\/wp-content\/uploads\/2022\/02\/tendencias-en-el-mercado-publicitario-2022-300x182.jpg 300w, https:\/\/letsrebold.com\/wp-content\/uploads\/2022\/02\/tendencias-en-el-mercado-publicitario-2022-768x466.jpg 768w, https:\/\/letsrebold.com\/wp-content\/uploads\/2022\/02\/tendencias-en-el-mercado-publicitario-2022-1024x622.jpg 1024w, https:\/\/letsrebold.com\/wp-content\/uploads\/2022\/02\/tendencias-en-el-mercado-publicitario-2022-336x204.jpg 336w, https:\/\/letsrebold.com\/wp-content\/uploads\/2022\/02\/tendencias-en-el-mercado-publicitario-2022-360x219.jpg 360w, https:\/\/letsrebold.com\/wp-content\/uploads\/2022\/02\/tendencias-en-el-mercado-publicitario-2022-578x351.jpg 578w, https:\/\/letsrebold.com\/wp-content\/uploads\/2022\/02\/tendencias-en-el-mercado-publicitario-2022-629x382.jpg 629w, https:\/\/letsrebold.com\/wp-content\/uploads\/2022\/02\/tendencias-en-el-mercado-publicitario-2022.jpg 1440w\" sizes=\"auto, (max-width: 989px) 100vw, 989px\" \/><\/a>\n                                <h2 class=\"post_meta\">\n                                                                                <a style=\"color: #e0094b\" class=\"post_tag\" href=\"?service=rebold-marketing\">Rebold Marketing<\/a>\n                                                                                                                                <a class=\"post_tag\" href=\"?topic=marketing-digital\">Marketing Digital<\/a>\n                                                                            <\/h2>\n                                <h3 class=\"post_title\"><a href=\"https:\/\/letsrebold.com\/es\/blog\/tendencias-en-el-mercado-publicitario-2022\/\">Tendencias en el mercado publicitario que no debes dejar escapar en 2022<\/a><\/h3>\n                                <a class=\"post_link\" href=\"https:\/\/letsrebold.com\/es\/blog\/tendencias-en-el-mercado-publicitario-2022\/\"><span>Leer m\u00e1s<\/span> <span class=\"ico-right\">M\u00e1s informaci\u00f3n<\/span><\/a>\n                            <\/article>\n                                    <\/div>\n                                    <nav class=\"links links-right\" id=\"loadmore_37\">\n                        <div class=\"container\">\n                            <a href=\"#\" class=\"loadmore\" value=\"37\"><span>Cargar m\u00e1s<\/span> <span class=\"ico-right\"><\/span><\/a>\n                        <\/div>\n                    <\/nav>\n                            <\/div>\n                                <div id=\"page_38\" class=\"d-none\">\n                <div class=\"container posts\">\n                                                                        <article class=\"post rebold-marketing\">\n                                <a class=\"post_image\" href=\"https:\/\/letsrebold.com\/es\/blog\/que-son-los-neuroprecios\/\"><img loading=\"lazy\" decoding=\"async\" width=\"989\" height=\"600\" src=\"https:\/\/letsrebold.com\/wp-content\/uploads\/2022\/01\/que-son-los-neuroprecios-989x600.jpg\" class=\"attachment-img-header size-img-header wp-post-image\" alt=\"Qu\u00e9 son los neuroprecios\" srcset=\"https:\/\/letsrebold.com\/wp-content\/uploads\/2022\/01\/que-son-los-neuroprecios-989x600.jpg 989w, https:\/\/letsrebold.com\/wp-content\/uploads\/2022\/01\/que-son-los-neuroprecios-300x182.jpg 300w, https:\/\/letsrebold.com\/wp-content\/uploads\/2022\/01\/que-son-los-neuroprecios-768x466.jpg 768w, https:\/\/letsrebold.com\/wp-content\/uploads\/2022\/01\/que-son-los-neuroprecios-1024x622.jpg 1024w, https:\/\/letsrebold.com\/wp-content\/uploads\/2022\/01\/que-son-los-neuroprecios-336x204.jpg 336w, https:\/\/letsrebold.com\/wp-content\/uploads\/2022\/01\/que-son-los-neuroprecios-360x219.jpg 360w, https:\/\/letsrebold.com\/wp-content\/uploads\/2022\/01\/que-son-los-neuroprecios-578x351.jpg 578w, https:\/\/letsrebold.com\/wp-content\/uploads\/2022\/01\/que-son-los-neuroprecios-629x382.jpg 629w, https:\/\/letsrebold.com\/wp-content\/uploads\/2022\/01\/que-son-los-neuroprecios.jpg 1440w\" sizes=\"auto, (max-width: 989px) 100vw, 989px\" \/><\/a>\n                                <h2 class=\"post_meta\">\n                                                                                <a style=\"color: #e0094b\" class=\"post_tag\" href=\"?service=rebold-marketing\">Rebold Marketing<\/a>\n                                                                                                                                <a class=\"post_tag\" href=\"?topic=marketing-digital\">Marketing Digital<\/a>\n                                                                            <\/h2>\n                                <h3 class=\"post_title\"><a href=\"https:\/\/letsrebold.com\/es\/blog\/que-son-los-neuroprecios\/\">Qu\u00e9 son los Neuroprecios y c\u00f3mo pueden ayudar a aumentar las ventas de tu tienda<\/a><\/h3>\n                                <a class=\"post_link\" href=\"https:\/\/letsrebold.com\/es\/blog\/que-son-los-neuroprecios\/\"><span>Leer m\u00e1s<\/span> <span class=\"ico-right\">M\u00e1s informaci\u00f3n<\/span><\/a>\n                            <\/article>\n                                                                        <article class=\"post rebold-marketing\">\n                                <a class=\"post_image\" href=\"https:\/\/letsrebold.com\/es\/blog\/marketing-smb\/\"><img loading=\"lazy\" decoding=\"async\" width=\"989\" height=\"600\" src=\"https:\/\/letsrebold.com\/wp-content\/uploads\/2022\/01\/marketing-smb-989x600.jpg\" class=\"attachment-img-header size-img-header wp-post-image\" alt=\"Estrategia efectiva marketing SBM\" srcset=\"https:\/\/letsrebold.com\/wp-content\/uploads\/2022\/01\/marketing-smb-989x600.jpg 989w, https:\/\/letsrebold.com\/wp-content\/uploads\/2022\/01\/marketing-smb-300x182.jpg 300w, https:\/\/letsrebold.com\/wp-content\/uploads\/2022\/01\/marketing-smb-768x466.jpg 768w, https:\/\/letsrebold.com\/wp-content\/uploads\/2022\/01\/marketing-smb-1024x622.jpg 1024w, https:\/\/letsrebold.com\/wp-content\/uploads\/2022\/01\/marketing-smb-336x204.jpg 336w, https:\/\/letsrebold.com\/wp-content\/uploads\/2022\/01\/marketing-smb-360x219.jpg 360w, https:\/\/letsrebold.com\/wp-content\/uploads\/2022\/01\/marketing-smb-578x351.jpg 578w, https:\/\/letsrebold.com\/wp-content\/uploads\/2022\/01\/marketing-smb-629x382.jpg 629w, https:\/\/letsrebold.com\/wp-content\/uploads\/2022\/01\/marketing-smb.jpg 1440w\" sizes=\"auto, (max-width: 989px) 100vw, 989px\" \/><\/a>\n                                <h2 class=\"post_meta\">\n                                                                                <a style=\"color: #e0094b\" class=\"post_tag\" href=\"?service=rebold-marketing\">Rebold Marketing<\/a>\n                                                                                                                                <a class=\"post_tag\" href=\"?topic=marketing-digital\">Marketing Digital<\/a>\n                                                                            <\/h2>\n                                <h3 class=\"post_title\"><a href=\"https:\/\/letsrebold.com\/es\/blog\/marketing-smb\/\">Marketing SMB: 9 t\u00e1cticas para crear una estrategia efectiva<\/a><\/h3>\n                                <a class=\"post_link\" href=\"https:\/\/letsrebold.com\/es\/blog\/marketing-smb\/\"><span>Leer m\u00e1s<\/span> <span class=\"ico-right\">M\u00e1s informaci\u00f3n<\/span><\/a>\n                            <\/article>\n                                                                        <article class=\"post rebold-marketing\">\n                                <a class=\"post_image\" href=\"https:\/\/letsrebold.com\/es\/blog\/infoproductos-mas-populares-de-2022\/\"><img loading=\"lazy\" decoding=\"async\" width=\"989\" height=\"600\" src=\"https:\/\/letsrebold.com\/wp-content\/uploads\/2022\/01\/infoproductos-mas-populares-de-2022-989x600.jpg\" class=\"attachment-img-header size-img-header wp-post-image\" alt=\"infoproductos m\u00e1s populares 2022\" srcset=\"https:\/\/letsrebold.com\/wp-content\/uploads\/2022\/01\/infoproductos-mas-populares-de-2022-989x600.jpg 989w, https:\/\/letsrebold.com\/wp-content\/uploads\/2022\/01\/infoproductos-mas-populares-de-2022-300x182.jpg 300w, https:\/\/letsrebold.com\/wp-content\/uploads\/2022\/01\/infoproductos-mas-populares-de-2022-768x466.jpg 768w, https:\/\/letsrebold.com\/wp-content\/uploads\/2022\/01\/infoproductos-mas-populares-de-2022-1024x622.jpg 1024w, https:\/\/letsrebold.com\/wp-content\/uploads\/2022\/01\/infoproductos-mas-populares-de-2022-336x204.jpg 336w, https:\/\/letsrebold.com\/wp-content\/uploads\/2022\/01\/infoproductos-mas-populares-de-2022-360x219.jpg 360w, https:\/\/letsrebold.com\/wp-content\/uploads\/2022\/01\/infoproductos-mas-populares-de-2022-578x351.jpg 578w, https:\/\/letsrebold.com\/wp-content\/uploads\/2022\/01\/infoproductos-mas-populares-de-2022-629x382.jpg 629w, https:\/\/letsrebold.com\/wp-content\/uploads\/2022\/01\/infoproductos-mas-populares-de-2022.jpg 1440w\" sizes=\"auto, (max-width: 989px) 100vw, 989px\" \/><\/a>\n                                <h2 class=\"post_meta\">\n                                                                                <a style=\"color: #e0094b\" class=\"post_tag\" href=\"?service=rebold-marketing\">Rebold Marketing<\/a>\n                                                                                                                                <a class=\"post_tag\" href=\"?topic=marketing-digital\">Marketing Digital<\/a>\n                                                                            <\/h2>\n                                <h3 class=\"post_title\"><a href=\"https:\/\/letsrebold.com\/es\/blog\/infoproductos-mas-populares-de-2022\/\">Los 6 infoproductos m\u00e1s populares que deber\u00edas vender en 2022<\/a><\/h3>\n                                <a class=\"post_link\" href=\"https:\/\/letsrebold.com\/es\/blog\/infoproductos-mas-populares-de-2022\/\"><span>Leer m\u00e1s<\/span> <span class=\"ico-right\">M\u00e1s informaci\u00f3n<\/span><\/a>\n                            <\/article>\n                                                                        <article class=\"post rebold-marketing\">\n                                <a class=\"post_image\" href=\"https:\/\/letsrebold.com\/es\/blog\/estrategia-abm-para-saas\/\"><img loading=\"lazy\" decoding=\"async\" width=\"900\" height=\"600\" src=\"https:\/\/letsrebold.com\/wp-content\/uploads\/2022\/06\/Estrategia-ABM-para-SaaS-900x600.jpg\" class=\"attachment-img-header size-img-header wp-post-image\" alt=\"estrategia ABM para SaaS\" srcset=\"https:\/\/letsrebold.com\/wp-content\/uploads\/2022\/06\/Estrategia-ABM-para-SaaS-900x600.jpg 900w, https:\/\/letsrebold.com\/wp-content\/uploads\/2022\/06\/Estrategia-ABM-para-SaaS-300x200.jpg 300w, https:\/\/letsrebold.com\/wp-content\/uploads\/2022\/06\/Estrategia-ABM-para-SaaS-768x512.jpg 768w, https:\/\/letsrebold.com\/wp-content\/uploads\/2022\/06\/Estrategia-ABM-para-SaaS-1024x683.jpg 1024w, https:\/\/letsrebold.com\/wp-content\/uploads\/2022\/06\/Estrategia-ABM-para-SaaS-306x204.jpg 306w, https:\/\/letsrebold.com\/wp-content\/uploads\/2022\/06\/Estrategia-ABM-para-SaaS-360x240.jpg 360w, https:\/\/letsrebold.com\/wp-content\/uploads\/2022\/06\/Estrategia-ABM-para-SaaS-527x351.jpg 527w, https:\/\/letsrebold.com\/wp-content\/uploads\/2022\/06\/Estrategia-ABM-para-SaaS-573x382.jpg 573w, https:\/\/letsrebold.com\/wp-content\/uploads\/2022\/06\/Estrategia-ABM-para-SaaS.jpg 1200w\" sizes=\"auto, (max-width: 900px) 100vw, 900px\" \/><\/a>\n                                <h2 class=\"post_meta\">\n                                                                                <a style=\"color: #e0094b\" class=\"post_tag\" href=\"?service=rebold-marketing\">Rebold Marketing<\/a>\n                                                                                                                                <a class=\"post_tag\" href=\"?topic=estrategia-abm-para-saas\">Estrategia ABM para Saas<\/a>\n                                                                            <\/h2>\n                                <h3 class=\"post_title\"><a href=\"https:\/\/letsrebold.com\/es\/blog\/estrategia-abm-para-saas\/\">C\u00f3mo aplicar una estrategia ABM si tienes un SaaS<\/a><\/h3>\n                                <a class=\"post_link\" href=\"https:\/\/letsrebold.com\/es\/blog\/estrategia-abm-para-saas\/\"><span>Leer m\u00e1s<\/span> <span class=\"ico-right\">M\u00e1s informaci\u00f3n<\/span><\/a>\n                            <\/article>\n                                                                        <article class=\"post rebold-marketing\">\n                                <a class=\"post_image\" href=\"https:\/\/letsrebold.com\/es\/blog\/ejemplos-de-realidad-aumentada-marketing\/\"><img loading=\"lazy\" decoding=\"async\" width=\"989\" height=\"600\" src=\"https:\/\/letsrebold.com\/wp-content\/uploads\/2022\/01\/ejemplos-de-realidad-aumentada-marketing-989x600.jpg\" class=\"attachment-img-header size-img-header wp-post-image\" alt=\"ejemplos de realidad aumentada para marketing\" srcset=\"https:\/\/letsrebold.com\/wp-content\/uploads\/2022\/01\/ejemplos-de-realidad-aumentada-marketing-989x600.jpg 989w, https:\/\/letsrebold.com\/wp-content\/uploads\/2022\/01\/ejemplos-de-realidad-aumentada-marketing-300x182.jpg 300w, https:\/\/letsrebold.com\/wp-content\/uploads\/2022\/01\/ejemplos-de-realidad-aumentada-marketing-768x466.jpg 768w, https:\/\/letsrebold.com\/wp-content\/uploads\/2022\/01\/ejemplos-de-realidad-aumentada-marketing-1024x622.jpg 1024w, https:\/\/letsrebold.com\/wp-content\/uploads\/2022\/01\/ejemplos-de-realidad-aumentada-marketing-336x204.jpg 336w, https:\/\/letsrebold.com\/wp-content\/uploads\/2022\/01\/ejemplos-de-realidad-aumentada-marketing-360x219.jpg 360w, https:\/\/letsrebold.com\/wp-content\/uploads\/2022\/01\/ejemplos-de-realidad-aumentada-marketing-578x351.jpg 578w, https:\/\/letsrebold.com\/wp-content\/uploads\/2022\/01\/ejemplos-de-realidad-aumentada-marketing-629x382.jpg 629w, https:\/\/letsrebold.com\/wp-content\/uploads\/2022\/01\/ejemplos-de-realidad-aumentada-marketing.jpg 1440w\" sizes=\"auto, (max-width: 989px) 100vw, 989px\" \/><\/a>\n                                <h2 class=\"post_meta\">\n                                                                                <a style=\"color: #e0094b\" class=\"post_tag\" href=\"?service=rebold-marketing\">Rebold Marketing<\/a>\n                                                                                                                                <a class=\"post_tag\" href=\"?topic=marketing-digital\">Marketing Digital<\/a>\n                                                                            <\/h2>\n                                <h3 class=\"post_title\"><a href=\"https:\/\/letsrebold.com\/es\/blog\/ejemplos-de-realidad-aumentada-marketing\/\">10 ejemplos de realidad aumentada para aplicar a tu estrategia de marketing<\/a><\/h3>\n                                <a class=\"post_link\" href=\"https:\/\/letsrebold.com\/es\/blog\/ejemplos-de-realidad-aumentada-marketing\/\"><span>Leer m\u00e1s<\/span> <span class=\"ico-right\">M\u00e1s informaci\u00f3n<\/span><\/a>\n                            <\/article>\n                                                                        <article class=\"post rebold-communication\">\n                                <a class=\"post_image\" href=\"https:\/\/letsrebold.com\/es\/blog\/la-monitorizacion-de-whatsapp\/\"><img loading=\"lazy\" decoding=\"async\" width=\"989\" height=\"600\" src=\"https:\/\/letsrebold.com\/wp-content\/uploads\/2022\/01\/la-monitorizacion-de-whatsapp-989x600.jpg\" class=\"attachment-img-header size-img-header wp-post-image\" alt=\"monitorizaci\u00f3n de Whatsapp\" srcset=\"https:\/\/letsrebold.com\/wp-content\/uploads\/2022\/01\/la-monitorizacion-de-whatsapp-989x600.jpg 989w, https:\/\/letsrebold.com\/wp-content\/uploads\/2022\/01\/la-monitorizacion-de-whatsapp-300x182.jpg 300w, https:\/\/letsrebold.com\/wp-content\/uploads\/2022\/01\/la-monitorizacion-de-whatsapp-768x466.jpg 768w, https:\/\/letsrebold.com\/wp-content\/uploads\/2022\/01\/la-monitorizacion-de-whatsapp-1024x622.jpg 1024w, https:\/\/letsrebold.com\/wp-content\/uploads\/2022\/01\/la-monitorizacion-de-whatsapp-336x204.jpg 336w, https:\/\/letsrebold.com\/wp-content\/uploads\/2022\/01\/la-monitorizacion-de-whatsapp-360x219.jpg 360w, https:\/\/letsrebold.com\/wp-content\/uploads\/2022\/01\/la-monitorizacion-de-whatsapp-578x351.jpg 578w, https:\/\/letsrebold.com\/wp-content\/uploads\/2022\/01\/la-monitorizacion-de-whatsapp-629x382.jpg 629w, https:\/\/letsrebold.com\/wp-content\/uploads\/2022\/01\/la-monitorizacion-de-whatsapp.jpg 1440w\" sizes=\"auto, (max-width: 989px) 100vw, 989px\" \/><\/a>\n                                <h2 class=\"post_meta\">\n                                                                                <a style=\"color: #5ac4bb\" class=\"post_tag\" href=\"?service=rebold-communication\">Rebold Communication<\/a>\n                                                                                                                                <a class=\"post_tag\" href=\"?topic=comunicacion\">comunicacion<\/a>\n                                                                            <\/h2>\n                                <h3 class=\"post_title\"><a href=\"https:\/\/letsrebold.com\/es\/blog\/la-monitorizacion-de-whatsapp\/\">\u00bfC\u00f3mo funciona la monitorizaci\u00f3n de WhatsApp?<\/a><\/h3>\n                                <a class=\"post_link\" href=\"https:\/\/letsrebold.com\/es\/blog\/la-monitorizacion-de-whatsapp\/\"><span>Leer m\u00e1s<\/span> <span class=\"ico-right\">M\u00e1s informaci\u00f3n<\/span><\/a>\n                            <\/article>\n                                    <\/div>\n                                    <nav class=\"links links-right\" id=\"loadmore_38\">\n                        <div class=\"container\">\n                            <a href=\"#\" class=\"loadmore\" value=\"38\"><span>Cargar m\u00e1s<\/span> <span class=\"ico-right\"><\/span><\/a>\n                        <\/div>\n                    <\/nav>\n                            <\/div>\n                                <div id=\"page_39\" class=\"d-none\">\n                <div class=\"container posts\">\n                                                                        <article class=\"post content-seo, rebold-marketing\">\n                                <a class=\"post_image\" href=\"https:\/\/letsrebold.com\/es\/blog\/google-my-business-para-hotel\/\"><img loading=\"lazy\" decoding=\"async\" width=\"989\" height=\"600\" src=\"https:\/\/letsrebold.com\/wp-content\/uploads\/2022\/01\/google-my-business-para-hotel-989x600.jpg\" class=\"attachment-img-header size-img-header wp-post-image\" alt=\"Google My Business si tienes un hotel\" srcset=\"https:\/\/letsrebold.com\/wp-content\/uploads\/2022\/01\/google-my-business-para-hotel-989x600.jpg 989w, https:\/\/letsrebold.com\/wp-content\/uploads\/2022\/01\/google-my-business-para-hotel-300x182.jpg 300w, https:\/\/letsrebold.com\/wp-content\/uploads\/2022\/01\/google-my-business-para-hotel-768x466.jpg 768w, https:\/\/letsrebold.com\/wp-content\/uploads\/2022\/01\/google-my-business-para-hotel-1024x622.jpg 1024w, https:\/\/letsrebold.com\/wp-content\/uploads\/2022\/01\/google-my-business-para-hotel-336x204.jpg 336w, https:\/\/letsrebold.com\/wp-content\/uploads\/2022\/01\/google-my-business-para-hotel-360x219.jpg 360w, https:\/\/letsrebold.com\/wp-content\/uploads\/2022\/01\/google-my-business-para-hotel-578x351.jpg 578w, https:\/\/letsrebold.com\/wp-content\/uploads\/2022\/01\/google-my-business-para-hotel-629x382.jpg 629w, https:\/\/letsrebold.com\/wp-content\/uploads\/2022\/01\/google-my-business-para-hotel.jpg 1440w\" sizes=\"auto, (max-width: 989px) 100vw, 989px\" \/><\/a>\n                                <h2 class=\"post_meta\">\n                                                                                <a style=\"color: #e0094b\" class=\"post_tag\" href=\"?service=rebold-marketing\">Rebold Marketing<\/a>\n                                                                                                                                <a class=\"post_tag\" href=\"?topic=google-my-business-para-hotel\">google my business para hotel<\/a>\n                                                                            <\/h2>\n                                <h3 class=\"post_title\"><a href=\"https:\/\/letsrebold.com\/es\/blog\/google-my-business-para-hotel\/\">Descubre c\u00f3mo sacar provecho a Google My Business si tienes un hotel<\/a><\/h3>\n                                <a class=\"post_link\" href=\"https:\/\/letsrebold.com\/es\/blog\/google-my-business-para-hotel\/\"><span>Leer m\u00e1s<\/span> <span class=\"ico-right\">M\u00e1s informaci\u00f3n<\/span><\/a>\n                            <\/article>\n                                                                        <article class=\"post rebold-marketing\">\n                                <a class=\"post_image\" href=\"https:\/\/letsrebold.com\/es\/blog\/errores-seo-ecommerce-evitar\/\"><img loading=\"lazy\" decoding=\"async\" width=\"989\" height=\"600\" src=\"https:\/\/letsrebold.com\/wp-content\/uploads\/2022\/01\/errores-seo-ecommerce-evitar-989x600.jpg\" class=\"attachment-img-header size-img-header wp-post-image\" alt=\"errores SEO a evitar para posicionar tu ecommerce\" srcset=\"https:\/\/letsrebold.com\/wp-content\/uploads\/2022\/01\/errores-seo-ecommerce-evitar-989x600.jpg 989w, https:\/\/letsrebold.com\/wp-content\/uploads\/2022\/01\/errores-seo-ecommerce-evitar-300x182.jpg 300w, https:\/\/letsrebold.com\/wp-content\/uploads\/2022\/01\/errores-seo-ecommerce-evitar-768x466.jpg 768w, https:\/\/letsrebold.com\/wp-content\/uploads\/2022\/01\/errores-seo-ecommerce-evitar-1024x622.jpg 1024w, https:\/\/letsrebold.com\/wp-content\/uploads\/2022\/01\/errores-seo-ecommerce-evitar-336x204.jpg 336w, https:\/\/letsrebold.com\/wp-content\/uploads\/2022\/01\/errores-seo-ecommerce-evitar-360x219.jpg 360w, https:\/\/letsrebold.com\/wp-content\/uploads\/2022\/01\/errores-seo-ecommerce-evitar-578x351.jpg 578w, https:\/\/letsrebold.com\/wp-content\/uploads\/2022\/01\/errores-seo-ecommerce-evitar-629x382.jpg 629w, https:\/\/letsrebold.com\/wp-content\/uploads\/2022\/01\/errores-seo-ecommerce-evitar.jpg 1440w\" sizes=\"auto, (max-width: 989px) 100vw, 989px\" \/><\/a>\n                                <h2 class=\"post_meta\">\n                                                                                <a style=\"color: #e0094b\" class=\"post_tag\" href=\"?service=rebold-marketing\">Rebold Marketing<\/a>\n                                                                                                                                <a class=\"post_tag\" href=\"?topic=ecommerce\">Ecommerce<\/a>\n                                                                            <\/h2>\n                                <h3 class=\"post_title\"><a href=\"https:\/\/letsrebold.com\/es\/blog\/errores-seo-ecommerce-evitar\/\">6 errores SEO que debes evitar si quieres posicionar tu ecommerce entre los primeros<\/a><\/h3>\n                                <a class=\"post_link\" href=\"https:\/\/letsrebold.com\/es\/blog\/errores-seo-ecommerce-evitar\/\"><span>Leer m\u00e1s<\/span> <span class=\"ico-right\">M\u00e1s informaci\u00f3n<\/span><\/a>\n                            <\/article>\n                                                                        <article class=\"post media-strategy-research, rebold-marketing\">\n                                <a class=\"post_image\" href=\"https:\/\/letsrebold.com\/es\/blog\/analizar-tus-campanas-en-instagram\/\"><img loading=\"lazy\" decoding=\"async\" width=\"989\" height=\"600\" src=\"https:\/\/letsrebold.com\/wp-content\/uploads\/2022\/01\/analizar-tus-campanas-en-instagram-989x600.jpg\" class=\"attachment-img-header size-img-header wp-post-image\" alt=\"KPIs para analizar las campa\u00f1as en Instagram\" srcset=\"https:\/\/letsrebold.com\/wp-content\/uploads\/2022\/01\/analizar-tus-campanas-en-instagram-989x600.jpg 989w, https:\/\/letsrebold.com\/wp-content\/uploads\/2022\/01\/analizar-tus-campanas-en-instagram-300x182.jpg 300w, https:\/\/letsrebold.com\/wp-content\/uploads\/2022\/01\/analizar-tus-campanas-en-instagram-768x466.jpg 768w, https:\/\/letsrebold.com\/wp-content\/uploads\/2022\/01\/analizar-tus-campanas-en-instagram-1024x622.jpg 1024w, https:\/\/letsrebold.com\/wp-content\/uploads\/2022\/01\/analizar-tus-campanas-en-instagram-336x204.jpg 336w, https:\/\/letsrebold.com\/wp-content\/uploads\/2022\/01\/analizar-tus-campanas-en-instagram-360x219.jpg 360w, https:\/\/letsrebold.com\/wp-content\/uploads\/2022\/01\/analizar-tus-campanas-en-instagram-578x351.jpg 578w, https:\/\/letsrebold.com\/wp-content\/uploads\/2022\/01\/analizar-tus-campanas-en-instagram-629x382.jpg 629w, https:\/\/letsrebold.com\/wp-content\/uploads\/2022\/01\/analizar-tus-campanas-en-instagram.jpg 1440w\" sizes=\"auto, (max-width: 989px) 100vw, 989px\" \/><\/a>\n                                <h2 class=\"post_meta\">\n                                                                                <a style=\"color: #e0094b\" class=\"post_tag\" href=\"?service=rebold-marketing\">Rebold Marketing<\/a>\n                                                                                                                                <a class=\"post_tag\" href=\"?topic=analisis-de-campanas-de-instagram\">An\u00e1lisis de campa\u00f1as de Instagram<\/a>\n                                                                            <\/h2>\n                                <h3 class=\"post_title\"><a href=\"https:\/\/letsrebold.com\/es\/blog\/analizar-tus-campanas-en-instagram\/\">Los KPIs m\u00e1s relevantes a tener en cuenta a la hora de analizar tus campa\u00f1as en Instagram<\/a><\/h3>\n                                <a class=\"post_link\" href=\"https:\/\/letsrebold.com\/es\/blog\/analizar-tus-campanas-en-instagram\/\"><span>Leer m\u00e1s<\/span> <span class=\"ico-right\">M\u00e1s informaci\u00f3n<\/span><\/a>\n                            <\/article>\n                                                                        <article class=\"post \">\n                                <a class=\"post_image\" href=\"https:\/\/letsrebold.com\/es\/blog\/publicidad-programatica-2022\/\"><img loading=\"lazy\" decoding=\"async\" width=\"989\" height=\"600\" src=\"https:\/\/letsrebold.com\/wp-content\/uploads\/2022\/01\/publicidad-programatica-2022-989x600.jpg\" class=\"attachment-img-header size-img-header wp-post-image\" alt=\"Publicidad program\u00e1tica 2022\" srcset=\"https:\/\/letsrebold.com\/wp-content\/uploads\/2022\/01\/publicidad-programatica-2022-989x600.jpg 989w, https:\/\/letsrebold.com\/wp-content\/uploads\/2022\/01\/publicidad-programatica-2022-300x182.jpg 300w, https:\/\/letsrebold.com\/wp-content\/uploads\/2022\/01\/publicidad-programatica-2022-768x466.jpg 768w, https:\/\/letsrebold.com\/wp-content\/uploads\/2022\/01\/publicidad-programatica-2022-1024x622.jpg 1024w, https:\/\/letsrebold.com\/wp-content\/uploads\/2022\/01\/publicidad-programatica-2022-336x204.jpg 336w, https:\/\/letsrebold.com\/wp-content\/uploads\/2022\/01\/publicidad-programatica-2022-360x219.jpg 360w, https:\/\/letsrebold.com\/wp-content\/uploads\/2022\/01\/publicidad-programatica-2022-578x351.jpg 578w, https:\/\/letsrebold.com\/wp-content\/uploads\/2022\/01\/publicidad-programatica-2022-629x382.jpg 629w, https:\/\/letsrebold.com\/wp-content\/uploads\/2022\/01\/publicidad-programatica-2022.jpg 1440w\" sizes=\"auto, (max-width: 989px) 100vw, 989px\" \/><\/a>\n                                <h2 class=\"post_meta\">\n                                                                                                                        <a class=\"post_tag\" href=\"?topic=programatica\">program\u00e1tica<\/a>\n                                                                            <\/h2>\n                                <h3 class=\"post_title\"><a href=\"https:\/\/letsrebold.com\/es\/blog\/publicidad-programatica-2022\/\">\u00bfQu\u00e9 nos depara la publicidad program\u00e1tica en este 2022?<\/a><\/h3>\n                                <a class=\"post_link\" href=\"https:\/\/letsrebold.com\/es\/blog\/publicidad-programatica-2022\/\"><span>Leer m\u00e1s<\/span> <span class=\"ico-right\">M\u00e1s informaci\u00f3n<\/span><\/a>\n                            <\/article>\n                                                                        <article class=\"post estudios-de-reputacion, rebold-communication\">\n                                <a class=\"post_image\" href=\"https:\/\/letsrebold.com\/es\/blog\/las-nuevas-comunidades-de-twitter\/\"><img loading=\"lazy\" decoding=\"async\" width=\"989\" height=\"600\" src=\"https:\/\/letsrebold.com\/wp-content\/uploads\/2022\/01\/las-nuevas-comunidades-de-twitter-989x600.jpg\" class=\"attachment-img-header size-img-header wp-post-image\" alt=\"Gestionar nuevas comunidades de twitter\" srcset=\"https:\/\/letsrebold.com\/wp-content\/uploads\/2022\/01\/las-nuevas-comunidades-de-twitter-989x600.jpg 989w, https:\/\/letsrebold.com\/wp-content\/uploads\/2022\/01\/las-nuevas-comunidades-de-twitter-300x182.jpg 300w, https:\/\/letsrebold.com\/wp-content\/uploads\/2022\/01\/las-nuevas-comunidades-de-twitter-768x466.jpg 768w, https:\/\/letsrebold.com\/wp-content\/uploads\/2022\/01\/las-nuevas-comunidades-de-twitter-1024x622.jpg 1024w, https:\/\/letsrebold.com\/wp-content\/uploads\/2022\/01\/las-nuevas-comunidades-de-twitter-336x204.jpg 336w, https:\/\/letsrebold.com\/wp-content\/uploads\/2022\/01\/las-nuevas-comunidades-de-twitter-360x219.jpg 360w, https:\/\/letsrebold.com\/wp-content\/uploads\/2022\/01\/las-nuevas-comunidades-de-twitter-578x351.jpg 578w, https:\/\/letsrebold.com\/wp-content\/uploads\/2022\/01\/las-nuevas-comunidades-de-twitter-629x382.jpg 629w, https:\/\/letsrebold.com\/wp-content\/uploads\/2022\/01\/las-nuevas-comunidades-de-twitter.jpg 1440w\" sizes=\"auto, (max-width: 989px) 100vw, 989px\" \/><\/a>\n                                <h2 class=\"post_meta\">\n                                                                                <a style=\"color: #5ac4bb\" class=\"post_tag\" href=\"?service=rebold-communication\">Rebold Communication<\/a>\n                                                                                                                                <a class=\"post_tag\" href=\"?topic=comunidades-de-marca\">Comunidades de marca<\/a>\n                                                                            <\/h2>\n                                <h3 class=\"post_title\"><a href=\"https:\/\/letsrebold.com\/es\/blog\/las-nuevas-comunidades-de-twitter\/\">Las nuevas comunidades de Twitter: 5 consejos para gestionarlas de forma correcta y sacarles partido<\/a><\/h3>\n                                <a class=\"post_link\" href=\"https:\/\/letsrebold.com\/es\/blog\/las-nuevas-comunidades-de-twitter\/\"><span>Leer m\u00e1s<\/span> <span class=\"ico-right\">M\u00e1s informaci\u00f3n<\/span><\/a>\n                            <\/article>\n                                                                        <article class=\"post media-strategy-research, rebold-marketing\">\n                                <a class=\"post_image\" href=\"https:\/\/letsrebold.com\/es\/blog\/metaverso-de-facebook\/\"><img loading=\"lazy\" decoding=\"async\" width=\"989\" height=\"600\" src=\"https:\/\/letsrebold.com\/wp-content\/uploads\/2022\/01\/metaverso-de-facebook-989x600.jpg\" class=\"attachment-img-header size-img-header wp-post-image\" alt=\"Oportunidades metaverso de Facebook\" srcset=\"https:\/\/letsrebold.com\/wp-content\/uploads\/2022\/01\/metaverso-de-facebook-989x600.jpg 989w, https:\/\/letsrebold.com\/wp-content\/uploads\/2022\/01\/metaverso-de-facebook-300x182.jpg 300w, https:\/\/letsrebold.com\/wp-content\/uploads\/2022\/01\/metaverso-de-facebook-768x466.jpg 768w, https:\/\/letsrebold.com\/wp-content\/uploads\/2022\/01\/metaverso-de-facebook-1024x622.jpg 1024w, https:\/\/letsrebold.com\/wp-content\/uploads\/2022\/01\/metaverso-de-facebook-336x204.jpg 336w, https:\/\/letsrebold.com\/wp-content\/uploads\/2022\/01\/metaverso-de-facebook-360x219.jpg 360w, https:\/\/letsrebold.com\/wp-content\/uploads\/2022\/01\/metaverso-de-facebook-578x351.jpg 578w, https:\/\/letsrebold.com\/wp-content\/uploads\/2022\/01\/metaverso-de-facebook-629x382.jpg 629w, https:\/\/letsrebold.com\/wp-content\/uploads\/2022\/01\/metaverso-de-facebook.jpg 1440w\" sizes=\"auto, (max-width: 989px) 100vw, 989px\" \/><\/a>\n                                <h2 class=\"post_meta\">\n                                                                                <a style=\"color: #e0094b\" class=\"post_tag\" href=\"?service=rebold-marketing\">Rebold Marketing<\/a>\n                                                                                                                                <a class=\"post_tag\" href=\"?topic=metaverso-de-facebook\">Metaverso de Facebook<\/a>\n                                                                            <\/h2>\n                                <h3 class=\"post_title\"><a href=\"https:\/\/letsrebold.com\/es\/blog\/metaverso-de-facebook\/\">Metaverso de Facebook: \u00bfqu\u00e9 nuevas oportunidades ofrece a las marcas?<\/a><\/h3>\n                                <a class=\"post_link\" href=\"https:\/\/letsrebold.com\/es\/blog\/metaverso-de-facebook\/\"><span>Leer m\u00e1s<\/span> <span class=\"ico-right\">M\u00e1s informaci\u00f3n<\/span><\/a>\n                            <\/article>\n                                    <\/div>\n                                    <nav class=\"links links-right\" id=\"loadmore_39\">\n                        <div class=\"container\">\n                            <a href=\"#\" class=\"loadmore\" value=\"39\"><span>Cargar m\u00e1s<\/span> <span class=\"ico-right\"><\/span><\/a>\n                        <\/div>\n                    <\/nav>\n                            <\/div>\n                                <div id=\"page_40\" class=\"d-none\">\n                <div class=\"container posts\">\n                                                                        <article class=\"post rebold-marketing\">\n                                <a class=\"post_image\" href=\"https:\/\/letsrebold.com\/es\/blog\/calendario-de-marketing-2022\/\"><img loading=\"lazy\" decoding=\"async\" width=\"989\" height=\"600\" src=\"https:\/\/letsrebold.com\/wp-content\/uploads\/2022\/01\/calendario-de-marketing-2022-989x600.jpg\" class=\"attachment-img-header size-img-header wp-post-image\" alt=\"Calendario de marketing 2022\" srcset=\"https:\/\/letsrebold.com\/wp-content\/uploads\/2022\/01\/calendario-de-marketing-2022-989x600.jpg 989w, https:\/\/letsrebold.com\/wp-content\/uploads\/2022\/01\/calendario-de-marketing-2022-300x182.jpg 300w, https:\/\/letsrebold.com\/wp-content\/uploads\/2022\/01\/calendario-de-marketing-2022-768x466.jpg 768w, https:\/\/letsrebold.com\/wp-content\/uploads\/2022\/01\/calendario-de-marketing-2022-1024x622.jpg 1024w, https:\/\/letsrebold.com\/wp-content\/uploads\/2022\/01\/calendario-de-marketing-2022-336x204.jpg 336w, https:\/\/letsrebold.com\/wp-content\/uploads\/2022\/01\/calendario-de-marketing-2022-360x219.jpg 360w, https:\/\/letsrebold.com\/wp-content\/uploads\/2022\/01\/calendario-de-marketing-2022-578x351.jpg 578w, https:\/\/letsrebold.com\/wp-content\/uploads\/2022\/01\/calendario-de-marketing-2022-629x382.jpg 629w, https:\/\/letsrebold.com\/wp-content\/uploads\/2022\/01\/calendario-de-marketing-2022.jpg 1440w\" sizes=\"auto, (max-width: 989px) 100vw, 989px\" \/><\/a>\n                                <h2 class=\"post_meta\">\n                                                                                <a style=\"color: #e0094b\" class=\"post_tag\" href=\"?service=rebold-marketing\">Rebold Marketing<\/a>\n                                                                                                                                <a class=\"post_tag\" href=\"?topic=marketing-digital\">Marketing Digital<\/a>\n                                                                            <\/h2>\n                                <h3 class=\"post_title\"><a href=\"https:\/\/letsrebold.com\/es\/blog\/calendario-de-marketing-2022\/\">Elabora tu calendario de marketing 2022 y no te pierdas ninguna oportunidad<\/a><\/h3>\n                                <a class=\"post_link\" href=\"https:\/\/letsrebold.com\/es\/blog\/calendario-de-marketing-2022\/\"><span>Leer m\u00e1s<\/span> <span class=\"ico-right\">M\u00e1s informaci\u00f3n<\/span><\/a>\n                            <\/article>\n                                                                        <article class=\"post rebold-marketing\">\n                                <a class=\"post_image\" href=\"https:\/\/letsrebold.com\/es\/blog\/nichos-de-mercado-relevantes\/\"><img loading=\"lazy\" decoding=\"async\" width=\"900\" height=\"600\" src=\"https:\/\/letsrebold.com\/wp-content\/uploads\/2022\/06\/nichos-de-mercado-relevantes-900x600.jpg\" class=\"attachment-img-header size-img-header wp-post-image\" alt=\"\" srcset=\"https:\/\/letsrebold.com\/wp-content\/uploads\/2022\/06\/nichos-de-mercado-relevantes-900x600.jpg 900w, https:\/\/letsrebold.com\/wp-content\/uploads\/2022\/06\/nichos-de-mercado-relevantes-300x200.jpg 300w, https:\/\/letsrebold.com\/wp-content\/uploads\/2022\/06\/nichos-de-mercado-relevantes-768x512.jpg 768w, https:\/\/letsrebold.com\/wp-content\/uploads\/2022\/06\/nichos-de-mercado-relevantes-1024x683.jpg 1024w, https:\/\/letsrebold.com\/wp-content\/uploads\/2022\/06\/nichos-de-mercado-relevantes-306x204.jpg 306w, https:\/\/letsrebold.com\/wp-content\/uploads\/2022\/06\/nichos-de-mercado-relevantes-360x240.jpg 360w, https:\/\/letsrebold.com\/wp-content\/uploads\/2022\/06\/nichos-de-mercado-relevantes-527x351.jpg 527w, https:\/\/letsrebold.com\/wp-content\/uploads\/2022\/06\/nichos-de-mercado-relevantes-573x382.jpg 573w, https:\/\/letsrebold.com\/wp-content\/uploads\/2022\/06\/nichos-de-mercado-relevantes.jpg 1200w\" sizes=\"auto, (max-width: 900px) 100vw, 900px\" \/><\/a>\n                                <h2 class=\"post_meta\">\n                                                                                <a style=\"color: #e0094b\" class=\"post_tag\" href=\"?service=rebold-marketing\">Rebold Marketing<\/a>\n                                                                                                                                <a class=\"post_tag\" href=\"?topic=marketing-digital\">Marketing Digital<\/a>\n                                                                            <\/h2>\n                                <h3 class=\"post_title\"><a href=\"https:\/\/letsrebold.com\/es\/blog\/nichos-de-mercado-relevantes\/\">Los 5 nichos de mercado m\u00e1s relevantes en los que que debes poner en tu punto de mira si quieres triunfar<\/a><\/h3>\n                                <a class=\"post_link\" href=\"https:\/\/letsrebold.com\/es\/blog\/nichos-de-mercado-relevantes\/\"><span>Leer m\u00e1s<\/span> <span class=\"ico-right\">M\u00e1s informaci\u00f3n<\/span><\/a>\n                            <\/article>\n                                                                        <article class=\"post rebold-marketing\">\n                                <a class=\"post_image\" href=\"https:\/\/letsrebold.com\/es\/blog\/sms-marketing-para-ecommerce\/\"><img loading=\"lazy\" decoding=\"async\" width=\"900\" height=\"600\" src=\"https:\/\/letsrebold.com\/wp-content\/uploads\/2022\/06\/sms-marketing-para-ecommerce-900x600.jpg\" class=\"attachment-img-header size-img-header wp-post-image\" alt=\"\" srcset=\"https:\/\/letsrebold.com\/wp-content\/uploads\/2022\/06\/sms-marketing-para-ecommerce-900x600.jpg 900w, https:\/\/letsrebold.com\/wp-content\/uploads\/2022\/06\/sms-marketing-para-ecommerce-300x200.jpg 300w, https:\/\/letsrebold.com\/wp-content\/uploads\/2022\/06\/sms-marketing-para-ecommerce-768x512.jpg 768w, https:\/\/letsrebold.com\/wp-content\/uploads\/2022\/06\/sms-marketing-para-ecommerce-1024x683.jpg 1024w, https:\/\/letsrebold.com\/wp-content\/uploads\/2022\/06\/sms-marketing-para-ecommerce-306x204.jpg 306w, https:\/\/letsrebold.com\/wp-content\/uploads\/2022\/06\/sms-marketing-para-ecommerce-360x240.jpg 360w, https:\/\/letsrebold.com\/wp-content\/uploads\/2022\/06\/sms-marketing-para-ecommerce-527x351.jpg 527w, https:\/\/letsrebold.com\/wp-content\/uploads\/2022\/06\/sms-marketing-para-ecommerce-573x382.jpg 573w, https:\/\/letsrebold.com\/wp-content\/uploads\/2022\/06\/sms-marketing-para-ecommerce.jpg 1200w\" sizes=\"auto, (max-width: 900px) 100vw, 900px\" \/><\/a>\n                                <h2 class=\"post_meta\">\n                                                                                <a style=\"color: #e0094b\" class=\"post_tag\" href=\"?service=rebold-marketing\">Rebold Marketing<\/a>\n                                                                                                                                <a class=\"post_tag\" href=\"?topic=sms-marketing\">SMS Marketing<\/a>\n                                                                            <\/h2>\n                                <h3 class=\"post_title\"><a href=\"https:\/\/letsrebold.com\/es\/blog\/sms-marketing-para-ecommerce\/\">Los mejores consejos de SMS marketing para tu estrategia si eres un ecommerce<\/a><\/h3>\n                                <a class=\"post_link\" href=\"https:\/\/letsrebold.com\/es\/blog\/sms-marketing-para-ecommerce\/\"><span>Leer m\u00e1s<\/span> <span class=\"ico-right\">M\u00e1s informaci\u00f3n<\/span><\/a>\n                            <\/article>\n                                                                        <article class=\"post rebold-marketing\">\n                                <a class=\"post_image\" href=\"https:\/\/letsrebold.com\/es\/blog\/diferencias-entre-ux-y-ui\/\"><img loading=\"lazy\" decoding=\"async\" width=\"900\" height=\"600\" src=\"https:\/\/letsrebold.com\/wp-content\/uploads\/2022\/06\/diferencias-IU-UX-900x600.jpg\" class=\"attachment-img-header size-img-header wp-post-image\" alt=\"\" srcset=\"https:\/\/letsrebold.com\/wp-content\/uploads\/2022\/06\/diferencias-IU-UX-900x600.jpg 900w, https:\/\/letsrebold.com\/wp-content\/uploads\/2022\/06\/diferencias-IU-UX-300x200.jpg 300w, https:\/\/letsrebold.com\/wp-content\/uploads\/2022\/06\/diferencias-IU-UX-768x512.jpg 768w, https:\/\/letsrebold.com\/wp-content\/uploads\/2022\/06\/diferencias-IU-UX-1024x683.jpg 1024w, https:\/\/letsrebold.com\/wp-content\/uploads\/2022\/06\/diferencias-IU-UX-306x204.jpg 306w, https:\/\/letsrebold.com\/wp-content\/uploads\/2022\/06\/diferencias-IU-UX-360x240.jpg 360w, https:\/\/letsrebold.com\/wp-content\/uploads\/2022\/06\/diferencias-IU-UX-527x351.jpg 527w, https:\/\/letsrebold.com\/wp-content\/uploads\/2022\/06\/diferencias-IU-UX-573x382.jpg 573w, https:\/\/letsrebold.com\/wp-content\/uploads\/2022\/06\/diferencias-IU-UX.jpg 1200w\" sizes=\"auto, (max-width: 900px) 100vw, 900px\" \/><\/a>\n                                <h2 class=\"post_meta\">\n                                                                                <a style=\"color: #e0094b\" class=\"post_tag\" href=\"?service=rebold-marketing\">Rebold Marketing<\/a>\n                                                                                                                                <a class=\"post_tag\" href=\"?topic=diferencias-entre-ux-y-ui\">diferencias entre ux y ui<\/a>\n                                                                            <\/h2>\n                                <h3 class=\"post_title\"><a href=\"https:\/\/letsrebold.com\/es\/blog\/diferencias-entre-ux-y-ui\/\">Descubre cu\u00e1les son las principales diferencias entre UX y UI<\/a><\/h3>\n                                <a class=\"post_link\" href=\"https:\/\/letsrebold.com\/es\/blog\/diferencias-entre-ux-y-ui\/\"><span>Leer m\u00e1s<\/span> <span class=\"ico-right\">M\u00e1s informaci\u00f3n<\/span><\/a>\n                            <\/article>\n                                                                        <article class=\"post \">\n                                <a class=\"post_image\" href=\"https:\/\/letsrebold.com\/es\/blog\/tendencias-esports-y-gaming-2022\/\"><img loading=\"lazy\" decoding=\"async\" width=\"900\" height=\"600\" src=\"https:\/\/letsrebold.com\/wp-content\/uploads\/2022\/06\/Tendiencias-de-eposrts-y-gaming-2022-900x600.jpg\" class=\"attachment-img-header size-img-header wp-post-image\" alt=\"\" srcset=\"https:\/\/letsrebold.com\/wp-content\/uploads\/2022\/06\/Tendiencias-de-eposrts-y-gaming-2022-900x600.jpg 900w, https:\/\/letsrebold.com\/wp-content\/uploads\/2022\/06\/Tendiencias-de-eposrts-y-gaming-2022-300x200.jpg 300w, https:\/\/letsrebold.com\/wp-content\/uploads\/2022\/06\/Tendiencias-de-eposrts-y-gaming-2022-768x512.jpg 768w, https:\/\/letsrebold.com\/wp-content\/uploads\/2022\/06\/Tendiencias-de-eposrts-y-gaming-2022-1024x683.jpg 1024w, https:\/\/letsrebold.com\/wp-content\/uploads\/2022\/06\/Tendiencias-de-eposrts-y-gaming-2022-306x204.jpg 306w, https:\/\/letsrebold.com\/wp-content\/uploads\/2022\/06\/Tendiencias-de-eposrts-y-gaming-2022-360x240.jpg 360w, https:\/\/letsrebold.com\/wp-content\/uploads\/2022\/06\/Tendiencias-de-eposrts-y-gaming-2022-527x351.jpg 527w, https:\/\/letsrebold.com\/wp-content\/uploads\/2022\/06\/Tendiencias-de-eposrts-y-gaming-2022-573x382.jpg 573w, https:\/\/letsrebold.com\/wp-content\/uploads\/2022\/06\/Tendiencias-de-eposrts-y-gaming-2022.jpg 1200w\" sizes=\"auto, (max-width: 900px) 100vw, 900px\" \/><\/a>\n                                <h2 class=\"post_meta\">\n                                                                                                                        <a class=\"post_tag\" href=\"?topic=esports-amp\">Esports &amp;amp<\/a>\n                                                                            <\/h2>\n                                <h3 class=\"post_title\"><a href=\"https:\/\/letsrebold.com\/es\/blog\/tendencias-esports-y-gaming-2022\/\">Las 8 tendencias de esports y gaming para 2022 que te llevar\u00e1n a pasar de nivel<\/a><\/h3>\n                                <a class=\"post_link\" href=\"https:\/\/letsrebold.com\/es\/blog\/tendencias-esports-y-gaming-2022\/\"><span>Leer m\u00e1s<\/span> <span class=\"ico-right\">M\u00e1s informaci\u00f3n<\/span><\/a>\n                            <\/article>\n                                                                        <article class=\"post media-strategy-research, rebold-marketing\">\n                                <a class=\"post_image\" href=\"https:\/\/letsrebold.com\/es\/blog\/tiktok-y-la-nueva-era-digital\/\"><img loading=\"lazy\" decoding=\"async\" width=\"900\" height=\"600\" src=\"https:\/\/letsrebold.com\/wp-content\/uploads\/2022\/06\/mesa-rendonda-tiktok-900x600.jpg\" class=\"attachment-img-header size-img-header wp-post-image\" alt=\"\" srcset=\"https:\/\/letsrebold.com\/wp-content\/uploads\/2022\/06\/mesa-rendonda-tiktok-900x600.jpg 900w, https:\/\/letsrebold.com\/wp-content\/uploads\/2022\/06\/mesa-rendonda-tiktok-300x200.jpg 300w, https:\/\/letsrebold.com\/wp-content\/uploads\/2022\/06\/mesa-rendonda-tiktok-768x512.jpg 768w, https:\/\/letsrebold.com\/wp-content\/uploads\/2022\/06\/mesa-rendonda-tiktok-1024x683.jpg 1024w, https:\/\/letsrebold.com\/wp-content\/uploads\/2022\/06\/mesa-rendonda-tiktok-306x204.jpg 306w, https:\/\/letsrebold.com\/wp-content\/uploads\/2022\/06\/mesa-rendonda-tiktok-360x240.jpg 360w, https:\/\/letsrebold.com\/wp-content\/uploads\/2022\/06\/mesa-rendonda-tiktok-527x351.jpg 527w, https:\/\/letsrebold.com\/wp-content\/uploads\/2022\/06\/mesa-rendonda-tiktok-573x382.jpg 573w, https:\/\/letsrebold.com\/wp-content\/uploads\/2022\/06\/mesa-rendonda-tiktok.jpg 1200w\" sizes=\"auto, (max-width: 900px) 100vw, 900px\" \/><\/a>\n                                <h2 class=\"post_meta\">\n                                                                                <a style=\"color: #e0094b\" class=\"post_tag\" href=\"?service=rebold-marketing\">Rebold Marketing<\/a>\n                                                                                                                                <a class=\"post_tag\" href=\"?topic=social-media\">Social Media<\/a>\n                                                                            <\/h2>\n                                <h3 class=\"post_title\"><a href=\"https:\/\/letsrebold.com\/es\/blog\/tiktok-y-la-nueva-era-digital\/\">La revoluci\u00f3n de TikTok y las claves para que las empresas se adapten a la nueva era digital<\/a><\/h3>\n                                <a class=\"post_link\" href=\"https:\/\/letsrebold.com\/es\/blog\/tiktok-y-la-nueva-era-digital\/\"><span>Leer m\u00e1s<\/span> <span class=\"ico-right\">M\u00e1s informaci\u00f3n<\/span><\/a>\n                            <\/article>\n                                    <\/div>\n                                    <nav class=\"links links-right\" id=\"loadmore_40\">\n                        <div class=\"container\">\n                            <a href=\"#\" class=\"loadmore\" value=\"40\"><span>Cargar m\u00e1s<\/span> <span class=\"ico-right\"><\/span><\/a>\n                        <\/div>\n                    <\/nav>\n                            <\/div>\n                                <div id=\"page_41\" class=\"d-none\">\n                <div class=\"container posts\">\n                                                                        <article class=\"post content-seo, rebold-marketing\">\n                                <a class=\"post_image\" href=\"https:\/\/letsrebold.com\/es\/blog\/paginas-ymyl\/\"><img loading=\"lazy\" decoding=\"async\" width=\"900\" height=\"600\" src=\"https:\/\/letsrebold.com\/wp-content\/uploads\/2022\/06\/YMYL-900x600.jpg\" class=\"attachment-img-header size-img-header wp-post-image\" alt=\"\" srcset=\"https:\/\/letsrebold.com\/wp-content\/uploads\/2022\/06\/YMYL-900x600.jpg 900w, https:\/\/letsrebold.com\/wp-content\/uploads\/2022\/06\/YMYL-300x200.jpg 300w, https:\/\/letsrebold.com\/wp-content\/uploads\/2022\/06\/YMYL-768x512.jpg 768w, https:\/\/letsrebold.com\/wp-content\/uploads\/2022\/06\/YMYL-1024x683.jpg 1024w, https:\/\/letsrebold.com\/wp-content\/uploads\/2022\/06\/YMYL-306x204.jpg 306w, https:\/\/letsrebold.com\/wp-content\/uploads\/2022\/06\/YMYL-360x240.jpg 360w, https:\/\/letsrebold.com\/wp-content\/uploads\/2022\/06\/YMYL-527x351.jpg 527w, https:\/\/letsrebold.com\/wp-content\/uploads\/2022\/06\/YMYL-573x382.jpg 573w, https:\/\/letsrebold.com\/wp-content\/uploads\/2022\/06\/YMYL.jpg 1200w\" sizes=\"auto, (max-width: 900px) 100vw, 900px\" \/><\/a>\n                                <h2 class=\"post_meta\">\n                                                                                <a style=\"color: #e0094b\" class=\"post_tag\" href=\"?service=rebold-marketing\">Rebold Marketing<\/a>\n                                                                                                                                <a class=\"post_tag\" href=\"?topic=seo\">SEO<\/a>\n                                                                            <\/h2>\n                                <h3 class=\"post_title\"><a href=\"https:\/\/letsrebold.com\/es\/blog\/paginas-ymyl\/\">Qu\u00e9 son las p\u00e1ginas YMYL y c\u00f3mo puedes mejorar su posicionamiento<\/a><\/h3>\n                                <a class=\"post_link\" href=\"https:\/\/letsrebold.com\/es\/blog\/paginas-ymyl\/\"><span>Leer m\u00e1s<\/span> <span class=\"ico-right\">M\u00e1s informaci\u00f3n<\/span><\/a>\n                            <\/article>\n                                                                        <article class=\"post rebold-marketing\">\n                                <a class=\"post_image\" href=\"https:\/\/letsrebold.com\/es\/blog\/digitalizacion-en-los-habitos-de-consumo\/\"><img loading=\"lazy\" decoding=\"async\" width=\"900\" height=\"600\" src=\"https:\/\/letsrebold.com\/wp-content\/uploads\/2022\/06\/exito-rotundo-ii-encuentro-woman-business-900x600.jpg\" class=\"attachment-img-header size-img-header wp-post-image\" alt=\"\" srcset=\"https:\/\/letsrebold.com\/wp-content\/uploads\/2022\/06\/exito-rotundo-ii-encuentro-woman-business-900x600.jpg 900w, https:\/\/letsrebold.com\/wp-content\/uploads\/2022\/06\/exito-rotundo-ii-encuentro-woman-business-300x200.jpg 300w, https:\/\/letsrebold.com\/wp-content\/uploads\/2022\/06\/exito-rotundo-ii-encuentro-woman-business-768x512.jpg 768w, https:\/\/letsrebold.com\/wp-content\/uploads\/2022\/06\/exito-rotundo-ii-encuentro-woman-business-1024x683.jpg 1024w, https:\/\/letsrebold.com\/wp-content\/uploads\/2022\/06\/exito-rotundo-ii-encuentro-woman-business-306x204.jpg 306w, https:\/\/letsrebold.com\/wp-content\/uploads\/2022\/06\/exito-rotundo-ii-encuentro-woman-business-360x240.jpg 360w, https:\/\/letsrebold.com\/wp-content\/uploads\/2022\/06\/exito-rotundo-ii-encuentro-woman-business-527x351.jpg 527w, https:\/\/letsrebold.com\/wp-content\/uploads\/2022\/06\/exito-rotundo-ii-encuentro-woman-business-573x382.jpg 573w, https:\/\/letsrebold.com\/wp-content\/uploads\/2022\/06\/exito-rotundo-ii-encuentro-woman-business.jpg 1200w\" sizes=\"auto, (max-width: 900px) 100vw, 900px\" \/><\/a>\n                                <h2 class=\"post_meta\">\n                                                                                <a style=\"color: #e0094b\" class=\"post_tag\" href=\"?service=rebold-marketing\">Rebold Marketing<\/a>\n                                                                                                                                <a class=\"post_tag\" href=\"?topic=digitalizacion-de-los-habitos-de-consumo\">digitalizaci\u00f3n de los h\u00e1bitos de consumo<\/a>\n                                                                            <\/h2>\n                                <h3 class=\"post_title\"><a href=\"https:\/\/letsrebold.com\/es\/blog\/digitalizacion-en-los-habitos-de-consumo\/\">\u00bfQu\u00e9 cambios provoca la digitalizaci\u00f3n en los h\u00e1bitos de consumo? Ruth Blanch lo analiza en Woman Business<\/a><\/h3>\n                                <a class=\"post_link\" href=\"https:\/\/letsrebold.com\/es\/blog\/digitalizacion-en-los-habitos-de-consumo\/\"><span>Leer m\u00e1s<\/span> <span class=\"ico-right\">M\u00e1s informaci\u00f3n<\/span><\/a>\n                            <\/article>\n                                                                        <article class=\"post content-seo, rebold-marketing\">\n                                <a class=\"post_image\" href=\"https:\/\/letsrebold.com\/es\/blog\/contenido-de-baja-calidad\/\"><img loading=\"lazy\" decoding=\"async\" width=\"900\" height=\"600\" src=\"https:\/\/letsrebold.com\/wp-content\/uploads\/2022\/06\/Contenido-calidad-900x600.jpg\" class=\"attachment-img-header size-img-header wp-post-image\" alt=\"\" srcset=\"https:\/\/letsrebold.com\/wp-content\/uploads\/2022\/06\/Contenido-calidad-900x600.jpg 900w, https:\/\/letsrebold.com\/wp-content\/uploads\/2022\/06\/Contenido-calidad-300x200.jpg 300w, https:\/\/letsrebold.com\/wp-content\/uploads\/2022\/06\/Contenido-calidad-768x512.jpg 768w, https:\/\/letsrebold.com\/wp-content\/uploads\/2022\/06\/Contenido-calidad-1024x683.jpg 1024w, https:\/\/letsrebold.com\/wp-content\/uploads\/2022\/06\/Contenido-calidad-306x204.jpg 306w, https:\/\/letsrebold.com\/wp-content\/uploads\/2022\/06\/Contenido-calidad-360x240.jpg 360w, https:\/\/letsrebold.com\/wp-content\/uploads\/2022\/06\/Contenido-calidad-527x351.jpg 527w, https:\/\/letsrebold.com\/wp-content\/uploads\/2022\/06\/Contenido-calidad-573x382.jpg 573w, https:\/\/letsrebold.com\/wp-content\/uploads\/2022\/06\/Contenido-calidad.jpg 1200w\" sizes=\"auto, (max-width: 900px) 100vw, 900px\" \/><\/a>\n                                <h2 class=\"post_meta\">\n                                                                                <a style=\"color: #e0094b\" class=\"post_tag\" href=\"?service=rebold-marketing\">Rebold Marketing<\/a>\n                                                                                                                                <a class=\"post_tag\" href=\"?topic=contenidos-de-baja-calidad\">Contenidos de baja calidad<\/a>\n                                                                            <\/h2>\n                                <h3 class=\"post_title\"><a href=\"https:\/\/letsrebold.com\/es\/blog\/contenido-de-baja-calidad\/\">\u00bfQu\u00e9 caracter\u00edsticas debe cumplir tu contenido para que Google no lo etiquete como contenido de baja calidad?<\/a><\/h3>\n                                <a class=\"post_link\" href=\"https:\/\/letsrebold.com\/es\/blog\/contenido-de-baja-calidad\/\"><span>Leer m\u00e1s<\/span> <span class=\"ico-right\">M\u00e1s informaci\u00f3n<\/span><\/a>\n                            <\/article>\n                                                                        <article class=\"post rebold-marketing, zero-party-data\">\n                                <a class=\"post_image\" href=\"https:\/\/letsrebold.com\/es\/blog\/cifras-del-black-friday-2021\/\"><img loading=\"lazy\" decoding=\"async\" width=\"900\" height=\"600\" src=\"https:\/\/letsrebold.com\/wp-content\/uploads\/2022\/06\/cifras-del-black-friday-2021-900x600.jpg\" class=\"attachment-img-header size-img-header wp-post-image\" alt=\"\" srcset=\"https:\/\/letsrebold.com\/wp-content\/uploads\/2022\/06\/cifras-del-black-friday-2021-900x600.jpg 900w, https:\/\/letsrebold.com\/wp-content\/uploads\/2022\/06\/cifras-del-black-friday-2021-300x200.jpg 300w, https:\/\/letsrebold.com\/wp-content\/uploads\/2022\/06\/cifras-del-black-friday-2021-768x512.jpg 768w, https:\/\/letsrebold.com\/wp-content\/uploads\/2022\/06\/cifras-del-black-friday-2021-1024x683.jpg 1024w, https:\/\/letsrebold.com\/wp-content\/uploads\/2022\/06\/cifras-del-black-friday-2021-306x204.jpg 306w, https:\/\/letsrebold.com\/wp-content\/uploads\/2022\/06\/cifras-del-black-friday-2021-360x240.jpg 360w, https:\/\/letsrebold.com\/wp-content\/uploads\/2022\/06\/cifras-del-black-friday-2021-527x351.jpg 527w, https:\/\/letsrebold.com\/wp-content\/uploads\/2022\/06\/cifras-del-black-friday-2021-573x382.jpg 573w, https:\/\/letsrebold.com\/wp-content\/uploads\/2022\/06\/cifras-del-black-friday-2021.jpg 1200w\" sizes=\"auto, (max-width: 900px) 100vw, 900px\" \/><\/a>\n                                <h2 class=\"post_meta\">\n                                                                                <a style=\"color: #e0094b\" class=\"post_tag\" href=\"?service=rebold-marketing\">Rebold Marketing<\/a>\n                                                                                                                                <a class=\"post_tag\" href=\"?topic=data\">data<\/a>\n                                                                            <\/h2>\n                                <h3 class=\"post_title\"><a href=\"https:\/\/letsrebold.com\/es\/blog\/cifras-del-black-friday-2021\/\">Las cifras consolidan al Black Friday como una de las citas comerciales del a\u00f1o<\/a><\/h3>\n                                <a class=\"post_link\" href=\"https:\/\/letsrebold.com\/es\/blog\/cifras-del-black-friday-2021\/\"><span>Leer m\u00e1s<\/span> <span class=\"ico-right\">M\u00e1s informaci\u00f3n<\/span><\/a>\n                            <\/article>\n                                                                        <article class=\"post media-strategy-research, rebold-marketing\">\n                                <a class=\"post_image\" href=\"https:\/\/letsrebold.com\/es\/blog\/mejorar-tu-social-selling-index-de-linkedin\/\"><img loading=\"lazy\" decoding=\"async\" width=\"900\" height=\"600\" src=\"https:\/\/letsrebold.com\/wp-content\/uploads\/2022\/06\/social-selling-index-linkedin-900x600.jpg\" class=\"attachment-img-header size-img-header wp-post-image\" alt=\"\" srcset=\"https:\/\/letsrebold.com\/wp-content\/uploads\/2022\/06\/social-selling-index-linkedin-900x600.jpg 900w, https:\/\/letsrebold.com\/wp-content\/uploads\/2022\/06\/social-selling-index-linkedin-300x200.jpg 300w, https:\/\/letsrebold.com\/wp-content\/uploads\/2022\/06\/social-selling-index-linkedin-768x512.jpg 768w, https:\/\/letsrebold.com\/wp-content\/uploads\/2022\/06\/social-selling-index-linkedin-1024x683.jpg 1024w, https:\/\/letsrebold.com\/wp-content\/uploads\/2022\/06\/social-selling-index-linkedin-306x204.jpg 306w, https:\/\/letsrebold.com\/wp-content\/uploads\/2022\/06\/social-selling-index-linkedin-360x240.jpg 360w, https:\/\/letsrebold.com\/wp-content\/uploads\/2022\/06\/social-selling-index-linkedin-527x351.jpg 527w, https:\/\/letsrebold.com\/wp-content\/uploads\/2022\/06\/social-selling-index-linkedin-573x382.jpg 573w, https:\/\/letsrebold.com\/wp-content\/uploads\/2022\/06\/social-selling-index-linkedin.jpg 1200w\" sizes=\"auto, (max-width: 900px) 100vw, 900px\" \/><\/a>\n                                <h2 class=\"post_meta\">\n                                                                                <a style=\"color: #e0094b\" class=\"post_tag\" href=\"?service=rebold-marketing\">Rebold Marketing<\/a>\n                                                                                                                                <a class=\"post_tag\" href=\"?topic=social-media\">Social Media<\/a>\n                                                                            <\/h2>\n                                <h3 class=\"post_title\"><a href=\"https:\/\/letsrebold.com\/es\/blog\/mejorar-tu-social-selling-index-de-linkedin\/\">Qu\u00e9 es y c\u00f3mo mejorar tu Social Selling Index de Linkedin<\/a><\/h3>\n                                <a class=\"post_link\" href=\"https:\/\/letsrebold.com\/es\/blog\/mejorar-tu-social-selling-index-de-linkedin\/\"><span>Leer m\u00e1s<\/span> <span class=\"ico-right\">M\u00e1s informaci\u00f3n<\/span><\/a>\n                            <\/article>\n                                                                        <article class=\"post influencer-marketing, rebold-marketing\">\n                                <a class=\"post_image\" href=\"https:\/\/letsrebold.com\/es\/blog\/libro-blanco-marketing-de-influencia\/\"><img loading=\"lazy\" decoding=\"async\" width=\"900\" height=\"600\" src=\"https:\/\/letsrebold.com\/wp-content\/uploads\/2022\/06\/libro-blanco-de-marketing-influencia-iab-900x600.jpg\" class=\"attachment-img-header size-img-header wp-post-image\" alt=\"\" srcset=\"https:\/\/letsrebold.com\/wp-content\/uploads\/2022\/06\/libro-blanco-de-marketing-influencia-iab-900x600.jpg 900w, https:\/\/letsrebold.com\/wp-content\/uploads\/2022\/06\/libro-blanco-de-marketing-influencia-iab-300x200.jpg 300w, https:\/\/letsrebold.com\/wp-content\/uploads\/2022\/06\/libro-blanco-de-marketing-influencia-iab-768x512.jpg 768w, https:\/\/letsrebold.com\/wp-content\/uploads\/2022\/06\/libro-blanco-de-marketing-influencia-iab-1024x683.jpg 1024w, https:\/\/letsrebold.com\/wp-content\/uploads\/2022\/06\/libro-blanco-de-marketing-influencia-iab-306x204.jpg 306w, https:\/\/letsrebold.com\/wp-content\/uploads\/2022\/06\/libro-blanco-de-marketing-influencia-iab-360x240.jpg 360w, https:\/\/letsrebold.com\/wp-content\/uploads\/2022\/06\/libro-blanco-de-marketing-influencia-iab-527x351.jpg 527w, https:\/\/letsrebold.com\/wp-content\/uploads\/2022\/06\/libro-blanco-de-marketing-influencia-iab-573x382.jpg 573w, https:\/\/letsrebold.com\/wp-content\/uploads\/2022\/06\/libro-blanco-de-marketing-influencia-iab.jpg 1200w\" sizes=\"auto, (max-width: 900px) 100vw, 900px\" \/><\/a>\n                                <h2 class=\"post_meta\">\n                                                                                <a style=\"color: #e0094b\" class=\"post_tag\" href=\"?service=rebold-marketing\">Rebold Marketing<\/a>\n                                                                                                                                <a class=\"post_tag\" href=\"?topic=influencer-marketing\">Influencer Marketing<\/a>\n                                                                            <\/h2>\n                                <h3 class=\"post_title\"><a href=\"https:\/\/letsrebold.com\/es\/blog\/libro-blanco-marketing-de-influencia\/\">Libro Blanco del Marketing de Influencia: te revelamos las claves de la gu\u00eda de IAB<\/a><\/h3>\n                                <a class=\"post_link\" href=\"https:\/\/letsrebold.com\/es\/blog\/libro-blanco-marketing-de-influencia\/\"><span>Leer m\u00e1s<\/span> <span class=\"ico-right\">M\u00e1s informaci\u00f3n<\/span><\/a>\n                            <\/article>\n                                    <\/div>\n                                    <nav class=\"links links-right\" id=\"loadmore_41\">\n                        <div class=\"container\">\n                            <a href=\"#\" class=\"loadmore\" value=\"41\"><span>Cargar m\u00e1s<\/span> <span class=\"ico-right\"><\/span><\/a>\n                        <\/div>\n                    <\/nav>\n                            <\/div>\n                                <div id=\"page_42\" class=\"d-none\">\n                <div class=\"container posts\">\n                                                                        <article class=\"post rebold-marketing\">\n                                <a class=\"post_image\" href=\"https:\/\/letsrebold.com\/es\/blog\/sesgos-cognitivos-en-marketing\/\"><img loading=\"lazy\" decoding=\"async\" width=\"989\" height=\"600\" src=\"https:\/\/letsrebold.com\/wp-content\/uploads\/2021\/11\/sesgos-cognitivos-en-marketing-989x600.jpg\" class=\"attachment-img-header size-img-header wp-post-image\" alt=\"\" srcset=\"https:\/\/letsrebold.com\/wp-content\/uploads\/2021\/11\/sesgos-cognitivos-en-marketing-989x600.jpg 989w, https:\/\/letsrebold.com\/wp-content\/uploads\/2021\/11\/sesgos-cognitivos-en-marketing-300x182.jpg 300w, https:\/\/letsrebold.com\/wp-content\/uploads\/2021\/11\/sesgos-cognitivos-en-marketing-768x466.jpg 768w, https:\/\/letsrebold.com\/wp-content\/uploads\/2021\/11\/sesgos-cognitivos-en-marketing-1024x622.jpg 1024w, https:\/\/letsrebold.com\/wp-content\/uploads\/2021\/11\/sesgos-cognitivos-en-marketing-336x204.jpg 336w, https:\/\/letsrebold.com\/wp-content\/uploads\/2021\/11\/sesgos-cognitivos-en-marketing-360x219.jpg 360w, https:\/\/letsrebold.com\/wp-content\/uploads\/2021\/11\/sesgos-cognitivos-en-marketing-578x351.jpg 578w, https:\/\/letsrebold.com\/wp-content\/uploads\/2021\/11\/sesgos-cognitivos-en-marketing-629x382.jpg 629w, https:\/\/letsrebold.com\/wp-content\/uploads\/2021\/11\/sesgos-cognitivos-en-marketing.jpg 1440w\" sizes=\"auto, (max-width: 989px) 100vw, 989px\" \/><\/a>\n                                <h2 class=\"post_meta\">\n                                                                                <a style=\"color: #e0094b\" class=\"post_tag\" href=\"?service=rebold-marketing\">Rebold Marketing<\/a>\n                                                                                                                                <a class=\"post_tag\" href=\"?topic=marketing-digital\">Marketing Digital<\/a>\n                                                                            <\/h2>\n                                <h3 class=\"post_title\"><a href=\"https:\/\/letsrebold.com\/es\/blog\/sesgos-cognitivos-en-marketing\/\">Estos son los 7 sesgos cognitivos en marketing que impulsar\u00e1n tus conversiones<\/a><\/h3>\n                                <a class=\"post_link\" href=\"https:\/\/letsrebold.com\/es\/blog\/sesgos-cognitivos-en-marketing\/\"><span>Leer m\u00e1s<\/span> <span class=\"ico-right\">M\u00e1s informaci\u00f3n<\/span><\/a>\n                            <\/article>\n                                                                        <article class=\"post media-strategy-research, rebold-marketing\">\n                                <a class=\"post_image\" href=\"https:\/\/letsrebold.com\/es\/blog\/telegram-ads\/\"><img loading=\"lazy\" decoding=\"async\" width=\"900\" height=\"600\" src=\"https:\/\/letsrebold.com\/wp-content\/uploads\/2022\/06\/telegram-ads-900x600.jpg\" class=\"attachment-img-header size-img-header wp-post-image\" alt=\"\" srcset=\"https:\/\/letsrebold.com\/wp-content\/uploads\/2022\/06\/telegram-ads-900x600.jpg 900w, https:\/\/letsrebold.com\/wp-content\/uploads\/2022\/06\/telegram-ads-300x200.jpg 300w, https:\/\/letsrebold.com\/wp-content\/uploads\/2022\/06\/telegram-ads-768x512.jpg 768w, https:\/\/letsrebold.com\/wp-content\/uploads\/2022\/06\/telegram-ads-1024x683.jpg 1024w, https:\/\/letsrebold.com\/wp-content\/uploads\/2022\/06\/telegram-ads-306x204.jpg 306w, https:\/\/letsrebold.com\/wp-content\/uploads\/2022\/06\/telegram-ads-360x240.jpg 360w, https:\/\/letsrebold.com\/wp-content\/uploads\/2022\/06\/telegram-ads-527x351.jpg 527w, https:\/\/letsrebold.com\/wp-content\/uploads\/2022\/06\/telegram-ads-573x382.jpg 573w, https:\/\/letsrebold.com\/wp-content\/uploads\/2022\/06\/telegram-ads.jpg 1200w\" sizes=\"auto, (max-width: 900px) 100vw, 900px\" \/><\/a>\n                                <h2 class=\"post_meta\">\n                                                                                <a style=\"color: #e0094b\" class=\"post_tag\" href=\"?service=rebold-marketing\">Rebold Marketing<\/a>\n                                                                                                                                <a class=\"post_tag\" href=\"?topic=social-ads\">Social Ads<\/a>\n                                                                            <\/h2>\n                                <h3 class=\"post_title\"><a href=\"https:\/\/letsrebold.com\/es\/blog\/telegram-ads\/\">Telegram Ads: descubrimos la nueva plataforma publicitaria de mensajer\u00eda<\/a><\/h3>\n                                <a class=\"post_link\" href=\"https:\/\/letsrebold.com\/es\/blog\/telegram-ads\/\"><span>Leer m\u00e1s<\/span> <span class=\"ico-right\">M\u00e1s informaci\u00f3n<\/span><\/a>\n                            <\/article>\n                                                                        <article class=\"post rebold-marketing\">\n                                <a class=\"post_image\" href=\"https:\/\/letsrebold.com\/es\/blog\/evento-live-shopping-de-rebold\/\"><img loading=\"lazy\" decoding=\"async\" width=\"900\" height=\"600\" src=\"https:\/\/letsrebold.com\/wp-content\/uploads\/2022\/06\/live_streaming-900x600.jpg\" class=\"attachment-img-header size-img-header wp-post-image\" alt=\"\" srcset=\"https:\/\/letsrebold.com\/wp-content\/uploads\/2022\/06\/live_streaming-900x600.jpg 900w, https:\/\/letsrebold.com\/wp-content\/uploads\/2022\/06\/live_streaming-300x200.jpg 300w, https:\/\/letsrebold.com\/wp-content\/uploads\/2022\/06\/live_streaming-768x512.jpg 768w, https:\/\/letsrebold.com\/wp-content\/uploads\/2022\/06\/live_streaming-1024x683.jpg 1024w, https:\/\/letsrebold.com\/wp-content\/uploads\/2022\/06\/live_streaming-306x204.jpg 306w, https:\/\/letsrebold.com\/wp-content\/uploads\/2022\/06\/live_streaming-360x240.jpg 360w, https:\/\/letsrebold.com\/wp-content\/uploads\/2022\/06\/live_streaming-527x351.jpg 527w, https:\/\/letsrebold.com\/wp-content\/uploads\/2022\/06\/live_streaming-573x382.jpg 573w, https:\/\/letsrebold.com\/wp-content\/uploads\/2022\/06\/live_streaming-1536x1024.jpg 1536w, https:\/\/letsrebold.com\/wp-content\/uploads\/2022\/06\/live_streaming-2048x1365.jpg 2048w\" sizes=\"auto, (max-width: 900px) 100vw, 900px\" \/><\/a>\n                                <h2 class=\"post_meta\">\n                                                                                <a style=\"color: #e0094b\" class=\"post_tag\" href=\"?service=rebold-marketing\">Rebold Marketing<\/a>\n                                                                                                                                <a class=\"post_tag\" href=\"?topic=ecommerce\">Ecommerce<\/a>\n                                                                            <\/h2>\n                                <h3 class=\"post_title\"><a href=\"https:\/\/letsrebold.com\/es\/blog\/evento-live-shopping-de-rebold\/\">Rebold irrumpe en el live shopping con un evento pre Black Friday<\/a><\/h3>\n                                <a class=\"post_link\" href=\"https:\/\/letsrebold.com\/es\/blog\/evento-live-shopping-de-rebold\/\"><span>Leer m\u00e1s<\/span> <span class=\"ico-right\">M\u00e1s informaci\u00f3n<\/span><\/a>\n                            <\/article>\n                                                                        <article class=\"post rebold-marketing\">\n                                <a class=\"post_image\" href=\"https:\/\/letsrebold.com\/es\/blog\/tendencias-de-marketing-digital-2022\/\"><img loading=\"lazy\" decoding=\"async\" width=\"900\" height=\"600\" src=\"https:\/\/letsrebold.com\/wp-content\/uploads\/2022\/06\/tendencias-marketing-digital-2022-900x600.jpg\" class=\"attachment-img-header size-img-header wp-post-image\" alt=\"\" srcset=\"https:\/\/letsrebold.com\/wp-content\/uploads\/2022\/06\/tendencias-marketing-digital-2022-900x600.jpg 900w, https:\/\/letsrebold.com\/wp-content\/uploads\/2022\/06\/tendencias-marketing-digital-2022-300x200.jpg 300w, https:\/\/letsrebold.com\/wp-content\/uploads\/2022\/06\/tendencias-marketing-digital-2022-768x512.jpg 768w, https:\/\/letsrebold.com\/wp-content\/uploads\/2022\/06\/tendencias-marketing-digital-2022-1024x683.jpg 1024w, https:\/\/letsrebold.com\/wp-content\/uploads\/2022\/06\/tendencias-marketing-digital-2022-306x204.jpg 306w, https:\/\/letsrebold.com\/wp-content\/uploads\/2022\/06\/tendencias-marketing-digital-2022-360x240.jpg 360w, https:\/\/letsrebold.com\/wp-content\/uploads\/2022\/06\/tendencias-marketing-digital-2022-527x351.jpg 527w, https:\/\/letsrebold.com\/wp-content\/uploads\/2022\/06\/tendencias-marketing-digital-2022-573x382.jpg 573w, https:\/\/letsrebold.com\/wp-content\/uploads\/2022\/06\/tendencias-marketing-digital-2022.jpg 1200w\" sizes=\"auto, (max-width: 900px) 100vw, 900px\" \/><\/a>\n                                <h2 class=\"post_meta\">\n                                                                                <a style=\"color: #e0094b\" class=\"post_tag\" href=\"?service=rebold-marketing\">Rebold Marketing<\/a>\n                                                                                                                                <a class=\"post_tag\" href=\"?topic=marketing-digital\">Marketing Digital<\/a>\n                                                                            <\/h2>\n                                <h3 class=\"post_title\"><a href=\"https:\/\/letsrebold.com\/es\/blog\/tendencias-de-marketing-digital-2022\/\">Las tendencias de marketing digital para 2022 que debes tener en cuenta para no quedarte atr\u00e1s<\/a><\/h3>\n                                <a class=\"post_link\" href=\"https:\/\/letsrebold.com\/es\/blog\/tendencias-de-marketing-digital-2022\/\"><span>Leer m\u00e1s<\/span> <span class=\"ico-right\">M\u00e1s informaci\u00f3n<\/span><\/a>\n                            <\/article>\n                                                                        <article class=\"post media-strategy-research, rebold-marketing\">\n                                <a class=\"post_image\" href=\"https:\/\/letsrebold.com\/es\/blog\/performance-max-campaigns\/\"><img loading=\"lazy\" decoding=\"async\" width=\"1061\" height=\"513\" src=\"https:\/\/letsrebold.com\/wp-content\/uploads\/2022\/06\/Performance-max-campaigns-1-1061x513.jpg\" class=\"attachment-img-header size-img-header wp-post-image\" alt=\"\" srcset=\"https:\/\/letsrebold.com\/wp-content\/uploads\/2022\/06\/Performance-max-campaigns-1-1061x513.jpg 1061w, https:\/\/letsrebold.com\/wp-content\/uploads\/2022\/06\/Performance-max-campaigns-1-300x145.jpg 300w, https:\/\/letsrebold.com\/wp-content\/uploads\/2022\/06\/Performance-max-campaigns-1-768x371.jpg 768w, https:\/\/letsrebold.com\/wp-content\/uploads\/2022\/06\/Performance-max-campaigns-1-1024x495.jpg 1024w, https:\/\/letsrebold.com\/wp-content\/uploads\/2022\/06\/Performance-max-campaigns-1-360x174.jpg 360w, https:\/\/letsrebold.com\/wp-content\/uploads\/2022\/06\/Performance-max-campaigns-1-578x279.jpg 578w, https:\/\/letsrebold.com\/wp-content\/uploads\/2022\/06\/Performance-max-campaigns-1-761x368.jpg 761w, https:\/\/letsrebold.com\/wp-content\/uploads\/2022\/06\/Performance-max-campaigns-1.jpg 1200w\" sizes=\"auto, (max-width: 1061px) 100vw, 1061px\" \/><\/a>\n                                <h2 class=\"post_meta\">\n                                                                                <a style=\"color: #e0094b\" class=\"post_tag\" href=\"?service=rebold-marketing\">Rebold Marketing<\/a>\n                                                                                                                                <a class=\"post_tag\" href=\"?topic=performance-max-campaigns\">Performance max campaigns<\/a>\n                                                                            <\/h2>\n                                <h3 class=\"post_title\"><a href=\"https:\/\/letsrebold.com\/es\/blog\/performance-max-campaigns\/\">Performance max campaigns de Google, \u00bfqu\u00e9 son y por qu\u00e9 deber\u00edas empezar a utilizarlas?<\/a><\/h3>\n                                <a class=\"post_link\" href=\"https:\/\/letsrebold.com\/es\/blog\/performance-max-campaigns\/\"><span>Leer m\u00e1s<\/span> <span class=\"ico-right\">M\u00e1s informaci\u00f3n<\/span><\/a>\n                            <\/article>\n                                                                        <article class=\"post rebold-marketing\">\n                                <a class=\"post_image\" href=\"https:\/\/letsrebold.com\/es\/blog\/mejores-anuncios-de-navidad\/\"><img loading=\"lazy\" decoding=\"async\" width=\"900\" height=\"600\" src=\"https:\/\/letsrebold.com\/wp-content\/uploads\/2022\/06\/Anuncios-de-navidad-900x600.jpg\" class=\"attachment-img-header size-img-header wp-post-image\" alt=\"\" srcset=\"https:\/\/letsrebold.com\/wp-content\/uploads\/2022\/06\/Anuncios-de-navidad-900x600.jpg 900w, https:\/\/letsrebold.com\/wp-content\/uploads\/2022\/06\/Anuncios-de-navidad-300x200.jpg 300w, https:\/\/letsrebold.com\/wp-content\/uploads\/2022\/06\/Anuncios-de-navidad-768x512.jpg 768w, https:\/\/letsrebold.com\/wp-content\/uploads\/2022\/06\/Anuncios-de-navidad-1024x683.jpg 1024w, https:\/\/letsrebold.com\/wp-content\/uploads\/2022\/06\/Anuncios-de-navidad-306x204.jpg 306w, https:\/\/letsrebold.com\/wp-content\/uploads\/2022\/06\/Anuncios-de-navidad-360x240.jpg 360w, https:\/\/letsrebold.com\/wp-content\/uploads\/2022\/06\/Anuncios-de-navidad-527x351.jpg 527w, https:\/\/letsrebold.com\/wp-content\/uploads\/2022\/06\/Anuncios-de-navidad-573x382.jpg 573w, https:\/\/letsrebold.com\/wp-content\/uploads\/2022\/06\/Anuncios-de-navidad.jpg 1200w\" sizes=\"auto, (max-width: 900px) 100vw, 900px\" \/><\/a>\n                                <h2 class=\"post_meta\">\n                                                                                <a style=\"color: #e0094b\" class=\"post_tag\" href=\"?service=rebold-marketing\">Rebold Marketing<\/a>\n                                                                                                                                <a class=\"post_tag\" href=\"?topic=anuncios-de-navidad\">Anuncios de Navidad<\/a>\n                                                                            <\/h2>\n                                <h3 class=\"post_title\"><a href=\"https:\/\/letsrebold.com\/es\/blog\/mejores-anuncios-de-navidad\/\">Los mejores anuncios de Navidad que querr\u00e1s ver en bucle<\/a><\/h3>\n                                <a class=\"post_link\" href=\"https:\/\/letsrebold.com\/es\/blog\/mejores-anuncios-de-navidad\/\"><span>Leer m\u00e1s<\/span> <span class=\"ico-right\">M\u00e1s informaci\u00f3n<\/span><\/a>\n                            <\/article>\n                                    <\/div>\n                                    <nav class=\"links links-right\" id=\"loadmore_42\">\n                        <div class=\"container\">\n                            <a href=\"#\" class=\"loadmore\" value=\"42\"><span>Cargar m\u00e1s<\/span> <span class=\"ico-right\"><\/span><\/a>\n                        <\/div>\n                    <\/nav>\n                            <\/div>\n                                <div id=\"page_43\" class=\"d-none\">\n                <div class=\"container posts\">\n                                                                        <article class=\"post rebold-marketing\">\n                                <a class=\"post_image\" href=\"https:\/\/letsrebold.com\/es\/blog\/tendencias-en-inteligencia-artificial-2022\/\"><img loading=\"lazy\" decoding=\"async\" width=\"900\" height=\"600\" src=\"https:\/\/letsrebold.com\/wp-content\/uploads\/2022\/06\/tendencias-inteligencia-artificial-2022-900x600.jpg\" class=\"attachment-img-header size-img-header wp-post-image\" alt=\"\" srcset=\"https:\/\/letsrebold.com\/wp-content\/uploads\/2022\/06\/tendencias-inteligencia-artificial-2022-900x600.jpg 900w, https:\/\/letsrebold.com\/wp-content\/uploads\/2022\/06\/tendencias-inteligencia-artificial-2022-300x200.jpg 300w, https:\/\/letsrebold.com\/wp-content\/uploads\/2022\/06\/tendencias-inteligencia-artificial-2022-768x512.jpg 768w, https:\/\/letsrebold.com\/wp-content\/uploads\/2022\/06\/tendencias-inteligencia-artificial-2022-1024x683.jpg 1024w, https:\/\/letsrebold.com\/wp-content\/uploads\/2022\/06\/tendencias-inteligencia-artificial-2022-306x204.jpg 306w, https:\/\/letsrebold.com\/wp-content\/uploads\/2022\/06\/tendencias-inteligencia-artificial-2022-360x240.jpg 360w, https:\/\/letsrebold.com\/wp-content\/uploads\/2022\/06\/tendencias-inteligencia-artificial-2022-527x351.jpg 527w, https:\/\/letsrebold.com\/wp-content\/uploads\/2022\/06\/tendencias-inteligencia-artificial-2022-573x382.jpg 573w, https:\/\/letsrebold.com\/wp-content\/uploads\/2022\/06\/tendencias-inteligencia-artificial-2022.jpg 1200w\" sizes=\"auto, (max-width: 900px) 100vw, 900px\" \/><\/a>\n                                <h2 class=\"post_meta\">\n                                                                                <a style=\"color: #e0094b\" class=\"post_tag\" href=\"?service=rebold-marketing\">Rebold Marketing<\/a>\n                                                                                                                                <a class=\"post_tag\" href=\"?topic=inteligencia-artificial\">Inteligencia Artificial<\/a>\n                                                                            <\/h2>\n                                <h3 class=\"post_title\"><a href=\"https:\/\/letsrebold.com\/es\/blog\/tendencias-en-inteligencia-artificial-2022\/\">Tendencias de la aplicaci\u00f3n en Inteligencia Artificial en la publicidad en 2022<\/a><\/h3>\n                                <a class=\"post_link\" href=\"https:\/\/letsrebold.com\/es\/blog\/tendencias-en-inteligencia-artificial-2022\/\"><span>Leer m\u00e1s<\/span> <span class=\"ico-right\">M\u00e1s informaci\u00f3n<\/span><\/a>\n                            <\/article>\n                                                                        <article class=\"post \">\n                                <a class=\"post_image\" href=\"https:\/\/letsrebold.com\/es\/blog\/tendencias-en-comunicacion-en-2022\/\"><img loading=\"lazy\" decoding=\"async\" width=\"900\" height=\"600\" src=\"https:\/\/letsrebold.com\/wp-content\/uploads\/2022\/06\/Tendencias-comunicacion-2022-900x600.jpg\" class=\"attachment-img-header size-img-header wp-post-image\" alt=\"\" srcset=\"https:\/\/letsrebold.com\/wp-content\/uploads\/2022\/06\/Tendencias-comunicacion-2022-900x600.jpg 900w, https:\/\/letsrebold.com\/wp-content\/uploads\/2022\/06\/Tendencias-comunicacion-2022-300x200.jpg 300w, https:\/\/letsrebold.com\/wp-content\/uploads\/2022\/06\/Tendencias-comunicacion-2022-768x512.jpg 768w, https:\/\/letsrebold.com\/wp-content\/uploads\/2022\/06\/Tendencias-comunicacion-2022-1024x683.jpg 1024w, https:\/\/letsrebold.com\/wp-content\/uploads\/2022\/06\/Tendencias-comunicacion-2022-306x204.jpg 306w, https:\/\/letsrebold.com\/wp-content\/uploads\/2022\/06\/Tendencias-comunicacion-2022-360x240.jpg 360w, https:\/\/letsrebold.com\/wp-content\/uploads\/2022\/06\/Tendencias-comunicacion-2022-527x351.jpg 527w, https:\/\/letsrebold.com\/wp-content\/uploads\/2022\/06\/Tendencias-comunicacion-2022-573x382.jpg 573w, https:\/\/letsrebold.com\/wp-content\/uploads\/2022\/06\/Tendencias-comunicacion-2022.jpg 1200w\" sizes=\"auto, (max-width: 900px) 100vw, 900px\" \/><\/a>\n                                <h2 class=\"post_meta\">\n                                                                                                                        <a class=\"post_tag\" href=\"?topic=comunicacion\">comunicacion<\/a>\n                                                                            <\/h2>\n                                <h3 class=\"post_title\"><a href=\"https:\/\/letsrebold.com\/es\/blog\/tendencias-en-comunicacion-en-2022\/\">Descubre qu\u00e9 tendencias en comunicaci\u00f3n te llevar\u00e1n al \u00e9xito en el pr\u00f3ximo 2022<\/a><\/h3>\n                                <a class=\"post_link\" href=\"https:\/\/letsrebold.com\/es\/blog\/tendencias-en-comunicacion-en-2022\/\"><span>Leer m\u00e1s<\/span> <span class=\"ico-right\">M\u00e1s informaci\u00f3n<\/span><\/a>\n                            <\/article>\n                                                                        <article class=\"post content-seo, rebold-marketing\">\n                                <a class=\"post_image\" href=\"https:\/\/letsrebold.com\/es\/blog\/intencion-de-busqueda-en-seo\/\"><img loading=\"lazy\" decoding=\"async\" width=\"900\" height=\"600\" src=\"https:\/\/letsrebold.com\/wp-content\/uploads\/2022\/06\/Intencion-busqueda-seo-900x600.jpg\" class=\"attachment-img-header size-img-header wp-post-image\" alt=\"\" srcset=\"https:\/\/letsrebold.com\/wp-content\/uploads\/2022\/06\/Intencion-busqueda-seo-900x600.jpg 900w, https:\/\/letsrebold.com\/wp-content\/uploads\/2022\/06\/Intencion-busqueda-seo-300x200.jpg 300w, https:\/\/letsrebold.com\/wp-content\/uploads\/2022\/06\/Intencion-busqueda-seo-768x512.jpg 768w, https:\/\/letsrebold.com\/wp-content\/uploads\/2022\/06\/Intencion-busqueda-seo-1024x683.jpg 1024w, https:\/\/letsrebold.com\/wp-content\/uploads\/2022\/06\/Intencion-busqueda-seo-306x204.jpg 306w, https:\/\/letsrebold.com\/wp-content\/uploads\/2022\/06\/Intencion-busqueda-seo-360x240.jpg 360w, https:\/\/letsrebold.com\/wp-content\/uploads\/2022\/06\/Intencion-busqueda-seo-527x351.jpg 527w, https:\/\/letsrebold.com\/wp-content\/uploads\/2022\/06\/Intencion-busqueda-seo-573x382.jpg 573w, https:\/\/letsrebold.com\/wp-content\/uploads\/2022\/06\/Intencion-busqueda-seo.jpg 1200w\" sizes=\"auto, (max-width: 900px) 100vw, 900px\" \/><\/a>\n                                <h2 class=\"post_meta\">\n                                                                                <a style=\"color: #e0094b\" class=\"post_tag\" href=\"?service=rebold-marketing\">Rebold Marketing<\/a>\n                                                                                                                                <a class=\"post_tag\" href=\"?topic=intencion-de-busqueda-en-seo\">Intenci\u00f3n de b\u00fasqueda en SEO<\/a>\n                                                                            <\/h2>\n                                <h3 class=\"post_title\"><a href=\"https:\/\/letsrebold.com\/es\/blog\/intencion-de-busqueda-en-seo\/\">Intenci\u00f3n de b\u00fasqueda SEO: \u00bfest\u00e1s creando los contenidos adecuados para tu buyer persona?<\/a><\/h3>\n                                <a class=\"post_link\" href=\"https:\/\/letsrebold.com\/es\/blog\/intencion-de-busqueda-en-seo\/\"><span>Leer m\u00e1s<\/span> <span class=\"ico-right\">M\u00e1s informaci\u00f3n<\/span><\/a>\n                            <\/article>\n                                                                        <article class=\"post media-strategy-research, rebold-marketing\">\n                                <a class=\"post_image\" href=\"https:\/\/letsrebold.com\/es\/blog\/social-gaming-marketing\/\"><img loading=\"lazy\" decoding=\"async\" width=\"900\" height=\"600\" src=\"https:\/\/letsrebold.com\/wp-content\/uploads\/2022\/06\/gaming-leads-900x600.jpg\" class=\"attachment-img-header size-img-header wp-post-image\" alt=\"\" srcset=\"https:\/\/letsrebold.com\/wp-content\/uploads\/2022\/06\/gaming-leads-900x600.jpg 900w, https:\/\/letsrebold.com\/wp-content\/uploads\/2022\/06\/gaming-leads-300x200.jpg 300w, https:\/\/letsrebold.com\/wp-content\/uploads\/2022\/06\/gaming-leads-768x512.jpg 768w, https:\/\/letsrebold.com\/wp-content\/uploads\/2022\/06\/gaming-leads-1024x683.jpg 1024w, https:\/\/letsrebold.com\/wp-content\/uploads\/2022\/06\/gaming-leads-306x204.jpg 306w, https:\/\/letsrebold.com\/wp-content\/uploads\/2022\/06\/gaming-leads-360x240.jpg 360w, https:\/\/letsrebold.com\/wp-content\/uploads\/2022\/06\/gaming-leads-527x351.jpg 527w, https:\/\/letsrebold.com\/wp-content\/uploads\/2022\/06\/gaming-leads-573x382.jpg 573w, https:\/\/letsrebold.com\/wp-content\/uploads\/2022\/06\/gaming-leads.jpg 1200w\" sizes=\"auto, (max-width: 900px) 100vw, 900px\" \/><\/a>\n                                <h2 class=\"post_meta\">\n                                                                                <a style=\"color: #e0094b\" class=\"post_tag\" href=\"?service=rebold-marketing\">Rebold Marketing<\/a>\n                                                                                                                                <a class=\"post_tag\" href=\"?topic=social-gaming-marketing\">Social Gaming Marketing<\/a>\n                                                                            <\/h2>\n                                <h3 class=\"post_title\"><a href=\"https:\/\/letsrebold.com\/es\/blog\/social-gaming-marketing\/\">Social Gaming Marketing: qu\u00e9 es y c\u00f3mo puedes integrarlo en tu estrategia<\/a><\/h3>\n                                <a class=\"post_link\" href=\"https:\/\/letsrebold.com\/es\/blog\/social-gaming-marketing\/\"><span>Leer m\u00e1s<\/span> <span class=\"ico-right\">M\u00e1s informaci\u00f3n<\/span><\/a>\n                            <\/article>\n                                                                        <article class=\"post media-strategy-research, rebold-marketing\">\n                                <a class=\"post_image\" href=\"https:\/\/letsrebold.com\/es\/blog\/kpis-de-compra-programatica\/\"><img loading=\"lazy\" decoding=\"async\" width=\"1024\" height=\"512\" src=\"https:\/\/letsrebold.com\/wp-content\/uploads\/2022\/06\/KPIs-analitica-de-datos.jpg\" class=\"attachment-img-header size-img-header wp-post-image\" alt=\"\" srcset=\"https:\/\/letsrebold.com\/wp-content\/uploads\/2022\/06\/KPIs-analitica-de-datos.jpg 1024w, https:\/\/letsrebold.com\/wp-content\/uploads\/2022\/06\/KPIs-analitica-de-datos-300x150.jpg 300w, https:\/\/letsrebold.com\/wp-content\/uploads\/2022\/06\/KPIs-analitica-de-datos-768x384.jpg 768w, https:\/\/letsrebold.com\/wp-content\/uploads\/2022\/06\/KPIs-analitica-de-datos-360x180.jpg 360w, https:\/\/letsrebold.com\/wp-content\/uploads\/2022\/06\/KPIs-analitica-de-datos-578x289.jpg 578w, https:\/\/letsrebold.com\/wp-content\/uploads\/2022\/06\/KPIs-analitica-de-datos-761x382.jpg 761w\" sizes=\"auto, (max-width: 1024px) 100vw, 1024px\" \/><\/a>\n                                <h2 class=\"post_meta\">\n                                                                                <a style=\"color: #e0094b\" class=\"post_tag\" href=\"?service=rebold-marketing\">Rebold Marketing<\/a>\n                                                                                                                                <a class=\"post_tag\" href=\"?topic=kpis-de-compra-programatica\">KPIs de compra program\u00e1tica<\/a>\n                                                                            <\/h2>\n                                <h3 class=\"post_title\"><a href=\"https:\/\/letsrebold.com\/es\/blog\/kpis-de-compra-programatica\/\">8 KPIs de compra program\u00e1tica que debes analizar en tus campa\u00f1as<\/a><\/h3>\n                                <a class=\"post_link\" href=\"https:\/\/letsrebold.com\/es\/blog\/kpis-de-compra-programatica\/\"><span>Leer m\u00e1s<\/span> <span class=\"ico-right\">M\u00e1s informaci\u00f3n<\/span><\/a>\n                            <\/article>\n                                                                        <article class=\"post rebold-marketing\">\n                                <a class=\"post_image\" href=\"https:\/\/letsrebold.com\/es\/blog\/cognitive-marketing\/\"><img loading=\"lazy\" decoding=\"async\" width=\"900\" height=\"600\" src=\"https:\/\/letsrebold.com\/wp-content\/uploads\/2022\/06\/cognitive-marketing-2-900x600.jpg\" class=\"attachment-img-header size-img-header wp-post-image\" alt=\"\" srcset=\"https:\/\/letsrebold.com\/wp-content\/uploads\/2022\/06\/cognitive-marketing-2-900x600.jpg 900w, https:\/\/letsrebold.com\/wp-content\/uploads\/2022\/06\/cognitive-marketing-2-300x200.jpg 300w, https:\/\/letsrebold.com\/wp-content\/uploads\/2022\/06\/cognitive-marketing-2-768x512.jpg 768w, https:\/\/letsrebold.com\/wp-content\/uploads\/2022\/06\/cognitive-marketing-2-1024x683.jpg 1024w, https:\/\/letsrebold.com\/wp-content\/uploads\/2022\/06\/cognitive-marketing-2-306x204.jpg 306w, https:\/\/letsrebold.com\/wp-content\/uploads\/2022\/06\/cognitive-marketing-2-360x240.jpg 360w, https:\/\/letsrebold.com\/wp-content\/uploads\/2022\/06\/cognitive-marketing-2-527x351.jpg 527w, https:\/\/letsrebold.com\/wp-content\/uploads\/2022\/06\/cognitive-marketing-2-573x382.jpg 573w, https:\/\/letsrebold.com\/wp-content\/uploads\/2022\/06\/cognitive-marketing-2.jpg 1200w\" sizes=\"auto, (max-width: 900px) 100vw, 900px\" \/><\/a>\n                                <h2 class=\"post_meta\">\n                                                                                <a style=\"color: #e0094b\" class=\"post_tag\" href=\"?service=rebold-marketing\">Rebold Marketing<\/a>\n                                                                                                                                <a class=\"post_tag\" href=\"?topic=cognitive-marketing\">Cognitive Marketing<\/a>\n                                                                            <\/h2>\n                                <h3 class=\"post_title\"><a href=\"https:\/\/letsrebold.com\/es\/blog\/cognitive-marketing\/\">Cognitive marketing: conoce al consumidor y convi\u00e9rtelo en comprador<\/a><\/h3>\n                                <a class=\"post_link\" href=\"https:\/\/letsrebold.com\/es\/blog\/cognitive-marketing\/\"><span>Leer m\u00e1s<\/span> <span class=\"ico-right\">M\u00e1s informaci\u00f3n<\/span><\/a>\n                            <\/article>\n                                    <\/div>\n                                    <nav class=\"links links-right\" id=\"loadmore_43\">\n                        <div class=\"container\">\n                            <a href=\"#\" class=\"loadmore\" value=\"43\"><span>Cargar m\u00e1s<\/span> <span class=\"ico-right\"><\/span><\/a>\n                        <\/div>\n                    <\/nav>\n                            <\/div>\n                                <div id=\"page_44\" class=\"d-none\">\n                <div class=\"container posts\">\n                                                                        <article class=\"post performance, rebold-marketing\">\n                                <a class=\"post_image\" href=\"https:\/\/letsrebold.com\/es\/blog\/generar-nuevos-leads-a-traves-de-linkedin\/\"><img loading=\"lazy\" decoding=\"async\" width=\"900\" height=\"600\" src=\"https:\/\/letsrebold.com\/wp-content\/uploads\/2022\/06\/lead-generation-linkedin-900x600.jpg\" class=\"attachment-img-header size-img-header wp-post-image\" alt=\"\" srcset=\"https:\/\/letsrebold.com\/wp-content\/uploads\/2022\/06\/lead-generation-linkedin-900x600.jpg 900w, https:\/\/letsrebold.com\/wp-content\/uploads\/2022\/06\/lead-generation-linkedin-300x200.jpg 300w, https:\/\/letsrebold.com\/wp-content\/uploads\/2022\/06\/lead-generation-linkedin-768x512.jpg 768w, https:\/\/letsrebold.com\/wp-content\/uploads\/2022\/06\/lead-generation-linkedin-1024x683.jpg 1024w, https:\/\/letsrebold.com\/wp-content\/uploads\/2022\/06\/lead-generation-linkedin-306x204.jpg 306w, https:\/\/letsrebold.com\/wp-content\/uploads\/2022\/06\/lead-generation-linkedin-360x240.jpg 360w, https:\/\/letsrebold.com\/wp-content\/uploads\/2022\/06\/lead-generation-linkedin-527x351.jpg 527w, https:\/\/letsrebold.com\/wp-content\/uploads\/2022\/06\/lead-generation-linkedin-573x382.jpg 573w, https:\/\/letsrebold.com\/wp-content\/uploads\/2022\/06\/lead-generation-linkedin.jpg 1200w\" sizes=\"auto, (max-width: 900px) 100vw, 900px\" \/><\/a>\n                                <h2 class=\"post_meta\">\n                                                                                <a style=\"color: #e0094b\" class=\"post_tag\" href=\"?service=rebold-marketing\">Rebold Marketing<\/a>\n                                                                                                                                <a class=\"post_tag\" href=\"?topic=generar-leads-linkedin\">Generar leads Linkedin<\/a>\n                                                                            <\/h2>\n                                <h3 class=\"post_title\"><a href=\"https:\/\/letsrebold.com\/es\/blog\/generar-nuevos-leads-a-traves-de-linkedin\/\">6 formas de generar nuevos leads a trav\u00e9s de LinkedIn que debes aplicar<\/a><\/h3>\n                                <a class=\"post_link\" href=\"https:\/\/letsrebold.com\/es\/blog\/generar-nuevos-leads-a-traves-de-linkedin\/\"><span>Leer m\u00e1s<\/span> <span class=\"ico-right\">M\u00e1s informaci\u00f3n<\/span><\/a>\n                            <\/article>\n                                                                        <article class=\"post rebold-marketing\">\n                                <a class=\"post_image\" href=\"https:\/\/letsrebold.com\/es\/blog\/incluir-los-ods-en-el-plan-de-marketing\/\"><img loading=\"lazy\" decoding=\"async\" width=\"900\" height=\"600\" src=\"https:\/\/letsrebold.com\/wp-content\/uploads\/2022\/06\/Incluir-ODS-plan-marketing-900x600.jpg\" class=\"attachment-img-header size-img-header wp-post-image\" alt=\"\" srcset=\"https:\/\/letsrebold.com\/wp-content\/uploads\/2022\/06\/Incluir-ODS-plan-marketing-900x600.jpg 900w, https:\/\/letsrebold.com\/wp-content\/uploads\/2022\/06\/Incluir-ODS-plan-marketing-300x200.jpg 300w, https:\/\/letsrebold.com\/wp-content\/uploads\/2022\/06\/Incluir-ODS-plan-marketing-768x512.jpg 768w, https:\/\/letsrebold.com\/wp-content\/uploads\/2022\/06\/Incluir-ODS-plan-marketing-1024x683.jpg 1024w, https:\/\/letsrebold.com\/wp-content\/uploads\/2022\/06\/Incluir-ODS-plan-marketing-306x204.jpg 306w, https:\/\/letsrebold.com\/wp-content\/uploads\/2022\/06\/Incluir-ODS-plan-marketing-360x240.jpg 360w, https:\/\/letsrebold.com\/wp-content\/uploads\/2022\/06\/Incluir-ODS-plan-marketing-527x351.jpg 527w, https:\/\/letsrebold.com\/wp-content\/uploads\/2022\/06\/Incluir-ODS-plan-marketing-573x382.jpg 573w, https:\/\/letsrebold.com\/wp-content\/uploads\/2022\/06\/Incluir-ODS-plan-marketing.jpg 1200w\" sizes=\"auto, (max-width: 900px) 100vw, 900px\" \/><\/a>\n                                <h2 class=\"post_meta\">\n                                                                                <a style=\"color: #e0094b\" class=\"post_tag\" href=\"?service=rebold-marketing\">Rebold Marketing<\/a>\n                                                                                                                                <a class=\"post_tag\" href=\"?topic=marketing-digital\">Marketing Digital<\/a>\n                                                                            <\/h2>\n                                <h3 class=\"post_title\"><a href=\"https:\/\/letsrebold.com\/es\/blog\/incluir-los-ods-en-el-plan-de-marketing\/\">La importancia de incluir los Objetivos de Desarrollo Sostenible (ODS) en el plan de marketing<\/a><\/h3>\n                                <a class=\"post_link\" href=\"https:\/\/letsrebold.com\/es\/blog\/incluir-los-ods-en-el-plan-de-marketing\/\"><span>Leer m\u00e1s<\/span> <span class=\"ico-right\">M\u00e1s informaci\u00f3n<\/span><\/a>\n                            <\/article>\n                                                                        <article class=\"post rebold-marketing\">\n                                <a class=\"post_image\" href=\"https:\/\/letsrebold.com\/es\/blog\/woman-business\/\"><img loading=\"lazy\" decoding=\"async\" width=\"1061\" height=\"515\" src=\"https:\/\/letsrebold.com\/wp-content\/uploads\/2022\/06\/IMG-20210929-WA0015-1061x515.jpg\" class=\"attachment-img-header size-img-header wp-post-image\" alt=\"\" srcset=\"https:\/\/letsrebold.com\/wp-content\/uploads\/2022\/06\/IMG-20210929-WA0015-1061x515.jpg 1061w, https:\/\/letsrebold.com\/wp-content\/uploads\/2022\/06\/IMG-20210929-WA0015-300x146.jpg 300w, https:\/\/letsrebold.com\/wp-content\/uploads\/2022\/06\/IMG-20210929-WA0015-768x373.jpg 768w, https:\/\/letsrebold.com\/wp-content\/uploads\/2022\/06\/IMG-20210929-WA0015-1024x497.jpg 1024w, https:\/\/letsrebold.com\/wp-content\/uploads\/2022\/06\/IMG-20210929-WA0015-360x175.jpg 360w, https:\/\/letsrebold.com\/wp-content\/uploads\/2022\/06\/IMG-20210929-WA0015-578x281.jpg 578w, https:\/\/letsrebold.com\/wp-content\/uploads\/2022\/06\/IMG-20210929-WA0015-761x370.jpg 761w, https:\/\/letsrebold.com\/wp-content\/uploads\/2022\/06\/IMG-20210929-WA0015-1536x746.jpg 1536w, https:\/\/letsrebold.com\/wp-content\/uploads\/2022\/06\/IMG-20210929-WA0015.jpg 1600w\" sizes=\"auto, (max-width: 1061px) 100vw, 1061px\" \/><\/a>\n                                <h2 class=\"post_meta\">\n                                                                                <a style=\"color: #e0094b\" class=\"post_tag\" href=\"?service=rebold-marketing\">Rebold Marketing<\/a>\n                                                                                                                                <a class=\"post_tag\" href=\"?topic=rebold\">Rebold<\/a>\n                                                                            <\/h2>\n                                <h3 class=\"post_title\"><a href=\"https:\/\/letsrebold.com\/es\/blog\/woman-business\/\">Andrea Monge analiza al nuevo consumidor en el Woman Business, un espacio \u00fanico para mujeres l\u00edderes<\/a><\/h3>\n                                <a class=\"post_link\" href=\"https:\/\/letsrebold.com\/es\/blog\/woman-business\/\"><span>Leer m\u00e1s<\/span> <span class=\"ico-right\">M\u00e1s informaci\u00f3n<\/span><\/a>\n                            <\/article>\n                                                                        <article class=\"post media-intelligence, rebold-communication\">\n                                <a class=\"post_image\" href=\"https:\/\/letsrebold.com\/es\/blog\/ballon-world-cup-datos-conversacion-digital\/\"><img loading=\"lazy\" decoding=\"async\" width=\"900\" height=\"600\" src=\"https:\/\/letsrebold.com\/wp-content\/uploads\/2022\/06\/datos-balloon-world-cup-1-900x600.jpg\" class=\"attachment-img-header size-img-header wp-post-image\" alt=\"\" srcset=\"https:\/\/letsrebold.com\/wp-content\/uploads\/2022\/06\/datos-balloon-world-cup-1-900x600.jpg 900w, https:\/\/letsrebold.com\/wp-content\/uploads\/2022\/06\/datos-balloon-world-cup-1-300x200.jpg 300w, https:\/\/letsrebold.com\/wp-content\/uploads\/2022\/06\/datos-balloon-world-cup-1-768x512.jpg 768w, https:\/\/letsrebold.com\/wp-content\/uploads\/2022\/06\/datos-balloon-world-cup-1-1024x683.jpg 1024w, https:\/\/letsrebold.com\/wp-content\/uploads\/2022\/06\/datos-balloon-world-cup-1-306x204.jpg 306w, https:\/\/letsrebold.com\/wp-content\/uploads\/2022\/06\/datos-balloon-world-cup-1-360x240.jpg 360w, https:\/\/letsrebold.com\/wp-content\/uploads\/2022\/06\/datos-balloon-world-cup-1-527x351.jpg 527w, https:\/\/letsrebold.com\/wp-content\/uploads\/2022\/06\/datos-balloon-world-cup-1-573x382.jpg 573w, https:\/\/letsrebold.com\/wp-content\/uploads\/2022\/06\/datos-balloon-world-cup-1.jpg 1200w\" sizes=\"auto, (max-width: 900px) 100vw, 900px\" \/><\/a>\n                                <h2 class=\"post_meta\">\n                                                                                <a style=\"color: #5ac4bb\" class=\"post_tag\" href=\"?service=rebold-communication\">Rebold Communication<\/a>\n                                                                                                                                <a class=\"post_tag\" href=\"?topic=media-intelligence\">Media Intelligence<\/a>\n                                                                            <\/h2>\n                                <h3 class=\"post_title\"><a href=\"https:\/\/letsrebold.com\/es\/blog\/ballon-world-cup-datos-conversacion-digital\/\">Las marcas son copart\u00edcipes del \u00e9xito de Ibai Llanos: los datos avalan la inversi\u00f3n en la Balloon World Cup<\/a><\/h3>\n                                <a class=\"post_link\" href=\"https:\/\/letsrebold.com\/es\/blog\/ballon-world-cup-datos-conversacion-digital\/\"><span>Leer m\u00e1s<\/span> <span class=\"ico-right\">M\u00e1s informaci\u00f3n<\/span><\/a>\n                            <\/article>\n                                                                        <article class=\"post rebold-marketing\">\n                                <a class=\"post_image\" href=\"https:\/\/letsrebold.com\/es\/blog\/beneficios-de-google-my-business\/\"><img loading=\"lazy\" decoding=\"async\" width=\"900\" height=\"600\" src=\"https:\/\/letsrebold.com\/wp-content\/uploads\/2022\/06\/Google-900x600.jpg\" class=\"attachment-img-header size-img-header wp-post-image\" alt=\"\" srcset=\"https:\/\/letsrebold.com\/wp-content\/uploads\/2022\/06\/Google-900x600.jpg 900w, https:\/\/letsrebold.com\/wp-content\/uploads\/2022\/06\/Google-300x200.jpg 300w, https:\/\/letsrebold.com\/wp-content\/uploads\/2022\/06\/Google-768x512.jpg 768w, https:\/\/letsrebold.com\/wp-content\/uploads\/2022\/06\/Google-1024x683.jpg 1024w, https:\/\/letsrebold.com\/wp-content\/uploads\/2022\/06\/Google-306x204.jpg 306w, https:\/\/letsrebold.com\/wp-content\/uploads\/2022\/06\/Google-360x240.jpg 360w, https:\/\/letsrebold.com\/wp-content\/uploads\/2022\/06\/Google-527x351.jpg 527w, https:\/\/letsrebold.com\/wp-content\/uploads\/2022\/06\/Google-573x382.jpg 573w, https:\/\/letsrebold.com\/wp-content\/uploads\/2022\/06\/Google.jpg 1200w\" sizes=\"auto, (max-width: 900px) 100vw, 900px\" \/><\/a>\n                                <h2 class=\"post_meta\">\n                                                                                <a style=\"color: #e0094b\" class=\"post_tag\" href=\"?service=rebold-marketing\">Rebold Marketing<\/a>\n                                                                                                                                <a class=\"post_tag\" href=\"?topic=beneficios-de-google-my-business\">Beneficios de Google My Business<\/a>\n                                                                            <\/h2>\n                                <h3 class=\"post_title\"><a href=\"https:\/\/letsrebold.com\/es\/blog\/beneficios-de-google-my-business\/\">\u00bfQu\u00e9 beneficios tiene para tu negocio aparecer en Google My Business?<\/a><\/h3>\n                                <a class=\"post_link\" href=\"https:\/\/letsrebold.com\/es\/blog\/beneficios-de-google-my-business\/\"><span>Leer m\u00e1s<\/span> <span class=\"ico-right\">M\u00e1s informaci\u00f3n<\/span><\/a>\n                            <\/article>\n                                                                        <article class=\"post rebold-marketing\">\n                                <a class=\"post_image\" href=\"https:\/\/letsrebold.com\/es\/blog\/fidelizar-clientes-con-marketing-automation\/\"><img loading=\"lazy\" decoding=\"async\" width=\"900\" height=\"600\" src=\"https:\/\/letsrebold.com\/wp-content\/uploads\/2022\/06\/fidelizar-Marketing-automation-1-900x600.jpg\" class=\"attachment-img-header size-img-header wp-post-image\" alt=\"\" srcset=\"https:\/\/letsrebold.com\/wp-content\/uploads\/2022\/06\/fidelizar-Marketing-automation-1-900x600.jpg 900w, https:\/\/letsrebold.com\/wp-content\/uploads\/2022\/06\/fidelizar-Marketing-automation-1-300x200.jpg 300w, https:\/\/letsrebold.com\/wp-content\/uploads\/2022\/06\/fidelizar-Marketing-automation-1-768x512.jpg 768w, https:\/\/letsrebold.com\/wp-content\/uploads\/2022\/06\/fidelizar-Marketing-automation-1-1024x683.jpg 1024w, https:\/\/letsrebold.com\/wp-content\/uploads\/2022\/06\/fidelizar-Marketing-automation-1-306x204.jpg 306w, https:\/\/letsrebold.com\/wp-content\/uploads\/2022\/06\/fidelizar-Marketing-automation-1-360x240.jpg 360w, https:\/\/letsrebold.com\/wp-content\/uploads\/2022\/06\/fidelizar-Marketing-automation-1-527x351.jpg 527w, https:\/\/letsrebold.com\/wp-content\/uploads\/2022\/06\/fidelizar-Marketing-automation-1-573x382.jpg 573w, https:\/\/letsrebold.com\/wp-content\/uploads\/2022\/06\/fidelizar-Marketing-automation-1.jpg 1200w\" sizes=\"auto, (max-width: 900px) 100vw, 900px\" \/><\/a>\n                                <h2 class=\"post_meta\">\n                                                                                <a style=\"color: #e0094b\" class=\"post_tag\" href=\"?service=rebold-marketing\">Rebold Marketing<\/a>\n                                                                                                                                <a class=\"post_tag\" href=\"?topic=fidelizar-clientes-con-marketing-automation\">fidelizar clientes con marketing automation<\/a>\n                                                                            <\/h2>\n                                <h3 class=\"post_title\"><a href=\"https:\/\/letsrebold.com\/es\/blog\/fidelizar-clientes-con-marketing-automation\/\">Los mejores 6 tips para fidelizar a tus clientes con Marketing Automation<\/a><\/h3>\n                                <a class=\"post_link\" href=\"https:\/\/letsrebold.com\/es\/blog\/fidelizar-clientes-con-marketing-automation\/\"><span>Leer m\u00e1s<\/span> <span class=\"ico-right\">M\u00e1s informaci\u00f3n<\/span><\/a>\n                            <\/article>\n                                    <\/div>\n                                    <nav class=\"links links-right\" id=\"loadmore_44\">\n                        <div class=\"container\">\n                            <a href=\"#\" class=\"loadmore\" value=\"44\"><span>Cargar m\u00e1s<\/span> <span class=\"ico-right\"><\/span><\/a>\n                        <\/div>\n                    <\/nav>\n                            <\/div>\n                                <div id=\"page_45\" class=\"d-none\">\n                <div class=\"container posts\">\n                                                                        <article class=\"post media-strategy-research, rebold-marketing\">\n                                <a class=\"post_image\" href=\"https:\/\/letsrebold.com\/es\/blog\/ejemplos-de-anuncios-rich-media\/\"><img loading=\"lazy\" decoding=\"async\" width=\"900\" height=\"600\" src=\"https:\/\/letsrebold.com\/wp-content\/uploads\/2022\/06\/rich-media-ads-900x600.jpg\" class=\"attachment-img-header size-img-header wp-post-image\" alt=\"\" srcset=\"https:\/\/letsrebold.com\/wp-content\/uploads\/2022\/06\/rich-media-ads-900x600.jpg 900w, https:\/\/letsrebold.com\/wp-content\/uploads\/2022\/06\/rich-media-ads-300x200.jpg 300w, https:\/\/letsrebold.com\/wp-content\/uploads\/2022\/06\/rich-media-ads-768x512.jpg 768w, https:\/\/letsrebold.com\/wp-content\/uploads\/2022\/06\/rich-media-ads-1024x683.jpg 1024w, https:\/\/letsrebold.com\/wp-content\/uploads\/2022\/06\/rich-media-ads-306x204.jpg 306w, https:\/\/letsrebold.com\/wp-content\/uploads\/2022\/06\/rich-media-ads-360x240.jpg 360w, https:\/\/letsrebold.com\/wp-content\/uploads\/2022\/06\/rich-media-ads-527x351.jpg 527w, https:\/\/letsrebold.com\/wp-content\/uploads\/2022\/06\/rich-media-ads-573x382.jpg 573w, https:\/\/letsrebold.com\/wp-content\/uploads\/2022\/06\/rich-media-ads.jpg 1200w\" sizes=\"auto, (max-width: 900px) 100vw, 900px\" \/><\/a>\n                                <h2 class=\"post_meta\">\n                                                                                <a style=\"color: #e0094b\" class=\"post_tag\" href=\"?service=rebold-marketing\">Rebold Marketing<\/a>\n                                                                                                                                <a class=\"post_tag\" href=\"?topic=ejemplos-de-anuncios-rich-media\">ejemplos de anuncios Rich Media<\/a>\n                                                                            <\/h2>\n                                <h3 class=\"post_title\"><a href=\"https:\/\/letsrebold.com\/es\/blog\/ejemplos-de-anuncios-rich-media\/\">8 ejemplos de anuncios Rich Media con los que triunfar en tu estrategia<\/a><\/h3>\n                                <a class=\"post_link\" href=\"https:\/\/letsrebold.com\/es\/blog\/ejemplos-de-anuncios-rich-media\/\"><span>Leer m\u00e1s<\/span> <span class=\"ico-right\">M\u00e1s informaci\u00f3n<\/span><\/a>\n                            <\/article>\n                                                                        <article class=\"post \">\n                                <a class=\"post_image\" href=\"https:\/\/letsrebold.com\/es\/blog\/apagon-de-facebook-y-futuro-de-redes-sociales\/\"><img loading=\"lazy\" decoding=\"async\" width=\"900\" height=\"600\" src=\"https:\/\/letsrebold.com\/wp-content\/uploads\/2022\/06\/apagon-facebook-900x600.jpg\" class=\"attachment-img-header size-img-header wp-post-image\" alt=\"\" srcset=\"https:\/\/letsrebold.com\/wp-content\/uploads\/2022\/06\/apagon-facebook-900x600.jpg 900w, https:\/\/letsrebold.com\/wp-content\/uploads\/2022\/06\/apagon-facebook-300x200.jpg 300w, https:\/\/letsrebold.com\/wp-content\/uploads\/2022\/06\/apagon-facebook-768x512.jpg 768w, https:\/\/letsrebold.com\/wp-content\/uploads\/2022\/06\/apagon-facebook-1024x683.jpg 1024w, https:\/\/letsrebold.com\/wp-content\/uploads\/2022\/06\/apagon-facebook-306x204.jpg 306w, https:\/\/letsrebold.com\/wp-content\/uploads\/2022\/06\/apagon-facebook-360x240.jpg 360w, https:\/\/letsrebold.com\/wp-content\/uploads\/2022\/06\/apagon-facebook-527x351.jpg 527w, https:\/\/letsrebold.com\/wp-content\/uploads\/2022\/06\/apagon-facebook-573x382.jpg 573w, https:\/\/letsrebold.com\/wp-content\/uploads\/2022\/06\/apagon-facebook.jpg 1200w\" sizes=\"auto, (max-width: 900px) 100vw, 900px\" \/><\/a>\n                                <h2 class=\"post_meta\">\n                                                                                                                        <a class=\"post_tag\" href=\"?topic=reputacion-corporativa\">Reputaci\u00f3n Corporativa<\/a>\n                                                                            <\/h2>\n                                <h3 class=\"post_title\"><a href=\"https:\/\/letsrebold.com\/es\/blog\/apagon-de-facebook-y-futuro-de-redes-sociales\/\">El apag\u00f3n de Facebook y c\u00f3mo va a afectar al futuro de las redes sociales<\/a><\/h3>\n                                <a class=\"post_link\" href=\"https:\/\/letsrebold.com\/es\/blog\/apagon-de-facebook-y-futuro-de-redes-sociales\/\"><span>Leer m\u00e1s<\/span> <span class=\"ico-right\">M\u00e1s informaci\u00f3n<\/span><\/a>\n                            <\/article>\n                                                                        <article class=\"post content-seo, rebold-marketing\">\n                                <a class=\"post_image\" href=\"https:\/\/letsrebold.com\/es\/blog\/errores-seo\/\"><img loading=\"lazy\" decoding=\"async\" width=\"900\" height=\"600\" src=\"https:\/\/letsrebold.com\/wp-content\/uploads\/2022\/06\/error-seo-900x600.jpg\" class=\"attachment-img-header size-img-header wp-post-image\" alt=\"\" srcset=\"https:\/\/letsrebold.com\/wp-content\/uploads\/2022\/06\/error-seo-900x600.jpg 900w, https:\/\/letsrebold.com\/wp-content\/uploads\/2022\/06\/error-seo-300x200.jpg 300w, https:\/\/letsrebold.com\/wp-content\/uploads\/2022\/06\/error-seo-768x512.jpg 768w, https:\/\/letsrebold.com\/wp-content\/uploads\/2022\/06\/error-seo-1024x683.jpg 1024w, https:\/\/letsrebold.com\/wp-content\/uploads\/2022\/06\/error-seo-306x204.jpg 306w, https:\/\/letsrebold.com\/wp-content\/uploads\/2022\/06\/error-seo-360x240.jpg 360w, https:\/\/letsrebold.com\/wp-content\/uploads\/2022\/06\/error-seo-527x351.jpg 527w, https:\/\/letsrebold.com\/wp-content\/uploads\/2022\/06\/error-seo-573x382.jpg 573w, https:\/\/letsrebold.com\/wp-content\/uploads\/2022\/06\/error-seo.jpg 1200w\" sizes=\"auto, (max-width: 900px) 100vw, 900px\" \/><\/a>\n                                <h2 class=\"post_meta\">\n                                                                                <a style=\"color: #e0094b\" class=\"post_tag\" href=\"?service=rebold-marketing\">Rebold Marketing<\/a>\n                                                                                                                                <a class=\"post_tag\" href=\"?topic=errores-seo\">errores SEO<\/a>\n                                                                            <\/h2>\n                                <h3 class=\"post_title\"><a href=\"https:\/\/letsrebold.com\/es\/blog\/errores-seo\/\">7 errores SEO que est\u00e1s cometiendo sin darte cuenta<\/a><\/h3>\n                                <a class=\"post_link\" href=\"https:\/\/letsrebold.com\/es\/blog\/errores-seo\/\"><span>Leer m\u00e1s<\/span> <span class=\"ico-right\">M\u00e1s informaci\u00f3n<\/span><\/a>\n                            <\/article>\n                                                                        <article class=\"post rebold-marketing\">\n                                <a class=\"post_image\" href=\"https:\/\/letsrebold.com\/es\/blog\/como-funciona-el-account-based-marketing\/\"><img loading=\"lazy\" decoding=\"async\" width=\"900\" height=\"600\" src=\"https:\/\/letsrebold.com\/wp-content\/uploads\/2022\/06\/ABM-1-900x600.jpg\" class=\"attachment-img-header size-img-header wp-post-image\" alt=\"\" srcset=\"https:\/\/letsrebold.com\/wp-content\/uploads\/2022\/06\/ABM-1-900x600.jpg 900w, https:\/\/letsrebold.com\/wp-content\/uploads\/2022\/06\/ABM-1-300x200.jpg 300w, https:\/\/letsrebold.com\/wp-content\/uploads\/2022\/06\/ABM-1-768x512.jpg 768w, https:\/\/letsrebold.com\/wp-content\/uploads\/2022\/06\/ABM-1-1024x683.jpg 1024w, https:\/\/letsrebold.com\/wp-content\/uploads\/2022\/06\/ABM-1-306x204.jpg 306w, https:\/\/letsrebold.com\/wp-content\/uploads\/2022\/06\/ABM-1-360x240.jpg 360w, https:\/\/letsrebold.com\/wp-content\/uploads\/2022\/06\/ABM-1-527x351.jpg 527w, https:\/\/letsrebold.com\/wp-content\/uploads\/2022\/06\/ABM-1-573x382.jpg 573w, https:\/\/letsrebold.com\/wp-content\/uploads\/2022\/06\/ABM-1.jpg 1200w\" sizes=\"auto, (max-width: 900px) 100vw, 900px\" \/><\/a>\n                                <h2 class=\"post_meta\">\n                                                                                <a style=\"color: #e0094b\" class=\"post_tag\" href=\"?service=rebold-marketing\">Rebold Marketing<\/a>\n                                                                                                                                <a class=\"post_tag\" href=\"?topic=account-based-marketing\">Account Based Marketing<\/a>\n                                                                            <\/h2>\n                                <h3 class=\"post_title\"><a href=\"https:\/\/letsrebold.com\/es\/blog\/como-funciona-el-account-based-marketing\/\">C\u00f3mo funciona el Account Based Marketing (ABM) y qu\u00e9 problemas de marketing resuelve<\/a><\/h3>\n                                <a class=\"post_link\" href=\"https:\/\/letsrebold.com\/es\/blog\/como-funciona-el-account-based-marketing\/\"><span>Leer m\u00e1s<\/span> <span class=\"ico-right\">M\u00e1s informaci\u00f3n<\/span><\/a>\n                            <\/article>\n                                                                        <article class=\"post rebold-marketing\">\n                                <a class=\"post_image\" href=\"https:\/\/letsrebold.com\/es\/blog\/que-es-el-neuromarketing\/\"><img loading=\"lazy\" decoding=\"async\" width=\"900\" height=\"600\" src=\"https:\/\/letsrebold.com\/wp-content\/uploads\/2022\/06\/neuromarketing-900x600.jpg\" class=\"attachment-img-header size-img-header wp-post-image\" alt=\"\" srcset=\"https:\/\/letsrebold.com\/wp-content\/uploads\/2022\/06\/neuromarketing-900x600.jpg 900w, https:\/\/letsrebold.com\/wp-content\/uploads\/2022\/06\/neuromarketing-300x200.jpg 300w, https:\/\/letsrebold.com\/wp-content\/uploads\/2022\/06\/neuromarketing-768x512.jpg 768w, https:\/\/letsrebold.com\/wp-content\/uploads\/2022\/06\/neuromarketing-1024x683.jpg 1024w, https:\/\/letsrebold.com\/wp-content\/uploads\/2022\/06\/neuromarketing-306x204.jpg 306w, https:\/\/letsrebold.com\/wp-content\/uploads\/2022\/06\/neuromarketing-360x240.jpg 360w, https:\/\/letsrebold.com\/wp-content\/uploads\/2022\/06\/neuromarketing-527x351.jpg 527w, https:\/\/letsrebold.com\/wp-content\/uploads\/2022\/06\/neuromarketing-573x382.jpg 573w, https:\/\/letsrebold.com\/wp-content\/uploads\/2022\/06\/neuromarketing.jpg 1200w\" sizes=\"auto, (max-width: 900px) 100vw, 900px\" \/><\/a>\n                                <h2 class=\"post_meta\">\n                                                                                <a style=\"color: #e0094b\" class=\"post_tag\" href=\"?service=rebold-marketing\">Rebold Marketing<\/a>\n                                                                                                                                <a class=\"post_tag\" href=\"?topic=marketing-digital\">Marketing Digital<\/a>\n                                                                            <\/h2>\n                                <h3 class=\"post_title\"><a href=\"https:\/\/letsrebold.com\/es\/blog\/que-es-el-neuromarketing\/\">\u00bfQu\u00e9 es el Neuromarketing y en qu\u00e9 puede beneficiar a tu negocio?<\/a><\/h3>\n                                <a class=\"post_link\" href=\"https:\/\/letsrebold.com\/es\/blog\/que-es-el-neuromarketing\/\"><span>Leer m\u00e1s<\/span> <span class=\"ico-right\">M\u00e1s informaci\u00f3n<\/span><\/a>\n                            <\/article>\n                                                                        <article class=\"post \">\n                                <a class=\"post_image\" href=\"https:\/\/letsrebold.com\/es\/blog\/estrategia-de-marketing-gaming\/\"><img loading=\"lazy\" decoding=\"async\" width=\"900\" height=\"600\" src=\"https:\/\/letsrebold.com\/wp-content\/uploads\/2022\/06\/esports-900x600.jpg\" class=\"attachment-img-header size-img-header wp-post-image\" alt=\"\" srcset=\"https:\/\/letsrebold.com\/wp-content\/uploads\/2022\/06\/esports-900x600.jpg 900w, https:\/\/letsrebold.com\/wp-content\/uploads\/2022\/06\/esports-300x200.jpg 300w, https:\/\/letsrebold.com\/wp-content\/uploads\/2022\/06\/esports-768x512.jpg 768w, https:\/\/letsrebold.com\/wp-content\/uploads\/2022\/06\/esports-1024x683.jpg 1024w, https:\/\/letsrebold.com\/wp-content\/uploads\/2022\/06\/esports-306x204.jpg 306w, https:\/\/letsrebold.com\/wp-content\/uploads\/2022\/06\/esports-360x240.jpg 360w, https:\/\/letsrebold.com\/wp-content\/uploads\/2022\/06\/esports-527x351.jpg 527w, https:\/\/letsrebold.com\/wp-content\/uploads\/2022\/06\/esports-573x382.jpg 573w, https:\/\/letsrebold.com\/wp-content\/uploads\/2022\/06\/esports.jpg 1200w\" sizes=\"auto, (max-width: 900px) 100vw, 900px\" \/><\/a>\n                                <h2 class=\"post_meta\">\n                                                                                                                        <a class=\"post_tag\" href=\"?topic=esports-amp\">Esports &amp;amp<\/a>\n                                                                            <\/h2>\n                                <h3 class=\"post_title\"><a href=\"https:\/\/letsrebold.com\/es\/blog\/estrategia-de-marketing-gaming\/\">5 claves para que tu estrategia de marketing tenga \u00e9xito en el mundo gaming<\/a><\/h3>\n                                <a class=\"post_link\" href=\"https:\/\/letsrebold.com\/es\/blog\/estrategia-de-marketing-gaming\/\"><span>Leer m\u00e1s<\/span> <span class=\"ico-right\">M\u00e1s informaci\u00f3n<\/span><\/a>\n                            <\/article>\n                                    <\/div>\n                                    <nav class=\"links links-right\" id=\"loadmore_45\">\n                        <div class=\"container\">\n                            <a href=\"#\" class=\"loadmore\" value=\"45\"><span>Cargar m\u00e1s<\/span> <span class=\"ico-right\"><\/span><\/a>\n                        <\/div>\n                    <\/nav>\n                            <\/div>\n                                <div id=\"page_46\" class=\"d-none\">\n                <div class=\"container posts\">\n                                                                        <article class=\"post rebold-marketing\">\n                                <a class=\"post_image\" href=\"https:\/\/letsrebold.com\/es\/blog\/amazon-vendor-y-amazon-seller\/\"><img loading=\"lazy\" decoding=\"async\" width=\"860\" height=\"567\" src=\"https:\/\/letsrebold.com\/wp-content\/uploads\/2022\/06\/amazon_vendor_seller.jpg\" class=\"attachment-img-header size-img-header wp-post-image\" alt=\"\" srcset=\"https:\/\/letsrebold.com\/wp-content\/uploads\/2022\/06\/amazon_vendor_seller.jpg 860w, https:\/\/letsrebold.com\/wp-content\/uploads\/2022\/06\/amazon_vendor_seller-300x198.jpg 300w, https:\/\/letsrebold.com\/wp-content\/uploads\/2022\/06\/amazon_vendor_seller-768x506.jpg 768w, https:\/\/letsrebold.com\/wp-content\/uploads\/2022\/06\/amazon_vendor_seller-309x204.jpg 309w, https:\/\/letsrebold.com\/wp-content\/uploads\/2022\/06\/amazon_vendor_seller-360x237.jpg 360w, https:\/\/letsrebold.com\/wp-content\/uploads\/2022\/06\/amazon_vendor_seller-532x351.jpg 532w, https:\/\/letsrebold.com\/wp-content\/uploads\/2022\/06\/amazon_vendor_seller-579x382.jpg 579w\" sizes=\"auto, (max-width: 860px) 100vw, 860px\" \/><\/a>\n                                <h2 class=\"post_meta\">\n                                                                                <a style=\"color: #e0094b\" class=\"post_tag\" href=\"?service=rebold-marketing\">Rebold Marketing<\/a>\n                                                                                                                                <a class=\"post_tag\" href=\"?topic=amazon\">Amazon<\/a>\n                                                                            <\/h2>\n                                <h3 class=\"post_title\"><a href=\"https:\/\/letsrebold.com\/es\/blog\/amazon-vendor-y-amazon-seller\/\">Amazon vendor y Amazon seller: Qu\u00e9 es y cu\u00e1l es el adecuado para tu negocio<\/a><\/h3>\n                                <a class=\"post_link\" href=\"https:\/\/letsrebold.com\/es\/blog\/amazon-vendor-y-amazon-seller\/\"><span>Leer m\u00e1s<\/span> <span class=\"ico-right\">M\u00e1s informaci\u00f3n<\/span><\/a>\n                            <\/article>\n                                                                        <article class=\"post rebold-marketing\">\n                                <a class=\"post_image\" href=\"https:\/\/letsrebold.com\/es\/blog\/campanas-de-email-para-black-friday\/\"><img loading=\"lazy\" decoding=\"async\" width=\"900\" height=\"600\" src=\"https:\/\/letsrebold.com\/wp-content\/uploads\/2022\/06\/campanas-email-marketing-black-friday-900x600.jpg\" class=\"attachment-img-header size-img-header wp-post-image\" alt=\"\" srcset=\"https:\/\/letsrebold.com\/wp-content\/uploads\/2022\/06\/campanas-email-marketing-black-friday-900x600.jpg 900w, https:\/\/letsrebold.com\/wp-content\/uploads\/2022\/06\/campanas-email-marketing-black-friday-300x200.jpg 300w, https:\/\/letsrebold.com\/wp-content\/uploads\/2022\/06\/campanas-email-marketing-black-friday-768x512.jpg 768w, https:\/\/letsrebold.com\/wp-content\/uploads\/2022\/06\/campanas-email-marketing-black-friday-1024x683.jpg 1024w, https:\/\/letsrebold.com\/wp-content\/uploads\/2022\/06\/campanas-email-marketing-black-friday-306x204.jpg 306w, https:\/\/letsrebold.com\/wp-content\/uploads\/2022\/06\/campanas-email-marketing-black-friday-360x240.jpg 360w, https:\/\/letsrebold.com\/wp-content\/uploads\/2022\/06\/campanas-email-marketing-black-friday-527x351.jpg 527w, https:\/\/letsrebold.com\/wp-content\/uploads\/2022\/06\/campanas-email-marketing-black-friday-573x382.jpg 573w, https:\/\/letsrebold.com\/wp-content\/uploads\/2022\/06\/campanas-email-marketing-black-friday.jpg 1200w\" sizes=\"auto, (max-width: 900px) 100vw, 900px\" \/><\/a>\n                                <h2 class=\"post_meta\">\n                                                                                <a style=\"color: #e0094b\" class=\"post_tag\" href=\"?service=rebold-marketing\">Rebold Marketing<\/a>\n                                                                                                                                <a class=\"post_tag\" href=\"?topic=campanas-de-email-para-el-black-friday\">Campa\u00f1as de Email para el Black Friday<\/a>\n                                                                            <\/h2>\n                                <h3 class=\"post_title\"><a href=\"https:\/\/letsrebold.com\/es\/blog\/campanas-de-email-para-black-friday\/\">10 campa\u00f1as de email para el Black Friday que te dejar\u00e1n sin palabras<\/a><\/h3>\n                                <a class=\"post_link\" href=\"https:\/\/letsrebold.com\/es\/blog\/campanas-de-email-para-black-friday\/\"><span>Leer m\u00e1s<\/span> <span class=\"ico-right\">M\u00e1s informaci\u00f3n<\/span><\/a>\n                            <\/article>\n                                                                        <article class=\"post \">\n                                <a class=\"post_image\" href=\"https:\/\/letsrebold.com\/es\/blog\/rebold-en-el-digital-fundraising-hub-2021\/\"><img loading=\"lazy\" decoding=\"async\" width=\"900\" height=\"600\" src=\"https:\/\/letsrebold.com\/wp-content\/uploads\/2022\/06\/digital-fundraising-hub-rebold-2021-1-900x600.jpg\" class=\"attachment-img-header size-img-header wp-post-image\" alt=\"\" srcset=\"https:\/\/letsrebold.com\/wp-content\/uploads\/2022\/06\/digital-fundraising-hub-rebold-2021-1-900x600.jpg 900w, https:\/\/letsrebold.com\/wp-content\/uploads\/2022\/06\/digital-fundraising-hub-rebold-2021-1-300x200.jpg 300w, https:\/\/letsrebold.com\/wp-content\/uploads\/2022\/06\/digital-fundraising-hub-rebold-2021-1-768x512.jpg 768w, https:\/\/letsrebold.com\/wp-content\/uploads\/2022\/06\/digital-fundraising-hub-rebold-2021-1-1024x683.jpg 1024w, https:\/\/letsrebold.com\/wp-content\/uploads\/2022\/06\/digital-fundraising-hub-rebold-2021-1-306x204.jpg 306w, https:\/\/letsrebold.com\/wp-content\/uploads\/2022\/06\/digital-fundraising-hub-rebold-2021-1-360x240.jpg 360w, https:\/\/letsrebold.com\/wp-content\/uploads\/2022\/06\/digital-fundraising-hub-rebold-2021-1-527x351.jpg 527w, https:\/\/letsrebold.com\/wp-content\/uploads\/2022\/06\/digital-fundraising-hub-rebold-2021-1-573x382.jpg 573w, https:\/\/letsrebold.com\/wp-content\/uploads\/2022\/06\/digital-fundraising-hub-rebold-2021-1.jpg 1200w\" sizes=\"auto, (max-width: 900px) 100vw, 900px\" \/><\/a>\n                                <h2 class=\"post_meta\">\n                                                                                                                        <a class=\"post_tag\" href=\"?topic=digital-fundraising-hub\">Digital Fundraising Hub<\/a>\n                                                                            <\/h2>\n                                <h3 class=\"post_title\"><a href=\"https:\/\/letsrebold.com\/es\/blog\/rebold-en-el-digital-fundraising-hub-2021\/\">Rebold aborda el reto del Tercer Sector ante la era cookieless en el Digital Fundraising Hub 2021<\/a><\/h3>\n                                <a class=\"post_link\" href=\"https:\/\/letsrebold.com\/es\/blog\/rebold-en-el-digital-fundraising-hub-2021\/\"><span>Leer m\u00e1s<\/span> <span class=\"ico-right\">M\u00e1s informaci\u00f3n<\/span><\/a>\n                            <\/article>\n                                                                        <article class=\"post media-strategy-research, rebold-marketing\">\n                                <a class=\"post_image\" href=\"https:\/\/letsrebold.com\/es\/blog\/tipos-de-campanas-sem\/\"><img loading=\"lazy\" decoding=\"async\" width=\"900\" height=\"600\" src=\"https:\/\/letsrebold.com\/wp-content\/uploads\/2022\/06\/SEM-900x600.jpg\" class=\"attachment-img-header size-img-header wp-post-image\" alt=\"\" srcset=\"https:\/\/letsrebold.com\/wp-content\/uploads\/2022\/06\/SEM-900x600.jpg 900w, https:\/\/letsrebold.com\/wp-content\/uploads\/2022\/06\/SEM-300x200.jpg 300w, https:\/\/letsrebold.com\/wp-content\/uploads\/2022\/06\/SEM-768x512.jpg 768w, https:\/\/letsrebold.com\/wp-content\/uploads\/2022\/06\/SEM-1024x683.jpg 1024w, https:\/\/letsrebold.com\/wp-content\/uploads\/2022\/06\/SEM-306x204.jpg 306w, https:\/\/letsrebold.com\/wp-content\/uploads\/2022\/06\/SEM-360x240.jpg 360w, https:\/\/letsrebold.com\/wp-content\/uploads\/2022\/06\/SEM-527x351.jpg 527w, https:\/\/letsrebold.com\/wp-content\/uploads\/2022\/06\/SEM-573x382.jpg 573w, https:\/\/letsrebold.com\/wp-content\/uploads\/2022\/06\/SEM.jpg 1200w\" sizes=\"auto, (max-width: 900px) 100vw, 900px\" \/><\/a>\n                                <h2 class=\"post_meta\">\n                                                                                <a style=\"color: #e0094b\" class=\"post_tag\" href=\"?service=rebold-marketing\">Rebold Marketing<\/a>\n                                                                                                                                <a class=\"post_tag\" href=\"?topic=sem\">SEM<\/a>\n                                                                            <\/h2>\n                                <h3 class=\"post_title\"><a href=\"https:\/\/letsrebold.com\/es\/blog\/tipos-de-campanas-sem\/\">Descubre los diferentes tipos de campa\u00f1as SEM y cu\u00e1les son sus beneficios<\/a><\/h3>\n                                <a class=\"post_link\" href=\"https:\/\/letsrebold.com\/es\/blog\/tipos-de-campanas-sem\/\"><span>Leer m\u00e1s<\/span> <span class=\"ico-right\">M\u00e1s informaci\u00f3n<\/span><\/a>\n                            <\/article>\n                                                                        <article class=\"post content-seo, rebold-marketing\">\n                                <a class=\"post_image\" href=\"https:\/\/letsrebold.com\/es\/blog\/diferencias-inbound-marketing-vs-outbound-marketing\/\"><img loading=\"lazy\" decoding=\"async\" width=\"900\" height=\"600\" src=\"https:\/\/letsrebold.com\/wp-content\/uploads\/2022\/06\/inbound-outbound-900x600.jpg\" class=\"attachment-img-header size-img-header wp-post-image\" alt=\"\" srcset=\"https:\/\/letsrebold.com\/wp-content\/uploads\/2022\/06\/inbound-outbound-900x600.jpg 900w, https:\/\/letsrebold.com\/wp-content\/uploads\/2022\/06\/inbound-outbound-300x200.jpg 300w, https:\/\/letsrebold.com\/wp-content\/uploads\/2022\/06\/inbound-outbound-768x512.jpg 768w, https:\/\/letsrebold.com\/wp-content\/uploads\/2022\/06\/inbound-outbound-1024x683.jpg 1024w, https:\/\/letsrebold.com\/wp-content\/uploads\/2022\/06\/inbound-outbound-306x204.jpg 306w, https:\/\/letsrebold.com\/wp-content\/uploads\/2022\/06\/inbound-outbound-360x240.jpg 360w, https:\/\/letsrebold.com\/wp-content\/uploads\/2022\/06\/inbound-outbound-527x351.jpg 527w, https:\/\/letsrebold.com\/wp-content\/uploads\/2022\/06\/inbound-outbound-573x382.jpg 573w, https:\/\/letsrebold.com\/wp-content\/uploads\/2022\/06\/inbound-outbound.jpg 1200w\" sizes=\"auto, (max-width: 900px) 100vw, 900px\" \/><\/a>\n                                <h2 class=\"post_meta\">\n                                                                                <a style=\"color: #e0094b\" class=\"post_tag\" href=\"?service=rebold-marketing\">Rebold Marketing<\/a>\n                                                                                                                                <a class=\"post_tag\" href=\"?topic=inbound-marketing\">Inbound Marketing<\/a>\n                                                                            <\/h2>\n                                <h3 class=\"post_title\"><a href=\"https:\/\/letsrebold.com\/es\/blog\/diferencias-inbound-marketing-vs-outbound-marketing\/\">Inbound Marketing vs Outbound Marketing: Qu\u00e9 son y cu\u00e1l es mejor para tu estrategia<\/a><\/h3>\n                                <a class=\"post_link\" href=\"https:\/\/letsrebold.com\/es\/blog\/diferencias-inbound-marketing-vs-outbound-marketing\/\"><span>Leer m\u00e1s<\/span> <span class=\"ico-right\">M\u00e1s informaci\u00f3n<\/span><\/a>\n                            <\/article>\n                                                                        <article class=\"post influencer-marketing, rebold-marketing\">\n                                <a class=\"post_image\" href=\"https:\/\/letsrebold.com\/es\/blog\/kpis-de-marketing-de-influencers\/\"><img loading=\"lazy\" decoding=\"async\" width=\"900\" height=\"600\" src=\"https:\/\/letsrebold.com\/wp-content\/uploads\/2022\/06\/kpis-influencer-marketing-900x600.jpg\" class=\"attachment-img-header size-img-header wp-post-image\" alt=\"\" srcset=\"https:\/\/letsrebold.com\/wp-content\/uploads\/2022\/06\/kpis-influencer-marketing-900x600.jpg 900w, https:\/\/letsrebold.com\/wp-content\/uploads\/2022\/06\/kpis-influencer-marketing-300x200.jpg 300w, https:\/\/letsrebold.com\/wp-content\/uploads\/2022\/06\/kpis-influencer-marketing-768x512.jpg 768w, https:\/\/letsrebold.com\/wp-content\/uploads\/2022\/06\/kpis-influencer-marketing-1024x683.jpg 1024w, https:\/\/letsrebold.com\/wp-content\/uploads\/2022\/06\/kpis-influencer-marketing-306x204.jpg 306w, https:\/\/letsrebold.com\/wp-content\/uploads\/2022\/06\/kpis-influencer-marketing-360x240.jpg 360w, https:\/\/letsrebold.com\/wp-content\/uploads\/2022\/06\/kpis-influencer-marketing-527x351.jpg 527w, https:\/\/letsrebold.com\/wp-content\/uploads\/2022\/06\/kpis-influencer-marketing-573x382.jpg 573w, https:\/\/letsrebold.com\/wp-content\/uploads\/2022\/06\/kpis-influencer-marketing.jpg 1200w\" sizes=\"auto, (max-width: 900px) 100vw, 900px\" \/><\/a>\n                                <h2 class=\"post_meta\">\n                                                                                <a style=\"color: #e0094b\" class=\"post_tag\" href=\"?service=rebold-marketing\">Rebold Marketing<\/a>\n                                                                                                                                <a class=\"post_tag\" href=\"?topic=influencer-marketing\">Influencer Marketing<\/a>\n                                                                            <\/h2>\n                                <h3 class=\"post_title\"><a href=\"https:\/\/letsrebold.com\/es\/blog\/kpis-de-marketing-de-influencers\/\">Los KPIs de marketing de influencers m\u00e1s importantes que debes tener en cuenta<\/a><\/h3>\n                                <a class=\"post_link\" href=\"https:\/\/letsrebold.com\/es\/blog\/kpis-de-marketing-de-influencers\/\"><span>Leer m\u00e1s<\/span> <span class=\"ico-right\">M\u00e1s informaci\u00f3n<\/span><\/a>\n                            <\/article>\n                                    <\/div>\n                                    <nav class=\"links links-right\" id=\"loadmore_46\">\n                        <div class=\"container\">\n                            <a href=\"#\" class=\"loadmore\" value=\"46\"><span>Cargar m\u00e1s<\/span> <span class=\"ico-right\"><\/span><\/a>\n                        <\/div>\n                    <\/nav>\n                            <\/div>\n                                <div id=\"page_47\" class=\"d-none\">\n                <div class=\"container posts\">\n                                                                        <article class=\"post \">\n                                <a class=\"post_image\" href=\"https:\/\/letsrebold.com\/es\/blog\/ispd-adquiere-happyfication\/\"><img loading=\"lazy\" decoding=\"async\" width=\"900\" height=\"600\" src=\"https:\/\/letsrebold.com\/wp-content\/uploads\/2022\/06\/ispd-adquiere-happyfication-900x600.jpg\" class=\"attachment-img-header size-img-header wp-post-image\" alt=\"\" srcset=\"https:\/\/letsrebold.com\/wp-content\/uploads\/2022\/06\/ispd-adquiere-happyfication-900x600.jpg 900w, https:\/\/letsrebold.com\/wp-content\/uploads\/2022\/06\/ispd-adquiere-happyfication-300x200.jpg 300w, https:\/\/letsrebold.com\/wp-content\/uploads\/2022\/06\/ispd-adquiere-happyfication-768x512.jpg 768w, https:\/\/letsrebold.com\/wp-content\/uploads\/2022\/06\/ispd-adquiere-happyfication-1024x683.jpg 1024w, https:\/\/letsrebold.com\/wp-content\/uploads\/2022\/06\/ispd-adquiere-happyfication-306x204.jpg 306w, https:\/\/letsrebold.com\/wp-content\/uploads\/2022\/06\/ispd-adquiere-happyfication-360x240.jpg 360w, https:\/\/letsrebold.com\/wp-content\/uploads\/2022\/06\/ispd-adquiere-happyfication-527x351.jpg 527w, https:\/\/letsrebold.com\/wp-content\/uploads\/2022\/06\/ispd-adquiere-happyfication-573x382.jpg 573w, https:\/\/letsrebold.com\/wp-content\/uploads\/2022\/06\/ispd-adquiere-happyfication.jpg 1200w\" sizes=\"auto, (max-width: 900px) 100vw, 900px\" \/><\/a>\n                                <h2 class=\"post_meta\">\n                                                                                                                        <a class=\"post_tag\" href=\"?topic=happyfication\">Happyfication<\/a>\n                                                                            <\/h2>\n                                <h3 class=\"post_title\"><a href=\"https:\/\/letsrebold.com\/es\/blog\/ispd-adquiere-happyfication\/\">ISPD adquiere Happyfication, la plataforma de data intelligence y marketing cognitivo<\/a><\/h3>\n                                <a class=\"post_link\" href=\"https:\/\/letsrebold.com\/es\/blog\/ispd-adquiere-happyfication\/\"><span>Leer m\u00e1s<\/span> <span class=\"ico-right\">M\u00e1s informaci\u00f3n<\/span><\/a>\n                            <\/article>\n                                                                        <article class=\"post rebold-marketing\">\n                                <a class=\"post_image\" href=\"https:\/\/letsrebold.com\/es\/blog\/como-preparar-tu-ecommerce-para-el-black-friday\/\"><img loading=\"lazy\" decoding=\"async\" width=\"900\" height=\"600\" src=\"https:\/\/letsrebold.com\/wp-content\/uploads\/2022\/06\/black_friday-campanas-900x600.jpg\" class=\"attachment-img-header size-img-header wp-post-image\" alt=\"\" srcset=\"https:\/\/letsrebold.com\/wp-content\/uploads\/2022\/06\/black_friday-campanas-900x600.jpg 900w, https:\/\/letsrebold.com\/wp-content\/uploads\/2022\/06\/black_friday-campanas-300x200.jpg 300w, https:\/\/letsrebold.com\/wp-content\/uploads\/2022\/06\/black_friday-campanas-768x512.jpg 768w, https:\/\/letsrebold.com\/wp-content\/uploads\/2022\/06\/black_friday-campanas-1024x683.jpg 1024w, https:\/\/letsrebold.com\/wp-content\/uploads\/2022\/06\/black_friday-campanas-306x204.jpg 306w, https:\/\/letsrebold.com\/wp-content\/uploads\/2022\/06\/black_friday-campanas-360x240.jpg 360w, https:\/\/letsrebold.com\/wp-content\/uploads\/2022\/06\/black_friday-campanas-527x351.jpg 527w, https:\/\/letsrebold.com\/wp-content\/uploads\/2022\/06\/black_friday-campanas-573x382.jpg 573w, https:\/\/letsrebold.com\/wp-content\/uploads\/2022\/06\/black_friday-campanas.jpg 1200w\" sizes=\"auto, (max-width: 900px) 100vw, 900px\" \/><\/a>\n                                <h2 class=\"post_meta\">\n                                                                                <a style=\"color: #e0094b\" class=\"post_tag\" href=\"?service=rebold-marketing\">Rebold Marketing<\/a>\n                                                                                                                                <a class=\"post_tag\" href=\"?topic=ecommerce\">Ecommerce<\/a>\n                                                                            <\/h2>\n                                <h3 class=\"post_title\"><a href=\"https:\/\/letsrebold.com\/es\/blog\/como-preparar-tu-ecommerce-para-el-black-friday\/\">3 ideas para preparar tu Ecommerce para el Black Friday en 2021<\/a><\/h3>\n                                <a class=\"post_link\" href=\"https:\/\/letsrebold.com\/es\/blog\/como-preparar-tu-ecommerce-para-el-black-friday\/\"><span>Leer m\u00e1s<\/span> <span class=\"ico-right\">M\u00e1s informaci\u00f3n<\/span><\/a>\n                            <\/article>\n                                                                        <article class=\"post performance, rebold-marketing\">\n                                <a class=\"post_image\" href=\"https:\/\/letsrebold.com\/es\/blog\/conseguir-leads-a-traves-de-la-web\/\"><img loading=\"lazy\" decoding=\"async\" width=\"900\" height=\"600\" src=\"https:\/\/letsrebold.com\/wp-content\/uploads\/2022\/06\/leads-calidad-900x600.jpg\" class=\"attachment-img-header size-img-header wp-post-image\" alt=\"\" srcset=\"https:\/\/letsrebold.com\/wp-content\/uploads\/2022\/06\/leads-calidad-900x600.jpg 900w, https:\/\/letsrebold.com\/wp-content\/uploads\/2022\/06\/leads-calidad-300x200.jpg 300w, https:\/\/letsrebold.com\/wp-content\/uploads\/2022\/06\/leads-calidad-768x512.jpg 768w, https:\/\/letsrebold.com\/wp-content\/uploads\/2022\/06\/leads-calidad-1024x683.jpg 1024w, https:\/\/letsrebold.com\/wp-content\/uploads\/2022\/06\/leads-calidad-306x204.jpg 306w, https:\/\/letsrebold.com\/wp-content\/uploads\/2022\/06\/leads-calidad-360x240.jpg 360w, https:\/\/letsrebold.com\/wp-content\/uploads\/2022\/06\/leads-calidad-527x351.jpg 527w, https:\/\/letsrebold.com\/wp-content\/uploads\/2022\/06\/leads-calidad-573x382.jpg 573w, https:\/\/letsrebold.com\/wp-content\/uploads\/2022\/06\/leads-calidad.jpg 1200w\" sizes=\"auto, (max-width: 900px) 100vw, 900px\" \/><\/a>\n                                <h2 class=\"post_meta\">\n                                                                                <a style=\"color: #e0094b\" class=\"post_tag\" href=\"?service=rebold-marketing\">Rebold Marketing<\/a>\n                                                                                                                                <a class=\"post_tag\" href=\"?topic=conseguir-leads-a-traves-de-la-web\">conseguir leads a trav\u00e9s de la web<\/a>\n                                                                            <\/h2>\n                                <h3 class=\"post_title\"><a href=\"https:\/\/letsrebold.com\/es\/blog\/conseguir-leads-a-traves-de-la-web\/\">5 formas de conseguir leads de calidad a trav\u00e9s de tu web<\/a><\/h3>\n                                <a class=\"post_link\" href=\"https:\/\/letsrebold.com\/es\/blog\/conseguir-leads-a-traves-de-la-web\/\"><span>Leer m\u00e1s<\/span> <span class=\"ico-right\">M\u00e1s informaci\u00f3n<\/span><\/a>\n                            <\/article>\n                                                                        <article class=\"post media-strategy-research, rebold-marketing\">\n                                <a class=\"post_image\" href=\"https:\/\/letsrebold.com\/es\/blog\/social-selling\/\"><img loading=\"lazy\" decoding=\"async\" width=\"900\" height=\"600\" src=\"https:\/\/letsrebold.com\/wp-content\/uploads\/2022\/06\/social-selling-1-900x600.jpg\" class=\"attachment-img-header size-img-header wp-post-image\" alt=\"\" srcset=\"https:\/\/letsrebold.com\/wp-content\/uploads\/2022\/06\/social-selling-1-900x600.jpg 900w, https:\/\/letsrebold.com\/wp-content\/uploads\/2022\/06\/social-selling-1-300x200.jpg 300w, https:\/\/letsrebold.com\/wp-content\/uploads\/2022\/06\/social-selling-1-768x512.jpg 768w, https:\/\/letsrebold.com\/wp-content\/uploads\/2022\/06\/social-selling-1-1024x683.jpg 1024w, https:\/\/letsrebold.com\/wp-content\/uploads\/2022\/06\/social-selling-1-306x204.jpg 306w, https:\/\/letsrebold.com\/wp-content\/uploads\/2022\/06\/social-selling-1-360x240.jpg 360w, https:\/\/letsrebold.com\/wp-content\/uploads\/2022\/06\/social-selling-1-527x351.jpg 527w, https:\/\/letsrebold.com\/wp-content\/uploads\/2022\/06\/social-selling-1-573x382.jpg 573w, https:\/\/letsrebold.com\/wp-content\/uploads\/2022\/06\/social-selling-1.jpg 1200w\" sizes=\"auto, (max-width: 900px) 100vw, 900px\" \/><\/a>\n                                <h2 class=\"post_meta\">\n                                                                                <a style=\"color: #e0094b\" class=\"post_tag\" href=\"?service=rebold-marketing\">Rebold Marketing<\/a>\n                                                                                                                                <a class=\"post_tag\" href=\"?topic=social-media\">Social Media<\/a>\n                                                                            <\/h2>\n                                <h3 class=\"post_title\"><a href=\"https:\/\/letsrebold.com\/es\/blog\/social-selling\/\">Social Selling: gu\u00eda definitiva para vender en Redes Sociales<\/a><\/h3>\n                                <a class=\"post_link\" href=\"https:\/\/letsrebold.com\/es\/blog\/social-selling\/\"><span>Leer m\u00e1s<\/span> <span class=\"ico-right\">M\u00e1s informaci\u00f3n<\/span><\/a>\n                            <\/article>\n                                                                        <article class=\"post content-seo, rebold-marketing\">\n                                <a class=\"post_image\" href=\"https:\/\/letsrebold.com\/es\/blog\/elegir-una-agencia-seo\/\"><img loading=\"lazy\" decoding=\"async\" width=\"900\" height=\"600\" src=\"https:\/\/letsrebold.com\/wp-content\/uploads\/2022\/06\/agencia-seo-900x600.jpg\" class=\"attachment-img-header size-img-header wp-post-image\" alt=\"\" srcset=\"https:\/\/letsrebold.com\/wp-content\/uploads\/2022\/06\/agencia-seo-900x600.jpg 900w, https:\/\/letsrebold.com\/wp-content\/uploads\/2022\/06\/agencia-seo-300x200.jpg 300w, https:\/\/letsrebold.com\/wp-content\/uploads\/2022\/06\/agencia-seo-768x512.jpg 768w, https:\/\/letsrebold.com\/wp-content\/uploads\/2022\/06\/agencia-seo-1024x682.jpg 1024w, https:\/\/letsrebold.com\/wp-content\/uploads\/2022\/06\/agencia-seo-306x204.jpg 306w, https:\/\/letsrebold.com\/wp-content\/uploads\/2022\/06\/agencia-seo-360x240.jpg 360w, https:\/\/letsrebold.com\/wp-content\/uploads\/2022\/06\/agencia-seo-527x351.jpg 527w, https:\/\/letsrebold.com\/wp-content\/uploads\/2022\/06\/agencia-seo-573x382.jpg 573w, https:\/\/letsrebold.com\/wp-content\/uploads\/2022\/06\/agencia-seo.jpg 1280w\" sizes=\"auto, (max-width: 900px) 100vw, 900px\" \/><\/a>\n                                <h2 class=\"post_meta\">\n                                                                                <a style=\"color: #e0094b\" class=\"post_tag\" href=\"?service=rebold-marketing\">Rebold Marketing<\/a>\n                                                                                                                                <a class=\"post_tag\" href=\"?topic=elegir-una-agencia-seo\">elegir una agencia SEO<\/a>\n                                                                            <\/h2>\n                                <h3 class=\"post_title\"><a href=\"https:\/\/letsrebold.com\/es\/blog\/elegir-una-agencia-seo\/\">\u00bfTienes que elegir una agencia SEO? 8 claves para contratar la mejor<\/a><\/h3>\n                                <a class=\"post_link\" href=\"https:\/\/letsrebold.com\/es\/blog\/elegir-una-agencia-seo\/\"><span>Leer m\u00e1s<\/span> <span class=\"ico-right\">M\u00e1s informaci\u00f3n<\/span><\/a>\n                            <\/article>\n                                                                        <article class=\"post rebold-marketing\">\n                                <a class=\"post_image\" href=\"https:\/\/letsrebold.com\/es\/blog\/estrategias-para-el-black-friday-y-cybermonday\/\"><img loading=\"lazy\" decoding=\"async\" width=\"900\" height=\"600\" src=\"https:\/\/letsrebold.com\/wp-content\/uploads\/2022\/06\/Estrategias-para-el-Black-Friday-y-Cybermonday-2-900x600.jpg\" class=\"attachment-img-header size-img-header wp-post-image\" alt=\"\" srcset=\"https:\/\/letsrebold.com\/wp-content\/uploads\/2022\/06\/Estrategias-para-el-Black-Friday-y-Cybermonday-2-900x600.jpg 900w, https:\/\/letsrebold.com\/wp-content\/uploads\/2022\/06\/Estrategias-para-el-Black-Friday-y-Cybermonday-2-300x200.jpg 300w, https:\/\/letsrebold.com\/wp-content\/uploads\/2022\/06\/Estrategias-para-el-Black-Friday-y-Cybermonday-2-768x512.jpg 768w, https:\/\/letsrebold.com\/wp-content\/uploads\/2022\/06\/Estrategias-para-el-Black-Friday-y-Cybermonday-2-1024x683.jpg 1024w, https:\/\/letsrebold.com\/wp-content\/uploads\/2022\/06\/Estrategias-para-el-Black-Friday-y-Cybermonday-2-306x204.jpg 306w, https:\/\/letsrebold.com\/wp-content\/uploads\/2022\/06\/Estrategias-para-el-Black-Friday-y-Cybermonday-2-360x240.jpg 360w, https:\/\/letsrebold.com\/wp-content\/uploads\/2022\/06\/Estrategias-para-el-Black-Friday-y-Cybermonday-2-527x351.jpg 527w, https:\/\/letsrebold.com\/wp-content\/uploads\/2022\/06\/Estrategias-para-el-Black-Friday-y-Cybermonday-2-573x382.jpg 573w, https:\/\/letsrebold.com\/wp-content\/uploads\/2022\/06\/Estrategias-para-el-Black-Friday-y-Cybermonday-2.jpg 1200w\" sizes=\"auto, (max-width: 900px) 100vw, 900px\" \/><\/a>\n                                <h2 class=\"post_meta\">\n                                                                                <a style=\"color: #e0094b\" class=\"post_tag\" href=\"?service=rebold-marketing\">Rebold Marketing<\/a>\n                                                                                                                                <a class=\"post_tag\" href=\"?topic=estrategias-para-el-black-friday-y-cybermonday\">Estrategias para el Black Friday y Cybermonday<\/a>\n                                                                            <\/h2>\n                                <h3 class=\"post_title\"><a href=\"https:\/\/letsrebold.com\/es\/blog\/estrategias-para-el-black-friday-y-cybermonday\/\">Black Friday y Cybermonday: 6 estrategias de marketing para triunfar&#8230; y venderlo todo<\/a><\/h3>\n                                <a class=\"post_link\" href=\"https:\/\/letsrebold.com\/es\/blog\/estrategias-para-el-black-friday-y-cybermonday\/\"><span>Leer m\u00e1s<\/span> <span class=\"ico-right\">M\u00e1s informaci\u00f3n<\/span><\/a>\n                            <\/article>\n                                    <\/div>\n                                    <nav class=\"links links-right\" id=\"loadmore_47\">\n                        <div class=\"container\">\n                            <a href=\"#\" class=\"loadmore\" value=\"47\"><span>Cargar m\u00e1s<\/span> <span class=\"ico-right\"><\/span><\/a>\n                        <\/div>\n                    <\/nav>\n                            <\/div>\n                                <div id=\"page_48\" class=\"d-none\">\n                <div class=\"container posts\">\n                                                                        <article class=\"post consumer-intelligence, rebold-communication\">\n                                <a class=\"post_image\" href=\"https:\/\/letsrebold.com\/es\/blog\/la-escucha-social-y-la-privacidad-de-los-datos-hasta-donde-llegan-las-herramientas-de-social-listening\/\"><img loading=\"lazy\" decoding=\"async\" width=\"900\" height=\"600\" src=\"https:\/\/letsrebold.com\/wp-content\/uploads\/2022\/06\/noiseporn-JNuKyKXLh8U-unsplash-2-900x600.jpg\" class=\"attachment-img-header size-img-header wp-post-image\" alt=\"\" srcset=\"https:\/\/letsrebold.com\/wp-content\/uploads\/2022\/06\/noiseporn-JNuKyKXLh8U-unsplash-2-900x600.jpg 900w, https:\/\/letsrebold.com\/wp-content\/uploads\/2022\/06\/noiseporn-JNuKyKXLh8U-unsplash-2-300x200.jpg 300w, https:\/\/letsrebold.com\/wp-content\/uploads\/2022\/06\/noiseporn-JNuKyKXLh8U-unsplash-2-768x512.jpg 768w, https:\/\/letsrebold.com\/wp-content\/uploads\/2022\/06\/noiseporn-JNuKyKXLh8U-unsplash-2-1024x683.jpg 1024w, https:\/\/letsrebold.com\/wp-content\/uploads\/2022\/06\/noiseporn-JNuKyKXLh8U-unsplash-2-306x204.jpg 306w, https:\/\/letsrebold.com\/wp-content\/uploads\/2022\/06\/noiseporn-JNuKyKXLh8U-unsplash-2-360x240.jpg 360w, https:\/\/letsrebold.com\/wp-content\/uploads\/2022\/06\/noiseporn-JNuKyKXLh8U-unsplash-2-526x351.jpg 526w, https:\/\/letsrebold.com\/wp-content\/uploads\/2022\/06\/noiseporn-JNuKyKXLh8U-unsplash-2-573x382.jpg 573w, https:\/\/letsrebold.com\/wp-content\/uploads\/2022\/06\/noiseporn-JNuKyKXLh8U-unsplash-2-1536x1024.jpg 1536w, https:\/\/letsrebold.com\/wp-content\/uploads\/2022\/06\/noiseporn-JNuKyKXLh8U-unsplash-2-2048x1365.jpg 2048w\" sizes=\"auto, (max-width: 900px) 100vw, 900px\" \/><\/a>\n                                <h2 class=\"post_meta\">\n                                                                                <a style=\"color: #5ac4bb\" class=\"post_tag\" href=\"?service=rebold-communication\">Rebold Communication<\/a>\n                                                                                                                                <a class=\"post_tag\" href=\"?topic=herramientas-de-social-listening\">herramientas de social listening<\/a>\n                                                                            <\/h2>\n                                <h3 class=\"post_title\"><a href=\"https:\/\/letsrebold.com\/es\/blog\/la-escucha-social-y-la-privacidad-de-los-datos-hasta-donde-llegan-las-herramientas-de-social-listening\/\">La escucha social y la privacidad de los datos. \u00bfHasta d\u00f3nde llegan las herramientas de social listening?<\/a><\/h3>\n                                <a class=\"post_link\" href=\"https:\/\/letsrebold.com\/es\/blog\/la-escucha-social-y-la-privacidad-de-los-datos-hasta-donde-llegan-las-herramientas-de-social-listening\/\"><span>Leer m\u00e1s<\/span> <span class=\"ico-right\">M\u00e1s informaci\u00f3n<\/span><\/a>\n                            <\/article>\n                                                                        <article class=\"post monitoring, rebold-communication\">\n                                <a class=\"post_image\" href=\"https:\/\/letsrebold.com\/es\/blog\/estrategias-digitales-para-concesionarios\/\"><img loading=\"lazy\" decoding=\"async\" width=\"1061\" height=\"568\" src=\"https:\/\/letsrebold.com\/wp-content\/uploads\/2022\/06\/estrategias-concesionarios-1061x568.jpg\" class=\"attachment-img-header size-img-header wp-post-image\" alt=\"\" srcset=\"https:\/\/letsrebold.com\/wp-content\/uploads\/2022\/06\/estrategias-concesionarios-1061x568.jpg 1061w, https:\/\/letsrebold.com\/wp-content\/uploads\/2022\/06\/estrategias-concesionarios-300x161.jpg 300w, https:\/\/letsrebold.com\/wp-content\/uploads\/2022\/06\/estrategias-concesionarios-768x411.jpg 768w, https:\/\/letsrebold.com\/wp-content\/uploads\/2022\/06\/estrategias-concesionarios-1024x549.jpg 1024w, https:\/\/letsrebold.com\/wp-content\/uploads\/2022\/06\/estrategias-concesionarios-360x193.jpg 360w, https:\/\/letsrebold.com\/wp-content\/uploads\/2022\/06\/estrategias-concesionarios-578x310.jpg 578w, https:\/\/letsrebold.com\/wp-content\/uploads\/2022\/06\/estrategias-concesionarios-713x382.jpg 713w, https:\/\/letsrebold.com\/wp-content\/uploads\/2022\/06\/estrategias-concesionarios.jpg 1146w\" sizes=\"auto, (max-width: 1061px) 100vw, 1061px\" \/><\/a>\n                                <h2 class=\"post_meta\">\n                                                                                <a style=\"color: #5ac4bb\" class=\"post_tag\" href=\"?service=rebold-communication\">Rebold Communication<\/a>\n                                                                                                                                <a class=\"post_tag\" href=\"?topic=estrategias-digitales-para-concesionarios\">estrategias digitales para concesionarios<\/a>\n                                                                            <\/h2>\n                                <h3 class=\"post_title\"><a href=\"https:\/\/letsrebold.com\/es\/blog\/estrategias-digitales-para-concesionarios\/\">7 estrategias digitales para que los concesionarios vendan m\u00e1s coches<\/a><\/h3>\n                                <a class=\"post_link\" href=\"https:\/\/letsrebold.com\/es\/blog\/estrategias-digitales-para-concesionarios\/\"><span>Leer m\u00e1s<\/span> <span class=\"ico-right\">M\u00e1s informaci\u00f3n<\/span><\/a>\n                            <\/article>\n                                                                        <article class=\"post content-seo, rebold-marketing\">\n                                <a class=\"post_image\" href=\"https:\/\/letsrebold.com\/es\/blog\/curacion-de-contenidos-e-infoxificacion\/\"><img loading=\"lazy\" decoding=\"async\" width=\"800\" height=\"600\" src=\"https:\/\/letsrebold.com\/wp-content\/uploads\/2022\/06\/infoxicacion-800x600.jpg\" class=\"attachment-img-header size-img-header wp-post-image\" alt=\"\" srcset=\"https:\/\/letsrebold.com\/wp-content\/uploads\/2022\/06\/infoxicacion-800x600.jpg 800w, https:\/\/letsrebold.com\/wp-content\/uploads\/2022\/06\/infoxicacion-300x225.jpg 300w, https:\/\/letsrebold.com\/wp-content\/uploads\/2022\/06\/infoxicacion-768x576.jpg 768w, https:\/\/letsrebold.com\/wp-content\/uploads\/2022\/06\/infoxicacion-1024x768.jpg 1024w, https:\/\/letsrebold.com\/wp-content\/uploads\/2022\/06\/infoxicacion-272x204.jpg 272w, https:\/\/letsrebold.com\/wp-content\/uploads\/2022\/06\/infoxicacion-360x270.jpg 360w, https:\/\/letsrebold.com\/wp-content\/uploads\/2022\/06\/infoxicacion-468x351.jpg 468w, https:\/\/letsrebold.com\/wp-content\/uploads\/2022\/06\/infoxicacion-509x382.jpg 509w, https:\/\/letsrebold.com\/wp-content\/uploads\/2022\/06\/infoxicacion.jpg 1440w\" sizes=\"auto, (max-width: 800px) 100vw, 800px\" \/><\/a>\n                                <h2 class=\"post_meta\">\n                                                                                <a style=\"color: #e0094b\" class=\"post_tag\" href=\"?service=rebold-marketing\">Rebold Marketing<\/a>\n                                                                                                                                <a class=\"post_tag\" href=\"?topic=branded-content\">branded content<\/a>\n                                                                            <\/h2>\n                                <h3 class=\"post_title\"><a href=\"https:\/\/letsrebold.com\/es\/blog\/curacion-de-contenidos-e-infoxificacion\/\">Infoxicaci\u00f3n: qu\u00e9 es y c\u00f3mo combatirla con la curaci\u00f3n de contenidos<\/a><\/h3>\n                                <a class=\"post_link\" href=\"https:\/\/letsrebold.com\/es\/blog\/curacion-de-contenidos-e-infoxificacion\/\"><span>Leer m\u00e1s<\/span> <span class=\"ico-right\">M\u00e1s informaci\u00f3n<\/span><\/a>\n                            <\/article>\n                                                                        <article class=\"post content-seo, rebold-marketing\">\n                                <a class=\"post_image\" href=\"https:\/\/letsrebold.com\/es\/blog\/que-es-marketing-relacional\/\"><img loading=\"lazy\" decoding=\"async\" width=\"850\" height=\"600\" src=\"https:\/\/letsrebold.com\/wp-content\/uploads\/2022\/06\/marketing-de-relaciones.jpg\" class=\"attachment-img-header size-img-header wp-post-image\" alt=\"\" srcset=\"https:\/\/letsrebold.com\/wp-content\/uploads\/2022\/06\/marketing-de-relaciones.jpg 850w, https:\/\/letsrebold.com\/wp-content\/uploads\/2022\/06\/marketing-de-relaciones-300x212.jpg 300w, https:\/\/letsrebold.com\/wp-content\/uploads\/2022\/06\/marketing-de-relaciones-768x542.jpg 768w, https:\/\/letsrebold.com\/wp-content\/uploads\/2022\/06\/marketing-de-relaciones-289x204.jpg 289w, https:\/\/letsrebold.com\/wp-content\/uploads\/2022\/06\/marketing-de-relaciones-360x254.jpg 360w, https:\/\/letsrebold.com\/wp-content\/uploads\/2022\/06\/marketing-de-relaciones-497x351.jpg 497w, https:\/\/letsrebold.com\/wp-content\/uploads\/2022\/06\/marketing-de-relaciones-541x382.jpg 541w\" sizes=\"auto, (max-width: 850px) 100vw, 850px\" \/><\/a>\n                                <h2 class=\"post_meta\">\n                                                                                <a style=\"color: #e0094b\" class=\"post_tag\" href=\"?service=rebold-marketing\">Rebold Marketing<\/a>\n                                                                                                                                <a class=\"post_tag\" href=\"?topic=inbound-marketing\">Inbound Marketing<\/a>\n                                                                            <\/h2>\n                                <h3 class=\"post_title\"><a href=\"https:\/\/letsrebold.com\/es\/blog\/que-es-marketing-relacional\/\">Marketing relacional: qu\u00e9 es y c\u00f3mo aplicarlo en tu estrategia<\/a><\/h3>\n                                <a class=\"post_link\" href=\"https:\/\/letsrebold.com\/es\/blog\/que-es-marketing-relacional\/\"><span>Leer m\u00e1s<\/span> <span class=\"ico-right\">M\u00e1s informaci\u00f3n<\/span><\/a>\n                            <\/article>\n                                                                        <article class=\"post media-intelligence, rebold-communication\">\n                                <a class=\"post_image\" href=\"https:\/\/letsrebold.com\/es\/blog\/publicidad-de-audio-digital\/\"><img loading=\"lazy\" decoding=\"async\" width=\"700\" height=\"438\" src=\"https:\/\/letsrebold.com\/wp-content\/uploads\/2022\/06\/publicidad-audio-digital.jpg\" class=\"attachment-img-header size-img-header wp-post-image\" alt=\"\" srcset=\"https:\/\/letsrebold.com\/wp-content\/uploads\/2022\/06\/publicidad-audio-digital.jpg 700w, https:\/\/letsrebold.com\/wp-content\/uploads\/2022\/06\/publicidad-audio-digital-300x188.jpg 300w, https:\/\/letsrebold.com\/wp-content\/uploads\/2022\/06\/publicidad-audio-digital-326x204.jpg 326w, https:\/\/letsrebold.com\/wp-content\/uploads\/2022\/06\/publicidad-audio-digital-360x225.jpg 360w, https:\/\/letsrebold.com\/wp-content\/uploads\/2022\/06\/publicidad-audio-digital-561x351.jpg 561w, https:\/\/letsrebold.com\/wp-content\/uploads\/2022\/06\/publicidad-audio-digital-611x382.jpg 611w\" sizes=\"auto, (max-width: 700px) 100vw, 700px\" \/><\/a>\n                                <h2 class=\"post_meta\">\n                                                                                <a style=\"color: #5ac4bb\" class=\"post_tag\" href=\"?service=rebold-communication\">Rebold Communication<\/a>\n                                                                                                                                <a class=\"post_tag\" href=\"?topic=branding\">Branding<\/a>\n                                                                            <\/h2>\n                                <h3 class=\"post_title\"><a href=\"https:\/\/letsrebold.com\/es\/blog\/publicidad-de-audio-digital\/\">Publicidad de audio digital: principales tendencias, formatos y perfil de la audiencia<\/a><\/h3>\n                                <a class=\"post_link\" href=\"https:\/\/letsrebold.com\/es\/blog\/publicidad-de-audio-digital\/\"><span>Leer m\u00e1s<\/span> <span class=\"ico-right\">M\u00e1s informaci\u00f3n<\/span><\/a>\n                            <\/article>\n                                                                        <article class=\"post media-strategy-research, rebold-marketing\">\n                                <a class=\"post_image\" href=\"https:\/\/letsrebold.com\/es\/blog\/campanas-dsa-en-google-ads\/\"><img loading=\"lazy\" decoding=\"async\" width=\"1006\" height=\"600\" src=\"https:\/\/letsrebold.com\/wp-content\/uploads\/2022\/06\/ppc-1006x600.jpg\" class=\"attachment-img-header size-img-header wp-post-image\" alt=\"\" srcset=\"https:\/\/letsrebold.com\/wp-content\/uploads\/2022\/06\/ppc-1006x600.jpg 1006w, https:\/\/letsrebold.com\/wp-content\/uploads\/2022\/06\/ppc-300x179.jpg 300w, https:\/\/letsrebold.com\/wp-content\/uploads\/2022\/06\/ppc-768x458.jpg 768w, https:\/\/letsrebold.com\/wp-content\/uploads\/2022\/06\/ppc-1024x611.jpg 1024w, https:\/\/letsrebold.com\/wp-content\/uploads\/2022\/06\/ppc-342x204.jpg 342w, https:\/\/letsrebold.com\/wp-content\/uploads\/2022\/06\/ppc-360x215.jpg 360w, https:\/\/letsrebold.com\/wp-content\/uploads\/2022\/06\/ppc-578x345.jpg 578w, https:\/\/letsrebold.com\/wp-content\/uploads\/2022\/06\/ppc-640x382.jpg 640w, https:\/\/letsrebold.com\/wp-content\/uploads\/2022\/06\/ppc-1536x916.jpg 1536w, https:\/\/letsrebold.com\/wp-content\/uploads\/2022\/06\/ppc-2048x1222.jpg 2048w\" sizes=\"auto, (max-width: 1006px) 100vw, 1006px\" \/><\/a>\n                                <h2 class=\"post_meta\">\n                                                                                <a style=\"color: #e0094b\" class=\"post_tag\" href=\"?service=rebold-marketing\">Rebold Marketing<\/a>\n                                                                                                                                <a class=\"post_tag\" href=\"?topic=campanas-dsa-en-google-ads\">campa\u00f1as DSA en Google Ads<\/a>\n                                                                            <\/h2>\n                                <h3 class=\"post_title\"><a href=\"https:\/\/letsrebold.com\/es\/blog\/campanas-dsa-en-google-ads\/\">Campa\u00f1as DSA: qu\u00e9 son y c\u00f3mo emplearlas en tu estrategia de Google ads<\/a><\/h3>\n                                <a class=\"post_link\" href=\"https:\/\/letsrebold.com\/es\/blog\/campanas-dsa-en-google-ads\/\"><span>Leer m\u00e1s<\/span> <span class=\"ico-right\">M\u00e1s informaci\u00f3n<\/span><\/a>\n                            <\/article>\n                                    <\/div>\n                                    <nav class=\"links links-right\" id=\"loadmore_48\">\n                        <div class=\"container\">\n                            <a href=\"#\" class=\"loadmore\" value=\"48\"><span>Cargar m\u00e1s<\/span> <span class=\"ico-right\"><\/span><\/a>\n                        <\/div>\n                    <\/nav>\n                            <\/div>\n                                <div id=\"page_49\" class=\"d-none\">\n                <div class=\"container posts\">\n                                                                        <article class=\"post media-strategy-research, rebold-marketing\">\n                                <a class=\"post_image\" href=\"https:\/\/letsrebold.com\/es\/blog\/audio-ads\/\"><img loading=\"lazy\" decoding=\"async\" width=\"657\" height=\"400\" src=\"https:\/\/letsrebold.com\/wp-content\/uploads\/2022\/06\/audio-ads-Google.png\" class=\"attachment-img-header size-img-header wp-post-image\" alt=\"\" srcset=\"https:\/\/letsrebold.com\/wp-content\/uploads\/2022\/06\/audio-ads-Google.png 657w, https:\/\/letsrebold.com\/wp-content\/uploads\/2022\/06\/audio-ads-Google-300x183.png 300w, https:\/\/letsrebold.com\/wp-content\/uploads\/2022\/06\/audio-ads-Google-335x204.png 335w, https:\/\/letsrebold.com\/wp-content\/uploads\/2022\/06\/audio-ads-Google-360x219.png 360w, https:\/\/letsrebold.com\/wp-content\/uploads\/2022\/06\/audio-ads-Google-578x351.png 578w, https:\/\/letsrebold.com\/wp-content\/uploads\/2022\/06\/audio-ads-Google-627x382.png 627w\" sizes=\"auto, (max-width: 657px) 100vw, 657px\" \/><\/a>\n                                <h2 class=\"post_meta\">\n                                                                                <a style=\"color: #e0094b\" class=\"post_tag\" href=\"?service=rebold-marketing\">Rebold Marketing<\/a>\n                                                                                                                                <a class=\"post_tag\" href=\"?topic=audio-ads\">Audio Ads<\/a>\n                                                                            <\/h2>\n                                <h3 class=\"post_title\"><a href=\"https:\/\/letsrebold.com\/es\/blog\/audio-ads\/\">Audio Ads: Qu\u00e9 son y c\u00f3mo hacer publicidad de audio digital<\/a><\/h3>\n                                <a class=\"post_link\" href=\"https:\/\/letsrebold.com\/es\/blog\/audio-ads\/\"><span>Leer m\u00e1s<\/span> <span class=\"ico-right\">M\u00e1s informaci\u00f3n<\/span><\/a>\n                            <\/article>\n                                                                        <article class=\"post content-seo, rebold-marketing\">\n                                <a class=\"post_image\" href=\"https:\/\/letsrebold.com\/es\/blog\/como-elegir-agencia-de-marketing-de-contenidos\/\"><img loading=\"lazy\" decoding=\"async\" width=\"844\" height=\"600\" src=\"https:\/\/letsrebold.com\/wp-content\/uploads\/2022\/06\/elegir-agencia-844x600.jpg\" class=\"attachment-img-header size-img-header wp-post-image\" alt=\"\" srcset=\"https:\/\/letsrebold.com\/wp-content\/uploads\/2022\/06\/elegir-agencia-844x600.jpg 844w, https:\/\/letsrebold.com\/wp-content\/uploads\/2022\/06\/elegir-agencia-300x213.jpg 300w, https:\/\/letsrebold.com\/wp-content\/uploads\/2022\/06\/elegir-agencia-768x546.jpg 768w, https:\/\/letsrebold.com\/wp-content\/uploads\/2022\/06\/elegir-agencia-1024x728.jpg 1024w, https:\/\/letsrebold.com\/wp-content\/uploads\/2022\/06\/elegir-agencia-287x204.jpg 287w, https:\/\/letsrebold.com\/wp-content\/uploads\/2022\/06\/elegir-agencia-360x256.jpg 360w, https:\/\/letsrebold.com\/wp-content\/uploads\/2022\/06\/elegir-agencia-494x351.jpg 494w, https:\/\/letsrebold.com\/wp-content\/uploads\/2022\/06\/elegir-agencia-537x382.jpg 537w, https:\/\/letsrebold.com\/wp-content\/uploads\/2022\/06\/elegir-agencia.jpg 1200w\" sizes=\"auto, (max-width: 844px) 100vw, 844px\" \/><\/a>\n                                <h2 class=\"post_meta\">\n                                                                                <a style=\"color: #e0094b\" class=\"post_tag\" href=\"?service=rebold-marketing\">Rebold Marketing<\/a>\n                                                                                                                                <a class=\"post_tag\" href=\"?topic=agencia-de-marketing-de-contenidos\">agencia de marketing de contenidos<\/a>\n                                                                            <\/h2>\n                                <h3 class=\"post_title\"><a href=\"https:\/\/letsrebold.com\/es\/blog\/como-elegir-agencia-de-marketing-de-contenidos\/\">C\u00f3mo elegir una agencia especializada en marketing de contenidos<\/a><\/h3>\n                                <a class=\"post_link\" href=\"https:\/\/letsrebold.com\/es\/blog\/como-elegir-agencia-de-marketing-de-contenidos\/\"><span>Leer m\u00e1s<\/span> <span class=\"ico-right\">M\u00e1s informaci\u00f3n<\/span><\/a>\n                            <\/article>\n                                                                        <article class=\"post rebold-marketing\">\n                                <a class=\"post_image\" href=\"https:\/\/letsrebold.com\/es\/blog\/marketing-digital-para-sector-viajes\/\"><img loading=\"lazy\" decoding=\"async\" width=\"700\" height=\"500\" src=\"https:\/\/letsrebold.com\/wp-content\/uploads\/2022\/06\/tendencias-sector-viajes.jpg\" class=\"attachment-img-header size-img-header wp-post-image\" alt=\"\" srcset=\"https:\/\/letsrebold.com\/wp-content\/uploads\/2022\/06\/tendencias-sector-viajes.jpg 700w, https:\/\/letsrebold.com\/wp-content\/uploads\/2022\/06\/tendencias-sector-viajes-300x214.jpg 300w, https:\/\/letsrebold.com\/wp-content\/uploads\/2022\/06\/tendencias-sector-viajes-286x204.jpg 286w, https:\/\/letsrebold.com\/wp-content\/uploads\/2022\/06\/tendencias-sector-viajes-360x257.jpg 360w, https:\/\/letsrebold.com\/wp-content\/uploads\/2022\/06\/tendencias-sector-viajes-491x351.jpg 491w, https:\/\/letsrebold.com\/wp-content\/uploads\/2022\/06\/tendencias-sector-viajes-535x382.jpg 535w\" sizes=\"auto, (max-width: 700px) 100vw, 700px\" \/><\/a>\n                                <h2 class=\"post_meta\">\n                                                                                <a style=\"color: #e0094b\" class=\"post_tag\" href=\"?service=rebold-marketing\">Rebold Marketing<\/a>\n                                                                                                                                <a class=\"post_tag\" href=\"?topic=marketing-digital\">Marketing Digital<\/a>\n                                                                            <\/h2>\n                                <h3 class=\"post_title\"><a href=\"https:\/\/letsrebold.com\/es\/blog\/marketing-digital-para-sector-viajes\/\">Marketing digital para el sector viajes: gu\u00eda con ejemplos para disparar las reservas<\/a><\/h3>\n                                <a class=\"post_link\" href=\"https:\/\/letsrebold.com\/es\/blog\/marketing-digital-para-sector-viajes\/\"><span>Leer m\u00e1s<\/span> <span class=\"ico-right\">M\u00e1s informaci\u00f3n<\/span><\/a>\n                            <\/article>\n                                                                        <article class=\"post content-seo, rebold-marketing\">\n                                <a class=\"post_image\" href=\"https:\/\/letsrebold.com\/es\/blog\/podcast-corporativo-vs-podcast-de-marca\/\"><img loading=\"lazy\" decoding=\"async\" width=\"900\" height=\"600\" src=\"https:\/\/letsrebold.com\/wp-content\/uploads\/2022\/06\/podcast-900x600.jpg\" class=\"attachment-img-header size-img-header wp-post-image\" alt=\"\" srcset=\"https:\/\/letsrebold.com\/wp-content\/uploads\/2022\/06\/podcast-900x600.jpg 900w, https:\/\/letsrebold.com\/wp-content\/uploads\/2022\/06\/podcast-300x200.jpg 300w, https:\/\/letsrebold.com\/wp-content\/uploads\/2022\/06\/podcast-768x512.jpg 768w, https:\/\/letsrebold.com\/wp-content\/uploads\/2022\/06\/podcast-306x204.jpg 306w, https:\/\/letsrebold.com\/wp-content\/uploads\/2022\/06\/podcast-360x240.jpg 360w, https:\/\/letsrebold.com\/wp-content\/uploads\/2022\/06\/podcast-526x351.jpg 526w, https:\/\/letsrebold.com\/wp-content\/uploads\/2022\/06\/podcast-573x382.jpg 573w, https:\/\/letsrebold.com\/wp-content\/uploads\/2022\/06\/podcast.jpg 1024w\" sizes=\"auto, (max-width: 900px) 100vw, 900px\" \/><\/a>\n                                <h2 class=\"post_meta\">\n                                                                                <a style=\"color: #e0094b\" class=\"post_tag\" href=\"?service=rebold-marketing\">Rebold Marketing<\/a>\n                                                                                                                                <a class=\"post_tag\" href=\"?topic=branded-content\">branded content<\/a>\n                                                                            <\/h2>\n                                <h3 class=\"post_title\"><a href=\"https:\/\/letsrebold.com\/es\/blog\/podcast-corporativo-vs-podcast-de-marca\/\">Podcast corporativo vs. podcast de marca, \u00bfcu\u00e1l elegir para tu estrategia?<\/a><\/h3>\n                                <a class=\"post_link\" href=\"https:\/\/letsrebold.com\/es\/blog\/podcast-corporativo-vs-podcast-de-marca\/\"><span>Leer m\u00e1s<\/span> <span class=\"ico-right\">M\u00e1s informaci\u00f3n<\/span><\/a>\n                            <\/article>\n                                                                        <article class=\"post rebold-marketing\">\n                                <a class=\"post_image\" href=\"https:\/\/letsrebold.com\/es\/blog\/marketing-digital-sector-restauracion-y-hosteleria\/\"><img loading=\"lazy\" decoding=\"async\" width=\"700\" height=\"467\" src=\"https:\/\/letsrebold.com\/wp-content\/uploads\/2022\/06\/tendencias-marketing-restauracion-hosteleria.jpg\" class=\"attachment-img-header size-img-header wp-post-image\" alt=\"\" srcset=\"https:\/\/letsrebold.com\/wp-content\/uploads\/2022\/06\/tendencias-marketing-restauracion-hosteleria.jpg 700w, https:\/\/letsrebold.com\/wp-content\/uploads\/2022\/06\/tendencias-marketing-restauracion-hosteleria-300x200.jpg 300w, https:\/\/letsrebold.com\/wp-content\/uploads\/2022\/06\/tendencias-marketing-restauracion-hosteleria-306x204.jpg 306w, https:\/\/letsrebold.com\/wp-content\/uploads\/2022\/06\/tendencias-marketing-restauracion-hosteleria-360x240.jpg 360w, https:\/\/letsrebold.com\/wp-content\/uploads\/2022\/06\/tendencias-marketing-restauracion-hosteleria-526x351.jpg 526w, https:\/\/letsrebold.com\/wp-content\/uploads\/2022\/06\/tendencias-marketing-restauracion-hosteleria-573x382.jpg 573w\" sizes=\"auto, (max-width: 700px) 100vw, 700px\" \/><\/a>\n                                <h2 class=\"post_meta\">\n                                                                                <a style=\"color: #e0094b\" class=\"post_tag\" href=\"?service=rebold-marketing\">Rebold Marketing<\/a>\n                                                                                                                                <a class=\"post_tag\" href=\"?topic=marketing-digital\">Marketing Digital<\/a>\n                                                                            <\/h2>\n                                <h3 class=\"post_title\"><a href=\"https:\/\/letsrebold.com\/es\/blog\/marketing-digital-sector-restauracion-y-hosteleria\/\">Marketing digital para el sector restauraci\u00f3n y hosteler\u00eda: 7 tendencias para vender m\u00e1s<\/a><\/h3>\n                                <a class=\"post_link\" href=\"https:\/\/letsrebold.com\/es\/blog\/marketing-digital-sector-restauracion-y-hosteleria\/\"><span>Leer m\u00e1s<\/span> <span class=\"ico-right\">M\u00e1s informaci\u00f3n<\/span><\/a>\n                            <\/article>\n                                                                        <article class=\"post media-strategy-research, rebold-marketing\">\n                                <a class=\"post_image\" href=\"https:\/\/letsrebold.com\/es\/blog\/como-analizar-la-competencia-en-facebook\/\"><img loading=\"lazy\" decoding=\"async\" width=\"700\" height=\"464\" src=\"https:\/\/letsrebold.com\/wp-content\/uploads\/2022\/06\/analisis-competencia-facebook.jpg\" class=\"attachment-img-header size-img-header wp-post-image\" alt=\"\" srcset=\"https:\/\/letsrebold.com\/wp-content\/uploads\/2022\/06\/analisis-competencia-facebook.jpg 700w, https:\/\/letsrebold.com\/wp-content\/uploads\/2022\/06\/analisis-competencia-facebook-300x199.jpg 300w, https:\/\/letsrebold.com\/wp-content\/uploads\/2022\/06\/analisis-competencia-facebook-308x204.jpg 308w, https:\/\/letsrebold.com\/wp-content\/uploads\/2022\/06\/analisis-competencia-facebook-360x239.jpg 360w, https:\/\/letsrebold.com\/wp-content\/uploads\/2022\/06\/analisis-competencia-facebook-530x351.jpg 530w, https:\/\/letsrebold.com\/wp-content\/uploads\/2022\/06\/analisis-competencia-facebook-576x382.jpg 576w\" sizes=\"auto, (max-width: 700px) 100vw, 700px\" \/><\/a>\n                                <h2 class=\"post_meta\">\n                                                                                <a style=\"color: #e0094b\" class=\"post_tag\" href=\"?service=rebold-marketing\">Rebold Marketing<\/a>\n                                                                                                                                <a class=\"post_tag\" href=\"?topic=analizar-la-competencia-en-facebook\">analizar la competencia en Facebook<\/a>\n                                                                            <\/h2>\n                                <h3 class=\"post_title\"><a href=\"https:\/\/letsrebold.com\/es\/blog\/como-analizar-la-competencia-en-facebook\/\">\u00bfPor qu\u00e9 y c\u00f3mo analizar la competencia en Facebook?<\/a><\/h3>\n                                <a class=\"post_link\" href=\"https:\/\/letsrebold.com\/es\/blog\/como-analizar-la-competencia-en-facebook\/\"><span>Leer m\u00e1s<\/span> <span class=\"ico-right\">M\u00e1s informaci\u00f3n<\/span><\/a>\n                            <\/article>\n                                    <\/div>\n                                    <nav class=\"links links-right\" id=\"loadmore_49\">\n                        <div class=\"container\">\n                            <a href=\"#\" class=\"loadmore\" value=\"49\"><span>Cargar m\u00e1s<\/span> <span class=\"ico-right\"><\/span><\/a>\n                        <\/div>\n                    <\/nav>\n                            <\/div>\n                                <div id=\"page_50\" class=\"d-none\">\n                <div class=\"container posts\">\n                                                                        <article class=\"post rebold-marketing\">\n                                <a class=\"post_image\" href=\"https:\/\/letsrebold.com\/es\/blog\/tipos-de-estrategias-de-comunicacion\/\"><img loading=\"lazy\" decoding=\"async\" width=\"605\" height=\"400\" src=\"https:\/\/letsrebold.com\/wp-content\/uploads\/2022\/06\/estrategias-de-comunicacion.jpg\" class=\"attachment-img-header size-img-header wp-post-image\" alt=\"\" srcset=\"https:\/\/letsrebold.com\/wp-content\/uploads\/2022\/06\/estrategias-de-comunicacion.jpg 605w, https:\/\/letsrebold.com\/wp-content\/uploads\/2022\/06\/estrategias-de-comunicacion-300x198.jpg 300w, https:\/\/letsrebold.com\/wp-content\/uploads\/2022\/06\/estrategias-de-comunicacion-309x204.jpg 309w, https:\/\/letsrebold.com\/wp-content\/uploads\/2022\/06\/estrategias-de-comunicacion-360x238.jpg 360w, https:\/\/letsrebold.com\/wp-content\/uploads\/2022\/06\/estrategias-de-comunicacion-531x351.jpg 531w, https:\/\/letsrebold.com\/wp-content\/uploads\/2022\/06\/estrategias-de-comunicacion-578x382.jpg 578w\" sizes=\"auto, (max-width: 605px) 100vw, 605px\" \/><\/a>\n                                <h2 class=\"post_meta\">\n                                                                                <a style=\"color: #e0094b\" class=\"post_tag\" href=\"?service=rebold-marketing\">Rebold Marketing<\/a>\n                                                                                                                                <a class=\"post_tag\" href=\"?topic=estrategias-de-comunicacion\">estrategias de comunicaci\u00f3n<\/a>\n                                                                            <\/h2>\n                                <h3 class=\"post_title\"><a href=\"https:\/\/letsrebold.com\/es\/blog\/tipos-de-estrategias-de-comunicacion\/\">3 tipos de estrategias de comunicaci\u00f3n que debes trabajar<\/a><\/h3>\n                                <a class=\"post_link\" href=\"https:\/\/letsrebold.com\/es\/blog\/tipos-de-estrategias-de-comunicacion\/\"><span>Leer m\u00e1s<\/span> <span class=\"ico-right\">M\u00e1s informaci\u00f3n<\/span><\/a>\n                            <\/article>\n                                                                        <article class=\"post rebold-marketing, zero-party-data\">\n                                <a class=\"post_image\" href=\"https:\/\/letsrebold.com\/es\/blog\/data-science-en-un-ecommerce-beneficios\/\"><img loading=\"lazy\" decoding=\"async\" width=\"626\" height=\"442\" src=\"https:\/\/letsrebold.com\/wp-content\/uploads\/2022\/06\/data-science-online-tienda.jpg\" class=\"attachment-img-header size-img-header wp-post-image\" alt=\"\" srcset=\"https:\/\/letsrebold.com\/wp-content\/uploads\/2022\/06\/data-science-online-tienda.jpg 626w, https:\/\/letsrebold.com\/wp-content\/uploads\/2022\/06\/data-science-online-tienda-300x212.jpg 300w, https:\/\/letsrebold.com\/wp-content\/uploads\/2022\/06\/data-science-online-tienda-289x204.jpg 289w, https:\/\/letsrebold.com\/wp-content\/uploads\/2022\/06\/data-science-online-tienda-360x254.jpg 360w, https:\/\/letsrebold.com\/wp-content\/uploads\/2022\/06\/data-science-online-tienda-497x351.jpg 497w, https:\/\/letsrebold.com\/wp-content\/uploads\/2022\/06\/data-science-online-tienda-541x382.jpg 541w\" sizes=\"auto, (max-width: 626px) 100vw, 626px\" \/><\/a>\n                                <h2 class=\"post_meta\">\n                                                                                <a style=\"color: #e0094b\" class=\"post_tag\" href=\"?service=rebold-marketing\">Rebold Marketing<\/a>\n                                                                                                                                <a class=\"post_tag\" href=\"?topic=data\">data<\/a>\n                                                                            <\/h2>\n                                <h3 class=\"post_title\"><a href=\"https:\/\/letsrebold.com\/es\/blog\/data-science-en-un-ecommerce-beneficios\/\">Data Science aplicado al ecommerce, \u00bfcu\u00e1les son sus beneficios?<\/a><\/h3>\n                                <a class=\"post_link\" href=\"https:\/\/letsrebold.com\/es\/blog\/data-science-en-un-ecommerce-beneficios\/\"><span>Leer m\u00e1s<\/span> <span class=\"ico-right\">M\u00e1s informaci\u00f3n<\/span><\/a>\n                            <\/article>\n                                                                        <article class=\"post rebold-marketing\">\n                                <a class=\"post_image\" href=\"https:\/\/letsrebold.com\/es\/blog\/inteligencia-artificial-en-marketing\/\"><img loading=\"lazy\" decoding=\"async\" width=\"768\" height=\"512\" src=\"https:\/\/letsrebold.com\/wp-content\/uploads\/2022\/06\/app-ia-marketing.jpg\" class=\"attachment-img-header size-img-header wp-post-image\" alt=\"\" srcset=\"https:\/\/letsrebold.com\/wp-content\/uploads\/2022\/06\/app-ia-marketing.jpg 768w, https:\/\/letsrebold.com\/wp-content\/uploads\/2022\/06\/app-ia-marketing-300x200.jpg 300w, https:\/\/letsrebold.com\/wp-content\/uploads\/2022\/06\/app-ia-marketing-306x204.jpg 306w, https:\/\/letsrebold.com\/wp-content\/uploads\/2022\/06\/app-ia-marketing-360x240.jpg 360w, https:\/\/letsrebold.com\/wp-content\/uploads\/2022\/06\/app-ia-marketing-527x351.jpg 527w, https:\/\/letsrebold.com\/wp-content\/uploads\/2022\/06\/app-ia-marketing-573x382.jpg 573w\" sizes=\"auto, (max-width: 768px) 100vw, 768px\" \/><\/a>\n                                <h2 class=\"post_meta\">\n                                                                                <a style=\"color: #e0094b\" class=\"post_tag\" href=\"?service=rebold-marketing\">Rebold Marketing<\/a>\n                                                                                                                                <a class=\"post_tag\" href=\"?topic=inteligencia-artificial-en-marketing\">inteligencia artificial en marketing<\/a>\n                                                                            <\/h2>\n                                <h3 class=\"post_title\"><a href=\"https:\/\/letsrebold.com\/es\/blog\/inteligencia-artificial-en-marketing\/\">5 aplicaciones actuales de la inteligencia artificial en marketing<\/a><\/h3>\n                                <a class=\"post_link\" href=\"https:\/\/letsrebold.com\/es\/blog\/inteligencia-artificial-en-marketing\/\"><span>Leer m\u00e1s<\/span> <span class=\"ico-right\">M\u00e1s informaci\u00f3n<\/span><\/a>\n                            <\/article>\n                                                                        <article class=\"post \">\n                                <a class=\"post_image\" href=\"https:\/\/letsrebold.com\/es\/blog\/patrocinio-de-esports\/\"><img loading=\"lazy\" decoding=\"async\" width=\"900\" height=\"600\" src=\"https:\/\/letsrebold.com\/wp-content\/uploads\/2022\/06\/redbull-900x600.jpeg\" class=\"attachment-img-header size-img-header wp-post-image\" alt=\"\" srcset=\"https:\/\/letsrebold.com\/wp-content\/uploads\/2022\/06\/redbull-900x600.jpeg 900w, https:\/\/letsrebold.com\/wp-content\/uploads\/2022\/06\/redbull-300x200.jpeg 300w, https:\/\/letsrebold.com\/wp-content\/uploads\/2022\/06\/redbull-768x512.jpeg 768w, https:\/\/letsrebold.com\/wp-content\/uploads\/2022\/06\/redbull-1024x683.jpeg 1024w, https:\/\/letsrebold.com\/wp-content\/uploads\/2022\/06\/redbull-306x204.jpeg 306w, https:\/\/letsrebold.com\/wp-content\/uploads\/2022\/06\/redbull-360x240.jpeg 360w, https:\/\/letsrebold.com\/wp-content\/uploads\/2022\/06\/redbull-527x351.jpeg 527w, https:\/\/letsrebold.com\/wp-content\/uploads\/2022\/06\/redbull-573x382.jpeg 573w, https:\/\/letsrebold.com\/wp-content\/uploads\/2022\/06\/redbull.jpeg 1500w\" sizes=\"auto, (max-width: 900px) 100vw, 900px\" \/><\/a>\n                                <h2 class=\"post_meta\">\n                                                                                                                        <a class=\"post_tag\" href=\"?topic=esports-amp\">Esports &amp;amp<\/a>\n                                                                            <\/h2>\n                                <h3 class=\"post_title\"><a href=\"https:\/\/letsrebold.com\/es\/blog\/patrocinio-de-esports\/\">Patrocinio de Esports para anunciantes: todas las claves<\/a><\/h3>\n                                <a class=\"post_link\" href=\"https:\/\/letsrebold.com\/es\/blog\/patrocinio-de-esports\/\"><span>Leer m\u00e1s<\/span> <span class=\"ico-right\">M\u00e1s informaci\u00f3n<\/span><\/a>\n                            <\/article>\n                                                                        <article class=\"post rebold-marketing\">\n                                <a class=\"post_image\" href=\"https:\/\/letsrebold.com\/es\/blog\/top-10-de-campanas-de-publicidad-en-youtube-para-inspirarse\/\"><img loading=\"lazy\" decoding=\"async\" width=\"640\" height=\"426\" src=\"https:\/\/letsrebold.com\/wp-content\/uploads\/2022\/06\/pexels-photo-1.jpg\" class=\"attachment-img-header size-img-header wp-post-image\" alt=\"\" srcset=\"https:\/\/letsrebold.com\/wp-content\/uploads\/2022\/06\/pexels-photo-1.jpg 640w, https:\/\/letsrebold.com\/wp-content\/uploads\/2022\/06\/pexels-photo-1-300x200.jpg 300w, https:\/\/letsrebold.com\/wp-content\/uploads\/2022\/06\/pexels-photo-1-306x204.jpg 306w, https:\/\/letsrebold.com\/wp-content\/uploads\/2022\/06\/pexels-photo-1-360x240.jpg 360w, https:\/\/letsrebold.com\/wp-content\/uploads\/2022\/06\/pexels-photo-1-527x351.jpg 527w, https:\/\/letsrebold.com\/wp-content\/uploads\/2022\/06\/pexels-photo-1-574x382.jpg 574w\" sizes=\"auto, (max-width: 640px) 100vw, 640px\" \/><\/a>\n                                <h2 class=\"post_meta\">\n                                                                                <a style=\"color: #e0094b\" class=\"post_tag\" href=\"?service=rebold-marketing\">Rebold Marketing<\/a>\n                                                                                                                                <a class=\"post_tag\" href=\"?topic=campanas-de-publicidad-en-youtube\">campa\u00f1as de publicidad en YouTube<\/a>\n                                                                            <\/h2>\n                                <h3 class=\"post_title\"><a href=\"https:\/\/letsrebold.com\/es\/blog\/top-10-de-campanas-de-publicidad-en-youtube-para-inspirarse\/\">Top 10 de campa\u00f1as de publicidad en YouTube para inspirarse<\/a><\/h3>\n                                <a class=\"post_link\" href=\"https:\/\/letsrebold.com\/es\/blog\/top-10-de-campanas-de-publicidad-en-youtube-para-inspirarse\/\"><span>Leer m\u00e1s<\/span> <span class=\"ico-right\">M\u00e1s informaci\u00f3n<\/span><\/a>\n                            <\/article>\n                                                                        <article class=\"post media-intelligence, rebold-communication\">\n                                <a class=\"post_image\" href=\"https:\/\/letsrebold.com\/es\/blog\/marketing-para-jovenes\/\"><img loading=\"lazy\" decoding=\"async\" width=\"900\" height=\"600\" src=\"https:\/\/letsrebold.com\/wp-content\/uploads\/2022\/06\/marketing-para-jovenes-1-900x600.jpg\" class=\"attachment-img-header size-img-header wp-post-image\" alt=\"\" srcset=\"https:\/\/letsrebold.com\/wp-content\/uploads\/2022\/06\/marketing-para-jovenes-1-900x600.jpg 900w, https:\/\/letsrebold.com\/wp-content\/uploads\/2022\/06\/marketing-para-jovenes-1-300x200.jpg 300w, https:\/\/letsrebold.com\/wp-content\/uploads\/2022\/06\/marketing-para-jovenes-1-768x512.jpg 768w, https:\/\/letsrebold.com\/wp-content\/uploads\/2022\/06\/marketing-para-jovenes-1-1024x683.jpg 1024w, https:\/\/letsrebold.com\/wp-content\/uploads\/2022\/06\/marketing-para-jovenes-1-306x204.jpg 306w, https:\/\/letsrebold.com\/wp-content\/uploads\/2022\/06\/marketing-para-jovenes-1-360x240.jpg 360w, https:\/\/letsrebold.com\/wp-content\/uploads\/2022\/06\/marketing-para-jovenes-1-527x351.jpg 527w, https:\/\/letsrebold.com\/wp-content\/uploads\/2022\/06\/marketing-para-jovenes-1-573x382.jpg 573w, https:\/\/letsrebold.com\/wp-content\/uploads\/2022\/06\/marketing-para-jovenes-1.jpg 1500w\" sizes=\"auto, (max-width: 900px) 100vw, 900px\" \/><\/a>\n                                <h2 class=\"post_meta\">\n                                                                                <a style=\"color: #5ac4bb\" class=\"post_tag\" href=\"?service=rebold-communication\">Rebold Communication<\/a>\n                                                                                                                                <a class=\"post_tag\" href=\"?topic=branding\">Branding<\/a>\n                                                                            <\/h2>\n                                <h3 class=\"post_title\"><a href=\"https:\/\/letsrebold.com\/es\/blog\/marketing-para-jovenes\/\">6 motivos por los que tu marca debe conectar con los j\u00f3venes a trav\u00e9s del entretenimiento<\/a><\/h3>\n                                <a class=\"post_link\" href=\"https:\/\/letsrebold.com\/es\/blog\/marketing-para-jovenes\/\"><span>Leer m\u00e1s<\/span> <span class=\"ico-right\">M\u00e1s informaci\u00f3n<\/span><\/a>\n                            <\/article>\n                                    <\/div>\n                                    <nav class=\"links links-right\" id=\"loadmore_50\">\n                        <div class=\"container\">\n                            <a href=\"#\" class=\"loadmore\" value=\"50\"><span>Cargar m\u00e1s<\/span> <span class=\"ico-right\"><\/span><\/a>\n                        <\/div>\n                    <\/nav>\n                            <\/div>\n                                <div id=\"page_51\" class=\"d-none\">\n                <div class=\"container posts\">\n                                                                        <article class=\"post rebold-marketing\">\n                                <a class=\"post_image\" href=\"https:\/\/letsrebold.com\/es\/blog\/rebold-celebra-diversidad-lgbti-orgullo\/\"><img loading=\"lazy\" decoding=\"async\" width=\"700\" height=\"521\" src=\"https:\/\/letsrebold.com\/wp-content\/uploads\/2022\/06\/lets-be-proud-rebold-lgtbi.jpg\" class=\"attachment-img-header size-img-header wp-post-image\" alt=\"\" srcset=\"https:\/\/letsrebold.com\/wp-content\/uploads\/2022\/06\/lets-be-proud-rebold-lgtbi.jpg 700w, https:\/\/letsrebold.com\/wp-content\/uploads\/2022\/06\/lets-be-proud-rebold-lgtbi-300x223.jpg 300w, https:\/\/letsrebold.com\/wp-content\/uploads\/2022\/06\/lets-be-proud-rebold-lgtbi-274x204.jpg 274w, https:\/\/letsrebold.com\/wp-content\/uploads\/2022\/06\/lets-be-proud-rebold-lgtbi-360x268.jpg 360w, https:\/\/letsrebold.com\/wp-content\/uploads\/2022\/06\/lets-be-proud-rebold-lgtbi-472x351.jpg 472w, https:\/\/letsrebold.com\/wp-content\/uploads\/2022\/06\/lets-be-proud-rebold-lgtbi-513x382.jpg 513w\" sizes=\"auto, (max-width: 700px) 100vw, 700px\" \/><\/a>\n                                <h2 class=\"post_meta\">\n                                                                                <a style=\"color: #e0094b\" class=\"post_tag\" href=\"?service=rebold-marketing\">Rebold Marketing<\/a>\n                                                                                                                                <a class=\"post_tag\" href=\"?topic=rebold\">Rebold<\/a>\n                                                                            <\/h2>\n                                <h3 class=\"post_title\"><a href=\"https:\/\/letsrebold.com\/es\/blog\/rebold-celebra-diversidad-lgbti-orgullo\/\">Rebold celebra la diversidad LGBTI+ durante el orgullo 2021<\/a><\/h3>\n                                <a class=\"post_link\" href=\"https:\/\/letsrebold.com\/es\/blog\/rebold-celebra-diversidad-lgbti-orgullo\/\"><span>Leer m\u00e1s<\/span> <span class=\"ico-right\">M\u00e1s informaci\u00f3n<\/span><\/a>\n                            <\/article>\n                                                                        <article class=\"post \">\n                                <a class=\"post_image\" href=\"https:\/\/letsrebold.com\/es\/blog\/google-analytics-4\/\"><img loading=\"lazy\" decoding=\"async\" width=\"900\" height=\"600\" src=\"https:\/\/letsrebold.com\/wp-content\/uploads\/2022\/06\/google-analytics-4-900x600.jpg\" class=\"attachment-img-header size-img-header wp-post-image\" alt=\"\" srcset=\"https:\/\/letsrebold.com\/wp-content\/uploads\/2022\/06\/google-analytics-4-900x600.jpg 900w, https:\/\/letsrebold.com\/wp-content\/uploads\/2022\/06\/google-analytics-4-300x200.jpg 300w, https:\/\/letsrebold.com\/wp-content\/uploads\/2022\/06\/google-analytics-4-768x512.jpg 768w, https:\/\/letsrebold.com\/wp-content\/uploads\/2022\/06\/google-analytics-4-1024x682.jpg 1024w, https:\/\/letsrebold.com\/wp-content\/uploads\/2022\/06\/google-analytics-4-306x204.jpg 306w, https:\/\/letsrebold.com\/wp-content\/uploads\/2022\/06\/google-analytics-4-360x240.jpg 360w, https:\/\/letsrebold.com\/wp-content\/uploads\/2022\/06\/google-analytics-4-527x351.jpg 527w, https:\/\/letsrebold.com\/wp-content\/uploads\/2022\/06\/google-analytics-4-573x382.jpg 573w, https:\/\/letsrebold.com\/wp-content\/uploads\/2022\/06\/google-analytics-4.jpg 1280w\" sizes=\"auto, (max-width: 900px) 100vw, 900px\" \/><\/a>\n                                <h2 class=\"post_meta\">\n                                                                                                                        <a class=\"post_tag\" href=\"?topic=analitica-web\">Anal\u00edtica Web<\/a>\n                                                                            <\/h2>\n                                <h3 class=\"post_title\"><a href=\"https:\/\/letsrebold.com\/es\/blog\/google-analytics-4\/\">Google Analytics 4, c\u00f3mo sacarle el m\u00e1ximo provecho en tu estrategia de marketing<\/a><\/h3>\n                                <a class=\"post_link\" href=\"https:\/\/letsrebold.com\/es\/blog\/google-analytics-4\/\"><span>Leer m\u00e1s<\/span> <span class=\"ico-right\">M\u00e1s informaci\u00f3n<\/span><\/a>\n                            <\/article>\n                                                                        <article class=\"post rebold-marketing\">\n                                <a class=\"post_image\" href=\"https:\/\/letsrebold.com\/es\/blog\/ruth-blanch-lleva-a-rebold-a-la-junta-directiva-de-la-iab-spain\/\"><img loading=\"lazy\" decoding=\"async\" width=\"909\" height=\"600\" src=\"https:\/\/letsrebold.com\/wp-content\/uploads\/2022\/06\/rebold-junta-directiva-iab-909x600.jpg\" class=\"attachment-img-header size-img-header wp-post-image\" alt=\"\" srcset=\"https:\/\/letsrebold.com\/wp-content\/uploads\/2022\/06\/rebold-junta-directiva-iab-909x600.jpg 909w, https:\/\/letsrebold.com\/wp-content\/uploads\/2022\/06\/rebold-junta-directiva-iab-300x198.jpg 300w, https:\/\/letsrebold.com\/wp-content\/uploads\/2022\/06\/rebold-junta-directiva-iab-768x507.jpg 768w, https:\/\/letsrebold.com\/wp-content\/uploads\/2022\/06\/rebold-junta-directiva-iab-1024x676.jpg 1024w, https:\/\/letsrebold.com\/wp-content\/uploads\/2022\/06\/rebold-junta-directiva-iab-309x204.jpg 309w, https:\/\/letsrebold.com\/wp-content\/uploads\/2022\/06\/rebold-junta-directiva-iab-360x238.jpg 360w, https:\/\/letsrebold.com\/wp-content\/uploads\/2022\/06\/rebold-junta-directiva-iab-532x351.jpg 532w, https:\/\/letsrebold.com\/wp-content\/uploads\/2022\/06\/rebold-junta-directiva-iab-579x382.jpg 579w, https:\/\/letsrebold.com\/wp-content\/uploads\/2022\/06\/rebold-junta-directiva-iab.jpg 1050w\" sizes=\"auto, (max-width: 909px) 100vw, 909px\" \/><\/a>\n                                <h2 class=\"post_meta\">\n                                                                                <a style=\"color: #e0094b\" class=\"post_tag\" href=\"?service=rebold-marketing\">Rebold Marketing<\/a>\n                                                                                                                                <a class=\"post_tag\" href=\"?topic=junta-directiva-iab\">Junta Directiva IAB<\/a>\n                                                                            <\/h2>\n                                <h3 class=\"post_title\"><a href=\"https:\/\/letsrebold.com\/es\/blog\/ruth-blanch-lleva-a-rebold-a-la-junta-directiva-de-la-iab-spain\/\">Ruth Blanch lleva a Rebold a la Junta Directiva de la IAB Spain<\/a><\/h3>\n                                <a class=\"post_link\" href=\"https:\/\/letsrebold.com\/es\/blog\/ruth-blanch-lleva-a-rebold-a-la-junta-directiva-de-la-iab-spain\/\"><span>Leer m\u00e1s<\/span> <span class=\"ico-right\">M\u00e1s informaci\u00f3n<\/span><\/a>\n                            <\/article>\n                                                                        <article class=\"post consumer-intelligence, rebold-communication\">\n                                <a class=\"post_image\" href=\"https:\/\/letsrebold.com\/es\/blog\/el-reconocimiento-de-logos-la-vision-de-180-grados-esencial-para-una-marca\/\"><img loading=\"lazy\" decoding=\"async\" width=\"400\" height=\"250\" src=\"https:\/\/letsrebold.com\/wp-content\/uploads\/2022\/06\/reconocimiento-logos.jpg\" class=\"attachment-img-header size-img-header wp-post-image\" alt=\"\" srcset=\"https:\/\/letsrebold.com\/wp-content\/uploads\/2022\/06\/reconocimiento-logos.jpg 400w, https:\/\/letsrebold.com\/wp-content\/uploads\/2022\/06\/reconocimiento-logos-300x188.jpg 300w, https:\/\/letsrebold.com\/wp-content\/uploads\/2022\/06\/reconocimiento-logos-326x204.jpg 326w, https:\/\/letsrebold.com\/wp-content\/uploads\/2022\/06\/reconocimiento-logos-360x225.jpg 360w\" sizes=\"auto, (max-width: 400px) 100vw, 400px\" \/><\/a>\n                                <h2 class=\"post_meta\">\n                                                                                <a style=\"color: #5ac4bb\" class=\"post_tag\" href=\"?service=rebold-communication\">Rebold Communication<\/a>\n                                                                                                                                <a class=\"post_tag\" href=\"?topic=reconocimiento-de-logos-en-social-listening\">reconocimiento de logos en social listening<\/a>\n                                                                            <\/h2>\n                                <h3 class=\"post_title\"><a href=\"https:\/\/letsrebold.com\/es\/blog\/el-reconocimiento-de-logos-la-vision-de-180-grados-esencial-para-una-marca\/\">El reconocimiento de logos, la visi\u00f3n de 180 grados esencial para una marca<\/a><\/h3>\n                                <a class=\"post_link\" href=\"https:\/\/letsrebold.com\/es\/blog\/el-reconocimiento-de-logos-la-vision-de-180-grados-esencial-para-una-marca\/\"><span>Leer m\u00e1s<\/span> <span class=\"ico-right\">M\u00e1s informaci\u00f3n<\/span><\/a>\n                            <\/article>\n                                                                        <article class=\"post media-intelligence, rebold-communication\">\n                                <a class=\"post_image\" href=\"https:\/\/letsrebold.com\/es\/blog\/marcas-y-lenguaje-inclusivo\/\"><img loading=\"lazy\" decoding=\"async\" width=\"900\" height=\"600\" src=\"https:\/\/letsrebold.com\/wp-content\/uploads\/2022\/06\/marcas-lenguaje-inclusivo-900x600.jpg\" class=\"attachment-img-header size-img-header wp-post-image\" alt=\"\" srcset=\"https:\/\/letsrebold.com\/wp-content\/uploads\/2022\/06\/marcas-lenguaje-inclusivo-900x600.jpg 900w, https:\/\/letsrebold.com\/wp-content\/uploads\/2022\/06\/marcas-lenguaje-inclusivo-300x200.jpg 300w, https:\/\/letsrebold.com\/wp-content\/uploads\/2022\/06\/marcas-lenguaje-inclusivo-768x512.jpg 768w, https:\/\/letsrebold.com\/wp-content\/uploads\/2022\/06\/marcas-lenguaje-inclusivo-1024x682.jpg 1024w, https:\/\/letsrebold.com\/wp-content\/uploads\/2022\/06\/marcas-lenguaje-inclusivo-306x204.jpg 306w, https:\/\/letsrebold.com\/wp-content\/uploads\/2022\/06\/marcas-lenguaje-inclusivo-360x240.jpg 360w, https:\/\/letsrebold.com\/wp-content\/uploads\/2022\/06\/marcas-lenguaje-inclusivo-527x351.jpg 527w, https:\/\/letsrebold.com\/wp-content\/uploads\/2022\/06\/marcas-lenguaje-inclusivo-573x382.jpg 573w, https:\/\/letsrebold.com\/wp-content\/uploads\/2022\/06\/marcas-lenguaje-inclusivo.jpg 1280w\" sizes=\"auto, (max-width: 900px) 100vw, 900px\" \/><\/a>\n                                <h2 class=\"post_meta\">\n                                                                                <a style=\"color: #5ac4bb\" class=\"post_tag\" href=\"?service=rebold-communication\">Rebold Communication<\/a>\n                                                                                                                                <a class=\"post_tag\" href=\"?topic=branding\">Branding<\/a>\n                                                                            <\/h2>\n                                <h3 class=\"post_title\"><a href=\"https:\/\/letsrebold.com\/es\/blog\/marcas-y-lenguaje-inclusivo\/\">5 marcas ejemplares por su buen uso del lenguaje inclusivo<\/a><\/h3>\n                                <a class=\"post_link\" href=\"https:\/\/letsrebold.com\/es\/blog\/marcas-y-lenguaje-inclusivo\/\"><span>Leer m\u00e1s<\/span> <span class=\"ico-right\">M\u00e1s informaci\u00f3n<\/span><\/a>\n                            <\/article>\n                                                                        <article class=\"post influencer-marketing, rebold-marketing\">\n                                <a class=\"post_image\" href=\"https:\/\/letsrebold.com\/es\/blog\/influencers-y-ong\/\"><img loading=\"lazy\" decoding=\"async\" width=\"1061\" height=\"283\" src=\"https:\/\/letsrebold.com\/wp-content\/uploads\/2022\/06\/influencers-ongs-1061x283.jpg\" class=\"attachment-img-header size-img-header wp-post-image\" alt=\"\" srcset=\"https:\/\/letsrebold.com\/wp-content\/uploads\/2022\/06\/influencers-ongs-1061x283.jpg 1061w, https:\/\/letsrebold.com\/wp-content\/uploads\/2022\/06\/influencers-ongs-300x80.jpg 300w, https:\/\/letsrebold.com\/wp-content\/uploads\/2022\/06\/influencers-ongs-768x205.jpg 768w, https:\/\/letsrebold.com\/wp-content\/uploads\/2022\/06\/influencers-ongs-1024x273.jpg 1024w, https:\/\/letsrebold.com\/wp-content\/uploads\/2022\/06\/influencers-ongs-360x96.jpg 360w, https:\/\/letsrebold.com\/wp-content\/uploads\/2022\/06\/influencers-ongs-578x154.jpg 578w, https:\/\/letsrebold.com\/wp-content\/uploads\/2022\/06\/influencers-ongs-761x203.jpg 761w, https:\/\/letsrebold.com\/wp-content\/uploads\/2022\/06\/influencers-ongs.jpg 1500w\" sizes=\"auto, (max-width: 1061px) 100vw, 1061px\" \/><\/a>\n                                <h2 class=\"post_meta\">\n                                                                                <a style=\"color: #e0094b\" class=\"post_tag\" href=\"?service=rebold-marketing\">Rebold Marketing<\/a>\n                                                                                                                                <a class=\"post_tag\" href=\"?topic=influencer-marketing\">Influencer Marketing<\/a>\n                                                                            <\/h2>\n                                <h3 class=\"post_title\"><a href=\"https:\/\/letsrebold.com\/es\/blog\/influencers-y-ong\/\">Influencers y ONGs: claves para una colaboraci\u00f3n honesta y duradera<\/a><\/h3>\n                                <a class=\"post_link\" href=\"https:\/\/letsrebold.com\/es\/blog\/influencers-y-ong\/\"><span>Leer m\u00e1s<\/span> <span class=\"ico-right\">M\u00e1s informaci\u00f3n<\/span><\/a>\n                            <\/article>\n                                    <\/div>\n                                    <nav class=\"links links-right\" id=\"loadmore_51\">\n                        <div class=\"container\">\n                            <a href=\"#\" class=\"loadmore\" value=\"51\"><span>Cargar m\u00e1s<\/span> <span class=\"ico-right\"><\/span><\/a>\n                        <\/div>\n                    <\/nav>\n                            <\/div>\n                                <div id=\"page_52\" class=\"d-none\">\n                <div class=\"container posts\">\n                                                                        <article class=\"post media-intelligence, rebold-communication\">\n                                <a class=\"post_image\" href=\"https:\/\/letsrebold.com\/es\/blog\/ejemplos-de-rebranding\/\"><img loading=\"lazy\" decoding=\"async\" width=\"650\" height=\"439\" src=\"https:\/\/letsrebold.com\/wp-content\/uploads\/2022\/06\/ejemplos-de-rebranding.jpg\" class=\"attachment-img-header size-img-header wp-post-image\" alt=\"\" srcset=\"https:\/\/letsrebold.com\/wp-content\/uploads\/2022\/06\/ejemplos-de-rebranding.jpg 650w, https:\/\/letsrebold.com\/wp-content\/uploads\/2022\/06\/ejemplos-de-rebranding-300x203.jpg 300w, https:\/\/letsrebold.com\/wp-content\/uploads\/2022\/06\/ejemplos-de-rebranding-302x204.jpg 302w, https:\/\/letsrebold.com\/wp-content\/uploads\/2022\/06\/ejemplos-de-rebranding-360x243.jpg 360w, https:\/\/letsrebold.com\/wp-content\/uploads\/2022\/06\/ejemplos-de-rebranding-520x351.jpg 520w, https:\/\/letsrebold.com\/wp-content\/uploads\/2022\/06\/ejemplos-de-rebranding-566x382.jpg 566w\" sizes=\"auto, (max-width: 650px) 100vw, 650px\" \/><\/a>\n                                <h2 class=\"post_meta\">\n                                                                                <a style=\"color: #5ac4bb\" class=\"post_tag\" href=\"?service=rebold-communication\">Rebold Communication<\/a>\n                                                                                                                                <a class=\"post_tag\" href=\"?topic=branding\">Branding<\/a>\n                                                                            <\/h2>\n                                <h3 class=\"post_title\"><a href=\"https:\/\/letsrebold.com\/es\/blog\/ejemplos-de-rebranding\/\">5 ejemplos de rebranding exitosos de los que tomar nota<\/a><\/h3>\n                                <a class=\"post_link\" href=\"https:\/\/letsrebold.com\/es\/blog\/ejemplos-de-rebranding\/\"><span>Leer m\u00e1s<\/span> <span class=\"ico-right\">M\u00e1s informaci\u00f3n<\/span><\/a>\n                            <\/article>\n                                                                        <article class=\"post influencer-marketing, rebold-marketing\">\n                                <a class=\"post_image\" href=\"https:\/\/letsrebold.com\/es\/blog\/rebold-patrocina-el-iv-foro-social-media-influencers\/\"><img loading=\"lazy\" decoding=\"async\" width=\"600\" height=\"600\" src=\"https:\/\/letsrebold.com\/wp-content\/uploads\/2022\/06\/iv-foro-social-media-influencer.png\" class=\"attachment-img-header size-img-header wp-post-image\" alt=\"\" srcset=\"https:\/\/letsrebold.com\/wp-content\/uploads\/2022\/06\/iv-foro-social-media-influencer.png 600w, https:\/\/letsrebold.com\/wp-content\/uploads\/2022\/06\/iv-foro-social-media-influencer-150x150.png 150w, https:\/\/letsrebold.com\/wp-content\/uploads\/2022\/06\/iv-foro-social-media-influencer-300x300.png 300w, https:\/\/letsrebold.com\/wp-content\/uploads\/2022\/06\/iv-foro-social-media-influencer-204x204.png 204w, https:\/\/letsrebold.com\/wp-content\/uploads\/2022\/06\/iv-foro-social-media-influencer-360x360.png 360w, https:\/\/letsrebold.com\/wp-content\/uploads\/2022\/06\/iv-foro-social-media-influencer-351x351.png 351w, https:\/\/letsrebold.com\/wp-content\/uploads\/2022\/06\/iv-foro-social-media-influencer-382x382.png 382w\" sizes=\"auto, (max-width: 600px) 100vw, 600px\" \/><\/a>\n                                <h2 class=\"post_meta\">\n                                                                                <a style=\"color: #e0094b\" class=\"post_tag\" href=\"?service=rebold-marketing\">Rebold Marketing<\/a>\n                                                                                                                                <a class=\"post_tag\" href=\"?topic=foro-social-media-amp\">Foro Social Media &amp;amp<\/a>\n                                                                            <\/h2>\n                                <h3 class=\"post_title\"><a href=\"https:\/\/letsrebold.com\/es\/blog\/rebold-patrocina-el-iv-foro-social-media-influencers\/\">Rebold patrocina el IV Foro Social Media &amp; Influencers<\/a><\/h3>\n                                <a class=\"post_link\" href=\"https:\/\/letsrebold.com\/es\/blog\/rebold-patrocina-el-iv-foro-social-media-influencers\/\"><span>Leer m\u00e1s<\/span> <span class=\"ico-right\">M\u00e1s informaci\u00f3n<\/span><\/a>\n                            <\/article>\n                                                                        <article class=\"post performance, rebold-marketing\">\n                                <a class=\"post_image\" href=\"https:\/\/letsrebold.com\/es\/blog\/plan-estrategico-para-una-campana-publicitaria\/\"><img loading=\"lazy\" decoding=\"async\" width=\"1061\" height=\"555\" src=\"https:\/\/letsrebold.com\/wp-content\/uploads\/2022\/06\/plan-estrategico-campana-1061x555.png\" class=\"attachment-img-header size-img-header wp-post-image\" alt=\"\" srcset=\"https:\/\/letsrebold.com\/wp-content\/uploads\/2022\/06\/plan-estrategico-campana-1061x555.png 1061w, https:\/\/letsrebold.com\/wp-content\/uploads\/2022\/06\/plan-estrategico-campana-300x157.png 300w, https:\/\/letsrebold.com\/wp-content\/uploads\/2022\/06\/plan-estrategico-campana-768x402.png 768w, https:\/\/letsrebold.com\/wp-content\/uploads\/2022\/06\/plan-estrategico-campana-1024x536.png 1024w, https:\/\/letsrebold.com\/wp-content\/uploads\/2022\/06\/plan-estrategico-campana-360x188.png 360w, https:\/\/letsrebold.com\/wp-content\/uploads\/2022\/06\/plan-estrategico-campana-578x302.png 578w, https:\/\/letsrebold.com\/wp-content\/uploads\/2022\/06\/plan-estrategico-campana-730x382.png 730w, https:\/\/letsrebold.com\/wp-content\/uploads\/2022\/06\/plan-estrategico-campana.png 1200w\" sizes=\"auto, (max-width: 1061px) 100vw, 1061px\" \/><\/a>\n                                <h2 class=\"post_meta\">\n                                                                                <a style=\"color: #e0094b\" class=\"post_tag\" href=\"?service=rebold-marketing\">Rebold Marketing<\/a>\n                                                                                                                                <a class=\"post_tag\" href=\"?topic=plan-estrategico-para-una-campana-publicitaria\">plan estrat\u00e9gico para una campa\u00f1a publicitaria<\/a>\n                                                                            <\/h2>\n                                <h3 class=\"post_title\"><a href=\"https:\/\/letsrebold.com\/es\/blog\/plan-estrategico-para-una-campana-publicitaria\/\">C\u00f3mo elaborar un plan estrat\u00e9gico para una campa\u00f1a publicitaria<\/a><\/h3>\n                                <a class=\"post_link\" href=\"https:\/\/letsrebold.com\/es\/blog\/plan-estrategico-para-una-campana-publicitaria\/\"><span>Leer m\u00e1s<\/span> <span class=\"ico-right\">M\u00e1s informaci\u00f3n<\/span><\/a>\n                            <\/article>\n                                                                        <article class=\"post media-intelligence, rebold-communication\">\n                                <a class=\"post_image\" href=\"https:\/\/letsrebold.com\/es\/blog\/tipos-de-podcast\/\"><img loading=\"lazy\" decoding=\"async\" width=\"1061\" height=\"597\" src=\"https:\/\/letsrebold.com\/wp-content\/uploads\/2022\/06\/podcast-1-1061x597.jpg\" class=\"attachment-img-header size-img-header wp-post-image\" alt=\"\" srcset=\"https:\/\/letsrebold.com\/wp-content\/uploads\/2022\/06\/podcast-1-1061x597.jpg 1061w, https:\/\/letsrebold.com\/wp-content\/uploads\/2022\/06\/podcast-1-300x169.jpg 300w, https:\/\/letsrebold.com\/wp-content\/uploads\/2022\/06\/podcast-1-768x432.jpg 768w, https:\/\/letsrebold.com\/wp-content\/uploads\/2022\/06\/podcast-1-1024x576.jpg 1024w, https:\/\/letsrebold.com\/wp-content\/uploads\/2022\/06\/podcast-1-360x203.jpg 360w, https:\/\/letsrebold.com\/wp-content\/uploads\/2022\/06\/podcast-1-578x325.jpg 578w, https:\/\/letsrebold.com\/wp-content\/uploads\/2022\/06\/podcast-1-679x382.jpg 679w, https:\/\/letsrebold.com\/wp-content\/uploads\/2022\/06\/podcast-1.jpg 1280w\" sizes=\"auto, (max-width: 1061px) 100vw, 1061px\" \/><\/a>\n                                <h2 class=\"post_meta\">\n                                                                                <a style=\"color: #5ac4bb\" class=\"post_tag\" href=\"?service=rebold-communication\">Rebold Communication<\/a>\n                                                                                                                                <a class=\"post_tag\" href=\"?topic=branding\">Branding<\/a>\n                                                                            <\/h2>\n                                <h3 class=\"post_title\"><a href=\"https:\/\/letsrebold.com\/es\/blog\/tipos-de-podcast\/\">3 tipos de podcast que puedes asociar a tu marca<\/a><\/h3>\n                                <a class=\"post_link\" href=\"https:\/\/letsrebold.com\/es\/blog\/tipos-de-podcast\/\"><span>Leer m\u00e1s<\/span> <span class=\"ico-right\">M\u00e1s informaci\u00f3n<\/span><\/a>\n                            <\/article>\n                                                                        <article class=\"post rebold-marketing\">\n                                <a class=\"post_image\" href=\"https:\/\/letsrebold.com\/es\/blog\/metodo-aida-en-marketing\/\"><img loading=\"lazy\" decoding=\"async\" width=\"653\" height=\"493\" src=\"https:\/\/letsrebold.com\/wp-content\/uploads\/2022\/06\/aida.jpg\" class=\"attachment-img-header size-img-header wp-post-image\" alt=\"\" srcset=\"https:\/\/letsrebold.com\/wp-content\/uploads\/2022\/06\/aida.jpg 653w, https:\/\/letsrebold.com\/wp-content\/uploads\/2022\/06\/aida-300x226.jpg 300w, https:\/\/letsrebold.com\/wp-content\/uploads\/2022\/06\/aida-270x204.jpg 270w, https:\/\/letsrebold.com\/wp-content\/uploads\/2022\/06\/aida-360x272.jpg 360w, https:\/\/letsrebold.com\/wp-content\/uploads\/2022\/06\/aida-465x351.jpg 465w, https:\/\/letsrebold.com\/wp-content\/uploads\/2022\/06\/aida-506x382.jpg 506w\" sizes=\"auto, (max-width: 653px) 100vw, 653px\" \/><\/a>\n                                <h2 class=\"post_meta\">\n                                                                                <a style=\"color: #e0094b\" class=\"post_tag\" href=\"?service=rebold-marketing\">Rebold Marketing<\/a>\n                                                                                                                                <a class=\"post_tag\" href=\"?topic=marketing-digital\">Marketing Digital<\/a>\n                                                                            <\/h2>\n                                <h3 class=\"post_title\"><a href=\"https:\/\/letsrebold.com\/es\/blog\/metodo-aida-en-marketing\/\">M\u00e9todo AIDA en marketing: qu\u00e9 es y c\u00f3mo aplicarlo correctamente<\/a><\/h3>\n                                <a class=\"post_link\" href=\"https:\/\/letsrebold.com\/es\/blog\/metodo-aida-en-marketing\/\"><span>Leer m\u00e1s<\/span> <span class=\"ico-right\">M\u00e1s informaci\u00f3n<\/span><\/a>\n                            <\/article>\n                                                                        <article class=\"post media-intelligence, rebold-communication\">\n                                <a class=\"post_image\" href=\"https:\/\/letsrebold.com\/es\/blog\/marcas-que-conectan-emocionalmente-con-el-consumidor\/\"><img loading=\"lazy\" decoding=\"async\" width=\"512\" height=\"388\" src=\"https:\/\/letsrebold.com\/wp-content\/uploads\/2022\/06\/7-marcas-que-conectan-emocionalmente-con-el-consumidor-1.jpg\" class=\"attachment-img-header size-img-header wp-post-image\" alt=\"\" srcset=\"https:\/\/letsrebold.com\/wp-content\/uploads\/2022\/06\/7-marcas-que-conectan-emocionalmente-con-el-consumidor-1.jpg 512w, https:\/\/letsrebold.com\/wp-content\/uploads\/2022\/06\/7-marcas-que-conectan-emocionalmente-con-el-consumidor-1-300x227.jpg 300w, https:\/\/letsrebold.com\/wp-content\/uploads\/2022\/06\/7-marcas-que-conectan-emocionalmente-con-el-consumidor-1-269x204.jpg 269w, https:\/\/letsrebold.com\/wp-content\/uploads\/2022\/06\/7-marcas-que-conectan-emocionalmente-con-el-consumidor-1-360x273.jpg 360w, https:\/\/letsrebold.com\/wp-content\/uploads\/2022\/06\/7-marcas-que-conectan-emocionalmente-con-el-consumidor-1-463x351.jpg 463w, https:\/\/letsrebold.com\/wp-content\/uploads\/2022\/06\/7-marcas-que-conectan-emocionalmente-con-el-consumidor-1-504x382.jpg 504w\" sizes=\"auto, (max-width: 512px) 100vw, 512px\" \/><\/a>\n                                <h2 class=\"post_meta\">\n                                                                                <a style=\"color: #5ac4bb\" class=\"post_tag\" href=\"?service=rebold-communication\">Rebold Communication<\/a>\n                                                                                                                                <a class=\"post_tag\" href=\"?topic=branding\">Branding<\/a>\n                                                                            <\/h2>\n                                <h3 class=\"post_title\"><a href=\"https:\/\/letsrebold.com\/es\/blog\/marcas-que-conectan-emocionalmente-con-el-consumidor\/\">7 marcas que conectan emocionalmente con el nuevo consumidor<\/a><\/h3>\n                                <a class=\"post_link\" href=\"https:\/\/letsrebold.com\/es\/blog\/marcas-que-conectan-emocionalmente-con-el-consumidor\/\"><span>Leer m\u00e1s<\/span> <span class=\"ico-right\">M\u00e1s informaci\u00f3n<\/span><\/a>\n                            <\/article>\n                                    <\/div>\n                                    <nav class=\"links links-right\" id=\"loadmore_52\">\n                        <div class=\"container\">\n                            <a href=\"#\" class=\"loadmore\" value=\"52\"><span>Cargar m\u00e1s<\/span> <span class=\"ico-right\"><\/span><\/a>\n                        <\/div>\n                    <\/nav>\n                            <\/div>\n                                <div id=\"page_53\" class=\"d-none\">\n                <div class=\"container posts\">\n                                                                        <article class=\"post rebold-marketing\">\n                                <a class=\"post_image\" href=\"https:\/\/letsrebold.com\/es\/blog\/estrategia-de-marketing-digital-360\/\"><img loading=\"lazy\" decoding=\"async\" width=\"400\" height=\"276\" src=\"https:\/\/letsrebold.com\/wp-content\/uploads\/2022\/06\/estrategia-de-marketing-360-como-elegir-al-partner-ideal.jpg\" class=\"attachment-img-header size-img-header wp-post-image\" alt=\"\" srcset=\"https:\/\/letsrebold.com\/wp-content\/uploads\/2022\/06\/estrategia-de-marketing-360-como-elegir-al-partner-ideal.jpg 400w, https:\/\/letsrebold.com\/wp-content\/uploads\/2022\/06\/estrategia-de-marketing-360-como-elegir-al-partner-ideal-300x207.jpg 300w, https:\/\/letsrebold.com\/wp-content\/uploads\/2022\/06\/estrategia-de-marketing-360-como-elegir-al-partner-ideal-296x204.jpg 296w, https:\/\/letsrebold.com\/wp-content\/uploads\/2022\/06\/estrategia-de-marketing-360-como-elegir-al-partner-ideal-360x248.jpg 360w\" sizes=\"auto, (max-width: 400px) 100vw, 400px\" \/><\/a>\n                                <h2 class=\"post_meta\">\n                                                                                <a style=\"color: #e0094b\" class=\"post_tag\" href=\"?service=rebold-marketing\">Rebold Marketing<\/a>\n                                                                                                                                <a class=\"post_tag\" href=\"?topic=estrategia-de-marketing-digital-360\">estrategia de marketing digital 360<\/a>\n                                                                            <\/h2>\n                                <h3 class=\"post_title\"><a href=\"https:\/\/letsrebold.com\/es\/blog\/estrategia-de-marketing-digital-360\/\">Estrategia de marketing digital 360: c\u00f3mo elegir al partner ideal<\/a><\/h3>\n                                <a class=\"post_link\" href=\"https:\/\/letsrebold.com\/es\/blog\/estrategia-de-marketing-digital-360\/\"><span>Leer m\u00e1s<\/span> <span class=\"ico-right\">M\u00e1s informaci\u00f3n<\/span><\/a>\n                            <\/article>\n                                                                        <article class=\"post rebold-marketing\">\n                                <a class=\"post_image\" href=\"https:\/\/letsrebold.com\/es\/blog\/moda-sostenible-para-frenar-el-cambio-climatico\/\"><img loading=\"lazy\" decoding=\"async\" width=\"800\" height=\"600\" src=\"https:\/\/letsrebold.com\/wp-content\/uploads\/2022\/06\/moda-sostenible-800x600.png\" class=\"attachment-img-header size-img-header wp-post-image\" alt=\"\" srcset=\"https:\/\/letsrebold.com\/wp-content\/uploads\/2022\/06\/moda-sostenible-800x600.png 800w, https:\/\/letsrebold.com\/wp-content\/uploads\/2022\/06\/moda-sostenible-300x225.png 300w, https:\/\/letsrebold.com\/wp-content\/uploads\/2022\/06\/moda-sostenible-768x576.png 768w, https:\/\/letsrebold.com\/wp-content\/uploads\/2022\/06\/moda-sostenible-272x204.png 272w, https:\/\/letsrebold.com\/wp-content\/uploads\/2022\/06\/moda-sostenible-360x270.png 360w, https:\/\/letsrebold.com\/wp-content\/uploads\/2022\/06\/moda-sostenible-468x351.png 468w, https:\/\/letsrebold.com\/wp-content\/uploads\/2022\/06\/moda-sostenible-509x382.png 509w, https:\/\/letsrebold.com\/wp-content\/uploads\/2022\/06\/moda-sostenible.png 960w\" sizes=\"auto, (max-width: 800px) 100vw, 800px\" \/><\/a>\n                                <h2 class=\"post_meta\">\n                                                                                <a style=\"color: #e0094b\" class=\"post_tag\" href=\"?service=rebold-marketing\">Rebold Marketing<\/a>\n                                                                                                                                <a class=\"post_tag\" href=\"?topic=moda-sostenible-para-frenar-el-cambio-climatico\">moda sostenible para frenar el cambio clim\u00e1tico<\/a>\n                                                                            <\/h2>\n                                <h3 class=\"post_title\"><a href=\"https:\/\/letsrebold.com\/es\/blog\/moda-sostenible-para-frenar-el-cambio-climatico\/\">Esto es lo que necesitas saber de moda sostenible si quieres ayudar a frenar el cambio clim\u00e1tico<\/a><\/h3>\n                                <a class=\"post_link\" href=\"https:\/\/letsrebold.com\/es\/blog\/moda-sostenible-para-frenar-el-cambio-climatico\/\"><span>Leer m\u00e1s<\/span> <span class=\"ico-right\">M\u00e1s informaci\u00f3n<\/span><\/a>\n                            <\/article>\n                                                                        <article class=\"post estudios-de-reputacion, rebold-communication\">\n                                <a class=\"post_image\" href=\"https:\/\/letsrebold.com\/es\/blog\/7-pasos-para-construir-comunidades-comprometidas-con-las-marcas-en-discord\/\"><img loading=\"lazy\" decoding=\"async\" width=\"800\" height=\"600\" src=\"https:\/\/letsrebold.com\/wp-content\/uploads\/2022\/06\/7-pasos-para-construir-comunidades-comprometidas-con-las-marcas-en-discord-800x600.jpg\" class=\"attachment-img-header size-img-header wp-post-image\" alt=\"\" srcset=\"https:\/\/letsrebold.com\/wp-content\/uploads\/2022\/06\/7-pasos-para-construir-comunidades-comprometidas-con-las-marcas-en-discord-800x600.jpg 800w, https:\/\/letsrebold.com\/wp-content\/uploads\/2022\/06\/7-pasos-para-construir-comunidades-comprometidas-con-las-marcas-en-discord-300x225.jpg 300w, https:\/\/letsrebold.com\/wp-content\/uploads\/2022\/06\/7-pasos-para-construir-comunidades-comprometidas-con-las-marcas-en-discord-768x576.jpg 768w, https:\/\/letsrebold.com\/wp-content\/uploads\/2022\/06\/7-pasos-para-construir-comunidades-comprometidas-con-las-marcas-en-discord-1024x768.jpg 1024w, https:\/\/letsrebold.com\/wp-content\/uploads\/2022\/06\/7-pasos-para-construir-comunidades-comprometidas-con-las-marcas-en-discord-272x204.jpg 272w, https:\/\/letsrebold.com\/wp-content\/uploads\/2022\/06\/7-pasos-para-construir-comunidades-comprometidas-con-las-marcas-en-discord-360x270.jpg 360w, https:\/\/letsrebold.com\/wp-content\/uploads\/2022\/06\/7-pasos-para-construir-comunidades-comprometidas-con-las-marcas-en-discord-468x351.jpg 468w, https:\/\/letsrebold.com\/wp-content\/uploads\/2022\/06\/7-pasos-para-construir-comunidades-comprometidas-con-las-marcas-en-discord-509x382.jpg 509w, https:\/\/letsrebold.com\/wp-content\/uploads\/2022\/06\/7-pasos-para-construir-comunidades-comprometidas-con-las-marcas-en-discord-1536x1152.jpg 1536w, https:\/\/letsrebold.com\/wp-content\/uploads\/2022\/06\/7-pasos-para-construir-comunidades-comprometidas-con-las-marcas-en-discord-2048x1536.jpg 2048w\" sizes=\"auto, (max-width: 800px) 100vw, 800px\" \/><\/a>\n                                <h2 class=\"post_meta\">\n                                                                                <a style=\"color: #5ac4bb\" class=\"post_tag\" href=\"?service=rebold-communication\">Rebold Communication<\/a>\n                                                                                                                                <a class=\"post_tag\" href=\"?topic=comunidades-de-marca\">Comunidades de marca<\/a>\n                                                                            <\/h2>\n                                <h3 class=\"post_title\"><a href=\"https:\/\/letsrebold.com\/es\/blog\/7-pasos-para-construir-comunidades-comprometidas-con-las-marcas-en-discord\/\">7 pasos para construir comunidades comprometidas con las marcas en Discord<\/a><\/h3>\n                                <a class=\"post_link\" href=\"https:\/\/letsrebold.com\/es\/blog\/7-pasos-para-construir-comunidades-comprometidas-con-las-marcas-en-discord\/\"><span>Leer m\u00e1s<\/span> <span class=\"ico-right\">M\u00e1s informaci\u00f3n<\/span><\/a>\n                            <\/article>\n                                                                        <article class=\"post media-strategy-research, rebold-marketing\">\n                                <a class=\"post_image\" href=\"https:\/\/letsrebold.com\/es\/blog\/clubhouse-app\/\"><img loading=\"lazy\" decoding=\"async\" width=\"929\" height=\"600\" src=\"https:\/\/letsrebold.com\/wp-content\/uploads\/2022\/06\/todos-los-secretos-de-clubhouse-destacada-1-929x600.png\" class=\"attachment-img-header size-img-header wp-post-image\" alt=\"\" srcset=\"https:\/\/letsrebold.com\/wp-content\/uploads\/2022\/06\/todos-los-secretos-de-clubhouse-destacada-1-929x600.png 929w, https:\/\/letsrebold.com\/wp-content\/uploads\/2022\/06\/todos-los-secretos-de-clubhouse-destacada-1-300x194.png 300w, https:\/\/letsrebold.com\/wp-content\/uploads\/2022\/06\/todos-los-secretos-de-clubhouse-destacada-1-768x496.png 768w, https:\/\/letsrebold.com\/wp-content\/uploads\/2022\/06\/todos-los-secretos-de-clubhouse-destacada-1-316x204.png 316w, https:\/\/letsrebold.com\/wp-content\/uploads\/2022\/06\/todos-los-secretos-de-clubhouse-destacada-1-360x233.png 360w, https:\/\/letsrebold.com\/wp-content\/uploads\/2022\/06\/todos-los-secretos-de-clubhouse-destacada-1-543x351.png 543w, https:\/\/letsrebold.com\/wp-content\/uploads\/2022\/06\/todos-los-secretos-de-clubhouse-destacada-1-591x382.png 591w, https:\/\/letsrebold.com\/wp-content\/uploads\/2022\/06\/todos-los-secretos-de-clubhouse-destacada-1.png 960w\" sizes=\"auto, (max-width: 929px) 100vw, 929px\" \/><\/a>\n                                <h2 class=\"post_meta\">\n                                                                                <a style=\"color: #e0094b\" class=\"post_tag\" href=\"?service=rebold-marketing\">Rebold Marketing<\/a>\n                                                                                                                                <a class=\"post_tag\" href=\"?topic=clubhouse\">Clubhouse<\/a>\n                                                                            <\/h2>\n                                <h3 class=\"post_title\"><a href=\"https:\/\/letsrebold.com\/es\/blog\/clubhouse-app\/\">Todos los secretos de Clubhouse<\/a><\/h3>\n                                <a class=\"post_link\" href=\"https:\/\/letsrebold.com\/es\/blog\/clubhouse-app\/\"><span>Leer m\u00e1s<\/span> <span class=\"ico-right\">M\u00e1s informaci\u00f3n<\/span><\/a>\n                            <\/article>\n                                                                        <article class=\"post media-strategy-research, rebold-marketing\">\n                                <a class=\"post_image\" href=\"https:\/\/letsrebold.com\/es\/blog\/10-claves-para-que-los-anunciantes-y-marcas-se-posicionen-en-clubhouse\/\"><img loading=\"lazy\" decoding=\"async\" width=\"405\" height=\"250\" src=\"https:\/\/letsrebold.com\/wp-content\/uploads\/2022\/06\/club-house-peq2.png\" class=\"attachment-img-header size-img-header wp-post-image\" alt=\"\" srcset=\"https:\/\/letsrebold.com\/wp-content\/uploads\/2022\/06\/club-house-peq2.png 405w, https:\/\/letsrebold.com\/wp-content\/uploads\/2022\/06\/club-house-peq2-300x185.png 300w, https:\/\/letsrebold.com\/wp-content\/uploads\/2022\/06\/club-house-peq2-330x204.png 330w, https:\/\/letsrebold.com\/wp-content\/uploads\/2022\/06\/club-house-peq2-360x222.png 360w\" sizes=\"auto, (max-width: 405px) 100vw, 405px\" \/><\/a>\n                                <h2 class=\"post_meta\">\n                                                                                <a style=\"color: #e0094b\" class=\"post_tag\" href=\"?service=rebold-marketing\">Rebold Marketing<\/a>\n                                                                                                                                <a class=\"post_tag\" href=\"?topic=10-claves\">10 claves<\/a>\n                                                                            <\/h2>\n                                <h3 class=\"post_title\"><a href=\"https:\/\/letsrebold.com\/es\/blog\/10-claves-para-que-los-anunciantes-y-marcas-se-posicionen-en-clubhouse\/\">10 claves para que los anunciantes y marcas se posicionen en Clubhouse<\/a><\/h3>\n                                <a class=\"post_link\" href=\"https:\/\/letsrebold.com\/es\/blog\/10-claves-para-que-los-anunciantes-y-marcas-se-posicionen-en-clubhouse\/\"><span>Leer m\u00e1s<\/span> <span class=\"ico-right\">M\u00e1s informaci\u00f3n<\/span><\/a>\n                            <\/article>\n                                                                        <article class=\"post \">\n                                <a class=\"post_image\" href=\"https:\/\/letsrebold.com\/es\/blog\/la-mujer-que-siempre-estuvo-alli\/\"><img loading=\"lazy\" decoding=\"async\" width=\"400\" height=\"300\" src=\"https:\/\/letsrebold.com\/wp-content\/uploads\/2022\/06\/burrelles.png\" class=\"attachment-img-header size-img-header wp-post-image\" alt=\"\" srcset=\"https:\/\/letsrebold.com\/wp-content\/uploads\/2022\/06\/burrelles.png 400w, https:\/\/letsrebold.com\/wp-content\/uploads\/2022\/06\/burrelles-300x225.png 300w, https:\/\/letsrebold.com\/wp-content\/uploads\/2022\/06\/burrelles-272x204.png 272w, https:\/\/letsrebold.com\/wp-content\/uploads\/2022\/06\/burrelles-360x270.png 360w\" sizes=\"auto, (max-width: 400px) 100vw, 400px\" \/><\/a>\n                                <h2 class=\"post_meta\">\n                                                                                                                        <a class=\"post_tag\" href=\"?topic=investigacion-de-mercado\">Investigaci\u00f3n de Mercado<\/a>\n                                                                            <\/h2>\n                                <h3 class=\"post_title\"><a href=\"https:\/\/letsrebold.com\/es\/blog\/la-mujer-que-siempre-estuvo-alli\/\">La mujer que siempre estuvo all\u00ed<\/a><\/h3>\n                                <a class=\"post_link\" href=\"https:\/\/letsrebold.com\/es\/blog\/la-mujer-que-siempre-estuvo-alli\/\"><span>Leer m\u00e1s<\/span> <span class=\"ico-right\">M\u00e1s informaci\u00f3n<\/span><\/a>\n                            <\/article>\n                                    <\/div>\n                                    <nav class=\"links links-right\" id=\"loadmore_53\">\n                        <div class=\"container\">\n                            <a href=\"#\" class=\"loadmore\" value=\"53\"><span>Cargar m\u00e1s<\/span> <span class=\"ico-right\"><\/span><\/a>\n                        <\/div>\n                    <\/nav>\n                            <\/div>\n                                <div id=\"page_54\" class=\"d-none\">\n                <div class=\"container posts\">\n                                                                        <article class=\"post rebold-marketing, zero-party-data\">\n                                <a class=\"post_image\" href=\"https:\/\/letsrebold.com\/es\/blog\/claves-del-fist-party-data\/\"><img loading=\"lazy\" decoding=\"async\" width=\"929\" height=\"600\" src=\"https:\/\/letsrebold.com\/wp-content\/uploads\/2022\/06\/first-party-data-929x600.png\" class=\"attachment-img-header size-img-header wp-post-image\" alt=\"\" srcset=\"https:\/\/letsrebold.com\/wp-content\/uploads\/2022\/06\/first-party-data-929x600.png 929w, https:\/\/letsrebold.com\/wp-content\/uploads\/2022\/06\/first-party-data-300x194.png 300w, https:\/\/letsrebold.com\/wp-content\/uploads\/2022\/06\/first-party-data-768x496.png 768w, https:\/\/letsrebold.com\/wp-content\/uploads\/2022\/06\/first-party-data-316x204.png 316w, https:\/\/letsrebold.com\/wp-content\/uploads\/2022\/06\/first-party-data-360x233.png 360w, https:\/\/letsrebold.com\/wp-content\/uploads\/2022\/06\/first-party-data-543x351.png 543w, https:\/\/letsrebold.com\/wp-content\/uploads\/2022\/06\/first-party-data-591x382.png 591w, https:\/\/letsrebold.com\/wp-content\/uploads\/2022\/06\/first-party-data.png 960w\" sizes=\"auto, (max-width: 929px) 100vw, 929px\" \/><\/a>\n                                <h2 class=\"post_meta\">\n                                                                                <a style=\"color: #e0094b\" class=\"post_tag\" href=\"?service=rebold-marketing\">Rebold Marketing<\/a>\n                                                                                                                                <a class=\"post_tag\" href=\"?topic=1st-party-data\">1st party data<\/a>\n                                                                            <\/h2>\n                                <h3 class=\"post_title\"><a href=\"https:\/\/letsrebold.com\/es\/blog\/claves-del-fist-party-data\/\">10 claves para que los anunciantes obtengan el m\u00e1ximo partido de su 1st party data<\/a><\/h3>\n                                <a class=\"post_link\" href=\"https:\/\/letsrebold.com\/es\/blog\/claves-del-fist-party-data\/\"><span>Leer m\u00e1s<\/span> <span class=\"ico-right\">M\u00e1s informaci\u00f3n<\/span><\/a>\n                            <\/article>\n                                                                        <article class=\"post \">\n                                <a class=\"post_image\" href=\"https:\/\/letsrebold.com\/es\/blog\/tendencias-gaming-2021\/\"><img loading=\"lazy\" decoding=\"async\" width=\"929\" height=\"600\" src=\"https:\/\/letsrebold.com\/wp-content\/uploads\/2022\/06\/gaming-ndp-destacada-1-929x600.png\" class=\"attachment-img-header size-img-header wp-post-image\" alt=\"\" srcset=\"https:\/\/letsrebold.com\/wp-content\/uploads\/2022\/06\/gaming-ndp-destacada-1-929x600.png 929w, https:\/\/letsrebold.com\/wp-content\/uploads\/2022\/06\/gaming-ndp-destacada-1-300x194.png 300w, https:\/\/letsrebold.com\/wp-content\/uploads\/2022\/06\/gaming-ndp-destacada-1-768x496.png 768w, https:\/\/letsrebold.com\/wp-content\/uploads\/2022\/06\/gaming-ndp-destacada-1-316x204.png 316w, https:\/\/letsrebold.com\/wp-content\/uploads\/2022\/06\/gaming-ndp-destacada-1-360x233.png 360w, https:\/\/letsrebold.com\/wp-content\/uploads\/2022\/06\/gaming-ndp-destacada-1-543x351.png 543w, https:\/\/letsrebold.com\/wp-content\/uploads\/2022\/06\/gaming-ndp-destacada-1-591x382.png 591w, https:\/\/letsrebold.com\/wp-content\/uploads\/2022\/06\/gaming-ndp-destacada-1.png 960w\" sizes=\"auto, (max-width: 929px) 100vw, 929px\" \/><\/a>\n                                <h2 class=\"post_meta\">\n                                                                                                                        <a class=\"post_tag\" href=\"?topic=esports-amp\">Esports &amp;amp<\/a>\n                                                                            <\/h2>\n                                <h3 class=\"post_title\"><a href=\"https:\/\/letsrebold.com\/es\/blog\/tendencias-gaming-2021\/\">Las 5 tendencias que van a marcar el gaming en 2021<\/a><\/h3>\n                                <a class=\"post_link\" href=\"https:\/\/letsrebold.com\/es\/blog\/tendencias-gaming-2021\/\"><span>Leer m\u00e1s<\/span> <span class=\"ico-right\">M\u00e1s informaci\u00f3n<\/span><\/a>\n                            <\/article>\n                                                                        <article class=\"post content-seo, rebold-marketing\">\n                                <a class=\"post_image\" href=\"https:\/\/letsrebold.com\/es\/blog\/como-posicionarse-en-la-primera-pagina-de-google\/\"><img loading=\"lazy\" decoding=\"async\" width=\"928\" height=\"600\" src=\"https:\/\/letsrebold.com\/wp-content\/uploads\/2022\/06\/claves-ndp-1-928x600.jpg\" class=\"attachment-img-header size-img-header wp-post-image\" alt=\"\" srcset=\"https:\/\/letsrebold.com\/wp-content\/uploads\/2022\/06\/claves-ndp-1-928x600.jpg 928w, https:\/\/letsrebold.com\/wp-content\/uploads\/2022\/06\/claves-ndp-1-300x194.jpg 300w, https:\/\/letsrebold.com\/wp-content\/uploads\/2022\/06\/claves-ndp-1-768x497.jpg 768w, https:\/\/letsrebold.com\/wp-content\/uploads\/2022\/06\/claves-ndp-1-315x204.jpg 315w, https:\/\/letsrebold.com\/wp-content\/uploads\/2022\/06\/claves-ndp-1-360x233.jpg 360w, https:\/\/letsrebold.com\/wp-content\/uploads\/2022\/06\/claves-ndp-1-543x351.jpg 543w, https:\/\/letsrebold.com\/wp-content\/uploads\/2022\/06\/claves-ndp-1-591x382.jpg 591w, https:\/\/letsrebold.com\/wp-content\/uploads\/2022\/06\/claves-ndp-1.jpg 960w\" sizes=\"auto, (max-width: 928px) 100vw, 928px\" \/><\/a>\n                                <h2 class=\"post_meta\">\n                                                                                <a style=\"color: #e0094b\" class=\"post_tag\" href=\"?service=rebold-marketing\">Rebold Marketing<\/a>\n                                                                                                                                <a class=\"post_tag\" href=\"?topic=como-posicionarse-en-la-primera-pagina-de-google\">como posicionarse en la primera p\u00e1gina de Google<\/a>\n                                                                            <\/h2>\n                                <h3 class=\"post_title\"><a href=\"https:\/\/letsrebold.com\/es\/blog\/como-posicionarse-en-la-primera-pagina-de-google\/\">Las 9 claves para posicionarse en la primera p\u00e1gina de Google<\/a><\/h3>\n                                <a class=\"post_link\" href=\"https:\/\/letsrebold.com\/es\/blog\/como-posicionarse-en-la-primera-pagina-de-google\/\"><span>Leer m\u00e1s<\/span> <span class=\"ico-right\">M\u00e1s informaci\u00f3n<\/span><\/a>\n                            <\/article>\n                                                                        <article class=\"post rebold-marketing\">\n                                <a class=\"post_image\" href=\"https:\/\/letsrebold.com\/es\/blog\/tendencias-de-marketing-y-publicidad-2021\/\"><img loading=\"lazy\" decoding=\"async\" width=\"928\" height=\"600\" src=\"https:\/\/letsrebold.com\/wp-content\/uploads\/2022\/06\/ndp-imagen-928x600.jpg\" class=\"attachment-img-header size-img-header wp-post-image\" alt=\"\" srcset=\"https:\/\/letsrebold.com\/wp-content\/uploads\/2022\/06\/ndp-imagen-928x600.jpg 928w, https:\/\/letsrebold.com\/wp-content\/uploads\/2022\/06\/ndp-imagen-300x194.jpg 300w, https:\/\/letsrebold.com\/wp-content\/uploads\/2022\/06\/ndp-imagen-768x497.jpg 768w, https:\/\/letsrebold.com\/wp-content\/uploads\/2022\/06\/ndp-imagen-315x204.jpg 315w, https:\/\/letsrebold.com\/wp-content\/uploads\/2022\/06\/ndp-imagen-360x233.jpg 360w, https:\/\/letsrebold.com\/wp-content\/uploads\/2022\/06\/ndp-imagen-543x351.jpg 543w, https:\/\/letsrebold.com\/wp-content\/uploads\/2022\/06\/ndp-imagen-591x382.jpg 591w, https:\/\/letsrebold.com\/wp-content\/uploads\/2022\/06\/ndp-imagen.jpg 960w\" sizes=\"auto, (max-width: 928px) 100vw, 928px\" \/><\/a>\n                                <h2 class=\"post_meta\">\n                                                                                <a style=\"color: #e0094b\" class=\"post_tag\" href=\"?service=rebold-marketing\">Rebold Marketing<\/a>\n                                                                                                                                <a class=\"post_tag\" href=\"?topic=marketing-digital\">Marketing Digital<\/a>\n                                                                            <\/h2>\n                                <h3 class=\"post_title\"><a href=\"https:\/\/letsrebold.com\/es\/blog\/tendencias-de-marketing-y-publicidad-2021\/\">10 tendencias en marketing digital y publicidad tecnol\u00f3gica en 2021<\/a><\/h3>\n                                <a class=\"post_link\" href=\"https:\/\/letsrebold.com\/es\/blog\/tendencias-de-marketing-y-publicidad-2021\/\"><span>Leer m\u00e1s<\/span> <span class=\"ico-right\">M\u00e1s informaci\u00f3n<\/span><\/a>\n                            <\/article>\n                                                                        <article class=\"post rebold-marketing, zero-party-data\">\n                                <a class=\"post_image\" href=\"https:\/\/letsrebold.com\/es\/blog\/cookieless-marketing-digital-sin-cookies\/\"><img loading=\"lazy\" decoding=\"async\" width=\"928\" height=\"600\" src=\"https:\/\/letsrebold.com\/wp-content\/uploads\/2022\/06\/cookieless-destacada-928x600.jpg\" class=\"attachment-img-header size-img-header wp-post-image\" alt=\"\" srcset=\"https:\/\/letsrebold.com\/wp-content\/uploads\/2022\/06\/cookieless-destacada-928x600.jpg 928w, https:\/\/letsrebold.com\/wp-content\/uploads\/2022\/06\/cookieless-destacada-300x194.jpg 300w, https:\/\/letsrebold.com\/wp-content\/uploads\/2022\/06\/cookieless-destacada-768x497.jpg 768w, https:\/\/letsrebold.com\/wp-content\/uploads\/2022\/06\/cookieless-destacada-315x204.jpg 315w, https:\/\/letsrebold.com\/wp-content\/uploads\/2022\/06\/cookieless-destacada-360x233.jpg 360w, https:\/\/letsrebold.com\/wp-content\/uploads\/2022\/06\/cookieless-destacada-543x351.jpg 543w, https:\/\/letsrebold.com\/wp-content\/uploads\/2022\/06\/cookieless-destacada-591x382.jpg 591w, https:\/\/letsrebold.com\/wp-content\/uploads\/2022\/06\/cookieless-destacada.jpg 960w\" sizes=\"auto, (max-width: 928px) 100vw, 928px\" \/><\/a>\n                                <h2 class=\"post_meta\">\n                                                                                <a style=\"color: #e0094b\" class=\"post_tag\" href=\"?service=rebold-marketing\">Rebold Marketing<\/a>\n                                                                                                                                <a class=\"post_tag\" href=\"?topic=data\">data<\/a>\n                                                                            <\/h2>\n                                <h3 class=\"post_title\"><a href=\"https:\/\/letsrebold.com\/es\/blog\/cookieless-marketing-digital-sin-cookies\/\">8 pasos para un marketing digital sin cookies<\/a><\/h3>\n                                <a class=\"post_link\" href=\"https:\/\/letsrebold.com\/es\/blog\/cookieless-marketing-digital-sin-cookies\/\"><span>Leer m\u00e1s<\/span> <span class=\"ico-right\">M\u00e1s informaci\u00f3n<\/span><\/a>\n                            <\/article>\n                                                                        <article class=\"post \">\n                                <a class=\"post_image\" href=\"https:\/\/letsrebold.com\/es\/blog\/se-dispara-el-interes-por-el-coche-electrico-en-espana-en-2020\/\"><img loading=\"lazy\" decoding=\"async\" width=\"928\" height=\"600\" src=\"https:\/\/letsrebold.com\/wp-content\/uploads\/2022\/06\/2020-11-19-1-928x600.jpg\" class=\"attachment-img-header size-img-header wp-post-image\" alt=\"\" srcset=\"https:\/\/letsrebold.com\/wp-content\/uploads\/2022\/06\/2020-11-19-1-928x600.jpg 928w, https:\/\/letsrebold.com\/wp-content\/uploads\/2022\/06\/2020-11-19-1-300x194.jpg 300w, https:\/\/letsrebold.com\/wp-content\/uploads\/2022\/06\/2020-11-19-1-768x497.jpg 768w, https:\/\/letsrebold.com\/wp-content\/uploads\/2022\/06\/2020-11-19-1-315x204.jpg 315w, https:\/\/letsrebold.com\/wp-content\/uploads\/2022\/06\/2020-11-19-1-360x233.jpg 360w, https:\/\/letsrebold.com\/wp-content\/uploads\/2022\/06\/2020-11-19-1-543x351.jpg 543w, https:\/\/letsrebold.com\/wp-content\/uploads\/2022\/06\/2020-11-19-1-591x382.jpg 591w, https:\/\/letsrebold.com\/wp-content\/uploads\/2022\/06\/2020-11-19-1.jpg 960w\" sizes=\"auto, (max-width: 928px) 100vw, 928px\" \/><\/a>\n                                <h2 class=\"post_meta\">\n                                                                                                                        <a class=\"post_tag\" href=\"?topic=coche-electrico-en-espana\">coche el\u00e9ctrico en Espa\u00f1a<\/a>\n                                                                            <\/h2>\n                                <h3 class=\"post_title\"><a href=\"https:\/\/letsrebold.com\/es\/blog\/se-dispara-el-interes-por-el-coche-electrico-en-espana-en-2020\/\">Se dispara el inter\u00e9s por el coche el\u00e9ctrico en Espa\u00f1a en 2020<\/a><\/h3>\n                                <a class=\"post_link\" href=\"https:\/\/letsrebold.com\/es\/blog\/se-dispara-el-interes-por-el-coche-electrico-en-espana-en-2020\/\"><span>Leer m\u00e1s<\/span> <span class=\"ico-right\">M\u00e1s informaci\u00f3n<\/span><\/a>\n                            <\/article>\n                                    <\/div>\n                                    <nav class=\"links links-right\" id=\"loadmore_54\">\n                        <div class=\"container\">\n                            <a href=\"#\" class=\"loadmore\" value=\"54\"><span>Cargar m\u00e1s<\/span> <span class=\"ico-right\"><\/span><\/a>\n                        <\/div>\n                    <\/nav>\n                            <\/div>\n                                <div id=\"page_55\" class=\"d-none\">\n                <div class=\"container posts\">\n                                                                        <article class=\"post rebold-marketing\">\n                                <a class=\"post_image\" href=\"https:\/\/letsrebold.com\/es\/blog\/marketing-ominicanal-para-conectar-con-el-consumidor\/\"><img loading=\"lazy\" decoding=\"async\" width=\"600\" height=\"400\" src=\"https:\/\/letsrebold.com\/wp-content\/uploads\/2022\/06\/marketing-ominicanal-para-conectar-con-el-consumidor.png\" class=\"attachment-img-header size-img-header wp-post-image\" alt=\"\" srcset=\"https:\/\/letsrebold.com\/wp-content\/uploads\/2022\/06\/marketing-ominicanal-para-conectar-con-el-consumidor.png 600w, https:\/\/letsrebold.com\/wp-content\/uploads\/2022\/06\/marketing-ominicanal-para-conectar-con-el-consumidor-300x200.png 300w, https:\/\/letsrebold.com\/wp-content\/uploads\/2022\/06\/marketing-ominicanal-para-conectar-con-el-consumidor-306x204.png 306w, https:\/\/letsrebold.com\/wp-content\/uploads\/2022\/06\/marketing-ominicanal-para-conectar-con-el-consumidor-360x240.png 360w, https:\/\/letsrebold.com\/wp-content\/uploads\/2022\/06\/marketing-ominicanal-para-conectar-con-el-consumidor-527x351.png 527w, https:\/\/letsrebold.com\/wp-content\/uploads\/2022\/06\/marketing-ominicanal-para-conectar-con-el-consumidor-573x382.png 573w\" sizes=\"auto, (max-width: 600px) 100vw, 600px\" \/><\/a>\n                                <h2 class=\"post_meta\">\n                                                                                <a style=\"color: #e0094b\" class=\"post_tag\" href=\"?service=rebold-marketing\">Rebold Marketing<\/a>\n                                                                                                                                <a class=\"post_tag\" href=\"?topic=marketing-digital\">Marketing Digital<\/a>\n                                                                            <\/h2>\n                                <h3 class=\"post_title\"><a href=\"https:\/\/letsrebold.com\/es\/blog\/marketing-ominicanal-para-conectar-con-el-consumidor\/\">C\u00f3mo conectar con los consumidores de manera efectiva gracias al marketing omnicanal<\/a><\/h3>\n                                <a class=\"post_link\" href=\"https:\/\/letsrebold.com\/es\/blog\/marketing-ominicanal-para-conectar-con-el-consumidor\/\"><span>Leer m\u00e1s<\/span> <span class=\"ico-right\">M\u00e1s informaci\u00f3n<\/span><\/a>\n                            <\/article>\n                                                                        <article class=\"post \">\n                                <a class=\"post_image\" href=\"https:\/\/letsrebold.com\/es\/blog\/comportamiento-del-consumidor-black-friday-navidad\/\"><img loading=\"lazy\" decoding=\"async\" width=\"800\" height=\"600\" src=\"https:\/\/letsrebold.com\/wp-content\/uploads\/2022\/06\/joshua-lam-i2f_r0jj73u-unsplash-800x600.jpg\" class=\"attachment-img-header size-img-header wp-post-image\" alt=\"\" srcset=\"https:\/\/letsrebold.com\/wp-content\/uploads\/2022\/06\/joshua-lam-i2f_r0jj73u-unsplash-800x600.jpg 800w, https:\/\/letsrebold.com\/wp-content\/uploads\/2022\/06\/joshua-lam-i2f_r0jj73u-unsplash-300x225.jpg 300w, https:\/\/letsrebold.com\/wp-content\/uploads\/2022\/06\/joshua-lam-i2f_r0jj73u-unsplash-768x576.jpg 768w, https:\/\/letsrebold.com\/wp-content\/uploads\/2022\/06\/joshua-lam-i2f_r0jj73u-unsplash-1024x768.jpg 1024w, https:\/\/letsrebold.com\/wp-content\/uploads\/2022\/06\/joshua-lam-i2f_r0jj73u-unsplash-272x204.jpg 272w, https:\/\/letsrebold.com\/wp-content\/uploads\/2022\/06\/joshua-lam-i2f_r0jj73u-unsplash-360x270.jpg 360w, https:\/\/letsrebold.com\/wp-content\/uploads\/2022\/06\/joshua-lam-i2f_r0jj73u-unsplash-468x351.jpg 468w, https:\/\/letsrebold.com\/wp-content\/uploads\/2022\/06\/joshua-lam-i2f_r0jj73u-unsplash-509x382.jpg 509w, https:\/\/letsrebold.com\/wp-content\/uploads\/2022\/06\/joshua-lam-i2f_r0jj73u-unsplash-1536x1152.jpg 1536w, https:\/\/letsrebold.com\/wp-content\/uploads\/2022\/06\/joshua-lam-i2f_r0jj73u-unsplash-2048x1536.jpg 2048w\" sizes=\"auto, (max-width: 800px) 100vw, 800px\" \/><\/a>\n                                <h2 class=\"post_meta\">\n                                                                                                                        <a class=\"post_tag\" href=\"?topic=comportamiento-del-consumidor-black-friday-navidad\">comportamiento del consumidor black friday navidad<\/a>\n                                                                            <\/h2>\n                                <h3 class=\"post_title\"><a href=\"https:\/\/letsrebold.com\/es\/blog\/comportamiento-del-consumidor-black-friday-navidad\/\">\u00bfC\u00f3mo se va a comportar el consumidor en la campa\u00f1a Black Friday y Navidad?<\/a><\/h3>\n                                <a class=\"post_link\" href=\"https:\/\/letsrebold.com\/es\/blog\/comportamiento-del-consumidor-black-friday-navidad\/\"><span>Leer m\u00e1s<\/span> <span class=\"ico-right\">M\u00e1s informaci\u00f3n<\/span><\/a>\n                            <\/article>\n                                                                        <article class=\"post consumer-intelligence, rebold-communication\">\n                                <a class=\"post_image\" href=\"https:\/\/letsrebold.com\/es\/blog\/tres-investigaciones-que-resultan-clave-para-optimizar-la-social-listening\/\"><img loading=\"lazy\" decoding=\"async\" width=\"567\" height=\"382\" src=\"https:\/\/letsrebold.com\/wp-content\/uploads\/2022\/06\/social-listening-1.png\" class=\"attachment-img-header size-img-header wp-post-image\" alt=\"\" srcset=\"https:\/\/letsrebold.com\/wp-content\/uploads\/2022\/06\/social-listening-1.png 567w, https:\/\/letsrebold.com\/wp-content\/uploads\/2022\/06\/social-listening-1-300x202.png 300w, https:\/\/letsrebold.com\/wp-content\/uploads\/2022\/06\/social-listening-1-303x204.png 303w, https:\/\/letsrebold.com\/wp-content\/uploads\/2022\/06\/social-listening-1-360x243.png 360w, https:\/\/letsrebold.com\/wp-content\/uploads\/2022\/06\/social-listening-1-521x351.png 521w\" sizes=\"auto, (max-width: 567px) 100vw, 567px\" \/><\/a>\n                                <h2 class=\"post_meta\">\n                                                                                <a style=\"color: #5ac4bb\" class=\"post_tag\" href=\"?service=rebold-communication\">Rebold Communication<\/a>\n                                                                                                                                <a class=\"post_tag\" href=\"?topic=social-listening\">Social Listening<\/a>\n                                                                            <\/h2>\n                                <h3 class=\"post_title\"><a href=\"https:\/\/letsrebold.com\/es\/blog\/tres-investigaciones-que-resultan-clave-para-optimizar-la-social-listening\/\">Tres investigaciones que resultan clave para optimizar la social listening<\/a><\/h3>\n                                <a class=\"post_link\" href=\"https:\/\/letsrebold.com\/es\/blog\/tres-investigaciones-que-resultan-clave-para-optimizar-la-social-listening\/\"><span>Leer m\u00e1s<\/span> <span class=\"ico-right\">M\u00e1s informaci\u00f3n<\/span><\/a>\n                            <\/article>\n                                                                        <article class=\"post rebold-marketing\">\n                                <a class=\"post_image\" href=\"https:\/\/letsrebold.com\/es\/blog\/youtube-ads-leaderboard-rebold-lays\/\"><img loading=\"lazy\" decoding=\"async\" width=\"534\" height=\"600\" src=\"https:\/\/letsrebold.com\/wp-content\/uploads\/2022\/06\/rebold-andina-premio-youtube-v2-534x600.jpg\" class=\"attachment-img-header size-img-header wp-post-image\" alt=\"\" srcset=\"https:\/\/letsrebold.com\/wp-content\/uploads\/2022\/06\/rebold-andina-premio-youtube-v2-534x600.jpg 534w, https:\/\/letsrebold.com\/wp-content\/uploads\/2022\/06\/rebold-andina-premio-youtube-v2-267x300.jpg 267w, https:\/\/letsrebold.com\/wp-content\/uploads\/2022\/06\/rebold-andina-premio-youtube-v2-768x863.jpg 768w, https:\/\/letsrebold.com\/wp-content\/uploads\/2022\/06\/rebold-andina-premio-youtube-v2-182x204.jpg 182w, https:\/\/letsrebold.com\/wp-content\/uploads\/2022\/06\/rebold-andina-premio-youtube-v2-360x404.jpg 360w, https:\/\/letsrebold.com\/wp-content\/uploads\/2022\/06\/rebold-andina-premio-youtube-v2-312x351.jpg 312w, https:\/\/letsrebold.com\/wp-content\/uploads\/2022\/06\/rebold-andina-premio-youtube-v2-340x382.jpg 340w, https:\/\/letsrebold.com\/wp-content\/uploads\/2022\/06\/rebold-andina-premio-youtube-v2.jpg 801w\" sizes=\"auto, (max-width: 534px) 100vw, 534px\" \/><\/a>\n                                <h2 class=\"post_meta\">\n                                                                                <a style=\"color: #e0094b\" class=\"post_tag\" href=\"?service=rebold-marketing\">Rebold Marketing<\/a>\n                                                                                                                                <a class=\"post_tag\" href=\"?topic=rebold\">Rebold<\/a>\n                                                                            <\/h2>\n                                <h3 class=\"post_title\"><a href=\"https:\/\/letsrebold.com\/es\/blog\/youtube-ads-leaderboard-rebold-lays\/\">Rebold Andina ganador de Youtube Ads Leaderboard con un spot para Lay\u2019s<\/a><\/h3>\n                                <a class=\"post_link\" href=\"https:\/\/letsrebold.com\/es\/blog\/youtube-ads-leaderboard-rebold-lays\/\"><span>Leer m\u00e1s<\/span> <span class=\"ico-right\">M\u00e1s informaci\u00f3n<\/span><\/a>\n                            <\/article>\n                                                                        <article class=\"post \">\n                                <a class=\"post_image\" href=\"https:\/\/letsrebold.com\/es\/blog\/como-optimizar-el-patrocinio-deportivo-durante-la-covid-19\/\"><img loading=\"lazy\" decoding=\"async\" width=\"679\" height=\"340\" src=\"https:\/\/letsrebold.com\/wp-content\/uploads\/2022\/06\/unnamed.jpg\" class=\"attachment-img-header size-img-header wp-post-image\" alt=\"\" srcset=\"https:\/\/letsrebold.com\/wp-content\/uploads\/2022\/06\/unnamed.jpg 679w, https:\/\/letsrebold.com\/wp-content\/uploads\/2022\/06\/unnamed-300x150.jpg 300w, https:\/\/letsrebold.com\/wp-content\/uploads\/2022\/06\/unnamed-360x180.jpg 360w, https:\/\/letsrebold.com\/wp-content\/uploads\/2022\/06\/unnamed-578x289.jpg 578w\" sizes=\"auto, (max-width: 679px) 100vw, 679px\" \/><\/a>\n                                <h2 class=\"post_meta\">\n                                                                                                                        <a class=\"post_tag\" href=\"?topic=comunicacion\">comunicacion<\/a>\n                                                                            <\/h2>\n                                <h3 class=\"post_title\"><a href=\"https:\/\/letsrebold.com\/es\/blog\/como-optimizar-el-patrocinio-deportivo-durante-la-covid-19\/\">C\u00f3mo optimizar el patrocinio deportivo durante la Covid-19<\/a><\/h3>\n                                <a class=\"post_link\" href=\"https:\/\/letsrebold.com\/es\/blog\/como-optimizar-el-patrocinio-deportivo-durante-la-covid-19\/\"><span>Leer m\u00e1s<\/span> <span class=\"ico-right\">M\u00e1s informaci\u00f3n<\/span><\/a>\n                            <\/article>\n                                                                        <article class=\"post \">\n                                <a class=\"post_image\" href=\"https:\/\/letsrebold.com\/es\/blog\/fusion-antevenio-rebold\/\"><img loading=\"lazy\" decoding=\"async\" width=\"1061\" height=\"592\" src=\"https:\/\/letsrebold.com\/wp-content\/uploads\/2022\/06\/integracion-rebold-antevenio-blog-1061x592.jpg\" class=\"attachment-img-header size-img-header wp-post-image\" alt=\"\" srcset=\"https:\/\/letsrebold.com\/wp-content\/uploads\/2022\/06\/integracion-rebold-antevenio-blog-1061x592.jpg 1061w, https:\/\/letsrebold.com\/wp-content\/uploads\/2022\/06\/integracion-rebold-antevenio-blog-300x168.jpg 300w, https:\/\/letsrebold.com\/wp-content\/uploads\/2022\/06\/integracion-rebold-antevenio-blog-768x429.jpg 768w, https:\/\/letsrebold.com\/wp-content\/uploads\/2022\/06\/integracion-rebold-antevenio-blog-1024x572.jpg 1024w, https:\/\/letsrebold.com\/wp-content\/uploads\/2022\/06\/integracion-rebold-antevenio-blog-360x201.jpg 360w, https:\/\/letsrebold.com\/wp-content\/uploads\/2022\/06\/integracion-rebold-antevenio-blog-578x323.jpg 578w, https:\/\/letsrebold.com\/wp-content\/uploads\/2022\/06\/integracion-rebold-antevenio-blog-684x382.jpg 684w, https:\/\/letsrebold.com\/wp-content\/uploads\/2022\/06\/integracion-rebold-antevenio-blog.jpg 1200w\" sizes=\"auto, (max-width: 1061px) 100vw, 1061px\" \/><\/a>\n                                <h2 class=\"post_meta\">\n                                                                                                                        <a class=\"post_tag\" href=\"?topic=fusion-antevenio-y-rebold\">Fusi\u00f3n Antevenio y Rebold<\/a>\n                                                                            <\/h2>\n                                <h3 class=\"post_title\"><a href=\"https:\/\/letsrebold.com\/es\/blog\/fusion-antevenio-rebold\/\">Antevenio y Rebold completan su proceso de fusi\u00f3n<\/a><\/h3>\n                                <a class=\"post_link\" href=\"https:\/\/letsrebold.com\/es\/blog\/fusion-antevenio-rebold\/\"><span>Leer m\u00e1s<\/span> <span class=\"ico-right\">M\u00e1s informaci\u00f3n<\/span><\/a>\n                            <\/article>\n                                    <\/div>\n                                    <nav class=\"links links-right\" id=\"loadmore_55\">\n                        <div class=\"container\">\n                            <a href=\"#\" class=\"loadmore\" value=\"55\"><span>Cargar m\u00e1s<\/span> <span class=\"ico-right\"><\/span><\/a>\n                        <\/div>\n                    <\/nav>\n                            <\/div>\n                                <div id=\"page_56\" class=\"d-none\">\n                <div class=\"container posts\">\n                                                                        <article class=\"post media-intelligence, rebold-communication\">\n                                <a class=\"post_image\" href=\"https:\/\/letsrebold.com\/es\/blog\/muros-de-pago-prensa-digital-espanola\/\"><img loading=\"lazy\" decoding=\"async\" width=\"900\" height=\"600\" src=\"https:\/\/letsrebold.com\/wp-content\/uploads\/2022\/06\/obdl960-900x600.jpg\" class=\"attachment-img-header size-img-header wp-post-image\" alt=\"\" srcset=\"https:\/\/letsrebold.com\/wp-content\/uploads\/2022\/06\/obdl960-900x600.jpg 900w, https:\/\/letsrebold.com\/wp-content\/uploads\/2022\/06\/obdl960-300x200.jpg 300w, https:\/\/letsrebold.com\/wp-content\/uploads\/2022\/06\/obdl960-768x512.jpg 768w, https:\/\/letsrebold.com\/wp-content\/uploads\/2022\/06\/obdl960-1024x683.jpg 1024w, https:\/\/letsrebold.com\/wp-content\/uploads\/2022\/06\/obdl960-306x204.jpg 306w, https:\/\/letsrebold.com\/wp-content\/uploads\/2022\/06\/obdl960-360x240.jpg 360w, https:\/\/letsrebold.com\/wp-content\/uploads\/2022\/06\/obdl960-527x351.jpg 527w, https:\/\/letsrebold.com\/wp-content\/uploads\/2022\/06\/obdl960-573x382.jpg 573w, https:\/\/letsrebold.com\/wp-content\/uploads\/2022\/06\/obdl960-1536x1024.jpg 1536w, https:\/\/letsrebold.com\/wp-content\/uploads\/2022\/06\/obdl960-2048x1365.jpg 2048w\" sizes=\"auto, (max-width: 900px) 100vw, 900px\" \/><\/a>\n                                <h2 class=\"post_meta\">\n                                                                                <a style=\"color: #5ac4bb\" class=\"post_tag\" href=\"?service=rebold-communication\">Rebold Communication<\/a>\n                                                                                                                                <a class=\"post_tag\" href=\"?topic=media-intelligence\">Media Intelligence<\/a>\n                                                                            <\/h2>\n                                <h3 class=\"post_title\"><a href=\"https:\/\/letsrebold.com\/es\/blog\/muros-de-pago-prensa-digital-espanola\/\">Muros de pago: ElPa\u00eds.com y ElMundo.es buscan captar a los lectores m\u00e1s interesados en profundizar en la actualidad<\/a><\/h3>\n                                <a class=\"post_link\" href=\"https:\/\/letsrebold.com\/es\/blog\/muros-de-pago-prensa-digital-espanola\/\"><span>Leer m\u00e1s<\/span> <span class=\"ico-right\">M\u00e1s informaci\u00f3n<\/span><\/a>\n                            <\/article>\n                                                                        <article class=\"post \">\n                                <a class=\"post_image\" href=\"https:\/\/letsrebold.com\/es\/blog\/vuelta-al-cole-el-61-de-los-padres-realizaran-la-mayor-parte-de-sus-compras-a-traves-de-internet-3\/\"><img loading=\"lazy\" decoding=\"async\" width=\"899\" height=\"600\" src=\"https:\/\/letsrebold.com\/wp-content\/uploads\/2022\/06\/vuelta-al-cole-2020-899x600.png\" class=\"attachment-img-header size-img-header wp-post-image\" alt=\"\" srcset=\"https:\/\/letsrebold.com\/wp-content\/uploads\/2022\/06\/vuelta-al-cole-2020-899x600.png 899w, https:\/\/letsrebold.com\/wp-content\/uploads\/2022\/06\/vuelta-al-cole-2020-300x200.png 300w, https:\/\/letsrebold.com\/wp-content\/uploads\/2022\/06\/vuelta-al-cole-2020-768x513.png 768w, https:\/\/letsrebold.com\/wp-content\/uploads\/2022\/06\/vuelta-al-cole-2020-1024x683.png 1024w, https:\/\/letsrebold.com\/wp-content\/uploads\/2022\/06\/vuelta-al-cole-2020-306x204.png 306w, https:\/\/letsrebold.com\/wp-content\/uploads\/2022\/06\/vuelta-al-cole-2020-360x240.png 360w, https:\/\/letsrebold.com\/wp-content\/uploads\/2022\/06\/vuelta-al-cole-2020-526x351.png 526w, https:\/\/letsrebold.com\/wp-content\/uploads\/2022\/06\/vuelta-al-cole-2020-572x382.png 572w, https:\/\/letsrebold.com\/wp-content\/uploads\/2022\/06\/vuelta-al-cole-2020.png 1350w\" sizes=\"auto, (max-width: 899px) 100vw, 899px\" \/><\/a>\n                                <h2 class=\"post_meta\">\n                                                                                                                        <a class=\"post_tag\" href=\"?topic=estudios\">Estudios<\/a>\n                                                                            <\/h2>\n                                <h3 class=\"post_title\"><a href=\"https:\/\/letsrebold.com\/es\/blog\/vuelta-al-cole-el-61-de-los-padres-realizaran-la-mayor-parte-de-sus-compras-a-traves-de-internet-3\/\">\u201cVuelta al cole\u201d: el 61% de los padres realizar\u00e1n la mayor parte de sus compras a trav\u00e9s de internet<\/a><\/h3>\n                                <a class=\"post_link\" href=\"https:\/\/letsrebold.com\/es\/blog\/vuelta-al-cole-el-61-de-los-padres-realizaran-la-mayor-parte-de-sus-compras-a-traves-de-internet-3\/\"><span>Leer m\u00e1s<\/span> <span class=\"ico-right\">M\u00e1s informaci\u00f3n<\/span><\/a>\n                            <\/article>\n                                                                        <article class=\"post rebold-marketing\">\n                                <a class=\"post_image\" href=\"https:\/\/letsrebold.com\/es\/blog\/rebold-identifica-los-nuevos-comportamientos-e-intereses-de-la-poblacion-espanola\/\"><img loading=\"lazy\" decoding=\"async\" width=\"600\" height=\"600\" src=\"https:\/\/letsrebold.com\/wp-content\/uploads\/2022\/06\/destacadandp-600x600.png\" class=\"attachment-img-header size-img-header wp-post-image\" alt=\"\" srcset=\"https:\/\/letsrebold.com\/wp-content\/uploads\/2022\/06\/destacadandp-600x600.png 600w, https:\/\/letsrebold.com\/wp-content\/uploads\/2022\/06\/destacadandp-150x150.png 150w, https:\/\/letsrebold.com\/wp-content\/uploads\/2022\/06\/destacadandp-300x300.png 300w, https:\/\/letsrebold.com\/wp-content\/uploads\/2022\/06\/destacadandp-768x768.png 768w, https:\/\/letsrebold.com\/wp-content\/uploads\/2022\/06\/destacadandp.png 1024w, https:\/\/letsrebold.com\/wp-content\/uploads\/2022\/06\/destacadandp-204x204.png 204w, https:\/\/letsrebold.com\/wp-content\/uploads\/2022\/06\/destacadandp-360x360.png 360w, https:\/\/letsrebold.com\/wp-content\/uploads\/2022\/06\/destacadandp-351x351.png 351w, https:\/\/letsrebold.com\/wp-content\/uploads\/2022\/06\/destacadandp-382x382.png 382w\" sizes=\"auto, (max-width: 600px) 100vw, 600px\" \/><\/a>\n                                <h2 class=\"post_meta\">\n                                                                                <a style=\"color: #e0094b\" class=\"post_tag\" href=\"?service=rebold-marketing\">Rebold Marketing<\/a>\n                                                                                                                                <a class=\"post_tag\" href=\"?topic=nuevos-intereses-y-comportamientos\">nuevos intereses y comportamientos<\/a>\n                                                                            <\/h2>\n                                <h3 class=\"post_title\"><a href=\"https:\/\/letsrebold.com\/es\/blog\/rebold-identifica-los-nuevos-comportamientos-e-intereses-de-la-poblacion-espanola\/\">Rebold identifica los nuevos comportamientos e intereses de la poblaci\u00f3n espa\u00f1ola<\/a><\/h3>\n                                <a class=\"post_link\" href=\"https:\/\/letsrebold.com\/es\/blog\/rebold-identifica-los-nuevos-comportamientos-e-intereses-de-la-poblacion-espanola\/\"><span>Leer m\u00e1s<\/span> <span class=\"ico-right\">M\u00e1s informaci\u00f3n<\/span><\/a>\n                            <\/article>\n                                                                        <article class=\"post rebold-marketing\">\n                                <a class=\"post_image\" href=\"https:\/\/letsrebold.com\/es\/blog\/5-razones-para-trabajar-la-diversidad-y-la-inclusion-lgbti-en-tu-empresa\/\"><img loading=\"lazy\" decoding=\"async\" width=\"688\" height=\"600\" src=\"https:\/\/letsrebold.com\/wp-content\/uploads\/2022\/06\/madrid_280619_2-1-688x600.jpg\" class=\"attachment-img-header size-img-header wp-post-image\" alt=\"\" srcset=\"https:\/\/letsrebold.com\/wp-content\/uploads\/2022\/06\/madrid_280619_2-1-688x600.jpg 688w, https:\/\/letsrebold.com\/wp-content\/uploads\/2022\/06\/madrid_280619_2-1-300x262.jpg 300w, https:\/\/letsrebold.com\/wp-content\/uploads\/2022\/06\/madrid_280619_2-1-768x670.jpg 768w, https:\/\/letsrebold.com\/wp-content\/uploads\/2022\/06\/madrid_280619_2-1-1024x893.jpg 1024w, https:\/\/letsrebold.com\/wp-content\/uploads\/2022\/06\/madrid_280619_2-1-234x204.jpg 234w, https:\/\/letsrebold.com\/wp-content\/uploads\/2022\/06\/madrid_280619_2-1-360x314.jpg 360w, https:\/\/letsrebold.com\/wp-content\/uploads\/2022\/06\/madrid_280619_2-1-402x351.jpg 402w, https:\/\/letsrebold.com\/wp-content\/uploads\/2022\/06\/madrid_280619_2-1-438x382.jpg 438w, https:\/\/letsrebold.com\/wp-content\/uploads\/2022\/06\/madrid_280619_2-1-1536x1340.jpg 1536w, https:\/\/letsrebold.com\/wp-content\/uploads\/2022\/06\/madrid_280619_2-1.jpg 1600w\" sizes=\"auto, (max-width: 688px) 100vw, 688px\" \/><\/a>\n                                <h2 class=\"post_meta\">\n                                                                                <a style=\"color: #e0094b\" class=\"post_tag\" href=\"?service=rebold-marketing\">Rebold Marketing<\/a>\n                                                                                                                                <a class=\"post_tag\" href=\"?topic=comprometido-socialmente\">Comprometido socialmente<\/a>\n                                                                            <\/h2>\n                                <h3 class=\"post_title\"><a href=\"https:\/\/letsrebold.com\/es\/blog\/5-razones-para-trabajar-la-diversidad-y-la-inclusion-lgbti-en-tu-empresa\/\">5 Razones por las que es importante trabajar la diversidad y la inclusi\u00f3n LGBTI+ en el entorno laboral<\/a><\/h3>\n                                <a class=\"post_link\" href=\"https:\/\/letsrebold.com\/es\/blog\/5-razones-para-trabajar-la-diversidad-y-la-inclusion-lgbti-en-tu-empresa\/\"><span>Leer m\u00e1s<\/span> <span class=\"ico-right\">M\u00e1s informaci\u00f3n<\/span><\/a>\n                            <\/article>\n                                                                        <article class=\"post \">\n                                <a class=\"post_image\" href=\"https:\/\/letsrebold.com\/es\/blog\/twitter-suma-166-millones-de-usuarios-frente-al-coronavirus\/\"><img loading=\"lazy\" decoding=\"async\" width=\"400\" height=\"300\" src=\"https:\/\/letsrebold.com\/wp-content\/uploads\/2022\/06\/twitter.png\" class=\"attachment-img-header size-img-header wp-post-image\" alt=\"\" srcset=\"https:\/\/letsrebold.com\/wp-content\/uploads\/2022\/06\/twitter.png 400w, https:\/\/letsrebold.com\/wp-content\/uploads\/2022\/06\/twitter-300x225.png 300w, https:\/\/letsrebold.com\/wp-content\/uploads\/2022\/06\/twitter-272x204.png 272w, https:\/\/letsrebold.com\/wp-content\/uploads\/2022\/06\/twitter-360x270.png 360w\" sizes=\"auto, (max-width: 400px) 100vw, 400px\" \/><\/a>\n                                <h2 class=\"post_meta\">\n                                                                                                                        <a class=\"post_tag\" href=\"?topic=comunicacion\">comunicacion<\/a>\n                                                                            <\/h2>\n                                <h3 class=\"post_title\"><a href=\"https:\/\/letsrebold.com\/es\/blog\/twitter-suma-166-millones-de-usuarios-frente-al-coronavirus\/\">TWITTER SUMA 166 MILLONES DE USUARIOS Y SE REIVINDICA FRENTE AL CORONAVIRUS CON SU MAYOR AUMENTO INTERANUAL, UN 23% M\u00c1S QUE EN EL PRIMER TRIMESTRE DE 2019<\/a><\/h3>\n                                <a class=\"post_link\" href=\"https:\/\/letsrebold.com\/es\/blog\/twitter-suma-166-millones-de-usuarios-frente-al-coronavirus\/\"><span>Leer m\u00e1s<\/span> <span class=\"ico-right\">M\u00e1s informaci\u00f3n<\/span><\/a>\n                            <\/article>\n                                                                        <article class=\"post media-intelligence, rebold-communication\">\n                                <a class=\"post_image\" href=\"https:\/\/letsrebold.com\/es\/blog\/siete-medidas-para-proteger-la-imagen-de-marca-durante-la-desescalada\/\"><img loading=\"lazy\" decoding=\"async\" width=\"400\" height=\"300\" src=\"https:\/\/letsrebold.com\/wp-content\/uploads\/2022\/06\/imagen-de-marca.png\" class=\"attachment-img-header size-img-header wp-post-image\" alt=\"\" srcset=\"https:\/\/letsrebold.com\/wp-content\/uploads\/2022\/06\/imagen-de-marca.png 400w, https:\/\/letsrebold.com\/wp-content\/uploads\/2022\/06\/imagen-de-marca-300x225.png 300w, https:\/\/letsrebold.com\/wp-content\/uploads\/2022\/06\/imagen-de-marca-272x204.png 272w, https:\/\/letsrebold.com\/wp-content\/uploads\/2022\/06\/imagen-de-marca-360x270.png 360w\" sizes=\"auto, (max-width: 400px) 100vw, 400px\" \/><\/a>\n                                <h2 class=\"post_meta\">\n                                                                                <a style=\"color: #5ac4bb\" class=\"post_tag\" href=\"?service=rebold-communication\">Rebold Communication<\/a>\n                                                                                                                                <a class=\"post_tag\" href=\"?topic=branding\">Branding<\/a>\n                                                                            <\/h2>\n                                <h3 class=\"post_title\"><a href=\"https:\/\/letsrebold.com\/es\/blog\/siete-medidas-para-proteger-la-imagen-de-marca-durante-la-desescalada\/\">Siete medidas para proteger la imagen de marca durante la desescalada<\/a><\/h3>\n                                <a class=\"post_link\" href=\"https:\/\/letsrebold.com\/es\/blog\/siete-medidas-para-proteger-la-imagen-de-marca-durante-la-desescalada\/\"><span>Leer m\u00e1s<\/span> <span class=\"ico-right\">M\u00e1s informaci\u00f3n<\/span><\/a>\n                            <\/article>\n                                    <\/div>\n                                    <nav class=\"links links-right\" id=\"loadmore_56\">\n                        <div class=\"container\">\n                            <a href=\"#\" class=\"loadmore\" value=\"56\"><span>Cargar m\u00e1s<\/span> <span class=\"ico-right\"><\/span><\/a>\n                        <\/div>\n                    <\/nav>\n                            <\/div>\n                                <div id=\"page_57\" class=\"d-none\">\n                <div class=\"container posts\">\n                                                                        <article class=\"post content-seo, rebold-marketing\">\n                                <a class=\"post_image\" href=\"https:\/\/letsrebold.com\/es\/blog\/las-cinco-redes-sociales-que-mejores-oportunidades-ofrecen-a-las-marcas-en-la-actualidad\/\"><img loading=\"lazy\" decoding=\"async\" width=\"400\" height=\"300\" src=\"https:\/\/letsrebold.com\/wp-content\/uploads\/2022\/06\/tiktok.png\" class=\"attachment-img-header size-img-header wp-post-image\" alt=\"\" srcset=\"https:\/\/letsrebold.com\/wp-content\/uploads\/2022\/06\/tiktok.png 400w, https:\/\/letsrebold.com\/wp-content\/uploads\/2022\/06\/tiktok-300x225.png 300w, https:\/\/letsrebold.com\/wp-content\/uploads\/2022\/06\/tiktok-272x204.png 272w, https:\/\/letsrebold.com\/wp-content\/uploads\/2022\/06\/tiktok-360x270.png 360w\" sizes=\"auto, (max-width: 400px) 100vw, 400px\" \/><\/a>\n                                <h2 class=\"post_meta\">\n                                                                                <a style=\"color: #e0094b\" class=\"post_tag\" href=\"?service=rebold-marketing\">Rebold Marketing<\/a>\n                                                                                                                                <a class=\"post_tag\" href=\"?topic=facebook\">Facebook<\/a>\n                                                                            <\/h2>\n                                <h3 class=\"post_title\"><a href=\"https:\/\/letsrebold.com\/es\/blog\/las-cinco-redes-sociales-que-mejores-oportunidades-ofrecen-a-las-marcas-en-la-actualidad\/\">Las cinco redes sociales que mejores oportunidades ofrecen a las marcas en la actualidad<\/a><\/h3>\n                                <a class=\"post_link\" href=\"https:\/\/letsrebold.com\/es\/blog\/las-cinco-redes-sociales-que-mejores-oportunidades-ofrecen-a-las-marcas-en-la-actualidad\/\"><span>Leer m\u00e1s<\/span> <span class=\"ico-right\">M\u00e1s informaci\u00f3n<\/span><\/a>\n                            <\/article>\n                                                                        <article class=\"post rebold-marketing\">\n                                <a class=\"post_image\" href=\"https:\/\/letsrebold.com\/es\/blog\/rebold-identifica-como-comunicar-con-esta-audiencia-creciente\/\"><img loading=\"lazy\" decoding=\"async\" width=\"400\" height=\"300\" src=\"https:\/\/letsrebold.com\/wp-content\/uploads\/2022\/06\/videojuegos-peq.png\" class=\"attachment-img-header size-img-header wp-post-image\" alt=\"\" srcset=\"https:\/\/letsrebold.com\/wp-content\/uploads\/2022\/06\/videojuegos-peq.png 400w, https:\/\/letsrebold.com\/wp-content\/uploads\/2022\/06\/videojuegos-peq-300x225.png 300w, https:\/\/letsrebold.com\/wp-content\/uploads\/2022\/06\/videojuegos-peq-272x204.png 272w, https:\/\/letsrebold.com\/wp-content\/uploads\/2022\/06\/videojuegos-peq-360x270.png 360w\" sizes=\"auto, (max-width: 400px) 100vw, 400px\" \/><\/a>\n                                <h2 class=\"post_meta\">\n                                                                                <a style=\"color: #e0094b\" class=\"post_tag\" href=\"?service=rebold-marketing\">Rebold Marketing<\/a>\n                                                                                                                                <a class=\"post_tag\" href=\"?topic=anunciantes\">anunciantes<\/a>\n                                                                            <\/h2>\n                                <h3 class=\"post_title\"><a href=\"https:\/\/letsrebold.com\/es\/blog\/rebold-identifica-como-comunicar-con-esta-audiencia-creciente\/\">Las 10 claves para relacionarse con \u00e9xito con la audiencia joven de los videojuegos y los e-sports<\/a><\/h3>\n                                <a class=\"post_link\" href=\"https:\/\/letsrebold.com\/es\/blog\/rebold-identifica-como-comunicar-con-esta-audiencia-creciente\/\"><span>Leer m\u00e1s<\/span> <span class=\"ico-right\">M\u00e1s informaci\u00f3n<\/span><\/a>\n                            <\/article>\n                                                                        <article class=\"post media-intelligence, rebold-communication, rebold-marketing\">\n                                <a class=\"post_image\" href=\"https:\/\/letsrebold.com\/es\/blog\/2020-ano-de-los-microinfluencers\/\"><img loading=\"lazy\" decoding=\"async\" width=\"400\" height=\"300\" src=\"https:\/\/letsrebold.com\/wp-content\/uploads\/2022\/06\/microinfluencer-peq.png\" class=\"attachment-img-header size-img-header wp-post-image\" alt=\"\" srcset=\"https:\/\/letsrebold.com\/wp-content\/uploads\/2022\/06\/microinfluencer-peq.png 400w, https:\/\/letsrebold.com\/wp-content\/uploads\/2022\/06\/microinfluencer-peq-300x225.png 300w, https:\/\/letsrebold.com\/wp-content\/uploads\/2022\/06\/microinfluencer-peq-272x204.png 272w, https:\/\/letsrebold.com\/wp-content\/uploads\/2022\/06\/microinfluencer-peq-360x270.png 360w\" sizes=\"auto, (max-width: 400px) 100vw, 400px\" \/><\/a>\n                                <h2 class=\"post_meta\">\n                                                                                <a style=\"color: #5ac4bb\" class=\"post_tag\" href=\"?service=rebold-communication\">Rebold Communication<\/a>\n                                                                                                                                <a class=\"post_tag\" href=\"?topic=audiencias\">audiencias<\/a>\n                                                                            <\/h2>\n                                <h3 class=\"post_title\"><a href=\"https:\/\/letsrebold.com\/es\/blog\/2020-ano-de-los-microinfluencers\/\">2020, a\u00f1o de los \u201cmicroinfluencers\u00bb<\/a><\/h3>\n                                <a class=\"post_link\" href=\"https:\/\/letsrebold.com\/es\/blog\/2020-ano-de-los-microinfluencers\/\"><span>Leer m\u00e1s<\/span> <span class=\"ico-right\">M\u00e1s informaci\u00f3n<\/span><\/a>\n                            <\/article>\n                                                                        <article class=\"post rebold-marketing\">\n                                <a class=\"post_image\" href=\"https:\/\/letsrebold.com\/es\/blog\/somos-cafes-somos-morenos-y-somos-indigenas\/\"><img loading=\"lazy\" decoding=\"async\" width=\"490\" height=\"328\" src=\"https:\/\/letsrebold.com\/wp-content\/uploads\/2022\/06\/captura-2.jpg\" class=\"attachment-img-header size-img-header wp-post-image\" alt=\"\" srcset=\"https:\/\/letsrebold.com\/wp-content\/uploads\/2022\/06\/captura-2.jpg 490w, https:\/\/letsrebold.com\/wp-content\/uploads\/2022\/06\/captura-2-300x201.jpg 300w, https:\/\/letsrebold.com\/wp-content\/uploads\/2022\/06\/captura-2-305x204.jpg 305w, https:\/\/letsrebold.com\/wp-content\/uploads\/2022\/06\/captura-2-360x241.jpg 360w\" sizes=\"auto, (max-width: 490px) 100vw, 490px\" \/><\/a>\n                                <h2 class=\"post_meta\">\n                                                                                <a style=\"color: #e0094b\" class=\"post_tag\" href=\"?service=rebold-marketing\">Rebold Marketing<\/a>\n                                                                                                                                <a class=\"post_tag\" href=\"?topic=audiencia\">audiencia<\/a>\n                                                                            <\/h2>\n                                <h3 class=\"post_title\"><a href=\"https:\/\/letsrebold.com\/es\/blog\/somos-cafes-somos-morenos-y-somos-indigenas\/\">Somos caf\u00e9s, somos morenos y somos ind\u00edgenas<\/a><\/h3>\n                                <a class=\"post_link\" href=\"https:\/\/letsrebold.com\/es\/blog\/somos-cafes-somos-morenos-y-somos-indigenas\/\"><span>Leer m\u00e1s<\/span> <span class=\"ico-right\">M\u00e1s informaci\u00f3n<\/span><\/a>\n                            <\/article>\n                                                                        <article class=\"post content-seo, rebold-marketing\">\n                                <a class=\"post_image\" href=\"https:\/\/letsrebold.com\/es\/blog\/analisis-de-rebold-sobre-los-nuevos-modelos-de-comunicacion-y-consumo\/\"><img loading=\"lazy\" decoding=\"async\" width=\"400\" height=\"300\" src=\"https:\/\/letsrebold.com\/wp-content\/uploads\/2022\/06\/ordandor.png\" class=\"attachment-img-header size-img-header wp-post-image\" alt=\"\" srcset=\"https:\/\/letsrebold.com\/wp-content\/uploads\/2022\/06\/ordandor.png 400w, https:\/\/letsrebold.com\/wp-content\/uploads\/2022\/06\/ordandor-300x225.png 300w, https:\/\/letsrebold.com\/wp-content\/uploads\/2022\/06\/ordandor-272x204.png 272w, https:\/\/letsrebold.com\/wp-content\/uploads\/2022\/06\/ordandor-360x270.png 360w\" sizes=\"auto, (max-width: 400px) 100vw, 400px\" \/><\/a>\n                                <h2 class=\"post_meta\">\n                                                                                <a style=\"color: #e0094b\" class=\"post_tag\" href=\"?service=rebold-marketing\">Rebold Marketing<\/a>\n                                                                                                                                <a class=\"post_tag\" href=\"?topic=branded-content\">branded content<\/a>\n                                                                            <\/h2>\n                                <h3 class=\"post_title\"><a href=\"https:\/\/letsrebold.com\/es\/blog\/analisis-de-rebold-sobre-los-nuevos-modelos-de-comunicacion-y-consumo\/\">An\u00e1lisis de Rebold sobre los nuevos modelos de comunicaci\u00f3n y consumo<\/a><\/h3>\n                                <a class=\"post_link\" href=\"https:\/\/letsrebold.com\/es\/blog\/analisis-de-rebold-sobre-los-nuevos-modelos-de-comunicacion-y-consumo\/\"><span>Leer m\u00e1s<\/span> <span class=\"ico-right\">M\u00e1s informaci\u00f3n<\/span><\/a>\n                            <\/article>\n                                                                        <article class=\"post rebold-marketing\">\n                                <a class=\"post_image\" href=\"https:\/\/letsrebold.com\/es\/blog\/covid-19-el-virus-de-la-oportunidad\/\"><img loading=\"lazy\" decoding=\"async\" width=\"400\" height=\"300\" src=\"https:\/\/letsrebold.com\/wp-content\/uploads\/2022\/06\/post-nacho-peq.png\" class=\"attachment-img-header size-img-header wp-post-image\" alt=\"\" srcset=\"https:\/\/letsrebold.com\/wp-content\/uploads\/2022\/06\/post-nacho-peq.png 400w, https:\/\/letsrebold.com\/wp-content\/uploads\/2022\/06\/post-nacho-peq-300x225.png 300w, https:\/\/letsrebold.com\/wp-content\/uploads\/2022\/06\/post-nacho-peq-272x204.png 272w, https:\/\/letsrebold.com\/wp-content\/uploads\/2022\/06\/post-nacho-peq-360x270.png 360w\" sizes=\"auto, (max-width: 400px) 100vw, 400px\" \/><\/a>\n                                <h2 class=\"post_meta\">\n                                                                                <a style=\"color: #e0094b\" class=\"post_tag\" href=\"?service=rebold-marketing\">Rebold Marketing<\/a>\n                                                                                                                                <a class=\"post_tag\" href=\"?topic=ad-hoc\">ad-hoc<\/a>\n                                                                            <\/h2>\n                                <h3 class=\"post_title\"><a href=\"https:\/\/letsrebold.com\/es\/blog\/covid-19-el-virus-de-la-oportunidad\/\">COVID-19, El virus de la oportunidad<\/a><\/h3>\n                                <a class=\"post_link\" href=\"https:\/\/letsrebold.com\/es\/blog\/covid-19-el-virus-de-la-oportunidad\/\"><span>Leer m\u00e1s<\/span> <span class=\"ico-right\">M\u00e1s informaci\u00f3n<\/span><\/a>\n                            <\/article>\n                                    <\/div>\n                                    <nav class=\"links links-right\" id=\"loadmore_57\">\n                        <div class=\"container\">\n                            <a href=\"#\" class=\"loadmore\" value=\"57\"><span>Cargar m\u00e1s<\/span> <span class=\"ico-right\"><\/span><\/a>\n                        <\/div>\n                    <\/nav>\n                            <\/div>\n                                <div id=\"page_58\" class=\"d-none\">\n                <div class=\"container posts\">\n                                                                        <article class=\"post rebold-marketing\">\n                                <a class=\"post_image\" href=\"https:\/\/letsrebold.com\/es\/blog\/rebold-analiza-el-comportamiento-de-la-poblacion-durante-el-confinamiento\/\"><img loading=\"lazy\" decoding=\"async\" width=\"400\" height=\"300\" src=\"https:\/\/letsrebold.com\/wp-content\/uploads\/2022\/06\/bcn-vaco.png\" class=\"attachment-img-header size-img-header wp-post-image\" alt=\"\" srcset=\"https:\/\/letsrebold.com\/wp-content\/uploads\/2022\/06\/bcn-vaco.png 400w, https:\/\/letsrebold.com\/wp-content\/uploads\/2022\/06\/bcn-vaco-300x225.png 300w, https:\/\/letsrebold.com\/wp-content\/uploads\/2022\/06\/bcn-vaco-272x204.png 272w, https:\/\/letsrebold.com\/wp-content\/uploads\/2022\/06\/bcn-vaco-360x270.png 360w\" sizes=\"auto, (max-width: 400px) 100vw, 400px\" \/><\/a>\n                                <h2 class=\"post_meta\">\n                                                                                <a style=\"color: #e0094b\" class=\"post_tag\" href=\"?service=rebold-marketing\">Rebold Marketing<\/a>\n                                                                                                                                <a class=\"post_tag\" href=\"?topic=consumo\">Consumo<\/a>\n                                                                            <\/h2>\n                                <h3 class=\"post_title\"><a href=\"https:\/\/letsrebold.com\/es\/blog\/rebold-analiza-el-comportamiento-de-la-poblacion-durante-el-confinamiento\/\">Rebold analiza el comportamiento de la poblaci\u00f3n durante el confinamiento<\/a><\/h3>\n                                <a class=\"post_link\" href=\"https:\/\/letsrebold.com\/es\/blog\/rebold-analiza-el-comportamiento-de-la-poblacion-durante-el-confinamiento\/\"><span>Leer m\u00e1s<\/span> <span class=\"ico-right\">M\u00e1s informaci\u00f3n<\/span><\/a>\n                            <\/article>\n                                                                        <article class=\"post rebold-marketing\">\n                                <a class=\"post_image\" href=\"https:\/\/letsrebold.com\/es\/blog\/informe-impacto-covid-19-16-marzo-2020\/\"><img loading=\"lazy\" decoding=\"async\" width=\"400\" height=\"300\" src=\"https:\/\/letsrebold.com\/wp-content\/uploads\/2022\/06\/tren-vaco-peq.png\" class=\"attachment-img-header size-img-header wp-post-image\" alt=\"\" srcset=\"https:\/\/letsrebold.com\/wp-content\/uploads\/2022\/06\/tren-vaco-peq.png 400w, https:\/\/letsrebold.com\/wp-content\/uploads\/2022\/06\/tren-vaco-peq-300x225.png 300w, https:\/\/letsrebold.com\/wp-content\/uploads\/2022\/06\/tren-vaco-peq-272x204.png 272w, https:\/\/letsrebold.com\/wp-content\/uploads\/2022\/06\/tren-vaco-peq-360x270.png 360w\" sizes=\"auto, (max-width: 400px) 100vw, 400px\" \/><\/a>\n                                <h2 class=\"post_meta\">\n                                                                                <a style=\"color: #e0094b\" class=\"post_tag\" href=\"?service=rebold-marketing\">Rebold Marketing<\/a>\n                                                                                                                                <a class=\"post_tag\" href=\"?topic=awareness\">awareness<\/a>\n                                                                            <\/h2>\n                                <h3 class=\"post_title\"><a href=\"https:\/\/letsrebold.com\/es\/blog\/informe-impacto-covid-19-16-marzo-2020\/\">Informe Impacto COVID-19 &#8211; 16 marzo 2020<\/a><\/h3>\n                                <a class=\"post_link\" href=\"https:\/\/letsrebold.com\/es\/blog\/informe-impacto-covid-19-16-marzo-2020\/\"><span>Leer m\u00e1s<\/span> <span class=\"ico-right\">M\u00e1s informaci\u00f3n<\/span><\/a>\n                            <\/article>\n                                                                        <article class=\"post rebold-marketing\">\n                                <a class=\"post_image\" href=\"https:\/\/letsrebold.com\/es\/blog\/el-86-de-las-personas-han-modificado-sus-habitos-por-la-pandemia\/\"><img loading=\"lazy\" decoding=\"async\" width=\"400\" height=\"300\" src=\"https:\/\/letsrebold.com\/wp-content\/uploads\/2022\/06\/rrsss.png\" class=\"attachment-img-header size-img-header wp-post-image\" alt=\"\" srcset=\"https:\/\/letsrebold.com\/wp-content\/uploads\/2022\/06\/rrsss.png 400w, https:\/\/letsrebold.com\/wp-content\/uploads\/2022\/06\/rrsss-300x225.png 300w, https:\/\/letsrebold.com\/wp-content\/uploads\/2022\/06\/rrsss-272x204.png 272w, https:\/\/letsrebold.com\/wp-content\/uploads\/2022\/06\/rrsss-360x270.png 360w\" sizes=\"auto, (max-width: 400px) 100vw, 400px\" \/><\/a>\n                                <h2 class=\"post_meta\">\n                                                                                <a style=\"color: #e0094b\" class=\"post_tag\" href=\"?service=rebold-marketing\">Rebold Marketing<\/a>\n                                                                                                                                <a class=\"post_tag\" href=\"?topic=audiencia\">audiencia<\/a>\n                                                                            <\/h2>\n                                <h3 class=\"post_title\"><a href=\"https:\/\/letsrebold.com\/es\/blog\/el-86-de-las-personas-han-modificado-sus-habitos-por-la-pandemia\/\">El 86% de las personas han modificado sus h\u00e1bitos por la pandemia<\/a><\/h3>\n                                <a class=\"post_link\" href=\"https:\/\/letsrebold.com\/es\/blog\/el-86-de-las-personas-han-modificado-sus-habitos-por-la-pandemia\/\"><span>Leer m\u00e1s<\/span> <span class=\"ico-right\">M\u00e1s informaci\u00f3n<\/span><\/a>\n                            <\/article>\n                                                                        <article class=\"post media-intelligence, rebold-communication\">\n                                <a class=\"post_image\" href=\"https:\/\/letsrebold.com\/es\/blog\/guia-para-proteger-tu-imagen-de-marca-durante-el-coronavirus\/\"><img loading=\"lazy\" decoding=\"async\" width=\"400\" height=\"300\" src=\"https:\/\/letsrebold.com\/wp-content\/uploads\/2022\/06\/callevaca.png\" class=\"attachment-img-header size-img-header wp-post-image\" alt=\"\" srcset=\"https:\/\/letsrebold.com\/wp-content\/uploads\/2022\/06\/callevaca.png 400w, https:\/\/letsrebold.com\/wp-content\/uploads\/2022\/06\/callevaca-300x225.png 300w, https:\/\/letsrebold.com\/wp-content\/uploads\/2022\/06\/callevaca-272x204.png 272w, https:\/\/letsrebold.com\/wp-content\/uploads\/2022\/06\/callevaca-360x270.png 360w\" sizes=\"auto, (max-width: 400px) 100vw, 400px\" \/><\/a>\n                                <h2 class=\"post_meta\">\n                                                                                <a style=\"color: #5ac4bb\" class=\"post_tag\" href=\"?service=rebold-communication\">Rebold Communication<\/a>\n                                                                                                                                <a class=\"post_tag\" href=\"?topic=branding\">Branding<\/a>\n                                                                            <\/h2>\n                                <h3 class=\"post_title\"><a href=\"https:\/\/letsrebold.com\/es\/blog\/guia-para-proteger-tu-imagen-de-marca-durante-el-coronavirus\/\">Gu\u00eda para proteger tu imagen de marca durante el coronavirus<\/a><\/h3>\n                                <a class=\"post_link\" href=\"https:\/\/letsrebold.com\/es\/blog\/guia-para-proteger-tu-imagen-de-marca-durante-el-coronavirus\/\"><span>Leer m\u00e1s<\/span> <span class=\"ico-right\">M\u00e1s informaci\u00f3n<\/span><\/a>\n                            <\/article>\n                                                                        <article class=\"post rebold-marketing\">\n                                <a class=\"post_image\" href=\"https:\/\/letsrebold.com\/es\/blog\/reboldsequedaencasa-y-seguimos-trabajando-para-que-todo-siga-igual\/\"><img loading=\"lazy\" decoding=\"async\" width=\"400\" height=\"300\" src=\"https:\/\/letsrebold.com\/wp-content\/uploads\/2022\/06\/teletrabjo2.png\" class=\"attachment-img-header size-img-header wp-post-image\" alt=\"\" srcset=\"https:\/\/letsrebold.com\/wp-content\/uploads\/2022\/06\/teletrabjo2.png 400w, https:\/\/letsrebold.com\/wp-content\/uploads\/2022\/06\/teletrabjo2-300x225.png 300w, https:\/\/letsrebold.com\/wp-content\/uploads\/2022\/06\/teletrabjo2-272x204.png 272w, https:\/\/letsrebold.com\/wp-content\/uploads\/2022\/06\/teletrabjo2-360x270.png 360w\" sizes=\"auto, (max-width: 400px) 100vw, 400px\" \/><\/a>\n                                <h2 class=\"post_meta\">\n                                                                                <a style=\"color: #e0094b\" class=\"post_tag\" href=\"?service=rebold-marketing\">Rebold Marketing<\/a>\n                                                                                                                                <a class=\"post_tag\" href=\"?topic=casa\">casa<\/a>\n                                                                            <\/h2>\n                                <h3 class=\"post_title\"><a href=\"https:\/\/letsrebold.com\/es\/blog\/reboldsequedaencasa-y-seguimos-trabajando-para-que-todo-siga-igual\/\">#REBOLDSeQuedaEnCasa y seguimos trabajando para que todo siga igual<\/a><\/h3>\n                                <a class=\"post_link\" href=\"https:\/\/letsrebold.com\/es\/blog\/reboldsequedaencasa-y-seguimos-trabajando-para-que-todo-siga-igual\/\"><span>Leer m\u00e1s<\/span> <span class=\"ico-right\">M\u00e1s informaci\u00f3n<\/span><\/a>\n                            <\/article>\n                                                                        <article class=\"post rebold-marketing\">\n                                <a class=\"post_image\" href=\"https:\/\/letsrebold.com\/es\/blog\/rebold-identifica-las-principales-transformaciones-que-se-produciran-en-el-madtech\/\"><img loading=\"lazy\" decoding=\"async\" width=\"400\" height=\"300\" src=\"https:\/\/letsrebold.com\/wp-content\/uploads\/2022\/06\/5g-peq.png\" class=\"attachment-img-header size-img-header wp-post-image\" alt=\"\" srcset=\"https:\/\/letsrebold.com\/wp-content\/uploads\/2022\/06\/5g-peq.png 400w, https:\/\/letsrebold.com\/wp-content\/uploads\/2022\/06\/5g-peq-300x225.png 300w, https:\/\/letsrebold.com\/wp-content\/uploads\/2022\/06\/5g-peq-272x204.png 272w, https:\/\/letsrebold.com\/wp-content\/uploads\/2022\/06\/5g-peq-360x270.png 360w\" sizes=\"auto, (max-width: 400px) 100vw, 400px\" \/><\/a>\n                                <h2 class=\"post_meta\">\n                                                                                <a style=\"color: #e0094b\" class=\"post_tag\" href=\"?service=rebold-marketing\">Rebold Marketing<\/a>\n                                                                                                                                <a class=\"post_tag\" href=\"?topic=5g\">5g<\/a>\n                                                                            <\/h2>\n                                <h3 class=\"post_title\"><a href=\"https:\/\/letsrebold.com\/es\/blog\/rebold-identifica-las-principales-transformaciones-que-se-produciran-en-el-madtech\/\">Rebold identifica las principales transformaciones que se producir\u00e1n en el madtech<\/a><\/h3>\n                                <a class=\"post_link\" href=\"https:\/\/letsrebold.com\/es\/blog\/rebold-identifica-las-principales-transformaciones-que-se-produciran-en-el-madtech\/\"><span>Leer m\u00e1s<\/span> <span class=\"ico-right\">M\u00e1s informaci\u00f3n<\/span><\/a>\n                            <\/article>\n                                    <\/div>\n                                    <nav class=\"links links-right\" id=\"loadmore_58\">\n                        <div class=\"container\">\n                            <a href=\"#\" class=\"loadmore\" value=\"58\"><span>Cargar m\u00e1s<\/span> <span class=\"ico-right\"><\/span><\/a>\n                        <\/div>\n                    <\/nav>\n                            <\/div>\n                                <div id=\"page_59\" class=\"d-none\">\n                <div class=\"container posts\">\n                                                                        <article class=\"post rebold-marketing\">\n                                <a class=\"post_image\" href=\"https:\/\/letsrebold.com\/es\/blog\/sector-energetico-innovacion-constante-y-sostenibilidad\/\"><img loading=\"lazy\" decoding=\"async\" width=\"400\" height=\"300\" src=\"https:\/\/letsrebold.com\/wp-content\/uploads\/2022\/06\/sector-energia-peq.png\" class=\"attachment-img-header size-img-header wp-post-image\" alt=\"\" srcset=\"https:\/\/letsrebold.com\/wp-content\/uploads\/2022\/06\/sector-energia-peq.png 400w, https:\/\/letsrebold.com\/wp-content\/uploads\/2022\/06\/sector-energia-peq-300x225.png 300w, https:\/\/letsrebold.com\/wp-content\/uploads\/2022\/06\/sector-energia-peq-272x204.png 272w, https:\/\/letsrebold.com\/wp-content\/uploads\/2022\/06\/sector-energia-peq-360x270.png 360w\" sizes=\"auto, (max-width: 400px) 100vw, 400px\" \/><\/a>\n                                <h2 class=\"post_meta\">\n                                                                                <a style=\"color: #e0094b\" class=\"post_tag\" href=\"?service=rebold-marketing\">Rebold Marketing<\/a>\n                                                                                                                                <a class=\"post_tag\" href=\"?topic=2020\">2020<\/a>\n                                                                            <\/h2>\n                                <h3 class=\"post_title\"><a href=\"https:\/\/letsrebold.com\/es\/blog\/sector-energetico-innovacion-constante-y-sostenibilidad\/\">SECTOR ENERG\u00c9TICO: INNOVACI\u00d3N CONSTANTE Y SOSTENIBILIDAD<\/a><\/h3>\n                                <a class=\"post_link\" href=\"https:\/\/letsrebold.com\/es\/blog\/sector-energetico-innovacion-constante-y-sostenibilidad\/\"><span>Leer m\u00e1s<\/span> <span class=\"ico-right\">M\u00e1s informaci\u00f3n<\/span><\/a>\n                            <\/article>\n                                                                        <article class=\"post rebold-marketing\">\n                                <a class=\"post_image\" href=\"https:\/\/letsrebold.com\/es\/blog\/china-la-mariposa-gigante-que-agita-sus-alas\/\"><img loading=\"lazy\" decoding=\"async\" width=\"400\" height=\"300\" src=\"https:\/\/letsrebold.com\/wp-content\/uploads\/2022\/06\/efecto-mariposa.png\" class=\"attachment-img-header size-img-header wp-post-image\" alt=\"\" srcset=\"https:\/\/letsrebold.com\/wp-content\/uploads\/2022\/06\/efecto-mariposa.png 400w, https:\/\/letsrebold.com\/wp-content\/uploads\/2022\/06\/efecto-mariposa-300x225.png 300w, https:\/\/letsrebold.com\/wp-content\/uploads\/2022\/06\/efecto-mariposa-272x204.png 272w, https:\/\/letsrebold.com\/wp-content\/uploads\/2022\/06\/efecto-mariposa-360x270.png 360w\" sizes=\"auto, (max-width: 400px) 100vw, 400px\" \/><\/a>\n                                <h2 class=\"post_meta\">\n                                                                                <a style=\"color: #e0094b\" class=\"post_tag\" href=\"?service=rebold-marketing\">Rebold Marketing<\/a>\n                                                                                                                                <a class=\"post_tag\" href=\"?topic=censura\">censura<\/a>\n                                                                            <\/h2>\n                                <h3 class=\"post_title\"><a href=\"https:\/\/letsrebold.com\/es\/blog\/china-la-mariposa-gigante-que-agita-sus-alas\/\">China, la mariposa gigante que agita sus alas<\/a><\/h3>\n                                <a class=\"post_link\" href=\"https:\/\/letsrebold.com\/es\/blog\/china-la-mariposa-gigante-que-agita-sus-alas\/\"><span>Leer m\u00e1s<\/span> <span class=\"ico-right\">M\u00e1s informaci\u00f3n<\/span><\/a>\n                            <\/article>\n                                                                        <article class=\"post performance, rebold-marketing\">\n                                <a class=\"post_image\" href=\"https:\/\/letsrebold.com\/es\/blog\/apenas-el-20-de-las-empresas-usan-metricas-avanzadas-para-analizar-el-valor-de-sus-acciones-de-comunicacion\/\"><img loading=\"lazy\" decoding=\"async\" width=\"950\" height=\"400\" src=\"https:\/\/letsrebold.com\/wp-content\/uploads\/2022\/06\/comunicacion-2.0-950x400-1.png\" class=\"attachment-img-header size-img-header wp-post-image\" alt=\"\" srcset=\"https:\/\/letsrebold.com\/wp-content\/uploads\/2022\/06\/comunicacion-2.0-950x400-1.png 950w, https:\/\/letsrebold.com\/wp-content\/uploads\/2022\/06\/comunicacion-2.0-950x400-1-300x126.png 300w, https:\/\/letsrebold.com\/wp-content\/uploads\/2022\/06\/comunicacion-2.0-950x400-1-768x323.png 768w, https:\/\/letsrebold.com\/wp-content\/uploads\/2022\/06\/comunicacion-2.0-950x400-1-360x152.png 360w, https:\/\/letsrebold.com\/wp-content\/uploads\/2022\/06\/comunicacion-2.0-950x400-1-578x243.png 578w, https:\/\/letsrebold.com\/wp-content\/uploads\/2022\/06\/comunicacion-2.0-950x400-1-761x320.png 761w\" sizes=\"auto, (max-width: 950px) 100vw, 950px\" \/><\/a>\n                                <h2 class=\"post_meta\">\n                                                                                <a style=\"color: #e0094b\" class=\"post_tag\" href=\"?service=rebold-marketing\">Rebold Marketing<\/a>\n                                                                                                                                <a class=\"post_tag\" href=\"?topic=comunicacion\">comunicacion<\/a>\n                                                                            <\/h2>\n                                <h3 class=\"post_title\"><a href=\"https:\/\/letsrebold.com\/es\/blog\/apenas-el-20-de-las-empresas-usan-metricas-avanzadas-para-analizar-el-valor-de-sus-acciones-de-comunicacion\/\">Apenas el 20% de las empresas usan m\u00e9tricas avanzadas para analizar el valor de sus acciones de comunicaci\u00f3n.<\/a><\/h3>\n                                <a class=\"post_link\" href=\"https:\/\/letsrebold.com\/es\/blog\/apenas-el-20-de-las-empresas-usan-metricas-avanzadas-para-analizar-el-valor-de-sus-acciones-de-comunicacion\/\"><span>Leer m\u00e1s<\/span> <span class=\"ico-right\">M\u00e1s informaci\u00f3n<\/span><\/a>\n                            <\/article>\n                                                                        <article class=\"post media-intelligence, rebold-communication, rebold-marketing\">\n                                <a class=\"post_image\" href=\"https:\/\/letsrebold.com\/es\/blog\/rebold-refuerza-su-equipo-directivo\/\"><img loading=\"lazy\" decoding=\"async\" width=\"400\" height=\"300\" src=\"https:\/\/letsrebold.com\/wp-content\/uploads\/2022\/06\/scar-simn.png\" class=\"attachment-img-header size-img-header wp-post-image\" alt=\"\" srcset=\"https:\/\/letsrebold.com\/wp-content\/uploads\/2022\/06\/scar-simn.png 400w, https:\/\/letsrebold.com\/wp-content\/uploads\/2022\/06\/scar-simn-300x225.png 300w, https:\/\/letsrebold.com\/wp-content\/uploads\/2022\/06\/scar-simn-272x204.png 272w, https:\/\/letsrebold.com\/wp-content\/uploads\/2022\/06\/scar-simn-360x270.png 360w\" sizes=\"auto, (max-width: 400px) 100vw, 400px\" \/><\/a>\n                                <h2 class=\"post_meta\">\n                                                                                <a style=\"color: #5ac4bb\" class=\"post_tag\" href=\"?service=rebold-communication\">Rebold Communication<\/a>\n                                                                                                                                <a class=\"post_tag\" href=\"?topic=atencion-al-cliente\">atenci\u00f3n al cliente<\/a>\n                                                                            <\/h2>\n                                <h3 class=\"post_title\"><a href=\"https:\/\/letsrebold.com\/es\/blog\/rebold-refuerza-su-equipo-directivo\/\">Rebold refuerza su equipo directivo<\/a><\/h3>\n                                <a class=\"post_link\" href=\"https:\/\/letsrebold.com\/es\/blog\/rebold-refuerza-su-equipo-directivo\/\"><span>Leer m\u00e1s<\/span> <span class=\"ico-right\">M\u00e1s informaci\u00f3n<\/span><\/a>\n                            <\/article>\n                                                                        <article class=\"post rebold-marketing\">\n                                <a class=\"post_image\" href=\"https:\/\/letsrebold.com\/es\/blog\/san-valentin-deseo-regalos-ah-y-tambien-amor\/\"><img loading=\"lazy\" decoding=\"async\" width=\"519\" height=\"302\" src=\"https:\/\/letsrebold.com\/wp-content\/uploads\/2022\/06\/valentines-day-2057745_640.jpg\" class=\"attachment-img-header size-img-header wp-post-image\" alt=\"\" srcset=\"https:\/\/letsrebold.com\/wp-content\/uploads\/2022\/06\/valentines-day-2057745_640.jpg 519w, https:\/\/letsrebold.com\/wp-content\/uploads\/2022\/06\/valentines-day-2057745_640-300x175.jpg 300w, https:\/\/letsrebold.com\/wp-content\/uploads\/2022\/06\/valentines-day-2057745_640-351x204.jpg 351w, https:\/\/letsrebold.com\/wp-content\/uploads\/2022\/06\/valentines-day-2057745_640-360x209.jpg 360w\" sizes=\"auto, (max-width: 519px) 100vw, 519px\" \/><\/a>\n                                <h2 class=\"post_meta\">\n                                                                                <a style=\"color: #e0094b\" class=\"post_tag\" href=\"?service=rebold-marketing\">Rebold Marketing<\/a>\n                                                                                                                                <a class=\"post_tag\" href=\"?topic=amor\">amor<\/a>\n                                                                            <\/h2>\n                                <h3 class=\"post_title\"><a href=\"https:\/\/letsrebold.com\/es\/blog\/san-valentin-deseo-regalos-ah-y-tambien-amor\/\">San Valent\u00edn, deseo regalos \u00a1ah! y tambi\u00e9n amor<\/a><\/h3>\n                                <a class=\"post_link\" href=\"https:\/\/letsrebold.com\/es\/blog\/san-valentin-deseo-regalos-ah-y-tambien-amor\/\"><span>Leer m\u00e1s<\/span> <span class=\"ico-right\">M\u00e1s informaci\u00f3n<\/span><\/a>\n                            <\/article>\n                                                                        <article class=\"post media-strategy-research, rebold-marketing\">\n                                <a class=\"post_image\" href=\"https:\/\/letsrebold.com\/es\/blog\/rebold-analiza-la-imagen-del-sector-bancario-a-traves-de-las-reacciones-a-la-actualidad-informativa\/\"><img loading=\"lazy\" decoding=\"async\" width=\"400\" height=\"300\" src=\"https:\/\/letsrebold.com\/wp-content\/uploads\/2022\/06\/cactus-web.png\" class=\"attachment-img-header size-img-header wp-post-image\" alt=\"\" srcset=\"https:\/\/letsrebold.com\/wp-content\/uploads\/2022\/06\/cactus-web.png 400w, https:\/\/letsrebold.com\/wp-content\/uploads\/2022\/06\/cactus-web-300x225.png 300w, https:\/\/letsrebold.com\/wp-content\/uploads\/2022\/06\/cactus-web-272x204.png 272w, https:\/\/letsrebold.com\/wp-content\/uploads\/2022\/06\/cactus-web-360x270.png 360w\" sizes=\"auto, (max-width: 400px) 100vw, 400px\" \/><\/a>\n                                <h2 class=\"post_meta\">\n                                                                                <a style=\"color: #e0094b\" class=\"post_tag\" href=\"?service=rebold-marketing\">Rebold Marketing<\/a>\n                                                                                                                                <a class=\"post_tag\" href=\"?topic=afinidad\">afinidad<\/a>\n                                                                            <\/h2>\n                                <h3 class=\"post_title\"><a href=\"https:\/\/letsrebold.com\/es\/blog\/rebold-analiza-la-imagen-del-sector-bancario-a-traves-de-las-reacciones-a-la-actualidad-informativa\/\">Rebold analiza la imagen del sector bancario a trav\u00e9s de las reacciones a la actualidad informativa<\/a><\/h3>\n                                <a class=\"post_link\" href=\"https:\/\/letsrebold.com\/es\/blog\/rebold-analiza-la-imagen-del-sector-bancario-a-traves-de-las-reacciones-a-la-actualidad-informativa\/\"><span>Leer m\u00e1s<\/span> <span class=\"ico-right\">M\u00e1s informaci\u00f3n<\/span><\/a>\n                            <\/article>\n                                    <\/div>\n                                    <nav class=\"links links-right\" id=\"loadmore_59\">\n                        <div class=\"container\">\n                            <a href=\"#\" class=\"loadmore\" value=\"59\"><span>Cargar m\u00e1s<\/span> <span class=\"ico-right\"><\/span><\/a>\n                        <\/div>\n                    <\/nav>\n                            <\/div>\n                                <div id=\"page_60\" class=\"d-none\">\n                <div class=\"container posts\">\n                                                                        <article class=\"post rebold-marketing\">\n                                <a class=\"post_image\" href=\"https:\/\/letsrebold.com\/es\/blog\/premios-oscar\/\"><img loading=\"lazy\" decoding=\"async\" width=\"900\" height=\"600\" src=\"https:\/\/letsrebold.com\/wp-content\/uploads\/2022\/06\/oscar-3679610_1920-900x600.jpg\" class=\"attachment-img-header size-img-header wp-post-image\" alt=\"\" srcset=\"https:\/\/letsrebold.com\/wp-content\/uploads\/2022\/06\/oscar-3679610_1920-900x600.jpg 900w, https:\/\/letsrebold.com\/wp-content\/uploads\/2022\/06\/oscar-3679610_1920-300x200.jpg 300w, https:\/\/letsrebold.com\/wp-content\/uploads\/2022\/06\/oscar-3679610_1920-768x512.jpg 768w, https:\/\/letsrebold.com\/wp-content\/uploads\/2022\/06\/oscar-3679610_1920-1024x683.jpg 1024w, https:\/\/letsrebold.com\/wp-content\/uploads\/2022\/06\/oscar-3679610_1920-306x204.jpg 306w, https:\/\/letsrebold.com\/wp-content\/uploads\/2022\/06\/oscar-3679610_1920-360x240.jpg 360w, https:\/\/letsrebold.com\/wp-content\/uploads\/2022\/06\/oscar-3679610_1920-527x351.jpg 527w, https:\/\/letsrebold.com\/wp-content\/uploads\/2022\/06\/oscar-3679610_1920-573x382.jpg 573w, https:\/\/letsrebold.com\/wp-content\/uploads\/2022\/06\/oscar-3679610_1920-1536x1024.jpg 1536w, https:\/\/letsrebold.com\/wp-content\/uploads\/2022\/06\/oscar-3679610_1920.jpg 1920w\" sizes=\"auto, (max-width: 900px) 100vw, 900px\" \/><\/a>\n                                <h2 class=\"post_meta\">\n                                                                                <a style=\"color: #e0094b\" class=\"post_tag\" href=\"?service=rebold-marketing\">Rebold Marketing<\/a>\n                                                                                                                                <a class=\"post_tag\" href=\"?topic=comunicacion\">comunicacion<\/a>\n                                                                            <\/h2>\n                                <h3 class=\"post_title\"><a href=\"https:\/\/letsrebold.com\/es\/blog\/premios-oscar\/\">Premios Oscar<\/a><\/h3>\n                                <a class=\"post_link\" href=\"https:\/\/letsrebold.com\/es\/blog\/premios-oscar\/\"><span>Leer m\u00e1s<\/span> <span class=\"ico-right\">M\u00e1s informaci\u00f3n<\/span><\/a>\n                            <\/article>\n                                                                        <article class=\"post \">\n                                <a class=\"post_image\" href=\"https:\/\/letsrebold.com\/es\/blog\/super-bowl-2020\/\"><img loading=\"lazy\" decoding=\"async\" width=\"983\" height=\"557\" src=\"https:\/\/letsrebold.com\/wp-content\/uploads\/2022\/06\/super-bowl-y-marcas.jpg\" class=\"attachment-img-header size-img-header wp-post-image\" alt=\"\" srcset=\"https:\/\/letsrebold.com\/wp-content\/uploads\/2022\/06\/super-bowl-y-marcas.jpg 983w, https:\/\/letsrebold.com\/wp-content\/uploads\/2022\/06\/super-bowl-y-marcas-300x170.jpg 300w, https:\/\/letsrebold.com\/wp-content\/uploads\/2022\/06\/super-bowl-y-marcas-768x435.jpg 768w, https:\/\/letsrebold.com\/wp-content\/uploads\/2022\/06\/super-bowl-y-marcas-360x204.jpg 360w, https:\/\/letsrebold.com\/wp-content\/uploads\/2022\/06\/super-bowl-y-marcas-578x328.jpg 578w, https:\/\/letsrebold.com\/wp-content\/uploads\/2022\/06\/super-bowl-y-marcas-674x382.jpg 674w\" sizes=\"auto, (max-width: 983px) 100vw, 983px\" \/><\/a>\n                                <h2 class=\"post_meta\">\n                                                                                                                        <a class=\"post_tag\" href=\"?topic=anunciantes\">anunciantes<\/a>\n                                                                            <\/h2>\n                                <h3 class=\"post_title\"><a href=\"https:\/\/letsrebold.com\/es\/blog\/super-bowl-2020\/\">Super Bowl 2020<\/a><\/h3>\n                                <a class=\"post_link\" href=\"https:\/\/letsrebold.com\/es\/blog\/super-bowl-2020\/\"><span>Leer m\u00e1s<\/span> <span class=\"ico-right\">M\u00e1s informaci\u00f3n<\/span><\/a>\n                            <\/article>\n                                                                        <article class=\"post rebold-marketing\">\n                                <a class=\"post_image\" href=\"https:\/\/letsrebold.com\/es\/blog\/migracion-necesidad-o-voluntad\/\"><img loading=\"lazy\" decoding=\"async\" width=\"900\" height=\"600\" src=\"https:\/\/letsrebold.com\/wp-content\/uploads\/2022\/06\/migraciion-900x600.jpg\" class=\"attachment-img-header size-img-header wp-post-image\" alt=\"\" srcset=\"https:\/\/letsrebold.com\/wp-content\/uploads\/2022\/06\/migraciion-900x600.jpg 900w, https:\/\/letsrebold.com\/wp-content\/uploads\/2022\/06\/migraciion-300x200.jpg 300w, https:\/\/letsrebold.com\/wp-content\/uploads\/2022\/06\/migraciion-768x512.jpg 768w, https:\/\/letsrebold.com\/wp-content\/uploads\/2022\/06\/migraciion-306x204.jpg 306w, https:\/\/letsrebold.com\/wp-content\/uploads\/2022\/06\/migraciion-360x240.jpg 360w, https:\/\/letsrebold.com\/wp-content\/uploads\/2022\/06\/migraciion-527x351.jpg 527w, https:\/\/letsrebold.com\/wp-content\/uploads\/2022\/06\/migraciion-573x382.jpg 573w, https:\/\/letsrebold.com\/wp-content\/uploads\/2022\/06\/migraciion.jpg 966w\" sizes=\"auto, (max-width: 900px) 100vw, 900px\" \/><\/a>\n                                <h2 class=\"post_meta\">\n                                                                                <a style=\"color: #e0094b\" class=\"post_tag\" href=\"?service=rebold-marketing\">Rebold Marketing<\/a>\n                                                                                                                                <a class=\"post_tag\" href=\"?topic=asilo\">asilo<\/a>\n                                                                            <\/h2>\n                                <h3 class=\"post_title\"><a href=\"https:\/\/letsrebold.com\/es\/blog\/migracion-necesidad-o-voluntad\/\">Migraci\u00f3n \u00bfnecesidad o voluntad?<\/a><\/h3>\n                                <a class=\"post_link\" href=\"https:\/\/letsrebold.com\/es\/blog\/migracion-necesidad-o-voluntad\/\"><span>Leer m\u00e1s<\/span> <span class=\"ico-right\">M\u00e1s informaci\u00f3n<\/span><\/a>\n                            <\/article>\n                                                                        <article class=\"post rebold-marketing, zero-party-data\">\n                                <a class=\"post_image\" href=\"https:\/\/letsrebold.com\/es\/blog\/como-cuantificar-el-impacto-de-la-comunicacion-en-los-indicadores-de-negocio-segunda-parte\/\"><img loading=\"lazy\" decoding=\"async\" width=\"400\" height=\"300\" src=\"https:\/\/letsrebold.com\/wp-content\/uploads\/2022\/06\/touchpoints2.png\" class=\"attachment-img-header size-img-header wp-post-image\" alt=\"\" srcset=\"https:\/\/letsrebold.com\/wp-content\/uploads\/2022\/06\/touchpoints2.png 400w, https:\/\/letsrebold.com\/wp-content\/uploads\/2022\/06\/touchpoints2-300x225.png 300w, https:\/\/letsrebold.com\/wp-content\/uploads\/2022\/06\/touchpoints2-272x204.png 272w, https:\/\/letsrebold.com\/wp-content\/uploads\/2022\/06\/touchpoints2-360x270.png 360w\" sizes=\"auto, (max-width: 400px) 100vw, 400px\" \/><\/a>\n                                <h2 class=\"post_meta\">\n                                                                                <a style=\"color: #e0094b\" class=\"post_tag\" href=\"?service=rebold-marketing\">Rebold Marketing<\/a>\n                                                                                                                                <a class=\"post_tag\" href=\"?topic=acciones\">acciones<\/a>\n                                                                            <\/h2>\n                                <h3 class=\"post_title\"><a href=\"https:\/\/letsrebold.com\/es\/blog\/como-cuantificar-el-impacto-de-la-comunicacion-en-los-indicadores-de-negocio-segunda-parte\/\">\u00bfC\u00f3mo cuantificar el impacto de la comunicaci\u00f3n en los indicadores de negocio?  Segunda Parte<\/a><\/h3>\n                                <a class=\"post_link\" href=\"https:\/\/letsrebold.com\/es\/blog\/como-cuantificar-el-impacto-de-la-comunicacion-en-los-indicadores-de-negocio-segunda-parte\/\"><span>Leer m\u00e1s<\/span> <span class=\"ico-right\">M\u00e1s informaci\u00f3n<\/span><\/a>\n                            <\/article>\n                                                                        <article class=\"post rebold-marketing\">\n                                <a class=\"post_image\" href=\"https:\/\/letsrebold.com\/es\/blog\/la-super-bowl-mostrara-en-2020-los-anuncios-mas-caros-de-la-historia\/\"><img loading=\"lazy\" decoding=\"async\" width=\"400\" height=\"300\" src=\"https:\/\/letsrebold.com\/wp-content\/uploads\/2022\/06\/superbowl-2.png\" class=\"attachment-img-header size-img-header wp-post-image\" alt=\"\" srcset=\"https:\/\/letsrebold.com\/wp-content\/uploads\/2022\/06\/superbowl-2.png 400w, https:\/\/letsrebold.com\/wp-content\/uploads\/2022\/06\/superbowl-2-300x225.png 300w, https:\/\/letsrebold.com\/wp-content\/uploads\/2022\/06\/superbowl-2-272x204.png 272w, https:\/\/letsrebold.com\/wp-content\/uploads\/2022\/06\/superbowl-2-360x270.png 360w\" sizes=\"auto, (max-width: 400px) 100vw, 400px\" \/><\/a>\n                                <h2 class=\"post_meta\">\n                                                                                <a style=\"color: #e0094b\" class=\"post_tag\" href=\"?service=rebold-marketing\">Rebold Marketing<\/a>\n                                                                                                                                <a class=\"post_tag\" href=\"?topic=anunciantes\">anunciantes<\/a>\n                                                                            <\/h2>\n                                <h3 class=\"post_title\"><a href=\"https:\/\/letsrebold.com\/es\/blog\/la-super-bowl-mostrara-en-2020-los-anuncios-mas-caros-de-la-historia\/\">La Super Bowl mostrar\u00e1 en 2020 los anuncios m\u00e1s caros de la historia<\/a><\/h3>\n                                <a class=\"post_link\" href=\"https:\/\/letsrebold.com\/es\/blog\/la-super-bowl-mostrara-en-2020-los-anuncios-mas-caros-de-la-historia\/\"><span>Leer m\u00e1s<\/span> <span class=\"ico-right\">M\u00e1s informaci\u00f3n<\/span><\/a>\n                            <\/article>\n                                                                        <article class=\"post rebold-marketing\">\n                                <a class=\"post_image\" href=\"https:\/\/letsrebold.com\/es\/blog\/rebold-identifica-las-10-tendencias-y-retos-que-tendra-que-asumir-el-mercado-en-este-ano\/\"><img loading=\"lazy\" decoding=\"async\" width=\"400\" height=\"300\" src=\"https:\/\/letsrebold.com\/wp-content\/uploads\/2022\/06\/5g.png\" class=\"attachment-img-header size-img-header wp-post-image\" alt=\"\" srcset=\"https:\/\/letsrebold.com\/wp-content\/uploads\/2022\/06\/5g.png 400w, https:\/\/letsrebold.com\/wp-content\/uploads\/2022\/06\/5g-300x225.png 300w, https:\/\/letsrebold.com\/wp-content\/uploads\/2022\/06\/5g-272x204.png 272w, https:\/\/letsrebold.com\/wp-content\/uploads\/2022\/06\/5g-360x270.png 360w\" sizes=\"auto, (max-width: 400px) 100vw, 400px\" \/><\/a>\n                                <h2 class=\"post_meta\">\n                                                                                <a style=\"color: #e0094b\" class=\"post_tag\" href=\"?service=rebold-marketing\">Rebold Marketing<\/a>\n                                                                                                                                <a class=\"post_tag\" href=\"?topic=5g\">5g<\/a>\n                                                                            <\/h2>\n                                <h3 class=\"post_title\"><a href=\"https:\/\/letsrebold.com\/es\/blog\/rebold-identifica-las-10-tendencias-y-retos-que-tendra-que-asumir-el-mercado-en-este-ano\/\">Rebold identifica las 10 tendencias y retos que tendr\u00e1 que asumir el mercado en este a\u00f1o<\/a><\/h3>\n                                <a class=\"post_link\" href=\"https:\/\/letsrebold.com\/es\/blog\/rebold-identifica-las-10-tendencias-y-retos-que-tendra-que-asumir-el-mercado-en-este-ano\/\"><span>Leer m\u00e1s<\/span> <span class=\"ico-right\">M\u00e1s informaci\u00f3n<\/span><\/a>\n                            <\/article>\n                                    <\/div>\n                                    <nav class=\"links links-right\" id=\"loadmore_60\">\n                        <div class=\"container\">\n                            <a href=\"#\" class=\"loadmore\" value=\"60\"><span>Cargar m\u00e1s<\/span> <span class=\"ico-right\"><\/span><\/a>\n                        <\/div>\n                    <\/nav>\n                            <\/div>\n                                <div id=\"page_61\" class=\"d-none\">\n                <div class=\"container posts\">\n                                                                        <article class=\"post rebold-marketing\">\n                                <a class=\"post_image\" href=\"https:\/\/letsrebold.com\/es\/blog\/el-odio-a-las-matematicas-explicado-con-manzanas\/\"><img loading=\"lazy\" decoding=\"async\" width=\"1061\" height=\"326\" src=\"https:\/\/letsrebold.com\/wp-content\/uploads\/2022\/06\/header-1-1061x326.jpg\" class=\"attachment-img-header size-img-header wp-post-image\" alt=\"\" srcset=\"https:\/\/letsrebold.com\/wp-content\/uploads\/2022\/06\/header-1-1061x326.jpg 1061w, https:\/\/letsrebold.com\/wp-content\/uploads\/2022\/06\/header-1-300x92.jpg 300w, https:\/\/letsrebold.com\/wp-content\/uploads\/2022\/06\/header-1-768x236.jpg 768w, https:\/\/letsrebold.com\/wp-content\/uploads\/2022\/06\/header-1-1024x315.jpg 1024w, https:\/\/letsrebold.com\/wp-content\/uploads\/2022\/06\/header-1-360x111.jpg 360w, https:\/\/letsrebold.com\/wp-content\/uploads\/2022\/06\/header-1-578x178.jpg 578w, https:\/\/letsrebold.com\/wp-content\/uploads\/2022\/06\/header-1-761x234.jpg 761w, https:\/\/letsrebold.com\/wp-content\/uploads\/2022\/06\/header-1.jpg 1300w\" sizes=\"auto, (max-width: 1061px) 100vw, 1061px\" \/><\/a>\n                                <h2 class=\"post_meta\">\n                                                                                <a style=\"color: #e0094b\" class=\"post_tag\" href=\"?service=rebold-marketing\">Rebold Marketing<\/a>\n                                                                                                                                <a class=\"post_tag\" href=\"?topic=calculos\">calculos<\/a>\n                                                                            <\/h2>\n                                <h3 class=\"post_title\"><a href=\"https:\/\/letsrebold.com\/es\/blog\/el-odio-a-las-matematicas-explicado-con-manzanas\/\">El odio a las matem\u00e1ticas\u2026 explicado con manzanas<\/a><\/h3>\n                                <a class=\"post_link\" href=\"https:\/\/letsrebold.com\/es\/blog\/el-odio-a-las-matematicas-explicado-con-manzanas\/\"><span>Leer m\u00e1s<\/span> <span class=\"ico-right\">M\u00e1s informaci\u00f3n<\/span><\/a>\n                            <\/article>\n                                                                        <article class=\"post media-intelligence, rebold-communication, rebold-marketing, zero-party-data\">\n                                <a class=\"post_image\" href=\"https:\/\/letsrebold.com\/es\/blog\/las-cinco-claves-que-centraran-la-comunicacion-y-el-marketing-del-sector-del-automovil-en-2020\/\"><img loading=\"lazy\" decoding=\"async\" width=\"400\" height=\"300\" src=\"https:\/\/letsrebold.com\/wp-content\/uploads\/2022\/06\/conectividad.png\" class=\"attachment-img-header size-img-header wp-post-image\" alt=\"\" srcset=\"https:\/\/letsrebold.com\/wp-content\/uploads\/2022\/06\/conectividad.png 400w, https:\/\/letsrebold.com\/wp-content\/uploads\/2022\/06\/conectividad-300x225.png 300w, https:\/\/letsrebold.com\/wp-content\/uploads\/2022\/06\/conectividad-272x204.png 272w, https:\/\/letsrebold.com\/wp-content\/uploads\/2022\/06\/conectividad-360x270.png 360w\" sizes=\"auto, (max-width: 400px) 100vw, 400px\" \/><\/a>\n                                <h2 class=\"post_meta\">\n                                                                                <a style=\"color: #5ac4bb\" class=\"post_tag\" href=\"?service=rebold-communication\">Rebold Communication<\/a>\n                                                                                                                                <a class=\"post_tag\" href=\"?topic=automocion\">automoci\u00f3n<\/a>\n                                                                            <\/h2>\n                                <h3 class=\"post_title\"><a href=\"https:\/\/letsrebold.com\/es\/blog\/las-cinco-claves-que-centraran-la-comunicacion-y-el-marketing-del-sector-del-automovil-en-2020\/\">Las cinco claves que centrar\u00e1n la comunicaci\u00f3n y el marketing del sector del autom\u00f3vil en 2020<\/a><\/h3>\n                                <a class=\"post_link\" href=\"https:\/\/letsrebold.com\/es\/blog\/las-cinco-claves-que-centraran-la-comunicacion-y-el-marketing-del-sector-del-automovil-en-2020\/\"><span>Leer m\u00e1s<\/span> <span class=\"ico-right\">M\u00e1s informaci\u00f3n<\/span><\/a>\n                            <\/article>\n                                                                        <article class=\"post rebold-marketing\">\n                                <a class=\"post_image\" href=\"https:\/\/letsrebold.com\/es\/blog\/10-claves-para-captar-al-comprador-de-ultima-hora\/\"><img loading=\"lazy\" decoding=\"async\" width=\"405\" height=\"250\" src=\"https:\/\/letsrebold.com\/wp-content\/uploads\/2022\/06\/navidad.png\" class=\"attachment-img-header size-img-header wp-post-image\" alt=\"\" srcset=\"https:\/\/letsrebold.com\/wp-content\/uploads\/2022\/06\/navidad.png 405w, https:\/\/letsrebold.com\/wp-content\/uploads\/2022\/06\/navidad-300x185.png 300w, https:\/\/letsrebold.com\/wp-content\/uploads\/2022\/06\/navidad-330x204.png 330w, https:\/\/letsrebold.com\/wp-content\/uploads\/2022\/06\/navidad-360x222.png 360w\" sizes=\"auto, (max-width: 405px) 100vw, 405px\" \/><\/a>\n                                <h2 class=\"post_meta\">\n                                                                                <a style=\"color: #e0094b\" class=\"post_tag\" href=\"?service=rebold-marketing\">Rebold Marketing<\/a>\n                                                                                                                                <a class=\"post_tag\" href=\"?topic=comprar\">comprar<\/a>\n                                                                            <\/h2>\n                                <h3 class=\"post_title\"><a href=\"https:\/\/letsrebold.com\/es\/blog\/10-claves-para-captar-al-comprador-de-ultima-hora\/\">10 claves para captar al comprador de \u00faltima hora<\/a><\/h3>\n                                <a class=\"post_link\" href=\"https:\/\/letsrebold.com\/es\/blog\/10-claves-para-captar-al-comprador-de-ultima-hora\/\"><span>Leer m\u00e1s<\/span> <span class=\"ico-right\">M\u00e1s informaci\u00f3n<\/span><\/a>\n                            <\/article>\n                                                                        <article class=\"post \">\n                                <a class=\"post_image\" href=\"https:\/\/letsrebold.com\/es\/blog\/querido-santa-esta-navidad-deseo\/\"><img loading=\"lazy\" decoding=\"async\" width=\"901\" height=\"600\" src=\"https:\/\/letsrebold.com\/wp-content\/uploads\/2022\/06\/christmas-3026688_1920-901x600.jpg\" class=\"attachment-img-header size-img-header wp-post-image\" alt=\"\" srcset=\"https:\/\/letsrebold.com\/wp-content\/uploads\/2022\/06\/christmas-3026688_1920-901x600.jpg 901w, https:\/\/letsrebold.com\/wp-content\/uploads\/2022\/06\/christmas-3026688_1920-300x200.jpg 300w, https:\/\/letsrebold.com\/wp-content\/uploads\/2022\/06\/christmas-3026688_1920-768x511.jpg 768w, https:\/\/letsrebold.com\/wp-content\/uploads\/2022\/06\/christmas-3026688_1920-1024x682.jpg 1024w, https:\/\/letsrebold.com\/wp-content\/uploads\/2022\/06\/christmas-3026688_1920-306x204.jpg 306w, https:\/\/letsrebold.com\/wp-content\/uploads\/2022\/06\/christmas-3026688_1920-360x240.jpg 360w, https:\/\/letsrebold.com\/wp-content\/uploads\/2022\/06\/christmas-3026688_1920-527x351.jpg 527w, https:\/\/letsrebold.com\/wp-content\/uploads\/2022\/06\/christmas-3026688_1920-574x382.jpg 574w, https:\/\/letsrebold.com\/wp-content\/uploads\/2022\/06\/christmas-3026688_1920-1536x1022.jpg 1536w, https:\/\/letsrebold.com\/wp-content\/uploads\/2022\/06\/christmas-3026688_1920.jpg 1920w\" sizes=\"auto, (max-width: 901px) 100vw, 901px\" \/><\/a>\n                                <h2 class=\"post_meta\">\n                                                                                                                        <a class=\"post_tag\" href=\"?topic=estudios\">Estudios<\/a>\n                                                                            <\/h2>\n                                <h3 class=\"post_title\"><a href=\"https:\/\/letsrebold.com\/es\/blog\/querido-santa-esta-navidad-deseo\/\">Querido Santa,  esta Navidad deseo&#8230;.<\/a><\/h3>\n                                <a class=\"post_link\" href=\"https:\/\/letsrebold.com\/es\/blog\/querido-santa-esta-navidad-deseo\/\"><span>Leer m\u00e1s<\/span> <span class=\"ico-right\">M\u00e1s informaci\u00f3n<\/span><\/a>\n                            <\/article>\n                                                                        <article class=\"post media-intelligence, rebold-communication, rebold-marketing\">\n                                <a class=\"post_image\" href=\"https:\/\/letsrebold.com\/es\/blog\/innovacion-y-sostenibilidad-temas-estrella-de-la-automocion-para-2020\/\"><img loading=\"lazy\" decoding=\"async\" width=\"405\" height=\"250\" src=\"https:\/\/letsrebold.com\/wp-content\/uploads\/2022\/06\/sostenibilidad.png\" class=\"attachment-img-header size-img-header wp-post-image\" alt=\"\" srcset=\"https:\/\/letsrebold.com\/wp-content\/uploads\/2022\/06\/sostenibilidad.png 405w, https:\/\/letsrebold.com\/wp-content\/uploads\/2022\/06\/sostenibilidad-300x185.png 300w, https:\/\/letsrebold.com\/wp-content\/uploads\/2022\/06\/sostenibilidad-330x204.png 330w, https:\/\/letsrebold.com\/wp-content\/uploads\/2022\/06\/sostenibilidad-360x222.png 360w\" sizes=\"auto, (max-width: 405px) 100vw, 405px\" \/><\/a>\n                                <h2 class=\"post_meta\">\n                                                                                <a style=\"color: #5ac4bb\" class=\"post_tag\" href=\"?service=rebold-communication\">Rebold Communication<\/a>\n                                                                                                                                <a class=\"post_tag\" href=\"?topic=consumidores\">consumidores<\/a>\n                                                                            <\/h2>\n                                <h3 class=\"post_title\"><a href=\"https:\/\/letsrebold.com\/es\/blog\/innovacion-y-sostenibilidad-temas-estrella-de-la-automocion-para-2020\/\">Innovaci\u00f3n y sostenibilidad, temas estrella de la automoci\u00f3n para 2020<\/a><\/h3>\n                                <a class=\"post_link\" href=\"https:\/\/letsrebold.com\/es\/blog\/innovacion-y-sostenibilidad-temas-estrella-de-la-automocion-para-2020\/\"><span>Leer m\u00e1s<\/span> <span class=\"ico-right\">M\u00e1s informaci\u00f3n<\/span><\/a>\n                            <\/article>\n                                                                        <article class=\"post rebold-marketing\">\n                                <a class=\"post_image\" href=\"https:\/\/letsrebold.com\/es\/blog\/letsreboldforxmas\/\"><img loading=\"lazy\" decoding=\"async\" width=\"406\" height=\"250\" src=\"https:\/\/letsrebold.com\/wp-content\/uploads\/2022\/06\/rebold-navidad-portada.jpg\" class=\"attachment-img-header size-img-header wp-post-image\" alt=\"\" srcset=\"https:\/\/letsrebold.com\/wp-content\/uploads\/2022\/06\/rebold-navidad-portada.jpg 406w, https:\/\/letsrebold.com\/wp-content\/uploads\/2022\/06\/rebold-navidad-portada-300x185.jpg 300w, https:\/\/letsrebold.com\/wp-content\/uploads\/2022\/06\/rebold-navidad-portada-331x204.jpg 331w, https:\/\/letsrebold.com\/wp-content\/uploads\/2022\/06\/rebold-navidad-portada-360x222.jpg 360w\" sizes=\"auto, (max-width: 406px) 100vw, 406px\" \/><\/a>\n                                <h2 class=\"post_meta\">\n                                                                                <a style=\"color: #e0094b\" class=\"post_tag\" href=\"?service=rebold-marketing\">Rebold Marketing<\/a>\n                                                                                                                                <a class=\"post_tag\" href=\"?topic=rebold\">Rebold<\/a>\n                                                                            <\/h2>\n                                <h3 class=\"post_title\"><a href=\"https:\/\/letsrebold.com\/es\/blog\/letsreboldforxmas\/\">\u00a1letsREBOLDforXmas!<\/a><\/h3>\n                                <a class=\"post_link\" href=\"https:\/\/letsrebold.com\/es\/blog\/letsreboldforxmas\/\"><span>Leer m\u00e1s<\/span> <span class=\"ico-right\">M\u00e1s informaci\u00f3n<\/span><\/a>\n                            <\/article>\n                                    <\/div>\n                                    <nav class=\"links links-right\" id=\"loadmore_61\">\n                        <div class=\"container\">\n                            <a href=\"#\" class=\"loadmore\" value=\"61\"><span>Cargar m\u00e1s<\/span> <span class=\"ico-right\"><\/span><\/a>\n                        <\/div>\n                    <\/nav>\n                            <\/div>\n                                <div id=\"page_62\" class=\"d-none\">\n                <div class=\"container posts\">\n                                                                        <article class=\"post \">\n                                <a class=\"post_image\" href=\"https:\/\/letsrebold.com\/es\/blog\/alberto-garzon-y-pedro-sanchez-se-mantienen-como-diputados-mas-influyentes-en-twitter\/\"><img loading=\"lazy\" decoding=\"async\" width=\"400\" height=\"300\" src=\"https:\/\/letsrebold.com\/wp-content\/uploads\/2022\/06\/sintes-acuerdo-1.png\" class=\"attachment-img-header size-img-header wp-post-image\" alt=\"\" srcset=\"https:\/\/letsrebold.com\/wp-content\/uploads\/2022\/06\/sintes-acuerdo-1.png 400w, https:\/\/letsrebold.com\/wp-content\/uploads\/2022\/06\/sintes-acuerdo-1-300x225.png 300w, https:\/\/letsrebold.com\/wp-content\/uploads\/2022\/06\/sintes-acuerdo-1-272x204.png 272w, https:\/\/letsrebold.com\/wp-content\/uploads\/2022\/06\/sintes-acuerdo-1-360x270.png 360w\" sizes=\"auto, (max-width: 400px) 100vw, 400px\" \/><\/a>\n                                <h2 class=\"post_meta\">\n                                                                                                                        <a class=\"post_tag\" href=\"?topic=diutados\">diutados<\/a>\n                                                                            <\/h2>\n                                <h3 class=\"post_title\"><a href=\"https:\/\/letsrebold.com\/es\/blog\/alberto-garzon-y-pedro-sanchez-se-mantienen-como-diputados-mas-influyentes-en-twitter\/\">ALBERTO GARZ\u00d3N Y PEDRO S\u00c1NCHEZ SE MANTIENEN COMO DIPUTADOS M\u00c1S INFLUYENTES EN TWITTER<\/a><\/h3>\n                                <a class=\"post_link\" href=\"https:\/\/letsrebold.com\/es\/blog\/alberto-garzon-y-pedro-sanchez-se-mantienen-como-diputados-mas-influyentes-en-twitter\/\"><span>Leer m\u00e1s<\/span> <span class=\"ico-right\">M\u00e1s informaci\u00f3n<\/span><\/a>\n                            <\/article>\n                                                                        <article class=\"post media-strategy-research, rebold-marketing\">\n                                <a class=\"post_image\" href=\"https:\/\/letsrebold.com\/es\/blog\/rebold-y-sintesi-trabajaran-juntas-para-introducir-estrategias-de-gestion-de-la-reputacion-basadas-en-la-inteligencia-de-datos-3\/\"><img loading=\"lazy\" decoding=\"async\" width=\"400\" height=\"300\" src=\"https:\/\/letsrebold.com\/wp-content\/uploads\/2022\/06\/sintes-acuerdo.png\" class=\"attachment-img-header size-img-header wp-post-image\" alt=\"\" srcset=\"https:\/\/letsrebold.com\/wp-content\/uploads\/2022\/06\/sintes-acuerdo.png 400w, https:\/\/letsrebold.com\/wp-content\/uploads\/2022\/06\/sintes-acuerdo-300x225.png 300w, https:\/\/letsrebold.com\/wp-content\/uploads\/2022\/06\/sintes-acuerdo-272x204.png 272w, https:\/\/letsrebold.com\/wp-content\/uploads\/2022\/06\/sintes-acuerdo-360x270.png 360w\" sizes=\"auto, (max-width: 400px) 100vw, 400px\" \/><\/a>\n                                <h2 class=\"post_meta\">\n                                                                                <a style=\"color: #e0094b\" class=\"post_tag\" href=\"?service=rebold-marketing\">Rebold Marketing<\/a>\n                                                                                                                                <a class=\"post_tag\" href=\"?topic=analisis\">An\u00e1lisis<\/a>\n                                                                            <\/h2>\n                                <h3 class=\"post_title\"><a href=\"https:\/\/letsrebold.com\/es\/blog\/rebold-y-sintesi-trabajaran-juntas-para-introducir-estrategias-de-gestion-de-la-reputacion-basadas-en-la-inteligencia-de-datos-3\/\">Rebold y S\u00edntesi trabajar\u00e1n juntas para introducir estrategias de gesti\u00f3n de la reputaci\u00f3n basadas en la inteligencia de datos<\/a><\/h3>\n                                <a class=\"post_link\" href=\"https:\/\/letsrebold.com\/es\/blog\/rebold-y-sintesi-trabajaran-juntas-para-introducir-estrategias-de-gestion-de-la-reputacion-basadas-en-la-inteligencia-de-datos-3\/\"><span>Leer m\u00e1s<\/span> <span class=\"ico-right\">M\u00e1s informaci\u00f3n<\/span><\/a>\n                            <\/article>\n                                                                        <article class=\"post rebold-marketing, zero-party-data\">\n                                <a class=\"post_image\" href=\"https:\/\/letsrebold.com\/es\/blog\/10-retos-a-superar-para-aprovechar-la-potencia-del-data\/\"><img loading=\"lazy\" decoding=\"async\" width=\"450\" height=\"600\" src=\"https:\/\/letsrebold.com\/wp-content\/uploads\/2022\/06\/14-marzo-2018-1-450x600.jpg\" class=\"attachment-img-header size-img-header wp-post-image\" alt=\"\" srcset=\"https:\/\/letsrebold.com\/wp-content\/uploads\/2022\/06\/14-marzo-2018-1-450x600.jpg 450w, https:\/\/letsrebold.com\/wp-content\/uploads\/2022\/06\/14-marzo-2018-1-225x300.jpg 225w, https:\/\/letsrebold.com\/wp-content\/uploads\/2022\/06\/14-marzo-2018-1-153x204.jpg 153w, https:\/\/letsrebold.com\/wp-content\/uploads\/2022\/06\/14-marzo-2018-1-360x480.jpg 360w, https:\/\/letsrebold.com\/wp-content\/uploads\/2022\/06\/14-marzo-2018-1-263x351.jpg 263w, https:\/\/letsrebold.com\/wp-content\/uploads\/2022\/06\/14-marzo-2018-1-287x382.jpg 287w, https:\/\/letsrebold.com\/wp-content\/uploads\/2022\/06\/14-marzo-2018-1.jpg 768w\" sizes=\"auto, (max-width: 450px) 100vw, 450px\" \/><\/a>\n                                <h2 class=\"post_meta\">\n                                                                                <a style=\"color: #e0094b\" class=\"post_tag\" href=\"?service=rebold-marketing\">Rebold Marketing<\/a>\n                                                                                                                                <a class=\"post_tag\" href=\"?topic=data\">data<\/a>\n                                                                            <\/h2>\n                                <h3 class=\"post_title\"><a href=\"https:\/\/letsrebold.com\/es\/blog\/10-retos-a-superar-para-aprovechar-la-potencia-del-data\/\">10 retos a superar para aprovechar la potencia del data<\/a><\/h3>\n                                <a class=\"post_link\" href=\"https:\/\/letsrebold.com\/es\/blog\/10-retos-a-superar-para-aprovechar-la-potencia-del-data\/\"><span>Leer m\u00e1s<\/span> <span class=\"ico-right\">M\u00e1s informaci\u00f3n<\/span><\/a>\n                            <\/article>\n                                                                        <article class=\"post rebold-marketing, zero-party-data\">\n                                <a class=\"post_image\" href=\"https:\/\/letsrebold.com\/es\/blog\/los-10-retos-que-las-marcas-tienen-que-superar-para-aprovechar-la-potencia-del-data\/\"><img loading=\"lazy\" decoding=\"async\" width=\"405\" height=\"250\" src=\"https:\/\/letsrebold.com\/wp-content\/uploads\/2022\/06\/ddmu-madrid.png\" class=\"attachment-img-header size-img-header wp-post-image\" alt=\"\" srcset=\"https:\/\/letsrebold.com\/wp-content\/uploads\/2022\/06\/ddmu-madrid.png 405w, https:\/\/letsrebold.com\/wp-content\/uploads\/2022\/06\/ddmu-madrid-300x185.png 300w, https:\/\/letsrebold.com\/wp-content\/uploads\/2022\/06\/ddmu-madrid-330x204.png 330w, https:\/\/letsrebold.com\/wp-content\/uploads\/2022\/06\/ddmu-madrid-360x222.png 360w\" sizes=\"auto, (max-width: 405px) 100vw, 405px\" \/><\/a>\n                                <h2 class=\"post_meta\">\n                                                                                <a style=\"color: #e0094b\" class=\"post_tag\" href=\"?service=rebold-marketing\">Rebold Marketing<\/a>\n                                                                                                                                <a class=\"post_tag\" href=\"?topic=data\">data<\/a>\n                                                                            <\/h2>\n                                <h3 class=\"post_title\"><a href=\"https:\/\/letsrebold.com\/es\/blog\/los-10-retos-que-las-marcas-tienen-que-superar-para-aprovechar-la-potencia-del-data\/\">Los 10 retos que las marcas tienen que superar para aprovechar la potencia del data<\/a><\/h3>\n                                <a class=\"post_link\" href=\"https:\/\/letsrebold.com\/es\/blog\/los-10-retos-que-las-marcas-tienen-que-superar-para-aprovechar-la-potencia-del-data\/\"><span>Leer m\u00e1s<\/span> <span class=\"ico-right\">M\u00e1s informaci\u00f3n<\/span><\/a>\n                            <\/article>\n                                                                        <article class=\"post \">\n                                <a class=\"post_image\" href=\"https:\/\/letsrebold.com\/es\/blog\/dia-mundial-de-la-diabetes\/\"><img loading=\"lazy\" decoding=\"async\" width=\"1061\" height=\"326\" src=\"https:\/\/letsrebold.com\/wp-content\/uploads\/2022\/06\/15_oct-1061x326.jpg\" class=\"attachment-img-header size-img-header wp-post-image\" alt=\"\" srcset=\"https:\/\/letsrebold.com\/wp-content\/uploads\/2022\/06\/15_oct-1061x326.jpg 1061w, https:\/\/letsrebold.com\/wp-content\/uploads\/2022\/06\/15_oct-300x92.jpg 300w, https:\/\/letsrebold.com\/wp-content\/uploads\/2022\/06\/15_oct-768x236.jpg 768w, https:\/\/letsrebold.com\/wp-content\/uploads\/2022\/06\/15_oct-1024x315.jpg 1024w, https:\/\/letsrebold.com\/wp-content\/uploads\/2022\/06\/15_oct-360x111.jpg 360w, https:\/\/letsrebold.com\/wp-content\/uploads\/2022\/06\/15_oct-578x178.jpg 578w, https:\/\/letsrebold.com\/wp-content\/uploads\/2022\/06\/15_oct-761x234.jpg 761w, https:\/\/letsrebold.com\/wp-content\/uploads\/2022\/06\/15_oct.jpg 1300w\" sizes=\"auto, (max-width: 1061px) 100vw, 1061px\" \/><\/a>\n                                <h2 class=\"post_meta\">\n                                                                                                                        <a class=\"post_tag\" href=\"?topic=estudios\">Estudios<\/a>\n                                                                            <\/h2>\n                                <h3 class=\"post_title\"><a href=\"https:\/\/letsrebold.com\/es\/blog\/dia-mundial-de-la-diabetes\/\">D\u00eda Mundial de la Diabetes<\/a><\/h3>\n                                <a class=\"post_link\" href=\"https:\/\/letsrebold.com\/es\/blog\/dia-mundial-de-la-diabetes\/\"><span>Leer m\u00e1s<\/span> <span class=\"ico-right\">M\u00e1s informaci\u00f3n<\/span><\/a>\n                            <\/article>\n                                                                        <article class=\"post media-strategy-research, rebold-marketing, zero-party-data\">\n                                <a class=\"post_image\" href=\"https:\/\/letsrebold.com\/es\/blog\/jawinda-payano-nueva-country-manager-de-rebold-analytics-spain\/\"><img loading=\"lazy\" decoding=\"async\" width=\"400\" height=\"400\" src=\"https:\/\/letsrebold.com\/wp-content\/uploads\/2022\/06\/jawinda-payano.jpg\" class=\"attachment-img-header size-img-header wp-post-image\" alt=\"\" srcset=\"https:\/\/letsrebold.com\/wp-content\/uploads\/2022\/06\/jawinda-payano.jpg 400w, https:\/\/letsrebold.com\/wp-content\/uploads\/2022\/06\/jawinda-payano-150x150.jpg 150w, https:\/\/letsrebold.com\/wp-content\/uploads\/2022\/06\/jawinda-payano-300x300.jpg 300w, https:\/\/letsrebold.com\/wp-content\/uploads\/2022\/06\/jawinda-payano-204x204.jpg 204w, https:\/\/letsrebold.com\/wp-content\/uploads\/2022\/06\/jawinda-payano-360x360.jpg 360w, https:\/\/letsrebold.com\/wp-content\/uploads\/2022\/06\/jawinda-payano-351x351.jpg 351w, https:\/\/letsrebold.com\/wp-content\/uploads\/2022\/06\/jawinda-payano-382x382.jpg 382w\" sizes=\"auto, (max-width: 400px) 100vw, 400px\" \/><\/a>\n                                <h2 class=\"post_meta\">\n                                                                                <a style=\"color: #e0094b\" class=\"post_tag\" href=\"?service=rebold-marketing\">Rebold Marketing<\/a>\n                                                                                                                                <a class=\"post_tag\" href=\"?topic=analytics\">analytics<\/a>\n                                                                            <\/h2>\n                                <h3 class=\"post_title\"><a href=\"https:\/\/letsrebold.com\/es\/blog\/jawinda-payano-nueva-country-manager-de-rebold-analytics-spain\/\">Jawinda Payano, nueva Country Manager de Rebold Analytics Spain<\/a><\/h3>\n                                <a class=\"post_link\" href=\"https:\/\/letsrebold.com\/es\/blog\/jawinda-payano-nueva-country-manager-de-rebold-analytics-spain\/\"><span>Leer m\u00e1s<\/span> <span class=\"ico-right\">M\u00e1s informaci\u00f3n<\/span><\/a>\n                            <\/article>\n                                    <\/div>\n                                    <nav class=\"links links-right\" id=\"loadmore_62\">\n                        <div class=\"container\">\n                            <a href=\"#\" class=\"loadmore\" value=\"62\"><span>Cargar m\u00e1s<\/span> <span class=\"ico-right\"><\/span><\/a>\n                        <\/div>\n                    <\/nav>\n                            <\/div>\n                                <div id=\"page_63\" class=\"d-none\">\n                <div class=\"container posts\">\n                                                                        <article class=\"post performance, rebold-marketing\">\n                                <a class=\"post_image\" href=\"https:\/\/letsrebold.com\/es\/blog\/como-acertar-con-un-territorio-de-marca\/\"><img loading=\"lazy\" decoding=\"async\" width=\"751\" height=\"600\" src=\"https:\/\/letsrebold.com\/wp-content\/uploads\/2022\/06\/shutterstock_401475409-751x600.jpg\" class=\"attachment-img-header size-img-header wp-post-image\" alt=\"\" srcset=\"https:\/\/letsrebold.com\/wp-content\/uploads\/2022\/06\/shutterstock_401475409-751x600.jpg 751w, https:\/\/letsrebold.com\/wp-content\/uploads\/2022\/06\/shutterstock_401475409-300x240.jpg 300w, https:\/\/letsrebold.com\/wp-content\/uploads\/2022\/06\/shutterstock_401475409-768x614.jpg 768w, https:\/\/letsrebold.com\/wp-content\/uploads\/2022\/06\/shutterstock_401475409-255x204.jpg 255w, https:\/\/letsrebold.com\/wp-content\/uploads\/2022\/06\/shutterstock_401475409-360x288.jpg 360w, https:\/\/letsrebold.com\/wp-content\/uploads\/2022\/06\/shutterstock_401475409-439x351.jpg 439w, https:\/\/letsrebold.com\/wp-content\/uploads\/2022\/06\/shutterstock_401475409-478x382.jpg 478w, https:\/\/letsrebold.com\/wp-content\/uploads\/2022\/06\/shutterstock_401475409.jpg 1000w\" sizes=\"auto, (max-width: 751px) 100vw, 751px\" \/><\/a>\n                                <h2 class=\"post_meta\">\n                                                                                <a style=\"color: #e0094b\" class=\"post_tag\" href=\"?service=rebold-marketing\">Rebold Marketing<\/a>\n                                                                                                                                <a class=\"post_tag\" href=\"?topic=planificacion-estrategica\">Planificaci\u00f3n estrat\u00e9gica<\/a>\n                                                                            <\/h2>\n                                <h3 class=\"post_title\"><a href=\"https:\/\/letsrebold.com\/es\/blog\/como-acertar-con-un-territorio-de-marca\/\">C\u00f3mo acertar con un territorio de comunicaci\u00f3n<\/a><\/h3>\n                                <a class=\"post_link\" href=\"https:\/\/letsrebold.com\/es\/blog\/como-acertar-con-un-territorio-de-marca\/\"><span>Leer m\u00e1s<\/span> <span class=\"ico-right\">M\u00e1s informaci\u00f3n<\/span><\/a>\n                            <\/article>\n                                                                        <article class=\"post \">\n                                <a class=\"post_image\" href=\"https:\/\/letsrebold.com\/es\/blog\/otro-pozolito-de-como-la-comida-afecta-nuestra-percepcion-de-las-fiestas\/\"><img loading=\"lazy\" decoding=\"async\" width=\"1061\" height=\"326\" src=\"https:\/\/letsrebold.com\/wp-content\/uploads\/2022\/06\/head-1-1061x326.jpg\" class=\"attachment-img-header size-img-header wp-post-image\" alt=\"\" srcset=\"https:\/\/letsrebold.com\/wp-content\/uploads\/2022\/06\/head-1-1061x326.jpg 1061w, https:\/\/letsrebold.com\/wp-content\/uploads\/2022\/06\/head-1-300x92.jpg 300w, https:\/\/letsrebold.com\/wp-content\/uploads\/2022\/06\/head-1-768x236.jpg 768w, https:\/\/letsrebold.com\/wp-content\/uploads\/2022\/06\/head-1-1024x315.jpg 1024w, https:\/\/letsrebold.com\/wp-content\/uploads\/2022\/06\/head-1-360x111.jpg 360w, https:\/\/letsrebold.com\/wp-content\/uploads\/2022\/06\/head-1-578x178.jpg 578w, https:\/\/letsrebold.com\/wp-content\/uploads\/2022\/06\/head-1-761x234.jpg 761w, https:\/\/letsrebold.com\/wp-content\/uploads\/2022\/06\/head-1.jpg 1300w\" sizes=\"auto, (max-width: 1061px) 100vw, 1061px\" \/><\/a>\n                                <h2 class=\"post_meta\">\n                                                                                                                        <a class=\"post_tag\" href=\"?topic=estudios\">Estudios<\/a>\n                                                                            <\/h2>\n                                <h3 class=\"post_title\"><a href=\"https:\/\/letsrebold.com\/es\/blog\/otro-pozolito-de-como-la-comida-afecta-nuestra-percepcion-de-las-fiestas\/\">\u00bfOtro pozolito? De c\u00f3mo la comida afecta nuestra percepci\u00f3n de las fiestas<\/a><\/h3>\n                                <a class=\"post_link\" href=\"https:\/\/letsrebold.com\/es\/blog\/otro-pozolito-de-como-la-comida-afecta-nuestra-percepcion-de-las-fiestas\/\"><span>Leer m\u00e1s<\/span> <span class=\"ico-right\">M\u00e1s informaci\u00f3n<\/span><\/a>\n                            <\/article>\n                                                                        <article class=\"post rebold-marketing\">\n                                <a class=\"post_image\" href=\"https:\/\/letsrebold.com\/es\/blog\/rebold-analiza-las-claves-para-desarrollar-una-correcta-estrategia-data-driven-en-marketing\/\"><img loading=\"lazy\" decoding=\"async\" width=\"405\" height=\"250\" src=\"https:\/\/letsrebold.com\/wp-content\/uploads\/2022\/06\/ddmu-bcn.png\" class=\"attachment-img-header size-img-header wp-post-image\" alt=\"\" srcset=\"https:\/\/letsrebold.com\/wp-content\/uploads\/2022\/06\/ddmu-bcn.png 405w, https:\/\/letsrebold.com\/wp-content\/uploads\/2022\/06\/ddmu-bcn-300x185.png 300w, https:\/\/letsrebold.com\/wp-content\/uploads\/2022\/06\/ddmu-bcn-330x204.png 330w, https:\/\/letsrebold.com\/wp-content\/uploads\/2022\/06\/ddmu-bcn-360x222.png 360w\" sizes=\"auto, (max-width: 405px) 100vw, 405px\" \/><\/a>\n                                <h2 class=\"post_meta\">\n                                                                                <a style=\"color: #e0094b\" class=\"post_tag\" href=\"?service=rebold-marketing\">Rebold Marketing<\/a>\n                                                                                                                                <a class=\"post_tag\" href=\"?topic=rebold\">Rebold<\/a>\n                                                                            <\/h2>\n                                <h3 class=\"post_title\"><a href=\"https:\/\/letsrebold.com\/es\/blog\/rebold-analiza-las-claves-para-desarrollar-una-correcta-estrategia-data-driven-en-marketing\/\">Rebold analiza las claves para desarrollar una correcta estrategia data driven en Marketing<\/a><\/h3>\n                                <a class=\"post_link\" href=\"https:\/\/letsrebold.com\/es\/blog\/rebold-analiza-las-claves-para-desarrollar-una-correcta-estrategia-data-driven-en-marketing\/\"><span>Leer m\u00e1s<\/span> <span class=\"ico-right\">M\u00e1s informaci\u00f3n<\/span><\/a>\n                            <\/article>\n                                                                        <article class=\"post consumer-intelligence, media-intelligence, rebold-communication\">\n                                <a class=\"post_image\" href=\"https:\/\/letsrebold.com\/es\/blog\/existe-una-herramienta-de-monitorizacion-de-social-media-que-lo-tenga-todo\/\"><img loading=\"lazy\" decoding=\"async\" width=\"405\" height=\"250\" src=\"https:\/\/letsrebold.com\/wp-content\/uploads\/2022\/06\/peq-herramienteas-social-listening-peq.png\" class=\"attachment-img-header size-img-header wp-post-image\" alt=\"\" srcset=\"https:\/\/letsrebold.com\/wp-content\/uploads\/2022\/06\/peq-herramienteas-social-listening-peq.png 405w, https:\/\/letsrebold.com\/wp-content\/uploads\/2022\/06\/peq-herramienteas-social-listening-peq-300x185.png 300w, https:\/\/letsrebold.com\/wp-content\/uploads\/2022\/06\/peq-herramienteas-social-listening-peq-330x204.png 330w, https:\/\/letsrebold.com\/wp-content\/uploads\/2022\/06\/peq-herramienteas-social-listening-peq-360x222.png 360w\" sizes=\"auto, (max-width: 405px) 100vw, 405px\" \/><\/a>\n                                <h2 class=\"post_meta\">\n                                                                                <a style=\"color: #5ac4bb\" class=\"post_tag\" href=\"?service=rebold-communication\">Rebold Communication<\/a>\n                                                                                                                                <a class=\"post_tag\" href=\"?topic=datos\">datos<\/a>\n                                                                            <\/h2>\n                                <h3 class=\"post_title\"><a href=\"https:\/\/letsrebold.com\/es\/blog\/existe-una-herramienta-de-monitorizacion-de-social-media-que-lo-tenga-todo\/\">\u00bfExiste una herramienta de monitorizaci\u00f3n de social media que lo tenga todo?<\/a><\/h3>\n                                <a class=\"post_link\" href=\"https:\/\/letsrebold.com\/es\/blog\/existe-una-herramienta-de-monitorizacion-de-social-media-que-lo-tenga-todo\/\"><span>Leer m\u00e1s<\/span> <span class=\"ico-right\">M\u00e1s informaci\u00f3n<\/span><\/a>\n                            <\/article>\n                                                                        <article class=\"post rebold-marketing\">\n                                <a class=\"post_image\" href=\"https:\/\/letsrebold.com\/es\/blog\/cuando-el-futuro-nos-alcance-digitalizacion-turistica\/\"><img loading=\"lazy\" decoding=\"async\" width=\"1061\" height=\"326\" src=\"https:\/\/letsrebold.com\/wp-content\/uploads\/2022\/06\/head_24_oct-1061x326.jpg\" class=\"attachment-img-header size-img-header wp-post-image\" alt=\"\" srcset=\"https:\/\/letsrebold.com\/wp-content\/uploads\/2022\/06\/head_24_oct-1061x326.jpg 1061w, https:\/\/letsrebold.com\/wp-content\/uploads\/2022\/06\/head_24_oct-300x92.jpg 300w, https:\/\/letsrebold.com\/wp-content\/uploads\/2022\/06\/head_24_oct-768x236.jpg 768w, https:\/\/letsrebold.com\/wp-content\/uploads\/2022\/06\/head_24_oct-1024x315.jpg 1024w, https:\/\/letsrebold.com\/wp-content\/uploads\/2022\/06\/head_24_oct-360x111.jpg 360w, https:\/\/letsrebold.com\/wp-content\/uploads\/2022\/06\/head_24_oct-578x178.jpg 578w, https:\/\/letsrebold.com\/wp-content\/uploads\/2022\/06\/head_24_oct-761x234.jpg 761w, https:\/\/letsrebold.com\/wp-content\/uploads\/2022\/06\/head_24_oct.jpg 1300w\" sizes=\"auto, (max-width: 1061px) 100vw, 1061px\" \/><\/a>\n                                <h2 class=\"post_meta\">\n                                                                                <a style=\"color: #e0094b\" class=\"post_tag\" href=\"?service=rebold-marketing\">Rebold Marketing<\/a>\n                                                                                                                                <a class=\"post_tag\" href=\"?topic=transformacion-digital\">Transformaci\u00f3n Digital<\/a>\n                                                                            <\/h2>\n                                <h3 class=\"post_title\"><a href=\"https:\/\/letsrebold.com\/es\/blog\/cuando-el-futuro-nos-alcance-digitalizacion-turistica\/\">Cuando el futuro nos alcance: Digitalizaci\u00f3n tur\u00edstica<\/a><\/h3>\n                                <a class=\"post_link\" href=\"https:\/\/letsrebold.com\/es\/blog\/cuando-el-futuro-nos-alcance-digitalizacion-turistica\/\"><span>Leer m\u00e1s<\/span> <span class=\"ico-right\">M\u00e1s informaci\u00f3n<\/span><\/a>\n                            <\/article>\n                                                                        <article class=\"post media-intelligence, rebold-communication, rebold-marketing\">\n                                <a class=\"post_image\" href=\"https:\/\/letsrebold.com\/es\/blog\/diego-carrasco-nuevo-market-intelligence-manager-de-rebold\/\"><img loading=\"lazy\" decoding=\"async\" width=\"572\" height=\"600\" src=\"https:\/\/letsrebold.com\/wp-content\/uploads\/2022\/06\/carras-572x600.png\" class=\"attachment-img-header size-img-header wp-post-image\" alt=\"\" srcset=\"https:\/\/letsrebold.com\/wp-content\/uploads\/2022\/06\/carras-572x600.png 572w, https:\/\/letsrebold.com\/wp-content\/uploads\/2022\/06\/carras-286x300.png 286w, https:\/\/letsrebold.com\/wp-content\/uploads\/2022\/06\/carras-194x204.png 194w, https:\/\/letsrebold.com\/wp-content\/uploads\/2022\/06\/carras-360x378.png 360w, https:\/\/letsrebold.com\/wp-content\/uploads\/2022\/06\/carras-335x351.png 335w, https:\/\/letsrebold.com\/wp-content\/uploads\/2022\/06\/carras-364x382.png 364w, https:\/\/letsrebold.com\/wp-content\/uploads\/2022\/06\/carras.png 711w\" sizes=\"auto, (max-width: 572px) 100vw, 572px\" \/><\/a>\n                                <h2 class=\"post_meta\">\n                                                                                <a style=\"color: #5ac4bb\" class=\"post_tag\" href=\"?service=rebold-communication\">Rebold Communication<\/a>\n                                                                                                                                <a class=\"post_tag\" href=\"?topic=branding\">Branding<\/a>\n                                                                            <\/h2>\n                                <h3 class=\"post_title\"><a href=\"https:\/\/letsrebold.com\/es\/blog\/diego-carrasco-nuevo-market-intelligence-manager-de-rebold\/\">Diego Carrasco, nuevo Market Intelligence Manager de Rebold<\/a><\/h3>\n                                <a class=\"post_link\" href=\"https:\/\/letsrebold.com\/es\/blog\/diego-carrasco-nuevo-market-intelligence-manager-de-rebold\/\"><span>Leer m\u00e1s<\/span> <span class=\"ico-right\">M\u00e1s informaci\u00f3n<\/span><\/a>\n                            <\/article>\n                                    <\/div>\n                                    <nav class=\"links links-right\" id=\"loadmore_63\">\n                        <div class=\"container\">\n                            <a href=\"#\" class=\"loadmore\" value=\"63\"><span>Cargar m\u00e1s<\/span> <span class=\"ico-right\"><\/span><\/a>\n                        <\/div>\n                    <\/nav>\n                            <\/div>\n                                <div id=\"page_64\" class=\"d-none\">\n                <div class=\"container posts\">\n                                                                        <article class=\"post \">\n                                <a class=\"post_image\" href=\"https:\/\/letsrebold.com\/es\/blog\/19-de-octubre-dia-mundial-contra-el-cancer-de-mama\/\"><img loading=\"lazy\" decoding=\"async\" width=\"1061\" height=\"326\" src=\"https:\/\/letsrebold.com\/wp-content\/uploads\/2022\/06\/mes-rosa-1061x326.jpg\" class=\"attachment-img-header size-img-header wp-post-image\" alt=\"\" srcset=\"https:\/\/letsrebold.com\/wp-content\/uploads\/2022\/06\/mes-rosa-1061x326.jpg 1061w, https:\/\/letsrebold.com\/wp-content\/uploads\/2022\/06\/mes-rosa-300x92.jpg 300w, https:\/\/letsrebold.com\/wp-content\/uploads\/2022\/06\/mes-rosa-768x236.jpg 768w, https:\/\/letsrebold.com\/wp-content\/uploads\/2022\/06\/mes-rosa-1024x315.jpg 1024w, https:\/\/letsrebold.com\/wp-content\/uploads\/2022\/06\/mes-rosa-360x111.jpg 360w, https:\/\/letsrebold.com\/wp-content\/uploads\/2022\/06\/mes-rosa-578x178.jpg 578w, https:\/\/letsrebold.com\/wp-content\/uploads\/2022\/06\/mes-rosa-761x234.jpg 761w, https:\/\/letsrebold.com\/wp-content\/uploads\/2022\/06\/mes-rosa.jpg 1300w\" sizes=\"auto, (max-width: 1061px) 100vw, 1061px\" \/><\/a>\n                                <h2 class=\"post_meta\">\n                                                                                                                        <a class=\"post_tag\" href=\"?topic=estudios\">Estudios<\/a>\n                                                                            <\/h2>\n                                <h3 class=\"post_title\"><a href=\"https:\/\/letsrebold.com\/es\/blog\/19-de-octubre-dia-mundial-contra-el-cancer-de-mama\/\">19 de Octubre: D\u00eda Mundial contra el C\u00e1ncer de Mama<\/a><\/h3>\n                                <a class=\"post_link\" href=\"https:\/\/letsrebold.com\/es\/blog\/19-de-octubre-dia-mundial-contra-el-cancer-de-mama\/\"><span>Leer m\u00e1s<\/span> <span class=\"ico-right\">M\u00e1s informaci\u00f3n<\/span><\/a>\n                            <\/article>\n                                                                        <article class=\"post consumer-intelligence, rebold-communication, rebold-marketing\">\n                                <a class=\"post_image\" href=\"https:\/\/letsrebold.com\/es\/blog\/social-listening-para-la-gestion-estrategica-de-la-comunicacion\/\"><img loading=\"lazy\" decoding=\"async\" width=\"405\" height=\"250\" src=\"https:\/\/letsrebold.com\/wp-content\/uploads\/2022\/06\/social-listening-peq.png\" class=\"attachment-img-header size-img-header wp-post-image\" alt=\"\" srcset=\"https:\/\/letsrebold.com\/wp-content\/uploads\/2022\/06\/social-listening-peq.png 405w, https:\/\/letsrebold.com\/wp-content\/uploads\/2022\/06\/social-listening-peq-300x185.png 300w, https:\/\/letsrebold.com\/wp-content\/uploads\/2022\/06\/social-listening-peq-330x204.png 330w, https:\/\/letsrebold.com\/wp-content\/uploads\/2022\/06\/social-listening-peq-360x222.png 360w\" sizes=\"auto, (max-width: 405px) 100vw, 405px\" \/><\/a>\n                                <h2 class=\"post_meta\">\n                                                                                <a style=\"color: #5ac4bb\" class=\"post_tag\" href=\"?service=rebold-communication\">Rebold Communication<\/a>\n                                                                                                                                <a class=\"post_tag\" href=\"?topic=brandwatch\">brandwatch<\/a>\n                                                                            <\/h2>\n                                <h3 class=\"post_title\"><a href=\"https:\/\/letsrebold.com\/es\/blog\/social-listening-para-la-gestion-estrategica-de-la-comunicacion\/\">Social Listening para la gesti\u00f3n estrat\u00e9gica de la comunicaci\u00f3n<\/a><\/h3>\n                                <a class=\"post_link\" href=\"https:\/\/letsrebold.com\/es\/blog\/social-listening-para-la-gestion-estrategica-de-la-comunicacion\/\"><span>Leer m\u00e1s<\/span> <span class=\"ico-right\">M\u00e1s informaci\u00f3n<\/span><\/a>\n                            <\/article>\n                                                                        <article class=\"post media-strategy-research, rebold-marketing, zero-party-data\">\n                                <a class=\"post_image\" href=\"https:\/\/letsrebold.com\/es\/blog\/rebold-celebra-su-primer-data-driven-meet-up\/\"><img loading=\"lazy\" decoding=\"async\" width=\"504\" height=\"352\" src=\"https:\/\/letsrebold.com\/wp-content\/uploads\/2022\/06\/ddd.png\" class=\"attachment-img-header size-img-header wp-post-image\" alt=\"\" srcset=\"https:\/\/letsrebold.com\/wp-content\/uploads\/2022\/06\/ddd.png 504w, https:\/\/letsrebold.com\/wp-content\/uploads\/2022\/06\/ddd-300x210.png 300w, https:\/\/letsrebold.com\/wp-content\/uploads\/2022\/06\/ddd-292x204.png 292w, https:\/\/letsrebold.com\/wp-content\/uploads\/2022\/06\/ddd-360x251.png 360w\" sizes=\"auto, (max-width: 504px) 100vw, 504px\" \/><\/a>\n                                <h2 class=\"post_meta\">\n                                                                                <a style=\"color: #e0094b\" class=\"post_tag\" href=\"?service=rebold-marketing\">Rebold Marketing<\/a>\n                                                                                                                                <a class=\"post_tag\" href=\"?topic=analytics\">analytics<\/a>\n                                                                            <\/h2>\n                                <h3 class=\"post_title\"><a href=\"https:\/\/letsrebold.com\/es\/blog\/rebold-celebra-su-primer-data-driven-meet-up\/\">Rebold celebra su primer Data Driven Meet Up<\/a><\/h3>\n                                <a class=\"post_link\" href=\"https:\/\/letsrebold.com\/es\/blog\/rebold-celebra-su-primer-data-driven-meet-up\/\"><span>Leer m\u00e1s<\/span> <span class=\"ico-right\">M\u00e1s informaci\u00f3n<\/span><\/a>\n                            <\/article>\n                                                                        <article class=\"post rebold-marketing\">\n                                <a class=\"post_image\" href=\"https:\/\/letsrebold.com\/es\/blog\/10-pasos-para-lograr-un-content-hub-desde-el-que-comunicar-con-los-consumidores-digitales\/\"><img loading=\"lazy\" decoding=\"async\" width=\"948\" height=\"600\" src=\"https:\/\/letsrebold.com\/wp-content\/uploads\/2022\/06\/unnamed-1-948x600.png\" class=\"attachment-img-header size-img-header wp-post-image\" alt=\"\" srcset=\"https:\/\/letsrebold.com\/wp-content\/uploads\/2022\/06\/unnamed-1-948x600.png 948w, https:\/\/letsrebold.com\/wp-content\/uploads\/2022\/06\/unnamed-1-300x190.png 300w, https:\/\/letsrebold.com\/wp-content\/uploads\/2022\/06\/unnamed-1-768x486.png 768w, https:\/\/letsrebold.com\/wp-content\/uploads\/2022\/06\/unnamed-1-1024x648.png 1024w, https:\/\/letsrebold.com\/wp-content\/uploads\/2022\/06\/unnamed-1-322x204.png 322w, https:\/\/letsrebold.com\/wp-content\/uploads\/2022\/06\/unnamed-1-360x228.png 360w, https:\/\/letsrebold.com\/wp-content\/uploads\/2022\/06\/unnamed-1-555x351.png 555w, https:\/\/letsrebold.com\/wp-content\/uploads\/2022\/06\/unnamed-1-604x382.png 604w, https:\/\/letsrebold.com\/wp-content\/uploads\/2022\/06\/unnamed-1.png 1433w\" sizes=\"auto, (max-width: 948px) 100vw, 948px\" \/><\/a>\n                                <h2 class=\"post_meta\">\n                                                                                <a style=\"color: #e0094b\" class=\"post_tag\" href=\"?service=rebold-marketing\">Rebold Marketing<\/a>\n                                                                                                                                <a class=\"post_tag\" href=\"?topic=digital-marketing\">Digital Marketing<\/a>\n                                                                            <\/h2>\n                                <h3 class=\"post_title\"><a href=\"https:\/\/letsrebold.com\/es\/blog\/10-pasos-para-lograr-un-content-hub-desde-el-que-comunicar-con-los-consumidores-digitales\/\">10 pasos para lograr un Content Hub desde el que comunicar con los consumidores digitales<\/a><\/h3>\n                                <a class=\"post_link\" href=\"https:\/\/letsrebold.com\/es\/blog\/10-pasos-para-lograr-un-content-hub-desde-el-que-comunicar-con-los-consumidores-digitales\/\"><span>Leer m\u00e1s<\/span> <span class=\"ico-right\">M\u00e1s informaci\u00f3n<\/span><\/a>\n                            <\/article>\n                                                                        <article class=\"post rebold-marketing, zero-party-data\">\n                                <a class=\"post_image\" href=\"https:\/\/letsrebold.com\/es\/blog\/que-es-el-engagement-on-site-y-por-que-debemos-empezar-a-medirlo\/\"><img loading=\"lazy\" decoding=\"async\" width=\"405\" height=\"250\" src=\"https:\/\/letsrebold.com\/wp-content\/uploads\/2022\/06\/engagement.png\" class=\"attachment-img-header size-img-header wp-post-image\" alt=\"\" srcset=\"https:\/\/letsrebold.com\/wp-content\/uploads\/2022\/06\/engagement.png 405w, https:\/\/letsrebold.com\/wp-content\/uploads\/2022\/06\/engagement-300x185.png 300w, https:\/\/letsrebold.com\/wp-content\/uploads\/2022\/06\/engagement-330x204.png 330w, https:\/\/letsrebold.com\/wp-content\/uploads\/2022\/06\/engagement-360x222.png 360w\" sizes=\"auto, (max-width: 405px) 100vw, 405px\" \/><\/a>\n                                <h2 class=\"post_meta\">\n                                                                                <a style=\"color: #e0094b\" class=\"post_tag\" href=\"?service=rebold-marketing\">Rebold Marketing<\/a>\n                                                                                                                                <a class=\"post_tag\" href=\"?topic=audiencias\">audiencias<\/a>\n                                                                            <\/h2>\n                                <h3 class=\"post_title\"><a href=\"https:\/\/letsrebold.com\/es\/blog\/que-es-el-engagement-on-site-y-por-que-debemos-empezar-a-medirlo\/\">\u00bfQu\u00e9 es el \u201cengagement on site\u201d y por qu\u00e9 debemos empezar a medirlo?<\/a><\/h3>\n                                <a class=\"post_link\" href=\"https:\/\/letsrebold.com\/es\/blog\/que-es-el-engagement-on-site-y-por-que-debemos-empezar-a-medirlo\/\"><span>Leer m\u00e1s<\/span> <span class=\"ico-right\">M\u00e1s informaci\u00f3n<\/span><\/a>\n                            <\/article>\n                                                                        <article class=\"post rebold-marketing\">\n                                <a class=\"post_image\" href=\"https:\/\/letsrebold.com\/es\/blog\/rebold-y-dircom-organizan-un-ciclo-de-jornadas-sobre-medicion-y-evaluacion-para-lograr-la-excelencia\/\"><img loading=\"lazy\" decoding=\"async\" width=\"470\" height=\"308\" src=\"https:\/\/letsrebold.com\/wp-content\/uploads\/2022\/06\/captura123.png\" class=\"attachment-img-header size-img-header wp-post-image\" alt=\"\" srcset=\"https:\/\/letsrebold.com\/wp-content\/uploads\/2022\/06\/captura123.png 470w, https:\/\/letsrebold.com\/wp-content\/uploads\/2022\/06\/captura123-300x197.png 300w, https:\/\/letsrebold.com\/wp-content\/uploads\/2022\/06\/captura123-311x204.png 311w, https:\/\/letsrebold.com\/wp-content\/uploads\/2022\/06\/captura123-360x236.png 360w\" sizes=\"auto, (max-width: 470px) 100vw, 470px\" \/><\/a>\n                                <h2 class=\"post_meta\">\n                                                                                <a style=\"color: #e0094b\" class=\"post_tag\" href=\"?service=rebold-marketing\">Rebold Marketing<\/a>\n                                                                                                                                <a class=\"post_tag\" href=\"?topic=communication\">Communication<\/a>\n                                                                            <\/h2>\n                                <h3 class=\"post_title\"><a href=\"https:\/\/letsrebold.com\/es\/blog\/rebold-y-dircom-organizan-un-ciclo-de-jornadas-sobre-medicion-y-evaluacion-para-lograr-la-excelencia\/\">Rebold y Dircom organizan un ciclo de jornadas sobre \u201cMedici\u00f3n y evaluaci\u00f3n para lograr la Excelencia\u201d<\/a><\/h3>\n                                <a class=\"post_link\" href=\"https:\/\/letsrebold.com\/es\/blog\/rebold-y-dircom-organizan-un-ciclo-de-jornadas-sobre-medicion-y-evaluacion-para-lograr-la-excelencia\/\"><span>Leer m\u00e1s<\/span> <span class=\"ico-right\">M\u00e1s informaci\u00f3n<\/span><\/a>\n                            <\/article>\n                                    <\/div>\n                                    <nav class=\"links links-right\" id=\"loadmore_64\">\n                        <div class=\"container\">\n                            <a href=\"#\" class=\"loadmore\" value=\"64\"><span>Cargar m\u00e1s<\/span> <span class=\"ico-right\"><\/span><\/a>\n                        <\/div>\n                    <\/nav>\n                            <\/div>\n                                <div id=\"page_65\" class=\"d-none\">\n                <div class=\"container posts\">\n                                                                        <article class=\"post media-strategy-research, rebold-marketing, zero-party-data\">\n                                <a class=\"post_image\" href=\"https:\/\/letsrebold.com\/es\/blog\/los-programmatic-awards-spain-reconocen-la-trayectoria-de-miguel-moraleja-como-pionero-en-espana\/\"><img loading=\"lazy\" decoding=\"async\" width=\"572\" height=\"519\" src=\"https:\/\/letsrebold.com\/wp-content\/uploads\/2022\/06\/mi.png\" class=\"attachment-img-header size-img-header wp-post-image\" alt=\"\" srcset=\"https:\/\/letsrebold.com\/wp-content\/uploads\/2022\/06\/mi.png 572w, https:\/\/letsrebold.com\/wp-content\/uploads\/2022\/06\/mi-300x272.png 300w, https:\/\/letsrebold.com\/wp-content\/uploads\/2022\/06\/mi-225x204.png 225w, https:\/\/letsrebold.com\/wp-content\/uploads\/2022\/06\/mi-360x327.png 360w, https:\/\/letsrebold.com\/wp-content\/uploads\/2022\/06\/mi-387x351.png 387w, https:\/\/letsrebold.com\/wp-content\/uploads\/2022\/06\/mi-421x382.png 421w\" sizes=\"auto, (max-width: 572px) 100vw, 572px\" \/><\/a>\n                                <h2 class=\"post_meta\">\n                                                                                <a style=\"color: #e0094b\" class=\"post_tag\" href=\"?service=rebold-marketing\">Rebold Marketing<\/a>\n                                                                                                                                <a class=\"post_tag\" href=\"?topic=data\">data<\/a>\n                                                                            <\/h2>\n                                <h3 class=\"post_title\"><a href=\"https:\/\/letsrebold.com\/es\/blog\/los-programmatic-awards-spain-reconocen-la-trayectoria-de-miguel-moraleja-como-pionero-en-espana\/\">Los Programmatic Awards Spain reconocen la trayectoria de Miguel Moraleja como pionero en Espa\u00f1a<\/a><\/h3>\n                                <a class=\"post_link\" href=\"https:\/\/letsrebold.com\/es\/blog\/los-programmatic-awards-spain-reconocen-la-trayectoria-de-miguel-moraleja-como-pionero-en-espana\/\"><span>Leer m\u00e1s<\/span> <span class=\"ico-right\">M\u00e1s informaci\u00f3n<\/span><\/a>\n                            <\/article>\n                                                                        <article class=\"post content-seo, media-strategy-research, rebold-marketing\">\n                                <a class=\"post_image\" href=\"https:\/\/letsrebold.com\/es\/blog\/la-publicidad-nativa-se-expande-en-2019-a-traves-de-la-compra-programatica\/\"><img loading=\"lazy\" decoding=\"async\" width=\"405\" height=\"250\" src=\"https:\/\/letsrebold.com\/wp-content\/uploads\/2022\/06\/ndp-publicidad-nativa.png\" class=\"attachment-img-header size-img-header wp-post-image\" alt=\"\" srcset=\"https:\/\/letsrebold.com\/wp-content\/uploads\/2022\/06\/ndp-publicidad-nativa.png 405w, https:\/\/letsrebold.com\/wp-content\/uploads\/2022\/06\/ndp-publicidad-nativa-300x185.png 300w, https:\/\/letsrebold.com\/wp-content\/uploads\/2022\/06\/ndp-publicidad-nativa-330x204.png 330w, https:\/\/letsrebold.com\/wp-content\/uploads\/2022\/06\/ndp-publicidad-nativa-360x222.png 360w\" sizes=\"auto, (max-width: 405px) 100vw, 405px\" \/><\/a>\n                                <h2 class=\"post_meta\">\n                                                                                <a style=\"color: #e0094b\" class=\"post_tag\" href=\"?service=rebold-marketing\">Rebold Marketing<\/a>\n                                                                                                                                <a class=\"post_tag\" href=\"?topic=branded-content\">branded content<\/a>\n                                                                            <\/h2>\n                                <h3 class=\"post_title\"><a href=\"https:\/\/letsrebold.com\/es\/blog\/la-publicidad-nativa-se-expande-en-2019-a-traves-de-la-compra-programatica\/\">La publicidad nativa se expande en 2019 a trav\u00e9s de la compra program\u00e1tica<\/a><\/h3>\n                                <a class=\"post_link\" href=\"https:\/\/letsrebold.com\/es\/blog\/la-publicidad-nativa-se-expande-en-2019-a-traves-de-la-compra-programatica\/\"><span>Leer m\u00e1s<\/span> <span class=\"ico-right\">M\u00e1s informaci\u00f3n<\/span><\/a>\n                            <\/article>\n                                                                        <article class=\"post \">\n                                <a class=\"post_image\" href=\"https:\/\/letsrebold.com\/es\/blog\/las-formas-del-consumo-digital-mexico-y-las-nuevas-tendencias-televisivas\/\"><img loading=\"lazy\" decoding=\"async\" width=\"1061\" height=\"326\" src=\"https:\/\/letsrebold.com\/wp-content\/uploads\/2022\/06\/header_2-1061x326.jpg\" class=\"attachment-img-header size-img-header wp-post-image\" alt=\"\" srcset=\"https:\/\/letsrebold.com\/wp-content\/uploads\/2022\/06\/header_2-1061x326.jpg 1061w, https:\/\/letsrebold.com\/wp-content\/uploads\/2022\/06\/header_2-300x92.jpg 300w, https:\/\/letsrebold.com\/wp-content\/uploads\/2022\/06\/header_2-768x236.jpg 768w, https:\/\/letsrebold.com\/wp-content\/uploads\/2022\/06\/header_2-1024x315.jpg 1024w, https:\/\/letsrebold.com\/wp-content\/uploads\/2022\/06\/header_2-360x111.jpg 360w, https:\/\/letsrebold.com\/wp-content\/uploads\/2022\/06\/header_2-578x178.jpg 578w, https:\/\/letsrebold.com\/wp-content\/uploads\/2022\/06\/header_2-761x234.jpg 761w, https:\/\/letsrebold.com\/wp-content\/uploads\/2022\/06\/header_2.jpg 1300w\" sizes=\"auto, (max-width: 1061px) 100vw, 1061px\" \/><\/a>\n                                <h2 class=\"post_meta\">\n                                                                                                                        <a class=\"post_tag\" href=\"?topic=investigacion-de-mercado\">Investigaci\u00f3n de Mercado<\/a>\n                                                                            <\/h2>\n                                <h3 class=\"post_title\"><a href=\"https:\/\/letsrebold.com\/es\/blog\/las-formas-del-consumo-digital-mexico-y-las-nuevas-tendencias-televisivas\/\">Las formas del consumo digital, M\u00e9xico y las nuevas tendencias \u2018televisivas\u2019<\/a><\/h3>\n                                <a class=\"post_link\" href=\"https:\/\/letsrebold.com\/es\/blog\/las-formas-del-consumo-digital-mexico-y-las-nuevas-tendencias-televisivas\/\"><span>Leer m\u00e1s<\/span> <span class=\"ico-right\">M\u00e1s informaci\u00f3n<\/span><\/a>\n                            <\/article>\n                                                                        <article class=\"post media-strategy-research, rebold-marketing, zero-party-data\">\n                                <a class=\"post_image\" href=\"https:\/\/letsrebold.com\/es\/blog\/cuestionario-anuario-investigacion-data-y-analytics-2019\/\"><img loading=\"lazy\" decoding=\"async\" width=\"1061\" height=\"283\" src=\"https:\/\/letsrebold.com\/wp-content\/uploads\/2022\/06\/diseo-sin-ttulo-10-1061x283.jpg\" class=\"attachment-img-header size-img-header wp-post-image\" alt=\"\" srcset=\"https:\/\/letsrebold.com\/wp-content\/uploads\/2022\/06\/diseo-sin-ttulo-10-1061x283.jpg 1061w, https:\/\/letsrebold.com\/wp-content\/uploads\/2022\/06\/diseo-sin-ttulo-10-300x80.jpg 300w, https:\/\/letsrebold.com\/wp-content\/uploads\/2022\/06\/diseo-sin-ttulo-10-768x205.jpg 768w, https:\/\/letsrebold.com\/wp-content\/uploads\/2022\/06\/diseo-sin-ttulo-10-1024x273.jpg 1024w, https:\/\/letsrebold.com\/wp-content\/uploads\/2022\/06\/diseo-sin-ttulo-10-360x96.jpg 360w, https:\/\/letsrebold.com\/wp-content\/uploads\/2022\/06\/diseo-sin-ttulo-10-578x154.jpg 578w, https:\/\/letsrebold.com\/wp-content\/uploads\/2022\/06\/diseo-sin-ttulo-10-761x203.jpg 761w, https:\/\/letsrebold.com\/wp-content\/uploads\/2022\/06\/diseo-sin-ttulo-10.jpg 1500w\" sizes=\"auto, (max-width: 1061px) 100vw, 1061px\" \/><\/a>\n                                <h2 class=\"post_meta\">\n                                                                                <a style=\"color: #e0094b\" class=\"post_tag\" href=\"?service=rebold-marketing\">Rebold Marketing<\/a>\n                                                                                                                                <a class=\"post_tag\" href=\"?topic=analytics\">analytics<\/a>\n                                                                            <\/h2>\n                                <h3 class=\"post_title\"><a href=\"https:\/\/letsrebold.com\/es\/blog\/cuestionario-anuario-investigacion-data-y-analytics-2019\/\">Entrevista a Jawinda Payano para el Anuario Investigaci\u00f3n, Data y Analytics 2019<\/a><\/h3>\n                                <a class=\"post_link\" href=\"https:\/\/letsrebold.com\/es\/blog\/cuestionario-anuario-investigacion-data-y-analytics-2019\/\"><span>Leer m\u00e1s<\/span> <span class=\"ico-right\">M\u00e1s informaci\u00f3n<\/span><\/a>\n                            <\/article>\n                                                                        <article class=\"post rebold-marketing\">\n                                <a class=\"post_image\" href=\"https:\/\/letsrebold.com\/es\/blog\/como-impactar-a-la-audiencia-de-los-deportes-femeninos-2\/\"><img loading=\"lazy\" decoding=\"async\" width=\"405\" height=\"250\" src=\"https:\/\/letsrebold.com\/wp-content\/uploads\/2022\/06\/peq-nd-deportes-femeninos.png\" class=\"attachment-img-header size-img-header wp-post-image\" alt=\"\" srcset=\"https:\/\/letsrebold.com\/wp-content\/uploads\/2022\/06\/peq-nd-deportes-femeninos.png 405w, https:\/\/letsrebold.com\/wp-content\/uploads\/2022\/06\/peq-nd-deportes-femeninos-300x185.png 300w, https:\/\/letsrebold.com\/wp-content\/uploads\/2022\/06\/peq-nd-deportes-femeninos-330x204.png 330w, https:\/\/letsrebold.com\/wp-content\/uploads\/2022\/06\/peq-nd-deportes-femeninos-360x222.png 360w\" sizes=\"auto, (max-width: 405px) 100vw, 405px\" \/><\/a>\n                                <h2 class=\"post_meta\">\n                                                                                <a style=\"color: #e0094b\" class=\"post_tag\" href=\"?service=rebold-marketing\">Rebold Marketing<\/a>\n                                                                                                                                <a class=\"post_tag\" href=\"?topic=deporte\">Deporte<\/a>\n                                                                            <\/h2>\n                                <h3 class=\"post_title\"><a href=\"https:\/\/letsrebold.com\/es\/blog\/como-impactar-a-la-audiencia-de-los-deportes-femeninos-2\/\">C\u00f3mo impactar a la audiencia de los deportes femeninos<\/a><\/h3>\n                                <a class=\"post_link\" href=\"https:\/\/letsrebold.com\/es\/blog\/como-impactar-a-la-audiencia-de-los-deportes-femeninos-2\/\"><span>Leer m\u00e1s<\/span> <span class=\"ico-right\">M\u00e1s informaci\u00f3n<\/span><\/a>\n                            <\/article>\n                                                                        <article class=\"post \">\n                                <a class=\"post_image\" href=\"https:\/\/letsrebold.com\/es\/blog\/como-deben-prepararse-los-dircom-para-medir-su-impacto-en-los-ods-objetivos-de-desarrollo-sostenible\/\"><img loading=\"lazy\" decoding=\"async\" width=\"405\" height=\"250\" src=\"https:\/\/letsrebold.com\/wp-content\/uploads\/2022\/06\/ods-1.png\" class=\"attachment-img-header size-img-header wp-post-image\" alt=\"\" srcset=\"https:\/\/letsrebold.com\/wp-content\/uploads\/2022\/06\/ods-1.png 405w, https:\/\/letsrebold.com\/wp-content\/uploads\/2022\/06\/ods-1-300x185.png 300w, https:\/\/letsrebold.com\/wp-content\/uploads\/2022\/06\/ods-1-330x204.png 330w, https:\/\/letsrebold.com\/wp-content\/uploads\/2022\/06\/ods-1-360x222.png 360w\" sizes=\"auto, (max-width: 405px) 100vw, 405px\" \/><\/a>\n                                <h2 class=\"post_meta\">\n                                                                                                                        <a class=\"post_tag\" href=\"?topic=comunicacion\">comunicacion<\/a>\n                                                                            <\/h2>\n                                <h3 class=\"post_title\"><a href=\"https:\/\/letsrebold.com\/es\/blog\/como-deben-prepararse-los-dircom-para-medir-su-impacto-en-los-ods-objetivos-de-desarrollo-sostenible\/\">\u00bfC\u00f3mo deben prepararse los Dircom para medir su impacto en los ODS (Objetivos de Desarrollo Sostenible)?<\/a><\/h3>\n                                <a class=\"post_link\" href=\"https:\/\/letsrebold.com\/es\/blog\/como-deben-prepararse-los-dircom-para-medir-su-impacto-en-los-ods-objetivos-de-desarrollo-sostenible\/\"><span>Leer m\u00e1s<\/span> <span class=\"ico-right\">M\u00e1s informaci\u00f3n<\/span><\/a>\n                            <\/article>\n                                    <\/div>\n                                    <nav class=\"links links-right\" id=\"loadmore_65\">\n                        <div class=\"container\">\n                            <a href=\"#\" class=\"loadmore\" value=\"65\"><span>Cargar m\u00e1s<\/span> <span class=\"ico-right\"><\/span><\/a>\n                        <\/div>\n                    <\/nav>\n                            <\/div>\n                                <div id=\"page_66\" class=\"d-none\">\n                <div class=\"container posts\">\n                                                                        <article class=\"post \">\n                                <a class=\"post_image\" href=\"https:\/\/letsrebold.com\/es\/blog\/rebold-desvela-las-posibilidades-que-ofrece-la-app-mas-descargada-de-2019\/\"><img loading=\"lazy\" decoding=\"async\" width=\"935\" height=\"600\" src=\"https:\/\/letsrebold.com\/wp-content\/uploads\/2022\/06\/u8u676-935x600.png\" class=\"attachment-img-header size-img-header wp-post-image\" alt=\"\" srcset=\"https:\/\/letsrebold.com\/wp-content\/uploads\/2022\/06\/u8u676-935x600.png 935w, https:\/\/letsrebold.com\/wp-content\/uploads\/2022\/06\/u8u676-300x192.png 300w, https:\/\/letsrebold.com\/wp-content\/uploads\/2022\/06\/u8u676-768x493.png 768w, https:\/\/letsrebold.com\/wp-content\/uploads\/2022\/06\/u8u676-1024x657.png 1024w, https:\/\/letsrebold.com\/wp-content\/uploads\/2022\/06\/u8u676-318x204.png 318w, https:\/\/letsrebold.com\/wp-content\/uploads\/2022\/06\/u8u676-360x231.png 360w, https:\/\/letsrebold.com\/wp-content\/uploads\/2022\/06\/u8u676-547x351.png 547w, https:\/\/letsrebold.com\/wp-content\/uploads\/2022\/06\/u8u676-596x382.png 596w, https:\/\/letsrebold.com\/wp-content\/uploads\/2022\/06\/u8u676.png 1230w\" sizes=\"auto, (max-width: 935px) 100vw, 935px\" \/><\/a>\n                                <h2 class=\"post_meta\">\n                                                                                                                        <a class=\"post_tag\" href=\"?topic=adtech-amp\">Adtech &amp;amp<\/a>\n                                                                            <\/h2>\n                                <h3 class=\"post_title\"><a href=\"https:\/\/letsrebold.com\/es\/blog\/rebold-desvela-las-posibilidades-que-ofrece-la-app-mas-descargada-de-2019\/\">Rebold desvela las posibilidades que ofrece la app m\u00e1s descargada de 2019<\/a><\/h3>\n                                <a class=\"post_link\" href=\"https:\/\/letsrebold.com\/es\/blog\/rebold-desvela-las-posibilidades-que-ofrece-la-app-mas-descargada-de-2019\/\"><span>Leer m\u00e1s<\/span> <span class=\"ico-right\">M\u00e1s informaci\u00f3n<\/span><\/a>\n                            <\/article>\n                                                                        <article class=\"post rebold-marketing, zero-party-data\">\n                                <a class=\"post_image\" href=\"https:\/\/letsrebold.com\/es\/blog\/datos-analisis-digital-alrededor-del-primer-informe-de-gobierno\/\"><img loading=\"lazy\" decoding=\"async\" width=\"796\" height=\"600\" src=\"https:\/\/letsrebold.com\/wp-content\/uploads\/2022\/06\/descarga-1-796x600.jpg\" class=\"attachment-img-header size-img-header wp-post-image\" alt=\"\" srcset=\"https:\/\/letsrebold.com\/wp-content\/uploads\/2022\/06\/descarga-1-796x600.jpg 796w, https:\/\/letsrebold.com\/wp-content\/uploads\/2022\/06\/descarga-1-300x226.jpg 300w, https:\/\/letsrebold.com\/wp-content\/uploads\/2022\/06\/descarga-1-768x579.jpg 768w, https:\/\/letsrebold.com\/wp-content\/uploads\/2022\/06\/descarga-1-271x204.jpg 271w, https:\/\/letsrebold.com\/wp-content\/uploads\/2022\/06\/descarga-1-360x271.jpg 360w, https:\/\/letsrebold.com\/wp-content\/uploads\/2022\/06\/descarga-1-466x351.jpg 466w, https:\/\/letsrebold.com\/wp-content\/uploads\/2022\/06\/descarga-1-507x382.jpg 507w, https:\/\/letsrebold.com\/wp-content\/uploads\/2022\/06\/descarga-1.jpg 800w\" sizes=\"auto, (max-width: 796px) 100vw, 796px\" \/><\/a>\n                                <h2 class=\"post_meta\">\n                                                                                <a style=\"color: #e0094b\" class=\"post_tag\" href=\"?service=rebold-marketing\">Rebold Marketing<\/a>\n                                                                                                                                <a class=\"post_tag\" href=\"?topic=data\">data<\/a>\n                                                                            <\/h2>\n                                <h3 class=\"post_title\"><a href=\"https:\/\/letsrebold.com\/es\/blog\/datos-analisis-digital-alrededor-del-primer-informe-de-gobierno\/\">Datos. An\u00e1lisis digital alrededor del primer informe de gobierno.<\/a><\/h3>\n                                <a class=\"post_link\" href=\"https:\/\/letsrebold.com\/es\/blog\/datos-analisis-digital-alrededor-del-primer-informe-de-gobierno\/\"><span>Leer m\u00e1s<\/span> <span class=\"ico-right\">M\u00e1s informaci\u00f3n<\/span><\/a>\n                            <\/article>\n                                                                        <article class=\"post media-intelligence, media-strategy-research, rebold-communication, rebold-marketing\">\n                                <a class=\"post_image\" href=\"https:\/\/letsrebold.com\/es\/blog\/el-uso-de-la-tecnologia-en-las-marcas-para-comunicarse-y-responder-a-las-necesidades-de-sus-clientes\/\"><img loading=\"lazy\" decoding=\"async\" width=\"1061\" height=\"283\" src=\"https:\/\/letsrebold.com\/wp-content\/uploads\/2022\/06\/diseo-sin-ttulo-1-1061x283.jpg\" class=\"attachment-img-header size-img-header wp-post-image\" alt=\"\" srcset=\"https:\/\/letsrebold.com\/wp-content\/uploads\/2022\/06\/diseo-sin-ttulo-1-1061x283.jpg 1061w, https:\/\/letsrebold.com\/wp-content\/uploads\/2022\/06\/diseo-sin-ttulo-1-300x80.jpg 300w, https:\/\/letsrebold.com\/wp-content\/uploads\/2022\/06\/diseo-sin-ttulo-1-768x205.jpg 768w, https:\/\/letsrebold.com\/wp-content\/uploads\/2022\/06\/diseo-sin-ttulo-1-1024x273.jpg 1024w, https:\/\/letsrebold.com\/wp-content\/uploads\/2022\/06\/diseo-sin-ttulo-1-360x96.jpg 360w, https:\/\/letsrebold.com\/wp-content\/uploads\/2022\/06\/diseo-sin-ttulo-1-578x154.jpg 578w, https:\/\/letsrebold.com\/wp-content\/uploads\/2022\/06\/diseo-sin-ttulo-1-761x203.jpg 761w, https:\/\/letsrebold.com\/wp-content\/uploads\/2022\/06\/diseo-sin-ttulo-1.jpg 1500w\" sizes=\"auto, (max-width: 1061px) 100vw, 1061px\" \/><\/a>\n                                <h2 class=\"post_meta\">\n                                                                                <a style=\"color: #5ac4bb\" class=\"post_tag\" href=\"?service=rebold-communication\">Rebold Communication<\/a>\n                                                                                                                                <a class=\"post_tag\" href=\"?topic=adtech-amp\">Adtech &amp;amp<\/a>\n                                                                            <\/h2>\n                                <h3 class=\"post_title\"><a href=\"https:\/\/letsrebold.com\/es\/blog\/el-uso-de-la-tecnologia-en-las-marcas-para-comunicarse-y-responder-a-las-necesidades-de-sus-clientes\/\">LAS MARCAS NO LOGRAN ADAPTARSE A LA NUEVA COMUNICACI\u00d3N<\/a><\/h3>\n                                <a class=\"post_link\" href=\"https:\/\/letsrebold.com\/es\/blog\/el-uso-de-la-tecnologia-en-las-marcas-para-comunicarse-y-responder-a-las-necesidades-de-sus-clientes\/\"><span>Leer m\u00e1s<\/span> <span class=\"ico-right\">M\u00e1s informaci\u00f3n<\/span><\/a>\n                            <\/article>\n                                                                        <article class=\"post rebold-marketing\">\n                                <a class=\"post_image\" href=\"https:\/\/letsrebold.com\/es\/blog\/el-presente-y-futuro-del-mobile-marketing\/\"><img loading=\"lazy\" decoding=\"async\" width=\"1061\" height=\"326\" src=\"https:\/\/letsrebold.com\/wp-content\/uploads\/2022\/06\/header-1061x326.jpg\" class=\"attachment-img-header size-img-header wp-post-image\" alt=\"\" srcset=\"https:\/\/letsrebold.com\/wp-content\/uploads\/2022\/06\/header-1061x326.jpg 1061w, https:\/\/letsrebold.com\/wp-content\/uploads\/2022\/06\/header-300x92.jpg 300w, https:\/\/letsrebold.com\/wp-content\/uploads\/2022\/06\/header-768x236.jpg 768w, https:\/\/letsrebold.com\/wp-content\/uploads\/2022\/06\/header-1024x315.jpg 1024w, https:\/\/letsrebold.com\/wp-content\/uploads\/2022\/06\/header-360x111.jpg 360w, https:\/\/letsrebold.com\/wp-content\/uploads\/2022\/06\/header-578x178.jpg 578w, https:\/\/letsrebold.com\/wp-content\/uploads\/2022\/06\/header-761x234.jpg 761w, https:\/\/letsrebold.com\/wp-content\/uploads\/2022\/06\/header.jpg 1300w\" sizes=\"auto, (max-width: 1061px) 100vw, 1061px\" \/><\/a>\n                                <h2 class=\"post_meta\">\n                                                                                <a style=\"color: #e0094b\" class=\"post_tag\" href=\"?service=rebold-marketing\">Rebold Marketing<\/a>\n                                                                                                                                <a class=\"post_tag\" href=\"?topic=marketing-digital\">Marketing Digital<\/a>\n                                                                            <\/h2>\n                                <h3 class=\"post_title\"><a href=\"https:\/\/letsrebold.com\/es\/blog\/el-presente-y-futuro-del-mobile-marketing\/\">El presente y futuro del Mobile marketing<\/a><\/h3>\n                                <a class=\"post_link\" href=\"https:\/\/letsrebold.com\/es\/blog\/el-presente-y-futuro-del-mobile-marketing\/\"><span>Leer m\u00e1s<\/span> <span class=\"ico-right\">M\u00e1s informaci\u00f3n<\/span><\/a>\n                            <\/article>\n                                                                        <article class=\"post \">\n                                <a class=\"post_image\" href=\"https:\/\/letsrebold.com\/es\/blog\/asistentes-de-voz-de-dispositivo-auxiliar-a-herramienta-de-marketing\/\"><img loading=\"lazy\" decoding=\"async\" width=\"1061\" height=\"326\" src=\"https:\/\/letsrebold.com\/wp-content\/uploads\/2022\/06\/assistent-3-1061x326.jpg\" class=\"attachment-img-header size-img-header wp-post-image\" alt=\"\" srcset=\"https:\/\/letsrebold.com\/wp-content\/uploads\/2022\/06\/assistent-3-1061x326.jpg 1061w, https:\/\/letsrebold.com\/wp-content\/uploads\/2022\/06\/assistent-3-300x92.jpg 300w, https:\/\/letsrebold.com\/wp-content\/uploads\/2022\/06\/assistent-3-768x236.jpg 768w, https:\/\/letsrebold.com\/wp-content\/uploads\/2022\/06\/assistent-3-1024x315.jpg 1024w, https:\/\/letsrebold.com\/wp-content\/uploads\/2022\/06\/assistent-3-360x111.jpg 360w, https:\/\/letsrebold.com\/wp-content\/uploads\/2022\/06\/assistent-3-578x178.jpg 578w, https:\/\/letsrebold.com\/wp-content\/uploads\/2022\/06\/assistent-3-761x234.jpg 761w, https:\/\/letsrebold.com\/wp-content\/uploads\/2022\/06\/assistent-3.jpg 1300w\" sizes=\"auto, (max-width: 1061px) 100vw, 1061px\" \/><\/a>\n                                <h2 class=\"post_meta\">\n                                                                                                                        <a class=\"post_tag\" href=\"?topic=adtech-amp\">Adtech &amp;amp<\/a>\n                                                                            <\/h2>\n                                <h3 class=\"post_title\"><a href=\"https:\/\/letsrebold.com\/es\/blog\/asistentes-de-voz-de-dispositivo-auxiliar-a-herramienta-de-marketing\/\">Asistentes de Voz: de dispositivo auxiliar a herramienta de marketing<\/a><\/h3>\n                                <a class=\"post_link\" href=\"https:\/\/letsrebold.com\/es\/blog\/asistentes-de-voz-de-dispositivo-auxiliar-a-herramienta-de-marketing\/\"><span>Leer m\u00e1s<\/span> <span class=\"ico-right\">M\u00e1s informaci\u00f3n<\/span><\/a>\n                            <\/article>\n                                                                        <article class=\"post media-intelligence, rebold-communication, rebold-marketing\">\n                                <a class=\"post_image\" href=\"https:\/\/letsrebold.com\/es\/blog\/que-pasa-si-parte-de-la-audiencia-no-nos-quiere\/\"><img loading=\"lazy\" decoding=\"async\" width=\"405\" height=\"250\" src=\"https:\/\/letsrebold.com\/wp-content\/uploads\/2022\/06\/post-mnica.png\" class=\"attachment-img-header size-img-header wp-post-image\" alt=\"\" srcset=\"https:\/\/letsrebold.com\/wp-content\/uploads\/2022\/06\/post-mnica.png 405w, https:\/\/letsrebold.com\/wp-content\/uploads\/2022\/06\/post-mnica-300x185.png 300w, https:\/\/letsrebold.com\/wp-content\/uploads\/2022\/06\/post-mnica-330x204.png 330w, https:\/\/letsrebold.com\/wp-content\/uploads\/2022\/06\/post-mnica-360x222.png 360w\" sizes=\"auto, (max-width: 405px) 100vw, 405px\" \/><\/a>\n                                <h2 class=\"post_meta\">\n                                                                                <a style=\"color: #5ac4bb\" class=\"post_tag\" href=\"?service=rebold-communication\">Rebold Communication<\/a>\n                                                                                                                                <a class=\"post_tag\" href=\"?topic=analysis\">Analysis<\/a>\n                                                                            <\/h2>\n                                <h3 class=\"post_title\"><a href=\"https:\/\/letsrebold.com\/es\/blog\/que-pasa-si-parte-de-la-audiencia-no-nos-quiere\/\">\u00bfQu\u00e9 pasa si parte de la audiencia no nos quiere?<\/a><\/h3>\n                                <a class=\"post_link\" href=\"https:\/\/letsrebold.com\/es\/blog\/que-pasa-si-parte-de-la-audiencia-no-nos-quiere\/\"><span>Leer m\u00e1s<\/span> <span class=\"ico-right\">M\u00e1s informaci\u00f3n<\/span><\/a>\n                            <\/article>\n                                    <\/div>\n                                    <nav class=\"links links-right\" id=\"loadmore_66\">\n                        <div class=\"container\">\n                            <a href=\"#\" class=\"loadmore\" value=\"66\"><span>Cargar m\u00e1s<\/span> <span class=\"ico-right\"><\/span><\/a>\n                        <\/div>\n                    <\/nav>\n                            <\/div>\n                                <div id=\"page_67\" class=\"d-none\">\n                <div class=\"container posts\">\n                                                                        <article class=\"post rebold-marketing\">\n                                <a class=\"post_image\" href=\"https:\/\/letsrebold.com\/es\/blog\/lets-be-proud-lets-rebold\/\"><img loading=\"lazy\" decoding=\"async\" width=\"405\" height=\"250\" src=\"https:\/\/letsrebold.com\/wp-content\/uploads\/2022\/06\/copia-de-corta_jeus-monica-y-alfredo.png\" class=\"attachment-img-header size-img-header wp-post-image\" alt=\"\" srcset=\"https:\/\/letsrebold.com\/wp-content\/uploads\/2022\/06\/copia-de-corta_jeus-monica-y-alfredo.png 405w, https:\/\/letsrebold.com\/wp-content\/uploads\/2022\/06\/copia-de-corta_jeus-monica-y-alfredo-300x185.png 300w, https:\/\/letsrebold.com\/wp-content\/uploads\/2022\/06\/copia-de-corta_jeus-monica-y-alfredo-330x204.png 330w, https:\/\/letsrebold.com\/wp-content\/uploads\/2022\/06\/copia-de-corta_jeus-monica-y-alfredo-360x222.png 360w\" sizes=\"auto, (max-width: 405px) 100vw, 405px\" \/><\/a>\n                                <h2 class=\"post_meta\">\n                                                                                <a style=\"color: #e0094b\" class=\"post_tag\" href=\"?service=rebold-marketing\">Rebold Marketing<\/a>\n                                                                                                                                <a class=\"post_tag\" href=\"?topic=celebracion\">celebraci\u00f3n<\/a>\n                                                                            <\/h2>\n                                <h3 class=\"post_title\"><a href=\"https:\/\/letsrebold.com\/es\/blog\/lets-be-proud-lets-rebold\/\">Let\u00b4s be Proud &#8211; Let\u00b4s Rebold<\/a><\/h3>\n                                <a class=\"post_link\" href=\"https:\/\/letsrebold.com\/es\/blog\/lets-be-proud-lets-rebold\/\"><span>Leer m\u00e1s<\/span> <span class=\"ico-right\">M\u00e1s informaci\u00f3n<\/span><\/a>\n                            <\/article>\n                                                                        <article class=\"post media-intelligence, rebold-communication, rebold-marketing\">\n                                <a class=\"post_image\" href=\"https:\/\/letsrebold.com\/es\/blog\/rebold-y-eic-ayudan-a-los-dircom-a-poner-en-valor-su-aportacion-al-negocio-de-sus-organizaciones\/\"><img loading=\"lazy\" decoding=\"async\" width=\"405\" height=\"250\" src=\"https:\/\/letsrebold.com\/wp-content\/uploads\/2022\/06\/corta_jeus-monica-y-alfredo.png\" class=\"attachment-img-header size-img-header wp-post-image\" alt=\"\" srcset=\"https:\/\/letsrebold.com\/wp-content\/uploads\/2022\/06\/corta_jeus-monica-y-alfredo.png 405w, https:\/\/letsrebold.com\/wp-content\/uploads\/2022\/06\/corta_jeus-monica-y-alfredo-300x185.png 300w, https:\/\/letsrebold.com\/wp-content\/uploads\/2022\/06\/corta_jeus-monica-y-alfredo-330x204.png 330w, https:\/\/letsrebold.com\/wp-content\/uploads\/2022\/06\/corta_jeus-monica-y-alfredo-360x222.png 360w\" sizes=\"auto, (max-width: 405px) 100vw, 405px\" \/><\/a>\n                                <h2 class=\"post_meta\">\n                                                                                <a style=\"color: #5ac4bb\" class=\"post_tag\" href=\"?service=rebold-communication\">Rebold Communication<\/a>\n                                                                                                                                <a class=\"post_tag\" href=\"?topic=comunicacion\">comunicacion<\/a>\n                                                                            <\/h2>\n                                <h3 class=\"post_title\"><a href=\"https:\/\/letsrebold.com\/es\/blog\/rebold-y-eic-ayudan-a-los-dircom-a-poner-en-valor-su-aportacion-al-negocio-de-sus-organizaciones\/\">Rebold y EIC ayudan a los Dircom a poner en valor su aportaci\u00f3n al negocio de sus organizaciones<\/a><\/h3>\n                                <a class=\"post_link\" href=\"https:\/\/letsrebold.com\/es\/blog\/rebold-y-eic-ayudan-a-los-dircom-a-poner-en-valor-su-aportacion-al-negocio-de-sus-organizaciones\/\"><span>Leer m\u00e1s<\/span> <span class=\"ico-right\">M\u00e1s informaci\u00f3n<\/span><\/a>\n                            <\/article>\n                                                                        <article class=\"post content-seo, rebold-marketing\">\n                                <a class=\"post_image\" href=\"https:\/\/letsrebold.com\/es\/blog\/los-siete-primeros-pasos-que-tienen-que-dar-las-empresas-para-triunfar-en-el-marketing-por-voz\/\"><img loading=\"lazy\" decoding=\"async\" width=\"405\" height=\"250\" src=\"https:\/\/letsrebold.com\/wp-content\/uploads\/2022\/06\/ndp-marketing-por-voz.png\" class=\"attachment-img-header size-img-header wp-post-image\" alt=\"\" srcset=\"https:\/\/letsrebold.com\/wp-content\/uploads\/2022\/06\/ndp-marketing-por-voz.png 405w, https:\/\/letsrebold.com\/wp-content\/uploads\/2022\/06\/ndp-marketing-por-voz-300x185.png 300w, https:\/\/letsrebold.com\/wp-content\/uploads\/2022\/06\/ndp-marketing-por-voz-330x204.png 330w, https:\/\/letsrebold.com\/wp-content\/uploads\/2022\/06\/ndp-marketing-por-voz-360x222.png 360w\" sizes=\"auto, (max-width: 405px) 100vw, 405px\" \/><\/a>\n                                <h2 class=\"post_meta\">\n                                                                                <a style=\"color: #e0094b\" class=\"post_tag\" href=\"?service=rebold-marketing\">Rebold Marketing<\/a>\n                                                                                                                                <a class=\"post_tag\" href=\"?topic=seo\">SEO<\/a>\n                                                                            <\/h2>\n                                <h3 class=\"post_title\"><a href=\"https:\/\/letsrebold.com\/es\/blog\/los-siete-primeros-pasos-que-tienen-que-dar-las-empresas-para-triunfar-en-el-marketing-por-voz\/\">Los siete primeros pasos que tienen que dar las empresas para triunfar en el marketing por voz<\/a><\/h3>\n                                <a class=\"post_link\" href=\"https:\/\/letsrebold.com\/es\/blog\/los-siete-primeros-pasos-que-tienen-que-dar-las-empresas-para-triunfar-en-el-marketing-por-voz\/\"><span>Leer m\u00e1s<\/span> <span class=\"ico-right\">M\u00e1s informaci\u00f3n<\/span><\/a>\n                            <\/article>\n                                                                        <article class=\"post media-strategy-research, rebold-marketing\">\n                                <a class=\"post_image\" href=\"https:\/\/letsrebold.com\/es\/blog\/como-la-actualidad-de-las-redes-sociales-nutre-la-estrategia\/\"><img loading=\"lazy\" decoding=\"async\" width=\"405\" height=\"250\" src=\"https:\/\/letsrebold.com\/wp-content\/uploads\/2022\/06\/post-rrss-mayra.png\" class=\"attachment-img-header size-img-header wp-post-image\" alt=\"\" srcset=\"https:\/\/letsrebold.com\/wp-content\/uploads\/2022\/06\/post-rrss-mayra.png 405w, https:\/\/letsrebold.com\/wp-content\/uploads\/2022\/06\/post-rrss-mayra-300x185.png 300w, https:\/\/letsrebold.com\/wp-content\/uploads\/2022\/06\/post-rrss-mayra-330x204.png 330w, https:\/\/letsrebold.com\/wp-content\/uploads\/2022\/06\/post-rrss-mayra-360x222.png 360w\" sizes=\"auto, (max-width: 405px) 100vw, 405px\" \/><\/a>\n                                <h2 class=\"post_meta\">\n                                                                                <a style=\"color: #e0094b\" class=\"post_tag\" href=\"?service=rebold-marketing\">Rebold Marketing<\/a>\n                                                                                                                                <a class=\"post_tag\" href=\"?topic=audiencias\">audiencias<\/a>\n                                                                            <\/h2>\n                                <h3 class=\"post_title\"><a href=\"https:\/\/letsrebold.com\/es\/blog\/como-la-actualidad-de-las-redes-sociales-nutre-la-estrategia\/\">\u00bfC\u00f3mo la actualidad de las Redes Sociales nutre la estrategia?<\/a><\/h3>\n                                <a class=\"post_link\" href=\"https:\/\/letsrebold.com\/es\/blog\/como-la-actualidad-de-las-redes-sociales-nutre-la-estrategia\/\"><span>Leer m\u00e1s<\/span> <span class=\"ico-right\">M\u00e1s informaci\u00f3n<\/span><\/a>\n                            <\/article>\n                                                                        <article class=\"post rebold-marketing\">\n                                <a class=\"post_image\" href=\"https:\/\/letsrebold.com\/es\/blog\/mas-de-20-nuevas-empresas-se-adhieren-a-redi-para-promover-la-gestion-de-la-diversidad-e-inclusion-lgbti\/\"><img loading=\"lazy\" decoding=\"async\" width=\"405\" height=\"250\" src=\"https:\/\/letsrebold.com\/wp-content\/uploads\/2022\/06\/rei-logo.png\" class=\"attachment-img-header size-img-header wp-post-image\" alt=\"\" srcset=\"https:\/\/letsrebold.com\/wp-content\/uploads\/2022\/06\/rei-logo.png 405w, https:\/\/letsrebold.com\/wp-content\/uploads\/2022\/06\/rei-logo-300x185.png 300w, https:\/\/letsrebold.com\/wp-content\/uploads\/2022\/06\/rei-logo-330x204.png 330w, https:\/\/letsrebold.com\/wp-content\/uploads\/2022\/06\/rei-logo-360x222.png 360w\" sizes=\"auto, (max-width: 405px) 100vw, 405px\" \/><\/a>\n                                <h2 class=\"post_meta\">\n                                                                                <a style=\"color: #e0094b\" class=\"post_tag\" href=\"?service=rebold-marketing\">Rebold Marketing<\/a>\n                                                                                                                                <a class=\"post_tag\" href=\"?topic=rebold-cares\">Rebold Cares<\/a>\n                                                                            <\/h2>\n                                <h3 class=\"post_title\"><a href=\"https:\/\/letsrebold.com\/es\/blog\/mas-de-20-nuevas-empresas-se-adhieren-a-redi-para-promover-la-gestion-de-la-diversidad-e-inclusion-lgbti\/\">M\u00c1S DE 20 NUEVAS EMPRESAS SE ADHIEREN A REDI PARA PROMOVER LA GESTI\u00d3N DE LA  DIVERSIDAD E INCLUSI\u00d3N LGBTI<\/a><\/h3>\n                                <a class=\"post_link\" href=\"https:\/\/letsrebold.com\/es\/blog\/mas-de-20-nuevas-empresas-se-adhieren-a-redi-para-promover-la-gestion-de-la-diversidad-e-inclusion-lgbti\/\"><span>Leer m\u00e1s<\/span> <span class=\"ico-right\">M\u00e1s informaci\u00f3n<\/span><\/a>\n                            <\/article>\n                                                                        <article class=\"post media-strategy-research, rebold-marketing\">\n                                <a class=\"post_image\" href=\"https:\/\/letsrebold.com\/es\/blog\/medicion-y-evaluacion-para-la-excelencia-en-la-comunicacion-2019\/\"><img loading=\"lazy\" decoding=\"async\" width=\"900\" height=\"600\" src=\"https:\/\/letsrebold.com\/wp-content\/uploads\/2022\/06\/78582300_xl-900x600.jpg\" class=\"attachment-img-header size-img-header wp-post-image\" alt=\"\" srcset=\"https:\/\/letsrebold.com\/wp-content\/uploads\/2022\/06\/78582300_xl-900x600.jpg 900w, https:\/\/letsrebold.com\/wp-content\/uploads\/2022\/06\/78582300_xl-300x200.jpg 300w, https:\/\/letsrebold.com\/wp-content\/uploads\/2022\/06\/78582300_xl-768x512.jpg 768w, https:\/\/letsrebold.com\/wp-content\/uploads\/2022\/06\/78582300_xl-1024x683.jpg 1024w, https:\/\/letsrebold.com\/wp-content\/uploads\/2022\/06\/78582300_xl-306x204.jpg 306w, https:\/\/letsrebold.com\/wp-content\/uploads\/2022\/06\/78582300_xl-360x240.jpg 360w, https:\/\/letsrebold.com\/wp-content\/uploads\/2022\/06\/78582300_xl-527x351.jpg 527w, https:\/\/letsrebold.com\/wp-content\/uploads\/2022\/06\/78582300_xl-573x382.jpg 573w, https:\/\/letsrebold.com\/wp-content\/uploads\/2022\/06\/78582300_xl.jpg 1500w\" sizes=\"auto, (max-width: 900px) 100vw, 900px\" \/><\/a>\n                                <h2 class=\"post_meta\">\n                                                                                <a style=\"color: #e0094b\" class=\"post_tag\" href=\"?service=rebold-marketing\">Rebold Marketing<\/a>\n                                                                                                                                <a class=\"post_tag\" href=\"?topic=analisis\">An\u00e1lisis<\/a>\n                                                                            <\/h2>\n                                <h3 class=\"post_title\"><a href=\"https:\/\/letsrebold.com\/es\/blog\/medicion-y-evaluacion-para-la-excelencia-en-la-comunicacion-2019\/\">Medici\u00f3n y evaluaci\u00f3n para la excelencia en la comunicaci\u00f3n 2019<\/a><\/h3>\n                                <a class=\"post_link\" href=\"https:\/\/letsrebold.com\/es\/blog\/medicion-y-evaluacion-para-la-excelencia-en-la-comunicacion-2019\/\"><span>Leer m\u00e1s<\/span> <span class=\"ico-right\">M\u00e1s informaci\u00f3n<\/span><\/a>\n                            <\/article>\n                                    <\/div>\n                                    <nav class=\"links links-right\" id=\"loadmore_67\">\n                        <div class=\"container\">\n                            <a href=\"#\" class=\"loadmore\" value=\"67\"><span>Cargar m\u00e1s<\/span> <span class=\"ico-right\"><\/span><\/a>\n                        <\/div>\n                    <\/nav>\n                            <\/div>\n                                <div id=\"page_68\" class=\"d-none\">\n                <div class=\"container posts\">\n                                                                        <article class=\"post rebold-marketing\">\n                                <a class=\"post_image\" href=\"https:\/\/letsrebold.com\/es\/blog\/rebold-disena-la-metodologia-que-mejor-calcula-el-retorno-de-los-patrocinios-deportivos-de-las-marcas-2\/\"><img loading=\"lazy\" decoding=\"async\" width=\"405\" height=\"250\" src=\"https:\/\/letsrebold.com\/wp-content\/uploads\/2022\/06\/peq-ndp-patrocinio.png\" class=\"attachment-img-header size-img-header wp-post-image\" alt=\"\" srcset=\"https:\/\/letsrebold.com\/wp-content\/uploads\/2022\/06\/peq-ndp-patrocinio.png 405w, https:\/\/letsrebold.com\/wp-content\/uploads\/2022\/06\/peq-ndp-patrocinio-300x185.png 300w, https:\/\/letsrebold.com\/wp-content\/uploads\/2022\/06\/peq-ndp-patrocinio-330x204.png 330w, https:\/\/letsrebold.com\/wp-content\/uploads\/2022\/06\/peq-ndp-patrocinio-360x222.png 360w\" sizes=\"auto, (max-width: 405px) 100vw, 405px\" \/><\/a>\n                                <h2 class=\"post_meta\">\n                                                                                <a style=\"color: #e0094b\" class=\"post_tag\" href=\"?service=rebold-marketing\">Rebold Marketing<\/a>\n                                                                                                                                <a class=\"post_tag\" href=\"?topic=consumo\">Consumo<\/a>\n                                                                            <\/h2>\n                                <h3 class=\"post_title\"><a href=\"https:\/\/letsrebold.com\/es\/blog\/rebold-disena-la-metodologia-que-mejor-calcula-el-retorno-de-los-patrocinios-deportivos-de-las-marcas-2\/\">Rebold dise\u00f1a la metodolog\u00eda que mejor calcula el retorno de los patrocinios deportivos de las marcas<\/a><\/h3>\n                                <a class=\"post_link\" href=\"https:\/\/letsrebold.com\/es\/blog\/rebold-disena-la-metodologia-que-mejor-calcula-el-retorno-de-los-patrocinios-deportivos-de-las-marcas-2\/\"><span>Leer m\u00e1s<\/span> <span class=\"ico-right\">M\u00e1s informaci\u00f3n<\/span><\/a>\n                            <\/article>\n                                                                        <article class=\"post media-strategy-research, rebold-marketing\">\n                                <a class=\"post_image\" href=\"https:\/\/letsrebold.com\/es\/blog\/rebold-pionera-en-la-aplicacion-de-nuevas-tecnicas-de-predictive-analytics-y-modelizacion-para-marketing-y-comunicacion\/\"><img loading=\"lazy\" decoding=\"async\" width=\"906\" height=\"600\" src=\"https:\/\/letsrebold.com\/wp-content\/uploads\/2022\/06\/predictive-analytic-906x600.jpeg\" class=\"attachment-img-header size-img-header wp-post-image\" alt=\"\" srcset=\"https:\/\/letsrebold.com\/wp-content\/uploads\/2022\/06\/predictive-analytic-906x600.jpeg 906w, https:\/\/letsrebold.com\/wp-content\/uploads\/2022\/06\/predictive-analytic-300x199.jpeg 300w, https:\/\/letsrebold.com\/wp-content\/uploads\/2022\/06\/predictive-analytic-768x509.jpeg 768w, https:\/\/letsrebold.com\/wp-content\/uploads\/2022\/06\/predictive-analytic-1024x678.jpeg 1024w, https:\/\/letsrebold.com\/wp-content\/uploads\/2022\/06\/predictive-analytic-308x204.jpeg 308w, https:\/\/letsrebold.com\/wp-content\/uploads\/2022\/06\/predictive-analytic-360x238.jpeg 360w, https:\/\/letsrebold.com\/wp-content\/uploads\/2022\/06\/predictive-analytic-530x351.jpeg 530w, https:\/\/letsrebold.com\/wp-content\/uploads\/2022\/06\/predictive-analytic-577x382.jpeg 577w, https:\/\/letsrebold.com\/wp-content\/uploads\/2022\/06\/predictive-analytic-1536x1017.jpeg 1536w, https:\/\/letsrebold.com\/wp-content\/uploads\/2022\/06\/predictive-analytic.jpeg 1880w\" sizes=\"auto, (max-width: 906px) 100vw, 906px\" \/><\/a>\n                                <h2 class=\"post_meta\">\n                                                                                <a style=\"color: #e0094b\" class=\"post_tag\" href=\"?service=rebold-marketing\">Rebold Marketing<\/a>\n                                                                                                                                <a class=\"post_tag\" href=\"?topic=analytics\">analytics<\/a>\n                                                                            <\/h2>\n                                <h3 class=\"post_title\"><a href=\"https:\/\/letsrebold.com\/es\/blog\/rebold-pionera-en-la-aplicacion-de-nuevas-tecnicas-de-predictive-analytics-y-modelizacion-para-marketing-y-comunicacion\/\">Rebold, pionera en la aplicaci\u00f3n de nuevas t\u00e9cnicas de predictive analytics y modelizaci\u00f3n para marketing y comunicaci\u00f3n<\/a><\/h3>\n                                <a class=\"post_link\" href=\"https:\/\/letsrebold.com\/es\/blog\/rebold-pionera-en-la-aplicacion-de-nuevas-tecnicas-de-predictive-analytics-y-modelizacion-para-marketing-y-comunicacion\/\"><span>Leer m\u00e1s<\/span> <span class=\"ico-right\">M\u00e1s informaci\u00f3n<\/span><\/a>\n                            <\/article>\n                                                                        <article class=\"post rebold-marketing\">\n                                <a class=\"post_image\" href=\"https:\/\/letsrebold.com\/es\/blog\/taller-de-rrss-en-el-centro-tres-olivos-de-la-fundacion-down-madrid\/\"><img loading=\"lazy\" decoding=\"async\" width=\"405\" height=\"250\" src=\"https:\/\/letsrebold.com\/wp-content\/uploads\/2022\/06\/copia-de-copia-de-copia-de-copia-de-copia-de-diseo-sin-ttulo.png\" class=\"attachment-img-header size-img-header wp-post-image\" alt=\"\" srcset=\"https:\/\/letsrebold.com\/wp-content\/uploads\/2022\/06\/copia-de-copia-de-copia-de-copia-de-copia-de-diseo-sin-ttulo.png 405w, https:\/\/letsrebold.com\/wp-content\/uploads\/2022\/06\/copia-de-copia-de-copia-de-copia-de-copia-de-diseo-sin-ttulo-300x185.png 300w, https:\/\/letsrebold.com\/wp-content\/uploads\/2022\/06\/copia-de-copia-de-copia-de-copia-de-copia-de-diseo-sin-ttulo-330x204.png 330w, https:\/\/letsrebold.com\/wp-content\/uploads\/2022\/06\/copia-de-copia-de-copia-de-copia-de-copia-de-diseo-sin-ttulo-360x222.png 360w\" sizes=\"auto, (max-width: 405px) 100vw, 405px\" \/><\/a>\n                                <h2 class=\"post_meta\">\n                                                                                <a style=\"color: #e0094b\" class=\"post_tag\" href=\"?service=rebold-marketing\">Rebold Marketing<\/a>\n                                                                                                                                <a class=\"post_tag\" href=\"?topic=down-madrid\">Down Madrid<\/a>\n                                                                            <\/h2>\n                                <h3 class=\"post_title\"><a href=\"https:\/\/letsrebold.com\/es\/blog\/taller-de-rrss-en-el-centro-tres-olivos-de-la-fundacion-down-madrid\/\">Taller de RRSS en el Centro Tres Olivos de la Fundaci\u00f3n Down Madrid<\/a><\/h3>\n                                <a class=\"post_link\" href=\"https:\/\/letsrebold.com\/es\/blog\/taller-de-rrss-en-el-centro-tres-olivos-de-la-fundacion-down-madrid\/\"><span>Leer m\u00e1s<\/span> <span class=\"ico-right\">M\u00e1s informaci\u00f3n<\/span><\/a>\n                            <\/article>\n                                                                        <article class=\"post rebold-marketing\">\n                                <a class=\"post_image\" href=\"https:\/\/letsrebold.com\/es\/blog\/que-esta-cambiando-para-que-las-grandes-marcas-esten-apostando-por-la-diversidad-en-sus-patrocinios\/\"><img loading=\"lazy\" decoding=\"async\" width=\"405\" height=\"250\" src=\"https:\/\/letsrebold.com\/wp-content\/uploads\/2022\/06\/copia-de-copia-de-copia-de-copia-de-diseo-sin-ttulo.png\" class=\"attachment-img-header size-img-header wp-post-image\" alt=\"\" srcset=\"https:\/\/letsrebold.com\/wp-content\/uploads\/2022\/06\/copia-de-copia-de-copia-de-copia-de-diseo-sin-ttulo.png 405w, https:\/\/letsrebold.com\/wp-content\/uploads\/2022\/06\/copia-de-copia-de-copia-de-copia-de-diseo-sin-ttulo-300x185.png 300w, https:\/\/letsrebold.com\/wp-content\/uploads\/2022\/06\/copia-de-copia-de-copia-de-copia-de-diseo-sin-ttulo-330x204.png 330w, https:\/\/letsrebold.com\/wp-content\/uploads\/2022\/06\/copia-de-copia-de-copia-de-copia-de-diseo-sin-ttulo-360x222.png 360w\" sizes=\"auto, (max-width: 405px) 100vw, 405px\" \/><\/a>\n                                <h2 class=\"post_meta\">\n                                                                                <a style=\"color: #e0094b\" class=\"post_tag\" href=\"?service=rebold-marketing\">Rebold Marketing<\/a>\n                                                                                                                                <a class=\"post_tag\" href=\"?topic=analisis-de-datos\">An\u00e1lisis de datos<\/a>\n                                                                            <\/h2>\n                                <h3 class=\"post_title\"><a href=\"https:\/\/letsrebold.com\/es\/blog\/que-esta-cambiando-para-que-las-grandes-marcas-esten-apostando-por-la-diversidad-en-sus-patrocinios\/\">\u00bfQu\u00e9 est\u00e1 cambiando para que las grandes marcas est\u00e9n apostando por la diversidad en sus patrocinios?<\/a><\/h3>\n                                <a class=\"post_link\" href=\"https:\/\/letsrebold.com\/es\/blog\/que-esta-cambiando-para-que-las-grandes-marcas-esten-apostando-por-la-diversidad-en-sus-patrocinios\/\"><span>Leer m\u00e1s<\/span> <span class=\"ico-right\">M\u00e1s informaci\u00f3n<\/span><\/a>\n                            <\/article>\n                                                                        <article class=\"post media-intelligence, media-strategy-research, rebold-communication, rebold-marketing\">\n                                <a class=\"post_image\" href=\"https:\/\/letsrebold.com\/es\/blog\/rebold-amplia-su-presencia-en-america-latina\/\"><img loading=\"lazy\" decoding=\"async\" width=\"405\" height=\"250\" src=\"https:\/\/letsrebold.com\/wp-content\/uploads\/2022\/06\/diseo-sin-ttulo-1.png\" class=\"attachment-img-header size-img-header wp-post-image\" alt=\"\" srcset=\"https:\/\/letsrebold.com\/wp-content\/uploads\/2022\/06\/diseo-sin-ttulo-1.png 405w, https:\/\/letsrebold.com\/wp-content\/uploads\/2022\/06\/diseo-sin-ttulo-1-300x185.png 300w, https:\/\/letsrebold.com\/wp-content\/uploads\/2022\/06\/diseo-sin-ttulo-1-330x204.png 330w, https:\/\/letsrebold.com\/wp-content\/uploads\/2022\/06\/diseo-sin-ttulo-1-360x222.png 360w\" sizes=\"auto, (max-width: 405px) 100vw, 405px\" \/><\/a>\n                                <h2 class=\"post_meta\">\n                                                                                <a style=\"color: #5ac4bb\" class=\"post_tag\" href=\"?service=rebold-communication\">Rebold Communication<\/a>\n                                                                                                                                <a class=\"post_tag\" href=\"?topic=activacion\">Activacion<\/a>\n                                                                            <\/h2>\n                                <h3 class=\"post_title\"><a href=\"https:\/\/letsrebold.com\/es\/blog\/rebold-amplia-su-presencia-en-america-latina\/\">Rebold ampl\u00eda su presencia en Am\u00e9rica Latina<\/a><\/h3>\n                                <a class=\"post_link\" href=\"https:\/\/letsrebold.com\/es\/blog\/rebold-amplia-su-presencia-en-america-latina\/\"><span>Leer m\u00e1s<\/span> <span class=\"ico-right\">M\u00e1s informaci\u00f3n<\/span><\/a>\n                            <\/article>\n                                                                        <article class=\"post media-intelligence, rebold-communication\">\n                                <a class=\"post_image\" href=\"https:\/\/letsrebold.com\/es\/blog\/que-es-el-tono-automatico\/\"><img loading=\"lazy\" decoding=\"async\" width=\"405\" height=\"250\" src=\"https:\/\/letsrebold.com\/wp-content\/uploads\/2022\/06\/copia-de-copia-de-copia-de-diseo-sin-ttulo.png\" class=\"attachment-img-header size-img-header wp-post-image\" alt=\"\" srcset=\"https:\/\/letsrebold.com\/wp-content\/uploads\/2022\/06\/copia-de-copia-de-copia-de-diseo-sin-ttulo.png 405w, https:\/\/letsrebold.com\/wp-content\/uploads\/2022\/06\/copia-de-copia-de-copia-de-diseo-sin-ttulo-300x185.png 300w, https:\/\/letsrebold.com\/wp-content\/uploads\/2022\/06\/copia-de-copia-de-copia-de-diseo-sin-ttulo-330x204.png 330w, https:\/\/letsrebold.com\/wp-content\/uploads\/2022\/06\/copia-de-copia-de-copia-de-diseo-sin-ttulo-360x222.png 360w\" sizes=\"auto, (max-width: 405px) 100vw, 405px\" \/><\/a>\n                                <h2 class=\"post_meta\">\n                                                                                <a style=\"color: #5ac4bb\" class=\"post_tag\" href=\"?service=rebold-communication\">Rebold Communication<\/a>\n                                                                                                                                <a class=\"post_tag\" href=\"?topic=media-intelligence\">Media Intelligence<\/a>\n                                                                            <\/h2>\n                                <h3 class=\"post_title\"><a href=\"https:\/\/letsrebold.com\/es\/blog\/que-es-el-tono-automatico\/\">\u00bfQu\u00e9 es el tono autom\u00e1tico?<\/a><\/h3>\n                                <a class=\"post_link\" href=\"https:\/\/letsrebold.com\/es\/blog\/que-es-el-tono-automatico\/\"><span>Leer m\u00e1s<\/span> <span class=\"ico-right\">M\u00e1s informaci\u00f3n<\/span><\/a>\n                            <\/article>\n                                    <\/div>\n                                    <nav class=\"links links-right\" id=\"loadmore_68\">\n                        <div class=\"container\">\n                            <a href=\"#\" class=\"loadmore\" value=\"68\"><span>Cargar m\u00e1s<\/span> <span class=\"ico-right\"><\/span><\/a>\n                        <\/div>\n                    <\/nav>\n                            <\/div>\n                                <div id=\"page_69\" class=\"d-none\">\n                <div class=\"container posts\">\n                                                                        <article class=\"post rebold-marketing\">\n                                <a class=\"post_image\" href=\"https:\/\/letsrebold.com\/es\/blog\/rebold-colabora-con-dircom-en-el-ciclo-de-medicion-y-evaluacion-para-lograr-la-excelencia-en-comunicacion-impartido-en-madrid\/\"><img loading=\"lazy\" decoding=\"async\" width=\"405\" height=\"250\" src=\"https:\/\/letsrebold.com\/wp-content\/uploads\/2022\/06\/copia-de-copia-de-diseo-sin-ttulo-2.png\" class=\"attachment-img-header size-img-header wp-post-image\" alt=\"\" srcset=\"https:\/\/letsrebold.com\/wp-content\/uploads\/2022\/06\/copia-de-copia-de-diseo-sin-ttulo-2.png 405w, https:\/\/letsrebold.com\/wp-content\/uploads\/2022\/06\/copia-de-copia-de-diseo-sin-ttulo-2-300x185.png 300w, https:\/\/letsrebold.com\/wp-content\/uploads\/2022\/06\/copia-de-copia-de-diseo-sin-ttulo-2-330x204.png 330w, https:\/\/letsrebold.com\/wp-content\/uploads\/2022\/06\/copia-de-copia-de-diseo-sin-ttulo-2-360x222.png 360w\" sizes=\"auto, (max-width: 405px) 100vw, 405px\" \/><\/a>\n                                <h2 class=\"post_meta\">\n                                                                                <a style=\"color: #e0094b\" class=\"post_tag\" href=\"?service=rebold-marketing\">Rebold Marketing<\/a>\n                                                                                                                                <a class=\"post_tag\" href=\"?topic=amec\">AMEC<\/a>\n                                                                            <\/h2>\n                                <h3 class=\"post_title\"><a href=\"https:\/\/letsrebold.com\/es\/blog\/rebold-colabora-con-dircom-en-el-ciclo-de-medicion-y-evaluacion-para-lograr-la-excelencia-en-comunicacion-impartido-en-madrid\/\">Rebold colabora con Dircom en el Ciclo de medici\u00f3n y evaluaci\u00f3n para lograr la excelencia en Comunicaci\u00f3n, impartido en Madrid<\/a><\/h3>\n                                <a class=\"post_link\" href=\"https:\/\/letsrebold.com\/es\/blog\/rebold-colabora-con-dircom-en-el-ciclo-de-medicion-y-evaluacion-para-lograr-la-excelencia-en-comunicacion-impartido-en-madrid\/\"><span>Leer m\u00e1s<\/span> <span class=\"ico-right\">M\u00e1s informaci\u00f3n<\/span><\/a>\n                            <\/article>\n                                                                        <article class=\"post rebold-marketing\">\n                                <a class=\"post_image\" href=\"https:\/\/letsrebold.com\/es\/blog\/rebold-consolida-su-area-de-global-strategy-operations-para-avanzar-en-su-expansion-internacional\/\"><img loading=\"lazy\" decoding=\"async\" width=\"405\" height=\"250\" src=\"https:\/\/letsrebold.com\/wp-content\/uploads\/2022\/06\/copia-de-diseo-sin-ttulo-3.png\" class=\"attachment-img-header size-img-header wp-post-image\" alt=\"\" srcset=\"https:\/\/letsrebold.com\/wp-content\/uploads\/2022\/06\/copia-de-diseo-sin-ttulo-3.png 405w, https:\/\/letsrebold.com\/wp-content\/uploads\/2022\/06\/copia-de-diseo-sin-ttulo-3-300x185.png 300w, https:\/\/letsrebold.com\/wp-content\/uploads\/2022\/06\/copia-de-diseo-sin-ttulo-3-330x204.png 330w, https:\/\/letsrebold.com\/wp-content\/uploads\/2022\/06\/copia-de-diseo-sin-ttulo-3-360x222.png 360w\" sizes=\"auto, (max-width: 405px) 100vw, 405px\" \/><\/a>\n                                <h2 class=\"post_meta\">\n                                                                                <a style=\"color: #e0094b\" class=\"post_tag\" href=\"?service=rebold-marketing\">Rebold Marketing<\/a>\n                                                                                                                                <a class=\"post_tag\" href=\"?topic=datos\">datos<\/a>\n                                                                            <\/h2>\n                                <h3 class=\"post_title\"><a href=\"https:\/\/letsrebold.com\/es\/blog\/rebold-consolida-su-area-de-global-strategy-operations-para-avanzar-en-su-expansion-internacional\/\">Rebold consolida su \u00e1rea de Global Strategy &amp; Operations para avanzar en su expansi\u00f3n internacional<\/a><\/h3>\n                                <a class=\"post_link\" href=\"https:\/\/letsrebold.com\/es\/blog\/rebold-consolida-su-area-de-global-strategy-operations-para-avanzar-en-su-expansion-internacional\/\"><span>Leer m\u00e1s<\/span> <span class=\"ico-right\">M\u00e1s informaci\u00f3n<\/span><\/a>\n                            <\/article>\n                                                                        <article class=\"post rebold-marketing\">\n                                <a class=\"post_image\" href=\"https:\/\/letsrebold.com\/es\/blog\/mas-del-62-de-las-empresas-espanolas-aun-no-se-esta-preparando-para-el-marketing-por-voz\/\"><img loading=\"lazy\" decoding=\"async\" width=\"405\" height=\"250\" src=\"https:\/\/letsrebold.com\/wp-content\/uploads\/2022\/06\/diseo-sin-ttulo-6.png\" class=\"attachment-img-header size-img-header wp-post-image\" alt=\"\" srcset=\"https:\/\/letsrebold.com\/wp-content\/uploads\/2022\/06\/diseo-sin-ttulo-6.png 405w, https:\/\/letsrebold.com\/wp-content\/uploads\/2022\/06\/diseo-sin-ttulo-6-300x185.png 300w, https:\/\/letsrebold.com\/wp-content\/uploads\/2022\/06\/diseo-sin-ttulo-6-330x204.png 330w, https:\/\/letsrebold.com\/wp-content\/uploads\/2022\/06\/diseo-sin-ttulo-6-360x222.png 360w\" sizes=\"auto, (max-width: 405px) 100vw, 405px\" \/><\/a>\n                                <h2 class=\"post_meta\">\n                                                                                <a style=\"color: #e0094b\" class=\"post_tag\" href=\"?service=rebold-marketing\">Rebold Marketing<\/a>\n                                                                                                                                <a class=\"post_tag\" href=\"?topic=adtech-amp\">Adtech &amp;amp<\/a>\n                                                                            <\/h2>\n                                <h3 class=\"post_title\"><a href=\"https:\/\/letsrebold.com\/es\/blog\/mas-del-62-de-las-empresas-espanolas-aun-no-se-esta-preparando-para-el-marketing-por-voz\/\">M\u00e1s del 62% de las empresas espa\u00f1olas a\u00fan no se est\u00e1 preparando para el marketing por voz<\/a><\/h3>\n                                <a class=\"post_link\" href=\"https:\/\/letsrebold.com\/es\/blog\/mas-del-62-de-las-empresas-espanolas-aun-no-se-esta-preparando-para-el-marketing-por-voz\/\"><span>Leer m\u00e1s<\/span> <span class=\"ico-right\">M\u00e1s informaci\u00f3n<\/span><\/a>\n                            <\/article>\n                                                                        <article class=\"post rebold-marketing, zero-party-data\">\n                                <a class=\"post_image\" href=\"https:\/\/letsrebold.com\/es\/blog\/rebold-refuerza-su-equipo-de-tecnologia-para-seguir-desarrollando-el-marketing-mas-avanzado\/\"><img loading=\"lazy\" decoding=\"async\" width=\"405\" height=\"250\" src=\"https:\/\/letsrebold.com\/wp-content\/uploads\/2022\/06\/copia-de-diseo-sin-ttulo-3.jpg\" class=\"attachment-img-header size-img-header wp-post-image\" alt=\"\" srcset=\"https:\/\/letsrebold.com\/wp-content\/uploads\/2022\/06\/copia-de-diseo-sin-ttulo-3.jpg 405w, https:\/\/letsrebold.com\/wp-content\/uploads\/2022\/06\/copia-de-diseo-sin-ttulo-3-300x185.jpg 300w, https:\/\/letsrebold.com\/wp-content\/uploads\/2022\/06\/copia-de-diseo-sin-ttulo-3-330x204.jpg 330w, https:\/\/letsrebold.com\/wp-content\/uploads\/2022\/06\/copia-de-diseo-sin-ttulo-3-360x222.jpg 360w\" sizes=\"auto, (max-width: 405px) 100vw, 405px\" \/><\/a>\n                                <h2 class=\"post_meta\">\n                                                                                <a style=\"color: #e0094b\" class=\"post_tag\" href=\"?service=rebold-marketing\">Rebold Marketing<\/a>\n                                                                                                                                <a class=\"post_tag\" href=\"?topic=cto\">CTO<\/a>\n                                                                            <\/h2>\n                                <h3 class=\"post_title\"><a href=\"https:\/\/letsrebold.com\/es\/blog\/rebold-refuerza-su-equipo-de-tecnologia-para-seguir-desarrollando-el-marketing-mas-avanzado\/\">Rebold refuerza su equipo de Tecnolog\u00eda para seguir desarrollando el marketing m\u00e1s avanzado<\/a><\/h3>\n                                <a class=\"post_link\" href=\"https:\/\/letsrebold.com\/es\/blog\/rebold-refuerza-su-equipo-de-tecnologia-para-seguir-desarrollando-el-marketing-mas-avanzado\/\"><span>Leer m\u00e1s<\/span> <span class=\"ico-right\">M\u00e1s informaci\u00f3n<\/span><\/a>\n                            <\/article>\n                                                                        <article class=\"post media-strategy-research, rebold-marketing\">\n                                <a class=\"post_image\" href=\"https:\/\/letsrebold.com\/es\/blog\/las-claves-de-la-medicion-y-el-analisis-del-patrocinio\/\"><img loading=\"lazy\" decoding=\"async\" width=\"875\" height=\"600\" src=\"https:\/\/letsrebold.com\/wp-content\/uploads\/2022\/06\/imagen-1-875x600.png\" class=\"attachment-img-header size-img-header wp-post-image\" alt=\"\" srcset=\"https:\/\/letsrebold.com\/wp-content\/uploads\/2022\/06\/imagen-1-875x600.png 875w, https:\/\/letsrebold.com\/wp-content\/uploads\/2022\/06\/imagen-1-300x206.png 300w, https:\/\/letsrebold.com\/wp-content\/uploads\/2022\/06\/imagen-1-768x526.png 768w, https:\/\/letsrebold.com\/wp-content\/uploads\/2022\/06\/imagen-1-1024x702.png 1024w, https:\/\/letsrebold.com\/wp-content\/uploads\/2022\/06\/imagen-1-298x204.png 298w, https:\/\/letsrebold.com\/wp-content\/uploads\/2022\/06\/imagen-1-360x247.png 360w, https:\/\/letsrebold.com\/wp-content\/uploads\/2022\/06\/imagen-1-512x351.png 512w, https:\/\/letsrebold.com\/wp-content\/uploads\/2022\/06\/imagen-1-557x382.png 557w, https:\/\/letsrebold.com\/wp-content\/uploads\/2022\/06\/imagen-1.png 1125w\" sizes=\"auto, (max-width: 875px) 100vw, 875px\" \/><\/a>\n                                <h2 class=\"post_meta\">\n                                                                                <a style=\"color: #e0094b\" class=\"post_tag\" href=\"?service=rebold-marketing\">Rebold Marketing<\/a>\n                                                                                                                                <a class=\"post_tag\" href=\"?topic=analisis\">An\u00e1lisis<\/a>\n                                                                            <\/h2>\n                                <h3 class=\"post_title\"><a href=\"https:\/\/letsrebold.com\/es\/blog\/las-claves-de-la-medicion-y-el-analisis-del-patrocinio\/\">Las claves de la medici\u00f3n y el an\u00e1lisis del patrocinio<\/a><\/h3>\n                                <a class=\"post_link\" href=\"https:\/\/letsrebold.com\/es\/blog\/las-claves-de-la-medicion-y-el-analisis-del-patrocinio\/\"><span>Leer m\u00e1s<\/span> <span class=\"ico-right\">M\u00e1s informaci\u00f3n<\/span><\/a>\n                            <\/article>\n                                                                        <article class=\"post \">\n                                <a class=\"post_image\" href=\"https:\/\/letsrebold.com\/es\/blog\/tendencias-en-el-sector-de-la-movilidad-y-el-impacto-en-la-evaluacion-de-la-comunicacion\/\"><img loading=\"lazy\" decoding=\"async\" width=\"900\" height=\"600\" src=\"https:\/\/letsrebold.com\/wp-content\/uploads\/2022\/06\/adult-beach-beautiful-787472-900x600.jpg\" class=\"attachment-img-header size-img-header wp-post-image\" alt=\"\" srcset=\"https:\/\/letsrebold.com\/wp-content\/uploads\/2022\/06\/adult-beach-beautiful-787472-900x600.jpg 900w, https:\/\/letsrebold.com\/wp-content\/uploads\/2022\/06\/adult-beach-beautiful-787472-300x200.jpg 300w, https:\/\/letsrebold.com\/wp-content\/uploads\/2022\/06\/adult-beach-beautiful-787472-768x512.jpg 768w, https:\/\/letsrebold.com\/wp-content\/uploads\/2022\/06\/adult-beach-beautiful-787472-1024x683.jpg 1024w, https:\/\/letsrebold.com\/wp-content\/uploads\/2022\/06\/adult-beach-beautiful-787472-306x204.jpg 306w, https:\/\/letsrebold.com\/wp-content\/uploads\/2022\/06\/adult-beach-beautiful-787472-360x240.jpg 360w, https:\/\/letsrebold.com\/wp-content\/uploads\/2022\/06\/adult-beach-beautiful-787472-527x351.jpg 527w, https:\/\/letsrebold.com\/wp-content\/uploads\/2022\/06\/adult-beach-beautiful-787472-573x382.jpg 573w, https:\/\/letsrebold.com\/wp-content\/uploads\/2022\/06\/adult-beach-beautiful-787472-1536x1024.jpg 1536w, https:\/\/letsrebold.com\/wp-content\/uploads\/2022\/06\/adult-beach-beautiful-787472-2048x1365.jpg 2048w\" sizes=\"auto, (max-width: 900px) 100vw, 900px\" \/><\/a>\n                                <h2 class=\"post_meta\">\n                                                                                                                        <a class=\"post_tag\" href=\"?topic=investigacion-de-mercado\">Investigaci\u00f3n de Mercado<\/a>\n                                                                            <\/h2>\n                                <h3 class=\"post_title\"><a href=\"https:\/\/letsrebold.com\/es\/blog\/tendencias-en-el-sector-de-la-movilidad-y-el-impacto-en-la-evaluacion-de-la-comunicacion\/\">Tendencias en el sector de la movilidad y el impacto en la evaluaci\u00f3n de la comunicaci\u00f3n<\/a><\/h3>\n                                <a class=\"post_link\" href=\"https:\/\/letsrebold.com\/es\/blog\/tendencias-en-el-sector-de-la-movilidad-y-el-impacto-en-la-evaluacion-de-la-comunicacion\/\"><span>Leer m\u00e1s<\/span> <span class=\"ico-right\">M\u00e1s informaci\u00f3n<\/span><\/a>\n                            <\/article>\n                                    <\/div>\n                                    <nav class=\"links links-right\" id=\"loadmore_69\">\n                        <div class=\"container\">\n                            <a href=\"#\" class=\"loadmore\" value=\"69\"><span>Cargar m\u00e1s<\/span> <span class=\"ico-right\"><\/span><\/a>\n                        <\/div>\n                    <\/nav>\n                            <\/div>\n                                <div id=\"page_70\" class=\"d-none\">\n                <div class=\"container posts\">\n                                                                        <article class=\"post media-strategy-research, rebold-marketing\">\n                                <a class=\"post_image\" href=\"https:\/\/letsrebold.com\/es\/blog\/que-debe-incluir-un-buen-analisis-social-media\/\"><img loading=\"lazy\" decoding=\"async\" width=\"615\" height=\"357\" src=\"https:\/\/letsrebold.com\/wp-content\/uploads\/2022\/06\/data-analisis.jpg\" class=\"attachment-img-header size-img-header wp-post-image\" alt=\"\" srcset=\"https:\/\/letsrebold.com\/wp-content\/uploads\/2022\/06\/data-analisis.jpg 615w, https:\/\/letsrebold.com\/wp-content\/uploads\/2022\/06\/data-analisis-300x174.jpg 300w, https:\/\/letsrebold.com\/wp-content\/uploads\/2022\/06\/data-analisis-351x204.jpg 351w, https:\/\/letsrebold.com\/wp-content\/uploads\/2022\/06\/data-analisis-360x209.jpg 360w, https:\/\/letsrebold.com\/wp-content\/uploads\/2022\/06\/data-analisis-578x336.jpg 578w\" sizes=\"auto, (max-width: 615px) 100vw, 615px\" \/><\/a>\n                                <h2 class=\"post_meta\">\n                                                                                <a style=\"color: #e0094b\" class=\"post_tag\" href=\"?service=rebold-marketing\">Rebold Marketing<\/a>\n                                                                                                                                <a class=\"post_tag\" href=\"?topic=social-media\">Social Media<\/a>\n                                                                            <\/h2>\n                                <h3 class=\"post_title\"><a href=\"https:\/\/letsrebold.com\/es\/blog\/que-debe-incluir-un-buen-analisis-social-media\/\">\u00bfQu\u00e9 debe incluir un buen an\u00e1lisis social media?<\/a><\/h3>\n                                <a class=\"post_link\" href=\"https:\/\/letsrebold.com\/es\/blog\/que-debe-incluir-un-buen-analisis-social-media\/\"><span>Leer m\u00e1s<\/span> <span class=\"ico-right\">M\u00e1s informaci\u00f3n<\/span><\/a>\n                            <\/article>\n                                                                        <article class=\"post media-strategy-research, rebold-marketing\">\n                                <a class=\"post_image\" href=\"https:\/\/letsrebold.com\/es\/blog\/por-que-incluir-las-redes-sociales-en-tu-medicion-y-seguimiento\/\"><img loading=\"lazy\" decoding=\"async\" width=\"900\" height=\"600\" src=\"https:\/\/letsrebold.com\/wp-content\/uploads\/2022\/06\/adult-busy-chairs-1426938-900x600.jpg\" class=\"attachment-img-header size-img-header wp-post-image\" alt=\"\" srcset=\"https:\/\/letsrebold.com\/wp-content\/uploads\/2022\/06\/adult-busy-chairs-1426938-900x600.jpg 900w, https:\/\/letsrebold.com\/wp-content\/uploads\/2022\/06\/adult-busy-chairs-1426938-300x200.jpg 300w, https:\/\/letsrebold.com\/wp-content\/uploads\/2022\/06\/adult-busy-chairs-1426938-768x512.jpg 768w, https:\/\/letsrebold.com\/wp-content\/uploads\/2022\/06\/adult-busy-chairs-1426938-1024x683.jpg 1024w, https:\/\/letsrebold.com\/wp-content\/uploads\/2022\/06\/adult-busy-chairs-1426938-306x204.jpg 306w, https:\/\/letsrebold.com\/wp-content\/uploads\/2022\/06\/adult-busy-chairs-1426938-360x240.jpg 360w, https:\/\/letsrebold.com\/wp-content\/uploads\/2022\/06\/adult-busy-chairs-1426938-526x351.jpg 526w, https:\/\/letsrebold.com\/wp-content\/uploads\/2022\/06\/adult-busy-chairs-1426938-573x382.jpg 573w, https:\/\/letsrebold.com\/wp-content\/uploads\/2022\/06\/adult-busy-chairs-1426938-1536x1024.jpg 1536w, https:\/\/letsrebold.com\/wp-content\/uploads\/2022\/06\/adult-busy-chairs-1426938-2048x1366.jpg 2048w\" sizes=\"auto, (max-width: 900px) 100vw, 900px\" \/><\/a>\n                                <h2 class=\"post_meta\">\n                                                                                <a style=\"color: #e0094b\" class=\"post_tag\" href=\"?service=rebold-marketing\">Rebold Marketing<\/a>\n                                                                                                                                <a class=\"post_tag\" href=\"?topic=social-media\">Social Media<\/a>\n                                                                            <\/h2>\n                                <h3 class=\"post_title\"><a href=\"https:\/\/letsrebold.com\/es\/blog\/por-que-incluir-las-redes-sociales-en-tu-medicion-y-seguimiento\/\">Por qu\u00e9 incluir las redes sociales en tu medici\u00f3n y seguimiento<\/a><\/h3>\n                                <a class=\"post_link\" href=\"https:\/\/letsrebold.com\/es\/blog\/por-que-incluir-las-redes-sociales-en-tu-medicion-y-seguimiento\/\"><span>Leer m\u00e1s<\/span> <span class=\"ico-right\">M\u00e1s informaci\u00f3n<\/span><\/a>\n                            <\/article>\n                                                                        <article class=\"post media-strategy-research, rebold-marketing\">\n                                <a class=\"post_image\" href=\"https:\/\/letsrebold.com\/es\/blog\/el-80-de-las-empresas-aun-no-usa-metricas-avanzadas-para-analizar-el-valor-que-aportan-sus-acciones-de-comunicacion\/\"><img loading=\"lazy\" decoding=\"async\" width=\"1061\" height=\"545\" src=\"https:\/\/letsrebold.com\/wp-content\/uploads\/2022\/06\/alejandro-moreno-david-cascant-rebold-en-cibecom-8-mayo-2019-1061x545.jpg\" class=\"attachment-img-header size-img-header wp-post-image\" alt=\"\" srcset=\"https:\/\/letsrebold.com\/wp-content\/uploads\/2022\/06\/alejandro-moreno-david-cascant-rebold-en-cibecom-8-mayo-2019-1061x545.jpg 1061w, https:\/\/letsrebold.com\/wp-content\/uploads\/2022\/06\/alejandro-moreno-david-cascant-rebold-en-cibecom-8-mayo-2019-300x154.jpg 300w, https:\/\/letsrebold.com\/wp-content\/uploads\/2022\/06\/alejandro-moreno-david-cascant-rebold-en-cibecom-8-mayo-2019-768x395.jpg 768w, https:\/\/letsrebold.com\/wp-content\/uploads\/2022\/06\/alejandro-moreno-david-cascant-rebold-en-cibecom-8-mayo-2019-1024x526.jpg 1024w, https:\/\/letsrebold.com\/wp-content\/uploads\/2022\/06\/alejandro-moreno-david-cascant-rebold-en-cibecom-8-mayo-2019-360x185.jpg 360w, https:\/\/letsrebold.com\/wp-content\/uploads\/2022\/06\/alejandro-moreno-david-cascant-rebold-en-cibecom-8-mayo-2019-578x297.jpg 578w, https:\/\/letsrebold.com\/wp-content\/uploads\/2022\/06\/alejandro-moreno-david-cascant-rebold-en-cibecom-8-mayo-2019-743x382.jpg 743w, https:\/\/letsrebold.com\/wp-content\/uploads\/2022\/06\/alejandro-moreno-david-cascant-rebold-en-cibecom-8-mayo-2019-1536x789.jpg 1536w, https:\/\/letsrebold.com\/wp-content\/uploads\/2022\/06\/alejandro-moreno-david-cascant-rebold-en-cibecom-8-mayo-2019-2048x1052.jpg 2048w\" sizes=\"auto, (max-width: 1061px) 100vw, 1061px\" \/><\/a>\n                                <h2 class=\"post_meta\">\n                                                                                <a style=\"color: #e0094b\" class=\"post_tag\" href=\"?service=rebold-marketing\">Rebold Marketing<\/a>\n                                                                                                                                <a class=\"post_tag\" href=\"?topic=analisis\">An\u00e1lisis<\/a>\n                                                                            <\/h2>\n                                <h3 class=\"post_title\"><a href=\"https:\/\/letsrebold.com\/es\/blog\/el-80-de-las-empresas-aun-no-usa-metricas-avanzadas-para-analizar-el-valor-que-aportan-sus-acciones-de-comunicacion\/\">El 80% de las empresas a\u00fan no usa m\u00e9tricas avanzadas para analizar el valor que aportan sus acciones de comunicaci\u00f3n<\/a><\/h3>\n                                <a class=\"post_link\" href=\"https:\/\/letsrebold.com\/es\/blog\/el-80-de-las-empresas-aun-no-usa-metricas-avanzadas-para-analizar-el-valor-que-aportan-sus-acciones-de-comunicacion\/\"><span>Leer m\u00e1s<\/span> <span class=\"ico-right\">M\u00e1s informaci\u00f3n<\/span><\/a>\n                            <\/article>\n                                                                        <article class=\"post media-strategy-research, rebold-marketing\">\n                                <a class=\"post_image\" href=\"https:\/\/letsrebold.com\/es\/blog\/5-pasos-para-medir-tu-campana-en-social-media\/\"><img loading=\"lazy\" decoding=\"async\" width=\"950\" height=\"600\" src=\"https:\/\/letsrebold.com\/wp-content\/uploads\/2022\/06\/adult-analysis-chart-1516704-950x600.jpg\" class=\"attachment-img-header size-img-header wp-post-image\" alt=\"\" srcset=\"https:\/\/letsrebold.com\/wp-content\/uploads\/2022\/06\/adult-analysis-chart-1516704-950x600.jpg 950w, https:\/\/letsrebold.com\/wp-content\/uploads\/2022\/06\/adult-analysis-chart-1516704-300x190.jpg 300w, https:\/\/letsrebold.com\/wp-content\/uploads\/2022\/06\/adult-analysis-chart-1516704-768x485.jpg 768w, https:\/\/letsrebold.com\/wp-content\/uploads\/2022\/06\/adult-analysis-chart-1516704-1024x647.jpg 1024w, https:\/\/letsrebold.com\/wp-content\/uploads\/2022\/06\/adult-analysis-chart-1516704-323x204.jpg 323w, https:\/\/letsrebold.com\/wp-content\/uploads\/2022\/06\/adult-analysis-chart-1516704-360x227.jpg 360w, https:\/\/letsrebold.com\/wp-content\/uploads\/2022\/06\/adult-analysis-chart-1516704-556x351.jpg 556w, https:\/\/letsrebold.com\/wp-content\/uploads\/2022\/06\/adult-analysis-chart-1516704-605x382.jpg 605w, https:\/\/letsrebold.com\/wp-content\/uploads\/2022\/06\/adult-analysis-chart-1516704-1536x970.jpg 1536w, https:\/\/letsrebold.com\/wp-content\/uploads\/2022\/06\/adult-analysis-chart-1516704-2048x1294.jpg 2048w\" sizes=\"auto, (max-width: 950px) 100vw, 950px\" \/><\/a>\n                                <h2 class=\"post_meta\">\n                                                                                <a style=\"color: #e0094b\" class=\"post_tag\" href=\"?service=rebold-marketing\">Rebold Marketing<\/a>\n                                                                                                                                <a class=\"post_tag\" href=\"?topic=social-media\">Social Media<\/a>\n                                                                            <\/h2>\n                                <h3 class=\"post_title\"><a href=\"https:\/\/letsrebold.com\/es\/blog\/5-pasos-para-medir-tu-campana-en-social-media\/\">5 pasos para medir tu campa\u00f1a en social media.<\/a><\/h3>\n                                <a class=\"post_link\" href=\"https:\/\/letsrebold.com\/es\/blog\/5-pasos-para-medir-tu-campana-en-social-media\/\"><span>Leer m\u00e1s<\/span> <span class=\"ico-right\">M\u00e1s informaci\u00f3n<\/span><\/a>\n                            <\/article>\n                                                                        <article class=\"post media-strategy-research, rebold-marketing\">\n                                <a class=\"post_image\" href=\"https:\/\/letsrebold.com\/es\/blog\/10-kpis-basicas-para-analizar-rrss\/\"><img loading=\"lazy\" decoding=\"async\" width=\"667\" height=\"400\" src=\"https:\/\/letsrebold.com\/wp-content\/uploads\/2022\/06\/analizar-rss-kpis.jpg\" class=\"attachment-img-header size-img-header wp-post-image\" alt=\"\" srcset=\"https:\/\/letsrebold.com\/wp-content\/uploads\/2022\/06\/analizar-rss-kpis.jpg 667w, https:\/\/letsrebold.com\/wp-content\/uploads\/2022\/06\/analizar-rss-kpis-300x180.jpg 300w, https:\/\/letsrebold.com\/wp-content\/uploads\/2022\/06\/analizar-rss-kpis-340x204.jpg 340w, https:\/\/letsrebold.com\/wp-content\/uploads\/2022\/06\/analizar-rss-kpis-360x216.jpg 360w, https:\/\/letsrebold.com\/wp-content\/uploads\/2022\/06\/analizar-rss-kpis-578x347.jpg 578w, https:\/\/letsrebold.com\/wp-content\/uploads\/2022\/06\/analizar-rss-kpis-637x382.jpg 637w\" sizes=\"auto, (max-width: 667px) 100vw, 667px\" \/><\/a>\n                                <h2 class=\"post_meta\">\n                                                                                <a style=\"color: #e0094b\" class=\"post_tag\" href=\"?service=rebold-marketing\">Rebold Marketing<\/a>\n                                                                                                                                <a class=\"post_tag\" href=\"?topic=social-media\">Social Media<\/a>\n                                                                            <\/h2>\n                                <h3 class=\"post_title\"><a href=\"https:\/\/letsrebold.com\/es\/blog\/10-kpis-basicas-para-analizar-rrss\/\">10 KPIs b\u00e1sicas para analizar rrss<\/a><\/h3>\n                                <a class=\"post_link\" href=\"https:\/\/letsrebold.com\/es\/blog\/10-kpis-basicas-para-analizar-rrss\/\"><span>Leer m\u00e1s<\/span> <span class=\"ico-right\">M\u00e1s informaci\u00f3n<\/span><\/a>\n                            <\/article>\n                                                                        <article class=\"post media-strategy-research, rebold-marketing\">\n                                <a class=\"post_image\" href=\"https:\/\/letsrebold.com\/es\/blog\/claves-para-obtener-un-analisis-de-la-competencia-en-redes-sociales\/\"><img loading=\"lazy\" decoding=\"async\" width=\"827\" height=\"600\" src=\"https:\/\/letsrebold.com\/wp-content\/uploads\/2022\/06\/accounts-blur-button-267350-827x600.jpg\" class=\"attachment-img-header size-img-header wp-post-image\" alt=\"\" srcset=\"https:\/\/letsrebold.com\/wp-content\/uploads\/2022\/06\/accounts-blur-button-267350-827x600.jpg 827w, https:\/\/letsrebold.com\/wp-content\/uploads\/2022\/06\/accounts-blur-button-267350-300x218.jpg 300w, https:\/\/letsrebold.com\/wp-content\/uploads\/2022\/06\/accounts-blur-button-267350-768x557.jpg 768w, https:\/\/letsrebold.com\/wp-content\/uploads\/2022\/06\/accounts-blur-button-267350-1024x743.jpg 1024w, https:\/\/letsrebold.com\/wp-content\/uploads\/2022\/06\/accounts-blur-button-267350-281x204.jpg 281w, https:\/\/letsrebold.com\/wp-content\/uploads\/2022\/06\/accounts-blur-button-267350-360x261.jpg 360w, https:\/\/letsrebold.com\/wp-content\/uploads\/2022\/06\/accounts-blur-button-267350-484x351.jpg 484w, https:\/\/letsrebold.com\/wp-content\/uploads\/2022\/06\/accounts-blur-button-267350-527x382.jpg 527w, https:\/\/letsrebold.com\/wp-content\/uploads\/2022\/06\/accounts-blur-button-267350-1536x1114.jpg 1536w, https:\/\/letsrebold.com\/wp-content\/uploads\/2022\/06\/accounts-blur-button-267350-2048x1486.jpg 2048w\" sizes=\"auto, (max-width: 827px) 100vw, 827px\" \/><\/a>\n                                <h2 class=\"post_meta\">\n                                                                                <a style=\"color: #e0094b\" class=\"post_tag\" href=\"?service=rebold-marketing\">Rebold Marketing<\/a>\n                                                                                                                                <a class=\"post_tag\" href=\"?topic=social-media\">Social Media<\/a>\n                                                                            <\/h2>\n                                <h3 class=\"post_title\"><a href=\"https:\/\/letsrebold.com\/es\/blog\/claves-para-obtener-un-analisis-de-la-competencia-en-redes-sociales\/\">Claves para obtener un an\u00e1lisis de la competencia en redes sociales<\/a><\/h3>\n                                <a class=\"post_link\" href=\"https:\/\/letsrebold.com\/es\/blog\/claves-para-obtener-un-analisis-de-la-competencia-en-redes-sociales\/\"><span>Leer m\u00e1s<\/span> <span class=\"ico-right\">M\u00e1s informaci\u00f3n<\/span><\/a>\n                            <\/article>\n                                    <\/div>\n                                    <nav class=\"links links-right\" id=\"loadmore_70\">\n                        <div class=\"container\">\n                            <a href=\"#\" class=\"loadmore\" value=\"70\"><span>Cargar m\u00e1s<\/span> <span class=\"ico-right\"><\/span><\/a>\n                        <\/div>\n                    <\/nav>\n                            <\/div>\n                                <div id=\"page_71\" class=\"d-none\">\n                <div class=\"container posts\">\n                                                                        <article class=\"post \">\n                                <a class=\"post_image\" href=\"https:\/\/letsrebold.com\/es\/blog\/todo-sobre-la-reputacion-online\/\"><img loading=\"lazy\" decoding=\"async\" width=\"989\" height=\"600\" src=\"https:\/\/letsrebold.com\/wp-content\/uploads\/2017\/06\/00_Post-sin-imagen-989x600.jpg\" class=\"attachment-img-header size-img-header wp-post-image\" alt=\"\" srcset=\"https:\/\/letsrebold.com\/wp-content\/uploads\/2017\/06\/00_Post-sin-imagen-989x600.jpg 989w, https:\/\/letsrebold.com\/wp-content\/uploads\/2017\/06\/00_Post-sin-imagen-300x182.jpg 300w, https:\/\/letsrebold.com\/wp-content\/uploads\/2017\/06\/00_Post-sin-imagen-768x466.jpg 768w, https:\/\/letsrebold.com\/wp-content\/uploads\/2017\/06\/00_Post-sin-imagen-1024x622.jpg 1024w, https:\/\/letsrebold.com\/wp-content\/uploads\/2017\/06\/00_Post-sin-imagen-336x204.jpg 336w, https:\/\/letsrebold.com\/wp-content\/uploads\/2017\/06\/00_Post-sin-imagen-360x219.jpg 360w, https:\/\/letsrebold.com\/wp-content\/uploads\/2017\/06\/00_Post-sin-imagen-578x351.jpg 578w, https:\/\/letsrebold.com\/wp-content\/uploads\/2017\/06\/00_Post-sin-imagen-629x382.jpg 629w, https:\/\/letsrebold.com\/wp-content\/uploads\/2017\/06\/00_Post-sin-imagen.jpg 1440w\" sizes=\"auto, (max-width: 989px) 100vw, 989px\" \/><\/a>\n                                <h2 class=\"post_meta\">\n                                                                                                                        <a class=\"post_tag\" href=\"?topic=reputacion-corporativa\">Reputaci\u00f3n Corporativa<\/a>\n                                                                            <\/h2>\n                                <h3 class=\"post_title\"><a href=\"https:\/\/letsrebold.com\/es\/blog\/todo-sobre-la-reputacion-online\/\">Todo sobre la reputaci\u00f3n online<\/a><\/h3>\n                                <a class=\"post_link\" href=\"https:\/\/letsrebold.com\/es\/blog\/todo-sobre-la-reputacion-online\/\"><span>Leer m\u00e1s<\/span> <span class=\"ico-right\">M\u00e1s informaci\u00f3n<\/span><\/a>\n                            <\/article>\n                                                                        <article class=\"post media-strategy-research, rebold-marketing\">\n                                <a class=\"post_image\" href=\"https:\/\/letsrebold.com\/es\/blog\/claves-para-un-buen-analisis-de-campanas\/\"><img loading=\"lazy\" decoding=\"async\" width=\"971\" height=\"600\" src=\"https:\/\/letsrebold.com\/wp-content\/uploads\/2022\/06\/adults-coffee-colleagues-1323592-971x600.jpg\" class=\"attachment-img-header size-img-header wp-post-image\" alt=\"\" srcset=\"https:\/\/letsrebold.com\/wp-content\/uploads\/2022\/06\/adults-coffee-colleagues-1323592-971x600.jpg 971w, https:\/\/letsrebold.com\/wp-content\/uploads\/2022\/06\/adults-coffee-colleagues-1323592-300x185.jpg 300w, https:\/\/letsrebold.com\/wp-content\/uploads\/2022\/06\/adults-coffee-colleagues-1323592-768x475.jpg 768w, https:\/\/letsrebold.com\/wp-content\/uploads\/2022\/06\/adults-coffee-colleagues-1323592-1024x633.jpg 1024w, https:\/\/letsrebold.com\/wp-content\/uploads\/2022\/06\/adults-coffee-colleagues-1323592-330x204.jpg 330w, https:\/\/letsrebold.com\/wp-content\/uploads\/2022\/06\/adults-coffee-colleagues-1323592-360x222.jpg 360w, https:\/\/letsrebold.com\/wp-content\/uploads\/2022\/06\/adults-coffee-colleagues-1323592-568x351.jpg 568w, https:\/\/letsrebold.com\/wp-content\/uploads\/2022\/06\/adults-coffee-colleagues-1323592-618x382.jpg 618w, https:\/\/letsrebold.com\/wp-content\/uploads\/2022\/06\/adults-coffee-colleagues-1323592-1536x949.jpg 1536w, https:\/\/letsrebold.com\/wp-content\/uploads\/2022\/06\/adults-coffee-colleagues-1323592-2048x1266.jpg 2048w\" sizes=\"auto, (max-width: 971px) 100vw, 971px\" \/><\/a>\n                                <h2 class=\"post_meta\">\n                                                                                <a style=\"color: #e0094b\" class=\"post_tag\" href=\"?service=rebold-marketing\">Rebold Marketing<\/a>\n                                                                                                                                <a class=\"post_tag\" href=\"?topic=analisis\">An\u00e1lisis<\/a>\n                                                                            <\/h2>\n                                <h3 class=\"post_title\"><a href=\"https:\/\/letsrebold.com\/es\/blog\/claves-para-un-buen-analisis-de-campanas\/\">Claves para un buen an\u00e1lisis de campa\u00f1as<\/a><\/h3>\n                                <a class=\"post_link\" href=\"https:\/\/letsrebold.com\/es\/blog\/claves-para-un-buen-analisis-de-campanas\/\"><span>Leer m\u00e1s<\/span> <span class=\"ico-right\">M\u00e1s informaci\u00f3n<\/span><\/a>\n                            <\/article>\n                                                                        <article class=\"post monitoring, rebold-communication\">\n                                <a class=\"post_image\" href=\"https:\/\/letsrebold.com\/es\/blog\/seguimiento-y-monitorizacion-de-videos-en-youtube-y-en-twitch\/\"><img loading=\"lazy\" decoding=\"async\" width=\"900\" height=\"600\" src=\"https:\/\/letsrebold.com\/wp-content\/uploads\/2022\/06\/black-close-up-colors-545334-900x600.jpg\" class=\"attachment-img-header size-img-header wp-post-image\" alt=\"\" srcset=\"https:\/\/letsrebold.com\/wp-content\/uploads\/2022\/06\/black-close-up-colors-545334-900x600.jpg 900w, https:\/\/letsrebold.com\/wp-content\/uploads\/2022\/06\/black-close-up-colors-545334-300x200.jpg 300w, https:\/\/letsrebold.com\/wp-content\/uploads\/2022\/06\/black-close-up-colors-545334-768x512.jpg 768w, https:\/\/letsrebold.com\/wp-content\/uploads\/2022\/06\/black-close-up-colors-545334-1024x683.jpg 1024w, https:\/\/letsrebold.com\/wp-content\/uploads\/2022\/06\/black-close-up-colors-545334-306x204.jpg 306w, https:\/\/letsrebold.com\/wp-content\/uploads\/2022\/06\/black-close-up-colors-545334-360x240.jpg 360w, https:\/\/letsrebold.com\/wp-content\/uploads\/2022\/06\/black-close-up-colors-545334-527x351.jpg 527w, https:\/\/letsrebold.com\/wp-content\/uploads\/2022\/06\/black-close-up-colors-545334-573x382.jpg 573w, https:\/\/letsrebold.com\/wp-content\/uploads\/2022\/06\/black-close-up-colors-545334-1536x1024.jpg 1536w, https:\/\/letsrebold.com\/wp-content\/uploads\/2022\/06\/black-close-up-colors-545334-2048x1365.jpg 2048w\" sizes=\"auto, (max-width: 900px) 100vw, 900px\" \/><\/a>\n                                <h2 class=\"post_meta\">\n                                                                                <a style=\"color: #5ac4bb\" class=\"post_tag\" href=\"?service=rebold-communication\">Rebold Communication<\/a>\n                                                                                                                                <a class=\"post_tag\" href=\"?topic=media-monitoring\">Media Monitoring<\/a>\n                                                                            <\/h2>\n                                <h3 class=\"post_title\"><a href=\"https:\/\/letsrebold.com\/es\/blog\/seguimiento-y-monitorizacion-de-videos-en-youtube-y-en-twitch\/\">Seguimiento y Monitorizaci\u00f3n de v\u00eddeos en Youtube y en Twitch<\/a><\/h3>\n                                <a class=\"post_link\" href=\"https:\/\/letsrebold.com\/es\/blog\/seguimiento-y-monitorizacion-de-videos-en-youtube-y-en-twitch\/\"><span>Leer m\u00e1s<\/span> <span class=\"ico-right\">M\u00e1s informaci\u00f3n<\/span><\/a>\n                            <\/article>\n                                                                        <article class=\"post media-strategy-research, rebold-marketing\">\n                                <a class=\"post_image\" href=\"https:\/\/letsrebold.com\/es\/blog\/por-que-es-necesario-que-hagas-un-analisis-de-la-competencia-en-facebook\/\"><img loading=\"lazy\" decoding=\"async\" width=\"1061\" height=\"283\" src=\"https:\/\/letsrebold.com\/wp-content\/uploads\/2022\/06\/cellphone-display-electronics-744464-1-1061x283.jpg\" class=\"attachment-img-header size-img-header wp-post-image\" alt=\"\" srcset=\"https:\/\/letsrebold.com\/wp-content\/uploads\/2022\/06\/cellphone-display-electronics-744464-1-1061x283.jpg 1061w, https:\/\/letsrebold.com\/wp-content\/uploads\/2022\/06\/cellphone-display-electronics-744464-1-300x80.jpg 300w, https:\/\/letsrebold.com\/wp-content\/uploads\/2022\/06\/cellphone-display-electronics-744464-1-768x205.jpg 768w, https:\/\/letsrebold.com\/wp-content\/uploads\/2022\/06\/cellphone-display-electronics-744464-1-1024x273.jpg 1024w, https:\/\/letsrebold.com\/wp-content\/uploads\/2022\/06\/cellphone-display-electronics-744464-1-360x96.jpg 360w, https:\/\/letsrebold.com\/wp-content\/uploads\/2022\/06\/cellphone-display-electronics-744464-1-578x154.jpg 578w, https:\/\/letsrebold.com\/wp-content\/uploads\/2022\/06\/cellphone-display-electronics-744464-1-761x203.jpg 761w, https:\/\/letsrebold.com\/wp-content\/uploads\/2022\/06\/cellphone-display-electronics-744464-1.jpg 1500w\" sizes=\"auto, (max-width: 1061px) 100vw, 1061px\" \/><\/a>\n                                <h2 class=\"post_meta\">\n                                                                                <a style=\"color: #e0094b\" class=\"post_tag\" href=\"?service=rebold-marketing\">Rebold Marketing<\/a>\n                                                                                                                                <a class=\"post_tag\" href=\"?topic=social-media\">Social Media<\/a>\n                                                                            <\/h2>\n                                <h3 class=\"post_title\"><a href=\"https:\/\/letsrebold.com\/es\/blog\/por-que-es-necesario-que-hagas-un-analisis-de-la-competencia-en-facebook\/\">Por qu\u00e9 es necesario que hagas un an\u00e1lisis de la competencia en Facebook<\/a><\/h3>\n                                <a class=\"post_link\" href=\"https:\/\/letsrebold.com\/es\/blog\/por-que-es-necesario-que-hagas-un-analisis-de-la-competencia-en-facebook\/\"><span>Leer m\u00e1s<\/span> <span class=\"ico-right\">M\u00e1s informaci\u00f3n<\/span><\/a>\n                            <\/article>\n                                                                        <article class=\"post media-intelligence, rebold-communication\">\n                                <a class=\"post_image\" href=\"https:\/\/letsrebold.com\/es\/blog\/10-maneras-de-hacer-un-seguimiento-de-presencia-de-marca\/\"><img loading=\"lazy\" decoding=\"async\" width=\"989\" height=\"600\" src=\"https:\/\/letsrebold.com\/wp-content\/uploads\/2019\/04\/00_Post-sin-imagen-989x600.jpg\" class=\"attachment-img-header size-img-header wp-post-image\" alt=\"\" srcset=\"https:\/\/letsrebold.com\/wp-content\/uploads\/2019\/04\/00_Post-sin-imagen-989x600.jpg 989w, https:\/\/letsrebold.com\/wp-content\/uploads\/2019\/04\/00_Post-sin-imagen-300x182.jpg 300w, https:\/\/letsrebold.com\/wp-content\/uploads\/2019\/04\/00_Post-sin-imagen-768x466.jpg 768w, https:\/\/letsrebold.com\/wp-content\/uploads\/2019\/04\/00_Post-sin-imagen-1024x622.jpg 1024w, https:\/\/letsrebold.com\/wp-content\/uploads\/2019\/04\/00_Post-sin-imagen-336x204.jpg 336w, https:\/\/letsrebold.com\/wp-content\/uploads\/2019\/04\/00_Post-sin-imagen-360x219.jpg 360w, https:\/\/letsrebold.com\/wp-content\/uploads\/2019\/04\/00_Post-sin-imagen-578x351.jpg 578w, https:\/\/letsrebold.com\/wp-content\/uploads\/2019\/04\/00_Post-sin-imagen-629x382.jpg 629w, https:\/\/letsrebold.com\/wp-content\/uploads\/2019\/04\/00_Post-sin-imagen.jpg 1440w\" sizes=\"auto, (max-width: 989px) 100vw, 989px\" \/><\/a>\n                                <h2 class=\"post_meta\">\n                                                                                <a style=\"color: #5ac4bb\" class=\"post_tag\" href=\"?service=rebold-communication\">Rebold Communication<\/a>\n                                                                                                                                <a class=\"post_tag\" href=\"?topic=media-intelligence\">Media Intelligence<\/a>\n                                                                            <\/h2>\n                                <h3 class=\"post_title\"><a href=\"https:\/\/letsrebold.com\/es\/blog\/10-maneras-de-hacer-un-seguimiento-de-presencia-de-marca\/\">10 maneras de hacer un seguimiento de presencia de marca<\/a><\/h3>\n                                <a class=\"post_link\" href=\"https:\/\/letsrebold.com\/es\/blog\/10-maneras-de-hacer-un-seguimiento-de-presencia-de-marca\/\"><span>Leer m\u00e1s<\/span> <span class=\"ico-right\">M\u00e1s informaci\u00f3n<\/span><\/a>\n                            <\/article>\n                                                                        <article class=\"post \">\n                                <a class=\"post_image\" href=\"https:\/\/letsrebold.com\/es\/blog\/como-realizar-un-analisis-de-presencia-en-medios\/\"><img loading=\"lazy\" decoding=\"async\" width=\"941\" height=\"251\" src=\"https:\/\/letsrebold.com\/wp-content\/uploads\/2022\/06\/analisis-de-presencia-mediatica.jpg\" class=\"attachment-img-header size-img-header wp-post-image\" alt=\"\" srcset=\"https:\/\/letsrebold.com\/wp-content\/uploads\/2022\/06\/analisis-de-presencia-mediatica.jpg 941w, https:\/\/letsrebold.com\/wp-content\/uploads\/2022\/06\/analisis-de-presencia-mediatica-300x80.jpg 300w, https:\/\/letsrebold.com\/wp-content\/uploads\/2022\/06\/analisis-de-presencia-mediatica-768x205.jpg 768w, https:\/\/letsrebold.com\/wp-content\/uploads\/2022\/06\/analisis-de-presencia-mediatica-360x96.jpg 360w, https:\/\/letsrebold.com\/wp-content\/uploads\/2022\/06\/analisis-de-presencia-mediatica-578x154.jpg 578w, https:\/\/letsrebold.com\/wp-content\/uploads\/2022\/06\/analisis-de-presencia-mediatica-761x203.jpg 761w\" sizes=\"auto, (max-width: 941px) 100vw, 941px\" \/><\/a>\n                                <h2 class=\"post_meta\">\n                                                                                                                        <a class=\"post_tag\" href=\"?topic=inteligencia\">Inteligencia<\/a>\n                                                                            <\/h2>\n                                <h3 class=\"post_title\"><a href=\"https:\/\/letsrebold.com\/es\/blog\/como-realizar-un-analisis-de-presencia-en-medios\/\">C\u00f3mo realizar un an\u00e1lisis de presencia en medios<\/a><\/h3>\n                                <a class=\"post_link\" href=\"https:\/\/letsrebold.com\/es\/blog\/como-realizar-un-analisis-de-presencia-en-medios\/\"><span>Leer m\u00e1s<\/span> <span class=\"ico-right\">M\u00e1s informaci\u00f3n<\/span><\/a>\n                            <\/article>\n                                    <\/div>\n                                    <nav class=\"links links-right\" id=\"loadmore_71\">\n                        <div class=\"container\">\n                            <a href=\"#\" class=\"loadmore\" value=\"71\"><span>Cargar m\u00e1s<\/span> <span class=\"ico-right\"><\/span><\/a>\n                        <\/div>\n                    <\/nav>\n                            <\/div>\n                                <div id=\"page_72\" class=\"d-none\">\n                <div class=\"container posts\">\n                                                                        <article class=\"post media-intelligence, rebold-communication\">\n                                <a class=\"post_image\" href=\"https:\/\/letsrebold.com\/es\/blog\/como-analizar-a-tu-competencia-en-instagram\/\"><img loading=\"lazy\" decoding=\"async\" width=\"941\" height=\"508\" src=\"https:\/\/letsrebold.com\/wp-content\/uploads\/2022\/06\/analisis-competencia-instagram.png\" class=\"attachment-img-header size-img-header wp-post-image\" alt=\"\" srcset=\"https:\/\/letsrebold.com\/wp-content\/uploads\/2022\/06\/analisis-competencia-instagram.png 941w, https:\/\/letsrebold.com\/wp-content\/uploads\/2022\/06\/analisis-competencia-instagram-300x162.png 300w, https:\/\/letsrebold.com\/wp-content\/uploads\/2022\/06\/analisis-competencia-instagram-768x415.png 768w, https:\/\/letsrebold.com\/wp-content\/uploads\/2022\/06\/analisis-competencia-instagram-360x194.png 360w, https:\/\/letsrebold.com\/wp-content\/uploads\/2022\/06\/analisis-competencia-instagram-578x312.png 578w, https:\/\/letsrebold.com\/wp-content\/uploads\/2022\/06\/analisis-competencia-instagram-708x382.png 708w\" sizes=\"auto, (max-width: 941px) 100vw, 941px\" \/><\/a>\n                                <h2 class=\"post_meta\">\n                                                                                <a style=\"color: #5ac4bb\" class=\"post_tag\" href=\"?service=rebold-communication\">Rebold Communication<\/a>\n                                                                                                                                <a class=\"post_tag\" href=\"?topic=media-intelligence\">Media Intelligence<\/a>\n                                                                            <\/h2>\n                                <h3 class=\"post_title\"><a href=\"https:\/\/letsrebold.com\/es\/blog\/como-analizar-a-tu-competencia-en-instagram\/\">C\u00f3mo analizar a tu competencia en Instagram<\/a><\/h3>\n                                <a class=\"post_link\" href=\"https:\/\/letsrebold.com\/es\/blog\/como-analizar-a-tu-competencia-en-instagram\/\"><span>Leer m\u00e1s<\/span> <span class=\"ico-right\">M\u00e1s informaci\u00f3n<\/span><\/a>\n                            <\/article>\n                                                                        <article class=\"post rebold-marketing\">\n                                <a class=\"post_image\" href=\"https:\/\/letsrebold.com\/es\/blog\/practicas-en-la-empresa-de-un-chico-muy-especial\/\"><img loading=\"lazy\" decoding=\"async\" width=\"800\" height=\"600\" src=\"https:\/\/letsrebold.com\/wp-content\/uploads\/2022\/06\/img_3234-800x600.jpeg\" class=\"attachment-img-header size-img-header wp-post-image\" alt=\"\" srcset=\"https:\/\/letsrebold.com\/wp-content\/uploads\/2022\/06\/img_3234-800x600.jpeg 800w, https:\/\/letsrebold.com\/wp-content\/uploads\/2022\/06\/img_3234-300x225.jpeg 300w, https:\/\/letsrebold.com\/wp-content\/uploads\/2022\/06\/img_3234-768x576.jpeg 768w, https:\/\/letsrebold.com\/wp-content\/uploads\/2022\/06\/img_3234-1024x768.jpeg 1024w, https:\/\/letsrebold.com\/wp-content\/uploads\/2022\/06\/img_3234-272x204.jpeg 272w, https:\/\/letsrebold.com\/wp-content\/uploads\/2022\/06\/img_3234-360x270.jpeg 360w, https:\/\/letsrebold.com\/wp-content\/uploads\/2022\/06\/img_3234-468x351.jpeg 468w, https:\/\/letsrebold.com\/wp-content\/uploads\/2022\/06\/img_3234-509x382.jpeg 509w, https:\/\/letsrebold.com\/wp-content\/uploads\/2022\/06\/img_3234-1536x1152.jpeg 1536w, https:\/\/letsrebold.com\/wp-content\/uploads\/2022\/06\/img_3234.jpeg 2048w\" sizes=\"auto, (max-width: 800px) 100vw, 800px\" \/><\/a>\n                                <h2 class=\"post_meta\">\n                                                                                <a style=\"color: #e0094b\" class=\"post_tag\" href=\"?service=rebold-marketing\">Rebold Marketing<\/a>\n                                                                                                                                <a class=\"post_tag\" href=\"?topic=down-madrid\">Down Madrid<\/a>\n                                                                            <\/h2>\n                                <h3 class=\"post_title\"><a href=\"https:\/\/letsrebold.com\/es\/blog\/practicas-en-la-empresa-de-un-chico-muy-especial\/\">Pr\u00e1cticas en la empresa de un chico muy especial<\/a><\/h3>\n                                <a class=\"post_link\" href=\"https:\/\/letsrebold.com\/es\/blog\/practicas-en-la-empresa-de-un-chico-muy-especial\/\"><span>Leer m\u00e1s<\/span> <span class=\"ico-right\">M\u00e1s informaci\u00f3n<\/span><\/a>\n                            <\/article>\n                                                                        <article class=\"post media-intelligence, rebold-communication\">\n                                <a class=\"post_image\" href=\"https:\/\/letsrebold.com\/es\/blog\/analisis-de-seguidores-en-redes-sociales\/\"><img loading=\"lazy\" decoding=\"async\" width=\"929\" height=\"600\" src=\"https:\/\/letsrebold.com\/wp-content\/uploads\/2022\/06\/analisis-de-seguidores-929x600.png\" class=\"attachment-img-header size-img-header wp-post-image\" alt=\"\" srcset=\"https:\/\/letsrebold.com\/wp-content\/uploads\/2022\/06\/analisis-de-seguidores-929x600.png 929w, https:\/\/letsrebold.com\/wp-content\/uploads\/2022\/06\/analisis-de-seguidores-300x194.png 300w, https:\/\/letsrebold.com\/wp-content\/uploads\/2022\/06\/analisis-de-seguidores-768x496.png 768w, https:\/\/letsrebold.com\/wp-content\/uploads\/2022\/06\/analisis-de-seguidores-316x204.png 316w, https:\/\/letsrebold.com\/wp-content\/uploads\/2022\/06\/analisis-de-seguidores-360x233.png 360w, https:\/\/letsrebold.com\/wp-content\/uploads\/2022\/06\/analisis-de-seguidores-543x351.png 543w, https:\/\/letsrebold.com\/wp-content\/uploads\/2022\/06\/analisis-de-seguidores-591x382.png 591w, https:\/\/letsrebold.com\/wp-content\/uploads\/2022\/06\/analisis-de-seguidores.png 941w\" sizes=\"auto, (max-width: 929px) 100vw, 929px\" \/><\/a>\n                                <h2 class=\"post_meta\">\n                                                                                <a style=\"color: #5ac4bb\" class=\"post_tag\" href=\"?service=rebold-communication\">Rebold Communication<\/a>\n                                                                                                                                <a class=\"post_tag\" href=\"?topic=media-intelligence\">Media Intelligence<\/a>\n                                                                            <\/h2>\n                                <h3 class=\"post_title\"><a href=\"https:\/\/letsrebold.com\/es\/blog\/analisis-de-seguidores-en-redes-sociales\/\">\u00bfSabes c\u00f3mo hacer un an\u00e1lisis de seguidores en redes sociales?<\/a><\/h3>\n                                <a class=\"post_link\" href=\"https:\/\/letsrebold.com\/es\/blog\/analisis-de-seguidores-en-redes-sociales\/\"><span>Leer m\u00e1s<\/span> <span class=\"ico-right\">M\u00e1s informaci\u00f3n<\/span><\/a>\n                            <\/article>\n                                                                        <article class=\"post media-strategy-research, rebold-marketing\">\n                                <a class=\"post_image\" href=\"https:\/\/letsrebold.com\/es\/blog\/la-importancia-de-medir-la-comunicacion-de-productos-para-una-vision-global\/\"><img loading=\"lazy\" decoding=\"async\" width=\"868\" height=\"600\" src=\"https:\/\/letsrebold.com\/wp-content\/uploads\/2022\/06\/captfoto-post-868x600.jpg\" class=\"attachment-img-header size-img-header wp-post-image\" alt=\"\" srcset=\"https:\/\/letsrebold.com\/wp-content\/uploads\/2022\/06\/captfoto-post-868x600.jpg 868w, https:\/\/letsrebold.com\/wp-content\/uploads\/2022\/06\/captfoto-post-300x207.jpg 300w, https:\/\/letsrebold.com\/wp-content\/uploads\/2022\/06\/captfoto-post-768x531.jpg 768w, https:\/\/letsrebold.com\/wp-content\/uploads\/2022\/06\/captfoto-post-1024x708.jpg 1024w, https:\/\/letsrebold.com\/wp-content\/uploads\/2022\/06\/captfoto-post-295x204.jpg 295w, https:\/\/letsrebold.com\/wp-content\/uploads\/2022\/06\/captfoto-post-360x249.jpg 360w, https:\/\/letsrebold.com\/wp-content\/uploads\/2022\/06\/captfoto-post-508x351.jpg 508w, https:\/\/letsrebold.com\/wp-content\/uploads\/2022\/06\/captfoto-post-553x382.jpg 553w, https:\/\/letsrebold.com\/wp-content\/uploads\/2022\/06\/captfoto-post-1536x1062.jpg 1536w, https:\/\/letsrebold.com\/wp-content\/uploads\/2022\/06\/captfoto-post.jpg 1768w\" sizes=\"auto, (max-width: 868px) 100vw, 868px\" \/><\/a>\n                                <h2 class=\"post_meta\">\n                                                                                <a style=\"color: #e0094b\" class=\"post_tag\" href=\"?service=rebold-marketing\">Rebold Marketing<\/a>\n                                                                                                                                <a class=\"post_tag\" href=\"?topic=analisis\">An\u00e1lisis<\/a>\n                                                                            <\/h2>\n                                <h3 class=\"post_title\"><a href=\"https:\/\/letsrebold.com\/es\/blog\/la-importancia-de-medir-la-comunicacion-de-productos-para-una-vision-global\/\">La importancia de medir la comunicaci\u00f3n de productos para una visi\u00f3n global<\/a><\/h3>\n                                <a class=\"post_link\" href=\"https:\/\/letsrebold.com\/es\/blog\/la-importancia-de-medir-la-comunicacion-de-productos-para-una-vision-global\/\"><span>Leer m\u00e1s<\/span> <span class=\"ico-right\">M\u00e1s informaci\u00f3n<\/span><\/a>\n                            <\/article>\n                                                                        <article class=\"post \">\n                                <a class=\"post_image\" href=\"https:\/\/letsrebold.com\/es\/blog\/como-hacer-una-evaluacion-de-la-reputacion-online-de-tu-marca\/\"><img loading=\"lazy\" decoding=\"async\" width=\"1061\" height=\"563\" src=\"https:\/\/letsrebold.com\/wp-content\/uploads\/2022\/06\/evaluacion-de-la-reputacion-online-1061x563.jpg\" class=\"attachment-img-header size-img-header wp-post-image\" alt=\"\" srcset=\"https:\/\/letsrebold.com\/wp-content\/uploads\/2022\/06\/evaluacion-de-la-reputacion-online-1061x563.jpg 1061w, https:\/\/letsrebold.com\/wp-content\/uploads\/2022\/06\/evaluacion-de-la-reputacion-online-300x159.jpg 300w, https:\/\/letsrebold.com\/wp-content\/uploads\/2022\/06\/evaluacion-de-la-reputacion-online-768x408.jpg 768w, https:\/\/letsrebold.com\/wp-content\/uploads\/2022\/06\/evaluacion-de-la-reputacion-online-1024x544.jpg 1024w, https:\/\/letsrebold.com\/wp-content\/uploads\/2022\/06\/evaluacion-de-la-reputacion-online-360x191.jpg 360w, https:\/\/letsrebold.com\/wp-content\/uploads\/2022\/06\/evaluacion-de-la-reputacion-online-578x307.jpg 578w, https:\/\/letsrebold.com\/wp-content\/uploads\/2022\/06\/evaluacion-de-la-reputacion-online-720x382.jpg 720w, https:\/\/letsrebold.com\/wp-content\/uploads\/2022\/06\/evaluacion-de-la-reputacion-online-1536x815.jpg 1536w, https:\/\/letsrebold.com\/wp-content\/uploads\/2022\/06\/evaluacion-de-la-reputacion-online-2048x1087.jpg 2048w\" sizes=\"auto, (max-width: 1061px) 100vw, 1061px\" \/><\/a>\n                                <h2 class=\"post_meta\">\n                                                                                                                        <a class=\"post_tag\" href=\"?topic=reputacion-corporativa\">Reputaci\u00f3n Corporativa<\/a>\n                                                                            <\/h2>\n                                <h3 class=\"post_title\"><a href=\"https:\/\/letsrebold.com\/es\/blog\/como-hacer-una-evaluacion-de-la-reputacion-online-de-tu-marca\/\">C\u00f3mo hacer una evaluaci\u00f3n de la reputaci\u00f3n online de tu marca<\/a><\/h3>\n                                <a class=\"post_link\" href=\"https:\/\/letsrebold.com\/es\/blog\/como-hacer-una-evaluacion-de-la-reputacion-online-de-tu-marca\/\"><span>Leer m\u00e1s<\/span> <span class=\"ico-right\">M\u00e1s informaci\u00f3n<\/span><\/a>\n                            <\/article>\n                                                                        <article class=\"post media-strategy-research, rebold-marketing\">\n                                <a class=\"post_image\" href=\"https:\/\/letsrebold.com\/es\/blog\/la-publicidad-digital-exterior-se-hace-programatica-en-2019\/\"><img loading=\"lazy\" decoding=\"async\" width=\"903\" height=\"600\" src=\"https:\/\/letsrebold.com\/wp-content\/uploads\/2022\/06\/dooh-1-903x600.jpeg\" class=\"attachment-img-header size-img-header wp-post-image\" alt=\"\" srcset=\"https:\/\/letsrebold.com\/wp-content\/uploads\/2022\/06\/dooh-1-903x600.jpeg 903w, https:\/\/letsrebold.com\/wp-content\/uploads\/2022\/06\/dooh-1-300x199.jpeg 300w, https:\/\/letsrebold.com\/wp-content\/uploads\/2022\/06\/dooh-1-768x510.jpeg 768w, https:\/\/letsrebold.com\/wp-content\/uploads\/2022\/06\/dooh-1-1024x680.jpeg 1024w, https:\/\/letsrebold.com\/wp-content\/uploads\/2022\/06\/dooh-1-307x204.jpeg 307w, https:\/\/letsrebold.com\/wp-content\/uploads\/2022\/06\/dooh-1-360x239.jpeg 360w, https:\/\/letsrebold.com\/wp-content\/uploads\/2022\/06\/dooh-1-528x351.jpeg 528w, https:\/\/letsrebold.com\/wp-content\/uploads\/2022\/06\/dooh-1-575x382.jpeg 575w, https:\/\/letsrebold.com\/wp-content\/uploads\/2022\/06\/dooh-1-1536x1020.jpeg 1536w, https:\/\/letsrebold.com\/wp-content\/uploads\/2022\/06\/dooh-1-2048x1360.jpeg 2048w\" sizes=\"auto, (max-width: 903px) 100vw, 903px\" \/><\/a>\n                                <h2 class=\"post_meta\">\n                                                                                <a style=\"color: #e0094b\" class=\"post_tag\" href=\"?service=rebold-marketing\">Rebold Marketing<\/a>\n                                                                                                                                <a class=\"post_tag\" href=\"?topic=advertising\">advertising<\/a>\n                                                                            <\/h2>\n                                <h3 class=\"post_title\"><a href=\"https:\/\/letsrebold.com\/es\/blog\/la-publicidad-digital-exterior-se-hace-programatica-en-2019\/\">La publicidad digital exterior se hace program\u00e1tica en 2019<\/a><\/h3>\n                                <a class=\"post_link\" href=\"https:\/\/letsrebold.com\/es\/blog\/la-publicidad-digital-exterior-se-hace-programatica-en-2019\/\"><span>Leer m\u00e1s<\/span> <span class=\"ico-right\">M\u00e1s informaci\u00f3n<\/span><\/a>\n                            <\/article>\n                                    <\/div>\n                                    <nav class=\"links links-right\" id=\"loadmore_72\">\n                        <div class=\"container\">\n                            <a href=\"#\" class=\"loadmore\" value=\"72\"><span>Cargar m\u00e1s<\/span> <span class=\"ico-right\"><\/span><\/a>\n                        <\/div>\n                    <\/nav>\n                            <\/div>\n                                <div id=\"page_73\" class=\"d-none\">\n                <div class=\"container posts\">\n                                                                        <article class=\"post media-intelligence, rebold-communication\">\n                                <a class=\"post_image\" href=\"https:\/\/letsrebold.com\/es\/blog\/analisis-de-redes-sociales-para-construir-una-estrategia-efectiva\/\"><img loading=\"lazy\" decoding=\"async\" width=\"1061\" height=\"327\" src=\"https:\/\/letsrebold.com\/wp-content\/uploads\/2022\/06\/own_channel_analysis-1061x327.jpg\" class=\"attachment-img-header size-img-header wp-post-image\" alt=\"\" srcset=\"https:\/\/letsrebold.com\/wp-content\/uploads\/2022\/06\/own_channel_analysis-1061x327.jpg 1061w, https:\/\/letsrebold.com\/wp-content\/uploads\/2022\/06\/own_channel_analysis-300x93.jpg 300w, https:\/\/letsrebold.com\/wp-content\/uploads\/2022\/06\/own_channel_analysis-768x237.jpg 768w, https:\/\/letsrebold.com\/wp-content\/uploads\/2022\/06\/own_channel_analysis-1024x316.jpg 1024w, https:\/\/letsrebold.com\/wp-content\/uploads\/2022\/06\/own_channel_analysis-360x111.jpg 360w, https:\/\/letsrebold.com\/wp-content\/uploads\/2022\/06\/own_channel_analysis-578x178.jpg 578w, https:\/\/letsrebold.com\/wp-content\/uploads\/2022\/06\/own_channel_analysis-761x235.jpg 761w, https:\/\/letsrebold.com\/wp-content\/uploads\/2022\/06\/own_channel_analysis-1536x474.jpg 1536w, https:\/\/letsrebold.com\/wp-content\/uploads\/2022\/06\/own_channel_analysis-2048x632.jpg 2048w\" sizes=\"auto, (max-width: 1061px) 100vw, 1061px\" \/><\/a>\n                                <h2 class=\"post_meta\">\n                                                                                <a style=\"color: #5ac4bb\" class=\"post_tag\" href=\"?service=rebold-communication\">Rebold Communication<\/a>\n                                                                                                                                <a class=\"post_tag\" href=\"?topic=media-intelligence\">Media Intelligence<\/a>\n                                                                            <\/h2>\n                                <h3 class=\"post_title\"><a href=\"https:\/\/letsrebold.com\/es\/blog\/analisis-de-redes-sociales-para-construir-una-estrategia-efectiva\/\">AN\u00c1LISIS DE REDES SOCIALES PARA CONSTRUIR UNA ESTRATEGIA EFECTIVA<\/a><\/h3>\n                                <a class=\"post_link\" href=\"https:\/\/letsrebold.com\/es\/blog\/analisis-de-redes-sociales-para-construir-una-estrategia-efectiva\/\"><span>Leer m\u00e1s<\/span> <span class=\"ico-right\">M\u00e1s informaci\u00f3n<\/span><\/a>\n                            <\/article>\n                                                                        <article class=\"post rebold-marketing\">\n                                <a class=\"post_image\" href=\"https:\/\/letsrebold.com\/es\/blog\/rebold-refuerza-su-cupula-directiva-en-espana-6\/\"><img loading=\"lazy\" decoding=\"async\" width=\"1061\" height=\"283\" src=\"https:\/\/letsrebold.com\/wp-content\/uploads\/2022\/06\/cupula-directiva-web-1061x283.jpg\" class=\"attachment-img-header size-img-header wp-post-image\" alt=\"\" srcset=\"https:\/\/letsrebold.com\/wp-content\/uploads\/2022\/06\/cupula-directiva-web-1061x283.jpg 1061w, https:\/\/letsrebold.com\/wp-content\/uploads\/2022\/06\/cupula-directiva-web-300x80.jpg 300w, https:\/\/letsrebold.com\/wp-content\/uploads\/2022\/06\/cupula-directiva-web-768x205.jpg 768w, https:\/\/letsrebold.com\/wp-content\/uploads\/2022\/06\/cupula-directiva-web-1024x273.jpg 1024w, https:\/\/letsrebold.com\/wp-content\/uploads\/2022\/06\/cupula-directiva-web-360x96.jpg 360w, https:\/\/letsrebold.com\/wp-content\/uploads\/2022\/06\/cupula-directiva-web-578x154.jpg 578w, https:\/\/letsrebold.com\/wp-content\/uploads\/2022\/06\/cupula-directiva-web-761x203.jpg 761w, https:\/\/letsrebold.com\/wp-content\/uploads\/2022\/06\/cupula-directiva-web.jpg 1500w\" sizes=\"auto, (max-width: 1061px) 100vw, 1061px\" \/><\/a>\n                                <h2 class=\"post_meta\">\n                                                                                <a style=\"color: #e0094b\" class=\"post_tag\" href=\"?service=rebold-marketing\">Rebold Marketing<\/a>\n                                                                                                                                <a class=\"post_tag\" href=\"?topic=rebold\">Rebold<\/a>\n                                                                            <\/h2>\n                                <h3 class=\"post_title\"><a href=\"https:\/\/letsrebold.com\/es\/blog\/rebold-refuerza-su-cupula-directiva-en-espana-6\/\">Rebold refuerza su c\u00fapula directiva en Espa\u00f1a<\/a><\/h3>\n                                <a class=\"post_link\" href=\"https:\/\/letsrebold.com\/es\/blog\/rebold-refuerza-su-cupula-directiva-en-espana-6\/\"><span>Leer m\u00e1s<\/span> <span class=\"ico-right\">M\u00e1s informaci\u00f3n<\/span><\/a>\n                            <\/article>\n                                                                        <article class=\"post rebold-marketing\">\n                                <a class=\"post_image\" href=\"https:\/\/letsrebold.com\/es\/blog\/los-esports-en-espana-avanzan-en-la-integracion-de-la-mujer\/\"><img loading=\"lazy\" decoding=\"async\" width=\"900\" height=\"600\" src=\"https:\/\/letsrebold.com\/wp-content\/uploads\/2022\/06\/esports-futuro-900x600.jpg\" class=\"attachment-img-header size-img-header wp-post-image\" alt=\"\" srcset=\"https:\/\/letsrebold.com\/wp-content\/uploads\/2022\/06\/esports-futuro-900x600.jpg 900w, https:\/\/letsrebold.com\/wp-content\/uploads\/2022\/06\/esports-futuro-300x200.jpg 300w, https:\/\/letsrebold.com\/wp-content\/uploads\/2022\/06\/esports-futuro-768x512.jpg 768w, https:\/\/letsrebold.com\/wp-content\/uploads\/2022\/06\/esports-futuro-1024x683.jpg 1024w, https:\/\/letsrebold.com\/wp-content\/uploads\/2022\/06\/esports-futuro-306x204.jpg 306w, https:\/\/letsrebold.com\/wp-content\/uploads\/2022\/06\/esports-futuro-360x240.jpg 360w, https:\/\/letsrebold.com\/wp-content\/uploads\/2022\/06\/esports-futuro-527x351.jpg 527w, https:\/\/letsrebold.com\/wp-content\/uploads\/2022\/06\/esports-futuro-573x382.jpg 573w, https:\/\/letsrebold.com\/wp-content\/uploads\/2022\/06\/esports-futuro.jpg 1200w\" sizes=\"auto, (max-width: 900px) 100vw, 900px\" \/><\/a>\n                                <h2 class=\"post_meta\">\n                                                                                <a style=\"color: #e0094b\" class=\"post_tag\" href=\"?service=rebold-marketing\">Rebold Marketing<\/a>\n                                                                                                                                <a class=\"post_tag\" href=\"?topic=notas-de-prensa\">Notas de Prensa<\/a>\n                                                                            <\/h2>\n                                <h3 class=\"post_title\"><a href=\"https:\/\/letsrebold.com\/es\/blog\/los-esports-en-espana-avanzan-en-la-integracion-de-la-mujer\/\">Los eSports en Espa\u00f1a avanzan en la integraci\u00f3n de la mujer<\/a><\/h3>\n                                <a class=\"post_link\" href=\"https:\/\/letsrebold.com\/es\/blog\/los-esports-en-espana-avanzan-en-la-integracion-de-la-mujer\/\"><span>Leer m\u00e1s<\/span> <span class=\"ico-right\">M\u00e1s informaci\u00f3n<\/span><\/a>\n                            <\/article>\n                                                                        <article class=\"post rebold-marketing\">\n                                <a class=\"post_image\" href=\"https:\/\/letsrebold.com\/es\/blog\/belen-naz-nueva-country-manager-de-activacion-de-rebold-para-espana\/\"><img loading=\"lazy\" decoding=\"async\" width=\"1061\" height=\"451\" src=\"https:\/\/letsrebold.com\/wp-content\/uploads\/2022\/06\/belen-naz-baja-068-co5py-1500-1061x451.jpg\" class=\"attachment-img-header size-img-header wp-post-image\" alt=\"\" srcset=\"https:\/\/letsrebold.com\/wp-content\/uploads\/2022\/06\/belen-naz-baja-068-co5py-1500-1061x451.jpg 1061w, https:\/\/letsrebold.com\/wp-content\/uploads\/2022\/06\/belen-naz-baja-068-co5py-1500-300x128.jpg 300w, https:\/\/letsrebold.com\/wp-content\/uploads\/2022\/06\/belen-naz-baja-068-co5py-1500-768x327.jpg 768w, https:\/\/letsrebold.com\/wp-content\/uploads\/2022\/06\/belen-naz-baja-068-co5py-1500-1024x436.jpg 1024w, https:\/\/letsrebold.com\/wp-content\/uploads\/2022\/06\/belen-naz-baja-068-co5py-1500-360x153.jpg 360w, https:\/\/letsrebold.com\/wp-content\/uploads\/2022\/06\/belen-naz-baja-068-co5py-1500-578x246.jpg 578w, https:\/\/letsrebold.com\/wp-content\/uploads\/2022\/06\/belen-naz-baja-068-co5py-1500-761x324.jpg 761w, https:\/\/letsrebold.com\/wp-content\/uploads\/2022\/06\/belen-naz-baja-068-co5py-1500.jpg 1500w\" sizes=\"auto, (max-width: 1061px) 100vw, 1061px\" \/><\/a>\n                                <h2 class=\"post_meta\">\n                                                                                <a style=\"color: #e0094b\" class=\"post_tag\" href=\"?service=rebold-marketing\">Rebold Marketing<\/a>\n                                                                                                                                <a class=\"post_tag\" href=\"?topic=activacion\">Activacion<\/a>\n                                                                            <\/h2>\n                                <h3 class=\"post_title\"><a href=\"https:\/\/letsrebold.com\/es\/blog\/belen-naz-nueva-country-manager-de-activacion-de-rebold-para-espana\/\">Bel\u00e9n Naz, nueva country manager de Activaci\u00f3n de Rebold para Espa\u00f1a<\/a><\/h3>\n                                <a class=\"post_link\" href=\"https:\/\/letsrebold.com\/es\/blog\/belen-naz-nueva-country-manager-de-activacion-de-rebold-para-espana\/\"><span>Leer m\u00e1s<\/span> <span class=\"ico-right\">M\u00e1s informaci\u00f3n<\/span><\/a>\n                            <\/article>\n                                                                        <article class=\"post \">\n                                <a class=\"post_image\" href=\"https:\/\/letsrebold.com\/es\/blog\/nace-rebold-la-nueva-firma-global-de-comunicacion-marketing-digital-de-isp\/\"><img loading=\"lazy\" decoding=\"async\" width=\"894\" height=\"600\" src=\"https:\/\/letsrebold.com\/wp-content\/uploads\/2022\/06\/img_1401-plano-corto-copy-894x600.jpg\" class=\"attachment-img-header size-img-header wp-post-image\" alt=\"\" srcset=\"https:\/\/letsrebold.com\/wp-content\/uploads\/2022\/06\/img_1401-plano-corto-copy-894x600.jpg 894w, https:\/\/letsrebold.com\/wp-content\/uploads\/2022\/06\/img_1401-plano-corto-copy-300x201.jpg 300w, https:\/\/letsrebold.com\/wp-content\/uploads\/2022\/06\/img_1401-plano-corto-copy-768x515.jpg 768w, https:\/\/letsrebold.com\/wp-content\/uploads\/2022\/06\/img_1401-plano-corto-copy-1024x687.jpg 1024w, https:\/\/letsrebold.com\/wp-content\/uploads\/2022\/06\/img_1401-plano-corto-copy-304x204.jpg 304w, https:\/\/letsrebold.com\/wp-content\/uploads\/2022\/06\/img_1401-plano-corto-copy-360x242.jpg 360w, https:\/\/letsrebold.com\/wp-content\/uploads\/2022\/06\/img_1401-plano-corto-copy-523x351.jpg 523w, https:\/\/letsrebold.com\/wp-content\/uploads\/2022\/06\/img_1401-plano-corto-copy-569x382.jpg 569w, https:\/\/letsrebold.com\/wp-content\/uploads\/2022\/06\/img_1401-plano-corto-copy-1536x1031.jpg 1536w, https:\/\/letsrebold.com\/wp-content\/uploads\/2022\/06\/img_1401-plano-corto-copy-2048x1374.jpg 2048w\" sizes=\"auto, (max-width: 894px) 100vw, 894px\" \/><\/a>\n                                <h2 class=\"post_meta\">\n                                                                                                                        <a class=\"post_tag\" href=\"?topic=notas-de-prensa\">Notas de Prensa<\/a>\n                                                                            <\/h2>\n                                <h3 class=\"post_title\"><a href=\"https:\/\/letsrebold.com\/es\/blog\/nace-rebold-la-nueva-firma-global-de-comunicacion-marketing-digital-de-isp\/\">Nace REBOLD, la nueva firma global de comunicaci\u00f3n &amp; marketing digital de ISP<\/a><\/h3>\n                                <a class=\"post_link\" href=\"https:\/\/letsrebold.com\/es\/blog\/nace-rebold-la-nueva-firma-global-de-comunicacion-marketing-digital-de-isp\/\"><span>Leer m\u00e1s<\/span> <span class=\"ico-right\">M\u00e1s informaci\u00f3n<\/span><\/a>\n                            <\/article>\n                                                                        <article class=\"post media-strategy-research, rebold-marketing\">\n                                <a class=\"post_image\" href=\"https:\/\/letsrebold.com\/es\/blog\/el-marketing-por-voz-la-publicidad-en-audio-y-el-dooh-marcan-la-evolucion-programatica-en-2019\/\"><img loading=\"lazy\" decoding=\"async\" width=\"989\" height=\"600\" src=\"https:\/\/letsrebold.com\/wp-content\/uploads\/2022\/06\/sony-lf-s50g-altavoz-asisteente-virtual-1-989x600.jpg\" class=\"attachment-img-header size-img-header wp-post-image\" alt=\"\" srcset=\"https:\/\/letsrebold.com\/wp-content\/uploads\/2022\/06\/sony-lf-s50g-altavoz-asisteente-virtual-1-989x600.jpg 989w, https:\/\/letsrebold.com\/wp-content\/uploads\/2022\/06\/sony-lf-s50g-altavoz-asisteente-virtual-1-300x182.jpg 300w, https:\/\/letsrebold.com\/wp-content\/uploads\/2022\/06\/sony-lf-s50g-altavoz-asisteente-virtual-1-768x466.jpg 768w, https:\/\/letsrebold.com\/wp-content\/uploads\/2022\/06\/sony-lf-s50g-altavoz-asisteente-virtual-1-1024x622.jpg 1024w, https:\/\/letsrebold.com\/wp-content\/uploads\/2022\/06\/sony-lf-s50g-altavoz-asisteente-virtual-1-336x204.jpg 336w, https:\/\/letsrebold.com\/wp-content\/uploads\/2022\/06\/sony-lf-s50g-altavoz-asisteente-virtual-1-360x219.jpg 360w, https:\/\/letsrebold.com\/wp-content\/uploads\/2022\/06\/sony-lf-s50g-altavoz-asisteente-virtual-1-578x351.jpg 578w, https:\/\/letsrebold.com\/wp-content\/uploads\/2022\/06\/sony-lf-s50g-altavoz-asisteente-virtual-1-629x382.jpg 629w, https:\/\/letsrebold.com\/wp-content\/uploads\/2022\/06\/sony-lf-s50g-altavoz-asisteente-virtual-1.jpg 1440w\" sizes=\"auto, (max-width: 989px) 100vw, 989px\" \/><\/a>\n                                <h2 class=\"post_meta\">\n                                                                                <a style=\"color: #e0094b\" class=\"post_tag\" href=\"?service=rebold-marketing\">Rebold Marketing<\/a>\n                                                                                                                                <a class=\"post_tag\" href=\"?topic=agencias\">agencias<\/a>\n                                                                            <\/h2>\n                                <h3 class=\"post_title\"><a href=\"https:\/\/letsrebold.com\/es\/blog\/el-marketing-por-voz-la-publicidad-en-audio-y-el-dooh-marcan-la-evolucion-programatica-en-2019\/\">EL MARKETING POR VOZ, LA PUBLICIDAD EN AUDIO Y EL DOOH MARCAN LA EVOLUCI\u00d3N PROGRAM\u00c1TICA EN 2019<\/a><\/h3>\n                                <a class=\"post_link\" href=\"https:\/\/letsrebold.com\/es\/blog\/el-marketing-por-voz-la-publicidad-en-audio-y-el-dooh-marcan-la-evolucion-programatica-en-2019\/\"><span>Leer m\u00e1s<\/span> <span class=\"ico-right\">M\u00e1s informaci\u00f3n<\/span><\/a>\n                            <\/article>\n                                    <\/div>\n                                    <nav class=\"links links-right\" id=\"loadmore_73\">\n                        <div class=\"container\">\n                            <a href=\"#\" class=\"loadmore\" value=\"73\"><span>Cargar m\u00e1s<\/span> <span class=\"ico-right\"><\/span><\/a>\n                        <\/div>\n                    <\/nav>\n                            <\/div>\n                                <div id=\"page_74\" class=\"d-none\">\n                <div class=\"container posts\">\n                                                                        <article class=\"post rebold-marketing\">\n                                <a class=\"post_image\" href=\"https:\/\/letsrebold.com\/es\/blog\/las-grandes-marcas-muestran-sus-anuncios-mas-impactantes-del-ano-en-la-super-bowl\/\"><img loading=\"lazy\" decoding=\"async\" width=\"800\" height=\"600\" src=\"https:\/\/letsrebold.com\/wp-content\/uploads\/2022\/06\/footballshutterstock.0-800x600.jpg\" class=\"attachment-img-header size-img-header wp-post-image\" alt=\"\" srcset=\"https:\/\/letsrebold.com\/wp-content\/uploads\/2022\/06\/footballshutterstock.0-800x600.jpg 800w, https:\/\/letsrebold.com\/wp-content\/uploads\/2022\/06\/footballshutterstock.0-300x225.jpg 300w, https:\/\/letsrebold.com\/wp-content\/uploads\/2022\/06\/footballshutterstock.0-768x576.jpg 768w, https:\/\/letsrebold.com\/wp-content\/uploads\/2022\/06\/footballshutterstock.0-1024x768.jpg 1024w, https:\/\/letsrebold.com\/wp-content\/uploads\/2022\/06\/footballshutterstock.0-272x204.jpg 272w, https:\/\/letsrebold.com\/wp-content\/uploads\/2022\/06\/footballshutterstock.0-360x270.jpg 360w, https:\/\/letsrebold.com\/wp-content\/uploads\/2022\/06\/footballshutterstock.0-468x351.jpg 468w, https:\/\/letsrebold.com\/wp-content\/uploads\/2022\/06\/footballshutterstock.0-509x382.jpg 509w, https:\/\/letsrebold.com\/wp-content\/uploads\/2022\/06\/footballshutterstock.0.jpg 1200w\" sizes=\"auto, (max-width: 800px) 100vw, 800px\" \/><\/a>\n                                <h2 class=\"post_meta\">\n                                                                                <a style=\"color: #e0094b\" class=\"post_tag\" href=\"?service=rebold-marketing\">Rebold Marketing<\/a>\n                                                                                                                                <a class=\"post_tag\" href=\"?topic=compras\">compras<\/a>\n                                                                            <\/h2>\n                                <h3 class=\"post_title\"><a href=\"https:\/\/letsrebold.com\/es\/blog\/las-grandes-marcas-muestran-sus-anuncios-mas-impactantes-del-ano-en-la-super-bowl\/\">LAS GRANDES MARCAS MUESTRAN SUS ANUNCIOS M\u00c1S IMPACTANTES DEL A\u00d1O EN LA SUPER BOWL<\/a><\/h3>\n                                <a class=\"post_link\" href=\"https:\/\/letsrebold.com\/es\/blog\/las-grandes-marcas-muestran-sus-anuncios-mas-impactantes-del-ano-en-la-super-bowl\/\"><span>Leer m\u00e1s<\/span> <span class=\"ico-right\">M\u00e1s informaci\u00f3n<\/span><\/a>\n                            <\/article>\n                                                                        <article class=\"post media-strategy-research, rebold-marketing\">\n                                <a class=\"post_image\" href=\"https:\/\/letsrebold.com\/es\/blog\/la-clave-para-sacar-el-maximo-partido-a-las-redes-sociales\/\"><img loading=\"lazy\" decoding=\"async\" width=\"900\" height=\"600\" src=\"https:\/\/letsrebold.com\/wp-content\/uploads\/2022\/06\/apple-applications-apps-607812-900x600.jpg\" class=\"attachment-img-header size-img-header wp-post-image\" alt=\"\" srcset=\"https:\/\/letsrebold.com\/wp-content\/uploads\/2022\/06\/apple-applications-apps-607812-900x600.jpg 900w, https:\/\/letsrebold.com\/wp-content\/uploads\/2022\/06\/apple-applications-apps-607812-300x200.jpg 300w, https:\/\/letsrebold.com\/wp-content\/uploads\/2022\/06\/apple-applications-apps-607812-768x512.jpg 768w, https:\/\/letsrebold.com\/wp-content\/uploads\/2022\/06\/apple-applications-apps-607812-1024x683.jpg 1024w, https:\/\/letsrebold.com\/wp-content\/uploads\/2022\/06\/apple-applications-apps-607812-306x204.jpg 306w, https:\/\/letsrebold.com\/wp-content\/uploads\/2022\/06\/apple-applications-apps-607812-360x240.jpg 360w, https:\/\/letsrebold.com\/wp-content\/uploads\/2022\/06\/apple-applications-apps-607812-527x351.jpg 527w, https:\/\/letsrebold.com\/wp-content\/uploads\/2022\/06\/apple-applications-apps-607812-573x382.jpg 573w, https:\/\/letsrebold.com\/wp-content\/uploads\/2022\/06\/apple-applications-apps-607812-1536x1024.jpg 1536w, https:\/\/letsrebold.com\/wp-content\/uploads\/2022\/06\/apple-applications-apps-607812-2048x1365.jpg 2048w\" sizes=\"auto, (max-width: 900px) 100vw, 900px\" \/><\/a>\n                                <h2 class=\"post_meta\">\n                                                                                <a style=\"color: #e0094b\" class=\"post_tag\" href=\"?service=rebold-marketing\">Rebold Marketing<\/a>\n                                                                                                                                <a class=\"post_tag\" href=\"?topic=social-media\">Social Media<\/a>\n                                                                            <\/h2>\n                                <h3 class=\"post_title\"><a href=\"https:\/\/letsrebold.com\/es\/blog\/la-clave-para-sacar-el-maximo-partido-a-las-redes-sociales\/\">La clave para sacar el m\u00e1ximo partido a las redes sociales<\/a><\/h3>\n                                <a class=\"post_link\" href=\"https:\/\/letsrebold.com\/es\/blog\/la-clave-para-sacar-el-maximo-partido-a-las-redes-sociales\/\"><span>Leer m\u00e1s<\/span> <span class=\"ico-right\">M\u00e1s informaci\u00f3n<\/span><\/a>\n                            <\/article>\n                                                                        <article class=\"post rebold-marketing, zero-party-data\">\n                                <a class=\"post_image\" href=\"https:\/\/letsrebold.com\/es\/blog\/como-cuantificar-el-impacto-de-la-comunicacion-en-los-indicadores-de-negocio\/\"><img loading=\"lazy\" decoding=\"async\" width=\"405\" height=\"250\" src=\"https:\/\/letsrebold.com\/wp-content\/uploads\/2022\/06\/post-enrique-2.png\" class=\"attachment-img-header size-img-header wp-post-image\" alt=\"\" srcset=\"https:\/\/letsrebold.com\/wp-content\/uploads\/2022\/06\/post-enrique-2.png 405w, https:\/\/letsrebold.com\/wp-content\/uploads\/2022\/06\/post-enrique-2-300x185.png 300w, https:\/\/letsrebold.com\/wp-content\/uploads\/2022\/06\/post-enrique-2-330x204.png 330w, https:\/\/letsrebold.com\/wp-content\/uploads\/2022\/06\/post-enrique-2-360x222.png 360w\" sizes=\"auto, (max-width: 405px) 100vw, 405px\" \/><\/a>\n                                <h2 class=\"post_meta\">\n                                                                                <a style=\"color: #e0094b\" class=\"post_tag\" href=\"?service=rebold-marketing\">Rebold Marketing<\/a>\n                                                                                                                                <a class=\"post_tag\" href=\"?topic=analitica-web\">Anal\u00edtica Web<\/a>\n                                                                            <\/h2>\n                                <h3 class=\"post_title\"><a href=\"https:\/\/letsrebold.com\/es\/blog\/como-cuantificar-el-impacto-de-la-comunicacion-en-los-indicadores-de-negocio\/\">\u00bfC\u00f3mo cuantificar el impacto de la comunicaci\u00f3n en los indicadores de negocio?<\/a><\/h3>\n                                <a class=\"post_link\" href=\"https:\/\/letsrebold.com\/es\/blog\/como-cuantificar-el-impacto-de-la-comunicacion-en-los-indicadores-de-negocio\/\"><span>Leer m\u00e1s<\/span> <span class=\"ico-right\">M\u00e1s informaci\u00f3n<\/span><\/a>\n                            <\/article>\n                                                                        <article class=\"post media-intelligence, rebold-communication\">\n                                <a class=\"post_image\" href=\"https:\/\/letsrebold.com\/es\/blog\/pasos-para-una-correcta-evaluacion-de-la-reputacion-de-marca\/\"><img loading=\"lazy\" decoding=\"async\" width=\"813\" height=\"600\" src=\"https:\/\/letsrebold.com\/wp-content\/uploads\/2022\/06\/shutterstock_445813846-813x600.jpg\" class=\"attachment-img-header size-img-header wp-post-image\" alt=\"\" srcset=\"https:\/\/letsrebold.com\/wp-content\/uploads\/2022\/06\/shutterstock_445813846-813x600.jpg 813w, https:\/\/letsrebold.com\/wp-content\/uploads\/2022\/06\/shutterstock_445813846-300x221.jpg 300w, https:\/\/letsrebold.com\/wp-content\/uploads\/2022\/06\/shutterstock_445813846-768x567.jpg 768w, https:\/\/letsrebold.com\/wp-content\/uploads\/2022\/06\/shutterstock_445813846-276x204.jpg 276w, https:\/\/letsrebold.com\/wp-content\/uploads\/2022\/06\/shutterstock_445813846-360x266.jpg 360w, https:\/\/letsrebold.com\/wp-content\/uploads\/2022\/06\/shutterstock_445813846-476x351.jpg 476w, https:\/\/letsrebold.com\/wp-content\/uploads\/2022\/06\/shutterstock_445813846-518x382.jpg 518w, https:\/\/letsrebold.com\/wp-content\/uploads\/2022\/06\/shutterstock_445813846.jpg 1000w\" sizes=\"auto, (max-width: 813px) 100vw, 813px\" \/><\/a>\n                                <h2 class=\"post_meta\">\n                                                                                <a style=\"color: #5ac4bb\" class=\"post_tag\" href=\"?service=rebold-communication\">Rebold Communication<\/a>\n                                                                                                                                <a class=\"post_tag\" href=\"?topic=branding\">Branding<\/a>\n                                                                            <\/h2>\n                                <h3 class=\"post_title\"><a href=\"https:\/\/letsrebold.com\/es\/blog\/pasos-para-una-correcta-evaluacion-de-la-reputacion-de-marca\/\">Pasos para una correcta evaluaci\u00f3n de la reputaci\u00f3n<\/a><\/h3>\n                                <a class=\"post_link\" href=\"https:\/\/letsrebold.com\/es\/blog\/pasos-para-una-correcta-evaluacion-de-la-reputacion-de-marca\/\"><span>Leer m\u00e1s<\/span> <span class=\"ico-right\">M\u00e1s informaci\u00f3n<\/span><\/a>\n                            <\/article>\n                                                                        <article class=\"post rebold-marketing\">\n                                <a class=\"post_image\" href=\"https:\/\/letsrebold.com\/es\/blog\/rebold-da-soporte-a-un-proyecto-reconocido-mundialmente-atapuerca\/\"><img loading=\"lazy\" decoding=\"async\" width=\"1000\" height=\"600\" src=\"https:\/\/letsrebold.com\/wp-content\/uploads\/2022\/06\/atapuerca-1000x600.jpg\" class=\"attachment-img-header size-img-header wp-post-image\" alt=\"\" srcset=\"https:\/\/letsrebold.com\/wp-content\/uploads\/2022\/06\/atapuerca-1000x600.jpg 1000w, https:\/\/letsrebold.com\/wp-content\/uploads\/2022\/06\/atapuerca-300x180.jpg 300w, https:\/\/letsrebold.com\/wp-content\/uploads\/2022\/06\/atapuerca-768x461.jpg 768w, https:\/\/letsrebold.com\/wp-content\/uploads\/2022\/06\/atapuerca-1024x614.jpg 1024w, https:\/\/letsrebold.com\/wp-content\/uploads\/2022\/06\/atapuerca-340x204.jpg 340w, https:\/\/letsrebold.com\/wp-content\/uploads\/2022\/06\/atapuerca-360x216.jpg 360w, https:\/\/letsrebold.com\/wp-content\/uploads\/2022\/06\/atapuerca-578x347.jpg 578w, https:\/\/letsrebold.com\/wp-content\/uploads\/2022\/06\/atapuerca-637x382.jpg 637w, https:\/\/letsrebold.com\/wp-content\/uploads\/2022\/06\/atapuerca-1536x922.jpg 1536w, https:\/\/letsrebold.com\/wp-content\/uploads\/2022\/06\/atapuerca.jpg 1600w\" sizes=\"auto, (max-width: 1000px) 100vw, 1000px\" \/><\/a>\n                                <h2 class=\"post_meta\">\n                                                                                <a style=\"color: #e0094b\" class=\"post_tag\" href=\"?service=rebold-marketing\">Rebold Marketing<\/a>\n                                                                                                                                <a class=\"post_tag\" href=\"?topic=atapuerca\">Atapuerca<\/a>\n                                                                            <\/h2>\n                                <h3 class=\"post_title\"><a href=\"https:\/\/letsrebold.com\/es\/blog\/rebold-da-soporte-a-un-proyecto-reconocido-mundialmente-atapuerca\/\">REBOLD DA SOPORTE A UN PROYECTO RECONOCIDO MUNDIALMENTE: ATAPUERCA<\/a><\/h3>\n                                <a class=\"post_link\" href=\"https:\/\/letsrebold.com\/es\/blog\/rebold-da-soporte-a-un-proyecto-reconocido-mundialmente-atapuerca\/\"><span>Leer m\u00e1s<\/span> <span class=\"ico-right\">M\u00e1s informaci\u00f3n<\/span><\/a>\n                            <\/article>\n                                                                        <article class=\"post rebold-marketing\">\n                                <a class=\"post_image\" href=\"https:\/\/letsrebold.com\/es\/blog\/rebold-cares-colabora-durante-estas-navidades-con-personas-vulnerables-en-madrid-y-barcelona\/\"><img loading=\"lazy\" decoding=\"async\" width=\"900\" height=\"600\" src=\"https:\/\/letsrebold.com\/wp-content\/uploads\/2022\/06\/regalos-de-navidad-para-ninos-00-una-mama-novata-900x600.jpg\" class=\"attachment-img-header size-img-header wp-post-image\" alt=\"\" srcset=\"https:\/\/letsrebold.com\/wp-content\/uploads\/2022\/06\/regalos-de-navidad-para-ninos-00-una-mama-novata-900x600.jpg 900w, https:\/\/letsrebold.com\/wp-content\/uploads\/2022\/06\/regalos-de-navidad-para-ninos-00-una-mama-novata-300x200.jpg 300w, https:\/\/letsrebold.com\/wp-content\/uploads\/2022\/06\/regalos-de-navidad-para-ninos-00-una-mama-novata-768x512.jpg 768w, https:\/\/letsrebold.com\/wp-content\/uploads\/2022\/06\/regalos-de-navidad-para-ninos-00-una-mama-novata-1024x683.jpg 1024w, https:\/\/letsrebold.com\/wp-content\/uploads\/2022\/06\/regalos-de-navidad-para-ninos-00-una-mama-novata-306x204.jpg 306w, https:\/\/letsrebold.com\/wp-content\/uploads\/2022\/06\/regalos-de-navidad-para-ninos-00-una-mama-novata-360x240.jpg 360w, https:\/\/letsrebold.com\/wp-content\/uploads\/2022\/06\/regalos-de-navidad-para-ninos-00-una-mama-novata-527x351.jpg 527w, https:\/\/letsrebold.com\/wp-content\/uploads\/2022\/06\/regalos-de-navidad-para-ninos-00-una-mama-novata-573x382.jpg 573w, https:\/\/letsrebold.com\/wp-content\/uploads\/2022\/06\/regalos-de-navidad-para-ninos-00-una-mama-novata.jpg 1500w\" sizes=\"auto, (max-width: 900px) 100vw, 900px\" \/><\/a>\n                                <h2 class=\"post_meta\">\n                                                                                <a style=\"color: #e0094b\" class=\"post_tag\" href=\"?service=rebold-marketing\">Rebold Marketing<\/a>\n                                                                                                                                <a class=\"post_tag\" href=\"?topic=fundaciones\">fundaciones<\/a>\n                                                                            <\/h2>\n                                <h3 class=\"post_title\"><a href=\"https:\/\/letsrebold.com\/es\/blog\/rebold-cares-colabora-durante-estas-navidades-con-personas-vulnerables-en-madrid-y-barcelona\/\">REBOLD CARES COLABORA DURANTE ESTAS NAVIDADES CON PERSONAS VULNERABLES, EN MADRID Y BARCELONA<\/a><\/h3>\n                                <a class=\"post_link\" href=\"https:\/\/letsrebold.com\/es\/blog\/rebold-cares-colabora-durante-estas-navidades-con-personas-vulnerables-en-madrid-y-barcelona\/\"><span>Leer m\u00e1s<\/span> <span class=\"ico-right\">M\u00e1s informaci\u00f3n<\/span><\/a>\n                            <\/article>\n                                    <\/div>\n                                    <nav class=\"links links-right\" id=\"loadmore_74\">\n                        <div class=\"container\">\n                            <a href=\"#\" class=\"loadmore\" value=\"74\"><span>Cargar m\u00e1s<\/span> <span class=\"ico-right\"><\/span><\/a>\n                        <\/div>\n                    <\/nav>\n                            <\/div>\n                                <div id=\"page_75\" class=\"d-none\">\n                <div class=\"container posts\">\n                                                                        <article class=\"post rebold-marketing\">\n                                <a class=\"post_image\" href=\"https:\/\/letsrebold.com\/es\/blog\/empresa-solidaria_rebold\/\"><img loading=\"lazy\" decoding=\"async\" width=\"800\" height=\"600\" src=\"https:\/\/letsrebold.com\/wp-content\/uploads\/2022\/06\/empresa-solidaria-medidas-800x600.png\" class=\"attachment-img-header size-img-header wp-post-image\" alt=\"\" srcset=\"https:\/\/letsrebold.com\/wp-content\/uploads\/2022\/06\/empresa-solidaria-medidas-800x600.png 800w, https:\/\/letsrebold.com\/wp-content\/uploads\/2022\/06\/empresa-solidaria-medidas-300x225.png 300w, https:\/\/letsrebold.com\/wp-content\/uploads\/2022\/06\/empresa-solidaria-medidas-768x576.png 768w, https:\/\/letsrebold.com\/wp-content\/uploads\/2022\/06\/empresa-solidaria-medidas-1024x768.png 1024w, https:\/\/letsrebold.com\/wp-content\/uploads\/2022\/06\/empresa-solidaria-medidas-272x204.png 272w, https:\/\/letsrebold.com\/wp-content\/uploads\/2022\/06\/empresa-solidaria-medidas-360x270.png 360w, https:\/\/letsrebold.com\/wp-content\/uploads\/2022\/06\/empresa-solidaria-medidas-468x351.png 468w, https:\/\/letsrebold.com\/wp-content\/uploads\/2022\/06\/empresa-solidaria-medidas-509x382.png 509w, https:\/\/letsrebold.com\/wp-content\/uploads\/2022\/06\/empresa-solidaria-medidas.png 1200w\" sizes=\"auto, (max-width: 800px) 100vw, 800px\" \/><\/a>\n                                <h2 class=\"post_meta\">\n                                                                                <a style=\"color: #e0094b\" class=\"post_tag\" href=\"?service=rebold-marketing\">Rebold Marketing<\/a>\n                                                                                                                                <a class=\"post_tag\" href=\"?topic=comunicacion\">comunicacion<\/a>\n                                                                            <\/h2>\n                                <h3 class=\"post_title\"><a href=\"https:\/\/letsrebold.com\/es\/blog\/empresa-solidaria_rebold\/\">Somos solidarios: proyecto Nariz Roja en M\u00e9xico<\/a><\/h3>\n                                <a class=\"post_link\" href=\"https:\/\/letsrebold.com\/es\/blog\/empresa-solidaria_rebold\/\"><span>Leer m\u00e1s<\/span> <span class=\"ico-right\">M\u00e1s informaci\u00f3n<\/span><\/a>\n                            <\/article>\n                                                                        <article class=\"post media-intelligence, rebold-communication\">\n                                <a class=\"post_image\" href=\"https:\/\/letsrebold.com\/es\/blog\/metricas-fundamentales-para-medir-el-trabajo-del-ano\/\"><img loading=\"lazy\" decoding=\"async\" width=\"899\" height=\"600\" src=\"https:\/\/letsrebold.com\/wp-content\/uploads\/2022\/06\/metricas-resultados-2018-899x600.jpg\" class=\"attachment-img-header size-img-header wp-post-image\" alt=\"\" srcset=\"https:\/\/letsrebold.com\/wp-content\/uploads\/2022\/06\/metricas-resultados-2018-899x600.jpg 899w, https:\/\/letsrebold.com\/wp-content\/uploads\/2022\/06\/metricas-resultados-2018-300x200.jpg 300w, https:\/\/letsrebold.com\/wp-content\/uploads\/2022\/06\/metricas-resultados-2018-768x513.jpg 768w, https:\/\/letsrebold.com\/wp-content\/uploads\/2022\/06\/metricas-resultados-2018-1024x683.jpg 1024w, https:\/\/letsrebold.com\/wp-content\/uploads\/2022\/06\/metricas-resultados-2018-306x204.jpg 306w, https:\/\/letsrebold.com\/wp-content\/uploads\/2022\/06\/metricas-resultados-2018-360x240.jpg 360w, https:\/\/letsrebold.com\/wp-content\/uploads\/2022\/06\/metricas-resultados-2018-526x351.jpg 526w, https:\/\/letsrebold.com\/wp-content\/uploads\/2022\/06\/metricas-resultados-2018-572x382.jpg 572w, https:\/\/letsrebold.com\/wp-content\/uploads\/2022\/06\/metricas-resultados-2018-1536x1025.jpg 1536w, https:\/\/letsrebold.com\/wp-content\/uploads\/2022\/06\/metricas-resultados-2018-2048x1367.jpg 2048w\" sizes=\"auto, (max-width: 899px) 100vw, 899px\" \/><\/a>\n                                <h2 class=\"post_meta\">\n                                                                                <a style=\"color: #5ac4bb\" class=\"post_tag\" href=\"?service=rebold-communication\">Rebold Communication<\/a>\n                                                                                                                                <a class=\"post_tag\" href=\"?topic=media-intelligence\">Media Intelligence<\/a>\n                                                                            <\/h2>\n                                <h3 class=\"post_title\"><a href=\"https:\/\/letsrebold.com\/es\/blog\/metricas-fundamentales-para-medir-el-trabajo-del-ano\/\">M\u00e9tricas fundamentales para medir el trabajo del a\u00f1o<\/a><\/h3>\n                                <a class=\"post_link\" href=\"https:\/\/letsrebold.com\/es\/blog\/metricas-fundamentales-para-medir-el-trabajo-del-ano\/\"><span>Leer m\u00e1s<\/span> <span class=\"ico-right\">M\u00e1s informaci\u00f3n<\/span><\/a>\n                            <\/article>\n                                                                        <article class=\"post \">\n                                <a class=\"post_image\" href=\"https:\/\/letsrebold.com\/es\/blog\/infografia-datos-de-compra-epoca-navidena-2018-5a-parte\/\"><img loading=\"lazy\" decoding=\"async\" width=\"800\" height=\"600\" src=\"https:\/\/letsrebold.com\/wp-content\/uploads\/2022\/06\/arbol_navidad-1024x768-1-800x600.jpg\" class=\"attachment-img-header size-img-header wp-post-image\" alt=\"\" srcset=\"https:\/\/letsrebold.com\/wp-content\/uploads\/2022\/06\/arbol_navidad-1024x768-1-800x600.jpg 800w, https:\/\/letsrebold.com\/wp-content\/uploads\/2022\/06\/arbol_navidad-1024x768-1-300x225.jpg 300w, https:\/\/letsrebold.com\/wp-content\/uploads\/2022\/06\/arbol_navidad-1024x768-1-768x576.jpg 768w, https:\/\/letsrebold.com\/wp-content\/uploads\/2022\/06\/arbol_navidad-1024x768-1-272x204.jpg 272w, https:\/\/letsrebold.com\/wp-content\/uploads\/2022\/06\/arbol_navidad-1024x768-1-360x270.jpg 360w, https:\/\/letsrebold.com\/wp-content\/uploads\/2022\/06\/arbol_navidad-1024x768-1-468x351.jpg 468w, https:\/\/letsrebold.com\/wp-content\/uploads\/2022\/06\/arbol_navidad-1024x768-1-509x382.jpg 509w, https:\/\/letsrebold.com\/wp-content\/uploads\/2022\/06\/arbol_navidad-1024x768-1.jpg 1024w\" sizes=\"auto, (max-width: 800px) 100vw, 800px\" \/><\/a>\n                                <h2 class=\"post_meta\">\n                                                                                                                        <a class=\"post_tag\" href=\"?topic=estudios\">Estudios<\/a>\n                                                                            <\/h2>\n                                <h3 class=\"post_title\"><a href=\"https:\/\/letsrebold.com\/es\/blog\/infografia-datos-de-compra-epoca-navidena-2018-5a-parte\/\">INFOGRAF\u00cdA DATOS DE COMPRA \u00c9POCA NAVIDE\u00d1A 2018 \u2013 5\u00aa PARTE<\/a><\/h3>\n                                <a class=\"post_link\" href=\"https:\/\/letsrebold.com\/es\/blog\/infografia-datos-de-compra-epoca-navidena-2018-5a-parte\/\"><span>Leer m\u00e1s<\/span> <span class=\"ico-right\">M\u00e1s informaci\u00f3n<\/span><\/a>\n                            <\/article>\n                                                                        <article class=\"post \">\n                                <a class=\"post_image\" href=\"https:\/\/letsrebold.com\/es\/blog\/tendencias-de-comunicacion-en-navidad\/\"><img loading=\"lazy\" decoding=\"async\" width=\"829\" height=\"600\" src=\"https:\/\/letsrebold.com\/wp-content\/uploads\/2022\/06\/498565-phf6wa-746-829x600.jpg\" class=\"attachment-img-header size-img-header wp-post-image\" alt=\"\" srcset=\"https:\/\/letsrebold.com\/wp-content\/uploads\/2022\/06\/498565-phf6wa-746-829x600.jpg 829w, https:\/\/letsrebold.com\/wp-content\/uploads\/2022\/06\/498565-phf6wa-746-300x217.jpg 300w, https:\/\/letsrebold.com\/wp-content\/uploads\/2022\/06\/498565-phf6wa-746-768x556.jpg 768w, https:\/\/letsrebold.com\/wp-content\/uploads\/2022\/06\/498565-phf6wa-746-1024x741.jpg 1024w, https:\/\/letsrebold.com\/wp-content\/uploads\/2022\/06\/498565-phf6wa-746-282x204.jpg 282w, https:\/\/letsrebold.com\/wp-content\/uploads\/2022\/06\/498565-phf6wa-746-360x260.jpg 360w, https:\/\/letsrebold.com\/wp-content\/uploads\/2022\/06\/498565-phf6wa-746-485x351.jpg 485w, https:\/\/letsrebold.com\/wp-content\/uploads\/2022\/06\/498565-phf6wa-746-528x382.jpg 528w, https:\/\/letsrebold.com\/wp-content\/uploads\/2022\/06\/498565-phf6wa-746-1536x1111.jpg 1536w, https:\/\/letsrebold.com\/wp-content\/uploads\/2022\/06\/498565-phf6wa-746-2048x1482.jpg 2048w\" sizes=\"auto, (max-width: 829px) 100vw, 829px\" \/><\/a>\n                                <h2 class=\"post_meta\">\n                                                                                                                        <a class=\"post_tag\" href=\"?topic=estudios\">Estudios<\/a>\n                                                                            <\/h2>\n                                <h3 class=\"post_title\"><a href=\"https:\/\/letsrebold.com\/es\/blog\/tendencias-de-comunicacion-en-navidad\/\">Tendencias y Planificaci\u00f3n de la Navidad en los medios y redes sociales<\/a><\/h3>\n                                <a class=\"post_link\" href=\"https:\/\/letsrebold.com\/es\/blog\/tendencias-de-comunicacion-en-navidad\/\"><span>Leer m\u00e1s<\/span> <span class=\"ico-right\">M\u00e1s informaci\u00f3n<\/span><\/a>\n                            <\/article>\n                                                                        <article class=\"post \">\n                                <a class=\"post_image\" href=\"https:\/\/letsrebold.com\/es\/blog\/infografia-datos-de-compra-epoca-navidena-2018-4a-parte\/\"><img loading=\"lazy\" decoding=\"async\" width=\"1019\" height=\"600\" src=\"https:\/\/letsrebold.com\/wp-content\/uploads\/2022\/06\/1046x616_online-shoppers-bring-christmas-cheer-to-the-retail-sector-1019x600.jpg\" class=\"attachment-img-header size-img-header wp-post-image\" alt=\"\" srcset=\"https:\/\/letsrebold.com\/wp-content\/uploads\/2022\/06\/1046x616_online-shoppers-bring-christmas-cheer-to-the-retail-sector-1019x600.jpg 1019w, https:\/\/letsrebold.com\/wp-content\/uploads\/2022\/06\/1046x616_online-shoppers-bring-christmas-cheer-to-the-retail-sector-300x177.jpg 300w, https:\/\/letsrebold.com\/wp-content\/uploads\/2022\/06\/1046x616_online-shoppers-bring-christmas-cheer-to-the-retail-sector-768x452.jpg 768w, https:\/\/letsrebold.com\/wp-content\/uploads\/2022\/06\/1046x616_online-shoppers-bring-christmas-cheer-to-the-retail-sector-1024x603.jpg 1024w, https:\/\/letsrebold.com\/wp-content\/uploads\/2022\/06\/1046x616_online-shoppers-bring-christmas-cheer-to-the-retail-sector-346x204.jpg 346w, https:\/\/letsrebold.com\/wp-content\/uploads\/2022\/06\/1046x616_online-shoppers-bring-christmas-cheer-to-the-retail-sector-360x212.jpg 360w, https:\/\/letsrebold.com\/wp-content\/uploads\/2022\/06\/1046x616_online-shoppers-bring-christmas-cheer-to-the-retail-sector-578x340.jpg 578w, https:\/\/letsrebold.com\/wp-content\/uploads\/2022\/06\/1046x616_online-shoppers-bring-christmas-cheer-to-the-retail-sector-649x382.jpg 649w, https:\/\/letsrebold.com\/wp-content\/uploads\/2022\/06\/1046x616_online-shoppers-bring-christmas-cheer-to-the-retail-sector.jpg 1046w\" sizes=\"auto, (max-width: 1019px) 100vw, 1019px\" \/><\/a>\n                                <h2 class=\"post_meta\">\n                                                                                                                        <a class=\"post_tag\" href=\"?topic=anunciante\">anunciante<\/a>\n                                                                            <\/h2>\n                                <h3 class=\"post_title\"><a href=\"https:\/\/letsrebold.com\/es\/blog\/infografia-datos-de-compra-epoca-navidena-2018-4a-parte\/\">INFOGRAF\u00cdA DATOS DE COMPRA \u00c9POCA NAVIDE\u00d1A 2018 \u2013 4\u00aa PARTE<\/a><\/h3>\n                                <a class=\"post_link\" href=\"https:\/\/letsrebold.com\/es\/blog\/infografia-datos-de-compra-epoca-navidena-2018-4a-parte\/\"><span>Leer m\u00e1s<\/span> <span class=\"ico-right\">M\u00e1s informaci\u00f3n<\/span><\/a>\n                            <\/article>\n                                                                        <article class=\"post rebold-marketing\">\n                                <a class=\"post_image\" href=\"https:\/\/letsrebold.com\/es\/blog\/infografia-datos-de-compra-epoca-navidena-2018-3a-parte\/\"><img loading=\"lazy\" decoding=\"async\" width=\"900\" height=\"600\" src=\"https:\/\/letsrebold.com\/wp-content\/uploads\/2022\/06\/christmas-shopping-121916-900x600.jpg\" class=\"attachment-img-header size-img-header wp-post-image\" alt=\"\" srcset=\"https:\/\/letsrebold.com\/wp-content\/uploads\/2022\/06\/christmas-shopping-121916-900x600.jpg 900w, https:\/\/letsrebold.com\/wp-content\/uploads\/2022\/06\/christmas-shopping-121916-300x200.jpg 300w, https:\/\/letsrebold.com\/wp-content\/uploads\/2022\/06\/christmas-shopping-121916-768x512.jpg 768w, https:\/\/letsrebold.com\/wp-content\/uploads\/2022\/06\/christmas-shopping-121916-306x204.jpg 306w, https:\/\/letsrebold.com\/wp-content\/uploads\/2022\/06\/christmas-shopping-121916-360x240.jpg 360w, https:\/\/letsrebold.com\/wp-content\/uploads\/2022\/06\/christmas-shopping-121916-527x351.jpg 527w, https:\/\/letsrebold.com\/wp-content\/uploads\/2022\/06\/christmas-shopping-121916-573x382.jpg 573w, https:\/\/letsrebold.com\/wp-content\/uploads\/2022\/06\/christmas-shopping-121916.jpg 950w\" sizes=\"auto, (max-width: 900px) 100vw, 900px\" \/><\/a>\n                                <h2 class=\"post_meta\">\n                                                                                <a style=\"color: #e0094b\" class=\"post_tag\" href=\"?service=rebold-marketing\">Rebold Marketing<\/a>\n                                                                                                                                <a class=\"post_tag\" href=\"?topic=compradores\">compradores<\/a>\n                                                                            <\/h2>\n                                <h3 class=\"post_title\"><a href=\"https:\/\/letsrebold.com\/es\/blog\/infografia-datos-de-compra-epoca-navidena-2018-3a-parte\/\">INFOGRAF\u00cdA DATOS DE COMPRA \u00c9POCA NAVIDE\u00d1A 2018 \u2013 3\u00aa PARTE<\/a><\/h3>\n                                <a class=\"post_link\" href=\"https:\/\/letsrebold.com\/es\/blog\/infografia-datos-de-compra-epoca-navidena-2018-3a-parte\/\"><span>Leer m\u00e1s<\/span> <span class=\"ico-right\">M\u00e1s informaci\u00f3n<\/span><\/a>\n                            <\/article>\n                                    <\/div>\n                                    <nav class=\"links links-right\" id=\"loadmore_75\">\n                        <div class=\"container\">\n                            <a href=\"#\" class=\"loadmore\" value=\"75\"><span>Cargar m\u00e1s<\/span> <span class=\"ico-right\"><\/span><\/a>\n                        <\/div>\n                    <\/nav>\n                            <\/div>\n                                <div id=\"page_76\" class=\"d-none\">\n                <div class=\"container posts\">\n                                                                        <article class=\"post media-strategy-research, rebold-marketing\">\n                                <a class=\"post_image\" href=\"https:\/\/letsrebold.com\/es\/blog\/infografia-datos-de-compra-epoca-navidena-2018-2a-parte\/\"><img loading=\"lazy\" decoding=\"async\" width=\"900\" height=\"600\" src=\"https:\/\/letsrebold.com\/wp-content\/uploads\/2022\/06\/14483228_web1_181118-pqn-m-christmas-shopping-900x600.jpg\" class=\"attachment-img-header size-img-header wp-post-image\" alt=\"\" srcset=\"https:\/\/letsrebold.com\/wp-content\/uploads\/2022\/06\/14483228_web1_181118-pqn-m-christmas-shopping-900x600.jpg 900w, https:\/\/letsrebold.com\/wp-content\/uploads\/2022\/06\/14483228_web1_181118-pqn-m-christmas-shopping-300x200.jpg 300w, https:\/\/letsrebold.com\/wp-content\/uploads\/2022\/06\/14483228_web1_181118-pqn-m-christmas-shopping-768x512.jpg 768w, https:\/\/letsrebold.com\/wp-content\/uploads\/2022\/06\/14483228_web1_181118-pqn-m-christmas-shopping-1024x683.jpg 1024w, https:\/\/letsrebold.com\/wp-content\/uploads\/2022\/06\/14483228_web1_181118-pqn-m-christmas-shopping-306x204.jpg 306w, https:\/\/letsrebold.com\/wp-content\/uploads\/2022\/06\/14483228_web1_181118-pqn-m-christmas-shopping-360x240.jpg 360w, https:\/\/letsrebold.com\/wp-content\/uploads\/2022\/06\/14483228_web1_181118-pqn-m-christmas-shopping-527x351.jpg 527w, https:\/\/letsrebold.com\/wp-content\/uploads\/2022\/06\/14483228_web1_181118-pqn-m-christmas-shopping-573x382.jpg 573w, https:\/\/letsrebold.com\/wp-content\/uploads\/2022\/06\/14483228_web1_181118-pqn-m-christmas-shopping.jpg 1200w\" sizes=\"auto, (max-width: 900px) 100vw, 900px\" \/><\/a>\n                                <h2 class=\"post_meta\">\n                                                                                <a style=\"color: #e0094b\" class=\"post_tag\" href=\"?service=rebold-marketing\">Rebold Marketing<\/a>\n                                                                                                                                <a class=\"post_tag\" href=\"?topic=2018-programmatic-marketing\">2018 programmatic marketing<\/a>\n                                                                            <\/h2>\n                                <h3 class=\"post_title\"><a href=\"https:\/\/letsrebold.com\/es\/blog\/infografia-datos-de-compra-epoca-navidena-2018-2a-parte\/\">INFOGRAF\u00cdA DATOS DE COMPRA \u00c9POCA NAVIDE\u00d1A 2018 \u2013 2\u00aa PARTE<\/a><\/h3>\n                                <a class=\"post_link\" href=\"https:\/\/letsrebold.com\/es\/blog\/infografia-datos-de-compra-epoca-navidena-2018-2a-parte\/\"><span>Leer m\u00e1s<\/span> <span class=\"ico-right\">M\u00e1s informaci\u00f3n<\/span><\/a>\n                            <\/article>\n                                                                        <article class=\"post \">\n                                <a class=\"post_image\" href=\"https:\/\/letsrebold.com\/es\/blog\/infografia-datos-de-compra-epoca-navidena-2018-1a-parte\/\"><img loading=\"lazy\" decoding=\"async\" width=\"800\" height=\"600\" src=\"https:\/\/letsrebold.com\/wp-content\/uploads\/2022\/06\/christmas-shopping-800x600.jpg\" class=\"attachment-img-header size-img-header wp-post-image\" alt=\"\" srcset=\"https:\/\/letsrebold.com\/wp-content\/uploads\/2022\/06\/christmas-shopping-800x600.jpg 800w, https:\/\/letsrebold.com\/wp-content\/uploads\/2022\/06\/christmas-shopping-300x225.jpg 300w, https:\/\/letsrebold.com\/wp-content\/uploads\/2022\/06\/christmas-shopping-768x576.jpg 768w, https:\/\/letsrebold.com\/wp-content\/uploads\/2022\/06\/christmas-shopping-1024x768.jpg 1024w, https:\/\/letsrebold.com\/wp-content\/uploads\/2022\/06\/christmas-shopping-272x204.jpg 272w, https:\/\/letsrebold.com\/wp-content\/uploads\/2022\/06\/christmas-shopping-360x270.jpg 360w, https:\/\/letsrebold.com\/wp-content\/uploads\/2022\/06\/christmas-shopping-468x351.jpg 468w, https:\/\/letsrebold.com\/wp-content\/uploads\/2022\/06\/christmas-shopping-509x382.jpg 509w, https:\/\/letsrebold.com\/wp-content\/uploads\/2022\/06\/christmas-shopping.jpg 1200w\" sizes=\"auto, (max-width: 800px) 100vw, 800px\" \/><\/a>\n                                <h2 class=\"post_meta\">\n                                                                                                                        <a class=\"post_tag\" href=\"?topic=2018-programmatic-marketing\">2018 programmatic marketing<\/a>\n                                                                            <\/h2>\n                                <h3 class=\"post_title\"><a href=\"https:\/\/letsrebold.com\/es\/blog\/infografia-datos-de-compra-epoca-navidena-2018-1a-parte\/\">Infograf\u00eda datos de compra \u00e9poca Navide\u00f1a 2018 \u2013 1\u00aa parte<\/a><\/h3>\n                                <a class=\"post_link\" href=\"https:\/\/letsrebold.com\/es\/blog\/infografia-datos-de-compra-epoca-navidena-2018-1a-parte\/\"><span>Leer m\u00e1s<\/span> <span class=\"ico-right\">M\u00e1s informaci\u00f3n<\/span><\/a>\n                            <\/article>\n                                                                        <article class=\"post media-strategy-research, rebold-marketing\">\n                                <a class=\"post_image\" href=\"https:\/\/letsrebold.com\/es\/blog\/los-problemas-de-snapchat-con-la-publicidad-como-volveran-a-los-anuncios-digitales\/\"><img loading=\"lazy\" decoding=\"async\" width=\"300\" height=\"202\" src=\"https:\/\/letsrebold.com\/wp-content\/uploads\/2022\/06\/snap-1-300x202-1.jpg\" class=\"attachment-img-header size-img-header wp-post-image\" alt=\"\" \/><\/a>\n                                <h2 class=\"post_meta\">\n                                                                                <a style=\"color: #e0094b\" class=\"post_tag\" href=\"?service=rebold-marketing\">Rebold Marketing<\/a>\n                                                                                                                                <a class=\"post_tag\" href=\"?topic=anuncios\">anuncios<\/a>\n                                                                            <\/h2>\n                                <h3 class=\"post_title\"><a href=\"https:\/\/letsrebold.com\/es\/blog\/los-problemas-de-snapchat-con-la-publicidad-como-volveran-a-los-anuncios-digitales\/\">Los problemas de Snapchat con la publicidad: C\u00f3mo volver\u00e1n a los anuncios digitales<\/a><\/h3>\n                                <a class=\"post_link\" href=\"https:\/\/letsrebold.com\/es\/blog\/los-problemas-de-snapchat-con-la-publicidad-como-volveran-a-los-anuncios-digitales\/\"><span>Leer m\u00e1s<\/span> <span class=\"ico-right\">M\u00e1s informaci\u00f3n<\/span><\/a>\n                            <\/article>\n                                                                        <article class=\"post rebold-marketing\">\n                                <a class=\"post_image\" href=\"https:\/\/letsrebold.com\/es\/blog\/digilant-colabora-con-icemd-en-el-diseno-de-su-nuevo-programa-superior-en-programatica-y-rtb\/\"><img loading=\"lazy\" decoding=\"async\" width=\"720\" height=\"480\" src=\"https:\/\/letsrebold.com\/wp-content\/uploads\/2022\/06\/Laptop-in-Board-Room.jpg\" class=\"attachment-img-header size-img-header wp-post-image\" alt=\"\" srcset=\"https:\/\/letsrebold.com\/wp-content\/uploads\/2022\/06\/Laptop-in-Board-Room.jpg 720w, https:\/\/letsrebold.com\/wp-content\/uploads\/2022\/06\/Laptop-in-Board-Room-300x200.jpg 300w, https:\/\/letsrebold.com\/wp-content\/uploads\/2022\/06\/Laptop-in-Board-Room-306x204.jpg 306w, https:\/\/letsrebold.com\/wp-content\/uploads\/2022\/06\/Laptop-in-Board-Room-360x240.jpg 360w, https:\/\/letsrebold.com\/wp-content\/uploads\/2022\/06\/Laptop-in-Board-Room-527x351.jpg 527w, https:\/\/letsrebold.com\/wp-content\/uploads\/2022\/06\/Laptop-in-Board-Room-573x382.jpg 573w\" sizes=\"auto, (max-width: 720px) 100vw, 720px\" \/><\/a>\n                                <h2 class=\"post_meta\">\n                                                                                <a style=\"color: #e0094b\" class=\"post_tag\" href=\"?service=rebold-marketing\">Rebold Marketing<\/a>\n                                                                                                                                <a class=\"post_tag\" href=\"?topic=estudios\">Estudios<\/a>\n                                                                            <\/h2>\n                                <h3 class=\"post_title\"><a href=\"https:\/\/letsrebold.com\/es\/blog\/digilant-colabora-con-icemd-en-el-diseno-de-su-nuevo-programa-superior-en-programatica-y-rtb\/\">Rebold colabora con ICEMD en el dise\u00f1o de su nuevo Programa Superior en Program\u00e1tica y RTB<\/a><\/h3>\n                                <a class=\"post_link\" href=\"https:\/\/letsrebold.com\/es\/blog\/digilant-colabora-con-icemd-en-el-diseno-de-su-nuevo-programa-superior-en-programatica-y-rtb\/\"><span>Leer m\u00e1s<\/span> <span class=\"ico-right\">M\u00e1s informaci\u00f3n<\/span><\/a>\n                            <\/article>\n                                                                        <article class=\"post rebold-marketing\">\n                                <a class=\"post_image\" href=\"https:\/\/letsrebold.com\/es\/blog\/digilant-analiza-el-incremento-de-los-ingresos-publicitarios-a-traves-de-podcasts\/\"><img loading=\"lazy\" decoding=\"async\" width=\"903\" height=\"600\" src=\"https:\/\/letsrebold.com\/wp-content\/uploads\/2022\/06\/podcast-microphone-903x600.jpg\" class=\"attachment-img-header size-img-header wp-post-image\" alt=\"\" srcset=\"https:\/\/letsrebold.com\/wp-content\/uploads\/2022\/06\/podcast-microphone-903x600.jpg 903w, https:\/\/letsrebold.com\/wp-content\/uploads\/2022\/06\/podcast-microphone-300x199.jpg 300w, https:\/\/letsrebold.com\/wp-content\/uploads\/2022\/06\/podcast-microphone-768x510.jpg 768w, https:\/\/letsrebold.com\/wp-content\/uploads\/2022\/06\/podcast-microphone-1024x680.jpg 1024w, https:\/\/letsrebold.com\/wp-content\/uploads\/2022\/06\/podcast-microphone-307x204.jpg 307w, https:\/\/letsrebold.com\/wp-content\/uploads\/2022\/06\/podcast-microphone-360x239.jpg 360w, https:\/\/letsrebold.com\/wp-content\/uploads\/2022\/06\/podcast-microphone-528x351.jpg 528w, https:\/\/letsrebold.com\/wp-content\/uploads\/2022\/06\/podcast-microphone-575x382.jpg 575w, https:\/\/letsrebold.com\/wp-content\/uploads\/2022\/06\/podcast-microphone.jpg 1296w\" sizes=\"auto, (max-width: 903px) 100vw, 903px\" \/><\/a>\n                                <h2 class=\"post_meta\">\n                                                                                <a style=\"color: #e0094b\" class=\"post_tag\" href=\"?service=rebold-marketing\">Rebold Marketing<\/a>\n                                                                                                                                <a class=\"post_tag\" href=\"?topic=estudios\">Estudios<\/a>\n                                                                            <\/h2>\n                                <h3 class=\"post_title\"><a href=\"https:\/\/letsrebold.com\/es\/blog\/digilant-analiza-el-incremento-de-los-ingresos-publicitarios-a-traves-de-podcasts\/\">Rebold analiza el incremento de los ingresos publicitarios a trav\u00e9s de podcasts<\/a><\/h3>\n                                <a class=\"post_link\" href=\"https:\/\/letsrebold.com\/es\/blog\/digilant-analiza-el-incremento-de-los-ingresos-publicitarios-a-traves-de-podcasts\/\"><span>Leer m\u00e1s<\/span> <span class=\"ico-right\">M\u00e1s informaci\u00f3n<\/span><\/a>\n                            <\/article>\n                                                                        <article class=\"post media-intelligence, rebold-communication\">\n                                <a class=\"post_image\" href=\"https:\/\/letsrebold.com\/es\/blog\/como-realizar-un-reposicionamiento-de-marca-a-traves-de-las-rrss\/\"><img loading=\"lazy\" decoding=\"async\" width=\"638\" height=\"271\" src=\"https:\/\/letsrebold.com\/wp-content\/uploads\/2022\/06\/Imagen12-e1536745432527.png\" class=\"attachment-img-header size-img-header wp-post-image\" alt=\"\" srcset=\"https:\/\/letsrebold.com\/wp-content\/uploads\/2022\/06\/Imagen12-e1536745432527.png 638w, https:\/\/letsrebold.com\/wp-content\/uploads\/2022\/06\/Imagen12-e1536745432527-300x127.png 300w, https:\/\/letsrebold.com\/wp-content\/uploads\/2022\/06\/Imagen12-e1536745432527-360x153.png 360w, https:\/\/letsrebold.com\/wp-content\/uploads\/2022\/06\/Imagen12-e1536745432527-578x246.png 578w\" sizes=\"auto, (max-width: 638px) 100vw, 638px\" \/><\/a>\n                                <h2 class=\"post_meta\">\n                                                                                <a style=\"color: #5ac4bb\" class=\"post_tag\" href=\"?service=rebold-communication\">Rebold Communication<\/a>\n                                                                                                                                <a class=\"post_tag\" href=\"?topic=media-intelligence\">Media Intelligence<\/a>\n                                                                            <\/h2>\n                                <h3 class=\"post_title\"><a href=\"https:\/\/letsrebold.com\/es\/blog\/como-realizar-un-reposicionamiento-de-marca-a-traves-de-las-rrss\/\">C\u00f3mo realizar un reposicionamiento de marca a trav\u00e9s de las RRSS<\/a><\/h3>\n                                <a class=\"post_link\" href=\"https:\/\/letsrebold.com\/es\/blog\/como-realizar-un-reposicionamiento-de-marca-a-traves-de-las-rrss\/\"><span>Leer m\u00e1s<\/span> <span class=\"ico-right\">M\u00e1s informaci\u00f3n<\/span><\/a>\n                            <\/article>\n                                    <\/div>\n                                    <nav class=\"links links-right\" id=\"loadmore_76\">\n                        <div class=\"container\">\n                            <a href=\"#\" class=\"loadmore\" value=\"76\"><span>Cargar m\u00e1s<\/span> <span class=\"ico-right\"><\/span><\/a>\n                        <\/div>\n                    <\/nav>\n                            <\/div>\n                                <div id=\"page_77\" class=\"d-none\">\n                <div class=\"container posts\">\n                                                                        <article class=\"post influencer-marketing, rebold-marketing\">\n                                <a class=\"post_image\" href=\"https:\/\/letsrebold.com\/es\/blog\/rebold-identifica-los-siete-errores-mas-frecuentes-en-las-acciones-de-marketing-de-influencers\/\"><img loading=\"lazy\" decoding=\"async\" width=\"1061\" height=\"283\" src=\"https:\/\/letsrebold.com\/wp-content\/uploads\/2022\/06\/errores-marketing-de-influencers-1061x283.jpg\" class=\"attachment-img-header size-img-header wp-post-image\" alt=\"\" srcset=\"https:\/\/letsrebold.com\/wp-content\/uploads\/2022\/06\/errores-marketing-de-influencers-1061x283.jpg 1061w, https:\/\/letsrebold.com\/wp-content\/uploads\/2022\/06\/errores-marketing-de-influencers-300x80.jpg 300w, https:\/\/letsrebold.com\/wp-content\/uploads\/2022\/06\/errores-marketing-de-influencers-768x205.jpg 768w, https:\/\/letsrebold.com\/wp-content\/uploads\/2022\/06\/errores-marketing-de-influencers-1024x273.jpg 1024w, https:\/\/letsrebold.com\/wp-content\/uploads\/2022\/06\/errores-marketing-de-influencers-360x96.jpg 360w, https:\/\/letsrebold.com\/wp-content\/uploads\/2022\/06\/errores-marketing-de-influencers-578x154.jpg 578w, https:\/\/letsrebold.com\/wp-content\/uploads\/2022\/06\/errores-marketing-de-influencers-761x203.jpg 761w, https:\/\/letsrebold.com\/wp-content\/uploads\/2022\/06\/errores-marketing-de-influencers.jpg 1500w\" sizes=\"auto, (max-width: 1061px) 100vw, 1061px\" \/><\/a>\n                                <h2 class=\"post_meta\">\n                                                                                <a style=\"color: #e0094b\" class=\"post_tag\" href=\"?service=rebold-marketing\">Rebold Marketing<\/a>\n                                                                                                                                <a class=\"post_tag\" href=\"?topic=influencer-marketing\">Influencer Marketing<\/a>\n                                                                            <\/h2>\n                                <h3 class=\"post_title\"><a href=\"https:\/\/letsrebold.com\/es\/blog\/rebold-identifica-los-siete-errores-mas-frecuentes-en-las-acciones-de-marketing-de-influencers\/\">Rebold identifica los siete errores m\u00e1s frecuentes en las acciones de marketing de influencers<\/a><\/h3>\n                                <a class=\"post_link\" href=\"https:\/\/letsrebold.com\/es\/blog\/rebold-identifica-los-siete-errores-mas-frecuentes-en-las-acciones-de-marketing-de-influencers\/\"><span>Leer m\u00e1s<\/span> <span class=\"ico-right\">M\u00e1s informaci\u00f3n<\/span><\/a>\n                            <\/article>\n                                                                        <article class=\"post rebold-marketing\">\n                                <a class=\"post_image\" href=\"https:\/\/letsrebold.com\/es\/blog\/digilant-analiza-nuevas-oportunidades-durante-el-proximo-campeonato-de-futbol\/\"><img loading=\"lazy\" decoding=\"async\" width=\"904\" height=\"600\" src=\"https:\/\/letsrebold.com\/wp-content\/uploads\/2022\/06\/football-field-on-samsung-904x600.jpg\" class=\"attachment-img-header size-img-header wp-post-image\" alt=\"\" srcset=\"https:\/\/letsrebold.com\/wp-content\/uploads\/2022\/06\/football-field-on-samsung-904x600.jpg 904w, https:\/\/letsrebold.com\/wp-content\/uploads\/2022\/06\/football-field-on-samsung-300x199.jpg 300w, https:\/\/letsrebold.com\/wp-content\/uploads\/2022\/06\/football-field-on-samsung-768x510.jpg 768w, https:\/\/letsrebold.com\/wp-content\/uploads\/2022\/06\/football-field-on-samsung-1024x680.jpg 1024w, https:\/\/letsrebold.com\/wp-content\/uploads\/2022\/06\/football-field-on-samsung-307x204.jpg 307w, https:\/\/letsrebold.com\/wp-content\/uploads\/2022\/06\/football-field-on-samsung-360x239.jpg 360w, https:\/\/letsrebold.com\/wp-content\/uploads\/2022\/06\/football-field-on-samsung-529x351.jpg 529w, https:\/\/letsrebold.com\/wp-content\/uploads\/2022\/06\/football-field-on-samsung-575x382.jpg 575w, https:\/\/letsrebold.com\/wp-content\/uploads\/2022\/06\/football-field-on-samsung.jpg 1280w\" sizes=\"auto, (max-width: 904px) 100vw, 904px\" \/><\/a>\n                                <h2 class=\"post_meta\">\n                                                                                <a style=\"color: #e0094b\" class=\"post_tag\" href=\"?service=rebold-marketing\">Rebold Marketing<\/a>\n                                                                                                                                <a class=\"post_tag\" href=\"?topic=estudios\">Estudios<\/a>\n                                                                            <\/h2>\n                                <h3 class=\"post_title\"><a href=\"https:\/\/letsrebold.com\/es\/blog\/digilant-analiza-nuevas-oportunidades-durante-el-proximo-campeonato-de-futbol\/\">Rebold analiza nuevas oportunidades durante el pr\u00f3ximo Campeonato de F\u00fatbol<\/a><\/h3>\n                                <a class=\"post_link\" href=\"https:\/\/letsrebold.com\/es\/blog\/digilant-analiza-nuevas-oportunidades-durante-el-proximo-campeonato-de-futbol\/\"><span>Leer m\u00e1s<\/span> <span class=\"ico-right\">M\u00e1s informaci\u00f3n<\/span><\/a>\n                            <\/article>\n                                                                        <article class=\"post rebold-marketing\">\n                                <a class=\"post_image\" href=\"https:\/\/letsrebold.com\/es\/blog\/los-cinco-principales-retos-que-los-anunciantes-encuentran-en-la-tecnologia-blockchain\/\"><img loading=\"lazy\" decoding=\"async\" width=\"900\" height=\"600\" src=\"https:\/\/letsrebold.com\/wp-content\/uploads\/2022\/06\/fre-sonneveld-28484-unsplash-2-900x600.jpg\" class=\"attachment-img-header size-img-header wp-post-image\" alt=\"\" srcset=\"https:\/\/letsrebold.com\/wp-content\/uploads\/2022\/06\/fre-sonneveld-28484-unsplash-2-900x600.jpg 900w, https:\/\/letsrebold.com\/wp-content\/uploads\/2022\/06\/fre-sonneveld-28484-unsplash-2-300x200.jpg 300w, https:\/\/letsrebold.com\/wp-content\/uploads\/2022\/06\/fre-sonneveld-28484-unsplash-2-768x512.jpg 768w, https:\/\/letsrebold.com\/wp-content\/uploads\/2022\/06\/fre-sonneveld-28484-unsplash-2-1024x683.jpg 1024w, https:\/\/letsrebold.com\/wp-content\/uploads\/2022\/06\/fre-sonneveld-28484-unsplash-2-306x204.jpg 306w, https:\/\/letsrebold.com\/wp-content\/uploads\/2022\/06\/fre-sonneveld-28484-unsplash-2-360x240.jpg 360w, https:\/\/letsrebold.com\/wp-content\/uploads\/2022\/06\/fre-sonneveld-28484-unsplash-2-527x351.jpg 527w, https:\/\/letsrebold.com\/wp-content\/uploads\/2022\/06\/fre-sonneveld-28484-unsplash-2-573x382.jpg 573w, https:\/\/letsrebold.com\/wp-content\/uploads\/2022\/06\/fre-sonneveld-28484-unsplash-2-1536x1024.jpg 1536w, https:\/\/letsrebold.com\/wp-content\/uploads\/2022\/06\/fre-sonneveld-28484-unsplash-2-2048x1365.jpg 2048w\" sizes=\"auto, (max-width: 900px) 100vw, 900px\" \/><\/a>\n                                <h2 class=\"post_meta\">\n                                                                                <a style=\"color: #e0094b\" class=\"post_tag\" href=\"?service=rebold-marketing\">Rebold Marketing<\/a>\n                                                                                                                                <a class=\"post_tag\" href=\"?topic=notas-de-prensa\">Notas de Prensa<\/a>\n                                                                            <\/h2>\n                                <h3 class=\"post_title\"><a href=\"https:\/\/letsrebold.com\/es\/blog\/los-cinco-principales-retos-que-los-anunciantes-encuentran-en-la-tecnologia-blockchain\/\">Los cinco principales retos que los anunciantes encuentran en la tecnolog\u00eda blockchain<\/a><\/h3>\n                                <a class=\"post_link\" href=\"https:\/\/letsrebold.com\/es\/blog\/los-cinco-principales-retos-que-los-anunciantes-encuentran-en-la-tecnologia-blockchain\/\"><span>Leer m\u00e1s<\/span> <span class=\"ico-right\">M\u00e1s informaci\u00f3n<\/span><\/a>\n                            <\/article>\n                                                                        <article class=\"post rebold-marketing\">\n                                <a class=\"post_image\" href=\"https:\/\/letsrebold.com\/es\/blog\/digilant-analiza-los-cambios-en-las-tendencias-digitales-de-los-espectadores-del-mundial\/\"><img loading=\"lazy\" decoding=\"async\" width=\"700\" height=\"400\" src=\"https:\/\/letsrebold.com\/wp-content\/uploads\/2022\/06\/LinkedIn-Post-FIFA-World-Cup-Infographic-Banner.png\" class=\"attachment-img-header size-img-header wp-post-image\" alt=\"\" srcset=\"https:\/\/letsrebold.com\/wp-content\/uploads\/2022\/06\/LinkedIn-Post-FIFA-World-Cup-Infographic-Banner.png 700w, https:\/\/letsrebold.com\/wp-content\/uploads\/2022\/06\/LinkedIn-Post-FIFA-World-Cup-Infographic-Banner-300x171.png 300w, https:\/\/letsrebold.com\/wp-content\/uploads\/2022\/06\/LinkedIn-Post-FIFA-World-Cup-Infographic-Banner-357x204.png 357w, https:\/\/letsrebold.com\/wp-content\/uploads\/2022\/06\/LinkedIn-Post-FIFA-World-Cup-Infographic-Banner-360x206.png 360w, https:\/\/letsrebold.com\/wp-content\/uploads\/2022\/06\/LinkedIn-Post-FIFA-World-Cup-Infographic-Banner-578x330.png 578w, https:\/\/letsrebold.com\/wp-content\/uploads\/2022\/06\/LinkedIn-Post-FIFA-World-Cup-Infographic-Banner-669x382.png 669w\" sizes=\"auto, (max-width: 700px) 100vw, 700px\" \/><\/a>\n                                <h2 class=\"post_meta\">\n                                                                                <a style=\"color: #e0094b\" class=\"post_tag\" href=\"?service=rebold-marketing\">Rebold Marketing<\/a>\n                                                                                                                                <a class=\"post_tag\" href=\"?topic=marketing-digital\">Marketing Digital<\/a>\n                                                                            <\/h2>\n                                <h3 class=\"post_title\"><a href=\"https:\/\/letsrebold.com\/es\/blog\/digilant-analiza-los-cambios-en-las-tendencias-digitales-de-los-espectadores-del-mundial\/\">Rebold analiza los cambios en las tendencias digitales de los espectadores del Mundial<\/a><\/h3>\n                                <a class=\"post_link\" href=\"https:\/\/letsrebold.com\/es\/blog\/digilant-analiza-los-cambios-en-las-tendencias-digitales-de-los-espectadores-del-mundial\/\"><span>Leer m\u00e1s<\/span> <span class=\"ico-right\">M\u00e1s informaci\u00f3n<\/span><\/a>\n                            <\/article>\n                                                                        <article class=\"post media-strategy-research, rebold-marketing\">\n                                <a class=\"post_image\" href=\"https:\/\/letsrebold.com\/es\/blog\/fundamentos-de-la-compra-programatica-por-que-deberias-incluir-el-audio-programatico-en-tu-plan-de-medios\/\"><img loading=\"lazy\" decoding=\"async\" width=\"815\" height=\"600\" src=\"https:\/\/letsrebold.com\/wp-content\/uploads\/2022\/06\/alice-moore-192521-unsplash-815x600.jpg\" class=\"attachment-img-header size-img-header wp-post-image\" alt=\"\" srcset=\"https:\/\/letsrebold.com\/wp-content\/uploads\/2022\/06\/alice-moore-192521-unsplash-815x600.jpg 815w, https:\/\/letsrebold.com\/wp-content\/uploads\/2022\/06\/alice-moore-192521-unsplash-300x221.jpg 300w, https:\/\/letsrebold.com\/wp-content\/uploads\/2022\/06\/alice-moore-192521-unsplash-768x565.jpg 768w, https:\/\/letsrebold.com\/wp-content\/uploads\/2022\/06\/alice-moore-192521-unsplash-1024x754.jpg 1024w, https:\/\/letsrebold.com\/wp-content\/uploads\/2022\/06\/alice-moore-192521-unsplash-277x204.jpg 277w, https:\/\/letsrebold.com\/wp-content\/uploads\/2022\/06\/alice-moore-192521-unsplash-360x265.jpg 360w, https:\/\/letsrebold.com\/wp-content\/uploads\/2022\/06\/alice-moore-192521-unsplash-477x351.jpg 477w, https:\/\/letsrebold.com\/wp-content\/uploads\/2022\/06\/alice-moore-192521-unsplash-519x382.jpg 519w, https:\/\/letsrebold.com\/wp-content\/uploads\/2022\/06\/alice-moore-192521-unsplash-1536x1130.jpg 1536w, https:\/\/letsrebold.com\/wp-content\/uploads\/2022\/06\/alice-moore-192521-unsplash-2048x1507.jpg 2048w\" sizes=\"auto, (max-width: 815px) 100vw, 815px\" \/><\/a>\n                                <h2 class=\"post_meta\">\n                                                                                <a style=\"color: #e0094b\" class=\"post_tag\" href=\"?service=rebold-marketing\">Rebold Marketing<\/a>\n                                                                                                                                <a class=\"post_tag\" href=\"?topic=publicidad-programatica\">Publicidad Program\u00e1tica<\/a>\n                                                                            <\/h2>\n                                <h3 class=\"post_title\"><a href=\"https:\/\/letsrebold.com\/es\/blog\/fundamentos-de-la-compra-programatica-por-que-deberias-incluir-el-audio-programatico-en-tu-plan-de-medios\/\">Rebold y los Fundamentos de la compra program\u00e1tica: \u00bfPor qu\u00e9 deber\u00edas incluir el audio program\u00e1tico en tu plan de medios?<\/a><\/h3>\n                                <a class=\"post_link\" href=\"https:\/\/letsrebold.com\/es\/blog\/fundamentos-de-la-compra-programatica-por-que-deberias-incluir-el-audio-programatico-en-tu-plan-de-medios\/\"><span>Leer m\u00e1s<\/span> <span class=\"ico-right\">M\u00e1s informaci\u00f3n<\/span><\/a>\n                            <\/article>\n                                                                        <article class=\"post media-strategy-research, rebold-marketing\">\n                                <a class=\"post_image\" href=\"https:\/\/letsrebold.com\/es\/blog\/fundamentos-de-la-compra-programatica-en-que-se-diferencian-las-dsp-de-las-redes-publicitarias\/\"><img loading=\"lazy\" decoding=\"async\" width=\"950\" height=\"580\" src=\"https:\/\/letsrebold.com\/wp-content\/uploads\/2022\/06\/players-in-programmatic-1.png\" class=\"attachment-img-header size-img-header wp-post-image\" alt=\"\" srcset=\"https:\/\/letsrebold.com\/wp-content\/uploads\/2022\/06\/players-in-programmatic-1.png 950w, https:\/\/letsrebold.com\/wp-content\/uploads\/2022\/06\/players-in-programmatic-1-300x183.png 300w, https:\/\/letsrebold.com\/wp-content\/uploads\/2022\/06\/players-in-programmatic-1-768x469.png 768w, https:\/\/letsrebold.com\/wp-content\/uploads\/2022\/06\/players-in-programmatic-1-334x204.png 334w, https:\/\/letsrebold.com\/wp-content\/uploads\/2022\/06\/players-in-programmatic-1-360x220.png 360w, https:\/\/letsrebold.com\/wp-content\/uploads\/2022\/06\/players-in-programmatic-1-575x351.png 575w, https:\/\/letsrebold.com\/wp-content\/uploads\/2022\/06\/players-in-programmatic-1-626x382.png 626w\" sizes=\"auto, (max-width: 950px) 100vw, 950px\" \/><\/a>\n                                <h2 class=\"post_meta\">\n                                                                                <a style=\"color: #e0094b\" class=\"post_tag\" href=\"?service=rebold-marketing\">Rebold Marketing<\/a>\n                                                                                                                                <a class=\"post_tag\" href=\"?topic=2018-programmatic-media\">2018 programmatic media<\/a>\n                                                                            <\/h2>\n                                <h3 class=\"post_title\"><a href=\"https:\/\/letsrebold.com\/es\/blog\/fundamentos-de-la-compra-programatica-en-que-se-diferencian-las-dsp-de-las-redes-publicitarias\/\">Fundamentos de la compra program\u00e1tica: \u00bfen qu\u00e9 se diferencian las DSP de las redes publicitarias?<\/a><\/h3>\n                                <a class=\"post_link\" href=\"https:\/\/letsrebold.com\/es\/blog\/fundamentos-de-la-compra-programatica-en-que-se-diferencian-las-dsp-de-las-redes-publicitarias\/\"><span>Leer m\u00e1s<\/span> <span class=\"ico-right\">M\u00e1s informaci\u00f3n<\/span><\/a>\n                            <\/article>\n                                    <\/div>\n                                    <nav class=\"links links-right\" id=\"loadmore_77\">\n                        <div class=\"container\">\n                            <a href=\"#\" class=\"loadmore\" value=\"77\"><span>Cargar m\u00e1s<\/span> <span class=\"ico-right\"><\/span><\/a>\n                        <\/div>\n                    <\/nav>\n                            <\/div>\n                                <div id=\"page_78\" class=\"d-none\">\n                <div class=\"container posts\">\n                                                                        <article class=\"post rebold-marketing\">\n                                <a class=\"post_image\" href=\"https:\/\/letsrebold.com\/es\/blog\/la-copa-mundial-2018-los-hechos-y-las-cifras-para-compradores-de-medios-digitales\/\"><img loading=\"lazy\" decoding=\"async\" width=\"684\" height=\"475\" src=\"https:\/\/letsrebold.com\/wp-content\/uploads\/2022\/06\/france-celebrating-win-article_tcm25-533056.jpg\" class=\"attachment-img-header size-img-header wp-post-image\" alt=\"\" srcset=\"https:\/\/letsrebold.com\/wp-content\/uploads\/2022\/06\/france-celebrating-win-article_tcm25-533056.jpg 684w, https:\/\/letsrebold.com\/wp-content\/uploads\/2022\/06\/france-celebrating-win-article_tcm25-533056-300x208.jpg 300w, https:\/\/letsrebold.com\/wp-content\/uploads\/2022\/06\/france-celebrating-win-article_tcm25-533056-294x204.jpg 294w, https:\/\/letsrebold.com\/wp-content\/uploads\/2022\/06\/france-celebrating-win-article_tcm25-533056-360x250.jpg 360w, https:\/\/letsrebold.com\/wp-content\/uploads\/2022\/06\/france-celebrating-win-article_tcm25-533056-505x351.jpg 505w, https:\/\/letsrebold.com\/wp-content\/uploads\/2022\/06\/france-celebrating-win-article_tcm25-533056-550x382.jpg 550w\" sizes=\"auto, (max-width: 684px) 100vw, 684px\" \/><\/a>\n                                <h2 class=\"post_meta\">\n                                                                                <a style=\"color: #e0094b\" class=\"post_tag\" href=\"?service=rebold-marketing\">Rebold Marketing<\/a>\n                                                                                                                                <a class=\"post_tag\" href=\"?topic=el-mundial\">el mundial<\/a>\n                                                                            <\/h2>\n                                <h3 class=\"post_title\"><a href=\"https:\/\/letsrebold.com\/es\/blog\/la-copa-mundial-2018-los-hechos-y-las-cifras-para-compradores-de-medios-digitales\/\">Infograf\u00eda para la Copa Mundial 2018: Los hechos y las cifras para compradores de medios digitales<\/a><\/h3>\n                                <a class=\"post_link\" href=\"https:\/\/letsrebold.com\/es\/blog\/la-copa-mundial-2018-los-hechos-y-las-cifras-para-compradores-de-medios-digitales\/\"><span>Leer m\u00e1s<\/span> <span class=\"ico-right\">M\u00e1s informaci\u00f3n<\/span><\/a>\n                            <\/article>\n                                                                        <article class=\"post influencer-marketing, media-strategy-research, rebold-marketing\">\n                                <a class=\"post_image\" href=\"https:\/\/letsrebold.com\/es\/blog\/los-beneficios-de-combinar-el-marketing-de-influencia-y-la-compra-programatica-de-medios\/\"><img loading=\"lazy\" decoding=\"async\" width=\"640\" height=\"445\" src=\"https:\/\/letsrebold.com\/wp-content\/uploads\/2022\/06\/pexels-photo-1083622-1.jpeg\" class=\"attachment-img-header size-img-header wp-post-image\" alt=\"\" srcset=\"https:\/\/letsrebold.com\/wp-content\/uploads\/2022\/06\/pexels-photo-1083622-1.jpeg 640w, https:\/\/letsrebold.com\/wp-content\/uploads\/2022\/06\/pexels-photo-1083622-1-300x209.jpeg 300w, https:\/\/letsrebold.com\/wp-content\/uploads\/2022\/06\/pexels-photo-1083622-1-293x204.jpeg 293w, https:\/\/letsrebold.com\/wp-content\/uploads\/2022\/06\/pexels-photo-1083622-1-360x250.jpeg 360w, https:\/\/letsrebold.com\/wp-content\/uploads\/2022\/06\/pexels-photo-1083622-1-505x351.jpeg 505w, https:\/\/letsrebold.com\/wp-content\/uploads\/2022\/06\/pexels-photo-1083622-1-549x382.jpeg 549w\" sizes=\"auto, (max-width: 640px) 100vw, 640px\" \/><\/a>\n                                <h2 class=\"post_meta\">\n                                                                                <a style=\"color: #e0094b\" class=\"post_tag\" href=\"?service=rebold-marketing\">Rebold Marketing<\/a>\n                                                                                                                                <a class=\"post_tag\" href=\"?topic=digital-influencer-marketing\">digital influencer marketing<\/a>\n                                                                            <\/h2>\n                                <h3 class=\"post_title\"><a href=\"https:\/\/letsrebold.com\/es\/blog\/los-beneficios-de-combinar-el-marketing-de-influencia-y-la-compra-programatica-de-medios\/\">Los beneficios de combinar el marketing de influencia y la compra program\u00e1tica de medios<\/a><\/h3>\n                                <a class=\"post_link\" href=\"https:\/\/letsrebold.com\/es\/blog\/los-beneficios-de-combinar-el-marketing-de-influencia-y-la-compra-programatica-de-medios\/\"><span>Leer m\u00e1s<\/span> <span class=\"ico-right\">M\u00e1s informaci\u00f3n<\/span><\/a>\n                            <\/article>\n                                                                        <article class=\"post \">\n                                <a class=\"post_image\" href=\"https:\/\/letsrebold.com\/es\/blog\/periodismo-de-evidencia-que-es-wikitribune\/\"><img loading=\"lazy\" decoding=\"async\" width=\"640\" height=\"281\" src=\"https:\/\/letsrebold.com\/wp-content\/uploads\/2022\/06\/Imagen3-e1526475714988.png\" class=\"attachment-img-header size-img-header wp-post-image\" alt=\"\" srcset=\"https:\/\/letsrebold.com\/wp-content\/uploads\/2022\/06\/Imagen3-e1526475714988.png 640w, https:\/\/letsrebold.com\/wp-content\/uploads\/2022\/06\/Imagen3-e1526475714988-300x132.png 300w, https:\/\/letsrebold.com\/wp-content\/uploads\/2022\/06\/Imagen3-e1526475714988-360x158.png 360w, https:\/\/letsrebold.com\/wp-content\/uploads\/2022\/06\/Imagen3-e1526475714988-578x254.png 578w\" sizes=\"auto, (max-width: 640px) 100vw, 640px\" \/><\/a>\n                                <h2 class=\"post_meta\">\n                                                                                                                        <a class=\"post_tag\" href=\"?topic=comunicacion\">comunicacion<\/a>\n                                                                            <\/h2>\n                                <h3 class=\"post_title\"><a href=\"https:\/\/letsrebold.com\/es\/blog\/periodismo-de-evidencia-que-es-wikitribune\/\">Periodismo de evidencia \u00bfQu\u00e9 es Wikitribune?<\/a><\/h3>\n                                <a class=\"post_link\" href=\"https:\/\/letsrebold.com\/es\/blog\/periodismo-de-evidencia-que-es-wikitribune\/\"><span>Leer m\u00e1s<\/span> <span class=\"ico-right\">M\u00e1s informaci\u00f3n<\/span><\/a>\n                            <\/article>\n                                                                        <article class=\"post media-strategy-research, rebold-marketing\">\n                                <a class=\"post_image\" href=\"https:\/\/letsrebold.com\/es\/blog\/fundamentos-de-la-compra-programatica-que-es-el-reglamento-general-de-proteccion-de-datos-rgpd-y-que-implica-para-la-publicidad-digital\/\"><img loading=\"lazy\" decoding=\"async\" width=\"895\" height=\"600\" src=\"https:\/\/letsrebold.com\/wp-content\/uploads\/2022\/06\/paulius-dragunas-627082-unsplash-895x600.jpg\" class=\"attachment-img-header size-img-header wp-post-image\" alt=\"\" srcset=\"https:\/\/letsrebold.com\/wp-content\/uploads\/2022\/06\/paulius-dragunas-627082-unsplash-895x600.jpg 895w, https:\/\/letsrebold.com\/wp-content\/uploads\/2022\/06\/paulius-dragunas-627082-unsplash-300x201.jpg 300w, https:\/\/letsrebold.com\/wp-content\/uploads\/2022\/06\/paulius-dragunas-627082-unsplash-768x515.jpg 768w, https:\/\/letsrebold.com\/wp-content\/uploads\/2022\/06\/paulius-dragunas-627082-unsplash-1024x686.jpg 1024w, https:\/\/letsrebold.com\/wp-content\/uploads\/2022\/06\/paulius-dragunas-627082-unsplash-304x204.jpg 304w, https:\/\/letsrebold.com\/wp-content\/uploads\/2022\/06\/paulius-dragunas-627082-unsplash-360x241.jpg 360w, https:\/\/letsrebold.com\/wp-content\/uploads\/2022\/06\/paulius-dragunas-627082-unsplash-524x351.jpg 524w, https:\/\/letsrebold.com\/wp-content\/uploads\/2022\/06\/paulius-dragunas-627082-unsplash-570x382.jpg 570w, https:\/\/letsrebold.com\/wp-content\/uploads\/2022\/06\/paulius-dragunas-627082-unsplash-1536x1030.jpg 1536w, https:\/\/letsrebold.com\/wp-content\/uploads\/2022\/06\/paulius-dragunas-627082-unsplash-2048x1373.jpg 2048w\" sizes=\"auto, (max-width: 895px) 100vw, 895px\" \/><\/a>\n                                <h2 class=\"post_meta\">\n                                                                                <a style=\"color: #e0094b\" class=\"post_tag\" href=\"?service=rebold-marketing\">Rebold Marketing<\/a>\n                                                                                                                                <a class=\"post_tag\" href=\"?topic=2018-programmatic-media\">2018 programmatic media<\/a>\n                                                                            <\/h2>\n                                <h3 class=\"post_title\"><a href=\"https:\/\/letsrebold.com\/es\/blog\/fundamentos-de-la-compra-programatica-que-es-el-reglamento-general-de-proteccion-de-datos-rgpd-y-que-implica-para-la-publicidad-digital\/\">Fundamentos de la compra program\u00e1tica: \u00bfqu\u00e9 es el Reglamento General de Protecci\u00f3n de Datos (RGPD)? \u00bfY qu\u00e9 implica para la publicidad digital?<\/a><\/h3>\n                                <a class=\"post_link\" href=\"https:\/\/letsrebold.com\/es\/blog\/fundamentos-de-la-compra-programatica-que-es-el-reglamento-general-de-proteccion-de-datos-rgpd-y-que-implica-para-la-publicidad-digital\/\"><span>Leer m\u00e1s<\/span> <span class=\"ico-right\">M\u00e1s informaci\u00f3n<\/span><\/a>\n                            <\/article>\n                                                                        <article class=\"post media-strategy-research, rebold-marketing\">\n                                <a class=\"post_image\" href=\"https:\/\/letsrebold.com\/es\/blog\/fundamentos-de-la-compra-programatica-que-es-un-lago-de-datos-data-lake\/\"><img loading=\"lazy\" decoding=\"async\" width=\"409\" height=\"600\" src=\"https:\/\/letsrebold.com\/wp-content\/uploads\/2022\/06\/Data-Lake-Image-Re-Designed-409x600.jpg\" class=\"attachment-img-header size-img-header wp-post-image\" alt=\"\" srcset=\"https:\/\/letsrebold.com\/wp-content\/uploads\/2022\/06\/Data-Lake-Image-Re-Designed-409x600.jpg 409w, https:\/\/letsrebold.com\/wp-content\/uploads\/2022\/06\/Data-Lake-Image-Re-Designed-205x300.jpg 205w, https:\/\/letsrebold.com\/wp-content\/uploads\/2022\/06\/Data-Lake-Image-Re-Designed-768x1126.jpg 768w, https:\/\/letsrebold.com\/wp-content\/uploads\/2022\/06\/Data-Lake-Image-Re-Designed-698x1024.jpg 698w, https:\/\/letsrebold.com\/wp-content\/uploads\/2022\/06\/Data-Lake-Image-Re-Designed-139x204.jpg 139w, https:\/\/letsrebold.com\/wp-content\/uploads\/2022\/06\/Data-Lake-Image-Re-Designed-356x522.jpg 356w, https:\/\/letsrebold.com\/wp-content\/uploads\/2022\/06\/Data-Lake-Image-Re-Designed-239x351.jpg 239w, https:\/\/letsrebold.com\/wp-content\/uploads\/2022\/06\/Data-Lake-Image-Re-Designed-261x382.jpg 261w, https:\/\/letsrebold.com\/wp-content\/uploads\/2022\/06\/Data-Lake-Image-Re-Designed-1048x1536.jpg 1048w, https:\/\/letsrebold.com\/wp-content\/uploads\/2022\/06\/Data-Lake-Image-Re-Designed-1397x2048.jpg 1397w, https:\/\/letsrebold.com\/wp-content\/uploads\/2022\/06\/Data-Lake-Image-Re-Designed.jpg 2042w\" sizes=\"auto, (max-width: 409px) 100vw, 409px\" \/><\/a>\n                                <h2 class=\"post_meta\">\n                                                                                <a style=\"color: #e0094b\" class=\"post_tag\" href=\"?service=rebold-marketing\">Rebold Marketing<\/a>\n                                                                                                                                <a class=\"post_tag\" href=\"?topic=data-lake\">data lake<\/a>\n                                                                            <\/h2>\n                                <h3 class=\"post_title\"><a href=\"https:\/\/letsrebold.com\/es\/blog\/fundamentos-de-la-compra-programatica-que-es-un-lago-de-datos-data-lake\/\">Fundamentos de la compra program\u00e1tica: \u00bfqu\u00e9 es un lago de datos (data lake)?<\/a><\/h3>\n                                <a class=\"post_link\" href=\"https:\/\/letsrebold.com\/es\/blog\/fundamentos-de-la-compra-programatica-que-es-un-lago-de-datos-data-lake\/\"><span>Leer m\u00e1s<\/span> <span class=\"ico-right\">M\u00e1s informaci\u00f3n<\/span><\/a>\n                            <\/article>\n                                                                        <article class=\"post rebold-marketing, zero-party-data\">\n                                <a class=\"post_image\" href=\"https:\/\/letsrebold.com\/es\/blog\/la-importancia-de-las-metricas-en-la-comunicacion-corporativa\/\"><img loading=\"lazy\" decoding=\"async\" width=\"642\" height=\"271\" src=\"https:\/\/letsrebold.com\/wp-content\/uploads\/2022\/06\/Principal-Acceso-e1524151781667.png\" class=\"attachment-img-header size-img-header wp-post-image\" alt=\"\" srcset=\"https:\/\/letsrebold.com\/wp-content\/uploads\/2022\/06\/Principal-Acceso-e1524151781667.png 642w, https:\/\/letsrebold.com\/wp-content\/uploads\/2022\/06\/Principal-Acceso-e1524151781667-300x127.png 300w, https:\/\/letsrebold.com\/wp-content\/uploads\/2022\/06\/Principal-Acceso-e1524151781667-360x152.png 360w, https:\/\/letsrebold.com\/wp-content\/uploads\/2022\/06\/Principal-Acceso-e1524151781667-578x244.png 578w\" sizes=\"auto, (max-width: 642px) 100vw, 642px\" \/><\/a>\n                                <h2 class=\"post_meta\">\n                                                                                <a style=\"color: #e0094b\" class=\"post_tag\" href=\"?service=rebold-marketing\">Rebold Marketing<\/a>\n                                                                                                                                <a class=\"post_tag\" href=\"?topic=data\">data<\/a>\n                                                                            <\/h2>\n                                <h3 class=\"post_title\"><a href=\"https:\/\/letsrebold.com\/es\/blog\/la-importancia-de-las-metricas-en-la-comunicacion-corporativa\/\">Rebold informa sobre la importancia de las m\u00e9tricas en la comunicaci\u00f3n corporativa<\/a><\/h3>\n                                <a class=\"post_link\" href=\"https:\/\/letsrebold.com\/es\/blog\/la-importancia-de-las-metricas-en-la-comunicacion-corporativa\/\"><span>Leer m\u00e1s<\/span> <span class=\"ico-right\">M\u00e1s informaci\u00f3n<\/span><\/a>\n                            <\/article>\n                                    <\/div>\n                                    <nav class=\"links links-right\" id=\"loadmore_78\">\n                        <div class=\"container\">\n                            <a href=\"#\" class=\"loadmore\" value=\"78\"><span>Cargar m\u00e1s<\/span> <span class=\"ico-right\"><\/span><\/a>\n                        <\/div>\n                    <\/nav>\n                            <\/div>\n                                <div id=\"page_79\" class=\"d-none\">\n                <div class=\"container posts\">\n                                                                        <article class=\"post media-strategy-research, rebold-marketing\">\n                                <a class=\"post_image\" href=\"https:\/\/letsrebold.com\/es\/blog\/fundamentos-de-la-compra-programatica-la-creatividad-programatica-es-el-futuro-de-la-publicidad-grafica\/\"><img loading=\"lazy\" decoding=\"async\" width=\"901\" height=\"600\" src=\"https:\/\/letsrebold.com\/wp-content\/uploads\/2022\/06\/pexels-photo-1024x682-2-901x600.jpg\" class=\"attachment-img-header size-img-header wp-post-image\" alt=\"\" srcset=\"https:\/\/letsrebold.com\/wp-content\/uploads\/2022\/06\/pexels-photo-1024x682-2-901x600.jpg 901w, https:\/\/letsrebold.com\/wp-content\/uploads\/2022\/06\/pexels-photo-1024x682-2-300x200.jpg 300w, https:\/\/letsrebold.com\/wp-content\/uploads\/2022\/06\/pexels-photo-1024x682-2-768x512.jpg 768w, https:\/\/letsrebold.com\/wp-content\/uploads\/2022\/06\/pexels-photo-1024x682-2-306x204.jpg 306w, https:\/\/letsrebold.com\/wp-content\/uploads\/2022\/06\/pexels-photo-1024x682-2-360x240.jpg 360w, https:\/\/letsrebold.com\/wp-content\/uploads\/2022\/06\/pexels-photo-1024x682-2-527x351.jpg 527w, https:\/\/letsrebold.com\/wp-content\/uploads\/2022\/06\/pexels-photo-1024x682-2-574x382.jpg 574w, https:\/\/letsrebold.com\/wp-content\/uploads\/2022\/06\/pexels-photo-1024x682-2.jpg 1024w\" sizes=\"auto, (max-width: 901px) 100vw, 901px\" \/><\/a>\n                                <h2 class=\"post_meta\">\n                                                                                <a style=\"color: #e0094b\" class=\"post_tag\" href=\"?service=rebold-marketing\">Rebold Marketing<\/a>\n                                                                                                                                <a class=\"post_tag\" href=\"?topic=dco\">DCO<\/a>\n                                                                            <\/h2>\n                                <h3 class=\"post_title\"><a href=\"https:\/\/letsrebold.com\/es\/blog\/fundamentos-de-la-compra-programatica-la-creatividad-programatica-es-el-futuro-de-la-publicidad-grafica\/\">Fundamentos de la compra program\u00e1tica: la creatividad program\u00e1tica es el futuro de la publicidad gr\u00e1fica<\/a><\/h3>\n                                <a class=\"post_link\" href=\"https:\/\/letsrebold.com\/es\/blog\/fundamentos-de-la-compra-programatica-la-creatividad-programatica-es-el-futuro-de-la-publicidad-grafica\/\"><span>Leer m\u00e1s<\/span> <span class=\"ico-right\">M\u00e1s informaci\u00f3n<\/span><\/a>\n                            <\/article>\n                                                                        <article class=\"post media-strategy-research, rebold-marketing\">\n                                <a class=\"post_image\" href=\"https:\/\/letsrebold.com\/es\/blog\/automocion-retail-y-viajes-los-tres-sectores-mas-activos-en-publicidad-programatica\/\"><img loading=\"lazy\" decoding=\"async\" width=\"295\" height=\"171\" src=\"https:\/\/letsrebold.com\/wp-content\/uploads\/2022\/06\/images-1.png\" class=\"attachment-img-header size-img-header wp-post-image\" alt=\"\" \/><\/a>\n                                <h2 class=\"post_meta\">\n                                                                                <a style=\"color: #e0094b\" class=\"post_tag\" href=\"?service=rebold-marketing\">Rebold Marketing<\/a>\n                                                                                                                                <a class=\"post_tag\" href=\"?topic=publicidad-programatica\">Publicidad Program\u00e1tica<\/a>\n                                                                            <\/h2>\n                                <h3 class=\"post_title\"><a href=\"https:\/\/letsrebold.com\/es\/blog\/automocion-retail-y-viajes-los-tres-sectores-mas-activos-en-publicidad-programatica\/\">Automoci\u00f3n, Retail y Viajes, los tres sectores m\u00e1s activos en publicidad program\u00e1tica<\/a><\/h3>\n                                <a class=\"post_link\" href=\"https:\/\/letsrebold.com\/es\/blog\/automocion-retail-y-viajes-los-tres-sectores-mas-activos-en-publicidad-programatica\/\"><span>Leer m\u00e1s<\/span> <span class=\"ico-right\">M\u00e1s informaci\u00f3n<\/span><\/a>\n                            <\/article>\n                                                                        <article class=\"post \">\n                                <a class=\"post_image\" href=\"https:\/\/letsrebold.com\/es\/blog\/cual-es-la-diferencia-entre-inteligencia-artificial-aprendizaje-automatico-y-programatica\/\"><img loading=\"lazy\" decoding=\"async\" width=\"800\" height=\"600\" src=\"https:\/\/letsrebold.com\/wp-content\/uploads\/2022\/06\/franck-veschi-516603-1-800x600.jpg\" class=\"attachment-img-header size-img-header wp-post-image\" alt=\"\" srcset=\"https:\/\/letsrebold.com\/wp-content\/uploads\/2022\/06\/franck-veschi-516603-1-800x600.jpg 800w, https:\/\/letsrebold.com\/wp-content\/uploads\/2022\/06\/franck-veschi-516603-1-300x225.jpg 300w, https:\/\/letsrebold.com\/wp-content\/uploads\/2022\/06\/franck-veschi-516603-1-768x576.jpg 768w, https:\/\/letsrebold.com\/wp-content\/uploads\/2022\/06\/franck-veschi-516603-1-1024x768.jpg 1024w, https:\/\/letsrebold.com\/wp-content\/uploads\/2022\/06\/franck-veschi-516603-1-272x204.jpg 272w, https:\/\/letsrebold.com\/wp-content\/uploads\/2022\/06\/franck-veschi-516603-1-360x270.jpg 360w, https:\/\/letsrebold.com\/wp-content\/uploads\/2022\/06\/franck-veschi-516603-1-468x351.jpg 468w, https:\/\/letsrebold.com\/wp-content\/uploads\/2022\/06\/franck-veschi-516603-1-509x382.jpg 509w, https:\/\/letsrebold.com\/wp-content\/uploads\/2022\/06\/franck-veschi-516603-1-1536x1152.jpg 1536w, https:\/\/letsrebold.com\/wp-content\/uploads\/2022\/06\/franck-veschi-516603-1.jpg 1800w\" sizes=\"auto, (max-width: 800px) 100vw, 800px\" \/><\/a>\n                                <h2 class=\"post_meta\">\n                                                                                                                        <a class=\"post_tag\" href=\"?topic=adtech-amp\">Adtech &amp;amp<\/a>\n                                                                            <\/h2>\n                                <h3 class=\"post_title\"><a href=\"https:\/\/letsrebold.com\/es\/blog\/cual-es-la-diferencia-entre-inteligencia-artificial-aprendizaje-automatico-y-programatica\/\">\u00bfCu\u00e1l es la diferencia entre Inteligencia Artificial, Aprendizaje Autom\u00e1tico y Program\u00e1tica?<\/a><\/h3>\n                                <a class=\"post_link\" href=\"https:\/\/letsrebold.com\/es\/blog\/cual-es-la-diferencia-entre-inteligencia-artificial-aprendizaje-automatico-y-programatica\/\"><span>Leer m\u00e1s<\/span> <span class=\"ico-right\">M\u00e1s informaci\u00f3n<\/span><\/a>\n                            <\/article>\n                                                                        <article class=\"post media-strategy-research, rebold-marketing\">\n                                <a class=\"post_image\" href=\"https:\/\/letsrebold.com\/es\/blog\/las-7-cosas-que-deberian-saber-las-marcas-antes-de-realizar-la-compra-programatica-de-medios-por-si-mismas\/\"><img loading=\"lazy\" decoding=\"async\" width=\"1061\" height=\"597\" src=\"https:\/\/letsrebold.com\/wp-content\/uploads\/2022\/06\/compra-programatica-sector-finanzas-1061x597.jpg\" class=\"attachment-img-header size-img-header wp-post-image\" alt=\"\" srcset=\"https:\/\/letsrebold.com\/wp-content\/uploads\/2022\/06\/compra-programatica-sector-finanzas-1061x597.jpg 1061w, https:\/\/letsrebold.com\/wp-content\/uploads\/2022\/06\/compra-programatica-sector-finanzas-300x169.jpg 300w, https:\/\/letsrebold.com\/wp-content\/uploads\/2022\/06\/compra-programatica-sector-finanzas-768x432.jpg 768w, https:\/\/letsrebold.com\/wp-content\/uploads\/2022\/06\/compra-programatica-sector-finanzas-1024x576.jpg 1024w, https:\/\/letsrebold.com\/wp-content\/uploads\/2022\/06\/compra-programatica-sector-finanzas-360x203.jpg 360w, https:\/\/letsrebold.com\/wp-content\/uploads\/2022\/06\/compra-programatica-sector-finanzas-578x325.jpg 578w, https:\/\/letsrebold.com\/wp-content\/uploads\/2022\/06\/compra-programatica-sector-finanzas-679x382.jpg 679w, https:\/\/letsrebold.com\/wp-content\/uploads\/2022\/06\/compra-programatica-sector-finanzas.jpg 1280w\" sizes=\"auto, (max-width: 1061px) 100vw, 1061px\" \/><\/a>\n                                <h2 class=\"post_meta\">\n                                                                                <a style=\"color: #e0094b\" class=\"post_tag\" href=\"?service=rebold-marketing\">Rebold Marketing<\/a>\n                                                                                                                                <a class=\"post_tag\" href=\"?topic=bringing-programmatic-in-house\">bringing programmatic in-house<\/a>\n                                                                            <\/h2>\n                                <h3 class=\"post_title\"><a href=\"https:\/\/letsrebold.com\/es\/blog\/las-7-cosas-que-deberian-saber-las-marcas-antes-de-realizar-la-compra-programatica-de-medios-por-si-mismas\/\">Las 7 cosas que deber\u00edan saber las marcas antes de realizar la compra program\u00e1tica de medios por s\u00ed mismas<\/a><\/h3>\n                                <a class=\"post_link\" href=\"https:\/\/letsrebold.com\/es\/blog\/las-7-cosas-que-deberian-saber-las-marcas-antes-de-realizar-la-compra-programatica-de-medios-por-si-mismas\/\"><span>Leer m\u00e1s<\/span> <span class=\"ico-right\">M\u00e1s informaci\u00f3n<\/span><\/a>\n                            <\/article>\n                                                                        <article class=\"post media-strategy-research, rebold-marketing\">\n                                <a class=\"post_image\" href=\"https:\/\/letsrebold.com\/es\/blog\/fundamentos-de-la-compra-programatica-la-diferencia-entre-el-primer-y-el-segundo-precio-en-las-subastas-en-tiempo-real-rtb\/\"><img loading=\"lazy\" decoding=\"async\" width=\"901\" height=\"600\" src=\"https:\/\/letsrebold.com\/wp-content\/uploads\/2022\/06\/olga-delawrence-386839-unsplash-1-901x600.jpg\" class=\"attachment-img-header size-img-header wp-post-image\" alt=\"\" srcset=\"https:\/\/letsrebold.com\/wp-content\/uploads\/2022\/06\/olga-delawrence-386839-unsplash-1-901x600.jpg 901w, https:\/\/letsrebold.com\/wp-content\/uploads\/2022\/06\/olga-delawrence-386839-unsplash-1-300x200.jpg 300w, https:\/\/letsrebold.com\/wp-content\/uploads\/2022\/06\/olga-delawrence-386839-unsplash-1-768x512.jpg 768w, https:\/\/letsrebold.com\/wp-content\/uploads\/2022\/06\/olga-delawrence-386839-unsplash-1-1024x682.jpg 1024w, https:\/\/letsrebold.com\/wp-content\/uploads\/2022\/06\/olga-delawrence-386839-unsplash-1-306x204.jpg 306w, https:\/\/letsrebold.com\/wp-content\/uploads\/2022\/06\/olga-delawrence-386839-unsplash-1-360x240.jpg 360w, https:\/\/letsrebold.com\/wp-content\/uploads\/2022\/06\/olga-delawrence-386839-unsplash-1-527x351.jpg 527w, https:\/\/letsrebold.com\/wp-content\/uploads\/2022\/06\/olga-delawrence-386839-unsplash-1-574x382.jpg 574w, https:\/\/letsrebold.com\/wp-content\/uploads\/2022\/06\/olga-delawrence-386839-unsplash-1-1536x1023.jpg 1536w, https:\/\/letsrebold.com\/wp-content\/uploads\/2022\/06\/olga-delawrence-386839-unsplash-1-2048x1364.jpg 2048w\" sizes=\"auto, (max-width: 901px) 100vw, 901px\" \/><\/a>\n                                <h2 class=\"post_meta\">\n                                                                                <a style=\"color: #e0094b\" class=\"post_tag\" href=\"?service=rebold-marketing\">Rebold Marketing<\/a>\n                                                                                                                                <a class=\"post_tag\" href=\"?topic=auction-bidding-strategies\">auction bidding strategies<\/a>\n                                                                            <\/h2>\n                                <h3 class=\"post_title\"><a href=\"https:\/\/letsrebold.com\/es\/blog\/fundamentos-de-la-compra-programatica-la-diferencia-entre-el-primer-y-el-segundo-precio-en-las-subastas-en-tiempo-real-rtb\/\">Fundamentos de la compra program\u00e1tica: la diferencia entre el primer y el segundo precio en las subastas en tiempo real (RTB)<\/a><\/h3>\n                                <a class=\"post_link\" href=\"https:\/\/letsrebold.com\/es\/blog\/fundamentos-de-la-compra-programatica-la-diferencia-entre-el-primer-y-el-segundo-precio-en-las-subastas-en-tiempo-real-rtb\/\"><span>Leer m\u00e1s<\/span> <span class=\"ico-right\">M\u00e1s informaci\u00f3n<\/span><\/a>\n                            <\/article>\n                                                                        <article class=\"post media-strategy-research, rebold-marketing\">\n                                <a class=\"post_image\" href=\"https:\/\/letsrebold.com\/es\/blog\/3-consejos-para-garantizar-la-seguridad-de-marca-en-todas-las-compras-programaticas-de-medios\/\"><img loading=\"lazy\" decoding=\"async\" width=\"899\" height=\"600\" src=\"https:\/\/letsrebold.com\/wp-content\/uploads\/2022\/06\/pexels-photo-218717-899x600.jpeg\" class=\"attachment-img-header size-img-header wp-post-image\" alt=\"\" srcset=\"https:\/\/letsrebold.com\/wp-content\/uploads\/2022\/06\/pexels-photo-218717-899x600.jpeg 899w, https:\/\/letsrebold.com\/wp-content\/uploads\/2022\/06\/pexels-photo-218717-300x200.jpeg 300w, https:\/\/letsrebold.com\/wp-content\/uploads\/2022\/06\/pexels-photo-218717-768x512.jpeg 768w, https:\/\/letsrebold.com\/wp-content\/uploads\/2022\/06\/pexels-photo-218717-1024x683.jpeg 1024w, https:\/\/letsrebold.com\/wp-content\/uploads\/2022\/06\/pexels-photo-218717-306x204.jpeg 306w, https:\/\/letsrebold.com\/wp-content\/uploads\/2022\/06\/pexels-photo-218717-360x240.jpeg 360w, https:\/\/letsrebold.com\/wp-content\/uploads\/2022\/06\/pexels-photo-218717-526x351.jpeg 526w, https:\/\/letsrebold.com\/wp-content\/uploads\/2022\/06\/pexels-photo-218717-573x382.jpeg 573w, https:\/\/letsrebold.com\/wp-content\/uploads\/2022\/06\/pexels-photo-218717.jpeg 1280w\" sizes=\"auto, (max-width: 899px) 100vw, 899px\" \/><\/a>\n                                <h2 class=\"post_meta\">\n                                                                                <a style=\"color: #e0094b\" class=\"post_tag\" href=\"?service=rebold-marketing\">Rebold Marketing<\/a>\n                                                                                                                                <a class=\"post_tag\" href=\"?topic=publicidad-programatica\">Publicidad Program\u00e1tica<\/a>\n                                                                            <\/h2>\n                                <h3 class=\"post_title\"><a href=\"https:\/\/letsrebold.com\/es\/blog\/3-consejos-para-garantizar-la-seguridad-de-marca-en-todas-las-compras-programaticas-de-medios\/\">3 consejos para garantizar la seguridad de marca en todas las compras program\u00e1ticas de medios<\/a><\/h3>\n                                <a class=\"post_link\" href=\"https:\/\/letsrebold.com\/es\/blog\/3-consejos-para-garantizar-la-seguridad-de-marca-en-todas-las-compras-programaticas-de-medios\/\"><span>Leer m\u00e1s<\/span> <span class=\"ico-right\">M\u00e1s informaci\u00f3n<\/span><\/a>\n                            <\/article>\n                                    <\/div>\n                                    <nav class=\"links links-right\" id=\"loadmore_79\">\n                        <div class=\"container\">\n                            <a href=\"#\" class=\"loadmore\" value=\"79\"><span>Cargar m\u00e1s<\/span> <span class=\"ico-right\"><\/span><\/a>\n                        <\/div>\n                    <\/nav>\n                            <\/div>\n                                <div id=\"page_80\" class=\"d-none\">\n                <div class=\"container posts\">\n                                                                        <article class=\"post \">\n                                <a class=\"post_image\" href=\"https:\/\/letsrebold.com\/es\/blog\/fundamentos-de-la-compra-programatica-por-que-se-habla-tanto-de-la-tecnologia-blockchain-en-marketing\/\"><img loading=\"lazy\" decoding=\"async\" width=\"900\" height=\"600\" src=\"https:\/\/letsrebold.com\/wp-content\/uploads\/2022\/06\/fre-sonneveld-28484-unsplash-1024x683-2-900x600.jpg\" class=\"attachment-img-header size-img-header wp-post-image\" alt=\"\" srcset=\"https:\/\/letsrebold.com\/wp-content\/uploads\/2022\/06\/fre-sonneveld-28484-unsplash-1024x683-2-900x600.jpg 900w, https:\/\/letsrebold.com\/wp-content\/uploads\/2022\/06\/fre-sonneveld-28484-unsplash-1024x683-2-300x200.jpg 300w, https:\/\/letsrebold.com\/wp-content\/uploads\/2022\/06\/fre-sonneveld-28484-unsplash-1024x683-2-768x512.jpg 768w, https:\/\/letsrebold.com\/wp-content\/uploads\/2022\/06\/fre-sonneveld-28484-unsplash-1024x683-2-306x204.jpg 306w, https:\/\/letsrebold.com\/wp-content\/uploads\/2022\/06\/fre-sonneveld-28484-unsplash-1024x683-2-360x240.jpg 360w, https:\/\/letsrebold.com\/wp-content\/uploads\/2022\/06\/fre-sonneveld-28484-unsplash-1024x683-2-526x351.jpg 526w, https:\/\/letsrebold.com\/wp-content\/uploads\/2022\/06\/fre-sonneveld-28484-unsplash-1024x683-2-573x382.jpg 573w, https:\/\/letsrebold.com\/wp-content\/uploads\/2022\/06\/fre-sonneveld-28484-unsplash-1024x683-2.jpg 1024w\" sizes=\"auto, (max-width: 900px) 100vw, 900px\" \/><\/a>\n                                <h2 class=\"post_meta\">\n                                                                                                                        <a class=\"post_tag\" href=\"?topic=adtech-amp\">Adtech &amp;amp<\/a>\n                                                                            <\/h2>\n                                <h3 class=\"post_title\"><a href=\"https:\/\/letsrebold.com\/es\/blog\/fundamentos-de-la-compra-programatica-por-que-se-habla-tanto-de-la-tecnologia-blockchain-en-marketing\/\">Fundamentos de la compra program\u00e1tica: \u00bfpor qu\u00e9 se habla tanto de la tecnolog\u00eda blockchain en marketing?<\/a><\/h3>\n                                <a class=\"post_link\" href=\"https:\/\/letsrebold.com\/es\/blog\/fundamentos-de-la-compra-programatica-por-que-se-habla-tanto-de-la-tecnologia-blockchain-en-marketing\/\"><span>Leer m\u00e1s<\/span> <span class=\"ico-right\">M\u00e1s informaci\u00f3n<\/span><\/a>\n                            <\/article>\n                                                                        <article class=\"post rebold-marketing, zero-party-data\">\n                                <a class=\"post_image\" href=\"https:\/\/letsrebold.com\/es\/blog\/yoigo-se-apoya-en-digilant-para-mejorar-la-calidad-de-su-data-y-aumentar-su-performance\/\"><img loading=\"lazy\" decoding=\"async\" width=\"580\" height=\"358\" src=\"https:\/\/letsrebold.com\/wp-content\/uploads\/2022\/06\/yoigo.jpeg\" class=\"attachment-img-header size-img-header wp-post-image\" alt=\"\" srcset=\"https:\/\/letsrebold.com\/wp-content\/uploads\/2022\/06\/yoigo.jpeg 580w, https:\/\/letsrebold.com\/wp-content\/uploads\/2022\/06\/yoigo-300x185.jpeg 300w, https:\/\/letsrebold.com\/wp-content\/uploads\/2022\/06\/yoigo-331x204.jpeg 331w, https:\/\/letsrebold.com\/wp-content\/uploads\/2022\/06\/yoigo-360x222.jpeg 360w, https:\/\/letsrebold.com\/wp-content\/uploads\/2022\/06\/yoigo-569x351.jpeg 569w\" sizes=\"auto, (max-width: 580px) 100vw, 580px\" \/><\/a>\n                                <h2 class=\"post_meta\">\n                                                                                <a style=\"color: #e0094b\" class=\"post_tag\" href=\"?service=rebold-marketing\">Rebold Marketing<\/a>\n                                                                                                                                <a class=\"post_tag\" href=\"?topic=cpa\">CPA<\/a>\n                                                                            <\/h2>\n                                <h3 class=\"post_title\"><a href=\"https:\/\/letsrebold.com\/es\/blog\/yoigo-se-apoya-en-digilant-para-mejorar-la-calidad-de-su-data-y-aumentar-su-performance\/\">Yoigo se apoya en Digilant para mejorar la calidad de su data y aumentar su performance<\/a><\/h3>\n                                <a class=\"post_link\" href=\"https:\/\/letsrebold.com\/es\/blog\/yoigo-se-apoya-en-digilant-para-mejorar-la-calidad-de-su-data-y-aumentar-su-performance\/\"><span>Leer m\u00e1s<\/span> <span class=\"ico-right\">M\u00e1s informaci\u00f3n<\/span><\/a>\n                            <\/article>\n                                                                        <article class=\"post rebold-marketing\">\n                                <a class=\"post_image\" href=\"https:\/\/letsrebold.com\/es\/blog\/los-10-aspectos-mas-relevantes-para-comunicar-con-exito-con-los-consumidores-de-la-generacion-z\/\"><img loading=\"lazy\" decoding=\"async\" width=\"860\" height=\"573\" src=\"https:\/\/letsrebold.com\/wp-content\/uploads\/2022\/06\/Gen-Z-1.jpg\" class=\"attachment-img-header size-img-header wp-post-image\" alt=\"\" srcset=\"https:\/\/letsrebold.com\/wp-content\/uploads\/2022\/06\/Gen-Z-1.jpg 860w, https:\/\/letsrebold.com\/wp-content\/uploads\/2022\/06\/Gen-Z-1-300x200.jpg 300w, https:\/\/letsrebold.com\/wp-content\/uploads\/2022\/06\/Gen-Z-1-768x512.jpg 768w, https:\/\/letsrebold.com\/wp-content\/uploads\/2022\/06\/Gen-Z-1-306x204.jpg 306w, https:\/\/letsrebold.com\/wp-content\/uploads\/2022\/06\/Gen-Z-1-360x240.jpg 360w, https:\/\/letsrebold.com\/wp-content\/uploads\/2022\/06\/Gen-Z-1-527x351.jpg 527w, https:\/\/letsrebold.com\/wp-content\/uploads\/2022\/06\/Gen-Z-1-573x382.jpg 573w\" sizes=\"auto, (max-width: 860px) 100vw, 860px\" \/><\/a>\n                                <h2 class=\"post_meta\">\n                                                                                <a style=\"color: #e0094b\" class=\"post_tag\" href=\"?service=rebold-marketing\">Rebold Marketing<\/a>\n                                                                                                                                <a class=\"post_tag\" href=\"?topic=investigacion-de-mercado\">Investigaci\u00f3n de Mercado<\/a>\n                                                                            <\/h2>\n                                <h3 class=\"post_title\"><a href=\"https:\/\/letsrebold.com\/es\/blog\/los-10-aspectos-mas-relevantes-para-comunicar-con-exito-con-los-consumidores-de-la-generacion-z\/\">Los 10 aspectos m\u00e1s relevantes para comunicar con \u00e9xito con los consumidores de la \u201cGeneraci\u00f3n Z\u201d<\/a><\/h3>\n                                <a class=\"post_link\" href=\"https:\/\/letsrebold.com\/es\/blog\/los-10-aspectos-mas-relevantes-para-comunicar-con-exito-con-los-consumidores-de-la-generacion-z\/\"><span>Leer m\u00e1s<\/span> <span class=\"ico-right\">M\u00e1s informaci\u00f3n<\/span><\/a>\n                            <\/article>\n                                                                        <article class=\"post media-strategy-research, rebold-marketing\">\n                                <a class=\"post_image\" href=\"https:\/\/letsrebold.com\/es\/blog\/como-elegir-los-kpis-para-marketing\/\"><img loading=\"lazy\" decoding=\"async\" width=\"899\" height=\"600\" src=\"https:\/\/letsrebold.com\/wp-content\/uploads\/2022\/06\/shutterstock_143016715-min-2-899x600.jpg\" class=\"attachment-img-header size-img-header wp-post-image\" alt=\"\" srcset=\"https:\/\/letsrebold.com\/wp-content\/uploads\/2022\/06\/shutterstock_143016715-min-2-899x600.jpg 899w, https:\/\/letsrebold.com\/wp-content\/uploads\/2022\/06\/shutterstock_143016715-min-2-300x200.jpg 300w, https:\/\/letsrebold.com\/wp-content\/uploads\/2022\/06\/shutterstock_143016715-min-2-768x513.jpg 768w, https:\/\/letsrebold.com\/wp-content\/uploads\/2022\/06\/shutterstock_143016715-min-2-1024x683.jpg 1024w, https:\/\/letsrebold.com\/wp-content\/uploads\/2022\/06\/shutterstock_143016715-min-2-306x204.jpg 306w, https:\/\/letsrebold.com\/wp-content\/uploads\/2022\/06\/shutterstock_143016715-min-2-360x240.jpg 360w, https:\/\/letsrebold.com\/wp-content\/uploads\/2022\/06\/shutterstock_143016715-min-2-526x351.jpg 526w, https:\/\/letsrebold.com\/wp-content\/uploads\/2022\/06\/shutterstock_143016715-min-2-572x382.jpg 572w, https:\/\/letsrebold.com\/wp-content\/uploads\/2022\/06\/shutterstock_143016715-min-2.jpg 1500w\" sizes=\"auto, (max-width: 899px) 100vw, 899px\" \/><\/a>\n                                <h2 class=\"post_meta\">\n                                                                                <a style=\"color: #e0094b\" class=\"post_tag\" href=\"?service=rebold-marketing\">Rebold Marketing<\/a>\n                                                                                                                                <a class=\"post_tag\" href=\"?topic=sem\">SEM<\/a>\n                                                                            <\/h2>\n                                <h3 class=\"post_title\"><a href=\"https:\/\/letsrebold.com\/es\/blog\/como-elegir-los-kpis-para-marketing\/\">Ocho pasos hacia una medici\u00f3n eficaz con KPI&#8217;s con Adwords<\/a><\/h3>\n                                <a class=\"post_link\" href=\"https:\/\/letsrebold.com\/es\/blog\/como-elegir-los-kpis-para-marketing\/\"><span>Leer m\u00e1s<\/span> <span class=\"ico-right\">M\u00e1s informaci\u00f3n<\/span><\/a>\n                            <\/article>\n                                                                        <article class=\"post rebold-marketing, zero-party-data\">\n                                <a class=\"post_image\" href=\"https:\/\/letsrebold.com\/es\/blog\/como-sacar-el-maximo-partido-a-los-datos\/\"><img loading=\"lazy\" decoding=\"async\" width=\"1061\" height=\"571\" src=\"https:\/\/letsrebold.com\/wp-content\/uploads\/2022\/06\/bigdata-1200x646-2-1061x571.jpg\" class=\"attachment-img-header size-img-header wp-post-image\" alt=\"\" srcset=\"https:\/\/letsrebold.com\/wp-content\/uploads\/2022\/06\/bigdata-1200x646-2-1061x571.jpg 1061w, https:\/\/letsrebold.com\/wp-content\/uploads\/2022\/06\/bigdata-1200x646-2-300x162.jpg 300w, https:\/\/letsrebold.com\/wp-content\/uploads\/2022\/06\/bigdata-1200x646-2-768x413.jpg 768w, https:\/\/letsrebold.com\/wp-content\/uploads\/2022\/06\/bigdata-1200x646-2-1024x551.jpg 1024w, https:\/\/letsrebold.com\/wp-content\/uploads\/2022\/06\/bigdata-1200x646-2-360x194.jpg 360w, https:\/\/letsrebold.com\/wp-content\/uploads\/2022\/06\/bigdata-1200x646-2-578x311.jpg 578w, https:\/\/letsrebold.com\/wp-content\/uploads\/2022\/06\/bigdata-1200x646-2-710x382.jpg 710w, https:\/\/letsrebold.com\/wp-content\/uploads\/2022\/06\/bigdata-1200x646-2.jpg 1200w\" sizes=\"auto, (max-width: 1061px) 100vw, 1061px\" \/><\/a>\n                                <h2 class=\"post_meta\">\n                                                                                <a style=\"color: #e0094b\" class=\"post_tag\" href=\"?service=rebold-marketing\">Rebold Marketing<\/a>\n                                                                                                                                <a class=\"post_tag\" href=\"?topic=data\">data<\/a>\n                                                                            <\/h2>\n                                <h3 class=\"post_title\"><a href=\"https:\/\/letsrebold.com\/es\/blog\/como-sacar-el-maximo-partido-a-los-datos\/\">C\u00f3mo sacar el m\u00e1ximo partido a los datos<\/a><\/h3>\n                                <a class=\"post_link\" href=\"https:\/\/letsrebold.com\/es\/blog\/como-sacar-el-maximo-partido-a-los-datos\/\"><span>Leer m\u00e1s<\/span> <span class=\"ico-right\">M\u00e1s informaci\u00f3n<\/span><\/a>\n                            <\/article>\n                                                                        <article class=\"post media-strategy-research, rebold-marketing\">\n                                <a class=\"post_image\" href=\"https:\/\/letsrebold.com\/es\/blog\/participacion-iv-foro-de-publicidad-programatica\/\"><\/a>\n                                <h2 class=\"post_meta\">\n                                                                                <a style=\"color: #e0094b\" class=\"post_tag\" href=\"?service=rebold-marketing\">Rebold Marketing<\/a>\n                                                                                                                                <a class=\"post_tag\" href=\"?topic=publicidad-programatica\">Publicidad Program\u00e1tica<\/a>\n                                                                            <\/h2>\n                                <h3 class=\"post_title\"><a href=\"https:\/\/letsrebold.com\/es\/blog\/participacion-iv-foro-de-publicidad-programatica\/\">Participaci\u00f3n IV Foro de Publicidad Program\u00e1tica<\/a><\/h3>\n                                <a class=\"post_link\" href=\"https:\/\/letsrebold.com\/es\/blog\/participacion-iv-foro-de-publicidad-programatica\/\"><span>Leer m\u00e1s<\/span> <span class=\"ico-right\">M\u00e1s informaci\u00f3n<\/span><\/a>\n                            <\/article>\n                                    <\/div>\n                                    <nav class=\"links links-right\" id=\"loadmore_80\">\n                        <div class=\"container\">\n                            <a href=\"#\" class=\"loadmore\" value=\"80\"><span>Cargar m\u00e1s<\/span> <span class=\"ico-right\"><\/span><\/a>\n                        <\/div>\n                    <\/nav>\n                            <\/div>\n                                <div id=\"page_81\" class=\"d-none\">\n                <div class=\"container posts\">\n                                                                        <article class=\"post \">\n                                <a class=\"post_image\" href=\"https:\/\/letsrebold.com\/es\/blog\/blockchain-en-comunicacion\/\"><img loading=\"lazy\" decoding=\"async\" width=\"868\" height=\"600\" src=\"https:\/\/letsrebold.com\/wp-content\/uploads\/2022\/06\/shutterstock_110678513-868x600.jpg\" class=\"attachment-img-header size-img-header wp-post-image\" alt=\"\" srcset=\"https:\/\/letsrebold.com\/wp-content\/uploads\/2022\/06\/shutterstock_110678513-868x600.jpg 868w, https:\/\/letsrebold.com\/wp-content\/uploads\/2022\/06\/shutterstock_110678513-300x207.jpg 300w, https:\/\/letsrebold.com\/wp-content\/uploads\/2022\/06\/shutterstock_110678513-768x531.jpg 768w, https:\/\/letsrebold.com\/wp-content\/uploads\/2022\/06\/shutterstock_110678513-295x204.jpg 295w, https:\/\/letsrebold.com\/wp-content\/uploads\/2022\/06\/shutterstock_110678513-360x249.jpg 360w, https:\/\/letsrebold.com\/wp-content\/uploads\/2022\/06\/shutterstock_110678513-508x351.jpg 508w, https:\/\/letsrebold.com\/wp-content\/uploads\/2022\/06\/shutterstock_110678513-553x382.jpg 553w, https:\/\/letsrebold.com\/wp-content\/uploads\/2022\/06\/shutterstock_110678513.jpg 1000w\" sizes=\"auto, (max-width: 868px) 100vw, 868px\" \/><\/a>\n                                <h2 class=\"post_meta\">\n                                                                                                                        <a class=\"post_tag\" href=\"?topic=adtech-amp\">Adtech &amp;amp<\/a>\n                                                                            <\/h2>\n                                <h3 class=\"post_title\"><a href=\"https:\/\/letsrebold.com\/es\/blog\/blockchain-en-comunicacion\/\">Blockchain en comunicaci\u00f3n: transparencia y eficiencia.<\/a><\/h3>\n                                <a class=\"post_link\" href=\"https:\/\/letsrebold.com\/es\/blog\/blockchain-en-comunicacion\/\"><span>Leer m\u00e1s<\/span> <span class=\"ico-right\">M\u00e1s informaci\u00f3n<\/span><\/a>\n                            <\/article>\n                                                                        <article class=\"post \">\n                                <a class=\"post_image\" href=\"https:\/\/letsrebold.com\/es\/blog\/conversacion-candidatos-presidenciales-colombia\/\"><img loading=\"lazy\" decoding=\"async\" width=\"641\" height=\"271\" src=\"https:\/\/letsrebold.com\/wp-content\/uploads\/2022\/06\/Conversacio\u0301n-sobre-candidatos-presidenciales.png\" class=\"attachment-img-header size-img-header wp-post-image\" alt=\"\" srcset=\"https:\/\/letsrebold.com\/wp-content\/uploads\/2022\/06\/Conversacio\u0301n-sobre-candidatos-presidenciales.png 641w, https:\/\/letsrebold.com\/wp-content\/uploads\/2022\/06\/Conversacio\u0301n-sobre-candidatos-presidenciales-300x127.png 300w, https:\/\/letsrebold.com\/wp-content\/uploads\/2022\/06\/Conversacio\u0301n-sobre-candidatos-presidenciales-360x152.png 360w, https:\/\/letsrebold.com\/wp-content\/uploads\/2022\/06\/Conversacio\u0301n-sobre-candidatos-presidenciales-578x244.png 578w\" sizes=\"auto, (max-width: 641px) 100vw, 641px\" \/><\/a>\n                                <h2 class=\"post_meta\">\n                                                                                                                        <a class=\"post_tag\" href=\"?topic=estudios\">Estudios<\/a>\n                                                                            <\/h2>\n                                <h3 class=\"post_title\"><a href=\"https:\/\/letsrebold.com\/es\/blog\/conversacion-candidatos-presidenciales-colombia\/\">Qu\u00e9 Dicen las Redes de los Candidatos Presidenciales de Colombia<\/a><\/h3>\n                                <a class=\"post_link\" href=\"https:\/\/letsrebold.com\/es\/blog\/conversacion-candidatos-presidenciales-colombia\/\"><span>Leer m\u00e1s<\/span> <span class=\"ico-right\">M\u00e1s informaci\u00f3n<\/span><\/a>\n                            <\/article>\n                                                                        <article class=\"post \">\n                                <a class=\"post_image\" href=\"https:\/\/letsrebold.com\/es\/blog\/conclusiones-estudio-de-inversion-publicitaria-de-2017\/\"><img loading=\"lazy\" decoding=\"async\" width=\"642\" height=\"271\" src=\"https:\/\/letsrebold.com\/wp-content\/uploads\/2022\/06\/banner-infoadex.png\" class=\"attachment-img-header size-img-header wp-post-image\" alt=\"\" srcset=\"https:\/\/letsrebold.com\/wp-content\/uploads\/2022\/06\/banner-infoadex.png 642w, https:\/\/letsrebold.com\/wp-content\/uploads\/2022\/06\/banner-infoadex-300x127.png 300w, https:\/\/letsrebold.com\/wp-content\/uploads\/2022\/06\/banner-infoadex-360x152.png 360w, https:\/\/letsrebold.com\/wp-content\/uploads\/2022\/06\/banner-infoadex-578x244.png 578w\" sizes=\"auto, (max-width: 642px) 100vw, 642px\" \/><\/a>\n                                <h2 class=\"post_meta\">\n                                                                                                                        <a class=\"post_tag\" href=\"?topic=consultoria-y-relaciones-publicas-digitales\">Consultor\u00eda y relaciones p\u00fablicas digitales<\/a>\n                                                                            <\/h2>\n                                <h3 class=\"post_title\"><a href=\"https:\/\/letsrebold.com\/es\/blog\/conclusiones-estudio-de-inversion-publicitaria-de-2017\/\">Qu\u00e9 conclusiones podemos extraer del estudio de Inversi\u00f3n Publicitaria de 2017<\/a><\/h3>\n                                <a class=\"post_link\" href=\"https:\/\/letsrebold.com\/es\/blog\/conclusiones-estudio-de-inversion-publicitaria-de-2017\/\"><span>Leer m\u00e1s<\/span> <span class=\"ico-right\">M\u00e1s informaci\u00f3n<\/span><\/a>\n                            <\/article>\n                                                                        <article class=\"post media-strategy-research, rebold-marketing\">\n                                <a class=\"post_image\" href=\"https:\/\/letsrebold.com\/es\/blog\/hechos-y-cifras-sobre-la-internalizacion-de-la-compra-programatica-de-medios\/\"><img loading=\"lazy\" decoding=\"async\" width=\"600\" height=\"600\" src=\"https:\/\/letsrebold.com\/wp-content\/uploads\/2022\/06\/pexels-photo-390426-1-600x600.png\" class=\"attachment-img-header size-img-header wp-post-image\" alt=\"\" srcset=\"https:\/\/letsrebold.com\/wp-content\/uploads\/2022\/06\/pexels-photo-390426-1-600x600.png 600w, https:\/\/letsrebold.com\/wp-content\/uploads\/2022\/06\/pexels-photo-390426-1-150x150.png 150w, https:\/\/letsrebold.com\/wp-content\/uploads\/2022\/06\/pexels-photo-390426-1-300x300.png 300w, https:\/\/letsrebold.com\/wp-content\/uploads\/2022\/06\/pexels-photo-390426-1-768x768.png 768w, https:\/\/letsrebold.com\/wp-content\/uploads\/2022\/06\/pexels-photo-390426-1-1024x1024.png 1024w, https:\/\/letsrebold.com\/wp-content\/uploads\/2022\/06\/pexels-photo-390426-1-204x204.png 204w, https:\/\/letsrebold.com\/wp-content\/uploads\/2022\/06\/pexels-photo-390426-1-360x360.png 360w, https:\/\/letsrebold.com\/wp-content\/uploads\/2022\/06\/pexels-photo-390426-1-351x351.png 351w, https:\/\/letsrebold.com\/wp-content\/uploads\/2022\/06\/pexels-photo-390426-1-382x382.png 382w, https:\/\/letsrebold.com\/wp-content\/uploads\/2022\/06\/pexels-photo-390426-1.png 1280w\" sizes=\"auto, (max-width: 600px) 100vw, 600px\" \/><\/a>\n                                <h2 class=\"post_meta\">\n                                                                                <a style=\"color: #e0094b\" class=\"post_tag\" href=\"?service=rebold-marketing\">Rebold Marketing<\/a>\n                                                                                                                                <a class=\"post_tag\" href=\"?topic=2018-media-planning\">2018 media planning<\/a>\n                                                                            <\/h2>\n                                <h3 class=\"post_title\"><a href=\"https:\/\/letsrebold.com\/es\/blog\/hechos-y-cifras-sobre-la-internalizacion-de-la-compra-programatica-de-medios\/\">Hechos y cifras sobre la internalizaci\u00f3n de la compra program\u00e1tica de medios<\/a><\/h3>\n                                <a class=\"post_link\" href=\"https:\/\/letsrebold.com\/es\/blog\/hechos-y-cifras-sobre-la-internalizacion-de-la-compra-programatica-de-medios\/\"><span>Leer m\u00e1s<\/span> <span class=\"ico-right\">M\u00e1s informaci\u00f3n<\/span><\/a>\n                            <\/article>\n                                                                        <article class=\"post media-strategy-research, rebold-marketing\">\n                                <a class=\"post_image\" href=\"https:\/\/letsrebold.com\/es\/blog\/hacia-donde-evoluciona-la-publicidad-programatica\/\"><img loading=\"lazy\" decoding=\"async\" width=\"600\" height=\"600\" src=\"https:\/\/letsrebold.com\/wp-content\/uploads\/2022\/06\/Evolucion-Publicidad-Programatica-1-600x600.jpg\" class=\"attachment-img-header size-img-header wp-post-image\" alt=\"\" srcset=\"https:\/\/letsrebold.com\/wp-content\/uploads\/2022\/06\/Evolucion-Publicidad-Programatica-1-600x600.jpg 600w, https:\/\/letsrebold.com\/wp-content\/uploads\/2022\/06\/Evolucion-Publicidad-Programatica-1-150x150.jpg 150w, https:\/\/letsrebold.com\/wp-content\/uploads\/2022\/06\/Evolucion-Publicidad-Programatica-1-300x300.jpg 300w, https:\/\/letsrebold.com\/wp-content\/uploads\/2022\/06\/Evolucion-Publicidad-Programatica-1-768x768.jpg 768w, https:\/\/letsrebold.com\/wp-content\/uploads\/2022\/06\/Evolucion-Publicidad-Programatica-1-1024x1024.jpg 1024w, https:\/\/letsrebold.com\/wp-content\/uploads\/2022\/06\/Evolucion-Publicidad-Programatica-1-204x204.jpg 204w, https:\/\/letsrebold.com\/wp-content\/uploads\/2022\/06\/Evolucion-Publicidad-Programatica-1-360x360.jpg 360w, https:\/\/letsrebold.com\/wp-content\/uploads\/2022\/06\/Evolucion-Publicidad-Programatica-1-351x351.jpg 351w, https:\/\/letsrebold.com\/wp-content\/uploads\/2022\/06\/Evolucion-Publicidad-Programatica-1-382x382.jpg 382w, https:\/\/letsrebold.com\/wp-content\/uploads\/2022\/06\/Evolucion-Publicidad-Programatica-1-1536x1536.jpg 1536w, https:\/\/letsrebold.com\/wp-content\/uploads\/2022\/06\/Evolucion-Publicidad-Programatica-1-2048x2048.jpg 2048w\" sizes=\"auto, (max-width: 600px) 100vw, 600px\" \/><\/a>\n                                <h2 class=\"post_meta\">\n                                                                                <a style=\"color: #e0094b\" class=\"post_tag\" href=\"?service=rebold-marketing\">Rebold Marketing<\/a>\n                                                                                                                                <a class=\"post_tag\" href=\"?topic=publicidad-programatica\">Publicidad Program\u00e1tica<\/a>\n                                                                            <\/h2>\n                                <h3 class=\"post_title\"><a href=\"https:\/\/letsrebold.com\/es\/blog\/hacia-donde-evoluciona-la-publicidad-programatica\/\">Hacia d\u00f3nde evoluciona la publicidad program\u00e1tica<\/a><\/h3>\n                                <a class=\"post_link\" href=\"https:\/\/letsrebold.com\/es\/blog\/hacia-donde-evoluciona-la-publicidad-programatica\/\"><span>Leer m\u00e1s<\/span> <span class=\"ico-right\">M\u00e1s informaci\u00f3n<\/span><\/a>\n                            <\/article>\n                                                                        <article class=\"post rebold-marketing\">\n                                <a class=\"post_image\" href=\"https:\/\/letsrebold.com\/es\/blog\/isabel-nunez-nueva-insight-manager-de-acceso\/\"><img loading=\"lazy\" decoding=\"async\" width=\"641\" height=\"273\" src=\"https:\/\/letsrebold.com\/wp-content\/uploads\/2022\/06\/banner-isabel.png\" class=\"attachment-img-header size-img-header wp-post-image\" alt=\"\" srcset=\"https:\/\/letsrebold.com\/wp-content\/uploads\/2022\/06\/banner-isabel.png 641w, https:\/\/letsrebold.com\/wp-content\/uploads\/2022\/06\/banner-isabel-300x128.png 300w, https:\/\/letsrebold.com\/wp-content\/uploads\/2022\/06\/banner-isabel-360x153.png 360w, https:\/\/letsrebold.com\/wp-content\/uploads\/2022\/06\/banner-isabel-578x246.png 578w\" sizes=\"auto, (max-width: 641px) 100vw, 641px\" \/><\/a>\n                                <h2 class=\"post_meta\">\n                                                                                <a style=\"color: #e0094b\" class=\"post_tag\" href=\"?service=rebold-marketing\">Rebold Marketing<\/a>\n                                                                                                                                <a class=\"post_tag\" href=\"?topic=rebold\">Rebold<\/a>\n                                                                            <\/h2>\n                                <h3 class=\"post_title\"><a href=\"https:\/\/letsrebold.com\/es\/blog\/isabel-nunez-nueva-insight-manager-de-acceso\/\">El equipo de Acceso sigue creciendo con una nueva Insight Manager: Isabel N\u00fa\u00f1ez<\/a><\/h3>\n                                <a class=\"post_link\" href=\"https:\/\/letsrebold.com\/es\/blog\/isabel-nunez-nueva-insight-manager-de-acceso\/\"><span>Leer m\u00e1s<\/span> <span class=\"ico-right\">M\u00e1s informaci\u00f3n<\/span><\/a>\n                            <\/article>\n                                    <\/div>\n                                    <nav class=\"links links-right\" id=\"loadmore_81\">\n                        <div class=\"container\">\n                            <a href=\"#\" class=\"loadmore\" value=\"81\"><span>Cargar m\u00e1s<\/span> <span class=\"ico-right\"><\/span><\/a>\n                        <\/div>\n                    <\/nav>\n                            <\/div>\n                                <div id=\"page_82\" class=\"d-none\">\n                <div class=\"container posts\">\n                                                                        <article class=\"post rebold-marketing, zero-party-data\">\n                                <a class=\"post_image\" href=\"https:\/\/letsrebold.com\/es\/blog\/seis-retos-que-tienen-los-anunciantes-en-2018-para-convertir-el-data-en-una-ventaja-competitiva\/\"><img loading=\"lazy\" decoding=\"async\" width=\"675\" height=\"380\" src=\"https:\/\/letsrebold.com\/wp-content\/uploads\/2022\/06\/data-1.jpg\" class=\"attachment-img-header size-img-header wp-post-image\" alt=\"\" srcset=\"https:\/\/letsrebold.com\/wp-content\/uploads\/2022\/06\/data-1.jpg 675w, https:\/\/letsrebold.com\/wp-content\/uploads\/2022\/06\/data-1-300x169.jpg 300w, https:\/\/letsrebold.com\/wp-content\/uploads\/2022\/06\/data-1-360x203.jpg 360w, https:\/\/letsrebold.com\/wp-content\/uploads\/2022\/06\/data-1-578x325.jpg 578w\" sizes=\"auto, (max-width: 675px) 100vw, 675px\" \/><\/a>\n                                <h2 class=\"post_meta\">\n                                                                                <a style=\"color: #e0094b\" class=\"post_tag\" href=\"?service=rebold-marketing\">Rebold Marketing<\/a>\n                                                                                                                                <a class=\"post_tag\" href=\"?topic=data\">data<\/a>\n                                                                            <\/h2>\n                                <h3 class=\"post_title\"><a href=\"https:\/\/letsrebold.com\/es\/blog\/seis-retos-que-tienen-los-anunciantes-en-2018-para-convertir-el-data-en-una-ventaja-competitiva\/\">Seis retos que tienen los anunciantes en 2018 para convertir el data en una ventaja competitiva<\/a><\/h3>\n                                <a class=\"post_link\" href=\"https:\/\/letsrebold.com\/es\/blog\/seis-retos-que-tienen-los-anunciantes-en-2018-para-convertir-el-data-en-una-ventaja-competitiva\/\"><span>Leer m\u00e1s<\/span> <span class=\"ico-right\">M\u00e1s informaci\u00f3n<\/span><\/a>\n                            <\/article>\n                                                                        <article class=\"post \">\n                                <a class=\"post_image\" href=\"https:\/\/letsrebold.com\/es\/blog\/crisis-universidad-pontificia-bolivariana\/\"><img loading=\"lazy\" decoding=\"async\" width=\"643\" height=\"272\" src=\"https:\/\/letsrebold.com\/wp-content\/uploads\/2022\/06\/banner-Univesidad-pontificia-bolivariana.png\" class=\"attachment-img-header size-img-header wp-post-image\" alt=\"\" srcset=\"https:\/\/letsrebold.com\/wp-content\/uploads\/2022\/06\/banner-Univesidad-pontificia-bolivariana.png 643w, https:\/\/letsrebold.com\/wp-content\/uploads\/2022\/06\/banner-Univesidad-pontificia-bolivariana-300x127.png 300w, https:\/\/letsrebold.com\/wp-content\/uploads\/2022\/06\/banner-Univesidad-pontificia-bolivariana-360x152.png 360w, https:\/\/letsrebold.com\/wp-content\/uploads\/2022\/06\/banner-Univesidad-pontificia-bolivariana-578x245.png 578w\" sizes=\"auto, (max-width: 643px) 100vw, 643px\" \/><\/a>\n                                <h2 class=\"post_meta\">\n                                                                                                                        <a class=\"post_tag\" href=\"?topic=reputacion-corporativa\">Reputaci\u00f3n Corporativa<\/a>\n                                                                            <\/h2>\n                                <h3 class=\"post_title\"><a href=\"https:\/\/letsrebold.com\/es\/blog\/crisis-universidad-pontificia-bolivariana\/\">Caso Pr\u00e1ctico: La Crisis de la Universidad Pontificia Bolivariana<\/a><\/h3>\n                                <a class=\"post_link\" href=\"https:\/\/letsrebold.com\/es\/blog\/crisis-universidad-pontificia-bolivariana\/\"><span>Leer m\u00e1s<\/span> <span class=\"ico-right\">M\u00e1s informaci\u00f3n<\/span><\/a>\n                            <\/article>\n                                                                        <article class=\"post rebold-marketing\">\n                                <a class=\"post_image\" href=\"https:\/\/letsrebold.com\/es\/blog\/visita-a-las-oficinas-de-digilant-de-los-ninos-de-la-fundacion-down-madrid\/\"><img loading=\"lazy\" decoding=\"async\" width=\"640\" height=\"480\" src=\"https:\/\/letsrebold.com\/wp-content\/uploads\/2022\/06\/foto-web-1.jpg\" class=\"attachment-img-header size-img-header wp-post-image\" alt=\"\" srcset=\"https:\/\/letsrebold.com\/wp-content\/uploads\/2022\/06\/foto-web-1.jpg 640w, https:\/\/letsrebold.com\/wp-content\/uploads\/2022\/06\/foto-web-1-300x225.jpg 300w, https:\/\/letsrebold.com\/wp-content\/uploads\/2022\/06\/foto-web-1-272x204.jpg 272w, https:\/\/letsrebold.com\/wp-content\/uploads\/2022\/06\/foto-web-1-360x270.jpg 360w, https:\/\/letsrebold.com\/wp-content\/uploads\/2022\/06\/foto-web-1-468x351.jpg 468w, https:\/\/letsrebold.com\/wp-content\/uploads\/2022\/06\/foto-web-1-509x382.jpg 509w\" sizes=\"auto, (max-width: 640px) 100vw, 640px\" \/><\/a>\n                                <h2 class=\"post_meta\">\n                                                                                <a style=\"color: #e0094b\" class=\"post_tag\" href=\"?service=rebold-marketing\">Rebold Marketing<\/a>\n                                                                                                                                <a class=\"post_tag\" href=\"?topic=rebold-cares\">Rebold Cares<\/a>\n                                                                            <\/h2>\n                                <h3 class=\"post_title\"><a href=\"https:\/\/letsrebold.com\/es\/blog\/visita-a-las-oficinas-de-digilant-de-los-ninos-de-la-fundacion-down-madrid\/\">Visita a las oficinas de Digilant de los ni\u00f1os de la Fundaci\u00f3n Down Madrid<\/a><\/h3>\n                                <a class=\"post_link\" href=\"https:\/\/letsrebold.com\/es\/blog\/visita-a-las-oficinas-de-digilant-de-los-ninos-de-la-fundacion-down-madrid\/\"><span>Leer m\u00e1s<\/span> <span class=\"ico-right\">M\u00e1s informaci\u00f3n<\/span><\/a>\n                            <\/article>\n                                                                        <article class=\"post consumer-intelligence, rebold-communication\">\n                                <a class=\"post_image\" href=\"https:\/\/letsrebold.com\/es\/blog\/las-17-mejores-herramientas-escucha-social\/\"><img loading=\"lazy\" decoding=\"async\" width=\"642\" height=\"272\" src=\"https:\/\/letsrebold.com\/wp-content\/uploads\/2022\/06\/herramienta-escucha-social.png\" class=\"attachment-img-header size-img-header wp-post-image\" alt=\"\" srcset=\"https:\/\/letsrebold.com\/wp-content\/uploads\/2022\/06\/herramienta-escucha-social.png 642w, https:\/\/letsrebold.com\/wp-content\/uploads\/2022\/06\/herramienta-escucha-social-300x127.png 300w, https:\/\/letsrebold.com\/wp-content\/uploads\/2022\/06\/herramienta-escucha-social-360x153.png 360w, https:\/\/letsrebold.com\/wp-content\/uploads\/2022\/06\/herramienta-escucha-social-578x245.png 578w\" sizes=\"auto, (max-width: 642px) 100vw, 642px\" \/><\/a>\n                                <h2 class=\"post_meta\">\n                                                                                <a style=\"color: #5ac4bb\" class=\"post_tag\" href=\"?service=rebold-communication\">Rebold Communication<\/a>\n                                                                                                                                <a class=\"post_tag\" href=\"?topic=social-listening\">Social Listening<\/a>\n                                                                            <\/h2>\n                                <h3 class=\"post_title\"><a href=\"https:\/\/letsrebold.com\/es\/blog\/las-17-mejores-herramientas-escucha-social\/\">Las 17 Mejores Herramientas de Escucha Social<\/a><\/h3>\n                                <a class=\"post_link\" href=\"https:\/\/letsrebold.com\/es\/blog\/las-17-mejores-herramientas-escucha-social\/\"><span>Leer m\u00e1s<\/span> <span class=\"ico-right\">M\u00e1s informaci\u00f3n<\/span><\/a>\n                            <\/article>\n                                                                        <article class=\"post media-strategy-research, rebold-marketing\">\n                                <a class=\"post_image\" href=\"https:\/\/letsrebold.com\/es\/blog\/en-2018-la-compra-de-videos-publicitarios-para-moviles-superara-la-compra-programatica-de-medios\/\"><img loading=\"lazy\" decoding=\"async\" width=\"721\" height=\"413\" src=\"https:\/\/letsrebold.com\/wp-content\/uploads\/2022\/06\/DMN3-1.png\" class=\"attachment-img-header size-img-header wp-post-image\" alt=\"\" srcset=\"https:\/\/letsrebold.com\/wp-content\/uploads\/2022\/06\/DMN3-1.png 721w, https:\/\/letsrebold.com\/wp-content\/uploads\/2022\/06\/DMN3-1-300x172.png 300w, https:\/\/letsrebold.com\/wp-content\/uploads\/2022\/06\/DMN3-1-356x204.png 356w, https:\/\/letsrebold.com\/wp-content\/uploads\/2022\/06\/DMN3-1-360x206.png 360w, https:\/\/letsrebold.com\/wp-content\/uploads\/2022\/06\/DMN3-1-578x331.png 578w, https:\/\/letsrebold.com\/wp-content\/uploads\/2022\/06\/DMN3-1-667x382.png 667w\" sizes=\"auto, (max-width: 721px) 100vw, 721px\" \/><\/a>\n                                <h2 class=\"post_meta\">\n                                                                                <a style=\"color: #e0094b\" class=\"post_tag\" href=\"?service=rebold-marketing\">Rebold Marketing<\/a>\n                                                                                                                                <a class=\"post_tag\" href=\"?topic=2018-media-buyers\">2018 media buyers<\/a>\n                                                                            <\/h2>\n                                <h3 class=\"post_title\"><a href=\"https:\/\/letsrebold.com\/es\/blog\/en-2018-la-compra-de-videos-publicitarios-para-moviles-superara-la-compra-programatica-de-medios\/\">En 2018, la compra de v\u00eddeos publicitarios para m\u00f3viles superar\u00e1 la compra program\u00e1tica de medios<\/a><\/h3>\n                                <a class=\"post_link\" href=\"https:\/\/letsrebold.com\/es\/blog\/en-2018-la-compra-de-videos-publicitarios-para-moviles-superara-la-compra-programatica-de-medios\/\"><span>Leer m\u00e1s<\/span> <span class=\"ico-right\">M\u00e1s informaci\u00f3n<\/span><\/a>\n                            <\/article>\n                                                                        <article class=\"post media-strategy-research, rebold-marketing\">\n                                <a class=\"post_image\" href=\"https:\/\/letsrebold.com\/es\/blog\/las-tendencias-en-2018-la-generacion-z-frente-a-los-millennials-y-lo-que-deben-saber-los-compradores-de-medios-programaticos\/\"><img loading=\"lazy\" decoding=\"async\" width=\"1001\" height=\"600\" src=\"https:\/\/letsrebold.com\/wp-content\/uploads\/2022\/06\/friends-phone-bed-bite-163112-1001x600.jpeg\" class=\"attachment-img-header size-img-header wp-post-image\" alt=\"\" srcset=\"https:\/\/letsrebold.com\/wp-content\/uploads\/2022\/06\/friends-phone-bed-bite-163112-1001x600.jpeg 1001w, https:\/\/letsrebold.com\/wp-content\/uploads\/2022\/06\/friends-phone-bed-bite-163112-300x180.jpeg 300w, https:\/\/letsrebold.com\/wp-content\/uploads\/2022\/06\/friends-phone-bed-bite-163112-768x460.jpeg 768w, https:\/\/letsrebold.com\/wp-content\/uploads\/2022\/06\/friends-phone-bed-bite-163112-1024x614.jpeg 1024w, https:\/\/letsrebold.com\/wp-content\/uploads\/2022\/06\/friends-phone-bed-bite-163112-340x204.jpeg 340w, https:\/\/letsrebold.com\/wp-content\/uploads\/2022\/06\/friends-phone-bed-bite-163112-360x216.jpeg 360w, https:\/\/letsrebold.com\/wp-content\/uploads\/2022\/06\/friends-phone-bed-bite-163112-578x346.jpeg 578w, https:\/\/letsrebold.com\/wp-content\/uploads\/2022\/06\/friends-phone-bed-bite-163112-637x382.jpeg 637w, https:\/\/letsrebold.com\/wp-content\/uploads\/2022\/06\/friends-phone-bed-bite-163112.jpeg 1280w\" sizes=\"auto, (max-width: 1001px) 100vw, 1001px\" \/><\/a>\n                                <h2 class=\"post_meta\">\n                                                                                <a style=\"color: #e0094b\" class=\"post_tag\" href=\"?service=rebold-marketing\">Rebold Marketing<\/a>\n                                                                                                                                <a class=\"post_tag\" href=\"?topic=publicidad-programatica\">Publicidad Program\u00e1tica<\/a>\n                                                                            <\/h2>\n                                <h3 class=\"post_title\"><a href=\"https:\/\/letsrebold.com\/es\/blog\/las-tendencias-en-2018-la-generacion-z-frente-a-los-millennials-y-lo-que-deben-saber-los-compradores-de-medios-programaticos\/\">Las tendencias en 2018: la generaci\u00f3n Z frente a los millennials y lo que deben saber los compradores de medios program\u00e1ticos<\/a><\/h3>\n                                <a class=\"post_link\" href=\"https:\/\/letsrebold.com\/es\/blog\/las-tendencias-en-2018-la-generacion-z-frente-a-los-millennials-y-lo-que-deben-saber-los-compradores-de-medios-programaticos\/\"><span>Leer m\u00e1s<\/span> <span class=\"ico-right\">M\u00e1s informaci\u00f3n<\/span><\/a>\n                            <\/article>\n                                    <\/div>\n                                    <nav class=\"links links-right\" id=\"loadmore_82\">\n                        <div class=\"container\">\n                            <a href=\"#\" class=\"loadmore\" value=\"82\"><span>Cargar m\u00e1s<\/span> <span class=\"ico-right\"><\/span><\/a>\n                        <\/div>\n                    <\/nav>\n                            <\/div>\n                                <div id=\"page_83\" class=\"d-none\">\n                <div class=\"container posts\">\n                                                                        <article class=\"post \">\n                                <a class=\"post_image\" href=\"https:\/\/letsrebold.com\/es\/blog\/como-calcular-la-audiencia-de-los-medios-no-auditados\/\"><img loading=\"lazy\" decoding=\"async\" width=\"642\" height=\"273\" src=\"https:\/\/letsrebold.com\/wp-content\/uploads\/2022\/06\/banner-medicion-audiencias.png\" class=\"attachment-img-header size-img-header wp-post-image\" alt=\"\" srcset=\"https:\/\/letsrebold.com\/wp-content\/uploads\/2022\/06\/banner-medicion-audiencias.png 642w, https:\/\/letsrebold.com\/wp-content\/uploads\/2022\/06\/banner-medicion-audiencias-300x128.png 300w, https:\/\/letsrebold.com\/wp-content\/uploads\/2022\/06\/banner-medicion-audiencias-360x153.png 360w, https:\/\/letsrebold.com\/wp-content\/uploads\/2022\/06\/banner-medicion-audiencias-578x246.png 578w\" sizes=\"auto, (max-width: 642px) 100vw, 642px\" \/><\/a>\n                                <h2 class=\"post_meta\">\n                                                                                                                        <a class=\"post_tag\" href=\"?topic=consultoria-y-relaciones-publicas-digitales\">Consultor\u00eda y relaciones p\u00fablicas digitales<\/a>\n                                                                            <\/h2>\n                                <h3 class=\"post_title\"><a href=\"https:\/\/letsrebold.com\/es\/blog\/como-calcular-la-audiencia-de-los-medios-no-auditados\/\">C\u00f3mo calcular la audiencia de los medios no auditados<\/a><\/h3>\n                                <a class=\"post_link\" href=\"https:\/\/letsrebold.com\/es\/blog\/como-calcular-la-audiencia-de-los-medios-no-auditados\/\"><span>Leer m\u00e1s<\/span> <span class=\"ico-right\">M\u00e1s informaci\u00f3n<\/span><\/a>\n                            <\/article>\n                                                                        <article class=\"post media-strategy-research, rebold-marketing\">\n                                <a class=\"post_image\" href=\"https:\/\/letsrebold.com\/es\/blog\/la-publicidad-programatica-crecera-un-38-en-espana-en-2018\/\"><img loading=\"lazy\" decoding=\"async\" width=\"1061\" height=\"590\" src=\"https:\/\/letsrebold.com\/wp-content\/uploads\/2022\/06\/infografia-10-tendencias-2018-1-1061x590.png\" class=\"attachment-img-header size-img-header wp-post-image\" alt=\"\" srcset=\"https:\/\/letsrebold.com\/wp-content\/uploads\/2022\/06\/infografia-10-tendencias-2018-1-1061x590.png 1061w, https:\/\/letsrebold.com\/wp-content\/uploads\/2022\/06\/infografia-10-tendencias-2018-1-300x167.png 300w, https:\/\/letsrebold.com\/wp-content\/uploads\/2022\/06\/infografia-10-tendencias-2018-1-768x427.png 768w, https:\/\/letsrebold.com\/wp-content\/uploads\/2022\/06\/infografia-10-tendencias-2018-1-1024x570.png 1024w, https:\/\/letsrebold.com\/wp-content\/uploads\/2022\/06\/infografia-10-tendencias-2018-1-360x200.png 360w, https:\/\/letsrebold.com\/wp-content\/uploads\/2022\/06\/infografia-10-tendencias-2018-1-578x322.png 578w, https:\/\/letsrebold.com\/wp-content\/uploads\/2022\/06\/infografia-10-tendencias-2018-1-687x382.png 687w, https:\/\/letsrebold.com\/wp-content\/uploads\/2022\/06\/infografia-10-tendencias-2018-1.png 1312w\" sizes=\"auto, (max-width: 1061px) 100vw, 1061px\" \/><\/a>\n                                <h2 class=\"post_meta\">\n                                                                                <a style=\"color: #e0094b\" class=\"post_tag\" href=\"?service=rebold-marketing\">Rebold Marketing<\/a>\n                                                                                                                                <a class=\"post_tag\" href=\"?topic=publicidad-programatica\">Publicidad Program\u00e1tica<\/a>\n                                                                            <\/h2>\n                                <h3 class=\"post_title\"><a href=\"https:\/\/letsrebold.com\/es\/blog\/la-publicidad-programatica-crecera-un-38-en-espana-en-2018\/\">La publicidad program\u00e1tica crecer\u00e1 un 38% en Espa\u00f1a en 2018<\/a><\/h3>\n                                <a class=\"post_link\" href=\"https:\/\/letsrebold.com\/es\/blog\/la-publicidad-programatica-crecera-un-38-en-espana-en-2018\/\"><span>Leer m\u00e1s<\/span> <span class=\"ico-right\">M\u00e1s informaci\u00f3n<\/span><\/a>\n                            <\/article>\n                                                                        <article class=\"post media-strategy-research, rebold-marketing\">\n                                <a class=\"post_image\" href=\"https:\/\/letsrebold.com\/es\/blog\/en-2018-el-formato-publicitario-nativo-se-convertira-en-el-lider-para-las-plataformas-de-compra-programatica\/\"><img loading=\"lazy\" decoding=\"async\" width=\"1009\" height=\"600\" src=\"https:\/\/letsrebold.com\/wp-content\/uploads\/2022\/06\/Native-Programmatic-1009x600.png\" class=\"attachment-img-header size-img-header wp-post-image\" alt=\"\" srcset=\"https:\/\/letsrebold.com\/wp-content\/uploads\/2022\/06\/Native-Programmatic-1009x600.png 1009w, https:\/\/letsrebold.com\/wp-content\/uploads\/2022\/06\/Native-Programmatic-300x178.png 300w, https:\/\/letsrebold.com\/wp-content\/uploads\/2022\/06\/Native-Programmatic-768x457.png 768w, https:\/\/letsrebold.com\/wp-content\/uploads\/2022\/06\/Native-Programmatic-1024x609.png 1024w, https:\/\/letsrebold.com\/wp-content\/uploads\/2022\/06\/Native-Programmatic-343x204.png 343w, https:\/\/letsrebold.com\/wp-content\/uploads\/2022\/06\/Native-Programmatic-360x214.png 360w, https:\/\/letsrebold.com\/wp-content\/uploads\/2022\/06\/Native-Programmatic-578x344.png 578w, https:\/\/letsrebold.com\/wp-content\/uploads\/2022\/06\/Native-Programmatic-642x382.png 642w, https:\/\/letsrebold.com\/wp-content\/uploads\/2022\/06\/Native-Programmatic.png 1340w\" sizes=\"auto, (max-width: 1009px) 100vw, 1009px\" \/><\/a>\n                                <h2 class=\"post_meta\">\n                                                                                <a style=\"color: #e0094b\" class=\"post_tag\" href=\"?service=rebold-marketing\">Rebold Marketing<\/a>\n                                                                                                                                <a class=\"post_tag\" href=\"?topic=2018-media-buyers\">2018 media buyers<\/a>\n                                                                            <\/h2>\n                                <h3 class=\"post_title\"><a href=\"https:\/\/letsrebold.com\/es\/blog\/en-2018-el-formato-publicitario-nativo-se-convertira-en-el-lider-para-las-plataformas-de-compra-programatica\/\">En 2018 el formato publicitario nativo se convertir\u00e1 en el l\u00edder para las plataformas de compra program\u00e1tica.<\/a><\/h3>\n                                <a class=\"post_link\" href=\"https:\/\/letsrebold.com\/es\/blog\/en-2018-el-formato-publicitario-nativo-se-convertira-en-el-lider-para-las-plataformas-de-compra-programatica\/\"><span>Leer m\u00e1s<\/span> <span class=\"ico-right\">M\u00e1s informaci\u00f3n<\/span><\/a>\n                            <\/article>\n                                                                        <article class=\"post \">\n                                <a class=\"post_image\" href=\"https:\/\/letsrebold.com\/es\/blog\/acceso-refuerza-su-equipo\/\"><img loading=\"lazy\" decoding=\"async\" width=\"642\" height=\"273\" src=\"https:\/\/letsrebold.com\/wp-content\/uploads\/2022\/06\/banner-carlos.png\" class=\"attachment-img-header size-img-header wp-post-image\" alt=\"\" srcset=\"https:\/\/letsrebold.com\/wp-content\/uploads\/2022\/06\/banner-carlos.png 642w, https:\/\/letsrebold.com\/wp-content\/uploads\/2022\/06\/banner-carlos-300x128.png 300w, https:\/\/letsrebold.com\/wp-content\/uploads\/2022\/06\/banner-carlos-360x153.png 360w, https:\/\/letsrebold.com\/wp-content\/uploads\/2022\/06\/banner-carlos-578x246.png 578w\" sizes=\"auto, (max-width: 642px) 100vw, 642px\" \/><\/a>\n                                <h2 class=\"post_meta\">\n                                                                                                                        <a class=\"post_tag\" href=\"?topic=consultoria-y-relaciones-publicas-digitales\">Consultor\u00eda y relaciones p\u00fablicas digitales<\/a>\n                                                                            <\/h2>\n                                <h3 class=\"post_title\"><a href=\"https:\/\/letsrebold.com\/es\/blog\/acceso-refuerza-su-equipo\/\">Acceso refuerza su equipo de Intelligence con la incorporaci\u00f3n de Carlos Alonso<\/a><\/h3>\n                                <a class=\"post_link\" href=\"https:\/\/letsrebold.com\/es\/blog\/acceso-refuerza-su-equipo\/\"><span>Leer m\u00e1s<\/span> <span class=\"ico-right\">M\u00e1s informaci\u00f3n<\/span><\/a>\n                            <\/article>\n                                                                        <article class=\"post \">\n                                <a class=\"post_image\" href=\"https:\/\/letsrebold.com\/es\/blog\/digital-game-changers-for-super-bowl-lii-infographic-a-digital-marketers-playbook-part-2-copy\/\"><img loading=\"lazy\" decoding=\"async\" width=\"396\" height=\"223\" src=\"https:\/\/letsrebold.com\/wp-content\/uploads\/2022\/06\/Excited-Group-of-Friends-watching-Football-1.png\" class=\"attachment-img-header size-img-header wp-post-image\" alt=\"\" srcset=\"https:\/\/letsrebold.com\/wp-content\/uploads\/2022\/06\/Excited-Group-of-Friends-watching-Football-1.png 396w, https:\/\/letsrebold.com\/wp-content\/uploads\/2022\/06\/Excited-Group-of-Friends-watching-Football-1-300x169.png 300w, https:\/\/letsrebold.com\/wp-content\/uploads\/2022\/06\/Excited-Group-of-Friends-watching-Football-1-360x203.png 360w\" sizes=\"auto, (max-width: 396px) 100vw, 396px\" \/><\/a>\n                                <h2 class=\"post_meta\">\n                                                                                                                        <a class=\"post_tag\" href=\"?topic=estudios\">Estudios<\/a>\n                                                                            <\/h2>\n                                <h3 class=\"post_title\"><a href=\"https:\/\/letsrebold.com\/es\/blog\/digital-game-changers-for-super-bowl-lii-infographic-a-digital-marketers-playbook-part-2-copy\/\">Cambios digitales en la Super Bowl LII (Infograf\u00eda) &#8211;  Parte 2<\/a><\/h3>\n                                <a class=\"post_link\" href=\"https:\/\/letsrebold.com\/es\/blog\/digital-game-changers-for-super-bowl-lii-infographic-a-digital-marketers-playbook-part-2-copy\/\"><span>Leer m\u00e1s<\/span> <span class=\"ico-right\">M\u00e1s informaci\u00f3n<\/span><\/a>\n                            <\/article>\n                                                                        <article class=\"post media-strategy-research, rebold-marketing\">\n                                <a class=\"post_image\" href=\"https:\/\/letsrebold.com\/es\/blog\/expertise-verdadero-valor-diferencial\/\"><img loading=\"lazy\" decoding=\"async\" width=\"300\" height=\"300\" src=\"https:\/\/letsrebold.com\/wp-content\/uploads\/2022\/06\/personalizacion-1.png\" class=\"attachment-img-header size-img-header wp-post-image\" alt=\"\" srcset=\"https:\/\/letsrebold.com\/wp-content\/uploads\/2022\/06\/personalizacion-1.png 300w, https:\/\/letsrebold.com\/wp-content\/uploads\/2022\/06\/personalizacion-1-150x150.png 150w, https:\/\/letsrebold.com\/wp-content\/uploads\/2022\/06\/personalizacion-1-204x204.png 204w\" sizes=\"auto, (max-width: 300px) 100vw, 300px\" \/><\/a>\n                                <h2 class=\"post_meta\">\n                                                                                <a style=\"color: #e0094b\" class=\"post_tag\" href=\"?service=rebold-marketing\">Rebold Marketing<\/a>\n                                                                                                                                <a class=\"post_tag\" href=\"?topic=publicidad-programatica\">Publicidad Program\u00e1tica<\/a>\n                                                                            <\/h2>\n                                <h3 class=\"post_title\"><a href=\"https:\/\/letsrebold.com\/es\/blog\/expertise-verdadero-valor-diferencial\/\">Expertise, verdadero valor diferencial<\/a><\/h3>\n                                <a class=\"post_link\" href=\"https:\/\/letsrebold.com\/es\/blog\/expertise-verdadero-valor-diferencial\/\"><span>Leer m\u00e1s<\/span> <span class=\"ico-right\">M\u00e1s informaci\u00f3n<\/span><\/a>\n                            <\/article>\n                                    <\/div>\n                                    <nav class=\"links links-right\" id=\"loadmore_83\">\n                        <div class=\"container\">\n                            <a href=\"#\" class=\"loadmore\" value=\"83\"><span>Cargar m\u00e1s<\/span> <span class=\"ico-right\"><\/span><\/a>\n                        <\/div>\n                    <\/nav>\n                            <\/div>\n                                <div id=\"page_84\" class=\"d-none\">\n                <div class=\"container posts\">\n                                                                        <article class=\"post media-strategy-research, rebold-marketing\">\n                                <a class=\"post_image\" href=\"https:\/\/letsrebold.com\/es\/blog\/tendencias-en-la-compra-programatica-de-medios-para-2018-los-videos-encabezan-las-oportunidades-de-crecimiento\/\"><img loading=\"lazy\" decoding=\"async\" width=\"1024\" height=\"585\" src=\"https:\/\/letsrebold.com\/wp-content\/uploads\/2022\/06\/Programmatic-Ad-Spending-2018-1024x585-2.png\" class=\"attachment-img-header size-img-header wp-post-image\" alt=\"\" srcset=\"https:\/\/letsrebold.com\/wp-content\/uploads\/2022\/06\/Programmatic-Ad-Spending-2018-1024x585-2.png 1024w, https:\/\/letsrebold.com\/wp-content\/uploads\/2022\/06\/Programmatic-Ad-Spending-2018-1024x585-2-300x171.png 300w, https:\/\/letsrebold.com\/wp-content\/uploads\/2022\/06\/Programmatic-Ad-Spending-2018-1024x585-2-768x439.png 768w, https:\/\/letsrebold.com\/wp-content\/uploads\/2022\/06\/Programmatic-Ad-Spending-2018-1024x585-2-357x204.png 357w, https:\/\/letsrebold.com\/wp-content\/uploads\/2022\/06\/Programmatic-Ad-Spending-2018-1024x585-2-360x206.png 360w, https:\/\/letsrebold.com\/wp-content\/uploads\/2022\/06\/Programmatic-Ad-Spending-2018-1024x585-2-578x330.png 578w, https:\/\/letsrebold.com\/wp-content\/uploads\/2022\/06\/Programmatic-Ad-Spending-2018-1024x585-2-669x382.png 669w\" sizes=\"auto, (max-width: 1024px) 100vw, 1024px\" \/><\/a>\n                                <h2 class=\"post_meta\">\n                                                                                <a style=\"color: #e0094b\" class=\"post_tag\" href=\"?service=rebold-marketing\">Rebold Marketing<\/a>\n                                                                                                                                <a class=\"post_tag\" href=\"?topic=2018-media-planning\">2018 media planning<\/a>\n                                                                            <\/h2>\n                                <h3 class=\"post_title\"><a href=\"https:\/\/letsrebold.com\/es\/blog\/tendencias-en-la-compra-programatica-de-medios-para-2018-los-videos-encabezan-las-oportunidades-de-crecimiento\/\">Tendencias en la compra program\u00e1tica de medios para 2018: los v\u00eddeos encabezan las oportunidades de crecimiento<\/a><\/h3>\n                                <a class=\"post_link\" href=\"https:\/\/letsrebold.com\/es\/blog\/tendencias-en-la-compra-programatica-de-medios-para-2018-los-videos-encabezan-las-oportunidades-de-crecimiento\/\"><span>Leer m\u00e1s<\/span> <span class=\"ico-right\">M\u00e1s informaci\u00f3n<\/span><\/a>\n                            <\/article>\n                                                                        <article class=\"post media-strategy-research, rebold-marketing\">\n                                <a class=\"post_image\" href=\"https:\/\/letsrebold.com\/es\/blog\/cambio-algoritmo-de-facebook\/\"><img loading=\"lazy\" decoding=\"async\" width=\"641\" height=\"253\" src=\"https:\/\/letsrebold.com\/wp-content\/uploads\/2022\/06\/banner-algoritmo-fb.png\" class=\"attachment-img-header size-img-header wp-post-image\" alt=\"\" srcset=\"https:\/\/letsrebold.com\/wp-content\/uploads\/2022\/06\/banner-algoritmo-fb.png 641w, https:\/\/letsrebold.com\/wp-content\/uploads\/2022\/06\/banner-algoritmo-fb-300x118.png 300w, https:\/\/letsrebold.com\/wp-content\/uploads\/2022\/06\/banner-algoritmo-fb-360x142.png 360w, https:\/\/letsrebold.com\/wp-content\/uploads\/2022\/06\/banner-algoritmo-fb-578x228.png 578w\" sizes=\"auto, (max-width: 641px) 100vw, 641px\" \/><\/a>\n                                <h2 class=\"post_meta\">\n                                                                                <a style=\"color: #e0094b\" class=\"post_tag\" href=\"?service=rebold-marketing\">Rebold Marketing<\/a>\n                                                                                                                                <a class=\"post_tag\" href=\"?topic=social-media\">Social Media<\/a>\n                                                                            <\/h2>\n                                <h3 class=\"post_title\"><a href=\"https:\/\/letsrebold.com\/es\/blog\/cambio-algoritmo-de-facebook\/\">Algoritmo de Facebook, la guerra contra las FanPages<\/a><\/h3>\n                                <a class=\"post_link\" href=\"https:\/\/letsrebold.com\/es\/blog\/cambio-algoritmo-de-facebook\/\"><span>Leer m\u00e1s<\/span> <span class=\"ico-right\">M\u00e1s informaci\u00f3n<\/span><\/a>\n                            <\/article>\n                                                                        <article class=\"post \">\n                                <a class=\"post_image\" href=\"https:\/\/letsrebold.com\/es\/blog\/digilant-analiza-el-comportamiento-social-durante-el-mayor-evento-deportivo-en-ee-uu\/\"><img loading=\"lazy\" decoding=\"async\" width=\"672\" height=\"336\" src=\"https:\/\/letsrebold.com\/wp-content\/uploads\/2022\/06\/Twitter-Super-Bowl-Part-1-01.17.18-copy.png\" class=\"attachment-img-header size-img-header wp-post-image\" alt=\"\" srcset=\"https:\/\/letsrebold.com\/wp-content\/uploads\/2022\/06\/Twitter-Super-Bowl-Part-1-01.17.18-copy.png 672w, https:\/\/letsrebold.com\/wp-content\/uploads\/2022\/06\/Twitter-Super-Bowl-Part-1-01.17.18-copy-300x150.png 300w, https:\/\/letsrebold.com\/wp-content\/uploads\/2022\/06\/Twitter-Super-Bowl-Part-1-01.17.18-copy-360x180.png 360w, https:\/\/letsrebold.com\/wp-content\/uploads\/2022\/06\/Twitter-Super-Bowl-Part-1-01.17.18-copy-578x289.png 578w\" sizes=\"auto, (max-width: 672px) 100vw, 672px\" \/><\/a>\n                                <h2 class=\"post_meta\">\n                                                                                                                        <a class=\"post_tag\" href=\"?topic=estudios\">Estudios<\/a>\n                                                                            <\/h2>\n                                <h3 class=\"post_title\"><a href=\"https:\/\/letsrebold.com\/es\/blog\/digilant-analiza-el-comportamiento-social-durante-el-mayor-evento-deportivo-en-ee-uu\/\">Digilant analiza el comportamiento social durante el mayor evento deportivo en EE. UU.<\/a><\/h3>\n                                <a class=\"post_link\" href=\"https:\/\/letsrebold.com\/es\/blog\/digilant-analiza-el-comportamiento-social-durante-el-mayor-evento-deportivo-en-ee-uu\/\"><span>Leer m\u00e1s<\/span> <span class=\"ico-right\">M\u00e1s informaci\u00f3n<\/span><\/a>\n                            <\/article>\n                                                                        <article class=\"post \">\n                                <a class=\"post_image\" href=\"https:\/\/letsrebold.com\/es\/blog\/infografia-super-bowl-2018-parte-1-copy\/\"><img loading=\"lazy\" decoding=\"async\" width=\"672\" height=\"336\" src=\"https:\/\/letsrebold.com\/wp-content\/uploads\/2022\/06\/Twitter-Super-Bowl-Part-1-01.17.18-copy.png\" class=\"attachment-img-header size-img-header wp-post-image\" alt=\"\" srcset=\"https:\/\/letsrebold.com\/wp-content\/uploads\/2022\/06\/Twitter-Super-Bowl-Part-1-01.17.18-copy.png 672w, https:\/\/letsrebold.com\/wp-content\/uploads\/2022\/06\/Twitter-Super-Bowl-Part-1-01.17.18-copy-300x150.png 300w, https:\/\/letsrebold.com\/wp-content\/uploads\/2022\/06\/Twitter-Super-Bowl-Part-1-01.17.18-copy-360x180.png 360w, https:\/\/letsrebold.com\/wp-content\/uploads\/2022\/06\/Twitter-Super-Bowl-Part-1-01.17.18-copy-578x289.png 578w\" sizes=\"auto, (max-width: 672px) 100vw, 672px\" \/><\/a>\n                                <h2 class=\"post_meta\">\n                                                                                                                        <a class=\"post_tag\" href=\"?topic=estudios\">Estudios<\/a>\n                                                                            <\/h2>\n                                <h3 class=\"post_title\"><a href=\"https:\/\/letsrebold.com\/es\/blog\/infografia-super-bowl-2018-parte-1-copy\/\">Infograf\u00eda Super Bowl 2018  &#8211; Parte 1<\/a><\/h3>\n                                <a class=\"post_link\" href=\"https:\/\/letsrebold.com\/es\/blog\/infografia-super-bowl-2018-parte-1-copy\/\"><span>Leer m\u00e1s<\/span> <span class=\"ico-right\">M\u00e1s informaci\u00f3n<\/span><\/a>\n                            <\/article>\n                                                                        <article class=\"post media-strategy-research, rebold-marketing\">\n                                <a class=\"post_image\" href=\"https:\/\/letsrebold.com\/es\/blog\/fundamentos-de-la-compra-programatica-el-proyecto-ads-txt-y-los-mercados-privados-para-resolver-el-problema-con-la-copia-fraudulenta-de-dominios-spoofing-y-la-publicidad-fraudulenta\/\"><img loading=\"lazy\" decoding=\"async\" width=\"1061\" height=\"505\" src=\"https:\/\/letsrebold.com\/wp-content\/uploads\/2022\/06\/pmpexplained-1-1061x505.png\" class=\"attachment-img-header size-img-header wp-post-image\" alt=\"\" srcset=\"https:\/\/letsrebold.com\/wp-content\/uploads\/2022\/06\/pmpexplained-1-1061x505.png 1061w, https:\/\/letsrebold.com\/wp-content\/uploads\/2022\/06\/pmpexplained-1-300x143.png 300w, https:\/\/letsrebold.com\/wp-content\/uploads\/2022\/06\/pmpexplained-1-768x366.png 768w, https:\/\/letsrebold.com\/wp-content\/uploads\/2022\/06\/pmpexplained-1-1024x488.png 1024w, https:\/\/letsrebold.com\/wp-content\/uploads\/2022\/06\/pmpexplained-1-360x171.png 360w, https:\/\/letsrebold.com\/wp-content\/uploads\/2022\/06\/pmpexplained-1-578x275.png 578w, https:\/\/letsrebold.com\/wp-content\/uploads\/2022\/06\/pmpexplained-1-761x362.png 761w, https:\/\/letsrebold.com\/wp-content\/uploads\/2022\/06\/pmpexplained-1-1536x732.png 1536w, https:\/\/letsrebold.com\/wp-content\/uploads\/2022\/06\/pmpexplained-1.png 1900w\" sizes=\"auto, (max-width: 1061px) 100vw, 1061px\" \/><\/a>\n                                <h2 class=\"post_meta\">\n                                                                                <a style=\"color: #e0094b\" class=\"post_tag\" href=\"?service=rebold-marketing\">Rebold Marketing<\/a>\n                                                                                                                                <a class=\"post_tag\" href=\"?topic=2018-media-buyers\">2018 media buyers<\/a>\n                                                                            <\/h2>\n                                <h3 class=\"post_title\"><a href=\"https:\/\/letsrebold.com\/es\/blog\/fundamentos-de-la-compra-programatica-el-proyecto-ads-txt-y-los-mercados-privados-para-resolver-el-problema-con-la-copia-fraudulenta-de-dominios-spoofing-y-la-publicidad-fraudulenta\/\">Fundamentos de la compra program\u00e1tica: el proyecto ads.txt y los mercados privados para resolver el problema con la copia fraudulenta de dominios (spoofing) y la publicidad fraudulenta<\/a><\/h3>\n                                <a class=\"post_link\" href=\"https:\/\/letsrebold.com\/es\/blog\/fundamentos-de-la-compra-programatica-el-proyecto-ads-txt-y-los-mercados-privados-para-resolver-el-problema-con-la-copia-fraudulenta-de-dominios-spoofing-y-la-publicidad-fraudulenta\/\"><span>Leer m\u00e1s<\/span> <span class=\"ico-right\">M\u00e1s informaci\u00f3n<\/span><\/a>\n                            <\/article>\n                                                                        <article class=\"post media-strategy-research, rebold-marketing\">\n                                <a class=\"post_image\" href=\"https:\/\/letsrebold.com\/es\/blog\/programatica-el-mejor-partner-de-las-marcas\/\"><img loading=\"lazy\" decoding=\"async\" width=\"1061\" height=\"480\" src=\"https:\/\/letsrebold.com\/wp-content\/uploads\/2022\/06\/new_audiences_sm-1061x480.jpg\" class=\"attachment-img-header size-img-header wp-post-image\" alt=\"\" srcset=\"https:\/\/letsrebold.com\/wp-content\/uploads\/2022\/06\/new_audiences_sm-1061x480.jpg 1061w, https:\/\/letsrebold.com\/wp-content\/uploads\/2022\/06\/new_audiences_sm-300x136.jpg 300w, https:\/\/letsrebold.com\/wp-content\/uploads\/2022\/06\/new_audiences_sm-768x347.jpg 768w, https:\/\/letsrebold.com\/wp-content\/uploads\/2022\/06\/new_audiences_sm-1024x463.jpg 1024w, https:\/\/letsrebold.com\/wp-content\/uploads\/2022\/06\/new_audiences_sm-360x163.jpg 360w, https:\/\/letsrebold.com\/wp-content\/uploads\/2022\/06\/new_audiences_sm-578x261.jpg 578w, https:\/\/letsrebold.com\/wp-content\/uploads\/2022\/06\/new_audiences_sm-761x344.jpg 761w, https:\/\/letsrebold.com\/wp-content\/uploads\/2022\/06\/new_audiences_sm.jpg 1500w\" sizes=\"auto, (max-width: 1061px) 100vw, 1061px\" \/><\/a>\n                                <h2 class=\"post_meta\">\n                                                                                <a style=\"color: #e0094b\" class=\"post_tag\" href=\"?service=rebold-marketing\">Rebold Marketing<\/a>\n                                                                                                                                <a class=\"post_tag\" href=\"?topic=publicidad-programatica\">Publicidad Program\u00e1tica<\/a>\n                                                                            <\/h2>\n                                <h3 class=\"post_title\"><a href=\"https:\/\/letsrebold.com\/es\/blog\/programatica-el-mejor-partner-de-las-marcas\/\">Program\u00e1tica, el mejor partner de las marcas<\/a><\/h3>\n                                <a class=\"post_link\" href=\"https:\/\/letsrebold.com\/es\/blog\/programatica-el-mejor-partner-de-las-marcas\/\"><span>Leer m\u00e1s<\/span> <span class=\"ico-right\">M\u00e1s informaci\u00f3n<\/span><\/a>\n                            <\/article>\n                                    <\/div>\n                                    <nav class=\"links links-right\" id=\"loadmore_84\">\n                        <div class=\"container\">\n                            <a href=\"#\" class=\"loadmore\" value=\"84\"><span>Cargar m\u00e1s<\/span> <span class=\"ico-right\"><\/span><\/a>\n                        <\/div>\n                    <\/nav>\n                            <\/div>\n                                <div id=\"page_85\" class=\"d-none\">\n                <div class=\"container posts\">\n                                                                        <article class=\"post \">\n                                <a class=\"post_image\" href=\"https:\/\/letsrebold.com\/es\/blog\/no-se-ha-creado-netflix-los-medios-entrevista-pablo-herreros\/\"><img loading=\"lazy\" decoding=\"async\" width=\"642\" height=\"272\" src=\"https:\/\/letsrebold.com\/wp-content\/uploads\/2022\/06\/El-netflix-de-los-medios.png\" class=\"attachment-img-header size-img-header wp-post-image\" alt=\"\" srcset=\"https:\/\/letsrebold.com\/wp-content\/uploads\/2022\/06\/El-netflix-de-los-medios.png 642w, https:\/\/letsrebold.com\/wp-content\/uploads\/2022\/06\/El-netflix-de-los-medios-300x127.png 300w, https:\/\/letsrebold.com\/wp-content\/uploads\/2022\/06\/El-netflix-de-los-medios-360x153.png 360w, https:\/\/letsrebold.com\/wp-content\/uploads\/2022\/06\/El-netflix-de-los-medios-578x245.png 578w\" sizes=\"auto, (max-width: 642px) 100vw, 642px\" \/><\/a>\n                                <h2 class=\"post_meta\">\n                                                                                                                        <a class=\"post_tag\" href=\"?topic=comunicacion\">comunicacion<\/a>\n                                                                            <\/h2>\n                                <h3 class=\"post_title\"><a href=\"https:\/\/letsrebold.com\/es\/blog\/no-se-ha-creado-netflix-los-medios-entrevista-pablo-herreros\/\">\u00bfPor qu\u00e9 no se ha creado el Netflix de los medios? Entrevista a Pablo Herreros<\/a><\/h3>\n                                <a class=\"post_link\" href=\"https:\/\/letsrebold.com\/es\/blog\/no-se-ha-creado-netflix-los-medios-entrevista-pablo-herreros\/\"><span>Leer m\u00e1s<\/span> <span class=\"ico-right\">M\u00e1s informaci\u00f3n<\/span><\/a>\n                            <\/article>\n                                                                        <article class=\"post \">\n                                <a class=\"post_image\" href=\"https:\/\/letsrebold.com\/es\/blog\/por-que-participar-en-los-premios-amec\/\"><img loading=\"lazy\" decoding=\"async\" width=\"642\" height=\"272\" src=\"https:\/\/letsrebold.com\/wp-content\/uploads\/2022\/06\/banner-AMEC-2018.jpg\" class=\"attachment-img-header size-img-header wp-post-image\" alt=\"\" srcset=\"https:\/\/letsrebold.com\/wp-content\/uploads\/2022\/06\/banner-AMEC-2018.jpg 642w, https:\/\/letsrebold.com\/wp-content\/uploads\/2022\/06\/banner-AMEC-2018-300x127.jpg 300w, https:\/\/letsrebold.com\/wp-content\/uploads\/2022\/06\/banner-AMEC-2018-360x153.jpg 360w, https:\/\/letsrebold.com\/wp-content\/uploads\/2022\/06\/banner-AMEC-2018-578x245.jpg 578w\" sizes=\"auto, (max-width: 642px) 100vw, 642px\" \/><\/a>\n                                <h2 class=\"post_meta\">\n                                                                                                                        <a class=\"post_tag\" href=\"?topic=comunicacion\">comunicacion<\/a>\n                                                                            <\/h2>\n                                <h3 class=\"post_title\"><a href=\"https:\/\/letsrebold.com\/es\/blog\/por-que-participar-en-los-premios-amec\/\">Por qu\u00e9 participar en los premios AMEC<\/a><\/h3>\n                                <a class=\"post_link\" href=\"https:\/\/letsrebold.com\/es\/blog\/por-que-participar-en-los-premios-amec\/\"><span>Leer m\u00e1s<\/span> <span class=\"ico-right\">M\u00e1s informaci\u00f3n<\/span><\/a>\n                            <\/article>\n                                                                        <article class=\"post \">\n                                <a class=\"post_image\" href=\"https:\/\/letsrebold.com\/es\/blog\/ocho-aspectos-que-van-a-cambiar-la-forma-de-hacer-publicidad-en-2018\/\"><img loading=\"lazy\" decoding=\"async\" width=\"838\" height=\"390\" src=\"https:\/\/letsrebold.com\/wp-content\/uploads\/2022\/06\/5a3900da636a6__838x390-1.jpg\" class=\"attachment-img-header size-img-header wp-post-image\" alt=\"\" srcset=\"https:\/\/letsrebold.com\/wp-content\/uploads\/2022\/06\/5a3900da636a6__838x390-1.jpg 838w, https:\/\/letsrebold.com\/wp-content\/uploads\/2022\/06\/5a3900da636a6__838x390-1-300x140.jpg 300w, https:\/\/letsrebold.com\/wp-content\/uploads\/2022\/06\/5a3900da636a6__838x390-1-768x357.jpg 768w, https:\/\/letsrebold.com\/wp-content\/uploads\/2022\/06\/5a3900da636a6__838x390-1-360x168.jpg 360w, https:\/\/letsrebold.com\/wp-content\/uploads\/2022\/06\/5a3900da636a6__838x390-1-578x269.jpg 578w, https:\/\/letsrebold.com\/wp-content\/uploads\/2022\/06\/5a3900da636a6__838x390-1-761x354.jpg 761w\" sizes=\"auto, (max-width: 838px) 100vw, 838px\" \/><\/a>\n                                <h2 class=\"post_meta\">\n                                                                                                                        <a class=\"post_tag\" href=\"?topic=activacion\">Activacion<\/a>\n                                                                            <\/h2>\n                                <h3 class=\"post_title\"><a href=\"https:\/\/letsrebold.com\/es\/blog\/ocho-aspectos-que-van-a-cambiar-la-forma-de-hacer-publicidad-en-2018\/\">Ocho aspectos que van a cambiar la forma de hacer publicidad en 2018<\/a><\/h3>\n                                <a class=\"post_link\" href=\"https:\/\/letsrebold.com\/es\/blog\/ocho-aspectos-que-van-a-cambiar-la-forma-de-hacer-publicidad-en-2018\/\"><span>Leer m\u00e1s<\/span> <span class=\"ico-right\">M\u00e1s informaci\u00f3n<\/span><\/a>\n                            <\/article>\n                                                                        <article class=\"post consumer-intelligence, rebold-communication\">\n                                <a class=\"post_image\" href=\"https:\/\/letsrebold.com\/es\/blog\/5-beneficios-de-la-escucha-social\/\"><img loading=\"lazy\" decoding=\"async\" width=\"642\" height=\"272\" src=\"https:\/\/letsrebold.com\/wp-content\/uploads\/2022\/06\/5-beneficios-de-la-escucha-social.png\" class=\"attachment-img-header size-img-header wp-post-image\" alt=\"\" srcset=\"https:\/\/letsrebold.com\/wp-content\/uploads\/2022\/06\/5-beneficios-de-la-escucha-social.png 642w, https:\/\/letsrebold.com\/wp-content\/uploads\/2022\/06\/5-beneficios-de-la-escucha-social-300x127.png 300w, https:\/\/letsrebold.com\/wp-content\/uploads\/2022\/06\/5-beneficios-de-la-escucha-social-360x153.png 360w, https:\/\/letsrebold.com\/wp-content\/uploads\/2022\/06\/5-beneficios-de-la-escucha-social-578x245.png 578w\" sizes=\"auto, (max-width: 642px) 100vw, 642px\" \/><\/a>\n                                <h2 class=\"post_meta\">\n                                                                                <a style=\"color: #5ac4bb\" class=\"post_tag\" href=\"?service=rebold-communication\">Rebold Communication<\/a>\n                                                                                                                                <a class=\"post_tag\" href=\"?topic=social-listening\">Social Listening<\/a>\n                                                                            <\/h2>\n                                <h3 class=\"post_title\"><a href=\"https:\/\/letsrebold.com\/es\/blog\/5-beneficios-de-la-escucha-social\/\">5 beneficios que se consiguen gracias a La Escucha Social<\/a><\/h3>\n                                <a class=\"post_link\" href=\"https:\/\/letsrebold.com\/es\/blog\/5-beneficios-de-la-escucha-social\/\"><span>Leer m\u00e1s<\/span> <span class=\"ico-right\">M\u00e1s informaci\u00f3n<\/span><\/a>\n                            <\/article>\n                                                                        <article class=\"post rebold-marketing, zero-party-data\">\n                                <a class=\"post_image\" href=\"https:\/\/letsrebold.com\/es\/blog\/el-reto-de-utilizar-el-data-con-inteligencia\/\"><img loading=\"lazy\" decoding=\"async\" width=\"1061\" height=\"298\" src=\"https:\/\/letsrebold.com\/wp-content\/uploads\/2022\/06\/tendencias-del-marketing-digital-2018-04-1-1061x298.jpg\" class=\"attachment-img-header size-img-header wp-post-image\" alt=\"\" srcset=\"https:\/\/letsrebold.com\/wp-content\/uploads\/2022\/06\/tendencias-del-marketing-digital-2018-04-1-1061x298.jpg 1061w, https:\/\/letsrebold.com\/wp-content\/uploads\/2022\/06\/tendencias-del-marketing-digital-2018-04-1-300x84.jpg 300w, https:\/\/letsrebold.com\/wp-content\/uploads\/2022\/06\/tendencias-del-marketing-digital-2018-04-1-768x216.jpg 768w, https:\/\/letsrebold.com\/wp-content\/uploads\/2022\/06\/tendencias-del-marketing-digital-2018-04-1-1024x288.jpg 1024w, https:\/\/letsrebold.com\/wp-content\/uploads\/2022\/06\/tendencias-del-marketing-digital-2018-04-1-360x101.jpg 360w, https:\/\/letsrebold.com\/wp-content\/uploads\/2022\/06\/tendencias-del-marketing-digital-2018-04-1-578x163.jpg 578w, https:\/\/letsrebold.com\/wp-content\/uploads\/2022\/06\/tendencias-del-marketing-digital-2018-04-1-761x214.jpg 761w, https:\/\/letsrebold.com\/wp-content\/uploads\/2022\/06\/tendencias-del-marketing-digital-2018-04-1-1536x432.jpg 1536w, https:\/\/letsrebold.com\/wp-content\/uploads\/2022\/06\/tendencias-del-marketing-digital-2018-04-1.jpg 1920w\" sizes=\"auto, (max-width: 1061px) 100vw, 1061px\" \/><\/a>\n                                <h2 class=\"post_meta\">\n                                                                                <a style=\"color: #e0094b\" class=\"post_tag\" href=\"?service=rebold-marketing\">Rebold Marketing<\/a>\n                                                                                                                                <a class=\"post_tag\" href=\"?topic=data\">data<\/a>\n                                                                            <\/h2>\n                                <h3 class=\"post_title\"><a href=\"https:\/\/letsrebold.com\/es\/blog\/el-reto-de-utilizar-el-data-con-inteligencia\/\">El reto de utilizar el data con inteligencia<\/a><\/h3>\n                                <a class=\"post_link\" href=\"https:\/\/letsrebold.com\/es\/blog\/el-reto-de-utilizar-el-data-con-inteligencia\/\"><span>Leer m\u00e1s<\/span> <span class=\"ico-right\">M\u00e1s informaci\u00f3n<\/span><\/a>\n                            <\/article>\n                                                                        <article class=\"post \">\n                                <a class=\"post_image\" href=\"https:\/\/letsrebold.com\/es\/blog\/origen-de-la-crisis-de-hm-y-que-podemos-aprender\/\"><img loading=\"lazy\" decoding=\"async\" width=\"642\" height=\"273\" src=\"https:\/\/letsrebold.com\/wp-content\/uploads\/2022\/06\/1280px-HM_Festival_Walk_Store.jpg\" class=\"attachment-img-header size-img-header wp-post-image\" alt=\"\" srcset=\"https:\/\/letsrebold.com\/wp-content\/uploads\/2022\/06\/1280px-HM_Festival_Walk_Store.jpg 642w, https:\/\/letsrebold.com\/wp-content\/uploads\/2022\/06\/1280px-HM_Festival_Walk_Store-300x128.jpg 300w, https:\/\/letsrebold.com\/wp-content\/uploads\/2022\/06\/1280px-HM_Festival_Walk_Store-360x153.jpg 360w, https:\/\/letsrebold.com\/wp-content\/uploads\/2022\/06\/1280px-HM_Festival_Walk_Store-578x246.jpg 578w\" sizes=\"auto, (max-width: 642px) 100vw, 642px\" \/><\/a>\n                                <h2 class=\"post_meta\">\n                                                                                                                        <a class=\"post_tag\" href=\"?topic=reputacion-corporativa\">Reputaci\u00f3n Corporativa<\/a>\n                                                                            <\/h2>\n                                <h3 class=\"post_title\"><a href=\"https:\/\/letsrebold.com\/es\/blog\/origen-de-la-crisis-de-hm-y-que-podemos-aprender\/\">C\u00f3mo se ha originado la crisis de H&amp;M y qu\u00e9 podemos aprender<\/a><\/h3>\n                                <a class=\"post_link\" href=\"https:\/\/letsrebold.com\/es\/blog\/origen-de-la-crisis-de-hm-y-que-podemos-aprender\/\"><span>Leer m\u00e1s<\/span> <span class=\"ico-right\">M\u00e1s informaci\u00f3n<\/span><\/a>\n                            <\/article>\n                                    <\/div>\n                                    <nav class=\"links links-right\" id=\"loadmore_85\">\n                        <div class=\"container\">\n                            <a href=\"#\" class=\"loadmore\" value=\"85\"><span>Cargar m\u00e1s<\/span> <span class=\"ico-right\"><\/span><\/a>\n                        <\/div>\n                    <\/nav>\n                            <\/div>\n                                <div id=\"page_86\" class=\"d-none\">\n                <div class=\"container posts\">\n                                                                        <article class=\"post media-strategy-research, rebold-marketing\">\n                                <a class=\"post_image\" href=\"https:\/\/letsrebold.com\/es\/blog\/dos-grandes-retos-en-el-entorno-digital-programatica-gestion-de-datos\/\"><img loading=\"lazy\" decoding=\"async\" width=\"602\" height=\"402\" src=\"https:\/\/letsrebold.com\/wp-content\/uploads\/2022\/06\/Mallorca.jpg\" class=\"attachment-img-header size-img-header wp-post-image\" alt=\"\" srcset=\"https:\/\/letsrebold.com\/wp-content\/uploads\/2022\/06\/Mallorca.jpg 602w, https:\/\/letsrebold.com\/wp-content\/uploads\/2022\/06\/Mallorca-300x200.jpg 300w, https:\/\/letsrebold.com\/wp-content\/uploads\/2022\/06\/Mallorca-305x204.jpg 305w, https:\/\/letsrebold.com\/wp-content\/uploads\/2022\/06\/Mallorca-360x240.jpg 360w, https:\/\/letsrebold.com\/wp-content\/uploads\/2022\/06\/Mallorca-526x351.jpg 526w, https:\/\/letsrebold.com\/wp-content\/uploads\/2022\/06\/Mallorca-572x382.jpg 572w\" sizes=\"auto, (max-width: 602px) 100vw, 602px\" \/><\/a>\n                                <h2 class=\"post_meta\">\n                                                                                <a style=\"color: #e0094b\" class=\"post_tag\" href=\"?service=rebold-marketing\">Rebold Marketing<\/a>\n                                                                                                                                <a class=\"post_tag\" href=\"?topic=publicidad-programatica\">Publicidad Program\u00e1tica<\/a>\n                                                                            <\/h2>\n                                <h3 class=\"post_title\"><a href=\"https:\/\/letsrebold.com\/es\/blog\/dos-grandes-retos-en-el-entorno-digital-programatica-gestion-de-datos\/\">Dos grandes retos en el entorno digital: program\u00e1tica &amp; gesti\u00f3n de datos<\/a><\/h3>\n                                <a class=\"post_link\" href=\"https:\/\/letsrebold.com\/es\/blog\/dos-grandes-retos-en-el-entorno-digital-programatica-gestion-de-datos\/\"><span>Leer m\u00e1s<\/span> <span class=\"ico-right\">M\u00e1s informaci\u00f3n<\/span><\/a>\n                            <\/article>\n                                                                        <article class=\"post rebold-marketing\">\n                                <a class=\"post_image\" href=\"https:\/\/letsrebold.com\/es\/blog\/exito-de-colaboracion-con-la-fundacion-down-madrid\/\"><img loading=\"lazy\" decoding=\"async\" width=\"902\" height=\"600\" src=\"https:\/\/letsrebold.com\/wp-content\/uploads\/2022\/06\/Montenegro301116Fsdm010-1-902x600.jpg\" class=\"attachment-img-header size-img-header wp-post-image\" alt=\"\" srcset=\"https:\/\/letsrebold.com\/wp-content\/uploads\/2022\/06\/Montenegro301116Fsdm010-1-902x600.jpg 902w, https:\/\/letsrebold.com\/wp-content\/uploads\/2022\/06\/Montenegro301116Fsdm010-1-300x200.jpg 300w, https:\/\/letsrebold.com\/wp-content\/uploads\/2022\/06\/Montenegro301116Fsdm010-1-768x511.jpg 768w, https:\/\/letsrebold.com\/wp-content\/uploads\/2022\/06\/Montenegro301116Fsdm010-1-1024x681.jpg 1024w, https:\/\/letsrebold.com\/wp-content\/uploads\/2022\/06\/Montenegro301116Fsdm010-1-307x204.jpg 307w, https:\/\/letsrebold.com\/wp-content\/uploads\/2022\/06\/Montenegro301116Fsdm010-1-360x240.jpg 360w, https:\/\/letsrebold.com\/wp-content\/uploads\/2022\/06\/Montenegro301116Fsdm010-1-528x351.jpg 528w, https:\/\/letsrebold.com\/wp-content\/uploads\/2022\/06\/Montenegro301116Fsdm010-1-574x382.jpg 574w, https:\/\/letsrebold.com\/wp-content\/uploads\/2022\/06\/Montenegro301116Fsdm010-1.jpg 1500w\" sizes=\"auto, (max-width: 902px) 100vw, 902px\" \/><\/a>\n                                <h2 class=\"post_meta\">\n                                                                                <a style=\"color: #e0094b\" class=\"post_tag\" href=\"?service=rebold-marketing\">Rebold Marketing<\/a>\n                                                                                                                                <a class=\"post_tag\" href=\"?topic=rebold-cares\">Rebold Cares<\/a>\n                                                                            <\/h2>\n                                <h3 class=\"post_title\"><a href=\"https:\/\/letsrebold.com\/es\/blog\/exito-de-colaboracion-con-la-fundacion-down-madrid\/\">\u00c9xito de colaboraci\u00f3n con la Fundaci\u00f3n Down Madrid<\/a><\/h3>\n                                <a class=\"post_link\" href=\"https:\/\/letsrebold.com\/es\/blog\/exito-de-colaboracion-con-la-fundacion-down-madrid\/\"><span>Leer m\u00e1s<\/span> <span class=\"ico-right\">M\u00e1s informaci\u00f3n<\/span><\/a>\n                            <\/article>\n                                                                        <article class=\"post \">\n                                <a class=\"post_image\" href=\"https:\/\/letsrebold.com\/es\/blog\/tendencias-de-comunicacion-2018\/\"><img loading=\"lazy\" decoding=\"async\" width=\"640\" height=\"272\" src=\"https:\/\/letsrebold.com\/wp-content\/uploads\/2022\/06\/tendencias-comunicacion-2018.jpg\" class=\"attachment-img-header size-img-header wp-post-image\" alt=\"\" srcset=\"https:\/\/letsrebold.com\/wp-content\/uploads\/2022\/06\/tendencias-comunicacion-2018.jpg 640w, https:\/\/letsrebold.com\/wp-content\/uploads\/2022\/06\/tendencias-comunicacion-2018-300x128.jpg 300w, https:\/\/letsrebold.com\/wp-content\/uploads\/2022\/06\/tendencias-comunicacion-2018-360x153.jpg 360w, https:\/\/letsrebold.com\/wp-content\/uploads\/2022\/06\/tendencias-comunicacion-2018-578x246.jpg 578w\" sizes=\"auto, (max-width: 640px) 100vw, 640px\" \/><\/a>\n                                <h2 class=\"post_meta\">\n                                                                                                                        <a class=\"post_tag\" href=\"?topic=comunicacion\">comunicacion<\/a>\n                                                                            <\/h2>\n                                <h3 class=\"post_title\"><a href=\"https:\/\/letsrebold.com\/es\/blog\/tendencias-de-comunicacion-2018\/\">Las 8 Tendencias de Comunicaci\u00f3n que marcar\u00e1n el 2018<\/a><\/h3>\n                                <a class=\"post_link\" href=\"https:\/\/letsrebold.com\/es\/blog\/tendencias-de-comunicacion-2018\/\"><span>Leer m\u00e1s<\/span> <span class=\"ico-right\">M\u00e1s informaci\u00f3n<\/span><\/a>\n                            <\/article>\n                                                                        <article class=\"post rebold-marketing\">\n                                <a class=\"post_image\" href=\"https:\/\/letsrebold.com\/es\/blog\/un-repaso-a-la-publicidad-digital-en-2017\/\"><img loading=\"lazy\" decoding=\"async\" width=\"900\" height=\"600\" src=\"https:\/\/letsrebold.com\/wp-content\/uploads\/2022\/06\/Holiday-eCommerce-purchase-with-credit-card-1-900x600.jpeg\" class=\"attachment-img-header size-img-header wp-post-image\" alt=\"\" srcset=\"https:\/\/letsrebold.com\/wp-content\/uploads\/2022\/06\/Holiday-eCommerce-purchase-with-credit-card-1-900x600.jpeg 900w, https:\/\/letsrebold.com\/wp-content\/uploads\/2022\/06\/Holiday-eCommerce-purchase-with-credit-card-1-300x200.jpeg 300w, https:\/\/letsrebold.com\/wp-content\/uploads\/2022\/06\/Holiday-eCommerce-purchase-with-credit-card-1-768x512.jpeg 768w, https:\/\/letsrebold.com\/wp-content\/uploads\/2022\/06\/Holiday-eCommerce-purchase-with-credit-card-1-1024x683.jpeg 1024w, https:\/\/letsrebold.com\/wp-content\/uploads\/2022\/06\/Holiday-eCommerce-purchase-with-credit-card-1-306x204.jpeg 306w, https:\/\/letsrebold.com\/wp-content\/uploads\/2022\/06\/Holiday-eCommerce-purchase-with-credit-card-1-360x240.jpeg 360w, https:\/\/letsrebold.com\/wp-content\/uploads\/2022\/06\/Holiday-eCommerce-purchase-with-credit-card-1-527x351.jpeg 527w, https:\/\/letsrebold.com\/wp-content\/uploads\/2022\/06\/Holiday-eCommerce-purchase-with-credit-card-1-573x382.jpeg 573w, https:\/\/letsrebold.com\/wp-content\/uploads\/2022\/06\/Holiday-eCommerce-purchase-with-credit-card-1.jpeg 1350w\" sizes=\"auto, (max-width: 900px) 100vw, 900px\" \/><\/a>\n                                <h2 class=\"post_meta\">\n                                                                                <a style=\"color: #e0094b\" class=\"post_tag\" href=\"?service=rebold-marketing\">Rebold Marketing<\/a>\n                                                                                                                                <a class=\"post_tag\" href=\"?topic=ad-fraud\">ad fraud<\/a>\n                                                                            <\/h2>\n                                <h3 class=\"post_title\"><a href=\"https:\/\/letsrebold.com\/es\/blog\/un-repaso-a-la-publicidad-digital-en-2017\/\">Un repaso a la publicidad digital en 2017<\/a><\/h3>\n                                <a class=\"post_link\" href=\"https:\/\/letsrebold.com\/es\/blog\/un-repaso-a-la-publicidad-digital-en-2017\/\"><span>Leer m\u00e1s<\/span> <span class=\"ico-right\">M\u00e1s informaci\u00f3n<\/span><\/a>\n                            <\/article>\n                                                                        <article class=\"post \">\n                                <a class=\"post_image\" href=\"https:\/\/letsrebold.com\/es\/blog\/digilant-analiza-los-habitos-y-comportamientos-de-los-consumidores\/\"><img loading=\"lazy\" decoding=\"async\" width=\"1061\" height=\"538\" src=\"https:\/\/letsrebold.com\/wp-content\/uploads\/2022\/06\/NDp-compras-navidenas-1061x538.png\" class=\"attachment-img-header size-img-header wp-post-image\" alt=\"\" srcset=\"https:\/\/letsrebold.com\/wp-content\/uploads\/2022\/06\/NDp-compras-navidenas-1061x538.png 1061w, https:\/\/letsrebold.com\/wp-content\/uploads\/2022\/06\/NDp-compras-navidenas-300x152.png 300w, https:\/\/letsrebold.com\/wp-content\/uploads\/2022\/06\/NDp-compras-navidenas-768x389.png 768w, https:\/\/letsrebold.com\/wp-content\/uploads\/2022\/06\/NDp-compras-navidenas-1024x519.png 1024w, https:\/\/letsrebold.com\/wp-content\/uploads\/2022\/06\/NDp-compras-navidenas-360x183.png 360w, https:\/\/letsrebold.com\/wp-content\/uploads\/2022\/06\/NDp-compras-navidenas-578x293.png 578w, https:\/\/letsrebold.com\/wp-content\/uploads\/2022\/06\/NDp-compras-navidenas-753x382.png 753w, https:\/\/letsrebold.com\/wp-content\/uploads\/2022\/06\/NDp-compras-navidenas.png 1128w\" sizes=\"auto, (max-width: 1061px) 100vw, 1061px\" \/><\/a>\n                                <h2 class=\"post_meta\">\n                                                                                                                        <a class=\"post_tag\" href=\"?topic=estudios\">Estudios<\/a>\n                                                                            <\/h2>\n                                <h3 class=\"post_title\"><a href=\"https:\/\/letsrebold.com\/es\/blog\/digilant-analiza-los-habitos-y-comportamientos-de-los-consumidores\/\">Digilant analiza los h\u00e1bitos y comportamientos de los consumidores<\/a><\/h3>\n                                <a class=\"post_link\" href=\"https:\/\/letsrebold.com\/es\/blog\/digilant-analiza-los-habitos-y-comportamientos-de-los-consumidores\/\"><span>Leer m\u00e1s<\/span> <span class=\"ico-right\">M\u00e1s informaci\u00f3n<\/span><\/a>\n                            <\/article>\n                                                                        <article class=\"post \">\n                                <a class=\"post_image\" href=\"https:\/\/letsrebold.com\/es\/blog\/21d-elecciones-catalanas-redes-sociales\/\"><img loading=\"lazy\" decoding=\"async\" width=\"642\" height=\"271\" src=\"https:\/\/letsrebold.com\/wp-content\/uploads\/2022\/06\/1513630603682-e1513702592233.jpg\" class=\"attachment-img-header size-img-header wp-post-image\" alt=\"\" srcset=\"https:\/\/letsrebold.com\/wp-content\/uploads\/2022\/06\/1513630603682-e1513702592233.jpg 642w, https:\/\/letsrebold.com\/wp-content\/uploads\/2022\/06\/1513630603682-e1513702592233-300x127.jpg 300w, https:\/\/letsrebold.com\/wp-content\/uploads\/2022\/06\/1513630603682-e1513702592233-360x152.jpg 360w, https:\/\/letsrebold.com\/wp-content\/uploads\/2022\/06\/1513630603682-e1513702592233-578x244.jpg 578w\" sizes=\"auto, (max-width: 642px) 100vw, 642px\" \/><\/a>\n                                <h2 class=\"post_meta\">\n                                                                                                                        <a class=\"post_tag\" href=\"?topic=estudios\">Estudios<\/a>\n                                                                            <\/h2>\n                                <h3 class=\"post_title\"><a href=\"https:\/\/letsrebold.com\/es\/blog\/21d-elecciones-catalanas-redes-sociales\/\">Elecciones 21D: Qu\u00e9 se habla en redes sociales<\/a><\/h3>\n                                <a class=\"post_link\" href=\"https:\/\/letsrebold.com\/es\/blog\/21d-elecciones-catalanas-redes-sociales\/\"><span>Leer m\u00e1s<\/span> <span class=\"ico-right\">M\u00e1s informaci\u00f3n<\/span><\/a>\n                            <\/article>\n                                    <\/div>\n                                    <nav class=\"links links-right\" id=\"loadmore_86\">\n                        <div class=\"container\">\n                            <a href=\"#\" class=\"loadmore\" value=\"86\"><span>Cargar m\u00e1s<\/span> <span class=\"ico-right\"><\/span><\/a>\n                        <\/div>\n                    <\/nav>\n                            <\/div>\n                                <div id=\"page_87\" class=\"d-none\">\n                <div class=\"container posts\">\n                                                                        <article class=\"post rebold-marketing\">\n                                <a class=\"post_image\" href=\"https:\/\/letsrebold.com\/es\/blog\/digilant-te-desea-felices-fiestas\/\"><img loading=\"lazy\" decoding=\"async\" width=\"1024\" height=\"576\" src=\"https:\/\/letsrebold.com\/wp-content\/uploads\/2022\/06\/digilant_Image_Xmas.17_SPA_Watch-Video.jpg\" class=\"attachment-img-header size-img-header wp-post-image\" alt=\"\" srcset=\"https:\/\/letsrebold.com\/wp-content\/uploads\/2022\/06\/digilant_Image_Xmas.17_SPA_Watch-Video.jpg 1024w, https:\/\/letsrebold.com\/wp-content\/uploads\/2022\/06\/digilant_Image_Xmas.17_SPA_Watch-Video-300x169.jpg 300w, https:\/\/letsrebold.com\/wp-content\/uploads\/2022\/06\/digilant_Image_Xmas.17_SPA_Watch-Video-768x432.jpg 768w, https:\/\/letsrebold.com\/wp-content\/uploads\/2022\/06\/digilant_Image_Xmas.17_SPA_Watch-Video-360x203.jpg 360w, https:\/\/letsrebold.com\/wp-content\/uploads\/2022\/06\/digilant_Image_Xmas.17_SPA_Watch-Video-578x325.jpg 578w, https:\/\/letsrebold.com\/wp-content\/uploads\/2022\/06\/digilant_Image_Xmas.17_SPA_Watch-Video-679x382.jpg 679w\" sizes=\"auto, (max-width: 1024px) 100vw, 1024px\" \/><\/a>\n                                <h2 class=\"post_meta\">\n                                                                                <a style=\"color: #e0094b\" class=\"post_tag\" href=\"?service=rebold-marketing\">Rebold Marketing<\/a>\n                                                                                                                                <a class=\"post_tag\" href=\"?topic=rebold-cares\">Rebold Cares<\/a>\n                                                                            <\/h2>\n                                <h3 class=\"post_title\"><a href=\"https:\/\/letsrebold.com\/es\/blog\/digilant-te-desea-felices-fiestas\/\">Digilant te desea Felices Fiestas!<\/a><\/h3>\n                                <a class=\"post_link\" href=\"https:\/\/letsrebold.com\/es\/blog\/digilant-te-desea-felices-fiestas\/\"><span>Leer m\u00e1s<\/span> <span class=\"ico-right\">M\u00e1s informaci\u00f3n<\/span><\/a>\n                            <\/article>\n                                                                        <article class=\"post rebold-marketing\">\n                                <a class=\"post_image\" href=\"https:\/\/letsrebold.com\/es\/blog\/david-grana-nuevo-cfo-del-grupo-ispdigital\/\"><img loading=\"lazy\" decoding=\"async\" width=\"450\" height=\"600\" src=\"https:\/\/letsrebold.com\/wp-content\/uploads\/2022\/06\/IMG_0447-1-450x600.jpg\" class=\"attachment-img-header size-img-header wp-post-image\" alt=\"\" srcset=\"https:\/\/letsrebold.com\/wp-content\/uploads\/2022\/06\/IMG_0447-1-450x600.jpg 450w, https:\/\/letsrebold.com\/wp-content\/uploads\/2022\/06\/IMG_0447-1-225x300.jpg 225w, https:\/\/letsrebold.com\/wp-content\/uploads\/2022\/06\/IMG_0447-1-768x1024.jpg 768w, https:\/\/letsrebold.com\/wp-content\/uploads\/2022\/06\/IMG_0447-1-153x204.jpg 153w, https:\/\/letsrebold.com\/wp-content\/uploads\/2022\/06\/IMG_0447-1-360x480.jpg 360w, https:\/\/letsrebold.com\/wp-content\/uploads\/2022\/06\/IMG_0447-1-263x351.jpg 263w, https:\/\/letsrebold.com\/wp-content\/uploads\/2022\/06\/IMG_0447-1-287x382.jpg 287w, https:\/\/letsrebold.com\/wp-content\/uploads\/2022\/06\/IMG_0447-1-1152x1536.jpg 1152w, https:\/\/letsrebold.com\/wp-content\/uploads\/2022\/06\/IMG_0447-1-1536x2048.jpg 1536w\" sizes=\"auto, (max-width: 450px) 100vw, 450px\" \/><\/a>\n                                <h2 class=\"post_meta\">\n                                                                                <a style=\"color: #e0094b\" class=\"post_tag\" href=\"?service=rebold-marketing\">Rebold Marketing<\/a>\n                                                                                                                                <a class=\"post_tag\" href=\"?topic=cfo\">CFO<\/a>\n                                                                            <\/h2>\n                                <h3 class=\"post_title\"><a href=\"https:\/\/letsrebold.com\/es\/blog\/david-grana-nuevo-cfo-del-grupo-ispdigital\/\">David Gra\u00f1a, nuevo CFO del Grupo ispDigital<\/a><\/h3>\n                                <a class=\"post_link\" href=\"https:\/\/letsrebold.com\/es\/blog\/david-grana-nuevo-cfo-del-grupo-ispdigital\/\"><span>Leer m\u00e1s<\/span> <span class=\"ico-right\">M\u00e1s informaci\u00f3n<\/span><\/a>\n                            <\/article>\n                                                                        <article class=\"post \">\n                                <a class=\"post_image\" href=\"https:\/\/letsrebold.com\/es\/blog\/insights-y-estadisticas-sobre-las-compras-de-navidad-para-profesionales-del-marketing-y-compradores-de-medios-infografia\/\"><img loading=\"lazy\" decoding=\"async\" width=\"168\" height=\"600\" src=\"https:\/\/letsrebold.com\/wp-content\/uploads\/2022\/06\/HOLIDAY-SHOPPING_PART-FOUR-01-1-168x600.jpg\" class=\"attachment-img-header size-img-header wp-post-image\" alt=\"\" srcset=\"https:\/\/letsrebold.com\/wp-content\/uploads\/2022\/06\/HOLIDAY-SHOPPING_PART-FOUR-01-1-168x600.jpg 168w, https:\/\/letsrebold.com\/wp-content\/uploads\/2022\/06\/HOLIDAY-SHOPPING_PART-FOUR-01-1-84x300.jpg 84w, https:\/\/letsrebold.com\/wp-content\/uploads\/2022\/06\/HOLIDAY-SHOPPING_PART-FOUR-01-1-768x2747.jpg 768w, https:\/\/letsrebold.com\/wp-content\/uploads\/2022\/06\/HOLIDAY-SHOPPING_PART-FOUR-01-1-57x204.jpg 57w, https:\/\/letsrebold.com\/wp-content\/uploads\/2022\/06\/HOLIDAY-SHOPPING_PART-FOUR-01-1-146x522.jpg 146w, https:\/\/letsrebold.com\/wp-content\/uploads\/2022\/06\/HOLIDAY-SHOPPING_PART-FOUR-01-1-98x351.jpg 98w, https:\/\/letsrebold.com\/wp-content\/uploads\/2022\/06\/HOLIDAY-SHOPPING_PART-FOUR-01-1-107x382.jpg 107w, https:\/\/letsrebold.com\/wp-content\/uploads\/2022\/06\/HOLIDAY-SHOPPING_PART-FOUR-01-1.jpg 1240w\" sizes=\"auto, (max-width: 168px) 100vw, 168px\" \/><\/a>\n                                <h2 class=\"post_meta\">\n                                                                                                                        <a class=\"post_tag\" href=\"?topic=audiencias\">audiencias<\/a>\n                                                                            <\/h2>\n                                <h3 class=\"post_title\"><a href=\"https:\/\/letsrebold.com\/es\/blog\/insights-y-estadisticas-sobre-las-compras-de-navidad-para-profesionales-del-marketing-y-compradores-de-medios-infografia\/\">Insights y Estad\u00edsticas sobre las Compras de Navidad para Profesionales del Marketing y Compradores de Medios \u2013 Infograf\u00eda<\/a><\/h3>\n                                <a class=\"post_link\" href=\"https:\/\/letsrebold.com\/es\/blog\/insights-y-estadisticas-sobre-las-compras-de-navidad-para-profesionales-del-marketing-y-compradores-de-medios-infografia\/\"><span>Leer m\u00e1s<\/span> <span class=\"ico-right\">M\u00e1s informaci\u00f3n<\/span><\/a>\n                            <\/article>\n                                                                        <article class=\"post \">\n                                <a class=\"post_image\" href=\"https:\/\/letsrebold.com\/es\/blog\/adaptar-mi-modelo-de-negocio-a-los-cambios-de-habito-del-consumidor\/\"><img loading=\"lazy\" decoding=\"async\" width=\"641\" height=\"271\" src=\"https:\/\/letsrebold.com\/wp-content\/uploads\/2022\/06\/DPyiN16W0AAVWlK-e1512656967583.jpg\" class=\"attachment-img-header size-img-header wp-post-image\" alt=\"\" srcset=\"https:\/\/letsrebold.com\/wp-content\/uploads\/2022\/06\/DPyiN16W0AAVWlK-e1512656967583.jpg 641w, https:\/\/letsrebold.com\/wp-content\/uploads\/2022\/06\/DPyiN16W0AAVWlK-e1512656967583-300x127.jpg 300w, https:\/\/letsrebold.com\/wp-content\/uploads\/2022\/06\/DPyiN16W0AAVWlK-e1512656967583-360x152.jpg 360w, https:\/\/letsrebold.com\/wp-content\/uploads\/2022\/06\/DPyiN16W0AAVWlK-e1512656967583-578x244.jpg 578w\" sizes=\"auto, (max-width: 641px) 100vw, 641px\" \/><\/a>\n                                <h2 class=\"post_meta\">\n                                                                                                                        <a class=\"post_tag\" href=\"?topic=comunicacion\">comunicacion<\/a>\n                                                                            <\/h2>\n                                <h3 class=\"post_title\"><a href=\"https:\/\/letsrebold.com\/es\/blog\/adaptar-mi-modelo-de-negocio-a-los-cambios-de-habito-del-consumidor\/\">C\u00f3mo adaptar mi modelo de negocio a los cambios de h\u00e1bito del consumidor<\/a><\/h3>\n                                <a class=\"post_link\" href=\"https:\/\/letsrebold.com\/es\/blog\/adaptar-mi-modelo-de-negocio-a-los-cambios-de-habito-del-consumidor\/\"><span>Leer m\u00e1s<\/span> <span class=\"ico-right\">M\u00e1s informaci\u00f3n<\/span><\/a>\n                            <\/article>\n                                                                        <article class=\"post media-strategy-research, rebold-marketing\">\n                                <a class=\"post_image\" href=\"https:\/\/letsrebold.com\/es\/blog\/22570\/\"><img loading=\"lazy\" decoding=\"async\" width=\"157\" height=\"600\" src=\"https:\/\/letsrebold.com\/wp-content\/uploads\/2022\/06\/HOLIDAY-SHOPPING_PART-ONE-01-1-157x600.jpg\" class=\"attachment-img-header size-img-header wp-post-image\" alt=\"\" srcset=\"https:\/\/letsrebold.com\/wp-content\/uploads\/2022\/06\/HOLIDAY-SHOPPING_PART-ONE-01-1-157x600.jpg 157w, https:\/\/letsrebold.com\/wp-content\/uploads\/2022\/06\/HOLIDAY-SHOPPING_PART-ONE-01-1-768x2941.jpg 768w, https:\/\/letsrebold.com\/wp-content\/uploads\/2022\/06\/HOLIDAY-SHOPPING_PART-ONE-01-1-53x204.jpg 53w, https:\/\/letsrebold.com\/wp-content\/uploads\/2022\/06\/HOLIDAY-SHOPPING_PART-ONE-01-1-92x351.jpg 92w, https:\/\/letsrebold.com\/wp-content\/uploads\/2022\/06\/HOLIDAY-SHOPPING_PART-ONE-01-1-100x382.jpg 100w, https:\/\/letsrebold.com\/wp-content\/uploads\/2022\/06\/HOLIDAY-SHOPPING_PART-ONE-01-1-401x1536.jpg 401w, https:\/\/letsrebold.com\/wp-content\/uploads\/2022\/06\/HOLIDAY-SHOPPING_PART-ONE-01-1-535x2048.jpg 535w, https:\/\/letsrebold.com\/wp-content\/uploads\/2022\/06\/HOLIDAY-SHOPPING_PART-ONE-01-1.jpg 1240w\" sizes=\"auto, (max-width: 157px) 100vw, 157px\" \/><\/a>\n                                <h2 class=\"post_meta\">\n                                                                                <a style=\"color: #e0094b\" class=\"post_tag\" href=\"?service=rebold-marketing\">Rebold Marketing<\/a>\n                                                                                                                                <a class=\"post_tag\" href=\"?topic=compras-navidenas\">compras navide\u00f1as<\/a>\n                                                                            <\/h2>\n                                <h3 class=\"post_title\"><a href=\"https:\/\/letsrebold.com\/es\/blog\/22570\/\">Convirtiendo la program\u00e1tica en algo personal: 3 estrategias de compra para las Fiestas Navide\u00f1as \u2013 Infograf\u00eda<\/a><\/h3>\n                                <a class=\"post_link\" href=\"https:\/\/letsrebold.com\/es\/blog\/22570\/\"><span>Leer m\u00e1s<\/span> <span class=\"ico-right\">M\u00e1s informaci\u00f3n<\/span><\/a>\n                            <\/article>\n                                                                        <article class=\"post media-strategy-research, rebold-marketing\">\n                                <a class=\"post_image\" href=\"https:\/\/letsrebold.com\/es\/blog\/los-nueva-legislacion-europea-empezara-a-aplicarse-el-proximo-25-de-mayo\/\"><img loading=\"lazy\" decoding=\"async\" width=\"990\" height=\"526\" src=\"https:\/\/letsrebold.com\/wp-content\/uploads\/2022\/06\/LGPD-1.png\" class=\"attachment-img-header size-img-header wp-post-image\" alt=\"\" srcset=\"https:\/\/letsrebold.com\/wp-content\/uploads\/2022\/06\/LGPD-1.png 990w, https:\/\/letsrebold.com\/wp-content\/uploads\/2022\/06\/LGPD-1-300x159.png 300w, https:\/\/letsrebold.com\/wp-content\/uploads\/2022\/06\/LGPD-1-768x408.png 768w, https:\/\/letsrebold.com\/wp-content\/uploads\/2022\/06\/LGPD-1-360x191.png 360w, https:\/\/letsrebold.com\/wp-content\/uploads\/2022\/06\/LGPD-1-578x307.png 578w, https:\/\/letsrebold.com\/wp-content\/uploads\/2022\/06\/LGPD-1-719x382.png 719w\" sizes=\"auto, (max-width: 990px) 100vw, 990px\" \/><\/a>\n                                <h2 class=\"post_meta\">\n                                                                                <a style=\"color: #e0094b\" class=\"post_tag\" href=\"?service=rebold-marketing\">Rebold Marketing<\/a>\n                                                                                                                                <a class=\"post_tag\" href=\"?topic=aepd\">AEPD<\/a>\n                                                                            <\/h2>\n                                <h3 class=\"post_title\"><a href=\"https:\/\/letsrebold.com\/es\/blog\/los-nueva-legislacion-europea-empezara-a-aplicarse-el-proximo-25-de-mayo\/\">La nueva legislaci\u00f3n europea empezar\u00e1 a aplicarse el pr\u00f3ximo 25 de mayo<\/a><\/h3>\n                                <a class=\"post_link\" href=\"https:\/\/letsrebold.com\/es\/blog\/los-nueva-legislacion-europea-empezara-a-aplicarse-el-proximo-25-de-mayo\/\"><span>Leer m\u00e1s<\/span> <span class=\"ico-right\">M\u00e1s informaci\u00f3n<\/span><\/a>\n                            <\/article>\n                                    <\/div>\n                                    <nav class=\"links links-right\" id=\"loadmore_87\">\n                        <div class=\"container\">\n                            <a href=\"#\" class=\"loadmore\" value=\"87\"><span>Cargar m\u00e1s<\/span> <span class=\"ico-right\"><\/span><\/a>\n                        <\/div>\n                    <\/nav>\n                            <\/div>\n                                <div id=\"page_88\" class=\"d-none\">\n                <div class=\"container posts\">\n                                                                        <article class=\"post rebold-marketing\">\n                                <a class=\"post_image\" href=\"https:\/\/letsrebold.com\/es\/blog\/sesion-de-autonomia-de-desplazamiento-y-solucion-de-problemas\/\"><img loading=\"lazy\" decoding=\"async\" width=\"900\" height=\"598\" src=\"https:\/\/letsrebold.com\/wp-content\/uploads\/2022\/06\/super-1.jpg\" class=\"attachment-img-header size-img-header wp-post-image\" alt=\"\" srcset=\"https:\/\/letsrebold.com\/wp-content\/uploads\/2022\/06\/super-1.jpg 900w, https:\/\/letsrebold.com\/wp-content\/uploads\/2022\/06\/super-1-300x199.jpg 300w, https:\/\/letsrebold.com\/wp-content\/uploads\/2022\/06\/super-1-768x510.jpg 768w, https:\/\/letsrebold.com\/wp-content\/uploads\/2022\/06\/super-1-307x204.jpg 307w, https:\/\/letsrebold.com\/wp-content\/uploads\/2022\/06\/super-1-360x239.jpg 360w, https:\/\/letsrebold.com\/wp-content\/uploads\/2022\/06\/super-1-528x351.jpg 528w, https:\/\/letsrebold.com\/wp-content\/uploads\/2022\/06\/super-1-575x382.jpg 575w\" sizes=\"auto, (max-width: 900px) 100vw, 900px\" \/><\/a>\n                                <h2 class=\"post_meta\">\n                                                                                <a style=\"color: #e0094b\" class=\"post_tag\" href=\"?service=rebold-marketing\">Rebold Marketing<\/a>\n                                                                                                                                <a class=\"post_tag\" href=\"?topic=rebold-cares\">Rebold Cares<\/a>\n                                                                            <\/h2>\n                                <h3 class=\"post_title\"><a href=\"https:\/\/letsrebold.com\/es\/blog\/sesion-de-autonomia-de-desplazamiento-y-solucion-de-problemas\/\">Sesi\u00f3n de autonom\u00eda de desplazamiento y soluci\u00f3n de problemas.<\/a><\/h3>\n                                <a class=\"post_link\" href=\"https:\/\/letsrebold.com\/es\/blog\/sesion-de-autonomia-de-desplazamiento-y-solucion-de-problemas\/\"><span>Leer m\u00e1s<\/span> <span class=\"ico-right\">M\u00e1s informaci\u00f3n<\/span><\/a>\n                            <\/article>\n                                                                        <article class=\"post media-strategy-research, rebold-marketing\">\n                                <a class=\"post_image\" href=\"https:\/\/letsrebold.com\/es\/blog\/calling-all-marketers-6-reason-to-get-on-the-programmatic-buying-bandwagon-for-the-holidays-2\/\"><img loading=\"lazy\" decoding=\"async\" width=\"481\" height=\"600\" src=\"https:\/\/letsrebold.com\/wp-content\/uploads\/2022\/06\/pexels-photo-248492-1-481x600.jpeg\" class=\"attachment-img-header size-img-header wp-post-image\" alt=\"\" srcset=\"https:\/\/letsrebold.com\/wp-content\/uploads\/2022\/06\/pexels-photo-248492-1-481x600.jpeg 481w, https:\/\/letsrebold.com\/wp-content\/uploads\/2022\/06\/pexels-photo-248492-1-240x300.jpeg 240w, https:\/\/letsrebold.com\/wp-content\/uploads\/2022\/06\/pexels-photo-248492-1-163x204.jpeg 163w, https:\/\/letsrebold.com\/wp-content\/uploads\/2022\/06\/pexels-photo-248492-1-360x449.jpeg 360w, https:\/\/letsrebold.com\/wp-content\/uploads\/2022\/06\/pexels-photo-248492-1-281x351.jpeg 281w, https:\/\/letsrebold.com\/wp-content\/uploads\/2022\/06\/pexels-photo-248492-1-306x382.jpeg 306w, https:\/\/letsrebold.com\/wp-content\/uploads\/2022\/06\/pexels-photo-248492-1.jpeg 640w\" sizes=\"auto, (max-width: 481px) 100vw, 481px\" \/><\/a>\n                                <h2 class=\"post_meta\">\n                                                                                <a style=\"color: #e0094b\" class=\"post_tag\" href=\"?service=rebold-marketing\">Rebold Marketing<\/a>\n                                                                                                                                <a class=\"post_tag\" href=\"?topic=2017-consumer-shopping-data\">2017 consumer shopping data<\/a>\n                                                                            <\/h2>\n                                <h3 class=\"post_title\"><a href=\"https:\/\/letsrebold.com\/es\/blog\/calling-all-marketers-6-reason-to-get-on-the-programmatic-buying-bandwagon-for-the-holidays-2\/\">Llamada a los anunciantes: 6 razones para subirse al carro de la program\u00e1tica en estas fiestas<\/a><\/h3>\n                                <a class=\"post_link\" href=\"https:\/\/letsrebold.com\/es\/blog\/calling-all-marketers-6-reason-to-get-on-the-programmatic-buying-bandwagon-for-the-holidays-2\/\"><span>Leer m\u00e1s<\/span> <span class=\"ico-right\">M\u00e1s informaci\u00f3n<\/span><\/a>\n                            <\/article>\n                                                                        <article class=\"post estudios-de-reputacion, rebold-communication\">\n                                <a class=\"post_image\" href=\"https:\/\/letsrebold.com\/es\/blog\/como-conectar-con-el-consumidor\/\"><img loading=\"lazy\" decoding=\"async\" width=\"642\" height=\"271\" src=\"https:\/\/letsrebold.com\/wp-content\/uploads\/2022\/06\/atencion-cliente-e1511884690100.jpg\" class=\"attachment-img-header size-img-header wp-post-image\" alt=\"\" srcset=\"https:\/\/letsrebold.com\/wp-content\/uploads\/2022\/06\/atencion-cliente-e1511884690100.jpg 642w, https:\/\/letsrebold.com\/wp-content\/uploads\/2022\/06\/atencion-cliente-e1511884690100-300x127.jpg 300w, https:\/\/letsrebold.com\/wp-content\/uploads\/2022\/06\/atencion-cliente-e1511884690100-360x152.jpg 360w, https:\/\/letsrebold.com\/wp-content\/uploads\/2022\/06\/atencion-cliente-e1511884690100-578x244.jpg 578w\" sizes=\"auto, (max-width: 642px) 100vw, 642px\" \/><\/a>\n                                <h2 class=\"post_meta\">\n                                                                                <a style=\"color: #5ac4bb\" class=\"post_tag\" href=\"?service=rebold-communication\">Rebold Communication<\/a>\n                                                                                                                                <a class=\"post_tag\" href=\"?topic=comunidades-de-marca\">Comunidades de marca<\/a>\n                                                                            <\/h2>\n                                <h3 class=\"post_title\"><a href=\"https:\/\/letsrebold.com\/es\/blog\/como-conectar-con-el-consumidor\/\">C\u00f3mo conectar con el consumidor a trav\u00e9s de tus Puntos de Contacto<\/a><\/h3>\n                                <a class=\"post_link\" href=\"https:\/\/letsrebold.com\/es\/blog\/como-conectar-con-el-consumidor\/\"><span>Leer m\u00e1s<\/span> <span class=\"ico-right\">M\u00e1s informaci\u00f3n<\/span><\/a>\n                            <\/article>\n                                                                        <article class=\"post \">\n                                <a class=\"post_image\" href=\"https:\/\/letsrebold.com\/es\/blog\/digilant-analiza-los-habitos-intereses-y-preferencias-que-motivan-a-los-usuarios\/\"><img loading=\"lazy\" decoding=\"async\" width=\"600\" height=\"436\" src=\"https:\/\/letsrebold.com\/wp-content\/uploads\/2022\/06\/The-growing-share-of-holiday-shopping-online-in-Europe-1.png\" class=\"attachment-img-header size-img-header wp-post-image\" alt=\"\" srcset=\"https:\/\/letsrebold.com\/wp-content\/uploads\/2022\/06\/The-growing-share-of-holiday-shopping-online-in-Europe-1.png 600w, https:\/\/letsrebold.com\/wp-content\/uploads\/2022\/06\/The-growing-share-of-holiday-shopping-online-in-Europe-1-300x218.png 300w, https:\/\/letsrebold.com\/wp-content\/uploads\/2022\/06\/The-growing-share-of-holiday-shopping-online-in-Europe-1-281x204.png 281w, https:\/\/letsrebold.com\/wp-content\/uploads\/2022\/06\/The-growing-share-of-holiday-shopping-online-in-Europe-1-360x262.png 360w, https:\/\/letsrebold.com\/wp-content\/uploads\/2022\/06\/The-growing-share-of-holiday-shopping-online-in-Europe-1-483x351.png 483w, https:\/\/letsrebold.com\/wp-content\/uploads\/2022\/06\/The-growing-share-of-holiday-shopping-online-in-Europe-1-526x382.png 526w\" sizes=\"auto, (max-width: 600px) 100vw, 600px\" \/><\/a>\n                                <h2 class=\"post_meta\">\n                                                                                                                        <a class=\"post_tag\" href=\"?topic=estudios\">Estudios<\/a>\n                                                                            <\/h2>\n                                <h3 class=\"post_title\"><a href=\"https:\/\/letsrebold.com\/es\/blog\/digilant-analiza-los-habitos-intereses-y-preferencias-que-motivan-a-los-usuarios\/\">Digilant analiza los h\u00e1bitos, intereses y preferencias que motivan a los usuarios<\/a><\/h3>\n                                <a class=\"post_link\" href=\"https:\/\/letsrebold.com\/es\/blog\/digilant-analiza-los-habitos-intereses-y-preferencias-que-motivan-a-los-usuarios\/\"><span>Leer m\u00e1s<\/span> <span class=\"ico-right\">M\u00e1s informaci\u00f3n<\/span><\/a>\n                            <\/article>\n                                                                        <article class=\"post media-intelligence, rebold-communication\">\n                                <a class=\"post_image\" href=\"https:\/\/letsrebold.com\/es\/blog\/millenials-en-redes-sociales\/\"><img loading=\"lazy\" decoding=\"async\" width=\"642\" height=\"271\" src=\"https:\/\/letsrebold.com\/wp-content\/uploads\/2022\/06\/millennials-e1510669865542.jpg\" class=\"attachment-img-header size-img-header wp-post-image\" alt=\"\" srcset=\"https:\/\/letsrebold.com\/wp-content\/uploads\/2022\/06\/millennials-e1510669865542.jpg 642w, https:\/\/letsrebold.com\/wp-content\/uploads\/2022\/06\/millennials-e1510669865542-300x127.jpg 300w, https:\/\/letsrebold.com\/wp-content\/uploads\/2022\/06\/millennials-e1510669865542-360x152.jpg 360w, https:\/\/letsrebold.com\/wp-content\/uploads\/2022\/06\/millennials-e1510669865542-578x244.jpg 578w\" sizes=\"auto, (max-width: 642px) 100vw, 642px\" \/><\/a>\n                                <h2 class=\"post_meta\">\n                                                                                <a style=\"color: #5ac4bb\" class=\"post_tag\" href=\"?service=rebold-communication\">Rebold Communication<\/a>\n                                                                                                                                <a class=\"post_tag\" href=\"?topic=media-intelligence\">Media Intelligence<\/a>\n                                                                            <\/h2>\n                                <h3 class=\"post_title\"><a href=\"https:\/\/letsrebold.com\/es\/blog\/millenials-en-redes-sociales\/\">C\u00f3mo analizar a los Millennials en Redes Sociales<\/a><\/h3>\n                                <a class=\"post_link\" href=\"https:\/\/letsrebold.com\/es\/blog\/millenials-en-redes-sociales\/\"><span>Leer m\u00e1s<\/span> <span class=\"ico-right\">M\u00e1s informaci\u00f3n<\/span><\/a>\n                            <\/article>\n                                                                        <article class=\"post rebold-marketing, zero-party-data\">\n                                <a class=\"post_image\" href=\"https:\/\/letsrebold.com\/es\/blog\/sabes-que-tus-cookies-han-caducado\/\"><img loading=\"lazy\" decoding=\"async\" width=\"1061\" height=\"597\" src=\"https:\/\/letsrebold.com\/wp-content\/uploads\/2022\/06\/cookies-1-1061x597.jpg\" class=\"attachment-img-header size-img-header wp-post-image\" alt=\"\" srcset=\"https:\/\/letsrebold.com\/wp-content\/uploads\/2022\/06\/cookies-1-1061x597.jpg 1061w, https:\/\/letsrebold.com\/wp-content\/uploads\/2022\/06\/cookies-1-300x169.jpg 300w, https:\/\/letsrebold.com\/wp-content\/uploads\/2022\/06\/cookies-1-768x432.jpg 768w, https:\/\/letsrebold.com\/wp-content\/uploads\/2022\/06\/cookies-1-1024x576.jpg 1024w, https:\/\/letsrebold.com\/wp-content\/uploads\/2022\/06\/cookies-1-360x203.jpg 360w, https:\/\/letsrebold.com\/wp-content\/uploads\/2022\/06\/cookies-1-578x325.jpg 578w, https:\/\/letsrebold.com\/wp-content\/uploads\/2022\/06\/cookies-1-679x382.jpg 679w, https:\/\/letsrebold.com\/wp-content\/uploads\/2022\/06\/cookies-1.jpg 1280w\" sizes=\"auto, (max-width: 1061px) 100vw, 1061px\" \/><\/a>\n                                <h2 class=\"post_meta\">\n                                                                                <a style=\"color: #e0094b\" class=\"post_tag\" href=\"?service=rebold-marketing\">Rebold Marketing<\/a>\n                                                                                                                                <a class=\"post_tag\" href=\"?topic=data\">data<\/a>\n                                                                            <\/h2>\n                                <h3 class=\"post_title\"><a href=\"https:\/\/letsrebold.com\/es\/blog\/sabes-que-tus-cookies-han-caducado\/\">\u00bfSabes que tus cookies han caducado?<\/a><\/h3>\n                                <a class=\"post_link\" href=\"https:\/\/letsrebold.com\/es\/blog\/sabes-que-tus-cookies-han-caducado\/\"><span>Leer m\u00e1s<\/span> <span class=\"ico-right\">M\u00e1s informaci\u00f3n<\/span><\/a>\n                            <\/article>\n                                    <\/div>\n                                    <nav class=\"links links-right\" id=\"loadmore_88\">\n                        <div class=\"container\">\n                            <a href=\"#\" class=\"loadmore\" value=\"88\"><span>Cargar m\u00e1s<\/span> <span class=\"ico-right\"><\/span><\/a>\n                        <\/div>\n                    <\/nav>\n                            <\/div>\n                                <div id=\"page_89\" class=\"d-none\">\n                <div class=\"container posts\">\n                                                                        <article class=\"post \">\n                                <a class=\"post_image\" href=\"https:\/\/letsrebold.com\/es\/blog\/digilant-analiza-con-movistar-santander-melia-y-papa-johns-el-futuro-del-marketing-digital-basado-en-datos\/\"><img loading=\"lazy\" decoding=\"async\" width=\"800\" height=\"600\" src=\"https:\/\/letsrebold.com\/wp-content\/uploads\/2022\/06\/IMG_1578_mejorada-800x600.jpg\" class=\"attachment-img-header size-img-header wp-post-image\" alt=\"\" srcset=\"https:\/\/letsrebold.com\/wp-content\/uploads\/2022\/06\/IMG_1578_mejorada-800x600.jpg 800w, https:\/\/letsrebold.com\/wp-content\/uploads\/2022\/06\/IMG_1578_mejorada-300x225.jpg 300w, https:\/\/letsrebold.com\/wp-content\/uploads\/2022\/06\/IMG_1578_mejorada-768x576.jpg 768w, https:\/\/letsrebold.com\/wp-content\/uploads\/2022\/06\/IMG_1578_mejorada-1024x768.jpg 1024w, https:\/\/letsrebold.com\/wp-content\/uploads\/2022\/06\/IMG_1578_mejorada-272x204.jpg 272w, https:\/\/letsrebold.com\/wp-content\/uploads\/2022\/06\/IMG_1578_mejorada-360x270.jpg 360w, https:\/\/letsrebold.com\/wp-content\/uploads\/2022\/06\/IMG_1578_mejorada-468x351.jpg 468w, https:\/\/letsrebold.com\/wp-content\/uploads\/2022\/06\/IMG_1578_mejorada-510x382.jpg 510w, https:\/\/letsrebold.com\/wp-content\/uploads\/2022\/06\/IMG_1578_mejorada-1536x1151.jpg 1536w, https:\/\/letsrebold.com\/wp-content\/uploads\/2022\/06\/IMG_1578_mejorada-2048x1535.jpg 2048w\" sizes=\"auto, (max-width: 800px) 100vw, 800px\" \/><\/a>\n                                <h2 class=\"post_meta\">\n                                                                                                                        <a class=\"post_tag\" href=\"?topic=estudios\">Estudios<\/a>\n                                                                            <\/h2>\n                                <h3 class=\"post_title\"><a href=\"https:\/\/letsrebold.com\/es\/blog\/digilant-analiza-con-movistar-santander-melia-y-papa-johns-el-futuro-del-marketing-digital-basado-en-datos\/\">Rebold analiza con Movistar, Santander, Meli\u00e1 y Papa John\u2019s el futuro del marketing digital basado en datos<\/a><\/h3>\n                                <a class=\"post_link\" href=\"https:\/\/letsrebold.com\/es\/blog\/digilant-analiza-con-movistar-santander-melia-y-papa-johns-el-futuro-del-marketing-digital-basado-en-datos\/\"><span>Leer m\u00e1s<\/span> <span class=\"ico-right\">M\u00e1s informaci\u00f3n<\/span><\/a>\n                            <\/article>\n                                                                        <article class=\"post rebold-marketing\">\n                                <a class=\"post_image\" href=\"https:\/\/letsrebold.com\/es\/blog\/30-curiosidades\/\"><img loading=\"lazy\" decoding=\"async\" width=\"642\" height=\"229\" src=\"https:\/\/letsrebold.com\/wp-content\/uploads\/2022\/06\/banner-e1509965614687.jpg\" class=\"attachment-img-header size-img-header wp-post-image\" alt=\"\" srcset=\"https:\/\/letsrebold.com\/wp-content\/uploads\/2022\/06\/banner-e1509965614687.jpg 642w, https:\/\/letsrebold.com\/wp-content\/uploads\/2022\/06\/banner-e1509965614687-300x107.jpg 300w, https:\/\/letsrebold.com\/wp-content\/uploads\/2022\/06\/banner-e1509965614687-360x128.jpg 360w, https:\/\/letsrebold.com\/wp-content\/uploads\/2022\/06\/banner-e1509965614687-578x206.jpg 578w\" sizes=\"auto, (max-width: 642px) 100vw, 642px\" \/><\/a>\n                                <h2 class=\"post_meta\">\n                                                                                <a style=\"color: #e0094b\" class=\"post_tag\" href=\"?service=rebold-marketing\">Rebold Marketing<\/a>\n                                                                                                                                <a class=\"post_tag\" href=\"?topic=rebold\">Rebold<\/a>\n                                                                            <\/h2>\n                                <h3 class=\"post_title\"><a href=\"https:\/\/letsrebold.com\/es\/blog\/30-curiosidades\/\">30 curiosidades que no sab\u00edas sobre nosotros<\/a><\/h3>\n                                <a class=\"post_link\" href=\"https:\/\/letsrebold.com\/es\/blog\/30-curiosidades\/\"><span>Leer m\u00e1s<\/span> <span class=\"ico-right\">M\u00e1s informaci\u00f3n<\/span><\/a>\n                            <\/article>\n                                                                        <article class=\"post \">\n                                <a class=\"post_image\" href=\"https:\/\/letsrebold.com\/es\/blog\/digilant-analiza-el-posible-fraude-en-la-compra-automatizada-de-anuncios-2\/\"><\/a>\n                                <h2 class=\"post_meta\">\n                                                                                                                        <a class=\"post_tag\" href=\"?topic=estudios\">Estudios<\/a>\n                                                                            <\/h2>\n                                <h3 class=\"post_title\"><a href=\"https:\/\/letsrebold.com\/es\/blog\/digilant-analiza-el-posible-fraude-en-la-compra-automatizada-de-anuncios-2\/\">Digilant analiza el posible fraude en la compra automatizada de anuncios<\/a><\/h3>\n                                <a class=\"post_link\" href=\"https:\/\/letsrebold.com\/es\/blog\/digilant-analiza-el-posible-fraude-en-la-compra-automatizada-de-anuncios-2\/\"><span>Leer m\u00e1s<\/span> <span class=\"ico-right\">M\u00e1s informaci\u00f3n<\/span><\/a>\n                            <\/article>\n                                                                        <article class=\"post \">\n                                <a class=\"post_image\" href=\"https:\/\/letsrebold.com\/es\/blog\/digilant-analiza-el-posible-fraude-en-la-compra-automatizada-de-anuncios\/\"><img loading=\"lazy\" decoding=\"async\" width=\"1061\" height=\"588\" src=\"https:\/\/letsrebold.com\/wp-content\/uploads\/2022\/06\/riesgos-para-invertir-en-publicidad-programatica-1-1061x588.jpg\" class=\"attachment-img-header size-img-header wp-post-image\" alt=\"\" srcset=\"https:\/\/letsrebold.com\/wp-content\/uploads\/2022\/06\/riesgos-para-invertir-en-publicidad-programatica-1-1061x588.jpg 1061w, https:\/\/letsrebold.com\/wp-content\/uploads\/2022\/06\/riesgos-para-invertir-en-publicidad-programatica-1-300x166.jpg 300w, https:\/\/letsrebold.com\/wp-content\/uploads\/2022\/06\/riesgos-para-invertir-en-publicidad-programatica-1-768x426.jpg 768w, https:\/\/letsrebold.com\/wp-content\/uploads\/2022\/06\/riesgos-para-invertir-en-publicidad-programatica-1-1024x568.jpg 1024w, https:\/\/letsrebold.com\/wp-content\/uploads\/2022\/06\/riesgos-para-invertir-en-publicidad-programatica-1-360x200.jpg 360w, https:\/\/letsrebold.com\/wp-content\/uploads\/2022\/06\/riesgos-para-invertir-en-publicidad-programatica-1-578x320.jpg 578w, https:\/\/letsrebold.com\/wp-content\/uploads\/2022\/06\/riesgos-para-invertir-en-publicidad-programatica-1-689x382.jpg 689w, https:\/\/letsrebold.com\/wp-content\/uploads\/2022\/06\/riesgos-para-invertir-en-publicidad-programatica-1.jpg 1070w\" sizes=\"auto, (max-width: 1061px) 100vw, 1061px\" \/><\/a>\n                                <h2 class=\"post_meta\">\n                                                                                                                        <a class=\"post_tag\" href=\"?topic=activacion\">Activacion<\/a>\n                                                                            <\/h2>\n                                <h3 class=\"post_title\"><a href=\"https:\/\/letsrebold.com\/es\/blog\/digilant-analiza-el-posible-fraude-en-la-compra-automatizada-de-anuncios\/\">Digilant analiza el posible fraude en la compra automatizada de anuncios<\/a><\/h3>\n                                <a class=\"post_link\" href=\"https:\/\/letsrebold.com\/es\/blog\/digilant-analiza-el-posible-fraude-en-la-compra-automatizada-de-anuncios\/\"><span>Leer m\u00e1s<\/span> <span class=\"ico-right\">M\u00e1s informaci\u00f3n<\/span><\/a>\n                            <\/article>\n                                                                        <article class=\"post rebold-marketing\">\n                                <a class=\"post_image\" href=\"https:\/\/letsrebold.com\/es\/blog\/juegos-de-mesa-con-la-fundacion-down-madrid\/\"><img loading=\"lazy\" decoding=\"async\" width=\"620\" height=\"260\" src=\"https:\/\/letsrebold.com\/wp-content\/uploads\/2022\/06\/juego-de-memoria-620x260-2.jpg\" class=\"attachment-img-header size-img-header wp-post-image\" alt=\"\" srcset=\"https:\/\/letsrebold.com\/wp-content\/uploads\/2022\/06\/juego-de-memoria-620x260-2.jpg 620w, https:\/\/letsrebold.com\/wp-content\/uploads\/2022\/06\/juego-de-memoria-620x260-2-300x126.jpg 300w, https:\/\/letsrebold.com\/wp-content\/uploads\/2022\/06\/juego-de-memoria-620x260-2-360x151.jpg 360w, https:\/\/letsrebold.com\/wp-content\/uploads\/2022\/06\/juego-de-memoria-620x260-2-578x242.jpg 578w\" sizes=\"auto, (max-width: 620px) 100vw, 620px\" \/><\/a>\n                                <h2 class=\"post_meta\">\n                                                                                <a style=\"color: #e0094b\" class=\"post_tag\" href=\"?service=rebold-marketing\">Rebold Marketing<\/a>\n                                                                                                                                <a class=\"post_tag\" href=\"?topic=rebold-cares\">Rebold Cares<\/a>\n                                                                            <\/h2>\n                                <h3 class=\"post_title\"><a href=\"https:\/\/letsrebold.com\/es\/blog\/juegos-de-mesa-con-la-fundacion-down-madrid\/\">Juegos de mesa con la Fundaci\u00f3n Down Madrid<\/a><\/h3>\n                                <a class=\"post_link\" href=\"https:\/\/letsrebold.com\/es\/blog\/juegos-de-mesa-con-la-fundacion-down-madrid\/\"><span>Leer m\u00e1s<\/span> <span class=\"ico-right\">M\u00e1s informaci\u00f3n<\/span><\/a>\n                            <\/article>\n                                                                        <article class=\"post media-strategy-research, rebold-marketing\">\n                                <a class=\"post_image\" href=\"https:\/\/letsrebold.com\/es\/blog\/por-que-es-necesaria-la-medicion\/\"><img loading=\"lazy\" decoding=\"async\" width=\"642\" height=\"271\" src=\"https:\/\/letsrebold.com\/wp-content\/uploads\/2022\/06\/9dfbb353f82d9e400b6568ccdfcf7844_XL-e1508502540534.jpg\" class=\"attachment-img-header size-img-header wp-post-image\" alt=\"\" srcset=\"https:\/\/letsrebold.com\/wp-content\/uploads\/2022\/06\/9dfbb353f82d9e400b6568ccdfcf7844_XL-e1508502540534.jpg 642w, https:\/\/letsrebold.com\/wp-content\/uploads\/2022\/06\/9dfbb353f82d9e400b6568ccdfcf7844_XL-e1508502540534-300x127.jpg 300w, https:\/\/letsrebold.com\/wp-content\/uploads\/2022\/06\/9dfbb353f82d9e400b6568ccdfcf7844_XL-e1508502540534-360x152.jpg 360w, https:\/\/letsrebold.com\/wp-content\/uploads\/2022\/06\/9dfbb353f82d9e400b6568ccdfcf7844_XL-e1508502540534-578x244.jpg 578w\" sizes=\"auto, (max-width: 642px) 100vw, 642px\" \/><\/a>\n                                <h2 class=\"post_meta\">\n                                                                                <a style=\"color: #e0094b\" class=\"post_tag\" href=\"?service=rebold-marketing\">Rebold Marketing<\/a>\n                                                                                                                                <a class=\"post_tag\" href=\"?topic=analisis\">An\u00e1lisis<\/a>\n                                                                            <\/h2>\n                                <h3 class=\"post_title\"><a href=\"https:\/\/letsrebold.com\/es\/blog\/por-que-es-necesaria-la-medicion\/\">Por qu\u00e9 es necesaria la medici\u00f3n en comunicaci\u00f3n<\/a><\/h3>\n                                <a class=\"post_link\" href=\"https:\/\/letsrebold.com\/es\/blog\/por-que-es-necesaria-la-medicion\/\"><span>Leer m\u00e1s<\/span> <span class=\"ico-right\">M\u00e1s informaci\u00f3n<\/span><\/a>\n                            <\/article>\n                                    <\/div>\n                                    <nav class=\"links links-right\" id=\"loadmore_89\">\n                        <div class=\"container\">\n                            <a href=\"#\" class=\"loadmore\" value=\"89\"><span>Cargar m\u00e1s<\/span> <span class=\"ico-right\"><\/span><\/a>\n                        <\/div>\n                    <\/nav>\n                            <\/div>\n                                <div id=\"page_90\" class=\"d-none\">\n                <div class=\"container posts\">\n                                                                        <article class=\"post \">\n                                <a class=\"post_image\" href=\"https:\/\/letsrebold.com\/es\/blog\/tendencias-durante-el-buen-fin\/\"><img loading=\"lazy\" decoding=\"async\" width=\"240\" height=\"600\" src=\"https:\/\/letsrebold.com\/wp-content\/uploads\/2022\/06\/Internautas-durante-el-buen-fin-240x600.png\" class=\"attachment-img-header size-img-header wp-post-image\" alt=\"\" srcset=\"https:\/\/letsrebold.com\/wp-content\/uploads\/2022\/06\/Internautas-durante-el-buen-fin-240x600.png 240w, https:\/\/letsrebold.com\/wp-content\/uploads\/2022\/06\/Internautas-durante-el-buen-fin-120x300.png 120w, https:\/\/letsrebold.com\/wp-content\/uploads\/2022\/06\/Internautas-durante-el-buen-fin-768x1920.png 768w, https:\/\/letsrebold.com\/wp-content\/uploads\/2022\/06\/Internautas-durante-el-buen-fin-410x1024.png 410w, https:\/\/letsrebold.com\/wp-content\/uploads\/2022\/06\/Internautas-durante-el-buen-fin-82x204.png 82w, https:\/\/letsrebold.com\/wp-content\/uploads\/2022\/06\/Internautas-durante-el-buen-fin-209x522.png 209w, https:\/\/letsrebold.com\/wp-content\/uploads\/2022\/06\/Internautas-durante-el-buen-fin-140x351.png 140w, https:\/\/letsrebold.com\/wp-content\/uploads\/2022\/06\/Internautas-durante-el-buen-fin-153x382.png 153w, https:\/\/letsrebold.com\/wp-content\/uploads\/2022\/06\/Internautas-durante-el-buen-fin-614x1536.png 614w, https:\/\/letsrebold.com\/wp-content\/uploads\/2022\/06\/Internautas-durante-el-buen-fin.png 800w\" sizes=\"auto, (max-width: 240px) 100vw, 240px\" \/><\/a>\n                                <h2 class=\"post_meta\">\n                                                                                                                        <a class=\"post_tag\" href=\"?topic=estudios\">Estudios<\/a>\n                                                                            <\/h2>\n                                <h3 class=\"post_title\"><a href=\"https:\/\/letsrebold.com\/es\/blog\/tendencias-durante-el-buen-fin\/\">Tendencias durante el Buen Fin<\/a><\/h3>\n                                <a class=\"post_link\" href=\"https:\/\/letsrebold.com\/es\/blog\/tendencias-durante-el-buen-fin\/\"><span>Leer m\u00e1s<\/span> <span class=\"ico-right\">M\u00e1s informaci\u00f3n<\/span><\/a>\n                            <\/article>\n                                                                        <article class=\"post media-intelligence, rebold-communication\">\n                                <a class=\"post_image\" href=\"https:\/\/letsrebold.com\/es\/blog\/lanzamiento-nuevo-producto\/\"><img loading=\"lazy\" decoding=\"async\" width=\"642\" height=\"271\" src=\"https:\/\/letsrebold.com\/wp-content\/uploads\/2022\/06\/shutterstock_341004947-e1507540764831.jpg\" class=\"attachment-img-header size-img-header wp-post-image\" alt=\"\" srcset=\"https:\/\/letsrebold.com\/wp-content\/uploads\/2022\/06\/shutterstock_341004947-e1507540764831.jpg 642w, https:\/\/letsrebold.com\/wp-content\/uploads\/2022\/06\/shutterstock_341004947-e1507540764831-300x127.jpg 300w, https:\/\/letsrebold.com\/wp-content\/uploads\/2022\/06\/shutterstock_341004947-e1507540764831-360x152.jpg 360w, https:\/\/letsrebold.com\/wp-content\/uploads\/2022\/06\/shutterstock_341004947-e1507540764831-578x244.jpg 578w\" sizes=\"auto, (max-width: 642px) 100vw, 642px\" \/><\/a>\n                                <h2 class=\"post_meta\">\n                                                                                <a style=\"color: #5ac4bb\" class=\"post_tag\" href=\"?service=rebold-communication\">Rebold Communication<\/a>\n                                                                                                                                <a class=\"post_tag\" href=\"?topic=media-intelligence\">Media Intelligence<\/a>\n                                                                            <\/h2>\n                                <h3 class=\"post_title\"><a href=\"https:\/\/letsrebold.com\/es\/blog\/lanzamiento-nuevo-producto\/\">C\u00f3mo lanzar un nuevo producto al mercado<\/a><\/h3>\n                                <a class=\"post_link\" href=\"https:\/\/letsrebold.com\/es\/blog\/lanzamiento-nuevo-producto\/\"><span>Leer m\u00e1s<\/span> <span class=\"ico-right\">M\u00e1s informaci\u00f3n<\/span><\/a>\n                            <\/article>\n                                                                        <article class=\"post media-strategy-research, rebold-marketing\">\n                                <a class=\"post_image\" href=\"https:\/\/letsrebold.com\/es\/blog\/tecnologia-avanzada-y-acceso-a-todos-los-inventarios-los-aspectos-mas-valorados-por-las-marcas-cuando-contratan-a-una-agencia-de-publicidad-programatica\/\"><img loading=\"lazy\" decoding=\"async\" width=\"1000\" height=\"600\" src=\"https:\/\/letsrebold.com\/wp-content\/uploads\/2022\/06\/ndp-1000x600.jpg\" class=\"attachment-img-header size-img-header wp-post-image\" alt=\"\" srcset=\"https:\/\/letsrebold.com\/wp-content\/uploads\/2022\/06\/ndp-1000x600.jpg 1000w, https:\/\/letsrebold.com\/wp-content\/uploads\/2022\/06\/ndp-300x180.jpg 300w, https:\/\/letsrebold.com\/wp-content\/uploads\/2022\/06\/ndp-768x461.jpg 768w, https:\/\/letsrebold.com\/wp-content\/uploads\/2022\/06\/ndp-1024x614.jpg 1024w, https:\/\/letsrebold.com\/wp-content\/uploads\/2022\/06\/ndp-340x204.jpg 340w, https:\/\/letsrebold.com\/wp-content\/uploads\/2022\/06\/ndp-360x216.jpg 360w, https:\/\/letsrebold.com\/wp-content\/uploads\/2022\/06\/ndp-578x347.jpg 578w, https:\/\/letsrebold.com\/wp-content\/uploads\/2022\/06\/ndp-637x382.jpg 637w, https:\/\/letsrebold.com\/wp-content\/uploads\/2022\/06\/ndp-1536x922.jpg 1536w, https:\/\/letsrebold.com\/wp-content\/uploads\/2022\/06\/ndp-2048x1229.jpg 2048w\" sizes=\"auto, (max-width: 1000px) 100vw, 1000px\" \/><\/a>\n                                <h2 class=\"post_meta\">\n                                                                                <a style=\"color: #e0094b\" class=\"post_tag\" href=\"?service=rebold-marketing\">Rebold Marketing<\/a>\n                                                                                                                                <a class=\"post_tag\" href=\"?topic=publicidad-programatica\">Publicidad Program\u00e1tica<\/a>\n                                                                            <\/h2>\n                                <h3 class=\"post_title\"><a href=\"https:\/\/letsrebold.com\/es\/blog\/tecnologia-avanzada-y-acceso-a-todos-los-inventarios-los-aspectos-mas-valorados-por-las-marcas-cuando-contratan-a-una-agencia-de-publicidad-programatica\/\">Tecnolog\u00eda avanzada y acceso a todos los inventarios, los aspectos m\u00e1s valorados por las marcas cuando contratan a una agencia de publicidad program\u00e1tica<\/a><\/h3>\n                                <a class=\"post_link\" href=\"https:\/\/letsrebold.com\/es\/blog\/tecnologia-avanzada-y-acceso-a-todos-los-inventarios-los-aspectos-mas-valorados-por-las-marcas-cuando-contratan-a-una-agencia-de-publicidad-programatica\/\"><span>Leer m\u00e1s<\/span> <span class=\"ico-right\">M\u00e1s informaci\u00f3n<\/span><\/a>\n                            <\/article>\n                                                                        <article class=\"post media-strategy-research, rebold-marketing\">\n                                <a class=\"post_image\" href=\"https:\/\/letsrebold.com\/es\/blog\/metricas-intangibles-empresas\/\"><img loading=\"lazy\" decoding=\"async\" width=\"642\" height=\"271\" src=\"https:\/\/letsrebold.com\/wp-content\/uploads\/2022\/06\/DSC_0168-e1507191983949.jpg\" class=\"attachment-img-header size-img-header wp-post-image\" alt=\"\" srcset=\"https:\/\/letsrebold.com\/wp-content\/uploads\/2022\/06\/DSC_0168-e1507191983949.jpg 642w, https:\/\/letsrebold.com\/wp-content\/uploads\/2022\/06\/DSC_0168-e1507191983949-300x127.jpg 300w, https:\/\/letsrebold.com\/wp-content\/uploads\/2022\/06\/DSC_0168-e1507191983949-360x152.jpg 360w, https:\/\/letsrebold.com\/wp-content\/uploads\/2022\/06\/DSC_0168-e1507191983949-578x244.jpg 578w\" sizes=\"auto, (max-width: 642px) 100vw, 642px\" \/><\/a>\n                                <h2 class=\"post_meta\">\n                                                                                <a style=\"color: #e0094b\" class=\"post_tag\" href=\"?service=rebold-marketing\">Rebold Marketing<\/a>\n                                                                                                                                <a class=\"post_tag\" href=\"?topic=analisis\">An\u00e1lisis<\/a>\n                                                                            <\/h2>\n                                <h3 class=\"post_title\"><a href=\"https:\/\/letsrebold.com\/es\/blog\/metricas-intangibles-empresas\/\">El valor de los intangibles en las empresas (JIM 2017)<\/a><\/h3>\n                                <a class=\"post_link\" href=\"https:\/\/letsrebold.com\/es\/blog\/metricas-intangibles-empresas\/\"><span>Leer m\u00e1s<\/span> <span class=\"ico-right\">M\u00e1s informaci\u00f3n<\/span><\/a>\n                            <\/article>\n                                                                        <article class=\"post media-strategy-research, rebold-marketing\">\n                                <a class=\"post_image\" href=\"https:\/\/letsrebold.com\/es\/blog\/publicidad-programatica-identificando-al-cliente-ideal\/\"><img loading=\"lazy\" decoding=\"async\" width=\"776\" height=\"600\" src=\"https:\/\/letsrebold.com\/wp-content\/uploads\/2022\/06\/Identificando-al-cliente-Ideal-776x600.png\" class=\"attachment-img-header size-img-header wp-post-image\" alt=\"\" srcset=\"https:\/\/letsrebold.com\/wp-content\/uploads\/2022\/06\/Identificando-al-cliente-Ideal-776x600.png 776w, https:\/\/letsrebold.com\/wp-content\/uploads\/2022\/06\/Identificando-al-cliente-Ideal-300x232.png 300w, https:\/\/letsrebold.com\/wp-content\/uploads\/2022\/06\/Identificando-al-cliente-Ideal-768x594.png 768w, https:\/\/letsrebold.com\/wp-content\/uploads\/2022\/06\/Identificando-al-cliente-Ideal-264x204.png 264w, https:\/\/letsrebold.com\/wp-content\/uploads\/2022\/06\/Identificando-al-cliente-Ideal-360x278.png 360w, https:\/\/letsrebold.com\/wp-content\/uploads\/2022\/06\/Identificando-al-cliente-Ideal-454x351.png 454w, https:\/\/letsrebold.com\/wp-content\/uploads\/2022\/06\/Identificando-al-cliente-Ideal-494x382.png 494w, https:\/\/letsrebold.com\/wp-content\/uploads\/2022\/06\/Identificando-al-cliente-Ideal.png 879w\" sizes=\"auto, (max-width: 776px) 100vw, 776px\" \/><\/a>\n                                <h2 class=\"post_meta\">\n                                                                                <a style=\"color: #e0094b\" class=\"post_tag\" href=\"?service=rebold-marketing\">Rebold Marketing<\/a>\n                                                                                                                                <a class=\"post_tag\" href=\"?topic=publicidad-programatica\">Publicidad Program\u00e1tica<\/a>\n                                                                            <\/h2>\n                                <h3 class=\"post_title\"><a href=\"https:\/\/letsrebold.com\/es\/blog\/publicidad-programatica-identificando-al-cliente-ideal\/\">Publicidad program\u00e1tica: identificando al cliente ideal<\/a><\/h3>\n                                <a class=\"post_link\" href=\"https:\/\/letsrebold.com\/es\/blog\/publicidad-programatica-identificando-al-cliente-ideal\/\"><span>Leer m\u00e1s<\/span> <span class=\"ico-right\">M\u00e1s informaci\u00f3n<\/span><\/a>\n                            <\/article>\n                                                                        <article class=\"post \">\n                                <a class=\"post_image\" href=\"https:\/\/letsrebold.com\/es\/blog\/digilant-moderara-un-panel-de-lujo-el-26-de-octubre-en-el-eshow-de-madrid\/\"><img loading=\"lazy\" decoding=\"async\" width=\"1061\" height=\"597\" src=\"https:\/\/letsrebold.com\/wp-content\/uploads\/2022\/06\/Foto-ponentes-Newsletter-1061x597.jpg\" class=\"attachment-img-header size-img-header wp-post-image\" alt=\"\" srcset=\"https:\/\/letsrebold.com\/wp-content\/uploads\/2022\/06\/Foto-ponentes-Newsletter-1061x597.jpg 1061w, https:\/\/letsrebold.com\/wp-content\/uploads\/2022\/06\/Foto-ponentes-Newsletter-300x169.jpg 300w, https:\/\/letsrebold.com\/wp-content\/uploads\/2022\/06\/Foto-ponentes-Newsletter-768x432.jpg 768w, https:\/\/letsrebold.com\/wp-content\/uploads\/2022\/06\/Foto-ponentes-Newsletter-1024x576.jpg 1024w, https:\/\/letsrebold.com\/wp-content\/uploads\/2022\/06\/Foto-ponentes-Newsletter-360x203.jpg 360w, https:\/\/letsrebold.com\/wp-content\/uploads\/2022\/06\/Foto-ponentes-Newsletter-578x325.jpg 578w, https:\/\/letsrebold.com\/wp-content\/uploads\/2022\/06\/Foto-ponentes-Newsletter-679x382.jpg 679w, https:\/\/letsrebold.com\/wp-content\/uploads\/2022\/06\/Foto-ponentes-Newsletter-1536x864.jpg 1536w, https:\/\/letsrebold.com\/wp-content\/uploads\/2022\/06\/Foto-ponentes-Newsletter.jpg 1920w\" sizes=\"auto, (max-width: 1061px) 100vw, 1061px\" \/><\/a>\n                                <h2 class=\"post_meta\">\n                                                                                                                        <a class=\"post_tag\" href=\"?topic=estudios\">Estudios<\/a>\n                                                                            <\/h2>\n                                <h3 class=\"post_title\"><a href=\"https:\/\/letsrebold.com\/es\/blog\/digilant-moderara-un-panel-de-lujo-el-26-de-octubre-en-el-eshow-de-madrid\/\">Digilant moderar\u00e1 un panel de lujo el 26 de Octubre en el eShow de Madrid<\/a><\/h3>\n                                <a class=\"post_link\" href=\"https:\/\/letsrebold.com\/es\/blog\/digilant-moderara-un-panel-de-lujo-el-26-de-octubre-en-el-eshow-de-madrid\/\"><span>Leer m\u00e1s<\/span> <span class=\"ico-right\">M\u00e1s informaci\u00f3n<\/span><\/a>\n                            <\/article>\n                                    <\/div>\n                                    <nav class=\"links links-right\" id=\"loadmore_90\">\n                        <div class=\"container\">\n                            <a href=\"#\" class=\"loadmore\" value=\"90\"><span>Cargar m\u00e1s<\/span> <span class=\"ico-right\"><\/span><\/a>\n                        <\/div>\n                    <\/nav>\n                            <\/div>\n                                <div id=\"page_91\" class=\"d-none\">\n                <div class=\"container posts\">\n                                                                        <article class=\"post \">\n                                <a class=\"post_image\" href=\"https:\/\/letsrebold.com\/es\/blog\/las-dos-caras-de-la-personalizacion\/\"><img loading=\"lazy\" decoding=\"async\" width=\"400\" height=\"230\" src=\"https:\/\/letsrebold.com\/wp-content\/uploads\/2022\/06\/Media_Buying_Tactics_Cross_Device.png\" class=\"attachment-img-header size-img-header wp-post-image\" alt=\"\" srcset=\"https:\/\/letsrebold.com\/wp-content\/uploads\/2022\/06\/Media_Buying_Tactics_Cross_Device.png 400w, https:\/\/letsrebold.com\/wp-content\/uploads\/2022\/06\/Media_Buying_Tactics_Cross_Device-300x173.png 300w, https:\/\/letsrebold.com\/wp-content\/uploads\/2022\/06\/Media_Buying_Tactics_Cross_Device-355x204.png 355w, https:\/\/letsrebold.com\/wp-content\/uploads\/2022\/06\/Media_Buying_Tactics_Cross_Device-360x207.png 360w\" sizes=\"auto, (max-width: 400px) 100vw, 400px\" \/><\/a>\n                                <h2 class=\"post_meta\">\n                                                                                                                        <a class=\"post_tag\" href=\"?topic=estudios\">Estudios<\/a>\n                                                                            <\/h2>\n                                <h3 class=\"post_title\"><a href=\"https:\/\/letsrebold.com\/es\/blog\/las-dos-caras-de-la-personalizacion\/\">Las dos caras de la personalizaci\u00f3n<\/a><\/h3>\n                                <a class=\"post_link\" href=\"https:\/\/letsrebold.com\/es\/blog\/las-dos-caras-de-la-personalizacion\/\"><span>Leer m\u00e1s<\/span> <span class=\"ico-right\">M\u00e1s informaci\u00f3n<\/span><\/a>\n                            <\/article>\n                                                                        <article class=\"post \">\n                                <a class=\"post_image\" href=\"https:\/\/letsrebold.com\/es\/blog\/responsabilidad-social-sector-bancario\/\"><img loading=\"lazy\" decoding=\"async\" width=\"642\" height=\"271\" src=\"https:\/\/letsrebold.com\/wp-content\/uploads\/2022\/06\/shutterstock_439214011-e1505378605452.jpg\" class=\"attachment-img-header size-img-header wp-post-image\" alt=\"\" srcset=\"https:\/\/letsrebold.com\/wp-content\/uploads\/2022\/06\/shutterstock_439214011-e1505378605452.jpg 642w, https:\/\/letsrebold.com\/wp-content\/uploads\/2022\/06\/shutterstock_439214011-e1505378605452-300x127.jpg 300w, https:\/\/letsrebold.com\/wp-content\/uploads\/2022\/06\/shutterstock_439214011-e1505378605452-360x152.jpg 360w, https:\/\/letsrebold.com\/wp-content\/uploads\/2022\/06\/shutterstock_439214011-e1505378605452-578x244.jpg 578w\" sizes=\"auto, (max-width: 642px) 100vw, 642px\" \/><\/a>\n                                <h2 class=\"post_meta\">\n                                                                                                                        <a class=\"post_tag\" href=\"?topic=reputacion-corporativa\">Reputaci\u00f3n Corporativa<\/a>\n                                                                            <\/h2>\n                                <h3 class=\"post_title\"><a href=\"https:\/\/letsrebold.com\/es\/blog\/responsabilidad-social-sector-bancario\/\">La Responsabilidad Social en el Sector Bancario<\/a><\/h3>\n                                <a class=\"post_link\" href=\"https:\/\/letsrebold.com\/es\/blog\/responsabilidad-social-sector-bancario\/\"><span>Leer m\u00e1s<\/span> <span class=\"ico-right\">M\u00e1s informaci\u00f3n<\/span><\/a>\n                            <\/article>\n                                                                        <article class=\"post \">\n                                <a class=\"post_image\" href=\"https:\/\/letsrebold.com\/es\/blog\/digilant-analiza-las-prioridades-de-los-anunciantes\/\"><img loading=\"lazy\" decoding=\"async\" width=\"100\" height=\"100\" src=\"https:\/\/letsrebold.com\/wp-content\/uploads\/2022\/06\/target.png\" class=\"attachment-img-header size-img-header wp-post-image\" alt=\"\" \/><\/a>\n                                <h2 class=\"post_meta\">\n                                                                                                                        <a class=\"post_tag\" href=\"?topic=notas-de-prensa\">Notas de Prensa<\/a>\n                                                                            <\/h2>\n                                <h3 class=\"post_title\"><a href=\"https:\/\/letsrebold.com\/es\/blog\/digilant-analiza-las-prioridades-de-los-anunciantes\/\">Digilant analiza las prioridades de los anunciantes<\/a><\/h3>\n                                <a class=\"post_link\" href=\"https:\/\/letsrebold.com\/es\/blog\/digilant-analiza-las-prioridades-de-los-anunciantes\/\"><span>Leer m\u00e1s<\/span> <span class=\"ico-right\">M\u00e1s informaci\u00f3n<\/span><\/a>\n                            <\/article>\n                                                                        <article class=\"post \">\n                                <a class=\"post_image\" href=\"https:\/\/letsrebold.com\/es\/blog\/prensa-aliada-de-tu-marca\/\"><img loading=\"lazy\" decoding=\"async\" width=\"642\" height=\"428\" src=\"https:\/\/letsrebold.com\/wp-content\/uploads\/2022\/06\/shutterstock_472324801-e1504791867488.jpg\" class=\"attachment-img-header size-img-header wp-post-image\" alt=\"\" srcset=\"https:\/\/letsrebold.com\/wp-content\/uploads\/2022\/06\/shutterstock_472324801-e1504791867488.jpg 642w, https:\/\/letsrebold.com\/wp-content\/uploads\/2022\/06\/shutterstock_472324801-e1504791867488-300x200.jpg 300w, https:\/\/letsrebold.com\/wp-content\/uploads\/2022\/06\/shutterstock_472324801-e1504791867488-306x204.jpg 306w, https:\/\/letsrebold.com\/wp-content\/uploads\/2022\/06\/shutterstock_472324801-e1504791867488-360x240.jpg 360w, https:\/\/letsrebold.com\/wp-content\/uploads\/2022\/06\/shutterstock_472324801-e1504791867488-527x351.jpg 527w, https:\/\/letsrebold.com\/wp-content\/uploads\/2022\/06\/shutterstock_472324801-e1504791867488-573x382.jpg 573w\" sizes=\"auto, (max-width: 642px) 100vw, 642px\" \/><\/a>\n                                <h2 class=\"post_meta\">\n                                                                                                                        <a class=\"post_tag\" href=\"?topic=comunicacion\">comunicacion<\/a>\n                                                                            <\/h2>\n                                <h3 class=\"post_title\"><a href=\"https:\/\/letsrebold.com\/es\/blog\/prensa-aliada-de-tu-marca\/\">C\u00f3mo convertir a la prensa en aliada de tu marca<\/a><\/h3>\n                                <a class=\"post_link\" href=\"https:\/\/letsrebold.com\/es\/blog\/prensa-aliada-de-tu-marca\/\"><span>Leer m\u00e1s<\/span> <span class=\"ico-right\">M\u00e1s informaci\u00f3n<\/span><\/a>\n                            <\/article>\n                                                                        <article class=\"post \">\n                                <a class=\"post_image\" href=\"https:\/\/letsrebold.com\/es\/blog\/vuelta-al-cole-el-60-de-los-padres-realizaran-durante-el-mes-de-agosto-las-compras-necesarias\/\"><img loading=\"lazy\" decoding=\"async\" width=\"785\" height=\"600\" src=\"https:\/\/letsrebold.com\/wp-content\/uploads\/2022\/06\/BTSinfographic1-785x600.png\" class=\"attachment-img-header size-img-header wp-post-image\" alt=\"\" srcset=\"https:\/\/letsrebold.com\/wp-content\/uploads\/2022\/06\/BTSinfographic1-785x600.png 785w, https:\/\/letsrebold.com\/wp-content\/uploads\/2022\/06\/BTSinfographic1-300x229.png 300w, https:\/\/letsrebold.com\/wp-content\/uploads\/2022\/06\/BTSinfographic1-768x587.png 768w, https:\/\/letsrebold.com\/wp-content\/uploads\/2022\/06\/BTSinfographic1-1024x783.png 1024w, https:\/\/letsrebold.com\/wp-content\/uploads\/2022\/06\/BTSinfographic1-267x204.png 267w, https:\/\/letsrebold.com\/wp-content\/uploads\/2022\/06\/BTSinfographic1-360x275.png 360w, https:\/\/letsrebold.com\/wp-content\/uploads\/2022\/06\/BTSinfographic1-459x351.png 459w, https:\/\/letsrebold.com\/wp-content\/uploads\/2022\/06\/BTSinfographic1-500x382.png 500w, https:\/\/letsrebold.com\/wp-content\/uploads\/2022\/06\/BTSinfographic1.png 1472w\" sizes=\"auto, (max-width: 785px) 100vw, 785px\" \/><\/a>\n                                <h2 class=\"post_meta\">\n                                                                                                                        <a class=\"post_tag\" href=\"?topic=estudios\">Estudios<\/a>\n                                                                            <\/h2>\n                                <h3 class=\"post_title\"><a href=\"https:\/\/letsrebold.com\/es\/blog\/vuelta-al-cole-el-60-de-los-padres-realizaran-durante-el-mes-de-agosto-las-compras-necesarias\/\">La mayor\u00eda de los padres aprovecha los \u00faltimos d\u00edas de agosto para completar sus compras de la \u201cVuelta al cole\u201d<\/a><\/h3>\n                                <a class=\"post_link\" href=\"https:\/\/letsrebold.com\/es\/blog\/vuelta-al-cole-el-60-de-los-padres-realizaran-durante-el-mes-de-agosto-las-compras-necesarias\/\"><span>Leer m\u00e1s<\/span> <span class=\"ico-right\">M\u00e1s informaci\u00f3n<\/span><\/a>\n                            <\/article>\n                                                                        <article class=\"post \">\n                                <a class=\"post_image\" href=\"https:\/\/letsrebold.com\/es\/blog\/las-dos-caras-de-la-personalizacion-2\/\"><img loading=\"lazy\" decoding=\"async\" width=\"250\" height=\"253\" src=\"https:\/\/letsrebold.com\/wp-content\/uploads\/2022\/06\/Media_Buying_Brand_Safety_Fraud_Protection-250x253-1.png\" class=\"attachment-img-header size-img-header wp-post-image\" alt=\"\" srcset=\"https:\/\/letsrebold.com\/wp-content\/uploads\/2022\/06\/Media_Buying_Brand_Safety_Fraud_Protection-250x253-1.png 250w, https:\/\/letsrebold.com\/wp-content\/uploads\/2022\/06\/Media_Buying_Brand_Safety_Fraud_Protection-250x253-1-202x204.png 202w\" sizes=\"auto, (max-width: 250px) 100vw, 250px\" \/><\/a>\n                                <h2 class=\"post_meta\">\n                                                                                                                        <a class=\"post_tag\" href=\"?topic=estudios\">Estudios<\/a>\n                                                                            <\/h2>\n                                <h3 class=\"post_title\"><a href=\"https:\/\/letsrebold.com\/es\/blog\/las-dos-caras-de-la-personalizacion-2\/\">Nuestros datos en Internet, cada vez m\u00e1s seguros<\/a><\/h3>\n                                <a class=\"post_link\" href=\"https:\/\/letsrebold.com\/es\/blog\/las-dos-caras-de-la-personalizacion-2\/\"><span>Leer m\u00e1s<\/span> <span class=\"ico-right\">M\u00e1s informaci\u00f3n<\/span><\/a>\n                            <\/article>\n                                    <\/div>\n                                    <nav class=\"links links-right\" id=\"loadmore_91\">\n                        <div class=\"container\">\n                            <a href=\"#\" class=\"loadmore\" value=\"91\"><span>Cargar m\u00e1s<\/span> <span class=\"ico-right\"><\/span><\/a>\n                        <\/div>\n                    <\/nav>\n                            <\/div>\n                                <div id=\"page_92\" class=\"d-none\">\n                <div class=\"container posts\">\n                                                                        <article class=\"post rebold-marketing\">\n                                <a class=\"post_image\" href=\"https:\/\/letsrebold.com\/es\/blog\/marketing-digital-pymes\/\"><img loading=\"lazy\" decoding=\"async\" width=\"642\" height=\"271\" src=\"https:\/\/letsrebold.com\/wp-content\/uploads\/2022\/06\/entrada-1-e1502960241920.jpg\" class=\"attachment-img-header size-img-header wp-post-image\" alt=\"\" srcset=\"https:\/\/letsrebold.com\/wp-content\/uploads\/2022\/06\/entrada-1-e1502960241920.jpg 642w, https:\/\/letsrebold.com\/wp-content\/uploads\/2022\/06\/entrada-1-e1502960241920-300x127.jpg 300w, https:\/\/letsrebold.com\/wp-content\/uploads\/2022\/06\/entrada-1-e1502960241920-360x152.jpg 360w, https:\/\/letsrebold.com\/wp-content\/uploads\/2022\/06\/entrada-1-e1502960241920-578x244.jpg 578w\" sizes=\"auto, (max-width: 642px) 100vw, 642px\" \/><\/a>\n                                <h2 class=\"post_meta\">\n                                                                                <a style=\"color: #e0094b\" class=\"post_tag\" href=\"?service=rebold-marketing\">Rebold Marketing<\/a>\n                                                                                                                                <a class=\"post_tag\" href=\"?topic=marketing-digital\">Marketing Digital<\/a>\n                                                                            <\/h2>\n                                <h3 class=\"post_title\"><a href=\"https:\/\/letsrebold.com\/es\/blog\/marketing-digital-pymes\/\">El buen uso del marketing digital para las Pymes<\/a><\/h3>\n                                <a class=\"post_link\" href=\"https:\/\/letsrebold.com\/es\/blog\/marketing-digital-pymes\/\"><span>Leer m\u00e1s<\/span> <span class=\"ico-right\">M\u00e1s informaci\u00f3n<\/span><\/a>\n                            <\/article>\n                                                                        <article class=\"post rebold-marketing\">\n                                <a class=\"post_image\" href=\"https:\/\/letsrebold.com\/es\/blog\/la-global-summit-de-amec-se-celebrara-en-barcelona-en-2018-y-tendra-como-anfitrion-a-acceso\/\"><img loading=\"lazy\" decoding=\"async\" width=\"642\" height=\"271\" src=\"https:\/\/letsrebold.com\/wp-content\/uploads\/2022\/06\/Barcelona-3-e1502359470144.jpg\" class=\"attachment-img-header size-img-header wp-post-image\" alt=\"\" srcset=\"https:\/\/letsrebold.com\/wp-content\/uploads\/2022\/06\/Barcelona-3-e1502359470144.jpg 642w, https:\/\/letsrebold.com\/wp-content\/uploads\/2022\/06\/Barcelona-3-e1502359470144-300x127.jpg 300w, https:\/\/letsrebold.com\/wp-content\/uploads\/2022\/06\/Barcelona-3-e1502359470144-360x152.jpg 360w, https:\/\/letsrebold.com\/wp-content\/uploads\/2022\/06\/Barcelona-3-e1502359470144-578x244.jpg 578w\" sizes=\"auto, (max-width: 642px) 100vw, 642px\" \/><\/a>\n                                <h2 class=\"post_meta\">\n                                                                                <a style=\"color: #e0094b\" class=\"post_tag\" href=\"?service=rebold-marketing\">Rebold Marketing<\/a>\n                                                                                                                                <a class=\"post_tag\" href=\"?topic=relaciones-publicas\">Relaciones p\u00fablicas<\/a>\n                                                                            <\/h2>\n                                <h3 class=\"post_title\"><a href=\"https:\/\/letsrebold.com\/es\/blog\/la-global-summit-de-amec-se-celebrara-en-barcelona-en-2018-y-tendra-como-anfitrion-a-acceso\/\">La Global Summit de AMEC se celebrar\u00e1 en Barcelona en junio de 2018 y tendr\u00e1 como anfitri\u00f3n a Acceso<\/a><\/h3>\n                                <a class=\"post_link\" href=\"https:\/\/letsrebold.com\/es\/blog\/la-global-summit-de-amec-se-celebrara-en-barcelona-en-2018-y-tendra-como-anfitrion-a-acceso\/\"><span>Leer m\u00e1s<\/span> <span class=\"ico-right\">M\u00e1s informaci\u00f3n<\/span><\/a>\n                            <\/article>\n                                                                        <article class=\"post media-strategy-research, rebold-marketing\">\n                                <a class=\"post_image\" href=\"https:\/\/letsrebold.com\/es\/blog\/el-marketing-programatico-como-pilar-de-la-publicidad-digital\/\"><img loading=\"lazy\" decoding=\"async\" width=\"400\" height=\"400\" src=\"https:\/\/letsrebold.com\/wp-content\/uploads\/2022\/06\/Sin-ti\u0301tulo-41.jpg\" class=\"attachment-img-header size-img-header wp-post-image\" alt=\"\" srcset=\"https:\/\/letsrebold.com\/wp-content\/uploads\/2022\/06\/Sin-ti\u0301tulo-41.jpg 400w, https:\/\/letsrebold.com\/wp-content\/uploads\/2022\/06\/Sin-ti\u0301tulo-41-150x150.jpg 150w, https:\/\/letsrebold.com\/wp-content\/uploads\/2022\/06\/Sin-ti\u0301tulo-41-300x300.jpg 300w, https:\/\/letsrebold.com\/wp-content\/uploads\/2022\/06\/Sin-ti\u0301tulo-41-204x204.jpg 204w, https:\/\/letsrebold.com\/wp-content\/uploads\/2022\/06\/Sin-ti\u0301tulo-41-360x360.jpg 360w, https:\/\/letsrebold.com\/wp-content\/uploads\/2022\/06\/Sin-ti\u0301tulo-41-351x351.jpg 351w, https:\/\/letsrebold.com\/wp-content\/uploads\/2022\/06\/Sin-ti\u0301tulo-41-382x382.jpg 382w\" sizes=\"auto, (max-width: 400px) 100vw, 400px\" \/><\/a>\n                                <h2 class=\"post_meta\">\n                                                                                <a style=\"color: #e0094b\" class=\"post_tag\" href=\"?service=rebold-marketing\">Rebold Marketing<\/a>\n                                                                                                                                <a class=\"post_tag\" href=\"?topic=cookies\">cookies<\/a>\n                                                                            <\/h2>\n                                <h3 class=\"post_title\"><a href=\"https:\/\/letsrebold.com\/es\/blog\/el-marketing-programatico-como-pilar-de-la-publicidad-digital\/\">El marketing program\u00e1tico como pilar de la publicidad digital<\/a><\/h3>\n                                <a class=\"post_link\" href=\"https:\/\/letsrebold.com\/es\/blog\/el-marketing-programatico-como-pilar-de-la-publicidad-digital\/\"><span>Leer m\u00e1s<\/span> <span class=\"ico-right\">M\u00e1s informaci\u00f3n<\/span><\/a>\n                            <\/article>\n                                                                        <article class=\"post media-strategy-research, rebold-marketing\">\n                                <a class=\"post_image\" href=\"https:\/\/letsrebold.com\/es\/blog\/como-humanizar-a-tu-marca-en-las-redes-sociales\/\"><img loading=\"lazy\" decoding=\"async\" width=\"642\" height=\"245\" src=\"https:\/\/letsrebold.com\/wp-content\/uploads\/2022\/06\/medidas-redes-sociales-2-e1501752601474.jpg\" class=\"attachment-img-header size-img-header wp-post-image\" alt=\"\" srcset=\"https:\/\/letsrebold.com\/wp-content\/uploads\/2022\/06\/medidas-redes-sociales-2-e1501752601474.jpg 642w, https:\/\/letsrebold.com\/wp-content\/uploads\/2022\/06\/medidas-redes-sociales-2-e1501752601474-300x114.jpg 300w, https:\/\/letsrebold.com\/wp-content\/uploads\/2022\/06\/medidas-redes-sociales-2-e1501752601474-360x137.jpg 360w, https:\/\/letsrebold.com\/wp-content\/uploads\/2022\/06\/medidas-redes-sociales-2-e1501752601474-578x221.jpg 578w\" sizes=\"auto, (max-width: 642px) 100vw, 642px\" \/><\/a>\n                                <h2 class=\"post_meta\">\n                                                                                <a style=\"color: #e0094b\" class=\"post_tag\" href=\"?service=rebold-marketing\">Rebold Marketing<\/a>\n                                                                                                                                <a class=\"post_tag\" href=\"?topic=social-media\">Social Media<\/a>\n                                                                            <\/h2>\n                                <h3 class=\"post_title\"><a href=\"https:\/\/letsrebold.com\/es\/blog\/como-humanizar-a-tu-marca-en-las-redes-sociales\/\">C\u00f3mo humanizar a tu marca en las Redes Sociales<\/a><\/h3>\n                                <a class=\"post_link\" href=\"https:\/\/letsrebold.com\/es\/blog\/como-humanizar-a-tu-marca-en-las-redes-sociales\/\"><span>Leer m\u00e1s<\/span> <span class=\"ico-right\">M\u00e1s informaci\u00f3n<\/span><\/a>\n                            <\/article>\n                                                                        <article class=\"post rebold-marketing\">\n                                <a class=\"post_image\" href=\"https:\/\/letsrebold.com\/es\/blog\/contratar-a-una-agencia-de-medios-digitales\/\"><img loading=\"lazy\" decoding=\"async\" width=\"636\" height=\"311\" src=\"https:\/\/letsrebold.com\/wp-content\/uploads\/2022\/06\/shift-media-buying-1.jpg\" class=\"attachment-img-header size-img-header wp-post-image\" alt=\"\" srcset=\"https:\/\/letsrebold.com\/wp-content\/uploads\/2022\/06\/shift-media-buying-1.jpg 636w, https:\/\/letsrebold.com\/wp-content\/uploads\/2022\/06\/shift-media-buying-1-300x147.jpg 300w, https:\/\/letsrebold.com\/wp-content\/uploads\/2022\/06\/shift-media-buying-1-360x176.jpg 360w, https:\/\/letsrebold.com\/wp-content\/uploads\/2022\/06\/shift-media-buying-1-578x283.jpg 578w\" sizes=\"auto, (max-width: 636px) 100vw, 636px\" \/><\/a>\n                                <h2 class=\"post_meta\">\n                                                                                <a style=\"color: #e0094b\" class=\"post_tag\" href=\"?service=rebold-marketing\">Rebold Marketing<\/a>\n                                                                                                                                <a class=\"post_tag\" href=\"?topic=contratar-una-agencia-de-medios-digitales\">contratar una agencia de medios digitales<\/a>\n                                                                            <\/h2>\n                                <h3 class=\"post_title\"><a href=\"https:\/\/letsrebold.com\/es\/blog\/contratar-a-una-agencia-de-medios-digitales\/\">C\u00f3mo contratar a una agencia de medios digitales<\/a><\/h3>\n                                <a class=\"post_link\" href=\"https:\/\/letsrebold.com\/es\/blog\/contratar-a-una-agencia-de-medios-digitales\/\"><span>Leer m\u00e1s<\/span> <span class=\"ico-right\">M\u00e1s informaci\u00f3n<\/span><\/a>\n                            <\/article>\n                                                                        <article class=\"post \">\n                                <a class=\"post_image\" href=\"https:\/\/letsrebold.com\/es\/blog\/los-siete-errores-mas-frecuentes-que-impiden-optimizar-las-campanas-de-publicidad-programatica\/\"><img loading=\"lazy\" decoding=\"async\" width=\"857\" height=\"600\" src=\"https:\/\/letsrebold.com\/wp-content\/uploads\/2022\/06\/ILUSTRACIONES-8A_2-26-1-857x600.jpg\" class=\"attachment-img-header size-img-header wp-post-image\" alt=\"\" srcset=\"https:\/\/letsrebold.com\/wp-content\/uploads\/2022\/06\/ILUSTRACIONES-8A_2-26-1-857x600.jpg 857w, https:\/\/letsrebold.com\/wp-content\/uploads\/2022\/06\/ILUSTRACIONES-8A_2-26-1-300x210.jpg 300w, https:\/\/letsrebold.com\/wp-content\/uploads\/2022\/06\/ILUSTRACIONES-8A_2-26-1-768x538.jpg 768w, https:\/\/letsrebold.com\/wp-content\/uploads\/2022\/06\/ILUSTRACIONES-8A_2-26-1-1024x717.jpg 1024w, https:\/\/letsrebold.com\/wp-content\/uploads\/2022\/06\/ILUSTRACIONES-8A_2-26-1-291x204.jpg 291w, https:\/\/letsrebold.com\/wp-content\/uploads\/2022\/06\/ILUSTRACIONES-8A_2-26-1-360x252.jpg 360w, https:\/\/letsrebold.com\/wp-content\/uploads\/2022\/06\/ILUSTRACIONES-8A_2-26-1-501x351.jpg 501w, https:\/\/letsrebold.com\/wp-content\/uploads\/2022\/06\/ILUSTRACIONES-8A_2-26-1-546x382.jpg 546w, https:\/\/letsrebold.com\/wp-content\/uploads\/2022\/06\/ILUSTRACIONES-8A_2-26-1-1536x1075.jpg 1536w, https:\/\/letsrebold.com\/wp-content\/uploads\/2022\/06\/ILUSTRACIONES-8A_2-26-1-2048x1434.jpg 2048w\" sizes=\"auto, (max-width: 857px) 100vw, 857px\" \/><\/a>\n                                <h2 class=\"post_meta\">\n                                                                                                                        <a class=\"post_tag\" href=\"?topic=notas-de-prensa\">Notas de Prensa<\/a>\n                                                                            <\/h2>\n                                <h3 class=\"post_title\"><a href=\"https:\/\/letsrebold.com\/es\/blog\/los-siete-errores-mas-frecuentes-que-impiden-optimizar-las-campanas-de-publicidad-programatica\/\">Los siete errores m\u00e1s frecuentes que impiden optimizar las campa\u00f1as de publicidad program\u00e1tica<\/a><\/h3>\n                                <a class=\"post_link\" href=\"https:\/\/letsrebold.com\/es\/blog\/los-siete-errores-mas-frecuentes-que-impiden-optimizar-las-campanas-de-publicidad-programatica\/\"><span>Leer m\u00e1s<\/span> <span class=\"ico-right\">M\u00e1s informaci\u00f3n<\/span><\/a>\n                            <\/article>\n                                    <\/div>\n                                    <nav class=\"links links-right\" id=\"loadmore_92\">\n                        <div class=\"container\">\n                            <a href=\"#\" class=\"loadmore\" value=\"92\"><span>Cargar m\u00e1s<\/span> <span class=\"ico-right\"><\/span><\/a>\n                        <\/div>\n                    <\/nav>\n                            <\/div>\n                                <div id=\"page_93\" class=\"d-none\">\n                <div class=\"container posts\">\n                                                                        <article class=\"post rebold-marketing\">\n                                <a class=\"post_image\" href=\"https:\/\/letsrebold.com\/es\/blog\/siete-errores-mas-frecuentes-que-impiden-optimizar-las-campanas-de-publicidad-programatica\/\"><img loading=\"lazy\" decoding=\"async\" width=\"1061\" height=\"480\" src=\"https:\/\/letsrebold.com\/wp-content\/uploads\/2022\/06\/7-errores_sm-1061x480.jpg\" class=\"attachment-img-header size-img-header wp-post-image\" alt=\"\" srcset=\"https:\/\/letsrebold.com\/wp-content\/uploads\/2022\/06\/7-errores_sm-1061x480.jpg 1061w, https:\/\/letsrebold.com\/wp-content\/uploads\/2022\/06\/7-errores_sm-300x136.jpg 300w, https:\/\/letsrebold.com\/wp-content\/uploads\/2022\/06\/7-errores_sm-768x347.jpg 768w, https:\/\/letsrebold.com\/wp-content\/uploads\/2022\/06\/7-errores_sm-1024x463.jpg 1024w, https:\/\/letsrebold.com\/wp-content\/uploads\/2022\/06\/7-errores_sm-360x163.jpg 360w, https:\/\/letsrebold.com\/wp-content\/uploads\/2022\/06\/7-errores_sm-578x261.jpg 578w, https:\/\/letsrebold.com\/wp-content\/uploads\/2022\/06\/7-errores_sm-761x344.jpg 761w, https:\/\/letsrebold.com\/wp-content\/uploads\/2022\/06\/7-errores_sm.jpg 1500w\" sizes=\"auto, (max-width: 1061px) 100vw, 1061px\" \/><\/a>\n                                <h2 class=\"post_meta\">\n                                                                                <a style=\"color: #e0094b\" class=\"post_tag\" href=\"?service=rebold-marketing\">Rebold Marketing<\/a>\n                                                                                                                                <a class=\"post_tag\" href=\"?topic=activacion\">Activacion<\/a>\n                                                                            <\/h2>\n                                <h3 class=\"post_title\"><a href=\"https:\/\/letsrebold.com\/es\/blog\/siete-errores-mas-frecuentes-que-impiden-optimizar-las-campanas-de-publicidad-programatica\/\">Los siete errores m\u00e1s frecuentes que impiden optimizar las campa\u00f1as de publicidad program\u00e1tica<\/a><\/h3>\n                                <a class=\"post_link\" href=\"https:\/\/letsrebold.com\/es\/blog\/siete-errores-mas-frecuentes-que-impiden-optimizar-las-campanas-de-publicidad-programatica\/\"><span>Leer m\u00e1s<\/span> <span class=\"ico-right\">M\u00e1s informaci\u00f3n<\/span><\/a>\n                            <\/article>\n                                                                        <article class=\"post rebold-marketing\">\n                                <a class=\"post_image\" href=\"https:\/\/letsrebold.com\/es\/blog\/acceso-organizara-junto-a-corporate-excellence-la-iii-jornada-de-innovacion-en-metricas-de-intangibles\/\"><img loading=\"lazy\" decoding=\"async\" width=\"831\" height=\"242\" src=\"https:\/\/letsrebold.com\/wp-content\/uploads\/2022\/06\/Banner-para-acceso.png\" class=\"attachment-img-header size-img-header wp-post-image\" alt=\"\" srcset=\"https:\/\/letsrebold.com\/wp-content\/uploads\/2022\/06\/Banner-para-acceso.png 831w, https:\/\/letsrebold.com\/wp-content\/uploads\/2022\/06\/Banner-para-acceso-300x87.png 300w, https:\/\/letsrebold.com\/wp-content\/uploads\/2022\/06\/Banner-para-acceso-768x224.png 768w, https:\/\/letsrebold.com\/wp-content\/uploads\/2022\/06\/Banner-para-acceso-360x105.png 360w, https:\/\/letsrebold.com\/wp-content\/uploads\/2022\/06\/Banner-para-acceso-578x168.png 578w, https:\/\/letsrebold.com\/wp-content\/uploads\/2022\/06\/Banner-para-acceso-761x222.png 761w\" sizes=\"auto, (max-width: 831px) 100vw, 831px\" \/><\/a>\n                                <h2 class=\"post_meta\">\n                                                                                <a style=\"color: #e0094b\" class=\"post_tag\" href=\"?service=rebold-marketing\">Rebold Marketing<\/a>\n                                                                                                                                <a class=\"post_tag\" href=\"?topic=relaciones-publicas\">Relaciones p\u00fablicas<\/a>\n                                                                            <\/h2>\n                                <h3 class=\"post_title\"><a href=\"https:\/\/letsrebold.com\/es\/blog\/acceso-organizara-junto-a-corporate-excellence-la-iii-jornada-de-innovacion-en-metricas-de-intangibles\/\">Acceso organizar\u00e1 junto a Corporate Excellence la JIM 2017<\/a><\/h3>\n                                <a class=\"post_link\" href=\"https:\/\/letsrebold.com\/es\/blog\/acceso-organizara-junto-a-corporate-excellence-la-iii-jornada-de-innovacion-en-metricas-de-intangibles\/\"><span>Leer m\u00e1s<\/span> <span class=\"ico-right\">M\u00e1s informaci\u00f3n<\/span><\/a>\n                            <\/article>\n                                                                        <article class=\"post media-intelligence, rebold-communication\">\n                                <a class=\"post_image\" href=\"https:\/\/letsrebold.com\/es\/blog\/como-llegar-a-los-millennials-de-una-forma-eficaz\/\"><img loading=\"lazy\" decoding=\"async\" width=\"642\" height=\"272\" src=\"https:\/\/letsrebold.com\/wp-content\/uploads\/2022\/06\/upn_blog_epec_millenials_21-jun-e1500538204165.jpg\" class=\"attachment-img-header size-img-header wp-post-image\" alt=\"\" srcset=\"https:\/\/letsrebold.com\/wp-content\/uploads\/2022\/06\/upn_blog_epec_millenials_21-jun-e1500538204165.jpg 642w, https:\/\/letsrebold.com\/wp-content\/uploads\/2022\/06\/upn_blog_epec_millenials_21-jun-e1500538204165-300x127.jpg 300w, https:\/\/letsrebold.com\/wp-content\/uploads\/2022\/06\/upn_blog_epec_millenials_21-jun-e1500538204165-360x153.jpg 360w, https:\/\/letsrebold.com\/wp-content\/uploads\/2022\/06\/upn_blog_epec_millenials_21-jun-e1500538204165-578x245.jpg 578w\" sizes=\"auto, (max-width: 642px) 100vw, 642px\" \/><\/a>\n                                <h2 class=\"post_meta\">\n                                                                                <a style=\"color: #5ac4bb\" class=\"post_tag\" href=\"?service=rebold-communication\">Rebold Communication<\/a>\n                                                                                                                                <a class=\"post_tag\" href=\"?topic=media-intelligence\">Media Intelligence<\/a>\n                                                                            <\/h2>\n                                <h3 class=\"post_title\"><a href=\"https:\/\/letsrebold.com\/es\/blog\/como-llegar-a-los-millennials-de-una-forma-eficaz\/\">C\u00f3mo piensan y qu\u00e9 hacer para conectar con los Millennials<\/a><\/h3>\n                                <a class=\"post_link\" href=\"https:\/\/letsrebold.com\/es\/blog\/como-llegar-a-los-millennials-de-una-forma-eficaz\/\"><span>Leer m\u00e1s<\/span> <span class=\"ico-right\">M\u00e1s informaci\u00f3n<\/span><\/a>\n                            <\/article>\n                                                                        <article class=\"post rebold-marketing, zero-party-data\">\n                                <a class=\"post_image\" href=\"https:\/\/letsrebold.com\/es\/blog\/uso-del-data-en-empresas\/\"><img loading=\"lazy\" decoding=\"async\" width=\"642\" height=\"271\" src=\"https:\/\/letsrebold.com\/wp-content\/uploads\/2022\/06\/SD_large_10-e1499761780891.jpg\" class=\"attachment-img-header size-img-header wp-post-image\" alt=\"\" srcset=\"https:\/\/letsrebold.com\/wp-content\/uploads\/2022\/06\/SD_large_10-e1499761780891.jpg 642w, https:\/\/letsrebold.com\/wp-content\/uploads\/2022\/06\/SD_large_10-e1499761780891-300x127.jpg 300w, https:\/\/letsrebold.com\/wp-content\/uploads\/2022\/06\/SD_large_10-e1499761780891-360x152.jpg 360w, https:\/\/letsrebold.com\/wp-content\/uploads\/2022\/06\/SD_large_10-e1499761780891-578x244.jpg 578w\" sizes=\"auto, (max-width: 642px) 100vw, 642px\" \/><\/a>\n                                <h2 class=\"post_meta\">\n                                                                                <a style=\"color: #e0094b\" class=\"post_tag\" href=\"?service=rebold-marketing\">Rebold Marketing<\/a>\n                                                                                                                                <a class=\"post_tag\" href=\"?topic=data\">data<\/a>\n                                                                            <\/h2>\n                                <h3 class=\"post_title\"><a href=\"https:\/\/letsrebold.com\/es\/blog\/uso-del-data-en-empresas\/\">El uso del Data en las empresas<\/a><\/h3>\n                                <a class=\"post_link\" href=\"https:\/\/letsrebold.com\/es\/blog\/uso-del-data-en-empresas\/\"><span>Leer m\u00e1s<\/span> <span class=\"ico-right\">M\u00e1s informaci\u00f3n<\/span><\/a>\n                            <\/article>\n                                                                        <article class=\"post rebold-marketing\">\n                                <a class=\"post_image\" href=\"https:\/\/letsrebold.com\/es\/blog\/implementacion-en-ecommerce\/\"><img loading=\"lazy\" decoding=\"async\" width=\"642\" height=\"272\" src=\"https:\/\/letsrebold.com\/wp-content\/uploads\/2022\/06\/banner-ecommerce.jpg\" class=\"attachment-img-header size-img-header wp-post-image\" alt=\"\" srcset=\"https:\/\/letsrebold.com\/wp-content\/uploads\/2022\/06\/banner-ecommerce.jpg 642w, https:\/\/letsrebold.com\/wp-content\/uploads\/2022\/06\/banner-ecommerce-300x127.jpg 300w, https:\/\/letsrebold.com\/wp-content\/uploads\/2022\/06\/banner-ecommerce-360x153.jpg 360w, https:\/\/letsrebold.com\/wp-content\/uploads\/2022\/06\/banner-ecommerce-578x245.jpg 578w\" sizes=\"auto, (max-width: 642px) 100vw, 642px\" \/><\/a>\n                                <h2 class=\"post_meta\">\n                                                                                <a style=\"color: #e0094b\" class=\"post_tag\" href=\"?service=rebold-marketing\">Rebold Marketing<\/a>\n                                                                                                                                <a class=\"post_tag\" href=\"?topic=ecommerce\">Ecommerce<\/a>\n                                                                            <\/h2>\n                                <h3 class=\"post_title\"><a href=\"https:\/\/letsrebold.com\/es\/blog\/implementacion-en-ecommerce\/\">La importancia de una buena implementaci\u00f3n en los Ecommerce<\/a><\/h3>\n                                <a class=\"post_link\" href=\"https:\/\/letsrebold.com\/es\/blog\/implementacion-en-ecommerce\/\"><span>Leer m\u00e1s<\/span> <span class=\"ico-right\">M\u00e1s informaci\u00f3n<\/span><\/a>\n                            <\/article>\n                                                                        <article class=\"post rebold-marketing, zero-party-data\">\n                                <a class=\"post_image\" href=\"https:\/\/letsrebold.com\/es\/blog\/cuales-son-los-retos-de-las-empresas-con-el-data\/\"><img loading=\"lazy\" decoding=\"async\" width=\"642\" height=\"271\" src=\"https:\/\/letsrebold.com\/wp-content\/uploads\/2022\/06\/shutterstock_110678513-e1498561680928.jpg\" class=\"attachment-img-header size-img-header wp-post-image\" alt=\"\" srcset=\"https:\/\/letsrebold.com\/wp-content\/uploads\/2022\/06\/shutterstock_110678513-e1498561680928.jpg 642w, https:\/\/letsrebold.com\/wp-content\/uploads\/2022\/06\/shutterstock_110678513-e1498561680928-300x127.jpg 300w, https:\/\/letsrebold.com\/wp-content\/uploads\/2022\/06\/shutterstock_110678513-e1498561680928-360x152.jpg 360w, https:\/\/letsrebold.com\/wp-content\/uploads\/2022\/06\/shutterstock_110678513-e1498561680928-578x244.jpg 578w\" sizes=\"auto, (max-width: 642px) 100vw, 642px\" \/><\/a>\n                                <h2 class=\"post_meta\">\n                                                                                <a style=\"color: #e0094b\" class=\"post_tag\" href=\"?service=rebold-marketing\">Rebold Marketing<\/a>\n                                                                                                                                <a class=\"post_tag\" href=\"?topic=data\">data<\/a>\n                                                                            <\/h2>\n                                <h3 class=\"post_title\"><a href=\"https:\/\/letsrebold.com\/es\/blog\/cuales-son-los-retos-de-las-empresas-con-el-data\/\">\u00bfCu\u00e1les son los retos de las empresas con el Data?<\/a><\/h3>\n                                <a class=\"post_link\" href=\"https:\/\/letsrebold.com\/es\/blog\/cuales-son-los-retos-de-las-empresas-con-el-data\/\"><span>Leer m\u00e1s<\/span> <span class=\"ico-right\">M\u00e1s informaci\u00f3n<\/span><\/a>\n                            <\/article>\n                                    <\/div>\n                                    <nav class=\"links links-right\" id=\"loadmore_93\">\n                        <div class=\"container\">\n                            <a href=\"#\" class=\"loadmore\" value=\"93\"><span>Cargar m\u00e1s<\/span> <span class=\"ico-right\"><\/span><\/a>\n                        <\/div>\n                    <\/nav>\n                            <\/div>\n                                <div id=\"page_94\" class=\"d-none\">\n                <div class=\"container posts\">\n                                                                        <article class=\"post rebold-marketing\">\n                                <a class=\"post_image\" href=\"https:\/\/letsrebold.com\/es\/blog\/working-experience-during-a-month-in-digilant-2\/\"><img loading=\"lazy\" decoding=\"async\" width=\"800\" height=\"600\" src=\"https:\/\/letsrebold.com\/wp-content\/uploads\/2022\/06\/Digilant-Cares-Marta-Amigo-e1498059399250-1-800x600.png\" class=\"attachment-img-header size-img-header wp-post-image\" alt=\"\" srcset=\"https:\/\/letsrebold.com\/wp-content\/uploads\/2022\/06\/Digilant-Cares-Marta-Amigo-e1498059399250-1-800x600.png 800w, https:\/\/letsrebold.com\/wp-content\/uploads\/2022\/06\/Digilant-Cares-Marta-Amigo-e1498059399250-1-300x225.png 300w, https:\/\/letsrebold.com\/wp-content\/uploads\/2022\/06\/Digilant-Cares-Marta-Amigo-e1498059399250-1-768x576.png 768w, https:\/\/letsrebold.com\/wp-content\/uploads\/2022\/06\/Digilant-Cares-Marta-Amigo-e1498059399250-1-1024x768.png 1024w, https:\/\/letsrebold.com\/wp-content\/uploads\/2022\/06\/Digilant-Cares-Marta-Amigo-e1498059399250-1-272x204.png 272w, https:\/\/letsrebold.com\/wp-content\/uploads\/2022\/06\/Digilant-Cares-Marta-Amigo-e1498059399250-1-360x270.png 360w, https:\/\/letsrebold.com\/wp-content\/uploads\/2022\/06\/Digilant-Cares-Marta-Amigo-e1498059399250-1-468x351.png 468w, https:\/\/letsrebold.com\/wp-content\/uploads\/2022\/06\/Digilant-Cares-Marta-Amigo-e1498059399250-1-509x382.png 509w, https:\/\/letsrebold.com\/wp-content\/uploads\/2022\/06\/Digilant-Cares-Marta-Amigo-e1498059399250-1-1536x1152.png 1536w, https:\/\/letsrebold.com\/wp-content\/uploads\/2022\/06\/Digilant-Cares-Marta-Amigo-e1498059399250-1.png 1600w\" sizes=\"auto, (max-width: 800px) 100vw, 800px\" \/><\/a>\n                                <h2 class=\"post_meta\">\n                                                                                <a style=\"color: #e0094b\" class=\"post_tag\" href=\"?service=rebold-marketing\">Rebold Marketing<\/a>\n                                                                                                                                <a class=\"post_tag\" href=\"?topic=rebold-cares\">Rebold Cares<\/a>\n                                                                            <\/h2>\n                                <h3 class=\"post_title\"><a href=\"https:\/\/letsrebold.com\/es\/blog\/working-experience-during-a-month-in-digilant-2\/\">Experiencia laboral en Digilant durante un mes<\/a><\/h3>\n                                <a class=\"post_link\" href=\"https:\/\/letsrebold.com\/es\/blog\/working-experience-during-a-month-in-digilant-2\/\"><span>Leer m\u00e1s<\/span> <span class=\"ico-right\">M\u00e1s informaci\u00f3n<\/span><\/a>\n                            <\/article>\n                                                                        <article class=\"post rebold-marketing\">\n                                <a class=\"post_image\" href=\"https:\/\/letsrebold.com\/es\/blog\/gestionar-dinero-con-jovenes-de-la-fundacion-down-madrid\/\"><img loading=\"lazy\" decoding=\"async\" width=\"259\" height=\"194\" src=\"https:\/\/letsrebold.com\/wp-content\/uploads\/2022\/06\/manejo-dinero-1-1.jpg\" class=\"attachment-img-header size-img-header wp-post-image\" alt=\"\" \/><\/a>\n                                <h2 class=\"post_meta\">\n                                                                                <a style=\"color: #e0094b\" class=\"post_tag\" href=\"?service=rebold-marketing\">Rebold Marketing<\/a>\n                                                                                                                                <a class=\"post_tag\" href=\"?topic=rebold-cares\">Rebold Cares<\/a>\n                                                                            <\/h2>\n                                <h3 class=\"post_title\"><a href=\"https:\/\/letsrebold.com\/es\/blog\/gestionar-dinero-con-jovenes-de-la-fundacion-down-madrid\/\">Gestionar dinero con j\u00f3venes de la Fundaci\u00f3n Down Madrid<\/a><\/h3>\n                                <a class=\"post_link\" href=\"https:\/\/letsrebold.com\/es\/blog\/gestionar-dinero-con-jovenes-de-la-fundacion-down-madrid\/\"><span>Leer m\u00e1s<\/span> <span class=\"ico-right\">M\u00e1s informaci\u00f3n<\/span><\/a>\n                            <\/article>\n                                                                        <article class=\"post rebold-marketing\">\n                                <a class=\"post_image\" href=\"https:\/\/letsrebold.com\/es\/blog\/nuestro-equipo-de-nineros-de-madrid\/\"><img loading=\"lazy\" decoding=\"async\" width=\"900\" height=\"600\" src=\"https:\/\/letsrebold.com\/wp-content\/uploads\/2022\/06\/Childcareservice-900x600.jpg\" class=\"attachment-img-header size-img-header wp-post-image\" alt=\"\" srcset=\"https:\/\/letsrebold.com\/wp-content\/uploads\/2022\/06\/Childcareservice-900x600.jpg 900w, https:\/\/letsrebold.com\/wp-content\/uploads\/2022\/06\/Childcareservice-300x200.jpg 300w, https:\/\/letsrebold.com\/wp-content\/uploads\/2022\/06\/Childcareservice-768x512.jpg 768w, https:\/\/letsrebold.com\/wp-content\/uploads\/2022\/06\/Childcareservice-1024x683.jpg 1024w, https:\/\/letsrebold.com\/wp-content\/uploads\/2022\/06\/Childcareservice-306x204.jpg 306w, https:\/\/letsrebold.com\/wp-content\/uploads\/2022\/06\/Childcareservice-360x240.jpg 360w, https:\/\/letsrebold.com\/wp-content\/uploads\/2022\/06\/Childcareservice-527x351.jpg 527w, https:\/\/letsrebold.com\/wp-content\/uploads\/2022\/06\/Childcareservice-573x382.jpg 573w, https:\/\/letsrebold.com\/wp-content\/uploads\/2022\/06\/Childcareservice.jpg 1350w\" sizes=\"auto, (max-width: 900px) 100vw, 900px\" \/><\/a>\n                                <h2 class=\"post_meta\">\n                                                                                <a style=\"color: #e0094b\" class=\"post_tag\" href=\"?service=rebold-marketing\">Rebold Marketing<\/a>\n                                                                                                                                <a class=\"post_tag\" href=\"?topic=rebold-cares\">Rebold Cares<\/a>\n                                                                            <\/h2>\n                                <h3 class=\"post_title\"><a href=\"https:\/\/letsrebold.com\/es\/blog\/nuestro-equipo-de-nineros-de-madrid\/\">Nuestro equipo de ni\u00f1eros de Madrid<\/a><\/h3>\n                                <a class=\"post_link\" href=\"https:\/\/letsrebold.com\/es\/blog\/nuestro-equipo-de-nineros-de-madrid\/\"><span>Leer m\u00e1s<\/span> <span class=\"ico-right\">M\u00e1s informaci\u00f3n<\/span><\/a>\n                            <\/article>\n                                                                        <article class=\"post media-strategy-research, rebold-marketing\">\n                                <a class=\"post_image\" href=\"https:\/\/letsrebold.com\/es\/blog\/el-futuro-de-la-publicidad-ya-no-es-programmatic-es-customatic\/\"><img loading=\"lazy\" decoding=\"async\" width=\"989\" height=\"600\" src=\"https:\/\/letsrebold.com\/wp-content\/uploads\/2017\/06\/00_Post-sin-imagen-989x600.jpg\" class=\"attachment-img-header size-img-header wp-post-image\" alt=\"\" srcset=\"https:\/\/letsrebold.com\/wp-content\/uploads\/2017\/06\/00_Post-sin-imagen-989x600.jpg 989w, https:\/\/letsrebold.com\/wp-content\/uploads\/2017\/06\/00_Post-sin-imagen-300x182.jpg 300w, https:\/\/letsrebold.com\/wp-content\/uploads\/2017\/06\/00_Post-sin-imagen-768x466.jpg 768w, https:\/\/letsrebold.com\/wp-content\/uploads\/2017\/06\/00_Post-sin-imagen-1024x622.jpg 1024w, https:\/\/letsrebold.com\/wp-content\/uploads\/2017\/06\/00_Post-sin-imagen-336x204.jpg 336w, https:\/\/letsrebold.com\/wp-content\/uploads\/2017\/06\/00_Post-sin-imagen-360x219.jpg 360w, https:\/\/letsrebold.com\/wp-content\/uploads\/2017\/06\/00_Post-sin-imagen-578x351.jpg 578w, https:\/\/letsrebold.com\/wp-content\/uploads\/2017\/06\/00_Post-sin-imagen-629x382.jpg 629w, https:\/\/letsrebold.com\/wp-content\/uploads\/2017\/06\/00_Post-sin-imagen.jpg 1440w\" sizes=\"auto, (max-width: 989px) 100vw, 989px\" \/><\/a>\n                                <h2 class=\"post_meta\">\n                                                                                <a style=\"color: #e0094b\" class=\"post_tag\" href=\"?service=rebold-marketing\">Rebold Marketing<\/a>\n                                                                                                                                <a class=\"post_tag\" href=\"?topic=publicidad-programatica\">Publicidad Program\u00e1tica<\/a>\n                                                                            <\/h2>\n                                <h3 class=\"post_title\"><a href=\"https:\/\/letsrebold.com\/es\/blog\/el-futuro-de-la-publicidad-ya-no-es-programmatic-es-customatic\/\">El futuro de la publicidad ya no es programmatic, es customatic<\/a><\/h3>\n                                <a class=\"post_link\" href=\"https:\/\/letsrebold.com\/es\/blog\/el-futuro-de-la-publicidad-ya-no-es-programmatic-es-customatic\/\"><span>Leer m\u00e1s<\/span> <span class=\"ico-right\">M\u00e1s informaci\u00f3n<\/span><\/a>\n                            <\/article>\n                                                                        <article class=\"post rebold-marketing\">\n                                <a class=\"post_image\" href=\"https:\/\/letsrebold.com\/es\/blog\/como-posicionar-tu-empresa-en-un-nuevo-mercado\/\"><img loading=\"lazy\" decoding=\"async\" width=\"642\" height=\"271\" src=\"https:\/\/letsrebold.com\/wp-content\/uploads\/2022\/06\/Portada-Post-e1496928723126.jpg\" class=\"attachment-img-header size-img-header wp-post-image\" alt=\"\" srcset=\"https:\/\/letsrebold.com\/wp-content\/uploads\/2022\/06\/Portada-Post-e1496928723126.jpg 642w, https:\/\/letsrebold.com\/wp-content\/uploads\/2022\/06\/Portada-Post-e1496928723126-300x127.jpg 300w, https:\/\/letsrebold.com\/wp-content\/uploads\/2022\/06\/Portada-Post-e1496928723126-360x152.jpg 360w, https:\/\/letsrebold.com\/wp-content\/uploads\/2022\/06\/Portada-Post-e1496928723126-578x244.jpg 578w\" sizes=\"auto, (max-width: 642px) 100vw, 642px\" \/><\/a>\n                                <h2 class=\"post_meta\">\n                                                                                <a style=\"color: #e0094b\" class=\"post_tag\" href=\"?service=rebold-marketing\">Rebold Marketing<\/a>\n                                                                                                                                <a class=\"post_tag\" href=\"?topic=marketing-digital\">Marketing Digital<\/a>\n                                                                            <\/h2>\n                                <h3 class=\"post_title\"><a href=\"https:\/\/letsrebold.com\/es\/blog\/como-posicionar-tu-empresa-en-un-nuevo-mercado\/\">C\u00f3mo posicionar a tu empresa en un nuevo mercado<\/a><\/h3>\n                                <a class=\"post_link\" href=\"https:\/\/letsrebold.com\/es\/blog\/como-posicionar-tu-empresa-en-un-nuevo-mercado\/\"><span>Leer m\u00e1s<\/span> <span class=\"ico-right\">M\u00e1s informaci\u00f3n<\/span><\/a>\n                            <\/article>\n                                                                        <article class=\"post rebold-marketing\">\n                                <a class=\"post_image\" href=\"https:\/\/letsrebold.com\/es\/blog\/como-preparar-el-bizcocho-casi-perfecto-del-marketing\/\"><img loading=\"lazy\" decoding=\"async\" width=\"989\" height=\"600\" src=\"https:\/\/letsrebold.com\/wp-content\/uploads\/2019\/04\/00_Post-sin-imagen-1-989x600.jpg\" class=\"attachment-img-header size-img-header wp-post-image\" alt=\"\" srcset=\"https:\/\/letsrebold.com\/wp-content\/uploads\/2019\/04\/00_Post-sin-imagen-1-989x600.jpg 989w, https:\/\/letsrebold.com\/wp-content\/uploads\/2019\/04\/00_Post-sin-imagen-1-300x182.jpg 300w, https:\/\/letsrebold.com\/wp-content\/uploads\/2019\/04\/00_Post-sin-imagen-1-768x466.jpg 768w, https:\/\/letsrebold.com\/wp-content\/uploads\/2019\/04\/00_Post-sin-imagen-1-1024x622.jpg 1024w, https:\/\/letsrebold.com\/wp-content\/uploads\/2019\/04\/00_Post-sin-imagen-1-336x204.jpg 336w, https:\/\/letsrebold.com\/wp-content\/uploads\/2019\/04\/00_Post-sin-imagen-1-360x219.jpg 360w, https:\/\/letsrebold.com\/wp-content\/uploads\/2019\/04\/00_Post-sin-imagen-1-578x351.jpg 578w, https:\/\/letsrebold.com\/wp-content\/uploads\/2019\/04\/00_Post-sin-imagen-1-629x382.jpg 629w, https:\/\/letsrebold.com\/wp-content\/uploads\/2019\/04\/00_Post-sin-imagen-1.jpg 1440w\" sizes=\"auto, (max-width: 989px) 100vw, 989px\" \/><\/a>\n                                <h2 class=\"post_meta\">\n                                                                                <a style=\"color: #e0094b\" class=\"post_tag\" href=\"?service=rebold-marketing\">Rebold Marketing<\/a>\n                                                                                                                                <a class=\"post_tag\" href=\"?topic=marketing-digital\">Marketing Digital<\/a>\n                                                                            <\/h2>\n                                <h3 class=\"post_title\"><a href=\"https:\/\/letsrebold.com\/es\/blog\/como-preparar-el-bizcocho-casi-perfecto-del-marketing\/\">C\u00f3mo Preparar el bizcocho (casi) perfecto del marketing<\/a><\/h3>\n                                <a class=\"post_link\" href=\"https:\/\/letsrebold.com\/es\/blog\/como-preparar-el-bizcocho-casi-perfecto-del-marketing\/\"><span>Leer m\u00e1s<\/span> <span class=\"ico-right\">M\u00e1s informaci\u00f3n<\/span><\/a>\n                            <\/article>\n                                    <\/div>\n                                    <nav class=\"links links-right\" id=\"loadmore_94\">\n                        <div class=\"container\">\n                            <a href=\"#\" class=\"loadmore\" value=\"94\"><span>Cargar m\u00e1s<\/span> <span class=\"ico-right\"><\/span><\/a>\n                        <\/div>\n                    <\/nav>\n                            <\/div>\n                                <div id=\"page_95\" class=\"d-none\">\n                <div class=\"container posts\">\n                                                                        <article class=\"post rebold-marketing\">\n                                <a class=\"post_image\" href=\"https:\/\/letsrebold.com\/es\/blog\/como-preparar-el-bizcocho-casi-perfecto-del-marketing-2\/\"><img loading=\"lazy\" decoding=\"async\" width=\"450\" height=\"600\" src=\"https:\/\/letsrebold.com\/wp-content\/uploads\/2022\/06\/14-marzo-2018-1-450x600.jpg\" class=\"attachment-img-header size-img-header wp-post-image\" alt=\"\" srcset=\"https:\/\/letsrebold.com\/wp-content\/uploads\/2022\/06\/14-marzo-2018-1-450x600.jpg 450w, https:\/\/letsrebold.com\/wp-content\/uploads\/2022\/06\/14-marzo-2018-1-225x300.jpg 225w, https:\/\/letsrebold.com\/wp-content\/uploads\/2022\/06\/14-marzo-2018-1-153x204.jpg 153w, https:\/\/letsrebold.com\/wp-content\/uploads\/2022\/06\/14-marzo-2018-1-360x480.jpg 360w, https:\/\/letsrebold.com\/wp-content\/uploads\/2022\/06\/14-marzo-2018-1-263x351.jpg 263w, https:\/\/letsrebold.com\/wp-content\/uploads\/2022\/06\/14-marzo-2018-1-287x382.jpg 287w, https:\/\/letsrebold.com\/wp-content\/uploads\/2022\/06\/14-marzo-2018-1.jpg 768w\" sizes=\"auto, (max-width: 450px) 100vw, 450px\" \/><\/a>\n                                <h2 class=\"post_meta\">\n                                                                                <a style=\"color: #e0094b\" class=\"post_tag\" href=\"?service=rebold-marketing\">Rebold Marketing<\/a>\n                                                                                                                                <a class=\"post_tag\" href=\"?topic=marketing-digital\">Marketing Digital<\/a>\n                                                                            <\/h2>\n                                <h3 class=\"post_title\"><a href=\"https:\/\/letsrebold.com\/es\/blog\/como-preparar-el-bizcocho-casi-perfecto-del-marketing-2\/\">C\u00f3mo preparar el bizcocho (casi) perfecto del marketing<\/a><\/h3>\n                                <a class=\"post_link\" href=\"https:\/\/letsrebold.com\/es\/blog\/como-preparar-el-bizcocho-casi-perfecto-del-marketing-2\/\"><span>Leer m\u00e1s<\/span> <span class=\"ico-right\">M\u00e1s informaci\u00f3n<\/span><\/a>\n                            <\/article>\n                                                                        <article class=\"post influencer-marketing, rebold-marketing\">\n                                <a class=\"post_image\" href=\"https:\/\/letsrebold.com\/es\/blog\/como-encontrar-a-tu-influencer-ideal\/\"><img loading=\"lazy\" decoding=\"async\" width=\"542\" height=\"229\" src=\"https:\/\/letsrebold.com\/wp-content\/uploads\/2022\/06\/Foto-influencer-e1495641472929.jpg\" class=\"attachment-img-header size-img-header wp-post-image\" alt=\"\" srcset=\"https:\/\/letsrebold.com\/wp-content\/uploads\/2022\/06\/Foto-influencer-e1495641472929.jpg 542w, https:\/\/letsrebold.com\/wp-content\/uploads\/2022\/06\/Foto-influencer-e1495641472929-300x127.jpg 300w, https:\/\/letsrebold.com\/wp-content\/uploads\/2022\/06\/Foto-influencer-e1495641472929-360x152.jpg 360w\" sizes=\"auto, (max-width: 542px) 100vw, 542px\" \/><\/a>\n                                <h2 class=\"post_meta\">\n                                                                                <a style=\"color: #e0094b\" class=\"post_tag\" href=\"?service=rebold-marketing\">Rebold Marketing<\/a>\n                                                                                                                                <a class=\"post_tag\" href=\"?topic=influencer-marketing\">Influencer Marketing<\/a>\n                                                                            <\/h2>\n                                <h3 class=\"post_title\"><a href=\"https:\/\/letsrebold.com\/es\/blog\/como-encontrar-a-tu-influencer-ideal\/\">C\u00f3mo encontrar a tu influencer ideal<\/a><\/h3>\n                                <a class=\"post_link\" href=\"https:\/\/letsrebold.com\/es\/blog\/como-encontrar-a-tu-influencer-ideal\/\"><span>Leer m\u00e1s<\/span> <span class=\"ico-right\">M\u00e1s informaci\u00f3n<\/span><\/a>\n                            <\/article>\n                                                                        <article class=\"post \">\n                                <a class=\"post_image\" href=\"https:\/\/letsrebold.com\/es\/blog\/fake-news\/\"><img loading=\"lazy\" decoding=\"async\" width=\"642\" height=\"271\" src=\"https:\/\/letsrebold.com\/wp-content\/uploads\/2022\/06\/2017-05-19-e1495184207796.jpg\" class=\"attachment-img-header size-img-header wp-post-image\" alt=\"\" srcset=\"https:\/\/letsrebold.com\/wp-content\/uploads\/2022\/06\/2017-05-19-e1495184207796.jpg 642w, https:\/\/letsrebold.com\/wp-content\/uploads\/2022\/06\/2017-05-19-e1495184207796-300x127.jpg 300w, https:\/\/letsrebold.com\/wp-content\/uploads\/2022\/06\/2017-05-19-e1495184207796-360x152.jpg 360w, https:\/\/letsrebold.com\/wp-content\/uploads\/2022\/06\/2017-05-19-e1495184207796-578x244.jpg 578w\" sizes=\"auto, (max-width: 642px) 100vw, 642px\" \/><\/a>\n                                <h2 class=\"post_meta\">\n                                                                                                                        <a class=\"post_tag\" href=\"?topic=comunicacion\">comunicacion<\/a>\n                                                                            <\/h2>\n                                <h3 class=\"post_title\"><a href=\"https:\/\/letsrebold.com\/es\/blog\/fake-news\/\">El fen\u00f3meno de las &#8216;Fake News&#8217;<\/a><\/h3>\n                                <a class=\"post_link\" href=\"https:\/\/letsrebold.com\/es\/blog\/fake-news\/\"><span>Leer m\u00e1s<\/span> <span class=\"ico-right\">M\u00e1s informaci\u00f3n<\/span><\/a>\n                            <\/article>\n                                                                        <article class=\"post rebold-marketing\">\n                                <a class=\"post_image\" href=\"https:\/\/letsrebold.com\/es\/blog\/digilant-refuerza-su-cupula-directiva-en-espana\/\"><img loading=\"lazy\" decoding=\"async\" width=\"800\" height=\"600\" src=\"https:\/\/letsrebold.com\/wp-content\/uploads\/2022\/06\/JON6510b-800x600.jpg\" class=\"attachment-img-header size-img-header wp-post-image\" alt=\"\" srcset=\"https:\/\/letsrebold.com\/wp-content\/uploads\/2022\/06\/JON6510b-800x600.jpg 800w, https:\/\/letsrebold.com\/wp-content\/uploads\/2022\/06\/JON6510b-300x225.jpg 300w, https:\/\/letsrebold.com\/wp-content\/uploads\/2022\/06\/JON6510b-768x576.jpg 768w, https:\/\/letsrebold.com\/wp-content\/uploads\/2022\/06\/JON6510b-1024x768.jpg 1024w, https:\/\/letsrebold.com\/wp-content\/uploads\/2022\/06\/JON6510b-272x204.jpg 272w, https:\/\/letsrebold.com\/wp-content\/uploads\/2022\/06\/JON6510b-360x270.jpg 360w, https:\/\/letsrebold.com\/wp-content\/uploads\/2022\/06\/JON6510b-468x351.jpg 468w, https:\/\/letsrebold.com\/wp-content\/uploads\/2022\/06\/JON6510b-509x382.jpg 509w, https:\/\/letsrebold.com\/wp-content\/uploads\/2022\/06\/JON6510b-1536x1153.jpg 1536w, https:\/\/letsrebold.com\/wp-content\/uploads\/2022\/06\/JON6510b-2048x1537.jpg 2048w\" sizes=\"auto, (max-width: 800px) 100vw, 800px\" \/><\/a>\n                                <h2 class=\"post_meta\">\n                                                                                <a style=\"color: #e0094b\" class=\"post_tag\" href=\"?service=rebold-marketing\">Rebold Marketing<\/a>\n                                                                                                                                <a class=\"post_tag\" href=\"?topic=rebold\">Rebold<\/a>\n                                                                            <\/h2>\n                                <h3 class=\"post_title\"><a href=\"https:\/\/letsrebold.com\/es\/blog\/digilant-refuerza-su-cupula-directiva-en-espana\/\">Para rentabilizar la expansi\u00f3n de la compra program\u00e1tica en el mercado espa\u00f1ol, Digilant refuerza su c\u00fapula directiva en Espa\u00f1a<\/a><\/h3>\n                                <a class=\"post_link\" href=\"https:\/\/letsrebold.com\/es\/blog\/digilant-refuerza-su-cupula-directiva-en-espana\/\"><span>Leer m\u00e1s<\/span> <span class=\"ico-right\">M\u00e1s informaci\u00f3n<\/span><\/a>\n                            <\/article>\n                                                                        <article class=\"post media-strategy-research, rebold-marketing\">\n                                <a class=\"post_image\" href=\"https:\/\/letsrebold.com\/es\/blog\/medir-rentabilidad-de-tus-acciones-de-comunicacion\/\"><img loading=\"lazy\" decoding=\"async\" width=\"642\" height=\"271\" src=\"https:\/\/letsrebold.com\/wp-content\/uploads\/2022\/06\/Visualizacion-de-Datos2-min-e1495013591644.jpg\" class=\"attachment-img-header size-img-header wp-post-image\" alt=\"\" srcset=\"https:\/\/letsrebold.com\/wp-content\/uploads\/2022\/06\/Visualizacion-de-Datos2-min-e1495013591644.jpg 642w, https:\/\/letsrebold.com\/wp-content\/uploads\/2022\/06\/Visualizacion-de-Datos2-min-e1495013591644-300x127.jpg 300w, https:\/\/letsrebold.com\/wp-content\/uploads\/2022\/06\/Visualizacion-de-Datos2-min-e1495013591644-360x152.jpg 360w, https:\/\/letsrebold.com\/wp-content\/uploads\/2022\/06\/Visualizacion-de-Datos2-min-e1495013591644-578x244.jpg 578w\" sizes=\"auto, (max-width: 642px) 100vw, 642px\" \/><\/a>\n                                <h2 class=\"post_meta\">\n                                                                                <a style=\"color: #e0094b\" class=\"post_tag\" href=\"?service=rebold-marketing\">Rebold Marketing<\/a>\n                                                                                                                                <a class=\"post_tag\" href=\"?topic=analisis\">An\u00e1lisis<\/a>\n                                                                            <\/h2>\n                                <h3 class=\"post_title\"><a href=\"https:\/\/letsrebold.com\/es\/blog\/medir-rentabilidad-de-tus-acciones-de-comunicacion\/\">C\u00f3mo medir la rentabilidad de tus acciones de comunicaci\u00f3n<\/a><\/h3>\n                                <a class=\"post_link\" href=\"https:\/\/letsrebold.com\/es\/blog\/medir-rentabilidad-de-tus-acciones-de-comunicacion\/\"><span>Leer m\u00e1s<\/span> <span class=\"ico-right\">M\u00e1s informaci\u00f3n<\/span><\/a>\n                            <\/article>\n                                                                        <article class=\"post \">\n                                <a class=\"post_image\" href=\"https:\/\/letsrebold.com\/es\/blog\/contenido-interesante-para-tus-usuarios\/\"><img loading=\"lazy\" decoding=\"async\" width=\"860\" height=\"395\" src=\"https:\/\/letsrebold.com\/wp-content\/uploads\/2022\/06\/shutterstock_95847931-e1494576882499.jpg\" class=\"attachment-img-header size-img-header wp-post-image\" alt=\"\" srcset=\"https:\/\/letsrebold.com\/wp-content\/uploads\/2022\/06\/shutterstock_95847931-e1494576882499.jpg 860w, https:\/\/letsrebold.com\/wp-content\/uploads\/2022\/06\/shutterstock_95847931-e1494576882499-300x138.jpg 300w, https:\/\/letsrebold.com\/wp-content\/uploads\/2022\/06\/shutterstock_95847931-e1494576882499-768x353.jpg 768w, https:\/\/letsrebold.com\/wp-content\/uploads\/2022\/06\/shutterstock_95847931-e1494576882499-360x165.jpg 360w, https:\/\/letsrebold.com\/wp-content\/uploads\/2022\/06\/shutterstock_95847931-e1494576882499-578x265.jpg 578w, https:\/\/letsrebold.com\/wp-content\/uploads\/2022\/06\/shutterstock_95847931-e1494576882499-761x350.jpg 761w\" sizes=\"auto, (max-width: 860px) 100vw, 860px\" \/><\/a>\n                                <h2 class=\"post_meta\">\n                                                                                                                        <a class=\"post_tag\" href=\"?topic=estudios\">Estudios<\/a>\n                                                                            <\/h2>\n                                <h3 class=\"post_title\"><a href=\"https:\/\/letsrebold.com\/es\/blog\/contenido-interesante-para-tus-usuarios\/\">C\u00f3mo ofrecer el contenido que realmente interesa a tus usuarios<\/a><\/h3>\n                                <a class=\"post_link\" href=\"https:\/\/letsrebold.com\/es\/blog\/contenido-interesante-para-tus-usuarios\/\"><span>Leer m\u00e1s<\/span> <span class=\"ico-right\">M\u00e1s informaci\u00f3n<\/span><\/a>\n                            <\/article>\n                                    <\/div>\n                                    <nav class=\"links links-right\" id=\"loadmore_95\">\n                        <div class=\"container\">\n                            <a href=\"#\" class=\"loadmore\" value=\"95\"><span>Cargar m\u00e1s<\/span> <span class=\"ico-right\"><\/span><\/a>\n                        <\/div>\n                    <\/nav>\n                            <\/div>\n                                <div id=\"page_96\" class=\"d-none\">\n                <div class=\"container posts\">\n                                                                        <article class=\"post \">\n                                <a class=\"post_image\" href=\"https:\/\/letsrebold.com\/es\/blog\/el-futuro-de-la-publicidad-ya-no-es-programmatic-es-customatic-2\/\"><\/a>\n                                <h2 class=\"post_meta\">\n                                                                                                                        <a class=\"post_tag\" href=\"?topic=notas-de-prensa\">Notas de Prensa<\/a>\n                                                                            <\/h2>\n                                <h3 class=\"post_title\"><a href=\"https:\/\/letsrebold.com\/es\/blog\/el-futuro-de-la-publicidad-ya-no-es-programmatic-es-customatic-2\/\">El futuro de la publicidad ya no es programmatic, es customatic<\/a><\/h3>\n                                <a class=\"post_link\" href=\"https:\/\/letsrebold.com\/es\/blog\/el-futuro-de-la-publicidad-ya-no-es-programmatic-es-customatic-2\/\"><span>Leer m\u00e1s<\/span> <span class=\"ico-right\">M\u00e1s informaci\u00f3n<\/span><\/a>\n                            <\/article>\n                                                                        <article class=\"post rebold-marketing\">\n                                <a class=\"post_image\" href=\"https:\/\/letsrebold.com\/es\/blog\/clusterizacion\/\"><img loading=\"lazy\" decoding=\"async\" width=\"642\" height=\"428\" src=\"https:\/\/letsrebold.com\/wp-content\/uploads\/2022\/06\/Clusterizacion-e1493311190696.jpg\" class=\"attachment-img-header size-img-header wp-post-image\" alt=\"\" srcset=\"https:\/\/letsrebold.com\/wp-content\/uploads\/2022\/06\/Clusterizacion-e1493311190696.jpg 642w, https:\/\/letsrebold.com\/wp-content\/uploads\/2022\/06\/Clusterizacion-e1493311190696-300x200.jpg 300w, https:\/\/letsrebold.com\/wp-content\/uploads\/2022\/06\/Clusterizacion-e1493311190696-306x204.jpg 306w, https:\/\/letsrebold.com\/wp-content\/uploads\/2022\/06\/Clusterizacion-e1493311190696-360x240.jpg 360w, https:\/\/letsrebold.com\/wp-content\/uploads\/2022\/06\/Clusterizacion-e1493311190696-527x351.jpg 527w, https:\/\/letsrebold.com\/wp-content\/uploads\/2022\/06\/Clusterizacion-e1493311190696-573x382.jpg 573w\" sizes=\"auto, (max-width: 642px) 100vw, 642px\" \/><\/a>\n                                <h2 class=\"post_meta\">\n                                                                                <a style=\"color: #e0094b\" class=\"post_tag\" href=\"?service=rebold-marketing\">Rebold Marketing<\/a>\n                                                                                                                                <a class=\"post_tag\" href=\"?topic=marketing-digital\">Marketing Digital<\/a>\n                                                                            <\/h2>\n                                <h3 class=\"post_title\"><a href=\"https:\/\/letsrebold.com\/es\/blog\/clusterizacion\/\">C\u00f3mo clusterizar combinando patrones de afinidad y navegaci\u00f3n<\/a><\/h3>\n                                <a class=\"post_link\" href=\"https:\/\/letsrebold.com\/es\/blog\/clusterizacion\/\"><span>Leer m\u00e1s<\/span> <span class=\"ico-right\">M\u00e1s informaci\u00f3n<\/span><\/a>\n                            <\/article>\n                                                                        <article class=\"post rebold-marketing\">\n                                <a class=\"post_image\" href=\"https:\/\/letsrebold.com\/es\/blog\/feliz-dia-del-nino\/\"><img loading=\"lazy\" decoding=\"async\" width=\"483\" height=\"530\" src=\"https:\/\/letsrebold.com\/wp-content\/uploads\/2022\/06\/DCC-1.png\" class=\"attachment-img-header size-img-header wp-post-image\" alt=\"\" srcset=\"https:\/\/letsrebold.com\/wp-content\/uploads\/2022\/06\/DCC-1.png 483w, https:\/\/letsrebold.com\/wp-content\/uploads\/2022\/06\/DCC-1-273x300.png 273w, https:\/\/letsrebold.com\/wp-content\/uploads\/2022\/06\/DCC-1-186x204.png 186w, https:\/\/letsrebold.com\/wp-content\/uploads\/2022\/06\/DCC-1-360x395.png 360w, https:\/\/letsrebold.com\/wp-content\/uploads\/2022\/06\/DCC-1-320x351.png 320w, https:\/\/letsrebold.com\/wp-content\/uploads\/2022\/06\/DCC-1-348x382.png 348w\" sizes=\"auto, (max-width: 483px) 100vw, 483px\" \/><\/a>\n                                <h2 class=\"post_meta\">\n                                                                                <a style=\"color: #e0094b\" class=\"post_tag\" href=\"?service=rebold-marketing\">Rebold Marketing<\/a>\n                                                                                                                                <a class=\"post_tag\" href=\"?topic=rebold-cares\">Rebold Cares<\/a>\n                                                                            <\/h2>\n                                <h3 class=\"post_title\"><a href=\"https:\/\/letsrebold.com\/es\/blog\/feliz-dia-del-nino\/\">\u00a1Feliz d\u00eda del ni\u00f1o!<\/a><\/h3>\n                                <a class=\"post_link\" href=\"https:\/\/letsrebold.com\/es\/blog\/feliz-dia-del-nino\/\"><span>Leer m\u00e1s<\/span> <span class=\"ico-right\">M\u00e1s informaci\u00f3n<\/span><\/a>\n                            <\/article>\n                                                                        <article class=\"post rebold-marketing, zero-party-data\">\n                                <a class=\"post_image\" href=\"https:\/\/letsrebold.com\/es\/blog\/business-science\/\"><img loading=\"lazy\" decoding=\"async\" width=\"640\" height=\"382\" src=\"https:\/\/letsrebold.com\/wp-content\/uploads\/2022\/06\/the-intersection-of-science-and-business-e1493293574210.png\" class=\"attachment-img-header size-img-header wp-post-image\" alt=\"\" srcset=\"https:\/\/letsrebold.com\/wp-content\/uploads\/2022\/06\/the-intersection-of-science-and-business-e1493293574210.png 640w, https:\/\/letsrebold.com\/wp-content\/uploads\/2022\/06\/the-intersection-of-science-and-business-e1493293574210-300x179.png 300w, https:\/\/letsrebold.com\/wp-content\/uploads\/2022\/06\/the-intersection-of-science-and-business-e1493293574210-342x204.png 342w, https:\/\/letsrebold.com\/wp-content\/uploads\/2022\/06\/the-intersection-of-science-and-business-e1493293574210-360x215.png 360w, https:\/\/letsrebold.com\/wp-content\/uploads\/2022\/06\/the-intersection-of-science-and-business-e1493293574210-578x345.png 578w\" sizes=\"auto, (max-width: 640px) 100vw, 640px\" \/><\/a>\n                                <h2 class=\"post_meta\">\n                                                                                <a style=\"color: #e0094b\" class=\"post_tag\" href=\"?service=rebold-marketing\">Rebold Marketing<\/a>\n                                                                                                                                <a class=\"post_tag\" href=\"?topic=data\">data<\/a>\n                                                                            <\/h2>\n                                <h3 class=\"post_title\"><a href=\"https:\/\/letsrebold.com\/es\/blog\/business-science\/\">Business Science: Del perfil al retrato<\/a><\/h3>\n                                <a class=\"post_link\" href=\"https:\/\/letsrebold.com\/es\/blog\/business-science\/\"><span>Leer m\u00e1s<\/span> <span class=\"ico-right\">M\u00e1s informaci\u00f3n<\/span><\/a>\n                            <\/article>\n                                                                        <article class=\"post \">\n                                <a class=\"post_image\" href=\"https:\/\/letsrebold.com\/es\/blog\/reputacion\/\"><img loading=\"lazy\" decoding=\"async\" width=\"642\" height=\"369\" src=\"https:\/\/letsrebold.com\/wp-content\/uploads\/2022\/06\/medir-la-reputacio\u0301n-de-tu-marca-e1493111080887.jpg\" class=\"attachment-img-header size-img-header wp-post-image\" alt=\"\" srcset=\"https:\/\/letsrebold.com\/wp-content\/uploads\/2022\/06\/medir-la-reputacio\u0301n-de-tu-marca-e1493111080887.jpg 642w, https:\/\/letsrebold.com\/wp-content\/uploads\/2022\/06\/medir-la-reputacio\u0301n-de-tu-marca-e1493111080887-300x172.jpg 300w, https:\/\/letsrebold.com\/wp-content\/uploads\/2022\/06\/medir-la-reputacio\u0301n-de-tu-marca-e1493111080887-355x204.jpg 355w, https:\/\/letsrebold.com\/wp-content\/uploads\/2022\/06\/medir-la-reputacio\u0301n-de-tu-marca-e1493111080887-360x207.jpg 360w, https:\/\/letsrebold.com\/wp-content\/uploads\/2022\/06\/medir-la-reputacio\u0301n-de-tu-marca-e1493111080887-578x332.jpg 578w\" sizes=\"auto, (max-width: 642px) 100vw, 642px\" \/><\/a>\n                                <h2 class=\"post_meta\">\n                                                                                                                        <a class=\"post_tag\" href=\"?topic=reputacion-corporativa\">Reputaci\u00f3n Corporativa<\/a>\n                                                                            <\/h2>\n                                <h3 class=\"post_title\"><a href=\"https:\/\/letsrebold.com\/es\/blog\/reputacion\/\">Eficacia de la comunicaci\u00f3n y el impacto en reputaci\u00f3n en el sector bancario<\/a><\/h3>\n                                <a class=\"post_link\" href=\"https:\/\/letsrebold.com\/es\/blog\/reputacion\/\"><span>Leer m\u00e1s<\/span> <span class=\"ico-right\">M\u00e1s informaci\u00f3n<\/span><\/a>\n                            <\/article>\n                                                                        <article class=\"post \">\n                                <a class=\"post_image\" href=\"https:\/\/letsrebold.com\/es\/blog\/elisha-heaps-en-mexico-para-big-data-summit-2017\/\"><img loading=\"lazy\" decoding=\"async\" width=\"989\" height=\"600\" src=\"https:\/\/letsrebold.com\/wp-content\/uploads\/2017\/04\/00_Post-sin-imagen-989x600.jpg\" class=\"attachment-img-header size-img-header wp-post-image\" alt=\"\" srcset=\"https:\/\/letsrebold.com\/wp-content\/uploads\/2017\/04\/00_Post-sin-imagen-989x600.jpg 989w, https:\/\/letsrebold.com\/wp-content\/uploads\/2017\/04\/00_Post-sin-imagen-300x182.jpg 300w, https:\/\/letsrebold.com\/wp-content\/uploads\/2017\/04\/00_Post-sin-imagen-768x466.jpg 768w, https:\/\/letsrebold.com\/wp-content\/uploads\/2017\/04\/00_Post-sin-imagen-1024x622.jpg 1024w, https:\/\/letsrebold.com\/wp-content\/uploads\/2017\/04\/00_Post-sin-imagen-336x204.jpg 336w, https:\/\/letsrebold.com\/wp-content\/uploads\/2017\/04\/00_Post-sin-imagen-360x219.jpg 360w, https:\/\/letsrebold.com\/wp-content\/uploads\/2017\/04\/00_Post-sin-imagen-578x351.jpg 578w, https:\/\/letsrebold.com\/wp-content\/uploads\/2017\/04\/00_Post-sin-imagen-629x382.jpg 629w, https:\/\/letsrebold.com\/wp-content\/uploads\/2017\/04\/00_Post-sin-imagen.jpg 1440w\" sizes=\"auto, (max-width: 989px) 100vw, 989px\" \/><\/a>\n                                <h2 class=\"post_meta\">\n                                                                                                                        <a class=\"post_tag\" href=\"?topic=estudios\">Estudios<\/a>\n                                                                            <\/h2>\n                                <h3 class=\"post_title\"><a href=\"https:\/\/letsrebold.com\/es\/blog\/elisha-heaps-en-mexico-para-big-data-summit-2017\/\">Elisha Heaps en M\u00e9xico para Big Data Summit 2017<\/a><\/h3>\n                                <a class=\"post_link\" href=\"https:\/\/letsrebold.com\/es\/blog\/elisha-heaps-en-mexico-para-big-data-summit-2017\/\"><span>Leer m\u00e1s<\/span> <span class=\"ico-right\">M\u00e1s informaci\u00f3n<\/span><\/a>\n                            <\/article>\n                                    <\/div>\n                                    <nav class=\"links links-right\" id=\"loadmore_96\">\n                        <div class=\"container\">\n                            <a href=\"#\" class=\"loadmore\" value=\"96\"><span>Cargar m\u00e1s<\/span> <span class=\"ico-right\"><\/span><\/a>\n                        <\/div>\n                    <\/nav>\n                            <\/div>\n                                <div id=\"page_97\" class=\"d-none\">\n                <div class=\"container posts\">\n                                                                        <article class=\"post \">\n                                <a class=\"post_image\" href=\"https:\/\/letsrebold.com\/es\/blog\/posverdad\/\"><img loading=\"lazy\" decoding=\"async\" width=\"641\" height=\"272\" src=\"https:\/\/letsrebold.com\/wp-content\/uploads\/2022\/06\/Verdades-mentiras-y-datos-en-comunicacio\u0301n.png\" class=\"attachment-img-header size-img-header wp-post-image\" alt=\"\" srcset=\"https:\/\/letsrebold.com\/wp-content\/uploads\/2022\/06\/Verdades-mentiras-y-datos-en-comunicacio\u0301n.png 641w, https:\/\/letsrebold.com\/wp-content\/uploads\/2022\/06\/Verdades-mentiras-y-datos-en-comunicacio\u0301n-300x127.png 300w, https:\/\/letsrebold.com\/wp-content\/uploads\/2022\/06\/Verdades-mentiras-y-datos-en-comunicacio\u0301n-360x153.png 360w, https:\/\/letsrebold.com\/wp-content\/uploads\/2022\/06\/Verdades-mentiras-y-datos-en-comunicacio\u0301n-578x245.png 578w\" sizes=\"auto, (max-width: 641px) 100vw, 641px\" \/><\/a>\n                                <h2 class=\"post_meta\">\n                                                                                                                        <a class=\"post_tag\" href=\"?topic=estudios\">Estudios<\/a>\n                                                                            <\/h2>\n                                <h3 class=\"post_title\"><a href=\"https:\/\/letsrebold.com\/es\/blog\/posverdad\/\">Verdades, Mentiras y Datos en Comunicaci\u00f3n: La era de la Posverdad<\/a><\/h3>\n                                <a class=\"post_link\" href=\"https:\/\/letsrebold.com\/es\/blog\/posverdad\/\"><span>Leer m\u00e1s<\/span> <span class=\"ico-right\">M\u00e1s informaci\u00f3n<\/span><\/a>\n                            <\/article>\n                                                                        <article class=\"post \">\n                                <a class=\"post_image\" href=\"https:\/\/letsrebold.com\/es\/blog\/como-sobrevivir-a-una-crisis-digital\/\"><\/a>\n                                <h2 class=\"post_meta\">\n                                                                                                                        <a class=\"post_tag\" href=\"?topic=reputacion-corporativa\">Reputaci\u00f3n Corporativa<\/a>\n                                                                            <\/h2>\n                                <h3 class=\"post_title\"><a href=\"https:\/\/letsrebold.com\/es\/blog\/como-sobrevivir-a-una-crisis-digital\/\">Gu\u00eda para Sobrevivir a una Crisis Digital<\/a><\/h3>\n                                <a class=\"post_link\" href=\"https:\/\/letsrebold.com\/es\/blog\/como-sobrevivir-a-una-crisis-digital\/\"><span>Leer m\u00e1s<\/span> <span class=\"ico-right\">M\u00e1s informaci\u00f3n<\/span><\/a>\n                            <\/article>\n                                                                        <article class=\"post media-strategy-research, rebold-marketing\">\n                                <a class=\"post_image\" href=\"https:\/\/letsrebold.com\/es\/blog\/detectar-intencion-conversion-google-analytics\/\"><img loading=\"lazy\" decoding=\"async\" width=\"642\" height=\"272\" src=\"https:\/\/letsrebold.com\/wp-content\/uploads\/2022\/06\/Cmo-detectar-la-intencin-de-conversin-Google-Analytics.png\" class=\"attachment-img-header size-img-header wp-post-image\" alt=\"\" srcset=\"https:\/\/letsrebold.com\/wp-content\/uploads\/2022\/06\/Cmo-detectar-la-intencin-de-conversin-Google-Analytics.png 642w, https:\/\/letsrebold.com\/wp-content\/uploads\/2022\/06\/Cmo-detectar-la-intencin-de-conversin-Google-Analytics-300x127.png 300w, https:\/\/letsrebold.com\/wp-content\/uploads\/2022\/06\/Cmo-detectar-la-intencin-de-conversin-Google-Analytics-360x153.png 360w, https:\/\/letsrebold.com\/wp-content\/uploads\/2022\/06\/Cmo-detectar-la-intencin-de-conversin-Google-Analytics-578x245.png 578w\" sizes=\"auto, (max-width: 642px) 100vw, 642px\" \/><\/a>\n                                <h2 class=\"post_meta\">\n                                                                                <a style=\"color: #e0094b\" class=\"post_tag\" href=\"?service=rebold-marketing\">Rebold Marketing<\/a>\n                                                                                                                                <a class=\"post_tag\" href=\"?topic=analisis\">An\u00e1lisis<\/a>\n                                                                            <\/h2>\n                                <h3 class=\"post_title\"><a href=\"https:\/\/letsrebold.com\/es\/blog\/detectar-intencion-conversion-google-analytics\/\">C\u00f3mo detectar la intenci\u00f3n de conversi\u00f3n en Google Analytics<\/a><\/h3>\n                                <a class=\"post_link\" href=\"https:\/\/letsrebold.com\/es\/blog\/detectar-intencion-conversion-google-analytics\/\"><span>Leer m\u00e1s<\/span> <span class=\"ico-right\">M\u00e1s informaci\u00f3n<\/span><\/a>\n                            <\/article>\n                                                                        <article class=\"post \">\n                                <a class=\"post_image\" href=\"https:\/\/letsrebold.com\/es\/blog\/que-se-espera-de-mobile-para-este-2017\/\"><img loading=\"lazy\" decoding=\"async\" width=\"989\" height=\"600\" src=\"https:\/\/letsrebold.com\/wp-content\/uploads\/2017\/03\/00_Post-sin-imagen-989x600.jpg\" class=\"attachment-img-header size-img-header wp-post-image\" alt=\"\" srcset=\"https:\/\/letsrebold.com\/wp-content\/uploads\/2017\/03\/00_Post-sin-imagen-989x600.jpg 989w, https:\/\/letsrebold.com\/wp-content\/uploads\/2017\/03\/00_Post-sin-imagen-300x182.jpg 300w, https:\/\/letsrebold.com\/wp-content\/uploads\/2017\/03\/00_Post-sin-imagen-768x466.jpg 768w, https:\/\/letsrebold.com\/wp-content\/uploads\/2017\/03\/00_Post-sin-imagen-1024x622.jpg 1024w, https:\/\/letsrebold.com\/wp-content\/uploads\/2017\/03\/00_Post-sin-imagen-336x204.jpg 336w, https:\/\/letsrebold.com\/wp-content\/uploads\/2017\/03\/00_Post-sin-imagen-360x219.jpg 360w, https:\/\/letsrebold.com\/wp-content\/uploads\/2017\/03\/00_Post-sin-imagen-578x351.jpg 578w, https:\/\/letsrebold.com\/wp-content\/uploads\/2017\/03\/00_Post-sin-imagen-629x382.jpg 629w, https:\/\/letsrebold.com\/wp-content\/uploads\/2017\/03\/00_Post-sin-imagen.jpg 1440w\" sizes=\"auto, (max-width: 989px) 100vw, 989px\" \/><\/a>\n                                <h2 class=\"post_meta\">\n                                                                                                                        <a class=\"post_tag\" href=\"?topic=estudios\">Estudios<\/a>\n                                                                            <\/h2>\n                                <h3 class=\"post_title\"><a href=\"https:\/\/letsrebold.com\/es\/blog\/que-se-espera-de-mobile-para-este-2017\/\">\u00bfQu\u00e9 se espera de Mobile para este 2017?<\/a><\/h3>\n                                <a class=\"post_link\" href=\"https:\/\/letsrebold.com\/es\/blog\/que-se-espera-de-mobile-para-este-2017\/\"><span>Leer m\u00e1s<\/span> <span class=\"ico-right\">M\u00e1s informaci\u00f3n<\/span><\/a>\n                            <\/article>\n                                                                        <article class=\"post media-strategy-research, rebold-marketing\">\n                                <a class=\"post_image\" href=\"https:\/\/letsrebold.com\/es\/blog\/seguimiento-multidominio\/\"><img loading=\"lazy\" decoding=\"async\" width=\"641\" height=\"273\" src=\"https:\/\/letsrebold.com\/wp-content\/uploads\/2022\/06\/Crossdomain-banner.jpg\" class=\"attachment-img-header size-img-header wp-post-image\" alt=\"\" srcset=\"https:\/\/letsrebold.com\/wp-content\/uploads\/2022\/06\/Crossdomain-banner.jpg 641w, https:\/\/letsrebold.com\/wp-content\/uploads\/2022\/06\/Crossdomain-banner-300x128.jpg 300w, https:\/\/letsrebold.com\/wp-content\/uploads\/2022\/06\/Crossdomain-banner-360x153.jpg 360w, https:\/\/letsrebold.com\/wp-content\/uploads\/2022\/06\/Crossdomain-banner-578x246.jpg 578w\" sizes=\"auto, (max-width: 641px) 100vw, 641px\" \/><\/a>\n                                <h2 class=\"post_meta\">\n                                                                                <a style=\"color: #e0094b\" class=\"post_tag\" href=\"?service=rebold-marketing\">Rebold Marketing<\/a>\n                                                                                                                                <a class=\"post_tag\" href=\"?topic=analisis\">An\u00e1lisis<\/a>\n                                                                            <\/h2>\n                                <h3 class=\"post_title\"><a href=\"https:\/\/letsrebold.com\/es\/blog\/seguimiento-multidominio\/\">Qu\u00e9 Es el Seguimiento Multidominio y C\u00f3mo te Puede Ayudar<\/a><\/h3>\n                                <a class=\"post_link\" href=\"https:\/\/letsrebold.com\/es\/blog\/seguimiento-multidominio\/\"><span>Leer m\u00e1s<\/span> <span class=\"ico-right\">M\u00e1s informaci\u00f3n<\/span><\/a>\n                            <\/article>\n                                                                        <article class=\"post media-strategy-research, rebold-marketing\">\n                                <a class=\"post_image\" href=\"https:\/\/letsrebold.com\/es\/blog\/top-10-ads-en-youtube-mexico-febrero-2017\/\"><img loading=\"lazy\" decoding=\"async\" width=\"989\" height=\"600\" src=\"https:\/\/letsrebold.com\/wp-content\/uploads\/2017\/03\/00_Post-sin-imagen-1-989x600.jpg\" class=\"attachment-img-header size-img-header wp-post-image\" alt=\"\" srcset=\"https:\/\/letsrebold.com\/wp-content\/uploads\/2017\/03\/00_Post-sin-imagen-1-989x600.jpg 989w, https:\/\/letsrebold.com\/wp-content\/uploads\/2017\/03\/00_Post-sin-imagen-1-300x182.jpg 300w, https:\/\/letsrebold.com\/wp-content\/uploads\/2017\/03\/00_Post-sin-imagen-1-768x466.jpg 768w, https:\/\/letsrebold.com\/wp-content\/uploads\/2017\/03\/00_Post-sin-imagen-1-1024x622.jpg 1024w, https:\/\/letsrebold.com\/wp-content\/uploads\/2017\/03\/00_Post-sin-imagen-1-336x204.jpg 336w, https:\/\/letsrebold.com\/wp-content\/uploads\/2017\/03\/00_Post-sin-imagen-1-360x219.jpg 360w, https:\/\/letsrebold.com\/wp-content\/uploads\/2017\/03\/00_Post-sin-imagen-1-578x351.jpg 578w, https:\/\/letsrebold.com\/wp-content\/uploads\/2017\/03\/00_Post-sin-imagen-1-629x382.jpg 629w, https:\/\/letsrebold.com\/wp-content\/uploads\/2017\/03\/00_Post-sin-imagen-1.jpg 1440w\" sizes=\"auto, (max-width: 989px) 100vw, 989px\" \/><\/a>\n                                <h2 class=\"post_meta\">\n                                                                                <a style=\"color: #e0094b\" class=\"post_tag\" href=\"?service=rebold-marketing\">Rebold Marketing<\/a>\n                                                                                                                                <a class=\"post_tag\" href=\"?topic=social-ads\">Social Ads<\/a>\n                                                                            <\/h2>\n                                <h3 class=\"post_title\"><a href=\"https:\/\/letsrebold.com\/es\/blog\/top-10-ads-en-youtube-mexico-febrero-2017\/\">Top 10 Ads en YouTube M\u00e9xico Febrero 2017<\/a><\/h3>\n                                <a class=\"post_link\" href=\"https:\/\/letsrebold.com\/es\/blog\/top-10-ads-en-youtube-mexico-febrero-2017\/\"><span>Leer m\u00e1s<\/span> <span class=\"ico-right\">M\u00e1s informaci\u00f3n<\/span><\/a>\n                            <\/article>\n                                    <\/div>\n                                    <nav class=\"links links-right\" id=\"loadmore_97\">\n                        <div class=\"container\">\n                            <a href=\"#\" class=\"loadmore\" value=\"97\"><span>Cargar m\u00e1s<\/span> <span class=\"ico-right\"><\/span><\/a>\n                        <\/div>\n                    <\/nav>\n                            <\/div>\n                                <div id=\"page_98\" class=\"d-none\">\n                <div class=\"container posts\">\n                                                                        <article class=\"post rebold-marketing\">\n                                <a class=\"post_image\" href=\"https:\/\/letsrebold.com\/es\/blog\/juan-camilo-bonilla-nuevo-managing-director-de-digilant-para-espana\/\"><img loading=\"lazy\" decoding=\"async\" width=\"989\" height=\"600\" src=\"https:\/\/letsrebold.com\/wp-content\/uploads\/2017\/03\/00_Post-sin-imagen-1-989x600.jpg\" class=\"attachment-img-header size-img-header wp-post-image\" alt=\"\" srcset=\"https:\/\/letsrebold.com\/wp-content\/uploads\/2017\/03\/00_Post-sin-imagen-1-989x600.jpg 989w, https:\/\/letsrebold.com\/wp-content\/uploads\/2017\/03\/00_Post-sin-imagen-1-300x182.jpg 300w, https:\/\/letsrebold.com\/wp-content\/uploads\/2017\/03\/00_Post-sin-imagen-1-768x466.jpg 768w, https:\/\/letsrebold.com\/wp-content\/uploads\/2017\/03\/00_Post-sin-imagen-1-1024x622.jpg 1024w, https:\/\/letsrebold.com\/wp-content\/uploads\/2017\/03\/00_Post-sin-imagen-1-336x204.jpg 336w, https:\/\/letsrebold.com\/wp-content\/uploads\/2017\/03\/00_Post-sin-imagen-1-360x219.jpg 360w, https:\/\/letsrebold.com\/wp-content\/uploads\/2017\/03\/00_Post-sin-imagen-1-578x351.jpg 578w, https:\/\/letsrebold.com\/wp-content\/uploads\/2017\/03\/00_Post-sin-imagen-1-629x382.jpg 629w, https:\/\/letsrebold.com\/wp-content\/uploads\/2017\/03\/00_Post-sin-imagen-1.jpg 1440w\" sizes=\"auto, (max-width: 989px) 100vw, 989px\" \/><\/a>\n                                <h2 class=\"post_meta\">\n                                                                                <a style=\"color: #e0094b\" class=\"post_tag\" href=\"?service=rebold-marketing\">Rebold Marketing<\/a>\n                                                                                                                                <a class=\"post_tag\" href=\"?topic=rebold\">Rebold<\/a>\n                                                                            <\/h2>\n                                <h3 class=\"post_title\"><a href=\"https:\/\/letsrebold.com\/es\/blog\/juan-camilo-bonilla-nuevo-managing-director-de-digilant-para-espana\/\">Juan Camilo Bonilla, nuevo Managing Director de Digilant para Espa\u00f1a<\/a><\/h3>\n                                <a class=\"post_link\" href=\"https:\/\/letsrebold.com\/es\/blog\/juan-camilo-bonilla-nuevo-managing-director-de-digilant-para-espana\/\"><span>Leer m\u00e1s<\/span> <span class=\"ico-right\">M\u00e1s informaci\u00f3n<\/span><\/a>\n                            <\/article>\n                                                                        <article class=\"post \">\n                                <a class=\"post_image\" href=\"https:\/\/letsrebold.com\/es\/blog\/analizar-eficacia-de-la-comunicacion\/\"><img loading=\"lazy\" decoding=\"async\" width=\"635\" height=\"272\" src=\"https:\/\/letsrebold.com\/wp-content\/uploads\/2022\/06\/Claves-para-medir-la-eficacia-de-la-comunicacio\u0301n.jpg\" class=\"attachment-img-header size-img-header wp-post-image\" alt=\"\" srcset=\"https:\/\/letsrebold.com\/wp-content\/uploads\/2022\/06\/Claves-para-medir-la-eficacia-de-la-comunicacio\u0301n.jpg 635w, https:\/\/letsrebold.com\/wp-content\/uploads\/2022\/06\/Claves-para-medir-la-eficacia-de-la-comunicacio\u0301n-300x129.jpg 300w, https:\/\/letsrebold.com\/wp-content\/uploads\/2022\/06\/Claves-para-medir-la-eficacia-de-la-comunicacio\u0301n-360x154.jpg 360w, https:\/\/letsrebold.com\/wp-content\/uploads\/2022\/06\/Claves-para-medir-la-eficacia-de-la-comunicacio\u0301n-578x248.jpg 578w\" sizes=\"auto, (max-width: 635px) 100vw, 635px\" \/><\/a>\n                                <h2 class=\"post_meta\">\n                                                                                                                        <a class=\"post_tag\" href=\"?topic=comunicacion\">comunicacion<\/a>\n                                                                            <\/h2>\n                                <h3 class=\"post_title\"><a href=\"https:\/\/letsrebold.com\/es\/blog\/analizar-eficacia-de-la-comunicacion\/\">C\u00f3mo Analizar la Eficacia de la Comunicaci\u00f3n<\/a><\/h3>\n                                <a class=\"post_link\" href=\"https:\/\/letsrebold.com\/es\/blog\/analizar-eficacia-de-la-comunicacion\/\"><span>Leer m\u00e1s<\/span> <span class=\"ico-right\">M\u00e1s informaci\u00f3n<\/span><\/a>\n                            <\/article>\n                                                                        <article class=\"post \">\n                                <a class=\"post_image\" href=\"https:\/\/letsrebold.com\/es\/blog\/como-afecta-la-comunicacion-en-el-lanzamiento-de-un-producto\/\"><img loading=\"lazy\" decoding=\"async\" width=\"641\" height=\"272\" src=\"https:\/\/letsrebold.com\/wp-content\/uploads\/2022\/06\/Comunicacio\u0301n-para-lanzar-un-producto-banner.jpg\" class=\"attachment-img-header size-img-header wp-post-image\" alt=\"\" srcset=\"https:\/\/letsrebold.com\/wp-content\/uploads\/2022\/06\/Comunicacio\u0301n-para-lanzar-un-producto-banner.jpg 641w, https:\/\/letsrebold.com\/wp-content\/uploads\/2022\/06\/Comunicacio\u0301n-para-lanzar-un-producto-banner-300x127.jpg 300w, https:\/\/letsrebold.com\/wp-content\/uploads\/2022\/06\/Comunicacio\u0301n-para-lanzar-un-producto-banner-360x153.jpg 360w, https:\/\/letsrebold.com\/wp-content\/uploads\/2022\/06\/Comunicacio\u0301n-para-lanzar-un-producto-banner-578x245.jpg 578w\" sizes=\"auto, (max-width: 641px) 100vw, 641px\" \/><\/a>\n                                <h2 class=\"post_meta\">\n                                                                                                                        <a class=\"post_tag\" href=\"?topic=comunicacion\">comunicacion<\/a>\n                                                                            <\/h2>\n                                <h3 class=\"post_title\"><a href=\"https:\/\/letsrebold.com\/es\/blog\/como-afecta-la-comunicacion-en-el-lanzamiento-de-un-producto\/\">C\u00f3mo afecta la comunicaci\u00f3n en el lanzamiento de un producto<\/a><\/h3>\n                                <a class=\"post_link\" href=\"https:\/\/letsrebold.com\/es\/blog\/como-afecta-la-comunicacion-en-el-lanzamiento-de-un-producto\/\"><span>Leer m\u00e1s<\/span> <span class=\"ico-right\">M\u00e1s informaci\u00f3n<\/span><\/a>\n                            <\/article>\n                                                                        <article class=\"post media-strategy-research, rebold-marketing\">\n                                <a class=\"post_image\" href=\"https:\/\/letsrebold.com\/es\/blog\/la-programatica-representara-el-10-de-la-inversion-publicitaria-digital-en-espana-este-ano-2-2\/\"><img loading=\"lazy\" decoding=\"async\" width=\"989\" height=\"600\" src=\"https:\/\/letsrebold.com\/wp-content\/uploads\/2017\/03\/00_Post-sin-imagen-1-989x600.jpg\" class=\"attachment-img-header size-img-header wp-post-image\" alt=\"\" srcset=\"https:\/\/letsrebold.com\/wp-content\/uploads\/2017\/03\/00_Post-sin-imagen-1-989x600.jpg 989w, https:\/\/letsrebold.com\/wp-content\/uploads\/2017\/03\/00_Post-sin-imagen-1-300x182.jpg 300w, https:\/\/letsrebold.com\/wp-content\/uploads\/2017\/03\/00_Post-sin-imagen-1-768x466.jpg 768w, https:\/\/letsrebold.com\/wp-content\/uploads\/2017\/03\/00_Post-sin-imagen-1-1024x622.jpg 1024w, https:\/\/letsrebold.com\/wp-content\/uploads\/2017\/03\/00_Post-sin-imagen-1-336x204.jpg 336w, https:\/\/letsrebold.com\/wp-content\/uploads\/2017\/03\/00_Post-sin-imagen-1-360x219.jpg 360w, https:\/\/letsrebold.com\/wp-content\/uploads\/2017\/03\/00_Post-sin-imagen-1-578x351.jpg 578w, https:\/\/letsrebold.com\/wp-content\/uploads\/2017\/03\/00_Post-sin-imagen-1-629x382.jpg 629w, https:\/\/letsrebold.com\/wp-content\/uploads\/2017\/03\/00_Post-sin-imagen-1.jpg 1440w\" sizes=\"auto, (max-width: 989px) 100vw, 989px\" \/><\/a>\n                                <h2 class=\"post_meta\">\n                                                                                <a style=\"color: #e0094b\" class=\"post_tag\" href=\"?service=rebold-marketing\">Rebold Marketing<\/a>\n                                                                                                                                <a class=\"post_tag\" href=\"?topic=publicidad-programatica\">Publicidad Program\u00e1tica<\/a>\n                                                                            <\/h2>\n                                <h3 class=\"post_title\"><a href=\"https:\/\/letsrebold.com\/es\/blog\/la-programatica-representara-el-10-de-la-inversion-publicitaria-digital-en-espana-este-ano-2-2\/\">5 Consejos para Aumentar el ROI de la Compra Program\u00e1tica de Medios<\/a><\/h3>\n                                <a class=\"post_link\" href=\"https:\/\/letsrebold.com\/es\/blog\/la-programatica-representara-el-10-de-la-inversion-publicitaria-digital-en-espana-este-ano-2-2\/\"><span>Leer m\u00e1s<\/span> <span class=\"ico-right\">M\u00e1s informaci\u00f3n<\/span><\/a>\n                            <\/article>\n                                                                        <article class=\"post media-strategy-research, rebold-marketing\">\n                                <a class=\"post_image\" href=\"https:\/\/letsrebold.com\/es\/blog\/digilant-en-el-top-10-ads-de-youtube\/\"><img loading=\"lazy\" decoding=\"async\" width=\"989\" height=\"600\" src=\"https:\/\/letsrebold.com\/wp-content\/uploads\/2017\/03\/00_Post-sin-imagen-1-989x600.jpg\" class=\"attachment-img-header size-img-header wp-post-image\" alt=\"\" srcset=\"https:\/\/letsrebold.com\/wp-content\/uploads\/2017\/03\/00_Post-sin-imagen-1-989x600.jpg 989w, https:\/\/letsrebold.com\/wp-content\/uploads\/2017\/03\/00_Post-sin-imagen-1-300x182.jpg 300w, https:\/\/letsrebold.com\/wp-content\/uploads\/2017\/03\/00_Post-sin-imagen-1-768x466.jpg 768w, https:\/\/letsrebold.com\/wp-content\/uploads\/2017\/03\/00_Post-sin-imagen-1-1024x622.jpg 1024w, https:\/\/letsrebold.com\/wp-content\/uploads\/2017\/03\/00_Post-sin-imagen-1-336x204.jpg 336w, https:\/\/letsrebold.com\/wp-content\/uploads\/2017\/03\/00_Post-sin-imagen-1-360x219.jpg 360w, https:\/\/letsrebold.com\/wp-content\/uploads\/2017\/03\/00_Post-sin-imagen-1-578x351.jpg 578w, https:\/\/letsrebold.com\/wp-content\/uploads\/2017\/03\/00_Post-sin-imagen-1-629x382.jpg 629w, https:\/\/letsrebold.com\/wp-content\/uploads\/2017\/03\/00_Post-sin-imagen-1.jpg 1440w\" sizes=\"auto, (max-width: 989px) 100vw, 989px\" \/><\/a>\n                                <h2 class=\"post_meta\">\n                                                                                <a style=\"color: #e0094b\" class=\"post_tag\" href=\"?service=rebold-marketing\">Rebold Marketing<\/a>\n                                                                                                                                <a class=\"post_tag\" href=\"?topic=social-ads\">Social Ads<\/a>\n                                                                            <\/h2>\n                                <h3 class=\"post_title\"><a href=\"https:\/\/letsrebold.com\/es\/blog\/digilant-en-el-top-10-ads-de-youtube\/\">Digilant en el Top 10 Ads de YouTube<\/a><\/h3>\n                                <a class=\"post_link\" href=\"https:\/\/letsrebold.com\/es\/blog\/digilant-en-el-top-10-ads-de-youtube\/\"><span>Leer m\u00e1s<\/span> <span class=\"ico-right\">M\u00e1s informaci\u00f3n<\/span><\/a>\n                            <\/article>\n                                                                        <article class=\"post media-strategy-research, rebold-marketing\">\n                                <a class=\"post_image\" href=\"https:\/\/letsrebold.com\/es\/blog\/como-mejorar-el-engagement-y-aumentar-las-conversiones-social-media-panel\/\"><img loading=\"lazy\" decoding=\"async\" width=\"642\" height=\"272\" src=\"https:\/\/letsrebold.com\/wp-content\/uploads\/2022\/06\/shutterstock_305143316-e1487775135639.jpg\" class=\"attachment-img-header size-img-header wp-post-image\" alt=\"\" srcset=\"https:\/\/letsrebold.com\/wp-content\/uploads\/2022\/06\/shutterstock_305143316-e1487775135639.jpg 642w, https:\/\/letsrebold.com\/wp-content\/uploads\/2022\/06\/shutterstock_305143316-e1487775135639-300x127.jpg 300w, https:\/\/letsrebold.com\/wp-content\/uploads\/2022\/06\/shutterstock_305143316-e1487775135639-360x153.jpg 360w, https:\/\/letsrebold.com\/wp-content\/uploads\/2022\/06\/shutterstock_305143316-e1487775135639-578x245.jpg 578w\" sizes=\"auto, (max-width: 642px) 100vw, 642px\" \/><\/a>\n                                <h2 class=\"post_meta\">\n                                                                                <a style=\"color: #e0094b\" class=\"post_tag\" href=\"?service=rebold-marketing\">Rebold Marketing<\/a>\n                                                                                                                                <a class=\"post_tag\" href=\"?topic=social-media\">Social Media<\/a>\n                                                                            <\/h2>\n                                <h3 class=\"post_title\"><a href=\"https:\/\/letsrebold.com\/es\/blog\/como-mejorar-el-engagement-y-aumentar-las-conversiones-social-media-panel\/\">C\u00f3mo Mejorar el Engagement y Aumentar las Conversiones con Social Media Panel<\/a><\/h3>\n                                <a class=\"post_link\" href=\"https:\/\/letsrebold.com\/es\/blog\/como-mejorar-el-engagement-y-aumentar-las-conversiones-social-media-panel\/\"><span>Leer m\u00e1s<\/span> <span class=\"ico-right\">M\u00e1s informaci\u00f3n<\/span><\/a>\n                            <\/article>\n                                    <\/div>\n                                    <nav class=\"links links-right\" id=\"loadmore_98\">\n                        <div class=\"container\">\n                            <a href=\"#\" class=\"loadmore\" value=\"98\"><span>Cargar m\u00e1s<\/span> <span class=\"ico-right\"><\/span><\/a>\n                        <\/div>\n                    <\/nav>\n                            <\/div>\n                                <div id=\"page_99\" class=\"d-none\">\n                <div class=\"container posts\">\n                                                                        <article class=\"post media-strategy-research, rebold-marketing\">\n                                <a class=\"post_image\" href=\"https:\/\/letsrebold.com\/es\/blog\/publicidad-programatica-la-evidencia-de-los-buenos-resultados\/\"><img loading=\"lazy\" decoding=\"async\" width=\"989\" height=\"600\" src=\"https:\/\/letsrebold.com\/wp-content\/uploads\/2017\/03\/00_Post-sin-imagen-1-989x600.jpg\" class=\"attachment-img-header size-img-header wp-post-image\" alt=\"\" srcset=\"https:\/\/letsrebold.com\/wp-content\/uploads\/2017\/03\/00_Post-sin-imagen-1-989x600.jpg 989w, https:\/\/letsrebold.com\/wp-content\/uploads\/2017\/03\/00_Post-sin-imagen-1-300x182.jpg 300w, https:\/\/letsrebold.com\/wp-content\/uploads\/2017\/03\/00_Post-sin-imagen-1-768x466.jpg 768w, https:\/\/letsrebold.com\/wp-content\/uploads\/2017\/03\/00_Post-sin-imagen-1-1024x622.jpg 1024w, https:\/\/letsrebold.com\/wp-content\/uploads\/2017\/03\/00_Post-sin-imagen-1-336x204.jpg 336w, https:\/\/letsrebold.com\/wp-content\/uploads\/2017\/03\/00_Post-sin-imagen-1-360x219.jpg 360w, https:\/\/letsrebold.com\/wp-content\/uploads\/2017\/03\/00_Post-sin-imagen-1-578x351.jpg 578w, https:\/\/letsrebold.com\/wp-content\/uploads\/2017\/03\/00_Post-sin-imagen-1-629x382.jpg 629w, https:\/\/letsrebold.com\/wp-content\/uploads\/2017\/03\/00_Post-sin-imagen-1.jpg 1440w\" sizes=\"auto, (max-width: 989px) 100vw, 989px\" \/><\/a>\n                                <h2 class=\"post_meta\">\n                                                                                <a style=\"color: #e0094b\" class=\"post_tag\" href=\"?service=rebold-marketing\">Rebold Marketing<\/a>\n                                                                                                                                <a class=\"post_tag\" href=\"?topic=publicidad-programatica\">Publicidad Program\u00e1tica<\/a>\n                                                                            <\/h2>\n                                <h3 class=\"post_title\"><a href=\"https:\/\/letsrebold.com\/es\/blog\/publicidad-programatica-la-evidencia-de-los-buenos-resultados\/\">Publicidad program\u00e1tica: la evidencia de los buenos resultados<\/a><\/h3>\n                                <a class=\"post_link\" href=\"https:\/\/letsrebold.com\/es\/blog\/publicidad-programatica-la-evidencia-de-los-buenos-resultados\/\"><span>Leer m\u00e1s<\/span> <span class=\"ico-right\">M\u00e1s informaci\u00f3n<\/span><\/a>\n                            <\/article>\n                                                                        <article class=\"post rebold-marketing\">\n                                <a class=\"post_image\" href=\"https:\/\/letsrebold.com\/es\/blog\/digilant-nombra-a-karen-navarro-nueva-country-manager-para-liderar-su-operacion-en-colombia\/\"><img loading=\"lazy\" decoding=\"async\" width=\"989\" height=\"600\" src=\"https:\/\/letsrebold.com\/wp-content\/uploads\/2014\/04\/00_Post-sin-imagen-989x600.jpg\" class=\"attachment-img-header size-img-header wp-post-image\" alt=\"\" srcset=\"https:\/\/letsrebold.com\/wp-content\/uploads\/2014\/04\/00_Post-sin-imagen-989x600.jpg 989w, https:\/\/letsrebold.com\/wp-content\/uploads\/2014\/04\/00_Post-sin-imagen-300x182.jpg 300w, https:\/\/letsrebold.com\/wp-content\/uploads\/2014\/04\/00_Post-sin-imagen-768x466.jpg 768w, https:\/\/letsrebold.com\/wp-content\/uploads\/2014\/04\/00_Post-sin-imagen-1024x622.jpg 1024w, https:\/\/letsrebold.com\/wp-content\/uploads\/2014\/04\/00_Post-sin-imagen-336x204.jpg 336w, https:\/\/letsrebold.com\/wp-content\/uploads\/2014\/04\/00_Post-sin-imagen-360x219.jpg 360w, https:\/\/letsrebold.com\/wp-content\/uploads\/2014\/04\/00_Post-sin-imagen-578x351.jpg 578w, https:\/\/letsrebold.com\/wp-content\/uploads\/2014\/04\/00_Post-sin-imagen-629x382.jpg 629w, https:\/\/letsrebold.com\/wp-content\/uploads\/2014\/04\/00_Post-sin-imagen.jpg 1440w\" sizes=\"auto, (max-width: 989px) 100vw, 989px\" \/><\/a>\n                                <h2 class=\"post_meta\">\n                                                                                <a style=\"color: #e0094b\" class=\"post_tag\" href=\"?service=rebold-marketing\">Rebold Marketing<\/a>\n                                                                                                                                <a class=\"post_tag\" href=\"?topic=rebold\">Rebold<\/a>\n                                                                            <\/h2>\n                                <h3 class=\"post_title\"><a href=\"https:\/\/letsrebold.com\/es\/blog\/digilant-nombra-a-karen-navarro-nueva-country-manager-para-liderar-su-operacion-en-colombia\/\">Digilant nombra a Karen Navarro nueva Country Manager para liderar su operaci\u00f3n en Colombia<\/a><\/h3>\n                                <a class=\"post_link\" href=\"https:\/\/letsrebold.com\/es\/blog\/digilant-nombra-a-karen-navarro-nueva-country-manager-para-liderar-su-operacion-en-colombia\/\"><span>Leer m\u00e1s<\/span> <span class=\"ico-right\">M\u00e1s informaci\u00f3n<\/span><\/a>\n                            <\/article>\n                                                                        <article class=\"post \">\n                                <a class=\"post_image\" href=\"https:\/\/letsrebold.com\/es\/blog\/estos-son-los-nuevos-riesgos-reputacionales-en-el-sector-banca\/\"><\/a>\n                                <h2 class=\"post_meta\">\n                                                                                                                        <a class=\"post_tag\" href=\"?topic=estudios\">Estudios<\/a>\n                                                                            <\/h2>\n                                <h3 class=\"post_title\"><a href=\"https:\/\/letsrebold.com\/es\/blog\/estos-son-los-nuevos-riesgos-reputacionales-en-el-sector-banca\/\">Estos son los nuevos riesgos reputacionales en el sector banca<\/a><\/h3>\n                                <a class=\"post_link\" href=\"https:\/\/letsrebold.com\/es\/blog\/estos-son-los-nuevos-riesgos-reputacionales-en-el-sector-banca\/\"><span>Leer m\u00e1s<\/span> <span class=\"ico-right\">M\u00e1s informaci\u00f3n<\/span><\/a>\n                            <\/article>\n                                                                        <article class=\"post \">\n                                <a class=\"post_image\" href=\"https:\/\/letsrebold.com\/es\/blog\/papa-johns-pizza-se-apoya-en-digilant-para-el-lanzamiento-de-su-marca-en-espana\/\"><img loading=\"lazy\" decoding=\"async\" width=\"989\" height=\"600\" src=\"https:\/\/letsrebold.com\/wp-content\/uploads\/2014\/04\/00_Post-sin-imagen-989x600.jpg\" class=\"attachment-img-header size-img-header wp-post-image\" alt=\"\" srcset=\"https:\/\/letsrebold.com\/wp-content\/uploads\/2014\/04\/00_Post-sin-imagen-989x600.jpg 989w, https:\/\/letsrebold.com\/wp-content\/uploads\/2014\/04\/00_Post-sin-imagen-300x182.jpg 300w, https:\/\/letsrebold.com\/wp-content\/uploads\/2014\/04\/00_Post-sin-imagen-768x466.jpg 768w, https:\/\/letsrebold.com\/wp-content\/uploads\/2014\/04\/00_Post-sin-imagen-1024x622.jpg 1024w, https:\/\/letsrebold.com\/wp-content\/uploads\/2014\/04\/00_Post-sin-imagen-336x204.jpg 336w, https:\/\/letsrebold.com\/wp-content\/uploads\/2014\/04\/00_Post-sin-imagen-360x219.jpg 360w, https:\/\/letsrebold.com\/wp-content\/uploads\/2014\/04\/00_Post-sin-imagen-578x351.jpg 578w, https:\/\/letsrebold.com\/wp-content\/uploads\/2014\/04\/00_Post-sin-imagen-629x382.jpg 629w, https:\/\/letsrebold.com\/wp-content\/uploads\/2014\/04\/00_Post-sin-imagen.jpg 1440w\" sizes=\"auto, (max-width: 989px) 100vw, 989px\" \/><\/a>\n                                <h2 class=\"post_meta\">\n                                                                                                                        <a class=\"post_tag\" href=\"?topic=comunicacion\">comunicacion<\/a>\n                                                                            <\/h2>\n                                <h3 class=\"post_title\"><a href=\"https:\/\/letsrebold.com\/es\/blog\/papa-johns-pizza-se-apoya-en-digilant-para-el-lanzamiento-de-su-marca-en-espana\/\">Papa John\u2019s Pizza se apoya en Digilant para el lanzamiento de su marca en Espa\u00f1a<\/a><\/h3>\n                                <a class=\"post_link\" href=\"https:\/\/letsrebold.com\/es\/blog\/papa-johns-pizza-se-apoya-en-digilant-para-el-lanzamiento-de-su-marca-en-espana\/\"><span>Leer m\u00e1s<\/span> <span class=\"ico-right\">M\u00e1s informaci\u00f3n<\/span><\/a>\n                            <\/article>\n                                                                        <article class=\"post \">\n                                <a class=\"post_image\" href=\"https:\/\/letsrebold.com\/es\/blog\/valoracion-economica\/\"><img loading=\"lazy\" decoding=\"async\" width=\"641\" height=\"273\" src=\"https:\/\/letsrebold.com\/wp-content\/uploads\/2022\/06\/que-esta-pasando-con-lavaloracio\u0301n-econo\u0301mica.jpg\" class=\"attachment-img-header size-img-header wp-post-image\" alt=\"\" srcset=\"https:\/\/letsrebold.com\/wp-content\/uploads\/2022\/06\/que-esta-pasando-con-lavaloracio\u0301n-econo\u0301mica.jpg 641w, https:\/\/letsrebold.com\/wp-content\/uploads\/2022\/06\/que-esta-pasando-con-lavaloracio\u0301n-econo\u0301mica-300x128.jpg 300w, https:\/\/letsrebold.com\/wp-content\/uploads\/2022\/06\/que-esta-pasando-con-lavaloracio\u0301n-econo\u0301mica-360x153.jpg 360w, https:\/\/letsrebold.com\/wp-content\/uploads\/2022\/06\/que-esta-pasando-con-lavaloracio\u0301n-econo\u0301mica-578x246.jpg 578w\" sizes=\"auto, (max-width: 641px) 100vw, 641px\" \/><\/a>\n                                <h2 class=\"post_meta\">\n                                                                                                                        <a class=\"post_tag\" href=\"?topic=estudios\">Estudios<\/a>\n                                                                            <\/h2>\n                                <h3 class=\"post_title\"><a href=\"https:\/\/letsrebold.com\/es\/blog\/valoracion-economica\/\">C\u00f3mo Afecta la Valoraci\u00f3n Econ\u00f3mica de los Medios a los Departamentos de Comunicaci\u00f3n<\/a><\/h3>\n                                <a class=\"post_link\" href=\"https:\/\/letsrebold.com\/es\/blog\/valoracion-economica\/\"><span>Leer m\u00e1s<\/span> <span class=\"ico-right\">M\u00e1s informaci\u00f3n<\/span><\/a>\n                            <\/article>\n                                                                        <article class=\"post media-strategy-research, rebold-marketing\">\n                                <a class=\"post_image\" href=\"https:\/\/letsrebold.com\/es\/blog\/la-compra-programatica-crecera-un-35-en-espana-en-2017\/\"><img loading=\"lazy\" decoding=\"async\" width=\"989\" height=\"600\" src=\"https:\/\/letsrebold.com\/wp-content\/uploads\/2014\/04\/00_Post-sin-imagen-989x600.jpg\" class=\"attachment-img-header size-img-header wp-post-image\" alt=\"\" srcset=\"https:\/\/letsrebold.com\/wp-content\/uploads\/2014\/04\/00_Post-sin-imagen-989x600.jpg 989w, https:\/\/letsrebold.com\/wp-content\/uploads\/2014\/04\/00_Post-sin-imagen-300x182.jpg 300w, https:\/\/letsrebold.com\/wp-content\/uploads\/2014\/04\/00_Post-sin-imagen-768x466.jpg 768w, https:\/\/letsrebold.com\/wp-content\/uploads\/2014\/04\/00_Post-sin-imagen-1024x622.jpg 1024w, https:\/\/letsrebold.com\/wp-content\/uploads\/2014\/04\/00_Post-sin-imagen-336x204.jpg 336w, https:\/\/letsrebold.com\/wp-content\/uploads\/2014\/04\/00_Post-sin-imagen-360x219.jpg 360w, https:\/\/letsrebold.com\/wp-content\/uploads\/2014\/04\/00_Post-sin-imagen-578x351.jpg 578w, https:\/\/letsrebold.com\/wp-content\/uploads\/2014\/04\/00_Post-sin-imagen-629x382.jpg 629w, https:\/\/letsrebold.com\/wp-content\/uploads\/2014\/04\/00_Post-sin-imagen.jpg 1440w\" sizes=\"auto, (max-width: 989px) 100vw, 989px\" \/><\/a>\n                                <h2 class=\"post_meta\">\n                                                                                <a style=\"color: #e0094b\" class=\"post_tag\" href=\"?service=rebold-marketing\">Rebold Marketing<\/a>\n                                                                                                                                <a class=\"post_tag\" href=\"?topic=publicidad-programatica\">Publicidad Program\u00e1tica<\/a>\n                                                                            <\/h2>\n                                <h3 class=\"post_title\"><a href=\"https:\/\/letsrebold.com\/es\/blog\/la-compra-programatica-crecera-un-35-en-espana-en-2017\/\">La compra program\u00e1tica crecer\u00e1 un 35% en Espa\u00f1a en 2017<\/a><\/h3>\n                                <a class=\"post_link\" href=\"https:\/\/letsrebold.com\/es\/blog\/la-compra-programatica-crecera-un-35-en-espana-en-2017\/\"><span>Leer m\u00e1s<\/span> <span class=\"ico-right\">M\u00e1s informaci\u00f3n<\/span><\/a>\n                            <\/article>\n                                    <\/div>\n                                    <nav class=\"links links-right\" id=\"loadmore_99\">\n                        <div class=\"container\">\n                            <a href=\"#\" class=\"loadmore\" value=\"99\"><span>Cargar m\u00e1s<\/span> <span class=\"ico-right\"><\/span><\/a>\n                        <\/div>\n                    <\/nav>\n                            <\/div>\n                                <div id=\"page_100\" class=\"d-none\">\n                <div class=\"container posts\">\n                                                                        <article class=\"post rebold-marketing\">\n                                <a class=\"post_image\" href=\"https:\/\/letsrebold.com\/es\/blog\/digilant-colabora-con-la-fundacion-down-madrid-en-la-integracion-social-de-ninos-y-jovenes-con-discapacidad-intelectual\/\"><img loading=\"lazy\" decoding=\"async\" width=\"989\" height=\"600\" src=\"https:\/\/letsrebold.com\/wp-content\/uploads\/2014\/06\/00_Post-sin-imagen-989x600.jpg\" class=\"attachment-img-header size-img-header wp-post-image\" alt=\"\" srcset=\"https:\/\/letsrebold.com\/wp-content\/uploads\/2014\/06\/00_Post-sin-imagen-989x600.jpg 989w, https:\/\/letsrebold.com\/wp-content\/uploads\/2014\/06\/00_Post-sin-imagen-300x182.jpg 300w, https:\/\/letsrebold.com\/wp-content\/uploads\/2014\/06\/00_Post-sin-imagen-768x466.jpg 768w, https:\/\/letsrebold.com\/wp-content\/uploads\/2014\/06\/00_Post-sin-imagen-1024x622.jpg 1024w, https:\/\/letsrebold.com\/wp-content\/uploads\/2014\/06\/00_Post-sin-imagen-336x204.jpg 336w, https:\/\/letsrebold.com\/wp-content\/uploads\/2014\/06\/00_Post-sin-imagen-360x219.jpg 360w, https:\/\/letsrebold.com\/wp-content\/uploads\/2014\/06\/00_Post-sin-imagen-578x351.jpg 578w, https:\/\/letsrebold.com\/wp-content\/uploads\/2014\/06\/00_Post-sin-imagen-629x382.jpg 629w, https:\/\/letsrebold.com\/wp-content\/uploads\/2014\/06\/00_Post-sin-imagen.jpg 1440w\" sizes=\"auto, (max-width: 989px) 100vw, 989px\" \/><\/a>\n                                <h2 class=\"post_meta\">\n                                                                                <a style=\"color: #e0094b\" class=\"post_tag\" href=\"?service=rebold-marketing\">Rebold Marketing<\/a>\n                                                                                                                                <a class=\"post_tag\" href=\"?topic=rebold-cares\">Rebold Cares<\/a>\n                                                                            <\/h2>\n                                <h3 class=\"post_title\"><a href=\"https:\/\/letsrebold.com\/es\/blog\/digilant-colabora-con-la-fundacion-down-madrid-en-la-integracion-social-de-ninos-y-jovenes-con-discapacidad-intelectual\/\">Digilant colabora con la Fundaci\u00f3n Down Madrid en la integraci\u00f3n social de ni\u00f1os y j\u00f3venes con discapacidad intelectual<\/a><\/h3>\n                                <a class=\"post_link\" href=\"https:\/\/letsrebold.com\/es\/blog\/digilant-colabora-con-la-fundacion-down-madrid-en-la-integracion-social-de-ninos-y-jovenes-con-discapacidad-intelectual\/\"><span>Leer m\u00e1s<\/span> <span class=\"ico-right\">M\u00e1s informaci\u00f3n<\/span><\/a>\n                            <\/article>\n                                                                        <article class=\"post rebold-marketing\">\n                                <a class=\"post_image\" href=\"https:\/\/letsrebold.com\/es\/blog\/aumentar-tus-conversiones\/\"><img loading=\"lazy\" decoding=\"async\" width=\"642\" height=\"273\" src=\"https:\/\/letsrebold.com\/wp-content\/uploads\/2022\/06\/aumentar-conversiones-1.jpg\" class=\"attachment-img-header size-img-header wp-post-image\" alt=\"\" srcset=\"https:\/\/letsrebold.com\/wp-content\/uploads\/2022\/06\/aumentar-conversiones-1.jpg 642w, https:\/\/letsrebold.com\/wp-content\/uploads\/2022\/06\/aumentar-conversiones-1-300x128.jpg 300w, https:\/\/letsrebold.com\/wp-content\/uploads\/2022\/06\/aumentar-conversiones-1-360x153.jpg 360w, https:\/\/letsrebold.com\/wp-content\/uploads\/2022\/06\/aumentar-conversiones-1-578x246.jpg 578w\" sizes=\"auto, (max-width: 642px) 100vw, 642px\" \/><\/a>\n                                <h2 class=\"post_meta\">\n                                                                                <a style=\"color: #e0094b\" class=\"post_tag\" href=\"?service=rebold-marketing\">Rebold Marketing<\/a>\n                                                                                                                                <a class=\"post_tag\" href=\"?topic=marketing-digital\">Marketing Digital<\/a>\n                                                                            <\/h2>\n                                <h3 class=\"post_title\"><a href=\"https:\/\/letsrebold.com\/es\/blog\/aumentar-tus-conversiones\/\">C\u00f3mo Reducir el Coste de Adquisici\u00f3n por Cliente y Aumentar las Conversiones<\/a><\/h3>\n                                <a class=\"post_link\" href=\"https:\/\/letsrebold.com\/es\/blog\/aumentar-tus-conversiones\/\"><span>Leer m\u00e1s<\/span> <span class=\"ico-right\">M\u00e1s informaci\u00f3n<\/span><\/a>\n                            <\/article>\n                                                                        <article class=\"post \">\n                                <a class=\"post_image\" href=\"https:\/\/letsrebold.com\/es\/blog\/usuario-banca\/\"><\/a>\n                                <h2 class=\"post_meta\">\n                                                                                                                        <a class=\"post_tag\" href=\"?topic=estudios\">Estudios<\/a>\n                                                                            <\/h2>\n                                <h3 class=\"post_title\"><a href=\"https:\/\/letsrebold.com\/es\/blog\/usuario-banca\/\">Radiograf\u00eda del Usuario de Aplicaciones M\u00f3viles de Banca<\/a><\/h3>\n                                <a class=\"post_link\" href=\"https:\/\/letsrebold.com\/es\/blog\/usuario-banca\/\"><span>Leer m\u00e1s<\/span> <span class=\"ico-right\">M\u00e1s informaci\u00f3n<\/span><\/a>\n                            <\/article>\n                                                                        <article class=\"post rebold-marketing\">\n                                <a class=\"post_image\" href=\"https:\/\/letsrebold.com\/es\/blog\/asi-celebramos-la-navidad-en-acceso\/\"><img loading=\"lazy\" decoding=\"async\" width=\"642\" height=\"272\" src=\"https:\/\/letsrebold.com\/wp-content\/uploads\/2022\/06\/Navidad-en-Acceso-2016.jpg\" class=\"attachment-img-header size-img-header wp-post-image\" alt=\"\" srcset=\"https:\/\/letsrebold.com\/wp-content\/uploads\/2022\/06\/Navidad-en-Acceso-2016.jpg 642w, https:\/\/letsrebold.com\/wp-content\/uploads\/2022\/06\/Navidad-en-Acceso-2016-300x127.jpg 300w, https:\/\/letsrebold.com\/wp-content\/uploads\/2022\/06\/Navidad-en-Acceso-2016-360x153.jpg 360w, https:\/\/letsrebold.com\/wp-content\/uploads\/2022\/06\/Navidad-en-Acceso-2016-578x245.jpg 578w\" sizes=\"auto, (max-width: 642px) 100vw, 642px\" \/><\/a>\n                                <h2 class=\"post_meta\">\n                                                                                <a style=\"color: #e0094b\" class=\"post_tag\" href=\"?service=rebold-marketing\">Rebold Marketing<\/a>\n                                                                                                                                <a class=\"post_tag\" href=\"?topic=rebold\">Rebold<\/a>\n                                                                            <\/h2>\n                                <h3 class=\"post_title\"><a href=\"https:\/\/letsrebold.com\/es\/blog\/asi-celebramos-la-navidad-en-acceso\/\">As\u00ed celebramos la Navidad en Acceso<\/a><\/h3>\n                                <a class=\"post_link\" href=\"https:\/\/letsrebold.com\/es\/blog\/asi-celebramos-la-navidad-en-acceso\/\"><span>Leer m\u00e1s<\/span> <span class=\"ico-right\">M\u00e1s informaci\u00f3n<\/span><\/a>\n                            <\/article>\n                                                                        <article class=\"post rebold-marketing\">\n                                <a class=\"post_image\" href=\"https:\/\/letsrebold.com\/es\/blog\/claves-para-crecimiento-de-tu-marca\/\"><img loading=\"lazy\" decoding=\"async\" width=\"642\" height=\"272\" src=\"https:\/\/letsrebold.com\/wp-content\/uploads\/2022\/06\/3-claves-para-el-crecimiento-de-tu-marca.jpg\" class=\"attachment-img-header size-img-header wp-post-image\" alt=\"\" srcset=\"https:\/\/letsrebold.com\/wp-content\/uploads\/2022\/06\/3-claves-para-el-crecimiento-de-tu-marca.jpg 642w, https:\/\/letsrebold.com\/wp-content\/uploads\/2022\/06\/3-claves-para-el-crecimiento-de-tu-marca-300x127.jpg 300w, https:\/\/letsrebold.com\/wp-content\/uploads\/2022\/06\/3-claves-para-el-crecimiento-de-tu-marca-360x153.jpg 360w, https:\/\/letsrebold.com\/wp-content\/uploads\/2022\/06\/3-claves-para-el-crecimiento-de-tu-marca-578x245.jpg 578w\" sizes=\"auto, (max-width: 642px) 100vw, 642px\" \/><\/a>\n                                <h2 class=\"post_meta\">\n                                                                                <a style=\"color: #e0094b\" class=\"post_tag\" href=\"?service=rebold-marketing\">Rebold Marketing<\/a>\n                                                                                                                                <a class=\"post_tag\" href=\"?topic=marketing-digital\">Marketing Digital<\/a>\n                                                                            <\/h2>\n                                <h3 class=\"post_title\"><a href=\"https:\/\/letsrebold.com\/es\/blog\/claves-para-crecimiento-de-tu-marca\/\">3 Claves Para tu Estrategia Digital que Har\u00e1n Crecer a tu Marca<\/a><\/h3>\n                                <a class=\"post_link\" href=\"https:\/\/letsrebold.com\/es\/blog\/claves-para-crecimiento-de-tu-marca\/\"><span>Leer m\u00e1s<\/span> <span class=\"ico-right\">M\u00e1s informaci\u00f3n<\/span><\/a>\n                            <\/article>\n                                                                        <article class=\"post rebold-marketing\">\n                                <a class=\"post_image\" href=\"https:\/\/letsrebold.com\/es\/blog\/digilant-madrid-y-los-ninos-de-la-fundacion-down-madrid-crean-un-belen-con-material-reciclado\/\"><img loading=\"lazy\" decoding=\"async\" width=\"300\" height=\"225\" src=\"https:\/\/letsrebold.com\/wp-content\/uploads\/2022\/06\/4ea65ada-1dd7-4acf-887a-a5388a1289fc-300x225-2.jpg\" class=\"attachment-img-header size-img-header wp-post-image\" alt=\"\" srcset=\"https:\/\/letsrebold.com\/wp-content\/uploads\/2022\/06\/4ea65ada-1dd7-4acf-887a-a5388a1289fc-300x225-2.jpg 300w, https:\/\/letsrebold.com\/wp-content\/uploads\/2022\/06\/4ea65ada-1dd7-4acf-887a-a5388a1289fc-300x225-2-272x204.jpg 272w\" sizes=\"auto, (max-width: 300px) 100vw, 300px\" \/><\/a>\n                                <h2 class=\"post_meta\">\n                                                                                <a style=\"color: #e0094b\" class=\"post_tag\" href=\"?service=rebold-marketing\">Rebold Marketing<\/a>\n                                                                                                                                <a class=\"post_tag\" href=\"?topic=rebold-cares\">Rebold Cares<\/a>\n                                                                            <\/h2>\n                                <h3 class=\"post_title\"><a href=\"https:\/\/letsrebold.com\/es\/blog\/digilant-madrid-y-los-ninos-de-la-fundacion-down-madrid-crean-un-belen-con-material-reciclado\/\">Digilant Madrid y los ni\u00f1os de la Fundaci\u00f3n Down Madrid crean un bel\u00e9n con material reciclado<\/a><\/h3>\n                                <a class=\"post_link\" href=\"https:\/\/letsrebold.com\/es\/blog\/digilant-madrid-y-los-ninos-de-la-fundacion-down-madrid-crean-un-belen-con-material-reciclado\/\"><span>Leer m\u00e1s<\/span> <span class=\"ico-right\">M\u00e1s informaci\u00f3n<\/span><\/a>\n                            <\/article>\n                                    <\/div>\n                                    <nav class=\"links links-right\" id=\"loadmore_100\">\n                        <div class=\"container\">\n                            <a href=\"#\" class=\"loadmore\" value=\"100\"><span>Cargar m\u00e1s<\/span> <span class=\"ico-right\"><\/span><\/a>\n                        <\/div>\n                    <\/nav>\n                            <\/div>\n                                <div id=\"page_101\" class=\"d-none\">\n                <div class=\"container posts\">\n                                                                        <article class=\"post media-strategy-research, rebold-marketing\">\n                                <a class=\"post_image\" href=\"https:\/\/letsrebold.com\/es\/blog\/visualizacion-de-datos-mejora-comunicacion\/\"><img loading=\"lazy\" decoding=\"async\" width=\"641\" height=\"272\" src=\"https:\/\/letsrebold.com\/wp-content\/uploads\/2022\/06\/visualizacion-de-datos-y-comunicacion.jpg\" class=\"attachment-img-header size-img-header wp-post-image\" alt=\"\" srcset=\"https:\/\/letsrebold.com\/wp-content\/uploads\/2022\/06\/visualizacion-de-datos-y-comunicacion.jpg 641w, https:\/\/letsrebold.com\/wp-content\/uploads\/2022\/06\/visualizacion-de-datos-y-comunicacion-300x127.jpg 300w, https:\/\/letsrebold.com\/wp-content\/uploads\/2022\/06\/visualizacion-de-datos-y-comunicacion-360x153.jpg 360w, https:\/\/letsrebold.com\/wp-content\/uploads\/2022\/06\/visualizacion-de-datos-y-comunicacion-578x245.jpg 578w\" sizes=\"auto, (max-width: 641px) 100vw, 641px\" \/><\/a>\n                                <h2 class=\"post_meta\">\n                                                                                <a style=\"color: #e0094b\" class=\"post_tag\" href=\"?service=rebold-marketing\">Rebold Marketing<\/a>\n                                                                                                                                <a class=\"post_tag\" href=\"?topic=analisis\">An\u00e1lisis<\/a>\n                                                                            <\/h2>\n                                <h3 class=\"post_title\"><a href=\"https:\/\/letsrebold.com\/es\/blog\/visualizacion-de-datos-mejora-comunicacion\/\">Por Qu\u00e9 Utilizar Visualizaci\u00f3n de Datos en Comunicaci\u00f3n<\/a><\/h3>\n                                <a class=\"post_link\" href=\"https:\/\/letsrebold.com\/es\/blog\/visualizacion-de-datos-mejora-comunicacion\/\"><span>Leer m\u00e1s<\/span> <span class=\"ico-right\">M\u00e1s informaci\u00f3n<\/span><\/a>\n                            <\/article>\n                                                                        <article class=\"post rebold-marketing\">\n                                <a class=\"post_image\" href=\"https:\/\/letsrebold.com\/es\/blog\/shining-smile-mejor-regalo-de-navidad\/\"><img loading=\"lazy\" decoding=\"async\" width=\"644\" height=\"273\" src=\"https:\/\/letsrebold.com\/wp-content\/uploads\/2022\/06\/El-mejor-regalo-de-Navidad.png\" class=\"attachment-img-header size-img-header wp-post-image\" alt=\"\" srcset=\"https:\/\/letsrebold.com\/wp-content\/uploads\/2022\/06\/El-mejor-regalo-de-Navidad.png 644w, https:\/\/letsrebold.com\/wp-content\/uploads\/2022\/06\/El-mejor-regalo-de-Navidad-300x127.png 300w, https:\/\/letsrebold.com\/wp-content\/uploads\/2022\/06\/El-mejor-regalo-de-Navidad-360x153.png 360w, https:\/\/letsrebold.com\/wp-content\/uploads\/2022\/06\/El-mejor-regalo-de-Navidad-578x245.png 578w\" sizes=\"auto, (max-width: 644px) 100vw, 644px\" \/><\/a>\n                                <h2 class=\"post_meta\">\n                                                                                <a style=\"color: #e0094b\" class=\"post_tag\" href=\"?service=rebold-marketing\">Rebold Marketing<\/a>\n                                                                                                                                <a class=\"post_tag\" href=\"?topic=rebold-cares\">Rebold Cares<\/a>\n                                                                            <\/h2>\n                                <h3 class=\"post_title\"><a href=\"https:\/\/letsrebold.com\/es\/blog\/shining-smile-mejor-regalo-de-navidad\/\">ShiningSmile, el mejor regalo de Navidad<\/a><\/h3>\n                                <a class=\"post_link\" href=\"https:\/\/letsrebold.com\/es\/blog\/shining-smile-mejor-regalo-de-navidad\/\"><span>Leer m\u00e1s<\/span> <span class=\"ico-right\">M\u00e1s informaci\u00f3n<\/span><\/a>\n                            <\/article>\n                                                                        <article class=\"post \">\n                                <a class=\"post_image\" href=\"https:\/\/letsrebold.com\/es\/blog\/retos-director-comunicacion\/\"><img loading=\"lazy\" decoding=\"async\" width=\"640\" height=\"272\" src=\"https:\/\/letsrebold.com\/wp-content\/uploads\/2022\/06\/Los-3-retos-de-un-dircom.jpg\" class=\"attachment-img-header size-img-header wp-post-image\" alt=\"\" srcset=\"https:\/\/letsrebold.com\/wp-content\/uploads\/2022\/06\/Los-3-retos-de-un-dircom.jpg 640w, https:\/\/letsrebold.com\/wp-content\/uploads\/2022\/06\/Los-3-retos-de-un-dircom-300x128.jpg 300w, https:\/\/letsrebold.com\/wp-content\/uploads\/2022\/06\/Los-3-retos-de-un-dircom-360x153.jpg 360w, https:\/\/letsrebold.com\/wp-content\/uploads\/2022\/06\/Los-3-retos-de-un-dircom-578x246.jpg 578w\" sizes=\"auto, (max-width: 640px) 100vw, 640px\" \/><\/a>\n                                <h2 class=\"post_meta\">\n                                                                                                                        <a class=\"post_tag\" href=\"?topic=comunicacion\">comunicacion<\/a>\n                                                                            <\/h2>\n                                <h3 class=\"post_title\"><a href=\"https:\/\/letsrebold.com\/es\/blog\/retos-director-comunicacion\/\">Los Retos del Director de Comunicaci\u00f3n: Entrevista a Carlos Salas<\/a><\/h3>\n                                <a class=\"post_link\" href=\"https:\/\/letsrebold.com\/es\/blog\/retos-director-comunicacion\/\"><span>Leer m\u00e1s<\/span> <span class=\"ico-right\">M\u00e1s informaci\u00f3n<\/span><\/a>\n                            <\/article>\n                                                                        <article class=\"post media-strategy-research, rebold-marketing\">\n                                <a class=\"post_image\" href=\"https:\/\/letsrebold.com\/es\/blog\/personalizar-tu-web\/\"><img loading=\"lazy\" decoding=\"async\" width=\"642\" height=\"269\" src=\"https:\/\/letsrebold.com\/wp-content\/uploads\/2022\/06\/Claves-para-personalizar-tu-web.jpg\" class=\"attachment-img-header size-img-header wp-post-image\" alt=\"\" srcset=\"https:\/\/letsrebold.com\/wp-content\/uploads\/2022\/06\/Claves-para-personalizar-tu-web.jpg 642w, https:\/\/letsrebold.com\/wp-content\/uploads\/2022\/06\/Claves-para-personalizar-tu-web-300x126.jpg 300w, https:\/\/letsrebold.com\/wp-content\/uploads\/2022\/06\/Claves-para-personalizar-tu-web-360x151.jpg 360w, https:\/\/letsrebold.com\/wp-content\/uploads\/2022\/06\/Claves-para-personalizar-tu-web-578x242.jpg 578w\" sizes=\"auto, (max-width: 642px) 100vw, 642px\" \/><\/a>\n                                <h2 class=\"post_meta\">\n                                                                                <a style=\"color: #e0094b\" class=\"post_tag\" href=\"?service=rebold-marketing\">Rebold Marketing<\/a>\n                                                                                                                                <a class=\"post_tag\" href=\"?topic=analisis\">An\u00e1lisis<\/a>\n                                                                            <\/h2>\n                                <h3 class=\"post_title\"><a href=\"https:\/\/letsrebold.com\/es\/blog\/personalizar-tu-web\/\">C\u00f3mo Personalizar tu Web para Mejorar la Experiencia Cliente<\/a><\/h3>\n                                <a class=\"post_link\" href=\"https:\/\/letsrebold.com\/es\/blog\/personalizar-tu-web\/\"><span>Leer m\u00e1s<\/span> <span class=\"ico-right\">M\u00e1s informaci\u00f3n<\/span><\/a>\n                            <\/article>\n                                                                        <article class=\"post \">\n                                <a class=\"post_image\" href=\"https:\/\/letsrebold.com\/es\/blog\/pasos-para-implementar-un-dmp\/\"><img loading=\"lazy\" decoding=\"async\" width=\"641\" height=\"272\" src=\"https:\/\/letsrebold.com\/wp-content\/uploads\/2022\/06\/Que\u0301-necesitas-para-implementar-un-DMP.png\" class=\"attachment-img-header size-img-header wp-post-image\" alt=\"\" srcset=\"https:\/\/letsrebold.com\/wp-content\/uploads\/2022\/06\/Que\u0301-necesitas-para-implementar-un-DMP.png 641w, https:\/\/letsrebold.com\/wp-content\/uploads\/2022\/06\/Que\u0301-necesitas-para-implementar-un-DMP-300x127.png 300w, https:\/\/letsrebold.com\/wp-content\/uploads\/2022\/06\/Que\u0301-necesitas-para-implementar-un-DMP-360x153.png 360w, https:\/\/letsrebold.com\/wp-content\/uploads\/2022\/06\/Que\u0301-necesitas-para-implementar-un-DMP-578x245.png 578w\" sizes=\"auto, (max-width: 641px) 100vw, 641px\" \/><\/a>\n                                <h2 class=\"post_meta\">\n                                                                                                                        <a class=\"post_tag\" href=\"?topic=adtech-amp\">Adtech &amp;amp<\/a>\n                                                                            <\/h2>\n                                <h3 class=\"post_title\"><a href=\"https:\/\/letsrebold.com\/es\/blog\/pasos-para-implementar-un-dmp\/\">9 Pasos a Seguir Antes de Implantar un DMP<\/a><\/h3>\n                                <a class=\"post_link\" href=\"https:\/\/letsrebold.com\/es\/blog\/pasos-para-implementar-un-dmp\/\"><span>Leer m\u00e1s<\/span> <span class=\"ico-right\">M\u00e1s informaci\u00f3n<\/span><\/a>\n                            <\/article>\n                                                                        <article class=\"post \">\n                                <a class=\"post_image\" href=\"https:\/\/letsrebold.com\/es\/blog\/como-fidelizar-a-mis-clientes\/\"><img loading=\"lazy\" decoding=\"async\" width=\"641\" height=\"267\" src=\"https:\/\/letsrebold.com\/wp-content\/uploads\/2022\/06\/clientes-contentos-y-fidelizados.jpg\" class=\"attachment-img-header size-img-header wp-post-image\" alt=\"\" srcset=\"https:\/\/letsrebold.com\/wp-content\/uploads\/2022\/06\/clientes-contentos-y-fidelizados.jpg 641w, https:\/\/letsrebold.com\/wp-content\/uploads\/2022\/06\/clientes-contentos-y-fidelizados-300x125.jpg 300w, https:\/\/letsrebold.com\/wp-content\/uploads\/2022\/06\/clientes-contentos-y-fidelizados-360x150.jpg 360w, https:\/\/letsrebold.com\/wp-content\/uploads\/2022\/06\/clientes-contentos-y-fidelizados-578x241.jpg 578w\" sizes=\"auto, (max-width: 641px) 100vw, 641px\" \/><\/a>\n                                <h2 class=\"post_meta\">\n                                                                                                                        <a class=\"post_tag\" href=\"?topic=loyalty\">Loyalty<\/a>\n                                                                            <\/h2>\n                                <h3 class=\"post_title\"><a href=\"https:\/\/letsrebold.com\/es\/blog\/como-fidelizar-a-mis-clientes\/\">\u00bfC\u00f3mo Puedo Fidelizar a mis Clientes?<\/a><\/h3>\n                                <a class=\"post_link\" href=\"https:\/\/letsrebold.com\/es\/blog\/como-fidelizar-a-mis-clientes\/\"><span>Leer m\u00e1s<\/span> <span class=\"ico-right\">M\u00e1s informaci\u00f3n<\/span><\/a>\n                            <\/article>\n                                    <\/div>\n                                    <nav class=\"links links-right\" id=\"loadmore_101\">\n                        <div class=\"container\">\n                            <a href=\"#\" class=\"loadmore\" value=\"101\"><span>Cargar m\u00e1s<\/span> <span class=\"ico-right\"><\/span><\/a>\n                        <\/div>\n                    <\/nav>\n                            <\/div>\n                                <div id=\"page_102\" class=\"d-none\">\n                <div class=\"container posts\">\n                                                                        <article class=\"post \">\n                                <a class=\"post_image\" href=\"https:\/\/letsrebold.com\/es\/blog\/10-diferencias-entre-los-compradores-del-black-friday-y-los-del-cyber-monday\/\"><img loading=\"lazy\" decoding=\"async\" width=\"989\" height=\"600\" src=\"https:\/\/letsrebold.com\/wp-content\/uploads\/2014\/06\/00_Post-sin-imagen-989x600.jpg\" class=\"attachment-img-header size-img-header wp-post-image\" alt=\"\" srcset=\"https:\/\/letsrebold.com\/wp-content\/uploads\/2014\/06\/00_Post-sin-imagen-989x600.jpg 989w, https:\/\/letsrebold.com\/wp-content\/uploads\/2014\/06\/00_Post-sin-imagen-300x182.jpg 300w, https:\/\/letsrebold.com\/wp-content\/uploads\/2014\/06\/00_Post-sin-imagen-768x466.jpg 768w, https:\/\/letsrebold.com\/wp-content\/uploads\/2014\/06\/00_Post-sin-imagen-1024x622.jpg 1024w, https:\/\/letsrebold.com\/wp-content\/uploads\/2014\/06\/00_Post-sin-imagen-336x204.jpg 336w, https:\/\/letsrebold.com\/wp-content\/uploads\/2014\/06\/00_Post-sin-imagen-360x219.jpg 360w, https:\/\/letsrebold.com\/wp-content\/uploads\/2014\/06\/00_Post-sin-imagen-578x351.jpg 578w, https:\/\/letsrebold.com\/wp-content\/uploads\/2014\/06\/00_Post-sin-imagen-629x382.jpg 629w, https:\/\/letsrebold.com\/wp-content\/uploads\/2014\/06\/00_Post-sin-imagen.jpg 1440w\" sizes=\"auto, (max-width: 989px) 100vw, 989px\" \/><\/a>\n                                <h2 class=\"post_meta\">\n                                                                                                                        <a class=\"post_tag\" href=\"?topic=estudios\">Estudios<\/a>\n                                                                            <\/h2>\n                                <h3 class=\"post_title\"><a href=\"https:\/\/letsrebold.com\/es\/blog\/10-diferencias-entre-los-compradores-del-black-friday-y-los-del-cyber-monday\/\">10 diferencias entre los compradores del Black Friday y los del Cyber Monday<\/a><\/h3>\n                                <a class=\"post_link\" href=\"https:\/\/letsrebold.com\/es\/blog\/10-diferencias-entre-los-compradores-del-black-friday-y-los-del-cyber-monday\/\"><span>Leer m\u00e1s<\/span> <span class=\"ico-right\">M\u00e1s informaci\u00f3n<\/span><\/a>\n                            <\/article>\n                                                                        <article class=\"post rebold-marketing\">\n                                <a class=\"post_image\" href=\"https:\/\/letsrebold.com\/es\/blog\/digilant-mexico-y-busca-fuska-en-marcha-por-una-causa-noble\/\"><\/a>\n                                <h2 class=\"post_meta\">\n                                                                                <a style=\"color: #e0094b\" class=\"post_tag\" href=\"?service=rebold-marketing\">Rebold Marketing<\/a>\n                                                                                                                                <a class=\"post_tag\" href=\"?topic=rebold-cares\">Rebold Cares<\/a>\n                                                                            <\/h2>\n                                <h3 class=\"post_title\"><a href=\"https:\/\/letsrebold.com\/es\/blog\/digilant-mexico-y-busca-fuska-en-marcha-por-una-causa-noble\/\">Digilant M\u00e9xico y Busca Fuska en marcha por una causa noble<\/a><\/h3>\n                                <a class=\"post_link\" href=\"https:\/\/letsrebold.com\/es\/blog\/digilant-mexico-y-busca-fuska-en-marcha-por-una-causa-noble\/\"><span>Leer m\u00e1s<\/span> <span class=\"ico-right\">M\u00e1s informaci\u00f3n<\/span><\/a>\n                            <\/article>\n                                                                        <article class=\"post performance, rebold-marketing\">\n                                <a class=\"post_image\" href=\"https:\/\/letsrebold.com\/es\/blog\/aumentar-conversiones-web\/\"><img loading=\"lazy\" decoding=\"async\" width=\"642\" height=\"272\" src=\"https:\/\/letsrebold.com\/wp-content\/uploads\/2022\/06\/obtener-ma\u0301s-conversiones.jpg\" class=\"attachment-img-header size-img-header wp-post-image\" alt=\"\" srcset=\"https:\/\/letsrebold.com\/wp-content\/uploads\/2022\/06\/obtener-ma\u0301s-conversiones.jpg 642w, https:\/\/letsrebold.com\/wp-content\/uploads\/2022\/06\/obtener-ma\u0301s-conversiones-300x127.jpg 300w, https:\/\/letsrebold.com\/wp-content\/uploads\/2022\/06\/obtener-ma\u0301s-conversiones-360x153.jpg 360w, https:\/\/letsrebold.com\/wp-content\/uploads\/2022\/06\/obtener-ma\u0301s-conversiones-578x245.jpg 578w\" sizes=\"auto, (max-width: 642px) 100vw, 642px\" \/><\/a>\n                                <h2 class=\"post_meta\">\n                                                                                <a style=\"color: #e0094b\" class=\"post_tag\" href=\"?service=rebold-marketing\">Rebold Marketing<\/a>\n                                                                                                                                <a class=\"post_tag\" href=\"?topic=planificacion-estrategica\">Planificaci\u00f3n estrat\u00e9gica<\/a>\n                                                                            <\/h2>\n                                <h3 class=\"post_title\"><a href=\"https:\/\/letsrebold.com\/es\/blog\/aumentar-conversiones-web\/\">3 Claves Para Obtener M\u00e1s Conversiones en tu Web<\/a><\/h3>\n                                <a class=\"post_link\" href=\"https:\/\/letsrebold.com\/es\/blog\/aumentar-conversiones-web\/\"><span>Leer m\u00e1s<\/span> <span class=\"ico-right\">M\u00e1s informaci\u00f3n<\/span><\/a>\n                            <\/article>\n                                                                        <article class=\"post media-intelligence, rebold-communication\">\n                                <a class=\"post_image\" href=\"https:\/\/letsrebold.com\/es\/blog\/conocer-consumidor-con-seo-y-escucha-social\/\"><img loading=\"lazy\" decoding=\"async\" width=\"642\" height=\"272\" src=\"https:\/\/letsrebold.com\/wp-content\/uploads\/2022\/06\/SEOySOCIAl.jpg\" class=\"attachment-img-header size-img-header wp-post-image\" alt=\"\" srcset=\"https:\/\/letsrebold.com\/wp-content\/uploads\/2022\/06\/SEOySOCIAl.jpg 642w, https:\/\/letsrebold.com\/wp-content\/uploads\/2022\/06\/SEOySOCIAl-300x127.jpg 300w, https:\/\/letsrebold.com\/wp-content\/uploads\/2022\/06\/SEOySOCIAl-360x153.jpg 360w, https:\/\/letsrebold.com\/wp-content\/uploads\/2022\/06\/SEOySOCIAl-578x245.jpg 578w\" sizes=\"auto, (max-width: 642px) 100vw, 642px\" \/><\/a>\n                                <h2 class=\"post_meta\">\n                                                                                <a style=\"color: #5ac4bb\" class=\"post_tag\" href=\"?service=rebold-communication\">Rebold Communication<\/a>\n                                                                                                                                <a class=\"post_tag\" href=\"?topic=media-intelligence\">Media Intelligence<\/a>\n                                                                            <\/h2>\n                                <h3 class=\"post_title\"><a href=\"https:\/\/letsrebold.com\/es\/blog\/conocer-consumidor-con-seo-y-escucha-social\/\">Conoce al consumidor a trav\u00e9s del SEO y la Escucha Social<\/a><\/h3>\n                                <a class=\"post_link\" href=\"https:\/\/letsrebold.com\/es\/blog\/conocer-consumidor-con-seo-y-escucha-social\/\"><span>Leer m\u00e1s<\/span> <span class=\"ico-right\">M\u00e1s informaci\u00f3n<\/span><\/a>\n                            <\/article>\n                                                                        <article class=\"post rebold-marketing\">\n                                <a class=\"post_image\" href=\"https:\/\/letsrebold.com\/es\/blog\/retos-director-marketing-digital\/\"><img loading=\"lazy\" decoding=\"async\" width=\"642\" height=\"238\" src=\"https:\/\/letsrebold.com\/wp-content\/uploads\/2022\/06\/equipo-marketing-digital.jpg\" class=\"attachment-img-header size-img-header wp-post-image\" alt=\"\" srcset=\"https:\/\/letsrebold.com\/wp-content\/uploads\/2022\/06\/equipo-marketing-digital.jpg 642w, https:\/\/letsrebold.com\/wp-content\/uploads\/2022\/06\/equipo-marketing-digital-300x111.jpg 300w, https:\/\/letsrebold.com\/wp-content\/uploads\/2022\/06\/equipo-marketing-digital-360x133.jpg 360w, https:\/\/letsrebold.com\/wp-content\/uploads\/2022\/06\/equipo-marketing-digital-578x214.jpg 578w\" sizes=\"auto, (max-width: 642px) 100vw, 642px\" \/><\/a>\n                                <h2 class=\"post_meta\">\n                                                                                <a style=\"color: #e0094b\" class=\"post_tag\" href=\"?service=rebold-marketing\">Rebold Marketing<\/a>\n                                                                                                                                <a class=\"post_tag\" href=\"?topic=marketing-digital\">Marketing Digital<\/a>\n                                                                            <\/h2>\n                                <h3 class=\"post_title\"><a href=\"https:\/\/letsrebold.com\/es\/blog\/retos-director-marketing-digital\/\">Los Principales Retos del Director de Marketing Digital<\/a><\/h3>\n                                <a class=\"post_link\" href=\"https:\/\/letsrebold.com\/es\/blog\/retos-director-marketing-digital\/\"><span>Leer m\u00e1s<\/span> <span class=\"ico-right\">M\u00e1s informaci\u00f3n<\/span><\/a>\n                            <\/article>\n                                                                        <article class=\"post \">\n                                <a class=\"post_image\" href=\"https:\/\/letsrebold.com\/es\/blog\/el-control-de-armas-el-asunto-que-mas-preocupa-a-los-millennials-de-estados-unidos-en-la-campana-electoral-segun-un-estudio-realizado-por-digilant-2\/\"><img loading=\"lazy\" decoding=\"async\" width=\"989\" height=\"600\" src=\"https:\/\/letsrebold.com\/wp-content\/uploads\/2014\/06\/00_Post-sin-imagen-989x600.jpg\" class=\"attachment-img-header size-img-header wp-post-image\" alt=\"\" srcset=\"https:\/\/letsrebold.com\/wp-content\/uploads\/2014\/06\/00_Post-sin-imagen-989x600.jpg 989w, https:\/\/letsrebold.com\/wp-content\/uploads\/2014\/06\/00_Post-sin-imagen-300x182.jpg 300w, https:\/\/letsrebold.com\/wp-content\/uploads\/2014\/06\/00_Post-sin-imagen-768x466.jpg 768w, https:\/\/letsrebold.com\/wp-content\/uploads\/2014\/06\/00_Post-sin-imagen-1024x622.jpg 1024w, https:\/\/letsrebold.com\/wp-content\/uploads\/2014\/06\/00_Post-sin-imagen-336x204.jpg 336w, https:\/\/letsrebold.com\/wp-content\/uploads\/2014\/06\/00_Post-sin-imagen-360x219.jpg 360w, https:\/\/letsrebold.com\/wp-content\/uploads\/2014\/06\/00_Post-sin-imagen-578x351.jpg 578w, https:\/\/letsrebold.com\/wp-content\/uploads\/2014\/06\/00_Post-sin-imagen-629x382.jpg 629w, https:\/\/letsrebold.com\/wp-content\/uploads\/2014\/06\/00_Post-sin-imagen.jpg 1440w\" sizes=\"auto, (max-width: 989px) 100vw, 989px\" \/><\/a>\n                                <h2 class=\"post_meta\">\n                                                                                                                        <a class=\"post_tag\" href=\"?topic=estudios\">Estudios<\/a>\n                                                                            <\/h2>\n                                <h3 class=\"post_title\"><a href=\"https:\/\/letsrebold.com\/es\/blog\/el-control-de-armas-el-asunto-que-mas-preocupa-a-los-millennials-de-estados-unidos-en-la-campana-electoral-segun-un-estudio-realizado-por-digilant-2\/\">El control de armas, el asunto que m\u00e1s preocupa a los Millennials de Estados Unidos en la campa\u00f1a electoral, seg\u00fan un estudio realizado por Digilant<\/a><\/h3>\n                                <a class=\"post_link\" href=\"https:\/\/letsrebold.com\/es\/blog\/el-control-de-armas-el-asunto-que-mas-preocupa-a-los-millennials-de-estados-unidos-en-la-campana-electoral-segun-un-estudio-realizado-por-digilant-2\/\"><span>Leer m\u00e1s<\/span> <span class=\"ico-right\">M\u00e1s informaci\u00f3n<\/span><\/a>\n                            <\/article>\n                                    <\/div>\n                                    <nav class=\"links links-right\" id=\"loadmore_102\">\n                        <div class=\"container\">\n                            <a href=\"#\" class=\"loadmore\" value=\"102\"><span>Cargar m\u00e1s<\/span> <span class=\"ico-right\"><\/span><\/a>\n                        <\/div>\n                    <\/nav>\n                            <\/div>\n                                <div id=\"page_103\" class=\"d-none\">\n                <div class=\"container posts\">\n                                                                        <article class=\"post \">\n                                <a class=\"post_image\" href=\"https:\/\/letsrebold.com\/es\/blog\/el-control-de-armas-el-asunto-que-mas-preocupa-a-los-millennials-de-estados-unidos-en-la-campana-electoral-segun-un-estudio-realizado-por-digilant-2-2\/\"><img loading=\"lazy\" decoding=\"async\" width=\"450\" height=\"600\" src=\"https:\/\/letsrebold.com\/wp-content\/uploads\/2022\/06\/14-marzo-2018-1-450x600.jpg\" class=\"attachment-img-header size-img-header wp-post-image\" alt=\"\" srcset=\"https:\/\/letsrebold.com\/wp-content\/uploads\/2022\/06\/14-marzo-2018-1-450x600.jpg 450w, https:\/\/letsrebold.com\/wp-content\/uploads\/2022\/06\/14-marzo-2018-1-225x300.jpg 225w, https:\/\/letsrebold.com\/wp-content\/uploads\/2022\/06\/14-marzo-2018-1-153x204.jpg 153w, https:\/\/letsrebold.com\/wp-content\/uploads\/2022\/06\/14-marzo-2018-1-360x480.jpg 360w, https:\/\/letsrebold.com\/wp-content\/uploads\/2022\/06\/14-marzo-2018-1-263x351.jpg 263w, https:\/\/letsrebold.com\/wp-content\/uploads\/2022\/06\/14-marzo-2018-1-287x382.jpg 287w, https:\/\/letsrebold.com\/wp-content\/uploads\/2022\/06\/14-marzo-2018-1.jpg 768w\" sizes=\"auto, (max-width: 450px) 100vw, 450px\" \/><\/a>\n                                <h2 class=\"post_meta\">\n                                                                                                                        <a class=\"post_tag\" href=\"?topic=estudios\">Estudios<\/a>\n                                                                            <\/h2>\n                                <h3 class=\"post_title\"><a href=\"https:\/\/letsrebold.com\/es\/blog\/el-control-de-armas-el-asunto-que-mas-preocupa-a-los-millennials-de-estados-unidos-en-la-campana-electoral-segun-un-estudio-realizado-por-digilant-2-2\/\">El control de armas, el asunto que m\u00e1s preocupa a los Millennials de Estados Unidos en la campa\u00f1a electoral, seg\u00fan un estudio realizado por Digilant<\/a><\/h3>\n                                <a class=\"post_link\" href=\"https:\/\/letsrebold.com\/es\/blog\/el-control-de-armas-el-asunto-que-mas-preocupa-a-los-millennials-de-estados-unidos-en-la-campana-electoral-segun-un-estudio-realizado-por-digilant-2-2\/\"><span>Leer m\u00e1s<\/span> <span class=\"ico-right\">M\u00e1s informaci\u00f3n<\/span><\/a>\n                            <\/article>\n                                                                        <article class=\"post \">\n                                <a class=\"post_image\" href=\"https:\/\/letsrebold.com\/es\/blog\/las-elecciones-de-eu-explicadas-en-3-segmentos-generacionales\/\"><img loading=\"lazy\" decoding=\"async\" width=\"989\" height=\"600\" src=\"https:\/\/letsrebold.com\/wp-content\/uploads\/2014\/06\/00_Post-sin-imagen-989x600.jpg\" class=\"attachment-img-header size-img-header wp-post-image\" alt=\"\" srcset=\"https:\/\/letsrebold.com\/wp-content\/uploads\/2014\/06\/00_Post-sin-imagen-989x600.jpg 989w, https:\/\/letsrebold.com\/wp-content\/uploads\/2014\/06\/00_Post-sin-imagen-300x182.jpg 300w, https:\/\/letsrebold.com\/wp-content\/uploads\/2014\/06\/00_Post-sin-imagen-768x466.jpg 768w, https:\/\/letsrebold.com\/wp-content\/uploads\/2014\/06\/00_Post-sin-imagen-1024x622.jpg 1024w, https:\/\/letsrebold.com\/wp-content\/uploads\/2014\/06\/00_Post-sin-imagen-336x204.jpg 336w, https:\/\/letsrebold.com\/wp-content\/uploads\/2014\/06\/00_Post-sin-imagen-360x219.jpg 360w, https:\/\/letsrebold.com\/wp-content\/uploads\/2014\/06\/00_Post-sin-imagen-578x351.jpg 578w, https:\/\/letsrebold.com\/wp-content\/uploads\/2014\/06\/00_Post-sin-imagen-629x382.jpg 629w, https:\/\/letsrebold.com\/wp-content\/uploads\/2014\/06\/00_Post-sin-imagen.jpg 1440w\" sizes=\"auto, (max-width: 989px) 100vw, 989px\" \/><\/a>\n                                <h2 class=\"post_meta\">\n                                                                                                                        <a class=\"post_tag\" href=\"?topic=estudios\">Estudios<\/a>\n                                                                            <\/h2>\n                                <h3 class=\"post_title\"><a href=\"https:\/\/letsrebold.com\/es\/blog\/las-elecciones-de-eu-explicadas-en-3-segmentos-generacionales\/\">Las Elecciones de EU explicadas en 3 Segmentos Generacionales<\/a><\/h3>\n                                <a class=\"post_link\" href=\"https:\/\/letsrebold.com\/es\/blog\/las-elecciones-de-eu-explicadas-en-3-segmentos-generacionales\/\"><span>Leer m\u00e1s<\/span> <span class=\"ico-right\">M\u00e1s informaci\u00f3n<\/span><\/a>\n                            <\/article>\n                                                                        <article class=\"post \">\n                                <a class=\"post_image\" href=\"https:\/\/letsrebold.com\/es\/blog\/ecosistema-del-automovil\/\"><img loading=\"lazy\" decoding=\"async\" width=\"989\" height=\"600\" src=\"https:\/\/letsrebold.com\/wp-content\/uploads\/2014\/06\/00_Post-sin-imagen-989x600.jpg\" class=\"attachment-img-header size-img-header wp-post-image\" alt=\"\" srcset=\"https:\/\/letsrebold.com\/wp-content\/uploads\/2014\/06\/00_Post-sin-imagen-989x600.jpg 989w, https:\/\/letsrebold.com\/wp-content\/uploads\/2014\/06\/00_Post-sin-imagen-300x182.jpg 300w, https:\/\/letsrebold.com\/wp-content\/uploads\/2014\/06\/00_Post-sin-imagen-768x466.jpg 768w, https:\/\/letsrebold.com\/wp-content\/uploads\/2014\/06\/00_Post-sin-imagen-1024x622.jpg 1024w, https:\/\/letsrebold.com\/wp-content\/uploads\/2014\/06\/00_Post-sin-imagen-336x204.jpg 336w, https:\/\/letsrebold.com\/wp-content\/uploads\/2014\/06\/00_Post-sin-imagen-360x219.jpg 360w, https:\/\/letsrebold.com\/wp-content\/uploads\/2014\/06\/00_Post-sin-imagen-578x351.jpg 578w, https:\/\/letsrebold.com\/wp-content\/uploads\/2014\/06\/00_Post-sin-imagen-629x382.jpg 629w, https:\/\/letsrebold.com\/wp-content\/uploads\/2014\/06\/00_Post-sin-imagen.jpg 1440w\" sizes=\"auto, (max-width: 989px) 100vw, 989px\" \/><\/a>\n                                <h2 class=\"post_meta\">\n                                                                                                                        <a class=\"post_tag\" href=\"?topic=estudios\">Estudios<\/a>\n                                                                            <\/h2>\n                                <h3 class=\"post_title\"><a href=\"https:\/\/letsrebold.com\/es\/blog\/ecosistema-del-automovil\/\">El Ecosistema del Sal\u00f3n del Autom\u00f3vil de Paris<\/a><\/h3>\n                                <a class=\"post_link\" href=\"https:\/\/letsrebold.com\/es\/blog\/ecosistema-del-automovil\/\"><span>Leer m\u00e1s<\/span> <span class=\"ico-right\">M\u00e1s informaci\u00f3n<\/span><\/a>\n                            <\/article>\n                                                                        <article class=\"post rebold-marketing\">\n                                <a class=\"post_image\" href=\"https:\/\/letsrebold.com\/es\/blog\/digilant-lanza-su-universidad-de-marketing-digital-formando-a-30-gerentes-y-coordinadores-de-pepsico\/\"><img loading=\"lazy\" decoding=\"async\" width=\"989\" height=\"600\" src=\"https:\/\/letsrebold.com\/wp-content\/uploads\/2014\/06\/00_Post-sin-imagen-989x600.jpg\" class=\"attachment-img-header size-img-header wp-post-image\" alt=\"\" srcset=\"https:\/\/letsrebold.com\/wp-content\/uploads\/2014\/06\/00_Post-sin-imagen-989x600.jpg 989w, https:\/\/letsrebold.com\/wp-content\/uploads\/2014\/06\/00_Post-sin-imagen-300x182.jpg 300w, https:\/\/letsrebold.com\/wp-content\/uploads\/2014\/06\/00_Post-sin-imagen-768x466.jpg 768w, https:\/\/letsrebold.com\/wp-content\/uploads\/2014\/06\/00_Post-sin-imagen-1024x622.jpg 1024w, https:\/\/letsrebold.com\/wp-content\/uploads\/2014\/06\/00_Post-sin-imagen-336x204.jpg 336w, https:\/\/letsrebold.com\/wp-content\/uploads\/2014\/06\/00_Post-sin-imagen-360x219.jpg 360w, https:\/\/letsrebold.com\/wp-content\/uploads\/2014\/06\/00_Post-sin-imagen-578x351.jpg 578w, https:\/\/letsrebold.com\/wp-content\/uploads\/2014\/06\/00_Post-sin-imagen-629x382.jpg 629w, https:\/\/letsrebold.com\/wp-content\/uploads\/2014\/06\/00_Post-sin-imagen.jpg 1440w\" sizes=\"auto, (max-width: 989px) 100vw, 989px\" \/><\/a>\n                                <h2 class=\"post_meta\">\n                                                                                <a style=\"color: #e0094b\" class=\"post_tag\" href=\"?service=rebold-marketing\">Rebold Marketing<\/a>\n                                                                                                                                <a class=\"post_tag\" href=\"?topic=rebold\">Rebold<\/a>\n                                                                            <\/h2>\n                                <h3 class=\"post_title\"><a href=\"https:\/\/letsrebold.com\/es\/blog\/digilant-lanza-su-universidad-de-marketing-digital-formando-a-30-gerentes-y-coordinadores-de-pepsico\/\">Digilant lanza su \u201cUniversidad de Marketing Digital\u201d formando a 30 Gerentes y Coordinadores de PepsiCo<\/a><\/h3>\n                                <a class=\"post_link\" href=\"https:\/\/letsrebold.com\/es\/blog\/digilant-lanza-su-universidad-de-marketing-digital-formando-a-30-gerentes-y-coordinadores-de-pepsico\/\"><span>Leer m\u00e1s<\/span> <span class=\"ico-right\">M\u00e1s informaci\u00f3n<\/span><\/a>\n                            <\/article>\n                                                                        <article class=\"post \">\n                                <a class=\"post_image\" href=\"https:\/\/letsrebold.com\/es\/blog\/who-are-millennials-and-why-are-they-so-important-to-brands\/\"><img loading=\"lazy\" decoding=\"async\" width=\"989\" height=\"600\" src=\"https:\/\/letsrebold.com\/wp-content\/uploads\/2014\/06\/00_Post-sin-imagen-989x600.jpg\" class=\"attachment-img-header size-img-header wp-post-image\" alt=\"\" srcset=\"https:\/\/letsrebold.com\/wp-content\/uploads\/2014\/06\/00_Post-sin-imagen-989x600.jpg 989w, https:\/\/letsrebold.com\/wp-content\/uploads\/2014\/06\/00_Post-sin-imagen-300x182.jpg 300w, https:\/\/letsrebold.com\/wp-content\/uploads\/2014\/06\/00_Post-sin-imagen-768x466.jpg 768w, https:\/\/letsrebold.com\/wp-content\/uploads\/2014\/06\/00_Post-sin-imagen-1024x622.jpg 1024w, https:\/\/letsrebold.com\/wp-content\/uploads\/2014\/06\/00_Post-sin-imagen-336x204.jpg 336w, https:\/\/letsrebold.com\/wp-content\/uploads\/2014\/06\/00_Post-sin-imagen-360x219.jpg 360w, https:\/\/letsrebold.com\/wp-content\/uploads\/2014\/06\/00_Post-sin-imagen-578x351.jpg 578w, https:\/\/letsrebold.com\/wp-content\/uploads\/2014\/06\/00_Post-sin-imagen-629x382.jpg 629w, https:\/\/letsrebold.com\/wp-content\/uploads\/2014\/06\/00_Post-sin-imagen.jpg 1440w\" sizes=\"auto, (max-width: 989px) 100vw, 989px\" \/><\/a>\n                                <h2 class=\"post_meta\">\n                                                                                                                        <a class=\"post_tag\" href=\"?topic=estudios\">Estudios<\/a>\n                                                                            <\/h2>\n                                <h3 class=\"post_title\"><a href=\"https:\/\/letsrebold.com\/es\/blog\/who-are-millennials-and-why-are-they-so-important-to-brands\/\">Leveraging Social Data to understand, acquire and retain Millennials<\/a><\/h3>\n                                <a class=\"post_link\" href=\"https:\/\/letsrebold.com\/es\/blog\/who-are-millennials-and-why-are-they-so-important-to-brands\/\"><span>Leer m\u00e1s<\/span> <span class=\"ico-right\">M\u00e1s informaci\u00f3n<\/span><\/a>\n                            <\/article>\n                                                                        <article class=\"post rebold-marketing, zero-party-data\">\n                                <a class=\"post_image\" href=\"https:\/\/letsrebold.com\/es\/blog\/datos-web\/\"><img loading=\"lazy\" decoding=\"async\" width=\"600\" height=\"300\" src=\"https:\/\/letsrebold.com\/wp-content\/uploads\/2022\/06\/WeLoveData-1-1.jpg\" class=\"attachment-img-header size-img-header wp-post-image\" alt=\"\" srcset=\"https:\/\/letsrebold.com\/wp-content\/uploads\/2022\/06\/WeLoveData-1-1.jpg 600w, https:\/\/letsrebold.com\/wp-content\/uploads\/2022\/06\/WeLoveData-1-1-300x150.jpg 300w, https:\/\/letsrebold.com\/wp-content\/uploads\/2022\/06\/WeLoveData-1-1-360x180.jpg 360w, https:\/\/letsrebold.com\/wp-content\/uploads\/2022\/06\/WeLoveData-1-1-578x289.jpg 578w\" sizes=\"auto, (max-width: 600px) 100vw, 600px\" \/><\/a>\n                                <h2 class=\"post_meta\">\n                                                                                <a style=\"color: #e0094b\" class=\"post_tag\" href=\"?service=rebold-marketing\">Rebold Marketing<\/a>\n                                                                                                                                <a class=\"post_tag\" href=\"?topic=data\">data<\/a>\n                                                                            <\/h2>\n                                <h3 class=\"post_title\"><a href=\"https:\/\/letsrebold.com\/es\/blog\/datos-web\/\">C\u00f3mo conocer el valor de los datos de tu web<\/a><\/h3>\n                                <a class=\"post_link\" href=\"https:\/\/letsrebold.com\/es\/blog\/datos-web\/\"><span>Leer m\u00e1s<\/span> <span class=\"ico-right\">M\u00e1s informaci\u00f3n<\/span><\/a>\n                            <\/article>\n                                    <\/div>\n                                    <nav class=\"links links-right\" id=\"loadmore_103\">\n                        <div class=\"container\">\n                            <a href=\"#\" class=\"loadmore\" value=\"103\"><span>Cargar m\u00e1s<\/span> <span class=\"ico-right\"><\/span><\/a>\n                        <\/div>\n                    <\/nav>\n                            <\/div>\n                                <div id=\"page_104\" class=\"d-none\">\n                <div class=\"container posts\">\n                                                                        <article class=\"post rebold-marketing, zero-party-data\">\n                                <a class=\"post_image\" href=\"https:\/\/letsrebold.com\/es\/blog\/ciencia-de-los-datos\/\"><\/a>\n                                <h2 class=\"post_meta\">\n                                                                                <a style=\"color: #e0094b\" class=\"post_tag\" href=\"?service=rebold-marketing\">Rebold Marketing<\/a>\n                                                                                                                                <a class=\"post_tag\" href=\"?topic=data\">data<\/a>\n                                                                            <\/h2>\n                                <h3 class=\"post_title\"><a href=\"https:\/\/letsrebold.com\/es\/blog\/ciencia-de-los-datos\/\">Descubre C\u00f3mo Obtener Respuestas con la Ciencia de los Datos<\/a><\/h3>\n                                <a class=\"post_link\" href=\"https:\/\/letsrebold.com\/es\/blog\/ciencia-de-los-datos\/\"><span>Leer m\u00e1s<\/span> <span class=\"ico-right\">M\u00e1s informaci\u00f3n<\/span><\/a>\n                            <\/article>\n                                                                        <article class=\"post \">\n                                <a class=\"post_image\" href=\"https:\/\/letsrebold.com\/es\/blog\/colombia-mas-digital-que-nunca\/\"><img loading=\"lazy\" decoding=\"async\" width=\"989\" height=\"600\" src=\"https:\/\/letsrebold.com\/wp-content\/uploads\/2014\/06\/00_Post-sin-imagen-989x600.jpg\" class=\"attachment-img-header size-img-header wp-post-image\" alt=\"\" srcset=\"https:\/\/letsrebold.com\/wp-content\/uploads\/2014\/06\/00_Post-sin-imagen-989x600.jpg 989w, https:\/\/letsrebold.com\/wp-content\/uploads\/2014\/06\/00_Post-sin-imagen-300x182.jpg 300w, https:\/\/letsrebold.com\/wp-content\/uploads\/2014\/06\/00_Post-sin-imagen-768x466.jpg 768w, https:\/\/letsrebold.com\/wp-content\/uploads\/2014\/06\/00_Post-sin-imagen-1024x622.jpg 1024w, https:\/\/letsrebold.com\/wp-content\/uploads\/2014\/06\/00_Post-sin-imagen-336x204.jpg 336w, https:\/\/letsrebold.com\/wp-content\/uploads\/2014\/06\/00_Post-sin-imagen-360x219.jpg 360w, https:\/\/letsrebold.com\/wp-content\/uploads\/2014\/06\/00_Post-sin-imagen-578x351.jpg 578w, https:\/\/letsrebold.com\/wp-content\/uploads\/2014\/06\/00_Post-sin-imagen-629x382.jpg 629w, https:\/\/letsrebold.com\/wp-content\/uploads\/2014\/06\/00_Post-sin-imagen.jpg 1440w\" sizes=\"auto, (max-width: 989px) 100vw, 989px\" \/><\/a>\n                                <h2 class=\"post_meta\">\n                                                                                                                        <a class=\"post_tag\" href=\"?topic=investigacion-de-mercado\">Investigaci\u00f3n de Mercado<\/a>\n                                                                            <\/h2>\n                                <h3 class=\"post_title\"><a href=\"https:\/\/letsrebold.com\/es\/blog\/colombia-mas-digital-que-nunca\/\">Colombia, m\u00e1s digital que nunca<\/a><\/h3>\n                                <a class=\"post_link\" href=\"https:\/\/letsrebold.com\/es\/blog\/colombia-mas-digital-que-nunca\/\"><span>Leer m\u00e1s<\/span> <span class=\"ico-right\">M\u00e1s informaci\u00f3n<\/span><\/a>\n                            <\/article>\n                                                                        <article class=\"post media-intelligence, rebold-communication\">\n                                <a class=\"post_image\" href=\"https:\/\/letsrebold.com\/es\/blog\/marketing-comunicacion\/\"><\/a>\n                                <h2 class=\"post_meta\">\n                                                                                <a style=\"color: #5ac4bb\" class=\"post_tag\" href=\"?service=rebold-communication\">Rebold Communication<\/a>\n                                                                                                                                <a class=\"post_tag\" href=\"?topic=media-intelligence\">Media Intelligence<\/a>\n                                                                            <\/h2>\n                                <h3 class=\"post_title\"><a href=\"https:\/\/letsrebold.com\/es\/blog\/marketing-comunicacion\/\">Nuevas reglas del juego para marketing y comunicaci\u00f3n<\/a><\/h3>\n                                <a class=\"post_link\" href=\"https:\/\/letsrebold.com\/es\/blog\/marketing-comunicacion\/\"><span>Leer m\u00e1s<\/span> <span class=\"ico-right\">M\u00e1s informaci\u00f3n<\/span><\/a>\n                            <\/article>\n                                                                        <article class=\"post consumer-intelligence, rebold-communication\">\n                                <a class=\"post_image\" href=\"https:\/\/letsrebold.com\/es\/blog\/escucha-social-proceso-paz\/\"><\/a>\n                                <h2 class=\"post_meta\">\n                                                                                <a style=\"color: #5ac4bb\" class=\"post_tag\" href=\"?service=rebold-communication\">Rebold Communication<\/a>\n                                                                                                                                <a class=\"post_tag\" href=\"?topic=social-listening\">Social Listening<\/a>\n                                                                            <\/h2>\n                                <h3 class=\"post_title\"><a href=\"https:\/\/letsrebold.com\/es\/blog\/escucha-social-proceso-paz\/\">La Escucha Social y el Proceso de Paz en Colombia<\/a><\/h3>\n                                <a class=\"post_link\" href=\"https:\/\/letsrebold.com\/es\/blog\/escucha-social-proceso-paz\/\"><span>Leer m\u00e1s<\/span> <span class=\"ico-right\">M\u00e1s informaci\u00f3n<\/span><\/a>\n                            <\/article>\n                                                                        <article class=\"post media-strategy-research, rebold-marketing\">\n                                <a class=\"post_image\" href=\"https:\/\/letsrebold.com\/es\/blog\/la-publicidad-programatica-llega-a-cancun\/\"><img loading=\"lazy\" decoding=\"async\" width=\"989\" height=\"600\" src=\"https:\/\/letsrebold.com\/wp-content\/uploads\/2014\/06\/00_Post-sin-imagen-989x600.jpg\" class=\"attachment-img-header size-img-header wp-post-image\" alt=\"\" srcset=\"https:\/\/letsrebold.com\/wp-content\/uploads\/2014\/06\/00_Post-sin-imagen-989x600.jpg 989w, https:\/\/letsrebold.com\/wp-content\/uploads\/2014\/06\/00_Post-sin-imagen-300x182.jpg 300w, https:\/\/letsrebold.com\/wp-content\/uploads\/2014\/06\/00_Post-sin-imagen-768x466.jpg 768w, https:\/\/letsrebold.com\/wp-content\/uploads\/2014\/06\/00_Post-sin-imagen-1024x622.jpg 1024w, https:\/\/letsrebold.com\/wp-content\/uploads\/2014\/06\/00_Post-sin-imagen-336x204.jpg 336w, https:\/\/letsrebold.com\/wp-content\/uploads\/2014\/06\/00_Post-sin-imagen-360x219.jpg 360w, https:\/\/letsrebold.com\/wp-content\/uploads\/2014\/06\/00_Post-sin-imagen-578x351.jpg 578w, https:\/\/letsrebold.com\/wp-content\/uploads\/2014\/06\/00_Post-sin-imagen-629x382.jpg 629w, https:\/\/letsrebold.com\/wp-content\/uploads\/2014\/06\/00_Post-sin-imagen.jpg 1440w\" sizes=\"auto, (max-width: 989px) 100vw, 989px\" \/><\/a>\n                                <h2 class=\"post_meta\">\n                                                                                <a style=\"color: #e0094b\" class=\"post_tag\" href=\"?service=rebold-marketing\">Rebold Marketing<\/a>\n                                                                                                                                <a class=\"post_tag\" href=\"?topic=publicidad-programatica\">Publicidad Program\u00e1tica<\/a>\n                                                                            <\/h2>\n                                <h3 class=\"post_title\"><a href=\"https:\/\/letsrebold.com\/es\/blog\/la-publicidad-programatica-llega-a-cancun\/\">La Publicidad Program\u00e1tica llega a Canc\u00fan<\/a><\/h3>\n                                <a class=\"post_link\" href=\"https:\/\/letsrebold.com\/es\/blog\/la-publicidad-programatica-llega-a-cancun\/\"><span>Leer m\u00e1s<\/span> <span class=\"ico-right\">M\u00e1s informaci\u00f3n<\/span><\/a>\n                            <\/article>\n                                                                        <article class=\"post rebold-marketing, zero-party-data\">\n                                <a class=\"post_image\" href=\"https:\/\/letsrebold.com\/es\/blog\/big-data-no-medible-no-ciencia\/\"><img loading=\"lazy\" decoding=\"async\" width=\"989\" height=\"600\" src=\"https:\/\/letsrebold.com\/wp-content\/uploads\/2014\/06\/00_Post-sin-imagen-989x600.jpg\" class=\"attachment-img-header size-img-header wp-post-image\" alt=\"\" srcset=\"https:\/\/letsrebold.com\/wp-content\/uploads\/2014\/06\/00_Post-sin-imagen-989x600.jpg 989w, https:\/\/letsrebold.com\/wp-content\/uploads\/2014\/06\/00_Post-sin-imagen-300x182.jpg 300w, https:\/\/letsrebold.com\/wp-content\/uploads\/2014\/06\/00_Post-sin-imagen-768x466.jpg 768w, https:\/\/letsrebold.com\/wp-content\/uploads\/2014\/06\/00_Post-sin-imagen-1024x622.jpg 1024w, https:\/\/letsrebold.com\/wp-content\/uploads\/2014\/06\/00_Post-sin-imagen-336x204.jpg 336w, https:\/\/letsrebold.com\/wp-content\/uploads\/2014\/06\/00_Post-sin-imagen-360x219.jpg 360w, https:\/\/letsrebold.com\/wp-content\/uploads\/2014\/06\/00_Post-sin-imagen-578x351.jpg 578w, https:\/\/letsrebold.com\/wp-content\/uploads\/2014\/06\/00_Post-sin-imagen-629x382.jpg 629w, https:\/\/letsrebold.com\/wp-content\/uploads\/2014\/06\/00_Post-sin-imagen.jpg 1440w\" sizes=\"auto, (max-width: 989px) 100vw, 989px\" \/><\/a>\n                                <h2 class=\"post_meta\">\n                                                                                <a style=\"color: #e0094b\" class=\"post_tag\" href=\"?service=rebold-marketing\">Rebold Marketing<\/a>\n                                                                                                                                <a class=\"post_tag\" href=\"?topic=data\">data<\/a>\n                                                                            <\/h2>\n                                <h3 class=\"post_title\"><a href=\"https:\/\/letsrebold.com\/es\/blog\/big-data-no-medible-no-ciencia\/\">Big Data: lo que no es medible no es ciencia<\/a><\/h3>\n                                <a class=\"post_link\" href=\"https:\/\/letsrebold.com\/es\/blog\/big-data-no-medible-no-ciencia\/\"><span>Leer m\u00e1s<\/span> <span class=\"ico-right\">M\u00e1s informaci\u00f3n<\/span><\/a>\n                            <\/article>\n                                    <\/div>\n                                    <nav class=\"links links-right\" id=\"loadmore_104\">\n                        <div class=\"container\">\n                            <a href=\"#\" class=\"loadmore\" value=\"104\"><span>Cargar m\u00e1s<\/span> <span class=\"ico-right\"><\/span><\/a>\n                        <\/div>\n                    <\/nav>\n                            <\/div>\n                                <div id=\"page_105\" class=\"d-none\">\n                <div class=\"container posts\">\n                                                                        <article class=\"post \">\n                                <a class=\"post_image\" href=\"https:\/\/letsrebold.com\/es\/blog\/los-10-nuevos-puestos-que-mas-demanda-el-mercado-de-la-publicidad-online\/\"><img loading=\"lazy\" decoding=\"async\" width=\"989\" height=\"600\" src=\"https:\/\/letsrebold.com\/wp-content\/uploads\/2014\/06\/00_Post-sin-imagen-989x600.jpg\" class=\"attachment-img-header size-img-header wp-post-image\" alt=\"\" srcset=\"https:\/\/letsrebold.com\/wp-content\/uploads\/2014\/06\/00_Post-sin-imagen-989x600.jpg 989w, https:\/\/letsrebold.com\/wp-content\/uploads\/2014\/06\/00_Post-sin-imagen-300x182.jpg 300w, https:\/\/letsrebold.com\/wp-content\/uploads\/2014\/06\/00_Post-sin-imagen-768x466.jpg 768w, https:\/\/letsrebold.com\/wp-content\/uploads\/2014\/06\/00_Post-sin-imagen-1024x622.jpg 1024w, https:\/\/letsrebold.com\/wp-content\/uploads\/2014\/06\/00_Post-sin-imagen-336x204.jpg 336w, https:\/\/letsrebold.com\/wp-content\/uploads\/2014\/06\/00_Post-sin-imagen-360x219.jpg 360w, https:\/\/letsrebold.com\/wp-content\/uploads\/2014\/06\/00_Post-sin-imagen-578x351.jpg 578w, https:\/\/letsrebold.com\/wp-content\/uploads\/2014\/06\/00_Post-sin-imagen-629x382.jpg 629w, https:\/\/letsrebold.com\/wp-content\/uploads\/2014\/06\/00_Post-sin-imagen.jpg 1440w\" sizes=\"auto, (max-width: 989px) 100vw, 989px\" \/><\/a>\n                                <h2 class=\"post_meta\">\n                                                                                                                        <a class=\"post_tag\" href=\"?topic=estudios\">Estudios<\/a>\n                                                                            <\/h2>\n                                <h3 class=\"post_title\"><a href=\"https:\/\/letsrebold.com\/es\/blog\/los-10-nuevos-puestos-que-mas-demanda-el-mercado-de-la-publicidad-online\/\">Los 10 nuevos puestos que m\u00e1s demanda el mercado de la publicidad online<\/a><\/h3>\n                                <a class=\"post_link\" href=\"https:\/\/letsrebold.com\/es\/blog\/los-10-nuevos-puestos-que-mas-demanda-el-mercado-de-la-publicidad-online\/\"><span>Leer m\u00e1s<\/span> <span class=\"ico-right\">M\u00e1s informaci\u00f3n<\/span><\/a>\n                            <\/article>\n                                                                        <article class=\"post media-strategy-research, rebold-marketing\">\n                                <a class=\"post_image\" href=\"https:\/\/letsrebold.com\/es\/blog\/digilants-consumer-persona-video-2\/\"><img loading=\"lazy\" decoding=\"async\" width=\"989\" height=\"600\" src=\"https:\/\/letsrebold.com\/wp-content\/uploads\/2014\/06\/00_Post-sin-imagen-989x600.jpg\" class=\"attachment-img-header size-img-header wp-post-image\" alt=\"\" srcset=\"https:\/\/letsrebold.com\/wp-content\/uploads\/2014\/06\/00_Post-sin-imagen-989x600.jpg 989w, https:\/\/letsrebold.com\/wp-content\/uploads\/2014\/06\/00_Post-sin-imagen-300x182.jpg 300w, https:\/\/letsrebold.com\/wp-content\/uploads\/2014\/06\/00_Post-sin-imagen-768x466.jpg 768w, https:\/\/letsrebold.com\/wp-content\/uploads\/2014\/06\/00_Post-sin-imagen-1024x622.jpg 1024w, https:\/\/letsrebold.com\/wp-content\/uploads\/2014\/06\/00_Post-sin-imagen-336x204.jpg 336w, https:\/\/letsrebold.com\/wp-content\/uploads\/2014\/06\/00_Post-sin-imagen-360x219.jpg 360w, https:\/\/letsrebold.com\/wp-content\/uploads\/2014\/06\/00_Post-sin-imagen-578x351.jpg 578w, https:\/\/letsrebold.com\/wp-content\/uploads\/2014\/06\/00_Post-sin-imagen-629x382.jpg 629w, https:\/\/letsrebold.com\/wp-content\/uploads\/2014\/06\/00_Post-sin-imagen.jpg 1440w\" sizes=\"auto, (max-width: 989px) 100vw, 989px\" \/><\/a>\n                                <h2 class=\"post_meta\">\n                                                                                <a style=\"color: #e0094b\" class=\"post_tag\" href=\"?service=rebold-marketing\">Rebold Marketing<\/a>\n                                                                                                                                <a class=\"post_tag\" href=\"?topic=analisis\">An\u00e1lisis<\/a>\n                                                                            <\/h2>\n                                <h3 class=\"post_title\"><a href=\"https:\/\/letsrebold.com\/es\/blog\/digilants-consumer-persona-video-2\/\">Digilant\u2019s Consumer Persona Video<\/a><\/h3>\n                                <a class=\"post_link\" href=\"https:\/\/letsrebold.com\/es\/blog\/digilants-consumer-persona-video-2\/\"><span>Leer m\u00e1s<\/span> <span class=\"ico-right\">M\u00e1s informaci\u00f3n<\/span><\/a>\n                            <\/article>\n                                                                        <article class=\"post rebold-marketing\">\n                                <a class=\"post_image\" href=\"https:\/\/letsrebold.com\/es\/blog\/lecciones-de-marketing-para-audiencias-deportivas\/\"><img loading=\"lazy\" decoding=\"async\" width=\"989\" height=\"600\" src=\"https:\/\/letsrebold.com\/wp-content\/uploads\/2014\/06\/00_Post-sin-imagen-989x600.jpg\" class=\"attachment-img-header size-img-header wp-post-image\" alt=\"\" srcset=\"https:\/\/letsrebold.com\/wp-content\/uploads\/2014\/06\/00_Post-sin-imagen-989x600.jpg 989w, https:\/\/letsrebold.com\/wp-content\/uploads\/2014\/06\/00_Post-sin-imagen-300x182.jpg 300w, https:\/\/letsrebold.com\/wp-content\/uploads\/2014\/06\/00_Post-sin-imagen-768x466.jpg 768w, https:\/\/letsrebold.com\/wp-content\/uploads\/2014\/06\/00_Post-sin-imagen-1024x622.jpg 1024w, https:\/\/letsrebold.com\/wp-content\/uploads\/2014\/06\/00_Post-sin-imagen-336x204.jpg 336w, https:\/\/letsrebold.com\/wp-content\/uploads\/2014\/06\/00_Post-sin-imagen-360x219.jpg 360w, https:\/\/letsrebold.com\/wp-content\/uploads\/2014\/06\/00_Post-sin-imagen-578x351.jpg 578w, https:\/\/letsrebold.com\/wp-content\/uploads\/2014\/06\/00_Post-sin-imagen-629x382.jpg 629w, https:\/\/letsrebold.com\/wp-content\/uploads\/2014\/06\/00_Post-sin-imagen.jpg 1440w\" sizes=\"auto, (max-width: 989px) 100vw, 989px\" \/><\/a>\n                                <h2 class=\"post_meta\">\n                                                                                <a style=\"color: #e0094b\" class=\"post_tag\" href=\"?service=rebold-marketing\">Rebold Marketing<\/a>\n                                                                                                                                <a class=\"post_tag\" href=\"?topic=marketing-digital\">Marketing Digital<\/a>\n                                                                            <\/h2>\n                                <h3 class=\"post_title\"><a href=\"https:\/\/letsrebold.com\/es\/blog\/lecciones-de-marketing-para-audiencias-deportivas\/\">Lecciones de Marketing para Audiencias Deportivas<\/a><\/h3>\n                                <a class=\"post_link\" href=\"https:\/\/letsrebold.com\/es\/blog\/lecciones-de-marketing-para-audiencias-deportivas\/\"><span>Leer m\u00e1s<\/span> <span class=\"ico-right\">M\u00e1s informaci\u00f3n<\/span><\/a>\n                            <\/article>\n                                                                        <article class=\"post \">\n                                <a class=\"post_image\" href=\"https:\/\/letsrebold.com\/es\/blog\/realidad-virtual\/\"><img loading=\"lazy\" decoding=\"async\" width=\"989\" height=\"600\" src=\"https:\/\/letsrebold.com\/wp-content\/uploads\/2014\/06\/00_Post-sin-imagen-989x600.jpg\" class=\"attachment-img-header size-img-header wp-post-image\" alt=\"\" srcset=\"https:\/\/letsrebold.com\/wp-content\/uploads\/2014\/06\/00_Post-sin-imagen-989x600.jpg 989w, https:\/\/letsrebold.com\/wp-content\/uploads\/2014\/06\/00_Post-sin-imagen-300x182.jpg 300w, https:\/\/letsrebold.com\/wp-content\/uploads\/2014\/06\/00_Post-sin-imagen-768x466.jpg 768w, https:\/\/letsrebold.com\/wp-content\/uploads\/2014\/06\/00_Post-sin-imagen-1024x622.jpg 1024w, https:\/\/letsrebold.com\/wp-content\/uploads\/2014\/06\/00_Post-sin-imagen-336x204.jpg 336w, https:\/\/letsrebold.com\/wp-content\/uploads\/2014\/06\/00_Post-sin-imagen-360x219.jpg 360w, https:\/\/letsrebold.com\/wp-content\/uploads\/2014\/06\/00_Post-sin-imagen-578x351.jpg 578w, https:\/\/letsrebold.com\/wp-content\/uploads\/2014\/06\/00_Post-sin-imagen-629x382.jpg 629w, https:\/\/letsrebold.com\/wp-content\/uploads\/2014\/06\/00_Post-sin-imagen.jpg 1440w\" sizes=\"auto, (max-width: 989px) 100vw, 989px\" \/><\/a>\n                                <h2 class=\"post_meta\">\n                                                                                                                        <a class=\"post_tag\" href=\"?topic=adtech-amp\">Adtech &amp;amp<\/a>\n                                                                            <\/h2>\n                                <h3 class=\"post_title\"><a href=\"https:\/\/letsrebold.com\/es\/blog\/realidad-virtual\/\">Realidad Virtual: el futuro que ya est\u00e1 aqu\u00ed<\/a><\/h3>\n                                <a class=\"post_link\" href=\"https:\/\/letsrebold.com\/es\/blog\/realidad-virtual\/\"><span>Leer m\u00e1s<\/span> <span class=\"ico-right\">M\u00e1s informaci\u00f3n<\/span><\/a>\n                            <\/article>\n                                                                        <article class=\"post media-intelligence, rebold-communication\">\n                                <a class=\"post_image\" href=\"https:\/\/letsrebold.com\/es\/blog\/branded\/\"><img loading=\"lazy\" decoding=\"async\" width=\"642\" height=\"272\" src=\"https:\/\/letsrebold.com\/wp-content\/uploads\/2022\/06\/branded-content.jpg\" class=\"attachment-img-header size-img-header wp-post-image\" alt=\"\" srcset=\"https:\/\/letsrebold.com\/wp-content\/uploads\/2022\/06\/branded-content.jpg 642w, https:\/\/letsrebold.com\/wp-content\/uploads\/2022\/06\/branded-content-300x127.jpg 300w, https:\/\/letsrebold.com\/wp-content\/uploads\/2022\/06\/branded-content-360x153.jpg 360w, https:\/\/letsrebold.com\/wp-content\/uploads\/2022\/06\/branded-content-578x245.jpg 578w\" sizes=\"auto, (max-width: 642px) 100vw, 642px\" \/><\/a>\n                                <h2 class=\"post_meta\">\n                                                                                <a style=\"color: #5ac4bb\" class=\"post_tag\" href=\"?service=rebold-communication\">Rebold Communication<\/a>\n                                                                                                                                <a class=\"post_tag\" href=\"?topic=branding\">Branding<\/a>\n                                                                            <\/h2>\n                                <h3 class=\"post_title\"><a href=\"https:\/\/letsrebold.com\/es\/blog\/branded\/\">Cinerg\u00eda: Una acci\u00f3n de branded content exitosa<\/a><\/h3>\n                                <a class=\"post_link\" href=\"https:\/\/letsrebold.com\/es\/blog\/branded\/\"><span>Leer m\u00e1s<\/span> <span class=\"ico-right\">M\u00e1s informaci\u00f3n<\/span><\/a>\n                            <\/article>\n                                                                        <article class=\"post rebold-marketing\">\n                                <a class=\"post_image\" href=\"https:\/\/letsrebold.com\/es\/blog\/nuevo-premio-para-acceso-en-los-amec-awards-2016\/\"><img loading=\"lazy\" decoding=\"async\" width=\"989\" height=\"600\" src=\"https:\/\/letsrebold.com\/wp-content\/uploads\/2014\/06\/00_Post-sin-imagen-989x600.jpg\" class=\"attachment-img-header size-img-header wp-post-image\" alt=\"\" srcset=\"https:\/\/letsrebold.com\/wp-content\/uploads\/2014\/06\/00_Post-sin-imagen-989x600.jpg 989w, https:\/\/letsrebold.com\/wp-content\/uploads\/2014\/06\/00_Post-sin-imagen-300x182.jpg 300w, https:\/\/letsrebold.com\/wp-content\/uploads\/2014\/06\/00_Post-sin-imagen-768x466.jpg 768w, https:\/\/letsrebold.com\/wp-content\/uploads\/2014\/06\/00_Post-sin-imagen-1024x622.jpg 1024w, https:\/\/letsrebold.com\/wp-content\/uploads\/2014\/06\/00_Post-sin-imagen-336x204.jpg 336w, https:\/\/letsrebold.com\/wp-content\/uploads\/2014\/06\/00_Post-sin-imagen-360x219.jpg 360w, https:\/\/letsrebold.com\/wp-content\/uploads\/2014\/06\/00_Post-sin-imagen-578x351.jpg 578w, https:\/\/letsrebold.com\/wp-content\/uploads\/2014\/06\/00_Post-sin-imagen-629x382.jpg 629w, https:\/\/letsrebold.com\/wp-content\/uploads\/2014\/06\/00_Post-sin-imagen.jpg 1440w\" sizes=\"auto, (max-width: 989px) 100vw, 989px\" \/><\/a>\n                                <h2 class=\"post_meta\">\n                                                                                <a style=\"color: #e0094b\" class=\"post_tag\" href=\"?service=rebold-marketing\">Rebold Marketing<\/a>\n                                                                                                                                <a class=\"post_tag\" href=\"?topic=rebold\">Rebold<\/a>\n                                                                            <\/h2>\n                                <h3 class=\"post_title\"><a href=\"https:\/\/letsrebold.com\/es\/blog\/nuevo-premio-para-acceso-en-los-amec-awards-2016\/\">Nuevo premio para Acceso en los AMEC Awards por su predicci\u00f3n de la intenci\u00f3n de voto en las Elecciones Generales del 20D<\/a><\/h3>\n                                <a class=\"post_link\" href=\"https:\/\/letsrebold.com\/es\/blog\/nuevo-premio-para-acceso-en-los-amec-awards-2016\/\"><span>Leer m\u00e1s<\/span> <span class=\"ico-right\">M\u00e1s informaci\u00f3n<\/span><\/a>\n                            <\/article>\n                                    <\/div>\n                                    <nav class=\"links links-right\" id=\"loadmore_105\">\n                        <div class=\"container\">\n                            <a href=\"#\" class=\"loadmore\" value=\"105\"><span>Cargar m\u00e1s<\/span> <span class=\"ico-right\"><\/span><\/a>\n                        <\/div>\n                    <\/nav>\n                            <\/div>\n                                <div id=\"page_106\" class=\"d-none\">\n                <div class=\"container posts\">\n                                                                        <article class=\"post media-strategy-research, rebold-marketing\">\n                                <a class=\"post_image\" href=\"https:\/\/letsrebold.com\/es\/blog\/david-cascant-explica-en-cinco-dias-la-relevancia-del-analisis-de-datos\/\"><img loading=\"lazy\" decoding=\"async\" width=\"989\" height=\"600\" src=\"https:\/\/letsrebold.com\/wp-content\/uploads\/2014\/06\/00_Post-sin-imagen-989x600.jpg\" class=\"attachment-img-header size-img-header wp-post-image\" alt=\"\" srcset=\"https:\/\/letsrebold.com\/wp-content\/uploads\/2014\/06\/00_Post-sin-imagen-989x600.jpg 989w, https:\/\/letsrebold.com\/wp-content\/uploads\/2014\/06\/00_Post-sin-imagen-300x182.jpg 300w, https:\/\/letsrebold.com\/wp-content\/uploads\/2014\/06\/00_Post-sin-imagen-768x466.jpg 768w, https:\/\/letsrebold.com\/wp-content\/uploads\/2014\/06\/00_Post-sin-imagen-1024x622.jpg 1024w, https:\/\/letsrebold.com\/wp-content\/uploads\/2014\/06\/00_Post-sin-imagen-336x204.jpg 336w, https:\/\/letsrebold.com\/wp-content\/uploads\/2014\/06\/00_Post-sin-imagen-360x219.jpg 360w, https:\/\/letsrebold.com\/wp-content\/uploads\/2014\/06\/00_Post-sin-imagen-578x351.jpg 578w, https:\/\/letsrebold.com\/wp-content\/uploads\/2014\/06\/00_Post-sin-imagen-629x382.jpg 629w, https:\/\/letsrebold.com\/wp-content\/uploads\/2014\/06\/00_Post-sin-imagen.jpg 1440w\" sizes=\"auto, (max-width: 989px) 100vw, 989px\" \/><\/a>\n                                <h2 class=\"post_meta\">\n                                                                                <a style=\"color: #e0094b\" class=\"post_tag\" href=\"?service=rebold-marketing\">Rebold Marketing<\/a>\n                                                                                                                                <a class=\"post_tag\" href=\"?topic=analisis\">An\u00e1lisis<\/a>\n                                                                            <\/h2>\n                                <h3 class=\"post_title\"><a href=\"https:\/\/letsrebold.com\/es\/blog\/david-cascant-explica-en-cinco-dias-la-relevancia-del-analisis-de-datos\/\">David Cascant explica en Cinco D\u00edas la relevancia del an\u00e1lisis de datos<\/a><\/h3>\n                                <a class=\"post_link\" href=\"https:\/\/letsrebold.com\/es\/blog\/david-cascant-explica-en-cinco-dias-la-relevancia-del-analisis-de-datos\/\"><span>Leer m\u00e1s<\/span> <span class=\"ico-right\">M\u00e1s informaci\u00f3n<\/span><\/a>\n                            <\/article>\n                                                                        <article class=\"post \">\n                                <a class=\"post_image\" href=\"https:\/\/letsrebold.com\/es\/blog\/sector-bancario\/\"><img loading=\"lazy\" decoding=\"async\" width=\"989\" height=\"600\" src=\"https:\/\/letsrebold.com\/wp-content\/uploads\/2014\/06\/00_Post-sin-imagen-989x600.jpg\" class=\"attachment-img-header size-img-header wp-post-image\" alt=\"\" srcset=\"https:\/\/letsrebold.com\/wp-content\/uploads\/2014\/06\/00_Post-sin-imagen-989x600.jpg 989w, https:\/\/letsrebold.com\/wp-content\/uploads\/2014\/06\/00_Post-sin-imagen-300x182.jpg 300w, https:\/\/letsrebold.com\/wp-content\/uploads\/2014\/06\/00_Post-sin-imagen-768x466.jpg 768w, https:\/\/letsrebold.com\/wp-content\/uploads\/2014\/06\/00_Post-sin-imagen-1024x622.jpg 1024w, https:\/\/letsrebold.com\/wp-content\/uploads\/2014\/06\/00_Post-sin-imagen-336x204.jpg 336w, https:\/\/letsrebold.com\/wp-content\/uploads\/2014\/06\/00_Post-sin-imagen-360x219.jpg 360w, https:\/\/letsrebold.com\/wp-content\/uploads\/2014\/06\/00_Post-sin-imagen-578x351.jpg 578w, https:\/\/letsrebold.com\/wp-content\/uploads\/2014\/06\/00_Post-sin-imagen-629x382.jpg 629w, https:\/\/letsrebold.com\/wp-content\/uploads\/2014\/06\/00_Post-sin-imagen.jpg 1440w\" sizes=\"auto, (max-width: 989px) 100vw, 989px\" \/><\/a>\n                                <h2 class=\"post_meta\">\n                                                                                                                        <a class=\"post_tag\" href=\"?topic=estudios\">Estudios<\/a>\n                                                                            <\/h2>\n                                <h3 class=\"post_title\"><a href=\"https:\/\/letsrebold.com\/es\/blog\/sector-bancario\/\">Nueve de cada diez espa\u00f1oles expresan una visi\u00f3n negativa del sistema bancario<\/a><\/h3>\n                                <a class=\"post_link\" href=\"https:\/\/letsrebold.com\/es\/blog\/sector-bancario\/\"><span>Leer m\u00e1s<\/span> <span class=\"ico-right\">M\u00e1s informaci\u00f3n<\/span><\/a>\n                            <\/article>\n                                                                        <article class=\"post \">\n                                <a class=\"post_image\" href=\"https:\/\/letsrebold.com\/es\/blog\/claves-para-gestionar-una-crisis-en-redes-sociales\/\"><img loading=\"lazy\" decoding=\"async\" width=\"700\" height=\"400\" src=\"https:\/\/letsrebold.com\/wp-content\/uploads\/2022\/06\/criiiiiiiiiiiiiisis-boletin1.png\" class=\"attachment-img-header size-img-header wp-post-image\" alt=\"\" srcset=\"https:\/\/letsrebold.com\/wp-content\/uploads\/2022\/06\/criiiiiiiiiiiiiisis-boletin1.png 700w, https:\/\/letsrebold.com\/wp-content\/uploads\/2022\/06\/criiiiiiiiiiiiiisis-boletin1-300x171.png 300w, https:\/\/letsrebold.com\/wp-content\/uploads\/2022\/06\/criiiiiiiiiiiiiisis-boletin1-357x204.png 357w, https:\/\/letsrebold.com\/wp-content\/uploads\/2022\/06\/criiiiiiiiiiiiiisis-boletin1-360x206.png 360w, https:\/\/letsrebold.com\/wp-content\/uploads\/2022\/06\/criiiiiiiiiiiiiisis-boletin1-578x330.png 578w, https:\/\/letsrebold.com\/wp-content\/uploads\/2022\/06\/criiiiiiiiiiiiiisis-boletin1-669x382.png 669w\" sizes=\"auto, (max-width: 700px) 100vw, 700px\" \/><\/a>\n                                <h2 class=\"post_meta\">\n                                                                                                                        <a class=\"post_tag\" href=\"?topic=reputacion-corporativa\">Reputaci\u00f3n Corporativa<\/a>\n                                                                            <\/h2>\n                                <h3 class=\"post_title\"><a href=\"https:\/\/letsrebold.com\/es\/blog\/claves-para-gestionar-una-crisis-en-redes-sociales\/\">7 pasos claves para gestionar una crisis en redes sociales<\/a><\/h3>\n                                <a class=\"post_link\" href=\"https:\/\/letsrebold.com\/es\/blog\/claves-para-gestionar-una-crisis-en-redes-sociales\/\"><span>Leer m\u00e1s<\/span> <span class=\"ico-right\">M\u00e1s informaci\u00f3n<\/span><\/a>\n                            <\/article>\n                                                                        <article class=\"post media-intelligence, rebold-communication\">\n                                <a class=\"post_image\" href=\"https:\/\/letsrebold.com\/es\/blog\/estrategias-inteligentes-sector-seguros\/\"><img loading=\"lazy\" decoding=\"async\" width=\"600\" height=\"261\" src=\"https:\/\/letsrebold.com\/wp-content\/uploads\/2022\/06\/boletin-seguros.jpg\" class=\"attachment-img-header size-img-header wp-post-image\" alt=\"\" srcset=\"https:\/\/letsrebold.com\/wp-content\/uploads\/2022\/06\/boletin-seguros.jpg 600w, https:\/\/letsrebold.com\/wp-content\/uploads\/2022\/06\/boletin-seguros-300x131.jpg 300w, https:\/\/letsrebold.com\/wp-content\/uploads\/2022\/06\/boletin-seguros-360x157.jpg 360w, https:\/\/letsrebold.com\/wp-content\/uploads\/2022\/06\/boletin-seguros-578x251.jpg 578w\" sizes=\"auto, (max-width: 600px) 100vw, 600px\" \/><\/a>\n                                <h2 class=\"post_meta\">\n                                                                                <a style=\"color: #5ac4bb\" class=\"post_tag\" href=\"?service=rebold-communication\">Rebold Communication<\/a>\n                                                                                                                                <a class=\"post_tag\" href=\"?topic=media-intelligence\">Media Intelligence<\/a>\n                                                                            <\/h2>\n                                <h3 class=\"post_title\"><a href=\"https:\/\/letsrebold.com\/es\/blog\/estrategias-inteligentes-sector-seguros\/\">\u00bfC\u00f3mo generar estrategias inteligentes en el Sector Seguros?<\/a><\/h3>\n                                <a class=\"post_link\" href=\"https:\/\/letsrebold.com\/es\/blog\/estrategias-inteligentes-sector-seguros\/\"><span>Leer m\u00e1s<\/span> <span class=\"ico-right\">M\u00e1s informaci\u00f3n<\/span><\/a>\n                            <\/article>\n                                                                        <article class=\"post consumer-intelligence, rebold-communication\">\n                                <a class=\"post_image\" href=\"https:\/\/letsrebold.com\/es\/blog\/sant-jordi\/\"><img loading=\"lazy\" decoding=\"async\" width=\"642\" height=\"272\" src=\"https:\/\/letsrebold.com\/wp-content\/uploads\/2022\/06\/sant-jordi-rosa.jpg\" class=\"attachment-img-header size-img-header wp-post-image\" alt=\"\" srcset=\"https:\/\/letsrebold.com\/wp-content\/uploads\/2022\/06\/sant-jordi-rosa.jpg 642w, https:\/\/letsrebold.com\/wp-content\/uploads\/2022\/06\/sant-jordi-rosa-300x127.jpg 300w, https:\/\/letsrebold.com\/wp-content\/uploads\/2022\/06\/sant-jordi-rosa-360x153.jpg 360w, https:\/\/letsrebold.com\/wp-content\/uploads\/2022\/06\/sant-jordi-rosa-578x245.jpg 578w\" sizes=\"auto, (max-width: 642px) 100vw, 642px\" \/><\/a>\n                                <h2 class=\"post_meta\">\n                                                                                <a style=\"color: #5ac4bb\" class=\"post_tag\" href=\"?service=rebold-communication\">Rebold Communication<\/a>\n                                                                                                                                <a class=\"post_tag\" href=\"?topic=social-listening\">Social Listening<\/a>\n                                                                            <\/h2>\n                                <h3 class=\"post_title\"><a href=\"https:\/\/letsrebold.com\/es\/blog\/sant-jordi\/\">Los Mejores Insights de Sant Jordi en Redes Sociales<\/a><\/h3>\n                                <a class=\"post_link\" href=\"https:\/\/letsrebold.com\/es\/blog\/sant-jordi\/\"><span>Leer m\u00e1s<\/span> <span class=\"ico-right\">M\u00e1s informaci\u00f3n<\/span><\/a>\n                            <\/article>\n                                                                        <article class=\"post rebold-marketing\">\n                                <a class=\"post_image\" href=\"https:\/\/letsrebold.com\/es\/blog\/acceso-expands-its-international-reach-into-the-north-american-market-with-new-office-in-boston\/\"><img loading=\"lazy\" decoding=\"async\" width=\"989\" height=\"600\" src=\"https:\/\/letsrebold.com\/wp-content\/uploads\/2014\/06\/00_Post-sin-imagen-989x600.jpg\" class=\"attachment-img-header size-img-header wp-post-image\" alt=\"\" srcset=\"https:\/\/letsrebold.com\/wp-content\/uploads\/2014\/06\/00_Post-sin-imagen-989x600.jpg 989w, https:\/\/letsrebold.com\/wp-content\/uploads\/2014\/06\/00_Post-sin-imagen-300x182.jpg 300w, https:\/\/letsrebold.com\/wp-content\/uploads\/2014\/06\/00_Post-sin-imagen-768x466.jpg 768w, https:\/\/letsrebold.com\/wp-content\/uploads\/2014\/06\/00_Post-sin-imagen-1024x622.jpg 1024w, https:\/\/letsrebold.com\/wp-content\/uploads\/2014\/06\/00_Post-sin-imagen-336x204.jpg 336w, https:\/\/letsrebold.com\/wp-content\/uploads\/2014\/06\/00_Post-sin-imagen-360x219.jpg 360w, https:\/\/letsrebold.com\/wp-content\/uploads\/2014\/06\/00_Post-sin-imagen-578x351.jpg 578w, https:\/\/letsrebold.com\/wp-content\/uploads\/2014\/06\/00_Post-sin-imagen-629x382.jpg 629w, https:\/\/letsrebold.com\/wp-content\/uploads\/2014\/06\/00_Post-sin-imagen.jpg 1440w\" sizes=\"auto, (max-width: 989px) 100vw, 989px\" \/><\/a>\n                                <h2 class=\"post_meta\">\n                                                                                <a style=\"color: #e0094b\" class=\"post_tag\" href=\"?service=rebold-marketing\">Rebold Marketing<\/a>\n                                                                                                                                <a class=\"post_tag\" href=\"?topic=rebold\">Rebold<\/a>\n                                                                            <\/h2>\n                                <h3 class=\"post_title\"><a href=\"https:\/\/letsrebold.com\/es\/blog\/acceso-expands-its-international-reach-into-the-north-american-market-with-new-office-in-boston\/\">Acceso expands its international reach into the North American market with new office in Boston<\/a><\/h3>\n                                <a class=\"post_link\" href=\"https:\/\/letsrebold.com\/es\/blog\/acceso-expands-its-international-reach-into-the-north-american-market-with-new-office-in-boston\/\"><span>Leer m\u00e1s<\/span> <span class=\"ico-right\">M\u00e1s informaci\u00f3n<\/span><\/a>\n                            <\/article>\n                                    <\/div>\n                                    <nav class=\"links links-right\" id=\"loadmore_106\">\n                        <div class=\"container\">\n                            <a href=\"#\" class=\"loadmore\" value=\"106\"><span>Cargar m\u00e1s<\/span> <span class=\"ico-right\"><\/span><\/a>\n                        <\/div>\n                    <\/nav>\n                            <\/div>\n                                <div id=\"page_107\" class=\"d-none\">\n                <div class=\"container posts\">\n                                                                        <article class=\"post rebold-marketing\">\n                                <a class=\"post_image\" href=\"https:\/\/letsrebold.com\/es\/blog\/acceso-abre-oficina-en-boston-para-atender-su-gran-crecimiento-en-estados-unidos\/\"><img loading=\"lazy\" decoding=\"async\" width=\"989\" height=\"600\" src=\"https:\/\/letsrebold.com\/wp-content\/uploads\/2014\/06\/00_Post-sin-imagen-989x600.jpg\" class=\"attachment-img-header size-img-header wp-post-image\" alt=\"\" srcset=\"https:\/\/letsrebold.com\/wp-content\/uploads\/2014\/06\/00_Post-sin-imagen-989x600.jpg 989w, https:\/\/letsrebold.com\/wp-content\/uploads\/2014\/06\/00_Post-sin-imagen-300x182.jpg 300w, https:\/\/letsrebold.com\/wp-content\/uploads\/2014\/06\/00_Post-sin-imagen-768x466.jpg 768w, https:\/\/letsrebold.com\/wp-content\/uploads\/2014\/06\/00_Post-sin-imagen-1024x622.jpg 1024w, https:\/\/letsrebold.com\/wp-content\/uploads\/2014\/06\/00_Post-sin-imagen-336x204.jpg 336w, https:\/\/letsrebold.com\/wp-content\/uploads\/2014\/06\/00_Post-sin-imagen-360x219.jpg 360w, https:\/\/letsrebold.com\/wp-content\/uploads\/2014\/06\/00_Post-sin-imagen-578x351.jpg 578w, https:\/\/letsrebold.com\/wp-content\/uploads\/2014\/06\/00_Post-sin-imagen-629x382.jpg 629w, https:\/\/letsrebold.com\/wp-content\/uploads\/2014\/06\/00_Post-sin-imagen.jpg 1440w\" sizes=\"auto, (max-width: 989px) 100vw, 989px\" \/><\/a>\n                                <h2 class=\"post_meta\">\n                                                                                <a style=\"color: #e0094b\" class=\"post_tag\" href=\"?service=rebold-marketing\">Rebold Marketing<\/a>\n                                                                                                                                <a class=\"post_tag\" href=\"?topic=rebold\">Rebold<\/a>\n                                                                            <\/h2>\n                                <h3 class=\"post_title\"><a href=\"https:\/\/letsrebold.com\/es\/blog\/acceso-abre-oficina-en-boston-para-atender-su-gran-crecimiento-en-estados-unidos\/\">Acceso abre oficina en Boston para atender su gran crecimiento en Estados Unidos<\/a><\/h3>\n                                <a class=\"post_link\" href=\"https:\/\/letsrebold.com\/es\/blog\/acceso-abre-oficina-en-boston-para-atender-su-gran-crecimiento-en-estados-unidos\/\"><span>Leer m\u00e1s<\/span> <span class=\"ico-right\">M\u00e1s informaci\u00f3n<\/span><\/a>\n                            <\/article>\n                                                                        <article class=\"post consumer-intelligence, rebold-communication\">\n                                <a class=\"post_image\" href=\"https:\/\/letsrebold.com\/es\/blog\/capitan-america-o-iron-man-a-que-equipo-pertenece-colombia-bigdata\/\"><img loading=\"lazy\" decoding=\"async\" width=\"970\" height=\"545\" src=\"https:\/\/letsrebold.com\/wp-content\/uploads\/2022\/06\/CapvsIronMan-Blog.jpg\" class=\"attachment-img-header size-img-header wp-post-image\" alt=\"\" srcset=\"https:\/\/letsrebold.com\/wp-content\/uploads\/2022\/06\/CapvsIronMan-Blog.jpg 970w, https:\/\/letsrebold.com\/wp-content\/uploads\/2022\/06\/CapvsIronMan-Blog-300x169.jpg 300w, https:\/\/letsrebold.com\/wp-content\/uploads\/2022\/06\/CapvsIronMan-Blog-768x432.jpg 768w, https:\/\/letsrebold.com\/wp-content\/uploads\/2022\/06\/CapvsIronMan-Blog-360x202.jpg 360w, https:\/\/letsrebold.com\/wp-content\/uploads\/2022\/06\/CapvsIronMan-Blog-578x325.jpg 578w, https:\/\/letsrebold.com\/wp-content\/uploads\/2022\/06\/CapvsIronMan-Blog-680x382.jpg 680w\" sizes=\"auto, (max-width: 970px) 100vw, 970px\" \/><\/a>\n                                <h2 class=\"post_meta\">\n                                                                                <a style=\"color: #5ac4bb\" class=\"post_tag\" href=\"?service=rebold-communication\">Rebold Communication<\/a>\n                                                                                                                                <a class=\"post_tag\" href=\"?topic=social-listening\">Social Listening<\/a>\n                                                                            <\/h2>\n                                <h3 class=\"post_title\"><a href=\"https:\/\/letsrebold.com\/es\/blog\/capitan-america-o-iron-man-a-que-equipo-pertenece-colombia-bigdata\/\">Capit\u00e1n Am\u00e9rica Vs Iron Man: \u00bfA qu\u00e9 equipo pertenece Colombia?<\/a><\/h3>\n                                <a class=\"post_link\" href=\"https:\/\/letsrebold.com\/es\/blog\/capitan-america-o-iron-man-a-que-equipo-pertenece-colombia-bigdata\/\"><span>Leer m\u00e1s<\/span> <span class=\"ico-right\">M\u00e1s informaci\u00f3n<\/span><\/a>\n                            <\/article>\n                                                                        <article class=\"post rebold-marketing, zero-party-data\">\n                                <a class=\"post_image\" href=\"https:\/\/letsrebold.com\/es\/blog\/visualizacion-de-datos\/\"><img loading=\"lazy\" decoding=\"async\" width=\"450\" height=\"600\" src=\"https:\/\/letsrebold.com\/wp-content\/uploads\/2022\/06\/14-marzo-2018-1-450x600.jpg\" class=\"attachment-img-header size-img-header wp-post-image\" alt=\"\" srcset=\"https:\/\/letsrebold.com\/wp-content\/uploads\/2022\/06\/14-marzo-2018-1-450x600.jpg 450w, https:\/\/letsrebold.com\/wp-content\/uploads\/2022\/06\/14-marzo-2018-1-225x300.jpg 225w, https:\/\/letsrebold.com\/wp-content\/uploads\/2022\/06\/14-marzo-2018-1-153x204.jpg 153w, https:\/\/letsrebold.com\/wp-content\/uploads\/2022\/06\/14-marzo-2018-1-360x480.jpg 360w, https:\/\/letsrebold.com\/wp-content\/uploads\/2022\/06\/14-marzo-2018-1-263x351.jpg 263w, https:\/\/letsrebold.com\/wp-content\/uploads\/2022\/06\/14-marzo-2018-1-287x382.jpg 287w, https:\/\/letsrebold.com\/wp-content\/uploads\/2022\/06\/14-marzo-2018-1.jpg 768w\" sizes=\"auto, (max-width: 450px) 100vw, 450px\" \/><\/a>\n                                <h2 class=\"post_meta\">\n                                                                                <a style=\"color: #e0094b\" class=\"post_tag\" href=\"?service=rebold-marketing\">Rebold Marketing<\/a>\n                                                                                                                                <a class=\"post_tag\" href=\"?topic=data\">data<\/a>\n                                                                            <\/h2>\n                                <h3 class=\"post_title\"><a href=\"https:\/\/letsrebold.com\/es\/blog\/visualizacion-de-datos\/\">La Visualizaci\u00f3n de Datos, una tendencia creciente<\/a><\/h3>\n                                <a class=\"post_link\" href=\"https:\/\/letsrebold.com\/es\/blog\/visualizacion-de-datos\/\"><span>Leer m\u00e1s<\/span> <span class=\"ico-right\">M\u00e1s informaci\u00f3n<\/span><\/a>\n                            <\/article>\n                                                                        <article class=\"post rebold-marketing, zero-party-data\">\n                                <a class=\"post_image\" href=\"https:\/\/letsrebold.com\/es\/blog\/visualizacion-datos\/\"><img loading=\"lazy\" decoding=\"async\" width=\"642\" height=\"272\" src=\"https:\/\/letsrebold.com\/wp-content\/uploads\/2022\/06\/visualizacion-datos-kpi.jpg\" class=\"attachment-img-header size-img-header wp-post-image\" alt=\"\" srcset=\"https:\/\/letsrebold.com\/wp-content\/uploads\/2022\/06\/visualizacion-datos-kpi.jpg 642w, https:\/\/letsrebold.com\/wp-content\/uploads\/2022\/06\/visualizacion-datos-kpi-300x127.jpg 300w, https:\/\/letsrebold.com\/wp-content\/uploads\/2022\/06\/visualizacion-datos-kpi-360x153.jpg 360w, https:\/\/letsrebold.com\/wp-content\/uploads\/2022\/06\/visualizacion-datos-kpi-578x245.jpg 578w\" sizes=\"auto, (max-width: 642px) 100vw, 642px\" \/><\/a>\n                                <h2 class=\"post_meta\">\n                                                                                <a style=\"color: #e0094b\" class=\"post_tag\" href=\"?service=rebold-marketing\">Rebold Marketing<\/a>\n                                                                                                                                <a class=\"post_tag\" href=\"?topic=data\">data<\/a>\n                                                                            <\/h2>\n                                <h3 class=\"post_title\"><a href=\"https:\/\/letsrebold.com\/es\/blog\/visualizacion-datos\/\">Visualizaci\u00f3n de Datos o C\u00f3mo Optimizar la Lectura de tus KPI\u00b4s<\/a><\/h3>\n                                <a class=\"post_link\" href=\"https:\/\/letsrebold.com\/es\/blog\/visualizacion-datos\/\"><span>Leer m\u00e1s<\/span> <span class=\"ico-right\">M\u00e1s informaci\u00f3n<\/span><\/a>\n                            <\/article>\n                                                                        <article class=\"post \">\n                                <a class=\"post_image\" href=\"https:\/\/letsrebold.com\/es\/blog\/iab-day-2\/\"><\/a>\n                                <h2 class=\"post_meta\">\n                                                                                                                        <a class=\"post_tag\" href=\"?topic=eventos\">eventos<\/a>\n                                                                            <\/h2>\n                                <h3 class=\"post_title\"><a href=\"https:\/\/letsrebold.com\/es\/blog\/iab-day-2\/\">IAB Day<\/a><\/h3>\n                                <a class=\"post_link\" href=\"https:\/\/letsrebold.com\/es\/blog\/iab-day-2\/\"><span>Leer m\u00e1s<\/span> <span class=\"ico-right\">M\u00e1s informaci\u00f3n<\/span><\/a>\n                            <\/article>\n                                                                        <article class=\"post rebold-marketing, zero-party-data\">\n                                <a class=\"post_image\" href=\"https:\/\/letsrebold.com\/es\/blog\/big-data-aplicado-al-sector-bancario\/\"><img loading=\"lazy\" decoding=\"async\" width=\"700\" height=\"500\" src=\"https:\/\/letsrebold.com\/wp-content\/uploads\/2022\/06\/banner.jpg\" class=\"attachment-img-header size-img-header wp-post-image\" alt=\"\" srcset=\"https:\/\/letsrebold.com\/wp-content\/uploads\/2022\/06\/banner.jpg 700w, https:\/\/letsrebold.com\/wp-content\/uploads\/2022\/06\/banner-300x214.jpg 300w, https:\/\/letsrebold.com\/wp-content\/uploads\/2022\/06\/banner-286x204.jpg 286w, https:\/\/letsrebold.com\/wp-content\/uploads\/2022\/06\/banner-360x257.jpg 360w, https:\/\/letsrebold.com\/wp-content\/uploads\/2022\/06\/banner-491x351.jpg 491w, https:\/\/letsrebold.com\/wp-content\/uploads\/2022\/06\/banner-535x382.jpg 535w\" sizes=\"auto, (max-width: 700px) 100vw, 700px\" \/><\/a>\n                                <h2 class=\"post_meta\">\n                                                                                <a style=\"color: #e0094b\" class=\"post_tag\" href=\"?service=rebold-marketing\">Rebold Marketing<\/a>\n                                                                                                                                <a class=\"post_tag\" href=\"?topic=data\">data<\/a>\n                                                                            <\/h2>\n                                <h3 class=\"post_title\"><a href=\"https:\/\/letsrebold.com\/es\/blog\/big-data-aplicado-al-sector-bancario\/\">\u00bfPor qu\u00e9 en la actualidad es tan importante asesorarse en Big Data?<\/a><\/h3>\n                                <a class=\"post_link\" href=\"https:\/\/letsrebold.com\/es\/blog\/big-data-aplicado-al-sector-bancario\/\"><span>Leer m\u00e1s<\/span> <span class=\"ico-right\">M\u00e1s informaci\u00f3n<\/span><\/a>\n                            <\/article>\n                                    <\/div>\n                                    <nav class=\"links links-right\" id=\"loadmore_107\">\n                        <div class=\"container\">\n                            <a href=\"#\" class=\"loadmore\" value=\"107\"><span>Cargar m\u00e1s<\/span> <span class=\"ico-right\"><\/span><\/a>\n                        <\/div>\n                    <\/nav>\n                            <\/div>\n                                <div id=\"page_108\" class=\"d-none\">\n                <div class=\"container posts\">\n                                                                        <article class=\"post media-strategy-research, rebold-marketing\">\n                                <a class=\"post_image\" href=\"https:\/\/letsrebold.com\/es\/blog\/que-es-la-politica-pop-y-como-medirla\/\"><img loading=\"lazy\" decoding=\"async\" width=\"642\" height=\"272\" src=\"https:\/\/letsrebold.com\/wp-content\/uploads\/2022\/06\/politica-pop-medirla.jpg\" class=\"attachment-img-header size-img-header wp-post-image\" alt=\"\" srcset=\"https:\/\/letsrebold.com\/wp-content\/uploads\/2022\/06\/politica-pop-medirla.jpg 642w, https:\/\/letsrebold.com\/wp-content\/uploads\/2022\/06\/politica-pop-medirla-300x127.jpg 300w, https:\/\/letsrebold.com\/wp-content\/uploads\/2022\/06\/politica-pop-medirla-360x153.jpg 360w, https:\/\/letsrebold.com\/wp-content\/uploads\/2022\/06\/politica-pop-medirla-578x245.jpg 578w\" sizes=\"auto, (max-width: 642px) 100vw, 642px\" \/><\/a>\n                                <h2 class=\"post_meta\">\n                                                                                <a style=\"color: #e0094b\" class=\"post_tag\" href=\"?service=rebold-marketing\">Rebold Marketing<\/a>\n                                                                                                                                <a class=\"post_tag\" href=\"?topic=analisis\">An\u00e1lisis<\/a>\n                                                                            <\/h2>\n                                <h3 class=\"post_title\"><a href=\"https:\/\/letsrebold.com\/es\/blog\/que-es-la-politica-pop-y-como-medirla\/\">\u00bfQu\u00e9 es la Pol\u00edtica Pop y C\u00f3mo Medirla?<\/a><\/h3>\n                                <a class=\"post_link\" href=\"https:\/\/letsrebold.com\/es\/blog\/que-es-la-politica-pop-y-como-medirla\/\"><span>Leer m\u00e1s<\/span> <span class=\"ico-right\">M\u00e1s informaci\u00f3n<\/span><\/a>\n                            <\/article>\n                                                                        <article class=\"post rebold-marketing\">\n                                <a class=\"post_image\" href=\"https:\/\/letsrebold.com\/es\/blog\/areli-gutierrez-nueva-directora-de-desarrollo-de-negocios\/\"><img loading=\"lazy\" decoding=\"async\" width=\"989\" height=\"600\" src=\"https:\/\/letsrebold.com\/wp-content\/uploads\/2014\/06\/00_Post-sin-imagen-989x600.jpg\" class=\"attachment-img-header size-img-header wp-post-image\" alt=\"\" srcset=\"https:\/\/letsrebold.com\/wp-content\/uploads\/2014\/06\/00_Post-sin-imagen-989x600.jpg 989w, https:\/\/letsrebold.com\/wp-content\/uploads\/2014\/06\/00_Post-sin-imagen-300x182.jpg 300w, https:\/\/letsrebold.com\/wp-content\/uploads\/2014\/06\/00_Post-sin-imagen-768x466.jpg 768w, https:\/\/letsrebold.com\/wp-content\/uploads\/2014\/06\/00_Post-sin-imagen-1024x622.jpg 1024w, https:\/\/letsrebold.com\/wp-content\/uploads\/2014\/06\/00_Post-sin-imagen-336x204.jpg 336w, https:\/\/letsrebold.com\/wp-content\/uploads\/2014\/06\/00_Post-sin-imagen-360x219.jpg 360w, https:\/\/letsrebold.com\/wp-content\/uploads\/2014\/06\/00_Post-sin-imagen-578x351.jpg 578w, https:\/\/letsrebold.com\/wp-content\/uploads\/2014\/06\/00_Post-sin-imagen-629x382.jpg 629w, https:\/\/letsrebold.com\/wp-content\/uploads\/2014\/06\/00_Post-sin-imagen.jpg 1440w\" sizes=\"auto, (max-width: 989px) 100vw, 989px\" \/><\/a>\n                                <h2 class=\"post_meta\">\n                                                                                <a style=\"color: #e0094b\" class=\"post_tag\" href=\"?service=rebold-marketing\">Rebold Marketing<\/a>\n                                                                                                                                <a class=\"post_tag\" href=\"?topic=rebold\">Rebold<\/a>\n                                                                            <\/h2>\n                                <h3 class=\"post_title\"><a href=\"https:\/\/letsrebold.com\/es\/blog\/areli-gutierrez-nueva-directora-de-desarrollo-de-negocios\/\">Areli Guti\u00e9rrez, nueva Directora de Desarrollo de Negocios<\/a><\/h3>\n                                <a class=\"post_link\" href=\"https:\/\/letsrebold.com\/es\/blog\/areli-gutierrez-nueva-directora-de-desarrollo-de-negocios\/\"><span>Leer m\u00e1s<\/span> <span class=\"ico-right\">M\u00e1s informaci\u00f3n<\/span><\/a>\n                            <\/article>\n                                                                        <article class=\"post \">\n                                <a class=\"post_image\" href=\"https:\/\/letsrebold.com\/es\/blog\/el-41-de-los-espanoles-realizara-algun-viaje-durante-la-semana-santa-y-el-38-acudira-a-procesiones\/\"><img loading=\"lazy\" decoding=\"async\" width=\"989\" height=\"600\" src=\"https:\/\/letsrebold.com\/wp-content\/uploads\/2014\/06\/00_Post-sin-imagen-989x600.jpg\" class=\"attachment-img-header size-img-header wp-post-image\" alt=\"\" srcset=\"https:\/\/letsrebold.com\/wp-content\/uploads\/2014\/06\/00_Post-sin-imagen-989x600.jpg 989w, https:\/\/letsrebold.com\/wp-content\/uploads\/2014\/06\/00_Post-sin-imagen-300x182.jpg 300w, https:\/\/letsrebold.com\/wp-content\/uploads\/2014\/06\/00_Post-sin-imagen-768x466.jpg 768w, https:\/\/letsrebold.com\/wp-content\/uploads\/2014\/06\/00_Post-sin-imagen-1024x622.jpg 1024w, https:\/\/letsrebold.com\/wp-content\/uploads\/2014\/06\/00_Post-sin-imagen-336x204.jpg 336w, https:\/\/letsrebold.com\/wp-content\/uploads\/2014\/06\/00_Post-sin-imagen-360x219.jpg 360w, https:\/\/letsrebold.com\/wp-content\/uploads\/2014\/06\/00_Post-sin-imagen-578x351.jpg 578w, https:\/\/letsrebold.com\/wp-content\/uploads\/2014\/06\/00_Post-sin-imagen-629x382.jpg 629w, https:\/\/letsrebold.com\/wp-content\/uploads\/2014\/06\/00_Post-sin-imagen.jpg 1440w\" sizes=\"auto, (max-width: 989px) 100vw, 989px\" \/><\/a>\n                                <h2 class=\"post_meta\">\n                                                                                                                        <a class=\"post_tag\" href=\"?topic=estudios\">Estudios<\/a>\n                                                                            <\/h2>\n                                <h3 class=\"post_title\"><a href=\"https:\/\/letsrebold.com\/es\/blog\/el-41-de-los-espanoles-realizara-algun-viaje-durante-la-semana-santa-y-el-38-acudira-a-procesiones\/\">El 41% de los espa\u00f1oles realizar\u00e1 alg\u00fan viaje durante la Semana Santa y el 38% acudir\u00e1 a procesiones<\/a><\/h3>\n                                <a class=\"post_link\" href=\"https:\/\/letsrebold.com\/es\/blog\/el-41-de-los-espanoles-realizara-algun-viaje-durante-la-semana-santa-y-el-38-acudira-a-procesiones\/\"><span>Leer m\u00e1s<\/span> <span class=\"ico-right\">M\u00e1s informaci\u00f3n<\/span><\/a>\n                            <\/article>\n                                                                        <article class=\"post \">\n                                <a class=\"post_image\" href=\"https:\/\/letsrebold.com\/es\/blog\/semana-santa\/\"><img loading=\"lazy\" decoding=\"async\" width=\"642\" height=\"272\" src=\"https:\/\/letsrebold.com\/wp-content\/uploads\/2022\/06\/semana-santa-data-science.jpg\" class=\"attachment-img-header size-img-header wp-post-image\" alt=\"\" srcset=\"https:\/\/letsrebold.com\/wp-content\/uploads\/2022\/06\/semana-santa-data-science.jpg 642w, https:\/\/letsrebold.com\/wp-content\/uploads\/2022\/06\/semana-santa-data-science-300x127.jpg 300w, https:\/\/letsrebold.com\/wp-content\/uploads\/2022\/06\/semana-santa-data-science-360x153.jpg 360w, https:\/\/letsrebold.com\/wp-content\/uploads\/2022\/06\/semana-santa-data-science-578x245.jpg 578w\" sizes=\"auto, (max-width: 642px) 100vw, 642px\" \/><\/a>\n                                <h2 class=\"post_meta\">\n                                                                                                                        <a class=\"post_tag\" href=\"?topic=estudios\">Estudios<\/a>\n                                                                            <\/h2>\n                                <h3 class=\"post_title\"><a href=\"https:\/\/letsrebold.com\/es\/blog\/semana-santa\/\">C\u00f3mo Vivir\u00e1n los Usuarios de Redes Sociales la Semana Santa<\/a><\/h3>\n                                <a class=\"post_link\" href=\"https:\/\/letsrebold.com\/es\/blog\/semana-santa\/\"><span>Leer m\u00e1s<\/span> <span class=\"ico-right\">M\u00e1s informaci\u00f3n<\/span><\/a>\n                            <\/article>\n                                                                        <article class=\"post rebold-marketing\">\n                                <a class=\"post_image\" href=\"https:\/\/letsrebold.com\/es\/blog\/david-cascant-nuevo-country-manager-de-acceso-para-espana\/\"><img loading=\"lazy\" decoding=\"async\" width=\"989\" height=\"600\" src=\"https:\/\/letsrebold.com\/wp-content\/uploads\/2014\/06\/00_Post-sin-imagen-989x600.jpg\" class=\"attachment-img-header size-img-header wp-post-image\" alt=\"\" srcset=\"https:\/\/letsrebold.com\/wp-content\/uploads\/2014\/06\/00_Post-sin-imagen-989x600.jpg 989w, https:\/\/letsrebold.com\/wp-content\/uploads\/2014\/06\/00_Post-sin-imagen-300x182.jpg 300w, https:\/\/letsrebold.com\/wp-content\/uploads\/2014\/06\/00_Post-sin-imagen-768x466.jpg 768w, https:\/\/letsrebold.com\/wp-content\/uploads\/2014\/06\/00_Post-sin-imagen-1024x622.jpg 1024w, https:\/\/letsrebold.com\/wp-content\/uploads\/2014\/06\/00_Post-sin-imagen-336x204.jpg 336w, https:\/\/letsrebold.com\/wp-content\/uploads\/2014\/06\/00_Post-sin-imagen-360x219.jpg 360w, https:\/\/letsrebold.com\/wp-content\/uploads\/2014\/06\/00_Post-sin-imagen-578x351.jpg 578w, https:\/\/letsrebold.com\/wp-content\/uploads\/2014\/06\/00_Post-sin-imagen-629x382.jpg 629w, https:\/\/letsrebold.com\/wp-content\/uploads\/2014\/06\/00_Post-sin-imagen.jpg 1440w\" sizes=\"auto, (max-width: 989px) 100vw, 989px\" \/><\/a>\n                                <h2 class=\"post_meta\">\n                                                                                <a style=\"color: #e0094b\" class=\"post_tag\" href=\"?service=rebold-marketing\">Rebold Marketing<\/a>\n                                                                                                                                <a class=\"post_tag\" href=\"?topic=rebold\">Rebold<\/a>\n                                                                            <\/h2>\n                                <h3 class=\"post_title\"><a href=\"https:\/\/letsrebold.com\/es\/blog\/david-cascant-nuevo-country-manager-de-acceso-para-espana\/\">David Cascant, nuevo country manager de Acceso para Espa\u00f1a<\/a><\/h3>\n                                <a class=\"post_link\" href=\"https:\/\/letsrebold.com\/es\/blog\/david-cascant-nuevo-country-manager-de-acceso-para-espana\/\"><span>Leer m\u00e1s<\/span> <span class=\"ico-right\">M\u00e1s informaci\u00f3n<\/span><\/a>\n                            <\/article>\n                                                                        <article class=\"post \">\n                                <a class=\"post_image\" href=\"https:\/\/letsrebold.com\/es\/blog\/iab-day-2-2\/\"><\/a>\n                                <h2 class=\"post_meta\">\n                                                                                                                        <a class=\"post_tag\" href=\"?topic=eventos\">eventos<\/a>\n                                                                            <\/h2>\n                                <h3 class=\"post_title\"><a href=\"https:\/\/letsrebold.com\/es\/blog\/iab-day-2-2\/\">IAB Day<\/a><\/h3>\n                                <a class=\"post_link\" href=\"https:\/\/letsrebold.com\/es\/blog\/iab-day-2-2\/\"><span>Leer m\u00e1s<\/span> <span class=\"ico-right\">M\u00e1s informaci\u00f3n<\/span><\/a>\n                            <\/article>\n                                    <\/div>\n                                    <nav class=\"links links-right\" id=\"loadmore_108\">\n                        <div class=\"container\">\n                            <a href=\"#\" class=\"loadmore\" value=\"108\"><span>Cargar m\u00e1s<\/span> <span class=\"ico-right\"><\/span><\/a>\n                        <\/div>\n                    <\/nav>\n                            <\/div>\n                                <div id=\"page_109\" class=\"d-none\">\n                <div class=\"container posts\">\n                                                                        <article class=\"post \">\n                                <a class=\"post_image\" href=\"https:\/\/letsrebold.com\/es\/blog\/product-placement\/\"><img loading=\"lazy\" decoding=\"async\" width=\"642\" height=\"272\" src=\"https:\/\/letsrebold.com\/wp-content\/uploads\/2022\/06\/Ejemplos-de-Product-Placement-Exitosos.jpg\" class=\"attachment-img-header size-img-header wp-post-image\" alt=\"\" srcset=\"https:\/\/letsrebold.com\/wp-content\/uploads\/2022\/06\/Ejemplos-de-Product-Placement-Exitosos.jpg 642w, https:\/\/letsrebold.com\/wp-content\/uploads\/2022\/06\/Ejemplos-de-Product-Placement-Exitosos-300x127.jpg 300w, https:\/\/letsrebold.com\/wp-content\/uploads\/2022\/06\/Ejemplos-de-Product-Placement-Exitosos-360x153.jpg 360w, https:\/\/letsrebold.com\/wp-content\/uploads\/2022\/06\/Ejemplos-de-Product-Placement-Exitosos-578x245.jpg 578w\" sizes=\"auto, (max-width: 642px) 100vw, 642px\" \/><\/a>\n                                <h2 class=\"post_meta\">\n                                                                                                                        <a class=\"post_tag\" href=\"?topic=comunicacion\">comunicacion<\/a>\n                                                                            <\/h2>\n                                <h3 class=\"post_title\"><a href=\"https:\/\/letsrebold.com\/es\/blog\/product-placement\/\">Ejemplos de Product Placement exitosos<\/a><\/h3>\n                                <a class=\"post_link\" href=\"https:\/\/letsrebold.com\/es\/blog\/product-placement\/\"><span>Leer m\u00e1s<\/span> <span class=\"ico-right\">M\u00e1s informaci\u00f3n<\/span><\/a>\n                            <\/article>\n                                                                        <article class=\"post \">\n                                <a class=\"post_image\" href=\"https:\/\/letsrebold.com\/es\/blog\/tendencias-semana-santa-segun-big-data\/\"><img loading=\"lazy\" decoding=\"async\" width=\"800\" height=\"272\" src=\"https:\/\/letsrebold.com\/wp-content\/uploads\/2022\/06\/tendencias-en-semana-santa.jpg\" class=\"attachment-img-header size-img-header wp-post-image\" alt=\"\" srcset=\"https:\/\/letsrebold.com\/wp-content\/uploads\/2022\/06\/tendencias-en-semana-santa.jpg 800w, https:\/\/letsrebold.com\/wp-content\/uploads\/2022\/06\/tendencias-en-semana-santa-300x102.jpg 300w, https:\/\/letsrebold.com\/wp-content\/uploads\/2022\/06\/tendencias-en-semana-santa-768x261.jpg 768w, https:\/\/letsrebold.com\/wp-content\/uploads\/2022\/06\/tendencias-en-semana-santa-360x122.jpg 360w, https:\/\/letsrebold.com\/wp-content\/uploads\/2022\/06\/tendencias-en-semana-santa-578x197.jpg 578w, https:\/\/letsrebold.com\/wp-content\/uploads\/2022\/06\/tendencias-en-semana-santa-761x259.jpg 761w\" sizes=\"auto, (max-width: 800px) 100vw, 800px\" \/><\/a>\n                                <h2 class=\"post_meta\">\n                                                                                                                        <a class=\"post_tag\" href=\"?topic=estudios\">Estudios<\/a>\n                                                                            <\/h2>\n                                <h3 class=\"post_title\"><a href=\"https:\/\/letsrebold.com\/es\/blog\/tendencias-semana-santa-segun-big-data\/\">Colombia: Tendencias de Semana Santa seg\u00fan el Big Data<\/a><\/h3>\n                                <a class=\"post_link\" href=\"https:\/\/letsrebold.com\/es\/blog\/tendencias-semana-santa-segun-big-data\/\"><span>Leer m\u00e1s<\/span> <span class=\"ico-right\">M\u00e1s informaci\u00f3n<\/span><\/a>\n                            <\/article>\n                                                                        <article class=\"post rebold-marketing\">\n                                <a class=\"post_image\" href=\"https:\/\/letsrebold.com\/es\/blog\/alan-osetek-nuevo-ceo-global-de-digilant\/\"><img loading=\"lazy\" decoding=\"async\" width=\"450\" height=\"600\" src=\"https:\/\/letsrebold.com\/wp-content\/uploads\/2022\/06\/14-marzo-2018-1-450x600.jpg\" class=\"attachment-img-header size-img-header wp-post-image\" alt=\"\" srcset=\"https:\/\/letsrebold.com\/wp-content\/uploads\/2022\/06\/14-marzo-2018-1-450x600.jpg 450w, https:\/\/letsrebold.com\/wp-content\/uploads\/2022\/06\/14-marzo-2018-1-225x300.jpg 225w, https:\/\/letsrebold.com\/wp-content\/uploads\/2022\/06\/14-marzo-2018-1-153x204.jpg 153w, https:\/\/letsrebold.com\/wp-content\/uploads\/2022\/06\/14-marzo-2018-1-360x480.jpg 360w, https:\/\/letsrebold.com\/wp-content\/uploads\/2022\/06\/14-marzo-2018-1-263x351.jpg 263w, https:\/\/letsrebold.com\/wp-content\/uploads\/2022\/06\/14-marzo-2018-1-287x382.jpg 287w, https:\/\/letsrebold.com\/wp-content\/uploads\/2022\/06\/14-marzo-2018-1.jpg 768w\" sizes=\"auto, (max-width: 450px) 100vw, 450px\" \/><\/a>\n                                <h2 class=\"post_meta\">\n                                                                                <a style=\"color: #e0094b\" class=\"post_tag\" href=\"?service=rebold-marketing\">Rebold Marketing<\/a>\n                                                                                                                                <a class=\"post_tag\" href=\"?topic=rebold\">Rebold<\/a>\n                                                                            <\/h2>\n                                <h3 class=\"post_title\"><a href=\"https:\/\/letsrebold.com\/es\/blog\/alan-osetek-nuevo-ceo-global-de-digilant\/\">Alan Osetek, nuevo CEO Global de Digilant<\/a><\/h3>\n                                <a class=\"post_link\" href=\"https:\/\/letsrebold.com\/es\/blog\/alan-osetek-nuevo-ceo-global-de-digilant\/\"><span>Leer m\u00e1s<\/span> <span class=\"ico-right\">M\u00e1s informaci\u00f3n<\/span><\/a>\n                            <\/article>\n                                                                        <article class=\"post \">\n                                <a class=\"post_image\" href=\"https:\/\/letsrebold.com\/es\/blog\/solo-el-9-de-los-hombres-reclaman-la-igualdad-entre-los-dos-sexos-ante-el-dia-internacional-de-la-mujer\/\"><img loading=\"lazy\" decoding=\"async\" width=\"989\" height=\"600\" src=\"https:\/\/letsrebold.com\/wp-content\/uploads\/2014\/06\/00_Post-sin-imagen-989x600.jpg\" class=\"attachment-img-header size-img-header wp-post-image\" alt=\"\" srcset=\"https:\/\/letsrebold.com\/wp-content\/uploads\/2014\/06\/00_Post-sin-imagen-989x600.jpg 989w, https:\/\/letsrebold.com\/wp-content\/uploads\/2014\/06\/00_Post-sin-imagen-300x182.jpg 300w, https:\/\/letsrebold.com\/wp-content\/uploads\/2014\/06\/00_Post-sin-imagen-768x466.jpg 768w, https:\/\/letsrebold.com\/wp-content\/uploads\/2014\/06\/00_Post-sin-imagen-1024x622.jpg 1024w, https:\/\/letsrebold.com\/wp-content\/uploads\/2014\/06\/00_Post-sin-imagen-336x204.jpg 336w, https:\/\/letsrebold.com\/wp-content\/uploads\/2014\/06\/00_Post-sin-imagen-360x219.jpg 360w, https:\/\/letsrebold.com\/wp-content\/uploads\/2014\/06\/00_Post-sin-imagen-578x351.jpg 578w, https:\/\/letsrebold.com\/wp-content\/uploads\/2014\/06\/00_Post-sin-imagen-629x382.jpg 629w, https:\/\/letsrebold.com\/wp-content\/uploads\/2014\/06\/00_Post-sin-imagen.jpg 1440w\" sizes=\"auto, (max-width: 989px) 100vw, 989px\" \/><\/a>\n                                <h2 class=\"post_meta\">\n                                                                                                                        <a class=\"post_tag\" href=\"?topic=estudios\">Estudios<\/a>\n                                                                            <\/h2>\n                                <h3 class=\"post_title\"><a href=\"https:\/\/letsrebold.com\/es\/blog\/solo-el-9-de-los-hombres-reclaman-la-igualdad-entre-los-dos-sexos-ante-el-dia-internacional-de-la-mujer\/\">S\u00f3lo el 9% de los hombres reclaman la igualdad entre los dos sexos ante el D\u00eda Internacional de la Mujer<\/a><\/h3>\n                                <a class=\"post_link\" href=\"https:\/\/letsrebold.com\/es\/blog\/solo-el-9-de-los-hombres-reclaman-la-igualdad-entre-los-dos-sexos-ante-el-dia-internacional-de-la-mujer\/\"><span>Leer m\u00e1s<\/span> <span class=\"ico-right\">M\u00e1s informaci\u00f3n<\/span><\/a>\n                            <\/article>\n                                                                        <article class=\"post \">\n                                <a class=\"post_image\" href=\"https:\/\/letsrebold.com\/es\/blog\/el-dia-internacional-de-la-mujer-en-internet\/\"><img loading=\"lazy\" decoding=\"async\" width=\"642\" height=\"272\" src=\"https:\/\/letsrebold.com\/wp-content\/uploads\/2022\/06\/El-Dia-Internacional-de-la-Mujer-en-Internet.jpg\" class=\"attachment-img-header size-img-header wp-post-image\" alt=\"\" srcset=\"https:\/\/letsrebold.com\/wp-content\/uploads\/2022\/06\/El-Dia-Internacional-de-la-Mujer-en-Internet.jpg 642w, https:\/\/letsrebold.com\/wp-content\/uploads\/2022\/06\/El-Dia-Internacional-de-la-Mujer-en-Internet-300x127.jpg 300w, https:\/\/letsrebold.com\/wp-content\/uploads\/2022\/06\/El-Dia-Internacional-de-la-Mujer-en-Internet-360x153.jpg 360w, https:\/\/letsrebold.com\/wp-content\/uploads\/2022\/06\/El-Dia-Internacional-de-la-Mujer-en-Internet-578x245.jpg 578w\" sizes=\"auto, (max-width: 642px) 100vw, 642px\" \/><\/a>\n                                <h2 class=\"post_meta\">\n                                                                                                                        <a class=\"post_tag\" href=\"?topic=estudios\">Estudios<\/a>\n                                                                            <\/h2>\n                                <h3 class=\"post_title\"><a href=\"https:\/\/letsrebold.com\/es\/blog\/el-dia-internacional-de-la-mujer-en-internet\/\">El D\u00eda Internacional de la Mujer, en Internet &#8211; Infograf\u00eda<\/a><\/h3>\n                                <a class=\"post_link\" href=\"https:\/\/letsrebold.com\/es\/blog\/el-dia-internacional-de-la-mujer-en-internet\/\"><span>Leer m\u00e1s<\/span> <span class=\"ico-right\">M\u00e1s informaci\u00f3n<\/span><\/a>\n                            <\/article>\n                                                                        <article class=\"post influencer-marketing, rebold-marketing\">\n                                <a class=\"post_image\" href=\"https:\/\/letsrebold.com\/es\/blog\/detectar-influencers\/\"><img loading=\"lazy\" decoding=\"async\" width=\"642\" height=\"272\" src=\"https:\/\/letsrebold.com\/wp-content\/uploads\/2022\/06\/Untitled-design-60.jpg\" class=\"attachment-img-header size-img-header wp-post-image\" alt=\"\" srcset=\"https:\/\/letsrebold.com\/wp-content\/uploads\/2022\/06\/Untitled-design-60.jpg 642w, https:\/\/letsrebold.com\/wp-content\/uploads\/2022\/06\/Untitled-design-60-300x127.jpg 300w, https:\/\/letsrebold.com\/wp-content\/uploads\/2022\/06\/Untitled-design-60-360x153.jpg 360w, https:\/\/letsrebold.com\/wp-content\/uploads\/2022\/06\/Untitled-design-60-578x245.jpg 578w\" sizes=\"auto, (max-width: 642px) 100vw, 642px\" \/><\/a>\n                                <h2 class=\"post_meta\">\n                                                                                <a style=\"color: #e0094b\" class=\"post_tag\" href=\"?service=rebold-marketing\">Rebold Marketing<\/a>\n                                                                                                                                <a class=\"post_tag\" href=\"?topic=influencer-marketing\">Influencer Marketing<\/a>\n                                                                            <\/h2>\n                                <h3 class=\"post_title\"><a href=\"https:\/\/letsrebold.com\/es\/blog\/detectar-influencers\/\">C\u00f3mo Detectar a tus verdaderos Influencers: Caso Pr\u00e1ctico Desigual<\/a><\/h3>\n                                <a class=\"post_link\" href=\"https:\/\/letsrebold.com\/es\/blog\/detectar-influencers\/\"><span>Leer m\u00e1s<\/span> <span class=\"ico-right\">M\u00e1s informaci\u00f3n<\/span><\/a>\n                            <\/article>\n                                    <\/div>\n                                    <nav class=\"links links-right\" id=\"loadmore_109\">\n                        <div class=\"container\">\n                            <a href=\"#\" class=\"loadmore\" value=\"109\"><span>Cargar m\u00e1s<\/span> <span class=\"ico-right\"><\/span><\/a>\n                        <\/div>\n                    <\/nav>\n                            <\/div>\n                                <div id=\"page_110\" class=\"d-none\">\n                <div class=\"container posts\">\n                                                                        <article class=\"post \">\n                                <a class=\"post_image\" href=\"https:\/\/letsrebold.com\/es\/blog\/crisis-reputacion-oscar\/\"><\/a>\n                                <h2 class=\"post_meta\">\n                                                                                                                        <a class=\"post_tag\" href=\"?topic=reputacion-corporativa\">Reputaci\u00f3n Corporativa<\/a>\n                                                                            <\/h2>\n                                <h3 class=\"post_title\"><a href=\"https:\/\/letsrebold.com\/es\/blog\/crisis-reputacion-oscar\/\">\u00bfQu\u00e9 hizo la Academia para gestionar la crisis de reputaci\u00f3n de los Oscar?<\/a><\/h3>\n                                <a class=\"post_link\" href=\"https:\/\/letsrebold.com\/es\/blog\/crisis-reputacion-oscar\/\"><span>Leer m\u00e1s<\/span> <span class=\"ico-right\">M\u00e1s informaci\u00f3n<\/span><\/a>\n                            <\/article>\n                                                                        <article class=\"post media-strategy-research, rebold-marketing\">\n                                <a class=\"post_image\" href=\"https:\/\/letsrebold.com\/es\/blog\/el-renacido-gana-en-twitter-el-oscar-a-la-mejor-pelicula-dentro-de-la-edicion-mas-polemica-de-los-premios\/\"><img loading=\"lazy\" decoding=\"async\" width=\"989\" height=\"600\" src=\"https:\/\/letsrebold.com\/wp-content\/uploads\/2014\/06\/00_Post-sin-imagen-989x600.jpg\" class=\"attachment-img-header size-img-header wp-post-image\" alt=\"\" srcset=\"https:\/\/letsrebold.com\/wp-content\/uploads\/2014\/06\/00_Post-sin-imagen-989x600.jpg 989w, https:\/\/letsrebold.com\/wp-content\/uploads\/2014\/06\/00_Post-sin-imagen-300x182.jpg 300w, https:\/\/letsrebold.com\/wp-content\/uploads\/2014\/06\/00_Post-sin-imagen-768x466.jpg 768w, https:\/\/letsrebold.com\/wp-content\/uploads\/2014\/06\/00_Post-sin-imagen-1024x622.jpg 1024w, https:\/\/letsrebold.com\/wp-content\/uploads\/2014\/06\/00_Post-sin-imagen-336x204.jpg 336w, https:\/\/letsrebold.com\/wp-content\/uploads\/2014\/06\/00_Post-sin-imagen-360x219.jpg 360w, https:\/\/letsrebold.com\/wp-content\/uploads\/2014\/06\/00_Post-sin-imagen-578x351.jpg 578w, https:\/\/letsrebold.com\/wp-content\/uploads\/2014\/06\/00_Post-sin-imagen-629x382.jpg 629w, https:\/\/letsrebold.com\/wp-content\/uploads\/2014\/06\/00_Post-sin-imagen.jpg 1440w\" sizes=\"auto, (max-width: 989px) 100vw, 989px\" \/><\/a>\n                                <h2 class=\"post_meta\">\n                                                                                <a style=\"color: #e0094b\" class=\"post_tag\" href=\"?service=rebold-marketing\">Rebold Marketing<\/a>\n                                                                                                                                <a class=\"post_tag\" href=\"?topic=social-media\">Social Media<\/a>\n                                                                            <\/h2>\n                                <h3 class=\"post_title\"><a href=\"https:\/\/letsrebold.com\/es\/blog\/el-renacido-gana-en-twitter-el-oscar-a-la-mejor-pelicula-dentro-de-la-edicion-mas-polemica-de-los-premios\/\">El renacido \u201cgana\u201d en Twitter el Oscar a la Mejor Pel\u00edcula dentro de la edici\u00f3n m\u00e1s pol\u00e9mica de los premios<\/a><\/h3>\n                                <a class=\"post_link\" href=\"https:\/\/letsrebold.com\/es\/blog\/el-renacido-gana-en-twitter-el-oscar-a-la-mejor-pelicula-dentro-de-la-edicion-mas-polemica-de-los-premios\/\"><span>Leer m\u00e1s<\/span> <span class=\"ico-right\">M\u00e1s informaci\u00f3n<\/span><\/a>\n                            <\/article>\n                                                                        <article class=\"post \">\n                                <a class=\"post_image\" href=\"https:\/\/letsrebold.com\/es\/blog\/cual-es-una-de-las-mejores-maneras-de-superar-una-crisis-reputacional\/\"><img loading=\"lazy\" decoding=\"async\" width=\"800\" height=\"350\" src=\"https:\/\/letsrebold.com\/wp-content\/uploads\/2022\/06\/CRISIS-REPUTACIONAL-HONESTIDAD1.png\" class=\"attachment-img-header size-img-header wp-post-image\" alt=\"\" srcset=\"https:\/\/letsrebold.com\/wp-content\/uploads\/2022\/06\/CRISIS-REPUTACIONAL-HONESTIDAD1.png 800w, https:\/\/letsrebold.com\/wp-content\/uploads\/2022\/06\/CRISIS-REPUTACIONAL-HONESTIDAD1-300x131.png 300w, https:\/\/letsrebold.com\/wp-content\/uploads\/2022\/06\/CRISIS-REPUTACIONAL-HONESTIDAD1-768x336.png 768w, https:\/\/letsrebold.com\/wp-content\/uploads\/2022\/06\/CRISIS-REPUTACIONAL-HONESTIDAD1-360x158.png 360w, https:\/\/letsrebold.com\/wp-content\/uploads\/2022\/06\/CRISIS-REPUTACIONAL-HONESTIDAD1-578x253.png 578w, https:\/\/letsrebold.com\/wp-content\/uploads\/2022\/06\/CRISIS-REPUTACIONAL-HONESTIDAD1-761x333.png 761w\" sizes=\"auto, (max-width: 800px) 100vw, 800px\" \/><\/a>\n                                <h2 class=\"post_meta\">\n                                                                                                                        <a class=\"post_tag\" href=\"?topic=crisis-reputacional\">crisis reputacional<\/a>\n                                                                            <\/h2>\n                                <h3 class=\"post_title\"><a href=\"https:\/\/letsrebold.com\/es\/blog\/cual-es-una-de-las-mejores-maneras-de-superar-una-crisis-reputacional\/\">\u00bfCu\u00e1l es la manera \u00f3ptima para superar una crisis reputacional?<\/a><\/h3>\n                                <a class=\"post_link\" href=\"https:\/\/letsrebold.com\/es\/blog\/cual-es-una-de-las-mejores-maneras-de-superar-una-crisis-reputacional\/\"><span>Leer m\u00e1s<\/span> <span class=\"ico-right\">M\u00e1s informaci\u00f3n<\/span><\/a>\n                            <\/article>\n                                                                        <article class=\"post \">\n                                <a class=\"post_image\" href=\"https:\/\/letsrebold.com\/es\/blog\/mobile-world-congress\/\"><img loading=\"lazy\" decoding=\"async\" width=\"642\" height=\"272\" src=\"https:\/\/letsrebold.com\/wp-content\/uploads\/2022\/06\/MWC2016.jpg\" class=\"attachment-img-header size-img-header wp-post-image\" alt=\"\" srcset=\"https:\/\/letsrebold.com\/wp-content\/uploads\/2022\/06\/MWC2016.jpg 642w, https:\/\/letsrebold.com\/wp-content\/uploads\/2022\/06\/MWC2016-300x127.jpg 300w, https:\/\/letsrebold.com\/wp-content\/uploads\/2022\/06\/MWC2016-360x153.jpg 360w, https:\/\/letsrebold.com\/wp-content\/uploads\/2022\/06\/MWC2016-578x245.jpg 578w\" sizes=\"auto, (max-width: 642px) 100vw, 642px\" \/><\/a>\n                                <h2 class=\"post_meta\">\n                                                                                                                        <a class=\"post_tag\" href=\"?topic=comunicacion\">comunicacion<\/a>\n                                                                            <\/h2>\n                                <h3 class=\"post_title\"><a href=\"https:\/\/letsrebold.com\/es\/blog\/mobile-world-congress\/\">C\u00f3mo hacer que tu marca triunfe en el Mobile World Congress<\/a><\/h3>\n                                <a class=\"post_link\" href=\"https:\/\/letsrebold.com\/es\/blog\/mobile-world-congress\/\"><span>Leer m\u00e1s<\/span> <span class=\"ico-right\">M\u00e1s informaci\u00f3n<\/span><\/a>\n                            <\/article>\n                                                                        <article class=\"post \">\n                                <a class=\"post_image\" href=\"https:\/\/letsrebold.com\/es\/blog\/el-mwc-ya-ha-supuesto-para-barcelona-una-campana-de-imagen-de-36-millones-de-euros\/\"><img loading=\"lazy\" decoding=\"async\" width=\"989\" height=\"600\" src=\"https:\/\/letsrebold.com\/wp-content\/uploads\/2014\/06\/00_Post-sin-imagen-989x600.jpg\" class=\"attachment-img-header size-img-header wp-post-image\" alt=\"\" srcset=\"https:\/\/letsrebold.com\/wp-content\/uploads\/2014\/06\/00_Post-sin-imagen-989x600.jpg 989w, https:\/\/letsrebold.com\/wp-content\/uploads\/2014\/06\/00_Post-sin-imagen-300x182.jpg 300w, https:\/\/letsrebold.com\/wp-content\/uploads\/2014\/06\/00_Post-sin-imagen-768x466.jpg 768w, https:\/\/letsrebold.com\/wp-content\/uploads\/2014\/06\/00_Post-sin-imagen-1024x622.jpg 1024w, https:\/\/letsrebold.com\/wp-content\/uploads\/2014\/06\/00_Post-sin-imagen-336x204.jpg 336w, https:\/\/letsrebold.com\/wp-content\/uploads\/2014\/06\/00_Post-sin-imagen-360x219.jpg 360w, https:\/\/letsrebold.com\/wp-content\/uploads\/2014\/06\/00_Post-sin-imagen-578x351.jpg 578w, https:\/\/letsrebold.com\/wp-content\/uploads\/2014\/06\/00_Post-sin-imagen-629x382.jpg 629w, https:\/\/letsrebold.com\/wp-content\/uploads\/2014\/06\/00_Post-sin-imagen.jpg 1440w\" sizes=\"auto, (max-width: 989px) 100vw, 989px\" \/><\/a>\n                                <h2 class=\"post_meta\">\n                                                                                                                        <a class=\"post_tag\" href=\"?topic=comunicacion\">comunicacion<\/a>\n                                                                            <\/h2>\n                                <h3 class=\"post_title\"><a href=\"https:\/\/letsrebold.com\/es\/blog\/el-mwc-ya-ha-supuesto-para-barcelona-una-campana-de-imagen-de-36-millones-de-euros\/\">El MWC ya ha supuesto para Barcelona una campa\u00f1a de imagen de 36 millones de euros<\/a><\/h3>\n                                <a class=\"post_link\" href=\"https:\/\/letsrebold.com\/es\/blog\/el-mwc-ya-ha-supuesto-para-barcelona-una-campana-de-imagen-de-36-millones-de-euros\/\"><span>Leer m\u00e1s<\/span> <span class=\"ico-right\">M\u00e1s informaci\u00f3n<\/span><\/a>\n                            <\/article>\n                                                                        <article class=\"post rebold-marketing\">\n                                <a class=\"post_image\" href=\"https:\/\/letsrebold.com\/es\/blog\/como-conocer-comportamiento-digital-consumidores\/\"><img loading=\"lazy\" decoding=\"async\" width=\"1061\" height=\"386\" src=\"https:\/\/letsrebold.com\/wp-content\/uploads\/2022\/06\/PANEL-CONSUMIDORES-1061x386.png\" class=\"attachment-img-header size-img-header wp-post-image\" alt=\"\" srcset=\"https:\/\/letsrebold.com\/wp-content\/uploads\/2022\/06\/PANEL-CONSUMIDORES-1061x386.png 1061w, https:\/\/letsrebold.com\/wp-content\/uploads\/2022\/06\/PANEL-CONSUMIDORES-300x109.png 300w, https:\/\/letsrebold.com\/wp-content\/uploads\/2022\/06\/PANEL-CONSUMIDORES-768x279.png 768w, https:\/\/letsrebold.com\/wp-content\/uploads\/2022\/06\/PANEL-CONSUMIDORES-1024x372.png 1024w, https:\/\/letsrebold.com\/wp-content\/uploads\/2022\/06\/PANEL-CONSUMIDORES-360x131.png 360w, https:\/\/letsrebold.com\/wp-content\/uploads\/2022\/06\/PANEL-CONSUMIDORES-578x210.png 578w, https:\/\/letsrebold.com\/wp-content\/uploads\/2022\/06\/PANEL-CONSUMIDORES-761x277.png 761w, https:\/\/letsrebold.com\/wp-content\/uploads\/2022\/06\/PANEL-CONSUMIDORES-1536x558.png 1536w, https:\/\/letsrebold.com\/wp-content\/uploads\/2022\/06\/PANEL-CONSUMIDORES-2048x744.png 2048w\" sizes=\"auto, (max-width: 1061px) 100vw, 1061px\" \/><\/a>\n                                <h2 class=\"post_meta\">\n                                                                                <a style=\"color: #e0094b\" class=\"post_tag\" href=\"?service=rebold-marketing\">Rebold Marketing<\/a>\n                                                                                                                                <a class=\"post_tag\" href=\"?topic=marketing-digital\">Marketing Digital<\/a>\n                                                                            <\/h2>\n                                <h3 class=\"post_title\"><a href=\"https:\/\/letsrebold.com\/es\/blog\/como-conocer-comportamiento-digital-consumidores\/\">\u00bfC\u00f3mo conocer el comportamiento digital de tus consumidores?<\/a><\/h3>\n                                <a class=\"post_link\" href=\"https:\/\/letsrebold.com\/es\/blog\/como-conocer-comportamiento-digital-consumidores\/\"><span>Leer m\u00e1s<\/span> <span class=\"ico-right\">M\u00e1s informaci\u00f3n<\/span><\/a>\n                            <\/article>\n                                    <\/div>\n                                    <nav class=\"links links-right\" id=\"loadmore_110\">\n                        <div class=\"container\">\n                            <a href=\"#\" class=\"loadmore\" value=\"110\"><span>Cargar m\u00e1s<\/span> <span class=\"ico-right\"><\/span><\/a>\n                        <\/div>\n                    <\/nav>\n                            <\/div>\n                                <div id=\"page_111\" class=\"d-none\">\n                <div class=\"container posts\">\n                                                                        <article class=\"post monitoring, rebold-communication\">\n                                <a class=\"post_image\" href=\"https:\/\/letsrebold.com\/es\/blog\/envios-gratis-rebajas\/\"><img loading=\"lazy\" decoding=\"async\" width=\"989\" height=\"600\" src=\"https:\/\/letsrebold.com\/wp-content\/uploads\/2014\/06\/00_Post-sin-imagen-989x600.jpg\" class=\"attachment-img-header size-img-header wp-post-image\" alt=\"\" srcset=\"https:\/\/letsrebold.com\/wp-content\/uploads\/2014\/06\/00_Post-sin-imagen-989x600.jpg 989w, https:\/\/letsrebold.com\/wp-content\/uploads\/2014\/06\/00_Post-sin-imagen-300x182.jpg 300w, https:\/\/letsrebold.com\/wp-content\/uploads\/2014\/06\/00_Post-sin-imagen-768x466.jpg 768w, https:\/\/letsrebold.com\/wp-content\/uploads\/2014\/06\/00_Post-sin-imagen-1024x622.jpg 1024w, https:\/\/letsrebold.com\/wp-content\/uploads\/2014\/06\/00_Post-sin-imagen-336x204.jpg 336w, https:\/\/letsrebold.com\/wp-content\/uploads\/2014\/06\/00_Post-sin-imagen-360x219.jpg 360w, https:\/\/letsrebold.com\/wp-content\/uploads\/2014\/06\/00_Post-sin-imagen-578x351.jpg 578w, https:\/\/letsrebold.com\/wp-content\/uploads\/2014\/06\/00_Post-sin-imagen-629x382.jpg 629w, https:\/\/letsrebold.com\/wp-content\/uploads\/2014\/06\/00_Post-sin-imagen.jpg 1440w\" sizes=\"auto, (max-width: 989px) 100vw, 989px\" \/><\/a>\n                                <h2 class=\"post_meta\">\n                                                                                <a style=\"color: #5ac4bb\" class=\"post_tag\" href=\"?service=rebold-communication\">Rebold Communication<\/a>\n                                                                                                                                <a class=\"post_tag\" href=\"?topic=media-monitoring\">Media Monitoring<\/a>\n                                                                            <\/h2>\n                                <h3 class=\"post_title\"><a href=\"https:\/\/letsrebold.com\/es\/blog\/envios-gratis-rebajas\/\">Los mensajes que ofrecen \u201cenv\u00edos gratis\u201d durante las Rebajas triplican la audiencia en redes sociales<\/a><\/h3>\n                                <a class=\"post_link\" href=\"https:\/\/letsrebold.com\/es\/blog\/envios-gratis-rebajas\/\"><span>Leer m\u00e1s<\/span> <span class=\"ico-right\">M\u00e1s informaci\u00f3n<\/span><\/a>\n                            <\/article>\n                                                                        <article class=\"post \">\n                                <a class=\"post_image\" href=\"https:\/\/letsrebold.com\/es\/blog\/que-piensan-los-colombianos-sobre-san-valentin\/\"><img loading=\"lazy\" decoding=\"async\" width=\"698\" height=\"283\" src=\"https:\/\/letsrebold.com\/wp-content\/uploads\/2022\/06\/header-2.png\" class=\"attachment-img-header size-img-header wp-post-image\" alt=\"\" srcset=\"https:\/\/letsrebold.com\/wp-content\/uploads\/2022\/06\/header-2.png 698w, https:\/\/letsrebold.com\/wp-content\/uploads\/2022\/06\/header-2-300x122.png 300w, https:\/\/letsrebold.com\/wp-content\/uploads\/2022\/06\/header-2-360x146.png 360w, https:\/\/letsrebold.com\/wp-content\/uploads\/2022\/06\/header-2-578x234.png 578w\" sizes=\"auto, (max-width: 698px) 100vw, 698px\" \/><\/a>\n                                <h2 class=\"post_meta\">\n                                                                                                                        <a class=\"post_tag\" href=\"?topic=investigacion-de-mercado\">Investigaci\u00f3n de Mercado<\/a>\n                                                                            <\/h2>\n                                <h3 class=\"post_title\"><a href=\"https:\/\/letsrebold.com\/es\/blog\/que-piensan-los-colombianos-sobre-san-valentin\/\">Con un 55%, la solter\u00eda es tendencia en Colombia para San Valent\u00edn<\/a><\/h3>\n                                <a class=\"post_link\" href=\"https:\/\/letsrebold.com\/es\/blog\/que-piensan-los-colombianos-sobre-san-valentin\/\"><span>Leer m\u00e1s<\/span> <span class=\"ico-right\">M\u00e1s informaci\u00f3n<\/span><\/a>\n                            <\/article>\n                                                                        <article class=\"post consumer-intelligence, rebold-communication\">\n                                <a class=\"post_image\" href=\"https:\/\/letsrebold.com\/es\/blog\/tendencias-san-valentin\/\"><img loading=\"lazy\" decoding=\"async\" width=\"450\" height=\"600\" src=\"https:\/\/letsrebold.com\/wp-content\/uploads\/2022\/06\/14-marzo-2018-1-450x600.jpg\" class=\"attachment-img-header size-img-header wp-post-image\" alt=\"\" srcset=\"https:\/\/letsrebold.com\/wp-content\/uploads\/2022\/06\/14-marzo-2018-1-450x600.jpg 450w, https:\/\/letsrebold.com\/wp-content\/uploads\/2022\/06\/14-marzo-2018-1-225x300.jpg 225w, https:\/\/letsrebold.com\/wp-content\/uploads\/2022\/06\/14-marzo-2018-1-153x204.jpg 153w, https:\/\/letsrebold.com\/wp-content\/uploads\/2022\/06\/14-marzo-2018-1-360x480.jpg 360w, https:\/\/letsrebold.com\/wp-content\/uploads\/2022\/06\/14-marzo-2018-1-263x351.jpg 263w, https:\/\/letsrebold.com\/wp-content\/uploads\/2022\/06\/14-marzo-2018-1-287x382.jpg 287w, https:\/\/letsrebold.com\/wp-content\/uploads\/2022\/06\/14-marzo-2018-1.jpg 768w\" sizes=\"auto, (max-width: 450px) 100vw, 450px\" \/><\/a>\n                                <h2 class=\"post_meta\">\n                                                                                <a style=\"color: #5ac4bb\" class=\"post_tag\" href=\"?service=rebold-communication\">Rebold Communication<\/a>\n                                                                                                                                <a class=\"post_tag\" href=\"?topic=social-listening\">Social Listening<\/a>\n                                                                            <\/h2>\n                                <h3 class=\"post_title\"><a href=\"https:\/\/letsrebold.com\/es\/blog\/tendencias-san-valentin\/\">Nuevas tendencias en las campa\u00f1as de San Valent\u00edn<\/a><\/h3>\n                                <a class=\"post_link\" href=\"https:\/\/letsrebold.com\/es\/blog\/tendencias-san-valentin\/\"><span>Leer m\u00e1s<\/span> <span class=\"ico-right\">M\u00e1s informaci\u00f3n<\/span><\/a>\n                            <\/article>\n                                                                        <article class=\"post consumer-intelligence, rebold-communication\">\n                                <a class=\"post_image\" href=\"https:\/\/letsrebold.com\/es\/blog\/las-mujeres-dominan-la-conversacion-en-twitter-en-torno-a-san-valentin-pero-los-hombres-son-mas-romanticos\/\"><img loading=\"lazy\" decoding=\"async\" width=\"989\" height=\"600\" src=\"https:\/\/letsrebold.com\/wp-content\/uploads\/2014\/06\/00_Post-sin-imagen-989x600.jpg\" class=\"attachment-img-header size-img-header wp-post-image\" alt=\"\" srcset=\"https:\/\/letsrebold.com\/wp-content\/uploads\/2014\/06\/00_Post-sin-imagen-989x600.jpg 989w, https:\/\/letsrebold.com\/wp-content\/uploads\/2014\/06\/00_Post-sin-imagen-300x182.jpg 300w, https:\/\/letsrebold.com\/wp-content\/uploads\/2014\/06\/00_Post-sin-imagen-768x466.jpg 768w, https:\/\/letsrebold.com\/wp-content\/uploads\/2014\/06\/00_Post-sin-imagen-1024x622.jpg 1024w, https:\/\/letsrebold.com\/wp-content\/uploads\/2014\/06\/00_Post-sin-imagen-336x204.jpg 336w, https:\/\/letsrebold.com\/wp-content\/uploads\/2014\/06\/00_Post-sin-imagen-360x219.jpg 360w, https:\/\/letsrebold.com\/wp-content\/uploads\/2014\/06\/00_Post-sin-imagen-578x351.jpg 578w, https:\/\/letsrebold.com\/wp-content\/uploads\/2014\/06\/00_Post-sin-imagen-629x382.jpg 629w, https:\/\/letsrebold.com\/wp-content\/uploads\/2014\/06\/00_Post-sin-imagen.jpg 1440w\" sizes=\"auto, (max-width: 989px) 100vw, 989px\" \/><\/a>\n                                <h2 class=\"post_meta\">\n                                                                                <a style=\"color: #5ac4bb\" class=\"post_tag\" href=\"?service=rebold-communication\">Rebold Communication<\/a>\n                                                                                                                                <a class=\"post_tag\" href=\"?topic=social-listening\">Social Listening<\/a>\n                                                                            <\/h2>\n                                <h3 class=\"post_title\"><a href=\"https:\/\/letsrebold.com\/es\/blog\/las-mujeres-dominan-la-conversacion-en-twitter-en-torno-a-san-valentin-pero-los-hombres-son-mas-romanticos\/\">Las mujeres dominan la conversaci\u00f3n en Twitter en torno a San Valent\u00edn pero los hombres son m\u00e1s rom\u00e1nticos<\/a><\/h3>\n                                <a class=\"post_link\" href=\"https:\/\/letsrebold.com\/es\/blog\/las-mujeres-dominan-la-conversacion-en-twitter-en-torno-a-san-valentin-pero-los-hombres-son-mas-romanticos\/\"><span>Leer m\u00e1s<\/span> <span class=\"ico-right\">M\u00e1s informaci\u00f3n<\/span><\/a>\n                            <\/article>\n                                                                        <article class=\"post consumer-intelligence, rebold-communication\">\n                                <a class=\"post_image\" href=\"https:\/\/letsrebold.com\/es\/blog\/goya-twitter\/\"><img loading=\"lazy\" decoding=\"async\" width=\"642\" height=\"272\" src=\"https:\/\/letsrebold.com\/wp-content\/uploads\/2022\/06\/Untitled-design-51.jpg\" class=\"attachment-img-header size-img-header wp-post-image\" alt=\"\" srcset=\"https:\/\/letsrebold.com\/wp-content\/uploads\/2022\/06\/Untitled-design-51.jpg 642w, https:\/\/letsrebold.com\/wp-content\/uploads\/2022\/06\/Untitled-design-51-300x127.jpg 300w, https:\/\/letsrebold.com\/wp-content\/uploads\/2022\/06\/Untitled-design-51-360x153.jpg 360w, https:\/\/letsrebold.com\/wp-content\/uploads\/2022\/06\/Untitled-design-51-578x245.jpg 578w\" sizes=\"auto, (max-width: 642px) 100vw, 642px\" \/><\/a>\n                                <h2 class=\"post_meta\">\n                                                                                <a style=\"color: #5ac4bb\" class=\"post_tag\" href=\"?service=rebold-communication\">Rebold Communication<\/a>\n                                                                                                                                <a class=\"post_tag\" href=\"?topic=social-listening\">Social Listening<\/a>\n                                                                            <\/h2>\n                                <h3 class=\"post_title\"><a href=\"https:\/\/letsrebold.com\/es\/blog\/goya-twitter\/\">\u00bfQui\u00e9n Ganar\u00e1 los Goya seg\u00fan Twitter?<\/a><\/h3>\n                                <a class=\"post_link\" href=\"https:\/\/letsrebold.com\/es\/blog\/goya-twitter\/\"><span>Leer m\u00e1s<\/span> <span class=\"ico-right\">M\u00e1s informaci\u00f3n<\/span><\/a>\n                            <\/article>\n                                                                        <article class=\"post consumer-intelligence, rebold-communication\">\n                                <a class=\"post_image\" href=\"https:\/\/letsrebold.com\/es\/blog\/la-novia-gana-el-goya-a-la-mejor-pelicula-en-twitter\/\"><img loading=\"lazy\" decoding=\"async\" width=\"989\" height=\"600\" src=\"https:\/\/letsrebold.com\/wp-content\/uploads\/2014\/06\/00_Post-sin-imagen-989x600.jpg\" class=\"attachment-img-header size-img-header wp-post-image\" alt=\"\" srcset=\"https:\/\/letsrebold.com\/wp-content\/uploads\/2014\/06\/00_Post-sin-imagen-989x600.jpg 989w, https:\/\/letsrebold.com\/wp-content\/uploads\/2014\/06\/00_Post-sin-imagen-300x182.jpg 300w, https:\/\/letsrebold.com\/wp-content\/uploads\/2014\/06\/00_Post-sin-imagen-768x466.jpg 768w, https:\/\/letsrebold.com\/wp-content\/uploads\/2014\/06\/00_Post-sin-imagen-1024x622.jpg 1024w, https:\/\/letsrebold.com\/wp-content\/uploads\/2014\/06\/00_Post-sin-imagen-336x204.jpg 336w, https:\/\/letsrebold.com\/wp-content\/uploads\/2014\/06\/00_Post-sin-imagen-360x219.jpg 360w, https:\/\/letsrebold.com\/wp-content\/uploads\/2014\/06\/00_Post-sin-imagen-578x351.jpg 578w, https:\/\/letsrebold.com\/wp-content\/uploads\/2014\/06\/00_Post-sin-imagen-629x382.jpg 629w, https:\/\/letsrebold.com\/wp-content\/uploads\/2014\/06\/00_Post-sin-imagen.jpg 1440w\" sizes=\"auto, (max-width: 989px) 100vw, 989px\" \/><\/a>\n                                <h2 class=\"post_meta\">\n                                                                                <a style=\"color: #5ac4bb\" class=\"post_tag\" href=\"?service=rebold-communication\">Rebold Communication<\/a>\n                                                                                                                                <a class=\"post_tag\" href=\"?topic=social-listening\">Social Listening<\/a>\n                                                                            <\/h2>\n                                <h3 class=\"post_title\"><a href=\"https:\/\/letsrebold.com\/es\/blog\/la-novia-gana-el-goya-a-la-mejor-pelicula-en-twitter\/\">La novia \u201cgana\u201d el Goya a la Mejor Pel\u00edcula en Twitter<\/a><\/h3>\n                                <a class=\"post_link\" href=\"https:\/\/letsrebold.com\/es\/blog\/la-novia-gana-el-goya-a-la-mejor-pelicula-en-twitter\/\"><span>Leer m\u00e1s<\/span> <span class=\"ico-right\">M\u00e1s informaci\u00f3n<\/span><\/a>\n                            <\/article>\n                                    <\/div>\n                                    <nav class=\"links links-right\" id=\"loadmore_111\">\n                        <div class=\"container\">\n                            <a href=\"#\" class=\"loadmore\" value=\"111\"><span>Cargar m\u00e1s<\/span> <span class=\"ico-right\"><\/span><\/a>\n                        <\/div>\n                    <\/nav>\n                            <\/div>\n                                <div id=\"page_112\" class=\"d-none\">\n                <div class=\"container posts\">\n                                                                        <article class=\"post \">\n                                <a class=\"post_image\" href=\"https:\/\/letsrebold.com\/es\/blog\/como-entender-a-las-mamas-digitales\/\"><img loading=\"lazy\" decoding=\"async\" width=\"580\" height=\"175\" src=\"https:\/\/letsrebold.com\/wp-content\/uploads\/2022\/06\/header.png\" class=\"attachment-img-header size-img-header wp-post-image\" alt=\"\" srcset=\"https:\/\/letsrebold.com\/wp-content\/uploads\/2022\/06\/header.png 580w, https:\/\/letsrebold.com\/wp-content\/uploads\/2022\/06\/header-300x91.png 300w, https:\/\/letsrebold.com\/wp-content\/uploads\/2022\/06\/header-360x109.png 360w, https:\/\/letsrebold.com\/wp-content\/uploads\/2022\/06\/header-578x174.png 578w\" sizes=\"auto, (max-width: 580px) 100vw, 580px\" \/><\/a>\n                                <h2 class=\"post_meta\">\n                                                                                                                        <a class=\"post_tag\" href=\"?topic=estudios\">Estudios<\/a>\n                                                                            <\/h2>\n                                <h3 class=\"post_title\"><a href=\"https:\/\/letsrebold.com\/es\/blog\/como-entender-a-las-mamas-digitales\/\">\u00bfC\u00f3mo entender a las \u00abMam\u00e1s Digitales\u00bb de Colombia?<\/a><\/h3>\n                                <a class=\"post_link\" href=\"https:\/\/letsrebold.com\/es\/blog\/como-entender-a-las-mamas-digitales\/\"><span>Leer m\u00e1s<\/span> <span class=\"ico-right\">M\u00e1s informaci\u00f3n<\/span><\/a>\n                            <\/article>\n                                                                        <article class=\"post rebold-marketing, zero-party-data\">\n                                <a class=\"post_image\" href=\"https:\/\/letsrebold.com\/es\/blog\/big-data\/\"><img loading=\"lazy\" decoding=\"async\" width=\"642\" height=\"272\" src=\"https:\/\/letsrebold.com\/wp-content\/uploads\/2022\/06\/Untitled-design-48.jpg\" class=\"attachment-img-header size-img-header wp-post-image\" alt=\"\" srcset=\"https:\/\/letsrebold.com\/wp-content\/uploads\/2022\/06\/Untitled-design-48.jpg 642w, https:\/\/letsrebold.com\/wp-content\/uploads\/2022\/06\/Untitled-design-48-300x127.jpg 300w, https:\/\/letsrebold.com\/wp-content\/uploads\/2022\/06\/Untitled-design-48-360x153.jpg 360w, https:\/\/letsrebold.com\/wp-content\/uploads\/2022\/06\/Untitled-design-48-578x245.jpg 578w\" sizes=\"auto, (max-width: 642px) 100vw, 642px\" \/><\/a>\n                                <h2 class=\"post_meta\">\n                                                                                <a style=\"color: #e0094b\" class=\"post_tag\" href=\"?service=rebold-marketing\">Rebold Marketing<\/a>\n                                                                                                                                <a class=\"post_tag\" href=\"?topic=data\">data<\/a>\n                                                                            <\/h2>\n                                <h3 class=\"post_title\"><a href=\"https:\/\/letsrebold.com\/es\/blog\/big-data\/\">Big Data, la especialidad m\u00e1s demandada en las empresas<\/a><\/h3>\n                                <a class=\"post_link\" href=\"https:\/\/letsrebold.com\/es\/blog\/big-data\/\"><span>Leer m\u00e1s<\/span> <span class=\"ico-right\">M\u00e1s informaci\u00f3n<\/span><\/a>\n                            <\/article>\n                                                                        <article class=\"post \">\n                                <a class=\"post_image\" href=\"https:\/\/letsrebold.com\/es\/blog\/como-evitar-que-una-crisis-en-redes-sociales-se-convierta-en-una-caida-en-ventas\/\"><img loading=\"lazy\" decoding=\"async\" width=\"1061\" height=\"535\" src=\"https:\/\/letsrebold.com\/wp-content\/uploads\/2022\/06\/crisiseste-1061x535.png\" class=\"attachment-img-header size-img-header wp-post-image\" alt=\"\" srcset=\"https:\/\/letsrebold.com\/wp-content\/uploads\/2022\/06\/crisiseste-1061x535.png 1061w, https:\/\/letsrebold.com\/wp-content\/uploads\/2022\/06\/crisiseste-300x151.png 300w, https:\/\/letsrebold.com\/wp-content\/uploads\/2022\/06\/crisiseste-768x387.png 768w, https:\/\/letsrebold.com\/wp-content\/uploads\/2022\/06\/crisiseste-1024x517.png 1024w, https:\/\/letsrebold.com\/wp-content\/uploads\/2022\/06\/crisiseste-360x182.png 360w, https:\/\/letsrebold.com\/wp-content\/uploads\/2022\/06\/crisiseste-578x292.png 578w, https:\/\/letsrebold.com\/wp-content\/uploads\/2022\/06\/crisiseste-757x382.png 757w, https:\/\/letsrebold.com\/wp-content\/uploads\/2022\/06\/crisiseste-1536x775.png 1536w, https:\/\/letsrebold.com\/wp-content\/uploads\/2022\/06\/crisiseste-2048x1033.png 2048w\" sizes=\"auto, (max-width: 1061px) 100vw, 1061px\" \/><\/a>\n                                <h2 class=\"post_meta\">\n                                                                                                                        <a class=\"post_tag\" href=\"?topic=reputacion-corporativa\">Reputaci\u00f3n Corporativa<\/a>\n                                                                            <\/h2>\n                                <h3 class=\"post_title\"><a href=\"https:\/\/letsrebold.com\/es\/blog\/como-evitar-que-una-crisis-en-redes-sociales-se-convierta-en-una-caida-en-ventas\/\">5 pasos para evitar que una crisis en redes sociales se convierta en una ca\u00edda en ventas<\/a><\/h3>\n                                <a class=\"post_link\" href=\"https:\/\/letsrebold.com\/es\/blog\/como-evitar-que-una-crisis-en-redes-sociales-se-convierta-en-una-caida-en-ventas\/\"><span>Leer m\u00e1s<\/span> <span class=\"ico-right\">M\u00e1s informaci\u00f3n<\/span><\/a>\n                            <\/article>\n                                                                        <article class=\"post rebold-marketing\">\n                                <a class=\"post_image\" href=\"https:\/\/letsrebold.com\/es\/blog\/mensajes-durante-rebajas\/\"><img loading=\"lazy\" decoding=\"async\" width=\"642\" height=\"272\" src=\"https:\/\/letsrebold.com\/wp-content\/uploads\/2022\/06\/Untitled-design-47.jpg\" class=\"attachment-img-header size-img-header wp-post-image\" alt=\"\" srcset=\"https:\/\/letsrebold.com\/wp-content\/uploads\/2022\/06\/Untitled-design-47.jpg 642w, https:\/\/letsrebold.com\/wp-content\/uploads\/2022\/06\/Untitled-design-47-300x127.jpg 300w, https:\/\/letsrebold.com\/wp-content\/uploads\/2022\/06\/Untitled-design-47-360x153.jpg 360w, https:\/\/letsrebold.com\/wp-content\/uploads\/2022\/06\/Untitled-design-47-578x245.jpg 578w\" sizes=\"auto, (max-width: 642px) 100vw, 642px\" \/><\/a>\n                                <h2 class=\"post_meta\">\n                                                                                <a style=\"color: #e0094b\" class=\"post_tag\" href=\"?service=rebold-marketing\">Rebold Marketing<\/a>\n                                                                                                                                <a class=\"post_tag\" href=\"?topic=marketing-digital\">Marketing Digital<\/a>\n                                                                            <\/h2>\n                                <h3 class=\"post_title\"><a href=\"https:\/\/letsrebold.com\/es\/blog\/mensajes-durante-rebajas\/\">C\u00f3mo Impactar con tus mensajes durante las Rebajas<\/a><\/h3>\n                                <a class=\"post_link\" href=\"https:\/\/letsrebold.com\/es\/blog\/mensajes-durante-rebajas\/\"><span>Leer m\u00e1s<\/span> <span class=\"ico-right\">M\u00e1s informaci\u00f3n<\/span><\/a>\n                            <\/article>\n                                                                        <article class=\"post \">\n                                <a class=\"post_image\" href=\"https:\/\/letsrebold.com\/es\/blog\/elecciones-20d\/\"><img loading=\"lazy\" decoding=\"async\" width=\"600\" height=\"335\" src=\"https:\/\/letsrebold.com\/wp-content\/uploads\/2022\/06\/banner-2-elecciones-1.jpg\" class=\"attachment-img-header size-img-header wp-post-image\" alt=\"\" srcset=\"https:\/\/letsrebold.com\/wp-content\/uploads\/2022\/06\/banner-2-elecciones-1.jpg 600w, https:\/\/letsrebold.com\/wp-content\/uploads\/2022\/06\/banner-2-elecciones-1-300x168.jpg 300w, https:\/\/letsrebold.com\/wp-content\/uploads\/2022\/06\/banner-2-elecciones-1-360x201.jpg 360w, https:\/\/letsrebold.com\/wp-content\/uploads\/2022\/06\/banner-2-elecciones-1-578x323.jpg 578w\" sizes=\"auto, (max-width: 600px) 100vw, 600px\" \/><\/a>\n                                <h2 class=\"post_meta\">\n                                                                                                                        <a class=\"post_tag\" href=\"?topic=estudios\">Estudios<\/a>\n                                                                            <\/h2>\n                                <h3 class=\"post_title\"><a href=\"https:\/\/letsrebold.com\/es\/blog\/elecciones-20d\/\">Elecciones 20D: Un an\u00e1lisis diferente<\/a><\/h3>\n                                <a class=\"post_link\" href=\"https:\/\/letsrebold.com\/es\/blog\/elecciones-20d\/\"><span>Leer m\u00e1s<\/span> <span class=\"ico-right\">M\u00e1s informaci\u00f3n<\/span><\/a>\n                            <\/article>\n                                                                        <article class=\"post rebold-marketing, zero-party-data\">\n                                <a class=\"post_image\" href=\"https:\/\/letsrebold.com\/es\/blog\/dataland-un-espacio-para-data-science-en-mexico\/\"><img loading=\"lazy\" decoding=\"async\" width=\"989\" height=\"600\" src=\"https:\/\/letsrebold.com\/wp-content\/uploads\/2017\/06\/00_Post-sin-imagen-989x600.jpg\" class=\"attachment-img-header size-img-header wp-post-image\" alt=\"\" srcset=\"https:\/\/letsrebold.com\/wp-content\/uploads\/2017\/06\/00_Post-sin-imagen-989x600.jpg 989w, https:\/\/letsrebold.com\/wp-content\/uploads\/2017\/06\/00_Post-sin-imagen-300x182.jpg 300w, https:\/\/letsrebold.com\/wp-content\/uploads\/2017\/06\/00_Post-sin-imagen-768x466.jpg 768w, https:\/\/letsrebold.com\/wp-content\/uploads\/2017\/06\/00_Post-sin-imagen-1024x622.jpg 1024w, https:\/\/letsrebold.com\/wp-content\/uploads\/2017\/06\/00_Post-sin-imagen-336x204.jpg 336w, https:\/\/letsrebold.com\/wp-content\/uploads\/2017\/06\/00_Post-sin-imagen-360x219.jpg 360w, https:\/\/letsrebold.com\/wp-content\/uploads\/2017\/06\/00_Post-sin-imagen-578x351.jpg 578w, https:\/\/letsrebold.com\/wp-content\/uploads\/2017\/06\/00_Post-sin-imagen-629x382.jpg 629w, https:\/\/letsrebold.com\/wp-content\/uploads\/2017\/06\/00_Post-sin-imagen.jpg 1440w\" sizes=\"auto, (max-width: 989px) 100vw, 989px\" \/><\/a>\n                                <h2 class=\"post_meta\">\n                                                                                <a style=\"color: #e0094b\" class=\"post_tag\" href=\"?service=rebold-marketing\">Rebold Marketing<\/a>\n                                                                                                                                <a class=\"post_tag\" href=\"?topic=data\">data<\/a>\n                                                                            <\/h2>\n                                <h3 class=\"post_title\"><a href=\"https:\/\/letsrebold.com\/es\/blog\/dataland-un-espacio-para-data-science-en-mexico\/\">DataLand: un espacio para Data Science en M\u00e9xico<\/a><\/h3>\n                                <a class=\"post_link\" href=\"https:\/\/letsrebold.com\/es\/blog\/dataland-un-espacio-para-data-science-en-mexico\/\"><span>Leer m\u00e1s<\/span> <span class=\"ico-right\">M\u00e1s informaci\u00f3n<\/span><\/a>\n                            <\/article>\n                                    <\/div>\n                                    <nav class=\"links links-right\" id=\"loadmore_112\">\n                        <div class=\"container\">\n                            <a href=\"#\" class=\"loadmore\" value=\"112\"><span>Cargar m\u00e1s<\/span> <span class=\"ico-right\"><\/span><\/a>\n                        <\/div>\n                    <\/nav>\n                            <\/div>\n                                <div id=\"page_113\" class=\"d-none\">\n                <div class=\"container posts\">\n                                                                        <article class=\"post media-strategy-research, rebold-marketing\">\n                                <a class=\"post_image\" href=\"https:\/\/letsrebold.com\/es\/blog\/como-optimizar-pauta-adwords\/\"><img loading=\"lazy\" decoding=\"async\" width=\"1061\" height=\"427\" src=\"https:\/\/letsrebold.com\/wp-content\/uploads\/2022\/06\/funneldiane1-1061x427.png\" class=\"attachment-img-header size-img-header wp-post-image\" alt=\"\" srcset=\"https:\/\/letsrebold.com\/wp-content\/uploads\/2022\/06\/funneldiane1-1061x427.png 1061w, https:\/\/letsrebold.com\/wp-content\/uploads\/2022\/06\/funneldiane1-300x121.png 300w, https:\/\/letsrebold.com\/wp-content\/uploads\/2022\/06\/funneldiane1-768x309.png 768w, https:\/\/letsrebold.com\/wp-content\/uploads\/2022\/06\/funneldiane1-1024x413.png 1024w, https:\/\/letsrebold.com\/wp-content\/uploads\/2022\/06\/funneldiane1-360x145.png 360w, https:\/\/letsrebold.com\/wp-content\/uploads\/2022\/06\/funneldiane1-578x233.png 578w, https:\/\/letsrebold.com\/wp-content\/uploads\/2022\/06\/funneldiane1-761x307.png 761w, https:\/\/letsrebold.com\/wp-content\/uploads\/2022\/06\/funneldiane1.png 1122w\" sizes=\"auto, (max-width: 1061px) 100vw, 1061px\" \/><\/a>\n                                <h2 class=\"post_meta\">\n                                                                                <a style=\"color: #e0094b\" class=\"post_tag\" href=\"?service=rebold-marketing\">Rebold Marketing<\/a>\n                                                                                                                                <a class=\"post_tag\" href=\"?topic=sem\">SEM<\/a>\n                                                                            <\/h2>\n                                <h3 class=\"post_title\"><a href=\"https:\/\/letsrebold.com\/es\/blog\/como-optimizar-pauta-adwords\/\">\u00bfC\u00f3mo optimizar la pauta en AdWords?<\/a><\/h3>\n                                <a class=\"post_link\" href=\"https:\/\/letsrebold.com\/es\/blog\/como-optimizar-pauta-adwords\/\"><span>Leer m\u00e1s<\/span> <span class=\"ico-right\">M\u00e1s informaci\u00f3n<\/span><\/a>\n                            <\/article>\n                                                                        <article class=\"post rebold-marketing\">\n                                <a class=\"post_image\" href=\"https:\/\/letsrebold.com\/es\/blog\/conoce-tu-mercado-digital-2a-parte\/\"><img loading=\"lazy\" decoding=\"async\" width=\"1061\" height=\"426\" src=\"https:\/\/letsrebold.com\/wp-content\/uploads\/2022\/06\/conoce-tu-mercado-2-1061x426.jpg\" class=\"attachment-img-header size-img-header wp-post-image\" alt=\"\" srcset=\"https:\/\/letsrebold.com\/wp-content\/uploads\/2022\/06\/conoce-tu-mercado-2-1061x426.jpg 1061w, https:\/\/letsrebold.com\/wp-content\/uploads\/2022\/06\/conoce-tu-mercado-2-300x121.jpg 300w, https:\/\/letsrebold.com\/wp-content\/uploads\/2022\/06\/conoce-tu-mercado-2-768x309.jpg 768w, https:\/\/letsrebold.com\/wp-content\/uploads\/2022\/06\/conoce-tu-mercado-2-1024x412.jpg 1024w, https:\/\/letsrebold.com\/wp-content\/uploads\/2022\/06\/conoce-tu-mercado-2-360x145.jpg 360w, https:\/\/letsrebold.com\/wp-content\/uploads\/2022\/06\/conoce-tu-mercado-2-578x232.jpg 578w, https:\/\/letsrebold.com\/wp-content\/uploads\/2022\/06\/conoce-tu-mercado-2-761x306.jpg 761w, https:\/\/letsrebold.com\/wp-content\/uploads\/2022\/06\/conoce-tu-mercado-2-1536x617.jpg 1536w, https:\/\/letsrebold.com\/wp-content\/uploads\/2022\/06\/conoce-tu-mercado-2-2048x823.jpg 2048w\" sizes=\"auto, (max-width: 1061px) 100vw, 1061px\" \/><\/a>\n                                <h2 class=\"post_meta\">\n                                                                                <a style=\"color: #e0094b\" class=\"post_tag\" href=\"?service=rebold-marketing\">Rebold Marketing<\/a>\n                                                                                                                                <a class=\"post_tag\" href=\"?topic=marketing-digital\">Marketing Digital<\/a>\n                                                                            <\/h2>\n                                <h3 class=\"post_title\"><a href=\"https:\/\/letsrebold.com\/es\/blog\/conoce-tu-mercado-digital-2a-parte\/\">Conoce tu Mercado Digital &#8211; 2\u00aa Parte<\/a><\/h3>\n                                <a class=\"post_link\" href=\"https:\/\/letsrebold.com\/es\/blog\/conoce-tu-mercado-digital-2a-parte\/\"><span>Leer m\u00e1s<\/span> <span class=\"ico-right\">M\u00e1s informaci\u00f3n<\/span><\/a>\n                            <\/article>\n                                                                        <article class=\"post rebold-marketing\">\n                                <a class=\"post_image\" href=\"https:\/\/letsrebold.com\/es\/blog\/conoce-tu-mercado-digital-1parte\/\"><img loading=\"lazy\" decoding=\"async\" width=\"700\" height=\"392\" src=\"https:\/\/letsrebold.com\/wp-content\/uploads\/2022\/06\/conoce-tu-mercado-1.jpg\" class=\"attachment-img-header size-img-header wp-post-image\" alt=\"\" srcset=\"https:\/\/letsrebold.com\/wp-content\/uploads\/2022\/06\/conoce-tu-mercado-1.jpg 700w, https:\/\/letsrebold.com\/wp-content\/uploads\/2022\/06\/conoce-tu-mercado-1-300x168.jpg 300w, https:\/\/letsrebold.com\/wp-content\/uploads\/2022\/06\/conoce-tu-mercado-1-360x202.jpg 360w, https:\/\/letsrebold.com\/wp-content\/uploads\/2022\/06\/conoce-tu-mercado-1-578x324.jpg 578w, https:\/\/letsrebold.com\/wp-content\/uploads\/2022\/06\/conoce-tu-mercado-1-682x382.jpg 682w\" sizes=\"auto, (max-width: 700px) 100vw, 700px\" \/><\/a>\n                                <h2 class=\"post_meta\">\n                                                                                <a style=\"color: #e0094b\" class=\"post_tag\" href=\"?service=rebold-marketing\">Rebold Marketing<\/a>\n                                                                                                                                <a class=\"post_tag\" href=\"?topic=marketing-digital\">Marketing Digital<\/a>\n                                                                            <\/h2>\n                                <h3 class=\"post_title\"><a href=\"https:\/\/letsrebold.com\/es\/blog\/conoce-tu-mercado-digital-1parte\/\">Conoce tu Mercado Digital &#8211; 1\u00aa Parte<\/a><\/h3>\n                                <a class=\"post_link\" href=\"https:\/\/letsrebold.com\/es\/blog\/conoce-tu-mercado-digital-1parte\/\"><span>Leer m\u00e1s<\/span> <span class=\"ico-right\">M\u00e1s informaci\u00f3n<\/span><\/a>\n                            <\/article>\n                                                                        <article class=\"post \">\n                                <a class=\"post_image\" href=\"https:\/\/letsrebold.com\/es\/blog\/los-partidos-no-saben-llegar-al-ciudadano\/\"><img loading=\"lazy\" decoding=\"async\" width=\"989\" height=\"600\" src=\"https:\/\/letsrebold.com\/wp-content\/uploads\/2014\/06\/00_Post-sin-imagen-989x600.jpg\" class=\"attachment-img-header size-img-header wp-post-image\" alt=\"\" srcset=\"https:\/\/letsrebold.com\/wp-content\/uploads\/2014\/06\/00_Post-sin-imagen-989x600.jpg 989w, https:\/\/letsrebold.com\/wp-content\/uploads\/2014\/06\/00_Post-sin-imagen-300x182.jpg 300w, https:\/\/letsrebold.com\/wp-content\/uploads\/2014\/06\/00_Post-sin-imagen-768x466.jpg 768w, https:\/\/letsrebold.com\/wp-content\/uploads\/2014\/06\/00_Post-sin-imagen-1024x622.jpg 1024w, https:\/\/letsrebold.com\/wp-content\/uploads\/2014\/06\/00_Post-sin-imagen-336x204.jpg 336w, https:\/\/letsrebold.com\/wp-content\/uploads\/2014\/06\/00_Post-sin-imagen-360x219.jpg 360w, https:\/\/letsrebold.com\/wp-content\/uploads\/2014\/06\/00_Post-sin-imagen-578x351.jpg 578w, https:\/\/letsrebold.com\/wp-content\/uploads\/2014\/06\/00_Post-sin-imagen-629x382.jpg 629w, https:\/\/letsrebold.com\/wp-content\/uploads\/2014\/06\/00_Post-sin-imagen.jpg 1440w\" sizes=\"auto, (max-width: 989px) 100vw, 989px\" \/><\/a>\n                                <h2 class=\"post_meta\">\n                                                                                                                        <a class=\"post_tag\" href=\"?topic=estudios\">Estudios<\/a>\n                                                                            <\/h2>\n                                <h3 class=\"post_title\"><a href=\"https:\/\/letsrebold.com\/es\/blog\/los-partidos-no-saben-llegar-al-ciudadano\/\">Los partidos no saben llegar al ciudadano<\/a><\/h3>\n                                <a class=\"post_link\" href=\"https:\/\/letsrebold.com\/es\/blog\/los-partidos-no-saben-llegar-al-ciudadano\/\"><span>Leer m\u00e1s<\/span> <span class=\"ico-right\">M\u00e1s informaci\u00f3n<\/span><\/a>\n                            <\/article>\n                                                                        <article class=\"post \">\n                                <a class=\"post_image\" href=\"https:\/\/letsrebold.com\/es\/blog\/rajoy-recibe-el-674-de-las-menciones-en-twitter-durante-el-debate-electoral-frente-al-326-de-sanchez\/\"><img loading=\"lazy\" decoding=\"async\" width=\"989\" height=\"600\" src=\"https:\/\/letsrebold.com\/wp-content\/uploads\/2014\/06\/00_Post-sin-imagen-989x600.jpg\" class=\"attachment-img-header size-img-header wp-post-image\" alt=\"\" srcset=\"https:\/\/letsrebold.com\/wp-content\/uploads\/2014\/06\/00_Post-sin-imagen-989x600.jpg 989w, https:\/\/letsrebold.com\/wp-content\/uploads\/2014\/06\/00_Post-sin-imagen-300x182.jpg 300w, https:\/\/letsrebold.com\/wp-content\/uploads\/2014\/06\/00_Post-sin-imagen-768x466.jpg 768w, https:\/\/letsrebold.com\/wp-content\/uploads\/2014\/06\/00_Post-sin-imagen-1024x622.jpg 1024w, https:\/\/letsrebold.com\/wp-content\/uploads\/2014\/06\/00_Post-sin-imagen-336x204.jpg 336w, https:\/\/letsrebold.com\/wp-content\/uploads\/2014\/06\/00_Post-sin-imagen-360x219.jpg 360w, https:\/\/letsrebold.com\/wp-content\/uploads\/2014\/06\/00_Post-sin-imagen-578x351.jpg 578w, https:\/\/letsrebold.com\/wp-content\/uploads\/2014\/06\/00_Post-sin-imagen-629x382.jpg 629w, https:\/\/letsrebold.com\/wp-content\/uploads\/2014\/06\/00_Post-sin-imagen.jpg 1440w\" sizes=\"auto, (max-width: 989px) 100vw, 989px\" \/><\/a>\n                                <h2 class=\"post_meta\">\n                                                                                                                        <a class=\"post_tag\" href=\"?topic=estudios\">Estudios<\/a>\n                                                                            <\/h2>\n                                <h3 class=\"post_title\"><a href=\"https:\/\/letsrebold.com\/es\/blog\/rajoy-recibe-el-674-de-las-menciones-en-twitter-durante-el-debate-electoral-frente-al-326-de-sanchez\/\">Rajoy recibe el 67,4 % de las menciones en Twitter durante el debate electoral, frente al 32,6% de S\u00e1nchez<\/a><\/h3>\n                                <a class=\"post_link\" href=\"https:\/\/letsrebold.com\/es\/blog\/rajoy-recibe-el-674-de-las-menciones-en-twitter-durante-el-debate-electoral-frente-al-326-de-sanchez\/\"><span>Leer m\u00e1s<\/span> <span class=\"ico-right\">M\u00e1s informaci\u00f3n<\/span><\/a>\n                            <\/article>\n                                                                        <article class=\"post media-strategy-research, rebold-marketing\">\n                                <a class=\"post_image\" href=\"https:\/\/letsrebold.com\/es\/blog\/social-media-command-center-has-pensado-en-tener-el-tuyo\/\"><img loading=\"lazy\" decoding=\"async\" width=\"642\" height=\"367\" src=\"https:\/\/letsrebold.com\/wp-content\/uploads\/2022\/06\/6.jpg\" class=\"attachment-img-header size-img-header wp-post-image\" alt=\"\" srcset=\"https:\/\/letsrebold.com\/wp-content\/uploads\/2022\/06\/6.jpg 642w, https:\/\/letsrebold.com\/wp-content\/uploads\/2022\/06\/6-300x171.jpg 300w, https:\/\/letsrebold.com\/wp-content\/uploads\/2022\/06\/6-357x204.jpg 357w, https:\/\/letsrebold.com\/wp-content\/uploads\/2022\/06\/6-360x206.jpg 360w, https:\/\/letsrebold.com\/wp-content\/uploads\/2022\/06\/6-578x330.jpg 578w\" sizes=\"auto, (max-width: 642px) 100vw, 642px\" \/><\/a>\n                                <h2 class=\"post_meta\">\n                                                                                <a style=\"color: #e0094b\" class=\"post_tag\" href=\"?service=rebold-marketing\">Rebold Marketing<\/a>\n                                                                                                                                <a class=\"post_tag\" href=\"?topic=social-media\">Social Media<\/a>\n                                                                            <\/h2>\n                                <h3 class=\"post_title\"><a href=\"https:\/\/letsrebold.com\/es\/blog\/social-media-command-center-has-pensado-en-tener-el-tuyo\/\">Social Media Command Center, \u00bfhas pensado en tener el tuyo?<\/a><\/h3>\n                                <a class=\"post_link\" href=\"https:\/\/letsrebold.com\/es\/blog\/social-media-command-center-has-pensado-en-tener-el-tuyo\/\"><span>Leer m\u00e1s<\/span> <span class=\"ico-right\">M\u00e1s informaci\u00f3n<\/span><\/a>\n                            <\/article>\n                                    <\/div>\n                                    <nav class=\"links links-right\" id=\"loadmore_113\">\n                        <div class=\"container\">\n                            <a href=\"#\" class=\"loadmore\" value=\"113\"><span>Cargar m\u00e1s<\/span> <span class=\"ico-right\"><\/span><\/a>\n                        <\/div>\n                    <\/nav>\n                            <\/div>\n                                <div id=\"page_114\" class=\"d-none\">\n                <div class=\"container posts\">\n                                                                        <article class=\"post \">\n                                <a class=\"post_image\" href=\"https:\/\/letsrebold.com\/es\/blog\/como-lograr-el-exito-gracias-al-perfil-de-tus-consumidores\/\"><img loading=\"lazy\" decoding=\"async\" width=\"917\" height=\"516\" src=\"https:\/\/letsrebold.com\/wp-content\/uploads\/2022\/06\/5.jpg\" class=\"attachment-img-header size-img-header wp-post-image\" alt=\"\" srcset=\"https:\/\/letsrebold.com\/wp-content\/uploads\/2022\/06\/5.jpg 917w, https:\/\/letsrebold.com\/wp-content\/uploads\/2022\/06\/5-300x169.jpg 300w, https:\/\/letsrebold.com\/wp-content\/uploads\/2022\/06\/5-768x432.jpg 768w, https:\/\/letsrebold.com\/wp-content\/uploads\/2022\/06\/5-360x203.jpg 360w, https:\/\/letsrebold.com\/wp-content\/uploads\/2022\/06\/5-578x325.jpg 578w, https:\/\/letsrebold.com\/wp-content\/uploads\/2022\/06\/5-679x382.jpg 679w\" sizes=\"auto, (max-width: 917px) 100vw, 917px\" \/><\/a>\n                                <h2 class=\"post_meta\">\n                                                                                                                        <a class=\"post_tag\" href=\"?topic=investigacion-de-mercado\">Investigaci\u00f3n de Mercado<\/a>\n                                                                            <\/h2>\n                                <h3 class=\"post_title\"><a href=\"https:\/\/letsrebold.com\/es\/blog\/como-lograr-el-exito-gracias-al-perfil-de-tus-consumidores\/\">\u00bfC\u00f3mo lograr el \u00e9xito gracias al perfil de tus consumidores?<\/a><\/h3>\n                                <a class=\"post_link\" href=\"https:\/\/letsrebold.com\/es\/blog\/como-lograr-el-exito-gracias-al-perfil-de-tus-consumidores\/\"><span>Leer m\u00e1s<\/span> <span class=\"ico-right\">M\u00e1s informaci\u00f3n<\/span><\/a>\n                            <\/article>\n                                                                        <article class=\"post \">\n                                <a class=\"post_image\" href=\"https:\/\/letsrebold.com\/es\/blog\/sistema-de-alertas-se-el-primero-en-enterarte-de-la-informacion-que-influencia-tu-reputacion-corporativa\/\"><\/a>\n                                <h2 class=\"post_meta\">\n                                                                                                                        <a class=\"post_tag\" href=\"?topic=reputacion-corporativa\">Reputaci\u00f3n Corporativa<\/a>\n                                                                            <\/h2>\n                                <h3 class=\"post_title\"><a href=\"https:\/\/letsrebold.com\/es\/blog\/sistema-de-alertas-se-el-primero-en-enterarte-de-la-informacion-que-influencia-tu-reputacion-corporativa\/\">Sistema de Alertas: S\u00e9 el primero en enterarte de la informaci\u00f3n que influencia tu reputaci\u00f3n corporativa<\/a><\/h3>\n                                <a class=\"post_link\" href=\"https:\/\/letsrebold.com\/es\/blog\/sistema-de-alertas-se-el-primero-en-enterarte-de-la-informacion-que-influencia-tu-reputacion-corporativa\/\"><span>Leer m\u00e1s<\/span> <span class=\"ico-right\">M\u00e1s informaci\u00f3n<\/span><\/a>\n                            <\/article>\n                                                                        <article class=\"post \">\n                                <a class=\"post_image\" href=\"https:\/\/letsrebold.com\/es\/blog\/7-razones-por-las-que-debes-escuchar-lo-que-hablan-de-tu-marca-en-redes-sociales\/\"><\/a>\n                                <h2 class=\"post_meta\">\n                                                                                                                        <a class=\"post_tag\" href=\"?topic=reputacion-corporativa\">Reputaci\u00f3n Corporativa<\/a>\n                                                                            <\/h2>\n                                <h3 class=\"post_title\"><a href=\"https:\/\/letsrebold.com\/es\/blog\/7-razones-por-las-que-debes-escuchar-lo-que-hablan-de-tu-marca-en-redes-sociales\/\">7 Razones por las que debes escuchar lo que hablan de tu marca en redes sociales<\/a><\/h3>\n                                <a class=\"post_link\" href=\"https:\/\/letsrebold.com\/es\/blog\/7-razones-por-las-que-debes-escuchar-lo-que-hablan-de-tu-marca-en-redes-sociales\/\"><span>Leer m\u00e1s<\/span> <span class=\"ico-right\">M\u00e1s informaci\u00f3n<\/span><\/a>\n                            <\/article>\n                                                                        <article class=\"post \">\n                                <a class=\"post_image\" href=\"https:\/\/letsrebold.com\/es\/blog\/consumer-insights-a-partir-del-big-data-en-colombia\/\"><img loading=\"lazy\" decoding=\"async\" width=\"937\" height=\"372\" src=\"https:\/\/letsrebold.com\/wp-content\/uploads\/2022\/06\/2.jpg\" class=\"attachment-img-header size-img-header wp-post-image\" alt=\"\" srcset=\"https:\/\/letsrebold.com\/wp-content\/uploads\/2022\/06\/2.jpg 937w, https:\/\/letsrebold.com\/wp-content\/uploads\/2022\/06\/2-300x119.jpg 300w, https:\/\/letsrebold.com\/wp-content\/uploads\/2022\/06\/2-768x305.jpg 768w, https:\/\/letsrebold.com\/wp-content\/uploads\/2022\/06\/2-360x143.jpg 360w, https:\/\/letsrebold.com\/wp-content\/uploads\/2022\/06\/2-578x229.jpg 578w, https:\/\/letsrebold.com\/wp-content\/uploads\/2022\/06\/2-761x302.jpg 761w\" sizes=\"auto, (max-width: 937px) 100vw, 937px\" \/><\/a>\n                                <h2 class=\"post_meta\">\n                                                                                                                        <a class=\"post_tag\" href=\"?topic=investigacion-de-mercado\">Investigaci\u00f3n de Mercado<\/a>\n                                                                            <\/h2>\n                                <h3 class=\"post_title\"><a href=\"https:\/\/letsrebold.com\/es\/blog\/consumer-insights-a-partir-del-big-data-en-colombia\/\">Consumer insights a partir del Big Data en Colombia<\/a><\/h3>\n                                <a class=\"post_link\" href=\"https:\/\/letsrebold.com\/es\/blog\/consumer-insights-a-partir-del-big-data-en-colombia\/\"><span>Leer m\u00e1s<\/span> <span class=\"ico-right\">M\u00e1s informaci\u00f3n<\/span><\/a>\n                            <\/article>\n                                                                        <article class=\"post \">\n                                <a class=\"post_image\" href=\"https:\/\/letsrebold.com\/es\/blog\/se-estanca-la-remontada-de-ciudadanos-mientras-que-la-de-podemos-e-iu-unidad-popular-va-en-aumento\/\"><img loading=\"lazy\" decoding=\"async\" width=\"989\" height=\"600\" src=\"https:\/\/letsrebold.com\/wp-content\/uploads\/2014\/06\/00_Post-sin-imagen-989x600.jpg\" class=\"attachment-img-header size-img-header wp-post-image\" alt=\"\" srcset=\"https:\/\/letsrebold.com\/wp-content\/uploads\/2014\/06\/00_Post-sin-imagen-989x600.jpg 989w, https:\/\/letsrebold.com\/wp-content\/uploads\/2014\/06\/00_Post-sin-imagen-300x182.jpg 300w, https:\/\/letsrebold.com\/wp-content\/uploads\/2014\/06\/00_Post-sin-imagen-768x466.jpg 768w, https:\/\/letsrebold.com\/wp-content\/uploads\/2014\/06\/00_Post-sin-imagen-1024x622.jpg 1024w, https:\/\/letsrebold.com\/wp-content\/uploads\/2014\/06\/00_Post-sin-imagen-336x204.jpg 336w, https:\/\/letsrebold.com\/wp-content\/uploads\/2014\/06\/00_Post-sin-imagen-360x219.jpg 360w, https:\/\/letsrebold.com\/wp-content\/uploads\/2014\/06\/00_Post-sin-imagen-578x351.jpg 578w, https:\/\/letsrebold.com\/wp-content\/uploads\/2014\/06\/00_Post-sin-imagen-629x382.jpg 629w, https:\/\/letsrebold.com\/wp-content\/uploads\/2014\/06\/00_Post-sin-imagen.jpg 1440w\" sizes=\"auto, (max-width: 989px) 100vw, 989px\" \/><\/a>\n                                <h2 class=\"post_meta\">\n                                                                                                                        <a class=\"post_tag\" href=\"?topic=estudios\">Estudios<\/a>\n                                                                            <\/h2>\n                                <h3 class=\"post_title\"><a href=\"https:\/\/letsrebold.com\/es\/blog\/se-estanca-la-remontada-de-ciudadanos-mientras-que-la-de-podemos-e-iu-unidad-popular-va-en-aumento\/\">Se estanca la remontada de Ciudadanos, mientras que la de Podemos e IU-Unidad Popular va en aumento<\/a><\/h3>\n                                <a class=\"post_link\" href=\"https:\/\/letsrebold.com\/es\/blog\/se-estanca-la-remontada-de-ciudadanos-mientras-que-la-de-podemos-e-iu-unidad-popular-va-en-aumento\/\"><span>Leer m\u00e1s<\/span> <span class=\"ico-right\">M\u00e1s informaci\u00f3n<\/span><\/a>\n                            <\/article>\n                                                                        <article class=\"post \">\n                                <a class=\"post_image\" href=\"https:\/\/letsrebold.com\/es\/blog\/acceso-evalua-la-repercusion-en-medios-del-barca-villanovense\/\"><img loading=\"lazy\" decoding=\"async\" width=\"989\" height=\"600\" src=\"https:\/\/letsrebold.com\/wp-content\/uploads\/2014\/06\/00_Post-sin-imagen-989x600.jpg\" class=\"attachment-img-header size-img-header wp-post-image\" alt=\"\" srcset=\"https:\/\/letsrebold.com\/wp-content\/uploads\/2014\/06\/00_Post-sin-imagen-989x600.jpg 989w, https:\/\/letsrebold.com\/wp-content\/uploads\/2014\/06\/00_Post-sin-imagen-300x182.jpg 300w, https:\/\/letsrebold.com\/wp-content\/uploads\/2014\/06\/00_Post-sin-imagen-768x466.jpg 768w, https:\/\/letsrebold.com\/wp-content\/uploads\/2014\/06\/00_Post-sin-imagen-1024x622.jpg 1024w, https:\/\/letsrebold.com\/wp-content\/uploads\/2014\/06\/00_Post-sin-imagen-336x204.jpg 336w, https:\/\/letsrebold.com\/wp-content\/uploads\/2014\/06\/00_Post-sin-imagen-360x219.jpg 360w, https:\/\/letsrebold.com\/wp-content\/uploads\/2014\/06\/00_Post-sin-imagen-578x351.jpg 578w, https:\/\/letsrebold.com\/wp-content\/uploads\/2014\/06\/00_Post-sin-imagen-629x382.jpg 629w, https:\/\/letsrebold.com\/wp-content\/uploads\/2014\/06\/00_Post-sin-imagen.jpg 1440w\" sizes=\"auto, (max-width: 989px) 100vw, 989px\" \/><\/a>\n                                <h2 class=\"post_meta\">\n                                                                                                                        <a class=\"post_tag\" href=\"?topic=estudios\">Estudios<\/a>\n                                                                            <\/h2>\n                                <h3 class=\"post_title\"><a href=\"https:\/\/letsrebold.com\/es\/blog\/acceso-evalua-la-repercusion-en-medios-del-barca-villanovense\/\">Acceso eval\u00faa la repercusi\u00f3n en medios del Bar\u00e7a-Villanovense<\/a><\/h3>\n                                <a class=\"post_link\" href=\"https:\/\/letsrebold.com\/es\/blog\/acceso-evalua-la-repercusion-en-medios-del-barca-villanovense\/\"><span>Leer m\u00e1s<\/span> <span class=\"ico-right\">M\u00e1s informaci\u00f3n<\/span><\/a>\n                            <\/article>\n                                    <\/div>\n                                    <nav class=\"links links-right\" id=\"loadmore_114\">\n                        <div class=\"container\">\n                            <a href=\"#\" class=\"loadmore\" value=\"114\"><span>Cargar m\u00e1s<\/span> <span class=\"ico-right\"><\/span><\/a>\n                        <\/div>\n                    <\/nav>\n                            <\/div>\n                                <div id=\"page_115\" class=\"d-none\">\n                <div class=\"container posts\">\n                                                                        <article class=\"post media-intelligence, rebold-communication\">\n                                <a class=\"post_image\" href=\"https:\/\/letsrebold.com\/es\/blog\/medir-influencia-redes-sociales\/\"><img loading=\"lazy\" decoding=\"async\" width=\"642\" height=\"272\" src=\"https:\/\/letsrebold.com\/wp-content\/uploads\/2022\/06\/Untitled-design-40.jpg\" class=\"attachment-img-header size-img-header wp-post-image\" alt=\"\" srcset=\"https:\/\/letsrebold.com\/wp-content\/uploads\/2022\/06\/Untitled-design-40.jpg 642w, https:\/\/letsrebold.com\/wp-content\/uploads\/2022\/06\/Untitled-design-40-300x127.jpg 300w, https:\/\/letsrebold.com\/wp-content\/uploads\/2022\/06\/Untitled-design-40-360x153.jpg 360w, https:\/\/letsrebold.com\/wp-content\/uploads\/2022\/06\/Untitled-design-40-578x245.jpg 578w\" sizes=\"auto, (max-width: 642px) 100vw, 642px\" \/><\/a>\n                                <h2 class=\"post_meta\">\n                                                                                <a style=\"color: #5ac4bb\" class=\"post_tag\" href=\"?service=rebold-communication\">Rebold Communication<\/a>\n                                                                                                                                <a class=\"post_tag\" href=\"?topic=media-intelligence\">Media Intelligence<\/a>\n                                                                            <\/h2>\n                                <h3 class=\"post_title\"><a href=\"https:\/\/letsrebold.com\/es\/blog\/medir-influencia-redes-sociales\/\">\u00bfC\u00f3mo medir la influencia de las redes sociales?<\/a><\/h3>\n                                <a class=\"post_link\" href=\"https:\/\/letsrebold.com\/es\/blog\/medir-influencia-redes-sociales\/\"><span>Leer m\u00e1s<\/span> <span class=\"ico-right\">M\u00e1s informaci\u00f3n<\/span><\/a>\n                            <\/article>\n                                                                        <article class=\"post rebold-marketing\">\n                                <a class=\"post_image\" href=\"https:\/\/letsrebold.com\/es\/blog\/digilant-cares-en-espana\/\"><img loading=\"lazy\" decoding=\"async\" width=\"350\" height=\"300\" src=\"https:\/\/letsrebold.com\/wp-content\/uploads\/2022\/06\/digilant-cares-spain.jpg\" class=\"attachment-img-header size-img-header wp-post-image\" alt=\"\" srcset=\"https:\/\/letsrebold.com\/wp-content\/uploads\/2022\/06\/digilant-cares-spain.jpg 350w, https:\/\/letsrebold.com\/wp-content\/uploads\/2022\/06\/digilant-cares-spain-300x257.jpg 300w, https:\/\/letsrebold.com\/wp-content\/uploads\/2022\/06\/digilant-cares-spain-238x204.jpg 238w\" sizes=\"auto, (max-width: 350px) 100vw, 350px\" \/><\/a>\n                                <h2 class=\"post_meta\">\n                                                                                <a style=\"color: #e0094b\" class=\"post_tag\" href=\"?service=rebold-marketing\">Rebold Marketing<\/a>\n                                                                                                                                <a class=\"post_tag\" href=\"?topic=rebold-cares\">Rebold Cares<\/a>\n                                                                            <\/h2>\n                                <h3 class=\"post_title\"><a href=\"https:\/\/letsrebold.com\/es\/blog\/digilant-cares-en-espana\/\">Digilant Cares en Espa\u00f1a<\/a><\/h3>\n                                <a class=\"post_link\" href=\"https:\/\/letsrebold.com\/es\/blog\/digilant-cares-en-espana\/\"><span>Leer m\u00e1s<\/span> <span class=\"ico-right\">M\u00e1s informaci\u00f3n<\/span><\/a>\n                            <\/article>\n                                                                        <article class=\"post rebold-marketing\">\n                                <a class=\"post_image\" href=\"https:\/\/letsrebold.com\/es\/blog\/digilant-cares-mexico\/\"><img loading=\"lazy\" decoding=\"async\" width=\"845\" height=\"600\" src=\"https:\/\/letsrebold.com\/wp-content\/uploads\/2022\/06\/puppies-1-845x600.jpg\" class=\"attachment-img-header size-img-header wp-post-image\" alt=\"\" srcset=\"https:\/\/letsrebold.com\/wp-content\/uploads\/2022\/06\/puppies-1-845x600.jpg 845w, https:\/\/letsrebold.com\/wp-content\/uploads\/2022\/06\/puppies-1-300x213.jpg 300w, https:\/\/letsrebold.com\/wp-content\/uploads\/2022\/06\/puppies-1-768x545.jpg 768w, https:\/\/letsrebold.com\/wp-content\/uploads\/2022\/06\/puppies-1-287x204.jpg 287w, https:\/\/letsrebold.com\/wp-content\/uploads\/2022\/06\/puppies-1-360x256.jpg 360w, https:\/\/letsrebold.com\/wp-content\/uploads\/2022\/06\/puppies-1-494x351.jpg 494w, https:\/\/letsrebold.com\/wp-content\/uploads\/2022\/06\/puppies-1-538x382.jpg 538w, https:\/\/letsrebold.com\/wp-content\/uploads\/2022\/06\/puppies-1.jpg 1000w\" sizes=\"auto, (max-width: 845px) 100vw, 845px\" \/><\/a>\n                                <h2 class=\"post_meta\">\n                                                                                <a style=\"color: #e0094b\" class=\"post_tag\" href=\"?service=rebold-marketing\">Rebold Marketing<\/a>\n                                                                                                                                <a class=\"post_tag\" href=\"?topic=rebold-cares\">Rebold Cares<\/a>\n                                                                            <\/h2>\n                                <h3 class=\"post_title\"><a href=\"https:\/\/letsrebold.com\/es\/blog\/digilant-cares-mexico\/\">Digilant Cares Mexico<\/a><\/h3>\n                                <a class=\"post_link\" href=\"https:\/\/letsrebold.com\/es\/blog\/digilant-cares-mexico\/\"><span>Leer m\u00e1s<\/span> <span class=\"ico-right\">M\u00e1s informaci\u00f3n<\/span><\/a>\n                            <\/article>\n                                                                        <article class=\"post rebold-marketing\">\n                                <a class=\"post_image\" href=\"https:\/\/letsrebold.com\/es\/blog\/dia-de-los-voluntarios-en-la-oficina-de-boston-para-cradles-to-crayons\/\"><img loading=\"lazy\" decoding=\"async\" width=\"900\" height=\"600\" src=\"https:\/\/letsrebold.com\/wp-content\/uploads\/2022\/06\/20150708_C2CBackPackathon-141-900x600.jpg\" class=\"attachment-img-header size-img-header wp-post-image\" alt=\"\" srcset=\"https:\/\/letsrebold.com\/wp-content\/uploads\/2022\/06\/20150708_C2CBackPackathon-141-900x600.jpg 900w, https:\/\/letsrebold.com\/wp-content\/uploads\/2022\/06\/20150708_C2CBackPackathon-141-300x200.jpg 300w, https:\/\/letsrebold.com\/wp-content\/uploads\/2022\/06\/20150708_C2CBackPackathon-141-768x512.jpg 768w, https:\/\/letsrebold.com\/wp-content\/uploads\/2022\/06\/20150708_C2CBackPackathon-141-1024x683.jpg 1024w, https:\/\/letsrebold.com\/wp-content\/uploads\/2022\/06\/20150708_C2CBackPackathon-141-306x204.jpg 306w, https:\/\/letsrebold.com\/wp-content\/uploads\/2022\/06\/20150708_C2CBackPackathon-141-360x240.jpg 360w, https:\/\/letsrebold.com\/wp-content\/uploads\/2022\/06\/20150708_C2CBackPackathon-141-527x351.jpg 527w, https:\/\/letsrebold.com\/wp-content\/uploads\/2022\/06\/20150708_C2CBackPackathon-141-573x382.jpg 573w, https:\/\/letsrebold.com\/wp-content\/uploads\/2022\/06\/20150708_C2CBackPackathon-141-1536x1024.jpg 1536w, https:\/\/letsrebold.com\/wp-content\/uploads\/2022\/06\/20150708_C2CBackPackathon-141-2048x1365.jpg 2048w\" sizes=\"auto, (max-width: 900px) 100vw, 900px\" \/><\/a>\n                                <h2 class=\"post_meta\">\n                                                                                <a style=\"color: #e0094b\" class=\"post_tag\" href=\"?service=rebold-marketing\">Rebold Marketing<\/a>\n                                                                                                                                <a class=\"post_tag\" href=\"?topic=rebold-cares\">Rebold Cares<\/a>\n                                                                            <\/h2>\n                                <h3 class=\"post_title\"><a href=\"https:\/\/letsrebold.com\/es\/blog\/dia-de-los-voluntarios-en-la-oficina-de-boston-para-cradles-to-crayons\/\">D\u00eda de los voluntarios en la oficina de Boston para Cradles to Crayons<\/a><\/h3>\n                                <a class=\"post_link\" href=\"https:\/\/letsrebold.com\/es\/blog\/dia-de-los-voluntarios-en-la-oficina-de-boston-para-cradles-to-crayons\/\"><span>Leer m\u00e1s<\/span> <span class=\"ico-right\">M\u00e1s informaci\u00f3n<\/span><\/a>\n                            <\/article>\n                                                                        <article class=\"post rebold-marketing\">\n                                <a class=\"post_image\" href=\"https:\/\/letsrebold.com\/es\/blog\/ispdigital-acelera-su-expansion-a-los-mercados-de-europa-y-latinoamerica\/\"><img loading=\"lazy\" decoding=\"async\" width=\"989\" height=\"600\" src=\"https:\/\/letsrebold.com\/wp-content\/uploads\/2014\/06\/00_Post-sin-imagen-989x600.jpg\" class=\"attachment-img-header size-img-header wp-post-image\" alt=\"\" srcset=\"https:\/\/letsrebold.com\/wp-content\/uploads\/2014\/06\/00_Post-sin-imagen-989x600.jpg 989w, https:\/\/letsrebold.com\/wp-content\/uploads\/2014\/06\/00_Post-sin-imagen-300x182.jpg 300w, https:\/\/letsrebold.com\/wp-content\/uploads\/2014\/06\/00_Post-sin-imagen-768x466.jpg 768w, https:\/\/letsrebold.com\/wp-content\/uploads\/2014\/06\/00_Post-sin-imagen-1024x622.jpg 1024w, https:\/\/letsrebold.com\/wp-content\/uploads\/2014\/06\/00_Post-sin-imagen-336x204.jpg 336w, https:\/\/letsrebold.com\/wp-content\/uploads\/2014\/06\/00_Post-sin-imagen-360x219.jpg 360w, https:\/\/letsrebold.com\/wp-content\/uploads\/2014\/06\/00_Post-sin-imagen-578x351.jpg 578w, https:\/\/letsrebold.com\/wp-content\/uploads\/2014\/06\/00_Post-sin-imagen-629x382.jpg 629w, https:\/\/letsrebold.com\/wp-content\/uploads\/2014\/06\/00_Post-sin-imagen.jpg 1440w\" sizes=\"auto, (max-width: 989px) 100vw, 989px\" \/><\/a>\n                                <h2 class=\"post_meta\">\n                                                                                <a style=\"color: #e0094b\" class=\"post_tag\" href=\"?service=rebold-marketing\">Rebold Marketing<\/a>\n                                                                                                                                <a class=\"post_tag\" href=\"?topic=rebold\">Rebold<\/a>\n                                                                            <\/h2>\n                                <h3 class=\"post_title\"><a href=\"https:\/\/letsrebold.com\/es\/blog\/ispdigital-acelera-su-expansion-a-los-mercados-de-europa-y-latinoamerica\/\">ispDigital acelera su expansi\u00f3n a los mercados de Europa y Latinoam\u00e9rica<\/a><\/h3>\n                                <a class=\"post_link\" href=\"https:\/\/letsrebold.com\/es\/blog\/ispdigital-acelera-su-expansion-a-los-mercados-de-europa-y-latinoamerica\/\"><span>Leer m\u00e1s<\/span> <span class=\"ico-right\">M\u00e1s informaci\u00f3n<\/span><\/a>\n                            <\/article>\n                                                                        <article class=\"post rebold-marketing\">\n                                <a class=\"post_image\" href=\"https:\/\/letsrebold.com\/es\/blog\/insurance-revolution\/\"><img loading=\"lazy\" decoding=\"async\" width=\"989\" height=\"600\" src=\"https:\/\/letsrebold.com\/wp-content\/uploads\/2014\/06\/00_Post-sin-imagen-989x600.jpg\" class=\"attachment-img-header size-img-header wp-post-image\" alt=\"\" srcset=\"https:\/\/letsrebold.com\/wp-content\/uploads\/2014\/06\/00_Post-sin-imagen-989x600.jpg 989w, https:\/\/letsrebold.com\/wp-content\/uploads\/2014\/06\/00_Post-sin-imagen-300x182.jpg 300w, https:\/\/letsrebold.com\/wp-content\/uploads\/2014\/06\/00_Post-sin-imagen-768x466.jpg 768w, https:\/\/letsrebold.com\/wp-content\/uploads\/2014\/06\/00_Post-sin-imagen-1024x622.jpg 1024w, https:\/\/letsrebold.com\/wp-content\/uploads\/2014\/06\/00_Post-sin-imagen-336x204.jpg 336w, https:\/\/letsrebold.com\/wp-content\/uploads\/2014\/06\/00_Post-sin-imagen-360x219.jpg 360w, https:\/\/letsrebold.com\/wp-content\/uploads\/2014\/06\/00_Post-sin-imagen-578x351.jpg 578w, https:\/\/letsrebold.com\/wp-content\/uploads\/2014\/06\/00_Post-sin-imagen-629x382.jpg 629w, https:\/\/letsrebold.com\/wp-content\/uploads\/2014\/06\/00_Post-sin-imagen.jpg 1440w\" sizes=\"auto, (max-width: 989px) 100vw, 989px\" \/><\/a>\n                                <h2 class=\"post_meta\">\n                                                                                <a style=\"color: #e0094b\" class=\"post_tag\" href=\"?service=rebold-marketing\">Rebold Marketing<\/a>\n                                                                                                                                <a class=\"post_tag\" href=\"?topic=relaciones-publicas\">Relaciones p\u00fablicas<\/a>\n                                                                            <\/h2>\n                                <h3 class=\"post_title\"><a href=\"https:\/\/letsrebold.com\/es\/blog\/insurance-revolution\/\">Te invitamos al Insurance Revolution<\/a><\/h3>\n                                <a class=\"post_link\" href=\"https:\/\/letsrebold.com\/es\/blog\/insurance-revolution\/\"><span>Leer m\u00e1s<\/span> <span class=\"ico-right\">M\u00e1s informaci\u00f3n<\/span><\/a>\n                            <\/article>\n                                    <\/div>\n                                    <nav class=\"links links-right\" id=\"loadmore_115\">\n                        <div class=\"container\">\n                            <a href=\"#\" class=\"loadmore\" value=\"115\"><span>Cargar m\u00e1s<\/span> <span class=\"ico-right\"><\/span><\/a>\n                        <\/div>\n                    <\/nav>\n                            <\/div>\n                                <div id=\"page_116\" class=\"d-none\">\n                <div class=\"container posts\">\n                                                                        <article class=\"post \">\n                                <a class=\"post_image\" href=\"https:\/\/letsrebold.com\/es\/blog\/infraestructuras-educativas-gastos-motivacion-de-los-ninos-y-seguridad-centran-la-preocupacion-de-los-padres-en-la-vuelta-al-cole\/\"><img loading=\"lazy\" decoding=\"async\" width=\"989\" height=\"600\" src=\"https:\/\/letsrebold.com\/wp-content\/uploads\/2014\/06\/00_Post-sin-imagen-989x600.jpg\" class=\"attachment-img-header size-img-header wp-post-image\" alt=\"\" srcset=\"https:\/\/letsrebold.com\/wp-content\/uploads\/2014\/06\/00_Post-sin-imagen-989x600.jpg 989w, https:\/\/letsrebold.com\/wp-content\/uploads\/2014\/06\/00_Post-sin-imagen-300x182.jpg 300w, https:\/\/letsrebold.com\/wp-content\/uploads\/2014\/06\/00_Post-sin-imagen-768x466.jpg 768w, https:\/\/letsrebold.com\/wp-content\/uploads\/2014\/06\/00_Post-sin-imagen-1024x622.jpg 1024w, https:\/\/letsrebold.com\/wp-content\/uploads\/2014\/06\/00_Post-sin-imagen-336x204.jpg 336w, https:\/\/letsrebold.com\/wp-content\/uploads\/2014\/06\/00_Post-sin-imagen-360x219.jpg 360w, https:\/\/letsrebold.com\/wp-content\/uploads\/2014\/06\/00_Post-sin-imagen-578x351.jpg 578w, https:\/\/letsrebold.com\/wp-content\/uploads\/2014\/06\/00_Post-sin-imagen-629x382.jpg 629w, https:\/\/letsrebold.com\/wp-content\/uploads\/2014\/06\/00_Post-sin-imagen.jpg 1440w\" sizes=\"auto, (max-width: 989px) 100vw, 989px\" \/><\/a>\n                                <h2 class=\"post_meta\">\n                                                                                                                        <a class=\"post_tag\" href=\"?topic=estudios\">Estudios<\/a>\n                                                                            <\/h2>\n                                <h3 class=\"post_title\"><a href=\"https:\/\/letsrebold.com\/es\/blog\/infraestructuras-educativas-gastos-motivacion-de-los-ninos-y-seguridad-centran-la-preocupacion-de-los-padres-en-la-vuelta-al-cole\/\">Infraestructuras educativas, gastos, motivaci\u00f3n de los ni\u00f1os y seguridad centran la preocupaci\u00f3n de los padres en la \u201cvuelta al cole\u201d<\/a><\/h3>\n                                <a class=\"post_link\" href=\"https:\/\/letsrebold.com\/es\/blog\/infraestructuras-educativas-gastos-motivacion-de-los-ninos-y-seguridad-centran-la-preocupacion-de-los-padres-en-la-vuelta-al-cole\/\"><span>Leer m\u00e1s<\/span> <span class=\"ico-right\">M\u00e1s informaci\u00f3n<\/span><\/a>\n                            <\/article>\n                                                                        <article class=\"post rebold-marketing\">\n                                <a class=\"post_image\" href=\"https:\/\/letsrebold.com\/es\/blog\/como-abrir-una-delegacion-comercial\/\"><img loading=\"lazy\" decoding=\"async\" width=\"989\" height=\"600\" src=\"https:\/\/letsrebold.com\/wp-content\/uploads\/2017\/06\/00_Post-sin-imagen-989x600.jpg\" class=\"attachment-img-header size-img-header wp-post-image\" alt=\"\" srcset=\"https:\/\/letsrebold.com\/wp-content\/uploads\/2017\/06\/00_Post-sin-imagen-989x600.jpg 989w, https:\/\/letsrebold.com\/wp-content\/uploads\/2017\/06\/00_Post-sin-imagen-300x182.jpg 300w, https:\/\/letsrebold.com\/wp-content\/uploads\/2017\/06\/00_Post-sin-imagen-768x466.jpg 768w, https:\/\/letsrebold.com\/wp-content\/uploads\/2017\/06\/00_Post-sin-imagen-1024x622.jpg 1024w, https:\/\/letsrebold.com\/wp-content\/uploads\/2017\/06\/00_Post-sin-imagen-336x204.jpg 336w, https:\/\/letsrebold.com\/wp-content\/uploads\/2017\/06\/00_Post-sin-imagen-360x219.jpg 360w, https:\/\/letsrebold.com\/wp-content\/uploads\/2017\/06\/00_Post-sin-imagen-578x351.jpg 578w, https:\/\/letsrebold.com\/wp-content\/uploads\/2017\/06\/00_Post-sin-imagen-629x382.jpg 629w, https:\/\/letsrebold.com\/wp-content\/uploads\/2017\/06\/00_Post-sin-imagen.jpg 1440w\" sizes=\"auto, (max-width: 989px) 100vw, 989px\" \/><\/a>\n                                <h2 class=\"post_meta\">\n                                                                                <a style=\"color: #e0094b\" class=\"post_tag\" href=\"?service=rebold-marketing\">Rebold Marketing<\/a>\n                                                                                                                                <a class=\"post_tag\" href=\"?topic=rebold\">Rebold<\/a>\n                                                                            <\/h2>\n                                <h3 class=\"post_title\"><a href=\"https:\/\/letsrebold.com\/es\/blog\/como-abrir-una-delegacion-comercial\/\">C\u00f3mo abrir una delegaci\u00f3n comercial<\/a><\/h3>\n                                <a class=\"post_link\" href=\"https:\/\/letsrebold.com\/es\/blog\/como-abrir-una-delegacion-comercial\/\"><span>Leer m\u00e1s<\/span> <span class=\"ico-right\">M\u00e1s informaci\u00f3n<\/span><\/a>\n                            <\/article>\n                                                                        <article class=\"post rebold-marketing\">\n                                <a class=\"post_image\" href=\"https:\/\/letsrebold.com\/es\/blog\/hmtl5-mato-a-la-estrella-del-video\/\"><img loading=\"lazy\" decoding=\"async\" width=\"989\" height=\"600\" src=\"https:\/\/letsrebold.com\/wp-content\/uploads\/2014\/06\/00_Post-sin-imagen-989x600.jpg\" class=\"attachment-img-header size-img-header wp-post-image\" alt=\"\" srcset=\"https:\/\/letsrebold.com\/wp-content\/uploads\/2014\/06\/00_Post-sin-imagen-989x600.jpg 989w, https:\/\/letsrebold.com\/wp-content\/uploads\/2014\/06\/00_Post-sin-imagen-300x182.jpg 300w, https:\/\/letsrebold.com\/wp-content\/uploads\/2014\/06\/00_Post-sin-imagen-768x466.jpg 768w, https:\/\/letsrebold.com\/wp-content\/uploads\/2014\/06\/00_Post-sin-imagen-1024x622.jpg 1024w, https:\/\/letsrebold.com\/wp-content\/uploads\/2014\/06\/00_Post-sin-imagen-336x204.jpg 336w, https:\/\/letsrebold.com\/wp-content\/uploads\/2014\/06\/00_Post-sin-imagen-360x219.jpg 360w, https:\/\/letsrebold.com\/wp-content\/uploads\/2014\/06\/00_Post-sin-imagen-578x351.jpg 578w, https:\/\/letsrebold.com\/wp-content\/uploads\/2014\/06\/00_Post-sin-imagen-629x382.jpg 629w, https:\/\/letsrebold.com\/wp-content\/uploads\/2014\/06\/00_Post-sin-imagen.jpg 1440w\" sizes=\"auto, (max-width: 989px) 100vw, 989px\" \/><\/a>\n                                <h2 class=\"post_meta\">\n                                                                                <a style=\"color: #e0094b\" class=\"post_tag\" href=\"?service=rebold-marketing\">Rebold Marketing<\/a>\n                                                                                                                                <a class=\"post_tag\" href=\"?topic=marketing-digital\">Marketing Digital<\/a>\n                                                                            <\/h2>\n                                <h3 class=\"post_title\"><a href=\"https:\/\/letsrebold.com\/es\/blog\/hmtl5-mato-a-la-estrella-del-video\/\">HMTL5 mat\u00f3 a la estrella del v\u00eddeo<\/a><\/h3>\n                                <a class=\"post_link\" href=\"https:\/\/letsrebold.com\/es\/blog\/hmtl5-mato-a-la-estrella-del-video\/\"><span>Leer m\u00e1s<\/span> <span class=\"ico-right\">M\u00e1s informaci\u00f3n<\/span><\/a>\n                            <\/article>\n                                                                        <article class=\"post rebold-marketing\">\n                                <a class=\"post_image\" href=\"https:\/\/letsrebold.com\/es\/blog\/mauricio-vazquez-ceo-de-digilant-analiza-el-marketing-digital-hacker\/\"><img loading=\"lazy\" decoding=\"async\" width=\"450\" height=\"600\" src=\"https:\/\/letsrebold.com\/wp-content\/uploads\/2022\/06\/14-marzo-2018-1-450x600.jpg\" class=\"attachment-img-header size-img-header wp-post-image\" alt=\"\" srcset=\"https:\/\/letsrebold.com\/wp-content\/uploads\/2022\/06\/14-marzo-2018-1-450x600.jpg 450w, https:\/\/letsrebold.com\/wp-content\/uploads\/2022\/06\/14-marzo-2018-1-225x300.jpg 225w, https:\/\/letsrebold.com\/wp-content\/uploads\/2022\/06\/14-marzo-2018-1-153x204.jpg 153w, https:\/\/letsrebold.com\/wp-content\/uploads\/2022\/06\/14-marzo-2018-1-360x480.jpg 360w, https:\/\/letsrebold.com\/wp-content\/uploads\/2022\/06\/14-marzo-2018-1-263x351.jpg 263w, https:\/\/letsrebold.com\/wp-content\/uploads\/2022\/06\/14-marzo-2018-1-287x382.jpg 287w, https:\/\/letsrebold.com\/wp-content\/uploads\/2022\/06\/14-marzo-2018-1.jpg 768w\" sizes=\"auto, (max-width: 450px) 100vw, 450px\" \/><\/a>\n                                <h2 class=\"post_meta\">\n                                                                                <a style=\"color: #e0094b\" class=\"post_tag\" href=\"?service=rebold-marketing\">Rebold Marketing<\/a>\n                                                                                                                                <a class=\"post_tag\" href=\"?topic=marketing-digital\">Marketing Digital<\/a>\n                                                                            <\/h2>\n                                <h3 class=\"post_title\"><a href=\"https:\/\/letsrebold.com\/es\/blog\/mauricio-vazquez-ceo-de-digilant-analiza-el-marketing-digital-hacker\/\">Mauricio V\u00e1zquez, CEO de Digilant, analiza el marketing digital\/ Hacker<\/a><\/h3>\n                                <a class=\"post_link\" href=\"https:\/\/letsrebold.com\/es\/blog\/mauricio-vazquez-ceo-de-digilant-analiza-el-marketing-digital-hacker\/\"><span>Leer m\u00e1s<\/span> <span class=\"ico-right\">M\u00e1s informaci\u00f3n<\/span><\/a>\n                            <\/article>\n                                                                        <article class=\"post rebold-marketing\">\n                                <a class=\"post_image\" href=\"https:\/\/letsrebold.com\/es\/blog\/acceso-firma-un-acuerdo-con-feder-reafirmando-su-apoyo-en-la-lucha-contra-las-er\/\"><img loading=\"lazy\" decoding=\"async\" width=\"989\" height=\"600\" src=\"https:\/\/letsrebold.com\/wp-content\/uploads\/2014\/04\/00_Post-sin-imagen-989x600.jpg\" class=\"attachment-img-header size-img-header wp-post-image\" alt=\"\" srcset=\"https:\/\/letsrebold.com\/wp-content\/uploads\/2014\/04\/00_Post-sin-imagen-989x600.jpg 989w, https:\/\/letsrebold.com\/wp-content\/uploads\/2014\/04\/00_Post-sin-imagen-300x182.jpg 300w, https:\/\/letsrebold.com\/wp-content\/uploads\/2014\/04\/00_Post-sin-imagen-768x466.jpg 768w, https:\/\/letsrebold.com\/wp-content\/uploads\/2014\/04\/00_Post-sin-imagen-1024x622.jpg 1024w, https:\/\/letsrebold.com\/wp-content\/uploads\/2014\/04\/00_Post-sin-imagen-336x204.jpg 336w, https:\/\/letsrebold.com\/wp-content\/uploads\/2014\/04\/00_Post-sin-imagen-360x219.jpg 360w, https:\/\/letsrebold.com\/wp-content\/uploads\/2014\/04\/00_Post-sin-imagen-578x351.jpg 578w, https:\/\/letsrebold.com\/wp-content\/uploads\/2014\/04\/00_Post-sin-imagen-629x382.jpg 629w, https:\/\/letsrebold.com\/wp-content\/uploads\/2014\/04\/00_Post-sin-imagen.jpg 1440w\" sizes=\"auto, (max-width: 989px) 100vw, 989px\" \/><\/a>\n                                <h2 class=\"post_meta\">\n                                                                                <a style=\"color: #e0094b\" class=\"post_tag\" href=\"?service=rebold-marketing\">Rebold Marketing<\/a>\n                                                                                                                                <a class=\"post_tag\" href=\"?topic=rebold\">Rebold<\/a>\n                                                                            <\/h2>\n                                <h3 class=\"post_title\"><a href=\"https:\/\/letsrebold.com\/es\/blog\/acceso-firma-un-acuerdo-con-feder-reafirmando-su-apoyo-en-la-lucha-contra-las-er\/\">Acceso firma un acuerdo con FEDER reafirmando su apoyo en la lucha contra las ER<\/a><\/h3>\n                                <a class=\"post_link\" href=\"https:\/\/letsrebold.com\/es\/blog\/acceso-firma-un-acuerdo-con-feder-reafirmando-su-apoyo-en-la-lucha-contra-las-er\/\"><span>Leer m\u00e1s<\/span> <span class=\"ico-right\">M\u00e1s informaci\u00f3n<\/span><\/a>\n                            <\/article>\n                                                                        <article class=\"post rebold-marketing, zero-party-data\">\n                                <a class=\"post_image\" href=\"https:\/\/letsrebold.com\/es\/blog\/el-boom-digital-y-las-nuevas-profesiones\/\"><img loading=\"lazy\" decoding=\"async\" width=\"989\" height=\"600\" src=\"https:\/\/letsrebold.com\/wp-content\/uploads\/2014\/04\/00_Post-sin-imagen-989x600.jpg\" class=\"attachment-img-header size-img-header wp-post-image\" alt=\"\" srcset=\"https:\/\/letsrebold.com\/wp-content\/uploads\/2014\/04\/00_Post-sin-imagen-989x600.jpg 989w, https:\/\/letsrebold.com\/wp-content\/uploads\/2014\/04\/00_Post-sin-imagen-300x182.jpg 300w, https:\/\/letsrebold.com\/wp-content\/uploads\/2014\/04\/00_Post-sin-imagen-768x466.jpg 768w, https:\/\/letsrebold.com\/wp-content\/uploads\/2014\/04\/00_Post-sin-imagen-1024x622.jpg 1024w, https:\/\/letsrebold.com\/wp-content\/uploads\/2014\/04\/00_Post-sin-imagen-336x204.jpg 336w, https:\/\/letsrebold.com\/wp-content\/uploads\/2014\/04\/00_Post-sin-imagen-360x219.jpg 360w, https:\/\/letsrebold.com\/wp-content\/uploads\/2014\/04\/00_Post-sin-imagen-578x351.jpg 578w, https:\/\/letsrebold.com\/wp-content\/uploads\/2014\/04\/00_Post-sin-imagen-629x382.jpg 629w, https:\/\/letsrebold.com\/wp-content\/uploads\/2014\/04\/00_Post-sin-imagen.jpg 1440w\" sizes=\"auto, (max-width: 989px) 100vw, 989px\" \/><\/a>\n                                <h2 class=\"post_meta\">\n                                                                                <a style=\"color: #e0094b\" class=\"post_tag\" href=\"?service=rebold-marketing\">Rebold Marketing<\/a>\n                                                                                                                                <a class=\"post_tag\" href=\"?topic=data\">data<\/a>\n                                                                            <\/h2>\n                                <h3 class=\"post_title\"><a href=\"https:\/\/letsrebold.com\/es\/blog\/el-boom-digital-y-las-nuevas-profesiones\/\">El Boom Digital y las Nuevas Profesiones<\/a><\/h3>\n                                <a class=\"post_link\" href=\"https:\/\/letsrebold.com\/es\/blog\/el-boom-digital-y-las-nuevas-profesiones\/\"><span>Leer m\u00e1s<\/span> <span class=\"ico-right\">M\u00e1s informaci\u00f3n<\/span><\/a>\n                            <\/article>\n                                    <\/div>\n                                    <nav class=\"links links-right\" id=\"loadmore_116\">\n                        <div class=\"container\">\n                            <a href=\"#\" class=\"loadmore\" value=\"116\"><span>Cargar m\u00e1s<\/span> <span class=\"ico-right\"><\/span><\/a>\n                        <\/div>\n                    <\/nav>\n                            <\/div>\n                                <div id=\"page_117\" class=\"d-none\">\n                <div class=\"container posts\">\n                                                                        <article class=\"post media-intelligence, rebold-communication\">\n                                <a class=\"post_image\" href=\"https:\/\/letsrebold.com\/es\/blog\/la-identificacion-de-los-restos-de-cervantes-ha-supuesto-para-madrid-el-equivalente-a-una-campana-de-imagen-de-78-millones-de-euros\/\"><img loading=\"lazy\" decoding=\"async\" width=\"989\" height=\"600\" src=\"https:\/\/letsrebold.com\/wp-content\/uploads\/2017\/06\/00_Post-sin-imagen-989x600.jpg\" class=\"attachment-img-header size-img-header wp-post-image\" alt=\"\" srcset=\"https:\/\/letsrebold.com\/wp-content\/uploads\/2017\/06\/00_Post-sin-imagen-989x600.jpg 989w, https:\/\/letsrebold.com\/wp-content\/uploads\/2017\/06\/00_Post-sin-imagen-300x182.jpg 300w, https:\/\/letsrebold.com\/wp-content\/uploads\/2017\/06\/00_Post-sin-imagen-768x466.jpg 768w, https:\/\/letsrebold.com\/wp-content\/uploads\/2017\/06\/00_Post-sin-imagen-1024x622.jpg 1024w, https:\/\/letsrebold.com\/wp-content\/uploads\/2017\/06\/00_Post-sin-imagen-336x204.jpg 336w, https:\/\/letsrebold.com\/wp-content\/uploads\/2017\/06\/00_Post-sin-imagen-360x219.jpg 360w, https:\/\/letsrebold.com\/wp-content\/uploads\/2017\/06\/00_Post-sin-imagen-578x351.jpg 578w, https:\/\/letsrebold.com\/wp-content\/uploads\/2017\/06\/00_Post-sin-imagen-629x382.jpg 629w, https:\/\/letsrebold.com\/wp-content\/uploads\/2017\/06\/00_Post-sin-imagen.jpg 1440w\" sizes=\"auto, (max-width: 989px) 100vw, 989px\" \/><\/a>\n                                <h2 class=\"post_meta\">\n                                                                                <a style=\"color: #5ac4bb\" class=\"post_tag\" href=\"?service=rebold-communication\">Rebold Communication<\/a>\n                                                                                                                                <a class=\"post_tag\" href=\"?topic=branding\">Branding<\/a>\n                                                                            <\/h2>\n                                <h3 class=\"post_title\"><a href=\"https:\/\/letsrebold.com\/es\/blog\/la-identificacion-de-los-restos-de-cervantes-ha-supuesto-para-madrid-el-equivalente-a-una-campana-de-imagen-de-78-millones-de-euros\/\">La identificaci\u00f3n de los restos de Cervantes ha supuesto para Madrid el equivalente a una campa\u00f1a de imagen de 78 millones de euros<\/a><\/h3>\n                                <a class=\"post_link\" href=\"https:\/\/letsrebold.com\/es\/blog\/la-identificacion-de-los-restos-de-cervantes-ha-supuesto-para-madrid-el-equivalente-a-una-campana-de-imagen-de-78-millones-de-euros\/\"><span>Leer m\u00e1s<\/span> <span class=\"ico-right\">M\u00e1s informaci\u00f3n<\/span><\/a>\n                            <\/article>\n                                                                        <article class=\"post \">\n                                <a class=\"post_image\" href=\"https:\/\/letsrebold.com\/es\/blog\/estudiantes-artistas-y-ejecutivos-dinamizan-twitter-durante-el-dia-mundial-sin-tabaco\/\"><img loading=\"lazy\" decoding=\"async\" width=\"989\" height=\"600\" src=\"https:\/\/letsrebold.com\/wp-content\/uploads\/2014\/06\/00_Post-sin-imagen-989x600.jpg\" class=\"attachment-img-header size-img-header wp-post-image\" alt=\"\" srcset=\"https:\/\/letsrebold.com\/wp-content\/uploads\/2014\/06\/00_Post-sin-imagen-989x600.jpg 989w, https:\/\/letsrebold.com\/wp-content\/uploads\/2014\/06\/00_Post-sin-imagen-300x182.jpg 300w, https:\/\/letsrebold.com\/wp-content\/uploads\/2014\/06\/00_Post-sin-imagen-768x466.jpg 768w, https:\/\/letsrebold.com\/wp-content\/uploads\/2014\/06\/00_Post-sin-imagen-1024x622.jpg 1024w, https:\/\/letsrebold.com\/wp-content\/uploads\/2014\/06\/00_Post-sin-imagen-336x204.jpg 336w, https:\/\/letsrebold.com\/wp-content\/uploads\/2014\/06\/00_Post-sin-imagen-360x219.jpg 360w, https:\/\/letsrebold.com\/wp-content\/uploads\/2014\/06\/00_Post-sin-imagen-578x351.jpg 578w, https:\/\/letsrebold.com\/wp-content\/uploads\/2014\/06\/00_Post-sin-imagen-629x382.jpg 629w, https:\/\/letsrebold.com\/wp-content\/uploads\/2014\/06\/00_Post-sin-imagen.jpg 1440w\" sizes=\"auto, (max-width: 989px) 100vw, 989px\" \/><\/a>\n                                <h2 class=\"post_meta\">\n                                                                                                                        <a class=\"post_tag\" href=\"?topic=estudios\">Estudios<\/a>\n                                                                            <\/h2>\n                                <h3 class=\"post_title\"><a href=\"https:\/\/letsrebold.com\/es\/blog\/estudiantes-artistas-y-ejecutivos-dinamizan-twitter-durante-el-dia-mundial-sin-tabaco\/\">Estudiantes, artistas y ejecutivos dinamizan Twitter durante el D\u00eda Mundial Sin Tabaco<\/a><\/h3>\n                                <a class=\"post_link\" href=\"https:\/\/letsrebold.com\/es\/blog\/estudiantes-artistas-y-ejecutivos-dinamizan-twitter-durante-el-dia-mundial-sin-tabaco\/\"><span>Leer m\u00e1s<\/span> <span class=\"ico-right\">M\u00e1s informaci\u00f3n<\/span><\/a>\n                            <\/article>\n                                                                        <article class=\"post consumer-intelligence, rebold-communication\">\n                                <a class=\"post_image\" href=\"https:\/\/letsrebold.com\/es\/blog\/dia-mundial-sin-tabaco-twitter\/\"><img loading=\"lazy\" decoding=\"async\" width=\"989\" height=\"600\" src=\"https:\/\/letsrebold.com\/wp-content\/uploads\/2014\/06\/00_Post-sin-imagen-989x600.jpg\" class=\"attachment-img-header size-img-header wp-post-image\" alt=\"\" srcset=\"https:\/\/letsrebold.com\/wp-content\/uploads\/2014\/06\/00_Post-sin-imagen-989x600.jpg 989w, https:\/\/letsrebold.com\/wp-content\/uploads\/2014\/06\/00_Post-sin-imagen-300x182.jpg 300w, https:\/\/letsrebold.com\/wp-content\/uploads\/2014\/06\/00_Post-sin-imagen-768x466.jpg 768w, https:\/\/letsrebold.com\/wp-content\/uploads\/2014\/06\/00_Post-sin-imagen-1024x622.jpg 1024w, https:\/\/letsrebold.com\/wp-content\/uploads\/2014\/06\/00_Post-sin-imagen-336x204.jpg 336w, https:\/\/letsrebold.com\/wp-content\/uploads\/2014\/06\/00_Post-sin-imagen-360x219.jpg 360w, https:\/\/letsrebold.com\/wp-content\/uploads\/2014\/06\/00_Post-sin-imagen-578x351.jpg 578w, https:\/\/letsrebold.com\/wp-content\/uploads\/2014\/06\/00_Post-sin-imagen-629x382.jpg 629w, https:\/\/letsrebold.com\/wp-content\/uploads\/2014\/06\/00_Post-sin-imagen.jpg 1440w\" sizes=\"auto, (max-width: 989px) 100vw, 989px\" \/><\/a>\n                                <h2 class=\"post_meta\">\n                                                                                <a style=\"color: #5ac4bb\" class=\"post_tag\" href=\"?service=rebold-communication\">Rebold Communication<\/a>\n                                                                                                                                <a class=\"post_tag\" href=\"?topic=social-listening\">Social Listening<\/a>\n                                                                            <\/h2>\n                                <h3 class=\"post_title\"><a href=\"https:\/\/letsrebold.com\/es\/blog\/dia-mundial-sin-tabaco-twitter\/\">El D\u00eda Mundial sin Tabaco en twitter<\/a><\/h3>\n                                <a class=\"post_link\" href=\"https:\/\/letsrebold.com\/es\/blog\/dia-mundial-sin-tabaco-twitter\/\"><span>Leer m\u00e1s<\/span> <span class=\"ico-right\">M\u00e1s informaci\u00f3n<\/span><\/a>\n                            <\/article>\n                                                                        <article class=\"post rebold-marketing, zero-party-data\">\n                                <a class=\"post_image\" href=\"https:\/\/letsrebold.com\/es\/blog\/los-futuros-ejecutivos-se-decantan-por-el-big-data\/\"><img loading=\"lazy\" decoding=\"async\" width=\"989\" height=\"600\" src=\"https:\/\/letsrebold.com\/wp-content\/uploads\/2014\/06\/00_Post-sin-imagen-989x600.jpg\" class=\"attachment-img-header size-img-header wp-post-image\" alt=\"\" srcset=\"https:\/\/letsrebold.com\/wp-content\/uploads\/2014\/06\/00_Post-sin-imagen-989x600.jpg 989w, https:\/\/letsrebold.com\/wp-content\/uploads\/2014\/06\/00_Post-sin-imagen-300x182.jpg 300w, https:\/\/letsrebold.com\/wp-content\/uploads\/2014\/06\/00_Post-sin-imagen-768x466.jpg 768w, https:\/\/letsrebold.com\/wp-content\/uploads\/2014\/06\/00_Post-sin-imagen-1024x622.jpg 1024w, https:\/\/letsrebold.com\/wp-content\/uploads\/2014\/06\/00_Post-sin-imagen-336x204.jpg 336w, https:\/\/letsrebold.com\/wp-content\/uploads\/2014\/06\/00_Post-sin-imagen-360x219.jpg 360w, https:\/\/letsrebold.com\/wp-content\/uploads\/2014\/06\/00_Post-sin-imagen-578x351.jpg 578w, https:\/\/letsrebold.com\/wp-content\/uploads\/2014\/06\/00_Post-sin-imagen-629x382.jpg 629w, https:\/\/letsrebold.com\/wp-content\/uploads\/2014\/06\/00_Post-sin-imagen.jpg 1440w\" sizes=\"auto, (max-width: 989px) 100vw, 989px\" \/><\/a>\n                                <h2 class=\"post_meta\">\n                                                                                <a style=\"color: #e0094b\" class=\"post_tag\" href=\"?service=rebold-marketing\">Rebold Marketing<\/a>\n                                                                                                                                <a class=\"post_tag\" href=\"?topic=data\">data<\/a>\n                                                                            <\/h2>\n                                <h3 class=\"post_title\"><a href=\"https:\/\/letsrebold.com\/es\/blog\/los-futuros-ejecutivos-se-decantan-por-el-big-data\/\">Los Futuros Ejecutivos se decantan por el Big Data<\/a><\/h3>\n                                <a class=\"post_link\" href=\"https:\/\/letsrebold.com\/es\/blog\/los-futuros-ejecutivos-se-decantan-por-el-big-data\/\"><span>Leer m\u00e1s<\/span> <span class=\"ico-right\">M\u00e1s informaci\u00f3n<\/span><\/a>\n                            <\/article>\n                                                                        <article class=\"post rebold-marketing\">\n                                <a class=\"post_image\" href=\"https:\/\/letsrebold.com\/es\/blog\/acceso-unveils-a-new-corporate-image-in-line-with-the-companys-evolving-experience\/\"><img loading=\"lazy\" decoding=\"async\" width=\"989\" height=\"600\" src=\"https:\/\/letsrebold.com\/wp-content\/uploads\/2014\/06\/00_Post-sin-imagen-989x600.jpg\" class=\"attachment-img-header size-img-header wp-post-image\" alt=\"\" srcset=\"https:\/\/letsrebold.com\/wp-content\/uploads\/2014\/06\/00_Post-sin-imagen-989x600.jpg 989w, https:\/\/letsrebold.com\/wp-content\/uploads\/2014\/06\/00_Post-sin-imagen-300x182.jpg 300w, https:\/\/letsrebold.com\/wp-content\/uploads\/2014\/06\/00_Post-sin-imagen-768x466.jpg 768w, https:\/\/letsrebold.com\/wp-content\/uploads\/2014\/06\/00_Post-sin-imagen-1024x622.jpg 1024w, https:\/\/letsrebold.com\/wp-content\/uploads\/2014\/06\/00_Post-sin-imagen-336x204.jpg 336w, https:\/\/letsrebold.com\/wp-content\/uploads\/2014\/06\/00_Post-sin-imagen-360x219.jpg 360w, https:\/\/letsrebold.com\/wp-content\/uploads\/2014\/06\/00_Post-sin-imagen-578x351.jpg 578w, https:\/\/letsrebold.com\/wp-content\/uploads\/2014\/06\/00_Post-sin-imagen-629x382.jpg 629w, https:\/\/letsrebold.com\/wp-content\/uploads\/2014\/06\/00_Post-sin-imagen.jpg 1440w\" sizes=\"auto, (max-width: 989px) 100vw, 989px\" \/><\/a>\n                                <h2 class=\"post_meta\">\n                                                                                <a style=\"color: #e0094b\" class=\"post_tag\" href=\"?service=rebold-marketing\">Rebold Marketing<\/a>\n                                                                                                                                <a class=\"post_tag\" href=\"?topic=rebold\">Rebold<\/a>\n                                                                            <\/h2>\n                                <h3 class=\"post_title\"><a href=\"https:\/\/letsrebold.com\/es\/blog\/acceso-unveils-a-new-corporate-image-in-line-with-the-companys-evolving-experience\/\">Acceso unveils a new corporate image in line with the company\u2019s evolving experience<\/a><\/h3>\n                                <a class=\"post_link\" href=\"https:\/\/letsrebold.com\/es\/blog\/acceso-unveils-a-new-corporate-image-in-line-with-the-companys-evolving-experience\/\"><span>Leer m\u00e1s<\/span> <span class=\"ico-right\">M\u00e1s informaci\u00f3n<\/span><\/a>\n                            <\/article>\n                                                                        <article class=\"post rebold-marketing\">\n                                <a class=\"post_image\" href=\"https:\/\/letsrebold.com\/es\/blog\/acceso-estrena-nueva-imagen-corporativa-en-linea-con-la-evolucion-que-ha-vivido-la-compania\/\"><img loading=\"lazy\" decoding=\"async\" width=\"989\" height=\"600\" src=\"https:\/\/letsrebold.com\/wp-content\/uploads\/2017\/03\/00_Post-sin-imagen-1-989x600.jpg\" class=\"attachment-img-header size-img-header wp-post-image\" alt=\"\" srcset=\"https:\/\/letsrebold.com\/wp-content\/uploads\/2017\/03\/00_Post-sin-imagen-1-989x600.jpg 989w, https:\/\/letsrebold.com\/wp-content\/uploads\/2017\/03\/00_Post-sin-imagen-1-300x182.jpg 300w, https:\/\/letsrebold.com\/wp-content\/uploads\/2017\/03\/00_Post-sin-imagen-1-768x466.jpg 768w, https:\/\/letsrebold.com\/wp-content\/uploads\/2017\/03\/00_Post-sin-imagen-1-1024x622.jpg 1024w, https:\/\/letsrebold.com\/wp-content\/uploads\/2017\/03\/00_Post-sin-imagen-1-336x204.jpg 336w, https:\/\/letsrebold.com\/wp-content\/uploads\/2017\/03\/00_Post-sin-imagen-1-360x219.jpg 360w, https:\/\/letsrebold.com\/wp-content\/uploads\/2017\/03\/00_Post-sin-imagen-1-578x351.jpg 578w, https:\/\/letsrebold.com\/wp-content\/uploads\/2017\/03\/00_Post-sin-imagen-1-629x382.jpg 629w, https:\/\/letsrebold.com\/wp-content\/uploads\/2017\/03\/00_Post-sin-imagen-1.jpg 1440w\" sizes=\"auto, (max-width: 989px) 100vw, 989px\" \/><\/a>\n                                <h2 class=\"post_meta\">\n                                                                                <a style=\"color: #e0094b\" class=\"post_tag\" href=\"?service=rebold-marketing\">Rebold Marketing<\/a>\n                                                                                                                                <a class=\"post_tag\" href=\"?topic=rebold\">Rebold<\/a>\n                                                                            <\/h2>\n                                <h3 class=\"post_title\"><a href=\"https:\/\/letsrebold.com\/es\/blog\/acceso-estrena-nueva-imagen-corporativa-en-linea-con-la-evolucion-que-ha-vivido-la-compania\/\">Acceso estrena nueva imagen corporativa en l\u00ednea con la evoluci\u00f3n que ha vivido la compa\u00f1\u00eda<\/a><\/h3>\n                                <a class=\"post_link\" href=\"https:\/\/letsrebold.com\/es\/blog\/acceso-estrena-nueva-imagen-corporativa-en-linea-con-la-evolucion-que-ha-vivido-la-compania\/\"><span>Leer m\u00e1s<\/span> <span class=\"ico-right\">M\u00e1s informaci\u00f3n<\/span><\/a>\n                            <\/article>\n                                    <\/div>\n                                    <nav class=\"links links-right\" id=\"loadmore_117\">\n                        <div class=\"container\">\n                            <a href=\"#\" class=\"loadmore\" value=\"117\"><span>Cargar m\u00e1s<\/span> <span class=\"ico-right\"><\/span><\/a>\n                        <\/div>\n                    <\/nav>\n                            <\/div>\n                                <div id=\"page_118\" class=\"d-none\">\n                <div class=\"container posts\">\n                                                                        <article class=\"post \">\n                                <a class=\"post_image\" href=\"https:\/\/letsrebold.com\/es\/blog\/black-friday-twitter\/\"><img loading=\"lazy\" decoding=\"async\" width=\"642\" height=\"272\" src=\"https:\/\/letsrebold.com\/wp-content\/uploads\/2022\/06\/Untitled-design-42.jpg\" class=\"attachment-img-header size-img-header wp-post-image\" alt=\"\" srcset=\"https:\/\/letsrebold.com\/wp-content\/uploads\/2022\/06\/Untitled-design-42.jpg 642w, https:\/\/letsrebold.com\/wp-content\/uploads\/2022\/06\/Untitled-design-42-300x127.jpg 300w, https:\/\/letsrebold.com\/wp-content\/uploads\/2022\/06\/Untitled-design-42-360x153.jpg 360w, https:\/\/letsrebold.com\/wp-content\/uploads\/2022\/06\/Untitled-design-42-578x245.jpg 578w\" sizes=\"auto, (max-width: 642px) 100vw, 642px\" \/><\/a>\n                                <h2 class=\"post_meta\">\n                                                                                                                        <a class=\"post_tag\" href=\"?topic=estudios\">Estudios<\/a>\n                                                                            <\/h2>\n                                <h3 class=\"post_title\"><a href=\"https:\/\/letsrebold.com\/es\/blog\/black-friday-twitter\/\">El Black Friday en Twitter<\/a><\/h3>\n                                <a class=\"post_link\" href=\"https:\/\/letsrebold.com\/es\/blog\/black-friday-twitter\/\"><span>Leer m\u00e1s<\/span> <span class=\"ico-right\">M\u00e1s informaci\u00f3n<\/span><\/a>\n                            <\/article>\n                                                                        <article class=\"post rebold-marketing\">\n                                <a class=\"post_image\" href=\"https:\/\/letsrebold.com\/es\/blog\/acceso-presenta-su-nueva-metodologia-de-investigacion-que-permite-a-las-marcas-conocer-el-comportamiento-de-sus-targets-y-su-agrupacion-en-comunidades-vivas\/\"><img loading=\"lazy\" decoding=\"async\" width=\"989\" height=\"600\" src=\"https:\/\/letsrebold.com\/wp-content\/uploads\/2017\/04\/00_Post-sin-imagen-989x600.jpg\" class=\"attachment-img-header size-img-header wp-post-image\" alt=\"\" srcset=\"https:\/\/letsrebold.com\/wp-content\/uploads\/2017\/04\/00_Post-sin-imagen-989x600.jpg 989w, https:\/\/letsrebold.com\/wp-content\/uploads\/2017\/04\/00_Post-sin-imagen-300x182.jpg 300w, https:\/\/letsrebold.com\/wp-content\/uploads\/2017\/04\/00_Post-sin-imagen-768x466.jpg 768w, https:\/\/letsrebold.com\/wp-content\/uploads\/2017\/04\/00_Post-sin-imagen-1024x622.jpg 1024w, https:\/\/letsrebold.com\/wp-content\/uploads\/2017\/04\/00_Post-sin-imagen-336x204.jpg 336w, https:\/\/letsrebold.com\/wp-content\/uploads\/2017\/04\/00_Post-sin-imagen-360x219.jpg 360w, https:\/\/letsrebold.com\/wp-content\/uploads\/2017\/04\/00_Post-sin-imagen-578x351.jpg 578w, https:\/\/letsrebold.com\/wp-content\/uploads\/2017\/04\/00_Post-sin-imagen-629x382.jpg 629w, https:\/\/letsrebold.com\/wp-content\/uploads\/2017\/04\/00_Post-sin-imagen.jpg 1440w\" sizes=\"auto, (max-width: 989px) 100vw, 989px\" \/><\/a>\n                                <h2 class=\"post_meta\">\n                                                                                <a style=\"color: #e0094b\" class=\"post_tag\" href=\"?service=rebold-marketing\">Rebold Marketing<\/a>\n                                                                                                                                <a class=\"post_tag\" href=\"?topic=rebold\">Rebold<\/a>\n                                                                            <\/h2>\n                                <h3 class=\"post_title\"><a href=\"https:\/\/letsrebold.com\/es\/blog\/acceso-presenta-su-nueva-metodologia-de-investigacion-que-permite-a-las-marcas-conocer-el-comportamiento-de-sus-targets-y-su-agrupacion-en-comunidades-vivas\/\">Acceso presenta su nueva metodolog\u00eda de investigaci\u00f3n que permite a las marcas conocer el comportamiento de sus targets y su agrupaci\u00f3n en comunidades vivas<\/a><\/h3>\n                                <a class=\"post_link\" href=\"https:\/\/letsrebold.com\/es\/blog\/acceso-presenta-su-nueva-metodologia-de-investigacion-que-permite-a-las-marcas-conocer-el-comportamiento-de-sus-targets-y-su-agrupacion-en-comunidades-vivas\/\"><span>Leer m\u00e1s<\/span> <span class=\"ico-right\">M\u00e1s informaci\u00f3n<\/span><\/a>\n                            <\/article>\n                                                                        <article class=\"post rebold-marketing\">\n                                <a class=\"post_image\" href=\"https:\/\/letsrebold.com\/es\/blog\/acceso-presenta-sus-nuevos-programas-de-medicion-que-responden-a-la-evolucion-del-cco-hacia-un-perfil-de-negocios-acceso-presenta-sus-nuevas-soluciones-dirigidas-al-director-de-comunicacion-con\/\"><img loading=\"lazy\" decoding=\"async\" width=\"989\" height=\"600\" src=\"https:\/\/letsrebold.com\/wp-content\/uploads\/2014\/06\/00_Post-sin-imagen-989x600.jpg\" class=\"attachment-img-header size-img-header wp-post-image\" alt=\"\" srcset=\"https:\/\/letsrebold.com\/wp-content\/uploads\/2014\/06\/00_Post-sin-imagen-989x600.jpg 989w, https:\/\/letsrebold.com\/wp-content\/uploads\/2014\/06\/00_Post-sin-imagen-300x182.jpg 300w, https:\/\/letsrebold.com\/wp-content\/uploads\/2014\/06\/00_Post-sin-imagen-768x466.jpg 768w, https:\/\/letsrebold.com\/wp-content\/uploads\/2014\/06\/00_Post-sin-imagen-1024x622.jpg 1024w, https:\/\/letsrebold.com\/wp-content\/uploads\/2014\/06\/00_Post-sin-imagen-336x204.jpg 336w, https:\/\/letsrebold.com\/wp-content\/uploads\/2014\/06\/00_Post-sin-imagen-360x219.jpg 360w, https:\/\/letsrebold.com\/wp-content\/uploads\/2014\/06\/00_Post-sin-imagen-578x351.jpg 578w, https:\/\/letsrebold.com\/wp-content\/uploads\/2014\/06\/00_Post-sin-imagen-629x382.jpg 629w, https:\/\/letsrebold.com\/wp-content\/uploads\/2014\/06\/00_Post-sin-imagen.jpg 1440w\" sizes=\"auto, (max-width: 989px) 100vw, 989px\" \/><\/a>\n                                <h2 class=\"post_meta\">\n                                                                                <a style=\"color: #e0094b\" class=\"post_tag\" href=\"?service=rebold-marketing\">Rebold Marketing<\/a>\n                                                                                                                                <a class=\"post_tag\" href=\"?topic=rebold\">Rebold<\/a>\n                                                                            <\/h2>\n                                <h3 class=\"post_title\"><a href=\"https:\/\/letsrebold.com\/es\/blog\/acceso-presenta-sus-nuevos-programas-de-medicion-que-responden-a-la-evolucion-del-cco-hacia-un-perfil-de-negocios-acceso-presenta-sus-nuevas-soluciones-dirigidas-al-director-de-comunicacion-con\/\">Acceso presenta sus nuevos programas de medici\u00f3n que   responden a la evoluci\u00f3n del CCO hacia un perfil de negocios.<\/a><\/h3>\n                                <a class=\"post_link\" href=\"https:\/\/letsrebold.com\/es\/blog\/acceso-presenta-sus-nuevos-programas-de-medicion-que-responden-a-la-evolucion-del-cco-hacia-un-perfil-de-negocios-acceso-presenta-sus-nuevas-soluciones-dirigidas-al-director-de-comunicacion-con\/\"><span>Leer m\u00e1s<\/span> <span class=\"ico-right\">M\u00e1s informaci\u00f3n<\/span><\/a>\n                            <\/article>\n                                                                        <article class=\"post rebold-marketing\">\n                                <a class=\"post_image\" href=\"https:\/\/letsrebold.com\/es\/blog\/desayunos-loop\/\"><img loading=\"lazy\" decoding=\"async\" width=\"989\" height=\"600\" src=\"https:\/\/letsrebold.com\/wp-content\/uploads\/2017\/06\/00_Post-sin-imagen-989x600.jpg\" class=\"attachment-img-header size-img-header wp-post-image\" alt=\"\" srcset=\"https:\/\/letsrebold.com\/wp-content\/uploads\/2017\/06\/00_Post-sin-imagen-989x600.jpg 989w, https:\/\/letsrebold.com\/wp-content\/uploads\/2017\/06\/00_Post-sin-imagen-300x182.jpg 300w, https:\/\/letsrebold.com\/wp-content\/uploads\/2017\/06\/00_Post-sin-imagen-768x466.jpg 768w, https:\/\/letsrebold.com\/wp-content\/uploads\/2017\/06\/00_Post-sin-imagen-1024x622.jpg 1024w, https:\/\/letsrebold.com\/wp-content\/uploads\/2017\/06\/00_Post-sin-imagen-336x204.jpg 336w, https:\/\/letsrebold.com\/wp-content\/uploads\/2017\/06\/00_Post-sin-imagen-360x219.jpg 360w, https:\/\/letsrebold.com\/wp-content\/uploads\/2017\/06\/00_Post-sin-imagen-578x351.jpg 578w, https:\/\/letsrebold.com\/wp-content\/uploads\/2017\/06\/00_Post-sin-imagen-629x382.jpg 629w, https:\/\/letsrebold.com\/wp-content\/uploads\/2017\/06\/00_Post-sin-imagen.jpg 1440w\" sizes=\"auto, (max-width: 989px) 100vw, 989px\" \/><\/a>\n                                <h2 class=\"post_meta\">\n                                                                                <a style=\"color: #e0094b\" class=\"post_tag\" href=\"?service=rebold-marketing\">Rebold Marketing<\/a>\n                                                                                                                                <a class=\"post_tag\" href=\"?topic=rebold\">Rebold<\/a>\n                                                                            <\/h2>\n                                <h3 class=\"post_title\"><a href=\"https:\/\/letsrebold.com\/es\/blog\/desayunos-loop\/\">Desayunos Loop<\/a><\/h3>\n                                <a class=\"post_link\" href=\"https:\/\/letsrebold.com\/es\/blog\/desayunos-loop\/\"><span>Leer m\u00e1s<\/span> <span class=\"ico-right\">M\u00e1s informaci\u00f3n<\/span><\/a>\n                            <\/article>\n                                                                        <article class=\"post rebold-marketing\">\n                                <a class=\"post_image\" href=\"https:\/\/letsrebold.com\/es\/blog\/acceso-consigue-cuatro-nominaciones-en-los-premios-internacionales-de-medicion-amec-2014\/\"><img loading=\"lazy\" decoding=\"async\" width=\"989\" height=\"600\" src=\"https:\/\/letsrebold.com\/wp-content\/uploads\/2017\/06\/00_Post-sin-imagen-989x600.jpg\" class=\"attachment-img-header size-img-header wp-post-image\" alt=\"\" srcset=\"https:\/\/letsrebold.com\/wp-content\/uploads\/2017\/06\/00_Post-sin-imagen-989x600.jpg 989w, https:\/\/letsrebold.com\/wp-content\/uploads\/2017\/06\/00_Post-sin-imagen-300x182.jpg 300w, https:\/\/letsrebold.com\/wp-content\/uploads\/2017\/06\/00_Post-sin-imagen-768x466.jpg 768w, https:\/\/letsrebold.com\/wp-content\/uploads\/2017\/06\/00_Post-sin-imagen-1024x622.jpg 1024w, https:\/\/letsrebold.com\/wp-content\/uploads\/2017\/06\/00_Post-sin-imagen-336x204.jpg 336w, https:\/\/letsrebold.com\/wp-content\/uploads\/2017\/06\/00_Post-sin-imagen-360x219.jpg 360w, https:\/\/letsrebold.com\/wp-content\/uploads\/2017\/06\/00_Post-sin-imagen-578x351.jpg 578w, https:\/\/letsrebold.com\/wp-content\/uploads\/2017\/06\/00_Post-sin-imagen-629x382.jpg 629w, https:\/\/letsrebold.com\/wp-content\/uploads\/2017\/06\/00_Post-sin-imagen.jpg 1440w\" sizes=\"auto, (max-width: 989px) 100vw, 989px\" \/><\/a>\n                                <h2 class=\"post_meta\">\n                                                                                <a style=\"color: #e0094b\" class=\"post_tag\" href=\"?service=rebold-marketing\">Rebold Marketing<\/a>\n                                                                                                                                <a class=\"post_tag\" href=\"?topic=rebold\">Rebold<\/a>\n                                                                            <\/h2>\n                                <h3 class=\"post_title\"><a href=\"https:\/\/letsrebold.com\/es\/blog\/acceso-consigue-cuatro-nominaciones-en-los-premios-internacionales-de-medicion-amec-2014\/\">Rebold consigue cuatro nominaciones en los premios internacionales  de medici\u00f3n AMEC 2014<\/a><\/h3>\n                                <a class=\"post_link\" href=\"https:\/\/letsrebold.com\/es\/blog\/acceso-consigue-cuatro-nominaciones-en-los-premios-internacionales-de-medicion-amec-2014\/\"><span>Leer m\u00e1s<\/span> <span class=\"ico-right\">M\u00e1s informaci\u00f3n<\/span><\/a>\n                            <\/article>\n                                    <\/div>\n                            <\/div>\n            \n    <\/section><!-- .works -->\n<\/div>\n\n","protected":false},"excerpt":{"rendered":"","protected":false},"author":21,"featured_media":0,"parent":0,"menu_order":0,"comment_status":"closed","ping_status":"closed","template":"page-100-width.php","meta":{"_acf_changed":false,"footnotes":""},"class_list":["post-33","page","type-page","status-publish","hentry"],"acf":[],"yoast_head":"<!-- This site is optimized with the Yoast SEO plugin v27.1.1 - https:\/\/yoast.com\/product\/yoast-seo-wordpress\/ -->\n<title>Trendcast &amp; Blog | Rebold<\/title>\n<meta name=\"description\" content=\"No te pierdas nada de lo que se cuece sobre marketing digital, comunicaci\u00f3n estrat\u00e9gica, planificaci\u00f3n de medios, data, metaverso... y otras tendencias.\" \/>\n<meta name=\"robots\" content=\"index, follow, max-snippet:-1, max-image-preview:large, max-video-preview:-1\" \/>\n<link rel=\"canonical\" href=\"https:\/\/letsrebold.com\/es\/blog\/\" \/>\n<meta property=\"og:locale\" content=\"es_ES\" \/>\n<meta property=\"og:type\" content=\"article\" \/>\n<meta property=\"og:title\" content=\"Trendcast &amp; Blog | Rebold\" \/>\n<meta property=\"og:description\" content=\"No te pierdas nada de lo que se cuece sobre marketing digital, comunicaci\u00f3n estrat\u00e9gica, planificaci\u00f3n de medios, data, metaverso... y otras tendencias.\" \/>\n<meta property=\"og:url\" content=\"https:\/\/letsrebold.com\/es\/blog\/\" \/>\n<meta property=\"og:site_name\" content=\"Rebold\" \/>\n<meta property=\"article:modified_time\" content=\"2025-04-14T13:16:03+00:00\" \/>\n<meta name=\"twitter:card\" content=\"summary_large_image\" \/>\n<script type=\"application\/ld+json\" class=\"yoast-schema-graph\">{\"@context\":\"https:\/\/schema.org\",\"@graph\":[{\"@type\":\"WebPage\",\"@id\":\"https:\/\/letsrebold.com\/es\/blog\/\",\"url\":\"https:\/\/letsrebold.com\/es\/blog\/\",\"name\":\"Trendcast & Blog | Rebold\",\"isPartOf\":{\"@id\":\"https:\/\/letsrebold.com\/es\/#website\"},\"datePublished\":\"2022-05-19T09:42:23+00:00\",\"dateModified\":\"2025-04-14T13:16:03+00:00\",\"description\":\"No te pierdas nada de lo que se cuece sobre marketing digital, comunicaci\u00f3n estrat\u00e9gica, planificaci\u00f3n de medios, data, metaverso... y otras tendencias.\",\"inLanguage\":\"es\",\"potentialAction\":[{\"@type\":\"ReadAction\",\"target\":[\"https:\/\/letsrebold.com\/es\/blog\/\"]}]},{\"@type\":\"WebSite\",\"@id\":\"https:\/\/letsrebold.com\/es\/#website\",\"url\":\"https:\/\/letsrebold.com\/es\/\",\"name\":\"Rebold\",\"description\":\"\",\"potentialAction\":[{\"@type\":\"SearchAction\",\"target\":{\"@type\":\"EntryPoint\",\"urlTemplate\":\"https:\/\/letsrebold.com\/es\/?s={search_term_string}\"},\"query-input\":{\"@type\":\"PropertyValueSpecification\",\"valueRequired\":true,\"valueName\":\"search_term_string\"}}],\"inLanguage\":\"es\"}]}<\/script>\n<!-- \/ Yoast SEO plugin. -->","yoast_head_json":{"title":"Trendcast & Blog | Rebold","description":"No te pierdas nada de lo que se cuece sobre marketing digital, comunicaci\u00f3n estrat\u00e9gica, planificaci\u00f3n de medios, data, metaverso... y otras tendencias.","robots":{"index":"index","follow":"follow","max-snippet":"max-snippet:-1","max-image-preview":"max-image-preview:large","max-video-preview":"max-video-preview:-1"},"canonical":"https:\/\/letsrebold.com\/es\/blog\/","og_locale":"es_ES","og_type":"article","og_title":"Trendcast & Blog | Rebold","og_description":"No te pierdas nada de lo que se cuece sobre marketing digital, comunicaci\u00f3n estrat\u00e9gica, planificaci\u00f3n de medios, data, metaverso... y otras tendencias.","og_url":"https:\/\/letsrebold.com\/es\/blog\/","og_site_name":"Rebold","article_modified_time":"2025-04-14T13:16:03+00:00","twitter_card":"summary_large_image","schema":{"@context":"https:\/\/schema.org","@graph":[{"@type":"WebPage","@id":"https:\/\/letsrebold.com\/es\/blog\/","url":"https:\/\/letsrebold.com\/es\/blog\/","name":"Trendcast & Blog | Rebold","isPartOf":{"@id":"https:\/\/letsrebold.com\/es\/#website"},"datePublished":"2022-05-19T09:42:23+00:00","dateModified":"2025-04-14T13:16:03+00:00","description":"No te pierdas nada de lo que se cuece sobre marketing digital, comunicaci\u00f3n estrat\u00e9gica, planificaci\u00f3n de medios, data, metaverso... y otras tendencias.","inLanguage":"es","potentialAction":[{"@type":"ReadAction","target":["https:\/\/letsrebold.com\/es\/blog\/"]}]},{"@type":"WebSite","@id":"https:\/\/letsrebold.com\/es\/#website","url":"https:\/\/letsrebold.com\/es\/","name":"Rebold","description":"","potentialAction":[{"@type":"SearchAction","target":{"@type":"EntryPoint","urlTemplate":"https:\/\/letsrebold.com\/es\/?s={search_term_string}"},"query-input":{"@type":"PropertyValueSpecification","valueRequired":true,"valueName":"search_term_string"}}],"inLanguage":"es"}]}},"_links":{"self":[{"href":"https:\/\/letsrebold.com\/es\/wp-json\/wp\/v2\/pages\/33","targetHints":{"allow":["GET"]}}],"collection":[{"href":"https:\/\/letsrebold.com\/es\/wp-json\/wp\/v2\/pages"}],"about":[{"href":"https:\/\/letsrebold.com\/es\/wp-json\/wp\/v2\/types\/page"}],"author":[{"embeddable":true,"href":"https:\/\/letsrebold.com\/es\/wp-json\/wp\/v2\/users\/21"}],"replies":[{"embeddable":true,"href":"https:\/\/letsrebold.com\/es\/wp-json\/wp\/v2\/comments?post=33"}],"version-history":[{"count":17,"href":"https:\/\/letsrebold.com\/es\/wp-json\/wp\/v2\/pages\/33\/revisions"}],"predecessor-version":[{"id":18409,"href":"https:\/\/letsrebold.com\/es\/wp-json\/wp\/v2\/pages\/33\/revisions\/18409"}],"wp:attachment":[{"href":"https:\/\/letsrebold.com\/es\/wp-json\/wp\/v2\/media?parent=33"}],"curies":[{"name":"wp","href":"https:\/\/api.w.org\/{rel}","templated":true}]}}